{"id":5838,"date":"2025-12-29T11:07:57","date_gmt":"2025-12-29T10:07:57","guid":{"rendered":"https:\/\/vichyrando.org\/?page_id=5838"},"modified":"2026-04-03T11:43:10","modified_gmt":"2026-04-03T09:43:10","slug":"galeries-2026","status":"publish","type":"page","link":"https:\/\/vichyrando.org\/?page_id=5838","title":{"rendered":"Galeries 2026"},"content":{"rendered":"\t\t<div data-elementor-type=\"wp-page\" data-elementor-id=\"5838\" class=\"elementor elementor-5838\">\n\t\t\t\t\t\t<section class=\"elementor-section elementor-top-section elementor-element elementor-element-78797e44 elementor-section-height-min-height elementor-section-boxed elementor-section-height-default elementor-section-items-middle\" data-id=\"78797e44\" data-element_type=\"section\" data-settings=\"{&quot;background_background&quot;:&quot;classic&quot;}\">\n\t\t\t\t\t\t\t<div class=\"elementor-background-overlay\"><\/div>\n\t\t\t\t\t\t\t<div class=\"elementor-container elementor-column-gap-default\">\n\t\t\t\t\t<div class=\"elementor-column elementor-col-100 elementor-top-column elementor-element elementor-element-44b2651d\" data-id=\"44b2651d\" data-element_type=\"column\">\n\t\t\t<div class=\"elementor-widget-wrap elementor-element-populated\">\n\t\t\t\t\t\t<div class=\"elementor-element elementor-element-3b7ab4c2 elementor-widget elementor-widget-heading\" data-id=\"3b7ab4c2\" data-element_type=\"widget\" data-widget_type=\"heading.default\">\n\t\t\t\t<div class=\"elementor-widget-container\">\n\t\t\t<span class=\"elementor-heading-title elementor-size-large\">Nos Photos<\/span>\t\t<\/div>\n\t\t\t\t<\/div>\n\t\t\t\t\t<\/div>\n\t\t<\/div>\n\t\t\t\t\t<\/div>\n\t\t<\/section>\n\t\t\t\t<section class=\"elementor-section elementor-top-section elementor-element elementor-element-786ecb5 elementor-section-boxed elementor-section-height-default elementor-section-height-default\" data-id=\"786ecb5\" data-element_type=\"section\">\n\t\t\t\t\t\t<div class=\"elementor-container elementor-column-gap-default\">\n\t\t\t\t\t<div class=\"elementor-column elementor-col-100 elementor-top-column elementor-element elementor-element-c958853\" data-id=\"c958853\" data-element_type=\"column\">\n\t\t\t<div class=\"elementor-widget-wrap elementor-element-populated\">\n\t\t\t\t    <style>\n      .elementor-control-bwg_view_type_shortcode .elementor-control-input-wrapper,\n      .elementor-control-bwg_elementor_shortcode input {\n        visibility: hidden;\n      }\n      .elementor-control-bwg_elementor_shortcode input {\n        height: 0;\n      }\n      .elementor-control a.bwg-shortcode-btn {\n        text-decoration: none;\n        border-bottom:none;\n      }\n    <\/style>\n    \t\t<div class=\"elementor-element elementor-element-48c82ee elementor-widget elementor-widget-bwg-elementor\" data-id=\"48c82ee\" data-element_type=\"widget\" data-widget_type=\"bwg-elementor.default\">\n\t\t\t\t<div class=\"elementor-widget-container\">\n\t\t\t<style id=\"bwg-style-0\">    #bwg_container1_0 #bwg_container2_0 .bwg-container-0.bwg-album-thumbnails {    width: 1254px;    justify-content: center;            justify-content: center;        margin:0 auto !important;          background-color: rgba(255, 255, 255, 0.00);          padding-left: 4px;      padding-top: 4px;      max-width: 100%;          }        #bwg_container1_0 #bwg_container2_0 .bwg-container-0.bwg-album-thumbnails .bwg-item {    justify-content: flex-start;    max-width: 250px;        }    #bwg_container1_0 #bwg_container2_0 .bwg-container-0.bwg-album-thumbnails .bwg-item a {      margin-right: 4px;      margin-bottom: 4px;    }    #bwg_container1_0 #bwg_container2_0 .bwg-container-0.bwg-album-thumbnails .bwg-item0 {      padding: 0px;            background-color:rgba(0,0,0, 0.30);      border: 0px none #CCCCCC;      opacity: 1.00;      border-radius: 0;      box-shadow: 0px 0px 0px #888888;    }    #bwg_container1_0 #bwg_container2_0 .bwg-container-0.bwg-album-thumbnails .bwg-item1 img {      max-height: none;      max-width: none;      padding: 0 !important;    }          @media only screen and (min-width: 480px) {      #bwg_container1_0 #bwg_container2_0 .bwg-container-0.bwg-album-thumbnails .bwg-item1 img {      -webkit-transition: all .3s; transition: all .3s;      }      #bwg_container1_0 #bwg_container2_0 .bwg-container-0.bwg-album-thumbnails .bwg-item1 img:hover {        -ms-transform: scale(1.08);        -webkit-transform: scale(1.08);        transform: scale(1.08);      }            }          #bwg_container1_0 #bwg_container2_0 .bwg-container-0.bwg-album-thumbnails .bwg-item1 {      padding-top: 56%;    }        #bwg_container1_0 #bwg_container2_0 .bwg-container-0.bwg-album-thumbnails .bwg-title2 {      color: #323A45;      font-family: Ubuntu;      font-size: 16px;      font-weight: bold;      padding: 2px;      text-shadow: 0px 0px 0px #888888;      max-height: 100%;    }        #bwg_container1_0 #bwg_container2_0 .bwg-container-0.bwg-standard-thumbnails {      width: 1254px;              justify-content: center;        margin:0 auto !important;              background-color: rgba(255, 255, 255, 0.00);            padding-left: 4px;      padding-top: 4px;      max-width: 100%;            }        #bwg_container1_0 #bwg_container2_0 .bwg-container-0.bwg-standard-thumbnails .bwg-item {    justify-content: flex-start;      max-width: 250px;          }    #bwg_container1_0 #bwg_container2_0 .bwg-container-0.bwg-standard-thumbnails .bwg-item a {       margin-right: 4px;       margin-bottom: 4px;    }    #bwg_container1_0 #bwg_container2_0 .bwg-container-0.bwg-standard-thumbnails .bwg-item0 {      padding: 0px;            background-color:rgba(0,0,0, 0.30);      border: 0px none #CCCCCC;      opacity: 1.00;      border-radius: 0;      box-shadow: 0px 0px 0px #888888;    }    #bwg_container1_0 #bwg_container2_0 .bwg-container-0.bwg-standard-thumbnails .bwg-item1 img {      max-height: none;      max-width: none;      padding: 0 !important;    }         @media only screen and (min-width: 480px) {\t\t#bwg_container1_0 #bwg_container2_0 .bwg-container-0.bwg-standard-thumbnails .bwg-item1 img {\t\t\t-webkit-transition: all .3s; transition: all .3s;\t\t}\t\t#bwg_container1_0 #bwg_container2_0 .bwg-container-0.bwg-standard-thumbnails .bwg-item1 img:hover {\t\t\t-ms-transform: scale(1.08);\t\t\t-webkit-transform: scale(1.08);\t\t\ttransform: scale(1.08);\t\t}\t\t      }\t    #bwg_container1_0 #bwg_container2_0 .bwg-container-0.bwg-standard-thumbnails .bwg-item1 {      padding-top: 56%;    }        #bwg_container1_0 #bwg_container2_0 .bwg-container-0.bwg-standard-thumbnails .bwg-title2,    #bwg_container1_0 #bwg_container2_0 .bwg-container-0.bwg-standard-thumbnails .bwg-ecommerce2 {      color: #323A45;      font-family: Ubuntu;      font-size: 16px;      font-weight: bold;      padding: 2px;      text-shadow: 0px 0px 0px #888888;      max-height: 100%;    }    #bwg_container1_0 #bwg_container2_0 .bwg-container-0.bwg-standard-thumbnails .bwg-thumb-description span {    color: #323A45;    font-family: Ubuntu;    font-size: 12px;    max-height: 100%;    word-wrap: break-word;    }    #bwg_container1_0 #bwg_container2_0 .bwg-container-0.bwg-standard-thumbnails .bwg-play-icon2 {      font-size: 32px;    }    #bwg_container1_0 #bwg_container2_0 .bwg-container-0.bwg-standard-thumbnails .bwg-ecommerce2 {      font-size: 19.2px;      color: #323A45;    }    <\/style>    <div id=\"bwg_container1_0\"         class=\"bwg_container bwg_thumbnail bwg_album_compact_preview bwg_thumbnail\"         data-right-click-protection=\"0\"         data-bwg=\"0\"         data-scroll=\"0\"         data-gallery-type=\"album_compact_preview\"         data-gallery-view-type=\"thumbnail\"         data-current-url=\"\/index.php?rest_route=%2Fwp%2Fv2%2Fpages%2F5838\"         data-lightbox-url=\"https:\/\/vichyrando.org\/wp-admin\/admin-ajax.php?action=GalleryBox&#038;current_view=0&#038;gallery_id=0&#038;tag=0&#038;theme_id=1&#038;shortcode_id=1536&#038;sort_by=order&#038;order_by=asc&#038;current_url=%2Findex.php%3Frest_route%3D%252Fwp%252Fv2%252Fpages%252F5838\"         data-gallery-id=\"0\"         data-popup-width=\"800\"         data-popup-height=\"500\"         data-is-album=\"album\"         data-buttons-position=\"bottom\">      <div id=\"bwg_container2_0\">             <div id=\"ajax_loading_0\" class=\"bwg_loading_div_1\">      <div class=\"bwg_loading_div_2\">        <div class=\"bwg_loading_div_3\">          <div id=\"loading_div_0\" class=\"bwg_spider_ajax_loading\">          <\/div>        <\/div>      <\/div>    <\/div>            <form id=\"gal_front_form_0\"              class=\"bwg-hidden\"              method=\"post\"              action=\"#\"              data-current=\"0\"              data-shortcode-id=\"1536\"              data-gallery-type=\"album_compact_preview\"              data-gallery-id=\"0\"              data-tag=\"0\"              data-album-id=\"75\"              data-theme-id=\"1\"              data-ajax-url=\"https:\/\/vichyrando.org\/wp-admin\/admin-ajax.php?action=bwg_frontend_data\">          <div id=\"bwg_container3_0\" class=\"bwg-background bwg-background-0\">            <style>        #bwg_container1_0 #bwg_container2_0 .bwg_gal_title_0 {          display: block;          padding: 0 2px 2px 2px;          background-color: rgba(0, 0, 0, 0);          line-height: 20px;          font-family: Ubuntu;          font-size: 18px;          font-weight: bold;          color: #323A45;          text-shadow: 0px 0px 0px #888888;          text-align: center;        }        #bwg_container1_0 #bwg_container2_0 .bwg_gal_description_0 {          margin: 20px 0;          word-break: break-word;          text-align: justify;          font-size: 15px;          font-weight: unset;        }        <\/style>        <div class=\"bwg_gal_title_0\">Avril 2026<\/div>            <div data-max-count=\"5\"         data-thumbnail-width=\"250\"         data-bwg=\"0\"         id=\"bwg_album_compact_0\"         class=\"bwg-thumbnails bwg-container bwg-container-0 bwg-album-thumbnails bwg_album_thumbnails_0\">              <div class=\"bwg-item\">          <a class=\"bwg-a bwg-album bwg_album_0\"             href='\/index.php?rest_route=%2Fwp%2Fv2%2Fpages%2F5838&#038;type_0=gallery&#038;album_gallery_id_0=1292'                          data-container_id=\"bwg_album_compact_0\"             data-def_type=\"gallery\"             data-album_gallery_id=\"75\"             data-alb_gal_id=\"1292\"             data-title=\"Rando 1\/2 journ\u00e9e \u00e0 Molles le 2 avril 2026\"             data-bwg=\"0\">                        <div class=\"bwg-item0 lazy_loader\">              <div class=\"bwg-item1 \">                <div class=\"bwg-item2\">                  <img decoding=\"async\" class=\"skip-lazy  bwg_lazyload \"                       data-width=\"500.00\"                       data-height=\"375.00\"                       data-src=\"https:\/\/vichyrando.org\/wp-content\/uploads\/photo-gallery\/thumb\/2026-04-02-Molles01.jpg?bwg=1775209125\"                       src=\"https:\/\/vichyrando.org\/wp-content\/plugins\/photo-gallery\/images\/lazy_placeholder.gif\"                       alt=\"Rando 1\/2 journ\u00e9e \u00e0 Molles le 2 avril 2026\"                       title=\"Rando 1\/2 journ\u00e9e \u00e0 Molles le 2 avril 2026\" \/>                <\/div>                <div class=\"\">                                  <\/div>              <\/div>            <\/div>            <div class=\"bwg-title1\"><div class=\"bwg-title2\">Rando 1\/2 journ\u00e9e \u00e0 Molles le 2 avril 2026<\/div><\/div>          <\/a>        <\/div>                <div class=\"bwg-item\">          <a class=\"bwg-a bwg-album bwg_album_0\"             href='\/index.php?rest_route=%2Fwp%2Fv2%2Fpages%2F5838&#038;type_0=gallery&#038;album_gallery_id_0=1293'                          data-container_id=\"bwg_album_compact_0\"             data-def_type=\"gallery\"             data-album_gallery_id=\"75\"             data-alb_gal_id=\"1293\"             data-title=\"Journ\u00e9e rando sportive \u00e0 Laprugne le 7 avril 2026\"             data-bwg=\"0\">                        <div class=\"bwg-item0 lazy_loader\">              <div class=\"bwg-item1 \">                <div class=\"bwg-item2\">                  <img decoding=\"async\" class=\"skip-lazy  bwg_lazyload \"                       data-width=\"500.00\"                       data-height=\"295.00\"                       data-src=\"https:\/\/vichyrando.org\/wp-content\/uploads\/photo-gallery\/thumb\/2026-04-07-Laprugne03.jpg?bwg=1775812128\"                       src=\"https:\/\/vichyrando.org\/wp-content\/plugins\/photo-gallery\/images\/lazy_placeholder.gif\"                       alt=\"Journ\u00e9e rando sportive \u00e0 Laprugne le 7 avril 2026\"                       title=\"Journ\u00e9e rando sportive \u00e0 Laprugne le 7 avril 2026\" \/>                <\/div>                <div class=\"\">                                  <\/div>              <\/div>            <\/div>            <div class=\"bwg-title1\"><div class=\"bwg-title2\">Journ\u00e9e rando sportive \u00e0 Laprugne le 7 avril 2026<\/div><\/div>          <\/a>        <\/div>                <div class=\"bwg-item\">          <a class=\"bwg-a bwg-album bwg_album_0\"             href='\/index.php?rest_route=%2Fwp%2Fv2%2Fpages%2F5838&#038;type_0=gallery&#038;album_gallery_id_0=1294'                          data-container_id=\"bwg_album_compact_0\"             data-def_type=\"gallery\"             data-album_gallery_id=\"75\"             data-alb_gal_id=\"1294\"             data-title=\"Mini rando \u00e0 Cusset le 9 avril 2026\"             data-bwg=\"0\">                        <div class=\"bwg-item0 lazy_loader\">              <div class=\"bwg-item1 \">                <div class=\"bwg-item2\">                  <img decoding=\"async\" class=\"skip-lazy  bwg_lazyload \"                       data-width=\"500.00\"                       data-height=\"375.00\"                       data-src=\"https:\/\/vichyrando.org\/wp-content\/uploads\/photo-gallery\/thumb\/2026-04-09-Cusset02.jpg?bwg=1775812238\"                       src=\"https:\/\/vichyrando.org\/wp-content\/plugins\/photo-gallery\/images\/lazy_placeholder.gif\"                       alt=\"Mini rando \u00e0 Cusset le 9 avril 2026\"                       title=\"Mini rando \u00e0 Cusset le 9 avril 2026\" \/>                <\/div>                <div class=\"\">                                  <\/div>              <\/div>            <\/div>            <div class=\"bwg-title1\"><div class=\"bwg-title2\">Mini rando \u00e0 Cusset le 9 avril 2026<\/div><\/div>          <\/a>        <\/div>                <div class=\"bwg-item\">          <a class=\"bwg-a bwg-album bwg_album_0\"             href='\/index.php?rest_route=%2Fwp%2Fv2%2Fpages%2F5838&#038;type_0=gallery&#038;album_gallery_id_0=1295'                          data-container_id=\"bwg_album_compact_0\"             data-def_type=\"gallery\"             data-album_gallery_id=\"75\"             data-alb_gal_id=\"1295\"             data-title=\"Rando 1\/2 journ\u00e9e \u00e0 La Bruy\u00e8re (St Christophe) le 9 avril 2026\"             data-bwg=\"0\">                        <div class=\"bwg-item0 lazy_loader\">              <div class=\"bwg-item1 \">                <div class=\"bwg-item2\">                  <img decoding=\"async\" class=\"skip-lazy  bwg_lazyload \"                       data-width=\"500.00\"                       data-height=\"225.00\"                       data-src=\"https:\/\/vichyrando.org\/wp-content\/uploads\/photo-gallery\/thumb\/2026-04-09-LaBruyere14.jpg?bwg=1775812337\"                       src=\"https:\/\/vichyrando.org\/wp-content\/plugins\/photo-gallery\/images\/lazy_placeholder.gif\"                       alt=\"Rando 1\/2 journ\u00e9e \u00e0 La Bruy\u00e8re (St Christophe) le 9 avril 2026\"                       title=\"Rando 1\/2 journ\u00e9e \u00e0 La Bruy\u00e8re (St Christophe) le 9 avril 2026\" \/>                <\/div>                <div class=\"\">                                  <\/div>              <\/div>            <\/div>            <div class=\"bwg-title1\"><div class=\"bwg-title2\">Rando 1\/2 journ\u00e9e \u00e0 La Bruy\u00e8re (St Christophe) le 9 avril 2026<\/div><\/div>          <\/a>        <\/div>                <div class=\"bwg-item\">          <a class=\"bwg-a bwg-album bwg_album_0\"             href='\/index.php?rest_route=%2Fwp%2Fv2%2Fpages%2F5838&#038;type_0=gallery&#038;album_gallery_id_0=1296'                          data-container_id=\"bwg_album_compact_0\"             data-def_type=\"gallery\"             data-album_gallery_id=\"75\"             data-alb_gal_id=\"1296\"             data-title=\"Marche nordique \u00e0 Bellerive\/allier le 11 avril 2026\"             data-bwg=\"0\">                        <div class=\"bwg-item0 lazy_loader\">              <div class=\"bwg-item1 \">                <div class=\"bwg-item2\">                  <img decoding=\"async\" class=\"skip-lazy  bwg_lazyload \"                       data-width=\"500.00\"                       data-height=\"375.00\"                       data-src=\"https:\/\/vichyrando.org\/wp-content\/uploads\/photo-gallery\/thumb\/2026-04-11-Bellerive02.jpg?bwg=1776099791\"                       src=\"https:\/\/vichyrando.org\/wp-content\/plugins\/photo-gallery\/images\/lazy_placeholder.gif\"                       alt=\"Marche nordique \u00e0 Bellerive\/allier le 11 avril 2026\"                       title=\"Marche nordique \u00e0 Bellerive\/allier le 11 avril 2026\" \/>                <\/div>                <div class=\"\">                                  <\/div>              <\/div>            <\/div>            <div class=\"bwg-title1\"><div class=\"bwg-title2\">Marche nordique \u00e0 Bellerive\/allier le 11 avril 2026<\/div><\/div>          <\/a>        <\/div>                <div class=\"bwg-item\">          <a class=\"bwg-a bwg-album bwg_album_0\"             href='\/index.php?rest_route=%2Fwp%2Fv2%2Fpages%2F5838&#038;type_0=gallery&#038;album_gallery_id_0=1297'                          data-container_id=\"bwg_album_compact_0\"             data-def_type=\"gallery\"             data-album_gallery_id=\"75\"             data-alb_gal_id=\"1297\"             data-title=\"Rando sant\u00e9 au Vernet le 13 avril 2026\"             data-bwg=\"0\">                        <div class=\"bwg-item0 lazy_loader\">              <div class=\"bwg-item1 \">                <div class=\"bwg-item2\">                  <img decoding=\"async\" class=\"skip-lazy  bwg_lazyload \"                       data-width=\"500.00\"                       data-height=\"243.00\"                       data-src=\"https:\/\/vichyrando.org\/wp-content\/uploads\/photo-gallery\/thumb\/2026-04-13-LeVernet02.jpg?bwg=1776186092\"                       src=\"https:\/\/vichyrando.org\/wp-content\/plugins\/photo-gallery\/images\/lazy_placeholder.gif\"                       alt=\"Rando sant\u00e9 au Vernet le 13 avril 2026\"                       title=\"Rando sant\u00e9 au Vernet le 13 avril 2026\" \/>                <\/div>                <div class=\"\">                                  <\/div>              <\/div>            <\/div>            <div class=\"bwg-title1\"><div class=\"bwg-title2\">Rando sant\u00e9 au Vernet le 13 avril 2026<\/div><\/div>          <\/a>        <\/div>                <div class=\"bwg-item\">          <a class=\"bwg-a bwg-album bwg_album_0\"             href='\/index.php?rest_route=%2Fwp%2Fv2%2Fpages%2F5838&#038;type_0=gallery&#038;album_gallery_id_0=1298'                          data-container_id=\"bwg_album_compact_0\"             data-def_type=\"gallery\"             data-album_gallery_id=\"75\"             data-alb_gal_id=\"1298\"             data-title=\"Journ\u00e9e rando sportive aux Biefs (Arfeuilles) le 14 avril 2026\"             data-bwg=\"0\">                        <div class=\"bwg-item0 lazy_loader\">              <div class=\"bwg-item1 \">                <div class=\"bwg-item2\">                  <img decoding=\"async\" class=\"skip-lazy  bwg_lazyload \"                       data-width=\"500.00\"                       data-height=\"225.00\"                       data-src=\"https:\/\/vichyrando.org\/wp-content\/uploads\/photo-gallery\/thumb\/2026-04-14-LesBiefs18.jpg?bwg=1776186181\"                       src=\"https:\/\/vichyrando.org\/wp-content\/plugins\/photo-gallery\/images\/lazy_placeholder.gif\"                       alt=\"Journ\u00e9e rando sportive aux Biefs (Arfeuilles) le 14 avril 2026\"                       title=\"Journ\u00e9e rando sportive aux Biefs (Arfeuilles) le 14 avril 2026\" \/>                <\/div>                <div class=\"\">                                  <\/div>              <\/div>            <\/div>            <div class=\"bwg-title1\"><div class=\"bwg-title2\">Journ\u00e9e rando sportive aux Biefs (Arfeuilles) le 14 avril 2026<\/div><\/div>          <\/a>        <\/div>                <div class=\"bwg-item\">          <a class=\"bwg-a bwg-album bwg_album_0\"             href='\/index.php?rest_route=%2Fwp%2Fv2%2Fpages%2F5838&#038;type_0=gallery&#038;album_gallery_id_0=1299'                          data-container_id=\"bwg_album_compact_0\"             data-def_type=\"gallery\"             data-album_gallery_id=\"75\"             data-alb_gal_id=\"1299\"             data-title=\"Rando 1\/2 journ\u00e9e \u00e0 Tr\u00e9zelles le 14 avril 2026\"             data-bwg=\"0\">                        <div class=\"bwg-item0 lazy_loader\">              <div class=\"bwg-item1 \">                <div class=\"bwg-item2\">                  <img decoding=\"async\" class=\"skip-lazy  bwg_lazyload \"                       data-width=\"500.00\"                       data-height=\"375.00\"                       data-src=\"https:\/\/vichyrando.org\/wp-content\/uploads\/photo-gallery\/thumb\/2026-04-15-Trezelles05.jpg?bwg=1776270213\"                       src=\"https:\/\/vichyrando.org\/wp-content\/plugins\/photo-gallery\/images\/lazy_placeholder.gif\"                       alt=\"Rando 1\/2 journ\u00e9e \u00e0 Tr\u00e9zelles le 14 avril 2026\"                       title=\"Rando 1\/2 journ\u00e9e \u00e0 Tr\u00e9zelles le 14 avril 2026\" \/>                <\/div>                <div class=\"\">                                  <\/div>              <\/div>            <\/div>            <div class=\"bwg-title1\"><div class=\"bwg-title2\">Rando 1\/2 journ\u00e9e \u00e0 Tr\u00e9zelles le 14 avril 2026<\/div><\/div>          <\/a>        <\/div>                <div class=\"bwg-item\">          <a class=\"bwg-a bwg-album bwg_album_0\"             href='\/index.php?rest_route=%2Fwp%2Fv2%2Fpages%2F5838&#038;type_0=gallery&#038;album_gallery_id_0=1300'                          data-container_id=\"bwg_album_compact_0\"             data-def_type=\"gallery\"             data-album_gallery_id=\"75\"             data-alb_gal_id=\"1300\"             data-title=\"Mini rando \u00e0 Bost le 16 avril 2026\"             data-bwg=\"0\">                        <div class=\"bwg-item0 lazy_loader\">              <div class=\"bwg-item1 \">                <div class=\"bwg-item2\">                  <img decoding=\"async\" class=\"skip-lazy  bwg_lazyload \"                       data-width=\"500.00\"                       data-height=\"333.00\"                       data-src=\"https:\/\/vichyrando.org\/wp-content\/uploads\/photo-gallery\/thumb\/2024-04-16-Bost01.jpg?bwg=1776461667\"                       src=\"https:\/\/vichyrando.org\/wp-content\/plugins\/photo-gallery\/images\/lazy_placeholder.gif\"                       alt=\"Mini rando \u00e0 Bost le 16 avril 2026\"                       title=\"Mini rando \u00e0 Bost le 16 avril 2026\" \/>                <\/div>                <div class=\"\">                                  <\/div>              <\/div>            <\/div>            <div class=\"bwg-title1\"><div class=\"bwg-title2\">Mini rando \u00e0 Bost le 16 avril 2026<\/div><\/div>          <\/a>        <\/div>                <div class=\"bwg-item\">          <a class=\"bwg-a bwg-album bwg_album_0\"             href='\/index.php?rest_route=%2Fwp%2Fv2%2Fpages%2F5838&#038;type_0=gallery&#038;album_gallery_id_0=1301'                          data-container_id=\"bwg_album_compact_0\"             data-def_type=\"gallery\"             data-album_gallery_id=\"75\"             data-alb_gal_id=\"1301\"             data-title=\"Rando 1\/2 journ\u00e9e \u00e0 Ch\u00e2tel Montagne le 16 avril 2026\"             data-bwg=\"0\">                        <div class=\"bwg-item0 lazy_loader\">              <div class=\"bwg-item1 \">                <div class=\"bwg-item2\">                  <img decoding=\"async\" class=\"skip-lazy  bwg_lazyload \"                       data-width=\"500.00\"                       data-height=\"375.00\"                       data-src=\"https:\/\/vichyrando.org\/wp-content\/uploads\/photo-gallery\/thumb\/2024-04-16-ChatelMontagne02.jpg?bwg=1776461762\"                       src=\"https:\/\/vichyrando.org\/wp-content\/plugins\/photo-gallery\/images\/lazy_placeholder.gif\"                       alt=\"Rando 1\/2 journ\u00e9e \u00e0 Ch\u00e2tel Montagne le 16 avril 2026\"                       title=\"Rando 1\/2 journ\u00e9e \u00e0 Ch\u00e2tel Montagne le 16 avril 2026\" \/>                <\/div>                <div class=\"\">                                  <\/div>              <\/div>            <\/div>            <div class=\"bwg-title1\"><div class=\"bwg-title2\">Rando 1\/2 journ\u00e9e \u00e0 Ch\u00e2tel Montagne le 16 avril 2026<\/div><\/div>          <\/a>        <\/div>                <div class=\"bwg-item\">          <a class=\"bwg-a bwg-album bwg_album_0\"             href='\/index.php?rest_route=%2Fwp%2Fv2%2Fpages%2F5838&#038;type_0=gallery&#038;album_gallery_id_0=1302'                          data-container_id=\"bwg_album_compact_0\"             data-def_type=\"gallery\"             data-album_gallery_id=\"75\"             data-alb_gal_id=\"1302\"             data-title=\"Marche nordique au Vernet le 18 avril 2026\"             data-bwg=\"0\">                        <div class=\"bwg-item0 lazy_loader\">              <div class=\"bwg-item1 \">                <div class=\"bwg-item2\">                  <img decoding=\"async\" class=\"skip-lazy  bwg_lazyload \"                       data-width=\"500.00\"                       data-height=\"375.00\"                       data-src=\"https:\/\/vichyrando.org\/wp-content\/uploads\/photo-gallery\/thumb\/2026-04-18-LeVernet01.jpg?bwg=1776548295\"                       src=\"https:\/\/vichyrando.org\/wp-content\/plugins\/photo-gallery\/images\/lazy_placeholder.gif\"                       alt=\"Marche nordique au Vernet le 18 avril 2026\"                       title=\"Marche nordique au Vernet le 18 avril 2026\" \/>                <\/div>                <div class=\"\">                                  <\/div>              <\/div>            <\/div>            <div class=\"bwg-title1\"><div class=\"bwg-title2\">Marche nordique au Vernet le 18 avril 2026<\/div><\/div>          <\/a>        <\/div>                <div class=\"bwg-item\">          <a class=\"bwg-a bwg-album bwg_album_0\"             href='\/index.php?rest_route=%2Fwp%2Fv2%2Fpages%2F5838&#038;type_0=gallery&#038;album_gallery_id_0=1303'                          data-container_id=\"bwg_album_compact_0\"             data-def_type=\"gallery\"             data-album_gallery_id=\"75\"             data-alb_gal_id=\"1303\"             data-title=\"Rando sant\u00e9 et resto \u00e0 Brugheas le 20 avril 2026\"             data-bwg=\"0\">                        <div class=\"bwg-item0 lazy_loader\">              <div class=\"bwg-item1 \">                <div class=\"bwg-item2\">                  <img decoding=\"async\" class=\"skip-lazy  bwg_lazyload \"                       data-width=\"500.00\"                       data-height=\"281.00\"                       data-src=\"https:\/\/vichyrando.org\/wp-content\/uploads\/photo-gallery\/thumb\/2026-04-20-Brugheas15.jpg?bwg=1777128496\"                       src=\"https:\/\/vichyrando.org\/wp-content\/plugins\/photo-gallery\/images\/lazy_placeholder.gif\"                       alt=\"Rando sant\u00e9 et resto \u00e0 Brugheas le 20 avril 2026\"                       title=\"Rando sant\u00e9 et resto \u00e0 Brugheas le 20 avril 2026\" \/>                <\/div>                <div class=\"\">                                  <\/div>              <\/div>            <\/div>            <div class=\"bwg-title1\"><div class=\"bwg-title2\">Rando sant\u00e9 et resto \u00e0 Brugheas le 20 avril 2026<\/div><\/div>          <\/a>        <\/div>                <div class=\"bwg-item\">          <a class=\"bwg-a bwg-album bwg_album_0\"             href='\/index.php?rest_route=%2Fwp%2Fv2%2Fpages%2F5838&#038;type_0=gallery&#038;album_gallery_id_0=1304'                          data-container_id=\"bwg_album_compact_0\"             data-def_type=\"gallery\"             data-album_gallery_id=\"75\"             data-alb_gal_id=\"1304\"             data-title=\"Rando 1\/2 journ\u00e9e \u00e0 Ferri\u00e8res sur Sichon le 21 avril 2026\"             data-bwg=\"0\">                        <div class=\"bwg-item0 lazy_loader\">              <div class=\"bwg-item1 \">                <div class=\"bwg-item2\">                  <img decoding=\"async\" class=\"skip-lazy  bwg_lazyload \"                       data-width=\"500.00\"                       data-height=\"333.00\"                       data-src=\"https:\/\/vichyrando.org\/wp-content\/uploads\/photo-gallery\/thumb\/2026-04-21-Ferrieres01.jpg?bwg=1777128636\"                       src=\"https:\/\/vichyrando.org\/wp-content\/plugins\/photo-gallery\/images\/lazy_placeholder.gif\"                       alt=\"Rando 1\/2 journ\u00e9e \u00e0 Ferri\u00e8res sur Sichon le 21 avril 2026\"                       title=\"Rando 1\/2 journ\u00e9e \u00e0 Ferri\u00e8res sur Sichon le 21 avril 2026\" \/>                <\/div>                <div class=\"\">                                  <\/div>              <\/div>            <\/div>            <div class=\"bwg-title1\"><div class=\"bwg-title2\">Rando 1\/2 journ\u00e9e \u00e0 Ferri\u00e8res sur Sichon le 21 avril 2026<\/div><\/div>          <\/a>        <\/div>                <div class=\"bwg-item\">          <a class=\"bwg-a bwg-album bwg_album_0\"             href='\/index.php?rest_route=%2Fwp%2Fv2%2Fpages%2F5838&#038;type_0=gallery&#038;album_gallery_id_0=1305'                          data-container_id=\"bwg_album_compact_0\"             data-def_type=\"gallery\"             data-album_gallery_id=\"75\"             data-alb_gal_id=\"1305\"             data-title=\"Journ\u00e9e marche sportive \u00e0 Villerest le 21 avril 2026\"             data-bwg=\"0\">                        <div class=\"bwg-item0 lazy_loader\">              <div class=\"bwg-item1 \">                <div class=\"bwg-item2\">                  <img decoding=\"async\" class=\"skip-lazy  bwg_lazyload \"                       data-width=\"500.00\"                       data-height=\"375.00\"                       data-src=\"https:\/\/vichyrando.org\/wp-content\/uploads\/photo-gallery\/thumb\/2026-04-21-Villerest10.jpg?bwg=1777128722\"                       src=\"https:\/\/vichyrando.org\/wp-content\/plugins\/photo-gallery\/images\/lazy_placeholder.gif\"                       alt=\"Journ\u00e9e marche sportive \u00e0 Villerest le 21 avril 2026\"                       title=\"Journ\u00e9e marche sportive \u00e0 Villerest le 21 avril 2026\" \/>                <\/div>                <div class=\"\">                                  <\/div>              <\/div>            <\/div>            <div class=\"bwg-title1\"><div class=\"bwg-title2\">Journ\u00e9e marche sportive \u00e0 Villerest le 21 avril 2026<\/div><\/div>          <\/a>        <\/div>                <div class=\"bwg-item\">          <a class=\"bwg-a bwg-album bwg_album_0\"             href='\/index.php?rest_route=%2Fwp%2Fv2%2Fpages%2F5838&#038;type_0=gallery&#038;album_gallery_id_0=1306'                          data-container_id=\"bwg_album_compact_0\"             data-def_type=\"gallery\"             data-album_gallery_id=\"75\"             data-alb_gal_id=\"1306\"             data-title=\"Mini rando \u00e0 Espinasse-Vozelle le 23 avril 2026\"             data-bwg=\"0\">                        <div class=\"bwg-item0 lazy_loader\">              <div class=\"bwg-item1 \">                <div class=\"bwg-item2\">                  <img decoding=\"async\" class=\"skip-lazy  bwg_lazyload \"                       data-width=\"500.00\"                       data-height=\"333.00\"                       data-src=\"https:\/\/vichyrando.org\/wp-content\/uploads\/photo-gallery\/thumb\/2026-04-23-Espinasse10.jpg?bwg=1777128821\"                       src=\"https:\/\/vichyrando.org\/wp-content\/plugins\/photo-gallery\/images\/lazy_placeholder.gif\"                       alt=\"Mini rando \u00e0 Espinasse-Vozelle le 23 avril 2026\"                       title=\"Mini rando \u00e0 Espinasse-Vozelle le 23 avril 2026\" \/>                <\/div>                <div class=\"\">                                  <\/div>              <\/div>            <\/div>            <div class=\"bwg-title1\"><div class=\"bwg-title2\">Mini rando \u00e0 Espinasse-Vozelle le 23 avril 2026<\/div><\/div>          <\/a>        <\/div>                <div class=\"bwg-item\">          <a class=\"bwg-a bwg-album bwg_album_0\"             href='\/index.php?rest_route=%2Fwp%2Fv2%2Fpages%2F5838&#038;type_0=gallery&#038;album_gallery_id_0=1307'                          data-container_id=\"bwg_album_compact_0\"             data-def_type=\"gallery\"             data-album_gallery_id=\"75\"             data-alb_gal_id=\"1307\"             data-title=\"Rando 1\/2 journ\u00e9e \u00e0 Valignat le 23 avril 2026\"             data-bwg=\"0\">                        <div class=\"bwg-item0 lazy_loader\">              <div class=\"bwg-item1 \">                <div class=\"bwg-item2\">                  <img decoding=\"async\" class=\"skip-lazy  bwg_lazyload \"                       data-width=\"500.00\"                       data-height=\"375.00\"                       data-src=\"https:\/\/vichyrando.org\/wp-content\/uploads\/photo-gallery\/thumb\/2026-04-23-Valignat07.jpg?bwg=1777128937\"                       src=\"https:\/\/vichyrando.org\/wp-content\/plugins\/photo-gallery\/images\/lazy_placeholder.gif\"                       alt=\"Rando 1\/2 journ\u00e9e \u00e0 Valignat le 23 avril 2026\"                       title=\"Rando 1\/2 journ\u00e9e \u00e0 Valignat le 23 avril 2026\" \/>                <\/div>                <div class=\"\">                                  <\/div>              <\/div>            <\/div>            <div class=\"bwg-title1\"><div class=\"bwg-title2\">Rando 1\/2 journ\u00e9e \u00e0 Valignat le 23 avril 2026<\/div><\/div>          <\/a>        <\/div>                <div class=\"bwg-item\">          <a class=\"bwg-a bwg-album bwg_album_0\"             href='\/index.php?rest_route=%2Fwp%2Fv2%2Fpages%2F5838&#038;type_0=gallery&#038;album_gallery_id_0=1308'                          data-container_id=\"bwg_album_compact_0\"             data-def_type=\"gallery\"             data-album_gallery_id=\"75\"             data-alb_gal_id=\"1308\"             data-title=\"Marche nordique \u00e0 Bellerive sur Allier le 25 avril 2026\"             data-bwg=\"0\">                        <div class=\"bwg-item0 lazy_loader\">              <div class=\"bwg-item1 \">                <div class=\"bwg-item2\">                  <img decoding=\"async\" class=\"skip-lazy  bwg_lazyload \"                       data-width=\"500.00\"                       data-height=\"231.00\"                       data-src=\"https:\/\/vichyrando.org\/wp-content\/uploads\/photo-gallery\/thumb\/2026-04-25-Bellerive01.jpg?bwg=1777129028\"                       src=\"https:\/\/vichyrando.org\/wp-content\/plugins\/photo-gallery\/images\/lazy_placeholder.gif\"                       alt=\"Marche nordique \u00e0 Bellerive sur Allier le 25 avril 2026\"                       title=\"Marche nordique \u00e0 Bellerive sur Allier le 25 avril 2026\" \/>                <\/div>                <div class=\"\">                                  <\/div>              <\/div>            <\/div>            <div class=\"bwg-title1\"><div class=\"bwg-title2\">Marche nordique \u00e0 Bellerive sur Allier le 25 avril 2026<\/div><\/div>          <\/a>        <\/div>                <div class=\"bwg-item\">          <a class=\"bwg-a bwg-album bwg_album_0\"             href='\/index.php?rest_route=%2Fwp%2Fv2%2Fpages%2F5838&#038;type_0=gallery&#038;album_gallery_id_0=1309'                          data-container_id=\"bwg_album_compact_0\"             data-def_type=\"gallery\"             data-album_gallery_id=\"75\"             data-alb_gal_id=\"1309\"             data-title=\"Rando Agora \u00e0 Busset le 26 avril 2026\"             data-bwg=\"0\">                        <div class=\"bwg-item0 lazy_loader\">              <div class=\"bwg-item1 \">                <div class=\"bwg-item2\">                  <img decoding=\"async\" class=\"skip-lazy  bwg_lazyload \"                       data-width=\"500.00\"                       data-height=\"333.00\"                       data-src=\"https:\/\/vichyrando.org\/wp-content\/uploads\/photo-gallery\/thumb\/2026-04-26-AgoraBusset06.jpg?bwg=1777222176\"                       src=\"https:\/\/vichyrando.org\/wp-content\/plugins\/photo-gallery\/images\/lazy_placeholder.gif\"                       alt=\"Rando Agora \u00e0 Busset le 26 avril 2026\"                       title=\"Rando Agora \u00e0 Busset le 26 avril 2026\" \/>                <\/div>                <div class=\"\">                                  <\/div>              <\/div>            <\/div>            <div class=\"bwg-title1\"><div class=\"bwg-title2\">Rando Agora \u00e0 Busset le 26 avril 2026<\/div><\/div>          <\/a>        <\/div>                <div class=\"bwg-item\">          <a class=\"bwg-a bwg-album bwg_album_0\"             href='\/index.php?rest_route=%2Fwp%2Fv2%2Fpages%2F5838&#038;type_0=gallery&#038;album_gallery_id_0=1312'                          data-container_id=\"bwg_album_compact_0\"             data-def_type=\"gallery\"             data-album_gallery_id=\"75\"             data-alb_gal_id=\"1312\"             data-title=\"Rando sant\u00e9 \u00e0 St F\u00e9lix le 27 avril 2026\"             data-bwg=\"0\">                        <div class=\"bwg-item0 lazy_loader\">              <div class=\"bwg-item1 \">                <div class=\"bwg-item2\">                  <img decoding=\"async\" class=\"skip-lazy  bwg_lazyload \"                       data-width=\"500.00\"                       data-height=\"333.00\"                       data-src=\"https:\/\/vichyrando.org\/wp-content\/uploads\/photo-gallery\/thumb\/2026-04-27-StFelix04.jpg?bwg=1777562071\"                       src=\"https:\/\/vichyrando.org\/wp-content\/plugins\/photo-gallery\/images\/lazy_placeholder.gif\"                       alt=\"Rando sant\u00e9 \u00e0 St F\u00e9lix le 27 avril 2026\"                       title=\"Rando sant\u00e9 \u00e0 St F\u00e9lix le 27 avril 2026\" \/>                <\/div>                <div class=\"\">                                  <\/div>              <\/div>            <\/div>            <div class=\"bwg-title1\"><div class=\"bwg-title2\">Rando sant\u00e9 \u00e0 St F\u00e9lix le 27 avril 2026<\/div><\/div>          <\/a>        <\/div>                <div class=\"bwg-item\">          <a class=\"bwg-a bwg-album bwg_album_0\"             href='\/index.php?rest_route=%2Fwp%2Fv2%2Fpages%2F5838&#038;type_0=gallery&#038;album_gallery_id_0=1310'                          data-container_id=\"bwg_album_compact_0\"             data-def_type=\"gallery\"             data-album_gallery_id=\"75\"             data-alb_gal_id=\"1310\"             data-title=\"Rando 1\/2 journ\u00e9e \u00e0 Aigueperse (63) le 28 avril 2026\"             data-bwg=\"0\">                        <div class=\"bwg-item0 lazy_loader\">              <div class=\"bwg-item1 \">                <div class=\"bwg-item2\">                  <img decoding=\"async\" class=\"skip-lazy  bwg_lazyload \"                       data-width=\"500.00\"                       data-height=\"281.00\"                       data-src=\"https:\/\/vichyrando.org\/wp-content\/uploads\/photo-gallery\/thumb\/2026-04-28-Aigueperse04.jpg?bwg=1777475299\"                       src=\"https:\/\/vichyrando.org\/wp-content\/plugins\/photo-gallery\/images\/lazy_placeholder.gif\"                       alt=\"Rando 1\/2 journ\u00e9e \u00e0 Aigueperse (63) le 28 avril 2026\"                       title=\"Rando 1\/2 journ\u00e9e \u00e0 Aigueperse (63) le 28 avril 2026\" \/>                <\/div>                <div class=\"\">                                  <\/div>              <\/div>            <\/div>            <div class=\"bwg-title1\"><div class=\"bwg-title2\">Rando 1\/2 journ\u00e9e \u00e0 Aigueperse (63) le 28 avril 2026<\/div><\/div>          <\/a>        <\/div>                <div class=\"bwg-item\">          <a class=\"bwg-a bwg-album bwg_album_0\"             href='\/index.php?rest_route=%2Fwp%2Fv2%2Fpages%2F5838&#038;type_0=gallery&#038;album_gallery_id_0=1311'                          data-container_id=\"bwg_album_compact_0\"             data-def_type=\"gallery\"             data-album_gallery_id=\"75\"             data-alb_gal_id=\"1311\"             data-title=\"Journ\u00e9e marche sportive \u00e0 Ch\u00e2tel Montagne le 28 avril 2026\"             data-bwg=\"0\">                        <div class=\"bwg-item0 lazy_loader\">              <div class=\"bwg-item1 \">                <div class=\"bwg-item2\">                  <img decoding=\"async\" class=\"skip-lazy  bwg_lazyload \"                       data-width=\"500.00\"                       data-height=\"225.00\"                       data-src=\"https:\/\/vichyrando.org\/wp-content\/uploads\/photo-gallery\/thumb\/2026-04-28-ChatelMontagne08.jpg?bwg=1777475394\"                       src=\"https:\/\/vichyrando.org\/wp-content\/plugins\/photo-gallery\/images\/lazy_placeholder.gif\"                       alt=\"Journ\u00e9e marche sportive \u00e0 Ch\u00e2tel Montagne le 28 avril 2026\"                       title=\"Journ\u00e9e marche sportive \u00e0 Ch\u00e2tel Montagne le 28 avril 2026\" \/>                <\/div>                <div class=\"\">                                  <\/div>              <\/div>            <\/div>            <div class=\"bwg-title1\"><div class=\"bwg-title2\">Journ\u00e9e marche sportive \u00e0 Ch\u00e2tel Montagne le 28 avril 2026<\/div><\/div>          <\/a>        <\/div>                <div class=\"bwg-item\">          <a class=\"bwg-a bwg-album bwg_album_0\"             href='\/index.php?rest_route=%2Fwp%2Fv2%2Fpages%2F5838&#038;type_0=gallery&#038;album_gallery_id_0=1313'                          data-container_id=\"bwg_album_compact_0\"             data-def_type=\"gallery\"             data-album_gallery_id=\"75\"             data-alb_gal_id=\"1313\"             data-title=\"Mini rando \u00e0 Magnet le 30 avril 2026\"             data-bwg=\"0\">                        <div class=\"bwg-item0 lazy_loader\">              <div class=\"bwg-item1 \">                <div class=\"bwg-item2\">                  <img decoding=\"async\" class=\"skip-lazy  bwg_lazyload \"                       data-width=\"500.00\"                       data-height=\"281.00\"                       data-src=\"https:\/\/vichyrando.org\/wp-content\/uploads\/photo-gallery\/thumb\/2026-04-30-Magnet04.jpg?bwg=1777671677\"                       src=\"https:\/\/vichyrando.org\/wp-content\/plugins\/photo-gallery\/images\/lazy_placeholder.gif\"                       alt=\"Mini rando \u00e0 Magnet le 30 avril 2026\"                       title=\"Mini rando \u00e0 Magnet le 30 avril 2026\" \/>                <\/div>                <div class=\"\">                                  <\/div>              <\/div>            <\/div>            <div class=\"bwg-title1\"><div class=\"bwg-title2\">Mini rando \u00e0 Magnet le 30 avril 2026<\/div><\/div>          <\/a>        <\/div>                <div class=\"bwg-item\">          <a class=\"bwg-a bwg-album bwg_album_0\"             href='\/index.php?rest_route=%2Fwp%2Fv2%2Fpages%2F5838&#038;type_0=gallery&#038;album_gallery_id_0=1314'                          data-container_id=\"bwg_album_compact_0\"             data-def_type=\"gallery\"             data-album_gallery_id=\"75\"             data-alb_gal_id=\"1314\"             data-title=\"Rando journ\u00e9e au col du B\u00e9al (63\/42) le 30 avril 2026\"             data-bwg=\"0\">                        <div class=\"bwg-item0 lazy_loader\">              <div class=\"bwg-item1 \">                <div class=\"bwg-item2\">                  <img decoding=\"async\" class=\"skip-lazy  bwg_lazyload \"                       data-width=\"500.00\"                       data-height=\"281.00\"                       data-src=\"https:\/\/vichyrando.org\/wp-content\/uploads\/photo-gallery\/thumb\/2026-04-30-Beal19.jpg?bwg=1777671755\"                       src=\"https:\/\/vichyrando.org\/wp-content\/plugins\/photo-gallery\/images\/lazy_placeholder.gif\"                       alt=\"Rando journ\u00e9e au col du B\u00e9al (63\/42) le 30 avril 2026\"                       title=\"Rando journ\u00e9e au col du B\u00e9al (63\/42) le 30 avril 2026\" \/>                <\/div>                <div class=\"\">                                  <\/div>              <\/div>            <\/div>            <div class=\"bwg-title1\"><div class=\"bwg-title2\">Rando journ\u00e9e au col du B\u00e9al (63\/42) le 30 avril 2026<\/div><\/div>          <\/a>        <\/div>            <\/div>          <input type=\"hidden\" id=\"bwg_album_breadcrumb_0\" name=\"bwg_album_breadcrumb_0\" value='[{&quot;id&quot;:&quot;75&quot;,&quot;page&quot;:1}]' \/>    <style>      \/*pagination styles*\/      #bwg_container1_0 #bwg_container2_0 .tablenav-pages_0 {\t\t\t\ttext-align: center;\t\t\t\tfont-size: 12px;\t\t\t\tfont-family: Ubuntu;\t\t\t\tfont-weight: bold;\t\t\t\tcolor: #666666;\t\t\t\tmargin: 6px 0 4px;\t\t\t\tdisplay: block;      }      @media only screen and (max-width : 320px) {      #bwg_container1_0 #bwg_container2_0 .displaying-num_0 {     \t display: none;      }      }      #bwg_container1_0 #bwg_container2_0 .displaying-num_0 {\t\t\t\tfont-size: 12px;\t\t\t\tfont-family: Ubuntu;\t\t\t\tfont-weight: bold;\t\t\t\tcolor: #666666;\t\t\t\tmargin-right: 10px;\t\t\t\tvertical-align: middle;      }      #bwg_container1_0 #bwg_container2_0 .paging-input_0 {\t\t\t\tfont-size: 12px;\t\t\t\tfont-family: Ubuntu;\t\t\t\tfont-weight: bold;\t\t\t\tcolor: #666666;\t\t\t\tvertical-align: middle;      }      #bwg_container1_0 #bwg_container2_0 .tablenav-pages_0 a.disabled,      #bwg_container1_0 #bwg_container2_0 .tablenav-pages_0 a.disabled:hover,      #bwg_container1_0 #bwg_container2_0 .tablenav-pages_0 a.disabled:focus,\t\t\t#bwg_container1_0 #bwg_container2_0 .tablenav-pages_0 input.bwg_current_page {\t\t\t\tcursor: default;\t\t\t\tcolor: rgba(102, 102, 102, 0.5);      }      #bwg_container1_0 #bwg_container2_0 .tablenav-pages_0 a,      #bwg_container1_0 #bwg_container2_0 .tablenav-pages_0 input.bwg_current_page {\t\t\t\tcursor: pointer;\t\t\t\ttext-align: center;\t\t\t\tfont-size: 12px;\t\t\t\tfont-family: Ubuntu;\t\t\t\tfont-weight: bold;\t\t\t\tcolor: #666666;\t\t\t\ttext-decoration: none;\t\t\t\tpadding: 3px 6px;\t\t\t\tmargin: 0;\t\t\t\tborder-radius: 0;\t\t\t\tborder-style: solid;\t\t\t\tborder-width: 1px;\t\t\t\tborder-color: #E3E3E3;\t\t\t\t\t\t\t\tbackground-color: rgba(255, 255, 255, 1.00);\t\t\t\tbox-shadow: 0;\t\t\t\ttransition: all 0.3s ease 0s;-webkit-transition: all 0.3s ease 0s;      }      <\/style>      <span class=\"bwg_nav_cont_0\">              <div class=\"tablenav-pages_0\">                  <\/div>                <input type=\"hidden\" id=\"page_number_0\" name=\"page_number_0\" value=\"1\" \/>      <script type=\"text\/javascript\">        if( jQuery('.bwg_nav_cont_0').length > 1 ) {          jQuery('.bwg_nav_cont_0').first().remove()        }        function spider_page_0(cur, x, y, load_more) {          if (typeof load_more == \"undefined\") {            var load_more = false;          }          if (jQuery(cur).hasClass('disabled')) {            return false;          }          var items_county_0 = 1;          switch (y) {            case 1:              if (x >= items_county_0) {                document.getElementById('page_number_0').value = items_county_0;              }              else {                document.getElementById('page_number_0').value = x + 1;              }              break;            case 2:              document.getElementById('page_number_0').value = items_county_0;              break;            case -1:              if (x == 1) {                document.getElementById('page_number_0').value = 1;              }              else {                document.getElementById('page_number_0').value = x - 1;              }              break;            case -2:              document.getElementById('page_number_0').value = 1;              break;\t\t\t\t\t\tcase 0:              document.getElementById('page_number_0').value = x;              break;            default:              document.getElementById('page_number_0').value = 1;          }          bwg_ajax('gal_front_form_0', '0', 'bwg_album_compact_0', '75', '', 'album', 0, '', '', load_more, '', 1);        }                    jQuery('.first-page-0').on('click', function () {              spider_page_0(this, 1, -2, 'numeric');              return false;            });            jQuery('.prev-page-0').on('click', function () {              spider_page_0(this, 1, -1, 'numeric');              return false;            });            jQuery('.next-page-0').on('click', function () {              spider_page_0(this, 1, 1, 'numeric');              return false;            });            jQuery('.last-page-0').on('click', function () {              spider_page_0(this, 1, 2, 'numeric');              return false;            });        \t\t\t\t\/* Change page on input enter. *\/        function bwg_change_page_0( e, that ) {          if (  e.key == 'Enter' ) {            var to_page = parseInt(jQuery(that).val());            var pages_count = jQuery(that).parents(\".pagination-links\").data(\"pages-count\");            var current_url_param = jQuery(that).attr('data-url-info');            if (to_page > pages_count) {              to_page = 1;            }\t \t\t\t\t\t\t\t\t\t\t\t\tspider_page_0(this, to_page, 0, 'numeric');\t\t\t\t\t\t\treturn false;\t\t\t\t\t\t          }          return true;        }        jQuery('.bwg_load_btn_0').on('click', function () {            spider_page_0(this, 1, 1, true);            return false;        });      <\/script>      <\/span>                <\/div>        <\/form>        <style>          #bwg_container1_0 #bwg_container2_0 #spider_popup_overlay_0 {          background-color: #EEEEEE;          opacity: 0.60;          }          <\/style>        <div id=\"bwg_spider_popup_loading_0\" class=\"bwg_spider_popup_loading\"><\/div>        <div id=\"spider_popup_overlay_0\" class=\"spider_popup_overlay\" onclick=\"spider_destroypopup(1000)\"><\/div>        <input type=\"hidden\" id=\"bwg_random_seed_0\" value=\"1545070850\">                <\/div>    <\/div>    <script>      if (document.readyState === 'complete') {        if( typeof bwg_main_ready == 'function' ) {          if ( jQuery(\"#bwg_container1_0\").height() ) {            bwg_main_ready(jQuery(\"#bwg_container1_0\"));          }        }      } else {        document.addEventListener('DOMContentLoaded', function() {          if( typeof bwg_main_ready == 'function' ) {            if ( jQuery(\"#bwg_container1_0\").height() ) {             bwg_main_ready(jQuery(\"#bwg_container1_0\"));            }          }        });      }    <\/script>    \t\t<\/div>\n\t\t\t\t<\/div>\n\t\t\t\t\t<\/div>\n\t\t<\/div>\n\t\t\t\t\t<\/div>\n\t\t<\/section>\n\t\t\t\t<section class=\"elementor-section elementor-top-section elementor-element elementor-element-e556da0 elementor-section-boxed elementor-section-height-default elementor-section-height-default\" data-id=\"e556da0\" data-element_type=\"section\">\n\t\t\t\t\t\t<div class=\"elementor-container elementor-column-gap-default\">\n\t\t\t\t\t<div class=\"elementor-column elementor-col-100 elementor-top-column elementor-element elementor-element-73d6a8a\" data-id=\"73d6a8a\" data-element_type=\"column\">\n\t\t\t<div class=\"elementor-widget-wrap elementor-element-populated\">\n\t\t\t\t\t\t<div class=\"elementor-element elementor-element-e4b6105 elementor-widget elementor-widget-bwg-elementor\" data-id=\"e4b6105\" data-element_type=\"widget\" data-widget_type=\"bwg-elementor.default\">\n\t\t\t\t<div class=\"elementor-widget-container\">\n\t\t\t<style id=\"bwg-style-1\">    #bwg_container1_1 #bwg_container2_1 .bwg-container-1.bwg-album-thumbnails {    width: 1254px;    justify-content: center;            justify-content: center;        margin:0 auto !important;          background-color: rgba(255, 255, 255, 0.00);          padding-left: 4px;      padding-top: 4px;      max-width: 100%;          }        #bwg_container1_1 #bwg_container2_1 .bwg-container-1.bwg-album-thumbnails .bwg-item {    justify-content: flex-start;    max-width: 250px;        }    #bwg_container1_1 #bwg_container2_1 .bwg-container-1.bwg-album-thumbnails .bwg-item a {      margin-right: 4px;      margin-bottom: 4px;    }    #bwg_container1_1 #bwg_container2_1 .bwg-container-1.bwg-album-thumbnails .bwg-item0 {      padding: 0px;            background-color:rgba(0,0,0, 0.30);      border: 0px none #CCCCCC;      opacity: 1.00;      border-radius: 0;      box-shadow: 0px 0px 0px #888888;    }    #bwg_container1_1 #bwg_container2_1 .bwg-container-1.bwg-album-thumbnails .bwg-item1 img {      max-height: none;      max-width: none;      padding: 0 !important;    }          @media only screen and (min-width: 480px) {      #bwg_container1_1 #bwg_container2_1 .bwg-container-1.bwg-album-thumbnails .bwg-item1 img {      -webkit-transition: all .3s; transition: all .3s;      }      #bwg_container1_1 #bwg_container2_1 .bwg-container-1.bwg-album-thumbnails .bwg-item1 img:hover {        -ms-transform: scale(1.08);        -webkit-transform: scale(1.08);        transform: scale(1.08);      }            }          #bwg_container1_1 #bwg_container2_1 .bwg-container-1.bwg-album-thumbnails .bwg-item1 {      padding-top: 56%;    }        #bwg_container1_1 #bwg_container2_1 .bwg-container-1.bwg-album-thumbnails .bwg-title2 {      color: #323A45;      font-family: Ubuntu;      font-size: 16px;      font-weight: bold;      padding: 2px;      text-shadow: 0px 0px 0px #888888;      max-height: 100%;    }        #bwg_container1_1 #bwg_container2_1 .bwg-container-1.bwg-standard-thumbnails {      width: 1254px;              justify-content: center;        margin:0 auto !important;              background-color: rgba(255, 255, 255, 0.00);            padding-left: 4px;      padding-top: 4px;      max-width: 100%;            }        #bwg_container1_1 #bwg_container2_1 .bwg-container-1.bwg-standard-thumbnails .bwg-item {    justify-content: flex-start;      max-width: 250px;          }    #bwg_container1_1 #bwg_container2_1 .bwg-container-1.bwg-standard-thumbnails .bwg-item a {       margin-right: 4px;       margin-bottom: 4px;    }    #bwg_container1_1 #bwg_container2_1 .bwg-container-1.bwg-standard-thumbnails .bwg-item0 {      padding: 0px;            background-color:rgba(0,0,0, 0.30);      border: 0px none #CCCCCC;      opacity: 1.00;      border-radius: 0;      box-shadow: 0px 0px 0px #888888;    }    #bwg_container1_1 #bwg_container2_1 .bwg-container-1.bwg-standard-thumbnails .bwg-item1 img {      max-height: none;      max-width: none;      padding: 0 !important;    }         @media only screen and (min-width: 480px) {\t\t#bwg_container1_1 #bwg_container2_1 .bwg-container-1.bwg-standard-thumbnails .bwg-item1 img {\t\t\t-webkit-transition: all .3s; transition: all .3s;\t\t}\t\t#bwg_container1_1 #bwg_container2_1 .bwg-container-1.bwg-standard-thumbnails .bwg-item1 img:hover {\t\t\t-ms-transform: scale(1.08);\t\t\t-webkit-transform: scale(1.08);\t\t\ttransform: scale(1.08);\t\t}\t\t      }\t    #bwg_container1_1 #bwg_container2_1 .bwg-container-1.bwg-standard-thumbnails .bwg-item1 {      padding-top: 56%;    }        #bwg_container1_1 #bwg_container2_1 .bwg-container-1.bwg-standard-thumbnails .bwg-title2,    #bwg_container1_1 #bwg_container2_1 .bwg-container-1.bwg-standard-thumbnails .bwg-ecommerce2 {      color: #323A45;      font-family: Ubuntu;      font-size: 16px;      font-weight: bold;      padding: 2px;      text-shadow: 0px 0px 0px #888888;      max-height: 100%;    }    #bwg_container1_1 #bwg_container2_1 .bwg-container-1.bwg-standard-thumbnails .bwg-thumb-description span {    color: #323A45;    font-family: Ubuntu;    font-size: 12px;    max-height: 100%;    word-wrap: break-word;    }    #bwg_container1_1 #bwg_container2_1 .bwg-container-1.bwg-standard-thumbnails .bwg-play-icon2 {      font-size: 32px;    }    #bwg_container1_1 #bwg_container2_1 .bwg-container-1.bwg-standard-thumbnails .bwg-ecommerce2 {      font-size: 19.2px;      color: #323A45;    }    <\/style>    <div id=\"bwg_container1_1\"         class=\"bwg_container bwg_thumbnail bwg_album_compact_preview bwg_thumbnail\"         data-right-click-protection=\"0\"         data-bwg=\"1\"         data-scroll=\"0\"         data-gallery-type=\"album_compact_preview\"         data-gallery-view-type=\"thumbnail\"         data-current-url=\"\/index.php?rest_route=%2Fwp%2Fv2%2Fpages%2F5838\"         data-lightbox-url=\"https:\/\/vichyrando.org\/wp-admin\/admin-ajax.php?action=GalleryBox&#038;current_view=1&#038;gallery_id=0&#038;tag=0&#038;theme_id=1&#038;shortcode_id=1508&#038;sort_by=order&#038;order_by=asc&#038;current_url=%2Findex.php%3Frest_route%3D%252Fwp%252Fv2%252Fpages%252F5838\"         data-gallery-id=\"0\"         data-popup-width=\"800\"         data-popup-height=\"500\"         data-is-album=\"album\"         data-buttons-position=\"bottom\">      <div id=\"bwg_container2_1\">             <div id=\"ajax_loading_1\" class=\"bwg_loading_div_1\">      <div class=\"bwg_loading_div_2\">        <div class=\"bwg_loading_div_3\">          <div id=\"loading_div_1\" class=\"bwg_spider_ajax_loading\">          <\/div>        <\/div>      <\/div>    <\/div>            <form id=\"gal_front_form_1\"              class=\"bwg-hidden\"              method=\"post\"              action=\"#\"              data-current=\"1\"              data-shortcode-id=\"1508\"              data-gallery-type=\"album_compact_preview\"              data-gallery-id=\"0\"              data-tag=\"0\"              data-album-id=\"74\"              data-theme-id=\"1\"              data-ajax-url=\"https:\/\/vichyrando.org\/wp-admin\/admin-ajax.php?action=bwg_frontend_data\">          <div id=\"bwg_container3_1\" class=\"bwg-background bwg-background-1\">            <style>        #bwg_container1_1 #bwg_container2_1 .bwg_gal_title_1 {          display: block;          padding: 0 2px 2px 2px;          background-color: rgba(0, 0, 0, 0);          line-height: 20px;          font-family: Ubuntu;          font-size: 18px;          font-weight: bold;          color: #323A45;          text-shadow: 0px 0px 0px #888888;          text-align: center;        }        #bwg_container1_1 #bwg_container2_1 .bwg_gal_description_1 {          margin: 20px 0;          word-break: break-word;          text-align: justify;          font-size: 15px;          font-weight: unset;        }        <\/style>        <div class=\"bwg_gal_title_1\">Mars 2026<\/div>            <div data-max-count=\"5\"         data-thumbnail-width=\"250\"         data-bwg=\"1\"         id=\"bwg_album_compact_1\"         class=\"bwg-thumbnails bwg-container bwg-container-1 bwg-album-thumbnails bwg_album_thumbnails_1\">              <div class=\"bwg-item\">          <a class=\"bwg-a bwg-album bwg_album_1\"             href='\/index.php?rest_route=%2Fwp%2Fv2%2Fpages%2F5838&#038;type_1=gallery&#038;album_gallery_id_1=1269'                          data-container_id=\"bwg_album_compact_1\"             data-def_type=\"gallery\"             data-album_gallery_id=\"74\"             data-alb_gal_id=\"1269\"             data-title=\"Rando sant\u00e9 au Vernet le 2 mars 2026\"             data-bwg=\"1\">                        <div class=\"bwg-item0 lazy_loader\">              <div class=\"bwg-item1 \">                <div class=\"bwg-item2\">                  <img decoding=\"async\" class=\"skip-lazy  bwg_lazyload \"                       data-width=\"500.00\"                       data-height=\"447.00\"                       data-src=\"https:\/\/vichyrando.org\/wp-content\/uploads\/photo-gallery\/thumb\/2026-03-02-LeVernet05.jpg?bwg=1772571753\"                       src=\"https:\/\/vichyrando.org\/wp-content\/plugins\/photo-gallery\/images\/lazy_placeholder.gif\"                       alt=\"Rando sant\u00e9 au Vernet le 2 mars 2026\"                       title=\"Rando sant\u00e9 au Vernet le 2 mars 2026\" \/>                <\/div>                <div class=\"\">                                  <\/div>              <\/div>            <\/div>            <div class=\"bwg-title1\"><div class=\"bwg-title2\">Rando sant\u00e9 au Vernet le 2 mars 2026<\/div><\/div>          <\/a>        <\/div>                <div class=\"bwg-item\">          <a class=\"bwg-a bwg-album bwg_album_1\"             href='\/index.php?rest_route=%2Fwp%2Fv2%2Fpages%2F5838&#038;type_1=gallery&#038;album_gallery_id_1=1267'                          data-container_id=\"bwg_album_compact_1\"             data-def_type=\"gallery\"             data-album_gallery_id=\"74\"             data-alb_gal_id=\"1267\"             data-title=\"Rando 1\/2 journ\u00e9e \u00e0 St F\u00e9lix le 3 mars 2026\"             data-bwg=\"1\">                        <div class=\"bwg-item0 lazy_loader\">              <div class=\"bwg-item1 \">                <div class=\"bwg-item2\">                  <img decoding=\"async\" class=\"skip-lazy  bwg_lazyload \"                       data-width=\"500.00\"                       data-height=\"281.00\"                       data-src=\"https:\/\/vichyrando.org\/wp-content\/uploads\/photo-gallery\/thumb\/2026-03-03-StFelix09.jpg?bwg=1772571556\"                       src=\"https:\/\/vichyrando.org\/wp-content\/plugins\/photo-gallery\/images\/lazy_placeholder.gif\"                       alt=\"Rando 1\/2 journ\u00e9e \u00e0 St F\u00e9lix le 3 mars 2026\"                       title=\"Rando 1\/2 journ\u00e9e \u00e0 St F\u00e9lix le 3 mars 2026\" \/>                <\/div>                <div class=\"\">                                  <\/div>              <\/div>            <\/div>            <div class=\"bwg-title1\"><div class=\"bwg-title2\">Rando 1\/2 journ\u00e9e \u00e0 St F\u00e9lix le 3 mars 2026<\/div><\/div>          <\/a>        <\/div>                <div class=\"bwg-item\">          <a class=\"bwg-a bwg-album bwg_album_1\"             href='\/index.php?rest_route=%2Fwp%2Fv2%2Fpages%2F5838&#038;type_1=gallery&#038;album_gallery_id_1=1268'                          data-container_id=\"bwg_album_compact_1\"             data-def_type=\"gallery\"             data-album_gallery_id=\"74\"             data-alb_gal_id=\"1268\"             data-title=\"Journ\u00e9e marche sportive \u00e0 Vollore Montagne (63) le 3 mars 2026\"             data-bwg=\"1\">                        <div class=\"bwg-item0 lazy_loader\">              <div class=\"bwg-item1 \">                <div class=\"bwg-item2\">                  <img decoding=\"async\" class=\"skip-lazy  bwg_lazyload \"                       data-width=\"492.00\"                       data-height=\"500.00\"                       data-src=\"https:\/\/vichyrando.org\/wp-content\/uploads\/photo-gallery\/thumb\/2026-03-03-Vollore03.jpg?bwg=1772571655\"                       src=\"https:\/\/vichyrando.org\/wp-content\/plugins\/photo-gallery\/images\/lazy_placeholder.gif\"                       alt=\"Journ\u00e9e marche sportive \u00e0 Vollore Montagne (63) le 3 mars 2026\"                       title=\"Journ\u00e9e marche sportive \u00e0 Vollore Montagne (63) le 3 mars 2026\" \/>                <\/div>                <div class=\"\">                                  <\/div>              <\/div>            <\/div>            <div class=\"bwg-title1\"><div class=\"bwg-title2\">Journ\u00e9e marche sportive \u00e0 Vollore Montagne (63) le 3 mars 2026<\/div><\/div>          <\/a>        <\/div>                <div class=\"bwg-item\">          <a class=\"bwg-a bwg-album bwg_album_1\"             href='\/index.php?rest_route=%2Fwp%2Fv2%2Fpages%2F5838&#038;type_1=gallery&#038;album_gallery_id_1=1270'                          data-container_id=\"bwg_album_compact_1\"             data-def_type=\"gallery\"             data-album_gallery_id=\"74\"             data-alb_gal_id=\"1270\"             data-title=\"Mini rando \u00e0 Arronnes le 5 mars 2026\"             data-bwg=\"1\">                        <div class=\"bwg-item0 lazy_loader\">              <div class=\"bwg-item1 \">                <div class=\"bwg-item2\">                  <img decoding=\"async\" class=\"skip-lazy  bwg_lazyload \"                       data-width=\"500.00\"                       data-height=\"281.00\"                       data-src=\"https:\/\/vichyrando.org\/wp-content\/uploads\/photo-gallery\/thumb\/2026-03-05-Arronnes22.jpg?bwg=1772833983\"                       src=\"https:\/\/vichyrando.org\/wp-content\/plugins\/photo-gallery\/images\/lazy_placeholder.gif\"                       alt=\"Mini rando \u00e0 Arronnes le 5 mars 2026\"                       title=\"Mini rando \u00e0 Arronnes le 5 mars 2026\" \/>                <\/div>                <div class=\"\">                                  <\/div>              <\/div>            <\/div>            <div class=\"bwg-title1\"><div class=\"bwg-title2\">Mini rando \u00e0 Arronnes le 5 mars 2026<\/div><\/div>          <\/a>        <\/div>                <div class=\"bwg-item\">          <a class=\"bwg-a bwg-album bwg_album_1\"             href='\/index.php?rest_route=%2Fwp%2Fv2%2Fpages%2F5838&#038;type_1=gallery&#038;album_gallery_id_1=1271'                          data-container_id=\"bwg_album_compact_1\"             data-def_type=\"gallery\"             data-album_gallery_id=\"74\"             data-alb_gal_id=\"1271\"             data-title=\"Marche nordique \u00e0 Bellerive le 7 mars 2026\"             data-bwg=\"1\">                        <div class=\"bwg-item0 lazy_loader\">              <div class=\"bwg-item1 \">                <div class=\"bwg-item2\">                  <img decoding=\"async\" class=\"skip-lazy  bwg_lazyload \"                       data-width=\"500.00\"                       data-height=\"375.00\"                       data-src=\"https:\/\/vichyrando.org\/wp-content\/uploads\/photo-gallery\/thumb\/2026-03-07-Bellerive01.jpg?bwg=1773067317\"                       src=\"https:\/\/vichyrando.org\/wp-content\/plugins\/photo-gallery\/images\/lazy_placeholder.gif\"                       alt=\"Marche nordique \u00e0 Bellerive le 7 mars 2026\"                       title=\"Marche nordique \u00e0 Bellerive le 7 mars 2026\" \/>                <\/div>                <div class=\"\">                                  <\/div>              <\/div>            <\/div>            <div class=\"bwg-title1\"><div class=\"bwg-title2\">Marche nordique \u00e0 Bellerive le 7 mars 2026<\/div><\/div>          <\/a>        <\/div>                <div class=\"bwg-item\">          <a class=\"bwg-a bwg-album bwg_album_1\"             href='\/index.php?rest_route=%2Fwp%2Fv2%2Fpages%2F5838&#038;type_1=gallery&#038;album_gallery_id_1=1272'                          data-container_id=\"bwg_album_compact_1\"             data-def_type=\"gallery\"             data-album_gallery_id=\"74\"             data-alb_gal_id=\"1272\"             data-title=\"Rando journ\u00e9e \u00e0 St Nicolas des Biefs le 8 mars 2026\"             data-bwg=\"1\">                        <div class=\"bwg-item0 lazy_loader\">              <div class=\"bwg-item1 \">                <div class=\"bwg-item2\">                  <img decoding=\"async\" class=\"skip-lazy  bwg_lazyload \"                       data-width=\"500.00\"                       data-height=\"225.00\"                       data-src=\"https:\/\/vichyrando.org\/wp-content\/uploads\/photo-gallery\/thumb\/2026-03-08-StNicolas06.jpg?bwg=1773067386\"                       src=\"https:\/\/vichyrando.org\/wp-content\/plugins\/photo-gallery\/images\/lazy_placeholder.gif\"                       alt=\"Rando journ\u00e9e \u00e0 St Nicolas des Biefs le 8 mars 2026\"                       title=\"Rando journ\u00e9e \u00e0 St Nicolas des Biefs le 8 mars 2026\" \/>                <\/div>                <div class=\"\">                                  <\/div>              <\/div>            <\/div>            <div class=\"bwg-title1\"><div class=\"bwg-title2\">Rando journ\u00e9e \u00e0 St Nicolas des Biefs le 8 mars 2026<\/div><\/div>          <\/a>        <\/div>                <div class=\"bwg-item\">          <a class=\"bwg-a bwg-album bwg_album_1\"             href='\/index.php?rest_route=%2Fwp%2Fv2%2Fpages%2F5838&#038;type_1=gallery&#038;album_gallery_id_1=1273'                          data-container_id=\"bwg_album_compact_1\"             data-def_type=\"gallery\"             data-album_gallery_id=\"74\"             data-alb_gal_id=\"1273\"             data-title=\"Rando sant\u00e9 \u00e0 St Didier la for\u00eat le 9 mars 2026\"             data-bwg=\"1\">                        <div class=\"bwg-item0 lazy_loader\">              <div class=\"bwg-item1 \">                <div class=\"bwg-item2\">                  <img decoding=\"async\" class=\"skip-lazy  bwg_lazyload \"                       data-width=\"500.00\"                       data-height=\"333.00\"                       data-src=\"https:\/\/vichyrando.org\/wp-content\/uploads\/photo-gallery\/thumb\/2026-03-09-StDidier01.jpg?bwg=1773134723\"                       src=\"https:\/\/vichyrando.org\/wp-content\/plugins\/photo-gallery\/images\/lazy_placeholder.gif\"                       alt=\"Rando sant\u00e9 \u00e0 St Didier la for\u00eat le 9 mars 2026\"                       title=\"Rando sant\u00e9 \u00e0 St Didier la for\u00eat le 9 mars 2026\" \/>                <\/div>                <div class=\"\">                                  <\/div>              <\/div>            <\/div>            <div class=\"bwg-title1\"><div class=\"bwg-title2\">Rando sant\u00e9 \u00e0 St Didier la for\u00eat le 9 mars 2026<\/div><\/div>          <\/a>        <\/div>                <div class=\"bwg-item\">          <a class=\"bwg-a bwg-album bwg_album_1\"             href='\/index.php?rest_route=%2Fwp%2Fv2%2Fpages%2F5838&#038;type_1=gallery&#038;album_gallery_id_1=1274'                          data-container_id=\"bwg_album_compact_1\"             data-def_type=\"gallery\"             data-album_gallery_id=\"74\"             data-alb_gal_id=\"1274\"             data-title=\"Journ\u00e9e marche sportive \u00e0 Bert le 10 mars 2026\"             data-bwg=\"1\">                        <div class=\"bwg-item0 lazy_loader\">              <div class=\"bwg-item1 \">                <div class=\"bwg-item2\">                  <img decoding=\"async\" class=\"skip-lazy  bwg_lazyload \"                       data-width=\"500.00\"                       data-height=\"375.00\"                       data-src=\"https:\/\/vichyrando.org\/wp-content\/uploads\/photo-gallery\/thumb\/2026-03-10-Bert03.jpg?bwg=1773350760\"                       src=\"https:\/\/vichyrando.org\/wp-content\/plugins\/photo-gallery\/images\/lazy_placeholder.gif\"                       alt=\"Journ\u00e9e marche sportive \u00e0 Bert le 10 mars 2026\"                       title=\"Journ\u00e9e marche sportive \u00e0 Bert le 10 mars 2026\" \/>                <\/div>                <div class=\"\">                                  <\/div>              <\/div>            <\/div>            <div class=\"bwg-title1\"><div class=\"bwg-title2\">Journ\u00e9e marche sportive \u00e0 Bert le 10 mars 2026<\/div><\/div>          <\/a>        <\/div>                <div class=\"bwg-item\">          <a class=\"bwg-a bwg-album bwg_album_1\"             href='\/index.php?rest_route=%2Fwp%2Fv2%2Fpages%2F5838&#038;type_1=gallery&#038;album_gallery_id_1=1275'                          data-container_id=\"bwg_album_compact_1\"             data-def_type=\"gallery\"             data-album_gallery_id=\"74\"             data-alb_gal_id=\"1275\"             data-title=\"Rando 1\/2 journ\u00e9e \u00e0 Vensat (63) le 10 mars 2026\"             data-bwg=\"1\">                        <div class=\"bwg-item0 lazy_loader\">              <div class=\"bwg-item1 \">                <div class=\"bwg-item2\">                  <img decoding=\"async\" class=\"skip-lazy  bwg_lazyload \"                       data-width=\"500.00\"                       data-height=\"296.00\"                       data-src=\"https:\/\/vichyrando.org\/wp-content\/uploads\/photo-gallery\/thumb\/2026-03-10-Vensat01.jpg?bwg=1773350829\"                       src=\"https:\/\/vichyrando.org\/wp-content\/plugins\/photo-gallery\/images\/lazy_placeholder.gif\"                       alt=\"Rando 1\/2 journ\u00e9e \u00e0 Vensat (63) le 10 mars 2026\"                       title=\"Rando 1\/2 journ\u00e9e \u00e0 Vensat (63) le 10 mars 2026\" \/>                <\/div>                <div class=\"\">                                  <\/div>              <\/div>            <\/div>            <div class=\"bwg-title1\"><div class=\"bwg-title2\">Rando 1\/2 journ\u00e9e \u00e0 Vensat (63) le 10 mars 2026<\/div><\/div>          <\/a>        <\/div>                <div class=\"bwg-item\">          <a class=\"bwg-a bwg-album bwg_album_1\"             href='\/index.php?rest_route=%2Fwp%2Fv2%2Fpages%2F5838&#038;type_1=gallery&#038;album_gallery_id_1=1276'                          data-container_id=\"bwg_album_compact_1\"             data-def_type=\"gallery\"             data-album_gallery_id=\"74\"             data-alb_gal_id=\"1276\"             data-title=\"Rando 1\/2 journ\u00e9e \u00e0 Jenzat le 12 mars 2026\"             data-bwg=\"1\">                        <div class=\"bwg-item0 lazy_loader\">              <div class=\"bwg-item1 \">                <div class=\"bwg-item2\">                  <img decoding=\"async\" class=\"skip-lazy  bwg_lazyload \"                       data-width=\"500.00\"                       data-height=\"281.00\"                       data-src=\"https:\/\/vichyrando.org\/wp-content\/uploads\/photo-gallery\/thumb\/2026-03-12-Jenzat01.jpg?bwg=1773393441\"                       src=\"https:\/\/vichyrando.org\/wp-content\/plugins\/photo-gallery\/images\/lazy_placeholder.gif\"                       alt=\"Rando 1\/2 journ\u00e9e \u00e0 Jenzat le 12 mars 2026\"                       title=\"Rando 1\/2 journ\u00e9e \u00e0 Jenzat le 12 mars 2026\" \/>                <\/div>                <div class=\"\">                                  <\/div>              <\/div>            <\/div>            <div class=\"bwg-title1\"><div class=\"bwg-title2\">Rando 1\/2 journ\u00e9e \u00e0 Jenzat le 12 mars 2026<\/div><\/div>          <\/a>        <\/div>                <div class=\"bwg-item\">          <a class=\"bwg-a bwg-album bwg_album_1\"             href='\/index.php?rest_route=%2Fwp%2Fv2%2Fpages%2F5838&#038;type_1=gallery&#038;album_gallery_id_1=1277'                          data-container_id=\"bwg_album_compact_1\"             data-def_type=\"gallery\"             data-album_gallery_id=\"74\"             data-alb_gal_id=\"1277\"             data-title=\"Marche nordique au Vernet le 14 mars 2026\"             data-bwg=\"1\">                        <div class=\"bwg-item0 lazy_loader\">              <div class=\"bwg-item1 \">                <div class=\"bwg-item2\">                  <img decoding=\"async\" class=\"skip-lazy  bwg_lazyload \"                       data-width=\"500.00\"                       data-height=\"295.00\"                       data-src=\"https:\/\/vichyrando.org\/wp-content\/uploads\/photo-gallery\/thumb\/2026-03-14-LeVernet01.jpg?bwg=1773668618\"                       src=\"https:\/\/vichyrando.org\/wp-content\/plugins\/photo-gallery\/images\/lazy_placeholder.gif\"                       alt=\"Marche nordique au Vernet le 14 mars 2026\"                       title=\"Marche nordique au Vernet le 14 mars 2026\" \/>                <\/div>                <div class=\"\">                                  <\/div>              <\/div>            <\/div>            <div class=\"bwg-title1\"><div class=\"bwg-title2\">Marche nordique au Vernet le 14 mars 2026<\/div><\/div>          <\/a>        <\/div>                <div class=\"bwg-item\">          <a class=\"bwg-a bwg-album bwg_album_1\"             href='\/index.php?rest_route=%2Fwp%2Fv2%2Fpages%2F5838&#038;type_1=gallery&#038;album_gallery_id_1=1278'                          data-container_id=\"bwg_album_compact_1\"             data-def_type=\"gallery\"             data-album_gallery_id=\"74\"             data-alb_gal_id=\"1278\"             data-title=\"Rando avant resto au Mayet de Montagne le 15 mars 2026\"             data-bwg=\"1\">                        <div class=\"bwg-item0 lazy_loader\">              <div class=\"bwg-item1 \">                <div class=\"bwg-item2\">                  <img decoding=\"async\" class=\"skip-lazy  bwg_lazyload \"                       data-width=\"500.00\"                       data-height=\"333.00\"                       data-src=\"https:\/\/vichyrando.org\/wp-content\/uploads\/photo-gallery\/thumb\/2026-03-15-LeMayet01.jpg?bwg=1773668697\"                       src=\"https:\/\/vichyrando.org\/wp-content\/plugins\/photo-gallery\/images\/lazy_placeholder.gif\"                       alt=\"Rando avant resto au Mayet de Montagne le 15 mars 2026\"                       title=\"Rando avant resto au Mayet de Montagne le 15 mars 2026\" \/>                <\/div>                <div class=\"\">                                  <\/div>              <\/div>            <\/div>            <div class=\"bwg-title1\"><div class=\"bwg-title2\">Rando avant resto au Mayet de Montagne le 15 mars 2026<\/div><\/div>          <\/a>        <\/div>                <div class=\"bwg-item\">          <a class=\"bwg-a bwg-album bwg_album_1\"             href='\/index.php?rest_route=%2Fwp%2Fv2%2Fpages%2F5838&#038;type_1=gallery&#038;album_gallery_id_1=1279'                          data-container_id=\"bwg_album_compact_1\"             data-def_type=\"gallery\"             data-album_gallery_id=\"74\"             data-alb_gal_id=\"1279\"             data-title=\"Resto apr\u00e8s rando au Mayet de Montagne le 15 mars 2026\"             data-bwg=\"1\">                        <div class=\"bwg-item0 lazy_loader\">              <div class=\"bwg-item1 \">                <div class=\"bwg-item2\">                  <img decoding=\"async\" class=\"skip-lazy  bwg_lazyload \"                       data-width=\"500.00\"                       data-height=\"282.00\"                       data-src=\"https:\/\/vichyrando.org\/wp-content\/uploads\/photo-gallery\/thumb\/2026-03-15-LeMayeRestot01.jpg?bwg=1773668798\"                       src=\"https:\/\/vichyrando.org\/wp-content\/plugins\/photo-gallery\/images\/lazy_placeholder.gif\"                       alt=\"Resto apr\u00e8s rando au Mayet de Montagne le 15 mars 2026\"                       title=\"Resto apr\u00e8s rando au Mayet de Montagne le 15 mars 2026\" \/>                <\/div>                <div class=\"\">                                  <\/div>              <\/div>            <\/div>            <div class=\"bwg-title1\"><div class=\"bwg-title2\">Resto apr\u00e8s rando au Mayet de Montagne le 15 mars 2026<\/div><\/div>          <\/a>        <\/div>                <div class=\"bwg-item\">          <a class=\"bwg-a bwg-album bwg_album_1\"             href='\/index.php?rest_route=%2Fwp%2Fv2%2Fpages%2F5838&#038;type_1=gallery&#038;album_gallery_id_1=1280'                          data-container_id=\"bwg_album_compact_1\"             data-def_type=\"gallery\"             data-album_gallery_id=\"74\"             data-alb_gal_id=\"1280\"             data-title=\"Journ\u00e9e marche sportive \u00e0 Port de Bully (42) le 17 mars 2026\"             data-bwg=\"1\">                        <div class=\"bwg-item0 lazy_loader\">              <div class=\"bwg-item1 \">                <div class=\"bwg-item2\">                  <img decoding=\"async\" class=\"skip-lazy  bwg_lazyload \"                       data-width=\"500.00\"                       data-height=\"375.00\"                       data-src=\"https:\/\/vichyrando.org\/wp-content\/uploads\/photo-gallery\/thumb\/2026-03-17-PortdeBully19.jpg?bwg=1773844104\"                       src=\"https:\/\/vichyrando.org\/wp-content\/plugins\/photo-gallery\/images\/lazy_placeholder.gif\"                       alt=\"Journ\u00e9e marche sportive \u00e0 Port de Bully (42) le 17 mars 2026\"                       title=\"Journ\u00e9e marche sportive \u00e0 Port de Bully (42) le 17 mars 2026\" \/>                <\/div>                <div class=\"\">                                  <\/div>              <\/div>            <\/div>            <div class=\"bwg-title1\"><div class=\"bwg-title2\">Journ\u00e9e marche sportive \u00e0 Port de Bully (42) le 17 mars 2026<\/div><\/div>          <\/a>        <\/div>                <div class=\"bwg-item\">          <a class=\"bwg-a bwg-album bwg_album_1\"             href='\/index.php?rest_route=%2Fwp%2Fv2%2Fpages%2F5838&#038;type_1=gallery&#038;album_gallery_id_1=1281'                          data-container_id=\"bwg_album_compact_1\"             data-def_type=\"gallery\"             data-album_gallery_id=\"74\"             data-alb_gal_id=\"1281\"             data-title=\"Rando 1\/2 journ\u00e9e \u00e0 Saint-Loup le 17 mars 2026\"             data-bwg=\"1\">                        <div class=\"bwg-item0 lazy_loader\">              <div class=\"bwg-item1 \">                <div class=\"bwg-item2\">                  <img decoding=\"async\" class=\"skip-lazy  bwg_lazyload \"                       data-width=\"500.00\"                       data-height=\"281.00\"                       data-src=\"https:\/\/vichyrando.org\/wp-content\/uploads\/photo-gallery\/thumb\/2026-03-17-StLoup09.jpg?bwg=1773844217\"                       src=\"https:\/\/vichyrando.org\/wp-content\/plugins\/photo-gallery\/images\/lazy_placeholder.gif\"                       alt=\"Rando 1\/2 journ\u00e9e \u00e0 Saint-Loup le 17 mars 2026\"                       title=\"Rando 1\/2 journ\u00e9e \u00e0 Saint-Loup le 17 mars 2026\" \/>                <\/div>                <div class=\"\">                                  <\/div>              <\/div>            <\/div>            <div class=\"bwg-title1\"><div class=\"bwg-title2\">Rando 1\/2 journ\u00e9e \u00e0 Saint-Loup le 17 mars 2026<\/div><\/div>          <\/a>        <\/div>                <div class=\"bwg-item\">          <a class=\"bwg-a bwg-album bwg_album_1\"             href='\/index.php?rest_route=%2Fwp%2Fv2%2Fpages%2F5838&#038;type_1=gallery&#038;album_gallery_id_1=1282'                          data-container_id=\"bwg_album_compact_1\"             data-def_type=\"gallery\"             data-album_gallery_id=\"74\"             data-alb_gal_id=\"1282\"             data-title=\"Mini rando \u00e0 Billezois le 19 mars 2026\"             data-bwg=\"1\">                        <div class=\"bwg-item0 lazy_loader\">              <div class=\"bwg-item1 \">                <div class=\"bwg-item2\">                  <img decoding=\"async\" class=\"skip-lazy  bwg_lazyload \"                       data-width=\"500.00\"                       data-height=\"281.00\"                       data-src=\"https:\/\/vichyrando.org\/wp-content\/uploads\/photo-gallery\/thumb\/2026-03-19-Billezois12.jpg?bwg=1774002345\"                       src=\"https:\/\/vichyrando.org\/wp-content\/plugins\/photo-gallery\/images\/lazy_placeholder.gif\"                       alt=\"Mini rando \u00e0 Billezois le 19 mars 2026\"                       title=\"Mini rando \u00e0 Billezois le 19 mars 2026\" \/>                <\/div>                <div class=\"\">                                  <\/div>              <\/div>            <\/div>            <div class=\"bwg-title1\"><div class=\"bwg-title2\">Mini rando \u00e0 Billezois le 19 mars 2026<\/div><\/div>          <\/a>        <\/div>                <div class=\"bwg-item\">          <a class=\"bwg-a bwg-album bwg_album_1\"             href='\/index.php?rest_route=%2Fwp%2Fv2%2Fpages%2F5838&#038;type_1=gallery&#038;album_gallery_id_1=1283'                          data-container_id=\"bwg_album_compact_1\"             data-def_type=\"gallery\"             data-album_gallery_id=\"74\"             data-alb_gal_id=\"1283\"             data-title=\"Rando 1\/2 journ\u00e9e \u00e0 Bert le 19 mars 2026\"             data-bwg=\"1\">                        <div class=\"bwg-item0 lazy_loader\">              <div class=\"bwg-item1 \">                <div class=\"bwg-item2\">                  <img decoding=\"async\" class=\"skip-lazy  bwg_lazyload \"                       data-width=\"500.00\"                       data-height=\"375.00\"                       data-src=\"https:\/\/vichyrando.org\/wp-content\/uploads\/photo-gallery\/thumb\/2026-03-19-Bert01.jpg?bwg=1774002471\"                       src=\"https:\/\/vichyrando.org\/wp-content\/plugins\/photo-gallery\/images\/lazy_placeholder.gif\"                       alt=\"Rando 1\/2 journ\u00e9e \u00e0 Bert le 19 mars 2026\"                       title=\"Rando 1\/2 journ\u00e9e \u00e0 Bert le 19 mars 2026\" \/>                <\/div>                <div class=\"\">                                  <\/div>              <\/div>            <\/div>            <div class=\"bwg-title1\"><div class=\"bwg-title2\">Rando 1\/2 journ\u00e9e \u00e0 Bert le 19 mars 2026<\/div><\/div>          <\/a>        <\/div>                <div class=\"bwg-item\">          <a class=\"bwg-a bwg-album bwg_album_1\"             href='\/index.php?rest_route=%2Fwp%2Fv2%2Fpages%2F5838&#038;type_1=gallery&#038;album_gallery_id_1=1284'                          data-container_id=\"bwg_album_compact_1\"             data-def_type=\"gallery\"             data-album_gallery_id=\"74\"             data-alb_gal_id=\"1284\"             data-title=\"Marche nordique \u00e0 Bellerive le 21 mars 2026\"             data-bwg=\"1\">                        <div class=\"bwg-item0 lazy_loader\">              <div class=\"bwg-item1 \">                <div class=\"bwg-item2\">                  <img decoding=\"async\" class=\"skip-lazy  bwg_lazyload \"                       data-width=\"500.00\"                       data-height=\"375.00\"                       data-src=\"https:\/\/vichyrando.org\/wp-content\/uploads\/photo-gallery\/thumb\/2026-03-21-Bellerive02.jpg?bwg=1774185942\"                       src=\"https:\/\/vichyrando.org\/wp-content\/plugins\/photo-gallery\/images\/lazy_placeholder.gif\"                       alt=\"Marche nordique \u00e0 Bellerive le 21 mars 2026\"                       title=\"Marche nordique \u00e0 Bellerive le 21 mars 2026\" \/>                <\/div>                <div class=\"\">                                  <\/div>              <\/div>            <\/div>            <div class=\"bwg-title1\"><div class=\"bwg-title2\">Marche nordique \u00e0 Bellerive le 21 mars 2026<\/div><\/div>          <\/a>        <\/div>                <div class=\"bwg-item\">          <a class=\"bwg-a bwg-album bwg_album_1\"             href='\/index.php?rest_route=%2Fwp%2Fv2%2Fpages%2F5838&#038;type_1=gallery&#038;album_gallery_id_1=1285'                          data-container_id=\"bwg_album_compact_1\"             data-def_type=\"gallery\"             data-album_gallery_id=\"74\"             data-alb_gal_id=\"1285\"             data-title=\"Journ\u00e9e marche sportive \u00e0 Ch\u00e4telus le 24 mars 2026\"             data-bwg=\"1\">                        <div class=\"bwg-item0 lazy_loader\">              <div class=\"bwg-item1 \">                <div class=\"bwg-item2\">                  <img decoding=\"async\" class=\"skip-lazy  bwg_lazyload \"                       data-width=\"500.00\"                       data-height=\"500.00\"                       data-src=\"https:\/\/vichyrando.org\/wp-content\/uploads\/photo-gallery\/thumb\/2026-03-24-Chatelus02.jpg?bwg=1774432723\"                       src=\"https:\/\/vichyrando.org\/wp-content\/plugins\/photo-gallery\/images\/lazy_placeholder.gif\"                       alt=\"Journ\u00e9e marche sportive \u00e0 Ch\u00e4telus le 24 mars 2026\"                       title=\"Journ\u00e9e marche sportive \u00e0 Ch\u00e4telus le 24 mars 2026\" \/>                <\/div>                <div class=\"\">                                  <\/div>              <\/div>            <\/div>            <div class=\"bwg-title1\"><div class=\"bwg-title2\">Journ\u00e9e marche sportive \u00e0 Ch\u00e4telus le 24 mars 2026<\/div><\/div>          <\/a>        <\/div>                <div class=\"bwg-item\">          <a class=\"bwg-a bwg-album bwg_album_1\"             href='\/index.php?rest_route=%2Fwp%2Fv2%2Fpages%2F5838&#038;type_1=gallery&#038;album_gallery_id_1=1286'                          data-container_id=\"bwg_album_compact_1\"             data-def_type=\"gallery\"             data-album_gallery_id=\"74\"             data-alb_gal_id=\"1286\"             data-title=\"Rando 1\/2 journ\u00e9e \u00e0 St Priest Bramefant (63) le 24 mars 2026\"             data-bwg=\"1\">                        <div class=\"bwg-item0 lazy_loader\">              <div class=\"bwg-item1 \">                <div class=\"bwg-item2\">                  <img decoding=\"async\" class=\"skip-lazy  bwg_lazyload \"                       data-width=\"500.00\"                       data-height=\"375.00\"                       data-src=\"https:\/\/vichyrando.org\/wp-content\/uploads\/photo-gallery\/thumb\/2026-03-24-StPriest21.jpg?bwg=1774432790\"                       src=\"https:\/\/vichyrando.org\/wp-content\/plugins\/photo-gallery\/images\/lazy_placeholder.gif\"                       alt=\"Rando 1\/2 journ\u00e9e \u00e0 St Priest Bramefant (63) le 24 mars 2026\"                       title=\"Rando 1\/2 journ\u00e9e \u00e0 St Priest Bramefant (63) le 24 mars 2026\" \/>                <\/div>                <div class=\"\">                                  <\/div>              <\/div>            <\/div>            <div class=\"bwg-title1\"><div class=\"bwg-title2\">Rando 1\/2 journ\u00e9e \u00e0 St Priest Bramefant (63) le 24 mars 2026<\/div><\/div>          <\/a>        <\/div>                <div class=\"bwg-item\">          <a class=\"bwg-a bwg-album bwg_album_1\"             href='\/index.php?rest_route=%2Fwp%2Fv2%2Fpages%2F5838&#038;type_1=gallery&#038;album_gallery_id_1=1287'                          data-container_id=\"bwg_album_compact_1\"             data-def_type=\"gallery\"             data-album_gallery_id=\"74\"             data-alb_gal_id=\"1287\"             data-title=\"Assembl\u00e9e G\u00e9n\u00e9rale \u00e0 Vichy le 24 mars 2026\"             data-bwg=\"1\">                        <div class=\"bwg-item0 lazy_loader\">              <div class=\"bwg-item1 \">                <div class=\"bwg-item2\">                  <img decoding=\"async\" class=\"skip-lazy  bwg_lazyload \"                       data-width=\"500.00\"                       data-height=\"333.00\"                       data-src=\"https:\/\/vichyrando.org\/wp-content\/uploads\/photo-gallery\/thumb\/2026-03-24-AG21.jpg?bwg=1774516660\"                       src=\"https:\/\/vichyrando.org\/wp-content\/plugins\/photo-gallery\/images\/lazy_placeholder.gif\"                       alt=\"Assembl\u00e9e G\u00e9n\u00e9rale \u00e0 Vichy le 24 mars 2026\"                       title=\"Assembl\u00e9e G\u00e9n\u00e9rale \u00e0 Vichy le 24 mars 2026\" \/>                <\/div>                <div class=\"\">                                  <\/div>              <\/div>            <\/div>            <div class=\"bwg-title1\"><div class=\"bwg-title2\">Assembl\u00e9e G\u00e9n\u00e9rale \u00e0 Vichy le 24 mars 2026<\/div><\/div>          <\/a>        <\/div>                <div class=\"bwg-item\">          <a class=\"bwg-a bwg-album bwg_album_1\"             href='\/index.php?rest_route=%2Fwp%2Fv2%2Fpages%2F5838&#038;type_1=gallery&#038;album_gallery_id_1=1289'                          data-container_id=\"bwg_album_compact_1\"             data-def_type=\"gallery\"             data-album_gallery_id=\"74\"             data-alb_gal_id=\"1289\"             data-title=\"Mini rando \u00e0 La Chapelle le 26 mars 2026\"             data-bwg=\"1\">                        <div class=\"bwg-item0 lazy_loader\">              <div class=\"bwg-item1 \">                <div class=\"bwg-item2\">                  <img decoding=\"async\" class=\"skip-lazy  bwg_lazyload \"                       data-width=\"500.00\"                       data-height=\"322.00\"                       data-src=\"https:\/\/vichyrando.org\/wp-content\/uploads\/photo-gallery\/thumb\/2026-03-26-LaChapelle02.jpg?bwg=1774618115\"                       src=\"https:\/\/vichyrando.org\/wp-content\/plugins\/photo-gallery\/images\/lazy_placeholder.gif\"                       alt=\"Mini rando \u00e0 La Chapelle le 26 mars 2026\"                       title=\"Mini rando \u00e0 La Chapelle le 26 mars 2026\" \/>                <\/div>                <div class=\"\">                                  <\/div>              <\/div>            <\/div>            <div class=\"bwg-title1\"><div class=\"bwg-title2\">Mini rando \u00e0 La Chapelle le 26 mars 2026<\/div><\/div>          <\/a>        <\/div>                <div class=\"bwg-item\">          <a class=\"bwg-a bwg-album bwg_album_1\"             href='\/index.php?rest_route=%2Fwp%2Fv2%2Fpages%2F5838&#038;type_1=gallery&#038;album_gallery_id_1=1290'                          data-container_id=\"bwg_album_compact_1\"             data-def_type=\"gallery\"             data-album_gallery_id=\"74\"             data-alb_gal_id=\"1290\"             data-title=\"Rando 1\/2 journ\u00e9e \u00e0 Chouvigny le 26 mars 2026\"             data-bwg=\"1\">                        <div class=\"bwg-item0 lazy_loader\">              <div class=\"bwg-item1 \">                <div class=\"bwg-item2\">                  <img decoding=\"async\" class=\"skip-lazy  bwg_lazyload \"                       data-width=\"500.00\"                       data-height=\"304.00\"                       data-src=\"https:\/\/vichyrando.org\/wp-content\/uploads\/photo-gallery\/thumb\/2026-03-26-Chouvigny01.jpg?bwg=1774618182\"                       src=\"https:\/\/vichyrando.org\/wp-content\/plugins\/photo-gallery\/images\/lazy_placeholder.gif\"                       alt=\"Rando 1\/2 journ\u00e9e \u00e0 Chouvigny le 26 mars 2026\"                       title=\"Rando 1\/2 journ\u00e9e \u00e0 Chouvigny le 26 mars 2026\" \/>                <\/div>                <div class=\"\">                                  <\/div>              <\/div>            <\/div>            <div class=\"bwg-title1\"><div class=\"bwg-title2\">Rando 1\/2 journ\u00e9e \u00e0 Chouvigny le 26 mars 2026<\/div><\/div>          <\/a>        <\/div>                <div class=\"bwg-item\">          <a class=\"bwg-a bwg-album bwg_album_1\"             href='\/index.php?rest_route=%2Fwp%2Fv2%2Fpages%2F5838&#038;type_1=gallery&#038;album_gallery_id_1=1291'                          data-container_id=\"bwg_album_compact_1\"             data-def_type=\"gallery\"             data-album_gallery_id=\"74\"             data-alb_gal_id=\"1291\"             data-title=\"Marche nordique \u00e0 Creuzier le Vieux le 28 mars 2026\"             data-bwg=\"1\">                        <div class=\"bwg-item0 lazy_loader\">              <div class=\"bwg-item1 \">                <div class=\"bwg-item2\">                  <img decoding=\"async\" class=\"skip-lazy  bwg_lazyload \"                       data-width=\"500.00\"                       data-height=\"231.00\"                       data-src=\"https:\/\/vichyrando.org\/wp-content\/uploads\/photo-gallery\/thumb\/2026-03-28-Creuzier01.jpg?bwg=1774806870\"                       src=\"https:\/\/vichyrando.org\/wp-content\/plugins\/photo-gallery\/images\/lazy_placeholder.gif\"                       alt=\"Marche nordique \u00e0 Creuzier le Vieux le 28 mars 2026\"                       title=\"Marche nordique \u00e0 Creuzier le Vieux le 28 mars 2026\" \/>                <\/div>                <div class=\"\">                                  <\/div>              <\/div>            <\/div>            <div class=\"bwg-title1\"><div class=\"bwg-title2\">Marche nordique \u00e0 Creuzier le Vieux le 28 mars 2026<\/div><\/div>          <\/a>        <\/div>            <\/div>          <input type=\"hidden\" id=\"bwg_album_breadcrumb_1\" name=\"bwg_album_breadcrumb_1\" value='[{&quot;id&quot;:&quot;74&quot;,&quot;page&quot;:1}]' \/>    <style>      \/*pagination styles*\/      #bwg_container1_1 #bwg_container2_1 .tablenav-pages_1 {\t\t\t\ttext-align: center;\t\t\t\tfont-size: 12px;\t\t\t\tfont-family: Ubuntu;\t\t\t\tfont-weight: bold;\t\t\t\tcolor: #666666;\t\t\t\tmargin: 6px 0 4px;\t\t\t\tdisplay: block;      }      @media only screen and (max-width : 320px) {      #bwg_container1_1 #bwg_container2_1 .displaying-num_1 {     \t display: none;      }      }      #bwg_container1_1 #bwg_container2_1 .displaying-num_1 {\t\t\t\tfont-size: 12px;\t\t\t\tfont-family: Ubuntu;\t\t\t\tfont-weight: bold;\t\t\t\tcolor: #666666;\t\t\t\tmargin-right: 10px;\t\t\t\tvertical-align: middle;      }      #bwg_container1_1 #bwg_container2_1 .paging-input_1 {\t\t\t\tfont-size: 12px;\t\t\t\tfont-family: Ubuntu;\t\t\t\tfont-weight: bold;\t\t\t\tcolor: #666666;\t\t\t\tvertical-align: middle;      }      #bwg_container1_1 #bwg_container2_1 .tablenav-pages_1 a.disabled,      #bwg_container1_1 #bwg_container2_1 .tablenav-pages_1 a.disabled:hover,      #bwg_container1_1 #bwg_container2_1 .tablenav-pages_1 a.disabled:focus,\t\t\t#bwg_container1_1 #bwg_container2_1 .tablenav-pages_1 input.bwg_current_page {\t\t\t\tcursor: default;\t\t\t\tcolor: rgba(102, 102, 102, 0.5);      }      #bwg_container1_1 #bwg_container2_1 .tablenav-pages_1 a,      #bwg_container1_1 #bwg_container2_1 .tablenav-pages_1 input.bwg_current_page {\t\t\t\tcursor: pointer;\t\t\t\ttext-align: center;\t\t\t\tfont-size: 12px;\t\t\t\tfont-family: Ubuntu;\t\t\t\tfont-weight: bold;\t\t\t\tcolor: #666666;\t\t\t\ttext-decoration: none;\t\t\t\tpadding: 3px 6px;\t\t\t\tmargin: 0;\t\t\t\tborder-radius: 0;\t\t\t\tborder-style: solid;\t\t\t\tborder-width: 1px;\t\t\t\tborder-color: #E3E3E3;\t\t\t\t\t\t\t\tbackground-color: rgba(255, 255, 255, 1.00);\t\t\t\tbox-shadow: 0;\t\t\t\ttransition: all 0.3s ease 0s;-webkit-transition: all 0.3s ease 0s;      }      <\/style>      <span class=\"bwg_nav_cont_1\">              <div class=\"tablenav-pages_1\">                  <\/div>                <input type=\"hidden\" id=\"page_number_1\" name=\"page_number_1\" value=\"1\" \/>      <script type=\"text\/javascript\">        if( jQuery('.bwg_nav_cont_1').length > 1 ) {          jQuery('.bwg_nav_cont_1').first().remove()        }        function spider_page_1(cur, x, y, load_more) {          if (typeof load_more == \"undefined\") {            var load_more = false;          }          if (jQuery(cur).hasClass('disabled')) {            return false;          }          var items_county_1 = 1;          switch (y) {            case 1:              if (x >= items_county_1) {                document.getElementById('page_number_1').value = items_county_1;              }              else {                document.getElementById('page_number_1').value = x + 1;              }              break;            case 2:              document.getElementById('page_number_1').value = items_county_1;              break;            case -1:              if (x == 1) {                document.getElementById('page_number_1').value = 1;              }              else {                document.getElementById('page_number_1').value = x - 1;              }              break;            case -2:              document.getElementById('page_number_1').value = 1;              break;\t\t\t\t\t\tcase 0:              document.getElementById('page_number_1').value = x;              break;            default:              document.getElementById('page_number_1').value = 1;          }          bwg_ajax('gal_front_form_1', '1', 'bwg_album_compact_1', '74', '', 'album', 0, '', '', load_more, '', 1);        }                    jQuery('.first-page-1').on('click', function () {              spider_page_1(this, 1, -2, 'numeric');              return false;            });            jQuery('.prev-page-1').on('click', function () {              spider_page_1(this, 1, -1, 'numeric');              return false;            });            jQuery('.next-page-1').on('click', function () {              spider_page_1(this, 1, 1, 'numeric');              return false;            });            jQuery('.last-page-1').on('click', function () {              spider_page_1(this, 1, 2, 'numeric');              return false;            });        \t\t\t\t\/* Change page on input enter. *\/        function bwg_change_page_1( e, that ) {          if (  e.key == 'Enter' ) {            var to_page = parseInt(jQuery(that).val());            var pages_count = jQuery(that).parents(\".pagination-links\").data(\"pages-count\");            var current_url_param = jQuery(that).attr('data-url-info');            if (to_page > pages_count) {              to_page = 1;            }\t \t\t\t\t\t\t\t\t\t\t\t\tspider_page_1(this, to_page, 0, 'numeric');\t\t\t\t\t\t\treturn false;\t\t\t\t\t\t          }          return true;        }        jQuery('.bwg_load_btn_1').on('click', function () {            spider_page_1(this, 1, 1, true);            return false;        });      <\/script>      <\/span>                <\/div>        <\/form>        <style>          #bwg_container1_1 #bwg_container2_1 #spider_popup_overlay_1 {          background-color: #EEEEEE;          opacity: 0.60;          }          <\/style>        <div id=\"bwg_spider_popup_loading_1\" class=\"bwg_spider_popup_loading\"><\/div>        <div id=\"spider_popup_overlay_1\" class=\"spider_popup_overlay\" onclick=\"spider_destroypopup(1000)\"><\/div>        <input type=\"hidden\" id=\"bwg_random_seed_1\" value=\"929678495\">                <\/div>    <\/div>    <script>      if (document.readyState === 'complete') {        if( typeof bwg_main_ready == 'function' ) {          if ( jQuery(\"#bwg_container1_1\").height() ) {            bwg_main_ready(jQuery(\"#bwg_container1_1\"));          }        }      } else {        document.addEventListener('DOMContentLoaded', function() {          if( typeof bwg_main_ready == 'function' ) {            if ( jQuery(\"#bwg_container1_1\").height() ) {             bwg_main_ready(jQuery(\"#bwg_container1_1\"));            }          }        });      }    <\/script>    \t\t<\/div>\n\t\t\t\t<\/div>\n\t\t\t\t\t<\/div>\n\t\t<\/div>\n\t\t\t\t\t<\/div>\n\t\t<\/section>\n\t\t\t\t<section class=\"elementor-section elementor-top-section elementor-element elementor-element-b5561ef elementor-section-boxed elementor-section-height-default elementor-section-height-default\" data-id=\"b5561ef\" data-element_type=\"section\">\n\t\t\t\t\t\t<div class=\"elementor-container elementor-column-gap-default\">\n\t\t\t\t\t<div class=\"elementor-column elementor-col-100 elementor-top-column elementor-element elementor-element-d555da7\" data-id=\"d555da7\" data-element_type=\"column\">\n\t\t\t<div class=\"elementor-widget-wrap elementor-element-populated\">\n\t\t\t\t\t\t<div class=\"elementor-element elementor-element-fdc8c0b elementor-widget elementor-widget-bwg-elementor\" data-id=\"fdc8c0b\" data-element_type=\"widget\" data-widget_type=\"bwg-elementor.default\">\n\t\t\t\t<div class=\"elementor-widget-container\">\n\t\t\t<style id=\"bwg-style-2\">    #bwg_container1_2 #bwg_container2_2 .bwg-container-2.bwg-album-thumbnails {    width: 1254px;    justify-content: center;            justify-content: center;        margin:0 auto !important;          background-color: rgba(255, 255, 255, 0.00);          padding-left: 4px;      padding-top: 4px;      max-width: 100%;          }        #bwg_container1_2 #bwg_container2_2 .bwg-container-2.bwg-album-thumbnails .bwg-item {    justify-content: flex-start;    max-width: 250px;        }    #bwg_container1_2 #bwg_container2_2 .bwg-container-2.bwg-album-thumbnails .bwg-item a {      margin-right: 4px;      margin-bottom: 4px;    }    #bwg_container1_2 #bwg_container2_2 .bwg-container-2.bwg-album-thumbnails .bwg-item0 {      padding: 0px;            background-color:rgba(0,0,0, 0.30);      border: 0px none #CCCCCC;      opacity: 1.00;      border-radius: 0;      box-shadow: 0px 0px 0px #888888;    }    #bwg_container1_2 #bwg_container2_2 .bwg-container-2.bwg-album-thumbnails .bwg-item1 img {      max-height: none;      max-width: none;      padding: 0 !important;    }          @media only screen and (min-width: 480px) {      #bwg_container1_2 #bwg_container2_2 .bwg-container-2.bwg-album-thumbnails .bwg-item1 img {      -webkit-transition: all .3s; transition: all .3s;      }      #bwg_container1_2 #bwg_container2_2 .bwg-container-2.bwg-album-thumbnails .bwg-item1 img:hover {        -ms-transform: scale(1.08);        -webkit-transform: scale(1.08);        transform: scale(1.08);      }            }          #bwg_container1_2 #bwg_container2_2 .bwg-container-2.bwg-album-thumbnails .bwg-item1 {      padding-top: 56%;    }        #bwg_container1_2 #bwg_container2_2 .bwg-container-2.bwg-album-thumbnails .bwg-title2 {      color: #323A45;      font-family: Ubuntu;      font-size: 16px;      font-weight: bold;      padding: 2px;      text-shadow: 0px 0px 0px #888888;      max-height: 100%;    }        #bwg_container1_2 #bwg_container2_2 .bwg-container-2.bwg-standard-thumbnails {      width: 1254px;              justify-content: center;        margin:0 auto !important;              background-color: rgba(255, 255, 255, 0.00);            padding-left: 4px;      padding-top: 4px;      max-width: 100%;            }        #bwg_container1_2 #bwg_container2_2 .bwg-container-2.bwg-standard-thumbnails .bwg-item {    justify-content: flex-start;      max-width: 250px;          }    #bwg_container1_2 #bwg_container2_2 .bwg-container-2.bwg-standard-thumbnails .bwg-item a {       margin-right: 4px;       margin-bottom: 4px;    }    #bwg_container1_2 #bwg_container2_2 .bwg-container-2.bwg-standard-thumbnails .bwg-item0 {      padding: 0px;            background-color:rgba(0,0,0, 0.30);      border: 0px none #CCCCCC;      opacity: 1.00;      border-radius: 0;      box-shadow: 0px 0px 0px #888888;    }    #bwg_container1_2 #bwg_container2_2 .bwg-container-2.bwg-standard-thumbnails .bwg-item1 img {      max-height: none;      max-width: none;      padding: 0 !important;    }         @media only screen and (min-width: 480px) {\t\t#bwg_container1_2 #bwg_container2_2 .bwg-container-2.bwg-standard-thumbnails .bwg-item1 img {\t\t\t-webkit-transition: all .3s; transition: all .3s;\t\t}\t\t#bwg_container1_2 #bwg_container2_2 .bwg-container-2.bwg-standard-thumbnails .bwg-item1 img:hover {\t\t\t-ms-transform: scale(1.08);\t\t\t-webkit-transform: scale(1.08);\t\t\ttransform: scale(1.08);\t\t}\t\t      }\t    #bwg_container1_2 #bwg_container2_2 .bwg-container-2.bwg-standard-thumbnails .bwg-item1 {      padding-top: 56%;    }        #bwg_container1_2 #bwg_container2_2 .bwg-container-2.bwg-standard-thumbnails .bwg-title2,    #bwg_container1_2 #bwg_container2_2 .bwg-container-2.bwg-standard-thumbnails .bwg-ecommerce2 {      color: #323A45;      font-family: Ubuntu;      font-size: 16px;      font-weight: bold;      padding: 2px;      text-shadow: 0px 0px 0px #888888;      max-height: 100%;    }    #bwg_container1_2 #bwg_container2_2 .bwg-container-2.bwg-standard-thumbnails .bwg-thumb-description span {    color: #323A45;    font-family: Ubuntu;    font-size: 12px;    max-height: 100%;    word-wrap: break-word;    }    #bwg_container1_2 #bwg_container2_2 .bwg-container-2.bwg-standard-thumbnails .bwg-play-icon2 {      font-size: 32px;    }    #bwg_container1_2 #bwg_container2_2 .bwg-container-2.bwg-standard-thumbnails .bwg-ecommerce2 {      font-size: 19.2px;      color: #323A45;    }    <\/style>    <div id=\"bwg_container1_2\"         class=\"bwg_container bwg_thumbnail bwg_album_compact_preview bwg_thumbnail\"         data-right-click-protection=\"0\"         data-bwg=\"2\"         data-scroll=\"0\"         data-gallery-type=\"album_compact_preview\"         data-gallery-view-type=\"thumbnail\"         data-current-url=\"\/index.php?rest_route=%2Fwp%2Fv2%2Fpages%2F5838\"         data-lightbox-url=\"https:\/\/vichyrando.org\/wp-admin\/admin-ajax.php?action=GalleryBox&#038;current_view=2&#038;gallery_id=0&#038;tag=0&#038;theme_id=1&#038;shortcode_id=1489&#038;sort_by=order&#038;order_by=asc&#038;current_url=%2Findex.php%3Frest_route%3D%252Fwp%252Fv2%252Fpages%252F5838\"         data-gallery-id=\"0\"         data-popup-width=\"800\"         data-popup-height=\"500\"         data-is-album=\"album\"         data-buttons-position=\"bottom\">      <div id=\"bwg_container2_2\">             <div id=\"ajax_loading_2\" class=\"bwg_loading_div_1\">      <div class=\"bwg_loading_div_2\">        <div class=\"bwg_loading_div_3\">          <div id=\"loading_div_2\" class=\"bwg_spider_ajax_loading\">          <\/div>        <\/div>      <\/div>    <\/div>            <form id=\"gal_front_form_2\"              class=\"bwg-hidden\"              method=\"post\"              action=\"#\"              data-current=\"2\"              data-shortcode-id=\"1489\"              data-gallery-type=\"album_compact_preview\"              data-gallery-id=\"0\"              data-tag=\"0\"              data-album-id=\"73\"              data-theme-id=\"1\"              data-ajax-url=\"https:\/\/vichyrando.org\/wp-admin\/admin-ajax.php?action=bwg_frontend_data\">          <div id=\"bwg_container3_2\" class=\"bwg-background bwg-background-2\">            <style>        #bwg_container1_2 #bwg_container2_2 .bwg_gal_title_2 {          display: block;          padding: 0 2px 2px 2px;          background-color: rgba(0, 0, 0, 0);          line-height: 20px;          font-family: Ubuntu;          font-size: 18px;          font-weight: bold;          color: #323A45;          text-shadow: 0px 0px 0px #888888;          text-align: center;        }        #bwg_container1_2 #bwg_container2_2 .bwg_gal_description_2 {          margin: 20px 0;          word-break: break-word;          text-align: justify;          font-size: 15px;          font-weight: unset;        }        <\/style>        <div class=\"bwg_gal_title_2\">F\u00e9vrier 2026<\/div>            <div data-max-count=\"5\"         data-thumbnail-width=\"250\"         data-bwg=\"2\"         id=\"bwg_album_compact_2\"         class=\"bwg-thumbnails bwg-container bwg-container-2 bwg-album-thumbnails bwg_album_thumbnails_2\">              <div class=\"bwg-item\">          <a class=\"bwg-a bwg-album bwg_album_2\"             href='\/index.php?rest_route=%2Fwp%2Fv2%2Fpages%2F5838&#038;type_2=gallery&#038;album_gallery_id_2=1250'                          data-container_id=\"bwg_album_compact_2\"             data-def_type=\"gallery\"             data-album_gallery_id=\"73\"             data-alb_gal_id=\"1250\"             data-title=\"Rando sant\u00e9 \u00e0 Brugheas le 2 f\u00e9vrier 2026\"             data-bwg=\"2\">                        <div class=\"bwg-item0 lazy_loader\">              <div class=\"bwg-item1 \">                <div class=\"bwg-item2\">                  <img decoding=\"async\" class=\"skip-lazy  bwg_lazyload \"                       data-width=\"500.00\"                       data-height=\"167.00\"                       data-src=\"https:\/\/vichyrando.org\/wp-content\/uploads\/photo-gallery\/thumb\/2026-02-02-Brugheas09.jpg?bwg=1770201460\"                       src=\"https:\/\/vichyrando.org\/wp-content\/plugins\/photo-gallery\/images\/lazy_placeholder.gif\"                       alt=\"Rando sant\u00e9 \u00e0 Brugheas le 2 f\u00e9vrier 2026\"                       title=\"Rando sant\u00e9 \u00e0 Brugheas le 2 f\u00e9vrier 2026\" \/>                <\/div>                <div class=\"\">                                  <\/div>              <\/div>            <\/div>            <div class=\"bwg-title1\"><div class=\"bwg-title2\">Rando sant\u00e9 \u00e0 Brugheas le 2 f\u00e9vrier 2026<\/div><\/div>          <\/a>        <\/div>                <div class=\"bwg-item\">          <a class=\"bwg-a bwg-album bwg_album_2\"             href='\/index.php?rest_route=%2Fwp%2Fv2%2Fpages%2F5838&#038;type_2=gallery&#038;album_gallery_id_2=1251'                          data-container_id=\"bwg_album_compact_2\"             data-def_type=\"gallery\"             data-album_gallery_id=\"73\"             data-alb_gal_id=\"1251\"             data-title=\"Galette des rois \u00e0 Vichy le 2 f\u00e9vrier 2026\"             data-bwg=\"2\">                        <div class=\"bwg-item0 lazy_loader\">              <div class=\"bwg-item1 \">                <div class=\"bwg-item2\">                  <img decoding=\"async\" class=\"skip-lazy  bwg_lazyload \"                       data-width=\"500.00\"                       data-height=\"333.00\"                       data-src=\"https:\/\/vichyrando.org\/wp-content\/uploads\/photo-gallery\/thumb\/2026-02-02-Galette03.jpg?bwg=1770201573\"                       src=\"https:\/\/vichyrando.org\/wp-content\/plugins\/photo-gallery\/images\/lazy_placeholder.gif\"                       alt=\"Galette des rois \u00e0 Vichy le 2 f\u00e9vrier 2026\"                       title=\"Galette des rois \u00e0 Vichy le 2 f\u00e9vrier 2026\" \/>                <\/div>                <div class=\"\">                                  <\/div>              <\/div>            <\/div>            <div class=\"bwg-title1\"><div class=\"bwg-title2\">Galette des rois \u00e0 Vichy le 2 f\u00e9vrier 2026<\/div><\/div>          <\/a>        <\/div>                <div class=\"bwg-item\">          <a class=\"bwg-a bwg-album bwg_album_2\"             href='\/index.php?rest_route=%2Fwp%2Fv2%2Fpages%2F5838&#038;type_2=gallery&#038;album_gallery_id_2=1252'                          data-container_id=\"bwg_album_compact_2\"             data-def_type=\"gallery\"             data-album_gallery_id=\"73\"             data-alb_gal_id=\"1252\"             data-title=\"Journ\u00e9e marche sportive \u00e0 Ch\u00e2telperron le 3 f\u00e9vrier 2026\"             data-bwg=\"2\">                        <div class=\"bwg-item0 lazy_loader\">              <div class=\"bwg-item1 \">                <div class=\"bwg-item2\">                  <img decoding=\"async\" class=\"skip-lazy  bwg_lazyload \"                       data-width=\"500.00\"                       data-height=\"375.00\"                       data-src=\"https:\/\/vichyrando.org\/wp-content\/uploads\/photo-gallery\/thumb\/2026-02-03-Chatelperron01.jpg?bwg=1770201665\"                       src=\"https:\/\/vichyrando.org\/wp-content\/plugins\/photo-gallery\/images\/lazy_placeholder.gif\"                       alt=\"Journ\u00e9e marche sportive \u00e0 Ch\u00e2telperron le 3 f\u00e9vrier 2026\"                       title=\"Journ\u00e9e marche sportive \u00e0 Ch\u00e2telperron le 3 f\u00e9vrier 2026\" \/>                <\/div>                <div class=\"\">                                  <\/div>              <\/div>            <\/div>            <div class=\"bwg-title1\"><div class=\"bwg-title2\">Journ\u00e9e marche sportive \u00e0 Ch\u00e2telperron le 3 f\u00e9vrier 2026<\/div><\/div>          <\/a>        <\/div>                <div class=\"bwg-item\">          <a class=\"bwg-a bwg-album bwg_album_2\"             href='\/index.php?rest_route=%2Fwp%2Fv2%2Fpages%2F5838&#038;type_2=gallery&#038;album_gallery_id_2=1253'                          data-container_id=\"bwg_album_compact_2\"             data-def_type=\"gallery\"             data-album_gallery_id=\"73\"             data-alb_gal_id=\"1253\"             data-title=\"Rando 1\/2 journ\u00e9e \u00e0 Charroux le 3 f\u00e9vrier 2026\"             data-bwg=\"2\">                        <div class=\"bwg-item0 lazy_loader\">              <div class=\"bwg-item1 \">                <div class=\"bwg-item2\">                  <img decoding=\"async\" class=\"skip-lazy  bwg_lazyload \"                       data-width=\"500.00\"                       data-height=\"281.00\"                       data-src=\"https:\/\/vichyrando.org\/wp-content\/uploads\/photo-gallery\/thumb\/2026-02-03-Charroux04.jpg?bwg=1770201744\"                       src=\"https:\/\/vichyrando.org\/wp-content\/plugins\/photo-gallery\/images\/lazy_placeholder.gif\"                       alt=\"Rando 1\/2 journ\u00e9e \u00e0 Charroux le 3 f\u00e9vrier 2026\"                       title=\"Rando 1\/2 journ\u00e9e \u00e0 Charroux le 3 f\u00e9vrier 2026\" \/>                <\/div>                <div class=\"\">                                  <\/div>              <\/div>            <\/div>            <div class=\"bwg-title1\"><div class=\"bwg-title2\">Rando 1\/2 journ\u00e9e \u00e0 Charroux le 3 f\u00e9vrier 2026<\/div><\/div>          <\/a>        <\/div>                <div class=\"bwg-item\">          <a class=\"bwg-a bwg-album bwg_album_2\"             href='\/index.php?rest_route=%2Fwp%2Fv2%2Fpages%2F5838&#038;type_2=gallery&#038;album_gallery_id_2=1254'                          data-container_id=\"bwg_album_compact_2\"             data-def_type=\"gallery\"             data-album_gallery_id=\"73\"             data-alb_gal_id=\"1254\"             data-title=\"Mini rando \u00e0 Molles le 5 f\u00e9vrier 2026\"             data-bwg=\"2\">                        <div class=\"bwg-item0 lazy_loader\">              <div class=\"bwg-item1 \">                <div class=\"bwg-item2\">                  <img decoding=\"async\" class=\"skip-lazy  bwg_lazyload \"                       data-width=\"500.00\"                       data-height=\"166.00\"                       data-src=\"https:\/\/vichyrando.org\/wp-content\/uploads\/photo-gallery\/thumb\/2026-02-05-Molles13.jpg?bwg=1770388459\"                       src=\"https:\/\/vichyrando.org\/wp-content\/plugins\/photo-gallery\/images\/lazy_placeholder.gif\"                       alt=\"Mini rando \u00e0 Molles le 5 f\u00e9vrier 2026\"                       title=\"Mini rando \u00e0 Molles le 5 f\u00e9vrier 2026\" \/>                <\/div>                <div class=\"\">                                  <\/div>              <\/div>            <\/div>            <div class=\"bwg-title1\"><div class=\"bwg-title2\">Mini rando \u00e0 Molles le 5 f\u00e9vrier 2026<\/div><\/div>          <\/a>        <\/div>                <div class=\"bwg-item\">          <a class=\"bwg-a bwg-album bwg_album_2\"             href='\/index.php?rest_route=%2Fwp%2Fv2%2Fpages%2F5838&#038;type_2=gallery&#038;album_gallery_id_2=1255'                          data-container_id=\"bwg_album_compact_2\"             data-def_type=\"gallery\"             data-album_gallery_id=\"73\"             data-alb_gal_id=\"1255\"             data-title=\"Rando 1\/2 journ\u00e9e \u00e0 Busset le 5 f\u00e9vrier 2026\"             data-bwg=\"2\">                        <div class=\"bwg-item0 lazy_loader\">              <div class=\"bwg-item1 \">                <div class=\"bwg-item2\">                  <img decoding=\"async\" class=\"skip-lazy  bwg_lazyload \"                       data-width=\"500.00\"                       data-height=\"375.00\"                       data-src=\"https:\/\/vichyrando.org\/wp-content\/uploads\/photo-gallery\/thumb\/2026-02-05-Busset03.jpg?bwg=1770388528\"                       src=\"https:\/\/vichyrando.org\/wp-content\/plugins\/photo-gallery\/images\/lazy_placeholder.gif\"                       alt=\"Rando 1\/2 journ\u00e9e \u00e0 Busset le 5 f\u00e9vrier 2026\"                       title=\"Rando 1\/2 journ\u00e9e \u00e0 Busset le 5 f\u00e9vrier 2026\" \/>                <\/div>                <div class=\"\">                                  <\/div>              <\/div>            <\/div>            <div class=\"bwg-title1\"><div class=\"bwg-title2\">Rando 1\/2 journ\u00e9e \u00e0 Busset le 5 f\u00e9vrier 2026<\/div><\/div>          <\/a>        <\/div>                <div class=\"bwg-item\">          <a class=\"bwg-a bwg-album bwg_album_2\"             href='\/index.php?rest_route=%2Fwp%2Fv2%2Fpages%2F5838&#038;type_2=gallery&#038;album_gallery_id_2=1256'                          data-container_id=\"bwg_album_compact_2\"             data-def_type=\"gallery\"             data-album_gallery_id=\"73\"             data-alb_gal_id=\"1256\"             data-title=\"Marche nordique \u00e0 Bellerive\/Allier le 7 f\u00e9vrier 2026\"             data-bwg=\"2\">                        <div class=\"bwg-item0 lazy_loader\">              <div class=\"bwg-item1 \">                <div class=\"bwg-item2\">                  <img decoding=\"async\" class=\"skip-lazy  bwg_lazyload \"                       data-width=\"500.00\"                       data-height=\"225.00\"                       data-src=\"https:\/\/vichyrando.org\/wp-content\/uploads\/photo-gallery\/thumb\/2026-02-07-Bellerive02.jpg?bwg=1770484277\"                       src=\"https:\/\/vichyrando.org\/wp-content\/plugins\/photo-gallery\/images\/lazy_placeholder.gif\"                       alt=\"Marche nordique \u00e0 Bellerive\/Allier le 7 f\u00e9vrier 2026\"                       title=\"Marche nordique \u00e0 Bellerive\/Allier le 7 f\u00e9vrier 2026\" \/>                <\/div>                <div class=\"\">                                  <\/div>              <\/div>            <\/div>            <div class=\"bwg-title1\"><div class=\"bwg-title2\">Marche nordique \u00e0 Bellerive\/Allier le 7 f\u00e9vrier 2026<\/div><\/div>          <\/a>        <\/div>                <div class=\"bwg-item\">          <a class=\"bwg-a bwg-album bwg_album_2\"             href='\/index.php?rest_route=%2Fwp%2Fv2%2Fpages%2F5838&#038;type_2=gallery&#038;album_gallery_id_2=1257'                          data-container_id=\"bwg_album_compact_2\"             data-def_type=\"gallery\"             data-album_gallery_id=\"73\"             data-alb_gal_id=\"1257\"             data-title=\"Rando sant\u00e9 \u00e0 St R\u00e9my en Rollat le 9 f\u00e9vrier 2026\"             data-bwg=\"2\">                        <div class=\"bwg-item0 lazy_loader\">              <div class=\"bwg-item1 \">                <div class=\"bwg-item2\">                  <img decoding=\"async\" class=\"skip-lazy  bwg_lazyload \"                       data-width=\"500.00\"                       data-height=\"281.00\"                       data-src=\"https:\/\/vichyrando.org\/wp-content\/uploads\/photo-gallery\/thumb\/2026-02-09-StRemy09.jpg?bwg=1770908645\"                       src=\"https:\/\/vichyrando.org\/wp-content\/plugins\/photo-gallery\/images\/lazy_placeholder.gif\"                       alt=\"Rando sant\u00e9 \u00e0 St R\u00e9my en Rollat le 9 f\u00e9vrier 2026\"                       title=\"Rando sant\u00e9 \u00e0 St R\u00e9my en Rollat le 9 f\u00e9vrier 2026\" \/>                <\/div>                <div class=\"\">                                  <\/div>              <\/div>            <\/div>            <div class=\"bwg-title1\"><div class=\"bwg-title2\">Rando sant\u00e9 \u00e0 St R\u00e9my en Rollat le 9 f\u00e9vrier 2026<\/div><\/div>          <\/a>        <\/div>                <div class=\"bwg-item\">          <a class=\"bwg-a bwg-album bwg_album_2\"             href='\/index.php?rest_route=%2Fwp%2Fv2%2Fpages%2F5838&#038;type_2=gallery&#038;album_gallery_id_2=1258'                          data-container_id=\"bwg_album_compact_2\"             data-def_type=\"gallery\"             data-album_gallery_id=\"73\"             data-alb_gal_id=\"1258\"             data-title=\"Journ\u00e9e marche sportive \u00e0 Noyant d&#039;Allier le 17 f\u00e9vrier 2026\"             data-bwg=\"2\">                        <div class=\"bwg-item0 lazy_loader\">              <div class=\"bwg-item1 \">                <div class=\"bwg-item2\">                  <img decoding=\"async\" class=\"skip-lazy  bwg_lazyload \"                       data-width=\"500.00\"                       data-height=\"375.00\"                       data-src=\"https:\/\/vichyrando.org\/wp-content\/uploads\/photo-gallery\/thumb\/2026-02-17-Noyant07.jpg?bwg=1771454171\"                       src=\"https:\/\/vichyrando.org\/wp-content\/plugins\/photo-gallery\/images\/lazy_placeholder.gif\"                       alt=\"Journ\u00e9e marche sportive \u00e0 Noyant d&#039;Allier le 17 f\u00e9vrier 2026\"                       title=\"Journ\u00e9e marche sportive \u00e0 Noyant d&#039;Allier le 17 f\u00e9vrier 2026\" \/>                <\/div>                <div class=\"\">                                  <\/div>              <\/div>            <\/div>            <div class=\"bwg-title1\"><div class=\"bwg-title2\">Journ\u00e9e marche sportive \u00e0 Noyant d'Allier le 17 f\u00e9vrier 2026<\/div><\/div>          <\/a>        <\/div>                <div class=\"bwg-item\">          <a class=\"bwg-a bwg-album bwg_album_2\"             href='\/index.php?rest_route=%2Fwp%2Fv2%2Fpages%2F5838&#038;type_2=gallery&#038;album_gallery_id_2=1259'                          data-container_id=\"bwg_album_compact_2\"             data-def_type=\"gallery\"             data-album_gallery_id=\"73\"             data-alb_gal_id=\"1259\"             data-title=\"Rando 1\/2 journ\u00e9e \u00e0 Mariol le 17 f\u00e9vrier 2026\"             data-bwg=\"2\">                        <div class=\"bwg-item0 lazy_loader\">              <div class=\"bwg-item1 \">                <div class=\"bwg-item2\">                  <img decoding=\"async\" class=\"skip-lazy  bwg_lazyload \"                       data-width=\"500.00\"                       data-height=\"281.00\"                       data-src=\"https:\/\/vichyrando.org\/wp-content\/uploads\/photo-gallery\/thumb\/2026-02-17-Mariol02.jpg?bwg=1771454246\"                       src=\"https:\/\/vichyrando.org\/wp-content\/plugins\/photo-gallery\/images\/lazy_placeholder.gif\"                       alt=\"Rando 1\/2 journ\u00e9e \u00e0 Mariol le 17 f\u00e9vrier 2026\"                       title=\"Rando 1\/2 journ\u00e9e \u00e0 Mariol le 17 f\u00e9vrier 2026\" \/>                <\/div>                <div class=\"\">                                  <\/div>              <\/div>            <\/div>            <div class=\"bwg-title1\"><div class=\"bwg-title2\">Rando 1\/2 journ\u00e9e \u00e0 Mariol le 17 f\u00e9vrier 2026<\/div><\/div>          <\/a>        <\/div>                <div class=\"bwg-item\">          <a class=\"bwg-a bwg-album bwg_album_2\"             href='\/index.php?rest_route=%2Fwp%2Fv2%2Fpages%2F5838&#038;type_2=gallery&#038;album_gallery_id_2=1260'                          data-container_id=\"bwg_album_compact_2\"             data-def_type=\"gallery\"             data-album_gallery_id=\"73\"             data-alb_gal_id=\"1260\"             data-title=\"Initiation \u00e0 la marche nordique \u00e0 Bellerive le 18 f\u00e9vrier 2026\"             data-bwg=\"2\">                        <div class=\"bwg-item0 lazy_loader\">              <div class=\"bwg-item1 \">                <div class=\"bwg-item2\">                  <img decoding=\"async\" class=\"skip-lazy  bwg_lazyload \"                       data-width=\"500.00\"                       data-height=\"295.00\"                       data-src=\"https:\/\/vichyrando.org\/wp-content\/uploads\/photo-gallery\/thumb\/2026-02-18-Bellerive03.jpg?bwg=1771454319\"                       src=\"https:\/\/vichyrando.org\/wp-content\/plugins\/photo-gallery\/images\/lazy_placeholder.gif\"                       alt=\"Initiation \u00e0 la marche nordique \u00e0 Bellerive le 18 f\u00e9vrier 2026\"                       title=\"Initiation \u00e0 la marche nordique \u00e0 Bellerive le 18 f\u00e9vrier 2026\" \/>                <\/div>                <div class=\"\">                                  <\/div>              <\/div>            <\/div>            <div class=\"bwg-title1\"><div class=\"bwg-title2\">Initiation \u00e0 la marche nordique \u00e0 Bellerive le 18 f\u00e9vrier 2026<\/div><\/div>          <\/a>        <\/div>                <div class=\"bwg-item\">          <a class=\"bwg-a bwg-album bwg_album_2\"             href='\/index.php?rest_route=%2Fwp%2Fv2%2Fpages%2F5838&#038;type_2=gallery&#038;album_gallery_id_2=1262'                          data-container_id=\"bwg_album_compact_2\"             data-def_type=\"gallery\"             data-album_gallery_id=\"73\"             data-alb_gal_id=\"1262\"             data-title=\"Rando sant\u00e9 \u00e0 St Germain des foss\u00e9s le 23 f\u00e9vrier 2026\"             data-bwg=\"2\">                        <div class=\"bwg-item0 lazy_loader\">              <div class=\"bwg-item1 \">                <div class=\"bwg-item2\">                  <img decoding=\"async\" class=\"skip-lazy  bwg_lazyload \"                       data-width=\"500.00\"                       data-height=\"281.00\"                       data-src=\"https:\/\/vichyrando.org\/wp-content\/uploads\/photo-gallery\/thumb\/2026-02-23-StGermain01.jpg?bwg=1771968545\"                       src=\"https:\/\/vichyrando.org\/wp-content\/plugins\/photo-gallery\/images\/lazy_placeholder.gif\"                       alt=\"Rando sant\u00e9 \u00e0 St Germain des foss\u00e9s le 23 f\u00e9vrier 2026\"                       title=\"Rando sant\u00e9 \u00e0 St Germain des foss\u00e9s le 23 f\u00e9vrier 2026\" \/>                <\/div>                <div class=\"\">                                  <\/div>              <\/div>            <\/div>            <div class=\"bwg-title1\"><div class=\"bwg-title2\">Rando sant\u00e9 \u00e0 St Germain des foss\u00e9s le 23 f\u00e9vrier 2026<\/div><\/div>          <\/a>        <\/div>                <div class=\"bwg-item\">          <a class=\"bwg-a bwg-album bwg_album_2\"             href='\/index.php?rest_route=%2Fwp%2Fv2%2Fpages%2F5838&#038;type_2=gallery&#038;album_gallery_id_2=1263'                          data-container_id=\"bwg_album_compact_2\"             data-def_type=\"gallery\"             data-album_gallery_id=\"73\"             data-alb_gal_id=\"1263\"             data-title=\"Journ\u00e9e rando sportive tr\u00e8s boueuse \u00e0 Barrais Bussolles le 24 f\u00e9vrier 2026\"             data-bwg=\"2\">                        <div class=\"bwg-item0 lazy_loader\">              <div class=\"bwg-item1 \">                <div class=\"bwg-item2\">                  <img decoding=\"async\" class=\"skip-lazy  bwg_lazyload \"                       data-width=\"500.00\"                       data-height=\"375.00\"                       data-src=\"https:\/\/vichyrando.org\/wp-content\/uploads\/photo-gallery\/thumb\/2026-02-24-Barrais06.jpg?bwg=1772142498\"                       src=\"https:\/\/vichyrando.org\/wp-content\/plugins\/photo-gallery\/images\/lazy_placeholder.gif\"                       alt=\"Journ\u00e9e rando sportive tr\u00e8s boueuse \u00e0 Barrais Bussolles le 24 f\u00e9vrier 2026\"                       title=\"Journ\u00e9e rando sportive tr\u00e8s boueuse \u00e0 Barrais Bussolles le 24 f\u00e9vrier 2026\" \/>                <\/div>                <div class=\"\">                                  <\/div>              <\/div>            <\/div>            <div class=\"bwg-title1\"><div class=\"bwg-title2\">Journ\u00e9e rando sportive tr\u00e8s boueuse \u00e0 Barrais Bussolles le 24 f\u00e9vrier 2026<\/div><\/div>          <\/a>        <\/div>                <div class=\"bwg-item\">          <a class=\"bwg-a bwg-album bwg_album_2\"             href='\/index.php?rest_route=%2Fwp%2Fv2%2Fpages%2F5838&#038;type_2=gallery&#038;album_gallery_id_2=1264'                          data-container_id=\"bwg_album_compact_2\"             data-def_type=\"gallery\"             data-album_gallery_id=\"73\"             data-alb_gal_id=\"1264\"             data-title=\"Mini rando \u00e0 Etroussat le 26 f\u00e9vrier 2026\"             data-bwg=\"2\">                        <div class=\"bwg-item0 lazy_loader\">              <div class=\"bwg-item1 \">                <div class=\"bwg-item2\">                  <img decoding=\"async\" class=\"skip-lazy  bwg_lazyload \"                       data-width=\"500.00\"                       data-height=\"332.00\"                       data-src=\"https:\/\/vichyrando.org\/wp-content\/uploads\/photo-gallery\/thumb\/2026-02-26-Etroussat16.jpg?bwg=1772142677\"                       src=\"https:\/\/vichyrando.org\/wp-content\/plugins\/photo-gallery\/images\/lazy_placeholder.gif\"                       alt=\"Mini rando \u00e0 Etroussat le 26 f\u00e9vrier 2026\"                       title=\"Mini rando \u00e0 Etroussat le 26 f\u00e9vrier 2026\" \/>                <\/div>                <div class=\"\">                                  <\/div>              <\/div>            <\/div>            <div class=\"bwg-title1\"><div class=\"bwg-title2\">Mini rando \u00e0 Etroussat le 26 f\u00e9vrier 2026<\/div><\/div>          <\/a>        <\/div>                <div class=\"bwg-item\">          <a class=\"bwg-a bwg-album bwg_album_2\"             href='\/index.php?rest_route=%2Fwp%2Fv2%2Fpages%2F5838&#038;type_2=gallery&#038;album_gallery_id_2=1265'                          data-container_id=\"bwg_album_compact_2\"             data-def_type=\"gallery\"             data-album_gallery_id=\"73\"             data-alb_gal_id=\"1265\"             data-title=\"Rando 1\/2 journ\u00e9e \u00e0 Droiturier le 26 f\u00e9vrier 2026\"             data-bwg=\"2\">                        <div class=\"bwg-item0 lazy_loader\">              <div class=\"bwg-item1 \">                <div class=\"bwg-item2\">                  <img decoding=\"async\" class=\"skip-lazy  bwg_lazyload \"                       data-width=\"500.00\"                       data-height=\"225.00\"                       data-src=\"https:\/\/vichyrando.org\/wp-content\/uploads\/photo-gallery\/thumb\/2026-02-26-Droiturier02.jpg?bwg=1772142757\"                       src=\"https:\/\/vichyrando.org\/wp-content\/plugins\/photo-gallery\/images\/lazy_placeholder.gif\"                       alt=\"Rando 1\/2 journ\u00e9e \u00e0 Droiturier le 26 f\u00e9vrier 2026\"                       title=\"Rando 1\/2 journ\u00e9e \u00e0 Droiturier le 26 f\u00e9vrier 2026\" \/>                <\/div>                <div class=\"\">                                  <\/div>              <\/div>            <\/div>            <div class=\"bwg-title1\"><div class=\"bwg-title2\">Rando 1\/2 journ\u00e9e \u00e0 Droiturier le 26 f\u00e9vrier 2026<\/div><\/div>          <\/a>        <\/div>                <div class=\"bwg-item\">          <a class=\"bwg-a bwg-album bwg_album_2\"             href='\/index.php?rest_route=%2Fwp%2Fv2%2Fpages%2F5838&#038;type_2=gallery&#038;album_gallery_id_2=1266'                          data-container_id=\"bwg_album_compact_2\"             data-def_type=\"gallery\"             data-album_gallery_id=\"73\"             data-alb_gal_id=\"1266\"             data-title=\"Marche nordique \u00e0 ST Germain des foss\u00e9s le 28 f\u00e9vrier 2026\"             data-bwg=\"2\">                        <div class=\"bwg-item0 lazy_loader\">              <div class=\"bwg-item1 \">                <div class=\"bwg-item2\">                  <img decoding=\"async\" class=\"skip-lazy  bwg_lazyload \"                       data-width=\"500.00\"                       data-height=\"375.00\"                       data-src=\"https:\/\/vichyrando.org\/wp-content\/uploads\/photo-gallery\/thumb\/2026-02-28-StGermain01.jpg?bwg=1772289643\"                       src=\"https:\/\/vichyrando.org\/wp-content\/plugins\/photo-gallery\/images\/lazy_placeholder.gif\"                       alt=\"Marche nordique \u00e0 ST Germain des foss\u00e9s le 28 f\u00e9vrier 2026\"                       title=\"Marche nordique \u00e0 ST Germain des foss\u00e9s le 28 f\u00e9vrier 2026\" \/>                <\/div>                <div class=\"\">                                  <\/div>              <\/div>            <\/div>            <div class=\"bwg-title1\"><div class=\"bwg-title2\">Marche nordique \u00e0 ST Germain des foss\u00e9s le 28 f\u00e9vrier 2026<\/div><\/div>          <\/a>        <\/div>            <\/div>          <input type=\"hidden\" id=\"bwg_album_breadcrumb_2\" name=\"bwg_album_breadcrumb_2\" value='[{&quot;id&quot;:&quot;73&quot;,&quot;page&quot;:1}]' \/>    <style>      \/*pagination styles*\/      #bwg_container1_2 #bwg_container2_2 .tablenav-pages_2 {\t\t\t\ttext-align: center;\t\t\t\tfont-size: 12px;\t\t\t\tfont-family: Ubuntu;\t\t\t\tfont-weight: bold;\t\t\t\tcolor: #666666;\t\t\t\tmargin: 6px 0 4px;\t\t\t\tdisplay: block;      }      @media only screen and (max-width : 320px) {      #bwg_container1_2 #bwg_container2_2 .displaying-num_2 {     \t display: none;      }      }      #bwg_container1_2 #bwg_container2_2 .displaying-num_2 {\t\t\t\tfont-size: 12px;\t\t\t\tfont-family: Ubuntu;\t\t\t\tfont-weight: bold;\t\t\t\tcolor: #666666;\t\t\t\tmargin-right: 10px;\t\t\t\tvertical-align: middle;      }      #bwg_container1_2 #bwg_container2_2 .paging-input_2 {\t\t\t\tfont-size: 12px;\t\t\t\tfont-family: Ubuntu;\t\t\t\tfont-weight: bold;\t\t\t\tcolor: #666666;\t\t\t\tvertical-align: middle;      }      #bwg_container1_2 #bwg_container2_2 .tablenav-pages_2 a.disabled,      #bwg_container1_2 #bwg_container2_2 .tablenav-pages_2 a.disabled:hover,      #bwg_container1_2 #bwg_container2_2 .tablenav-pages_2 a.disabled:focus,\t\t\t#bwg_container1_2 #bwg_container2_2 .tablenav-pages_2 input.bwg_current_page {\t\t\t\tcursor: default;\t\t\t\tcolor: rgba(102, 102, 102, 0.5);      }      #bwg_container1_2 #bwg_container2_2 .tablenav-pages_2 a,      #bwg_container1_2 #bwg_container2_2 .tablenav-pages_2 input.bwg_current_page {\t\t\t\tcursor: pointer;\t\t\t\ttext-align: center;\t\t\t\tfont-size: 12px;\t\t\t\tfont-family: Ubuntu;\t\t\t\tfont-weight: bold;\t\t\t\tcolor: #666666;\t\t\t\ttext-decoration: none;\t\t\t\tpadding: 3px 6px;\t\t\t\tmargin: 0;\t\t\t\tborder-radius: 0;\t\t\t\tborder-style: solid;\t\t\t\tborder-width: 1px;\t\t\t\tborder-color: #E3E3E3;\t\t\t\t\t\t\t\tbackground-color: rgba(255, 255, 255, 1.00);\t\t\t\tbox-shadow: 0;\t\t\t\ttransition: all 0.3s ease 0s;-webkit-transition: all 0.3s ease 0s;      }      <\/style>      <span class=\"bwg_nav_cont_2\">              <div class=\"tablenav-pages_2\">                  <\/div>                <input type=\"hidden\" id=\"page_number_2\" name=\"page_number_2\" value=\"1\" \/>      <script type=\"text\/javascript\">        if( jQuery('.bwg_nav_cont_2').length > 1 ) {          jQuery('.bwg_nav_cont_2').first().remove()        }        function spider_page_2(cur, x, y, load_more) {          if (typeof load_more == \"undefined\") {            var load_more = false;          }          if (jQuery(cur).hasClass('disabled')) {            return false;          }          var items_county_2 = 1;          switch (y) {            case 1:              if (x >= items_county_2) {                document.getElementById('page_number_2').value = items_county_2;              }              else {                document.getElementById('page_number_2').value = x + 1;              }              break;            case 2:              document.getElementById('page_number_2').value = items_county_2;              break;            case -1:              if (x == 1) {                document.getElementById('page_number_2').value = 1;              }              else {                document.getElementById('page_number_2').value = x - 1;              }              break;            case -2:              document.getElementById('page_number_2').value = 1;              break;\t\t\t\t\t\tcase 0:              document.getElementById('page_number_2').value = x;              break;            default:              document.getElementById('page_number_2').value = 1;          }          bwg_ajax('gal_front_form_2', '2', 'bwg_album_compact_2', '73', '', 'album', 0, '', '', load_more, '', 1);        }                    jQuery('.first-page-2').on('click', function () {              spider_page_2(this, 1, -2, 'numeric');              return false;            });            jQuery('.prev-page-2').on('click', function () {              spider_page_2(this, 1, -1, 'numeric');              return false;            });            jQuery('.next-page-2').on('click', function () {              spider_page_2(this, 1, 1, 'numeric');              return false;            });            jQuery('.last-page-2').on('click', function () {              spider_page_2(this, 1, 2, 'numeric');              return false;            });        \t\t\t\t\/* Change page on input enter. *\/        function bwg_change_page_2( e, that ) {          if (  e.key == 'Enter' ) {            var to_page = parseInt(jQuery(that).val());            var pages_count = jQuery(that).parents(\".pagination-links\").data(\"pages-count\");            var current_url_param = jQuery(that).attr('data-url-info');            if (to_page > pages_count) {              to_page = 1;            }\t \t\t\t\t\t\t\t\t\t\t\t\tspider_page_2(this, to_page, 0, 'numeric');\t\t\t\t\t\t\treturn false;\t\t\t\t\t\t          }          return true;        }        jQuery('.bwg_load_btn_2').on('click', function () {            spider_page_2(this, 1, 1, true);            return false;        });      <\/script>      <\/span>                <\/div>        <\/form>        <style>          #bwg_container1_2 #bwg_container2_2 #spider_popup_overlay_2 {          background-color: #EEEEEE;          opacity: 0.60;          }          <\/style>        <div id=\"bwg_spider_popup_loading_2\" class=\"bwg_spider_popup_loading\"><\/div>        <div id=\"spider_popup_overlay_2\" class=\"spider_popup_overlay\" onclick=\"spider_destroypopup(1000)\"><\/div>        <input type=\"hidden\" id=\"bwg_random_seed_2\" value=\"875936675\">                <\/div>    <\/div>    <script>      if (document.readyState === 'complete') {        if( typeof bwg_main_ready == 'function' ) {          if ( jQuery(\"#bwg_container1_2\").height() ) {            bwg_main_ready(jQuery(\"#bwg_container1_2\"));          }        }      } else {        document.addEventListener('DOMContentLoaded', function() {          if( typeof bwg_main_ready == 'function' ) {            if ( jQuery(\"#bwg_container1_2\").height() ) {             bwg_main_ready(jQuery(\"#bwg_container1_2\"));            }          }        });      }    <\/script>    \t\t<\/div>\n\t\t\t\t<\/div>\n\t\t\t\t\t<\/div>\n\t\t<\/div>\n\t\t\t\t\t<\/div>\n\t\t<\/section>\n\t\t\t\t<section class=\"elementor-section elementor-top-section elementor-element elementor-element-8a0b528 elementor-section-boxed elementor-section-height-default elementor-section-height-default\" data-id=\"8a0b528\" data-element_type=\"section\">\n\t\t\t\t\t\t<div class=\"elementor-container elementor-column-gap-default\">\n\t\t\t\t\t<div class=\"elementor-column elementor-col-100 elementor-top-column elementor-element elementor-element-22e0a55\" data-id=\"22e0a55\" data-element_type=\"column\">\n\t\t\t<div class=\"elementor-widget-wrap elementor-element-populated\">\n\t\t\t\t\t\t<div class=\"elementor-element elementor-element-7e06f95 elementor-widget elementor-widget-bwg-elementor\" data-id=\"7e06f95\" data-element_type=\"widget\" data-widget_type=\"bwg-elementor.default\">\n\t\t\t\t<div class=\"elementor-widget-container\">\n\t\t\t<style id=\"bwg-style-3\">    #bwg_container1_3 #bwg_container2_3 .bwg-container-3.bwg-album-thumbnails {    width: 1254px;    justify-content: center;            justify-content: center;        margin:0 auto !important;          background-color: rgba(255, 255, 255, 0.00);          padding-left: 4px;      padding-top: 4px;      max-width: 100%;          }        #bwg_container1_3 #bwg_container2_3 .bwg-container-3.bwg-album-thumbnails .bwg-item {    justify-content: flex-start;    max-width: 250px;        }    #bwg_container1_3 #bwg_container2_3 .bwg-container-3.bwg-album-thumbnails .bwg-item a {      margin-right: 4px;      margin-bottom: 4px;    }    #bwg_container1_3 #bwg_container2_3 .bwg-container-3.bwg-album-thumbnails .bwg-item0 {      padding: 0px;            background-color:rgba(0,0,0, 0.30);      border: 0px none #CCCCCC;      opacity: 1.00;      border-radius: 0;      box-shadow: 0px 0px 0px #888888;    }    #bwg_container1_3 #bwg_container2_3 .bwg-container-3.bwg-album-thumbnails .bwg-item1 img {      max-height: none;      max-width: none;      padding: 0 !important;    }          @media only screen and (min-width: 480px) {      #bwg_container1_3 #bwg_container2_3 .bwg-container-3.bwg-album-thumbnails .bwg-item1 img {      -webkit-transition: all .3s; transition: all .3s;      }      #bwg_container1_3 #bwg_container2_3 .bwg-container-3.bwg-album-thumbnails .bwg-item1 img:hover {        -ms-transform: scale(1.08);        -webkit-transform: scale(1.08);        transform: scale(1.08);      }            }          #bwg_container1_3 #bwg_container2_3 .bwg-container-3.bwg-album-thumbnails .bwg-item1 {      padding-top: 56%;    }        #bwg_container1_3 #bwg_container2_3 .bwg-container-3.bwg-album-thumbnails .bwg-title2 {      color: #323A45;      font-family: Ubuntu;      font-size: 16px;      font-weight: bold;      padding: 2px;      text-shadow: 0px 0px 0px #888888;      max-height: 100%;    }        #bwg_container1_3 #bwg_container2_3 .bwg-container-3.bwg-standard-thumbnails {      width: 1254px;              justify-content: center;        margin:0 auto !important;              background-color: rgba(255, 255, 255, 0.00);            padding-left: 4px;      padding-top: 4px;      max-width: 100%;            }        #bwg_container1_3 #bwg_container2_3 .bwg-container-3.bwg-standard-thumbnails .bwg-item {    justify-content: flex-start;      max-width: 250px;          }    #bwg_container1_3 #bwg_container2_3 .bwg-container-3.bwg-standard-thumbnails .bwg-item a {       margin-right: 4px;       margin-bottom: 4px;    }    #bwg_container1_3 #bwg_container2_3 .bwg-container-3.bwg-standard-thumbnails .bwg-item0 {      padding: 0px;            background-color:rgba(0,0,0, 0.30);      border: 0px none #CCCCCC;      opacity: 1.00;      border-radius: 0;      box-shadow: 0px 0px 0px #888888;    }    #bwg_container1_3 #bwg_container2_3 .bwg-container-3.bwg-standard-thumbnails .bwg-item1 img {      max-height: none;      max-width: none;      padding: 0 !important;    }         @media only screen and (min-width: 480px) {\t\t#bwg_container1_3 #bwg_container2_3 .bwg-container-3.bwg-standard-thumbnails .bwg-item1 img {\t\t\t-webkit-transition: all .3s; transition: all .3s;\t\t}\t\t#bwg_container1_3 #bwg_container2_3 .bwg-container-3.bwg-standard-thumbnails .bwg-item1 img:hover {\t\t\t-ms-transform: scale(1.08);\t\t\t-webkit-transform: scale(1.08);\t\t\ttransform: scale(1.08);\t\t}\t\t      }\t    #bwg_container1_3 #bwg_container2_3 .bwg-container-3.bwg-standard-thumbnails .bwg-item1 {      padding-top: 56%;    }        #bwg_container1_3 #bwg_container2_3 .bwg-container-3.bwg-standard-thumbnails .bwg-title2,    #bwg_container1_3 #bwg_container2_3 .bwg-container-3.bwg-standard-thumbnails .bwg-ecommerce2 {      color: #323A45;      font-family: Ubuntu;      font-size: 16px;      font-weight: bold;      padding: 2px;      text-shadow: 0px 0px 0px #888888;      max-height: 100%;    }    #bwg_container1_3 #bwg_container2_3 .bwg-container-3.bwg-standard-thumbnails .bwg-thumb-description span {    color: #323A45;    font-family: Ubuntu;    font-size: 12px;    max-height: 100%;    word-wrap: break-word;    }    #bwg_container1_3 #bwg_container2_3 .bwg-container-3.bwg-standard-thumbnails .bwg-play-icon2 {      font-size: 32px;    }    #bwg_container1_3 #bwg_container2_3 .bwg-container-3.bwg-standard-thumbnails .bwg-ecommerce2 {      font-size: 19.2px;      color: #323A45;    }    <\/style>    <div id=\"bwg_container1_3\"         class=\"bwg_container bwg_thumbnail bwg_album_compact_preview bwg_thumbnail\"         data-right-click-protection=\"0\"         data-bwg=\"3\"         data-scroll=\"0\"         data-gallery-type=\"album_compact_preview\"         data-gallery-view-type=\"thumbnail\"         data-current-url=\"\/index.php?rest_route=%2Fwp%2Fv2%2Fpages%2F5838\"         data-lightbox-url=\"https:\/\/vichyrando.org\/wp-admin\/admin-ajax.php?action=GalleryBox&#038;current_view=3&#038;gallery_id=0&#038;tag=0&#038;theme_id=1&#038;shortcode_id=1462&#038;sort_by=order&#038;order_by=asc&#038;current_url=%2Findex.php%3Frest_route%3D%252Fwp%252Fv2%252Fpages%252F5838\"         data-gallery-id=\"0\"         data-popup-width=\"800\"         data-popup-height=\"500\"         data-is-album=\"album\"         data-buttons-position=\"bottom\">      <div id=\"bwg_container2_3\">             <div id=\"ajax_loading_3\" class=\"bwg_loading_div_1\">      <div class=\"bwg_loading_div_2\">        <div class=\"bwg_loading_div_3\">          <div id=\"loading_div_3\" class=\"bwg_spider_ajax_loading\">          <\/div>        <\/div>      <\/div>    <\/div>            <form id=\"gal_front_form_3\"              class=\"bwg-hidden\"              method=\"post\"              action=\"#\"              data-current=\"3\"              data-shortcode-id=\"1462\"              data-gallery-type=\"album_compact_preview\"              data-gallery-id=\"0\"              data-tag=\"0\"              data-album-id=\"72\"              data-theme-id=\"1\"              data-ajax-url=\"https:\/\/vichyrando.org\/wp-admin\/admin-ajax.php?action=bwg_frontend_data\">          <div id=\"bwg_container3_3\" class=\"bwg-background bwg-background-3\">            <style>        #bwg_container1_3 #bwg_container2_3 .bwg_gal_title_3 {          display: block;          padding: 0 2px 2px 2px;          background-color: rgba(0, 0, 0, 0);          line-height: 20px;          font-family: Ubuntu;          font-size: 18px;          font-weight: bold;          color: #323A45;          text-shadow: 0px 0px 0px #888888;          text-align: center;        }        #bwg_container1_3 #bwg_container2_3 .bwg_gal_description_3 {          margin: 20px 0;          word-break: break-word;          text-align: justify;          font-size: 15px;          font-weight: unset;        }        <\/style>        <div class=\"bwg_gal_title_3\">Janvier 2026<\/div>            <div data-max-count=\"5\"         data-thumbnail-width=\"250\"         data-bwg=\"3\"         id=\"bwg_album_compact_3\"         class=\"bwg-thumbnails bwg-container bwg-container-3 bwg-album-thumbnails bwg_album_thumbnails_3\">              <div class=\"bwg-item\">          <a class=\"bwg-a bwg-album bwg_album_3\"             href='\/index.php?rest_route=%2Fwp%2Fv2%2Fpages%2F5838&#038;type_3=gallery&#038;album_gallery_id_3=1224'                          data-container_id=\"bwg_album_compact_3\"             data-def_type=\"gallery\"             data-album_gallery_id=\"72\"             data-alb_gal_id=\"1224\"             data-title=\"Premi\u00e8re rando de l&#039;ann\u00e9e \u00e0 Ussel d&#039;Allier le 2 janvier 2026\"             data-bwg=\"3\">                        <div class=\"bwg-item0 lazy_loader\">              <div class=\"bwg-item1 \">                <div class=\"bwg-item2\">                  <img decoding=\"async\" class=\"skip-lazy  bwg_lazyload \"                       data-width=\"500.00\"                       data-height=\"333.00\"                       data-src=\"https:\/\/vichyrando.org\/wp-content\/uploads\/photo-gallery\/thumb\/2026-01-02-Ussel18.jpg?bwg=1767391665\"                       src=\"https:\/\/vichyrando.org\/wp-content\/plugins\/photo-gallery\/images\/lazy_placeholder.gif\"                       alt=\"Premi\u00e8re rando de l&#039;ann\u00e9e \u00e0 Ussel d&#039;Allier le 2 janvier 2026\"                       title=\"Premi\u00e8re rando de l&#039;ann\u00e9e \u00e0 Ussel d&#039;Allier le 2 janvier 2026\" \/>                <\/div>                <div class=\"\">                                  <\/div>              <\/div>            <\/div>            <div class=\"bwg-title1\"><div class=\"bwg-title2\">Premi\u00e8re rando de l'ann\u00e9e \u00e0 Ussel d'Allier le 2 janvier 2026<\/div><\/div>          <\/a>        <\/div>                <div class=\"bwg-item\">          <a class=\"bwg-a bwg-album bwg_album_3\"             href='\/index.php?rest_route=%2Fwp%2Fv2%2Fpages%2F5838&#038;type_3=gallery&#038;album_gallery_id_3=1225'                          data-container_id=\"bwg_album_compact_3\"             data-def_type=\"gallery\"             data-album_gallery_id=\"72\"             data-alb_gal_id=\"1225\"             data-title=\"Marche nordique \u00e0 Bellerive\/Allier le 3 janvier 2026\"             data-bwg=\"3\">                        <div class=\"bwg-item0 lazy_loader\">              <div class=\"bwg-item1 \">                <div class=\"bwg-item2\">                  <img decoding=\"async\" class=\"skip-lazy  bwg_lazyload \"                       data-width=\"500.00\"                       data-height=\"319.00\"                       data-src=\"https:\/\/vichyrando.org\/wp-content\/uploads\/photo-gallery\/thumb\/2026-01-03-Bellerive02.jpg?bwg=1767477624\"                       src=\"https:\/\/vichyrando.org\/wp-content\/plugins\/photo-gallery\/images\/lazy_placeholder.gif\"                       alt=\"Marche nordique \u00e0 Bellerive\/Allier le 3 janvier 2026\"                       title=\"Marche nordique \u00e0 Bellerive\/Allier le 3 janvier 2026\" \/>                <\/div>                <div class=\"\">                                  <\/div>              <\/div>            <\/div>            <div class=\"bwg-title1\"><div class=\"bwg-title2\">Marche nordique \u00e0 Bellerive\/Allier le 3 janvier 2026<\/div><\/div>          <\/a>        <\/div>                <div class=\"bwg-item\">          <a class=\"bwg-a bwg-album bwg_album_3\"             href='\/index.php?rest_route=%2Fwp%2Fv2%2Fpages%2F5838&#038;type_3=gallery&#038;album_gallery_id_3=1226'                          data-container_id=\"bwg_album_compact_3\"             data-def_type=\"gallery\"             data-album_gallery_id=\"72\"             data-alb_gal_id=\"1226\"             data-title=\"Rando sant\u00e9 \u00e0 Hauterive le 5 janvier 2026\"             data-bwg=\"3\">                        <div class=\"bwg-item0 lazy_loader\">              <div class=\"bwg-item1 \">                <div class=\"bwg-item2\">                  <img decoding=\"async\" class=\"skip-lazy  bwg_lazyload \"                       data-width=\"500.00\"                       data-height=\"333.00\"                       data-src=\"https:\/\/vichyrando.org\/wp-content\/uploads\/photo-gallery\/thumb\/2026-01-05-Hauterive11.jpg?bwg=1767822799\"                       src=\"https:\/\/vichyrando.org\/wp-content\/plugins\/photo-gallery\/images\/lazy_placeholder.gif\"                       alt=\"Rando sant\u00e9 \u00e0 Hauterive le 5 janvier 2026\"                       title=\"Rando sant\u00e9 \u00e0 Hauterive le 5 janvier 2026\" \/>                <\/div>                <div class=\"\">                                  <\/div>              <\/div>            <\/div>            <div class=\"bwg-title1\"><div class=\"bwg-title2\">Rando sant\u00e9 \u00e0 Hauterive le 5 janvier 2026<\/div><\/div>          <\/a>        <\/div>                <div class=\"bwg-item\">          <a class=\"bwg-a bwg-album bwg_album_3\"             href='\/index.php?rest_route=%2Fwp%2Fv2%2Fpages%2F5838&#038;type_3=gallery&#038;album_gallery_id_3=1227'                          data-container_id=\"bwg_album_compact_3\"             data-def_type=\"gallery\"             data-album_gallery_id=\"72\"             data-alb_gal_id=\"1227\"             data-title=\"Journ\u00e9e marche sportive \u00e0 Souvigny le 6 janvier 2026\"             data-bwg=\"3\">                        <div class=\"bwg-item0 lazy_loader\">              <div class=\"bwg-item1 \">                <div class=\"bwg-item2\">                  <img decoding=\"async\" class=\"skip-lazy  bwg_lazyload \"                       data-width=\"472.00\"                       data-height=\"500.00\"                       data-src=\"https:\/\/vichyrando.org\/wp-content\/uploads\/photo-gallery\/thumb\/2026-01-06-Souvigny02.jpg?bwg=1767822882\"                       src=\"https:\/\/vichyrando.org\/wp-content\/plugins\/photo-gallery\/images\/lazy_placeholder.gif\"                       alt=\"Journ\u00e9e marche sportive \u00e0 Souvigny le 6 janvier 2026\"                       title=\"Journ\u00e9e marche sportive \u00e0 Souvigny le 6 janvier 2026\" \/>                <\/div>                <div class=\"\">                                  <\/div>              <\/div>            <\/div>            <div class=\"bwg-title1\"><div class=\"bwg-title2\">Journ\u00e9e marche sportive \u00e0 Souvigny le 6 janvier 2026<\/div><\/div>          <\/a>        <\/div>                <div class=\"bwg-item\">          <a class=\"bwg-a bwg-album bwg_album_3\"             href='\/index.php?rest_route=%2Fwp%2Fv2%2Fpages%2F5838&#038;type_3=gallery&#038;album_gallery_id_3=1228'                          data-container_id=\"bwg_album_compact_3\"             data-def_type=\"gallery\"             data-album_gallery_id=\"72\"             data-alb_gal_id=\"1228\"             data-title=\"Rando 1\/2 journ\u00e9e \u00e0 Serbannes le 6 janvier 2026\"             data-bwg=\"3\">                        <div class=\"bwg-item0 lazy_loader\">              <div class=\"bwg-item1 \">                <div class=\"bwg-item2\">                  <img decoding=\"async\" class=\"skip-lazy  bwg_lazyload \"                       data-width=\"500.00\"                       data-height=\"345.00\"                       data-src=\"https:\/\/vichyrando.org\/wp-content\/uploads\/photo-gallery\/thumb\/2026-01-06-Serbannes02.jpg?bwg=1767822982\"                       src=\"https:\/\/vichyrando.org\/wp-content\/plugins\/photo-gallery\/images\/lazy_placeholder.gif\"                       alt=\"Rando 1\/2 journ\u00e9e \u00e0 Serbannes le 6 janvier 2026\"                       title=\"Rando 1\/2 journ\u00e9e \u00e0 Serbannes le 6 janvier 2026\" \/>                <\/div>                <div class=\"\">                                  <\/div>              <\/div>            <\/div>            <div class=\"bwg-title1\"><div class=\"bwg-title2\">Rando 1\/2 journ\u00e9e \u00e0 Serbannes le 6 janvier 2026<\/div><\/div>          <\/a>        <\/div>                <div class=\"bwg-item\">          <a class=\"bwg-a bwg-album bwg_album_3\"             href='\/index.php?rest_route=%2Fwp%2Fv2%2Fpages%2F5838&#038;type_3=gallery&#038;album_gallery_id_3=1229'                          data-container_id=\"bwg_album_compact_3\"             data-def_type=\"gallery\"             data-album_gallery_id=\"72\"             data-alb_gal_id=\"1229\"             data-title=\"Rando 1\/2 journ\u00e9e \u00e0 Ris (63) le 8 janvier 2026\"             data-bwg=\"3\">                        <div class=\"bwg-item0 lazy_loader\">              <div class=\"bwg-item1 \">                <div class=\"bwg-item2\">                  <img decoding=\"async\" class=\"skip-lazy  bwg_lazyload \"                       data-width=\"500.00\"                       data-height=\"375.00\"                       data-src=\"https:\/\/vichyrando.org\/wp-content\/uploads\/photo-gallery\/thumb\/2026-01-08-Ris02.jpg?bwg=1767981924\"                       src=\"https:\/\/vichyrando.org\/wp-content\/plugins\/photo-gallery\/images\/lazy_placeholder.gif\"                       alt=\"Rando 1\/2 journ\u00e9e \u00e0 Ris (63) le 8 janvier 2026\"                       title=\"Rando 1\/2 journ\u00e9e \u00e0 Ris (63) le 8 janvier 2026\" \/>                <\/div>                <div class=\"\">                                  <\/div>              <\/div>            <\/div>            <div class=\"bwg-title1\"><div class=\"bwg-title2\">Rando 1\/2 journ\u00e9e \u00e0 Ris (63) le 8 janvier 2026<\/div><\/div>          <\/a>        <\/div>                <div class=\"bwg-item\">          <a class=\"bwg-a bwg-album bwg_album_3\"             href='\/index.php?rest_route=%2Fwp%2Fv2%2Fpages%2F5838&#038;type_3=gallery&#038;album_gallery_id_3=1230'                          data-container_id=\"bwg_album_compact_3\"             data-def_type=\"gallery\"             data-album_gallery_id=\"72\"             data-alb_gal_id=\"1230\"             data-title=\"Marche nordique \u00e0 St Germain des Foss\u00e9s le 10 janvier 2026\"             data-bwg=\"3\">                        <div class=\"bwg-item0 lazy_loader\">              <div class=\"bwg-item1 \">                <div class=\"bwg-item2\">                  <img decoding=\"async\" class=\"skip-lazy  bwg_lazyload \"                       data-width=\"500.00\"                       data-height=\"355.00\"                       data-src=\"https:\/\/vichyrando.org\/wp-content\/uploads\/photo-gallery\/thumb\/2026-01-10-StGermain02.jpg?bwg=1768164428\"                       src=\"https:\/\/vichyrando.org\/wp-content\/plugins\/photo-gallery\/images\/lazy_placeholder.gif\"                       alt=\"Marche nordique \u00e0 St Germain des Foss\u00e9s le 10 janvier 2026\"                       title=\"Marche nordique \u00e0 St Germain des Foss\u00e9s le 10 janvier 2026\" \/>                <\/div>                <div class=\"\">                                  <\/div>              <\/div>            <\/div>            <div class=\"bwg-title1\"><div class=\"bwg-title2\">Marche nordique \u00e0 St Germain des Foss\u00e9s le 10 janvier 2026<\/div><\/div>          <\/a>        <\/div>                <div class=\"bwg-item\">          <a class=\"bwg-a bwg-album bwg_album_3\"             href='\/index.php?rest_route=%2Fwp%2Fv2%2Fpages%2F5838&#038;type_3=gallery&#038;album_gallery_id_3=1231'                          data-container_id=\"bwg_album_compact_3\"             data-def_type=\"gallery\"             data-album_gallery_id=\"72\"             data-alb_gal_id=\"1231\"             data-title=\"Rando sant\u00e9 \u00e0 Cognat-Lyonne le 12 janvier 2026\"             data-bwg=\"3\">                        <div class=\"bwg-item0 lazy_loader\">              <div class=\"bwg-item1 \">                <div class=\"bwg-item2\">                  <img decoding=\"async\" class=\"skip-lazy  bwg_lazyload \"                       data-width=\"500.00\"                       data-height=\"281.00\"                       data-src=\"https:\/\/vichyrando.org\/wp-content\/uploads\/photo-gallery\/thumb\/2026-01-12-Cognat14.jpg?bwg=1768321830\"                       src=\"https:\/\/vichyrando.org\/wp-content\/plugins\/photo-gallery\/images\/lazy_placeholder.gif\"                       alt=\"Rando sant\u00e9 \u00e0 Cognat-Lyonne le 12 janvier 2026\"                       title=\"Rando sant\u00e9 \u00e0 Cognat-Lyonne le 12 janvier 2026\" \/>                <\/div>                <div class=\"\">                                  <\/div>              <\/div>            <\/div>            <div class=\"bwg-title1\"><div class=\"bwg-title2\">Rando sant\u00e9 \u00e0 Cognat-Lyonne le 12 janvier 2026<\/div><\/div>          <\/a>        <\/div>                <div class=\"bwg-item\">          <a class=\"bwg-a bwg-album bwg_album_3\"             href='\/index.php?rest_route=%2Fwp%2Fv2%2Fpages%2F5838&#038;type_3=gallery&#038;album_gallery_id_3=1232'                          data-container_id=\"bwg_album_compact_3\"             data-def_type=\"gallery\"             data-album_gallery_id=\"72\"             data-alb_gal_id=\"1232\"             data-title=\"Rando 1\/2 journ\u00e9e \u00e0 Brugheas le 13 janvier 2026\"             data-bwg=\"3\">                        <div class=\"bwg-item0 lazy_loader\">              <div class=\"bwg-item1 \">                <div class=\"bwg-item2\">                  <img decoding=\"async\" class=\"skip-lazy  bwg_lazyload \"                       data-width=\"500.00\"                       data-height=\"281.00\"                       data-src=\"https:\/\/vichyrando.org\/wp-content\/uploads\/photo-gallery\/thumb\/2026-01-13-Brugheas18.jpg?bwg=1768515677\"                       src=\"https:\/\/vichyrando.org\/wp-content\/plugins\/photo-gallery\/images\/lazy_placeholder.gif\"                       alt=\"Rando 1\/2 journ\u00e9e \u00e0 Brugheas le 13 janvier 2026\"                       title=\"Rando 1\/2 journ\u00e9e \u00e0 Brugheas le 13 janvier 2026\" \/>                <\/div>                <div class=\"\">                                  <\/div>              <\/div>            <\/div>            <div class=\"bwg-title1\"><div class=\"bwg-title2\">Rando 1\/2 journ\u00e9e \u00e0 Brugheas le 13 janvier 2026<\/div><\/div>          <\/a>        <\/div>                <div class=\"bwg-item\">          <a class=\"bwg-a bwg-album bwg_album_3\"             href='\/index.php?rest_route=%2Fwp%2Fv2%2Fpages%2F5838&#038;type_3=gallery&#038;album_gallery_id_3=1233'                          data-container_id=\"bwg_album_compact_3\"             data-def_type=\"gallery\"             data-album_gallery_id=\"72\"             data-alb_gal_id=\"1233\"             data-title=\"Journ\u00e9e marche sportive \u00e0 Ussel d&#039;Allier le 13 janvier 2026\"             data-bwg=\"3\">                        <div class=\"bwg-item0 lazy_loader\">              <div class=\"bwg-item1 \">                <div class=\"bwg-item2\">                  <img decoding=\"async\" class=\"skip-lazy  bwg_lazyload \"                       data-width=\"500.00\"                       data-height=\"375.00\"                       data-src=\"https:\/\/vichyrando.org\/wp-content\/uploads\/photo-gallery\/thumb\/2026-01-13-Ussel05.jpg?bwg=1768515778\"                       src=\"https:\/\/vichyrando.org\/wp-content\/plugins\/photo-gallery\/images\/lazy_placeholder.gif\"                       alt=\"Journ\u00e9e marche sportive \u00e0 Ussel d&#039;Allier le 13 janvier 2026\"                       title=\"Journ\u00e9e marche sportive \u00e0 Ussel d&#039;Allier le 13 janvier 2026\" \/>                <\/div>                <div class=\"\">                                  <\/div>              <\/div>            <\/div>            <div class=\"bwg-title1\"><div class=\"bwg-title2\">Journ\u00e9e marche sportive \u00e0 Ussel d'Allier le 13 janvier 2026<\/div><\/div>          <\/a>        <\/div>                <div class=\"bwg-item\">          <a class=\"bwg-a bwg-album bwg_album_3\"             href='\/index.php?rest_route=%2Fwp%2Fv2%2Fpages%2F5838&#038;type_3=gallery&#038;album_gallery_id_3=1234'                          data-container_id=\"bwg_album_compact_3\"             data-def_type=\"gallery\"             data-album_gallery_id=\"72\"             data-alb_gal_id=\"1234\"             data-title=\"Mini rando \u00e0 Creuzier le neuf le 15 janvier 2026\"             data-bwg=\"3\">                        <div class=\"bwg-item0 lazy_loader\">              <div class=\"bwg-item1 \">                <div class=\"bwg-item2\">                  <img decoding=\"async\" class=\"skip-lazy  bwg_lazyload \"                       data-width=\"500.00\"                       data-height=\"290.00\"                       data-src=\"https:\/\/vichyrando.org\/wp-content\/uploads\/photo-gallery\/thumb\/2026-01-15-Creuzier20.jpg?bwg=1768515845\"                       src=\"https:\/\/vichyrando.org\/wp-content\/plugins\/photo-gallery\/images\/lazy_placeholder.gif\"                       alt=\"Mini rando \u00e0 Creuzier le neuf le 15 janvier 2026\"                       title=\"Mini rando \u00e0 Creuzier le neuf le 15 janvier 2026\" \/>                <\/div>                <div class=\"\">                                  <\/div>              <\/div>            <\/div>            <div class=\"bwg-title1\"><div class=\"bwg-title2\">Mini rando \u00e0 Creuzier le neuf le 15 janvier 2026<\/div><\/div>          <\/a>        <\/div>                <div class=\"bwg-item\">          <a class=\"bwg-a bwg-album bwg_album_3\"             href='\/index.php?rest_route=%2Fwp%2Fv2%2Fpages%2F5838&#038;type_3=gallery&#038;album_gallery_id_3=1235'                          data-container_id=\"bwg_album_compact_3\"             data-def_type=\"gallery\"             data-album_gallery_id=\"72\"             data-alb_gal_id=\"1235\"             data-title=\"Rando 1\/2 journ\u00e9e \u00e0 St Quintin sur Sioule le 15 janvier 2026\"             data-bwg=\"3\">                        <div class=\"bwg-item0 lazy_loader\">              <div class=\"bwg-item1 \">                <div class=\"bwg-item2\">                  <img decoding=\"async\" class=\"skip-lazy  bwg_lazyload \"                       data-width=\"500.00\"                       data-height=\"375.00\"                       data-src=\"https:\/\/vichyrando.org\/wp-content\/uploads\/photo-gallery\/thumb\/2026-01-15-StQuintin10.jpg?bwg=1768515967\"                       src=\"https:\/\/vichyrando.org\/wp-content\/plugins\/photo-gallery\/images\/lazy_placeholder.gif\"                       alt=\"Rando 1\/2 journ\u00e9e \u00e0 St Quintin sur Sioule le 15 janvier 2026\"                       title=\"Rando 1\/2 journ\u00e9e \u00e0 St Quintin sur Sioule le 15 janvier 2026\" \/>                <\/div>                <div class=\"\">                                  <\/div>              <\/div>            <\/div>            <div class=\"bwg-title1\"><div class=\"bwg-title2\">Rando 1\/2 journ\u00e9e \u00e0 St Quintin sur Sioule le 15 janvier 2026<\/div><\/div>          <\/a>        <\/div>                <div class=\"bwg-item\">          <a class=\"bwg-a bwg-album bwg_album_3\"             href='\/index.php?rest_route=%2Fwp%2Fv2%2Fpages%2F5838&#038;type_3=gallery&#038;album_gallery_id_3=1236'                          data-container_id=\"bwg_album_compact_3\"             data-def_type=\"gallery\"             data-album_gallery_id=\"72\"             data-alb_gal_id=\"1236\"             data-title=\"Marche nordique au Vernet le 17 janvier 2026\"             data-bwg=\"3\">                        <div class=\"bwg-item0 lazy_loader\">              <div class=\"bwg-item1 \">                <div class=\"bwg-item2\">                  <img decoding=\"async\" class=\"skip-lazy  bwg_lazyload \"                       data-width=\"500.00\"                       data-height=\"296.00\"                       data-src=\"https:\/\/vichyrando.org\/wp-content\/uploads\/photo-gallery\/thumb\/2026-01-17-LeVernet02.jpg?bwg=1768669324\"                       src=\"https:\/\/vichyrando.org\/wp-content\/plugins\/photo-gallery\/images\/lazy_placeholder.gif\"                       alt=\"Marche nordique au Vernet le 17 janvier 2026\"                       title=\"Marche nordique au Vernet le 17 janvier 2026\" \/>                <\/div>                <div class=\"\">                                  <\/div>              <\/div>            <\/div>            <div class=\"bwg-title1\"><div class=\"bwg-title2\">Marche nordique au Vernet le 17 janvier 2026<\/div><\/div>          <\/a>        <\/div>                <div class=\"bwg-item\">          <a class=\"bwg-a bwg-album bwg_album_3\"             href='\/index.php?rest_route=%2Fwp%2Fv2%2Fpages%2F5838&#038;type_3=gallery&#038;album_gallery_id_3=1237'                          data-container_id=\"bwg_album_compact_3\"             data-def_type=\"gallery\"             data-album_gallery_id=\"72\"             data-alb_gal_id=\"1237\"             data-title=\"Rando sant\u00e9 \u00e0 Vichy le 19 janvier 2026\"             data-bwg=\"3\">                        <div class=\"bwg-item0 lazy_loader\">              <div class=\"bwg-item1 \">                <div class=\"bwg-item2\">                  <img decoding=\"async\" class=\"skip-lazy  bwg_lazyload \"                       data-width=\"500.00\"                       data-height=\"375.00\"                       data-src=\"https:\/\/vichyrando.org\/wp-content\/uploads\/photo-gallery\/thumb\/2026-01-19-Vichy01.jpg?bwg=1768855635\"                       src=\"https:\/\/vichyrando.org\/wp-content\/plugins\/photo-gallery\/images\/lazy_placeholder.gif\"                       alt=\"Rando sant\u00e9 \u00e0 Vichy le 19 janvier 2026\"                       title=\"Rando sant\u00e9 \u00e0 Vichy le 19 janvier 2026\" \/>                <\/div>                <div class=\"\">                                  <\/div>              <\/div>            <\/div>            <div class=\"bwg-title1\"><div class=\"bwg-title2\">Rando sant\u00e9 \u00e0 Vichy le 19 janvier 2026<\/div><\/div>          <\/a>        <\/div>                <div class=\"bwg-item\">          <a class=\"bwg-a bwg-album bwg_album_3\"             href='\/index.php?rest_route=%2Fwp%2Fv2%2Fpages%2F5838&#038;type_3=gallery&#038;album_gallery_id_3=1238'                          data-container_id=\"bwg_album_compact_3\"             data-def_type=\"gallery\"             data-album_gallery_id=\"72\"             data-alb_gal_id=\"1238\"             data-title=\"Journ\u00e9e marche sportive \u00e0 Liernolles le 20 janvier 2026\"             data-bwg=\"3\">                        <div class=\"bwg-item0 lazy_loader\">              <div class=\"bwg-item1 \">                <div class=\"bwg-item2\">                  <img decoding=\"async\" class=\"skip-lazy  bwg_lazyload \"                       data-width=\"500.00\"                       data-height=\"260.00\"                       data-src=\"https:\/\/vichyrando.org\/wp-content\/uploads\/photo-gallery\/thumb\/2026-01-20-Liernolles12.jpg?bwg=1769099757\"                       src=\"https:\/\/vichyrando.org\/wp-content\/plugins\/photo-gallery\/images\/lazy_placeholder.gif\"                       alt=\"Journ\u00e9e marche sportive \u00e0 Liernolles le 20 janvier 2026\"                       title=\"Journ\u00e9e marche sportive \u00e0 Liernolles le 20 janvier 2026\" \/>                <\/div>                <div class=\"\">                                  <\/div>              <\/div>            <\/div>            <div class=\"bwg-title1\"><div class=\"bwg-title2\">Journ\u00e9e marche sportive \u00e0 Liernolles le 20 janvier 2026<\/div><\/div>          <\/a>        <\/div>                <div class=\"bwg-item\">          <a class=\"bwg-a bwg-album bwg_album_3\"             href='\/index.php?rest_route=%2Fwp%2Fv2%2Fpages%2F5838&#038;type_3=gallery&#038;album_gallery_id_3=1239'                          data-container_id=\"bwg_album_compact_3\"             data-def_type=\"gallery\"             data-album_gallery_id=\"72\"             data-alb_gal_id=\"1239\"             data-title=\"Rando 1\/2 journ\u00e9e \u00e0 La Chapelle le 20 janvier 2026\"             data-bwg=\"3\">                        <div class=\"bwg-item0 lazy_loader\">              <div class=\"bwg-item1 \">                <div class=\"bwg-item2\">                  <img decoding=\"async\" class=\"skip-lazy  bwg_lazyload \"                       data-width=\"500.00\"                       data-height=\"375.00\"                       data-src=\"https:\/\/vichyrando.org\/wp-content\/uploads\/photo-gallery\/thumb\/2026-01-20-LaChapelle24.jpg?bwg=1769099862\"                       src=\"https:\/\/vichyrando.org\/wp-content\/plugins\/photo-gallery\/images\/lazy_placeholder.gif\"                       alt=\"Rando 1\/2 journ\u00e9e \u00e0 La Chapelle le 20 janvier 2026\"                       title=\"Rando 1\/2 journ\u00e9e \u00e0 La Chapelle le 20 janvier 2026\" \/>                <\/div>                <div class=\"\">                                  <\/div>              <\/div>            <\/div>            <div class=\"bwg-title1\"><div class=\"bwg-title2\">Rando 1\/2 journ\u00e9e \u00e0 La Chapelle le 20 janvier 2026<\/div><\/div>          <\/a>        <\/div>                <div class=\"bwg-item\">          <a class=\"bwg-a bwg-album bwg_album_3\"             href='\/index.php?rest_route=%2Fwp%2Fv2%2Fpages%2F5838&#038;type_3=gallery&#038;album_gallery_id_3=1240'                          data-container_id=\"bwg_album_compact_3\"             data-def_type=\"gallery\"             data-album_gallery_id=\"72\"             data-alb_gal_id=\"1240\"             data-title=\"Mini rando \u00e0 Vendat le 22 janvier 2026\"             data-bwg=\"3\">                        <div class=\"bwg-item0 lazy_loader\">              <div class=\"bwg-item1 \">                <div class=\"bwg-item2\">                  <img decoding=\"async\" class=\"skip-lazy  bwg_lazyload \"                       data-width=\"500.00\"                       data-height=\"256.00\"                       data-src=\"https:\/\/vichyrando.org\/wp-content\/uploads\/photo-gallery\/thumb\/2026-01-22-Vendat16.jpg?bwg=1769100031\"                       src=\"https:\/\/vichyrando.org\/wp-content\/plugins\/photo-gallery\/images\/lazy_placeholder.gif\"                       alt=\"Mini rando \u00e0 Vendat le 22 janvier 2026\"                       title=\"Mini rando \u00e0 Vendat le 22 janvier 2026\" \/>                <\/div>                <div class=\"\">                                  <\/div>              <\/div>            <\/div>            <div class=\"bwg-title1\"><div class=\"bwg-title2\">Mini rando \u00e0 Vendat le 22 janvier 2026<\/div><\/div>          <\/a>        <\/div>                <div class=\"bwg-item\">          <a class=\"bwg-a bwg-album bwg_album_3\"             href='\/index.php?rest_route=%2Fwp%2Fv2%2Fpages%2F5838&#038;type_3=gallery&#038;album_gallery_id_3=1241'                          data-container_id=\"bwg_album_compact_3\"             data-def_type=\"gallery\"             data-album_gallery_id=\"72\"             data-alb_gal_id=\"1241\"             data-title=\"Rando 1\/2 journ\u00e9e \u00e0 Arronnes le 22 janvier 2026\"             data-bwg=\"3\">                        <div class=\"bwg-item0 lazy_loader\">              <div class=\"bwg-item1 \">                <div class=\"bwg-item2\">                  <img decoding=\"async\" class=\"skip-lazy  bwg_lazyload \"                       data-width=\"500.00\"                       data-height=\"375.00\"                       data-src=\"https:\/\/vichyrando.org\/wp-content\/uploads\/photo-gallery\/thumb\/2026-01-22-Arronnes01.jpg?bwg=1769361038\"                       src=\"https:\/\/vichyrando.org\/wp-content\/plugins\/photo-gallery\/images\/lazy_placeholder.gif\"                       alt=\"Rando 1\/2 journ\u00e9e \u00e0 Arronnes le 22 janvier 2026\"                       title=\"Rando 1\/2 journ\u00e9e \u00e0 Arronnes le 22 janvier 2026\" \/>                <\/div>                <div class=\"\">                                  <\/div>              <\/div>            <\/div>            <div class=\"bwg-title1\"><div class=\"bwg-title2\">Rando 1\/2 journ\u00e9e \u00e0 Arronnes le 22 janvier 2026<\/div><\/div>          <\/a>        <\/div>                <div class=\"bwg-item\">          <a class=\"bwg-a bwg-album bwg_album_3\"             href='\/index.php?rest_route=%2Fwp%2Fv2%2Fpages%2F5838&#038;type_3=gallery&#038;album_gallery_id_3=1242'                          data-container_id=\"bwg_album_compact_3\"             data-def_type=\"gallery\"             data-album_gallery_id=\"72\"             data-alb_gal_id=\"1242\"             data-title=\"Marche nordique \u00e0 Creuzier le Vieux le 24 janvier 2026\"             data-bwg=\"3\">                        <div class=\"bwg-item0 lazy_loader\">              <div class=\"bwg-item1 \">                <div class=\"bwg-item2\">                  <img decoding=\"async\" class=\"skip-lazy  bwg_lazyload \"                       data-width=\"500.00\"                       data-height=\"266.00\"                       data-src=\"https:\/\/vichyrando.org\/wp-content\/uploads\/photo-gallery\/thumb\/2026-01-24-Creuzier02.jpg?bwg=1769361141\"                       src=\"https:\/\/vichyrando.org\/wp-content\/plugins\/photo-gallery\/images\/lazy_placeholder.gif\"                       alt=\"Marche nordique \u00e0 Creuzier le Vieux le 24 janvier 2026\"                       title=\"Marche nordique \u00e0 Creuzier le Vieux le 24 janvier 2026\" \/>                <\/div>                <div class=\"\">                                  <\/div>              <\/div>            <\/div>            <div class=\"bwg-title1\"><div class=\"bwg-title2\">Marche nordique \u00e0 Creuzier le Vieux le 24 janvier 2026<\/div><\/div>          <\/a>        <\/div>                <div class=\"bwg-item\">          <a class=\"bwg-a bwg-album bwg_album_3\"             href='\/index.php?rest_route=%2Fwp%2Fv2%2Fpages%2F5838&#038;type_3=gallery&#038;album_gallery_id_3=1243'                          data-container_id=\"bwg_album_compact_3\"             data-def_type=\"gallery\"             data-album_gallery_id=\"72\"             data-alb_gal_id=\"1243\"             data-title=\"Rando sant\u00e9 \u00e0 St Germain des Foss\u00e9s le 26 janvier 2026\"             data-bwg=\"3\">                        <div class=\"bwg-item0 lazy_loader\">              <div class=\"bwg-item1 \">                <div class=\"bwg-item2\">                  <img decoding=\"async\" class=\"skip-lazy  bwg_lazyload \"                       data-width=\"500.00\"                       data-height=\"166.00\"                       data-src=\"https:\/\/vichyrando.org\/wp-content\/uploads\/photo-gallery\/thumb\/2026-01-26-StGermain03.jpg?bwg=1769545765\"                       src=\"https:\/\/vichyrando.org\/wp-content\/plugins\/photo-gallery\/images\/lazy_placeholder.gif\"                       alt=\"Rando sant\u00e9 \u00e0 St Germain des Foss\u00e9s le 26 janvier 2026\"                       title=\"Rando sant\u00e9 \u00e0 St Germain des Foss\u00e9s le 26 janvier 2026\" \/>                <\/div>                <div class=\"\">                                  <\/div>              <\/div>            <\/div>            <div class=\"bwg-title1\"><div class=\"bwg-title2\">Rando sant\u00e9 \u00e0 St Germain des Foss\u00e9s le 26 janvier 2026<\/div><\/div>          <\/a>        <\/div>                <div class=\"bwg-item\">          <a class=\"bwg-a bwg-album bwg_album_3\"             href='\/index.php?rest_route=%2Fwp%2Fv2%2Fpages%2F5838&#038;type_3=gallery&#038;album_gallery_id_3=1244'                          data-container_id=\"bwg_album_compact_3\"             data-def_type=\"gallery\"             data-album_gallery_id=\"72\"             data-alb_gal_id=\"1244\"             data-title=\"Journ\u00e9e rando sportive \u00e0 Montaigu\u00ebt en Forez le 27 janvier 2026\"             data-bwg=\"3\">                        <div class=\"bwg-item0 lazy_loader\">              <div class=\"bwg-item1 \">                <div class=\"bwg-item2\">                  <img decoding=\"async\" class=\"skip-lazy  bwg_lazyload \"                       data-width=\"500.00\"                       data-height=\"375.00\"                       data-src=\"https:\/\/vichyrando.org\/wp-content\/uploads\/photo-gallery\/thumb\/2026-01-27-Montaiguet03.jpg?bwg=1769545843\"                       src=\"https:\/\/vichyrando.org\/wp-content\/plugins\/photo-gallery\/images\/lazy_placeholder.gif\"                       alt=\"Journ\u00e9e rando sportive \u00e0 Montaigu\u00ebt en Forez le 27 janvier 2026\"                       title=\"Journ\u00e9e rando sportive \u00e0 Montaigu\u00ebt en Forez le 27 janvier 2026\" \/>                <\/div>                <div class=\"\">                                  <\/div>              <\/div>            <\/div>            <div class=\"bwg-title1\"><div class=\"bwg-title2\">Journ\u00e9e rando sportive \u00e0 Montaigu\u00ebt en Forez le 27 janvier 2026<\/div><\/div>          <\/a>        <\/div>                <div class=\"bwg-item\">          <a class=\"bwg-a bwg-album bwg_album_3\"             href='\/index.php?rest_route=%2Fwp%2Fv2%2Fpages%2F5838&#038;type_3=gallery&#038;album_gallery_id_3=1247'                          data-container_id=\"bwg_album_compact_3\"             data-def_type=\"gallery\"             data-album_gallery_id=\"72\"             data-alb_gal_id=\"1247\"             data-title=\"Mini rando \u00e0 St Etienne de Vicq le 29 janvier 2026\"             data-bwg=\"3\">                        <div class=\"bwg-item0 lazy_loader\">              <div class=\"bwg-item1 \">                <div class=\"bwg-item2\">                  <img decoding=\"async\" class=\"skip-lazy  bwg_lazyload \"                       data-width=\"500.00\"                       data-height=\"268.00\"                       data-src=\"https:\/\/vichyrando.org\/wp-content\/uploads\/photo-gallery\/thumb\/2026-01-29-StEtienne09.jpg?bwg=1769723255\"                       src=\"https:\/\/vichyrando.org\/wp-content\/plugins\/photo-gallery\/images\/lazy_placeholder.gif\"                       alt=\"Mini rando \u00e0 St Etienne de Vicq le 29 janvier 2026\"                       title=\"Mini rando \u00e0 St Etienne de Vicq le 29 janvier 2026\" \/>                <\/div>                <div class=\"\">                                  <\/div>              <\/div>            <\/div>            <div class=\"bwg-title1\"><div class=\"bwg-title2\">Mini rando \u00e0 St Etienne de Vicq le 29 janvier 2026<\/div><\/div>          <\/a>        <\/div>                <div class=\"bwg-item\">          <a class=\"bwg-a bwg-album bwg_album_3\"             href='\/index.php?rest_route=%2Fwp%2Fv2%2Fpages%2F5838&#038;type_3=gallery&#038;album_gallery_id_3=1248'                          data-container_id=\"bwg_album_compact_3\"             data-def_type=\"gallery\"             data-album_gallery_id=\"72\"             data-alb_gal_id=\"1248\"             data-title=\"Rando 1\/2 journ\u00e9e au Breuil le 29 janvier 2026\"             data-bwg=\"3\">                        <div class=\"bwg-item0 lazy_loader\">              <div class=\"bwg-item1 \">                <div class=\"bwg-item2\">                  <img decoding=\"async\" class=\"skip-lazy  bwg_lazyload \"                       data-width=\"500.00\"                       data-height=\"379.00\"                       data-src=\"https:\/\/vichyrando.org\/wp-content\/uploads\/photo-gallery\/thumb\/2026-01-29-LeBreuil12.jpg?bwg=1769856575\"                       src=\"https:\/\/vichyrando.org\/wp-content\/plugins\/photo-gallery\/images\/lazy_placeholder.gif\"                       alt=\"Rando 1\/2 journ\u00e9e au Breuil le 29 janvier 2026\"                       title=\"Rando 1\/2 journ\u00e9e au Breuil le 29 janvier 2026\" \/>                <\/div>                <div class=\"\">                                  <\/div>              <\/div>            <\/div>            <div class=\"bwg-title1\"><div class=\"bwg-title2\">Rando 1\/2 journ\u00e9e au Breuil le 29 janvier 2026<\/div><\/div>          <\/a>        <\/div>                <div class=\"bwg-item\">          <a class=\"bwg-a bwg-album bwg_album_3\"             href='\/index.php?rest_route=%2Fwp%2Fv2%2Fpages%2F5838&#038;type_3=gallery&#038;album_gallery_id_3=1249'                          data-container_id=\"bwg_album_compact_3\"             data-def_type=\"gallery\"             data-album_gallery_id=\"72\"             data-alb_gal_id=\"1249\"             data-title=\"Marche nordique \u00e0 Vendat le 31 janvier 2026\"             data-bwg=\"3\">                        <div class=\"bwg-item0 lazy_loader\">              <div class=\"bwg-item1 \">                <div class=\"bwg-item2\">                  <img decoding=\"async\" class=\"skip-lazy  bwg_lazyload \"                       data-width=\"500.00\"                       data-height=\"225.00\"                       data-src=\"https:\/\/vichyrando.org\/wp-content\/uploads\/photo-gallery\/thumb\/2026-01-31-Vendat01.jpg?bwg=1769868788\"                       src=\"https:\/\/vichyrando.org\/wp-content\/plugins\/photo-gallery\/images\/lazy_placeholder.gif\"                       alt=\"Marche nordique \u00e0 Vendat le 31 janvier 2026\"                       title=\"Marche nordique \u00e0 Vendat le 31 janvier 2026\" \/>                <\/div>                <div class=\"\">                                  <\/div>              <\/div>            <\/div>            <div class=\"bwg-title1\"><div class=\"bwg-title2\">Marche nordique \u00e0 Vendat le 31 janvier 2026<\/div><\/div>          <\/a>        <\/div>            <\/div>          <input type=\"hidden\" id=\"bwg_album_breadcrumb_3\" name=\"bwg_album_breadcrumb_3\" value='[{&quot;id&quot;:&quot;72&quot;,&quot;page&quot;:1}]' \/>    <style>      \/*pagination styles*\/      #bwg_container1_3 #bwg_container2_3 .tablenav-pages_3 {\t\t\t\ttext-align: center;\t\t\t\tfont-size: 12px;\t\t\t\tfont-family: Ubuntu;\t\t\t\tfont-weight: bold;\t\t\t\tcolor: #666666;\t\t\t\tmargin: 6px 0 4px;\t\t\t\tdisplay: block;      }      @media only screen and (max-width : 320px) {      #bwg_container1_3 #bwg_container2_3 .displaying-num_3 {     \t display: none;      }      }      #bwg_container1_3 #bwg_container2_3 .displaying-num_3 {\t\t\t\tfont-size: 12px;\t\t\t\tfont-family: Ubuntu;\t\t\t\tfont-weight: bold;\t\t\t\tcolor: #666666;\t\t\t\tmargin-right: 10px;\t\t\t\tvertical-align: middle;      }      #bwg_container1_3 #bwg_container2_3 .paging-input_3 {\t\t\t\tfont-size: 12px;\t\t\t\tfont-family: Ubuntu;\t\t\t\tfont-weight: bold;\t\t\t\tcolor: #666666;\t\t\t\tvertical-align: middle;      }      #bwg_container1_3 #bwg_container2_3 .tablenav-pages_3 a.disabled,      #bwg_container1_3 #bwg_container2_3 .tablenav-pages_3 a.disabled:hover,      #bwg_container1_3 #bwg_container2_3 .tablenav-pages_3 a.disabled:focus,\t\t\t#bwg_container1_3 #bwg_container2_3 .tablenav-pages_3 input.bwg_current_page {\t\t\t\tcursor: default;\t\t\t\tcolor: rgba(102, 102, 102, 0.5);      }      #bwg_container1_3 #bwg_container2_3 .tablenav-pages_3 a,      #bwg_container1_3 #bwg_container2_3 .tablenav-pages_3 input.bwg_current_page {\t\t\t\tcursor: pointer;\t\t\t\ttext-align: center;\t\t\t\tfont-size: 12px;\t\t\t\tfont-family: Ubuntu;\t\t\t\tfont-weight: bold;\t\t\t\tcolor: #666666;\t\t\t\ttext-decoration: none;\t\t\t\tpadding: 3px 6px;\t\t\t\tmargin: 0;\t\t\t\tborder-radius: 0;\t\t\t\tborder-style: solid;\t\t\t\tborder-width: 1px;\t\t\t\tborder-color: #E3E3E3;\t\t\t\t\t\t\t\tbackground-color: rgba(255, 255, 255, 1.00);\t\t\t\tbox-shadow: 0;\t\t\t\ttransition: all 0.3s ease 0s;-webkit-transition: all 0.3s ease 0s;      }      <\/style>      <span class=\"bwg_nav_cont_3\">              <div class=\"tablenav-pages_3\">                  <\/div>                <input type=\"hidden\" id=\"page_number_3\" name=\"page_number_3\" value=\"1\" \/>      <script type=\"text\/javascript\">        if( jQuery('.bwg_nav_cont_3').length > 1 ) {          jQuery('.bwg_nav_cont_3').first().remove()        }        function spider_page_3(cur, x, y, load_more) {          if (typeof load_more == \"undefined\") {            var load_more = false;          }          if (jQuery(cur).hasClass('disabled')) {            return false;          }          var items_county_3 = 1;          switch (y) {            case 1:              if (x >= items_county_3) {                document.getElementById('page_number_3').value = items_county_3;              }              else {                document.getElementById('page_number_3').value = x + 1;              }              break;            case 2:              document.getElementById('page_number_3').value = items_county_3;              break;            case -1:              if (x == 1) {                document.getElementById('page_number_3').value = 1;              }              else {                document.getElementById('page_number_3').value = x - 1;              }              break;            case -2:              document.getElementById('page_number_3').value = 1;              break;\t\t\t\t\t\tcase 0:              document.getElementById('page_number_3').value = x;              break;            default:              document.getElementById('page_number_3').value = 1;          }          bwg_ajax('gal_front_form_3', '3', 'bwg_album_compact_3', '72', '', 'album', 0, '', '', load_more, '', 1);        }                    jQuery('.first-page-3').on('click', function () {              spider_page_3(this, 1, -2, 'numeric');              return false;            });            jQuery('.prev-page-3').on('click', function () {              spider_page_3(this, 1, -1, 'numeric');              return false;            });            jQuery('.next-page-3').on('click', function () {              spider_page_3(this, 1, 1, 'numeric');              return false;            });            jQuery('.last-page-3').on('click', function () {              spider_page_3(this, 1, 2, 'numeric');              return false;            });        \t\t\t\t\/* Change page on input enter. *\/        function bwg_change_page_3( e, that ) {          if (  e.key == 'Enter' ) {            var to_page = parseInt(jQuery(that).val());            var pages_count = jQuery(that).parents(\".pagination-links\").data(\"pages-count\");            var current_url_param = jQuery(that).attr('data-url-info');            if (to_page > pages_count) {              to_page = 1;            }\t \t\t\t\t\t\t\t\t\t\t\t\tspider_page_3(this, to_page, 0, 'numeric');\t\t\t\t\t\t\treturn false;\t\t\t\t\t\t          }          return true;        }        jQuery('.bwg_load_btn_3').on('click', function () {            spider_page_3(this, 1, 1, true);            return false;        });      <\/script>      <\/span>                <\/div>        <\/form>        <style>          #bwg_container1_3 #bwg_container2_3 #spider_popup_overlay_3 {          background-color: #EEEEEE;          opacity: 0.60;          }          <\/style>        <div id=\"bwg_spider_popup_loading_3\" class=\"bwg_spider_popup_loading\"><\/div>        <div id=\"spider_popup_overlay_3\" class=\"spider_popup_overlay\" onclick=\"spider_destroypopup(1000)\"><\/div>        <input type=\"hidden\" id=\"bwg_random_seed_3\" value=\"1290210949\">                <\/div>    <\/div>    <script>      if (document.readyState === 'complete') {        if( typeof bwg_main_ready == 'function' ) {          if ( jQuery(\"#bwg_container1_3\").height() ) {            bwg_main_ready(jQuery(\"#bwg_container1_3\"));          }        }      } else {        document.addEventListener('DOMContentLoaded', function() {          if( typeof bwg_main_ready == 'function' ) {            if ( jQuery(\"#bwg_container1_3\").height() ) {             bwg_main_ready(jQuery(\"#bwg_container1_3\"));            }          }        });      }    <\/script>    \t\t<\/div>\n\t\t\t\t<\/div>\n\t\t\t\t\t<\/div>\n\t\t<\/div>\n\t\t\t\t\t<\/div>\n\t\t<\/section>\n\t\t\t\t<section class=\"elementor-section elementor-top-section elementor-element elementor-element-2f3e9fb5 elementor-section-full_width elementor-section-height-full ks-position-fixed-cover ks-zindex-minus999 elementor-section-height-default elementor-section-items-middle\" data-id=\"2f3e9fb5\" data-element_type=\"section\" data-settings=\"{&quot;background_background&quot;:&quot;classic&quot;}\">\n\t\t\t\t\t\t\t<div class=\"elementor-background-overlay\"><\/div>\n\t\t\t\t\t\t\t<div class=\"elementor-container elementor-column-gap-default\">\n\t\t\t\t\t<div class=\"elementor-column elementor-col-100 elementor-top-column elementor-element elementor-element-b9547aa\" data-id=\"b9547aa\" data-element_type=\"column\">\n\t\t\t<div class=\"elementor-widget-wrap\">\n\t\t\t\t\t\t\t<\/div>\n\t\t<\/div>\n\t\t\t\t\t<\/div>\n\t\t<\/section>\n\t\t\t\t<\/div>\n\t\t","protected":false},"excerpt":{"rendered":"<p>Nos Photos Avril 2026 No results found. Mars 2026 Rando sant\u00e9 au Vernet le 2 mars 2026 Rando 1\/2 journ\u00e9e \u00e0 St F\u00e9lix le 3 mars 2026 Journ\u00e9e marche sportive \u00e0 Vollore Montagne (63) le 3 mars 2026 Mini rando \u00e0 Arronnes le 5 mars 2026 Marche nordique \u00e0 Bellerive le 7 mars 2026 Rando&hellip;&nbsp;<a href=\"https:\/\/vichyrando.org\/?page_id=5838\" class=\"\" rel=\"bookmark\">Lire la suite &raquo;<span class=\"screen-reader-text\">Galeries 2026<\/span><\/a><\/p>\n","protected":false},"author":2,"featured_media":0,"parent":0,"menu_order":0,"comment_status":"closed","ping_status":"closed","template":"elementor_canvas","meta":{"neve_meta_sidebar":"full-width","neve_meta_container":"","neve_meta_enable_content_width":"on","neve_meta_content_width":100,"neve_meta_title_alignment":"","neve_meta_author_avatar":"","neve_post_elements_order":"","neve_meta_disable_header":"","neve_meta_disable_footer":"","neve_meta_disable_title":"","footnotes":""},"class_list":["post-5838","page","type-page","status-publish","hentry"],"_links":{"self":[{"href":"https:\/\/vichyrando.org\/index.php?rest_route=\/wp\/v2\/pages\/5838"}],"collection":[{"href":"https:\/\/vichyrando.org\/index.php?rest_route=\/wp\/v2\/pages"}],"about":[{"href":"https:\/\/vichyrando.org\/index.php?rest_route=\/wp\/v2\/types\/page"}],"author":[{"embeddable":true,"href":"https:\/\/vichyrando.org\/index.php?rest_route=\/wp\/v2\/users\/2"}],"replies":[{"embeddable":true,"href":"https:\/\/vichyrando.org\/index.php?rest_route=%2Fwp%2Fv2%2Fcomments&post=5838"}],"version-history":[{"count":16,"href":"https:\/\/vichyrando.org\/index.php?rest_route=\/wp\/v2\/pages\/5838\/revisions"}],"predecessor-version":[{"id":6096,"href":"https:\/\/vichyrando.org\/index.php?rest_route=\/wp\/v2\/pages\/5838\/revisions\/6096"}],"wp:attachment":[{"href":"https:\/\/vichyrando.org\/index.php?rest_route=%2Fwp%2Fv2%2Fmedia&parent=5838"}],"curies":[{"name":"wp","href":"https:\/\/api.w.org\/{rel}","templated":true}]}}