{"id":5836,"date":"2025-12-29T11:07:37","date_gmt":"2025-12-29T10:07:37","guid":{"rendered":"https:\/\/vichyrando.org\/?page_id=5836"},"modified":"2025-12-29T11:11:35","modified_gmt":"2025-12-29T10:11:35","slug":"galeries-2025-juillet-decembre","status":"publish","type":"page","link":"https:\/\/vichyrando.org\/?page_id=5836","title":{"rendered":"Galeries 2025 (juillet &#8211; d\u00e9cembre)"},"content":{"rendered":"\t\t<div data-elementor-type=\"wp-page\" data-elementor-id=\"5836\" class=\"elementor elementor-5836\">\n\t\t\t\t\t\t<section class=\"elementor-section elementor-top-section elementor-element elementor-element-78797e44 elementor-section-height-min-height elementor-section-boxed elementor-section-height-default elementor-section-items-middle\" data-id=\"78797e44\" data-element_type=\"section\" data-settings=\"{&quot;background_background&quot;:&quot;classic&quot;}\">\n\t\t\t\t\t\t\t<div class=\"elementor-background-overlay\"><\/div>\n\t\t\t\t\t\t\t<div class=\"elementor-container elementor-column-gap-default\">\n\t\t\t\t\t<div class=\"elementor-column elementor-col-100 elementor-top-column elementor-element elementor-element-44b2651d\" data-id=\"44b2651d\" data-element_type=\"column\">\n\t\t\t<div class=\"elementor-widget-wrap elementor-element-populated\">\n\t\t\t\t\t\t<div class=\"elementor-element elementor-element-3b7ab4c2 elementor-widget elementor-widget-heading\" data-id=\"3b7ab4c2\" data-element_type=\"widget\" data-widget_type=\"heading.default\">\n\t\t\t\t<div class=\"elementor-widget-container\">\n\t\t\t<span class=\"elementor-heading-title elementor-size-large\">Nos Photos<\/span>\t\t<\/div>\n\t\t\t\t<\/div>\n\t\t\t\t\t<\/div>\n\t\t<\/div>\n\t\t\t\t\t<\/div>\n\t\t<\/section>\n\t\t\t\t<section class=\"elementor-section elementor-top-section elementor-element elementor-element-8a5133b elementor-section-boxed elementor-section-height-default elementor-section-height-default\" data-id=\"8a5133b\" data-element_type=\"section\">\n\t\t\t\t\t\t<div class=\"elementor-container elementor-column-gap-default\">\n\t\t\t\t\t<div class=\"elementor-column elementor-col-100 elementor-top-column elementor-element elementor-element-909bd56\" data-id=\"909bd56\" data-element_type=\"column\">\n\t\t\t<div class=\"elementor-widget-wrap elementor-element-populated\">\n\t\t\t\t    <style>\n      .elementor-control-bwg_view_type_shortcode .elementor-control-input-wrapper,\n      .elementor-control-bwg_elementor_shortcode input {\n        visibility: hidden;\n      }\n      .elementor-control-bwg_elementor_shortcode input {\n        height: 0;\n      }\n      .elementor-control a.bwg-shortcode-btn {\n        text-decoration: none;\n        border-bottom:none;\n      }\n    <\/style>\n    \t\t<div class=\"elementor-element elementor-element-9ed386d elementor-widget elementor-widget-bwg-elementor\" data-id=\"9ed386d\" data-element_type=\"widget\" data-widget_type=\"bwg-elementor.default\">\n\t\t\t\t<div class=\"elementor-widget-container\">\n\t\t\t<style id=\"bwg-style-0\">    #bwg_container1_0 #bwg_container2_0 .bwg-container-0.bwg-album-thumbnails {    width: 1254px;    justify-content: center;            justify-content: center;        margin:0 auto !important;          background-color: rgba(255, 255, 255, 0.00);          padding-left: 4px;      padding-top: 4px;      max-width: 100%;          }        #bwg_container1_0 #bwg_container2_0 .bwg-container-0.bwg-album-thumbnails .bwg-item {    justify-content: flex-start;    max-width: 250px;        }    #bwg_container1_0 #bwg_container2_0 .bwg-container-0.bwg-album-thumbnails .bwg-item a {      margin-right: 4px;      margin-bottom: 4px;    }    #bwg_container1_0 #bwg_container2_0 .bwg-container-0.bwg-album-thumbnails .bwg-item0 {      padding: 0px;            background-color:rgba(0,0,0, 0.30);      border: 0px none #CCCCCC;      opacity: 1.00;      border-radius: 0;      box-shadow: 0px 0px 0px #888888;    }    #bwg_container1_0 #bwg_container2_0 .bwg-container-0.bwg-album-thumbnails .bwg-item1 img {      max-height: none;      max-width: none;      padding: 0 !important;    }          @media only screen and (min-width: 480px) {      #bwg_container1_0 #bwg_container2_0 .bwg-container-0.bwg-album-thumbnails .bwg-item1 img {      -webkit-transition: all .3s; transition: all .3s;      }      #bwg_container1_0 #bwg_container2_0 .bwg-container-0.bwg-album-thumbnails .bwg-item1 img:hover {        -ms-transform: scale(1.08);        -webkit-transform: scale(1.08);        transform: scale(1.08);      }            }          #bwg_container1_0 #bwg_container2_0 .bwg-container-0.bwg-album-thumbnails .bwg-item1 {      padding-top: 56%;    }        #bwg_container1_0 #bwg_container2_0 .bwg-container-0.bwg-album-thumbnails .bwg-title2 {      color: #323A45;      font-family: Ubuntu;      font-size: 16px;      font-weight: bold;      padding: 2px;      text-shadow: 0px 0px 0px #888888;      max-height: 100%;    }        #bwg_container1_0 #bwg_container2_0 .bwg-container-0.bwg-standard-thumbnails {      width: 1254px;              justify-content: center;        margin:0 auto !important;              background-color: rgba(255, 255, 255, 0.00);            padding-left: 4px;      padding-top: 4px;      max-width: 100%;            }        #bwg_container1_0 #bwg_container2_0 .bwg-container-0.bwg-standard-thumbnails .bwg-item {    justify-content: flex-start;      max-width: 250px;          }    #bwg_container1_0 #bwg_container2_0 .bwg-container-0.bwg-standard-thumbnails .bwg-item a {       margin-right: 4px;       margin-bottom: 4px;    }    #bwg_container1_0 #bwg_container2_0 .bwg-container-0.bwg-standard-thumbnails .bwg-item0 {      padding: 0px;            background-color:rgba(0,0,0, 0.30);      border: 0px none #CCCCCC;      opacity: 1.00;      border-radius: 0;      box-shadow: 0px 0px 0px #888888;    }    #bwg_container1_0 #bwg_container2_0 .bwg-container-0.bwg-standard-thumbnails .bwg-item1 img {      max-height: none;      max-width: none;      padding: 0 !important;    }         @media only screen and (min-width: 480px) {\t\t#bwg_container1_0 #bwg_container2_0 .bwg-container-0.bwg-standard-thumbnails .bwg-item1 img {\t\t\t-webkit-transition: all .3s; transition: all .3s;\t\t}\t\t#bwg_container1_0 #bwg_container2_0 .bwg-container-0.bwg-standard-thumbnails .bwg-item1 img:hover {\t\t\t-ms-transform: scale(1.08);\t\t\t-webkit-transform: scale(1.08);\t\t\ttransform: scale(1.08);\t\t}\t\t      }\t    #bwg_container1_0 #bwg_container2_0 .bwg-container-0.bwg-standard-thumbnails .bwg-item1 {      padding-top: 56%;    }        #bwg_container1_0 #bwg_container2_0 .bwg-container-0.bwg-standard-thumbnails .bwg-title2,    #bwg_container1_0 #bwg_container2_0 .bwg-container-0.bwg-standard-thumbnails .bwg-ecommerce2 {      color: #323A45;      font-family: Ubuntu;      font-size: 16px;      font-weight: bold;      padding: 2px;      text-shadow: 0px 0px 0px #888888;      max-height: 100%;    }    #bwg_container1_0 #bwg_container2_0 .bwg-container-0.bwg-standard-thumbnails .bwg-thumb-description span {    color: #323A45;    font-family: Ubuntu;    font-size: 12px;    max-height: 100%;    word-wrap: break-word;    }    #bwg_container1_0 #bwg_container2_0 .bwg-container-0.bwg-standard-thumbnails .bwg-play-icon2 {      font-size: 32px;    }    #bwg_container1_0 #bwg_container2_0 .bwg-container-0.bwg-standard-thumbnails .bwg-ecommerce2 {      font-size: 19.2px;      color: #323A45;    }    <\/style>    <div id=\"bwg_container1_0\"         class=\"bwg_container bwg_thumbnail bwg_album_compact_preview bwg_thumbnail\"         data-right-click-protection=\"0\"         data-bwg=\"0\"         data-scroll=\"0\"         data-gallery-type=\"album_compact_preview\"         data-gallery-view-type=\"thumbnail\"         data-current-url=\"\/index.php?rest_route=%2Fwp%2Fv2%2Fpages%2F5836\"         data-lightbox-url=\"https:\/\/vichyrando.org\/wp-admin\/admin-ajax.php?action=GalleryBox&#038;current_view=0&#038;gallery_id=0&#038;tag=0&#038;theme_id=1&#038;shortcode_id=1441&#038;sort_by=order&#038;order_by=asc&#038;current_url=%2Findex.php%3Frest_route%3D%252Fwp%252Fv2%252Fpages%252F5836\"         data-gallery-id=\"0\"         data-popup-width=\"800\"         data-popup-height=\"500\"         data-is-album=\"album\"         data-buttons-position=\"bottom\">      <div id=\"bwg_container2_0\">             <div id=\"ajax_loading_0\" class=\"bwg_loading_div_1\">      <div class=\"bwg_loading_div_2\">        <div class=\"bwg_loading_div_3\">          <div id=\"loading_div_0\" class=\"bwg_spider_ajax_loading\">          <\/div>        <\/div>      <\/div>    <\/div>            <form id=\"gal_front_form_0\"              class=\"bwg-hidden\"              method=\"post\"              action=\"#\"              data-current=\"0\"              data-shortcode-id=\"1441\"              data-gallery-type=\"album_compact_preview\"              data-gallery-id=\"0\"              data-tag=\"0\"              data-album-id=\"71\"              data-theme-id=\"1\"              data-ajax-url=\"https:\/\/vichyrando.org\/wp-admin\/admin-ajax.php?action=bwg_frontend_data\">          <div id=\"bwg_container3_0\" class=\"bwg-background bwg-background-0\">            <style>        #bwg_container1_0 #bwg_container2_0 .bwg_gal_title_0 {          display: block;          padding: 0 2px 2px 2px;          background-color: rgba(0, 0, 0, 0);          line-height: 20px;          font-family: Ubuntu;          font-size: 18px;          font-weight: bold;          color: #323A45;          text-shadow: 0px 0px 0px #888888;          text-align: center;        }        #bwg_container1_0 #bwg_container2_0 .bwg_gal_description_0 {          margin: 20px 0;          word-break: break-word;          text-align: justify;          font-size: 15px;          font-weight: unset;        }        <\/style>        <div class=\"bwg_gal_title_0\">D\u00e9cembre 2025<\/div>            <div data-max-count=\"5\"         data-thumbnail-width=\"250\"         data-bwg=\"0\"         id=\"bwg_album_compact_0\"         class=\"bwg-thumbnails bwg-container bwg-container-0 bwg-album-thumbnails bwg_album_thumbnails_0\">              <div class=\"bwg-item\">          <a class=\"bwg-a bwg-album bwg_album_0\"             href='\/index.php?rest_route=%2Fwp%2Fv2%2Fpages%2F5836&#038;type_0=gallery&#038;album_gallery_id_0=1205'                          data-container_id=\"bwg_album_compact_0\"             data-def_type=\"gallery\"             data-album_gallery_id=\"71\"             data-alb_gal_id=\"1205\"             data-title=\"Rando sant\u00e9 \u00e0 St R\u00e9my en Rollat le 1er d\u00e9cembre 2025\"             data-bwg=\"0\">                        <div class=\"bwg-item0 lazy_loader\">              <div class=\"bwg-item1 \">                <div class=\"bwg-item2\">                  <img decoding=\"async\" class=\"skip-lazy  bwg_lazyload \"                       data-width=\"500.00\"                       data-height=\"333.00\"                       data-src=\"https:\/\/vichyrando.org\/wp-content\/uploads\/photo-gallery\/thumb\/2025-12-01-StRemy11.jpg?bwg=1764698791\"                       src=\"https:\/\/vichyrando.org\/wp-content\/plugins\/photo-gallery\/images\/lazy_placeholder.gif\"                       alt=\"Rando sant\u00e9 \u00e0 St R\u00e9my en Rollat le 1er d\u00e9cembre 2025\"                       title=\"Rando sant\u00e9 \u00e0 St R\u00e9my en Rollat le 1er d\u00e9cembre 2025\" \/>                <\/div>                <div class=\"\">                                  <\/div>              <\/div>            <\/div>            <div class=\"bwg-title1\"><div class=\"bwg-title2\">Rando sant\u00e9 \u00e0 St R\u00e9my en Rollat le 1er d\u00e9cembre 2025<\/div><\/div>          <\/a>        <\/div>                <div class=\"bwg-item\">          <a class=\"bwg-a bwg-album bwg_album_0\"             href='\/index.php?rest_route=%2Fwp%2Fv2%2Fpages%2F5836&#038;type_0=gallery&#038;album_gallery_id_0=1206'                          data-container_id=\"bwg_album_compact_0\"             data-def_type=\"gallery\"             data-album_gallery_id=\"71\"             data-alb_gal_id=\"1206\"             data-title=\"Journ\u00e9e marche sportive et Beaujolais \u00e0 St Cl\u00e9ment le 2 d\u00e9cembre 2025\"             data-bwg=\"0\">                        <div class=\"bwg-item0 lazy_loader\">              <div class=\"bwg-item1 \">                <div class=\"bwg-item2\">                  <img decoding=\"async\" class=\"skip-lazy  bwg_lazyload \"                       data-width=\"500.00\"                       data-height=\"375.00\"                       data-src=\"https:\/\/vichyrando.org\/wp-content\/uploads\/photo-gallery\/thumb\/2025-12-02-StClement13.jpg?bwg=1765053318\"                       src=\"https:\/\/vichyrando.org\/wp-content\/plugins\/photo-gallery\/images\/lazy_placeholder.gif\"                       alt=\"Journ\u00e9e marche sportive et Beaujolais \u00e0 St Cl\u00e9ment le 2 d\u00e9cembre 2025\"                       title=\"Journ\u00e9e marche sportive et Beaujolais \u00e0 St Cl\u00e9ment le 2 d\u00e9cembre 2025\" \/>                <\/div>                <div class=\"\">                                  <\/div>              <\/div>            <\/div>            <div class=\"bwg-title1\"><div class=\"bwg-title2\">Journ\u00e9e marche sportive et Beaujolais \u00e0 St Cl\u00e9ment le 2 d\u00e9cembre 2025<\/div><\/div>          <\/a>        <\/div>                <div class=\"bwg-item\">          <a class=\"bwg-a bwg-album bwg_album_0\"             href='\/index.php?rest_route=%2Fwp%2Fv2%2Fpages%2F5836&#038;type_0=gallery&#038;album_gallery_id_0=1207'                          data-container_id=\"bwg_album_compact_0\"             data-def_type=\"gallery\"             data-album_gallery_id=\"71\"             data-alb_gal_id=\"1207\"             data-title=\"Marche nordique \u00e0 Droiturier le 2 d\u00e9cembre 2025\"             data-bwg=\"0\">                        <div class=\"bwg-item0 lazy_loader\">              <div class=\"bwg-item1 \">                <div class=\"bwg-item2\">                  <img decoding=\"async\" class=\"skip-lazy  bwg_lazyload \"                       data-width=\"500.00\"                       data-height=\"304.00\"                       data-src=\"https:\/\/vichyrando.org\/wp-content\/uploads\/photo-gallery\/thumb\/2025-12-02-Droiturier02.jpg?bwg=1765053446\"                       src=\"https:\/\/vichyrando.org\/wp-content\/plugins\/photo-gallery\/images\/lazy_placeholder.gif\"                       alt=\"Marche nordique \u00e0 Droiturier le 2 d\u00e9cembre 2025\"                       title=\"Marche nordique \u00e0 Droiturier le 2 d\u00e9cembre 2025\" \/>                <\/div>                <div class=\"\">                                  <\/div>              <\/div>            <\/div>            <div class=\"bwg-title1\"><div class=\"bwg-title2\">Marche nordique \u00e0 Droiturier le 2 d\u00e9cembre 2025<\/div><\/div>          <\/a>        <\/div>                <div class=\"bwg-item\">          <a class=\"bwg-a bwg-album bwg_album_0\"             href='\/index.php?rest_route=%2Fwp%2Fv2%2Fpages%2F5836&#038;type_0=gallery&#038;album_gallery_id_0=1208'                          data-container_id=\"bwg_album_compact_0\"             data-def_type=\"gallery\"             data-album_gallery_id=\"71\"             data-alb_gal_id=\"1208\"             data-title=\"Rando 1\/2 \u00e0 Blot l&#039;\u00e9glise (63) le 4 d\u00e9cembre 2025\"             data-bwg=\"0\">                        <div class=\"bwg-item0 lazy_loader\">              <div class=\"bwg-item1 \">                <div class=\"bwg-item2\">                  <img decoding=\"async\" class=\"skip-lazy  bwg_lazyload \"                       data-width=\"500.00\"                       data-height=\"298.00\"                       data-src=\"https:\/\/vichyrando.org\/wp-content\/uploads\/photo-gallery\/thumb\/2025-12-04-Blot01.jpg?bwg=1765053513\"                       src=\"https:\/\/vichyrando.org\/wp-content\/plugins\/photo-gallery\/images\/lazy_placeholder.gif\"                       alt=\"Rando 1\/2 \u00e0 Blot l&#039;\u00e9glise (63) le 4 d\u00e9cembre 2025\"                       title=\"Rando 1\/2 \u00e0 Blot l&#039;\u00e9glise (63) le 4 d\u00e9cembre 2025\" \/>                <\/div>                <div class=\"\">                                  <\/div>              <\/div>            <\/div>            <div class=\"bwg-title1\"><div class=\"bwg-title2\">Rando 1\/2 \u00e0 Blot l'\u00e9glise (63) le 4 d\u00e9cembre 2025<\/div><\/div>          <\/a>        <\/div>                <div class=\"bwg-item\">          <a class=\"bwg-a bwg-album bwg_album_0\"             href='\/index.php?rest_route=%2Fwp%2Fv2%2Fpages%2F5836&#038;type_0=gallery&#038;album_gallery_id_0=1209'                          data-container_id=\"bwg_album_compact_0\"             data-def_type=\"gallery\"             data-album_gallery_id=\"71\"             data-alb_gal_id=\"1209\"             data-title=\"Marche nordique nocturne \u00e0 Vichy le 4 d\u00e9cembre 2025\"             data-bwg=\"0\">                        <div class=\"bwg-item0 lazy_loader\">              <div class=\"bwg-item1 \">                <div class=\"bwg-item2\">                  <img decoding=\"async\" class=\"skip-lazy  bwg_lazyload \"                       data-width=\"500.00\"                       data-height=\"395.00\"                       data-src=\"https:\/\/vichyrando.org\/wp-content\/uploads\/photo-gallery\/thumb\/2025-12-04-Vichy-nocturne02.jpg?bwg=1765053592\"                       src=\"https:\/\/vichyrando.org\/wp-content\/plugins\/photo-gallery\/images\/lazy_placeholder.gif\"                       alt=\"Marche nordique nocturne \u00e0 Vichy le 4 d\u00e9cembre 2025\"                       title=\"Marche nordique nocturne \u00e0 Vichy le 4 d\u00e9cembre 2025\" \/>                <\/div>                <div class=\"\">                                  <\/div>              <\/div>            <\/div>            <div class=\"bwg-title1\"><div class=\"bwg-title2\">Marche nordique nocturne \u00e0 Vichy le 4 d\u00e9cembre 2025<\/div><\/div>          <\/a>        <\/div>                <div class=\"bwg-item\">          <a class=\"bwg-a bwg-album bwg_album_0\"             href='\/index.php?rest_route=%2Fwp%2Fv2%2Fpages%2F5836&#038;type_0=gallery&#038;album_gallery_id_0=1210'                          data-container_id=\"bwg_album_compact_0\"             data-def_type=\"gallery\"             data-album_gallery_id=\"71\"             data-alb_gal_id=\"1210\"             data-title=\"Rando Sant\u00e9 \u00e0 Vendat le 8 d\u00e9cembre 2025\"             data-bwg=\"0\">                        <div class=\"bwg-item0 lazy_loader\">              <div class=\"bwg-item1 \">                <div class=\"bwg-item2\">                  <img decoding=\"async\" class=\"skip-lazy  bwg_lazyload \"                       data-width=\"500.00\"                       data-height=\"333.00\"                       data-src=\"https:\/\/vichyrando.org\/wp-content\/uploads\/photo-gallery\/thumb\/2025-12-08-Vendat05.jpg?bwg=1765312469\"                       src=\"https:\/\/vichyrando.org\/wp-content\/plugins\/photo-gallery\/images\/lazy_placeholder.gif\"                       alt=\"Rando Sant\u00e9 \u00e0 Vendat le 8 d\u00e9cembre 2025\"                       title=\"Rando Sant\u00e9 \u00e0 Vendat le 8 d\u00e9cembre 2025\" \/>                <\/div>                <div class=\"\">                                  <\/div>              <\/div>            <\/div>            <div class=\"bwg-title1\"><div class=\"bwg-title2\">Rando Sant\u00e9 \u00e0 Vendat le 8 d\u00e9cembre 2025<\/div><\/div>          <\/a>        <\/div>                <div class=\"bwg-item\">          <a class=\"bwg-a bwg-album bwg_album_0\"             href='\/index.php?rest_route=%2Fwp%2Fv2%2Fpages%2F5836&#038;type_0=gallery&#038;album_gallery_id_0=1211'                          data-container_id=\"bwg_album_compact_0\"             data-def_type=\"gallery\"             data-album_gallery_id=\"71\"             data-alb_gal_id=\"1211\"             data-title=\"Journ\u00e9e rando sportive \u00e0 Montoldre le 9 d\u00e9cembre 2025\"             data-bwg=\"0\">                        <div class=\"bwg-item0 lazy_loader\">              <div class=\"bwg-item1 \">                <div class=\"bwg-item2\">                  <img decoding=\"async\" class=\"skip-lazy  bwg_lazyload \"                       data-width=\"500.00\"                       data-height=\"375.00\"                       data-src=\"https:\/\/vichyrando.org\/wp-content\/uploads\/photo-gallery\/thumb\/2025-12-09-Montoldre01.jpg?bwg=1765578858\"                       src=\"https:\/\/vichyrando.org\/wp-content\/plugins\/photo-gallery\/images\/lazy_placeholder.gif\"                       alt=\"Journ\u00e9e rando sportive \u00e0 Montoldre le 9 d\u00e9cembre 2025\"                       title=\"Journ\u00e9e rando sportive \u00e0 Montoldre le 9 d\u00e9cembre 2025\" \/>                <\/div>                <div class=\"\">                                  <\/div>              <\/div>            <\/div>            <div class=\"bwg-title1\"><div class=\"bwg-title2\">Journ\u00e9e rando sportive \u00e0 Montoldre le 9 d\u00e9cembre 2025<\/div><\/div>          <\/a>        <\/div>                <div class=\"bwg-item\">          <a class=\"bwg-a bwg-album bwg_album_0\"             href='\/index.php?rest_route=%2Fwp%2Fv2%2Fpages%2F5836&#038;type_0=gallery&#038;album_gallery_id_0=1212'                          data-container_id=\"bwg_album_compact_0\"             data-def_type=\"gallery\"             data-album_gallery_id=\"71\"             data-alb_gal_id=\"1212\"             data-title=\"Rando 1\/2 journ\u00e9e \u00e0 Bayet le 9 d\u00e9cembre 2025\"             data-bwg=\"0\">                        <div class=\"bwg-item0 lazy_loader\">              <div class=\"bwg-item1 \">                <div class=\"bwg-item2\">                  <img decoding=\"async\" class=\"skip-lazy  bwg_lazyload \"                       data-width=\"500.00\"                       data-height=\"281.00\"                       data-src=\"https:\/\/vichyrando.org\/wp-content\/uploads\/photo-gallery\/thumb\/2025-12-09-Bayet04.jpg?bwg=1765578967\"                       src=\"https:\/\/vichyrando.org\/wp-content\/plugins\/photo-gallery\/images\/lazy_placeholder.gif\"                       alt=\"Rando 1\/2 journ\u00e9e \u00e0 Bayet le 9 d\u00e9cembre 2025\"                       title=\"Rando 1\/2 journ\u00e9e \u00e0 Bayet le 9 d\u00e9cembre 2025\" \/>                <\/div>                <div class=\"\">                                  <\/div>              <\/div>            <\/div>            <div class=\"bwg-title1\"><div class=\"bwg-title2\">Rando 1\/2 journ\u00e9e \u00e0 Bayet le 9 d\u00e9cembre 2025<\/div><\/div>          <\/a>        <\/div>                <div class=\"bwg-item\">          <a class=\"bwg-a bwg-album bwg_album_0\"             href='\/index.php?rest_route=%2Fwp%2Fv2%2Fpages%2F5836&#038;type_0=gallery&#038;album_gallery_id_0=1213'                          data-container_id=\"bwg_album_compact_0\"             data-def_type=\"gallery\"             data-album_gallery_id=\"71\"             data-alb_gal_id=\"1213\"             data-title=\"Rando 1\/2 journ\u00e9e \u00e0 St Bonnet de Rochefort le 11 d\u00e9cembre 2025\"             data-bwg=\"0\">                        <div class=\"bwg-item0 lazy_loader\">              <div class=\"bwg-item1 \">                <div class=\"bwg-item2\">                  <img decoding=\"async\" class=\"skip-lazy  bwg_lazyload \"                       data-width=\"500.00\"                       data-height=\"375.00\"                       data-src=\"https:\/\/vichyrando.org\/wp-content\/uploads\/photo-gallery\/thumb\/2025-12-11-StBonnet18.jpg?bwg=1765579053\"                       src=\"https:\/\/vichyrando.org\/wp-content\/plugins\/photo-gallery\/images\/lazy_placeholder.gif\"                       alt=\"Rando 1\/2 journ\u00e9e \u00e0 St Bonnet de Rochefort le 11 d\u00e9cembre 2025\"                       title=\"Rando 1\/2 journ\u00e9e \u00e0 St Bonnet de Rochefort le 11 d\u00e9cembre 2025\" \/>                <\/div>                <div class=\"\">                                  <\/div>              <\/div>            <\/div>            <div class=\"bwg-title1\"><div class=\"bwg-title2\">Rando 1\/2 journ\u00e9e \u00e0 St Bonnet de Rochefort le 11 d\u00e9cembre 2025<\/div><\/div>          <\/a>        <\/div>                <div class=\"bwg-item\">          <a class=\"bwg-a bwg-album bwg_album_0\"             href='\/index.php?rest_route=%2Fwp%2Fv2%2Fpages%2F5836&#038;type_0=gallery&#038;album_gallery_id_0=1214'                          data-container_id=\"bwg_album_compact_0\"             data-def_type=\"gallery\"             data-album_gallery_id=\"71\"             data-alb_gal_id=\"1214\"             data-title=\"Marche nordique \u00e0 Bellerive\/Allier le 13 d\u00e9cembre 2025\"             data-bwg=\"0\">                        <div class=\"bwg-item0 lazy_loader\">              <div class=\"bwg-item1 \">                <div class=\"bwg-item2\">                  <img decoding=\"async\" class=\"skip-lazy  bwg_lazyload \"                       data-width=\"500.00\"                       data-height=\"225.00\"                       data-src=\"https:\/\/vichyrando.org\/wp-content\/uploads\/photo-gallery\/thumb\/2025-12-13-Bellerive01.jpg?bwg=1765647098\"                       src=\"https:\/\/vichyrando.org\/wp-content\/plugins\/photo-gallery\/images\/lazy_placeholder.gif\"                       alt=\"Marche nordique \u00e0 Bellerive\/Allier le 13 d\u00e9cembre 2025\"                       title=\"Marche nordique \u00e0 Bellerive\/Allier le 13 d\u00e9cembre 2025\" \/>                <\/div>                <div class=\"\">                                  <\/div>              <\/div>            <\/div>            <div class=\"bwg-title1\"><div class=\"bwg-title2\">Marche nordique \u00e0 Bellerive\/Allier le 13 d\u00e9cembre 2025<\/div><\/div>          <\/a>        <\/div>                <div class=\"bwg-item\">          <a class=\"bwg-a bwg-album bwg_album_0\"             href='\/index.php?rest_route=%2Fwp%2Fv2%2Fpages%2F5836&#038;type_0=gallery&#038;album_gallery_id_0=1215'                          data-container_id=\"bwg_album_compact_0\"             data-def_type=\"gallery\"             data-album_gallery_id=\"71\"             data-alb_gal_id=\"1215\"             data-title=\"Rando sant\u00e9 \u00e0 Serbannes le 15 d\u00e9cembre 2025\"             data-bwg=\"0\">                        <div class=\"bwg-item0 lazy_loader\">              <div class=\"bwg-item1 \">                <div class=\"bwg-item2\">                  <img decoding=\"async\" class=\"skip-lazy  bwg_lazyload \"                       data-width=\"500.00\"                       data-height=\"333.00\"                       data-src=\"https:\/\/vichyrando.org\/wp-content\/uploads\/photo-gallery\/thumb\/2025-12-15-Serbannes09.jpg?bwg=1765836206\"                       src=\"https:\/\/vichyrando.org\/wp-content\/plugins\/photo-gallery\/images\/lazy_placeholder.gif\"                       alt=\"Rando sant\u00e9 \u00e0 Serbannes le 15 d\u00e9cembre 2025\"                       title=\"Rando sant\u00e9 \u00e0 Serbannes le 15 d\u00e9cembre 2025\" \/>                <\/div>                <div class=\"\">                                  <\/div>              <\/div>            <\/div>            <div class=\"bwg-title1\"><div class=\"bwg-title2\">Rando sant\u00e9 \u00e0 Serbannes le 15 d\u00e9cembre 2025<\/div><\/div>          <\/a>        <\/div>                <div class=\"bwg-item\">          <a class=\"bwg-a bwg-album bwg_album_0\"             href='\/index.php?rest_route=%2Fwp%2Fv2%2Fpages%2F5836&#038;type_0=gallery&#038;album_gallery_id_0=1216'                          data-container_id=\"bwg_album_compact_0\"             data-def_type=\"gallery\"             data-album_gallery_id=\"71\"             data-alb_gal_id=\"1216\"             data-title=\"Journ\u00e9e marche sportive \u00e0 St Quintin (63) le 16 d\u00e9cembre 2025\"             data-bwg=\"0\">                        <div class=\"bwg-item0 lazy_loader\">              <div class=\"bwg-item1 \">                <div class=\"bwg-item2\">                  <img decoding=\"async\" class=\"skip-lazy  bwg_lazyload \"                       data-width=\"500.00\"                       data-height=\"375.00\"                       data-src=\"https:\/\/vichyrando.org\/wp-content\/uploads\/photo-gallery\/thumb\/2025-12-16-StQuintin06.jpg?bwg=1766329248\"                       src=\"https:\/\/vichyrando.org\/wp-content\/plugins\/photo-gallery\/images\/lazy_placeholder.gif\"                       alt=\"Journ\u00e9e marche sportive \u00e0 St Quintin (63) le 16 d\u00e9cembre 2025\"                       title=\"Journ\u00e9e marche sportive \u00e0 St Quintin (63) le 16 d\u00e9cembre 2025\" \/>                <\/div>                <div class=\"\">                                  <\/div>              <\/div>            <\/div>            <div class=\"bwg-title1\"><div class=\"bwg-title2\">Journ\u00e9e marche sportive \u00e0 St Quintin (63) le 16 d\u00e9cembre 2025<\/div><\/div>          <\/a>        <\/div>                <div class=\"bwg-item\">          <a class=\"bwg-a bwg-album bwg_album_0\"             href='\/index.php?rest_route=%2Fwp%2Fv2%2Fpages%2F5836&#038;type_0=gallery&#038;album_gallery_id_0=1217'                          data-container_id=\"bwg_album_compact_0\"             data-def_type=\"gallery\"             data-album_gallery_id=\"71\"             data-alb_gal_id=\"1217\"             data-title=\"Rando 1\/2 journ\u00e9e \u00e0 Espinasse Vozelle le 16 d\u00e9cembre 2025\"             data-bwg=\"0\">                        <div class=\"bwg-item0 lazy_loader\">              <div class=\"bwg-item1 \">                <div class=\"bwg-item2\">                  <img decoding=\"async\" class=\"skip-lazy  bwg_lazyload \"                       data-width=\"500.00\"                       data-height=\"375.00\"                       data-src=\"https:\/\/vichyrando.org\/wp-content\/uploads\/photo-gallery\/thumb\/2025-12-16-Espinasse13.jpg?bwg=1766329367\"                       src=\"https:\/\/vichyrando.org\/wp-content\/plugins\/photo-gallery\/images\/lazy_placeholder.gif\"                       alt=\"Rando 1\/2 journ\u00e9e \u00e0 Espinasse Vozelle le 16 d\u00e9cembre 2025\"                       title=\"Rando 1\/2 journ\u00e9e \u00e0 Espinasse Vozelle le 16 d\u00e9cembre 2025\" \/>                <\/div>                <div class=\"\">                                  <\/div>              <\/div>            <\/div>            <div class=\"bwg-title1\"><div class=\"bwg-title2\">Rando 1\/2 journ\u00e9e \u00e0 Espinasse Vozelle le 16 d\u00e9cembre 2025<\/div><\/div>          <\/a>        <\/div>                <div class=\"bwg-item\">          <a class=\"bwg-a bwg-album bwg_album_0\"             href='\/index.php?rest_route=%2Fwp%2Fv2%2Fpages%2F5836&#038;type_0=gallery&#038;album_gallery_id_0=1218'                          data-container_id=\"bwg_album_compact_0\"             data-def_type=\"gallery\"             data-album_gallery_id=\"71\"             data-alb_gal_id=\"1218\"             data-title=\"Mini rando \u00e0 Mazerier le 18 d\u00e9cembre 2025\"             data-bwg=\"0\">                        <div class=\"bwg-item0 lazy_loader\">              <div class=\"bwg-item1 \">                <div class=\"bwg-item2\">                  <img decoding=\"async\" class=\"skip-lazy  bwg_lazyload \"                       data-width=\"500.00\"                       data-height=\"500.00\"                       data-src=\"https:\/\/vichyrando.org\/wp-content\/uploads\/photo-gallery\/thumb\/2025-12-18-Mazerier10.jpg?bwg=1766329486\"                       src=\"https:\/\/vichyrando.org\/wp-content\/plugins\/photo-gallery\/images\/lazy_placeholder.gif\"                       alt=\"Mini rando \u00e0 Mazerier le 18 d\u00e9cembre 2025\"                       title=\"Mini rando \u00e0 Mazerier le 18 d\u00e9cembre 2025\" \/>                <\/div>                <div class=\"\">                                  <\/div>              <\/div>            <\/div>            <div class=\"bwg-title1\"><div class=\"bwg-title2\">Mini rando \u00e0 Mazerier le 18 d\u00e9cembre 2025<\/div><\/div>          <\/a>        <\/div>                <div class=\"bwg-item\">          <a class=\"bwg-a bwg-album bwg_album_0\"             href='\/index.php?rest_route=%2Fwp%2Fv2%2Fpages%2F5836&#038;type_0=gallery&#038;album_gallery_id_0=1219'                          data-container_id=\"bwg_album_compact_0\"             data-def_type=\"gallery\"             data-album_gallery_id=\"71\"             data-alb_gal_id=\"1219\"             data-title=\"Rando journ\u00e9e \u00e0 Lavoine le 20 d\u00e9cembre 2025\"             data-bwg=\"0\">                        <div class=\"bwg-item0 lazy_loader\">              <div class=\"bwg-item1 \">                <div class=\"bwg-item2\">                  <img decoding=\"async\" class=\"skip-lazy  bwg_lazyload \"                       data-width=\"500.00\"                       data-height=\"225.00\"                       data-src=\"https:\/\/vichyrando.org\/wp-content\/uploads\/photo-gallery\/thumb\/2025-12-18-Lavoine11.jpg?bwg=1766329597\"                       src=\"https:\/\/vichyrando.org\/wp-content\/plugins\/photo-gallery\/images\/lazy_placeholder.gif\"                       alt=\"Rando journ\u00e9e \u00e0 Lavoine le 20 d\u00e9cembre 2025\"                       title=\"Rando journ\u00e9e \u00e0 Lavoine le 20 d\u00e9cembre 2025\" \/>                <\/div>                <div class=\"\">                                  <\/div>              <\/div>            <\/div>            <div class=\"bwg-title1\"><div class=\"bwg-title2\">Rando journ\u00e9e \u00e0 Lavoine le 20 d\u00e9cembre 2025<\/div><\/div>          <\/a>        <\/div>                <div class=\"bwg-item\">          <a class=\"bwg-a bwg-album bwg_album_0\"             href='\/index.php?rest_route=%2Fwp%2Fv2%2Fpages%2F5836&#038;type_0=gallery&#038;album_gallery_id_0=1220'                          data-container_id=\"bwg_album_compact_0\"             data-def_type=\"gallery\"             data-album_gallery_id=\"71\"             data-alb_gal_id=\"1220\"             data-title=\"Marche nordique \u00e0 Vendat le 20 d\u00e9cembre 2025\"             data-bwg=\"0\">                        <div class=\"bwg-item0 lazy_loader\">              <div class=\"bwg-item1 \">                <div class=\"bwg-item2\">                  <img decoding=\"async\" class=\"skip-lazy  bwg_lazyload \"                       data-width=\"500.00\"                       data-height=\"225.00\"                       data-src=\"https:\/\/vichyrando.org\/wp-content\/uploads\/photo-gallery\/thumb\/2025-12-20-Vendat02.jpg?bwg=1766329679\"                       src=\"https:\/\/vichyrando.org\/wp-content\/plugins\/photo-gallery\/images\/lazy_placeholder.gif\"                       alt=\"Marche nordique \u00e0 Vendat le 20 d\u00e9cembre 2025\"                       title=\"Marche nordique \u00e0 Vendat le 20 d\u00e9cembre 2025\" \/>                <\/div>                <div class=\"\">                                  <\/div>              <\/div>            <\/div>            <div class=\"bwg-title1\"><div class=\"bwg-title2\">Marche nordique \u00e0 Vendat le 20 d\u00e9cembre 2025<\/div><\/div>          <\/a>        <\/div>                <div class=\"bwg-item\">          <a class=\"bwg-a bwg-album bwg_album_0\"             href='\/index.php?rest_route=%2Fwp%2Fv2%2Fpages%2F5836&#038;type_0=gallery&#038;album_gallery_id_0=1222'                          data-container_id=\"bwg_album_compact_0\"             data-def_type=\"gallery\"             data-album_gallery_id=\"71\"             data-alb_gal_id=\"1222\"             data-title=\"Rando sant\u00e9 \u00e0 Vendat le 29 d\u00e9cembre 2025\"             data-bwg=\"0\">                        <div class=\"bwg-item0 lazy_loader\">              <div class=\"bwg-item1 \">                <div class=\"bwg-item2\">                  <img decoding=\"async\" class=\"skip-lazy  bwg_lazyload \"                       data-width=\"500.00\"                       data-height=\"333.00\"                       data-src=\"https:\/\/vichyrando.org\/wp-content\/uploads\/photo-gallery\/thumb\/2025-12-29-Vendat01.jpg?bwg=1767022028\"                       src=\"https:\/\/vichyrando.org\/wp-content\/plugins\/photo-gallery\/images\/lazy_placeholder.gif\"                       alt=\"Rando sant\u00e9 \u00e0 Vendat le 29 d\u00e9cembre 2025\"                       title=\"Rando sant\u00e9 \u00e0 Vendat le 29 d\u00e9cembre 2025\" \/>                <\/div>                <div class=\"\">                                  <\/div>              <\/div>            <\/div>            <div class=\"bwg-title1\"><div class=\"bwg-title2\">Rando sant\u00e9 \u00e0 Vendat le 29 d\u00e9cembre 2025<\/div><\/div>          <\/a>        <\/div>                <div class=\"bwg-item\">          <a class=\"bwg-a bwg-album bwg_album_0\"             href='\/index.php?rest_route=%2Fwp%2Fv2%2Fpages%2F5836&#038;type_0=gallery&#038;album_gallery_id_0=1223'                          data-container_id=\"bwg_album_compact_0\"             data-def_type=\"gallery\"             data-album_gallery_id=\"71\"             data-alb_gal_id=\"1223\"             data-title=\"Rando 1\/2 journ\u00e9e \u00e0 Cusset le 30 d\u00e9cembre 2025\"             data-bwg=\"0\">                        <div class=\"bwg-item0 lazy_loader\">              <div class=\"bwg-item1 \">                <div class=\"bwg-item2\">                  <img decoding=\"async\" class=\"skip-lazy  bwg_lazyload \"                       data-width=\"500.00\"                       data-height=\"225.00\"                       data-src=\"https:\/\/vichyrando.org\/wp-content\/uploads\/photo-gallery\/thumb\/2025-12-30-Cusset12.jpg?bwg=1767132778\"                       src=\"https:\/\/vichyrando.org\/wp-content\/plugins\/photo-gallery\/images\/lazy_placeholder.gif\"                       alt=\"Rando 1\/2 journ\u00e9e \u00e0 Cusset le 30 d\u00e9cembre 2025\"                       title=\"Rando 1\/2 journ\u00e9e \u00e0 Cusset le 30 d\u00e9cembre 2025\" \/>                <\/div>                <div class=\"\">                                  <\/div>              <\/div>            <\/div>            <div class=\"bwg-title1\"><div class=\"bwg-title2\">Rando 1\/2 journ\u00e9e \u00e0 Cusset le 30 d\u00e9cembre 2025<\/div><\/div>          <\/a>        <\/div>            <\/div>          <input type=\"hidden\" id=\"bwg_album_breadcrumb_0\" name=\"bwg_album_breadcrumb_0\" value='[{&quot;id&quot;:&quot;71&quot;,&quot;page&quot;:1}]' \/>    <style>      \/*pagination styles*\/      #bwg_container1_0 #bwg_container2_0 .tablenav-pages_0 {\t\t\t\ttext-align: center;\t\t\t\tfont-size: 12px;\t\t\t\tfont-family: Ubuntu;\t\t\t\tfont-weight: bold;\t\t\t\tcolor: #666666;\t\t\t\tmargin: 6px 0 4px;\t\t\t\tdisplay: block;      }      @media only screen and (max-width : 320px) {      #bwg_container1_0 #bwg_container2_0 .displaying-num_0 {     \t display: none;      }      }      #bwg_container1_0 #bwg_container2_0 .displaying-num_0 {\t\t\t\tfont-size: 12px;\t\t\t\tfont-family: Ubuntu;\t\t\t\tfont-weight: bold;\t\t\t\tcolor: #666666;\t\t\t\tmargin-right: 10px;\t\t\t\tvertical-align: middle;      }      #bwg_container1_0 #bwg_container2_0 .paging-input_0 {\t\t\t\tfont-size: 12px;\t\t\t\tfont-family: Ubuntu;\t\t\t\tfont-weight: bold;\t\t\t\tcolor: #666666;\t\t\t\tvertical-align: middle;      }      #bwg_container1_0 #bwg_container2_0 .tablenav-pages_0 a.disabled,      #bwg_container1_0 #bwg_container2_0 .tablenav-pages_0 a.disabled:hover,      #bwg_container1_0 #bwg_container2_0 .tablenav-pages_0 a.disabled:focus,\t\t\t#bwg_container1_0 #bwg_container2_0 .tablenav-pages_0 input.bwg_current_page {\t\t\t\tcursor: default;\t\t\t\tcolor: rgba(102, 102, 102, 0.5);      }      #bwg_container1_0 #bwg_container2_0 .tablenav-pages_0 a,      #bwg_container1_0 #bwg_container2_0 .tablenav-pages_0 input.bwg_current_page {\t\t\t\tcursor: pointer;\t\t\t\ttext-align: center;\t\t\t\tfont-size: 12px;\t\t\t\tfont-family: Ubuntu;\t\t\t\tfont-weight: bold;\t\t\t\tcolor: #666666;\t\t\t\ttext-decoration: none;\t\t\t\tpadding: 3px 6px;\t\t\t\tmargin: 0;\t\t\t\tborder-radius: 0;\t\t\t\tborder-style: solid;\t\t\t\tborder-width: 1px;\t\t\t\tborder-color: #E3E3E3;\t\t\t\t\t\t\t\tbackground-color: rgba(255, 255, 255, 1.00);\t\t\t\tbox-shadow: 0;\t\t\t\ttransition: all 0.3s ease 0s;-webkit-transition: all 0.3s ease 0s;      }      <\/style>      <span class=\"bwg_nav_cont_0\">              <div class=\"tablenav-pages_0\">                  <\/div>                <input type=\"hidden\" id=\"page_number_0\" name=\"page_number_0\" value=\"1\" \/>      <script type=\"text\/javascript\">        if( jQuery('.bwg_nav_cont_0').length > 1 ) {          jQuery('.bwg_nav_cont_0').first().remove()        }        function spider_page_0(cur, x, y, load_more) {          if (typeof load_more == \"undefined\") {            var load_more = false;          }          if (jQuery(cur).hasClass('disabled')) {            return false;          }          var items_county_0 = 1;          switch (y) {            case 1:              if (x >= items_county_0) {                document.getElementById('page_number_0').value = items_county_0;              }              else {                document.getElementById('page_number_0').value = x + 1;              }              break;            case 2:              document.getElementById('page_number_0').value = items_county_0;              break;            case -1:              if (x == 1) {                document.getElementById('page_number_0').value = 1;              }              else {                document.getElementById('page_number_0').value = x - 1;              }              break;            case -2:              document.getElementById('page_number_0').value = 1;              break;\t\t\t\t\t\tcase 0:              document.getElementById('page_number_0').value = x;              break;            default:              document.getElementById('page_number_0').value = 1;          }          bwg_ajax('gal_front_form_0', '0', 'bwg_album_compact_0', '71', '', 'album', 0, '', '', load_more, '', 1);        }                    jQuery('.first-page-0').on('click', function () {              spider_page_0(this, 1, -2, 'numeric');              return false;            });            jQuery('.prev-page-0').on('click', function () {              spider_page_0(this, 1, -1, 'numeric');              return false;            });            jQuery('.next-page-0').on('click', function () {              spider_page_0(this, 1, 1, 'numeric');              return false;            });            jQuery('.last-page-0').on('click', function () {              spider_page_0(this, 1, 2, 'numeric');              return false;            });        \t\t\t\t\/* Change page on input enter. *\/        function bwg_change_page_0( e, that ) {          if (  e.key == 'Enter' ) {            var to_page = parseInt(jQuery(that).val());            var pages_count = jQuery(that).parents(\".pagination-links\").data(\"pages-count\");            var current_url_param = jQuery(that).attr('data-url-info');            if (to_page > pages_count) {              to_page = 1;            }\t \t\t\t\t\t\t\t\t\t\t\t\tspider_page_0(this, to_page, 0, 'numeric');\t\t\t\t\t\t\treturn false;\t\t\t\t\t\t          }          return true;        }        jQuery('.bwg_load_btn_0').on('click', function () {            spider_page_0(this, 1, 1, true);            return false;        });      <\/script>      <\/span>                <\/div>        <\/form>        <style>          #bwg_container1_0 #bwg_container2_0 #spider_popup_overlay_0 {          background-color: #EEEEEE;          opacity: 0.60;          }          <\/style>        <div id=\"bwg_spider_popup_loading_0\" class=\"bwg_spider_popup_loading\"><\/div>        <div id=\"spider_popup_overlay_0\" class=\"spider_popup_overlay\" onclick=\"spider_destroypopup(1000)\"><\/div>        <input type=\"hidden\" id=\"bwg_random_seed_0\" value=\"1261550133\">                <\/div>    <\/div>    <script>      if (document.readyState === 'complete') {        if( typeof bwg_main_ready == 'function' ) {          if ( jQuery(\"#bwg_container1_0\").height() ) {            bwg_main_ready(jQuery(\"#bwg_container1_0\"));          }        }      } else {        document.addEventListener('DOMContentLoaded', function() {          if( typeof bwg_main_ready == 'function' ) {            if ( jQuery(\"#bwg_container1_0\").height() ) {             bwg_main_ready(jQuery(\"#bwg_container1_0\"));            }          }        });      }    <\/script>    \t\t<\/div>\n\t\t\t\t<\/div>\n\t\t\t\t\t<\/div>\n\t\t<\/div>\n\t\t\t\t\t<\/div>\n\t\t<\/section>\n\t\t\t\t<section class=\"elementor-section elementor-top-section elementor-element elementor-element-28301dc elementor-section-boxed elementor-section-height-default elementor-section-height-default\" data-id=\"28301dc\" data-element_type=\"section\">\n\t\t\t\t\t\t<div class=\"elementor-container elementor-column-gap-default\">\n\t\t\t\t\t<div class=\"elementor-column elementor-col-100 elementor-top-column elementor-element elementor-element-54dfdd7\" data-id=\"54dfdd7\" data-element_type=\"column\">\n\t\t\t<div class=\"elementor-widget-wrap elementor-element-populated\">\n\t\t\t\t\t\t<div class=\"elementor-element elementor-element-5399b0f elementor-widget elementor-widget-bwg-elementor\" data-id=\"5399b0f\" data-element_type=\"widget\" data-widget_type=\"bwg-elementor.default\">\n\t\t\t\t<div class=\"elementor-widget-container\">\n\t\t\t<style id=\"bwg-style-1\">    #bwg_container1_1 #bwg_container2_1 .bwg-container-1.bwg-album-thumbnails {    width: 1254px;    justify-content: center;            justify-content: center;        margin:0 auto !important;          background-color: rgba(255, 255, 255, 0.00);          padding-left: 4px;      padding-top: 4px;      max-width: 100%;          }        #bwg_container1_1 #bwg_container2_1 .bwg-container-1.bwg-album-thumbnails .bwg-item {    justify-content: flex-start;    max-width: 250px;        }    #bwg_container1_1 #bwg_container2_1 .bwg-container-1.bwg-album-thumbnails .bwg-item a {      margin-right: 4px;      margin-bottom: 4px;    }    #bwg_container1_1 #bwg_container2_1 .bwg-container-1.bwg-album-thumbnails .bwg-item0 {      padding: 0px;            background-color:rgba(0,0,0, 0.30);      border: 0px none #CCCCCC;      opacity: 1.00;      border-radius: 0;      box-shadow: 0px 0px 0px #888888;    }    #bwg_container1_1 #bwg_container2_1 .bwg-container-1.bwg-album-thumbnails .bwg-item1 img {      max-height: none;      max-width: none;      padding: 0 !important;    }          @media only screen and (min-width: 480px) {      #bwg_container1_1 #bwg_container2_1 .bwg-container-1.bwg-album-thumbnails .bwg-item1 img {      -webkit-transition: all .3s; transition: all .3s;      }      #bwg_container1_1 #bwg_container2_1 .bwg-container-1.bwg-album-thumbnails .bwg-item1 img:hover {        -ms-transform: scale(1.08);        -webkit-transform: scale(1.08);        transform: scale(1.08);      }            }          #bwg_container1_1 #bwg_container2_1 .bwg-container-1.bwg-album-thumbnails .bwg-item1 {      padding-top: 56%;    }        #bwg_container1_1 #bwg_container2_1 .bwg-container-1.bwg-album-thumbnails .bwg-title2 {      color: #323A45;      font-family: Ubuntu;      font-size: 16px;      font-weight: bold;      padding: 2px;      text-shadow: 0px 0px 0px #888888;      max-height: 100%;    }        #bwg_container1_1 #bwg_container2_1 .bwg-container-1.bwg-standard-thumbnails {      width: 1254px;              justify-content: center;        margin:0 auto !important;              background-color: rgba(255, 255, 255, 0.00);            padding-left: 4px;      padding-top: 4px;      max-width: 100%;            }        #bwg_container1_1 #bwg_container2_1 .bwg-container-1.bwg-standard-thumbnails .bwg-item {    justify-content: flex-start;      max-width: 250px;          }    #bwg_container1_1 #bwg_container2_1 .bwg-container-1.bwg-standard-thumbnails .bwg-item a {       margin-right: 4px;       margin-bottom: 4px;    }    #bwg_container1_1 #bwg_container2_1 .bwg-container-1.bwg-standard-thumbnails .bwg-item0 {      padding: 0px;            background-color:rgba(0,0,0, 0.30);      border: 0px none #CCCCCC;      opacity: 1.00;      border-radius: 0;      box-shadow: 0px 0px 0px #888888;    }    #bwg_container1_1 #bwg_container2_1 .bwg-container-1.bwg-standard-thumbnails .bwg-item1 img {      max-height: none;      max-width: none;      padding: 0 !important;    }         @media only screen and (min-width: 480px) {\t\t#bwg_container1_1 #bwg_container2_1 .bwg-container-1.bwg-standard-thumbnails .bwg-item1 img {\t\t\t-webkit-transition: all .3s; transition: all .3s;\t\t}\t\t#bwg_container1_1 #bwg_container2_1 .bwg-container-1.bwg-standard-thumbnails .bwg-item1 img:hover {\t\t\t-ms-transform: scale(1.08);\t\t\t-webkit-transform: scale(1.08);\t\t\ttransform: scale(1.08);\t\t}\t\t      }\t    #bwg_container1_1 #bwg_container2_1 .bwg-container-1.bwg-standard-thumbnails .bwg-item1 {      padding-top: 56%;    }        #bwg_container1_1 #bwg_container2_1 .bwg-container-1.bwg-standard-thumbnails .bwg-title2,    #bwg_container1_1 #bwg_container2_1 .bwg-container-1.bwg-standard-thumbnails .bwg-ecommerce2 {      color: #323A45;      font-family: Ubuntu;      font-size: 16px;      font-weight: bold;      padding: 2px;      text-shadow: 0px 0px 0px #888888;      max-height: 100%;    }    #bwg_container1_1 #bwg_container2_1 .bwg-container-1.bwg-standard-thumbnails .bwg-thumb-description span {    color: #323A45;    font-family: Ubuntu;    font-size: 12px;    max-height: 100%;    word-wrap: break-word;    }    #bwg_container1_1 #bwg_container2_1 .bwg-container-1.bwg-standard-thumbnails .bwg-play-icon2 {      font-size: 32px;    }    #bwg_container1_1 #bwg_container2_1 .bwg-container-1.bwg-standard-thumbnails .bwg-ecommerce2 {      font-size: 19.2px;      color: #323A45;    }    <\/style>    <div id=\"bwg_container1_1\"         class=\"bwg_container bwg_thumbnail bwg_album_compact_preview bwg_thumbnail\"         data-right-click-protection=\"0\"         data-bwg=\"1\"         data-scroll=\"0\"         data-gallery-type=\"album_compact_preview\"         data-gallery-view-type=\"thumbnail\"         data-current-url=\"\/index.php?rest_route=%2Fwp%2Fv2%2Fpages%2F5836\"         data-lightbox-url=\"https:\/\/vichyrando.org\/wp-admin\/admin-ajax.php?action=GalleryBox&#038;current_view=1&#038;gallery_id=0&#038;tag=0&#038;theme_id=1&#038;shortcode_id=1423&#038;sort_by=order&#038;order_by=asc&#038;current_url=%2Findex.php%3Frest_route%3D%252Fwp%252Fv2%252Fpages%252F5836\"         data-gallery-id=\"0\"         data-popup-width=\"800\"         data-popup-height=\"500\"         data-is-album=\"album\"         data-buttons-position=\"bottom\">      <div id=\"bwg_container2_1\">             <div id=\"ajax_loading_1\" class=\"bwg_loading_div_1\">      <div class=\"bwg_loading_div_2\">        <div class=\"bwg_loading_div_3\">          <div id=\"loading_div_1\" class=\"bwg_spider_ajax_loading\">          <\/div>        <\/div>      <\/div>    <\/div>            <form id=\"gal_front_form_1\"              class=\"bwg-hidden\"              method=\"post\"              action=\"#\"              data-current=\"1\"              data-shortcode-id=\"1423\"              data-gallery-type=\"album_compact_preview\"              data-gallery-id=\"0\"              data-tag=\"0\"              data-album-id=\"70\"              data-theme-id=\"1\"              data-ajax-url=\"https:\/\/vichyrando.org\/wp-admin\/admin-ajax.php?action=bwg_frontend_data\">          <div id=\"bwg_container3_1\" class=\"bwg-background bwg-background-1\">            <style>        #bwg_container1_1 #bwg_container2_1 .bwg_gal_title_1 {          display: block;          padding: 0 2px 2px 2px;          background-color: rgba(0, 0, 0, 0);          line-height: 20px;          font-family: Ubuntu;          font-size: 18px;          font-weight: bold;          color: #323A45;          text-shadow: 0px 0px 0px #888888;          text-align: center;        }        #bwg_container1_1 #bwg_container2_1 .bwg_gal_description_1 {          margin: 20px 0;          word-break: break-word;          text-align: justify;          font-size: 15px;          font-weight: unset;        }        <\/style>        <div class=\"bwg_gal_title_1\">Novembre 2025<\/div>            <div data-max-count=\"5\"         data-thumbnail-width=\"250\"         data-bwg=\"1\"         id=\"bwg_album_compact_1\"         class=\"bwg-thumbnails bwg-container bwg-container-1 bwg-album-thumbnails bwg_album_thumbnails_1\">              <div class=\"bwg-item\">          <a class=\"bwg-a bwg-album bwg_album_1\"             href='\/index.php?rest_route=%2Fwp%2Fv2%2Fpages%2F5836&#038;type_1=gallery&#038;album_gallery_id_1=1189'                          data-container_id=\"bwg_album_compact_1\"             data-def_type=\"gallery\"             data-album_gallery_id=\"70\"             data-alb_gal_id=\"1189\"             data-title=\"Rando sant\u00e9 \u00e0 St R\u00e9my en Rollat le 3 novembre 2025\"             data-bwg=\"1\">                        <div class=\"bwg-item0 lazy_loader\">              <div class=\"bwg-item1 \">                <div class=\"bwg-item2\">                  <img decoding=\"async\" class=\"skip-lazy  bwg_lazyload \"                       data-width=\"500.00\"                       data-height=\"281.00\"                       data-src=\"https:\/\/vichyrando.org\/wp-content\/uploads\/photo-gallery\/thumb\/2025-11-03-StRemy03.jpg?bwg=1762251071\"                       src=\"https:\/\/vichyrando.org\/wp-content\/plugins\/photo-gallery\/images\/lazy_placeholder.gif\"                       alt=\"Rando sant\u00e9 \u00e0 St R\u00e9my en Rollat le 3 novembre 2025\"                       title=\"Rando sant\u00e9 \u00e0 St R\u00e9my en Rollat le 3 novembre 2025\" \/>                <\/div>                <div class=\"\">                                  <\/div>              <\/div>            <\/div>            <div class=\"bwg-title1\"><div class=\"bwg-title2\">Rando sant\u00e9 \u00e0 St R\u00e9my en Rollat le 3 novembre 2025<\/div><\/div>          <\/a>        <\/div>                <div class=\"bwg-item\">          <a class=\"bwg-a bwg-album bwg_album_1\"             href='\/index.php?rest_route=%2Fwp%2Fv2%2Fpages%2F5836&#038;type_1=gallery&#038;album_gallery_id_1=1190'                          data-container_id=\"bwg_album_compact_1\"             data-def_type=\"gallery\"             data-album_gallery_id=\"70\"             data-alb_gal_id=\"1190\"             data-title=\"Journ\u00e9e marche sportive \u00e0 Nizerolles le 4 novembre 2025\"             data-bwg=\"1\">                        <div class=\"bwg-item0 lazy_loader\">              <div class=\"bwg-item1 \">                <div class=\"bwg-item2\">                  <img decoding=\"async\" class=\"skip-lazy  bwg_lazyload \"                       data-width=\"500.00\"                       data-height=\"375.00\"                       data-src=\"https:\/\/vichyrando.org\/wp-content\/uploads\/photo-gallery\/thumb\/2025-11-04-Nizerolles11.jpg?bwg=1762438923\"                       src=\"https:\/\/vichyrando.org\/wp-content\/plugins\/photo-gallery\/images\/lazy_placeholder.gif\"                       alt=\"Journ\u00e9e marche sportive \u00e0 Nizerolles le 4 novembre 2025\"                       title=\"Journ\u00e9e marche sportive \u00e0 Nizerolles le 4 novembre 2025\" \/>                <\/div>                <div class=\"\">                                  <\/div>              <\/div>            <\/div>            <div class=\"bwg-title1\"><div class=\"bwg-title2\">Journ\u00e9e marche sportive \u00e0 Nizerolles le 4 novembre 2025<\/div><\/div>          <\/a>        <\/div>                <div class=\"bwg-item\">          <a class=\"bwg-a bwg-album bwg_album_1\"             href='\/index.php?rest_route=%2Fwp%2Fv2%2Fpages%2F5836&#038;type_1=gallery&#038;album_gallery_id_1=1191'                          data-container_id=\"bwg_album_compact_1\"             data-def_type=\"gallery\"             data-album_gallery_id=\"70\"             data-alb_gal_id=\"1191\"             data-title=\"Rando 1\/2 journ\u00e9e \u00e0 Loriges le 4 novembre 2025\"             data-bwg=\"1\">                        <div class=\"bwg-item0 lazy_loader\">              <div class=\"bwg-item1 \">                <div class=\"bwg-item2\">                  <img decoding=\"async\" class=\"skip-lazy  bwg_lazyload \"                       data-width=\"500.00\"                       data-height=\"302.00\"                       data-src=\"https:\/\/vichyrando.org\/wp-content\/uploads\/photo-gallery\/thumb\/2025-11-04-Loriges03.jpg?bwg=1762439059\"                       src=\"https:\/\/vichyrando.org\/wp-content\/plugins\/photo-gallery\/images\/lazy_placeholder.gif\"                       alt=\"Rando 1\/2 journ\u00e9e \u00e0 Loriges le 4 novembre 2025\"                       title=\"Rando 1\/2 journ\u00e9e \u00e0 Loriges le 4 novembre 2025\" \/>                <\/div>                <div class=\"\">                                  <\/div>              <\/div>            <\/div>            <div class=\"bwg-title1\"><div class=\"bwg-title2\">Rando 1\/2 journ\u00e9e \u00e0 Loriges le 4 novembre 2025<\/div><\/div>          <\/a>        <\/div>                <div class=\"bwg-item\">          <a class=\"bwg-a bwg-album bwg_album_1\"             href='\/index.php?rest_route=%2Fwp%2Fv2%2Fpages%2F5836&#038;type_1=gallery&#038;album_gallery_id_1=1192'                          data-container_id=\"bwg_album_compact_1\"             data-def_type=\"gallery\"             data-album_gallery_id=\"70\"             data-alb_gal_id=\"1192\"             data-title=\"Rando 1\/2 journ\u00e9e \u00e0 Ch\u00e2tel Montagne le 6 novembre 2025\"             data-bwg=\"1\">                        <div class=\"bwg-item0 lazy_loader\">              <div class=\"bwg-item1 \">                <div class=\"bwg-item2\">                  <img decoding=\"async\" class=\"skip-lazy  bwg_lazyload \"                       data-width=\"500.00\"                       data-height=\"375.00\"                       data-src=\"https:\/\/vichyrando.org\/wp-content\/uploads\/photo-gallery\/thumb\/2025-11-06-ChatelMontagne15.jpg?bwg=1762523622\"                       src=\"https:\/\/vichyrando.org\/wp-content\/plugins\/photo-gallery\/images\/lazy_placeholder.gif\"                       alt=\"Rando 1\/2 journ\u00e9e \u00e0 Ch\u00e2tel Montagne le 6 novembre 2025\"                       title=\"Rando 1\/2 journ\u00e9e \u00e0 Ch\u00e2tel Montagne le 6 novembre 2025\" \/>                <\/div>                <div class=\"\">                                  <\/div>              <\/div>            <\/div>            <div class=\"bwg-title1\"><div class=\"bwg-title2\">Rando 1\/2 journ\u00e9e \u00e0 Ch\u00e2tel Montagne le 6 novembre 2025<\/div><\/div>          <\/a>        <\/div>                <div class=\"bwg-item\">          <a class=\"bwg-a bwg-album bwg_album_1\"             href='\/index.php?rest_route=%2Fwp%2Fv2%2Fpages%2F5836&#038;type_1=gallery&#038;album_gallery_id_1=1193'                          data-container_id=\"bwg_album_compact_1\"             data-def_type=\"gallery\"             data-album_gallery_id=\"70\"             data-alb_gal_id=\"1193\"             data-title=\"Mini rando \u00e0 la Bruy\u00e8re le 6 novembre 2025\"             data-bwg=\"1\">                        <div class=\"bwg-item0 lazy_loader\">              <div class=\"bwg-item1 \">                <div class=\"bwg-item2\">                  <img decoding=\"async\" class=\"skip-lazy  bwg_lazyload \"                       data-width=\"500.00\"                       data-height=\"500.00\"                       data-src=\"https:\/\/vichyrando.org\/wp-content\/uploads\/photo-gallery\/thumb\/2025-11-06-LaBruyere12.jpg?bwg=1762608352\"                       src=\"https:\/\/vichyrando.org\/wp-content\/plugins\/photo-gallery\/images\/lazy_placeholder.gif\"                       alt=\"Mini rando \u00e0 la Bruy\u00e8re le 6 novembre 2025\"                       title=\"Mini rando \u00e0 la Bruy\u00e8re le 6 novembre 2025\" \/>                <\/div>                <div class=\"\">                                  <\/div>              <\/div>            <\/div>            <div class=\"bwg-title1\"><div class=\"bwg-title2\">Mini rando \u00e0 la Bruy\u00e8re le 6 novembre 2025<\/div><\/div>          <\/a>        <\/div>                <div class=\"bwg-item\">          <a class=\"bwg-a bwg-album bwg_album_1\"             href='\/index.php?rest_route=%2Fwp%2Fv2%2Fpages%2F5836&#038;type_1=gallery&#038;album_gallery_id_1=1194'                          data-container_id=\"bwg_album_compact_1\"             data-def_type=\"gallery\"             data-album_gallery_id=\"70\"             data-alb_gal_id=\"1194\"             data-title=\"Marche nordique \u00e0 Bellerive\/Allier le 8 novembre 2025\"             data-bwg=\"1\">                        <div class=\"bwg-item0 lazy_loader\">              <div class=\"bwg-item1 \">                <div class=\"bwg-item2\">                  <img decoding=\"async\" class=\"skip-lazy  bwg_lazyload \"                       data-width=\"500.00\"                       data-height=\"315.00\"                       data-src=\"https:\/\/vichyrando.org\/wp-content\/uploads\/photo-gallery\/thumb\/2025-11-08-Bellerive02.jpg?bwg=1762608430\"                       src=\"https:\/\/vichyrando.org\/wp-content\/plugins\/photo-gallery\/images\/lazy_placeholder.gif\"                       alt=\"Marche nordique \u00e0 Bellerive\/Allier le 8 novembre 2025\"                       title=\"Marche nordique \u00e0 Bellerive\/Allier le 8 novembre 2025\" \/>                <\/div>                <div class=\"\">                                  <\/div>              <\/div>            <\/div>            <div class=\"bwg-title1\"><div class=\"bwg-title2\">Marche nordique \u00e0 Bellerive\/Allier le 8 novembre 2025<\/div><\/div>          <\/a>        <\/div>                <div class=\"bwg-item\">          <a class=\"bwg-a bwg-album bwg_album_1\"             href='\/index.php?rest_route=%2Fwp%2Fv2%2Fpages%2F5836&#038;type_1=gallery&#038;album_gallery_id_1=1195'                          data-container_id=\"bwg_album_compact_1\"             data-def_type=\"gallery\"             data-album_gallery_id=\"70\"             data-alb_gal_id=\"1195\"             data-title=\"Rando sant\u00e9 \u00e0 Brugheas le 10 novembre 2025\"             data-bwg=\"1\">                        <div class=\"bwg-item0 lazy_loader\">              <div class=\"bwg-item1 \">                <div class=\"bwg-item2\">                  <img decoding=\"async\" class=\"skip-lazy  bwg_lazyload \"                       data-width=\"500.00\"                       data-height=\"366.00\"                       data-src=\"https:\/\/vichyrando.org\/wp-content\/uploads\/photo-gallery\/thumb\/2025-11-10-Brugheas15.jpg?bwg=1762878197\"                       src=\"https:\/\/vichyrando.org\/wp-content\/plugins\/photo-gallery\/images\/lazy_placeholder.gif\"                       alt=\"Rando sant\u00e9 \u00e0 Brugheas le 10 novembre 2025\"                       title=\"Rando sant\u00e9 \u00e0 Brugheas le 10 novembre 2025\" \/>                <\/div>                <div class=\"\">                                  <\/div>              <\/div>            <\/div>            <div class=\"bwg-title1\"><div class=\"bwg-title2\">Rando sant\u00e9 \u00e0 Brugheas le 10 novembre 2025<\/div><\/div>          <\/a>        <\/div>                <div class=\"bwg-item\">          <a class=\"bwg-a bwg-album bwg_album_1\"             href='\/index.php?rest_route=%2Fwp%2Fv2%2Fpages%2F5836&#038;type_1=gallery&#038;album_gallery_id_1=1196'                          data-container_id=\"bwg_album_compact_1\"             data-def_type=\"gallery\"             data-album_gallery_id=\"70\"             data-alb_gal_id=\"1196\"             data-title=\"Mini rando \u00e0 Vendat le 13 novembre 2025\"             data-bwg=\"1\">                        <div class=\"bwg-item0 lazy_loader\">              <div class=\"bwg-item1 \">                <div class=\"bwg-item2\">                  <img decoding=\"async\" class=\"skip-lazy  bwg_lazyload \"                       data-width=\"500.00\"                       data-height=\"387.00\"                       data-src=\"https:\/\/vichyrando.org\/wp-content\/uploads\/photo-gallery\/thumb\/2025-11-13-Vendat13.jpg?bwg=1763051477\"                       src=\"https:\/\/vichyrando.org\/wp-content\/plugins\/photo-gallery\/images\/lazy_placeholder.gif\"                       alt=\"Mini rando \u00e0 Vendat le 13 novembre 2025\"                       title=\"Mini rando \u00e0 Vendat le 13 novembre 2025\" \/>                <\/div>                <div class=\"\">                                  <\/div>              <\/div>            <\/div>            <div class=\"bwg-title1\"><div class=\"bwg-title2\">Mini rando \u00e0 Vendat le 13 novembre 2025<\/div><\/div>          <\/a>        <\/div>                <div class=\"bwg-item\">          <a class=\"bwg-a bwg-album bwg_album_1\"             href='\/index.php?rest_route=%2Fwp%2Fv2%2Fpages%2F5836&#038;type_1=gallery&#038;album_gallery_id_1=1198'                          data-container_id=\"bwg_album_compact_1\"             data-def_type=\"gallery\"             data-album_gallery_id=\"70\"             data-alb_gal_id=\"1198\"             data-title=\"Rando 1\/2 journ\u00e9e \u00e0 St Priest Bramefant (63) le 18 novembre 2025\"             data-bwg=\"1\">                        <div class=\"bwg-item0 lazy_loader\">              <div class=\"bwg-item1 \">                <div class=\"bwg-item2\">                  <img decoding=\"async\" class=\"skip-lazy  bwg_lazyload \"                       data-width=\"500.00\"                       data-height=\"333.00\"                       data-src=\"https:\/\/vichyrando.org\/wp-content\/uploads\/photo-gallery\/thumb\/2025-11-18-StPriest01.jpg?bwg=1763919112\"                       src=\"https:\/\/vichyrando.org\/wp-content\/plugins\/photo-gallery\/images\/lazy_placeholder.gif\"                       alt=\"Rando 1\/2 journ\u00e9e \u00e0 St Priest Bramefant (63) le 18 novembre 2025\"                       title=\"Rando 1\/2 journ\u00e9e \u00e0 St Priest Bramefant (63) le 18 novembre 2025\" \/>                <\/div>                <div class=\"\">                                  <\/div>              <\/div>            <\/div>            <div class=\"bwg-title1\"><div class=\"bwg-title2\">Rando 1\/2 journ\u00e9e \u00e0 St Priest Bramefant (63) le 18 novembre 2025<\/div><\/div>          <\/a>        <\/div>                <div class=\"bwg-item\">          <a class=\"bwg-a bwg-album bwg_album_1\"             href='\/index.php?rest_route=%2Fwp%2Fv2%2Fpages%2F5836&#038;type_1=gallery&#038;album_gallery_id_1=1199'                          data-container_id=\"bwg_album_compact_1\"             data-def_type=\"gallery\"             data-album_gallery_id=\"70\"             data-alb_gal_id=\"1199\"             data-title=\"Rando 1\/2 journ\u00e9e \u00e0 Lapalisse le 20 novembre 2025\"             data-bwg=\"1\">                        <div class=\"bwg-item0 lazy_loader\">              <div class=\"bwg-item1 \">                <div class=\"bwg-item2\">                  <img decoding=\"async\" class=\"skip-lazy  bwg_lazyload \"                       data-width=\"500.00\"                       data-height=\"375.00\"                       data-src=\"https:\/\/vichyrando.org\/wp-content\/uploads\/photo-gallery\/thumb\/2025-11-20-Lapalisse01.jpg?bwg=1763919232\"                       src=\"https:\/\/vichyrando.org\/wp-content\/plugins\/photo-gallery\/images\/lazy_placeholder.gif\"                       alt=\"Rando 1\/2 journ\u00e9e \u00e0 Lapalisse le 20 novembre 2025\"                       title=\"Rando 1\/2 journ\u00e9e \u00e0 Lapalisse le 20 novembre 2025\" \/>                <\/div>                <div class=\"\">                                  <\/div>              <\/div>            <\/div>            <div class=\"bwg-title1\"><div class=\"bwg-title2\">Rando 1\/2 journ\u00e9e \u00e0 Lapalisse le 20 novembre 2025<\/div><\/div>          <\/a>        <\/div>                <div class=\"bwg-item\">          <a class=\"bwg-a bwg-album bwg_album_1\"             href='\/index.php?rest_route=%2Fwp%2Fv2%2Fpages%2F5836&#038;type_1=gallery&#038;album_gallery_id_1=1200'                          data-container_id=\"bwg_album_compact_1\"             data-def_type=\"gallery\"             data-album_gallery_id=\"70\"             data-alb_gal_id=\"1200\"             data-title=\"Marche nordique \u00e0 Creuzier le Vieux le 22 novembre 2025\"             data-bwg=\"1\">                        <div class=\"bwg-item0 lazy_loader\">              <div class=\"bwg-item1 \">                <div class=\"bwg-item2\">                  <img decoding=\"async\" class=\"skip-lazy  bwg_lazyload \"                       data-width=\"500.00\"                       data-height=\"377.00\"                       data-src=\"https:\/\/vichyrando.org\/wp-content\/uploads\/photo-gallery\/thumb\/2025-11-22-Creuzier01.jpg?bwg=1763919378\"                       src=\"https:\/\/vichyrando.org\/wp-content\/plugins\/photo-gallery\/images\/lazy_placeholder.gif\"                       alt=\"Marche nordique \u00e0 Creuzier le Vieux le 22 novembre 2025\"                       title=\"Marche nordique \u00e0 Creuzier le Vieux le 22 novembre 2025\" \/>                <\/div>                <div class=\"\">                                  <\/div>              <\/div>            <\/div>            <div class=\"bwg-title1\"><div class=\"bwg-title2\">Marche nordique \u00e0 Creuzier le Vieux le 22 novembre 2025<\/div><\/div>          <\/a>        <\/div>                <div class=\"bwg-item\">          <a class=\"bwg-a bwg-album bwg_album_1\"             href='\/index.php?rest_route=%2Fwp%2Fv2%2Fpages%2F5836&#038;type_1=gallery&#038;album_gallery_id_1=1201'                          data-container_id=\"bwg_album_compact_1\"             data-def_type=\"gallery\"             data-album_gallery_id=\"70\"             data-alb_gal_id=\"1201\"             data-title=\"Rando sant\u00e9 \u00e0 Seuillet le 24 novembre 2025\"             data-bwg=\"1\">                        <div class=\"bwg-item0 lazy_loader\">              <div class=\"bwg-item1 \">                <div class=\"bwg-item2\">                  <img decoding=\"async\" class=\"skip-lazy  bwg_lazyload \"                       data-width=\"500.00\"                       data-height=\"282.00\"                       data-src=\"https:\/\/vichyrando.org\/wp-content\/uploads\/photo-gallery\/thumb\/2025-11-24-Seuillet01.jpg?bwg=1764104548\"                       src=\"https:\/\/vichyrando.org\/wp-content\/plugins\/photo-gallery\/images\/lazy_placeholder.gif\"                       alt=\"Rando sant\u00e9 \u00e0 Seuillet le 24 novembre 2025\"                       title=\"Rando sant\u00e9 \u00e0 Seuillet le 24 novembre 2025\" \/>                <\/div>                <div class=\"\">                                  <\/div>              <\/div>            <\/div>            <div class=\"bwg-title1\"><div class=\"bwg-title2\">Rando sant\u00e9 \u00e0 Seuillet le 24 novembre 2025<\/div><\/div>          <\/a>        <\/div>                <div class=\"bwg-item\">          <a class=\"bwg-a bwg-album bwg_album_1\"             href='\/index.php?rest_route=%2Fwp%2Fv2%2Fpages%2F5836&#038;type_1=gallery&#038;album_gallery_id_1=1202'                          data-container_id=\"bwg_album_compact_1\"             data-def_type=\"gallery\"             data-album_gallery_id=\"70\"             data-alb_gal_id=\"1202\"             data-title=\"Journ\u00e9e marche sportive \u00e0 Mariol le 25 novembre 2025\"             data-bwg=\"1\">                        <div class=\"bwg-item0 lazy_loader\">              <div class=\"bwg-item1 \">                <div class=\"bwg-item2\">                  <img decoding=\"async\" class=\"skip-lazy  bwg_lazyload \"                       data-width=\"500.00\"                       data-height=\"282.00\"                       data-src=\"https:\/\/vichyrando.org\/wp-content\/uploads\/photo-gallery\/thumb\/2025-11-25-Mariol04.jpg?bwg=1764539323\"                       src=\"https:\/\/vichyrando.org\/wp-content\/plugins\/photo-gallery\/images\/lazy_placeholder.gif\"                       alt=\"Journ\u00e9e marche sportive \u00e0 Mariol le 25 novembre 2025\"                       title=\"Journ\u00e9e marche sportive \u00e0 Mariol le 25 novembre 2025\" \/>                <\/div>                <div class=\"\">                                  <\/div>              <\/div>            <\/div>            <div class=\"bwg-title1\"><div class=\"bwg-title2\">Journ\u00e9e marche sportive \u00e0 Mariol le 25 novembre 2025<\/div><\/div>          <\/a>        <\/div>                <div class=\"bwg-item\">          <a class=\"bwg-a bwg-album bwg_album_1\"             href='\/index.php?rest_route=%2Fwp%2Fv2%2Fpages%2F5836&#038;type_1=gallery&#038;album_gallery_id_1=1203'                          data-container_id=\"bwg_album_compact_1\"             data-def_type=\"gallery\"             data-album_gallery_id=\"70\"             data-alb_gal_id=\"1203\"             data-title=\"Rando journ\u00e9e \u00e0 Chateaugay (63) le 27 novembre 2025\"             data-bwg=\"1\">                        <div class=\"bwg-item0 lazy_loader\">              <div class=\"bwg-item1 \">                <div class=\"bwg-item2\">                  <img decoding=\"async\" class=\"skip-lazy  bwg_lazyload \"                       data-width=\"500.00\"                       data-height=\"375.00\"                       data-src=\"https:\/\/vichyrando.org\/wp-content\/uploads\/photo-gallery\/thumb\/2025-11-27-Chateaugay13.jpg?bwg=1764539408\"                       src=\"https:\/\/vichyrando.org\/wp-content\/plugins\/photo-gallery\/images\/lazy_placeholder.gif\"                       alt=\"Rando journ\u00e9e \u00e0 Chateaugay (63) le 27 novembre 2025\"                       title=\"Rando journ\u00e9e \u00e0 Chateaugay (63) le 27 novembre 2025\" \/>                <\/div>                <div class=\"\">                                  <\/div>              <\/div>            <\/div>            <div class=\"bwg-title1\"><div class=\"bwg-title2\">Rando journ\u00e9e \u00e0 Chateaugay (63) le 27 novembre 2025<\/div><\/div>          <\/a>        <\/div>                <div class=\"bwg-item\">          <a class=\"bwg-a bwg-album bwg_album_1\"             href='\/index.php?rest_route=%2Fwp%2Fv2%2Fpages%2F5836&#038;type_1=gallery&#038;album_gallery_id_1=1204'                          data-container_id=\"bwg_album_compact_1\"             data-def_type=\"gallery\"             data-album_gallery_id=\"70\"             data-alb_gal_id=\"1204\"             data-title=\"Marche nordique \u00e0 St Germain des foss\u00e9s le 29 novembre 2025\"             data-bwg=\"1\">                        <div class=\"bwg-item0 lazy_loader\">              <div class=\"bwg-item1 \">                <div class=\"bwg-item2\">                  <img decoding=\"async\" class=\"skip-lazy  bwg_lazyload \"                       data-width=\"500.00\"                       data-height=\"264.00\"                       data-src=\"https:\/\/vichyrando.org\/wp-content\/uploads\/photo-gallery\/thumb\/2025-11-29-StGermain02.jpg?bwg=1764539504\"                       src=\"https:\/\/vichyrando.org\/wp-content\/plugins\/photo-gallery\/images\/lazy_placeholder.gif\"                       alt=\"Marche nordique \u00e0 St Germain des foss\u00e9s le 29 novembre 2025\"                       title=\"Marche nordique \u00e0 St Germain des foss\u00e9s le 29 novembre 2025\" \/>                <\/div>                <div class=\"\">                                  <\/div>              <\/div>            <\/div>            <div class=\"bwg-title1\"><div class=\"bwg-title2\">Marche nordique \u00e0 St Germain des foss\u00e9s le 29 novembre 2025<\/div><\/div>          <\/a>        <\/div>            <\/div>          <input type=\"hidden\" id=\"bwg_album_breadcrumb_1\" name=\"bwg_album_breadcrumb_1\" value='[{&quot;id&quot;:&quot;70&quot;,&quot;page&quot;:1}]' \/>    <style>      \/*pagination styles*\/      #bwg_container1_1 #bwg_container2_1 .tablenav-pages_1 {\t\t\t\ttext-align: center;\t\t\t\tfont-size: 12px;\t\t\t\tfont-family: Ubuntu;\t\t\t\tfont-weight: bold;\t\t\t\tcolor: #666666;\t\t\t\tmargin: 6px 0 4px;\t\t\t\tdisplay: block;      }      @media only screen and (max-width : 320px) {      #bwg_container1_1 #bwg_container2_1 .displaying-num_1 {     \t display: none;      }      }      #bwg_container1_1 #bwg_container2_1 .displaying-num_1 {\t\t\t\tfont-size: 12px;\t\t\t\tfont-family: Ubuntu;\t\t\t\tfont-weight: bold;\t\t\t\tcolor: #666666;\t\t\t\tmargin-right: 10px;\t\t\t\tvertical-align: middle;      }      #bwg_container1_1 #bwg_container2_1 .paging-input_1 {\t\t\t\tfont-size: 12px;\t\t\t\tfont-family: Ubuntu;\t\t\t\tfont-weight: bold;\t\t\t\tcolor: #666666;\t\t\t\tvertical-align: middle;      }      #bwg_container1_1 #bwg_container2_1 .tablenav-pages_1 a.disabled,      #bwg_container1_1 #bwg_container2_1 .tablenav-pages_1 a.disabled:hover,      #bwg_container1_1 #bwg_container2_1 .tablenav-pages_1 a.disabled:focus,\t\t\t#bwg_container1_1 #bwg_container2_1 .tablenav-pages_1 input.bwg_current_page {\t\t\t\tcursor: default;\t\t\t\tcolor: rgba(102, 102, 102, 0.5);      }      #bwg_container1_1 #bwg_container2_1 .tablenav-pages_1 a,      #bwg_container1_1 #bwg_container2_1 .tablenav-pages_1 input.bwg_current_page {\t\t\t\tcursor: pointer;\t\t\t\ttext-align: center;\t\t\t\tfont-size: 12px;\t\t\t\tfont-family: Ubuntu;\t\t\t\tfont-weight: bold;\t\t\t\tcolor: #666666;\t\t\t\ttext-decoration: none;\t\t\t\tpadding: 3px 6px;\t\t\t\tmargin: 0;\t\t\t\tborder-radius: 0;\t\t\t\tborder-style: solid;\t\t\t\tborder-width: 1px;\t\t\t\tborder-color: #E3E3E3;\t\t\t\t\t\t\t\tbackground-color: rgba(255, 255, 255, 1.00);\t\t\t\tbox-shadow: 0;\t\t\t\ttransition: all 0.3s ease 0s;-webkit-transition: all 0.3s ease 0s;      }      <\/style>      <span class=\"bwg_nav_cont_1\">              <div class=\"tablenav-pages_1\">                  <\/div>                <input type=\"hidden\" id=\"page_number_1\" name=\"page_number_1\" value=\"1\" \/>      <script type=\"text\/javascript\">        if( jQuery('.bwg_nav_cont_1').length > 1 ) {          jQuery('.bwg_nav_cont_1').first().remove()        }        function spider_page_1(cur, x, y, load_more) {          if (typeof load_more == \"undefined\") {            var load_more = false;          }          if (jQuery(cur).hasClass('disabled')) {            return false;          }          var items_county_1 = 1;          switch (y) {            case 1:              if (x >= items_county_1) {                document.getElementById('page_number_1').value = items_county_1;              }              else {                document.getElementById('page_number_1').value = x + 1;              }              break;            case 2:              document.getElementById('page_number_1').value = items_county_1;              break;            case -1:              if (x == 1) {                document.getElementById('page_number_1').value = 1;              }              else {                document.getElementById('page_number_1').value = x - 1;              }              break;            case -2:              document.getElementById('page_number_1').value = 1;              break;\t\t\t\t\t\tcase 0:              document.getElementById('page_number_1').value = x;              break;            default:              document.getElementById('page_number_1').value = 1;          }          bwg_ajax('gal_front_form_1', '1', 'bwg_album_compact_1', '70', '', 'album', 0, '', '', load_more, '', 1);        }                    jQuery('.first-page-1').on('click', function () {              spider_page_1(this, 1, -2, 'numeric');              return false;            });            jQuery('.prev-page-1').on('click', function () {              spider_page_1(this, 1, -1, 'numeric');              return false;            });            jQuery('.next-page-1').on('click', function () {              spider_page_1(this, 1, 1, 'numeric');              return false;            });            jQuery('.last-page-1').on('click', function () {              spider_page_1(this, 1, 2, 'numeric');              return false;            });        \t\t\t\t\/* Change page on input enter. *\/        function bwg_change_page_1( e, that ) {          if (  e.key == 'Enter' ) {            var to_page = parseInt(jQuery(that).val());            var pages_count = jQuery(that).parents(\".pagination-links\").data(\"pages-count\");            var current_url_param = jQuery(that).attr('data-url-info');            if (to_page > pages_count) {              to_page = 1;            }\t \t\t\t\t\t\t\t\t\t\t\t\tspider_page_1(this, to_page, 0, 'numeric');\t\t\t\t\t\t\treturn false;\t\t\t\t\t\t          }          return true;        }        jQuery('.bwg_load_btn_1').on('click', function () {            spider_page_1(this, 1, 1, true);            return false;        });      <\/script>      <\/span>                <\/div>        <\/form>        <style>          #bwg_container1_1 #bwg_container2_1 #spider_popup_overlay_1 {          background-color: #EEEEEE;          opacity: 0.60;          }          <\/style>        <div id=\"bwg_spider_popup_loading_1\" class=\"bwg_spider_popup_loading\"><\/div>        <div id=\"spider_popup_overlay_1\" class=\"spider_popup_overlay\" onclick=\"spider_destroypopup(1000)\"><\/div>        <input type=\"hidden\" id=\"bwg_random_seed_1\" value=\"1336777623\">                <\/div>    <\/div>    <script>      if (document.readyState === 'complete') {        if( typeof bwg_main_ready == 'function' ) {          if ( jQuery(\"#bwg_container1_1\").height() ) {            bwg_main_ready(jQuery(\"#bwg_container1_1\"));          }        }      } else {        document.addEventListener('DOMContentLoaded', function() {          if( typeof bwg_main_ready == 'function' ) {            if ( jQuery(\"#bwg_container1_1\").height() ) {             bwg_main_ready(jQuery(\"#bwg_container1_1\"));            }          }        });      }    <\/script>    \t\t<\/div>\n\t\t\t\t<\/div>\n\t\t\t\t\t<\/div>\n\t\t<\/div>\n\t\t\t\t\t<\/div>\n\t\t<\/section>\n\t\t\t\t<section class=\"elementor-section elementor-top-section elementor-element elementor-element-6c6867e elementor-section-boxed elementor-section-height-default elementor-section-height-default\" data-id=\"6c6867e\" data-element_type=\"section\">\n\t\t\t\t\t\t<div class=\"elementor-container elementor-column-gap-default\">\n\t\t\t\t\t<div class=\"elementor-column elementor-col-100 elementor-top-column elementor-element elementor-element-1defec3\" data-id=\"1defec3\" data-element_type=\"column\">\n\t\t\t<div class=\"elementor-widget-wrap elementor-element-populated\">\n\t\t\t\t\t\t<div class=\"elementor-element elementor-element-e605480 elementor-widget elementor-widget-bwg-elementor\" data-id=\"e605480\" data-element_type=\"widget\" data-widget_type=\"bwg-elementor.default\">\n\t\t\t\t<div class=\"elementor-widget-container\">\n\t\t\t<style id=\"bwg-style-2\">    #bwg_container1_2 #bwg_container2_2 .bwg-container-2.bwg-album-thumbnails {    width: 1254px;    justify-content: center;            justify-content: center;        margin:0 auto !important;          background-color: rgba(255, 255, 255, 0.00);          padding-left: 4px;      padding-top: 4px;      max-width: 100%;          }        #bwg_container1_2 #bwg_container2_2 .bwg-container-2.bwg-album-thumbnails .bwg-item {    justify-content: flex-start;    max-width: 250px;        }    #bwg_container1_2 #bwg_container2_2 .bwg-container-2.bwg-album-thumbnails .bwg-item a {      margin-right: 4px;      margin-bottom: 4px;    }    #bwg_container1_2 #bwg_container2_2 .bwg-container-2.bwg-album-thumbnails .bwg-item0 {      padding: 0px;            background-color:rgba(0,0,0, 0.30);      border: 0px none #CCCCCC;      opacity: 1.00;      border-radius: 0;      box-shadow: 0px 0px 0px #888888;    }    #bwg_container1_2 #bwg_container2_2 .bwg-container-2.bwg-album-thumbnails .bwg-item1 img {      max-height: none;      max-width: none;      padding: 0 !important;    }          @media only screen and (min-width: 480px) {      #bwg_container1_2 #bwg_container2_2 .bwg-container-2.bwg-album-thumbnails .bwg-item1 img {      -webkit-transition: all .3s; transition: all .3s;      }      #bwg_container1_2 #bwg_container2_2 .bwg-container-2.bwg-album-thumbnails .bwg-item1 img:hover {        -ms-transform: scale(1.08);        -webkit-transform: scale(1.08);        transform: scale(1.08);      }            }          #bwg_container1_2 #bwg_container2_2 .bwg-container-2.bwg-album-thumbnails .bwg-item1 {      padding-top: 56%;    }        #bwg_container1_2 #bwg_container2_2 .bwg-container-2.bwg-album-thumbnails .bwg-title2 {      color: #323A45;      font-family: Ubuntu;      font-size: 16px;      font-weight: bold;      padding: 2px;      text-shadow: 0px 0px 0px #888888;      max-height: 100%;    }        #bwg_container1_2 #bwg_container2_2 .bwg-container-2.bwg-standard-thumbnails {      width: 1254px;              justify-content: center;        margin:0 auto !important;              background-color: rgba(255, 255, 255, 0.00);            padding-left: 4px;      padding-top: 4px;      max-width: 100%;            }        #bwg_container1_2 #bwg_container2_2 .bwg-container-2.bwg-standard-thumbnails .bwg-item {    justify-content: flex-start;      max-width: 250px;          }    #bwg_container1_2 #bwg_container2_2 .bwg-container-2.bwg-standard-thumbnails .bwg-item a {       margin-right: 4px;       margin-bottom: 4px;    }    #bwg_container1_2 #bwg_container2_2 .bwg-container-2.bwg-standard-thumbnails .bwg-item0 {      padding: 0px;            background-color:rgba(0,0,0, 0.30);      border: 0px none #CCCCCC;      opacity: 1.00;      border-radius: 0;      box-shadow: 0px 0px 0px #888888;    }    #bwg_container1_2 #bwg_container2_2 .bwg-container-2.bwg-standard-thumbnails .bwg-item1 img {      max-height: none;      max-width: none;      padding: 0 !important;    }         @media only screen and (min-width: 480px) {\t\t#bwg_container1_2 #bwg_container2_2 .bwg-container-2.bwg-standard-thumbnails .bwg-item1 img {\t\t\t-webkit-transition: all .3s; transition: all .3s;\t\t}\t\t#bwg_container1_2 #bwg_container2_2 .bwg-container-2.bwg-standard-thumbnails .bwg-item1 img:hover {\t\t\t-ms-transform: scale(1.08);\t\t\t-webkit-transform: scale(1.08);\t\t\ttransform: scale(1.08);\t\t}\t\t      }\t    #bwg_container1_2 #bwg_container2_2 .bwg-container-2.bwg-standard-thumbnails .bwg-item1 {      padding-top: 56%;    }        #bwg_container1_2 #bwg_container2_2 .bwg-container-2.bwg-standard-thumbnails .bwg-title2,    #bwg_container1_2 #bwg_container2_2 .bwg-container-2.bwg-standard-thumbnails .bwg-ecommerce2 {      color: #323A45;      font-family: Ubuntu;      font-size: 16px;      font-weight: bold;      padding: 2px;      text-shadow: 0px 0px 0px #888888;      max-height: 100%;    }    #bwg_container1_2 #bwg_container2_2 .bwg-container-2.bwg-standard-thumbnails .bwg-thumb-description span {    color: #323A45;    font-family: Ubuntu;    font-size: 12px;    max-height: 100%;    word-wrap: break-word;    }    #bwg_container1_2 #bwg_container2_2 .bwg-container-2.bwg-standard-thumbnails .bwg-play-icon2 {      font-size: 32px;    }    #bwg_container1_2 #bwg_container2_2 .bwg-container-2.bwg-standard-thumbnails .bwg-ecommerce2 {      font-size: 19.2px;      color: #323A45;    }    <\/style>    <div id=\"bwg_container1_2\"         class=\"bwg_container bwg_thumbnail bwg_album_compact_preview bwg_thumbnail\"         data-right-click-protection=\"0\"         data-bwg=\"2\"         data-scroll=\"0\"         data-gallery-type=\"album_compact_preview\"         data-gallery-view-type=\"thumbnail\"         data-current-url=\"\/index.php?rest_route=%2Fwp%2Fv2%2Fpages%2F5836\"         data-lightbox-url=\"https:\/\/vichyrando.org\/wp-admin\/admin-ajax.php?action=GalleryBox&#038;current_view=2&#038;gallery_id=0&#038;tag=0&#038;theme_id=1&#038;shortcode_id=1396&#038;sort_by=order&#038;order_by=asc&#038;current_url=%2Findex.php%3Frest_route%3D%252Fwp%252Fv2%252Fpages%252F5836\"         data-gallery-id=\"0\"         data-popup-width=\"800\"         data-popup-height=\"500\"         data-is-album=\"album\"         data-buttons-position=\"bottom\">      <div id=\"bwg_container2_2\">             <div id=\"ajax_loading_2\" class=\"bwg_loading_div_1\">      <div class=\"bwg_loading_div_2\">        <div class=\"bwg_loading_div_3\">          <div id=\"loading_div_2\" class=\"bwg_spider_ajax_loading\">          <\/div>        <\/div>      <\/div>    <\/div>            <form id=\"gal_front_form_2\"              class=\"bwg-hidden\"              method=\"post\"              action=\"#\"              data-current=\"2\"              data-shortcode-id=\"1396\"              data-gallery-type=\"album_compact_preview\"              data-gallery-id=\"0\"              data-tag=\"0\"              data-album-id=\"69\"              data-theme-id=\"1\"              data-ajax-url=\"https:\/\/vichyrando.org\/wp-admin\/admin-ajax.php?action=bwg_frontend_data\">          <div id=\"bwg_container3_2\" class=\"bwg-background bwg-background-2\">            <style>        #bwg_container1_2 #bwg_container2_2 .bwg_gal_title_2 {          display: block;          padding: 0 2px 2px 2px;          background-color: rgba(0, 0, 0, 0);          line-height: 20px;          font-family: Ubuntu;          font-size: 18px;          font-weight: bold;          color: #323A45;          text-shadow: 0px 0px 0px #888888;          text-align: center;        }        #bwg_container1_2 #bwg_container2_2 .bwg_gal_description_2 {          margin: 20px 0;          word-break: break-word;          text-align: justify;          font-size: 15px;          font-weight: unset;        }        <\/style>        <div class=\"bwg_gal_title_2\">Octobre 2025<\/div>            <div data-max-count=\"5\"         data-thumbnail-width=\"250\"         data-bwg=\"2\"         id=\"bwg_album_compact_2\"         class=\"bwg-thumbnails bwg-container bwg-container-2 bwg-album-thumbnails bwg_album_thumbnails_2\">              <div class=\"bwg-item\">          <a class=\"bwg-a bwg-album bwg_album_2\"             href='\/index.php?rest_route=%2Fwp%2Fv2%2Fpages%2F5836&#038;type_2=gallery&#038;album_gallery_id_2=1165'                          data-container_id=\"bwg_album_compact_2\"             data-def_type=\"gallery\"             data-album_gallery_id=\"69\"             data-alb_gal_id=\"1165\"             data-title=\"Mini rando au Vernet le 2 octobre 2025\"             data-bwg=\"2\">                        <div class=\"bwg-item0 lazy_loader\">              <div class=\"bwg-item1 \">                <div class=\"bwg-item2\">                  <img decoding=\"async\" class=\"skip-lazy  bwg_lazyload \"                       data-width=\"500.00\"                       data-height=\"333.00\"                       data-src=\"https:\/\/vichyrando.org\/wp-content\/uploads\/photo-gallery\/thumb\/2025-10-02-LeVernet05.jpg?bwg=1759481074\"                       src=\"https:\/\/vichyrando.org\/wp-content\/plugins\/photo-gallery\/images\/lazy_placeholder.gif\"                       alt=\"Mini rando au Vernet le 2 octobre 2025\"                       title=\"Mini rando au Vernet le 2 octobre 2025\" \/>                <\/div>                <div class=\"\">                                  <\/div>              <\/div>            <\/div>            <div class=\"bwg-title1\"><div class=\"bwg-title2\">Mini rando au Vernet le 2 octobre 2025<\/div><\/div>          <\/a>        <\/div>                <div class=\"bwg-item\">          <a class=\"bwg-a bwg-album bwg_album_2\"             href='\/index.php?rest_route=%2Fwp%2Fv2%2Fpages%2F5836&#038;type_2=gallery&#038;album_gallery_id_2=1166'                          data-container_id=\"bwg_album_compact_2\"             data-def_type=\"gallery\"             data-album_gallery_id=\"69\"             data-alb_gal_id=\"1166\"             data-title=\"Rando 1\/2 journ\u00e9e \u00e0 St L\u00e9on le 2 octobre 2025\"             data-bwg=\"2\">                        <div class=\"bwg-item0 lazy_loader\">              <div class=\"bwg-item1 \">                <div class=\"bwg-item2\">                  <img decoding=\"async\" class=\"skip-lazy  bwg_lazyload \"                       data-width=\"500.00\"                       data-height=\"375.00\"                       data-src=\"https:\/\/vichyrando.org\/wp-content\/uploads\/photo-gallery\/thumb\/2025-10-02-StLeon03.jpg?bwg=1759481160\"                       src=\"https:\/\/vichyrando.org\/wp-content\/plugins\/photo-gallery\/images\/lazy_placeholder.gif\"                       alt=\"Rando 1\/2 journ\u00e9e \u00e0 St L\u00e9on le 2 octobre 2025\"                       title=\"Rando 1\/2 journ\u00e9e \u00e0 St L\u00e9on le 2 octobre 2025\" \/>                <\/div>                <div class=\"\">                                  <\/div>              <\/div>            <\/div>            <div class=\"bwg-title1\"><div class=\"bwg-title2\">Rando 1\/2 journ\u00e9e \u00e0 St L\u00e9on le 2 octobre 2025<\/div><\/div>          <\/a>        <\/div>                <div class=\"bwg-item\">          <a class=\"bwg-a bwg-album bwg_album_2\"             href='\/index.php?rest_route=%2Fwp%2Fv2%2Fpages%2F5836&#038;type_2=gallery&#038;album_gallery_id_2=1168'                          data-container_id=\"bwg_album_compact_2\"             data-def_type=\"gallery\"             data-album_gallery_id=\"69\"             data-alb_gal_id=\"1168\"             data-title=\"Op\u00e9ration d\u00e9broussaillage au Vernet le 3 octobre 2025\"             data-bwg=\"2\">                        <div class=\"bwg-item0 lazy_loader\">              <div class=\"bwg-item1 \">                <div class=\"bwg-item2\">                  <img decoding=\"async\" class=\"skip-lazy  bwg_lazyload \"                       data-width=\"330.00\"                       data-height=\"500.00\"                       data-src=\"https:\/\/vichyrando.org\/wp-content\/uploads\/photo-gallery\/thumb\/2025-10-03-LeVernet03.jpg?bwg=1759779012\"                       src=\"https:\/\/vichyrando.org\/wp-content\/plugins\/photo-gallery\/images\/lazy_placeholder.gif\"                       alt=\"Op\u00e9ration d\u00e9broussaillage au Vernet le 3 octobre 2025\"                       title=\"Op\u00e9ration d\u00e9broussaillage au Vernet le 3 octobre 2025\" \/>                <\/div>                <div class=\"\">                                  <\/div>              <\/div>            <\/div>            <div class=\"bwg-title1\"><div class=\"bwg-title2\">Op\u00e9ration d\u00e9broussaillage au Vernet le 3 octobre 2025<\/div><\/div>          <\/a>        <\/div>                <div class=\"bwg-item\">          <a class=\"bwg-a bwg-album bwg_album_2\"             href='\/index.php?rest_route=%2Fwp%2Fv2%2Fpages%2F5836&#038;type_2=gallery&#038;album_gallery_id_2=1167'                          data-container_id=\"bwg_album_compact_2\"             data-def_type=\"gallery\"             data-album_gallery_id=\"69\"             data-alb_gal_id=\"1167\"             data-title=\"Marche nordique \u00e0 Vendat le 4 octobre 2025\"             data-bwg=\"2\">                        <div class=\"bwg-item0 lazy_loader\">              <div class=\"bwg-item1 \">                <div class=\"bwg-item2\">                  <img decoding=\"async\" class=\"skip-lazy  bwg_lazyload \"                       data-width=\"500.00\"                       data-height=\"225.00\"                       data-src=\"https:\/\/vichyrando.org\/wp-content\/uploads\/photo-gallery\/thumb\/2025-10-04-Vendat01.jpg?bwg=1759581569\"                       src=\"https:\/\/vichyrando.org\/wp-content\/plugins\/photo-gallery\/images\/lazy_placeholder.gif\"                       alt=\"Marche nordique \u00e0 Vendat le 4 octobre 2025\"                       title=\"Marche nordique \u00e0 Vendat le 4 octobre 2025\" \/>                <\/div>                <div class=\"\">                                  <\/div>              <\/div>            <\/div>            <div class=\"bwg-title1\"><div class=\"bwg-title2\">Marche nordique \u00e0 Vendat le 4 octobre 2025<\/div><\/div>          <\/a>        <\/div>                <div class=\"bwg-item\">          <a class=\"bwg-a bwg-album bwg_album_2\"             href='\/index.php?rest_route=%2Fwp%2Fv2%2Fpages%2F5836&#038;type_2=gallery&#038;album_gallery_id_2=1169'                          data-container_id=\"bwg_album_compact_2\"             data-def_type=\"gallery\"             data-album_gallery_id=\"69\"             data-alb_gal_id=\"1169\"             data-title=\"Journ\u00e9e marche sportive reconnaissance des circuits au Vernet le 7 octobre 2025\"             data-bwg=\"2\">                        <div class=\"bwg-item0 lazy_loader\">              <div class=\"bwg-item1 \">                <div class=\"bwg-item2\">                  <img decoding=\"async\" class=\"skip-lazy  bwg_lazyload \"                       data-width=\"500.00\"                       data-height=\"375.00\"                       data-src=\"https:\/\/vichyrando.org\/wp-content\/uploads\/photo-gallery\/thumb\/2025-10-07-LeVernet04.jpg?bwg=1759916342\"                       src=\"https:\/\/vichyrando.org\/wp-content\/plugins\/photo-gallery\/images\/lazy_placeholder.gif\"                       alt=\"Journ\u00e9e marche sportive reconnaissance des circuits au Vernet le 7 octobre 2025\"                       title=\"Journ\u00e9e marche sportive reconnaissance des circuits au Vernet le 7 octobre 2025\" \/>                <\/div>                <div class=\"\">                                  <\/div>              <\/div>            <\/div>            <div class=\"bwg-title1\"><div class=\"bwg-title2\">Journ\u00e9e marche sportive reconnaissance des circuits au Vernet le 7 octobre 2025<\/div><\/div>          <\/a>        <\/div>                <div class=\"bwg-item\">          <a class=\"bwg-a bwg-album bwg_album_2\"             href='\/index.php?rest_route=%2Fwp%2Fv2%2Fpages%2F5836&#038;type_2=gallery&#038;album_gallery_id_2=1170'                          data-container_id=\"bwg_album_compact_2\"             data-def_type=\"gallery\"             data-album_gallery_id=\"69\"             data-alb_gal_id=\"1170\"             data-title=\"Mini rando reconnaissance des circuits au Vernet le 9 octobre 2025\"             data-bwg=\"2\">                        <div class=\"bwg-item0 lazy_loader\">              <div class=\"bwg-item1 \">                <div class=\"bwg-item2\">                  <img decoding=\"async\" class=\"skip-lazy  bwg_lazyload \"                       data-width=\"500.00\"                       data-height=\"333.00\"                       data-src=\"https:\/\/vichyrando.org\/wp-content\/uploads\/photo-gallery\/thumb\/2025-10-09-LeVernet01.jpg?bwg=1760089131\"                       src=\"https:\/\/vichyrando.org\/wp-content\/plugins\/photo-gallery\/images\/lazy_placeholder.gif\"                       alt=\"Mini rando reconnaissance des circuits au Vernet le 9 octobre 2025\"                       title=\"Mini rando reconnaissance des circuits au Vernet le 9 octobre 2025\" \/>                <\/div>                <div class=\"\">                                  <\/div>              <\/div>            <\/div>            <div class=\"bwg-title1\"><div class=\"bwg-title2\">Mini rando reconnaissance des circuits au Vernet le 9 octobre 2025<\/div><\/div>          <\/a>        <\/div>                <div class=\"bwg-item\">          <a class=\"bwg-a bwg-album bwg_album_2\"             href='\/index.php?rest_route=%2Fwp%2Fv2%2Fpages%2F5836&#038;type_2=gallery&#038;album_gallery_id_2=1171'                          data-container_id=\"bwg_album_compact_2\"             data-def_type=\"gallery\"             data-album_gallery_id=\"69\"             data-alb_gal_id=\"1171\"             data-title=\"Rando 1\/2 journ\u00e9e reconnaissance des circuits au Vernet le 9 octobre 2025\"             data-bwg=\"2\">                        <div class=\"bwg-item0 lazy_loader\">              <div class=\"bwg-item1 \">                <div class=\"bwg-item2\">                  <img decoding=\"async\" class=\"skip-lazy  bwg_lazyload \"                       data-width=\"500.00\"                       data-height=\"375.00\"                       data-src=\"https:\/\/vichyrando.org\/wp-content\/uploads\/photo-gallery\/thumb\/2025-10-09-LeVernet02_(1).jpg?bwg=1760107978\"                       src=\"https:\/\/vichyrando.org\/wp-content\/plugins\/photo-gallery\/images\/lazy_placeholder.gif\"                       alt=\"Rando 1\/2 journ\u00e9e reconnaissance des circuits au Vernet le 9 octobre 2025\"                       title=\"Rando 1\/2 journ\u00e9e reconnaissance des circuits au Vernet le 9 octobre 2025\" \/>                <\/div>                <div class=\"\">                                  <\/div>              <\/div>            <\/div>            <div class=\"bwg-title1\"><div class=\"bwg-title2\">Rando 1\/2 journ\u00e9e reconnaissance des circuits au Vernet le 9 octobre 2025<\/div><\/div>          <\/a>        <\/div>                <div class=\"bwg-item\">          <a class=\"bwg-a bwg-album bwg_album_2\"             href='\/index.php?rest_route=%2Fwp%2Fv2%2Fpages%2F5836&#038;type_2=gallery&#038;album_gallery_id_2=1172'                          data-container_id=\"bwg_album_compact_2\"             data-def_type=\"gallery\"             data-album_gallery_id=\"69\"             data-alb_gal_id=\"1172\"             data-title=\"Pr\u00e9paration de la Rando Party au Vernet le 11 octobre 2025\"             data-bwg=\"2\">                        <div class=\"bwg-item0 lazy_loader\">              <div class=\"bwg-item1 \">                <div class=\"bwg-item2\">                  <img decoding=\"async\" class=\"skip-lazy  bwg_lazyload \"                       data-width=\"500.00\"                       data-height=\"190.00\"                       data-src=\"https:\/\/vichyrando.org\/wp-content\/uploads\/photo-gallery\/thumb\/2025-10-11-RandoParty09.jpg?bwg=1760435606\"                       src=\"https:\/\/vichyrando.org\/wp-content\/plugins\/photo-gallery\/images\/lazy_placeholder.gif\"                       alt=\"Pr\u00e9paration de la Rando Party au Vernet le 11 octobre 2025\"                       title=\"Pr\u00e9paration de la Rando Party au Vernet le 11 octobre 2025\" \/>                <\/div>                <div class=\"\">                                  <\/div>              <\/div>            <\/div>            <div class=\"bwg-title1\"><div class=\"bwg-title2\">Pr\u00e9paration de la Rando Party au Vernet le 11 octobre 2025<\/div><\/div>          <\/a>        <\/div>                <div class=\"bwg-item\">          <a class=\"bwg-a bwg-album bwg_album_2\"             href='\/index.php?rest_route=%2Fwp%2Fv2%2Fpages%2F5836&#038;type_2=gallery&#038;album_gallery_id_2=1173'                          data-container_id=\"bwg_album_compact_2\"             data-def_type=\"gallery\"             data-album_gallery_id=\"69\"             data-alb_gal_id=\"1173\"             data-title=\"Rando Party au Vernet le 12 octobre 2025\"             data-bwg=\"2\">                        <div class=\"bwg-item0 lazy_loader\">              <div class=\"bwg-item1 \">                <div class=\"bwg-item2\">                  <img decoding=\"async\" class=\"skip-lazy  bwg_lazyload \"                       data-width=\"500.00\"                       data-height=\"333.00\"                       data-src=\"https:\/\/vichyrando.org\/wp-content\/uploads\/photo-gallery\/thumb\/2025-10-12-RandoParty09.jpg?bwg=1760435713\"                       src=\"https:\/\/vichyrando.org\/wp-content\/plugins\/photo-gallery\/images\/lazy_placeholder.gif\"                       alt=\"Rando Party au Vernet le 12 octobre 2025\"                       title=\"Rando Party au Vernet le 12 octobre 2025\" \/>                <\/div>                <div class=\"\">                                  <\/div>              <\/div>            <\/div>            <div class=\"bwg-title1\"><div class=\"bwg-title2\">Rando Party au Vernet le 12 octobre 2025<\/div><\/div>          <\/a>        <\/div>                <div class=\"bwg-item\">          <a class=\"bwg-a bwg-album bwg_album_2\"             href='\/index.php?rest_route=%2Fwp%2Fv2%2Fpages%2F5836&#038;type_2=gallery&#038;album_gallery_id_2=1174'                          data-container_id=\"bwg_album_compact_2\"             data-def_type=\"gallery\"             data-album_gallery_id=\"69\"             data-alb_gal_id=\"1174\"             data-title=\"Le diner apr\u00e8s la Rando Party au Vernet le 12 octobre 2025\"             data-bwg=\"2\">                        <div class=\"bwg-item0 lazy_loader\">              <div class=\"bwg-item1 \">                <div class=\"bwg-item2\">                  <img decoding=\"async\" class=\"skip-lazy  bwg_lazyload \"                       data-width=\"500.00\"                       data-height=\"281.00\"                       data-src=\"https:\/\/vichyrando.org\/wp-content\/uploads\/photo-gallery\/thumb\/2025-10-12-RandoPartyDiner10.jpg?bwg=1760435826\"                       src=\"https:\/\/vichyrando.org\/wp-content\/plugins\/photo-gallery\/images\/lazy_placeholder.gif\"                       alt=\"Le diner apr\u00e8s la Rando Party au Vernet le 12 octobre 2025\"                       title=\"Le diner apr\u00e8s la Rando Party au Vernet le 12 octobre 2025\" \/>                <\/div>                <div class=\"\">                                  <\/div>              <\/div>            <\/div>            <div class=\"bwg-title1\"><div class=\"bwg-title2\">Le diner apr\u00e8s la Rando Party au Vernet le 12 octobre 2025<\/div><\/div>          <\/a>        <\/div>                <div class=\"bwg-item\">          <a class=\"bwg-a bwg-album bwg_album_2\"             href='\/index.php?rest_route=%2Fwp%2Fv2%2Fpages%2F5836&#038;type_2=gallery&#038;album_gallery_id_2=1176'                          data-container_id=\"bwg_album_compact_2\"             data-def_type=\"gallery\"             data-album_gallery_id=\"69\"             data-alb_gal_id=\"1176\"             data-title=\"Journ\u00e9e marche sportive \u00e0 Ferri\u00e8res\/Sichon le 14 octobre 2025\"             data-bwg=\"2\">                        <div class=\"bwg-item0 lazy_loader\">              <div class=\"bwg-item1 \">                <div class=\"bwg-item2\">                  <img decoding=\"async\" class=\"skip-lazy  bwg_lazyload \"                       data-width=\"500.00\"                       data-height=\"375.00\"                       data-src=\"https:\/\/vichyrando.org\/wp-content\/uploads\/photo-gallery\/thumb\/2025-10-14-Ferrieres02.jpg?bwg=1760603064\"                       src=\"https:\/\/vichyrando.org\/wp-content\/plugins\/photo-gallery\/images\/lazy_placeholder.gif\"                       alt=\"Journ\u00e9e marche sportive \u00e0 Ferri\u00e8res\/Sichon le 14 octobre 2025\"                       title=\"Journ\u00e9e marche sportive \u00e0 Ferri\u00e8res\/Sichon le 14 octobre 2025\" \/>                <\/div>                <div class=\"\">                                  <\/div>              <\/div>            <\/div>            <div class=\"bwg-title1\"><div class=\"bwg-title2\">Journ\u00e9e marche sportive \u00e0 Ferri\u00e8res\/Sichon le 14 octobre 2025<\/div><\/div>          <\/a>        <\/div>                <div class=\"bwg-item\">          <a class=\"bwg-a bwg-album bwg_album_2\"             href='\/index.php?rest_route=%2Fwp%2Fv2%2Fpages%2F5836&#038;type_2=gallery&#038;album_gallery_id_2=1175'                          data-container_id=\"bwg_album_compact_2\"             data-def_type=\"gallery\"             data-album_gallery_id=\"69\"             data-alb_gal_id=\"1175\"             data-title=\"Rando 1\/2 journ\u00e9e \u00e0 Mariol le 14 octobre 2025\"             data-bwg=\"2\">                        <div class=\"bwg-item0 lazy_loader\">              <div class=\"bwg-item1 \">                <div class=\"bwg-item2\">                  <img decoding=\"async\" class=\"skip-lazy  bwg_lazyload \"                       data-width=\"500.00\"                       data-height=\"375.00\"                       data-src=\"https:\/\/vichyrando.org\/wp-content\/uploads\/photo-gallery\/thumb\/IMG-20251014-WA0008.jpg?bwg=1760521232\"                       src=\"https:\/\/vichyrando.org\/wp-content\/plugins\/photo-gallery\/images\/lazy_placeholder.gif\"                       alt=\"Rando 1\/2 journ\u00e9e \u00e0 Mariol le 14 octobre 2025\"                       title=\"Rando 1\/2 journ\u00e9e \u00e0 Mariol le 14 octobre 2025\" \/>                <\/div>                <div class=\"\">                                  <\/div>              <\/div>            <\/div>            <div class=\"bwg-title1\"><div class=\"bwg-title2\">Rando 1\/2 journ\u00e9e \u00e0 Mariol le 14 octobre 2025<\/div><\/div>          <\/a>        <\/div>                <div class=\"bwg-item\">          <a class=\"bwg-a bwg-album bwg_album_2\"             href='\/index.php?rest_route=%2Fwp%2Fv2%2Fpages%2F5836&#038;type_2=gallery&#038;album_gallery_id_2=1177'                          data-container_id=\"bwg_album_compact_2\"             data-def_type=\"gallery\"             data-album_gallery_id=\"69\"             data-alb_gal_id=\"1177\"             data-title=\"Mini rando \u00e0 Brugheas le 16 octobre 2025\"             data-bwg=\"2\">                        <div class=\"bwg-item0 lazy_loader\">              <div class=\"bwg-item1 \">                <div class=\"bwg-item2\">                  <img decoding=\"async\" class=\"skip-lazy  bwg_lazyload \"                       data-width=\"500.00\"                       data-height=\"333.00\"                       data-src=\"https:\/\/vichyrando.org\/wp-content\/uploads\/photo-gallery\/thumb\/2025-10-16-Brugheas05.jpg?bwg=1760635788\"                       src=\"https:\/\/vichyrando.org\/wp-content\/plugins\/photo-gallery\/images\/lazy_placeholder.gif\"                       alt=\"Mini rando \u00e0 Brugheas le 16 octobre 2025\"                       title=\"Mini rando \u00e0 Brugheas le 16 octobre 2025\" \/>                <\/div>                <div class=\"\">                                  <\/div>              <\/div>            <\/div>            <div class=\"bwg-title1\"><div class=\"bwg-title2\">Mini rando \u00e0 Brugheas le 16 octobre 2025<\/div><\/div>          <\/a>        <\/div>                <div class=\"bwg-item\">          <a class=\"bwg-a bwg-album bwg_album_2\"             href='\/index.php?rest_route=%2Fwp%2Fv2%2Fpages%2F5836&#038;type_2=gallery&#038;album_gallery_id_2=1178'                          data-container_id=\"bwg_album_compact_2\"             data-def_type=\"gallery\"             data-album_gallery_id=\"69\"             data-alb_gal_id=\"1178\"             data-title=\"Rando 1\/2 journ\u00e9e \u00e0 St R\u00e9my \/Durolle (63)\"             data-bwg=\"2\">                        <div class=\"bwg-item0 lazy_loader\">              <div class=\"bwg-item1 \">                <div class=\"bwg-item2\">                  <img decoding=\"async\" class=\"skip-lazy  bwg_lazyload \"                       data-width=\"500.00\"                       data-height=\"375.00\"                       data-src=\"https:\/\/vichyrando.org\/wp-content\/uploads\/photo-gallery\/thumb\/2025-10-16-StRemy01.jpg?bwg=1760693770\"                       src=\"https:\/\/vichyrando.org\/wp-content\/plugins\/photo-gallery\/images\/lazy_placeholder.gif\"                       alt=\"Rando 1\/2 journ\u00e9e \u00e0 St R\u00e9my \/Durolle (63)\"                       title=\"Rando 1\/2 journ\u00e9e \u00e0 St R\u00e9my \/Durolle (63)\" \/>                <\/div>                <div class=\"\">                                  <\/div>              <\/div>            <\/div>            <div class=\"bwg-title1\"><div class=\"bwg-title2\">Rando 1\/2 journ\u00e9e \u00e0 St R\u00e9my \/Durolle (63)<\/div><\/div>          <\/a>        <\/div>                <div class=\"bwg-item\">          <a class=\"bwg-a bwg-album bwg_album_2\"             href='\/index.php?rest_route=%2Fwp%2Fv2%2Fpages%2F5836&#038;type_2=gallery&#038;album_gallery_id_2=1180'                          data-container_id=\"bwg_album_compact_2\"             data-def_type=\"gallery\"             data-album_gallery_id=\"69\"             data-alb_gal_id=\"1180\"             data-title=\"Journ\u00e9e rando sportive \u00e0 Montcombroux les mines le 21 octobre 2025\"             data-bwg=\"2\">                        <div class=\"bwg-item0 lazy_loader\">              <div class=\"bwg-item1 \">                <div class=\"bwg-item2\">                  <img decoding=\"async\" class=\"skip-lazy  bwg_lazyload \"                       data-width=\"500.00\"                       data-height=\"375.00\"                       data-src=\"https:\/\/vichyrando.org\/wp-content\/uploads\/photo-gallery\/thumb\/2025-10-21-Montcombroux06.jpg?bwg=1761077666\"                       src=\"https:\/\/vichyrando.org\/wp-content\/plugins\/photo-gallery\/images\/lazy_placeholder.gif\"                       alt=\"Journ\u00e9e rando sportive \u00e0 Montcombroux les mines le 21 octobre 2025\"                       title=\"Journ\u00e9e rando sportive \u00e0 Montcombroux les mines le 21 octobre 2025\" \/>                <\/div>                <div class=\"\">                                  <\/div>              <\/div>            <\/div>            <div class=\"bwg-title1\"><div class=\"bwg-title2\">Journ\u00e9e rando sportive \u00e0 Montcombroux les mines le 21 octobre 2025<\/div><\/div>          <\/a>        <\/div>                <div class=\"bwg-item\">          <a class=\"bwg-a bwg-album bwg_album_2\"             href='\/index.php?rest_route=%2Fwp%2Fv2%2Fpages%2F5836&#038;type_2=gallery&#038;album_gallery_id_2=1181'                          data-container_id=\"bwg_album_compact_2\"             data-def_type=\"gallery\"             data-album_gallery_id=\"69\"             data-alb_gal_id=\"1181\"             data-title=\"Rando 1\/2 journ\u00e9e \u00e0 Contigny le 21 octobre 2025\"             data-bwg=\"2\">                        <div class=\"bwg-item0 lazy_loader\">              <div class=\"bwg-item1 \">                <div class=\"bwg-item2\">                  <img decoding=\"async\" class=\"skip-lazy  bwg_lazyload \"                       data-width=\"500.00\"                       data-height=\"375.00\"                       data-src=\"https:\/\/vichyrando.org\/wp-content\/uploads\/photo-gallery\/thumb\/2025-10-21-Contigny02.jpg?bwg=1761077870\"                       src=\"https:\/\/vichyrando.org\/wp-content\/plugins\/photo-gallery\/images\/lazy_placeholder.gif\"                       alt=\"Rando 1\/2 journ\u00e9e \u00e0 Contigny le 21 octobre 2025\"                       title=\"Rando 1\/2 journ\u00e9e \u00e0 Contigny le 21 octobre 2025\" \/>                <\/div>                <div class=\"\">                                  <\/div>              <\/div>            <\/div>            <div class=\"bwg-title1\"><div class=\"bwg-title2\">Rando 1\/2 journ\u00e9e \u00e0 Contigny le 21 octobre 2025<\/div><\/div>          <\/a>        <\/div>                <div class=\"bwg-item\">          <a class=\"bwg-a bwg-album bwg_album_2\"             href='\/index.php?rest_route=%2Fwp%2Fv2%2Fpages%2F5836&#038;type_2=gallery&#038;album_gallery_id_2=1182'                          data-container_id=\"bwg_album_compact_2\"             data-def_type=\"gallery\"             data-album_gallery_id=\"69\"             data-alb_gal_id=\"1182\"             data-title=\"Mini rando \u00e0 Sanssat le 23 octobre 2025\"             data-bwg=\"2\">                        <div class=\"bwg-item0 lazy_loader\">              <div class=\"bwg-item1 \">                <div class=\"bwg-item2\">                  <img decoding=\"async\" class=\"skip-lazy  bwg_lazyload \"                       data-width=\"500.00\"                       data-height=\"375.00\"                       data-src=\"https:\/\/vichyrando.org\/wp-content\/uploads\/photo-gallery\/thumb\/2025-10-23-Sanssat01.jpg?bwg=1761228335\"                       src=\"https:\/\/vichyrando.org\/wp-content\/plugins\/photo-gallery\/images\/lazy_placeholder.gif\"                       alt=\"Mini rando \u00e0 Sanssat le 23 octobre 2025\"                       title=\"Mini rando \u00e0 Sanssat le 23 octobre 2025\" \/>                <\/div>                <div class=\"\">                                  <\/div>              <\/div>            <\/div>            <div class=\"bwg-title1\"><div class=\"bwg-title2\">Mini rando \u00e0 Sanssat le 23 octobre 2025<\/div><\/div>          <\/a>        <\/div>                <div class=\"bwg-item\">          <a class=\"bwg-a bwg-album bwg_album_2\"             href='\/index.php?rest_route=%2Fwp%2Fv2%2Fpages%2F5836&#038;type_2=gallery&#038;album_gallery_id_2=1183'                          data-container_id=\"bwg_album_compact_2\"             data-def_type=\"gallery\"             data-album_gallery_id=\"69\"             data-alb_gal_id=\"1183\"             data-title=\"Rando 1\/2 journ\u00e9e \u00e0 St Christophe en Bourbonnais le 23 octobre 2025\"             data-bwg=\"2\">                        <div class=\"bwg-item0 lazy_loader\">              <div class=\"bwg-item1 \">                <div class=\"bwg-item2\">                  <img decoding=\"async\" class=\"skip-lazy  bwg_lazyload \"                       data-width=\"500.00\"                       data-height=\"375.00\"                       data-src=\"https:\/\/vichyrando.org\/wp-content\/uploads\/photo-gallery\/thumb\/2025-10-23-StChristophe10.jpg?bwg=1761294694\"                       src=\"https:\/\/vichyrando.org\/wp-content\/plugins\/photo-gallery\/images\/lazy_placeholder.gif\"                       alt=\"Rando 1\/2 journ\u00e9e \u00e0 St Christophe en Bourbonnais le 23 octobre 2025\"                       title=\"Rando 1\/2 journ\u00e9e \u00e0 St Christophe en Bourbonnais le 23 octobre 2025\" \/>                <\/div>                <div class=\"\">                                  <\/div>              <\/div>            <\/div>            <div class=\"bwg-title1\"><div class=\"bwg-title2\">Rando 1\/2 journ\u00e9e \u00e0 St Christophe en Bourbonnais le 23 octobre 2025<\/div><\/div>          <\/a>        <\/div>                <div class=\"bwg-item\">          <a class=\"bwg-a bwg-album bwg_album_2\"             href='\/index.php?rest_route=%2Fwp%2Fv2%2Fpages%2F5836&#038;type_2=gallery&#038;album_gallery_id_2=1184'                          data-container_id=\"bwg_album_compact_2\"             data-def_type=\"gallery\"             data-album_gallery_id=\"69\"             data-alb_gal_id=\"1184\"             data-title=\"Rando 1\/2 journ\u00e9e \u00e0 Bost le 28 octobre 2025\"             data-bwg=\"2\">                        <div class=\"bwg-item0 lazy_loader\">              <div class=\"bwg-item1 \">                <div class=\"bwg-item2\">                  <img decoding=\"async\" class=\"skip-lazy  bwg_lazyload \"                       data-width=\"500.00\"                       data-height=\"318.00\"                       data-src=\"https:\/\/vichyrando.org\/wp-content\/uploads\/photo-gallery\/thumb\/2025-10-28-Bost09.jpg?bwg=1761846341\"                       src=\"https:\/\/vichyrando.org\/wp-content\/plugins\/photo-gallery\/images\/lazy_placeholder.gif\"                       alt=\"Rando 1\/2 journ\u00e9e \u00e0 Bost le 28 octobre 2025\"                       title=\"Rando 1\/2 journ\u00e9e \u00e0 Bost le 28 octobre 2025\" \/>                <\/div>                <div class=\"\">                                  <\/div>              <\/div>            <\/div>            <div class=\"bwg-title1\"><div class=\"bwg-title2\">Rando 1\/2 journ\u00e9e \u00e0 Bost le 28 octobre 2025<\/div><\/div>          <\/a>        <\/div>                <div class=\"bwg-item\">          <a class=\"bwg-a bwg-album bwg_album_2\"             href='\/index.php?rest_route=%2Fwp%2Fv2%2Fpages%2F5836&#038;type_2=gallery&#038;album_gallery_id_2=1185'                          data-container_id=\"bwg_album_compact_2\"             data-def_type=\"gallery\"             data-album_gallery_id=\"69\"             data-alb_gal_id=\"1185\"             data-title=\"Journ\u00e9e marche sportive \u00e0 Busset le 28 octobre 2025\"             data-bwg=\"2\">                        <div class=\"bwg-item0 lazy_loader\">              <div class=\"bwg-item1 \">                <div class=\"bwg-item2\">                  <img decoding=\"async\" class=\"skip-lazy  bwg_lazyload \"                       data-width=\"500.00\"                       data-height=\"345.00\"                       data-src=\"https:\/\/vichyrando.org\/wp-content\/uploads\/photo-gallery\/thumb\/2025-10-28-Busset02.jpg?bwg=1761846434\"                       src=\"https:\/\/vichyrando.org\/wp-content\/plugins\/photo-gallery\/images\/lazy_placeholder.gif\"                       alt=\"Journ\u00e9e marche sportive \u00e0 Busset le 28 octobre 2025\"                       title=\"Journ\u00e9e marche sportive \u00e0 Busset le 28 octobre 2025\" \/>                <\/div>                <div class=\"\">                                  <\/div>              <\/div>            <\/div>            <div class=\"bwg-title1\"><div class=\"bwg-title2\">Journ\u00e9e marche sportive \u00e0 Busset le 28 octobre 2025<\/div><\/div>          <\/a>        <\/div>                <div class=\"bwg-item\">          <a class=\"bwg-a bwg-album bwg_album_2\"             href='\/index.php?rest_route=%2Fwp%2Fv2%2Fpages%2F5836&#038;type_2=gallery&#038;album_gallery_id_2=1186'                          data-container_id=\"bwg_album_compact_2\"             data-def_type=\"gallery\"             data-album_gallery_id=\"69\"             data-alb_gal_id=\"1186\"             data-title=\"Mini rando \u00e0 Busset le 30 octobre 2025\"             data-bwg=\"2\">                        <div class=\"bwg-item0 lazy_loader\">              <div class=\"bwg-item1 \">                <div class=\"bwg-item2\">                  <img decoding=\"async\" class=\"skip-lazy  bwg_lazyload \"                       data-width=\"500.00\"                       data-height=\"323.00\"                       data-src=\"https:\/\/vichyrando.org\/wp-content\/uploads\/photo-gallery\/thumb\/2025-10-30-Busset01.jpg?bwg=1761846561\"                       src=\"https:\/\/vichyrando.org\/wp-content\/plugins\/photo-gallery\/images\/lazy_placeholder.gif\"                       alt=\"Mini rando \u00e0 Busset le 30 octobre 2025\"                       title=\"Mini rando \u00e0 Busset le 30 octobre 2025\" \/>                <\/div>                <div class=\"\">                                  <\/div>              <\/div>            <\/div>            <div class=\"bwg-title1\"><div class=\"bwg-title2\">Mini rando \u00e0 Busset le 30 octobre 2025<\/div><\/div>          <\/a>        <\/div>                <div class=\"bwg-item\">          <a class=\"bwg-a bwg-album bwg_album_2\"             href='\/index.php?rest_route=%2Fwp%2Fv2%2Fpages%2F5836&#038;type_2=gallery&#038;album_gallery_id_2=1187'                          data-container_id=\"bwg_album_compact_2\"             data-def_type=\"gallery\"             data-album_gallery_id=\"69\"             data-alb_gal_id=\"1187\"             data-title=\"Rando 1\/2 journ\u00e9e \u00e0 Lachaux (63) le 30 octobre 2025\"             data-bwg=\"2\">                        <div class=\"bwg-item0 lazy_loader\">              <div class=\"bwg-item1 \">                <div class=\"bwg-item2\">                  <img decoding=\"async\" class=\"skip-lazy  bwg_lazyload \"                       data-width=\"500.00\"                       data-height=\"375.00\"                       data-src=\"https:\/\/vichyrando.org\/wp-content\/uploads\/photo-gallery\/thumb\/2025-10-30-Lachaux14.jpg?bwg=1761904319\"                       src=\"https:\/\/vichyrando.org\/wp-content\/plugins\/photo-gallery\/images\/lazy_placeholder.gif\"                       alt=\"Rando 1\/2 journ\u00e9e \u00e0 Lachaux (63) le 30 octobre 2025\"                       title=\"Rando 1\/2 journ\u00e9e \u00e0 Lachaux (63) le 30 octobre 2025\" \/>                <\/div>                <div class=\"\">                                  <\/div>              <\/div>            <\/div>            <div class=\"bwg-title1\"><div class=\"bwg-title2\">Rando 1\/2 journ\u00e9e \u00e0 Lachaux (63) le 30 octobre 2025<\/div><\/div>          <\/a>        <\/div>                <div class=\"bwg-item\">          <a class=\"bwg-a bwg-album bwg_album_2\"             href='\/index.php?rest_route=%2Fwp%2Fv2%2Fpages%2F5836&#038;type_2=gallery&#038;album_gallery_id_2=1188'                          data-container_id=\"bwg_album_compact_2\"             data-def_type=\"gallery\"             data-album_gallery_id=\"69\"             data-alb_gal_id=\"1188\"             data-title=\"Marche nordique au Vernet le 31 octobre 2025\"             data-bwg=\"2\">                        <div class=\"bwg-item0 lazy_loader\">              <div class=\"bwg-item1 \">                <div class=\"bwg-item2\">                  <img decoding=\"async\" class=\"skip-lazy  bwg_lazyload \"                       data-width=\"500.00\"                       data-height=\"225.00\"                       data-src=\"https:\/\/vichyrando.org\/wp-content\/uploads\/photo-gallery\/thumb\/2025-10-31-LeVernet01.jpg?bwg=1762076967\"                       src=\"https:\/\/vichyrando.org\/wp-content\/plugins\/photo-gallery\/images\/lazy_placeholder.gif\"                       alt=\"Marche nordique au Vernet le 31 octobre 2025\"                       title=\"Marche nordique au Vernet le 31 octobre 2025\" \/>                <\/div>                <div class=\"\">                                  <\/div>              <\/div>            <\/div>            <div class=\"bwg-title1\"><div class=\"bwg-title2\">Marche nordique au Vernet le 31 octobre 2025<\/div><\/div>          <\/a>        <\/div>            <\/div>          <input type=\"hidden\" id=\"bwg_album_breadcrumb_2\" name=\"bwg_album_breadcrumb_2\" value='[{&quot;id&quot;:&quot;69&quot;,&quot;page&quot;:1}]' \/>    <style>      \/*pagination styles*\/      #bwg_container1_2 #bwg_container2_2 .tablenav-pages_2 {\t\t\t\ttext-align: center;\t\t\t\tfont-size: 12px;\t\t\t\tfont-family: Ubuntu;\t\t\t\tfont-weight: bold;\t\t\t\tcolor: #666666;\t\t\t\tmargin: 6px 0 4px;\t\t\t\tdisplay: block;      }      @media only screen and (max-width : 320px) {      #bwg_container1_2 #bwg_container2_2 .displaying-num_2 {     \t display: none;      }      }      #bwg_container1_2 #bwg_container2_2 .displaying-num_2 {\t\t\t\tfont-size: 12px;\t\t\t\tfont-family: Ubuntu;\t\t\t\tfont-weight: bold;\t\t\t\tcolor: #666666;\t\t\t\tmargin-right: 10px;\t\t\t\tvertical-align: middle;      }      #bwg_container1_2 #bwg_container2_2 .paging-input_2 {\t\t\t\tfont-size: 12px;\t\t\t\tfont-family: Ubuntu;\t\t\t\tfont-weight: bold;\t\t\t\tcolor: #666666;\t\t\t\tvertical-align: middle;      }      #bwg_container1_2 #bwg_container2_2 .tablenav-pages_2 a.disabled,      #bwg_container1_2 #bwg_container2_2 .tablenav-pages_2 a.disabled:hover,      #bwg_container1_2 #bwg_container2_2 .tablenav-pages_2 a.disabled:focus,\t\t\t#bwg_container1_2 #bwg_container2_2 .tablenav-pages_2 input.bwg_current_page {\t\t\t\tcursor: default;\t\t\t\tcolor: rgba(102, 102, 102, 0.5);      }      #bwg_container1_2 #bwg_container2_2 .tablenav-pages_2 a,      #bwg_container1_2 #bwg_container2_2 .tablenav-pages_2 input.bwg_current_page {\t\t\t\tcursor: pointer;\t\t\t\ttext-align: center;\t\t\t\tfont-size: 12px;\t\t\t\tfont-family: Ubuntu;\t\t\t\tfont-weight: bold;\t\t\t\tcolor: #666666;\t\t\t\ttext-decoration: none;\t\t\t\tpadding: 3px 6px;\t\t\t\tmargin: 0;\t\t\t\tborder-radius: 0;\t\t\t\tborder-style: solid;\t\t\t\tborder-width: 1px;\t\t\t\tborder-color: #E3E3E3;\t\t\t\t\t\t\t\tbackground-color: rgba(255, 255, 255, 1.00);\t\t\t\tbox-shadow: 0;\t\t\t\ttransition: all 0.3s ease 0s;-webkit-transition: all 0.3s ease 0s;      }      <\/style>      <span class=\"bwg_nav_cont_2\">              <div class=\"tablenav-pages_2\">                  <\/div>                <input type=\"hidden\" id=\"page_number_2\" name=\"page_number_2\" value=\"1\" \/>      <script type=\"text\/javascript\">        if( jQuery('.bwg_nav_cont_2').length > 1 ) {          jQuery('.bwg_nav_cont_2').first().remove()        }        function spider_page_2(cur, x, y, load_more) {          if (typeof load_more == \"undefined\") {            var load_more = false;          }          if (jQuery(cur).hasClass('disabled')) {            return false;          }          var items_county_2 = 1;          switch (y) {            case 1:              if (x >= items_county_2) {                document.getElementById('page_number_2').value = items_county_2;              }              else {                document.getElementById('page_number_2').value = x + 1;              }              break;            case 2:              document.getElementById('page_number_2').value = items_county_2;              break;            case -1:              if (x == 1) {                document.getElementById('page_number_2').value = 1;              }              else {                document.getElementById('page_number_2').value = x - 1;              }              break;            case -2:              document.getElementById('page_number_2').value = 1;              break;\t\t\t\t\t\tcase 0:              document.getElementById('page_number_2').value = x;              break;            default:              document.getElementById('page_number_2').value = 1;          }          bwg_ajax('gal_front_form_2', '2', 'bwg_album_compact_2', '69', '', 'album', 0, '', '', load_more, '', 1);        }                    jQuery('.first-page-2').on('click', function () {              spider_page_2(this, 1, -2, 'numeric');              return false;            });            jQuery('.prev-page-2').on('click', function () {              spider_page_2(this, 1, -1, 'numeric');              return false;            });            jQuery('.next-page-2').on('click', function () {              spider_page_2(this, 1, 1, 'numeric');              return false;            });            jQuery('.last-page-2').on('click', function () {              spider_page_2(this, 1, 2, 'numeric');              return false;            });        \t\t\t\t\/* Change page on input enter. *\/        function bwg_change_page_2( e, that ) {          if (  e.key == 'Enter' ) {            var to_page = parseInt(jQuery(that).val());            var pages_count = jQuery(that).parents(\".pagination-links\").data(\"pages-count\");            var current_url_param = jQuery(that).attr('data-url-info');            if (to_page > pages_count) {              to_page = 1;            }\t \t\t\t\t\t\t\t\t\t\t\t\tspider_page_2(this, to_page, 0, 'numeric');\t\t\t\t\t\t\treturn false;\t\t\t\t\t\t          }          return true;        }        jQuery('.bwg_load_btn_2').on('click', function () {            spider_page_2(this, 1, 1, true);            return false;        });      <\/script>      <\/span>                <\/div>        <\/form>        <style>          #bwg_container1_2 #bwg_container2_2 #spider_popup_overlay_2 {          background-color: #EEEEEE;          opacity: 0.60;          }          <\/style>        <div id=\"bwg_spider_popup_loading_2\" class=\"bwg_spider_popup_loading\"><\/div>        <div id=\"spider_popup_overlay_2\" class=\"spider_popup_overlay\" onclick=\"spider_destroypopup(1000)\"><\/div>        <input type=\"hidden\" id=\"bwg_random_seed_2\" value=\"1638485541\">                <\/div>    <\/div>    <script>      if (document.readyState === 'complete') {        if( typeof bwg_main_ready == 'function' ) {          if ( jQuery(\"#bwg_container1_2\").height() ) {            bwg_main_ready(jQuery(\"#bwg_container1_2\"));          }        }      } else {        document.addEventListener('DOMContentLoaded', function() {          if( typeof bwg_main_ready == 'function' ) {            if ( jQuery(\"#bwg_container1_2\").height() ) {             bwg_main_ready(jQuery(\"#bwg_container1_2\"));            }          }        });      }    <\/script>    \t\t<\/div>\n\t\t\t\t<\/div>\n\t\t\t\t\t<\/div>\n\t\t<\/div>\n\t\t\t\t\t<\/div>\n\t\t<\/section>\n\t\t\t\t<section class=\"elementor-section elementor-top-section elementor-element elementor-element-51190dd elementor-section-boxed elementor-section-height-default elementor-section-height-default\" data-id=\"51190dd\" data-element_type=\"section\">\n\t\t\t\t\t\t<div class=\"elementor-container elementor-column-gap-default\">\n\t\t\t\t\t<div class=\"elementor-column elementor-col-100 elementor-top-column elementor-element elementor-element-0f884da\" data-id=\"0f884da\" data-element_type=\"column\">\n\t\t\t<div class=\"elementor-widget-wrap elementor-element-populated\">\n\t\t\t\t\t\t<div class=\"elementor-element elementor-element-11fb7a5 elementor-widget elementor-widget-bwg-elementor\" data-id=\"11fb7a5\" data-element_type=\"widget\" data-widget_type=\"bwg-elementor.default\">\n\t\t\t\t<div class=\"elementor-widget-container\">\n\t\t\t<style id=\"bwg-style-3\">    #bwg_container1_3 #bwg_container2_3 .bwg-container-3.bwg-album-thumbnails {    width: 1254px;    justify-content: center;            justify-content: center;        margin:0 auto !important;          background-color: rgba(255, 255, 255, 0.00);          padding-left: 4px;      padding-top: 4px;      max-width: 100%;          }        #bwg_container1_3 #bwg_container2_3 .bwg-container-3.bwg-album-thumbnails .bwg-item {    justify-content: flex-start;    max-width: 250px;        }    #bwg_container1_3 #bwg_container2_3 .bwg-container-3.bwg-album-thumbnails .bwg-item a {      margin-right: 4px;      margin-bottom: 4px;    }    #bwg_container1_3 #bwg_container2_3 .bwg-container-3.bwg-album-thumbnails .bwg-item0 {      padding: 0px;            background-color:rgba(0,0,0, 0.30);      border: 0px none #CCCCCC;      opacity: 1.00;      border-radius: 0;      box-shadow: 0px 0px 0px #888888;    }    #bwg_container1_3 #bwg_container2_3 .bwg-container-3.bwg-album-thumbnails .bwg-item1 img {      max-height: none;      max-width: none;      padding: 0 !important;    }          @media only screen and (min-width: 480px) {      #bwg_container1_3 #bwg_container2_3 .bwg-container-3.bwg-album-thumbnails .bwg-item1 img {      -webkit-transition: all .3s; transition: all .3s;      }      #bwg_container1_3 #bwg_container2_3 .bwg-container-3.bwg-album-thumbnails .bwg-item1 img:hover {        -ms-transform: scale(1.08);        -webkit-transform: scale(1.08);        transform: scale(1.08);      }            }          #bwg_container1_3 #bwg_container2_3 .bwg-container-3.bwg-album-thumbnails .bwg-item1 {      padding-top: 56%;    }        #bwg_container1_3 #bwg_container2_3 .bwg-container-3.bwg-album-thumbnails .bwg-title2 {      color: #323A45;      font-family: Ubuntu;      font-size: 16px;      font-weight: bold;      padding: 2px;      text-shadow: 0px 0px 0px #888888;      max-height: 100%;    }        #bwg_container1_3 #bwg_container2_3 .bwg-container-3.bwg-standard-thumbnails {      width: 1254px;              justify-content: center;        margin:0 auto !important;              background-color: rgba(255, 255, 255, 0.00);            padding-left: 4px;      padding-top: 4px;      max-width: 100%;            }        #bwg_container1_3 #bwg_container2_3 .bwg-container-3.bwg-standard-thumbnails .bwg-item {    justify-content: flex-start;      max-width: 250px;          }    #bwg_container1_3 #bwg_container2_3 .bwg-container-3.bwg-standard-thumbnails .bwg-item a {       margin-right: 4px;       margin-bottom: 4px;    }    #bwg_container1_3 #bwg_container2_3 .bwg-container-3.bwg-standard-thumbnails .bwg-item0 {      padding: 0px;            background-color:rgba(0,0,0, 0.30);      border: 0px none #CCCCCC;      opacity: 1.00;      border-radius: 0;      box-shadow: 0px 0px 0px #888888;    }    #bwg_container1_3 #bwg_container2_3 .bwg-container-3.bwg-standard-thumbnails .bwg-item1 img {      max-height: none;      max-width: none;      padding: 0 !important;    }         @media only screen and (min-width: 480px) {\t\t#bwg_container1_3 #bwg_container2_3 .bwg-container-3.bwg-standard-thumbnails .bwg-item1 img {\t\t\t-webkit-transition: all .3s; transition: all .3s;\t\t}\t\t#bwg_container1_3 #bwg_container2_3 .bwg-container-3.bwg-standard-thumbnails .bwg-item1 img:hover {\t\t\t-ms-transform: scale(1.08);\t\t\t-webkit-transform: scale(1.08);\t\t\ttransform: scale(1.08);\t\t}\t\t      }\t    #bwg_container1_3 #bwg_container2_3 .bwg-container-3.bwg-standard-thumbnails .bwg-item1 {      padding-top: 56%;    }        #bwg_container1_3 #bwg_container2_3 .bwg-container-3.bwg-standard-thumbnails .bwg-title2,    #bwg_container1_3 #bwg_container2_3 .bwg-container-3.bwg-standard-thumbnails .bwg-ecommerce2 {      color: #323A45;      font-family: Ubuntu;      font-size: 16px;      font-weight: bold;      padding: 2px;      text-shadow: 0px 0px 0px #888888;      max-height: 100%;    }    #bwg_container1_3 #bwg_container2_3 .bwg-container-3.bwg-standard-thumbnails .bwg-thumb-description span {    color: #323A45;    font-family: Ubuntu;    font-size: 12px;    max-height: 100%;    word-wrap: break-word;    }    #bwg_container1_3 #bwg_container2_3 .bwg-container-3.bwg-standard-thumbnails .bwg-play-icon2 {      font-size: 32px;    }    #bwg_container1_3 #bwg_container2_3 .bwg-container-3.bwg-standard-thumbnails .bwg-ecommerce2 {      font-size: 19.2px;      color: #323A45;    }    <\/style>    <div id=\"bwg_container1_3\"         class=\"bwg_container bwg_thumbnail bwg_album_compact_preview bwg_thumbnail\"         data-right-click-protection=\"0\"         data-bwg=\"3\"         data-scroll=\"0\"         data-gallery-type=\"album_compact_preview\"         data-gallery-view-type=\"thumbnail\"         data-current-url=\"\/index.php?rest_route=%2Fwp%2Fv2%2Fpages%2F5836\"         data-lightbox-url=\"https:\/\/vichyrando.org\/wp-admin\/admin-ajax.php?action=GalleryBox&#038;current_view=3&#038;gallery_id=0&#038;tag=0&#038;theme_id=1&#038;shortcode_id=1368&#038;sort_by=order&#038;order_by=asc&#038;current_url=%2Findex.php%3Frest_route%3D%252Fwp%252Fv2%252Fpages%252F5836\"         data-gallery-id=\"0\"         data-popup-width=\"800\"         data-popup-height=\"500\"         data-is-album=\"album\"         data-buttons-position=\"bottom\">      <div id=\"bwg_container2_3\">             <div id=\"ajax_loading_3\" class=\"bwg_loading_div_1\">      <div class=\"bwg_loading_div_2\">        <div class=\"bwg_loading_div_3\">          <div id=\"loading_div_3\" class=\"bwg_spider_ajax_loading\">          <\/div>        <\/div>      <\/div>    <\/div>            <form id=\"gal_front_form_3\"              class=\"bwg-hidden\"              method=\"post\"              action=\"#\"              data-current=\"3\"              data-shortcode-id=\"1368\"              data-gallery-type=\"album_compact_preview\"              data-gallery-id=\"0\"              data-tag=\"0\"              data-album-id=\"68\"              data-theme-id=\"1\"              data-ajax-url=\"https:\/\/vichyrando.org\/wp-admin\/admin-ajax.php?action=bwg_frontend_data\">          <div id=\"bwg_container3_3\" class=\"bwg-background bwg-background-3\">            <style>        #bwg_container1_3 #bwg_container2_3 .bwg_gal_title_3 {          display: block;          padding: 0 2px 2px 2px;          background-color: rgba(0, 0, 0, 0);          line-height: 20px;          font-family: Ubuntu;          font-size: 18px;          font-weight: bold;          color: #323A45;          text-shadow: 0px 0px 0px #888888;          text-align: center;        }        #bwg_container1_3 #bwg_container2_3 .bwg_gal_description_3 {          margin: 20px 0;          word-break: break-word;          text-align: justify;          font-size: 15px;          font-weight: unset;        }        <\/style>        <div class=\"bwg_gal_title_3\">Septembre 2025<\/div>            <div data-max-count=\"5\"         data-thumbnail-width=\"250\"         data-bwg=\"3\"         id=\"bwg_album_compact_3\"         class=\"bwg-thumbnails bwg-container bwg-container-3 bwg-album-thumbnails bwg_album_thumbnails_3\">              <div class=\"bwg-item\">          <a class=\"bwg-a bwg-album bwg_album_3\"             href='\/index.php?rest_route=%2Fwp%2Fv2%2Fpages%2F5836&#038;type_3=gallery&#038;album_gallery_id_3=1139'                          data-container_id=\"bwg_album_compact_3\"             data-def_type=\"gallery\"             data-album_gallery_id=\"68\"             data-alb_gal_id=\"1139\"             data-title=\"Rando sant\u00e9 avec le Pied de St-Cloud \u00e0 Vichy le 1er septembre 2025\"             data-bwg=\"3\">                        <div class=\"bwg-item0 lazy_loader\">              <div class=\"bwg-item1 \">                <div class=\"bwg-item2\">                  <img decoding=\"async\" class=\"skip-lazy  bwg_lazyload \"                       data-width=\"500.00\"                       data-height=\"281.00\"                       data-src=\"https:\/\/vichyrando.org\/wp-content\/uploads\/photo-gallery\/thumb\/2025-09-01-Vichy13.jpg?bwg=1756906734\"                       src=\"https:\/\/vichyrando.org\/wp-content\/plugins\/photo-gallery\/images\/lazy_placeholder.gif\"                       alt=\"Rando sant\u00e9 avec le Pied de St-Cloud \u00e0 Vichy le 1er septembre 2025\"                       title=\"Rando sant\u00e9 avec le Pied de St-Cloud \u00e0 Vichy le 1er septembre 2025\" \/>                <\/div>                <div class=\"\">                                  <\/div>              <\/div>            <\/div>            <div class=\"bwg-title1\"><div class=\"bwg-title2\">Rando sant\u00e9 avec le Pied de St-Cloud \u00e0 Vichy le 1er septembre 2025<\/div><\/div>          <\/a>        <\/div>                <div class=\"bwg-item\">          <a class=\"bwg-a bwg-album bwg_album_3\"             href='\/index.php?rest_route=%2Fwp%2Fv2%2Fpages%2F5836&#038;type_3=gallery&#038;album_gallery_id_3=1140'                          data-container_id=\"bwg_album_compact_3\"             data-def_type=\"gallery\"             data-album_gallery_id=\"68\"             data-alb_gal_id=\"1140\"             data-title=\"Journ\u00e9e marche sportive \u00e0 Enval (63) le 2 septembre 2025\"             data-bwg=\"3\">                        <div class=\"bwg-item0 lazy_loader\">              <div class=\"bwg-item1 \">                <div class=\"bwg-item2\">                  <img decoding=\"async\" class=\"skip-lazy  bwg_lazyload \"                       data-width=\"500.00\"                       data-height=\"290.00\"                       data-src=\"https:\/\/vichyrando.org\/wp-content\/uploads\/photo-gallery\/thumb\/2025-09-02-Enval10.jpg?bwg=1756906876\"                       src=\"https:\/\/vichyrando.org\/wp-content\/plugins\/photo-gallery\/images\/lazy_placeholder.gif\"                       alt=\"Journ\u00e9e marche sportive \u00e0 Enval (63) le 2 septembre 2025\"                       title=\"Journ\u00e9e marche sportive \u00e0 Enval (63) le 2 septembre 2025\" \/>                <\/div>                <div class=\"\">                                  <\/div>              <\/div>            <\/div>            <div class=\"bwg-title1\"><div class=\"bwg-title2\">Journ\u00e9e marche sportive \u00e0 Enval (63) le 2 septembre 2025<\/div><\/div>          <\/a>        <\/div>                <div class=\"bwg-item\">          <a class=\"bwg-a bwg-album bwg_album_3\"             href='\/index.php?rest_route=%2Fwp%2Fv2%2Fpages%2F5836&#038;type_3=gallery&#038;album_gallery_id_3=1142'                          data-container_id=\"bwg_album_compact_3\"             data-def_type=\"gallery\"             data-album_gallery_id=\"68\"             data-alb_gal_id=\"1142\"             data-title=\"Randonn\u00e9es diverses avec le Pied de St-Cloud \u00e0 St-Cl\u00e9ment le 2 septembre 2025\"             data-bwg=\"3\">                        <div class=\"bwg-item0 lazy_loader\">              <div class=\"bwg-item1 \">                <div class=\"bwg-item2\">                  <img decoding=\"async\" class=\"skip-lazy  bwg_lazyload \"                       data-width=\"500.00\"                       data-height=\"281.00\"                       data-src=\"https:\/\/vichyrando.org\/wp-content\/uploads\/photo-gallery\/thumb\/2025-09-02-StClement21.jpg?bwg=1756907203\"                       src=\"https:\/\/vichyrando.org\/wp-content\/plugins\/photo-gallery\/images\/lazy_placeholder.gif\"                       alt=\"Randonn\u00e9es diverses avec le Pied de St-Cloud \u00e0 St-Cl\u00e9ment le 2 septembre 2025\"                       title=\"Randonn\u00e9es diverses avec le Pied de St-Cloud \u00e0 St-Cl\u00e9ment le 2 septembre 2025\" \/>                <\/div>                <div class=\"\">                                  <\/div>              <\/div>            <\/div>            <div class=\"bwg-title1\"><div class=\"bwg-title2\">Randonn\u00e9es diverses avec le Pied de St-Cloud \u00e0 St-Cl\u00e9ment le 2 septembre 2025<\/div><\/div>          <\/a>        <\/div>                <div class=\"bwg-item\">          <a class=\"bwg-a bwg-album bwg_album_3\"             href='\/index.php?rest_route=%2Fwp%2Fv2%2Fpages%2F5836&#038;type_3=gallery&#038;album_gallery_id_3=1143'                          data-container_id=\"bwg_album_compact_3\"             data-def_type=\"gallery\"             data-album_gallery_id=\"68\"             data-alb_gal_id=\"1143\"             data-title=\"Marche nordique au Vernet le 6 septembre 2025\"             data-bwg=\"3\">                        <div class=\"bwg-item0 lazy_loader\">              <div class=\"bwg-item1 \">                <div class=\"bwg-item2\">                  <img decoding=\"async\" class=\"skip-lazy  bwg_lazyload \"                       data-width=\"500.00\"                       data-height=\"225.00\"                       data-src=\"https:\/\/vichyrando.org\/wp-content\/uploads\/photo-gallery\/thumb\/2025-09-06-LeVernet01.jpg?bwg=1757325398\"                       src=\"https:\/\/vichyrando.org\/wp-content\/plugins\/photo-gallery\/images\/lazy_placeholder.gif\"                       alt=\"Marche nordique au Vernet le 6 septembre 2025\"                       title=\"Marche nordique au Vernet le 6 septembre 2025\" \/>                <\/div>                <div class=\"\">                                  <\/div>              <\/div>            <\/div>            <div class=\"bwg-title1\"><div class=\"bwg-title2\">Marche nordique au Vernet le 6 septembre 2025<\/div><\/div>          <\/a>        <\/div>                <div class=\"bwg-item\">          <a class=\"bwg-a bwg-album bwg_album_3\"             href='\/index.php?rest_route=%2Fwp%2Fv2%2Fpages%2F5836&#038;type_3=gallery&#038;album_gallery_id_3=1144'                          data-container_id=\"bwg_album_compact_3\"             data-def_type=\"gallery\"             data-album_gallery_id=\"68\"             data-alb_gal_id=\"1144\"             data-title=\"Rando 1\/2 journ\u00e9e \u00e0 Ch\u00e2teldon (63) le 9 septembre 2025\"             data-bwg=\"3\">                        <div class=\"bwg-item0 lazy_loader\">              <div class=\"bwg-item1 \">                <div class=\"bwg-item2\">                  <img decoding=\"async\" class=\"skip-lazy  bwg_lazyload \"                       data-width=\"500.00\"                       data-height=\"315.00\"                       data-src=\"https:\/\/vichyrando.org\/wp-content\/uploads\/photo-gallery\/thumb\/2025-09-09-Chateldon02.jpg?bwg=1758547458\"                       src=\"https:\/\/vichyrando.org\/wp-content\/plugins\/photo-gallery\/images\/lazy_placeholder.gif\"                       alt=\"Rando 1\/2 journ\u00e9e \u00e0 Ch\u00e2teldon (63) le 9 septembre 2025\"                       title=\"Rando 1\/2 journ\u00e9e \u00e0 Ch\u00e2teldon (63) le 9 septembre 2025\" \/>                <\/div>                <div class=\"\">                                  <\/div>              <\/div>            <\/div>            <div class=\"bwg-title1\"><div class=\"bwg-title2\">Rando 1\/2 journ\u00e9e \u00e0 Ch\u00e2teldon (63) le 9 septembre 2025<\/div><\/div>          <\/a>        <\/div>                <div class=\"bwg-item\">          <a class=\"bwg-a bwg-album bwg_album_3\"             href='\/index.php?rest_route=%2Fwp%2Fv2%2Fpages%2F5836&#038;type_3=gallery&#038;album_gallery_id_3=1145'                          data-container_id=\"bwg_album_compact_3\"             data-def_type=\"gallery\"             data-album_gallery_id=\"68\"             data-alb_gal_id=\"1145\"             data-title=\"Journ\u00e9e rando sportive \u00e0 Lachaud (63) le 9 septembre 2025\"             data-bwg=\"3\">                        <div class=\"bwg-item0 lazy_loader\">              <div class=\"bwg-item1 \">                <div class=\"bwg-item2\">                  <img decoding=\"async\" class=\"skip-lazy  bwg_lazyload \"                       data-width=\"500.00\"                       data-height=\"300.00\"                       data-src=\"https:\/\/vichyrando.org\/wp-content\/uploads\/photo-gallery\/thumb\/2025-09-09-Lachaux01.jpg?bwg=1758547612\"                       src=\"https:\/\/vichyrando.org\/wp-content\/plugins\/photo-gallery\/images\/lazy_placeholder.gif\"                       alt=\"Journ\u00e9e rando sportive \u00e0 Lachaud (63) le 9 septembre 2025\"                       title=\"Journ\u00e9e rando sportive \u00e0 Lachaud (63) le 9 septembre 2025\" \/>                <\/div>                <div class=\"\">                                  <\/div>              <\/div>            <\/div>            <div class=\"bwg-title1\"><div class=\"bwg-title2\">Journ\u00e9e rando sportive \u00e0 Lachaud (63) le 9 septembre 2025<\/div><\/div>          <\/a>        <\/div>                <div class=\"bwg-item\">          <a class=\"bwg-a bwg-album bwg_album_3\"             href='\/index.php?rest_route=%2Fwp%2Fv2%2Fpages%2F5836&#038;type_3=gallery&#038;album_gallery_id_3=1146'                          data-container_id=\"bwg_album_compact_3\"             data-def_type=\"gallery\"             data-album_gallery_id=\"68\"             data-alb_gal_id=\"1146\"             data-title=\"S\u00e9jour dans le Morvan St\u00e9le des maquisards le 9 septembre 2025\"             data-bwg=\"3\">                        <div class=\"bwg-item0 lazy_loader\">              <div class=\"bwg-item1 \">                <div class=\"bwg-item2\">                  <img decoding=\"async\" class=\"skip-lazy  bwg_lazyload \"                       data-width=\"500.00\"                       data-height=\"375.00\"                       data-src=\"https:\/\/vichyrando.org\/wp-content\/uploads\/photo-gallery\/thumb\/2025-09-09-Maquisards04.jpg?bwg=1758547741\"                       src=\"https:\/\/vichyrando.org\/wp-content\/plugins\/photo-gallery\/images\/lazy_placeholder.gif\"                       alt=\"S\u00e9jour dans le Morvan St\u00e9le des maquisards le 9 septembre 2025\"                       title=\"S\u00e9jour dans le Morvan St\u00e9le des maquisards le 9 septembre 2025\" \/>                <\/div>                <div class=\"\">                                  <\/div>              <\/div>            <\/div>            <div class=\"bwg-title1\"><div class=\"bwg-title2\">S\u00e9jour dans le Morvan St\u00e9le des maquisards le 9 septembre 2025<\/div><\/div>          <\/a>        <\/div>                <div class=\"bwg-item\">          <a class=\"bwg-a bwg-album bwg_album_3\"             href='\/index.php?rest_route=%2Fwp%2Fv2%2Fpages%2F5836&#038;type_3=gallery&#038;album_gallery_id_3=1147'                          data-container_id=\"bwg_album_compact_3\"             data-def_type=\"gallery\"             data-album_gallery_id=\"68\"             data-alb_gal_id=\"1147\"             data-title=\"S\u00e9jour dans le Morvan Anost le 10 septembre 2025\"             data-bwg=\"3\">                        <div class=\"bwg-item0 lazy_loader\">              <div class=\"bwg-item1 \">                <div class=\"bwg-item2\">                  <img decoding=\"async\" class=\"skip-lazy  bwg_lazyload \"                       data-width=\"500.00\"                       data-height=\"375.00\"                       data-src=\"https:\/\/vichyrando.org\/wp-content\/uploads\/photo-gallery\/thumb\/2025-09-10-Anost16.jpg?bwg=1758547880\"                       src=\"https:\/\/vichyrando.org\/wp-content\/plugins\/photo-gallery\/images\/lazy_placeholder.gif\"                       alt=\"S\u00e9jour dans le Morvan Anost le 10 septembre 2025\"                       title=\"S\u00e9jour dans le Morvan Anost le 10 septembre 2025\" \/>                <\/div>                <div class=\"\">                                  <\/div>              <\/div>            <\/div>            <div class=\"bwg-title1\"><div class=\"bwg-title2\">S\u00e9jour dans le Morvan Anost le 10 septembre 2025<\/div><\/div>          <\/a>        <\/div>                <div class=\"bwg-item\">          <a class=\"bwg-a bwg-album bwg_album_3\"             href='\/index.php?rest_route=%2Fwp%2Fv2%2Fpages%2F5836&#038;type_3=gallery&#038;album_gallery_id_3=1148'                          data-container_id=\"bwg_album_compact_3\"             data-def_type=\"gallery\"             data-album_gallery_id=\"68\"             data-alb_gal_id=\"1148\"             data-title=\"Rando 1\/2 journ\u00e9e au Breuil le 11 septembre 2025\"             data-bwg=\"3\">                        <div class=\"bwg-item0 lazy_loader\">              <div class=\"bwg-item1 \">                <div class=\"bwg-item2\">                  <img decoding=\"async\" class=\"skip-lazy  bwg_lazyload \"                       data-width=\"500.00\"                       data-height=\"375.00\"                       data-src=\"https:\/\/vichyrando.org\/wp-content\/uploads\/photo-gallery\/thumb\/2025-09-11-LeBreuil06.jpg?bwg=1758547984\"                       src=\"https:\/\/vichyrando.org\/wp-content\/plugins\/photo-gallery\/images\/lazy_placeholder.gif\"                       alt=\"Rando 1\/2 journ\u00e9e au Breuil le 11 septembre 2025\"                       title=\"Rando 1\/2 journ\u00e9e au Breuil le 11 septembre 2025\" \/>                <\/div>                <div class=\"\">                                  <\/div>              <\/div>            <\/div>            <div class=\"bwg-title1\"><div class=\"bwg-title2\">Rando 1\/2 journ\u00e9e au Breuil le 11 septembre 2025<\/div><\/div>          <\/a>        <\/div>                <div class=\"bwg-item\">          <a class=\"bwg-a bwg-album bwg_album_3\"             href='\/index.php?rest_route=%2Fwp%2Fv2%2Fpages%2F5836&#038;type_3=gallery&#038;album_gallery_id_3=1149'                          data-container_id=\"bwg_album_compact_3\"             data-def_type=\"gallery\"             data-album_gallery_id=\"68\"             data-alb_gal_id=\"1149\"             data-title=\"S\u00e9jour dans le Morvan Le lac des Settons le 11 septembre 2025\"             data-bwg=\"3\">                        <div class=\"bwg-item0 lazy_loader\">              <div class=\"bwg-item1 \">                <div class=\"bwg-item2\">                  <img decoding=\"async\" class=\"skip-lazy  bwg_lazyload \"                       data-width=\"500.00\"                       data-height=\"375.00\"                       data-src=\"https:\/\/vichyrando.org\/wp-content\/uploads\/photo-gallery\/thumb\/2025-09-11-Settons23.jpg?bwg=1758548077\"                       src=\"https:\/\/vichyrando.org\/wp-content\/plugins\/photo-gallery\/images\/lazy_placeholder.gif\"                       alt=\"S\u00e9jour dans le Morvan Le lac des Settons le 11 septembre 2025\"                       title=\"S\u00e9jour dans le Morvan Le lac des Settons le 11 septembre 2025\" \/>                <\/div>                <div class=\"\">                                  <\/div>              <\/div>            <\/div>            <div class=\"bwg-title1\"><div class=\"bwg-title2\">S\u00e9jour dans le Morvan Le lac des Settons le 11 septembre 2025<\/div><\/div>          <\/a>        <\/div>                <div class=\"bwg-item\">          <a class=\"bwg-a bwg-album bwg_album_3\"             href='\/index.php?rest_route=%2Fwp%2Fv2%2Fpages%2F5836&#038;type_3=gallery&#038;album_gallery_id_3=1150'                          data-container_id=\"bwg_album_compact_3\"             data-def_type=\"gallery\"             data-album_gallery_id=\"68\"             data-alb_gal_id=\"1150\"             data-title=\"S\u00e9jour dans le Morvan Glux en Glenne le 12 septembre 2025\"             data-bwg=\"3\">                        <div class=\"bwg-item0 lazy_loader\">              <div class=\"bwg-item1 \">                <div class=\"bwg-item2\">                  <img decoding=\"async\" class=\"skip-lazy  bwg_lazyload \"                       data-width=\"500.00\"                       data-height=\"375.00\"                       data-src=\"https:\/\/vichyrando.org\/wp-content\/uploads\/photo-gallery\/thumb\/2025-09-12-Glux06.jpg?bwg=1758548206\"                       src=\"https:\/\/vichyrando.org\/wp-content\/plugins\/photo-gallery\/images\/lazy_placeholder.gif\"                       alt=\"S\u00e9jour dans le Morvan Glux en Glenne le 12 septembre 2025\"                       title=\"S\u00e9jour dans le Morvan Glux en Glenne le 12 septembre 2025\" \/>                <\/div>                <div class=\"\">                                  <\/div>              <\/div>            <\/div>            <div class=\"bwg-title1\"><div class=\"bwg-title2\">S\u00e9jour dans le Morvan Glux en Glenne le 12 septembre 2025<\/div><\/div>          <\/a>        <\/div>                <div class=\"bwg-item\">          <a class=\"bwg-a bwg-album bwg_album_3\"             href='\/index.php?rest_route=%2Fwp%2Fv2%2Fpages%2F5836&#038;type_3=gallery&#038;album_gallery_id_3=1151'                          data-container_id=\"bwg_album_compact_3\"             data-def_type=\"gallery\"             data-album_gallery_id=\"68\"             data-alb_gal_id=\"1151\"             data-title=\"Rando sant\u00e9 au Vernet le 15 septembre 2025\"             data-bwg=\"3\">                        <div class=\"bwg-item0 lazy_loader\">              <div class=\"bwg-item1 \">                <div class=\"bwg-item2\">                  <img decoding=\"async\" class=\"skip-lazy  bwg_lazyload \"                       data-width=\"500.00\"                       data-height=\"333.00\"                       data-src=\"https:\/\/vichyrando.org\/wp-content\/uploads\/photo-gallery\/thumb\/2025-09-15-LeVernet01.jpg?bwg=1758548314\"                       src=\"https:\/\/vichyrando.org\/wp-content\/plugins\/photo-gallery\/images\/lazy_placeholder.gif\"                       alt=\"Rando sant\u00e9 au Vernet le 15 septembre 2025\"                       title=\"Rando sant\u00e9 au Vernet le 15 septembre 2025\" \/>                <\/div>                <div class=\"\">                                  <\/div>              <\/div>            <\/div>            <div class=\"bwg-title1\"><div class=\"bwg-title2\">Rando sant\u00e9 au Vernet le 15 septembre 2025<\/div><\/div>          <\/a>        <\/div>                <div class=\"bwg-item\">          <a class=\"bwg-a bwg-album bwg_album_3\"             href='\/index.php?rest_route=%2Fwp%2Fv2%2Fpages%2F5836&#038;type_3=gallery&#038;album_gallery_id_3=1152'                          data-container_id=\"bwg_album_compact_3\"             data-def_type=\"gallery\"             data-album_gallery_id=\"68\"             data-alb_gal_id=\"1152\"             data-title=\"Journ\u00e9e marche sportive \u00e0 Ambierle (42) le 16 septembre 2025\"             data-bwg=\"3\">                        <div class=\"bwg-item0 lazy_loader\">              <div class=\"bwg-item1 \">                <div class=\"bwg-item2\">                  <img decoding=\"async\" class=\"skip-lazy  bwg_lazyload \"                       data-width=\"500.00\"                       data-height=\"375.00\"                       data-src=\"https:\/\/vichyrando.org\/wp-content\/uploads\/photo-gallery\/thumb\/2025-09-16Ambierle06.jpg?bwg=1758548415\"                       src=\"https:\/\/vichyrando.org\/wp-content\/plugins\/photo-gallery\/images\/lazy_placeholder.gif\"                       alt=\"Journ\u00e9e marche sportive \u00e0 Ambierle (42) le 16 septembre 2025\"                       title=\"Journ\u00e9e marche sportive \u00e0 Ambierle (42) le 16 septembre 2025\" \/>                <\/div>                <div class=\"\">                                  <\/div>              <\/div>            <\/div>            <div class=\"bwg-title1\"><div class=\"bwg-title2\">Journ\u00e9e marche sportive \u00e0 Ambierle (42) le 16 septembre 2025<\/div><\/div>          <\/a>        <\/div>                <div class=\"bwg-item\">          <a class=\"bwg-a bwg-album bwg_album_3\"             href='\/index.php?rest_route=%2Fwp%2Fv2%2Fpages%2F5836&#038;type_3=gallery&#038;album_gallery_id_3=1153'                          data-container_id=\"bwg_album_compact_3\"             data-def_type=\"gallery\"             data-album_gallery_id=\"68\"             data-alb_gal_id=\"1153\"             data-title=\"Rando 1\/2 journ\u00e9e \u00e0 Gannat le 16 septembre 2025\"             data-bwg=\"3\">                        <div class=\"bwg-item0 lazy_loader\">              <div class=\"bwg-item1 \">                <div class=\"bwg-item2\">                  <img decoding=\"async\" class=\"skip-lazy  bwg_lazyload \"                       data-width=\"500.00\"                       data-height=\"333.00\"                       data-src=\"https:\/\/vichyrando.org\/wp-content\/uploads\/photo-gallery\/thumb\/2025-09-16-Gannat02.jpg?bwg=1758548499\"                       src=\"https:\/\/vichyrando.org\/wp-content\/plugins\/photo-gallery\/images\/lazy_placeholder.gif\"                       alt=\"Rando 1\/2 journ\u00e9e \u00e0 Gannat le 16 septembre 2025\"                       title=\"Rando 1\/2 journ\u00e9e \u00e0 Gannat le 16 septembre 2025\" \/>                <\/div>                <div class=\"\">                                  <\/div>              <\/div>            <\/div>            <div class=\"bwg-title1\"><div class=\"bwg-title2\">Rando 1\/2 journ\u00e9e \u00e0 Gannat le 16 septembre 2025<\/div><\/div>          <\/a>        <\/div>                <div class=\"bwg-item\">          <a class=\"bwg-a bwg-album bwg_album_3\"             href='\/index.php?rest_route=%2Fwp%2Fv2%2Fpages%2F5836&#038;type_3=gallery&#038;album_gallery_id_3=1154'                          data-container_id=\"bwg_album_compact_3\"             data-def_type=\"gallery\"             data-album_gallery_id=\"68\"             data-alb_gal_id=\"1154\"             data-title=\"Rando 1\/2 journ\u00e9e \u00e0 Droiturier le 19 septembre 2025\"             data-bwg=\"3\">                        <div class=\"bwg-item0 lazy_loader\">              <div class=\"bwg-item1 \">                <div class=\"bwg-item2\">                  <img decoding=\"async\" class=\"skip-lazy  bwg_lazyload \"                       data-width=\"500.00\"                       data-height=\"333.00\"                       data-src=\"https:\/\/vichyrando.org\/wp-content\/uploads\/photo-gallery\/thumb\/2025-09-19-Droiturier02.jpg?bwg=1758548584\"                       src=\"https:\/\/vichyrando.org\/wp-content\/plugins\/photo-gallery\/images\/lazy_placeholder.gif\"                       alt=\"Rando 1\/2 journ\u00e9e \u00e0 Droiturier le 19 septembre 2025\"                       title=\"Rando 1\/2 journ\u00e9e \u00e0 Droiturier le 19 septembre 2025\" \/>                <\/div>                <div class=\"\">                                  <\/div>              <\/div>            <\/div>            <div class=\"bwg-title1\"><div class=\"bwg-title2\">Rando 1\/2 journ\u00e9e \u00e0 Droiturier le 19 septembre 2025<\/div><\/div>          <\/a>        <\/div>                <div class=\"bwg-item\">          <a class=\"bwg-a bwg-album bwg_album_3\"             href='\/index.php?rest_route=%2Fwp%2Fv2%2Fpages%2F5836&#038;type_3=gallery&#038;album_gallery_id_3=1155'                          data-container_id=\"bwg_album_compact_3\"             data-def_type=\"gallery\"             data-album_gallery_id=\"68\"             data-alb_gal_id=\"1155\"             data-title=\"Marche nordique \u00e0 Bellerive\/Allier le 20 septembre 2025\"             data-bwg=\"3\">                        <div class=\"bwg-item0 lazy_loader\">              <div class=\"bwg-item1 \">                <div class=\"bwg-item2\">                  <img decoding=\"async\" class=\"skip-lazy  bwg_lazyload \"                       data-width=\"500.00\"                       data-height=\"231.00\"                       data-src=\"https:\/\/vichyrando.org\/wp-content\/uploads\/photo-gallery\/thumb\/2025-09-20-Bellerive02.jpg?bwg=1758548679\"                       src=\"https:\/\/vichyrando.org\/wp-content\/plugins\/photo-gallery\/images\/lazy_placeholder.gif\"                       alt=\"Marche nordique \u00e0 Bellerive\/Allier le 20 septembre 2025\"                       title=\"Marche nordique \u00e0 Bellerive\/Allier le 20 septembre 2025\" \/>                <\/div>                <div class=\"\">                                  <\/div>              <\/div>            <\/div>            <div class=\"bwg-title1\"><div class=\"bwg-title2\">Marche nordique \u00e0 Bellerive\/Allier le 20 septembre 2025<\/div><\/div>          <\/a>        <\/div>                <div class=\"bwg-item\">          <a class=\"bwg-a bwg-album bwg_album_3\"             href='\/index.php?rest_route=%2Fwp%2Fv2%2Fpages%2F5836&#038;type_3=gallery&#038;album_gallery_id_3=1156'                          data-container_id=\"bwg_album_compact_3\"             data-def_type=\"gallery\"             data-album_gallery_id=\"68\"             data-alb_gal_id=\"1156\"             data-title=\"Journ\u00e9e marche sportive \u00e0 Verneuil en Bourbonnais le 23 septembre 2025\"             data-bwg=\"3\">                        <div class=\"bwg-item0 lazy_loader\">              <div class=\"bwg-item1 \">                <div class=\"bwg-item2\">                  <img decoding=\"async\" class=\"skip-lazy  bwg_lazyload \"                       data-width=\"500.00\"                       data-height=\"375.00\"                       data-src=\"https:\/\/vichyrando.org\/wp-content\/uploads\/photo-gallery\/thumb\/2025-09-23-Verneuil11.jpg?bwg=1758698670\"                       src=\"https:\/\/vichyrando.org\/wp-content\/plugins\/photo-gallery\/images\/lazy_placeholder.gif\"                       alt=\"Journ\u00e9e marche sportive \u00e0 Verneuil en Bourbonnais le 23 septembre 2025\"                       title=\"Journ\u00e9e marche sportive \u00e0 Verneuil en Bourbonnais le 23 septembre 2025\" \/>                <\/div>                <div class=\"\">                                  <\/div>              <\/div>            <\/div>            <div class=\"bwg-title1\"><div class=\"bwg-title2\">Journ\u00e9e marche sportive \u00e0 Verneuil en Bourbonnais le 23 septembre 2025<\/div><\/div>          <\/a>        <\/div>                <div class=\"bwg-item\">          <a class=\"bwg-a bwg-album bwg_album_3\"             href='\/index.php?rest_route=%2Fwp%2Fv2%2Fpages%2F5836&#038;type_3=gallery&#038;album_gallery_id_3=1157'                          data-container_id=\"bwg_album_compact_3\"             data-def_type=\"gallery\"             data-album_gallery_id=\"68\"             data-alb_gal_id=\"1157\"             data-title=\"Rando 1\/2 journ\u00e9e \u00e0 Montaigu le Blin le 23 septembre 2025\"             data-bwg=\"3\">                        <div class=\"bwg-item0 lazy_loader\">              <div class=\"bwg-item1 \">                <div class=\"bwg-item2\">                  <img decoding=\"async\" class=\"skip-lazy  bwg_lazyload \"                       data-width=\"500.00\"                       data-height=\"333.00\"                       data-src=\"https:\/\/vichyrando.org\/wp-content\/uploads\/photo-gallery\/thumb\/2025-09-23-Montaigu01.jpg?bwg=1758808012\"                       src=\"https:\/\/vichyrando.org\/wp-content\/plugins\/photo-gallery\/images\/lazy_placeholder.gif\"                       alt=\"Rando 1\/2 journ\u00e9e \u00e0 Montaigu le Blin le 23 septembre 2025\"                       title=\"Rando 1\/2 journ\u00e9e \u00e0 Montaigu le Blin le 23 septembre 2025\" \/>                <\/div>                <div class=\"\">                                  <\/div>              <\/div>            <\/div>            <div class=\"bwg-title1\"><div class=\"bwg-title2\">Rando 1\/2 journ\u00e9e \u00e0 Montaigu le Blin le 23 septembre 2025<\/div><\/div>          <\/a>        <\/div>                <div class=\"bwg-item\">          <a class=\"bwg-a bwg-album bwg_album_3\"             href='\/index.php?rest_route=%2Fwp%2Fv2%2Fpages%2F5836&#038;type_3=gallery&#038;album_gallery_id_3=1158'                          data-container_id=\"bwg_album_compact_3\"             data-def_type=\"gallery\"             data-album_gallery_id=\"68\"             data-alb_gal_id=\"1158\"             data-title=\"Mini rando \u00e0 Bost le 25 septembre 2025\"             data-bwg=\"3\">                        <div class=\"bwg-item0 lazy_loader\">              <div class=\"bwg-item1 \">                <div class=\"bwg-item2\">                  <img decoding=\"async\" class=\"skip-lazy  bwg_lazyload \"                       data-width=\"500.00\"                       data-height=\"375.00\"                       data-src=\"https:\/\/vichyrando.org\/wp-content\/uploads\/photo-gallery\/thumb\/2025-09-25-Bost01.jpg?bwg=1758976891\"                       src=\"https:\/\/vichyrando.org\/wp-content\/plugins\/photo-gallery\/images\/lazy_placeholder.gif\"                       alt=\"Mini rando \u00e0 Bost le 25 septembre 2025\"                       title=\"Mini rando \u00e0 Bost le 25 septembre 2025\" \/>                <\/div>                <div class=\"\">                                  <\/div>              <\/div>            <\/div>            <div class=\"bwg-title1\"><div class=\"bwg-title2\">Mini rando \u00e0 Bost le 25 septembre 2025<\/div><\/div>          <\/a>        <\/div>                <div class=\"bwg-item\">          <a class=\"bwg-a bwg-album bwg_album_3\"             href='\/index.php?rest_route=%2Fwp%2Fv2%2Fpages%2F5836&#038;type_3=gallery&#038;album_gallery_id_3=1159'                          data-container_id=\"bwg_album_compact_3\"             data-def_type=\"gallery\"             data-album_gallery_id=\"68\"             data-alb_gal_id=\"1159\"             data-title=\"Rando 1\/2 journ\u00e9e \u00e0 Lachaux (63) le 25 septembre 2025\"             data-bwg=\"3\">                        <div class=\"bwg-item0 lazy_loader\">              <div class=\"bwg-item1 \">                <div class=\"bwg-item2\">                  <img decoding=\"async\" class=\"skip-lazy  bwg_lazyload \"                       data-width=\"500.00\"                       data-height=\"375.00\"                       data-src=\"https:\/\/vichyrando.org\/wp-content\/uploads\/photo-gallery\/thumb\/2025-09-25-Lachaux01.jpg?bwg=1758976972\"                       src=\"https:\/\/vichyrando.org\/wp-content\/plugins\/photo-gallery\/images\/lazy_placeholder.gif\"                       alt=\"Rando 1\/2 journ\u00e9e \u00e0 Lachaux (63) le 25 septembre 2025\"                       title=\"Rando 1\/2 journ\u00e9e \u00e0 Lachaux (63) le 25 septembre 2025\" \/>                <\/div>                <div class=\"\">                                  <\/div>              <\/div>            <\/div>            <div class=\"bwg-title1\"><div class=\"bwg-title2\">Rando 1\/2 journ\u00e9e \u00e0 Lachaux (63) le 25 septembre 2025<\/div><\/div>          <\/a>        <\/div>                <div class=\"bwg-item\">          <a class=\"bwg-a bwg-album bwg_album_3\"             href='\/index.php?rest_route=%2Fwp%2Fv2%2Fpages%2F5836&#038;type_3=gallery&#038;album_gallery_id_3=1160'                          data-container_id=\"bwg_album_compact_3\"             data-def_type=\"gallery\"             data-album_gallery_id=\"68\"             data-alb_gal_id=\"1160\"             data-title=\"Marche nordique \u00e0 Bellerive\/Allier le 27 septembre 2025\"             data-bwg=\"3\">                        <div class=\"bwg-item0 lazy_loader\">              <div class=\"bwg-item1 \">                <div class=\"bwg-item2\">                  <img decoding=\"async\" class=\"skip-lazy  bwg_lazyload \"                       data-width=\"500.00\"                       data-height=\"225.00\"                       data-src=\"https:\/\/vichyrando.org\/wp-content\/uploads\/photo-gallery\/thumb\/2025-09-27-Bellerive01.jpg?bwg=1758992538\"                       src=\"https:\/\/vichyrando.org\/wp-content\/plugins\/photo-gallery\/images\/lazy_placeholder.gif\"                       alt=\"Marche nordique \u00e0 Bellerive\/Allier le 27 septembre 2025\"                       title=\"Marche nordique \u00e0 Bellerive\/Allier le 27 septembre 2025\" \/>                <\/div>                <div class=\"\">                                  <\/div>              <\/div>            <\/div>            <div class=\"bwg-title1\"><div class=\"bwg-title2\">Marche nordique \u00e0 Bellerive\/Allier le 27 septembre 2025<\/div><\/div>          <\/a>        <\/div>                <div class=\"bwg-item\">          <a class=\"bwg-a bwg-album bwg_album_3\"             href='\/index.php?rest_route=%2Fwp%2Fv2%2Fpages%2F5836&#038;type_3=gallery&#038;album_gallery_id_3=1161'                          data-container_id=\"bwg_album_compact_3\"             data-def_type=\"gallery\"             data-album_gallery_id=\"68\"             data-alb_gal_id=\"1161\"             data-title=\"Rando sant\u00e9 \u00e0 Mons (63) le 29 septembre 2025\"             data-bwg=\"3\">                        <div class=\"bwg-item0 lazy_loader\">              <div class=\"bwg-item1 \">                <div class=\"bwg-item2\">                  <img decoding=\"async\" class=\"skip-lazy  bwg_lazyload \"                       data-width=\"500.00\"                       data-height=\"225.00\"                       data-src=\"https:\/\/vichyrando.org\/wp-content\/uploads\/photo-gallery\/thumb\/2025-09-29-Mons04.jpg?bwg=1759263226\"                       src=\"https:\/\/vichyrando.org\/wp-content\/plugins\/photo-gallery\/images\/lazy_placeholder.gif\"                       alt=\"Rando sant\u00e9 \u00e0 Mons (63) le 29 septembre 2025\"                       title=\"Rando sant\u00e9 \u00e0 Mons (63) le 29 septembre 2025\" \/>                <\/div>                <div class=\"\">                                  <\/div>              <\/div>            <\/div>            <div class=\"bwg-title1\"><div class=\"bwg-title2\">Rando sant\u00e9 \u00e0 Mons (63) le 29 septembre 2025<\/div><\/div>          <\/a>        <\/div>                <div class=\"bwg-item\">          <a class=\"bwg-a bwg-album bwg_album_3\"             href='\/index.php?rest_route=%2Fwp%2Fv2%2Fpages%2F5836&#038;type_3=gallery&#038;album_gallery_id_3=1162'                          data-container_id=\"bwg_album_compact_3\"             data-def_type=\"gallery\"             data-album_gallery_id=\"68\"             data-alb_gal_id=\"1162\"             data-title=\"R\u00e9union de pr\u00e9paration de la Rando Party au Vernet le 29 septembre 2025\"             data-bwg=\"3\">                        <div class=\"bwg-item0 lazy_loader\">              <div class=\"bwg-item1 \">                <div class=\"bwg-item2\">                  <img decoding=\"async\" class=\"skip-lazy  bwg_lazyload \"                       data-width=\"500.00\"                       data-height=\"333.00\"                       data-src=\"https:\/\/vichyrando.org\/wp-content\/uploads\/photo-gallery\/thumb\/2025-09-29-Reunion-RP01.jpg?bwg=1759263321\"                       src=\"https:\/\/vichyrando.org\/wp-content\/plugins\/photo-gallery\/images\/lazy_placeholder.gif\"                       alt=\"R\u00e9union de pr\u00e9paration de la Rando Party au Vernet le 29 septembre 2025\"                       title=\"R\u00e9union de pr\u00e9paration de la Rando Party au Vernet le 29 septembre 2025\" \/>                <\/div>                <div class=\"\">                                  <\/div>              <\/div>            <\/div>            <div class=\"bwg-title1\"><div class=\"bwg-title2\">R\u00e9union de pr\u00e9paration de la Rando Party au Vernet le 29 septembre 2025<\/div><\/div>          <\/a>        <\/div>                <div class=\"bwg-item\">          <a class=\"bwg-a bwg-album bwg_album_3\"             href='\/index.php?rest_route=%2Fwp%2Fv2%2Fpages%2F5836&#038;type_3=gallery&#038;album_gallery_id_3=1163'                          data-container_id=\"bwg_album_compact_3\"             data-def_type=\"gallery\"             data-album_gallery_id=\"68\"             data-alb_gal_id=\"1163\"             data-title=\"Marche sportive \u00e0 Chareil-Cintrat le 30 septembre 2025\"             data-bwg=\"3\">                        <div class=\"bwg-item0 lazy_loader\">              <div class=\"bwg-item1 \">                <div class=\"bwg-item2\">                  <img decoding=\"async\" class=\"skip-lazy  bwg_lazyload \"                       data-width=\"500.00\"                       data-height=\"375.00\"                       data-src=\"https:\/\/vichyrando.org\/wp-content\/uploads\/photo-gallery\/thumb\/2025-09-30-Chareil11.jpg?bwg=1759263416\"                       src=\"https:\/\/vichyrando.org\/wp-content\/plugins\/photo-gallery\/images\/lazy_placeholder.gif\"                       alt=\"Marche sportive \u00e0 Chareil-Cintrat le 30 septembre 2025\"                       title=\"Marche sportive \u00e0 Chareil-Cintrat le 30 septembre 2025\" \/>                <\/div>                <div class=\"\">                                  <\/div>              <\/div>            <\/div>            <div class=\"bwg-title1\"><div class=\"bwg-title2\">Marche sportive \u00e0 Chareil-Cintrat le 30 septembre 2025<\/div><\/div>          <\/a>        <\/div>                <div class=\"bwg-item\">          <a class=\"bwg-a bwg-album bwg_album_3\"             href='\/index.php?rest_route=%2Fwp%2Fv2%2Fpages%2F5836&#038;type_3=gallery&#038;album_gallery_id_3=1164'                          data-container_id=\"bwg_album_compact_3\"             data-def_type=\"gallery\"             data-album_gallery_id=\"68\"             data-alb_gal_id=\"1164\"             data-title=\"Rando 1\/2 journ\u00e9e \u00e0 Sanssat le 30 septembre 2025\"             data-bwg=\"3\">                        <div class=\"bwg-item0 lazy_loader\">              <div class=\"bwg-item1 \">                <div class=\"bwg-item2\">                  <img decoding=\"async\" class=\"skip-lazy  bwg_lazyload \"                       data-width=\"500.00\"                       data-height=\"375.00\"                       data-src=\"https:\/\/vichyrando.org\/wp-content\/uploads\/photo-gallery\/thumb\/2025-09-30-Sansat05.jpg?bwg=1759263503\"                       src=\"https:\/\/vichyrando.org\/wp-content\/plugins\/photo-gallery\/images\/lazy_placeholder.gif\"                       alt=\"Rando 1\/2 journ\u00e9e \u00e0 Sanssat le 30 septembre 2025\"                       title=\"Rando 1\/2 journ\u00e9e \u00e0 Sanssat le 30 septembre 2025\" \/>                <\/div>                <div class=\"\">                                  <\/div>              <\/div>            <\/div>            <div class=\"bwg-title1\"><div class=\"bwg-title2\">Rando 1\/2 journ\u00e9e \u00e0 Sanssat le 30 septembre 2025<\/div><\/div>          <\/a>        <\/div>            <\/div>          <input type=\"hidden\" id=\"bwg_album_breadcrumb_3\" name=\"bwg_album_breadcrumb_3\" value='[{&quot;id&quot;:&quot;68&quot;,&quot;page&quot;:1}]' \/>    <style>      \/*pagination styles*\/      #bwg_container1_3 #bwg_container2_3 .tablenav-pages_3 {\t\t\t\ttext-align: center;\t\t\t\tfont-size: 12px;\t\t\t\tfont-family: Ubuntu;\t\t\t\tfont-weight: bold;\t\t\t\tcolor: #666666;\t\t\t\tmargin: 6px 0 4px;\t\t\t\tdisplay: block;      }      @media only screen and (max-width : 320px) {      #bwg_container1_3 #bwg_container2_3 .displaying-num_3 {     \t display: none;      }      }      #bwg_container1_3 #bwg_container2_3 .displaying-num_3 {\t\t\t\tfont-size: 12px;\t\t\t\tfont-family: Ubuntu;\t\t\t\tfont-weight: bold;\t\t\t\tcolor: #666666;\t\t\t\tmargin-right: 10px;\t\t\t\tvertical-align: middle;      }      #bwg_container1_3 #bwg_container2_3 .paging-input_3 {\t\t\t\tfont-size: 12px;\t\t\t\tfont-family: Ubuntu;\t\t\t\tfont-weight: bold;\t\t\t\tcolor: #666666;\t\t\t\tvertical-align: middle;      }      #bwg_container1_3 #bwg_container2_3 .tablenav-pages_3 a.disabled,      #bwg_container1_3 #bwg_container2_3 .tablenav-pages_3 a.disabled:hover,      #bwg_container1_3 #bwg_container2_3 .tablenav-pages_3 a.disabled:focus,\t\t\t#bwg_container1_3 #bwg_container2_3 .tablenav-pages_3 input.bwg_current_page {\t\t\t\tcursor: default;\t\t\t\tcolor: rgba(102, 102, 102, 0.5);      }      #bwg_container1_3 #bwg_container2_3 .tablenav-pages_3 a,      #bwg_container1_3 #bwg_container2_3 .tablenav-pages_3 input.bwg_current_page {\t\t\t\tcursor: pointer;\t\t\t\ttext-align: center;\t\t\t\tfont-size: 12px;\t\t\t\tfont-family: Ubuntu;\t\t\t\tfont-weight: bold;\t\t\t\tcolor: #666666;\t\t\t\ttext-decoration: none;\t\t\t\tpadding: 3px 6px;\t\t\t\tmargin: 0;\t\t\t\tborder-radius: 0;\t\t\t\tborder-style: solid;\t\t\t\tborder-width: 1px;\t\t\t\tborder-color: #E3E3E3;\t\t\t\t\t\t\t\tbackground-color: rgba(255, 255, 255, 1.00);\t\t\t\tbox-shadow: 0;\t\t\t\ttransition: all 0.3s ease 0s;-webkit-transition: all 0.3s ease 0s;      }      <\/style>      <span class=\"bwg_nav_cont_3\">              <div class=\"tablenav-pages_3\">                  <\/div>                <input type=\"hidden\" id=\"page_number_3\" name=\"page_number_3\" value=\"1\" \/>      <script type=\"text\/javascript\">        if( jQuery('.bwg_nav_cont_3').length > 1 ) {          jQuery('.bwg_nav_cont_3').first().remove()        }        function spider_page_3(cur, x, y, load_more) {          if (typeof load_more == \"undefined\") {            var load_more = false;          }          if (jQuery(cur).hasClass('disabled')) {            return false;          }          var items_county_3 = 1;          switch (y) {            case 1:              if (x >= items_county_3) {                document.getElementById('page_number_3').value = items_county_3;              }              else {                document.getElementById('page_number_3').value = x + 1;              }              break;            case 2:              document.getElementById('page_number_3').value = items_county_3;              break;            case -1:              if (x == 1) {                document.getElementById('page_number_3').value = 1;              }              else {                document.getElementById('page_number_3').value = x - 1;              }              break;            case -2:              document.getElementById('page_number_3').value = 1;              break;\t\t\t\t\t\tcase 0:              document.getElementById('page_number_3').value = x;              break;            default:              document.getElementById('page_number_3').value = 1;          }          bwg_ajax('gal_front_form_3', '3', 'bwg_album_compact_3', '68', '', 'album', 0, '', '', load_more, '', 1);        }                    jQuery('.first-page-3').on('click', function () {              spider_page_3(this, 1, -2, 'numeric');              return false;            });            jQuery('.prev-page-3').on('click', function () {              spider_page_3(this, 1, -1, 'numeric');              return false;            });            jQuery('.next-page-3').on('click', function () {              spider_page_3(this, 1, 1, 'numeric');              return false;            });            jQuery('.last-page-3').on('click', function () {              spider_page_3(this, 1, 2, 'numeric');              return false;            });        \t\t\t\t\/* Change page on input enter. *\/        function bwg_change_page_3( e, that ) {          if (  e.key == 'Enter' ) {            var to_page = parseInt(jQuery(that).val());            var pages_count = jQuery(that).parents(\".pagination-links\").data(\"pages-count\");            var current_url_param = jQuery(that).attr('data-url-info');            if (to_page > pages_count) {              to_page = 1;            }\t \t\t\t\t\t\t\t\t\t\t\t\tspider_page_3(this, to_page, 0, 'numeric');\t\t\t\t\t\t\treturn false;\t\t\t\t\t\t          }          return true;        }        jQuery('.bwg_load_btn_3').on('click', function () {            spider_page_3(this, 1, 1, true);            return false;        });      <\/script>      <\/span>                <\/div>        <\/form>        <style>          #bwg_container1_3 #bwg_container2_3 #spider_popup_overlay_3 {          background-color: #EEEEEE;          opacity: 0.60;          }          <\/style>        <div id=\"bwg_spider_popup_loading_3\" class=\"bwg_spider_popup_loading\"><\/div>        <div id=\"spider_popup_overlay_3\" class=\"spider_popup_overlay\" onclick=\"spider_destroypopup(1000)\"><\/div>        <input type=\"hidden\" id=\"bwg_random_seed_3\" value=\"1640782986\">                <\/div>    <\/div>    <script>      if (document.readyState === 'complete') {        if( typeof bwg_main_ready == 'function' ) {          if ( jQuery(\"#bwg_container1_3\").height() ) {            bwg_main_ready(jQuery(\"#bwg_container1_3\"));          }        }      } else {        document.addEventListener('DOMContentLoaded', function() {          if( typeof bwg_main_ready == 'function' ) {            if ( jQuery(\"#bwg_container1_3\").height() ) {             bwg_main_ready(jQuery(\"#bwg_container1_3\"));            }          }        });      }    <\/script>    \t\t<\/div>\n\t\t\t\t<\/div>\n\t\t\t\t\t<\/div>\n\t\t<\/div>\n\t\t\t\t\t<\/div>\n\t\t<\/section>\n\t\t\t\t<section class=\"elementor-section elementor-top-section elementor-element elementor-element-a4d6cae elementor-section-boxed elementor-section-height-default elementor-section-height-default\" data-id=\"a4d6cae\" data-element_type=\"section\">\n\t\t\t\t\t\t<div class=\"elementor-container elementor-column-gap-default\">\n\t\t\t\t\t<div class=\"elementor-column elementor-col-100 elementor-top-column elementor-element elementor-element-e741ae4\" data-id=\"e741ae4\" data-element_type=\"column\">\n\t\t\t<div class=\"elementor-widget-wrap elementor-element-populated\">\n\t\t\t\t\t\t<div class=\"elementor-element elementor-element-18fb4fb elementor-widget elementor-widget-bwg-elementor\" data-id=\"18fb4fb\" data-element_type=\"widget\" data-widget_type=\"bwg-elementor.default\">\n\t\t\t\t<div class=\"elementor-widget-container\">\n\t\t\t<style id=\"bwg-style-4\">    #bwg_container1_4 #bwg_container2_4 .bwg-container-4.bwg-album-thumbnails {    width: 1254px;    justify-content: center;            justify-content: center;        margin:0 auto !important;          background-color: rgba(255, 255, 255, 0.00);          padding-left: 4px;      padding-top: 4px;      max-width: 100%;          }        #bwg_container1_4 #bwg_container2_4 .bwg-container-4.bwg-album-thumbnails .bwg-item {    justify-content: flex-start;    max-width: 250px;        }    #bwg_container1_4 #bwg_container2_4 .bwg-container-4.bwg-album-thumbnails .bwg-item a {      margin-right: 4px;      margin-bottom: 4px;    }    #bwg_container1_4 #bwg_container2_4 .bwg-container-4.bwg-album-thumbnails .bwg-item0 {      padding: 0px;            background-color:rgba(0,0,0, 0.30);      border: 0px none #CCCCCC;      opacity: 1.00;      border-radius: 0;      box-shadow: 0px 0px 0px #888888;    }    #bwg_container1_4 #bwg_container2_4 .bwg-container-4.bwg-album-thumbnails .bwg-item1 img {      max-height: none;      max-width: none;      padding: 0 !important;    }          @media only screen and (min-width: 480px) {      #bwg_container1_4 #bwg_container2_4 .bwg-container-4.bwg-album-thumbnails .bwg-item1 img {      -webkit-transition: all .3s; transition: all .3s;      }      #bwg_container1_4 #bwg_container2_4 .bwg-container-4.bwg-album-thumbnails .bwg-item1 img:hover {        -ms-transform: scale(1.08);        -webkit-transform: scale(1.08);        transform: scale(1.08);      }            }          #bwg_container1_4 #bwg_container2_4 .bwg-container-4.bwg-album-thumbnails .bwg-item1 {      padding-top: 56%;    }        #bwg_container1_4 #bwg_container2_4 .bwg-container-4.bwg-album-thumbnails .bwg-title2 {      color: #323A45;      font-family: Ubuntu;      font-size: 16px;      font-weight: bold;      padding: 2px;      text-shadow: 0px 0px 0px #888888;      max-height: 100%;    }        #bwg_container1_4 #bwg_container2_4 .bwg-container-4.bwg-standard-thumbnails {      width: 1254px;              justify-content: center;        margin:0 auto !important;              background-color: rgba(255, 255, 255, 0.00);            padding-left: 4px;      padding-top: 4px;      max-width: 100%;            }        #bwg_container1_4 #bwg_container2_4 .bwg-container-4.bwg-standard-thumbnails .bwg-item {    justify-content: flex-start;      max-width: 250px;          }    #bwg_container1_4 #bwg_container2_4 .bwg-container-4.bwg-standard-thumbnails .bwg-item a {       margin-right: 4px;       margin-bottom: 4px;    }    #bwg_container1_4 #bwg_container2_4 .bwg-container-4.bwg-standard-thumbnails .bwg-item0 {      padding: 0px;            background-color:rgba(0,0,0, 0.30);      border: 0px none #CCCCCC;      opacity: 1.00;      border-radius: 0;      box-shadow: 0px 0px 0px #888888;    }    #bwg_container1_4 #bwg_container2_4 .bwg-container-4.bwg-standard-thumbnails .bwg-item1 img {      max-height: none;      max-width: none;      padding: 0 !important;    }         @media only screen and (min-width: 480px) {\t\t#bwg_container1_4 #bwg_container2_4 .bwg-container-4.bwg-standard-thumbnails .bwg-item1 img {\t\t\t-webkit-transition: all .3s; transition: all .3s;\t\t}\t\t#bwg_container1_4 #bwg_container2_4 .bwg-container-4.bwg-standard-thumbnails .bwg-item1 img:hover {\t\t\t-ms-transform: scale(1.08);\t\t\t-webkit-transform: scale(1.08);\t\t\ttransform: scale(1.08);\t\t}\t\t      }\t    #bwg_container1_4 #bwg_container2_4 .bwg-container-4.bwg-standard-thumbnails .bwg-item1 {      padding-top: 56%;    }        #bwg_container1_4 #bwg_container2_4 .bwg-container-4.bwg-standard-thumbnails .bwg-title2,    #bwg_container1_4 #bwg_container2_4 .bwg-container-4.bwg-standard-thumbnails .bwg-ecommerce2 {      color: #323A45;      font-family: Ubuntu;      font-size: 16px;      font-weight: bold;      padding: 2px;      text-shadow: 0px 0px 0px #888888;      max-height: 100%;    }    #bwg_container1_4 #bwg_container2_4 .bwg-container-4.bwg-standard-thumbnails .bwg-thumb-description span {    color: #323A45;    font-family: Ubuntu;    font-size: 12px;    max-height: 100%;    word-wrap: break-word;    }    #bwg_container1_4 #bwg_container2_4 .bwg-container-4.bwg-standard-thumbnails .bwg-play-icon2 {      font-size: 32px;    }    #bwg_container1_4 #bwg_container2_4 .bwg-container-4.bwg-standard-thumbnails .bwg-ecommerce2 {      font-size: 19.2px;      color: #323A45;    }    <\/style>    <div id=\"bwg_container1_4\"         class=\"bwg_container bwg_thumbnail bwg_album_compact_preview bwg_thumbnail\"         data-right-click-protection=\"0\"         data-bwg=\"4\"         data-scroll=\"0\"         data-gallery-type=\"album_compact_preview\"         data-gallery-view-type=\"thumbnail\"         data-current-url=\"\/index.php?rest_route=%2Fwp%2Fv2%2Fpages%2F5836\"         data-lightbox-url=\"https:\/\/vichyrando.org\/wp-admin\/admin-ajax.php?action=GalleryBox&#038;current_view=4&#038;gallery_id=0&#038;tag=0&#038;theme_id=1&#038;shortcode_id=1345&#038;sort_by=order&#038;order_by=asc&#038;current_url=%2Findex.php%3Frest_route%3D%252Fwp%252Fv2%252Fpages%252F5836\"         data-gallery-id=\"0\"         data-popup-width=\"800\"         data-popup-height=\"500\"         data-is-album=\"album\"         data-buttons-position=\"bottom\">      <div id=\"bwg_container2_4\">             <div id=\"ajax_loading_4\" class=\"bwg_loading_div_1\">      <div class=\"bwg_loading_div_2\">        <div class=\"bwg_loading_div_3\">          <div id=\"loading_div_4\" class=\"bwg_spider_ajax_loading\">          <\/div>        <\/div>      <\/div>    <\/div>            <form id=\"gal_front_form_4\"              class=\"bwg-hidden\"              method=\"post\"              action=\"#\"              data-current=\"4\"              data-shortcode-id=\"1345\"              data-gallery-type=\"album_compact_preview\"              data-gallery-id=\"0\"              data-tag=\"0\"              data-album-id=\"67\"              data-theme-id=\"1\"              data-ajax-url=\"https:\/\/vichyrando.org\/wp-admin\/admin-ajax.php?action=bwg_frontend_data\">          <div id=\"bwg_container3_4\" class=\"bwg-background bwg-background-4\">            <style>        #bwg_container1_4 #bwg_container2_4 .bwg_gal_title_4 {          display: block;          padding: 0 2px 2px 2px;          background-color: rgba(0, 0, 0, 0);          line-height: 20px;          font-family: Ubuntu;          font-size: 18px;          font-weight: bold;          color: #323A45;          text-shadow: 0px 0px 0px #888888;          text-align: center;        }        #bwg_container1_4 #bwg_container2_4 .bwg_gal_description_4 {          margin: 20px 0;          word-break: break-word;          text-align: justify;          font-size: 15px;          font-weight: unset;        }        <\/style>        <div class=\"bwg_gal_title_4\">Ao\u00fbt 2025<\/div>            <div data-max-count=\"5\"         data-thumbnail-width=\"250\"         data-bwg=\"4\"         id=\"bwg_album_compact_4\"         class=\"bwg-thumbnails bwg-container bwg-container-4 bwg-album-thumbnails bwg_album_thumbnails_4\">              <div class=\"bwg-item\">          <a class=\"bwg-a bwg-album bwg_album_4\"             href='\/index.php?rest_route=%2Fwp%2Fv2%2Fpages%2F5836&#038;type_4=gallery&#038;album_gallery_id_4=1119'                          data-container_id=\"bwg_album_compact_4\"             data-def_type=\"gallery\"             data-album_gallery_id=\"67\"             data-alb_gal_id=\"1119\"             data-title=\"Marche nordique \u00e0 Bellerive\/Allier le 1er ao\u00fbt 2025\"             data-bwg=\"4\">                        <div class=\"bwg-item0 lazy_loader\">              <div class=\"bwg-item1 \">                <div class=\"bwg-item2\">                  <img decoding=\"async\" class=\"skip-lazy  bwg_lazyload \"                       data-width=\"500.00\"                       data-height=\"302.00\"                       data-src=\"https:\/\/vichyrando.org\/wp-content\/uploads\/photo-gallery\/thumb\/2025-08-01-Bellerive01.jpg?bwg=1754215411\"                       src=\"https:\/\/vichyrando.org\/wp-content\/plugins\/photo-gallery\/images\/lazy_placeholder.gif\"                       alt=\"Marche nordique \u00e0 Bellerive\/Allier le 1er ao\u00fbt 2025\"                       title=\"Marche nordique \u00e0 Bellerive\/Allier le 1er ao\u00fbt 2025\" \/>                <\/div>                <div class=\"\">                                  <\/div>              <\/div>            <\/div>            <div class=\"bwg-title1\"><div class=\"bwg-title2\">Marche nordique \u00e0 Bellerive\/Allier le 1er ao\u00fbt 2025<\/div><\/div>          <\/a>        <\/div>                <div class=\"bwg-item\">          <a class=\"bwg-a bwg-album bwg_album_4\"             href='\/index.php?rest_route=%2Fwp%2Fv2%2Fpages%2F5836&#038;type_4=gallery&#038;album_gallery_id_4=1120'                          data-container_id=\"bwg_album_compact_4\"             data-def_type=\"gallery\"             data-album_gallery_id=\"67\"             data-alb_gal_id=\"1120\"             data-title=\"Rando 1\/2 journ\u00e9e et repas \u00e0 Isserpent le 5 ao\u00fbt 2025\"             data-bwg=\"4\">                        <div class=\"bwg-item0 lazy_loader\">              <div class=\"bwg-item1 \">                <div class=\"bwg-item2\">                  <img decoding=\"async\" class=\"skip-lazy  bwg_lazyload \"                       data-width=\"500.00\"                       data-height=\"333.00\"                       data-src=\"https:\/\/vichyrando.org\/wp-content\/uploads\/photo-gallery\/thumb\/2025-08-05-Isserpent03.jpg?bwg=1754499311\"                       src=\"https:\/\/vichyrando.org\/wp-content\/plugins\/photo-gallery\/images\/lazy_placeholder.gif\"                       alt=\"Rando 1\/2 journ\u00e9e et repas \u00e0 Isserpent le 5 ao\u00fbt 2025\"                       title=\"Rando 1\/2 journ\u00e9e et repas \u00e0 Isserpent le 5 ao\u00fbt 2025\" \/>                <\/div>                <div class=\"\">                                  <\/div>              <\/div>            <\/div>            <div class=\"bwg-title1\"><div class=\"bwg-title2\">Rando 1\/2 journ\u00e9e et repas \u00e0 Isserpent le 5 ao\u00fbt 2025<\/div><\/div>          <\/a>        <\/div>                <div class=\"bwg-item\">          <a class=\"bwg-a bwg-album bwg_album_4\"             href='\/index.php?rest_route=%2Fwp%2Fv2%2Fpages%2F5836&#038;type_4=gallery&#038;album_gallery_id_4=1122'                          data-container_id=\"bwg_album_compact_4\"             data-def_type=\"gallery\"             data-album_gallery_id=\"67\"             data-alb_gal_id=\"1122\"             data-title=\"Rando journ\u00e9e dans la cha\u00eene des Puys (63) le 7 ao\u00fbt 2025\"             data-bwg=\"4\">                        <div class=\"bwg-item0 lazy_loader\">              <div class=\"bwg-item1 \">                <div class=\"bwg-item2\">                  <img decoding=\"async\" class=\"skip-lazy  bwg_lazyload \"                       data-width=\"500.00\"                       data-height=\"281.00\"                       data-src=\"https:\/\/vichyrando.org\/wp-content\/uploads\/photo-gallery\/thumb\/2025-08-07-PuydeDome30.jpg?bwg=1754663996\"                       src=\"https:\/\/vichyrando.org\/wp-content\/plugins\/photo-gallery\/images\/lazy_placeholder.gif\"                       alt=\"Rando journ\u00e9e dans la cha\u00eene des Puys (63) le 7 ao\u00fbt 2025\"                       title=\"Rando journ\u00e9e dans la cha\u00eene des Puys (63) le 7 ao\u00fbt 2025\" \/>                <\/div>                <div class=\"\">                                  <\/div>              <\/div>            <\/div>            <div class=\"bwg-title1\"><div class=\"bwg-title2\">Rando journ\u00e9e dans la cha\u00eene des Puys (63) le 7 ao\u00fbt 2025<\/div><\/div>          <\/a>        <\/div>                <div class=\"bwg-item\">          <a class=\"bwg-a bwg-album bwg_album_4\"             href='\/index.php?rest_route=%2Fwp%2Fv2%2Fpages%2F5836&#038;type_4=gallery&#038;album_gallery_id_4=1128'                          data-container_id=\"bwg_album_compact_4\"             data-def_type=\"gallery\"             data-album_gallery_id=\"67\"             data-alb_gal_id=\"1128\"             data-title=\"Marche nordique \u00e0 Bellerive\/Allier le 9 ao\u00fbt 2025\"             data-bwg=\"4\">                        <div class=\"bwg-item0 lazy_loader\">              <div class=\"bwg-item1 \">                <div class=\"bwg-item2\">                  <img decoding=\"async\" class=\"skip-lazy  bwg_lazyload \"                       data-width=\"500.00\"                       data-height=\"225.00\"                       data-src=\"https:\/\/vichyrando.org\/wp-content\/uploads\/photo-gallery\/thumb\/2025-08-09-Bellerive01.jpg?bwg=1755610697\"                       src=\"https:\/\/vichyrando.org\/wp-content\/plugins\/photo-gallery\/images\/lazy_placeholder.gif\"                       alt=\"Marche nordique \u00e0 Bellerive\/Allier le 9 ao\u00fbt 2025\"                       title=\"Marche nordique \u00e0 Bellerive\/Allier le 9 ao\u00fbt 2025\" \/>                <\/div>                <div class=\"\">                                  <\/div>              <\/div>            <\/div>            <div class=\"bwg-title1\"><div class=\"bwg-title2\">Marche nordique \u00e0 Bellerive\/Allier le 9 ao\u00fbt 2025<\/div><\/div>          <\/a>        <\/div>                <div class=\"bwg-item\">          <a class=\"bwg-a bwg-album bwg_album_4\"             href='\/index.php?rest_route=%2Fwp%2Fv2%2Fpages%2F5836&#038;type_4=gallery&#038;album_gallery_id_4=1123'                          data-container_id=\"bwg_album_compact_4\"             data-def_type=\"gallery\"             data-album_gallery_id=\"67\"             data-alb_gal_id=\"1123\"             data-title=\"Rando sant\u00e9 \u00e0 St Germain des Foss\u00e9s le 11 ao\u00fbt 2025\"             data-bwg=\"4\">                        <div class=\"bwg-item0 lazy_loader\">              <div class=\"bwg-item1 \">                <div class=\"bwg-item2\">                  <img decoding=\"async\" class=\"skip-lazy  bwg_lazyload \"                       data-width=\"500.00\"                       data-height=\"333.00\"                       data-src=\"https:\/\/vichyrando.org\/wp-content\/uploads\/photo-gallery\/thumb\/2025-08-11-StGermain14.jpg?bwg=1755532388\"                       src=\"https:\/\/vichyrando.org\/wp-content\/plugins\/photo-gallery\/images\/lazy_placeholder.gif\"                       alt=\"Rando sant\u00e9 \u00e0 St Germain des Foss\u00e9s le 11 ao\u00fbt 2025\"                       title=\"Rando sant\u00e9 \u00e0 St Germain des Foss\u00e9s le 11 ao\u00fbt 2025\" \/>                <\/div>                <div class=\"\">                                  <\/div>              <\/div>            <\/div>            <div class=\"bwg-title1\"><div class=\"bwg-title2\">Rando sant\u00e9 \u00e0 St Germain des Foss\u00e9s le 11 ao\u00fbt 2025<\/div><\/div>          <\/a>        <\/div>                <div class=\"bwg-item\">          <a class=\"bwg-a bwg-album bwg_album_4\"             href='\/index.php?rest_route=%2Fwp%2Fv2%2Fpages%2F5836&#038;type_4=gallery&#038;album_gallery_id_4=1136'                          data-container_id=\"bwg_album_compact_4\"             data-def_type=\"gallery\"             data-album_gallery_id=\"67\"             data-alb_gal_id=\"1136\"             data-title=\"Journ\u00e9e marche sportive \u00e0 Montcombroux les mines le 12 ao\u00fbt 2025\"             data-bwg=\"4\">                        <div class=\"bwg-item0 lazy_loader\">              <div class=\"bwg-item1 \">                <div class=\"bwg-item2\">                  <img decoding=\"async\" class=\"skip-lazy  bwg_lazyload \"                       data-width=\"500.00\"                       data-height=\"375.00\"                       data-src=\"https:\/\/vichyrando.org\/wp-content\/uploads\/photo-gallery\/thumb\/2025-08-12-Montcombroux01.jpg?bwg=1756643013\"                       src=\"https:\/\/vichyrando.org\/wp-content\/plugins\/photo-gallery\/images\/lazy_placeholder.gif\"                       alt=\"Journ\u00e9e marche sportive \u00e0 Montcombroux les mines le 12 ao\u00fbt 2025\"                       title=\"Journ\u00e9e marche sportive \u00e0 Montcombroux les mines le 12 ao\u00fbt 2025\" \/>                <\/div>                <div class=\"\">                                  <\/div>              <\/div>            <\/div>            <div class=\"bwg-title1\"><div class=\"bwg-title2\">Journ\u00e9e marche sportive \u00e0 Montcombroux les mines le 12 ao\u00fbt 2025<\/div><\/div>          <\/a>        <\/div>                <div class=\"bwg-item\">          <a class=\"bwg-a bwg-album bwg_album_4\"             href='\/index.php?rest_route=%2Fwp%2Fv2%2Fpages%2F5836&#038;type_4=gallery&#038;album_gallery_id_4=1124'                          data-container_id=\"bwg_album_compact_4\"             data-def_type=\"gallery\"             data-album_gallery_id=\"67\"             data-alb_gal_id=\"1124\"             data-title=\"Marche nordique et repas au Breuil le 12 ao\u00fbt 2025\"             data-bwg=\"4\">                        <div class=\"bwg-item0 lazy_loader\">              <div class=\"bwg-item1 \">                <div class=\"bwg-item2\">                  <img decoding=\"async\" class=\"skip-lazy  bwg_lazyload \"                       data-width=\"500.00\"                       data-height=\"225.00\"                       data-src=\"https:\/\/vichyrando.org\/wp-content\/uploads\/photo-gallery\/thumb\/2025-08-12-LeBreuil01.jpg?bwg=1755532471\"                       src=\"https:\/\/vichyrando.org\/wp-content\/plugins\/photo-gallery\/images\/lazy_placeholder.gif\"                       alt=\"Marche nordique et repas au Breuil le 12 ao\u00fbt 2025\"                       title=\"Marche nordique et repas au Breuil le 12 ao\u00fbt 2025\" \/>                <\/div>                <div class=\"\">                                  <\/div>              <\/div>            <\/div>            <div class=\"bwg-title1\"><div class=\"bwg-title2\">Marche nordique et repas au Breuil le 12 ao\u00fbt 2025<\/div><\/div>          <\/a>        <\/div>                <div class=\"bwg-item\">          <a class=\"bwg-a bwg-album bwg_album_4\"             href='\/index.php?rest_route=%2Fwp%2Fv2%2Fpages%2F5836&#038;type_4=gallery&#038;album_gallery_id_4=1125'                          data-container_id=\"bwg_album_compact_4\"             data-def_type=\"gallery\"             data-album_gallery_id=\"67\"             data-alb_gal_id=\"1125\"             data-title=\"Rando 1\/2 journ\u00e9e \u00e0 St Hilaire la Croix (63) le 14 ao\u00fbt 2025\"             data-bwg=\"4\">                        <div class=\"bwg-item0 lazy_loader\">              <div class=\"bwg-item1 \">                <div class=\"bwg-item2\">                  <img decoding=\"async\" class=\"skip-lazy  bwg_lazyload \"                       data-width=\"500.00\"                       data-height=\"375.00\"                       data-src=\"https:\/\/vichyrando.org\/wp-content\/uploads\/photo-gallery\/thumb\/2025-08-12-StHilaire03.jpg?bwg=1755532568\"                       src=\"https:\/\/vichyrando.org\/wp-content\/plugins\/photo-gallery\/images\/lazy_placeholder.gif\"                       alt=\"Rando 1\/2 journ\u00e9e \u00e0 St Hilaire la Croix (63) le 14 ao\u00fbt 2025\"                       title=\"Rando 1\/2 journ\u00e9e \u00e0 St Hilaire la Croix (63) le 14 ao\u00fbt 2025\" \/>                <\/div>                <div class=\"\">                                  <\/div>              <\/div>            <\/div>            <div class=\"bwg-title1\"><div class=\"bwg-title2\">Rando 1\/2 journ\u00e9e \u00e0 St Hilaire la Croix (63) le 14 ao\u00fbt 2025<\/div><\/div>          <\/a>        <\/div>                <div class=\"bwg-item\">          <a class=\"bwg-a bwg-album bwg_album_4\"             href='\/index.php?rest_route=%2Fwp%2Fv2%2Fpages%2F5836&#038;type_4=gallery&#038;album_gallery_id_4=1127'                          data-container_id=\"bwg_album_compact_4\"             data-def_type=\"gallery\"             data-album_gallery_id=\"67\"             data-alb_gal_id=\"1127\"             data-title=\"Mini rando \u00e0 Ferri\u00e8res\/Sichon le 14 ao\u00fbt 2025-2\"             data-bwg=\"4\">                        <div class=\"bwg-item0 lazy_loader\">              <div class=\"bwg-item1 \">                <div class=\"bwg-item2\">                  <img decoding=\"async\" class=\"skip-lazy  bwg_lazyload \"                       data-width=\"500.00\"                       data-height=\"333.00\"                       data-src=\"https:\/\/vichyrando.org\/wp-content\/uploads\/photo-gallery\/thumb\/2025-08-14-Ferrieres04.jpg?bwg=1755532747\"                       src=\"https:\/\/vichyrando.org\/wp-content\/plugins\/photo-gallery\/images\/lazy_placeholder.gif\"                       alt=\"Mini rando \u00e0 Ferri\u00e8res\/Sichon le 14 ao\u00fbt 2025-2\"                       title=\"Mini rando \u00e0 Ferri\u00e8res\/Sichon le 14 ao\u00fbt 2025-2\" \/>                <\/div>                <div class=\"\">                                  <\/div>              <\/div>            <\/div>            <div class=\"bwg-title1\"><div class=\"bwg-title2\">Mini rando \u00e0 Ferri\u00e8res\/Sichon le 14 ao\u00fbt 2025-2<\/div><\/div>          <\/a>        <\/div>                <div class=\"bwg-item\">          <a class=\"bwg-a bwg-album bwg_album_4\"             href='\/index.php?rest_route=%2Fwp%2Fv2%2Fpages%2F5836&#038;type_4=gallery&#038;album_gallery_id_4=1129'                          data-container_id=\"bwg_album_compact_4\"             data-def_type=\"gallery\"             data-album_gallery_id=\"67\"             data-alb_gal_id=\"1129\"             data-title=\"Rando 1\/2 journ\u00e9e \u00e0 Ferri\u00e8res\/Sichon le 19 ao\u00fbt 2025\"             data-bwg=\"4\">                        <div class=\"bwg-item0 lazy_loader\">              <div class=\"bwg-item1 \">                <div class=\"bwg-item2\">                  <img decoding=\"async\" class=\"skip-lazy  bwg_lazyload \"                       data-width=\"500.00\"                       data-height=\"225.00\"                       data-src=\"https:\/\/vichyrando.org\/wp-content\/uploads\/photo-gallery\/thumb\/2025-08-19-Ferrieres05.jpg?bwg=1755610788\"                       src=\"https:\/\/vichyrando.org\/wp-content\/plugins\/photo-gallery\/images\/lazy_placeholder.gif\"                       alt=\"Rando 1\/2 journ\u00e9e \u00e0 Ferri\u00e8res\/Sichon le 19 ao\u00fbt 2025\"                       title=\"Rando 1\/2 journ\u00e9e \u00e0 Ferri\u00e8res\/Sichon le 19 ao\u00fbt 2025\" \/>                <\/div>                <div class=\"\">                                  <\/div>              <\/div>            <\/div>            <div class=\"bwg-title1\"><div class=\"bwg-title2\">Rando 1\/2 journ\u00e9e \u00e0 Ferri\u00e8res\/Sichon le 19 ao\u00fbt 2025<\/div><\/div>          <\/a>        <\/div>                <div class=\"bwg-item\">          <a class=\"bwg-a bwg-album bwg_album_4\"             href='\/index.php?rest_route=%2Fwp%2Fv2%2Fpages%2F5836&#038;type_4=gallery&#038;album_gallery_id_4=1130'                          data-container_id=\"bwg_album_compact_4\"             data-def_type=\"gallery\"             data-album_gallery_id=\"67\"             data-alb_gal_id=\"1130\"             data-title=\"Journ\u00e9e marche sportive \u00e0 La Chabanne le 19 ao\u00fbt 2025\"             data-bwg=\"4\">                        <div class=\"bwg-item0 lazy_loader\">              <div class=\"bwg-item1 \">                <div class=\"bwg-item2\">                  <img decoding=\"async\" class=\"skip-lazy  bwg_lazyload \"                       data-width=\"500.00\"                       data-height=\"375.00\"                       data-src=\"https:\/\/vichyrando.org\/wp-content\/uploads\/photo-gallery\/thumb\/2025-08-19-LaChabanne04.jpg?bwg=1755717425\"                       src=\"https:\/\/vichyrando.org\/wp-content\/plugins\/photo-gallery\/images\/lazy_placeholder.gif\"                       alt=\"Journ\u00e9e marche sportive \u00e0 La Chabanne le 19 ao\u00fbt 2025\"                       title=\"Journ\u00e9e marche sportive \u00e0 La Chabanne le 19 ao\u00fbt 2025\" \/>                <\/div>                <div class=\"\">                                  <\/div>              <\/div>            <\/div>            <div class=\"bwg-title1\"><div class=\"bwg-title2\">Journ\u00e9e marche sportive \u00e0 La Chabanne le 19 ao\u00fbt 2025<\/div><\/div>          <\/a>        <\/div>                <div class=\"bwg-item\">          <a class=\"bwg-a bwg-album bwg_album_4\"             href='\/index.php?rest_route=%2Fwp%2Fv2%2Fpages%2F5836&#038;type_4=gallery&#038;album_gallery_id_4=1131'                          data-container_id=\"bwg_album_compact_4\"             data-def_type=\"gallery\"             data-album_gallery_id=\"67\"             data-alb_gal_id=\"1131\"             data-title=\"Mini rando \u00e0 St Priest Bramefant (63) le 21 ao\u00fbt 2025\"             data-bwg=\"4\">                        <div class=\"bwg-item0 lazy_loader\">              <div class=\"bwg-item1 \">                <div class=\"bwg-item2\">                  <img decoding=\"async\" class=\"skip-lazy  bwg_lazyload \"                       data-width=\"500.00\"                       data-height=\"281.00\"                       data-src=\"https:\/\/vichyrando.org\/wp-content\/uploads\/photo-gallery\/thumb\/2025-08-21-StPriestB10.jpg?bwg=1756068995\"                       src=\"https:\/\/vichyrando.org\/wp-content\/plugins\/photo-gallery\/images\/lazy_placeholder.gif\"                       alt=\"Mini rando \u00e0 St Priest Bramefant (63) le 21 ao\u00fbt 2025\"                       title=\"Mini rando \u00e0 St Priest Bramefant (63) le 21 ao\u00fbt 2025\" \/>                <\/div>                <div class=\"\">                                  <\/div>              <\/div>            <\/div>            <div class=\"bwg-title1\"><div class=\"bwg-title2\">Mini rando \u00e0 St Priest Bramefant (63) le 21 ao\u00fbt 2025<\/div><\/div>          <\/a>        <\/div>                <div class=\"bwg-item\">          <a class=\"bwg-a bwg-album bwg_album_4\"             href='\/index.php?rest_route=%2Fwp%2Fv2%2Fpages%2F5836&#038;type_4=gallery&#038;album_gallery_id_4=1132'                          data-container_id=\"bwg_album_compact_4\"             data-def_type=\"gallery\"             data-album_gallery_id=\"67\"             data-alb_gal_id=\"1132\"             data-title=\"Marche nordique \u00e0 Vendat le 23 ao\u00fbt 2025\"             data-bwg=\"4\">                        <div class=\"bwg-item0 lazy_loader\">              <div class=\"bwg-item1 \">                <div class=\"bwg-item2\">                  <img decoding=\"async\" class=\"skip-lazy  bwg_lazyload \"                       data-width=\"500.00\"                       data-height=\"302.00\"                       data-src=\"https:\/\/vichyrando.org\/wp-content\/uploads\/photo-gallery\/thumb\/2025-08-23-Vendat01.jpg?bwg=1756069107\"                       src=\"https:\/\/vichyrando.org\/wp-content\/plugins\/photo-gallery\/images\/lazy_placeholder.gif\"                       alt=\"Marche nordique \u00e0 Vendat le 23 ao\u00fbt 2025\"                       title=\"Marche nordique \u00e0 Vendat le 23 ao\u00fbt 2025\" \/>                <\/div>                <div class=\"\">                                  <\/div>              <\/div>            <\/div>            <div class=\"bwg-title1\"><div class=\"bwg-title2\">Marche nordique \u00e0 Vendat le 23 ao\u00fbt 2025<\/div><\/div>          <\/a>        <\/div>                <div class=\"bwg-item\">          <a class=\"bwg-a bwg-album bwg_album_4\"             href='\/index.php?rest_route=%2Fwp%2Fv2%2Fpages%2F5836&#038;type_4=gallery&#038;album_gallery_id_4=1138'                          data-container_id=\"bwg_album_compact_4\"             data-def_type=\"gallery\"             data-album_gallery_id=\"67\"             data-alb_gal_id=\"1138\"             data-title=\"Rando sant\u00e9 \u00e0 Vendat le 25 ao\u00fbt 2025\"             data-bwg=\"4\">                        <div class=\"bwg-item0 lazy_loader\">              <div class=\"bwg-item1 \">                <div class=\"bwg-item2\">                  <img decoding=\"async\" class=\"skip-lazy  bwg_lazyload \"                       data-width=\"500.00\"                       data-height=\"333.00\"                       data-src=\"https:\/\/vichyrando.org\/wp-content\/uploads\/photo-gallery\/thumb\/2025-08-25-Vendat01.jpg?bwg=1756761546\"                       src=\"https:\/\/vichyrando.org\/wp-content\/plugins\/photo-gallery\/images\/lazy_placeholder.gif\"                       alt=\"Rando sant\u00e9 \u00e0 Vendat le 25 ao\u00fbt 2025\"                       title=\"Rando sant\u00e9 \u00e0 Vendat le 25 ao\u00fbt 2025\" \/>                <\/div>                <div class=\"\">                                  <\/div>              <\/div>            <\/div>            <div class=\"bwg-title1\"><div class=\"bwg-title2\">Rando sant\u00e9 \u00e0 Vendat le 25 ao\u00fbt 2025<\/div><\/div>          <\/a>        <\/div>                <div class=\"bwg-item\">          <a class=\"bwg-a bwg-album bwg_album_4\"             href='\/index.php?rest_route=%2Fwp%2Fv2%2Fpages%2F5836&#038;type_4=gallery&#038;album_gallery_id_4=1133'                          data-container_id=\"bwg_album_compact_4\"             data-def_type=\"gallery\"             data-album_gallery_id=\"67\"             data-alb_gal_id=\"1133\"             data-title=\"Rando 1\/2 journ\u00e9e \u00e0 Lalizolle le 26 ao\u00fbt 2025\"             data-bwg=\"4\">                        <div class=\"bwg-item0 lazy_loader\">              <div class=\"bwg-item1 \">                <div class=\"bwg-item2\">                  <img decoding=\"async\" class=\"skip-lazy  bwg_lazyload \"                       data-width=\"500.00\"                       data-height=\"375.00\"                       data-src=\"https:\/\/vichyrando.org\/wp-content\/uploads\/photo-gallery\/thumb\/2025-08-26-Lalizolle08.jpg?bwg=1756471146\"                       src=\"https:\/\/vichyrando.org\/wp-content\/plugins\/photo-gallery\/images\/lazy_placeholder.gif\"                       alt=\"Rando 1\/2 journ\u00e9e \u00e0 Lalizolle le 26 ao\u00fbt 2025\"                       title=\"Rando 1\/2 journ\u00e9e \u00e0 Lalizolle le 26 ao\u00fbt 2025\" \/>                <\/div>                <div class=\"\">                                  <\/div>              <\/div>            <\/div>            <div class=\"bwg-title1\"><div class=\"bwg-title2\">Rando 1\/2 journ\u00e9e \u00e0 Lalizolle le 26 ao\u00fbt 2025<\/div><\/div>          <\/a>        <\/div>                <div class=\"bwg-item\">          <a class=\"bwg-a bwg-album bwg_album_4\"             href='\/index.php?rest_route=%2Fwp%2Fv2%2Fpages%2F5836&#038;type_4=gallery&#038;album_gallery_id_4=1134'                          data-container_id=\"bwg_album_compact_4\"             data-def_type=\"gallery\"             data-album_gallery_id=\"67\"             data-alb_gal_id=\"1134\"             data-title=\"Journ\u00e9e rando sportive \u00e0 Saligny\/Roudon le 26 ao\u00fbt 2025\"             data-bwg=\"4\">                        <div class=\"bwg-item0 lazy_loader\">              <div class=\"bwg-item1 \">                <div class=\"bwg-item2\">                  <img decoding=\"async\" class=\"skip-lazy  bwg_lazyload \"                       data-width=\"500.00\"                       data-height=\"458.00\"                       data-src=\"https:\/\/vichyrando.org\/wp-content\/uploads\/photo-gallery\/thumb\/2025-08-26-Saligny08.jpg?bwg=1756471244\"                       src=\"https:\/\/vichyrando.org\/wp-content\/plugins\/photo-gallery\/images\/lazy_placeholder.gif\"                       alt=\"Journ\u00e9e rando sportive \u00e0 Saligny\/Roudon le 26 ao\u00fbt 2025\"                       title=\"Journ\u00e9e rando sportive \u00e0 Saligny\/Roudon le 26 ao\u00fbt 2025\" \/>                <\/div>                <div class=\"\">                                  <\/div>              <\/div>            <\/div>            <div class=\"bwg-title1\"><div class=\"bwg-title2\">Journ\u00e9e rando sportive \u00e0 Saligny\/Roudon le 26 ao\u00fbt 2025<\/div><\/div>          <\/a>        <\/div>                <div class=\"bwg-item\">          <a class=\"bwg-a bwg-album bwg_album_4\"             href='\/index.php?rest_route=%2Fwp%2Fv2%2Fpages%2F5836&#038;type_4=gallery&#038;album_gallery_id_4=1135'                          data-container_id=\"bwg_album_compact_4\"             data-def_type=\"gallery\"             data-album_gallery_id=\"67\"             data-alb_gal_id=\"1135\"             data-title=\"Rando journ\u00e9e \u00e0 Saulcet le 28 ao\u00fbt 2025\"             data-bwg=\"4\">                        <div class=\"bwg-item0 lazy_loader\">              <div class=\"bwg-item1 \">                <div class=\"bwg-item2\">                  <img decoding=\"async\" class=\"skip-lazy  bwg_lazyload \"                       data-width=\"500.00\"                       data-height=\"375.00\"                       data-src=\"https:\/\/vichyrando.org\/wp-content\/uploads\/photo-gallery\/thumb\/2025-08-28-Saulcet06.jpg?bwg=1756471349\"                       src=\"https:\/\/vichyrando.org\/wp-content\/plugins\/photo-gallery\/images\/lazy_placeholder.gif\"                       alt=\"Rando journ\u00e9e \u00e0 Saulcet le 28 ao\u00fbt 2025\"                       title=\"Rando journ\u00e9e \u00e0 Saulcet le 28 ao\u00fbt 2025\" \/>                <\/div>                <div class=\"\">                                  <\/div>              <\/div>            <\/div>            <div class=\"bwg-title1\"><div class=\"bwg-title2\">Rando journ\u00e9e \u00e0 Saulcet le 28 ao\u00fbt 2025<\/div><\/div>          <\/a>        <\/div>                <div class=\"bwg-item\">          <a class=\"bwg-a bwg-album bwg_album_4\"             href='\/index.php?rest_route=%2Fwp%2Fv2%2Fpages%2F5836&#038;type_4=gallery&#038;album_gallery_id_4=1137'                          data-container_id=\"bwg_album_compact_4\"             data-def_type=\"gallery\"             data-album_gallery_id=\"67\"             data-alb_gal_id=\"1137\"             data-title=\"Marche nordique \u00e0 St germain des Foss\u00e9s le 30 ao\u00fbt 2025\"             data-bwg=\"4\">                        <div class=\"bwg-item0 lazy_loader\">              <div class=\"bwg-item1 \">                <div class=\"bwg-item2\">                  <img decoding=\"async\" class=\"skip-lazy  bwg_lazyload \"                       data-width=\"500.00\"                       data-height=\"225.00\"                       data-src=\"https:\/\/vichyrando.org\/wp-content\/uploads\/photo-gallery\/thumb\/2025-08-30-StGermain02.jpg?bwg=1756643103\"                       src=\"https:\/\/vichyrando.org\/wp-content\/plugins\/photo-gallery\/images\/lazy_placeholder.gif\"                       alt=\"Marche nordique \u00e0 St germain des Foss\u00e9s le 30 ao\u00fbt 2025\"                       title=\"Marche nordique \u00e0 St germain des Foss\u00e9s le 30 ao\u00fbt 2025\" \/>                <\/div>                <div class=\"\">                                  <\/div>              <\/div>            <\/div>            <div class=\"bwg-title1\"><div class=\"bwg-title2\">Marche nordique \u00e0 St germain des Foss\u00e9s le 30 ao\u00fbt 2025<\/div><\/div>          <\/a>        <\/div>            <\/div>          <input type=\"hidden\" id=\"bwg_album_breadcrumb_4\" name=\"bwg_album_breadcrumb_4\" value='[{&quot;id&quot;:&quot;67&quot;,&quot;page&quot;:1}]' \/>    <style>      \/*pagination styles*\/      #bwg_container1_4 #bwg_container2_4 .tablenav-pages_4 {\t\t\t\ttext-align: center;\t\t\t\tfont-size: 12px;\t\t\t\tfont-family: Ubuntu;\t\t\t\tfont-weight: bold;\t\t\t\tcolor: #666666;\t\t\t\tmargin: 6px 0 4px;\t\t\t\tdisplay: block;      }      @media only screen and (max-width : 320px) {      #bwg_container1_4 #bwg_container2_4 .displaying-num_4 {     \t display: none;      }      }      #bwg_container1_4 #bwg_container2_4 .displaying-num_4 {\t\t\t\tfont-size: 12px;\t\t\t\tfont-family: Ubuntu;\t\t\t\tfont-weight: bold;\t\t\t\tcolor: #666666;\t\t\t\tmargin-right: 10px;\t\t\t\tvertical-align: middle;      }      #bwg_container1_4 #bwg_container2_4 .paging-input_4 {\t\t\t\tfont-size: 12px;\t\t\t\tfont-family: Ubuntu;\t\t\t\tfont-weight: bold;\t\t\t\tcolor: #666666;\t\t\t\tvertical-align: middle;      }      #bwg_container1_4 #bwg_container2_4 .tablenav-pages_4 a.disabled,      #bwg_container1_4 #bwg_container2_4 .tablenav-pages_4 a.disabled:hover,      #bwg_container1_4 #bwg_container2_4 .tablenav-pages_4 a.disabled:focus,\t\t\t#bwg_container1_4 #bwg_container2_4 .tablenav-pages_4 input.bwg_current_page {\t\t\t\tcursor: default;\t\t\t\tcolor: rgba(102, 102, 102, 0.5);      }      #bwg_container1_4 #bwg_container2_4 .tablenav-pages_4 a,      #bwg_container1_4 #bwg_container2_4 .tablenav-pages_4 input.bwg_current_page {\t\t\t\tcursor: pointer;\t\t\t\ttext-align: center;\t\t\t\tfont-size: 12px;\t\t\t\tfont-family: Ubuntu;\t\t\t\tfont-weight: bold;\t\t\t\tcolor: #666666;\t\t\t\ttext-decoration: none;\t\t\t\tpadding: 3px 6px;\t\t\t\tmargin: 0;\t\t\t\tborder-radius: 0;\t\t\t\tborder-style: solid;\t\t\t\tborder-width: 1px;\t\t\t\tborder-color: #E3E3E3;\t\t\t\t\t\t\t\tbackground-color: rgba(255, 255, 255, 1.00);\t\t\t\tbox-shadow: 0;\t\t\t\ttransition: all 0.3s ease 0s;-webkit-transition: all 0.3s ease 0s;      }      <\/style>      <span class=\"bwg_nav_cont_4\">              <div class=\"tablenav-pages_4\">                  <\/div>                <input type=\"hidden\" id=\"page_number_4\" name=\"page_number_4\" value=\"1\" \/>      <script type=\"text\/javascript\">        if( jQuery('.bwg_nav_cont_4').length > 1 ) {          jQuery('.bwg_nav_cont_4').first().remove()        }        function spider_page_4(cur, x, y, load_more) {          if (typeof load_more == \"undefined\") {            var load_more = false;          }          if (jQuery(cur).hasClass('disabled')) {            return false;          }          var items_county_4 = 1;          switch (y) {            case 1:              if (x >= items_county_4) {                document.getElementById('page_number_4').value = items_county_4;              }              else {                document.getElementById('page_number_4').value = x + 1;              }              break;            case 2:              document.getElementById('page_number_4').value = items_county_4;              break;            case -1:              if (x == 1) {                document.getElementById('page_number_4').value = 1;              }              else {                document.getElementById('page_number_4').value = x - 1;              }              break;            case -2:              document.getElementById('page_number_4').value = 1;              break;\t\t\t\t\t\tcase 0:              document.getElementById('page_number_4').value = x;              break;            default:              document.getElementById('page_number_4').value = 1;          }          bwg_ajax('gal_front_form_4', '4', 'bwg_album_compact_4', '67', '', 'album', 0, '', '', load_more, '', 1);        }                    jQuery('.first-page-4').on('click', function () {              spider_page_4(this, 1, -2, 'numeric');              return false;            });            jQuery('.prev-page-4').on('click', function () {              spider_page_4(this, 1, -1, 'numeric');              return false;            });            jQuery('.next-page-4').on('click', function () {              spider_page_4(this, 1, 1, 'numeric');              return false;            });            jQuery('.last-page-4').on('click', function () {              spider_page_4(this, 1, 2, 'numeric');              return false;            });        \t\t\t\t\/* Change page on input enter. *\/        function bwg_change_page_4( e, that ) {          if (  e.key == 'Enter' ) {            var to_page = parseInt(jQuery(that).val());            var pages_count = jQuery(that).parents(\".pagination-links\").data(\"pages-count\");            var current_url_param = jQuery(that).attr('data-url-info');            if (to_page > pages_count) {              to_page = 1;            }\t \t\t\t\t\t\t\t\t\t\t\t\tspider_page_4(this, to_page, 0, 'numeric');\t\t\t\t\t\t\treturn false;\t\t\t\t\t\t          }          return true;        }        jQuery('.bwg_load_btn_4').on('click', function () {            spider_page_4(this, 1, 1, true);            return false;        });      <\/script>      <\/span>                <\/div>        <\/form>        <style>          #bwg_container1_4 #bwg_container2_4 #spider_popup_overlay_4 {          background-color: #EEEEEE;          opacity: 0.60;          }          <\/style>        <div id=\"bwg_spider_popup_loading_4\" class=\"bwg_spider_popup_loading\"><\/div>        <div id=\"spider_popup_overlay_4\" class=\"spider_popup_overlay\" onclick=\"spider_destroypopup(1000)\"><\/div>        <input type=\"hidden\" id=\"bwg_random_seed_4\" value=\"914051809\">                <\/div>    <\/div>    <script>      if (document.readyState === 'complete') {        if( typeof bwg_main_ready == 'function' ) {          if ( jQuery(\"#bwg_container1_4\").height() ) {            bwg_main_ready(jQuery(\"#bwg_container1_4\"));          }        }      } else {        document.addEventListener('DOMContentLoaded', function() {          if( typeof bwg_main_ready == 'function' ) {            if ( jQuery(\"#bwg_container1_4\").height() ) {             bwg_main_ready(jQuery(\"#bwg_container1_4\"));            }          }        });      }    <\/script>    \t\t<\/div>\n\t\t\t\t<\/div>\n\t\t\t\t\t<\/div>\n\t\t<\/div>\n\t\t\t\t\t<\/div>\n\t\t<\/section>\n\t\t\t\t<section class=\"elementor-section elementor-top-section elementor-element elementor-element-8cd96e2 elementor-section-boxed elementor-section-height-default elementor-section-height-default\" data-id=\"8cd96e2\" data-element_type=\"section\">\n\t\t\t\t\t\t<div class=\"elementor-container elementor-column-gap-default\">\n\t\t\t\t\t<div class=\"elementor-column elementor-col-100 elementor-top-column elementor-element elementor-element-8ae820f\" data-id=\"8ae820f\" data-element_type=\"column\">\n\t\t\t<div class=\"elementor-widget-wrap elementor-element-populated\">\n\t\t\t\t\t\t<div class=\"elementor-element elementor-element-80f38ce elementor-widget elementor-widget-bwg-elementor\" data-id=\"80f38ce\" data-element_type=\"widget\" data-widget_type=\"bwg-elementor.default\">\n\t\t\t\t<div class=\"elementor-widget-container\">\n\t\t\t<style id=\"bwg-style-5\">    #bwg_container1_5 #bwg_container2_5 .bwg-container-5.bwg-album-thumbnails {    width: 1254px;    justify-content: center;            justify-content: center;        margin:0 auto !important;          background-color: rgba(255, 255, 255, 0.00);          padding-left: 4px;      padding-top: 4px;      max-width: 100%;          }        #bwg_container1_5 #bwg_container2_5 .bwg-container-5.bwg-album-thumbnails .bwg-item {    justify-content: flex-start;    max-width: 250px;        }    #bwg_container1_5 #bwg_container2_5 .bwg-container-5.bwg-album-thumbnails .bwg-item a {      margin-right: 4px;      margin-bottom: 4px;    }    #bwg_container1_5 #bwg_container2_5 .bwg-container-5.bwg-album-thumbnails .bwg-item0 {      padding: 0px;            background-color:rgba(0,0,0, 0.30);      border: 0px none #CCCCCC;      opacity: 1.00;      border-radius: 0;      box-shadow: 0px 0px 0px #888888;    }    #bwg_container1_5 #bwg_container2_5 .bwg-container-5.bwg-album-thumbnails .bwg-item1 img {      max-height: none;      max-width: none;      padding: 0 !important;    }          @media only screen and (min-width: 480px) {      #bwg_container1_5 #bwg_container2_5 .bwg-container-5.bwg-album-thumbnails .bwg-item1 img {      -webkit-transition: all .3s; transition: all .3s;      }      #bwg_container1_5 #bwg_container2_5 .bwg-container-5.bwg-album-thumbnails .bwg-item1 img:hover {        -ms-transform: scale(1.08);        -webkit-transform: scale(1.08);        transform: scale(1.08);      }            }          #bwg_container1_5 #bwg_container2_5 .bwg-container-5.bwg-album-thumbnails .bwg-item1 {      padding-top: 56%;    }        #bwg_container1_5 #bwg_container2_5 .bwg-container-5.bwg-album-thumbnails .bwg-title2 {      color: #323A45;      font-family: Ubuntu;      font-size: 16px;      font-weight: bold;      padding: 2px;      text-shadow: 0px 0px 0px #888888;      max-height: 100%;    }        #bwg_container1_5 #bwg_container2_5 .bwg-container-5.bwg-standard-thumbnails {      width: 1254px;              justify-content: center;        margin:0 auto !important;              background-color: rgba(255, 255, 255, 0.00);            padding-left: 4px;      padding-top: 4px;      max-width: 100%;            }        #bwg_container1_5 #bwg_container2_5 .bwg-container-5.bwg-standard-thumbnails .bwg-item {    justify-content: flex-start;      max-width: 250px;          }    #bwg_container1_5 #bwg_container2_5 .bwg-container-5.bwg-standard-thumbnails .bwg-item a {       margin-right: 4px;       margin-bottom: 4px;    }    #bwg_container1_5 #bwg_container2_5 .bwg-container-5.bwg-standard-thumbnails .bwg-item0 {      padding: 0px;            background-color:rgba(0,0,0, 0.30);      border: 0px none #CCCCCC;      opacity: 1.00;      border-radius: 0;      box-shadow: 0px 0px 0px #888888;    }    #bwg_container1_5 #bwg_container2_5 .bwg-container-5.bwg-standard-thumbnails .bwg-item1 img {      max-height: none;      max-width: none;      padding: 0 !important;    }         @media only screen and (min-width: 480px) {\t\t#bwg_container1_5 #bwg_container2_5 .bwg-container-5.bwg-standard-thumbnails .bwg-item1 img {\t\t\t-webkit-transition: all .3s; transition: all .3s;\t\t}\t\t#bwg_container1_5 #bwg_container2_5 .bwg-container-5.bwg-standard-thumbnails .bwg-item1 img:hover {\t\t\t-ms-transform: scale(1.08);\t\t\t-webkit-transform: scale(1.08);\t\t\ttransform: scale(1.08);\t\t}\t\t      }\t    #bwg_container1_5 #bwg_container2_5 .bwg-container-5.bwg-standard-thumbnails .bwg-item1 {      padding-top: 56%;    }        #bwg_container1_5 #bwg_container2_5 .bwg-container-5.bwg-standard-thumbnails .bwg-title2,    #bwg_container1_5 #bwg_container2_5 .bwg-container-5.bwg-standard-thumbnails .bwg-ecommerce2 {      color: #323A45;      font-family: Ubuntu;      font-size: 16px;      font-weight: bold;      padding: 2px;      text-shadow: 0px 0px 0px #888888;      max-height: 100%;    }    #bwg_container1_5 #bwg_container2_5 .bwg-container-5.bwg-standard-thumbnails .bwg-thumb-description span {    color: #323A45;    font-family: Ubuntu;    font-size: 12px;    max-height: 100%;    word-wrap: break-word;    }    #bwg_container1_5 #bwg_container2_5 .bwg-container-5.bwg-standard-thumbnails .bwg-play-icon2 {      font-size: 32px;    }    #bwg_container1_5 #bwg_container2_5 .bwg-container-5.bwg-standard-thumbnails .bwg-ecommerce2 {      font-size: 19.2px;      color: #323A45;    }    <\/style>    <div id=\"bwg_container1_5\"         class=\"bwg_container bwg_thumbnail bwg_album_compact_preview bwg_thumbnail\"         data-right-click-protection=\"0\"         data-bwg=\"5\"         data-scroll=\"0\"         data-gallery-type=\"album_compact_preview\"         data-gallery-view-type=\"thumbnail\"         data-current-url=\"\/index.php?rest_route=%2Fwp%2Fv2%2Fpages%2F5836\"         data-lightbox-url=\"https:\/\/vichyrando.org\/wp-admin\/admin-ajax.php?action=GalleryBox&#038;current_view=5&#038;gallery_id=0&#038;tag=0&#038;theme_id=1&#038;shortcode_id=1322&#038;sort_by=order&#038;order_by=asc&#038;current_url=%2Findex.php%3Frest_route%3D%252Fwp%252Fv2%252Fpages%252F5836\"         data-gallery-id=\"0\"         data-popup-width=\"800\"         data-popup-height=\"500\"         data-is-album=\"album\"         data-buttons-position=\"bottom\">      <div id=\"bwg_container2_5\">             <div id=\"ajax_loading_5\" class=\"bwg_loading_div_1\">      <div class=\"bwg_loading_div_2\">        <div class=\"bwg_loading_div_3\">          <div id=\"loading_div_5\" class=\"bwg_spider_ajax_loading\">          <\/div>        <\/div>      <\/div>    <\/div>            <form id=\"gal_front_form_5\"              class=\"bwg-hidden\"              method=\"post\"              action=\"#\"              data-current=\"5\"              data-shortcode-id=\"1322\"              data-gallery-type=\"album_compact_preview\"              data-gallery-id=\"0\"              data-tag=\"0\"              data-album-id=\"66\"              data-theme-id=\"1\"              data-ajax-url=\"https:\/\/vichyrando.org\/wp-admin\/admin-ajax.php?action=bwg_frontend_data\">          <div id=\"bwg_container3_5\" class=\"bwg-background bwg-background-5\">            <style>        #bwg_container1_5 #bwg_container2_5 .bwg_gal_title_5 {          display: block;          padding: 0 2px 2px 2px;          background-color: rgba(0, 0, 0, 0);          line-height: 20px;          font-family: Ubuntu;          font-size: 18px;          font-weight: bold;          color: #323A45;          text-shadow: 0px 0px 0px #888888;          text-align: center;        }        #bwg_container1_5 #bwg_container2_5 .bwg_gal_description_5 {          margin: 20px 0;          word-break: break-word;          text-align: justify;          font-size: 15px;          font-weight: unset;        }        <\/style>        <div class=\"bwg_gal_title_5\">Juillet 2025<\/div>            <div data-max-count=\"5\"         data-thumbnail-width=\"250\"         data-bwg=\"5\"         id=\"bwg_album_compact_5\"         class=\"bwg-thumbnails bwg-container bwg-container-5 bwg-album-thumbnails bwg_album_thumbnails_5\">              <div class=\"bwg-item\">          <a class=\"bwg-a bwg-album bwg_album_5\"             href='\/index.php?rest_route=%2Fwp%2Fv2%2Fpages%2F5836&#038;type_5=gallery&#038;album_gallery_id_5=1098'                          data-container_id=\"bwg_album_compact_5\"             data-def_type=\"gallery\"             data-album_gallery_id=\"66\"             data-alb_gal_id=\"1098\"             data-title=\"Rando 1\/2 journ\u00e9e \u00e0 Lavoine (Montoncel) le 1er juillet 2025\"             data-bwg=\"5\">                        <div class=\"bwg-item0 lazy_loader\">              <div class=\"bwg-item1 \">                <div class=\"bwg-item2\">                  <img decoding=\"async\" class=\"skip-lazy  bwg_lazyload \"                       data-width=\"500.00\"                       data-height=\"305.00\"                       data-src=\"https:\/\/vichyrando.org\/wp-content\/uploads\/photo-gallery\/thumb\/2025-07-01-Lavoine03.jpg?bwg=1751545111\"                       src=\"https:\/\/vichyrando.org\/wp-content\/plugins\/photo-gallery\/images\/lazy_placeholder.gif\"                       alt=\"Rando 1\/2 journ\u00e9e \u00e0 Lavoine (Montoncel) le 1er juillet 2025\"                       title=\"Rando 1\/2 journ\u00e9e \u00e0 Lavoine (Montoncel) le 1er juillet 2025\" \/>                <\/div>                <div class=\"\">                                  <\/div>              <\/div>            <\/div>            <div class=\"bwg-title1\"><div class=\"bwg-title2\">Rando 1\/2 journ\u00e9e \u00e0 Lavoine (Montoncel) le 1er juillet 2025<\/div><\/div>          <\/a>        <\/div>                <div class=\"bwg-item\">          <a class=\"bwg-a bwg-album bwg_album_5\"             href='\/index.php?rest_route=%2Fwp%2Fv2%2Fpages%2F5836&#038;type_5=gallery&#038;album_gallery_id_5=1099'                          data-container_id=\"bwg_album_compact_5\"             data-def_type=\"gallery\"             data-album_gallery_id=\"66\"             data-alb_gal_id=\"1099\"             data-title=\"Journ\u00e9e rando sportive autour du col du B\u00e9al (63) le 1er juillet 2025\"             data-bwg=\"5\">                        <div class=\"bwg-item0 lazy_loader\">              <div class=\"bwg-item1 \">                <div class=\"bwg-item2\">                  <img decoding=\"async\" class=\"skip-lazy  bwg_lazyload \"                       data-width=\"500.00\"                       data-height=\"375.00\"                       data-src=\"https:\/\/vichyrando.org\/wp-content\/uploads\/photo-gallery\/thumb\/2025-07-01-Beal08.jpg?bwg=1751545216\"                       src=\"https:\/\/vichyrando.org\/wp-content\/plugins\/photo-gallery\/images\/lazy_placeholder.gif\"                       alt=\"Journ\u00e9e rando sportive autour du col du B\u00e9al (63) le 1er juillet 2025\"                       title=\"Journ\u00e9e rando sportive autour du col du B\u00e9al (63) le 1er juillet 2025\" \/>                <\/div>                <div class=\"\">                                  <\/div>              <\/div>            <\/div>            <div class=\"bwg-title1\"><div class=\"bwg-title2\">Journ\u00e9e rando sportive autour du col du B\u00e9al (63) le 1er juillet 2025<\/div><\/div>          <\/a>        <\/div>                <div class=\"bwg-item\">          <a class=\"bwg-a bwg-album bwg_album_5\"             href='\/index.php?rest_route=%2Fwp%2Fv2%2Fpages%2F5836&#038;type_5=gallery&#038;album_gallery_id_5=1100'                          data-container_id=\"bwg_album_compact_5\"             data-def_type=\"gallery\"             data-album_gallery_id=\"66\"             data-alb_gal_id=\"1100\"             data-title=\"Rando 1\/2 journ\u00e9e au gour de Tazenat (63) le 3 juillet 2025\"             data-bwg=\"5\">                        <div class=\"bwg-item0 lazy_loader\">              <div class=\"bwg-item1 \">                <div class=\"bwg-item2\">                  <img decoding=\"async\" class=\"skip-lazy  bwg_lazyload \"                       data-width=\"500.00\"                       data-height=\"375.00\"                       data-src=\"https:\/\/vichyrando.org\/wp-content\/uploads\/photo-gallery\/thumb\/2025-07-03-Tazenat05.jpg?bwg=1751618587\"                       src=\"https:\/\/vichyrando.org\/wp-content\/plugins\/photo-gallery\/images\/lazy_placeholder.gif\"                       alt=\"Rando 1\/2 journ\u00e9e au gour de Tazenat (63) le 3 juillet 2025\"                       title=\"Rando 1\/2 journ\u00e9e au gour de Tazenat (63) le 3 juillet 2025\" \/>                <\/div>                <div class=\"\">                                  <\/div>              <\/div>            <\/div>            <div class=\"bwg-title1\"><div class=\"bwg-title2\">Rando 1\/2 journ\u00e9e au gour de Tazenat (63) le 3 juillet 2025<\/div><\/div>          <\/a>        <\/div>                <div class=\"bwg-item\">          <a class=\"bwg-a bwg-album bwg_album_5\"             href='\/index.php?rest_route=%2Fwp%2Fv2%2Fpages%2F5836&#038;type_5=gallery&#038;album_gallery_id_5=1101'                          data-container_id=\"bwg_album_compact_5\"             data-def_type=\"gallery\"             data-album_gallery_id=\"66\"             data-alb_gal_id=\"1101\"             data-title=\"Marche nordique \u00e0 Bellerive\/Allier le 5 juillet 2025\"             data-bwg=\"5\">                        <div class=\"bwg-item0 lazy_loader\">              <div class=\"bwg-item1 \">                <div class=\"bwg-item2\">                  <img decoding=\"async\" class=\"skip-lazy  bwg_lazyload \"                       data-width=\"500.00\"                       data-height=\"225.00\"                       data-src=\"https:\/\/vichyrando.org\/wp-content\/uploads\/photo-gallery\/thumb\/2025-07-05-Bellerive01.jpg?bwg=1751720880\"                       src=\"https:\/\/vichyrando.org\/wp-content\/plugins\/photo-gallery\/images\/lazy_placeholder.gif\"                       alt=\"Marche nordique \u00e0 Bellerive\/Allier le 5 juillet 2025\"                       title=\"Marche nordique \u00e0 Bellerive\/Allier le 5 juillet 2025\" \/>                <\/div>                <div class=\"\">                                  <\/div>              <\/div>            <\/div>            <div class=\"bwg-title1\"><div class=\"bwg-title2\">Marche nordique \u00e0 Bellerive\/Allier le 5 juillet 2025<\/div><\/div>          <\/a>        <\/div>                <div class=\"bwg-item\">          <a class=\"bwg-a bwg-album bwg_album_5\"             href='\/index.php?rest_route=%2Fwp%2Fv2%2Fpages%2F5836&#038;type_5=gallery&#038;album_gallery_id_5=1102'                          data-container_id=\"bwg_album_compact_5\"             data-def_type=\"gallery\"             data-album_gallery_id=\"66\"             data-alb_gal_id=\"1102\"             data-title=\"Rando sant\u00e9 \u00e0 St R\u00e9my en Rollat le 7 juillet 2025\"             data-bwg=\"5\">                        <div class=\"bwg-item0 lazy_loader\">              <div class=\"bwg-item1 \">                <div class=\"bwg-item2\">                  <img decoding=\"async\" class=\"skip-lazy  bwg_lazyload \"                       data-width=\"500.00\"                       data-height=\"231.00\"                       data-src=\"https:\/\/vichyrando.org\/wp-content\/uploads\/photo-gallery\/thumb\/2025-07-07-StRemy04.jpg?bwg=1752063492\"                       src=\"https:\/\/vichyrando.org\/wp-content\/plugins\/photo-gallery\/images\/lazy_placeholder.gif\"                       alt=\"Rando sant\u00e9 \u00e0 St R\u00e9my en Rollat le 7 juillet 2025\"                       title=\"Rando sant\u00e9 \u00e0 St R\u00e9my en Rollat le 7 juillet 2025\" \/>                <\/div>                <div class=\"\">                                  <\/div>              <\/div>            <\/div>            <div class=\"bwg-title1\"><div class=\"bwg-title2\">Rando sant\u00e9 \u00e0 St R\u00e9my en Rollat le 7 juillet 2025<\/div><\/div>          <\/a>        <\/div>                <div class=\"bwg-item\">          <a class=\"bwg-a bwg-album bwg_album_5\"             href='\/index.php?rest_route=%2Fwp%2Fv2%2Fpages%2F5836&#038;type_5=gallery&#038;album_gallery_id_5=1103'                          data-container_id=\"bwg_album_compact_5\"             data-def_type=\"gallery\"             data-album_gallery_id=\"66\"             data-alb_gal_id=\"1103\"             data-title=\"Journ\u00e9e marche sportive \u00e0 Veauce le 8 juillet 2025\"             data-bwg=\"5\">                        <div class=\"bwg-item0 lazy_loader\">              <div class=\"bwg-item1 \">                <div class=\"bwg-item2\">                  <img decoding=\"async\" class=\"skip-lazy  bwg_lazyload \"                       data-width=\"488.00\"                       data-height=\"500.00\"                       data-src=\"https:\/\/vichyrando.org\/wp-content\/uploads\/photo-gallery\/thumb\/2025-07-08-Veauce01.jpg?bwg=1752063659\"                       src=\"https:\/\/vichyrando.org\/wp-content\/plugins\/photo-gallery\/images\/lazy_placeholder.gif\"                       alt=\"Journ\u00e9e marche sportive \u00e0 Veauce le 8 juillet 2025\"                       title=\"Journ\u00e9e marche sportive \u00e0 Veauce le 8 juillet 2025\" \/>                <\/div>                <div class=\"\">                                  <\/div>              <\/div>            <\/div>            <div class=\"bwg-title1\"><div class=\"bwg-title2\">Journ\u00e9e marche sportive \u00e0 Veauce le 8 juillet 2025<\/div><\/div>          <\/a>        <\/div>                <div class=\"bwg-item\">          <a class=\"bwg-a bwg-album bwg_album_5\"             href='\/index.php?rest_route=%2Fwp%2Fv2%2Fpages%2F5836&#038;type_5=gallery&#038;album_gallery_id_5=1104'                          data-container_id=\"bwg_album_compact_5\"             data-def_type=\"gallery\"             data-album_gallery_id=\"66\"             data-alb_gal_id=\"1104\"             data-title=\"Rando 1\/2 journ\u00e9e \u00e0 Deneuille les Chantelle le 8 juillet 2025\"             data-bwg=\"5\">                        <div class=\"bwg-item0 lazy_loader\">              <div class=\"bwg-item1 \">                <div class=\"bwg-item2\">                  <img decoding=\"async\" class=\"skip-lazy  bwg_lazyload \"                       data-width=\"500.00\"                       data-height=\"333.00\"                       data-src=\"https:\/\/vichyrando.org\/wp-content\/uploads\/photo-gallery\/thumb\/2025-07-08-Deneuille11.jpg?bwg=1752771054\"                       src=\"https:\/\/vichyrando.org\/wp-content\/plugins\/photo-gallery\/images\/lazy_placeholder.gif\"                       alt=\"Rando 1\/2 journ\u00e9e \u00e0 Deneuille les Chantelle le 8 juillet 2025\"                       title=\"Rando 1\/2 journ\u00e9e \u00e0 Deneuille les Chantelle le 8 juillet 2025\" \/>                <\/div>                <div class=\"\">                                  <\/div>              <\/div>            <\/div>            <div class=\"bwg-title1\"><div class=\"bwg-title2\">Rando 1\/2 journ\u00e9e \u00e0 Deneuille les Chantelle le 8 juillet 2025<\/div><\/div>          <\/a>        <\/div>                <div class=\"bwg-item\">          <a class=\"bwg-a bwg-album bwg_album_5\"             href='\/index.php?rest_route=%2Fwp%2Fv2%2Fpages%2F5836&#038;type_5=gallery&#038;album_gallery_id_5=1106'                          data-container_id=\"bwg_album_compact_5\"             data-def_type=\"gallery\"             data-album_gallery_id=\"66\"             data-alb_gal_id=\"1106\"             data-title=\"Rando 1\/2 journ\u00e9e au Mayet de montagne le 10 juillet 2025\"             data-bwg=\"5\">                        <div class=\"bwg-item0 lazy_loader\">              <div class=\"bwg-item1 \">                <div class=\"bwg-item2\">                  <img decoding=\"async\" class=\"skip-lazy  bwg_lazyload \"                       data-width=\"375.00\"                       data-height=\"500.00\"                       data-src=\"https:\/\/vichyrando.org\/wp-content\/uploads\/photo-gallery\/thumb\/2025-07-10-LeMayet01.jpg?bwg=1752771280\"                       src=\"https:\/\/vichyrando.org\/wp-content\/plugins\/photo-gallery\/images\/lazy_placeholder.gif\"                       alt=\"Rando 1\/2 journ\u00e9e au Mayet de montagne le 10 juillet 2025\"                       title=\"Rando 1\/2 journ\u00e9e au Mayet de montagne le 10 juillet 2025\" \/>                <\/div>                <div class=\"\">                                  <\/div>              <\/div>            <\/div>            <div class=\"bwg-title1\"><div class=\"bwg-title2\">Rando 1\/2 journ\u00e9e au Mayet de montagne le 10 juillet 2025<\/div><\/div>          <\/a>        <\/div>                <div class=\"bwg-item\">          <a class=\"bwg-a bwg-album bwg_album_5\"             href='\/index.php?rest_route=%2Fwp%2Fv2%2Fpages%2F5836&#038;type_5=gallery&#038;album_gallery_id_5=1105'                          data-container_id=\"bwg_album_compact_5\"             data-def_type=\"gallery\"             data-album_gallery_id=\"66\"             data-alb_gal_id=\"1105\"             data-title=\"Marche nordique au Vernet le 12 juillet 2025\"             data-bwg=\"5\">                        <div class=\"bwg-item0 lazy_loader\">              <div class=\"bwg-item1 \">                <div class=\"bwg-item2\">                  <img decoding=\"async\" class=\"skip-lazy  bwg_lazyload \"                       data-width=\"500.00\"                       data-height=\"364.00\"                       data-src=\"https:\/\/vichyrando.org\/wp-content\/uploads\/photo-gallery\/thumb\/2025-07-12-LeVernet01.jpg?bwg=1752771178\"                       src=\"https:\/\/vichyrando.org\/wp-content\/plugins\/photo-gallery\/images\/lazy_placeholder.gif\"                       alt=\"Marche nordique au Vernet le 12 juillet 2025\"                       title=\"Marche nordique au Vernet le 12 juillet 2025\" \/>                <\/div>                <div class=\"\">                                  <\/div>              <\/div>            <\/div>            <div class=\"bwg-title1\"><div class=\"bwg-title2\">Marche nordique au Vernet le 12 juillet 2025<\/div><\/div>          <\/a>        <\/div>                <div class=\"bwg-item\">          <a class=\"bwg-a bwg-album bwg_album_5\"             href='\/index.php?rest_route=%2Fwp%2Fv2%2Fpages%2F5836&#038;type_5=gallery&#038;album_gallery_id_5=1107'                          data-container_id=\"bwg_album_compact_5\"             data-def_type=\"gallery\"             data-album_gallery_id=\"66\"             data-alb_gal_id=\"1107\"             data-title=\"Journ\u00e9e marche sportive le 16 juillet 2025\"             data-bwg=\"5\">                        <div class=\"bwg-item0 lazy_loader\">              <div class=\"bwg-item1 \">                <div class=\"bwg-item2\">                  <img decoding=\"async\" class=\"skip-lazy  bwg_lazyload \"                       data-width=\"500.00\"                       data-height=\"375.00\"                       data-src=\"https:\/\/vichyrando.org\/wp-content\/uploads\/photo-gallery\/thumb\/2025-07-16-StClement02.jpg?bwg=1752771375\"                       src=\"https:\/\/vichyrando.org\/wp-content\/plugins\/photo-gallery\/images\/lazy_placeholder.gif\"                       alt=\"Journ\u00e9e marche sportive le 16 juillet 2025\"                       title=\"Journ\u00e9e marche sportive le 16 juillet 2025\" \/>                <\/div>                <div class=\"\">                                  <\/div>              <\/div>            <\/div>            <div class=\"bwg-title1\"><div class=\"bwg-title2\">Journ\u00e9e marche sportive le 16 juillet 2025<\/div><\/div>          <\/a>        <\/div>                <div class=\"bwg-item\">          <a class=\"bwg-a bwg-album bwg_album_5\"             href='\/index.php?rest_route=%2Fwp%2Fv2%2Fpages%2F5836&#038;type_5=gallery&#038;album_gallery_id_5=1109'                          data-container_id=\"bwg_album_compact_5\"             data-def_type=\"gallery\"             data-album_gallery_id=\"66\"             data-alb_gal_id=\"1109\"             data-title=\"Mini rando \u00e0 La Chapelle le 16 juillet 2025\"             data-bwg=\"5\">                        <div class=\"bwg-item0 lazy_loader\">              <div class=\"bwg-item1 \">                <div class=\"bwg-item2\">                  <img decoding=\"async\" class=\"skip-lazy  bwg_lazyload \"                       data-width=\"500.00\"                       data-height=\"231.00\"                       data-src=\"https:\/\/vichyrando.org\/wp-content\/uploads\/photo-gallery\/thumb\/2025-07-16-LaChapelle04.jpg?bwg=1753289960\"                       src=\"https:\/\/vichyrando.org\/wp-content\/plugins\/photo-gallery\/images\/lazy_placeholder.gif\"                       alt=\"Mini rando \u00e0 La Chapelle le 16 juillet 2025\"                       title=\"Mini rando \u00e0 La Chapelle le 16 juillet 2025\" \/>                <\/div>                <div class=\"\">                                  <\/div>              <\/div>            <\/div>            <div class=\"bwg-title1\"><div class=\"bwg-title2\">Mini rando \u00e0 La Chapelle le 16 juillet 2025<\/div><\/div>          <\/a>        <\/div>                <div class=\"bwg-item\">          <a class=\"bwg-a bwg-album bwg_album_5\"             href='\/index.php?rest_route=%2Fwp%2Fv2%2Fpages%2F5836&#038;type_5=gallery&#038;album_gallery_id_5=1108'                          data-container_id=\"bwg_album_compact_5\"             data-def_type=\"gallery\"             data-album_gallery_id=\"66\"             data-alb_gal_id=\"1108\"             data-title=\"Rando 1\/2 journ\u00e9e \u00e0 Chabreloche (63) le 17 juillet 2025\"             data-bwg=\"5\">                        <div class=\"bwg-item0 lazy_loader\">              <div class=\"bwg-item1 \">                <div class=\"bwg-item2\">                  <img decoding=\"async\" class=\"skip-lazy  bwg_lazyload \"                       data-width=\"444.00\"                       data-height=\"500.00\"                       data-src=\"https:\/\/vichyrando.org\/wp-content\/uploads\/photo-gallery\/thumb\/2025-07-17-Chabreloche01.jpg?bwg=1752915735\"                       src=\"https:\/\/vichyrando.org\/wp-content\/plugins\/photo-gallery\/images\/lazy_placeholder.gif\"                       alt=\"Rando 1\/2 journ\u00e9e \u00e0 Chabreloche (63) le 17 juillet 2025\"                       title=\"Rando 1\/2 journ\u00e9e \u00e0 Chabreloche (63) le 17 juillet 2025\" \/>                <\/div>                <div class=\"\">                                  <\/div>              <\/div>            <\/div>            <div class=\"bwg-title1\"><div class=\"bwg-title2\">Rando 1\/2 journ\u00e9e \u00e0 Chabreloche (63) le 17 juillet 2025<\/div><\/div>          <\/a>        <\/div>                <div class=\"bwg-item\">          <a class=\"bwg-a bwg-album bwg_album_5\"             href='\/index.php?rest_route=%2Fwp%2Fv2%2Fpages%2F5836&#038;type_5=gallery&#038;album_gallery_id_5=1110'                          data-container_id=\"bwg_album_compact_5\"             data-def_type=\"gallery\"             data-album_gallery_id=\"66\"             data-alb_gal_id=\"1110\"             data-title=\"Rando sant\u00e9 \u00e0 St Germain des Foss\u00e9s le 21 juillet 2025\"             data-bwg=\"5\">                        <div class=\"bwg-item0 lazy_loader\">              <div class=\"bwg-item1 \">                <div class=\"bwg-item2\">                  <img decoding=\"async\" class=\"skip-lazy  bwg_lazyload \"                       data-width=\"500.00\"                       data-height=\"231.00\"                       data-src=\"https:\/\/vichyrando.org\/wp-content\/uploads\/photo-gallery\/thumb\/2025-07-21-StGermain02.jpg?bwg=1753291213\"                       src=\"https:\/\/vichyrando.org\/wp-content\/plugins\/photo-gallery\/images\/lazy_placeholder.gif\"                       alt=\"Rando sant\u00e9 \u00e0 St Germain des Foss\u00e9s le 21 juillet 2025\"                       title=\"Rando sant\u00e9 \u00e0 St Germain des Foss\u00e9s le 21 juillet 2025\" \/>                <\/div>                <div class=\"\">                                  <\/div>              <\/div>            <\/div>            <div class=\"bwg-title1\"><div class=\"bwg-title2\">Rando sant\u00e9 \u00e0 St Germain des Foss\u00e9s le 21 juillet 2025<\/div><\/div>          <\/a>        <\/div>                <div class=\"bwg-item\">          <a class=\"bwg-a bwg-album bwg_album_5\"             href='\/index.php?rest_route=%2Fwp%2Fv2%2Fpages%2F5836&#038;type_5=gallery&#038;album_gallery_id_5=1111'                          data-container_id=\"bwg_album_compact_5\"             data-def_type=\"gallery\"             data-album_gallery_id=\"66\"             data-alb_gal_id=\"1111\"             data-title=\"Journ\u00e9e rando super sportive \u00e0 Autry-Issards le 22 juillet 2025\"             data-bwg=\"5\">                        <div class=\"bwg-item0 lazy_loader\">              <div class=\"bwg-item1 \">                <div class=\"bwg-item2\">                  <img decoding=\"async\" class=\"skip-lazy  bwg_lazyload \"                       data-width=\"500.00\"                       data-height=\"303.00\"                       data-src=\"https:\/\/vichyrando.org\/wp-content\/uploads\/photo-gallery\/thumb\/2025-07-22-Autry01.jpg?bwg=1753291321\"                       src=\"https:\/\/vichyrando.org\/wp-content\/plugins\/photo-gallery\/images\/lazy_placeholder.gif\"                       alt=\"Journ\u00e9e rando super sportive \u00e0 Autry-Issards le 22 juillet 2025\"                       title=\"Journ\u00e9e rando super sportive \u00e0 Autry-Issards le 22 juillet 2025\" \/>                <\/div>                <div class=\"\">                                  <\/div>              <\/div>            <\/div>            <div class=\"bwg-title1\"><div class=\"bwg-title2\">Journ\u00e9e rando super sportive \u00e0 Autry-Issards le 22 juillet 2025<\/div><\/div>          <\/a>        <\/div>                <div class=\"bwg-item\">          <a class=\"bwg-a bwg-album bwg_album_5\"             href='\/index.php?rest_route=%2Fwp%2Fv2%2Fpages%2F5836&#038;type_5=gallery&#038;album_gallery_id_5=1112'                          data-container_id=\"bwg_album_compact_5\"             data-def_type=\"gallery\"             data-album_gallery_id=\"66\"             data-alb_gal_id=\"1112\"             data-title=\"Rando 1\/2 journ\u00e9e \u00e0 Dorat (63) le 22 juillet 2025\"             data-bwg=\"5\">                        <div class=\"bwg-item0 lazy_loader\">              <div class=\"bwg-item1 \">                <div class=\"bwg-item2\">                  <img decoding=\"async\" class=\"skip-lazy  bwg_lazyload \"                       data-width=\"500.00\"                       data-height=\"333.00\"                       data-src=\"https:\/\/vichyrando.org\/wp-content\/uploads\/photo-gallery\/thumb\/2025-07-22-Dorat02.jpg?bwg=1753291438\"                       src=\"https:\/\/vichyrando.org\/wp-content\/plugins\/photo-gallery\/images\/lazy_placeholder.gif\"                       alt=\"Rando 1\/2 journ\u00e9e \u00e0 Dorat (63) le 22 juillet 2025\"                       title=\"Rando 1\/2 journ\u00e9e \u00e0 Dorat (63) le 22 juillet 2025\" \/>                <\/div>                <div class=\"\">                                  <\/div>              <\/div>            <\/div>            <div class=\"bwg-title1\"><div class=\"bwg-title2\">Rando 1\/2 journ\u00e9e \u00e0 Dorat (63) le 22 juillet 2025<\/div><\/div>          <\/a>        <\/div>                <div class=\"bwg-item\">          <a class=\"bwg-a bwg-album bwg_album_5\"             href='\/index.php?rest_route=%2Fwp%2Fv2%2Fpages%2F5836&#038;type_5=gallery&#038;album_gallery_id_5=1114'                          data-container_id=\"bwg_album_compact_5\"             data-def_type=\"gallery\"             data-album_gallery_id=\"66\"             data-alb_gal_id=\"1114\"             data-title=\"Mini rando \u00e0 Chantelle le 24 juillet 2025\"             data-bwg=\"5\">                        <div class=\"bwg-item0 lazy_loader\">              <div class=\"bwg-item1 \">                <div class=\"bwg-item2\">                  <img decoding=\"async\" class=\"skip-lazy  bwg_lazyload \"                       data-width=\"500.00\"                       data-height=\"231.00\"                       data-src=\"https:\/\/vichyrando.org\/wp-content\/uploads\/photo-gallery\/thumb\/2025-07-24-Chantelle09.jpg?bwg=1753521671\"                       src=\"https:\/\/vichyrando.org\/wp-content\/plugins\/photo-gallery\/images\/lazy_placeholder.gif\"                       alt=\"Mini rando \u00e0 Chantelle le 24 juillet 2025\"                       title=\"Mini rando \u00e0 Chantelle le 24 juillet 2025\" \/>                <\/div>                <div class=\"\">                                  <\/div>              <\/div>            <\/div>            <div class=\"bwg-title1\"><div class=\"bwg-title2\">Mini rando \u00e0 Chantelle le 24 juillet 2025<\/div><\/div>          <\/a>        <\/div>                <div class=\"bwg-item\">          <a class=\"bwg-a bwg-album bwg_album_5\"             href='\/index.php?rest_route=%2Fwp%2Fv2%2Fpages%2F5836&#038;type_5=gallery&#038;album_gallery_id_5=1113'                          data-container_id=\"bwg_album_compact_5\"             data-def_type=\"gallery\"             data-album_gallery_id=\"66\"             data-alb_gal_id=\"1113\"             data-title=\"Rando journ\u00e9e \u00e0 la Loge des Gardes (Laprugne) le 24 juillet 2025\"             data-bwg=\"5\">                        <div class=\"bwg-item0 lazy_loader\">              <div class=\"bwg-item1 \">                <div class=\"bwg-item2\">                  <img decoding=\"async\" class=\"skip-lazy  bwg_lazyload \"                       data-width=\"500.00\"                       data-height=\"363.00\"                       data-src=\"https:\/\/vichyrando.org\/wp-content\/uploads\/photo-gallery\/thumb\/2025-07-24-LaLoge16.jpg?bwg=1753436429\"                       src=\"https:\/\/vichyrando.org\/wp-content\/plugins\/photo-gallery\/images\/lazy_placeholder.gif\"                       alt=\"Rando journ\u00e9e \u00e0 la Loge des Gardes (Laprugne) le 24 juillet 2025\"                       title=\"Rando journ\u00e9e \u00e0 la Loge des Gardes (Laprugne) le 24 juillet 2025\" \/>                <\/div>                <div class=\"\">                                  <\/div>              <\/div>            <\/div>            <div class=\"bwg-title1\"><div class=\"bwg-title2\">Rando journ\u00e9e \u00e0 la Loge des Gardes (Laprugne) le 24 juillet 2025<\/div><\/div>          <\/a>        <\/div>                <div class=\"bwg-item\">          <a class=\"bwg-a bwg-album bwg_album_5\"             href='\/index.php?rest_route=%2Fwp%2Fv2%2Fpages%2F5836&#038;type_5=gallery&#038;album_gallery_id_5=1115'                          data-container_id=\"bwg_album_compact_5\"             data-def_type=\"gallery\"             data-album_gallery_id=\"66\"             data-alb_gal_id=\"1115\"             data-title=\"Marche nordique \u00e0 Bellerive\/Allier le 26 juillet 2025\"             data-bwg=\"5\">                        <div class=\"bwg-item0 lazy_loader\">              <div class=\"bwg-item1 \">                <div class=\"bwg-item2\">                  <img decoding=\"async\" class=\"skip-lazy  bwg_lazyload \"                       data-width=\"500.00\"                       data-height=\"272.00\"                       data-src=\"https:\/\/vichyrando.org\/wp-content\/uploads\/photo-gallery\/thumb\/2025-07-26-Bellerive02.jpg?bwg=1753541494\"                       src=\"https:\/\/vichyrando.org\/wp-content\/plugins\/photo-gallery\/images\/lazy_placeholder.gif\"                       alt=\"Marche nordique \u00e0 Bellerive\/Allier le 26 juillet 2025\"                       title=\"Marche nordique \u00e0 Bellerive\/Allier le 26 juillet 2025\" \/>                <\/div>                <div class=\"\">                                  <\/div>              <\/div>            <\/div>            <div class=\"bwg-title1\"><div class=\"bwg-title2\">Marche nordique \u00e0 Bellerive\/Allier le 26 juillet 2025<\/div><\/div>          <\/a>        <\/div>                <div class=\"bwg-item\">          <a class=\"bwg-a bwg-album bwg_album_5\"             href='\/index.php?rest_route=%2Fwp%2Fv2%2Fpages%2F5836&#038;type_5=gallery&#038;album_gallery_id_5=1116'                          data-container_id=\"bwg_album_compact_5\"             data-def_type=\"gallery\"             data-album_gallery_id=\"66\"             data-alb_gal_id=\"1116\"             data-title=\"Rando sant\u00e9 \u00e0 Vichy le 28 juillet 2025\"             data-bwg=\"5\">                        <div class=\"bwg-item0 lazy_loader\">              <div class=\"bwg-item1 \">                <div class=\"bwg-item2\">                  <img decoding=\"async\" class=\"skip-lazy  bwg_lazyload \"                       data-width=\"500.00\"                       data-height=\"225.00\"                       data-src=\"https:\/\/vichyrando.org\/wp-content\/uploads\/photo-gallery\/thumb\/2025-07-28-Vichy01.jpg?bwg=1753697060\"                       src=\"https:\/\/vichyrando.org\/wp-content\/plugins\/photo-gallery\/images\/lazy_placeholder.gif\"                       alt=\"Rando sant\u00e9 \u00e0 Vichy le 28 juillet 2025\"                       title=\"Rando sant\u00e9 \u00e0 Vichy le 28 juillet 2025\" \/>                <\/div>                <div class=\"\">                                  <\/div>              <\/div>            <\/div>            <div class=\"bwg-title1\"><div class=\"bwg-title2\">Rando sant\u00e9 \u00e0 Vichy le 28 juillet 2025<\/div><\/div>          <\/a>        <\/div>                <div class=\"bwg-item\">          <a class=\"bwg-a bwg-album bwg_album_5\"             href='\/index.php?rest_route=%2Fwp%2Fv2%2Fpages%2F5836&#038;type_5=gallery&#038;album_gallery_id_5=1117'                          data-container_id=\"bwg_album_compact_5\"             data-def_type=\"gallery\"             data-album_gallery_id=\"66\"             data-alb_gal_id=\"1117\"             data-title=\"Rando 1\/2 journ\u00e9e \u00e0 Chavroches le 29 juillet 2025\"             data-bwg=\"5\">                        <div class=\"bwg-item0 lazy_loader\">              <div class=\"bwg-item1 \">                <div class=\"bwg-item2\">                  <img decoding=\"async\" class=\"skip-lazy  bwg_lazyload \"                       data-width=\"500.00\"                       data-height=\"361.00\"                       data-src=\"https:\/\/vichyrando.org\/wp-content\/uploads\/photo-gallery\/thumb\/2025-07-29-Chavroches27.jpg?bwg=1753897952\"                       src=\"https:\/\/vichyrando.org\/wp-content\/plugins\/photo-gallery\/images\/lazy_placeholder.gif\"                       alt=\"Rando 1\/2 journ\u00e9e \u00e0 Chavroches le 29 juillet 2025\"                       title=\"Rando 1\/2 journ\u00e9e \u00e0 Chavroches le 29 juillet 2025\" \/>                <\/div>                <div class=\"\">                                  <\/div>              <\/div>            <\/div>            <div class=\"bwg-title1\"><div class=\"bwg-title2\">Rando 1\/2 journ\u00e9e \u00e0 Chavroches le 29 juillet 2025<\/div><\/div>          <\/a>        <\/div>                <div class=\"bwg-item\">          <a class=\"bwg-a bwg-album bwg_album_5\"             href='\/index.php?rest_route=%2Fwp%2Fv2%2Fpages%2F5836&#038;type_5=gallery&#038;album_gallery_id_5=1118'                          data-container_id=\"bwg_album_compact_5\"             data-def_type=\"gallery\"             data-album_gallery_id=\"66\"             data-alb_gal_id=\"1118\"             data-title=\"Rando journ\u00e9e \u00e0 Saint Saturnin (63) le 31 juillet 2025\"             data-bwg=\"5\">                        <div class=\"bwg-item0 lazy_loader\">              <div class=\"bwg-item1 \">                <div class=\"bwg-item2\">                  <img decoding=\"async\" class=\"skip-lazy  bwg_lazyload \"                       data-width=\"500.00\"                       data-height=\"225.00\"                       data-src=\"https:\/\/vichyrando.org\/wp-content\/uploads\/photo-gallery\/thumb\/2025-07-31-StSaturnin11.jpg?bwg=1754053446\"                       src=\"https:\/\/vichyrando.org\/wp-content\/plugins\/photo-gallery\/images\/lazy_placeholder.gif\"                       alt=\"Rando journ\u00e9e \u00e0 Saint Saturnin (63) le 31 juillet 2025\"                       title=\"Rando journ\u00e9e \u00e0 Saint Saturnin (63) le 31 juillet 2025\" \/>                <\/div>                <div class=\"\">                                  <\/div>              <\/div>            <\/div>            <div class=\"bwg-title1\"><div class=\"bwg-title2\">Rando journ\u00e9e \u00e0 Saint Saturnin (63) le 31 juillet 2025<\/div><\/div>          <\/a>        <\/div>            <\/div>          <input type=\"hidden\" id=\"bwg_album_breadcrumb_5\" name=\"bwg_album_breadcrumb_5\" value='[{&quot;id&quot;:&quot;66&quot;,&quot;page&quot;:1}]' \/>    <style>      \/*pagination styles*\/      #bwg_container1_5 #bwg_container2_5 .tablenav-pages_5 {\t\t\t\ttext-align: center;\t\t\t\tfont-size: 12px;\t\t\t\tfont-family: Ubuntu;\t\t\t\tfont-weight: bold;\t\t\t\tcolor: #666666;\t\t\t\tmargin: 6px 0 4px;\t\t\t\tdisplay: block;      }      @media only screen and (max-width : 320px) {      #bwg_container1_5 #bwg_container2_5 .displaying-num_5 {     \t display: none;      }      }      #bwg_container1_5 #bwg_container2_5 .displaying-num_5 {\t\t\t\tfont-size: 12px;\t\t\t\tfont-family: Ubuntu;\t\t\t\tfont-weight: bold;\t\t\t\tcolor: #666666;\t\t\t\tmargin-right: 10px;\t\t\t\tvertical-align: middle;      }      #bwg_container1_5 #bwg_container2_5 .paging-input_5 {\t\t\t\tfont-size: 12px;\t\t\t\tfont-family: Ubuntu;\t\t\t\tfont-weight: bold;\t\t\t\tcolor: #666666;\t\t\t\tvertical-align: middle;      }      #bwg_container1_5 #bwg_container2_5 .tablenav-pages_5 a.disabled,      #bwg_container1_5 #bwg_container2_5 .tablenav-pages_5 a.disabled:hover,      #bwg_container1_5 #bwg_container2_5 .tablenav-pages_5 a.disabled:focus,\t\t\t#bwg_container1_5 #bwg_container2_5 .tablenav-pages_5 input.bwg_current_page {\t\t\t\tcursor: default;\t\t\t\tcolor: rgba(102, 102, 102, 0.5);      }      #bwg_container1_5 #bwg_container2_5 .tablenav-pages_5 a,      #bwg_container1_5 #bwg_container2_5 .tablenav-pages_5 input.bwg_current_page {\t\t\t\tcursor: pointer;\t\t\t\ttext-align: center;\t\t\t\tfont-size: 12px;\t\t\t\tfont-family: Ubuntu;\t\t\t\tfont-weight: bold;\t\t\t\tcolor: #666666;\t\t\t\ttext-decoration: none;\t\t\t\tpadding: 3px 6px;\t\t\t\tmargin: 0;\t\t\t\tborder-radius: 0;\t\t\t\tborder-style: solid;\t\t\t\tborder-width: 1px;\t\t\t\tborder-color: #E3E3E3;\t\t\t\t\t\t\t\tbackground-color: rgba(255, 255, 255, 1.00);\t\t\t\tbox-shadow: 0;\t\t\t\ttransition: all 0.3s ease 0s;-webkit-transition: all 0.3s ease 0s;      }      <\/style>      <span class=\"bwg_nav_cont_5\">              <div class=\"tablenav-pages_5\">                  <\/div>                <input type=\"hidden\" id=\"page_number_5\" name=\"page_number_5\" value=\"1\" \/>      <script type=\"text\/javascript\">        if( jQuery('.bwg_nav_cont_5').length > 1 ) {          jQuery('.bwg_nav_cont_5').first().remove()        }        function spider_page_5(cur, x, y, load_more) {          if (typeof load_more == \"undefined\") {            var load_more = false;          }          if (jQuery(cur).hasClass('disabled')) {            return false;          }          var items_county_5 = 1;          switch (y) {            case 1:              if (x >= items_county_5) {                document.getElementById('page_number_5').value = items_county_5;              }              else {                document.getElementById('page_number_5').value = x + 1;              }              break;            case 2:              document.getElementById('page_number_5').value = items_county_5;              break;            case -1:              if (x == 1) {                document.getElementById('page_number_5').value = 1;              }              else {                document.getElementById('page_number_5').value = x - 1;              }              break;            case -2:              document.getElementById('page_number_5').value = 1;              break;\t\t\t\t\t\tcase 0:              document.getElementById('page_number_5').value = x;              break;            default:              document.getElementById('page_number_5').value = 1;          }          bwg_ajax('gal_front_form_5', '5', 'bwg_album_compact_5', '66', '', 'album', 0, '', '', load_more, '', 1);        }                    jQuery('.first-page-5').on('click', function () {              spider_page_5(this, 1, -2, 'numeric');              return false;            });            jQuery('.prev-page-5').on('click', function () {              spider_page_5(this, 1, -1, 'numeric');              return false;            });            jQuery('.next-page-5').on('click', function () {              spider_page_5(this, 1, 1, 'numeric');              return false;            });            jQuery('.last-page-5').on('click', function () {              spider_page_5(this, 1, 2, 'numeric');              return false;            });        \t\t\t\t\/* Change page on input enter. *\/        function bwg_change_page_5( e, that ) {          if (  e.key == 'Enter' ) {            var to_page = parseInt(jQuery(that).val());            var pages_count = jQuery(that).parents(\".pagination-links\").data(\"pages-count\");            var current_url_param = jQuery(that).attr('data-url-info');            if (to_page > pages_count) {              to_page = 1;            }\t \t\t\t\t\t\t\t\t\t\t\t\tspider_page_5(this, to_page, 0, 'numeric');\t\t\t\t\t\t\treturn false;\t\t\t\t\t\t          }          return true;        }        jQuery('.bwg_load_btn_5').on('click', function () {            spider_page_5(this, 1, 1, true);            return false;        });      <\/script>      <\/span>                <\/div>        <\/form>        <style>          #bwg_container1_5 #bwg_container2_5 #spider_popup_overlay_5 {          background-color: #EEEEEE;          opacity: 0.60;          }          <\/style>        <div id=\"bwg_spider_popup_loading_5\" class=\"bwg_spider_popup_loading\"><\/div>        <div id=\"spider_popup_overlay_5\" class=\"spider_popup_overlay\" onclick=\"spider_destroypopup(1000)\"><\/div>        <input type=\"hidden\" id=\"bwg_random_seed_5\" value=\"1776723153\">                <\/div>    <\/div>    <script>      if (document.readyState === 'complete') {        if( typeof bwg_main_ready == 'function' ) {          if ( jQuery(\"#bwg_container1_5\").height() ) {            bwg_main_ready(jQuery(\"#bwg_container1_5\"));          }        }      } else {        document.addEventListener('DOMContentLoaded', function() {          if( typeof bwg_main_ready == 'function' ) {            if ( jQuery(\"#bwg_container1_5\").height() ) {             bwg_main_ready(jQuery(\"#bwg_container1_5\"));            }          }        });      }    <\/script>    \t\t<\/div>\n\t\t\t\t<\/div>\n\t\t\t\t\t<\/div>\n\t\t<\/div>\n\t\t\t\t\t<\/div>\n\t\t<\/section>\n\t\t\t\t<section class=\"elementor-section elementor-top-section elementor-element elementor-element-253b901c elementor-section-boxed elementor-section-height-default elementor-section-height-default\" data-id=\"253b901c\" data-element_type=\"section\">\n\t\t\t\t\t\t<div class=\"elementor-container elementor-column-gap-default\">\n\t\t\t\t\t<div class=\"elementor-column elementor-col-100 elementor-top-column elementor-element elementor-element-66e19793\" data-id=\"66e19793\" data-element_type=\"column\">\n\t\t\t<div class=\"elementor-widget-wrap\">\n\t\t\t\t\t\t\t<\/div>\n\t\t<\/div>\n\t\t\t\t\t<\/div>\n\t\t<\/section>\n\t\t\t\t<section class=\"elementor-section elementor-top-section elementor-element elementor-element-2f3e9fb5 elementor-section-full_width elementor-section-height-full ks-position-fixed-cover ks-zindex-minus999 elementor-section-height-default elementor-section-items-middle\" data-id=\"2f3e9fb5\" data-element_type=\"section\" data-settings=\"{&quot;background_background&quot;:&quot;classic&quot;}\">\n\t\t\t\t\t\t\t<div class=\"elementor-background-overlay\"><\/div>\n\t\t\t\t\t\t\t<div class=\"elementor-container elementor-column-gap-default\">\n\t\t\t\t\t<div class=\"elementor-column elementor-col-100 elementor-top-column elementor-element elementor-element-b9547aa\" data-id=\"b9547aa\" data-element_type=\"column\">\n\t\t\t<div class=\"elementor-widget-wrap\">\n\t\t\t\t\t\t\t<\/div>\n\t\t<\/div>\n\t\t\t\t\t<\/div>\n\t\t<\/section>\n\t\t\t\t<\/div>\n\t\t","protected":false},"excerpt":{"rendered":"<p>Nos Photos D\u00e9cembre 2025 Rando sant\u00e9 \u00e0 St R\u00e9my en Rollat le 1er d\u00e9cembre 2025 Journ\u00e9e marche sportive et Beaujolais \u00e0 St Cl\u00e9ment le 2 d\u00e9cembre 2025 Marche nordique \u00e0 Droiturier le 2 d\u00e9cembre 2025 Rando 1\/2 \u00e0 Blot l&rsquo;\u00e9glise (63) le 4 d\u00e9cembre 2025 Marche nordique nocturne \u00e0 Vichy le 4 d\u00e9cembre 2025 Rando&hellip;&nbsp;<a href=\"https:\/\/vichyrando.org\/?page_id=5836\" class=\"\" rel=\"bookmark\">Lire la suite &raquo;<span class=\"screen-reader-text\">Galeries 2025 (juillet &#8211; d\u00e9cembre)<\/span><\/a><\/p>\n","protected":false},"author":2,"featured_media":0,"parent":0,"menu_order":0,"comment_status":"closed","ping_status":"closed","template":"elementor_canvas","meta":{"neve_meta_sidebar":"full-width","neve_meta_container":"","neve_meta_enable_content_width":"on","neve_meta_content_width":100,"neve_meta_title_alignment":"","neve_meta_author_avatar":"","neve_post_elements_order":"","neve_meta_disable_header":"","neve_meta_disable_footer":"","neve_meta_disable_title":"","footnotes":""},"class_list":["post-5836","page","type-page","status-publish","hentry"],"_links":{"self":[{"href":"https:\/\/vichyrando.org\/index.php?rest_route=\/wp\/v2\/pages\/5836"}],"collection":[{"href":"https:\/\/vichyrando.org\/index.php?rest_route=\/wp\/v2\/pages"}],"about":[{"href":"https:\/\/vichyrando.org\/index.php?rest_route=\/wp\/v2\/types\/page"}],"author":[{"embeddable":true,"href":"https:\/\/vichyrando.org\/index.php?rest_route=\/wp\/v2\/users\/2"}],"replies":[{"embeddable":true,"href":"https:\/\/vichyrando.org\/index.php?rest_route=%2Fwp%2Fv2%2Fcomments&post=5836"}],"version-history":[{"count":4,"href":"https:\/\/vichyrando.org\/index.php?rest_route=\/wp\/v2\/pages\/5836\/revisions"}],"predecessor-version":[{"id":5849,"href":"https:\/\/vichyrando.org\/index.php?rest_route=\/wp\/v2\/pages\/5836\/revisions\/5849"}],"wp:attachment":[{"href":"https:\/\/vichyrando.org\/index.php?rest_route=%2Fwp%2Fv2%2Fmedia&parent=5836"}],"curies":[{"name":"wp","href":"https:\/\/api.w.org\/{rel}","templated":true}]}}