{"id":4823,"date":"2025-01-08T13:50:11","date_gmt":"2025-01-08T12:50:11","guid":{"rendered":"https:\/\/vichyrando.org\/?page_id=4823"},"modified":"2025-12-29T11:10:36","modified_gmt":"2025-12-29T10:10:36","slug":"galeries-2025","status":"publish","type":"page","link":"https:\/\/vichyrando.org\/?page_id=4823","title":{"rendered":"Galeries 2025 (janvier &#8211; juin)"},"content":{"rendered":"\t\t<div data-elementor-type=\"wp-page\" data-elementor-id=\"4823\" class=\"elementor elementor-4823\">\n\t\t\t\t\t\t<section class=\"elementor-section elementor-top-section elementor-element elementor-element-78797e44 elementor-section-height-min-height elementor-section-boxed elementor-section-height-default elementor-section-items-middle\" data-id=\"78797e44\" data-element_type=\"section\" data-settings=\"{&quot;background_background&quot;:&quot;classic&quot;}\">\n\t\t\t\t\t\t\t<div class=\"elementor-background-overlay\"><\/div>\n\t\t\t\t\t\t\t<div class=\"elementor-container elementor-column-gap-default\">\n\t\t\t\t\t<div class=\"elementor-column elementor-col-100 elementor-top-column elementor-element elementor-element-44b2651d\" data-id=\"44b2651d\" data-element_type=\"column\">\n\t\t\t<div class=\"elementor-widget-wrap elementor-element-populated\">\n\t\t\t\t\t\t<div class=\"elementor-element elementor-element-3b7ab4c2 elementor-widget elementor-widget-heading\" data-id=\"3b7ab4c2\" data-element_type=\"widget\" data-widget_type=\"heading.default\">\n\t\t\t\t<div class=\"elementor-widget-container\">\n\t\t\t<span class=\"elementor-heading-title elementor-size-large\">Nos Photos<\/span>\t\t<\/div>\n\t\t\t\t<\/div>\n\t\t\t\t\t<\/div>\n\t\t<\/div>\n\t\t\t\t\t<\/div>\n\t\t<\/section>\n\t\t\t\t<section class=\"elementor-section elementor-top-section elementor-element elementor-element-8493905 elementor-section-boxed elementor-section-height-default elementor-section-height-default\" data-id=\"8493905\" data-element_type=\"section\">\n\t\t\t\t\t\t<div class=\"elementor-container elementor-column-gap-default\">\n\t\t\t\t\t<div class=\"elementor-column elementor-col-100 elementor-top-column elementor-element elementor-element-7235eb6\" data-id=\"7235eb6\" data-element_type=\"column\">\n\t\t\t<div class=\"elementor-widget-wrap elementor-element-populated\">\n\t\t\t\t    <style>\n      .elementor-control-bwg_view_type_shortcode .elementor-control-input-wrapper,\n      .elementor-control-bwg_elementor_shortcode input {\n        visibility: hidden;\n      }\n      .elementor-control-bwg_elementor_shortcode input {\n        height: 0;\n      }\n      .elementor-control a.bwg-shortcode-btn {\n        text-decoration: none;\n        border-bottom:none;\n      }\n    <\/style>\n    \t\t<div class=\"elementor-element elementor-element-b717e2c elementor-widget elementor-widget-bwg-elementor\" data-id=\"b717e2c\" data-element_type=\"widget\" data-widget_type=\"bwg-elementor.default\">\n\t\t\t\t<div class=\"elementor-widget-container\">\n\t\t\t<style id=\"bwg-style-0\">    #bwg_container1_0 #bwg_container2_0 .bwg-container-0.bwg-album-thumbnails {    width: 1254px;    justify-content: center;            justify-content: center;        margin:0 auto !important;          background-color: rgba(255, 255, 255, 0.00);          padding-left: 4px;      padding-top: 4px;      max-width: 100%;          }        #bwg_container1_0 #bwg_container2_0 .bwg-container-0.bwg-album-thumbnails .bwg-item {    justify-content: flex-start;    max-width: 250px;        }    #bwg_container1_0 #bwg_container2_0 .bwg-container-0.bwg-album-thumbnails .bwg-item a {      margin-right: 4px;      margin-bottom: 4px;    }    #bwg_container1_0 #bwg_container2_0 .bwg-container-0.bwg-album-thumbnails .bwg-item0 {      padding: 0px;            background-color:rgba(0,0,0, 0.30);      border: 0px none #CCCCCC;      opacity: 1.00;      border-radius: 0;      box-shadow: 0px 0px 0px #888888;    }    #bwg_container1_0 #bwg_container2_0 .bwg-container-0.bwg-album-thumbnails .bwg-item1 img {      max-height: none;      max-width: none;      padding: 0 !important;    }          @media only screen and (min-width: 480px) {      #bwg_container1_0 #bwg_container2_0 .bwg-container-0.bwg-album-thumbnails .bwg-item1 img {      -webkit-transition: all .3s; transition: all .3s;      }      #bwg_container1_0 #bwg_container2_0 .bwg-container-0.bwg-album-thumbnails .bwg-item1 img:hover {        -ms-transform: scale(1.08);        -webkit-transform: scale(1.08);        transform: scale(1.08);      }            }          #bwg_container1_0 #bwg_container2_0 .bwg-container-0.bwg-album-thumbnails .bwg-item1 {      padding-top: 56%;    }        #bwg_container1_0 #bwg_container2_0 .bwg-container-0.bwg-album-thumbnails .bwg-title2 {      color: #323A45;      font-family: Ubuntu;      font-size: 16px;      font-weight: bold;      padding: 2px;      text-shadow: 0px 0px 0px #888888;      max-height: 100%;    }        #bwg_container1_0 #bwg_container2_0 .bwg-container-0.bwg-standard-thumbnails {      width: 1254px;              justify-content: center;        margin:0 auto !important;              background-color: rgba(255, 255, 255, 0.00);            padding-left: 4px;      padding-top: 4px;      max-width: 100%;            }        #bwg_container1_0 #bwg_container2_0 .bwg-container-0.bwg-standard-thumbnails .bwg-item {    justify-content: flex-start;      max-width: 250px;          }    #bwg_container1_0 #bwg_container2_0 .bwg-container-0.bwg-standard-thumbnails .bwg-item a {       margin-right: 4px;       margin-bottom: 4px;    }    #bwg_container1_0 #bwg_container2_0 .bwg-container-0.bwg-standard-thumbnails .bwg-item0 {      padding: 0px;            background-color:rgba(0,0,0, 0.30);      border: 0px none #CCCCCC;      opacity: 1.00;      border-radius: 0;      box-shadow: 0px 0px 0px #888888;    }    #bwg_container1_0 #bwg_container2_0 .bwg-container-0.bwg-standard-thumbnails .bwg-item1 img {      max-height: none;      max-width: none;      padding: 0 !important;    }         @media only screen and (min-width: 480px) {\t\t#bwg_container1_0 #bwg_container2_0 .bwg-container-0.bwg-standard-thumbnails .bwg-item1 img {\t\t\t-webkit-transition: all .3s; transition: all .3s;\t\t}\t\t#bwg_container1_0 #bwg_container2_0 .bwg-container-0.bwg-standard-thumbnails .bwg-item1 img:hover {\t\t\t-ms-transform: scale(1.08);\t\t\t-webkit-transform: scale(1.08);\t\t\ttransform: scale(1.08);\t\t}\t\t      }\t    #bwg_container1_0 #bwg_container2_0 .bwg-container-0.bwg-standard-thumbnails .bwg-item1 {      padding-top: 56%;    }        #bwg_container1_0 #bwg_container2_0 .bwg-container-0.bwg-standard-thumbnails .bwg-title2,    #bwg_container1_0 #bwg_container2_0 .bwg-container-0.bwg-standard-thumbnails .bwg-ecommerce2 {      color: #323A45;      font-family: Ubuntu;      font-size: 16px;      font-weight: bold;      padding: 2px;      text-shadow: 0px 0px 0px #888888;      max-height: 100%;    }    #bwg_container1_0 #bwg_container2_0 .bwg-container-0.bwg-standard-thumbnails .bwg-thumb-description span {    color: #323A45;    font-family: Ubuntu;    font-size: 12px;    max-height: 100%;    word-wrap: break-word;    }    #bwg_container1_0 #bwg_container2_0 .bwg-container-0.bwg-standard-thumbnails .bwg-play-icon2 {      font-size: 32px;    }    #bwg_container1_0 #bwg_container2_0 .bwg-container-0.bwg-standard-thumbnails .bwg-ecommerce2 {      font-size: 19.2px;      color: #323A45;    }    <\/style>    <div id=\"bwg_container1_0\"         class=\"bwg_container bwg_thumbnail bwg_album_compact_preview bwg_thumbnail\"         data-right-click-protection=\"0\"         data-bwg=\"0\"         data-scroll=\"0\"         data-gallery-type=\"album_compact_preview\"         data-gallery-view-type=\"thumbnail\"         data-current-url=\"\/index.php?rest_route=%2Fwp%2Fv2%2Fpages%2F4823\"         data-lightbox-url=\"https:\/\/vichyrando.org\/wp-admin\/admin-ajax.php?action=GalleryBox&#038;current_view=0&#038;gallery_id=0&#038;tag=0&#038;theme_id=1&#038;shortcode_id=1299&#038;sort_by=order&#038;order_by=asc&#038;current_url=%2Findex.php%3Frest_route%3D%252Fwp%252Fv2%252Fpages%252F4823\"         data-gallery-id=\"0\"         data-popup-width=\"800\"         data-popup-height=\"500\"         data-is-album=\"album\"         data-buttons-position=\"bottom\">      <div id=\"bwg_container2_0\">             <div id=\"ajax_loading_0\" class=\"bwg_loading_div_1\">      <div class=\"bwg_loading_div_2\">        <div class=\"bwg_loading_div_3\">          <div id=\"loading_div_0\" class=\"bwg_spider_ajax_loading\">          <\/div>        <\/div>      <\/div>    <\/div>            <form id=\"gal_front_form_0\"              class=\"bwg-hidden\"              method=\"post\"              action=\"#\"              data-current=\"0\"              data-shortcode-id=\"1299\"              data-gallery-type=\"album_compact_preview\"              data-gallery-id=\"0\"              data-tag=\"0\"              data-album-id=\"65\"              data-theme-id=\"1\"              data-ajax-url=\"https:\/\/vichyrando.org\/wp-admin\/admin-ajax.php?action=bwg_frontend_data\">          <div id=\"bwg_container3_0\" class=\"bwg-background bwg-background-0\">            <style>        #bwg_container1_0 #bwg_container2_0 .bwg_gal_title_0 {          display: block;          padding: 0 2px 2px 2px;          background-color: rgba(0, 0, 0, 0);          line-height: 20px;          font-family: Ubuntu;          font-size: 18px;          font-weight: bold;          color: #323A45;          text-shadow: 0px 0px 0px #888888;          text-align: center;        }        #bwg_container1_0 #bwg_container2_0 .bwg_gal_description_0 {          margin: 20px 0;          word-break: break-word;          text-align: justify;          font-size: 15px;          font-weight: unset;        }        <\/style>        <div class=\"bwg_gal_title_0\">Juin 2025<\/div>            <div data-max-count=\"5\"         data-thumbnail-width=\"250\"         data-bwg=\"0\"         id=\"bwg_album_compact_0\"         class=\"bwg-thumbnails bwg-container bwg-container-0 bwg-album-thumbnails bwg_album_thumbnails_0\">              <div class=\"bwg-item\">          <a class=\"bwg-a bwg-album bwg_album_0\"             href='\/index.php?rest_route=%2Fwp%2Fv2%2Fpages%2F4823&#038;type_0=gallery&#038;album_gallery_id_0=1077'                          data-container_id=\"bwg_album_compact_0\"             data-def_type=\"gallery\"             data-album_gallery_id=\"65\"             data-alb_gal_id=\"1077\"             data-title=\"Rando sant\u00e9 \u00e0 la Boire des Carr\u00e9s St-R\u00e9my en Rollat le 2 juin 2025\"             data-bwg=\"0\">                        <div class=\"bwg-item0 lazy_loader\">              <div class=\"bwg-item1 \">                <div class=\"bwg-item2\">                  <img decoding=\"async\" class=\"skip-lazy  bwg_lazyload \"                       data-width=\"500.00\"                       data-height=\"333.00\"                       data-src=\"https:\/\/vichyrando.org\/wp-content\/uploads\/photo-gallery\/thumb\/2025-06-02-StRemy07.jpg?bwg=1749302641\"                       src=\"https:\/\/vichyrando.org\/wp-content\/plugins\/photo-gallery\/images\/lazy_placeholder.gif\"                       alt=\"Rando sant\u00e9 \u00e0 la Boire des Carr\u00e9s St-R\u00e9my en Rollat le 2 juin 2025\"                       title=\"Rando sant\u00e9 \u00e0 la Boire des Carr\u00e9s St-R\u00e9my en Rollat le 2 juin 2025\" \/>                <\/div>                <div class=\"\">                                  <\/div>              <\/div>            <\/div>            <div class=\"bwg-title1\"><div class=\"bwg-title2\">Rando sant\u00e9 \u00e0 la Boire des Carr\u00e9s St-R\u00e9my en Rollat le 2 juin 2025<\/div><\/div>          <\/a>        <\/div>                <div class=\"bwg-item\">          <a class=\"bwg-a bwg-album bwg_album_0\"             href='\/index.php?rest_route=%2Fwp%2Fv2%2Fpages%2F4823&#038;type_0=gallery&#038;album_gallery_id_0=1082'                          data-container_id=\"bwg_album_compact_0\"             data-def_type=\"gallery\"             data-album_gallery_id=\"65\"             data-alb_gal_id=\"1082\"             data-title=\"S\u00e9jour en Ard\u00e8che Rando 1\/2 journ\u00e9e \u00e0 Girond (07 Mariac) le 2 juin 2025\"             data-bwg=\"0\">                        <div class=\"bwg-item0 lazy_loader\">              <div class=\"bwg-item1 \">                <div class=\"bwg-item2\">                  <img decoding=\"async\" class=\"skip-lazy  bwg_lazyload \"                       data-width=\"500.00\"                       data-height=\"333.00\"                       data-src=\"https:\/\/vichyrando.org\/wp-content\/uploads\/photo-gallery\/thumb\/2025-06-02-Girond23.jpg?bwg=1749816649\"                       src=\"https:\/\/vichyrando.org\/wp-content\/plugins\/photo-gallery\/images\/lazy_placeholder.gif\"                       alt=\"S\u00e9jour en Ard\u00e8che Rando 1\/2 journ\u00e9e \u00e0 Girond (07 Mariac) le 2 juin 2025\"                       title=\"S\u00e9jour en Ard\u00e8che Rando 1\/2 journ\u00e9e \u00e0 Girond (07 Mariac) le 2 juin 2025\" \/>                <\/div>                <div class=\"\">                                  <\/div>              <\/div>            <\/div>            <div class=\"bwg-title1\"><div class=\"bwg-title2\">S\u00e9jour en Ard\u00e8che Rando 1\/2 journ\u00e9e \u00e0 Girond (07 Mariac) le 2 juin 2025<\/div><\/div>          <\/a>        <\/div>                <div class=\"bwg-item\">          <a class=\"bwg-a bwg-album bwg_album_0\"             href='\/index.php?rest_route=%2Fwp%2Fv2%2Fpages%2F4823&#038;type_0=gallery&#038;album_gallery_id_0=1078'                          data-container_id=\"bwg_album_compact_0\"             data-def_type=\"gallery\"             data-album_gallery_id=\"65\"             data-alb_gal_id=\"1078\"             data-title=\"Rando sportive \u00e0 Thionne le 3 juin 2025\"             data-bwg=\"0\">                        <div class=\"bwg-item0 lazy_loader\">              <div class=\"bwg-item1 \">                <div class=\"bwg-item2\">                  <img decoding=\"async\" class=\"skip-lazy  bwg_lazyload \"                       data-width=\"500.00\"                       data-height=\"375.00\"                       data-src=\"https:\/\/vichyrando.org\/wp-content\/uploads\/photo-gallery\/thumb\/2025-06-03-Thionne05.jpg?bwg=1749302734\"                       src=\"https:\/\/vichyrando.org\/wp-content\/plugins\/photo-gallery\/images\/lazy_placeholder.gif\"                       alt=\"Rando sportive \u00e0 Thionne le 3 juin 2025\"                       title=\"Rando sportive \u00e0 Thionne le 3 juin 2025\" \/>                <\/div>                <div class=\"\">                                  <\/div>              <\/div>            <\/div>            <div class=\"bwg-title1\"><div class=\"bwg-title2\">Rando sportive \u00e0 Thionne le 3 juin 2025<\/div><\/div>          <\/a>        <\/div>                <div class=\"bwg-item\">          <a class=\"bwg-a bwg-album bwg_album_0\"             href='\/index.php?rest_route=%2Fwp%2Fv2%2Fpages%2F4823&#038;type_0=gallery&#038;album_gallery_id_0=1083'                          data-container_id=\"bwg_album_compact_0\"             data-def_type=\"gallery\"             data-album_gallery_id=\"65\"             data-alb_gal_id=\"1083\"             data-title=\"S\u00e9jour en Ard\u00e8che rando journ\u00e9e autour de St Michel de Chabrillanoux (07) le 3 juin 2025\"             data-bwg=\"0\">                        <div class=\"bwg-item0 lazy_loader\">              <div class=\"bwg-item1 \">                <div class=\"bwg-item2\">                  <img decoding=\"async\" class=\"skip-lazy  bwg_lazyload \"                       data-width=\"500.00\"                       data-height=\"333.00\"                       data-src=\"https:\/\/vichyrando.org\/wp-content\/uploads\/photo-gallery\/thumb\/2025-06-03-StMichel09.jpg?bwg=1749816959\"                       src=\"https:\/\/vichyrando.org\/wp-content\/plugins\/photo-gallery\/images\/lazy_placeholder.gif\"                       alt=\"S\u00e9jour en Ard\u00e8che rando journ\u00e9e autour de St Michel de Chabrillanoux (07) le 3 juin 2025\"                       title=\"S\u00e9jour en Ard\u00e8che rando journ\u00e9e autour de St Michel de Chabrillanoux (07) le 3 juin 2025\" \/>                <\/div>                <div class=\"\">                                  <\/div>              <\/div>            <\/div>            <div class=\"bwg-title1\"><div class=\"bwg-title2\">S\u00e9jour en Ard\u00e8che rando journ\u00e9e autour de St Michel de Chabrillanoux (07) le 3 juin 2025<\/div><\/div>          <\/a>        <\/div>                <div class=\"bwg-item\">          <a class=\"bwg-a bwg-album bwg_album_0\"             href='\/index.php?rest_route=%2Fwp%2Fv2%2Fpages%2F4823&#038;type_0=gallery&#038;album_gallery_id_0=1084'                          data-container_id=\"bwg_album_compact_0\"             data-def_type=\"gallery\"             data-album_gallery_id=\"65\"             data-alb_gal_id=\"1084\"             data-title=\"S\u00e9jour en Ard\u00e8che rando journ\u00e9e autour de St Sauveur (07) le 4 juin 2025\"             data-bwg=\"0\">                        <div class=\"bwg-item0 lazy_loader\">              <div class=\"bwg-item1 \">                <div class=\"bwg-item2\">                  <img decoding=\"async\" class=\"skip-lazy  bwg_lazyload \"                       data-width=\"500.00\"                       data-height=\"404.00\"                       data-src=\"https:\/\/vichyrando.org\/wp-content\/uploads\/photo-gallery\/thumb\/2025-06-04-StSauveur08.jpg?bwg=1749817103\"                       src=\"https:\/\/vichyrando.org\/wp-content\/plugins\/photo-gallery\/images\/lazy_placeholder.gif\"                       alt=\"S\u00e9jour en Ard\u00e8che rando journ\u00e9e autour de St Sauveur (07) le 4 juin 2025\"                       title=\"S\u00e9jour en Ard\u00e8che rando journ\u00e9e autour de St Sauveur (07) le 4 juin 2025\" \/>                <\/div>                <div class=\"\">                                  <\/div>              <\/div>            <\/div>            <div class=\"bwg-title1\"><div class=\"bwg-title2\">S\u00e9jour en Ard\u00e8che rando journ\u00e9e autour de St Sauveur (07) le 4 juin 2025<\/div><\/div>          <\/a>        <\/div>                <div class=\"bwg-item\">          <a class=\"bwg-a bwg-album bwg_album_0\"             href='\/index.php?rest_route=%2Fwp%2Fv2%2Fpages%2F4823&#038;type_0=gallery&#038;album_gallery_id_0=1080'                          data-container_id=\"bwg_album_compact_0\"             data-def_type=\"gallery\"             data-album_gallery_id=\"65\"             data-alb_gal_id=\"1080\"             data-title=\"Rando 1\/2 journ\u00e9e \u00e0 Andelaroche le 5 juin 2025\"             data-bwg=\"0\">                        <div class=\"bwg-item0 lazy_loader\">              <div class=\"bwg-item1 \">                <div class=\"bwg-item2\">                  <img decoding=\"async\" class=\"skip-lazy  bwg_lazyload \"                       data-width=\"500.00\"                       data-height=\"333.00\"                       data-src=\"https:\/\/vichyrando.org\/wp-content\/uploads\/photo-gallery\/thumb\/2025-06-05-Andelaroche02.jpg?bwg=1749311959\"                       src=\"https:\/\/vichyrando.org\/wp-content\/plugins\/photo-gallery\/images\/lazy_placeholder.gif\"                       alt=\"Rando 1\/2 journ\u00e9e \u00e0 Andelaroche le 5 juin 2025\"                       title=\"Rando 1\/2 journ\u00e9e \u00e0 Andelaroche le 5 juin 2025\" \/>                <\/div>                <div class=\"\">                                  <\/div>              <\/div>            <\/div>            <div class=\"bwg-title1\"><div class=\"bwg-title2\">Rando 1\/2 journ\u00e9e \u00e0 Andelaroche le 5 juin 2025<\/div><\/div>          <\/a>        <\/div>                <div class=\"bwg-item\">          <a class=\"bwg-a bwg-album bwg_album_0\"             href='\/index.php?rest_route=%2Fwp%2Fv2%2Fpages%2F4823&#038;type_0=gallery&#038;album_gallery_id_0=1085'                          data-container_id=\"bwg_album_compact_0\"             data-def_type=\"gallery\"             data-album_gallery_id=\"65\"             data-alb_gal_id=\"1085\"             data-title=\"S\u00e9jour en Ard\u00e8che rando 1\/2 journ\u00e9e \u00e0 Bouvieu le roi (07) le 5 juin 2025\"             data-bwg=\"0\">                        <div class=\"bwg-item0 lazy_loader\">              <div class=\"bwg-item1 \">                <div class=\"bwg-item2\">                  <img decoding=\"async\" class=\"skip-lazy  bwg_lazyload \"                       data-width=\"500.00\"                       data-height=\"375.00\"                       data-src=\"https:\/\/vichyrando.org\/wp-content\/uploads\/photo-gallery\/thumb\/2025-06-05-Boucieu09.jpg?bwg=1749817222\"                       src=\"https:\/\/vichyrando.org\/wp-content\/plugins\/photo-gallery\/images\/lazy_placeholder.gif\"                       alt=\"S\u00e9jour en Ard\u00e8che rando 1\/2 journ\u00e9e \u00e0 Bouvieu le roi (07) le 5 juin 2025\"                       title=\"S\u00e9jour en Ard\u00e8che rando 1\/2 journ\u00e9e \u00e0 Bouvieu le roi (07) le 5 juin 2025\" \/>                <\/div>                <div class=\"\">                                  <\/div>              <\/div>            <\/div>            <div class=\"bwg-title1\"><div class=\"bwg-title2\">S\u00e9jour en Ard\u00e8che rando 1\/2 journ\u00e9e \u00e0 Bouvieu le roi (07) le 5 juin 2025<\/div><\/div>          <\/a>        <\/div>                <div class=\"bwg-item\">          <a class=\"bwg-a bwg-album bwg_album_0\"             href='\/index.php?rest_route=%2Fwp%2Fv2%2Fpages%2F4823&#038;type_0=gallery&#038;album_gallery_id_0=1079'                          data-container_id=\"bwg_album_compact_0\"             data-def_type=\"gallery\"             data-album_gallery_id=\"65\"             data-alb_gal_id=\"1079\"             data-title=\"Marche nordique \u00e0 Creuzier le Vieux le 7 juin 2025\"             data-bwg=\"0\">                        <div class=\"bwg-item0 lazy_loader\">              <div class=\"bwg-item1 \">                <div class=\"bwg-item2\">                  <img decoding=\"async\" class=\"skip-lazy  bwg_lazyload \"                       data-width=\"500.00\"                       data-height=\"225.00\"                       data-src=\"https:\/\/vichyrando.org\/wp-content\/uploads\/photo-gallery\/thumb\/2025-06-07-Creuzier02.jpg?bwg=1749303268\"                       src=\"https:\/\/vichyrando.org\/wp-content\/plugins\/photo-gallery\/images\/lazy_placeholder.gif\"                       alt=\"Marche nordique \u00e0 Creuzier le Vieux le 7 juin 2025\"                       title=\"Marche nordique \u00e0 Creuzier le Vieux le 7 juin 2025\" \/>                <\/div>                <div class=\"\">                                  <\/div>              <\/div>            <\/div>            <div class=\"bwg-title1\"><div class=\"bwg-title2\">Marche nordique \u00e0 Creuzier le Vieux le 7 juin 2025<\/div><\/div>          <\/a>        <\/div>                <div class=\"bwg-item\">          <a class=\"bwg-a bwg-album bwg_album_0\"             href='\/index.php?rest_route=%2Fwp%2Fv2%2Fpages%2F4823&#038;type_0=gallery&#038;album_gallery_id_0=1081'                          data-container_id=\"bwg_album_compact_0\"             data-def_type=\"gallery\"             data-album_gallery_id=\"65\"             data-alb_gal_id=\"1081\"             data-title=\"Journ\u00e9e marche sportive au Breuil le 10 juin 2025\"             data-bwg=\"0\">                        <div class=\"bwg-item0 lazy_loader\">              <div class=\"bwg-item1 \">                <div class=\"bwg-item2\">                  <img decoding=\"async\" class=\"skip-lazy  bwg_lazyload \"                       data-width=\"500.00\"                       data-height=\"363.00\"                       data-src=\"https:\/\/vichyrando.org\/wp-content\/uploads\/photo-gallery\/thumb\/2025-06-10-LeBreuil10.jpg?bwg=1749634038\"                       src=\"https:\/\/vichyrando.org\/wp-content\/plugins\/photo-gallery\/images\/lazy_placeholder.gif\"                       alt=\"Journ\u00e9e marche sportive au Breuil le 10 juin 2025\"                       title=\"Journ\u00e9e marche sportive au Breuil le 10 juin 2025\" \/>                <\/div>                <div class=\"\">                                  <\/div>              <\/div>            <\/div>            <div class=\"bwg-title1\"><div class=\"bwg-title2\">Journ\u00e9e marche sportive au Breuil le 10 juin 2025<\/div><\/div>          <\/a>        <\/div>                <div class=\"bwg-item\">          <a class=\"bwg-a bwg-album bwg_album_0\"             href='\/index.php?rest_route=%2Fwp%2Fv2%2Fpages%2F4823&#038;type_0=gallery&#038;album_gallery_id_0=1086'                          data-container_id=\"bwg_album_compact_0\"             data-def_type=\"gallery\"             data-album_gallery_id=\"65\"             data-alb_gal_id=\"1086\"             data-title=\"Rando 1\/2 journ\u00e9e \u00e0 Varennes\/Allier le 10 juin 2025\"             data-bwg=\"0\">                        <div class=\"bwg-item0 lazy_loader\">              <div class=\"bwg-item1 \">                <div class=\"bwg-item2\">                  <img decoding=\"async\" class=\"skip-lazy  bwg_lazyload \"                       data-width=\"500.00\"                       data-height=\"295.00\"                       data-src=\"https:\/\/vichyrando.org\/wp-content\/uploads\/photo-gallery\/thumb\/2025-06-10-Varennes06.jpg?bwg=1749817335\"                       src=\"https:\/\/vichyrando.org\/wp-content\/plugins\/photo-gallery\/images\/lazy_placeholder.gif\"                       alt=\"Rando 1\/2 journ\u00e9e \u00e0 Varennes\/Allier le 10 juin 2025\"                       title=\"Rando 1\/2 journ\u00e9e \u00e0 Varennes\/Allier le 10 juin 2025\" \/>                <\/div>                <div class=\"\">                                  <\/div>              <\/div>            <\/div>            <div class=\"bwg-title1\"><div class=\"bwg-title2\">Rando 1\/2 journ\u00e9e \u00e0 Varennes\/Allier le 10 juin 2025<\/div><\/div>          <\/a>        <\/div>                <div class=\"bwg-item\">          <a class=\"bwg-a bwg-album bwg_album_0\"             href='\/index.php?rest_route=%2Fwp%2Fv2%2Fpages%2F4823&#038;type_0=gallery&#038;album_gallery_id_0=1087'                          data-container_id=\"bwg_album_compact_0\"             data-def_type=\"gallery\"             data-album_gallery_id=\"65\"             data-alb_gal_id=\"1087\"             data-title=\"Rando journ\u00e9e \u00e0 Orcival (63) le 12 juin 2025\"             data-bwg=\"0\">                        <div class=\"bwg-item0 lazy_loader\">              <div class=\"bwg-item1 \">                <div class=\"bwg-item2\">                  <img decoding=\"async\" class=\"skip-lazy  bwg_lazyload \"                       data-width=\"500.00\"                       data-height=\"292.00\"                       data-src=\"https:\/\/vichyrando.org\/wp-content\/uploads\/photo-gallery\/thumb\/2025-06-12-Orcival16.jpg?bwg=1749817430\"                       src=\"https:\/\/vichyrando.org\/wp-content\/plugins\/photo-gallery\/images\/lazy_placeholder.gif\"                       alt=\"Rando journ\u00e9e \u00e0 Orcival (63) le 12 juin 2025\"                       title=\"Rando journ\u00e9e \u00e0 Orcival (63) le 12 juin 2025\" \/>                <\/div>                <div class=\"\">                                  <\/div>              <\/div>            <\/div>            <div class=\"bwg-title1\"><div class=\"bwg-title2\">Rando journ\u00e9e \u00e0 Orcival (63) le 12 juin 2025<\/div><\/div>          <\/a>        <\/div>                <div class=\"bwg-item\">          <a class=\"bwg-a bwg-album bwg_album_0\"             href='\/index.php?rest_route=%2Fwp%2Fv2%2Fpages%2F4823&#038;type_0=gallery&#038;album_gallery_id_0=1088'                          data-container_id=\"bwg_album_compact_0\"             data-def_type=\"gallery\"             data-album_gallery_id=\"65\"             data-alb_gal_id=\"1088\"             data-title=\"Mini rando \u00e0 St Didier la for\u00eat le 12 juin 2025\"             data-bwg=\"0\">                        <div class=\"bwg-item0 lazy_loader\">              <div class=\"bwg-item1 \">                <div class=\"bwg-item2\">                  <img decoding=\"async\" class=\"skip-lazy  bwg_lazyload \"                       data-width=\"500.00\"                       data-height=\"333.00\"                       data-src=\"https:\/\/vichyrando.org\/wp-content\/uploads\/photo-gallery\/thumb\/2025-06-12-StDidier02.jpg?bwg=1749970929\"                       src=\"https:\/\/vichyrando.org\/wp-content\/plugins\/photo-gallery\/images\/lazy_placeholder.gif\"                       alt=\"Mini rando \u00e0 St Didier la for\u00eat le 12 juin 2025\"                       title=\"Mini rando \u00e0 St Didier la for\u00eat le 12 juin 2025\" \/>                <\/div>                <div class=\"\">                                  <\/div>              <\/div>            <\/div>            <div class=\"bwg-title1\"><div class=\"bwg-title2\">Mini rando \u00e0 St Didier la for\u00eat le 12 juin 2025<\/div><\/div>          <\/a>        <\/div>                <div class=\"bwg-item\">          <a class=\"bwg-a bwg-album bwg_album_0\"             href='\/index.php?rest_route=%2Fwp%2Fv2%2Fpages%2F4823&#038;type_0=gallery&#038;album_gallery_id_0=1089'                          data-container_id=\"bwg_album_compact_0\"             data-def_type=\"gallery\"             data-album_gallery_id=\"65\"             data-alb_gal_id=\"1089\"             data-title=\"Rando sant\u00e9 \u00e0 Bellerive\/Allier le 16 juin 2025\"             data-bwg=\"0\">                        <div class=\"bwg-item0 lazy_loader\">              <div class=\"bwg-item1 \">                <div class=\"bwg-item2\">                  <img decoding=\"async\" class=\"skip-lazy  bwg_lazyload \"                       data-width=\"500.00\"                       data-height=\"362.00\"                       data-src=\"https:\/\/vichyrando.org\/wp-content\/uploads\/photo-gallery\/thumb\/2025-06-16-Bellerive02.jpg?bwg=1750190625\"                       src=\"https:\/\/vichyrando.org\/wp-content\/plugins\/photo-gallery\/images\/lazy_placeholder.gif\"                       alt=\"Rando sant\u00e9 \u00e0 Bellerive\/Allier le 16 juin 2025\"                       title=\"Rando sant\u00e9 \u00e0 Bellerive\/Allier le 16 juin 2025\" \/>                <\/div>                <div class=\"\">                                  <\/div>              <\/div>            <\/div>            <div class=\"bwg-title1\"><div class=\"bwg-title2\">Rando sant\u00e9 \u00e0 Bellerive\/Allier le 16 juin 2025<\/div><\/div>          <\/a>        <\/div>                <div class=\"bwg-item\">          <a class=\"bwg-a bwg-album bwg_album_0\"             href='\/index.php?rest_route=%2Fwp%2Fv2%2Fpages%2F4823&#038;type_0=gallery&#038;album_gallery_id_0=1090'                          data-container_id=\"bwg_album_compact_0\"             data-def_type=\"gallery\"             data-album_gallery_id=\"65\"             data-alb_gal_id=\"1090\"             data-title=\"Journ\u00e9e rando sportive \u00e0 Randan (63) le 17 juin 2025\"             data-bwg=\"0\">                        <div class=\"bwg-item0 lazy_loader\">              <div class=\"bwg-item1 \">                <div class=\"bwg-item2\">                  <img decoding=\"async\" class=\"skip-lazy  bwg_lazyload \"                       data-width=\"500.00\"                       data-height=\"375.00\"                       data-src=\"https:\/\/vichyrando.org\/wp-content\/uploads\/photo-gallery\/thumb\/2025-06-17-Randan04.jpg?bwg=1750251383\"                       src=\"https:\/\/vichyrando.org\/wp-content\/plugins\/photo-gallery\/images\/lazy_placeholder.gif\"                       alt=\"Journ\u00e9e rando sportive \u00e0 Randan (63) le 17 juin 2025\"                       title=\"Journ\u00e9e rando sportive \u00e0 Randan (63) le 17 juin 2025\" \/>                <\/div>                <div class=\"\">                                  <\/div>              <\/div>            <\/div>            <div class=\"bwg-title1\"><div class=\"bwg-title2\">Journ\u00e9e rando sportive \u00e0 Randan (63) le 17 juin 2025<\/div><\/div>          <\/a>        <\/div>                <div class=\"bwg-item\">          <a class=\"bwg-a bwg-album bwg_album_0\"             href='\/index.php?rest_route=%2Fwp%2Fv2%2Fpages%2F4823&#038;type_0=gallery&#038;album_gallery_id_0=1091'                          data-container_id=\"bwg_album_compact_0\"             data-def_type=\"gallery\"             data-album_gallery_id=\"65\"             data-alb_gal_id=\"1091\"             data-title=\"Rando 1\/2 journ\u00e9e \u00e0 Chouvigny le 17 juin 2025\"             data-bwg=\"0\">                        <div class=\"bwg-item0 lazy_loader\">              <div class=\"bwg-item1 \">                <div class=\"bwg-item2\">                  <img decoding=\"async\" class=\"skip-lazy  bwg_lazyload \"                       data-width=\"500.00\"                       data-height=\"355.00\"                       data-src=\"https:\/\/vichyrando.org\/wp-content\/uploads\/photo-gallery\/thumb\/2025-06-17-Chouvigny01.jpg?bwg=1750431764\"                       src=\"https:\/\/vichyrando.org\/wp-content\/plugins\/photo-gallery\/images\/lazy_placeholder.gif\"                       alt=\"Rando 1\/2 journ\u00e9e \u00e0 Chouvigny le 17 juin 2025\"                       title=\"Rando 1\/2 journ\u00e9e \u00e0 Chouvigny le 17 juin 2025\" \/>                <\/div>                <div class=\"\">                                  <\/div>              <\/div>            <\/div>            <div class=\"bwg-title1\"><div class=\"bwg-title2\">Rando 1\/2 journ\u00e9e \u00e0 Chouvigny le 17 juin 2025<\/div><\/div>          <\/a>        <\/div>                <div class=\"bwg-item\">          <a class=\"bwg-a bwg-album bwg_album_0\"             href='\/index.php?rest_route=%2Fwp%2Fv2%2Fpages%2F4823&#038;type_0=gallery&#038;album_gallery_id_0=1092'                          data-container_id=\"bwg_album_compact_0\"             data-def_type=\"gallery\"             data-album_gallery_id=\"65\"             data-alb_gal_id=\"1092\"             data-title=\"Mini rando \u00e0 Ussel d&#039;Allier le 19 juin 2025\"             data-bwg=\"0\">                        <div class=\"bwg-item0 lazy_loader\">              <div class=\"bwg-item1 \">                <div class=\"bwg-item2\">                  <img decoding=\"async\" class=\"skip-lazy  bwg_lazyload \"                       data-width=\"500.00\"                       data-height=\"231.00\"                       data-src=\"https:\/\/vichyrando.org\/wp-content\/uploads\/photo-gallery\/thumb\/2025-06-19-Ussel06.jpg?bwg=1750431862\"                       src=\"https:\/\/vichyrando.org\/wp-content\/plugins\/photo-gallery\/images\/lazy_placeholder.gif\"                       alt=\"Mini rando \u00e0 Ussel d&#039;Allier le 19 juin 2025\"                       title=\"Mini rando \u00e0 Ussel d&#039;Allier le 19 juin 2025\" \/>                <\/div>                <div class=\"\">                                  <\/div>              <\/div>            <\/div>            <div class=\"bwg-title1\"><div class=\"bwg-title2\">Mini rando \u00e0 Ussel d'Allier le 19 juin 2025<\/div><\/div>          <\/a>        <\/div>                <div class=\"bwg-item\">          <a class=\"bwg-a bwg-album bwg_album_0\"             href='\/index.php?rest_route=%2Fwp%2Fv2%2Fpages%2F4823&#038;type_0=gallery&#038;album_gallery_id_0=1093'                          data-container_id=\"bwg_album_compact_0\"             data-def_type=\"gallery\"             data-album_gallery_id=\"65\"             data-alb_gal_id=\"1093\"             data-title=\"Rando journ\u00e9e train entre Bellenaves et Lapeyrouse (63) le 19 juin 2025\"             data-bwg=\"0\">                        <div class=\"bwg-item0 lazy_loader\">              <div class=\"bwg-item1 \">                <div class=\"bwg-item2\">                  <img decoding=\"async\" class=\"skip-lazy  bwg_lazyload \"                       data-width=\"500.00\"                       data-height=\"282.00\"                       data-src=\"https:\/\/vichyrando.org\/wp-content\/uploads\/photo-gallery\/thumb\/2025-06-19-Lapeyrousel02.jpg?bwg=1750431949\"                       src=\"https:\/\/vichyrando.org\/wp-content\/plugins\/photo-gallery\/images\/lazy_placeholder.gif\"                       alt=\"Rando journ\u00e9e train entre Bellenaves et Lapeyrouse (63) le 19 juin 2025\"                       title=\"Rando journ\u00e9e train entre Bellenaves et Lapeyrouse (63) le 19 juin 2025\" \/>                <\/div>                <div class=\"\">                                  <\/div>              <\/div>            <\/div>            <div class=\"bwg-title1\"><div class=\"bwg-title2\">Rando journ\u00e9e train entre Bellenaves et Lapeyrouse (63) le 19 juin 2025<\/div><\/div>          <\/a>        <\/div>                <div class=\"bwg-item\">          <a class=\"bwg-a bwg-album bwg_album_0\"             href='\/index.php?rest_route=%2Fwp%2Fv2%2Fpages%2F4823&#038;type_0=gallery&#038;album_gallery_id_0=1094'                          data-container_id=\"bwg_album_compact_0\"             data-def_type=\"gallery\"             data-album_gallery_id=\"65\"             data-alb_gal_id=\"1094\"             data-title=\"Marche nordique \u00e0 Bellerive\/Allier le 21 juin 2025\"             data-bwg=\"0\">                        <div class=\"bwg-item0 lazy_loader\">              <div class=\"bwg-item1 \">                <div class=\"bwg-item2\">                  <img decoding=\"async\" class=\"skip-lazy  bwg_lazyload \"                       data-width=\"500.00\"                       data-height=\"225.00\"                       data-src=\"https:\/\/vichyrando.org\/wp-content\/uploads\/photo-gallery\/thumb\/2025-06-21-Bellerive01.jpg?bwg=1750575868\"                       src=\"https:\/\/vichyrando.org\/wp-content\/plugins\/photo-gallery\/images\/lazy_placeholder.gif\"                       alt=\"Marche nordique \u00e0 Bellerive\/Allier le 21 juin 2025\"                       title=\"Marche nordique \u00e0 Bellerive\/Allier le 21 juin 2025\" \/>                <\/div>                <div class=\"\">                                  <\/div>              <\/div>            <\/div>            <div class=\"bwg-title1\"><div class=\"bwg-title2\">Marche nordique \u00e0 Bellerive\/Allier le 21 juin 2025<\/div><\/div>          <\/a>        <\/div>                <div class=\"bwg-item\">          <a class=\"bwg-a bwg-album bwg_album_0\"             href='\/index.php?rest_route=%2Fwp%2Fv2%2Fpages%2F4823&#038;type_0=gallery&#038;album_gallery_id_0=1095'                          data-container_id=\"bwg_album_compact_0\"             data-def_type=\"gallery\"             data-album_gallery_id=\"65\"             data-alb_gal_id=\"1095\"             data-title=\"Rando 1\/2 journ\u00e9e au Vernet le 24 juin 2025\"             data-bwg=\"0\">                        <div class=\"bwg-item0 lazy_loader\">              <div class=\"bwg-item1 \">                <div class=\"bwg-item2\">                  <img decoding=\"async\" class=\"skip-lazy  bwg_lazyload \"                       data-width=\"500.00\"                       data-height=\"281.00\"                       data-src=\"https:\/\/vichyrando.org\/wp-content\/uploads\/photo-gallery\/thumb\/2025-06-244-LeVernet01.jpg?bwg=1750942460\"                       src=\"https:\/\/vichyrando.org\/wp-content\/plugins\/photo-gallery\/images\/lazy_placeholder.gif\"                       alt=\"Rando 1\/2 journ\u00e9e au Vernet le 24 juin 2025\"                       title=\"Rando 1\/2 journ\u00e9e au Vernet le 24 juin 2025\" \/>                <\/div>                <div class=\"\">                                  <\/div>              <\/div>            <\/div>            <div class=\"bwg-title1\"><div class=\"bwg-title2\">Rando 1\/2 journ\u00e9e au Vernet le 24 juin 2025<\/div><\/div>          <\/a>        <\/div>                <div class=\"bwg-item\">          <a class=\"bwg-a bwg-album bwg_album_0\"             href='\/index.php?rest_route=%2Fwp%2Fv2%2Fpages%2F4823&#038;type_0=gallery&#038;album_gallery_id_0=1096'                          data-container_id=\"bwg_album_compact_0\"             data-def_type=\"gallery\"             data-album_gallery_id=\"65\"             data-alb_gal_id=\"1096\"             data-title=\"Mini rando \u00e0 Ris (63) le 26 juin 2025\"             data-bwg=\"0\">                        <div class=\"bwg-item0 lazy_loader\">              <div class=\"bwg-item1 \">                <div class=\"bwg-item2\">                  <img decoding=\"async\" class=\"skip-lazy  bwg_lazyload \"                       data-width=\"500.00\"                       data-height=\"333.00\"                       data-src=\"https:\/\/vichyrando.org\/wp-content\/uploads\/photo-gallery\/thumb\/2025-06-26-Ris01.jpg?bwg=1751184014\"                       src=\"https:\/\/vichyrando.org\/wp-content\/plugins\/photo-gallery\/images\/lazy_placeholder.gif\"                       alt=\"Mini rando \u00e0 Ris (63) le 26 juin 2025\"                       title=\"Mini rando \u00e0 Ris (63) le 26 juin 2025\" \/>                <\/div>                <div class=\"\">                                  <\/div>              <\/div>            <\/div>            <div class=\"bwg-title1\"><div class=\"bwg-title2\">Mini rando \u00e0 Ris (63) le 26 juin 2025<\/div><\/div>          <\/a>        <\/div>                <div class=\"bwg-item\">          <a class=\"bwg-a bwg-album bwg_album_0\"             href='\/index.php?rest_route=%2Fwp%2Fv2%2Fpages%2F4823&#038;type_0=gallery&#038;album_gallery_id_0=1097'                          data-container_id=\"bwg_album_compact_0\"             data-def_type=\"gallery\"             data-album_gallery_id=\"65\"             data-alb_gal_id=\"1097\"             data-title=\"Rando sant\u00e9 \u00e0 Abrest le 30 juin 2025\"             data-bwg=\"0\">                        <div class=\"bwg-item0 lazy_loader\">              <div class=\"bwg-item1 \">                <div class=\"bwg-item2\">                  <img decoding=\"async\" class=\"skip-lazy  bwg_lazyload \"                       data-width=\"500.00\"                       data-height=\"313.00\"                       data-src=\"https:\/\/vichyrando.org\/wp-content\/uploads\/photo-gallery\/thumb\/2025-06-30-Abrest05.jpg?bwg=1751284442\"                       src=\"https:\/\/vichyrando.org\/wp-content\/plugins\/photo-gallery\/images\/lazy_placeholder.gif\"                       alt=\"Rando sant\u00e9 \u00e0 Abrest le 30 juin 2025\"                       title=\"Rando sant\u00e9 \u00e0 Abrest le 30 juin 2025\" \/>                <\/div>                <div class=\"\">                                  <\/div>              <\/div>            <\/div>            <div class=\"bwg-title1\"><div class=\"bwg-title2\">Rando sant\u00e9 \u00e0 Abrest le 30 juin 2025<\/div><\/div>          <\/a>        <\/div>            <\/div>          <input type=\"hidden\" id=\"bwg_album_breadcrumb_0\" name=\"bwg_album_breadcrumb_0\" value='[{&quot;id&quot;:&quot;65&quot;,&quot;page&quot;:1}]' \/>    <style>      \/*pagination styles*\/      #bwg_container1_0 #bwg_container2_0 .tablenav-pages_0 {\t\t\t\ttext-align: center;\t\t\t\tfont-size: 12px;\t\t\t\tfont-family: Ubuntu;\t\t\t\tfont-weight: bold;\t\t\t\tcolor: #666666;\t\t\t\tmargin: 6px 0 4px;\t\t\t\tdisplay: block;      }      @media only screen and (max-width : 320px) {      #bwg_container1_0 #bwg_container2_0 .displaying-num_0 {     \t display: none;      }      }      #bwg_container1_0 #bwg_container2_0 .displaying-num_0 {\t\t\t\tfont-size: 12px;\t\t\t\tfont-family: Ubuntu;\t\t\t\tfont-weight: bold;\t\t\t\tcolor: #666666;\t\t\t\tmargin-right: 10px;\t\t\t\tvertical-align: middle;      }      #bwg_container1_0 #bwg_container2_0 .paging-input_0 {\t\t\t\tfont-size: 12px;\t\t\t\tfont-family: Ubuntu;\t\t\t\tfont-weight: bold;\t\t\t\tcolor: #666666;\t\t\t\tvertical-align: middle;      }      #bwg_container1_0 #bwg_container2_0 .tablenav-pages_0 a.disabled,      #bwg_container1_0 #bwg_container2_0 .tablenav-pages_0 a.disabled:hover,      #bwg_container1_0 #bwg_container2_0 .tablenav-pages_0 a.disabled:focus,\t\t\t#bwg_container1_0 #bwg_container2_0 .tablenav-pages_0 input.bwg_current_page {\t\t\t\tcursor: default;\t\t\t\tcolor: rgba(102, 102, 102, 0.5);      }      #bwg_container1_0 #bwg_container2_0 .tablenav-pages_0 a,      #bwg_container1_0 #bwg_container2_0 .tablenav-pages_0 input.bwg_current_page {\t\t\t\tcursor: pointer;\t\t\t\ttext-align: center;\t\t\t\tfont-size: 12px;\t\t\t\tfont-family: Ubuntu;\t\t\t\tfont-weight: bold;\t\t\t\tcolor: #666666;\t\t\t\ttext-decoration: none;\t\t\t\tpadding: 3px 6px;\t\t\t\tmargin: 0;\t\t\t\tborder-radius: 0;\t\t\t\tborder-style: solid;\t\t\t\tborder-width: 1px;\t\t\t\tborder-color: #E3E3E3;\t\t\t\t\t\t\t\tbackground-color: rgba(255, 255, 255, 1.00);\t\t\t\tbox-shadow: 0;\t\t\t\ttransition: all 0.3s ease 0s;-webkit-transition: all 0.3s ease 0s;      }      <\/style>      <span class=\"bwg_nav_cont_0\">              <div class=\"tablenav-pages_0\">                  <\/div>                <input type=\"hidden\" id=\"page_number_0\" name=\"page_number_0\" value=\"1\" \/>      <script type=\"text\/javascript\">        if( jQuery('.bwg_nav_cont_0').length > 1 ) {          jQuery('.bwg_nav_cont_0').first().remove()        }        function spider_page_0(cur, x, y, load_more) {          if (typeof load_more == \"undefined\") {            var load_more = false;          }          if (jQuery(cur).hasClass('disabled')) {            return false;          }          var items_county_0 = 1;          switch (y) {            case 1:              if (x >= items_county_0) {                document.getElementById('page_number_0').value = items_county_0;              }              else {                document.getElementById('page_number_0').value = x + 1;              }              break;            case 2:              document.getElementById('page_number_0').value = items_county_0;              break;            case -1:              if (x == 1) {                document.getElementById('page_number_0').value = 1;              }              else {                document.getElementById('page_number_0').value = x - 1;              }              break;            case -2:              document.getElementById('page_number_0').value = 1;              break;\t\t\t\t\t\tcase 0:              document.getElementById('page_number_0').value = x;              break;            default:              document.getElementById('page_number_0').value = 1;          }          bwg_ajax('gal_front_form_0', '0', 'bwg_album_compact_0', '65', '', 'album', 0, '', '', load_more, '', 1);        }                    jQuery('.first-page-0').on('click', function () {              spider_page_0(this, 1, -2, 'numeric');              return false;            });            jQuery('.prev-page-0').on('click', function () {              spider_page_0(this, 1, -1, 'numeric');              return false;            });            jQuery('.next-page-0').on('click', function () {              spider_page_0(this, 1, 1, 'numeric');              return false;            });            jQuery('.last-page-0').on('click', function () {              spider_page_0(this, 1, 2, 'numeric');              return false;            });        \t\t\t\t\/* Change page on input enter. *\/        function bwg_change_page_0( e, that ) {          if (  e.key == 'Enter' ) {            var to_page = parseInt(jQuery(that).val());            var pages_count = jQuery(that).parents(\".pagination-links\").data(\"pages-count\");            var current_url_param = jQuery(that).attr('data-url-info');            if (to_page > pages_count) {              to_page = 1;            }\t \t\t\t\t\t\t\t\t\t\t\t\tspider_page_0(this, to_page, 0, 'numeric');\t\t\t\t\t\t\treturn false;\t\t\t\t\t\t          }          return true;        }        jQuery('.bwg_load_btn_0').on('click', function () {            spider_page_0(this, 1, 1, true);            return false;        });      <\/script>      <\/span>                <\/div>        <\/form>        <style>          #bwg_container1_0 #bwg_container2_0 #spider_popup_overlay_0 {          background-color: #EEEEEE;          opacity: 0.60;          }          <\/style>        <div id=\"bwg_spider_popup_loading_0\" class=\"bwg_spider_popup_loading\"><\/div>        <div id=\"spider_popup_overlay_0\" class=\"spider_popup_overlay\" onclick=\"spider_destroypopup(1000)\"><\/div>        <input type=\"hidden\" id=\"bwg_random_seed_0\" value=\"1447878619\">                <\/div>    <\/div>    <script>      if (document.readyState === 'complete') {        if( typeof bwg_main_ready == 'function' ) {          if ( jQuery(\"#bwg_container1_0\").height() ) {            bwg_main_ready(jQuery(\"#bwg_container1_0\"));          }        }      } else {        document.addEventListener('DOMContentLoaded', function() {          if( typeof bwg_main_ready == 'function' ) {            if ( jQuery(\"#bwg_container1_0\").height() ) {             bwg_main_ready(jQuery(\"#bwg_container1_0\"));            }          }        });      }    <\/script>    \t\t<\/div>\n\t\t\t\t<\/div>\n\t\t\t\t\t<\/div>\n\t\t<\/div>\n\t\t\t\t\t<\/div>\n\t\t<\/section>\n\t\t\t\t<section class=\"elementor-section elementor-top-section elementor-element elementor-element-34b08ac elementor-section-boxed elementor-section-height-default elementor-section-height-default\" data-id=\"34b08ac\" data-element_type=\"section\">\n\t\t\t\t\t\t<div class=\"elementor-container elementor-column-gap-default\">\n\t\t\t\t\t<div class=\"elementor-column elementor-col-100 elementor-top-column elementor-element elementor-element-26630b9\" data-id=\"26630b9\" data-element_type=\"column\">\n\t\t\t<div class=\"elementor-widget-wrap elementor-element-populated\">\n\t\t\t\t\t\t<div class=\"elementor-element elementor-element-2e0a52b elementor-widget elementor-widget-bwg-elementor\" data-id=\"2e0a52b\" data-element_type=\"widget\" data-widget_type=\"bwg-elementor.default\">\n\t\t\t\t<div class=\"elementor-widget-container\">\n\t\t\t<style id=\"bwg-style-1\">    #bwg_container1_1 #bwg_container2_1 .bwg-container-1.bwg-album-thumbnails {    width: 1254px;    justify-content: center;            justify-content: center;        margin:0 auto !important;          background-color: rgba(255, 255, 255, 0.00);          padding-left: 4px;      padding-top: 4px;      max-width: 100%;          }        #bwg_container1_1 #bwg_container2_1 .bwg-container-1.bwg-album-thumbnails .bwg-item {    justify-content: flex-start;    max-width: 250px;        }    #bwg_container1_1 #bwg_container2_1 .bwg-container-1.bwg-album-thumbnails .bwg-item a {      margin-right: 4px;      margin-bottom: 4px;    }    #bwg_container1_1 #bwg_container2_1 .bwg-container-1.bwg-album-thumbnails .bwg-item0 {      padding: 0px;            background-color:rgba(0,0,0, 0.30);      border: 0px none #CCCCCC;      opacity: 1.00;      border-radius: 0;      box-shadow: 0px 0px 0px #888888;    }    #bwg_container1_1 #bwg_container2_1 .bwg-container-1.bwg-album-thumbnails .bwg-item1 img {      max-height: none;      max-width: none;      padding: 0 !important;    }          @media only screen and (min-width: 480px) {      #bwg_container1_1 #bwg_container2_1 .bwg-container-1.bwg-album-thumbnails .bwg-item1 img {      -webkit-transition: all .3s; transition: all .3s;      }      #bwg_container1_1 #bwg_container2_1 .bwg-container-1.bwg-album-thumbnails .bwg-item1 img:hover {        -ms-transform: scale(1.08);        -webkit-transform: scale(1.08);        transform: scale(1.08);      }            }          #bwg_container1_1 #bwg_container2_1 .bwg-container-1.bwg-album-thumbnails .bwg-item1 {      padding-top: 56%;    }        #bwg_container1_1 #bwg_container2_1 .bwg-container-1.bwg-album-thumbnails .bwg-title2 {      color: #323A45;      font-family: Ubuntu;      font-size: 16px;      font-weight: bold;      padding: 2px;      text-shadow: 0px 0px 0px #888888;      max-height: 100%;    }        #bwg_container1_1 #bwg_container2_1 .bwg-container-1.bwg-standard-thumbnails {      width: 1254px;              justify-content: center;        margin:0 auto !important;              background-color: rgba(255, 255, 255, 0.00);            padding-left: 4px;      padding-top: 4px;      max-width: 100%;            }        #bwg_container1_1 #bwg_container2_1 .bwg-container-1.bwg-standard-thumbnails .bwg-item {    justify-content: flex-start;      max-width: 250px;          }    #bwg_container1_1 #bwg_container2_1 .bwg-container-1.bwg-standard-thumbnails .bwg-item a {       margin-right: 4px;       margin-bottom: 4px;    }    #bwg_container1_1 #bwg_container2_1 .bwg-container-1.bwg-standard-thumbnails .bwg-item0 {      padding: 0px;            background-color:rgba(0,0,0, 0.30);      border: 0px none #CCCCCC;      opacity: 1.00;      border-radius: 0;      box-shadow: 0px 0px 0px #888888;    }    #bwg_container1_1 #bwg_container2_1 .bwg-container-1.bwg-standard-thumbnails .bwg-item1 img {      max-height: none;      max-width: none;      padding: 0 !important;    }         @media only screen and (min-width: 480px) {\t\t#bwg_container1_1 #bwg_container2_1 .bwg-container-1.bwg-standard-thumbnails .bwg-item1 img {\t\t\t-webkit-transition: all .3s; transition: all .3s;\t\t}\t\t#bwg_container1_1 #bwg_container2_1 .bwg-container-1.bwg-standard-thumbnails .bwg-item1 img:hover {\t\t\t-ms-transform: scale(1.08);\t\t\t-webkit-transform: scale(1.08);\t\t\ttransform: scale(1.08);\t\t}\t\t      }\t    #bwg_container1_1 #bwg_container2_1 .bwg-container-1.bwg-standard-thumbnails .bwg-item1 {      padding-top: 56%;    }        #bwg_container1_1 #bwg_container2_1 .bwg-container-1.bwg-standard-thumbnails .bwg-title2,    #bwg_container1_1 #bwg_container2_1 .bwg-container-1.bwg-standard-thumbnails .bwg-ecommerce2 {      color: #323A45;      font-family: Ubuntu;      font-size: 16px;      font-weight: bold;      padding: 2px;      text-shadow: 0px 0px 0px #888888;      max-height: 100%;    }    #bwg_container1_1 #bwg_container2_1 .bwg-container-1.bwg-standard-thumbnails .bwg-thumb-description span {    color: #323A45;    font-family: Ubuntu;    font-size: 12px;    max-height: 100%;    word-wrap: break-word;    }    #bwg_container1_1 #bwg_container2_1 .bwg-container-1.bwg-standard-thumbnails .bwg-play-icon2 {      font-size: 32px;    }    #bwg_container1_1 #bwg_container2_1 .bwg-container-1.bwg-standard-thumbnails .bwg-ecommerce2 {      font-size: 19.2px;      color: #323A45;    }    <\/style>    <div id=\"bwg_container1_1\"         class=\"bwg_container bwg_thumbnail bwg_album_compact_preview bwg_thumbnail\"         data-right-click-protection=\"0\"         data-bwg=\"1\"         data-scroll=\"0\"         data-gallery-type=\"album_compact_preview\"         data-gallery-view-type=\"thumbnail\"         data-current-url=\"\/index.php?rest_route=%2Fwp%2Fv2%2Fpages%2F4823\"         data-lightbox-url=\"https:\/\/vichyrando.org\/wp-admin\/admin-ajax.php?action=GalleryBox&#038;current_view=1&#038;gallery_id=0&#038;tag=0&#038;theme_id=1&#038;shortcode_id=1276&#038;sort_by=order&#038;order_by=asc&#038;current_url=%2Findex.php%3Frest_route%3D%252Fwp%252Fv2%252Fpages%252F4823\"         data-gallery-id=\"0\"         data-popup-width=\"800\"         data-popup-height=\"500\"         data-is-album=\"album\"         data-buttons-position=\"bottom\">      <div id=\"bwg_container2_1\">             <div id=\"ajax_loading_1\" class=\"bwg_loading_div_1\">      <div class=\"bwg_loading_div_2\">        <div class=\"bwg_loading_div_3\">          <div id=\"loading_div_1\" class=\"bwg_spider_ajax_loading\">          <\/div>        <\/div>      <\/div>    <\/div>            <form id=\"gal_front_form_1\"              class=\"bwg-hidden\"              method=\"post\"              action=\"#\"              data-current=\"1\"              data-shortcode-id=\"1276\"              data-gallery-type=\"album_compact_preview\"              data-gallery-id=\"0\"              data-tag=\"0\"              data-album-id=\"64\"              data-theme-id=\"1\"              data-ajax-url=\"https:\/\/vichyrando.org\/wp-admin\/admin-ajax.php?action=bwg_frontend_data\">          <div id=\"bwg_container3_1\" class=\"bwg-background bwg-background-1\">            <style>        #bwg_container1_1 #bwg_container2_1 .bwg_gal_title_1 {          display: block;          padding: 0 2px 2px 2px;          background-color: rgba(0, 0, 0, 0);          line-height: 20px;          font-family: Ubuntu;          font-size: 18px;          font-weight: bold;          color: #323A45;          text-shadow: 0px 0px 0px #888888;          text-align: center;        }        #bwg_container1_1 #bwg_container2_1 .bwg_gal_description_1 {          margin: 20px 0;          word-break: break-word;          text-align: justify;          font-size: 15px;          font-weight: unset;        }        <\/style>        <div class=\"bwg_gal_title_1\">Mai 2025<\/div>            <div data-max-count=\"5\"         data-thumbnail-width=\"250\"         data-bwg=\"1\"         id=\"bwg_album_compact_1\"         class=\"bwg-thumbnails bwg-container bwg-container-1 bwg-album-thumbnails bwg_album_thumbnails_1\">              <div class=\"bwg-item\">          <a class=\"bwg-a bwg-album bwg_album_1\"             href='\/index.php?rest_route=%2Fwp%2Fv2%2Fpages%2F4823&#038;type_1=gallery&#038;album_gallery_id_1=1055'                          data-container_id=\"bwg_album_compact_1\"             data-def_type=\"gallery\"             data-album_gallery_id=\"64\"             data-alb_gal_id=\"1055\"             data-title=\"Rando sant\u00e9 \u00e0 Brugheas le 5 mai 2025\"             data-bwg=\"1\">                        <div class=\"bwg-item0 lazy_loader\">              <div class=\"bwg-item1 \">                <div class=\"bwg-item2\">                  <img decoding=\"async\" class=\"skip-lazy  bwg_lazyload \"                       data-width=\"500.00\"                       data-height=\"375.00\"                       data-src=\"https:\/\/vichyrando.org\/wp-content\/uploads\/photo-gallery\/thumb\/2025-05-05-Brugheas04.jpg?bwg=1746449254\"                       src=\"https:\/\/vichyrando.org\/wp-content\/plugins\/photo-gallery\/images\/lazy_placeholder.gif\"                       alt=\"Rando sant\u00e9 \u00e0 Brugheas le 5 mai 2025\"                       title=\"Rando sant\u00e9 \u00e0 Brugheas le 5 mai 2025\" \/>                <\/div>                <div class=\"\">                                  <\/div>              <\/div>            <\/div>            <div class=\"bwg-title1\"><div class=\"bwg-title2\">Rando sant\u00e9 \u00e0 Brugheas le 5 mai 2025<\/div><\/div>          <\/a>        <\/div>                <div class=\"bwg-item\">          <a class=\"bwg-a bwg-album bwg_album_1\"             href='\/index.php?rest_route=%2Fwp%2Fv2%2Fpages%2F4823&#038;type_1=gallery&#038;album_gallery_id_1=1056'                          data-container_id=\"bwg_album_compact_1\"             data-def_type=\"gallery\"             data-album_gallery_id=\"64\"             data-alb_gal_id=\"1056\"             data-title=\"Rando journ\u00e9e sportive \u00e0 St Pierre Laval (42) le 6 mai 2025\"             data-bwg=\"1\">                        <div class=\"bwg-item0 lazy_loader\">              <div class=\"bwg-item1 \">                <div class=\"bwg-item2\">                  <img decoding=\"async\" class=\"skip-lazy  bwg_lazyload \"                       data-width=\"500.00\"                       data-height=\"467.00\"                       data-src=\"https:\/\/vichyrando.org\/wp-content\/uploads\/photo-gallery\/thumb\/2025-05-06-StPierreLaval06.jpg?bwg=1746560810\"                       src=\"https:\/\/vichyrando.org\/wp-content\/plugins\/photo-gallery\/images\/lazy_placeholder.gif\"                       alt=\"Rando journ\u00e9e sportive \u00e0 St Pierre Laval (42) le 6 mai 2025\"                       title=\"Rando journ\u00e9e sportive \u00e0 St Pierre Laval (42) le 6 mai 2025\" \/>                <\/div>                <div class=\"\">                                  <\/div>              <\/div>            <\/div>            <div class=\"bwg-title1\"><div class=\"bwg-title2\">Rando journ\u00e9e sportive \u00e0 St Pierre Laval (42) le 6 mai 2025<\/div><\/div>          <\/a>        <\/div>                <div class=\"bwg-item\">          <a class=\"bwg-a bwg-album bwg_album_1\"             href='\/index.php?rest_route=%2Fwp%2Fv2%2Fpages%2F4823&#038;type_1=gallery&#038;album_gallery_id_1=1057'                          data-container_id=\"bwg_album_compact_1\"             data-def_type=\"gallery\"             data-album_gallery_id=\"64\"             data-alb_gal_id=\"1057\"             data-title=\"Rando 1\/2 journ\u00e9e \u00e0 La Bruy\u00e8re le 6 mai 2025\"             data-bwg=\"1\">                        <div class=\"bwg-item0 lazy_loader\">              <div class=\"bwg-item1 \">                <div class=\"bwg-item2\">                  <img decoding=\"async\" class=\"skip-lazy  bwg_lazyload \"                       data-width=\"500.00\"                       data-height=\"375.00\"                       data-src=\"https:\/\/vichyrando.org\/wp-content\/uploads\/photo-gallery\/thumb\/2025-05-06-LaBruyere01.jpg?bwg=1746602985\"                       src=\"https:\/\/vichyrando.org\/wp-content\/plugins\/photo-gallery\/images\/lazy_placeholder.gif\"                       alt=\"Rando 1\/2 journ\u00e9e \u00e0 La Bruy\u00e8re le 6 mai 2025\"                       title=\"Rando 1\/2 journ\u00e9e \u00e0 La Bruy\u00e8re le 6 mai 2025\" \/>                <\/div>                <div class=\"\">                                  <\/div>              <\/div>            <\/div>            <div class=\"bwg-title1\"><div class=\"bwg-title2\">Rando 1\/2 journ\u00e9e \u00e0 La Bruy\u00e8re le 6 mai 2025<\/div><\/div>          <\/a>        <\/div>                <div class=\"bwg-item\">          <a class=\"bwg-a bwg-album bwg_album_1\"             href='\/index.php?rest_route=%2Fwp%2Fv2%2Fpages%2F4823&#038;type_1=gallery&#038;album_gallery_id_1=1059'                          data-container_id=\"bwg_album_compact_1\"             data-def_type=\"gallery\"             data-album_gallery_id=\"64\"             data-alb_gal_id=\"1059\"             data-title=\"Marche nordique \u00e0 St Germain des Foss\u00e9s le 10 mai 2025\"             data-bwg=\"1\">                        <div class=\"bwg-item0 lazy_loader\">              <div class=\"bwg-item1 \">                <div class=\"bwg-item2\">                  <img decoding=\"async\" class=\"skip-lazy  bwg_lazyload \"                       data-width=\"500.00\"                       data-height=\"225.00\"                       data-src=\"https:\/\/vichyrando.org\/wp-content\/uploads\/photo-gallery\/thumb\/2025-05-10-StGermain01.jpg?bwg=1747596867\"                       src=\"https:\/\/vichyrando.org\/wp-content\/plugins\/photo-gallery\/images\/lazy_placeholder.gif\"                       alt=\"Marche nordique \u00e0 St Germain des Foss\u00e9s le 10 mai 2025\"                       title=\"Marche nordique \u00e0 St Germain des Foss\u00e9s le 10 mai 2025\" \/>                <\/div>                <div class=\"\">                                  <\/div>              <\/div>            <\/div>            <div class=\"bwg-title1\"><div class=\"bwg-title2\">Marche nordique \u00e0 St Germain des Foss\u00e9s le 10 mai 2025<\/div><\/div>          <\/a>        <\/div>                <div class=\"bwg-item\">          <a class=\"bwg-a bwg-album bwg_album_1\"             href='\/index.php?rest_route=%2Fwp%2Fv2%2Fpages%2F4823&#038;type_1=gallery&#038;album_gallery_id_1=1060'                          data-container_id=\"bwg_album_compact_1\"             data-def_type=\"gallery\"             data-album_gallery_id=\"64\"             data-alb_gal_id=\"1060\"             data-title=\"Journ\u00e9e marche sportive \u00e0 Charroux le 13 mai 2025\"             data-bwg=\"1\">                        <div class=\"bwg-item0 lazy_loader\">              <div class=\"bwg-item1 \">                <div class=\"bwg-item2\">                  <img decoding=\"async\" class=\"skip-lazy  bwg_lazyload \"                       data-width=\"500.00\"                       data-height=\"375.00\"                       data-src=\"https:\/\/vichyrando.org\/wp-content\/uploads\/photo-gallery\/thumb\/2025-05-13-Charroux04.jpg?bwg=1747596972\"                       src=\"https:\/\/vichyrando.org\/wp-content\/plugins\/photo-gallery\/images\/lazy_placeholder.gif\"                       alt=\"Journ\u00e9e marche sportive \u00e0 Charroux le 13 mai 2025\"                       title=\"Journ\u00e9e marche sportive \u00e0 Charroux le 13 mai 2025\" \/>                <\/div>                <div class=\"\">                                  <\/div>              <\/div>            <\/div>            <div class=\"bwg-title1\"><div class=\"bwg-title2\">Journ\u00e9e marche sportive \u00e0 Charroux le 13 mai 2025<\/div><\/div>          <\/a>        <\/div>                <div class=\"bwg-item\">          <a class=\"bwg-a bwg-album bwg_album_1\"             href='\/index.php?rest_route=%2Fwp%2Fv2%2Fpages%2F4823&#038;type_1=gallery&#038;album_gallery_id_1=1061'                          data-container_id=\"bwg_album_compact_1\"             data-def_type=\"gallery\"             data-album_gallery_id=\"64\"             data-alb_gal_id=\"1061\"             data-title=\"Rando 1\/2 journ\u00e9e \u00e0 Verneuil en Bourbonnais le 13 mai 2025\"             data-bwg=\"1\">                        <div class=\"bwg-item0 lazy_loader\">              <div class=\"bwg-item1 \">                <div class=\"bwg-item2\">                  <img decoding=\"async\" class=\"skip-lazy  bwg_lazyload \"                       data-width=\"500.00\"                       data-height=\"281.00\"                       data-src=\"https:\/\/vichyrando.org\/wp-content\/uploads\/photo-gallery\/thumb\/2025-05-13-Verneuil04.jpg?bwg=1747597055\"                       src=\"https:\/\/vichyrando.org\/wp-content\/plugins\/photo-gallery\/images\/lazy_placeholder.gif\"                       alt=\"Rando 1\/2 journ\u00e9e \u00e0 Verneuil en Bourbonnais le 13 mai 2025\"                       title=\"Rando 1\/2 journ\u00e9e \u00e0 Verneuil en Bourbonnais le 13 mai 2025\" \/>                <\/div>                <div class=\"\">                                  <\/div>              <\/div>            <\/div>            <div class=\"bwg-title1\"><div class=\"bwg-title2\">Rando 1\/2 journ\u00e9e \u00e0 Verneuil en Bourbonnais le 13 mai 2025<\/div><\/div>          <\/a>        <\/div>                <div class=\"bwg-item\">          <a class=\"bwg-a bwg-album bwg_album_1\"             href='\/index.php?rest_route=%2Fwp%2Fv2%2Fpages%2F4823&#038;type_1=gallery&#038;album_gallery_id_1=1062'                          data-container_id=\"bwg_album_compact_1\"             data-def_type=\"gallery\"             data-album_gallery_id=\"64\"             data-alb_gal_id=\"1062\"             data-title=\"Mini rando au Vernet le 15 mai 2025\"             data-bwg=\"1\">                        <div class=\"bwg-item0 lazy_loader\">              <div class=\"bwg-item1 \">                <div class=\"bwg-item2\">                  <img decoding=\"async\" class=\"skip-lazy  bwg_lazyload \"                       data-width=\"500.00\"                       data-height=\"281.00\"                       data-src=\"https:\/\/vichyrando.org\/wp-content\/uploads\/photo-gallery\/thumb\/2025-05-15-LeVernet06.jpg?bwg=1747597145\"                       src=\"https:\/\/vichyrando.org\/wp-content\/plugins\/photo-gallery\/images\/lazy_placeholder.gif\"                       alt=\"Mini rando au Vernet le 15 mai 2025\"                       title=\"Mini rando au Vernet le 15 mai 2025\" \/>                <\/div>                <div class=\"\">                                  <\/div>              <\/div>            <\/div>            <div class=\"bwg-title1\"><div class=\"bwg-title2\">Mini rando au Vernet le 15 mai 2025<\/div><\/div>          <\/a>        <\/div>                <div class=\"bwg-item\">          <a class=\"bwg-a bwg-album bwg_album_1\"             href='\/index.php?rest_route=%2Fwp%2Fv2%2Fpages%2F4823&#038;type_1=gallery&#038;album_gallery_id_1=1063'                          data-container_id=\"bwg_album_compact_1\"             data-def_type=\"gallery\"             data-album_gallery_id=\"64\"             data-alb_gal_id=\"1063\"             data-title=\"Rando 1\/2 journ\u00e9e \u00e0 Arfeuilles le 15 mai 2025\"             data-bwg=\"1\">                        <div class=\"bwg-item0 lazy_loader\">              <div class=\"bwg-item1 \">                <div class=\"bwg-item2\">                  <img decoding=\"async\" class=\"skip-lazy  bwg_lazyload \"                       data-width=\"500.00\"                       data-height=\"323.00\"                       data-src=\"https:\/\/vichyrando.org\/wp-content\/uploads\/photo-gallery\/thumb\/2025-05-15-Arfeuilles01.jpg?bwg=1747597233\"                       src=\"https:\/\/vichyrando.org\/wp-content\/plugins\/photo-gallery\/images\/lazy_placeholder.gif\"                       alt=\"Rando 1\/2 journ\u00e9e \u00e0 Arfeuilles le 15 mai 2025\"                       title=\"Rando 1\/2 journ\u00e9e \u00e0 Arfeuilles le 15 mai 2025\" \/>                <\/div>                <div class=\"\">                                  <\/div>              <\/div>            <\/div>            <div class=\"bwg-title1\"><div class=\"bwg-title2\">Rando 1\/2 journ\u00e9e \u00e0 Arfeuilles le 15 mai 2025<\/div><\/div>          <\/a>        <\/div>                <div class=\"bwg-item\">          <a class=\"bwg-a bwg-album bwg_album_1\"             href='\/index.php?rest_route=%2Fwp%2Fv2%2Fpages%2F4823&#038;type_1=gallery&#038;album_gallery_id_1=1064'                          data-container_id=\"bwg_album_compact_1\"             data-def_type=\"gallery\"             data-album_gallery_id=\"64\"             data-alb_gal_id=\"1064\"             data-title=\"Rando sant\u00e9 \u00e0 Abrest rive gauche le 19 mai 2025\"             data-bwg=\"1\">                        <div class=\"bwg-item0 lazy_loader\">              <div class=\"bwg-item1 \">                <div class=\"bwg-item2\">                  <img decoding=\"async\" class=\"skip-lazy  bwg_lazyload \"                       data-width=\"500.00\"                       data-height=\"265.00\"                       data-src=\"https:\/\/vichyrando.org\/wp-content\/uploads\/photo-gallery\/thumb\/2025-05-19-Abrest01.jpg?bwg=1747655657\"                       src=\"https:\/\/vichyrando.org\/wp-content\/plugins\/photo-gallery\/images\/lazy_placeholder.gif\"                       alt=\"Rando sant\u00e9 \u00e0 Abrest rive gauche le 19 mai 2025\"                       title=\"Rando sant\u00e9 \u00e0 Abrest rive gauche le 19 mai 2025\" \/>                <\/div>                <div class=\"\">                                  <\/div>              <\/div>            <\/div>            <div class=\"bwg-title1\"><div class=\"bwg-title2\">Rando sant\u00e9 \u00e0 Abrest rive gauche le 19 mai 2025<\/div><\/div>          <\/a>        <\/div>                <div class=\"bwg-item\">          <a class=\"bwg-a bwg-album bwg_album_1\"             href='\/index.php?rest_route=%2Fwp%2Fv2%2Fpages%2F4823&#038;type_1=gallery&#038;album_gallery_id_1=1065'                          data-container_id=\"bwg_album_compact_1\"             data-def_type=\"gallery\"             data-album_gallery_id=\"64\"             data-alb_gal_id=\"1065\"             data-title=\"Journ\u00e9e de coh\u00e9sion \u00e0 S-Cl\u00e9ment le 20 mai 2025 Rando de 8 km\"             data-bwg=\"1\">                        <div class=\"bwg-item0 lazy_loader\">              <div class=\"bwg-item1 \">                <div class=\"bwg-item2\">                  <img decoding=\"async\" class=\"skip-lazy  bwg_lazyload \"                       data-width=\"500.00\"                       data-height=\"165.00\"                       data-src=\"https:\/\/vichyrando.org\/wp-content\/uploads\/photo-gallery\/thumb\/2025-05-20-StClement04.jpg?bwg=1747950101\"                       src=\"https:\/\/vichyrando.org\/wp-content\/plugins\/photo-gallery\/images\/lazy_placeholder.gif\"                       alt=\"Journ\u00e9e de coh\u00e9sion \u00e0 S-Cl\u00e9ment le 20 mai 2025 Rando de 8 km\"                       title=\"Journ\u00e9e de coh\u00e9sion \u00e0 S-Cl\u00e9ment le 20 mai 2025 Rando de 8 km\" \/>                <\/div>                <div class=\"\">                                  <\/div>              <\/div>            <\/div>            <div class=\"bwg-title1\"><div class=\"bwg-title2\">Journ\u00e9e de coh\u00e9sion \u00e0 S-Cl\u00e9ment le 20 mai 2025 Rando de 8 km<\/div><\/div>          <\/a>        <\/div>                <div class=\"bwg-item\">          <a class=\"bwg-a bwg-album bwg_album_1\"             href='\/index.php?rest_route=%2Fwp%2Fv2%2Fpages%2F4823&#038;type_1=gallery&#038;album_gallery_id_1=1066'                          data-container_id=\"bwg_album_compact_1\"             data-def_type=\"gallery\"             data-album_gallery_id=\"64\"             data-alb_gal_id=\"1066\"             data-title=\"Journ\u00e9e de coh\u00e9sion \u00e0 St Cl\u00e9ment le 20 mai 2025 Rando de 12 km\"             data-bwg=\"1\">                        <div class=\"bwg-item0 lazy_loader\">              <div class=\"bwg-item1 \">                <div class=\"bwg-item2\">                  <img decoding=\"async\" class=\"skip-lazy  bwg_lazyload \"                       data-width=\"500.00\"                       data-height=\"281.00\"                       data-src=\"https:\/\/vichyrando.org\/wp-content\/uploads\/photo-gallery\/thumb\/2025-05-20-StClementB20.jpg?bwg=1747950212\"                       src=\"https:\/\/vichyrando.org\/wp-content\/plugins\/photo-gallery\/images\/lazy_placeholder.gif\"                       alt=\"Journ\u00e9e de coh\u00e9sion \u00e0 St Cl\u00e9ment le 20 mai 2025 Rando de 12 km\"                       title=\"Journ\u00e9e de coh\u00e9sion \u00e0 St Cl\u00e9ment le 20 mai 2025 Rando de 12 km\" \/>                <\/div>                <div class=\"\">                                  <\/div>              <\/div>            <\/div>            <div class=\"bwg-title1\"><div class=\"bwg-title2\">Journ\u00e9e de coh\u00e9sion \u00e0 St Cl\u00e9ment le 20 mai 2025 Rando de 12 km<\/div><\/div>          <\/a>        <\/div>                <div class=\"bwg-item\">          <a class=\"bwg-a bwg-album bwg_album_1\"             href='\/index.php?rest_route=%2Fwp%2Fv2%2Fpages%2F4823&#038;type_1=gallery&#038;album_gallery_id_1=1067'                          data-container_id=\"bwg_album_compact_1\"             data-def_type=\"gallery\"             data-album_gallery_id=\"64\"             data-alb_gal_id=\"1067\"             data-title=\"Journ\u00e9e de coh\u00e9sion \u00e0 St Cl\u00e9ment le 20 mai 2025 Rando de 15 km\"             data-bwg=\"1\">                        <div class=\"bwg-item0 lazy_loader\">              <div class=\"bwg-item1 \">                <div class=\"bwg-item2\">                  <img decoding=\"async\" class=\"skip-lazy  bwg_lazyload \"                       data-width=\"500.00\"                       data-height=\"225.00\"                       data-src=\"https:\/\/vichyrando.org\/wp-content\/uploads\/photo-gallery\/thumb\/2025-05-20-StClementC12.jpg?bwg=1747950310\"                       src=\"https:\/\/vichyrando.org\/wp-content\/plugins\/photo-gallery\/images\/lazy_placeholder.gif\"                       alt=\"Journ\u00e9e de coh\u00e9sion \u00e0 St Cl\u00e9ment le 20 mai 2025 Rando de 15 km\"                       title=\"Journ\u00e9e de coh\u00e9sion \u00e0 St Cl\u00e9ment le 20 mai 2025 Rando de 15 km\" \/>                <\/div>                <div class=\"\">                                  <\/div>              <\/div>            <\/div>            <div class=\"bwg-title1\"><div class=\"bwg-title2\">Journ\u00e9e de coh\u00e9sion \u00e0 St Cl\u00e9ment le 20 mai 2025 Rando de 15 km<\/div><\/div>          <\/a>        <\/div>                <div class=\"bwg-item\">          <a class=\"bwg-a bwg-album bwg_album_1\"             href='\/index.php?rest_route=%2Fwp%2Fv2%2Fpages%2F4823&#038;type_1=gallery&#038;album_gallery_id_1=1068'                          data-container_id=\"bwg_album_compact_1\"             data-def_type=\"gallery\"             data-album_gallery_id=\"64\"             data-alb_gal_id=\"1068\"             data-title=\"Journ\u00e9e de coh\u00e9sion \u00e0 St Cl\u00e9ment le 20 mai 2025 Ap\u00e9ro et repas\"             data-bwg=\"1\">                        <div class=\"bwg-item0 lazy_loader\">              <div class=\"bwg-item1 \">                <div class=\"bwg-item2\">                  <img decoding=\"async\" class=\"skip-lazy  bwg_lazyload \"                       data-width=\"500.00\"                       data-height=\"262.00\"                       data-src=\"https:\/\/vichyrando.org\/wp-content\/uploads\/photo-gallery\/thumb\/2025-05-20-StClementD26.jpg?bwg=1747950391\"                       src=\"https:\/\/vichyrando.org\/wp-content\/plugins\/photo-gallery\/images\/lazy_placeholder.gif\"                       alt=\"Journ\u00e9e de coh\u00e9sion \u00e0 St Cl\u00e9ment le 20 mai 2025 Ap\u00e9ro et repas\"                       title=\"Journ\u00e9e de coh\u00e9sion \u00e0 St Cl\u00e9ment le 20 mai 2025 Ap\u00e9ro et repas\" \/>                <\/div>                <div class=\"\">                                  <\/div>              <\/div>            <\/div>            <div class=\"bwg-title1\"><div class=\"bwg-title2\">Journ\u00e9e de coh\u00e9sion \u00e0 St Cl\u00e9ment le 20 mai 2025 Ap\u00e9ro et repas<\/div><\/div>          <\/a>        <\/div>                <div class=\"bwg-item\">          <a class=\"bwg-a bwg-album bwg_album_1\"             href='\/index.php?rest_route=%2Fwp%2Fv2%2Fpages%2F4823&#038;type_1=gallery&#038;album_gallery_id_1=1069'                          data-container_id=\"bwg_album_compact_1\"             data-def_type=\"gallery\"             data-album_gallery_id=\"64\"             data-alb_gal_id=\"1069\"             data-title=\"Mini rando \u00e0 Arronnes le 22 mai 2025\"             data-bwg=\"1\">                        <div class=\"bwg-item0 lazy_loader\">              <div class=\"bwg-item1 \">                <div class=\"bwg-item2\">                  <img decoding=\"async\" class=\"skip-lazy  bwg_lazyload \"                       data-width=\"500.00\"                       data-height=\"281.00\"                       data-src=\"https:\/\/vichyrando.org\/wp-content\/uploads\/photo-gallery\/thumb\/2025-05-22-Arronnes07.jpg?bwg=1747985491\"                       src=\"https:\/\/vichyrando.org\/wp-content\/plugins\/photo-gallery\/images\/lazy_placeholder.gif\"                       alt=\"Mini rando \u00e0 Arronnes le 22 mai 2025\"                       title=\"Mini rando \u00e0 Arronnes le 22 mai 2025\" \/>                <\/div>                <div class=\"\">                                  <\/div>              <\/div>            <\/div>            <div class=\"bwg-title1\"><div class=\"bwg-title2\">Mini rando \u00e0 Arronnes le 22 mai 2025<\/div><\/div>          <\/a>        <\/div>                <div class=\"bwg-item\">          <a class=\"bwg-a bwg-album bwg_album_1\"             href='\/index.php?rest_route=%2Fwp%2Fv2%2Fpages%2F4823&#038;type_1=gallery&#038;album_gallery_id_1=1070'                          data-container_id=\"bwg_album_compact_1\"             data-def_type=\"gallery\"             data-album_gallery_id=\"64\"             data-alb_gal_id=\"1070\"             data-title=\"Rando 1\/2 journ\u00e9e \u00e0 Arfeuilles le 22 mai 2025\"             data-bwg=\"1\">                        <div class=\"bwg-item0 lazy_loader\">              <div class=\"bwg-item1 \">                <div class=\"bwg-item2\">                  <img decoding=\"async\" class=\"skip-lazy  bwg_lazyload \"                       data-width=\"500.00\"                       data-height=\"294.00\"                       data-src=\"https:\/\/vichyrando.org\/wp-content\/uploads\/photo-gallery\/thumb\/2025-05-22-Arfeuilles03.jpg?bwg=1748016862\"                       src=\"https:\/\/vichyrando.org\/wp-content\/plugins\/photo-gallery\/images\/lazy_placeholder.gif\"                       alt=\"Rando 1\/2 journ\u00e9e \u00e0 Arfeuilles le 22 mai 2025\"                       title=\"Rando 1\/2 journ\u00e9e \u00e0 Arfeuilles le 22 mai 2025\" \/>                <\/div>                <div class=\"\">                                  <\/div>              <\/div>            <\/div>            <div class=\"bwg-title1\"><div class=\"bwg-title2\">Rando 1\/2 journ\u00e9e \u00e0 Arfeuilles le 22 mai 2025<\/div><\/div>          <\/a>        <\/div>                <div class=\"bwg-item\">          <a class=\"bwg-a bwg-album bwg_album_1\"             href='\/index.php?rest_route=%2Fwp%2Fv2%2Fpages%2F4823&#038;type_1=gallery&#038;album_gallery_id_1=1071'                          data-container_id=\"bwg_album_compact_1\"             data-def_type=\"gallery\"             data-album_gallery_id=\"64\"             data-alb_gal_id=\"1071\"             data-title=\"Marche nordique \u00e0 Vendat le 24 mai 2025\"             data-bwg=\"1\">                        <div class=\"bwg-item0 lazy_loader\">              <div class=\"bwg-item1 \">                <div class=\"bwg-item2\">                  <img decoding=\"async\" class=\"skip-lazy  bwg_lazyload \"                       data-width=\"500.00\"                       data-height=\"230.00\"                       data-src=\"https:\/\/vichyrando.org\/wp-content\/uploads\/photo-gallery\/thumb\/2025-05-24-Vendat02.jpg?bwg=1748118051\"                       src=\"https:\/\/vichyrando.org\/wp-content\/plugins\/photo-gallery\/images\/lazy_placeholder.gif\"                       alt=\"Marche nordique \u00e0 Vendat le 24 mai 2025\"                       title=\"Marche nordique \u00e0 Vendat le 24 mai 2025\" \/>                <\/div>                <div class=\"\">                                  <\/div>              <\/div>            <\/div>            <div class=\"bwg-title1\"><div class=\"bwg-title2\">Marche nordique \u00e0 Vendat le 24 mai 2025<\/div><\/div>          <\/a>        <\/div>                <div class=\"bwg-item\">          <a class=\"bwg-a bwg-album bwg_album_1\"             href='\/index.php?rest_route=%2Fwp%2Fv2%2Fpages%2F4823&#038;type_1=gallery&#038;album_gallery_id_1=1072'                          data-container_id=\"bwg_album_compact_1\"             data-def_type=\"gallery\"             data-album_gallery_id=\"64\"             data-alb_gal_id=\"1072\"             data-title=\"Rando sant\u00e9 \u00e0 Saint Germain des Foss\u00e9s le 26 mai 2025\"             data-bwg=\"1\">                        <div class=\"bwg-item0 lazy_loader\">              <div class=\"bwg-item1 \">                <div class=\"bwg-item2\">                  <img decoding=\"async\" class=\"skip-lazy  bwg_lazyload \"                       data-width=\"500.00\"                       data-height=\"375.00\"                       data-src=\"https:\/\/vichyrando.org\/wp-content\/uploads\/photo-gallery\/thumb\/2025-05-26-StGermain01.jpg?bwg=1748422176\"                       src=\"https:\/\/vichyrando.org\/wp-content\/plugins\/photo-gallery\/images\/lazy_placeholder.gif\"                       alt=\"Rando sant\u00e9 \u00e0 Saint Germain des Foss\u00e9s le 26 mai 2025\"                       title=\"Rando sant\u00e9 \u00e0 Saint Germain des Foss\u00e9s le 26 mai 2025\" \/>                <\/div>                <div class=\"\">                                  <\/div>              <\/div>            <\/div>            <div class=\"bwg-title1\"><div class=\"bwg-title2\">Rando sant\u00e9 \u00e0 Saint Germain des Foss\u00e9s le 26 mai 2025<\/div><\/div>          <\/a>        <\/div>                <div class=\"bwg-item\">          <a class=\"bwg-a bwg-album bwg_album_1\"             href='\/index.php?rest_route=%2Fwp%2Fv2%2Fpages%2F4823&#038;type_1=gallery&#038;album_gallery_id_1=1073'                          data-container_id=\"bwg_album_compact_1\"             data-def_type=\"gallery\"             data-album_gallery_id=\"64\"             data-alb_gal_id=\"1073\"             data-title=\"Journ\u00e9e marche sportive \u00e0 Sauret Besserve (63) le 27 mai 2025\"             data-bwg=\"1\">                        <div class=\"bwg-item0 lazy_loader\">              <div class=\"bwg-item1 \">                <div class=\"bwg-item2\">                  <img decoding=\"async\" class=\"skip-lazy  bwg_lazyload \"                       data-width=\"500.00\"                       data-height=\"375.00\"                       data-src=\"https:\/\/vichyrando.org\/wp-content\/uploads\/photo-gallery\/thumb\/2025-05-27-Sauret11.jpg?bwg=1748422268\"                       src=\"https:\/\/vichyrando.org\/wp-content\/plugins\/photo-gallery\/images\/lazy_placeholder.gif\"                       alt=\"Journ\u00e9e marche sportive \u00e0 Sauret Besserve (63) le 27 mai 2025\"                       title=\"Journ\u00e9e marche sportive \u00e0 Sauret Besserve (63) le 27 mai 2025\" \/>                <\/div>                <div class=\"\">                                  <\/div>              <\/div>            <\/div>            <div class=\"bwg-title1\"><div class=\"bwg-title2\">Journ\u00e9e marche sportive \u00e0 Sauret Besserve (63) le 27 mai 2025<\/div><\/div>          <\/a>        <\/div>                <div class=\"bwg-item\">          <a class=\"bwg-a bwg-album bwg_album_1\"             href='\/index.php?rest_route=%2Fwp%2Fv2%2Fpages%2F4823&#038;type_1=gallery&#038;album_gallery_id_1=1074'                          data-container_id=\"bwg_album_compact_1\"             data-def_type=\"gallery\"             data-album_gallery_id=\"64\"             data-alb_gal_id=\"1074\"             data-title=\"Rando 1\/2 journ\u00e9e \u00e0 Ebreuil le 27 mai 2025\"             data-bwg=\"1\">                        <div class=\"bwg-item0 lazy_loader\">              <div class=\"bwg-item1 \">                <div class=\"bwg-item2\">                  <img decoding=\"async\" class=\"skip-lazy  bwg_lazyload \"                       data-width=\"500.00\"                       data-height=\"333.00\"                       data-src=\"https:\/\/vichyrando.org\/wp-content\/uploads\/photo-gallery\/thumb\/2025-05-27-Ebreuil27.jpg?bwg=1748782330\"                       src=\"https:\/\/vichyrando.org\/wp-content\/plugins\/photo-gallery\/images\/lazy_placeholder.gif\"                       alt=\"Rando 1\/2 journ\u00e9e \u00e0 Ebreuil le 27 mai 2025\"                       title=\"Rando 1\/2 journ\u00e9e \u00e0 Ebreuil le 27 mai 2025\" \/>                <\/div>                <div class=\"\">                                  <\/div>              <\/div>            <\/div>            <div class=\"bwg-title1\"><div class=\"bwg-title2\">Rando 1\/2 journ\u00e9e \u00e0 Ebreuil le 27 mai 2025<\/div><\/div>          <\/a>        <\/div>                <div class=\"bwg-item\">          <a class=\"bwg-a bwg-album bwg_album_1\"             href='\/index.php?rest_route=%2Fwp%2Fv2%2Fpages%2F4823&#038;type_1=gallery&#038;album_gallery_id_1=1076'                          data-container_id=\"bwg_album_compact_1\"             data-def_type=\"gallery\"             data-album_gallery_id=\"64\"             data-alb_gal_id=\"1076\"             data-title=\"Rando journ\u00e9e \u00e0 Loubeyrat le 29 mai 2025\"             data-bwg=\"1\">                        <div class=\"bwg-item0 lazy_loader\">              <div class=\"bwg-item1 \">                <div class=\"bwg-item2\">                  <img decoding=\"async\" class=\"skip-lazy  bwg_lazyload \"                       data-width=\"500.00\"                       data-height=\"375.00\"                       data-src=\"https:\/\/vichyrando.org\/wp-content\/uploads\/photo-gallery\/thumb\/2025-05-31-Loubeyrat01.jpg?bwg=1748782506\"                       src=\"https:\/\/vichyrando.org\/wp-content\/plugins\/photo-gallery\/images\/lazy_placeholder.gif\"                       alt=\"Rando journ\u00e9e \u00e0 Loubeyrat le 29 mai 2025\"                       title=\"Rando journ\u00e9e \u00e0 Loubeyrat le 29 mai 2025\" \/>                <\/div>                <div class=\"\">                                  <\/div>              <\/div>            <\/div>            <div class=\"bwg-title1\"><div class=\"bwg-title2\">Rando journ\u00e9e \u00e0 Loubeyrat le 29 mai 2025<\/div><\/div>          <\/a>        <\/div>                <div class=\"bwg-item\">          <a class=\"bwg-a bwg-album bwg_album_1\"             href='\/index.php?rest_route=%2Fwp%2Fv2%2Fpages%2F4823&#038;type_1=gallery&#038;album_gallery_id_1=1075'                          data-container_id=\"bwg_album_compact_1\"             data-def_type=\"gallery\"             data-album_gallery_id=\"64\"             data-alb_gal_id=\"1075\"             data-title=\"Marche nordique au Vernet le 31 mai 2025\"             data-bwg=\"1\">                        <div class=\"bwg-item0 lazy_loader\">              <div class=\"bwg-item1 \">                <div class=\"bwg-item2\">                  <img decoding=\"async\" class=\"skip-lazy  bwg_lazyload \"                       data-width=\"500.00\"                       data-height=\"225.00\"                       data-src=\"https:\/\/vichyrando.org\/wp-content\/uploads\/photo-gallery\/thumb\/2025-05-31-LeVernet02.jpg?bwg=1748782437\"                       src=\"https:\/\/vichyrando.org\/wp-content\/plugins\/photo-gallery\/images\/lazy_placeholder.gif\"                       alt=\"Marche nordique au Vernet le 31 mai 2025\"                       title=\"Marche nordique au Vernet le 31 mai 2025\" \/>                <\/div>                <div class=\"\">                                  <\/div>              <\/div>            <\/div>            <div class=\"bwg-title1\"><div class=\"bwg-title2\">Marche nordique au Vernet le 31 mai 2025<\/div><\/div>          <\/a>        <\/div>            <\/div>          <input type=\"hidden\" id=\"bwg_album_breadcrumb_1\" name=\"bwg_album_breadcrumb_1\" value='[{&quot;id&quot;:&quot;64&quot;,&quot;page&quot;:1}]' \/>    <style>      \/*pagination styles*\/      #bwg_container1_1 #bwg_container2_1 .tablenav-pages_1 {\t\t\t\ttext-align: center;\t\t\t\tfont-size: 12px;\t\t\t\tfont-family: Ubuntu;\t\t\t\tfont-weight: bold;\t\t\t\tcolor: #666666;\t\t\t\tmargin: 6px 0 4px;\t\t\t\tdisplay: block;      }      @media only screen and (max-width : 320px) {      #bwg_container1_1 #bwg_container2_1 .displaying-num_1 {     \t display: none;      }      }      #bwg_container1_1 #bwg_container2_1 .displaying-num_1 {\t\t\t\tfont-size: 12px;\t\t\t\tfont-family: Ubuntu;\t\t\t\tfont-weight: bold;\t\t\t\tcolor: #666666;\t\t\t\tmargin-right: 10px;\t\t\t\tvertical-align: middle;      }      #bwg_container1_1 #bwg_container2_1 .paging-input_1 {\t\t\t\tfont-size: 12px;\t\t\t\tfont-family: Ubuntu;\t\t\t\tfont-weight: bold;\t\t\t\tcolor: #666666;\t\t\t\tvertical-align: middle;      }      #bwg_container1_1 #bwg_container2_1 .tablenav-pages_1 a.disabled,      #bwg_container1_1 #bwg_container2_1 .tablenav-pages_1 a.disabled:hover,      #bwg_container1_1 #bwg_container2_1 .tablenav-pages_1 a.disabled:focus,\t\t\t#bwg_container1_1 #bwg_container2_1 .tablenav-pages_1 input.bwg_current_page {\t\t\t\tcursor: default;\t\t\t\tcolor: rgba(102, 102, 102, 0.5);      }      #bwg_container1_1 #bwg_container2_1 .tablenav-pages_1 a,      #bwg_container1_1 #bwg_container2_1 .tablenav-pages_1 input.bwg_current_page {\t\t\t\tcursor: pointer;\t\t\t\ttext-align: center;\t\t\t\tfont-size: 12px;\t\t\t\tfont-family: Ubuntu;\t\t\t\tfont-weight: bold;\t\t\t\tcolor: #666666;\t\t\t\ttext-decoration: none;\t\t\t\tpadding: 3px 6px;\t\t\t\tmargin: 0;\t\t\t\tborder-radius: 0;\t\t\t\tborder-style: solid;\t\t\t\tborder-width: 1px;\t\t\t\tborder-color: #E3E3E3;\t\t\t\t\t\t\t\tbackground-color: rgba(255, 255, 255, 1.00);\t\t\t\tbox-shadow: 0;\t\t\t\ttransition: all 0.3s ease 0s;-webkit-transition: all 0.3s ease 0s;      }      <\/style>      <span class=\"bwg_nav_cont_1\">              <div class=\"tablenav-pages_1\">                  <\/div>                <input type=\"hidden\" id=\"page_number_1\" name=\"page_number_1\" value=\"1\" \/>      <script type=\"text\/javascript\">        if( jQuery('.bwg_nav_cont_1').length > 1 ) {          jQuery('.bwg_nav_cont_1').first().remove()        }        function spider_page_1(cur, x, y, load_more) {          if (typeof load_more == \"undefined\") {            var load_more = false;          }          if (jQuery(cur).hasClass('disabled')) {            return false;          }          var items_county_1 = 1;          switch (y) {            case 1:              if (x >= items_county_1) {                document.getElementById('page_number_1').value = items_county_1;              }              else {                document.getElementById('page_number_1').value = x + 1;              }              break;            case 2:              document.getElementById('page_number_1').value = items_county_1;              break;            case -1:              if (x == 1) {                document.getElementById('page_number_1').value = 1;              }              else {                document.getElementById('page_number_1').value = x - 1;              }              break;            case -2:              document.getElementById('page_number_1').value = 1;              break;\t\t\t\t\t\tcase 0:              document.getElementById('page_number_1').value = x;              break;            default:              document.getElementById('page_number_1').value = 1;          }          bwg_ajax('gal_front_form_1', '1', 'bwg_album_compact_1', '64', '', 'album', 0, '', '', load_more, '', 1);        }                    jQuery('.first-page-1').on('click', function () {              spider_page_1(this, 1, -2, 'numeric');              return false;            });            jQuery('.prev-page-1').on('click', function () {              spider_page_1(this, 1, -1, 'numeric');              return false;            });            jQuery('.next-page-1').on('click', function () {              spider_page_1(this, 1, 1, 'numeric');              return false;            });            jQuery('.last-page-1').on('click', function () {              spider_page_1(this, 1, 2, 'numeric');              return false;            });        \t\t\t\t\/* Change page on input enter. *\/        function bwg_change_page_1( e, that ) {          if (  e.key == 'Enter' ) {            var to_page = parseInt(jQuery(that).val());            var pages_count = jQuery(that).parents(\".pagination-links\").data(\"pages-count\");            var current_url_param = jQuery(that).attr('data-url-info');            if (to_page > pages_count) {              to_page = 1;            }\t \t\t\t\t\t\t\t\t\t\t\t\tspider_page_1(this, to_page, 0, 'numeric');\t\t\t\t\t\t\treturn false;\t\t\t\t\t\t          }          return true;        }        jQuery('.bwg_load_btn_1').on('click', function () {            spider_page_1(this, 1, 1, true);            return false;        });      <\/script>      <\/span>                <\/div>        <\/form>        <style>          #bwg_container1_1 #bwg_container2_1 #spider_popup_overlay_1 {          background-color: #EEEEEE;          opacity: 0.60;          }          <\/style>        <div id=\"bwg_spider_popup_loading_1\" class=\"bwg_spider_popup_loading\"><\/div>        <div id=\"spider_popup_overlay_1\" class=\"spider_popup_overlay\" onclick=\"spider_destroypopup(1000)\"><\/div>        <input type=\"hidden\" id=\"bwg_random_seed_1\" value=\"2122920026\">                <\/div>    <\/div>    <script>      if (document.readyState === 'complete') {        if( typeof bwg_main_ready == 'function' ) {          if ( jQuery(\"#bwg_container1_1\").height() ) {            bwg_main_ready(jQuery(\"#bwg_container1_1\"));          }        }      } else {        document.addEventListener('DOMContentLoaded', function() {          if( typeof bwg_main_ready == 'function' ) {            if ( jQuery(\"#bwg_container1_1\").height() ) {             bwg_main_ready(jQuery(\"#bwg_container1_1\"));            }          }        });      }    <\/script>    \t\t<\/div>\n\t\t\t\t<\/div>\n\t\t\t\t\t<\/div>\n\t\t<\/div>\n\t\t\t\t\t<\/div>\n\t\t<\/section>\n\t\t\t\t<section class=\"elementor-section elementor-top-section elementor-element elementor-element-eaeaa5b elementor-section-boxed elementor-section-height-default elementor-section-height-default\" data-id=\"eaeaa5b\" data-element_type=\"section\">\n\t\t\t\t\t\t<div class=\"elementor-container elementor-column-gap-default\">\n\t\t\t\t\t<div class=\"elementor-column elementor-col-100 elementor-top-column elementor-element elementor-element-2787d3f\" data-id=\"2787d3f\" data-element_type=\"column\">\n\t\t\t<div class=\"elementor-widget-wrap elementor-element-populated\">\n\t\t\t\t\t\t<div class=\"elementor-element elementor-element-daa03c9 elementor-widget elementor-widget-bwg-elementor\" data-id=\"daa03c9\" data-element_type=\"widget\" data-widget_type=\"bwg-elementor.default\">\n\t\t\t\t<div class=\"elementor-widget-container\">\n\t\t\t<style id=\"bwg-style-2\">    #bwg_container1_2 #bwg_container2_2 .bwg-container-2.bwg-album-thumbnails {    width: 1254px;    justify-content: center;            justify-content: center;        margin:0 auto !important;          background-color: rgba(255, 255, 255, 0.00);          padding-left: 4px;      padding-top: 4px;      max-width: 100%;          }        #bwg_container1_2 #bwg_container2_2 .bwg-container-2.bwg-album-thumbnails .bwg-item {    justify-content: flex-start;    max-width: 250px;        }    #bwg_container1_2 #bwg_container2_2 .bwg-container-2.bwg-album-thumbnails .bwg-item a {      margin-right: 4px;      margin-bottom: 4px;    }    #bwg_container1_2 #bwg_container2_2 .bwg-container-2.bwg-album-thumbnails .bwg-item0 {      padding: 0px;            background-color:rgba(0,0,0, 0.30);      border: 0px none #CCCCCC;      opacity: 1.00;      border-radius: 0;      box-shadow: 0px 0px 0px #888888;    }    #bwg_container1_2 #bwg_container2_2 .bwg-container-2.bwg-album-thumbnails .bwg-item1 img {      max-height: none;      max-width: none;      padding: 0 !important;    }          @media only screen and (min-width: 480px) {      #bwg_container1_2 #bwg_container2_2 .bwg-container-2.bwg-album-thumbnails .bwg-item1 img {      -webkit-transition: all .3s; transition: all .3s;      }      #bwg_container1_2 #bwg_container2_2 .bwg-container-2.bwg-album-thumbnails .bwg-item1 img:hover {        -ms-transform: scale(1.08);        -webkit-transform: scale(1.08);        transform: scale(1.08);      }            }          #bwg_container1_2 #bwg_container2_2 .bwg-container-2.bwg-album-thumbnails .bwg-item1 {      padding-top: 56%;    }        #bwg_container1_2 #bwg_container2_2 .bwg-container-2.bwg-album-thumbnails .bwg-title2 {      color: #323A45;      font-family: Ubuntu;      font-size: 16px;      font-weight: bold;      padding: 2px;      text-shadow: 0px 0px 0px #888888;      max-height: 100%;    }        #bwg_container1_2 #bwg_container2_2 .bwg-container-2.bwg-standard-thumbnails {      width: 1254px;              justify-content: center;        margin:0 auto !important;              background-color: rgba(255, 255, 255, 0.00);            padding-left: 4px;      padding-top: 4px;      max-width: 100%;            }        #bwg_container1_2 #bwg_container2_2 .bwg-container-2.bwg-standard-thumbnails .bwg-item {    justify-content: flex-start;      max-width: 250px;          }    #bwg_container1_2 #bwg_container2_2 .bwg-container-2.bwg-standard-thumbnails .bwg-item a {       margin-right: 4px;       margin-bottom: 4px;    }    #bwg_container1_2 #bwg_container2_2 .bwg-container-2.bwg-standard-thumbnails .bwg-item0 {      padding: 0px;            background-color:rgba(0,0,0, 0.30);      border: 0px none #CCCCCC;      opacity: 1.00;      border-radius: 0;      box-shadow: 0px 0px 0px #888888;    }    #bwg_container1_2 #bwg_container2_2 .bwg-container-2.bwg-standard-thumbnails .bwg-item1 img {      max-height: none;      max-width: none;      padding: 0 !important;    }         @media only screen and (min-width: 480px) {\t\t#bwg_container1_2 #bwg_container2_2 .bwg-container-2.bwg-standard-thumbnails .bwg-item1 img {\t\t\t-webkit-transition: all .3s; transition: all .3s;\t\t}\t\t#bwg_container1_2 #bwg_container2_2 .bwg-container-2.bwg-standard-thumbnails .bwg-item1 img:hover {\t\t\t-ms-transform: scale(1.08);\t\t\t-webkit-transform: scale(1.08);\t\t\ttransform: scale(1.08);\t\t}\t\t      }\t    #bwg_container1_2 #bwg_container2_2 .bwg-container-2.bwg-standard-thumbnails .bwg-item1 {      padding-top: 56%;    }        #bwg_container1_2 #bwg_container2_2 .bwg-container-2.bwg-standard-thumbnails .bwg-title2,    #bwg_container1_2 #bwg_container2_2 .bwg-container-2.bwg-standard-thumbnails .bwg-ecommerce2 {      color: #323A45;      font-family: Ubuntu;      font-size: 16px;      font-weight: bold;      padding: 2px;      text-shadow: 0px 0px 0px #888888;      max-height: 100%;    }    #bwg_container1_2 #bwg_container2_2 .bwg-container-2.bwg-standard-thumbnails .bwg-thumb-description span {    color: #323A45;    font-family: Ubuntu;    font-size: 12px;    max-height: 100%;    word-wrap: break-word;    }    #bwg_container1_2 #bwg_container2_2 .bwg-container-2.bwg-standard-thumbnails .bwg-play-icon2 {      font-size: 32px;    }    #bwg_container1_2 #bwg_container2_2 .bwg-container-2.bwg-standard-thumbnails .bwg-ecommerce2 {      font-size: 19.2px;      color: #323A45;    }    <\/style>    <div id=\"bwg_container1_2\"         class=\"bwg_container bwg_thumbnail bwg_album_compact_preview bwg_thumbnail\"         data-right-click-protection=\"0\"         data-bwg=\"2\"         data-scroll=\"0\"         data-gallery-type=\"album_compact_preview\"         data-gallery-view-type=\"thumbnail\"         data-current-url=\"\/index.php?rest_route=%2Fwp%2Fv2%2Fpages%2F4823\"         data-lightbox-url=\"https:\/\/vichyrando.org\/wp-admin\/admin-ajax.php?action=GalleryBox&#038;current_view=2&#038;gallery_id=0&#038;tag=0&#038;theme_id=1&#038;shortcode_id=1250&#038;sort_by=order&#038;order_by=asc&#038;current_url=%2Findex.php%3Frest_route%3D%252Fwp%252Fv2%252Fpages%252F4823\"         data-gallery-id=\"0\"         data-popup-width=\"800\"         data-popup-height=\"500\"         data-is-album=\"album\"         data-buttons-position=\"bottom\">      <div id=\"bwg_container2_2\">             <div id=\"ajax_loading_2\" class=\"bwg_loading_div_1\">      <div class=\"bwg_loading_div_2\">        <div class=\"bwg_loading_div_3\">          <div id=\"loading_div_2\" class=\"bwg_spider_ajax_loading\">          <\/div>        <\/div>      <\/div>    <\/div>            <form id=\"gal_front_form_2\"              class=\"bwg-hidden\"              method=\"post\"              action=\"#\"              data-current=\"2\"              data-shortcode-id=\"1250\"              data-gallery-type=\"album_compact_preview\"              data-gallery-id=\"0\"              data-tag=\"0\"              data-album-id=\"63\"              data-theme-id=\"1\"              data-ajax-url=\"https:\/\/vichyrando.org\/wp-admin\/admin-ajax.php?action=bwg_frontend_data\">          <div id=\"bwg_container3_2\" class=\"bwg-background bwg-background-2\">            <style>        #bwg_container1_2 #bwg_container2_2 .bwg_gal_title_2 {          display: block;          padding: 0 2px 2px 2px;          background-color: rgba(0, 0, 0, 0);          line-height: 20px;          font-family: Ubuntu;          font-size: 18px;          font-weight: bold;          color: #323A45;          text-shadow: 0px 0px 0px #888888;          text-align: center;        }        #bwg_container1_2 #bwg_container2_2 .bwg_gal_description_2 {          margin: 20px 0;          word-break: break-word;          text-align: justify;          font-size: 15px;          font-weight: unset;        }        <\/style>        <div class=\"bwg_gal_title_2\">Avril 2025<\/div>            <div data-max-count=\"5\"         data-thumbnail-width=\"250\"         data-bwg=\"2\"         id=\"bwg_album_compact_2\"         class=\"bwg-thumbnails bwg-container bwg-container-2 bwg-album-thumbnails bwg_album_thumbnails_2\">              <div class=\"bwg-item\">          <a class=\"bwg-a bwg-album bwg_album_2\"             href='\/index.php?rest_route=%2Fwp%2Fv2%2Fpages%2F4823&#038;type_2=gallery&#038;album_gallery_id_2=1032'                          data-container_id=\"bwg_album_compact_2\"             data-def_type=\"gallery\"             data-album_gallery_id=\"63\"             data-alb_gal_id=\"1032\"             data-title=\"Rando 1\/2 journ\u00e9e \u00e0 Nizerolles le 1 avril 2025\"             data-bwg=\"2\">                        <div class=\"bwg-item0 lazy_loader\">              <div class=\"bwg-item1 \">                <div class=\"bwg-item2\">                  <img decoding=\"async\" class=\"skip-lazy  bwg_lazyload \"                       data-width=\"500.00\"                       data-height=\"225.00\"                       data-src=\"https:\/\/vichyrando.org\/wp-content\/uploads\/photo-gallery\/thumb\/2025-04-01-Nizerolles06.jpg?bwg=1743782259\"                       src=\"https:\/\/vichyrando.org\/wp-content\/plugins\/photo-gallery\/images\/lazy_placeholder.gif\"                       alt=\"Rando 1\/2 journ\u00e9e \u00e0 Nizerolles le 1 avril 2025\"                       title=\"Rando 1\/2 journ\u00e9e \u00e0 Nizerolles le 1 avril 2025\" \/>                <\/div>                <div class=\"\">                                  <\/div>              <\/div>            <\/div>            <div class=\"bwg-title1\"><div class=\"bwg-title2\">Rando 1\/2 journ\u00e9e \u00e0 Nizerolles le 1 avril 2025<\/div><\/div>          <\/a>        <\/div>                <div class=\"bwg-item\">          <a class=\"bwg-a bwg-album bwg_album_2\"             href='\/index.php?rest_route=%2Fwp%2Fv2%2Fpages%2F4823&#038;type_2=gallery&#038;album_gallery_id_2=1033'                          data-container_id=\"bwg_album_compact_2\"             data-def_type=\"gallery\"             data-album_gallery_id=\"63\"             data-alb_gal_id=\"1033\"             data-title=\"Journ\u00e9e rando sportive \u00e0 Queuille (63) le 1 avril 2025\"             data-bwg=\"2\">                        <div class=\"bwg-item0 lazy_loader\">              <div class=\"bwg-item1 \">                <div class=\"bwg-item2\">                  <img decoding=\"async\" class=\"skip-lazy  bwg_lazyload \"                       data-width=\"500.00\"                       data-height=\"372.00\"                       data-src=\"https:\/\/vichyrando.org\/wp-content\/uploads\/photo-gallery\/thumb\/2025-04-01-Queuille11.jpg?bwg=1743782339\"                       src=\"https:\/\/vichyrando.org\/wp-content\/plugins\/photo-gallery\/images\/lazy_placeholder.gif\"                       alt=\"Journ\u00e9e rando sportive \u00e0 Queuille (63) le 1 avril 2025\"                       title=\"Journ\u00e9e rando sportive \u00e0 Queuille (63) le 1 avril 2025\" \/>                <\/div>                <div class=\"\">                                  <\/div>              <\/div>            <\/div>            <div class=\"bwg-title1\"><div class=\"bwg-title2\">Journ\u00e9e rando sportive \u00e0 Queuille (63) le 1 avril 2025<\/div><\/div>          <\/a>        <\/div>                <div class=\"bwg-item\">          <a class=\"bwg-a bwg-album bwg_album_2\"             href='\/index.php?rest_route=%2Fwp%2Fv2%2Fpages%2F4823&#038;type_2=gallery&#038;album_gallery_id_2=1034'                          data-container_id=\"bwg_album_compact_2\"             data-def_type=\"gallery\"             data-album_gallery_id=\"63\"             data-alb_gal_id=\"1034\"             data-title=\"Mini rando \u00e0 Isserpent le 3 avril 2025\"             data-bwg=\"2\">                        <div class=\"bwg-item0 lazy_loader\">              <div class=\"bwg-item1 \">                <div class=\"bwg-item2\">                  <img decoding=\"async\" class=\"skip-lazy  bwg_lazyload \"                       data-width=\"500.00\"                       data-height=\"375.00\"                       data-src=\"https:\/\/vichyrando.org\/wp-content\/uploads\/photo-gallery\/thumb\/2025-04-03-Isserpent10.jpg?bwg=1743782420\"                       src=\"https:\/\/vichyrando.org\/wp-content\/plugins\/photo-gallery\/images\/lazy_placeholder.gif\"                       alt=\"Mini rando \u00e0 Isserpent le 3 avril 2025\"                       title=\"Mini rando \u00e0 Isserpent le 3 avril 2025\" \/>                <\/div>                <div class=\"\">                                  <\/div>              <\/div>            <\/div>            <div class=\"bwg-title1\"><div class=\"bwg-title2\">Mini rando \u00e0 Isserpent le 3 avril 2025<\/div><\/div>          <\/a>        <\/div>                <div class=\"bwg-item\">          <a class=\"bwg-a bwg-album bwg_album_2\"             href='\/index.php?rest_route=%2Fwp%2Fv2%2Fpages%2F4823&#038;type_2=gallery&#038;album_gallery_id_2=1035'                          data-container_id=\"bwg_album_compact_2\"             data-def_type=\"gallery\"             data-album_gallery_id=\"63\"             data-alb_gal_id=\"1035\"             data-title=\"Rando journ\u00e9e \u00e0 Ch\u00e9rier (42) le 3 avril 2025\"             data-bwg=\"2\">                        <div class=\"bwg-item0 lazy_loader\">              <div class=\"bwg-item1 \">                <div class=\"bwg-item2\">                  <img decoding=\"async\" class=\"skip-lazy  bwg_lazyload \"                       data-width=\"500.00\"                       data-height=\"225.00\"                       data-src=\"https:\/\/vichyrando.org\/wp-content\/uploads\/photo-gallery\/thumb\/2025-04-03-Cherier12.jpg?bwg=1743782500\"                       src=\"https:\/\/vichyrando.org\/wp-content\/plugins\/photo-gallery\/images\/lazy_placeholder.gif\"                       alt=\"Rando journ\u00e9e \u00e0 Ch\u00e9rier (42) le 3 avril 2025\"                       title=\"Rando journ\u00e9e \u00e0 Ch\u00e9rier (42) le 3 avril 2025\" \/>                <\/div>                <div class=\"\">                                  <\/div>              <\/div>            <\/div>            <div class=\"bwg-title1\"><div class=\"bwg-title2\">Rando journ\u00e9e \u00e0 Ch\u00e9rier (42) le 3 avril 2025<\/div><\/div>          <\/a>        <\/div>                <div class=\"bwg-item\">          <a class=\"bwg-a bwg-album bwg_album_2\"             href='\/index.php?rest_route=%2Fwp%2Fv2%2Fpages%2F4823&#038;type_2=gallery&#038;album_gallery_id_2=1036'                          data-container_id=\"bwg_album_compact_2\"             data-def_type=\"gallery\"             data-album_gallery_id=\"63\"             data-alb_gal_id=\"1036\"             data-title=\"R\u00e9union du CA et des animateurs \u00e0 St Sylvestre Pragoulin le 4 avril 2025\"             data-bwg=\"2\">                        <div class=\"bwg-item0 lazy_loader\">              <div class=\"bwg-item1 \">                <div class=\"bwg-item2\">                  <img decoding=\"async\" class=\"skip-lazy  bwg_lazyload \"                       data-width=\"500.00\"                       data-height=\"282.00\"                       data-src=\"https:\/\/vichyrando.org\/wp-content\/uploads\/photo-gallery\/thumb\/2025-04-04-ReunionAnim02.jpg?bwg=1743858748\"                       src=\"https:\/\/vichyrando.org\/wp-content\/plugins\/photo-gallery\/images\/lazy_placeholder.gif\"                       alt=\"R\u00e9union du CA et des animateurs \u00e0 St Sylvestre Pragoulin le 4 avril 2025\"                       title=\"R\u00e9union du CA et des animateurs \u00e0 St Sylvestre Pragoulin le 4 avril 2025\" \/>                <\/div>                <div class=\"\">                                  <\/div>              <\/div>            <\/div>            <div class=\"bwg-title1\"><div class=\"bwg-title2\">R\u00e9union du CA et des animateurs \u00e0 St Sylvestre Pragoulin le 4 avril 2025<\/div><\/div>          <\/a>        <\/div>                <div class=\"bwg-item\">          <a class=\"bwg-a bwg-album bwg_album_2\"             href='\/index.php?rest_route=%2Fwp%2Fv2%2Fpages%2F4823&#038;type_2=gallery&#038;album_gallery_id_2=1037'                          data-container_id=\"bwg_album_compact_2\"             data-def_type=\"gallery\"             data-album_gallery_id=\"63\"             data-alb_gal_id=\"1037\"             data-title=\"Marche nordique \u00e0 St Germain des Foss\u00e9s le 5 avril 2025\"             data-bwg=\"2\">                        <div class=\"bwg-item0 lazy_loader\">              <div class=\"bwg-item1 \">                <div class=\"bwg-item2\">                  <img decoding=\"async\" class=\"skip-lazy  bwg_lazyload \"                       data-width=\"500.00\"                       data-height=\"280.00\"                       data-src=\"https:\/\/vichyrando.org\/wp-content\/uploads\/photo-gallery\/thumb\/2025-04-05-StGermain01.jpg?bwg=1743858930\"                       src=\"https:\/\/vichyrando.org\/wp-content\/plugins\/photo-gallery\/images\/lazy_placeholder.gif\"                       alt=\"Marche nordique \u00e0 St Germain des Foss\u00e9s le 5 avril 2025\"                       title=\"Marche nordique \u00e0 St Germain des Foss\u00e9s le 5 avril 2025\" \/>                <\/div>                <div class=\"\">                                  <\/div>              <\/div>            <\/div>            <div class=\"bwg-title1\"><div class=\"bwg-title2\">Marche nordique \u00e0 St Germain des Foss\u00e9s le 5 avril 2025<\/div><\/div>          <\/a>        <\/div>                <div class=\"bwg-item\">          <a class=\"bwg-a bwg-album bwg_album_2\"             href='\/index.php?rest_route=%2Fwp%2Fv2%2Fpages%2F4823&#038;type_2=gallery&#038;album_gallery_id_2=1038'                          data-container_id=\"bwg_album_compact_2\"             data-def_type=\"gallery\"             data-album_gallery_id=\"63\"             data-alb_gal_id=\"1038\"             data-title=\"Journ\u00e9e marche sportive \u00e0 Le Quartier (63) le 8 avril 2025\"             data-bwg=\"2\">                        <div class=\"bwg-item0 lazy_loader\">              <div class=\"bwg-item1 \">                <div class=\"bwg-item2\">                  <img decoding=\"async\" class=\"skip-lazy  bwg_lazyload \"                       data-width=\"500.00\"                       data-height=\"338.00\"                       data-src=\"https:\/\/vichyrando.org\/wp-content\/uploads\/photo-gallery\/thumb\/2025-04-08-LeQuartier07.jpg?bwg=1744274871\"                       src=\"https:\/\/vichyrando.org\/wp-content\/plugins\/photo-gallery\/images\/lazy_placeholder.gif\"                       alt=\"Journ\u00e9e marche sportive \u00e0 Le Quartier (63) le 8 avril 2025\"                       title=\"Journ\u00e9e marche sportive \u00e0 Le Quartier (63) le 8 avril 2025\" \/>                <\/div>                <div class=\"\">                                  <\/div>              <\/div>            <\/div>            <div class=\"bwg-title1\"><div class=\"bwg-title2\">Journ\u00e9e marche sportive \u00e0 Le Quartier (63) le 8 avril 2025<\/div><\/div>          <\/a>        <\/div>                <div class=\"bwg-item\">          <a class=\"bwg-a bwg-album bwg_album_2\"             href='\/index.php?rest_route=%2Fwp%2Fv2%2Fpages%2F4823&#038;type_2=gallery&#038;album_gallery_id_2=1039'                          data-container_id=\"bwg_album_compact_2\"             data-def_type=\"gallery\"             data-album_gallery_id=\"63\"             data-alb_gal_id=\"1039\"             data-title=\"Rando 1\/2 journ\u00e9e \u00e0 Ch\u00e4tel Guyon (63) le 8 avril 2025\"             data-bwg=\"2\">                        <div class=\"bwg-item0 lazy_loader\">              <div class=\"bwg-item1 \">                <div class=\"bwg-item2\">                  <img decoding=\"async\" class=\"skip-lazy  bwg_lazyload \"                       data-width=\"500.00\"                       data-height=\"225.00\"                       data-src=\"https:\/\/vichyrando.org\/wp-content\/uploads\/photo-gallery\/thumb\/2025-04-08-ChatelG09.jpg?bwg=1744274993\"                       src=\"https:\/\/vichyrando.org\/wp-content\/plugins\/photo-gallery\/images\/lazy_placeholder.gif\"                       alt=\"Rando 1\/2 journ\u00e9e \u00e0 Ch\u00e4tel Guyon (63) le 8 avril 2025\"                       title=\"Rando 1\/2 journ\u00e9e \u00e0 Ch\u00e4tel Guyon (63) le 8 avril 2025\" \/>                <\/div>                <div class=\"\">                                  <\/div>              <\/div>            <\/div>            <div class=\"bwg-title1\"><div class=\"bwg-title2\">Rando 1\/2 journ\u00e9e \u00e0 Ch\u00e4tel Guyon (63) le 8 avril 2025<\/div><\/div>          <\/a>        <\/div>                <div class=\"bwg-item\">          <a class=\"bwg-a bwg-album bwg_album_2\"             href='\/index.php?rest_route=%2Fwp%2Fv2%2Fpages%2F4823&#038;type_2=gallery&#038;album_gallery_id_2=1040'                          data-container_id=\"bwg_album_compact_2\"             data-def_type=\"gallery\"             data-album_gallery_id=\"63\"             data-alb_gal_id=\"1040\"             data-title=\"Rando 1\/2 journ\u00e9e \u00e0 Ch\u00e2tel Montagne le 10 avril 2025\"             data-bwg=\"2\">                        <div class=\"bwg-item0 lazy_loader\">              <div class=\"bwg-item1 \">                <div class=\"bwg-item2\">                  <img decoding=\"async\" class=\"skip-lazy  bwg_lazyload \"                       data-width=\"500.00\"                       data-height=\"320.00\"                       data-src=\"https:\/\/vichyrando.org\/wp-content\/uploads\/photo-gallery\/thumb\/2025-04-10-ChatelMontagne06.jpg?bwg=1744373757\"                       src=\"https:\/\/vichyrando.org\/wp-content\/plugins\/photo-gallery\/images\/lazy_placeholder.gif\"                       alt=\"Rando 1\/2 journ\u00e9e \u00e0 Ch\u00e2tel Montagne le 10 avril 2025\"                       title=\"Rando 1\/2 journ\u00e9e \u00e0 Ch\u00e2tel Montagne le 10 avril 2025\" \/>                <\/div>                <div class=\"\">                                  <\/div>              <\/div>            <\/div>            <div class=\"bwg-title1\"><div class=\"bwg-title2\">Rando 1\/2 journ\u00e9e \u00e0 Ch\u00e2tel Montagne le 10 avril 2025<\/div><\/div>          <\/a>        <\/div>                <div class=\"bwg-item\">          <a class=\"bwg-a bwg-album bwg_album_2\"             href='\/index.php?rest_route=%2Fwp%2Fv2%2Fpages%2F4823&#038;type_2=gallery&#038;album_gallery_id_2=1041'                          data-container_id=\"bwg_album_compact_2\"             data-def_type=\"gallery\"             data-album_gallery_id=\"63\"             data-alb_gal_id=\"1041\"             data-title=\"Rando sant\u00e9 \u00e0 Hauterive le 13 avril 2025\"             data-bwg=\"2\">                        <div class=\"bwg-item0 lazy_loader\">              <div class=\"bwg-item1 \">                <div class=\"bwg-item2\">                  <img decoding=\"async\" class=\"skip-lazy  bwg_lazyload \"                       data-width=\"500.00\"                       data-height=\"333.00\"                       data-src=\"https:\/\/vichyrando.org\/wp-content\/uploads\/photo-gallery\/thumb\/2025-04-13-Hauterive07.jpg?bwg=1744797166\"                       src=\"https:\/\/vichyrando.org\/wp-content\/plugins\/photo-gallery\/images\/lazy_placeholder.gif\"                       alt=\"Rando sant\u00e9 \u00e0 Hauterive le 13 avril 2025\"                       title=\"Rando sant\u00e9 \u00e0 Hauterive le 13 avril 2025\" \/>                <\/div>                <div class=\"\">                                  <\/div>              <\/div>            <\/div>            <div class=\"bwg-title1\"><div class=\"bwg-title2\">Rando sant\u00e9 \u00e0 Hauterive le 13 avril 2025<\/div><\/div>          <\/a>        <\/div>                <div class=\"bwg-item\">          <a class=\"bwg-a bwg-album bwg_album_2\"             href='\/index.php?rest_route=%2Fwp%2Fv2%2Fpages%2F4823&#038;type_2=gallery&#038;album_gallery_id_2=1042'                          data-container_id=\"bwg_album_compact_2\"             data-def_type=\"gallery\"             data-album_gallery_id=\"63\"             data-alb_gal_id=\"1042\"             data-title=\"Assembl\u00e9e g\u00e9n\u00e9rale de Vichy Rando \u00e0 Vichy le 13 avril 2025\"             data-bwg=\"2\">                        <div class=\"bwg-item0 lazy_loader\">              <div class=\"bwg-item1 \">                <div class=\"bwg-item2\">                  <img decoding=\"async\" class=\"skip-lazy  bwg_lazyload \"                       data-width=\"500.00\"                       data-height=\"260.00\"                       data-src=\"https:\/\/vichyrando.org\/wp-content\/uploads\/photo-gallery\/thumb\/2025-04-13-AG06.jpg?bwg=1744797250\"                       src=\"https:\/\/vichyrando.org\/wp-content\/plugins\/photo-gallery\/images\/lazy_placeholder.gif\"                       alt=\"Assembl\u00e9e g\u00e9n\u00e9rale de Vichy Rando \u00e0 Vichy le 13 avril 2025\"                       title=\"Assembl\u00e9e g\u00e9n\u00e9rale de Vichy Rando \u00e0 Vichy le 13 avril 2025\" \/>                <\/div>                <div class=\"\">                                  <\/div>              <\/div>            <\/div>            <div class=\"bwg-title1\"><div class=\"bwg-title2\">Assembl\u00e9e g\u00e9n\u00e9rale de Vichy Rando \u00e0 Vichy le 13 avril 2025<\/div><\/div>          <\/a>        <\/div>                <div class=\"bwg-item\">          <a class=\"bwg-a bwg-album bwg_album_2\"             href='\/index.php?rest_route=%2Fwp%2Fv2%2Fpages%2F4823&#038;type_2=gallery&#038;album_gallery_id_2=1043'                          data-container_id=\"bwg_album_compact_2\"             data-def_type=\"gallery\"             data-album_gallery_id=\"63\"             data-alb_gal_id=\"1043\"             data-title=\"Rando 1\/2 journ\u00e9e \u00e0 Contigny le 15 avril 2025\"             data-bwg=\"2\">                        <div class=\"bwg-item0 lazy_loader\">              <div class=\"bwg-item1 \">                <div class=\"bwg-item2\">                  <img decoding=\"async\" class=\"skip-lazy  bwg_lazyload \"                       data-width=\"500.00\"                       data-height=\"281.00\"                       data-src=\"https:\/\/vichyrando.org\/wp-content\/uploads\/photo-gallery\/thumb\/2025-04-14-Contigny07.jpg?bwg=1744797348\"                       src=\"https:\/\/vichyrando.org\/wp-content\/plugins\/photo-gallery\/images\/lazy_placeholder.gif\"                       alt=\"Rando 1\/2 journ\u00e9e \u00e0 Contigny le 15 avril 2025\"                       title=\"Rando 1\/2 journ\u00e9e \u00e0 Contigny le 15 avril 2025\" \/>                <\/div>                <div class=\"\">                                  <\/div>              <\/div>            <\/div>            <div class=\"bwg-title1\"><div class=\"bwg-title2\">Rando 1\/2 journ\u00e9e \u00e0 Contigny le 15 avril 2025<\/div><\/div>          <\/a>        <\/div>                <div class=\"bwg-item\">          <a class=\"bwg-a bwg-album bwg_album_2\"             href='\/index.php?rest_route=%2Fwp%2Fv2%2Fpages%2F4823&#038;type_2=gallery&#038;album_gallery_id_2=1044'                          data-container_id=\"bwg_album_compact_2\"             data-def_type=\"gallery\"             data-album_gallery_id=\"63\"             data-alb_gal_id=\"1044\"             data-title=\"Journ\u00e9e marche sportive et d\u00e9balisage de la rando Agora \u00e0 Busset le 15 avril 2025\"             data-bwg=\"2\">                        <div class=\"bwg-item0 lazy_loader\">              <div class=\"bwg-item1 \">                <div class=\"bwg-item2\">                  <img decoding=\"async\" class=\"skip-lazy  bwg_lazyload \"                       data-width=\"500.00\"                       data-height=\"225.00\"                       data-src=\"https:\/\/vichyrando.org\/wp-content\/uploads\/photo-gallery\/thumb\/2025-04-14-Busset12.jpg?bwg=1744797454\"                       src=\"https:\/\/vichyrando.org\/wp-content\/plugins\/photo-gallery\/images\/lazy_placeholder.gif\"                       alt=\"Journ\u00e9e marche sportive et d\u00e9balisage de la rando Agora \u00e0 Busset le 15 avril 2025\"                       title=\"Journ\u00e9e marche sportive et d\u00e9balisage de la rando Agora \u00e0 Busset le 15 avril 2025\" \/>                <\/div>                <div class=\"\">                                  <\/div>              <\/div>            <\/div>            <div class=\"bwg-title1\"><div class=\"bwg-title2\">Journ\u00e9e marche sportive et d\u00e9balisage de la rando Agora \u00e0 Busset le 15 avril 2025<\/div><\/div>          <\/a>        <\/div>                <div class=\"bwg-item\">          <a class=\"bwg-a bwg-album bwg_album_2\"             href='\/index.php?rest_route=%2Fwp%2Fv2%2Fpages%2F4823&#038;type_2=gallery&#038;album_gallery_id_2=1045'                          data-container_id=\"bwg_album_compact_2\"             data-def_type=\"gallery\"             data-album_gallery_id=\"63\"             data-alb_gal_id=\"1045\"             data-title=\"Mini rando \u00e0 Molles le 17 avril 2025\"             data-bwg=\"2\">                        <div class=\"bwg-item0 lazy_loader\">              <div class=\"bwg-item1 \">                <div class=\"bwg-item2\">                  <img decoding=\"async\" class=\"skip-lazy  bwg_lazyload \"                       data-width=\"500.00\"                       data-height=\"375.00\"                       data-src=\"https:\/\/vichyrando.org\/wp-content\/uploads\/photo-gallery\/thumb\/2025-04-17-Molles10.jpg?bwg=1744897026\"                       src=\"https:\/\/vichyrando.org\/wp-content\/plugins\/photo-gallery\/images\/lazy_placeholder.gif\"                       alt=\"Mini rando \u00e0 Molles le 17 avril 2025\"                       title=\"Mini rando \u00e0 Molles le 17 avril 2025\" \/>                <\/div>                <div class=\"\">                                  <\/div>              <\/div>            <\/div>            <div class=\"bwg-title1\"><div class=\"bwg-title2\">Mini rando \u00e0 Molles le 17 avril 2025<\/div><\/div>          <\/a>        <\/div>                <div class=\"bwg-item\">          <a class=\"bwg-a bwg-album bwg_album_2\"             href='\/index.php?rest_route=%2Fwp%2Fv2%2Fpages%2F4823&#038;type_2=gallery&#038;album_gallery_id_2=1046'                          data-container_id=\"bwg_album_compact_2\"             data-def_type=\"gallery\"             data-album_gallery_id=\"63\"             data-alb_gal_id=\"1046\"             data-title=\"Rando 1\/2 journ\u00e9e \u00e0 Lalizolle le 17 avril 2025\"             data-bwg=\"2\">                        <div class=\"bwg-item0 lazy_loader\">              <div class=\"bwg-item1 \">                <div class=\"bwg-item2\">                  <img decoding=\"async\" class=\"skip-lazy  bwg_lazyload \"                       data-width=\"500.00\"                       data-height=\"375.00\"                       data-src=\"https:\/\/vichyrando.org\/wp-content\/uploads\/photo-gallery\/thumb\/2025-04-17-Lalizolle02.jpg?bwg=1745009559\"                       src=\"https:\/\/vichyrando.org\/wp-content\/plugins\/photo-gallery\/images\/lazy_placeholder.gif\"                       alt=\"Rando 1\/2 journ\u00e9e \u00e0 Lalizolle le 17 avril 2025\"                       title=\"Rando 1\/2 journ\u00e9e \u00e0 Lalizolle le 17 avril 2025\" \/>                <\/div>                <div class=\"\">                                  <\/div>              <\/div>            <\/div>            <div class=\"bwg-title1\"><div class=\"bwg-title2\">Rando 1\/2 journ\u00e9e \u00e0 Lalizolle le 17 avril 2025<\/div><\/div>          <\/a>        <\/div>                <div class=\"bwg-item\">          <a class=\"bwg-a bwg-album bwg_album_2\"             href='\/index.php?rest_route=%2Fwp%2Fv2%2Fpages%2F4823&#038;type_2=gallery&#038;album_gallery_id_2=1047'                          data-container_id=\"bwg_album_compact_2\"             data-def_type=\"gallery\"             data-album_gallery_id=\"63\"             data-alb_gal_id=\"1047\"             data-title=\"Marche nordique \u00e0 St R\u00e9my en Rollat le 19 avril 2025\"             data-bwg=\"2\">                        <div class=\"bwg-item0 lazy_loader\">              <div class=\"bwg-item1 \">                <div class=\"bwg-item2\">                  <img decoding=\"async\" class=\"skip-lazy  bwg_lazyload \"                       data-width=\"500.00\"                       data-height=\"225.00\"                       data-src=\"https:\/\/vichyrando.org\/wp-content\/uploads\/photo-gallery\/thumb\/2025-04-19-StRemy01.jpg?bwg=1745068943\"                       src=\"https:\/\/vichyrando.org\/wp-content\/plugins\/photo-gallery\/images\/lazy_placeholder.gif\"                       alt=\"Marche nordique \u00e0 St R\u00e9my en Rollat le 19 avril 2025\"                       title=\"Marche nordique \u00e0 St R\u00e9my en Rollat le 19 avril 2025\" \/>                <\/div>                <div class=\"\">                                  <\/div>              <\/div>            <\/div>            <div class=\"bwg-title1\"><div class=\"bwg-title2\">Marche nordique \u00e0 St R\u00e9my en Rollat le 19 avril 2025<\/div><\/div>          <\/a>        <\/div>                <div class=\"bwg-item\">          <a class=\"bwg-a bwg-album bwg_album_2\"             href='\/index.php?rest_route=%2Fwp%2Fv2%2Fpages%2F4823&#038;type_2=gallery&#038;album_gallery_id_2=1048'                          data-container_id=\"bwg_album_compact_2\"             data-def_type=\"gallery\"             data-album_gallery_id=\"63\"             data-alb_gal_id=\"1048\"             data-title=\"Rando 1\/2 journ\u00e9e \u00e0 B\u00e8gues le 22 avril 2025\"             data-bwg=\"2\">                        <div class=\"bwg-item0 lazy_loader\">              <div class=\"bwg-item1 \">                <div class=\"bwg-item2\">                  <img decoding=\"async\" class=\"skip-lazy  bwg_lazyload \"                       data-width=\"500.00\"                       data-height=\"375.00\"                       data-src=\"https:\/\/vichyrando.org\/wp-content\/uploads\/photo-gallery\/thumb\/2025-04-22-Begues01.jpg?bwg=1745402527\"                       src=\"https:\/\/vichyrando.org\/wp-content\/plugins\/photo-gallery\/images\/lazy_placeholder.gif\"                       alt=\"Rando 1\/2 journ\u00e9e \u00e0 B\u00e8gues le 22 avril 2025\"                       title=\"Rando 1\/2 journ\u00e9e \u00e0 B\u00e8gues le 22 avril 2025\" \/>                <\/div>                <div class=\"\">                                  <\/div>              <\/div>            <\/div>            <div class=\"bwg-title1\"><div class=\"bwg-title2\">Rando 1\/2 journ\u00e9e \u00e0 B\u00e8gues le 22 avril 2025<\/div><\/div>          <\/a>        <\/div>                <div class=\"bwg-item\">          <a class=\"bwg-a bwg-album bwg_album_2\"             href='\/index.php?rest_route=%2Fwp%2Fv2%2Fpages%2F4823&#038;type_2=gallery&#038;album_gallery_id_2=1049'                          data-container_id=\"bwg_album_compact_2\"             data-def_type=\"gallery\"             data-album_gallery_id=\"63\"             data-alb_gal_id=\"1049\"             data-title=\"Mini rando au Mayet de Montagne le 24 avril 2025\"             data-bwg=\"2\">                        <div class=\"bwg-item0 lazy_loader\">              <div class=\"bwg-item1 \">                <div class=\"bwg-item2\">                  <img decoding=\"async\" class=\"skip-lazy  bwg_lazyload \"                       data-width=\"500.00\"                       data-height=\"231.00\"                       data-src=\"https:\/\/vichyrando.org\/wp-content\/uploads\/photo-gallery\/thumb\/2025-04-24-LeMayet03.jpg?bwg=1745667858\"                       src=\"https:\/\/vichyrando.org\/wp-content\/plugins\/photo-gallery\/images\/lazy_placeholder.gif\"                       alt=\"Mini rando au Mayet de Montagne le 24 avril 2025\"                       title=\"Mini rando au Mayet de Montagne le 24 avril 2025\" \/>                <\/div>                <div class=\"\">                                  <\/div>              <\/div>            <\/div>            <div class=\"bwg-title1\"><div class=\"bwg-title2\">Mini rando au Mayet de Montagne le 24 avril 2025<\/div><\/div>          <\/a>        <\/div>                <div class=\"bwg-item\">          <a class=\"bwg-a bwg-album bwg_album_2\"             href='\/index.php?rest_route=%2Fwp%2Fv2%2Fpages%2F4823&#038;type_2=gallery&#038;album_gallery_id_2=1050'                          data-container_id=\"bwg_album_compact_2\"             data-def_type=\"gallery\"             data-album_gallery_id=\"63\"             data-alb_gal_id=\"1050\"             data-title=\"Rando journ\u00e9e \u00e0 Mariol le 24 avril 2025\"             data-bwg=\"2\">                        <div class=\"bwg-item0 lazy_loader\">              <div class=\"bwg-item1 \">                <div class=\"bwg-item2\">                  <img decoding=\"async\" class=\"skip-lazy  bwg_lazyload \"                       data-width=\"500.00\"                       data-height=\"375.00\"                       data-src=\"https:\/\/vichyrando.org\/wp-content\/uploads\/photo-gallery\/thumb\/2025-04-24-Mariol01.jpg?bwg=1745667948\"                       src=\"https:\/\/vichyrando.org\/wp-content\/plugins\/photo-gallery\/images\/lazy_placeholder.gif\"                       alt=\"Rando journ\u00e9e \u00e0 Mariol le 24 avril 2025\"                       title=\"Rando journ\u00e9e \u00e0 Mariol le 24 avril 2025\" \/>                <\/div>                <div class=\"\">                                  <\/div>              <\/div>            <\/div>            <div class=\"bwg-title1\"><div class=\"bwg-title2\">Rando journ\u00e9e \u00e0 Mariol le 24 avril 2025<\/div><\/div>          <\/a>        <\/div>                <div class=\"bwg-item\">          <a class=\"bwg-a bwg-album bwg_album_2\"             href='\/index.php?rest_route=%2Fwp%2Fv2%2Fpages%2F4823&#038;type_2=gallery&#038;album_gallery_id_2=1051'                          data-container_id=\"bwg_album_compact_2\"             data-def_type=\"gallery\"             data-album_gallery_id=\"63\"             data-alb_gal_id=\"1051\"             data-title=\"Marche nordique \u00e0 Bellerive\/Allier le 26 avril 2025\"             data-bwg=\"2\">                        <div class=\"bwg-item0 lazy_loader\">              <div class=\"bwg-item1 \">                <div class=\"bwg-item2\">                  <img decoding=\"async\" class=\"skip-lazy  bwg_lazyload \"                       data-width=\"500.00\"                       data-height=\"287.00\"                       data-src=\"https:\/\/vichyrando.org\/wp-content\/uploads\/photo-gallery\/thumb\/2025-04-26-Bellerive01.jpg?bwg=1745685123\"                       src=\"https:\/\/vichyrando.org\/wp-content\/plugins\/photo-gallery\/images\/lazy_placeholder.gif\"                       alt=\"Marche nordique \u00e0 Bellerive\/Allier le 26 avril 2025\"                       title=\"Marche nordique \u00e0 Bellerive\/Allier le 26 avril 2025\" \/>                <\/div>                <div class=\"\">                                  <\/div>              <\/div>            <\/div>            <div class=\"bwg-title1\"><div class=\"bwg-title2\">Marche nordique \u00e0 Bellerive\/Allier le 26 avril 2025<\/div><\/div>          <\/a>        <\/div>                <div class=\"bwg-item\">          <a class=\"bwg-a bwg-album bwg_album_2\"             href='\/index.php?rest_route=%2Fwp%2Fv2%2Fpages%2F4823&#038;type_2=gallery&#038;album_gallery_id_2=1052'                          data-container_id=\"bwg_album_compact_2\"             data-def_type=\"gallery\"             data-album_gallery_id=\"63\"             data-alb_gal_id=\"1052\"             data-title=\"Rando sant\u00e9 \u00e0 Jenzat le 28 avril 2025\"             data-bwg=\"2\">                        <div class=\"bwg-item0 lazy_loader\">              <div class=\"bwg-item1 \">                <div class=\"bwg-item2\">                  <img decoding=\"async\" class=\"skip-lazy  bwg_lazyload \"                       data-width=\"500.00\"                       data-height=\"231.00\"                       data-src=\"https:\/\/vichyrando.org\/wp-content\/uploads\/photo-gallery\/thumb\/2025-04-29-Jenzat03.jpg?bwg=1745872279\"                       src=\"https:\/\/vichyrando.org\/wp-content\/plugins\/photo-gallery\/images\/lazy_placeholder.gif\"                       alt=\"Rando sant\u00e9 \u00e0 Jenzat le 28 avril 2025\"                       title=\"Rando sant\u00e9 \u00e0 Jenzat le 28 avril 2025\" \/>                <\/div>                <div class=\"\">                                  <\/div>              <\/div>            <\/div>            <div class=\"bwg-title1\"><div class=\"bwg-title2\">Rando sant\u00e9 \u00e0 Jenzat le 28 avril 2025<\/div><\/div>          <\/a>        <\/div>                <div class=\"bwg-item\">          <a class=\"bwg-a bwg-album bwg_album_2\"             href='\/index.php?rest_route=%2Fwp%2Fv2%2Fpages%2F4823&#038;type_2=gallery&#038;album_gallery_id_2=1053'                          data-container_id=\"bwg_album_compact_2\"             data-def_type=\"gallery\"             data-album_gallery_id=\"63\"             data-alb_gal_id=\"1053\"             data-title=\"Rando 1\/2 journ\u00e9e \u00e0 St Sylvestre Pragoulin (63) le 29 avril 2025\"             data-bwg=\"2\">                        <div class=\"bwg-item0 lazy_loader\">              <div class=\"bwg-item1 \">                <div class=\"bwg-item2\">                  <img decoding=\"async\" class=\"skip-lazy  bwg_lazyload \"                       data-width=\"500.00\"                       data-height=\"260.00\"                       data-src=\"https:\/\/vichyrando.org\/wp-content\/uploads\/photo-gallery\/thumb\/2025-04-29-StSylvestre04.jpg?bwg=1746131753\"                       src=\"https:\/\/vichyrando.org\/wp-content\/plugins\/photo-gallery\/images\/lazy_placeholder.gif\"                       alt=\"Rando 1\/2 journ\u00e9e \u00e0 St Sylvestre Pragoulin (63) le 29 avril 2025\"                       title=\"Rando 1\/2 journ\u00e9e \u00e0 St Sylvestre Pragoulin (63) le 29 avril 2025\" \/>                <\/div>                <div class=\"\">                                  <\/div>              <\/div>            <\/div>            <div class=\"bwg-title1\"><div class=\"bwg-title2\">Rando 1\/2 journ\u00e9e \u00e0 St Sylvestre Pragoulin (63) le 29 avril 2025<\/div><\/div>          <\/a>        <\/div>                <div class=\"bwg-item\">          <a class=\"bwg-a bwg-album bwg_album_2\"             href='\/index.php?rest_route=%2Fwp%2Fv2%2Fpages%2F4823&#038;type_2=gallery&#038;album_gallery_id_2=1054'                          data-container_id=\"bwg_album_compact_2\"             data-def_type=\"gallery\"             data-album_gallery_id=\"63\"             data-alb_gal_id=\"1054\"             data-title=\"Rando journ\u00e9e \u00e0 Ferri\u00e8res\/Sichon le 30 avril 2025\"             data-bwg=\"2\">                        <div class=\"bwg-item0 lazy_loader\">              <div class=\"bwg-item1 \">                <div class=\"bwg-item2\">                  <img decoding=\"async\" class=\"skip-lazy  bwg_lazyload \"                       data-width=\"500.00\"                       data-height=\"281.00\"                       data-src=\"https:\/\/vichyrando.org\/wp-content\/uploads\/photo-gallery\/thumb\/2025-04-30-Ferrieres23.jpg?bwg=1746131866\"                       src=\"https:\/\/vichyrando.org\/wp-content\/plugins\/photo-gallery\/images\/lazy_placeholder.gif\"                       alt=\"Rando journ\u00e9e \u00e0 Ferri\u00e8res\/Sichon le 30 avril 2025\"                       title=\"Rando journ\u00e9e \u00e0 Ferri\u00e8res\/Sichon le 30 avril 2025\" \/>                <\/div>                <div class=\"\">                                  <\/div>              <\/div>            <\/div>            <div class=\"bwg-title1\"><div class=\"bwg-title2\">Rando journ\u00e9e \u00e0 Ferri\u00e8res\/Sichon le 30 avril 2025<\/div><\/div>          <\/a>        <\/div>            <\/div>          <input type=\"hidden\" id=\"bwg_album_breadcrumb_2\" name=\"bwg_album_breadcrumb_2\" value='[{&quot;id&quot;:&quot;63&quot;,&quot;page&quot;:1}]' \/>    <style>      \/*pagination styles*\/      #bwg_container1_2 #bwg_container2_2 .tablenav-pages_2 {\t\t\t\ttext-align: center;\t\t\t\tfont-size: 12px;\t\t\t\tfont-family: Ubuntu;\t\t\t\tfont-weight: bold;\t\t\t\tcolor: #666666;\t\t\t\tmargin: 6px 0 4px;\t\t\t\tdisplay: block;      }      @media only screen and (max-width : 320px) {      #bwg_container1_2 #bwg_container2_2 .displaying-num_2 {     \t display: none;      }      }      #bwg_container1_2 #bwg_container2_2 .displaying-num_2 {\t\t\t\tfont-size: 12px;\t\t\t\tfont-family: Ubuntu;\t\t\t\tfont-weight: bold;\t\t\t\tcolor: #666666;\t\t\t\tmargin-right: 10px;\t\t\t\tvertical-align: middle;      }      #bwg_container1_2 #bwg_container2_2 .paging-input_2 {\t\t\t\tfont-size: 12px;\t\t\t\tfont-family: Ubuntu;\t\t\t\tfont-weight: bold;\t\t\t\tcolor: #666666;\t\t\t\tvertical-align: middle;      }      #bwg_container1_2 #bwg_container2_2 .tablenav-pages_2 a.disabled,      #bwg_container1_2 #bwg_container2_2 .tablenav-pages_2 a.disabled:hover,      #bwg_container1_2 #bwg_container2_2 .tablenav-pages_2 a.disabled:focus,\t\t\t#bwg_container1_2 #bwg_container2_2 .tablenav-pages_2 input.bwg_current_page {\t\t\t\tcursor: default;\t\t\t\tcolor: rgba(102, 102, 102, 0.5);      }      #bwg_container1_2 #bwg_container2_2 .tablenav-pages_2 a,      #bwg_container1_2 #bwg_container2_2 .tablenav-pages_2 input.bwg_current_page {\t\t\t\tcursor: pointer;\t\t\t\ttext-align: center;\t\t\t\tfont-size: 12px;\t\t\t\tfont-family: Ubuntu;\t\t\t\tfont-weight: bold;\t\t\t\tcolor: #666666;\t\t\t\ttext-decoration: none;\t\t\t\tpadding: 3px 6px;\t\t\t\tmargin: 0;\t\t\t\tborder-radius: 0;\t\t\t\tborder-style: solid;\t\t\t\tborder-width: 1px;\t\t\t\tborder-color: #E3E3E3;\t\t\t\t\t\t\t\tbackground-color: rgba(255, 255, 255, 1.00);\t\t\t\tbox-shadow: 0;\t\t\t\ttransition: all 0.3s ease 0s;-webkit-transition: all 0.3s ease 0s;      }      <\/style>      <span class=\"bwg_nav_cont_2\">              <div class=\"tablenav-pages_2\">                  <\/div>                <input type=\"hidden\" id=\"page_number_2\" name=\"page_number_2\" value=\"1\" \/>      <script type=\"text\/javascript\">        if( jQuery('.bwg_nav_cont_2').length > 1 ) {          jQuery('.bwg_nav_cont_2').first().remove()        }        function spider_page_2(cur, x, y, load_more) {          if (typeof load_more == \"undefined\") {            var load_more = false;          }          if (jQuery(cur).hasClass('disabled')) {            return false;          }          var items_county_2 = 1;          switch (y) {            case 1:              if (x >= items_county_2) {                document.getElementById('page_number_2').value = items_county_2;              }              else {                document.getElementById('page_number_2').value = x + 1;              }              break;            case 2:              document.getElementById('page_number_2').value = items_county_2;              break;            case -1:              if (x == 1) {                document.getElementById('page_number_2').value = 1;              }              else {                document.getElementById('page_number_2').value = x - 1;              }              break;            case -2:              document.getElementById('page_number_2').value = 1;              break;\t\t\t\t\t\tcase 0:              document.getElementById('page_number_2').value = x;              break;            default:              document.getElementById('page_number_2').value = 1;          }          bwg_ajax('gal_front_form_2', '2', 'bwg_album_compact_2', '63', '', 'album', 0, '', '', load_more, '', 1);        }                    jQuery('.first-page-2').on('click', function () {              spider_page_2(this, 1, -2, 'numeric');              return false;            });            jQuery('.prev-page-2').on('click', function () {              spider_page_2(this, 1, -1, 'numeric');              return false;            });            jQuery('.next-page-2').on('click', function () {              spider_page_2(this, 1, 1, 'numeric');              return false;            });            jQuery('.last-page-2').on('click', function () {              spider_page_2(this, 1, 2, 'numeric');              return false;            });        \t\t\t\t\/* Change page on input enter. *\/        function bwg_change_page_2( e, that ) {          if (  e.key == 'Enter' ) {            var to_page = parseInt(jQuery(that).val());            var pages_count = jQuery(that).parents(\".pagination-links\").data(\"pages-count\");            var current_url_param = jQuery(that).attr('data-url-info');            if (to_page > pages_count) {              to_page = 1;            }\t \t\t\t\t\t\t\t\t\t\t\t\tspider_page_2(this, to_page, 0, 'numeric');\t\t\t\t\t\t\treturn false;\t\t\t\t\t\t          }          return true;        }        jQuery('.bwg_load_btn_2').on('click', function () {            spider_page_2(this, 1, 1, true);            return false;        });      <\/script>      <\/span>                <\/div>        <\/form>        <style>          #bwg_container1_2 #bwg_container2_2 #spider_popup_overlay_2 {          background-color: #EEEEEE;          opacity: 0.60;          }          <\/style>        <div id=\"bwg_spider_popup_loading_2\" class=\"bwg_spider_popup_loading\"><\/div>        <div id=\"spider_popup_overlay_2\" class=\"spider_popup_overlay\" onclick=\"spider_destroypopup(1000)\"><\/div>        <input type=\"hidden\" id=\"bwg_random_seed_2\" value=\"995984283\">                <\/div>    <\/div>    <script>      if (document.readyState === 'complete') {        if( typeof bwg_main_ready == 'function' ) {          if ( jQuery(\"#bwg_container1_2\").height() ) {            bwg_main_ready(jQuery(\"#bwg_container1_2\"));          }        }      } else {        document.addEventListener('DOMContentLoaded', function() {          if( typeof bwg_main_ready == 'function' ) {            if ( jQuery(\"#bwg_container1_2\").height() ) {             bwg_main_ready(jQuery(\"#bwg_container1_2\"));            }          }        });      }    <\/script>    \t\t<\/div>\n\t\t\t\t<\/div>\n\t\t\t\t\t<\/div>\n\t\t<\/div>\n\t\t\t\t\t<\/div>\n\t\t<\/section>\n\t\t\t\t<section class=\"elementor-section elementor-top-section elementor-element elementor-element-dcbaf1f elementor-section-boxed elementor-section-height-default elementor-section-height-default\" data-id=\"dcbaf1f\" data-element_type=\"section\">\n\t\t\t\t\t\t<div class=\"elementor-container elementor-column-gap-default\">\n\t\t\t\t\t<div class=\"elementor-column elementor-col-100 elementor-top-column elementor-element elementor-element-9903231\" data-id=\"9903231\" data-element_type=\"column\">\n\t\t\t<div class=\"elementor-widget-wrap elementor-element-populated\">\n\t\t\t\t\t\t<div class=\"elementor-element elementor-element-70dd575 elementor-widget elementor-widget-bwg-elementor\" data-id=\"70dd575\" data-element_type=\"widget\" data-widget_type=\"bwg-elementor.default\">\n\t\t\t\t<div class=\"elementor-widget-container\">\n\t\t\t<style id=\"bwg-style-3\">    #bwg_container1_3 #bwg_container2_3 .bwg-container-3.bwg-album-thumbnails {    width: 1254px;    justify-content: center;            justify-content: center;        margin:0 auto !important;          background-color: rgba(255, 255, 255, 0.00);          padding-left: 4px;      padding-top: 4px;      max-width: 100%;          }        #bwg_container1_3 #bwg_container2_3 .bwg-container-3.bwg-album-thumbnails .bwg-item {    justify-content: flex-start;    max-width: 250px;        }    #bwg_container1_3 #bwg_container2_3 .bwg-container-3.bwg-album-thumbnails .bwg-item a {      margin-right: 4px;      margin-bottom: 4px;    }    #bwg_container1_3 #bwg_container2_3 .bwg-container-3.bwg-album-thumbnails .bwg-item0 {      padding: 0px;            background-color:rgba(0,0,0, 0.30);      border: 0px none #CCCCCC;      opacity: 1.00;      border-radius: 0;      box-shadow: 0px 0px 0px #888888;    }    #bwg_container1_3 #bwg_container2_3 .bwg-container-3.bwg-album-thumbnails .bwg-item1 img {      max-height: none;      max-width: none;      padding: 0 !important;    }          @media only screen and (min-width: 480px) {      #bwg_container1_3 #bwg_container2_3 .bwg-container-3.bwg-album-thumbnails .bwg-item1 img {      -webkit-transition: all .3s; transition: all .3s;      }      #bwg_container1_3 #bwg_container2_3 .bwg-container-3.bwg-album-thumbnails .bwg-item1 img:hover {        -ms-transform: scale(1.08);        -webkit-transform: scale(1.08);        transform: scale(1.08);      }            }          #bwg_container1_3 #bwg_container2_3 .bwg-container-3.bwg-album-thumbnails .bwg-item1 {      padding-top: 56%;    }        #bwg_container1_3 #bwg_container2_3 .bwg-container-3.bwg-album-thumbnails .bwg-title2 {      color: #323A45;      font-family: Ubuntu;      font-size: 16px;      font-weight: bold;      padding: 2px;      text-shadow: 0px 0px 0px #888888;      max-height: 100%;    }        #bwg_container1_3 #bwg_container2_3 .bwg-container-3.bwg-standard-thumbnails {      width: 1254px;              justify-content: center;        margin:0 auto !important;              background-color: rgba(255, 255, 255, 0.00);            padding-left: 4px;      padding-top: 4px;      max-width: 100%;            }        #bwg_container1_3 #bwg_container2_3 .bwg-container-3.bwg-standard-thumbnails .bwg-item {    justify-content: flex-start;      max-width: 250px;          }    #bwg_container1_3 #bwg_container2_3 .bwg-container-3.bwg-standard-thumbnails .bwg-item a {       margin-right: 4px;       margin-bottom: 4px;    }    #bwg_container1_3 #bwg_container2_3 .bwg-container-3.bwg-standard-thumbnails .bwg-item0 {      padding: 0px;            background-color:rgba(0,0,0, 0.30);      border: 0px none #CCCCCC;      opacity: 1.00;      border-radius: 0;      box-shadow: 0px 0px 0px #888888;    }    #bwg_container1_3 #bwg_container2_3 .bwg-container-3.bwg-standard-thumbnails .bwg-item1 img {      max-height: none;      max-width: none;      padding: 0 !important;    }         @media only screen and (min-width: 480px) {\t\t#bwg_container1_3 #bwg_container2_3 .bwg-container-3.bwg-standard-thumbnails .bwg-item1 img {\t\t\t-webkit-transition: all .3s; transition: all .3s;\t\t}\t\t#bwg_container1_3 #bwg_container2_3 .bwg-container-3.bwg-standard-thumbnails .bwg-item1 img:hover {\t\t\t-ms-transform: scale(1.08);\t\t\t-webkit-transform: scale(1.08);\t\t\ttransform: scale(1.08);\t\t}\t\t      }\t    #bwg_container1_3 #bwg_container2_3 .bwg-container-3.bwg-standard-thumbnails .bwg-item1 {      padding-top: 56%;    }        #bwg_container1_3 #bwg_container2_3 .bwg-container-3.bwg-standard-thumbnails .bwg-title2,    #bwg_container1_3 #bwg_container2_3 .bwg-container-3.bwg-standard-thumbnails .bwg-ecommerce2 {      color: #323A45;      font-family: Ubuntu;      font-size: 16px;      font-weight: bold;      padding: 2px;      text-shadow: 0px 0px 0px #888888;      max-height: 100%;    }    #bwg_container1_3 #bwg_container2_3 .bwg-container-3.bwg-standard-thumbnails .bwg-thumb-description span {    color: #323A45;    font-family: Ubuntu;    font-size: 12px;    max-height: 100%;    word-wrap: break-word;    }    #bwg_container1_3 #bwg_container2_3 .bwg-container-3.bwg-standard-thumbnails .bwg-play-icon2 {      font-size: 32px;    }    #bwg_container1_3 #bwg_container2_3 .bwg-container-3.bwg-standard-thumbnails .bwg-ecommerce2 {      font-size: 19.2px;      color: #323A45;    }    <\/style>    <div id=\"bwg_container1_3\"         class=\"bwg_container bwg_thumbnail bwg_album_compact_preview bwg_thumbnail\"         data-right-click-protection=\"0\"         data-bwg=\"3\"         data-scroll=\"0\"         data-gallery-type=\"album_compact_preview\"         data-gallery-view-type=\"thumbnail\"         data-current-url=\"\/index.php?rest_route=%2Fwp%2Fv2%2Fpages%2F4823\"         data-lightbox-url=\"https:\/\/vichyrando.org\/wp-admin\/admin-ajax.php?action=GalleryBox&#038;current_view=3&#038;gallery_id=0&#038;tag=0&#038;theme_id=1&#038;shortcode_id=1225&#038;sort_by=order&#038;order_by=asc&#038;current_url=%2Findex.php%3Frest_route%3D%252Fwp%252Fv2%252Fpages%252F4823\"         data-gallery-id=\"0\"         data-popup-width=\"800\"         data-popup-height=\"500\"         data-is-album=\"album\"         data-buttons-position=\"bottom\">      <div id=\"bwg_container2_3\">             <div id=\"ajax_loading_3\" class=\"bwg_loading_div_1\">      <div class=\"bwg_loading_div_2\">        <div class=\"bwg_loading_div_3\">          <div id=\"loading_div_3\" class=\"bwg_spider_ajax_loading\">          <\/div>        <\/div>      <\/div>    <\/div>            <form id=\"gal_front_form_3\"              class=\"bwg-hidden\"              method=\"post\"              action=\"#\"              data-current=\"3\"              data-shortcode-id=\"1225\"              data-gallery-type=\"album_compact_preview\"              data-gallery-id=\"0\"              data-tag=\"0\"              data-album-id=\"62\"              data-theme-id=\"1\"              data-ajax-url=\"https:\/\/vichyrando.org\/wp-admin\/admin-ajax.php?action=bwg_frontend_data\">          <div id=\"bwg_container3_3\" class=\"bwg-background bwg-background-3\">            <style>        #bwg_container1_3 #bwg_container2_3 .bwg_gal_title_3 {          display: block;          padding: 0 2px 2px 2px;          background-color: rgba(0, 0, 0, 0);          line-height: 20px;          font-family: Ubuntu;          font-size: 18px;          font-weight: bold;          color: #323A45;          text-shadow: 0px 0px 0px #888888;          text-align: center;        }        #bwg_container1_3 #bwg_container2_3 .bwg_gal_description_3 {          margin: 20px 0;          word-break: break-word;          text-align: justify;          font-size: 15px;          font-weight: unset;        }        <\/style>        <div class=\"bwg_gal_title_3\">Mars 2025<\/div>            <div data-max-count=\"5\"         data-thumbnail-width=\"250\"         data-bwg=\"3\"         id=\"bwg_album_compact_3\"         class=\"bwg-thumbnails bwg-container bwg-container-3 bwg-album-thumbnails bwg_album_thumbnails_3\">              <div class=\"bwg-item\">          <a class=\"bwg-a bwg-album bwg_album_3\"             href='\/index.php?rest_route=%2Fwp%2Fv2%2Fpages%2F4823&#038;type_3=gallery&#038;album_gallery_id_3=1009'                          data-container_id=\"bwg_album_compact_3\"             data-def_type=\"gallery\"             data-album_gallery_id=\"62\"             data-alb_gal_id=\"1009\"             data-title=\"Rando 1\/2 journ\u00e9e &quot;d\u00e9guis\u00e9e&quot; \u00e0 Gannat le 4 mars 2025\"             data-bwg=\"3\">                        <div class=\"bwg-item0 lazy_loader\">              <div class=\"bwg-item1 \">                <div class=\"bwg-item2\">                  <img decoding=\"async\" class=\"skip-lazy  bwg_lazyload \"                       data-width=\"500.00\"                       data-height=\"333.00\"                       data-src=\"https:\/\/vichyrando.org\/wp-content\/uploads\/photo-gallery\/thumb\/2025-03-04-Gannat01.jpg?bwg=1741339875\"                       src=\"https:\/\/vichyrando.org\/wp-content\/plugins\/photo-gallery\/images\/lazy_placeholder.gif\"                       alt=\"Rando 1\/2 journ\u00e9e &quot;d\u00e9guis\u00e9e&quot; \u00e0 Gannat le 4 mars 2025\"                       title=\"Rando 1\/2 journ\u00e9e &quot;d\u00e9guis\u00e9e&quot; \u00e0 Gannat le 4 mars 2025\" \/>                <\/div>                <div class=\"\">                                  <\/div>              <\/div>            <\/div>            <div class=\"bwg-title1\"><div class=\"bwg-title2\">Rando 1\/2 journ\u00e9e \"d\u00e9guis\u00e9e\" \u00e0 Gannat le 4 mars 2025<\/div><\/div>          <\/a>        <\/div>                <div class=\"bwg-item\">          <a class=\"bwg-a bwg-album bwg_album_3\"             href='\/index.php?rest_route=%2Fwp%2Fv2%2Fpages%2F4823&#038;type_3=gallery&#038;album_gallery_id_3=1010'                          data-container_id=\"bwg_album_compact_3\"             data-def_type=\"gallery\"             data-album_gallery_id=\"62\"             data-alb_gal_id=\"1010\"             data-title=\"Journ\u00e9e rando sportive \u00e0 Neuf Eglise (63) le 4 mars 2025\"             data-bwg=\"3\">                        <div class=\"bwg-item0 lazy_loader\">              <div class=\"bwg-item1 \">                <div class=\"bwg-item2\">                  <img decoding=\"async\" class=\"skip-lazy  bwg_lazyload \"                       data-width=\"500.00\"                       data-height=\"480.00\"                       data-src=\"https:\/\/vichyrando.org\/wp-content\/uploads\/photo-gallery\/thumb\/2025-03-04-NeufEglise05.jpg?bwg=1741340019\"                       src=\"https:\/\/vichyrando.org\/wp-content\/plugins\/photo-gallery\/images\/lazy_placeholder.gif\"                       alt=\"Journ\u00e9e rando sportive \u00e0 Neuf Eglise (63) le 4 mars 2025\"                       title=\"Journ\u00e9e rando sportive \u00e0 Neuf Eglise (63) le 4 mars 2025\" \/>                <\/div>                <div class=\"\">                                  <\/div>              <\/div>            <\/div>            <div class=\"bwg-title1\"><div class=\"bwg-title2\">Journ\u00e9e rando sportive \u00e0 Neuf Eglise (63) le 4 mars 2025<\/div><\/div>          <\/a>        <\/div>                <div class=\"bwg-item\">          <a class=\"bwg-a bwg-album bwg_album_3\"             href='\/index.php?rest_route=%2Fwp%2Fv2%2Fpages%2F4823&#038;type_3=gallery&#038;album_gallery_id_3=1011'                          data-container_id=\"bwg_album_compact_3\"             data-def_type=\"gallery\"             data-album_gallery_id=\"62\"             data-alb_gal_id=\"1011\"             data-title=\"Rando 1\/2 journ\u00e9e \u00e0 St Pont le 6 mars 2025\"             data-bwg=\"3\">                        <div class=\"bwg-item0 lazy_loader\">              <div class=\"bwg-item1 \">                <div class=\"bwg-item2\">                  <img decoding=\"async\" class=\"skip-lazy  bwg_lazyload \"                       data-width=\"500.00\"                       data-height=\"308.00\"                       data-src=\"https:\/\/vichyrando.org\/wp-content\/uploads\/photo-gallery\/thumb\/2025-03-06-StPont04.jpg?bwg=1741448770\"                       src=\"https:\/\/vichyrando.org\/wp-content\/plugins\/photo-gallery\/images\/lazy_placeholder.gif\"                       alt=\"Rando 1\/2 journ\u00e9e \u00e0 St Pont le 6 mars 2025\"                       title=\"Rando 1\/2 journ\u00e9e \u00e0 St Pont le 6 mars 2025\" \/>                <\/div>                <div class=\"\">                                  <\/div>              <\/div>            <\/div>            <div class=\"bwg-title1\"><div class=\"bwg-title2\">Rando 1\/2 journ\u00e9e \u00e0 St Pont le 6 mars 2025<\/div><\/div>          <\/a>        <\/div>                <div class=\"bwg-item\">          <a class=\"bwg-a bwg-album bwg_album_3\"             href='\/index.php?rest_route=%2Fwp%2Fv2%2Fpages%2F4823&#038;type_3=gallery&#038;album_gallery_id_3=1012'                          data-container_id=\"bwg_album_compact_3\"             data-def_type=\"gallery\"             data-album_gallery_id=\"62\"             data-alb_gal_id=\"1012\"             data-title=\"Marche nordique \u00e0 Vendat le 8 mars 2025\"             data-bwg=\"3\">                        <div class=\"bwg-item0 lazy_loader\">              <div class=\"bwg-item1 \">                <div class=\"bwg-item2\">                  <img decoding=\"async\" class=\"skip-lazy  bwg_lazyload \"                       data-width=\"500.00\"                       data-height=\"225.00\"                       data-src=\"https:\/\/vichyrando.org\/wp-content\/uploads\/photo-gallery\/thumb\/2025-03-08-Vendat02.jpg?bwg=1741448949\"                       src=\"https:\/\/vichyrando.org\/wp-content\/plugins\/photo-gallery\/images\/lazy_placeholder.gif\"                       alt=\"Marche nordique \u00e0 Vendat le 8 mars 2025\"                       title=\"Marche nordique \u00e0 Vendat le 8 mars 2025\" \/>                <\/div>                <div class=\"\">                                  <\/div>              <\/div>            <\/div>            <div class=\"bwg-title1\"><div class=\"bwg-title2\">Marche nordique \u00e0 Vendat le 8 mars 2025<\/div><\/div>          <\/a>        <\/div>                <div class=\"bwg-item\">          <a class=\"bwg-a bwg-album bwg_album_3\"             href='\/index.php?rest_route=%2Fwp%2Fv2%2Fpages%2F4823&#038;type_3=gallery&#038;album_gallery_id_3=1013'                          data-container_id=\"bwg_album_compact_3\"             data-def_type=\"gallery\"             data-album_gallery_id=\"62\"             data-alb_gal_id=\"1013\"             data-title=\"Rando sant\u00e9 \u00e0 Cusset Chassignol le 10 mars 2025\"             data-bwg=\"3\">                        <div class=\"bwg-item0 lazy_loader\">              <div class=\"bwg-item1 \">                <div class=\"bwg-item2\">                  <img decoding=\"async\" class=\"skip-lazy  bwg_lazyload \"                       data-width=\"375.00\"                       data-height=\"500.00\"                       data-src=\"https:\/\/vichyrando.org\/wp-content\/uploads\/photo-gallery\/thumb\/2025-03-10-Cusset01.jpg?bwg=1741616735\"                       src=\"https:\/\/vichyrando.org\/wp-content\/plugins\/photo-gallery\/images\/lazy_placeholder.gif\"                       alt=\"Rando sant\u00e9 \u00e0 Cusset Chassignol le 10 mars 2025\"                       title=\"Rando sant\u00e9 \u00e0 Cusset Chassignol le 10 mars 2025\" \/>                <\/div>                <div class=\"\">                                  <\/div>              <\/div>            <\/div>            <div class=\"bwg-title1\"><div class=\"bwg-title2\">Rando sant\u00e9 \u00e0 Cusset Chassignol le 10 mars 2025<\/div><\/div>          <\/a>        <\/div>                <div class=\"bwg-item\">          <a class=\"bwg-a bwg-album bwg_album_3\"             href='\/index.php?rest_route=%2Fwp%2Fv2%2Fpages%2F4823&#038;type_3=gallery&#038;album_gallery_id_3=1014'                          data-container_id=\"bwg_album_compact_3\"             data-def_type=\"gallery\"             data-album_gallery_id=\"62\"             data-alb_gal_id=\"1014\"             data-title=\"Journ\u00e9e rando sportive \u00e0 Ch\u00e2telus le 11 mars 2025\"             data-bwg=\"3\">                        <div class=\"bwg-item0 lazy_loader\">              <div class=\"bwg-item1 \">                <div class=\"bwg-item2\">                  <img decoding=\"async\" class=\"skip-lazy  bwg_lazyload \"                       data-width=\"500.00\"                       data-height=\"375.00\"                       data-src=\"https:\/\/vichyrando.org\/wp-content\/uploads\/photo-gallery\/thumb\/2025-03-11-Chatelus05.jpg?bwg=1741772072\"                       src=\"https:\/\/vichyrando.org\/wp-content\/plugins\/photo-gallery\/images\/lazy_placeholder.gif\"                       alt=\"Journ\u00e9e rando sportive \u00e0 Ch\u00e2telus le 11 mars 2025\"                       title=\"Journ\u00e9e rando sportive \u00e0 Ch\u00e2telus le 11 mars 2025\" \/>                <\/div>                <div class=\"\">                                  <\/div>              <\/div>            <\/div>            <div class=\"bwg-title1\"><div class=\"bwg-title2\">Journ\u00e9e rando sportive \u00e0 Ch\u00e2telus le 11 mars 2025<\/div><\/div>          <\/a>        <\/div>                <div class=\"bwg-item\">          <a class=\"bwg-a bwg-album bwg_album_3\"             href='\/index.php?rest_route=%2Fwp%2Fv2%2Fpages%2F4823&#038;type_3=gallery&#038;album_gallery_id_3=1015'                          data-container_id=\"bwg_album_compact_3\"             data-def_type=\"gallery\"             data-album_gallery_id=\"62\"             data-alb_gal_id=\"1015\"             data-title=\"Rando 1\/2 journ\u00e9e et resto \u00e0 Effiat (63) le 11 mars 2025\"             data-bwg=\"3\">                        <div class=\"bwg-item0 lazy_loader\">              <div class=\"bwg-item1 \">                <div class=\"bwg-item2\">                  <img decoding=\"async\" class=\"skip-lazy  bwg_lazyload \"                       data-width=\"500.00\"                       data-height=\"283.00\"                       data-src=\"https:\/\/vichyrando.org\/wp-content\/uploads\/photo-gallery\/thumb\/2025-03-11-Effiat09.jpg?bwg=1741772174\"                       src=\"https:\/\/vichyrando.org\/wp-content\/plugins\/photo-gallery\/images\/lazy_placeholder.gif\"                       alt=\"Rando 1\/2 journ\u00e9e et resto \u00e0 Effiat (63) le 11 mars 2025\"                       title=\"Rando 1\/2 journ\u00e9e et resto \u00e0 Effiat (63) le 11 mars 2025\" \/>                <\/div>                <div class=\"\">                                  <\/div>              <\/div>            <\/div>            <div class=\"bwg-title1\"><div class=\"bwg-title2\">Rando 1\/2 journ\u00e9e et resto \u00e0 Effiat (63) le 11 mars 2025<\/div><\/div>          <\/a>        <\/div>                <div class=\"bwg-item\">          <a class=\"bwg-a bwg-album bwg_album_3\"             href='\/index.php?rest_route=%2Fwp%2Fv2%2Fpages%2F4823&#038;type_3=gallery&#038;album_gallery_id_3=1016'                          data-container_id=\"bwg_album_compact_3\"             data-def_type=\"gallery\"             data-album_gallery_id=\"62\"             data-alb_gal_id=\"1016\"             data-title=\"Rando 1\/2 journ\u00e9e \u00e0 Fleuriel le 13 mars 2025\"             data-bwg=\"3\">                        <div class=\"bwg-item0 lazy_loader\">              <div class=\"bwg-item1 \">                <div class=\"bwg-item2\">                  <img decoding=\"async\" class=\"skip-lazy  bwg_lazyload \"                       data-width=\"500.00\"                       data-height=\"337.00\"                       data-src=\"https:\/\/vichyrando.org\/wp-content\/uploads\/photo-gallery\/thumb\/2025-03-13-Fleuriel01.jpg?bwg=1741957039\"                       src=\"https:\/\/vichyrando.org\/wp-content\/plugins\/photo-gallery\/images\/lazy_placeholder.gif\"                       alt=\"Rando 1\/2 journ\u00e9e \u00e0 Fleuriel le 13 mars 2025\"                       title=\"Rando 1\/2 journ\u00e9e \u00e0 Fleuriel le 13 mars 2025\" \/>                <\/div>                <div class=\"\">                                  <\/div>              <\/div>            <\/div>            <div class=\"bwg-title1\"><div class=\"bwg-title2\">Rando 1\/2 journ\u00e9e \u00e0 Fleuriel le 13 mars 2025<\/div><\/div>          <\/a>        <\/div>                <div class=\"bwg-item\">          <a class=\"bwg-a bwg-album bwg_album_3\"             href='\/index.php?rest_route=%2Fwp%2Fv2%2Fpages%2F4823&#038;type_3=gallery&#038;album_gallery_id_3=1017'                          data-container_id=\"bwg_album_compact_3\"             data-def_type=\"gallery\"             data-album_gallery_id=\"62\"             data-alb_gal_id=\"1017\"             data-title=\"Sortie neige au Gu\u00e9 de la Chaux le 16 mars 2025\"             data-bwg=\"3\">                        <div class=\"bwg-item0 lazy_loader\">              <div class=\"bwg-item1 \">                <div class=\"bwg-item2\">                  <img decoding=\"async\" class=\"skip-lazy  bwg_lazyload \"                       data-width=\"500.00\"                       data-height=\"375.00\"                       data-src=\"https:\/\/vichyrando.org\/wp-content\/uploads\/photo-gallery\/thumb\/2025-03-16-Gue01.jpg?bwg=1742203394\"                       src=\"https:\/\/vichyrando.org\/wp-content\/plugins\/photo-gallery\/images\/lazy_placeholder.gif\"                       alt=\"Sortie neige au Gu\u00e9 de la Chaux le 16 mars 2025\"                       title=\"Sortie neige au Gu\u00e9 de la Chaux le 16 mars 2025\" \/>                <\/div>                <div class=\"\">                                  <\/div>              <\/div>            <\/div>            <div class=\"bwg-title1\"><div class=\"bwg-title2\">Sortie neige au Gu\u00e9 de la Chaux le 16 mars 2025<\/div><\/div>          <\/a>        <\/div>                <div class=\"bwg-item\">          <a class=\"bwg-a bwg-album bwg_album_3\"             href='\/index.php?rest_route=%2Fwp%2Fv2%2Fpages%2F4823&#038;type_3=gallery&#038;album_gallery_id_3=1018'                          data-container_id=\"bwg_album_compact_3\"             data-def_type=\"gallery\"             data-album_gallery_id=\"62\"             data-alb_gal_id=\"1018\"             data-title=\"Rando sant\u00e9 \u00e0 St Germain des Foss\u00e9s le 17 mars 2025\"             data-bwg=\"3\">                        <div class=\"bwg-item0 lazy_loader\">              <div class=\"bwg-item1 \">                <div class=\"bwg-item2\">                  <img decoding=\"async\" class=\"skip-lazy  bwg_lazyload \"                       data-width=\"500.00\"                       data-height=\"375.00\"                       data-src=\"https:\/\/vichyrando.org\/wp-content\/uploads\/photo-gallery\/thumb\/2025-03-17-StGermain03.jpg?bwg=1742222922\"                       src=\"https:\/\/vichyrando.org\/wp-content\/plugins\/photo-gallery\/images\/lazy_placeholder.gif\"                       alt=\"Rando sant\u00e9 \u00e0 St Germain des Foss\u00e9s le 17 mars 2025\"                       title=\"Rando sant\u00e9 \u00e0 St Germain des Foss\u00e9s le 17 mars 2025\" \/>                <\/div>                <div class=\"\">                                  <\/div>              <\/div>            <\/div>            <div class=\"bwg-title1\"><div class=\"bwg-title2\">Rando sant\u00e9 \u00e0 St Germain des Foss\u00e9s le 17 mars 2025<\/div><\/div>          <\/a>        <\/div>                <div class=\"bwg-item\">          <a class=\"bwg-a bwg-album bwg_album_3\"             href='\/index.php?rest_route=%2Fwp%2Fv2%2Fpages%2F4823&#038;type_3=gallery&#038;album_gallery_id_3=1019'                          data-container_id=\"bwg_album_compact_3\"             data-def_type=\"gallery\"             data-album_gallery_id=\"62\"             data-alb_gal_id=\"1019\"             data-title=\"Journ\u00e9e rando sportive commando aux Biefs le 18 mars 2025\"             data-bwg=\"3\">                        <div class=\"bwg-item0 lazy_loader\">              <div class=\"bwg-item1 \">                <div class=\"bwg-item2\">                  <img decoding=\"async\" class=\"skip-lazy  bwg_lazyload \"                       data-width=\"500.00\"                       data-height=\"439.00\"                       data-src=\"https:\/\/vichyrando.org\/wp-content\/uploads\/photo-gallery\/thumb\/2025-03-18-LesBiefs05.jpg?bwg=1742378354\"                       src=\"https:\/\/vichyrando.org\/wp-content\/plugins\/photo-gallery\/images\/lazy_placeholder.gif\"                       alt=\"Journ\u00e9e rando sportive commando aux Biefs le 18 mars 2025\"                       title=\"Journ\u00e9e rando sportive commando aux Biefs le 18 mars 2025\" \/>                <\/div>                <div class=\"\">                                  <\/div>              <\/div>            <\/div>            <div class=\"bwg-title1\"><div class=\"bwg-title2\">Journ\u00e9e rando sportive commando aux Biefs le 18 mars 2025<\/div><\/div>          <\/a>        <\/div>                <div class=\"bwg-item\">          <a class=\"bwg-a bwg-album bwg_album_3\"             href='\/index.php?rest_route=%2Fwp%2Fv2%2Fpages%2F4823&#038;type_3=gallery&#038;album_gallery_id_3=1020'                          data-container_id=\"bwg_album_compact_3\"             data-def_type=\"gallery\"             data-album_gallery_id=\"62\"             data-alb_gal_id=\"1020\"             data-title=\"Rando 1\/2 journ\u00e9e \u00e0 St Christophe en bourbonnais le 18 mars 2025\"             data-bwg=\"3\">                        <div class=\"bwg-item0 lazy_loader\">              <div class=\"bwg-item1 \">                <div class=\"bwg-item2\">                  <img decoding=\"async\" class=\"skip-lazy  bwg_lazyload \"                       data-width=\"500.00\"                       data-height=\"333.00\"                       data-src=\"https:\/\/vichyrando.org\/wp-content\/uploads\/photo-gallery\/thumb\/2025-03-18-StChristophe05.jpg?bwg=1742562808\"                       src=\"https:\/\/vichyrando.org\/wp-content\/plugins\/photo-gallery\/images\/lazy_placeholder.gif\"                       alt=\"Rando 1\/2 journ\u00e9e \u00e0 St Christophe en bourbonnais le 18 mars 2025\"                       title=\"Rando 1\/2 journ\u00e9e \u00e0 St Christophe en bourbonnais le 18 mars 2025\" \/>                <\/div>                <div class=\"\">                                  <\/div>              <\/div>            <\/div>            <div class=\"bwg-title1\"><div class=\"bwg-title2\">Rando 1\/2 journ\u00e9e \u00e0 St Christophe en bourbonnais le 18 mars 2025<\/div><\/div>          <\/a>        <\/div>                <div class=\"bwg-item\">          <a class=\"bwg-a bwg-album bwg_album_3\"             href='\/index.php?rest_route=%2Fwp%2Fv2%2Fpages%2F4823&#038;type_3=gallery&#038;album_gallery_id_3=1021'                          data-container_id=\"bwg_album_compact_3\"             data-def_type=\"gallery\"             data-album_gallery_id=\"62\"             data-alb_gal_id=\"1021\"             data-title=\"Mini rando avec buffet \u00e0 Mariol le 20 mars 2025\"             data-bwg=\"3\">                        <div class=\"bwg-item0 lazy_loader\">              <div class=\"bwg-item1 \">                <div class=\"bwg-item2\">                  <img decoding=\"async\" class=\"skip-lazy  bwg_lazyload \"                       data-width=\"500.00\"                       data-height=\"375.00\"                       data-src=\"https:\/\/vichyrando.org\/wp-content\/uploads\/photo-gallery\/thumb\/2025-03-20-Mariol05.jpg?bwg=1742562916\"                       src=\"https:\/\/vichyrando.org\/wp-content\/plugins\/photo-gallery\/images\/lazy_placeholder.gif\"                       alt=\"Mini rando avec buffet \u00e0 Mariol le 20 mars 2025\"                       title=\"Mini rando avec buffet \u00e0 Mariol le 20 mars 2025\" \/>                <\/div>                <div class=\"\">                                  <\/div>              <\/div>            <\/div>            <div class=\"bwg-title1\"><div class=\"bwg-title2\">Mini rando avec buffet \u00e0 Mariol le 20 mars 2025<\/div><\/div>          <\/a>        <\/div>                <div class=\"bwg-item\">          <a class=\"bwg-a bwg-album bwg_album_3\"             href='\/index.php?rest_route=%2Fwp%2Fv2%2Fpages%2F4823&#038;type_3=gallery&#038;album_gallery_id_3=1022'                          data-container_id=\"bwg_album_compact_3\"             data-def_type=\"gallery\"             data-album_gallery_id=\"62\"             data-alb_gal_id=\"1022\"             data-title=\"Rando journ\u00e9e \u00e0 St Nicolas des Biefs le 20 mars 2025\"             data-bwg=\"3\">                        <div class=\"bwg-item0 lazy_loader\">              <div class=\"bwg-item1 \">                <div class=\"bwg-item2\">                  <img decoding=\"async\" class=\"skip-lazy  bwg_lazyload \"                       data-width=\"500.00\"                       data-height=\"225.00\"                       data-src=\"https:\/\/vichyrando.org\/wp-content\/uploads\/photo-gallery\/thumb\/2025-.03-20-StNicolas14.jpg?bwg=1742563007\"                       src=\"https:\/\/vichyrando.org\/wp-content\/plugins\/photo-gallery\/images\/lazy_placeholder.gif\"                       alt=\"Rando journ\u00e9e \u00e0 St Nicolas des Biefs le 20 mars 2025\"                       title=\"Rando journ\u00e9e \u00e0 St Nicolas des Biefs le 20 mars 2025\" \/>                <\/div>                <div class=\"\">                                  <\/div>              <\/div>            <\/div>            <div class=\"bwg-title1\"><div class=\"bwg-title2\">Rando journ\u00e9e \u00e0 St Nicolas des Biefs le 20 mars 2025<\/div><\/div>          <\/a>        <\/div>                <div class=\"bwg-item\">          <a class=\"bwg-a bwg-album bwg_album_3\"             href='\/index.php?rest_route=%2Fwp%2Fv2%2Fpages%2F4823&#038;type_3=gallery&#038;album_gallery_id_3=1023'                          data-container_id=\"bwg_album_compact_3\"             data-def_type=\"gallery\"             data-album_gallery_id=\"62\"             data-alb_gal_id=\"1023\"             data-title=\"Marche nordique \u00e0 Bellerive\/Allier le 22 mars 2025\"             data-bwg=\"3\">                        <div class=\"bwg-item0 lazy_loader\">              <div class=\"bwg-item1 \">                <div class=\"bwg-item2\">                  <img decoding=\"async\" class=\"skip-lazy  bwg_lazyload \"                       data-width=\"500.00\"                       data-height=\"373.00\"                       data-src=\"https:\/\/vichyrando.org\/wp-content\/uploads\/photo-gallery\/thumb\/2025-03-22-Bellerive01.jpg?bwg=1742667208\"                       src=\"https:\/\/vichyrando.org\/wp-content\/plugins\/photo-gallery\/images\/lazy_placeholder.gif\"                       alt=\"Marche nordique \u00e0 Bellerive\/Allier le 22 mars 2025\"                       title=\"Marche nordique \u00e0 Bellerive\/Allier le 22 mars 2025\" \/>                <\/div>                <div class=\"\">                                  <\/div>              <\/div>            <\/div>            <div class=\"bwg-title1\"><div class=\"bwg-title2\">Marche nordique \u00e0 Bellerive\/Allier le 22 mars 2025<\/div><\/div>          <\/a>        <\/div>                <div class=\"bwg-item\">          <a class=\"bwg-a bwg-album bwg_album_3\"             href='\/index.php?rest_route=%2Fwp%2Fv2%2Fpages%2F4823&#038;type_3=gallery&#038;album_gallery_id_3=1024'                          data-container_id=\"bwg_album_compact_3\"             data-def_type=\"gallery\"             data-album_gallery_id=\"62\"             data-alb_gal_id=\"1024\"             data-title=\"Rando sant\u00e9 \u00e0 St-Yorre le 24 mars 2025\"             data-bwg=\"3\">                        <div class=\"bwg-item0 lazy_loader\">              <div class=\"bwg-item1 \">                <div class=\"bwg-item2\">                  <img decoding=\"async\" class=\"skip-lazy  bwg_lazyload \"                       data-width=\"500.00\"                       data-height=\"225.00\"                       data-src=\"https:\/\/vichyrando.org\/wp-content\/uploads\/photo-gallery\/thumb\/2025-03-24-StYorre01.jpg?bwg=1742824026\"                       src=\"https:\/\/vichyrando.org\/wp-content\/plugins\/photo-gallery\/images\/lazy_placeholder.gif\"                       alt=\"Rando sant\u00e9 \u00e0 St-Yorre le 24 mars 2025\"                       title=\"Rando sant\u00e9 \u00e0 St-Yorre le 24 mars 2025\" \/>                <\/div>                <div class=\"\">                                  <\/div>              <\/div>            <\/div>            <div class=\"bwg-title1\"><div class=\"bwg-title2\">Rando sant\u00e9 \u00e0 St-Yorre le 24 mars 2025<\/div><\/div>          <\/a>        <\/div>                <div class=\"bwg-item\">          <a class=\"bwg-a bwg-album bwg_album_3\"             href='\/index.php?rest_route=%2Fwp%2Fv2%2Fpages%2F4823&#038;type_3=gallery&#038;album_gallery_id_3=1025'                          data-container_id=\"bwg_album_compact_3\"             data-def_type=\"gallery\"             data-album_gallery_id=\"62\"             data-alb_gal_id=\"1025\"             data-title=\"Marche sportive au hameau du Pouthier (La Chapelle) le 25 mars 2025\"             data-bwg=\"3\">                        <div class=\"bwg-item0 lazy_loader\">              <div class=\"bwg-item1 \">                <div class=\"bwg-item2\">                  <img decoding=\"async\" class=\"skip-lazy  bwg_lazyload \"                       data-width=\"500.00\"                       data-height=\"293.00\"                       data-src=\"https:\/\/vichyrando.org\/wp-content\/uploads\/photo-gallery\/thumb\/2025-03-25-LePouthier01.jpg?bwg=1742981148\"                       src=\"https:\/\/vichyrando.org\/wp-content\/plugins\/photo-gallery\/images\/lazy_placeholder.gif\"                       alt=\"Marche sportive au hameau du Pouthier (La Chapelle) le 25 mars 2025\"                       title=\"Marche sportive au hameau du Pouthier (La Chapelle) le 25 mars 2025\" \/>                <\/div>                <div class=\"\">                                  <\/div>              <\/div>            <\/div>            <div class=\"bwg-title1\"><div class=\"bwg-title2\">Marche sportive au hameau du Pouthier (La Chapelle) le 25 mars 2025<\/div><\/div>          <\/a>        <\/div>                <div class=\"bwg-item\">          <a class=\"bwg-a bwg-album bwg_album_3\"             href='\/index.php?rest_route=%2Fwp%2Fv2%2Fpages%2F4823&#038;type_3=gallery&#038;album_gallery_id_3=1026'                          data-container_id=\"bwg_album_compact_3\"             data-def_type=\"gallery\"             data-album_gallery_id=\"62\"             data-alb_gal_id=\"1026\"             data-title=\"Rando 1\/2 journ\u00e9e \u00e0 MontGilbert (Ferri\u00e8res) le 25 mars 2025\"             data-bwg=\"3\">                        <div class=\"bwg-item0 lazy_loader\">              <div class=\"bwg-item1 \">                <div class=\"bwg-item2\">                  <img decoding=\"async\" class=\"skip-lazy  bwg_lazyload \"                       data-width=\"500.00\"                       data-height=\"333.00\"                       data-src=\"https:\/\/vichyrando.org\/wp-content\/uploads\/photo-gallery\/thumb\/2025-03-25-Ferriere09.jpg?bwg=1743007291\"                       src=\"https:\/\/vichyrando.org\/wp-content\/plugins\/photo-gallery\/images\/lazy_placeholder.gif\"                       alt=\"Rando 1\/2 journ\u00e9e \u00e0 MontGilbert (Ferri\u00e8res) le 25 mars 2025\"                       title=\"Rando 1\/2 journ\u00e9e \u00e0 MontGilbert (Ferri\u00e8res) le 25 mars 2025\" \/>                <\/div>                <div class=\"\">                                  <\/div>              <\/div>            <\/div>            <div class=\"bwg-title1\"><div class=\"bwg-title2\">Rando 1\/2 journ\u00e9e \u00e0 MontGilbert (Ferri\u00e8res) le 25 mars 2025<\/div><\/div>          <\/a>        <\/div>                <div class=\"bwg-item\">          <a class=\"bwg-a bwg-album bwg_album_3\"             href='\/index.php?rest_route=%2Fwp%2Fv2%2Fpages%2F4823&#038;type_3=gallery&#038;album_gallery_id_3=1027'                          data-container_id=\"bwg_album_compact_3\"             data-def_type=\"gallery\"             data-album_gallery_id=\"62\"             data-alb_gal_id=\"1027\"             data-title=\"Mini rando \u00e0 Vendat le 27 mars 2025\"             data-bwg=\"3\">                        <div class=\"bwg-item0 lazy_loader\">              <div class=\"bwg-item1 \">                <div class=\"bwg-item2\">                  <img decoding=\"async\" class=\"skip-lazy  bwg_lazyload \"                       data-width=\"485.00\"                       data-height=\"500.00\"                       data-src=\"https:\/\/vichyrando.org\/wp-content\/uploads\/photo-gallery\/thumb\/2025-03-27-Vendat03.jpg?bwg=1743154441\"                       src=\"https:\/\/vichyrando.org\/wp-content\/plugins\/photo-gallery\/images\/lazy_placeholder.gif\"                       alt=\"Mini rando \u00e0 Vendat le 27 mars 2025\"                       title=\"Mini rando \u00e0 Vendat le 27 mars 2025\" \/>                <\/div>                <div class=\"\">                                  <\/div>              <\/div>            <\/div>            <div class=\"bwg-title1\"><div class=\"bwg-title2\">Mini rando \u00e0 Vendat le 27 mars 2025<\/div><\/div>          <\/a>        <\/div>                <div class=\"bwg-item\">          <a class=\"bwg-a bwg-album bwg_album_3\"             href='\/index.php?rest_route=%2Fwp%2Fv2%2Fpages%2F4823&#038;type_3=gallery&#038;album_gallery_id_3=1028'                          data-container_id=\"bwg_album_compact_3\"             data-def_type=\"gallery\"             data-album_gallery_id=\"62\"             data-alb_gal_id=\"1028\"             data-title=\"Rando 1\/2 journ\u00e9e \u00e0 Lavoine le 27 mars 2025\"             data-bwg=\"3\">                        <div class=\"bwg-item0 lazy_loader\">              <div class=\"bwg-item1 \">                <div class=\"bwg-item2\">                  <img decoding=\"async\" class=\"skip-lazy  bwg_lazyload \"                       data-width=\"500.00\"                       data-height=\"458.00\"                       data-src=\"https:\/\/vichyrando.org\/wp-content\/uploads\/photo-gallery\/thumb\/2025-03-27-Lavoine20.jpg?bwg=1743183245\"                       src=\"https:\/\/vichyrando.org\/wp-content\/plugins\/photo-gallery\/images\/lazy_placeholder.gif\"                       alt=\"Rando 1\/2 journ\u00e9e \u00e0 Lavoine le 27 mars 2025\"                       title=\"Rando 1\/2 journ\u00e9e \u00e0 Lavoine le 27 mars 2025\" \/>                <\/div>                <div class=\"\">                                  <\/div>              <\/div>            <\/div>            <div class=\"bwg-title1\"><div class=\"bwg-title2\">Rando 1\/2 journ\u00e9e \u00e0 Lavoine le 27 mars 2025<\/div><\/div>          <\/a>        <\/div>                <div class=\"bwg-item\">          <a class=\"bwg-a bwg-album bwg_album_3\"             href='\/index.php?rest_route=%2Fwp%2Fv2%2Fpages%2F4823&#038;type_3=gallery&#038;album_gallery_id_3=1029'                          data-container_id=\"bwg_album_compact_3\"             data-def_type=\"gallery\"             data-album_gallery_id=\"62\"             data-alb_gal_id=\"1029\"             data-title=\"Marche nordique au Vernet le 29 mars 2025\"             data-bwg=\"3\">                        <div class=\"bwg-item0 lazy_loader\">              <div class=\"bwg-item1 \">                <div class=\"bwg-item2\">                  <img decoding=\"async\" class=\"skip-lazy  bwg_lazyload \"                       data-width=\"413.00\"                       data-height=\"500.00\"                       data-src=\"https:\/\/vichyrando.org\/wp-content\/uploads\/photo-gallery\/thumb\/2025-03-29-LeVernet01.jpg?bwg=1743259462\"                       src=\"https:\/\/vichyrando.org\/wp-content\/plugins\/photo-gallery\/images\/lazy_placeholder.gif\"                       alt=\"Marche nordique au Vernet le 29 mars 2025\"                       title=\"Marche nordique au Vernet le 29 mars 2025\" \/>                <\/div>                <div class=\"\">                                  <\/div>              <\/div>            <\/div>            <div class=\"bwg-title1\"><div class=\"bwg-title2\">Marche nordique au Vernet le 29 mars 2025<\/div><\/div>          <\/a>        <\/div>                <div class=\"bwg-item\">          <a class=\"bwg-a bwg-album bwg_album_3\"             href='\/index.php?rest_route=%2Fwp%2Fv2%2Fpages%2F4823&#038;type_3=gallery&#038;album_gallery_id_3=1030'                          data-container_id=\"bwg_album_compact_3\"             data-def_type=\"gallery\"             data-album_gallery_id=\"62\"             data-alb_gal_id=\"1030\"             data-title=\"Journ\u00e9e de la randonn\u00e9e \u00e0 Autry Issards (atelier rando sant\u00e9) le 29 mars 2025\"             data-bwg=\"3\">                        <div class=\"bwg-item0 lazy_loader\">              <div class=\"bwg-item1 \">                <div class=\"bwg-item2\">                  <img decoding=\"async\" class=\"skip-lazy  bwg_lazyload \"                       data-width=\"500.00\"                       data-height=\"231.00\"                       data-src=\"https:\/\/vichyrando.org\/wp-content\/uploads\/photo-gallery\/thumb\/2025-03-29-Autry07.jpg?bwg=1743406300\"                       src=\"https:\/\/vichyrando.org\/wp-content\/plugins\/photo-gallery\/images\/lazy_placeholder.gif\"                       alt=\"Journ\u00e9e de la randonn\u00e9e \u00e0 Autry Issards (atelier rando sant\u00e9) le 29 mars 2025\"                       title=\"Journ\u00e9e de la randonn\u00e9e \u00e0 Autry Issards (atelier rando sant\u00e9) le 29 mars 2025\" \/>                <\/div>                <div class=\"\">                                  <\/div>              <\/div>            <\/div>            <div class=\"bwg-title1\"><div class=\"bwg-title2\">Journ\u00e9e de la randonn\u00e9e \u00e0 Autry Issards (atelier rando sant\u00e9) le 29 mars 2025<\/div><\/div>          <\/a>        <\/div>                <div class=\"bwg-item\">          <a class=\"bwg-a bwg-album bwg_album_3\"             href='\/index.php?rest_route=%2Fwp%2Fv2%2Fpages%2F4823&#038;type_3=gallery&#038;album_gallery_id_3=1031'                          data-container_id=\"bwg_album_compact_3\"             data-def_type=\"gallery\"             data-album_gallery_id=\"62\"             data-alb_gal_id=\"1031\"             data-title=\"Rando sant\u00e9 \u00e0 St Didier la for\u00eat le 31 mars 2025\"             data-bwg=\"3\">                        <div class=\"bwg-item0 lazy_loader\">              <div class=\"bwg-item1 \">                <div class=\"bwg-item2\">                  <img decoding=\"async\" class=\"skip-lazy  bwg_lazyload \"                       data-width=\"500.00\"                       data-height=\"231.00\"                       data-src=\"https:\/\/vichyrando.org\/wp-content\/uploads\/photo-gallery\/thumb\/2025-03-31-StDidier01.jpg?bwg=1743423241\"                       src=\"https:\/\/vichyrando.org\/wp-content\/plugins\/photo-gallery\/images\/lazy_placeholder.gif\"                       alt=\"Rando sant\u00e9 \u00e0 St Didier la for\u00eat le 31 mars 2025\"                       title=\"Rando sant\u00e9 \u00e0 St Didier la for\u00eat le 31 mars 2025\" \/>                <\/div>                <div class=\"\">                                  <\/div>              <\/div>            <\/div>            <div class=\"bwg-title1\"><div class=\"bwg-title2\">Rando sant\u00e9 \u00e0 St Didier la for\u00eat le 31 mars 2025<\/div><\/div>          <\/a>        <\/div>            <\/div>          <input type=\"hidden\" id=\"bwg_album_breadcrumb_3\" name=\"bwg_album_breadcrumb_3\" value='[{&quot;id&quot;:&quot;62&quot;,&quot;page&quot;:1}]' \/>    <style>      \/*pagination styles*\/      #bwg_container1_3 #bwg_container2_3 .tablenav-pages_3 {\t\t\t\ttext-align: center;\t\t\t\tfont-size: 12px;\t\t\t\tfont-family: Ubuntu;\t\t\t\tfont-weight: bold;\t\t\t\tcolor: #666666;\t\t\t\tmargin: 6px 0 4px;\t\t\t\tdisplay: block;      }      @media only screen and (max-width : 320px) {      #bwg_container1_3 #bwg_container2_3 .displaying-num_3 {     \t display: none;      }      }      #bwg_container1_3 #bwg_container2_3 .displaying-num_3 {\t\t\t\tfont-size: 12px;\t\t\t\tfont-family: Ubuntu;\t\t\t\tfont-weight: bold;\t\t\t\tcolor: #666666;\t\t\t\tmargin-right: 10px;\t\t\t\tvertical-align: middle;      }      #bwg_container1_3 #bwg_container2_3 .paging-input_3 {\t\t\t\tfont-size: 12px;\t\t\t\tfont-family: Ubuntu;\t\t\t\tfont-weight: bold;\t\t\t\tcolor: #666666;\t\t\t\tvertical-align: middle;      }      #bwg_container1_3 #bwg_container2_3 .tablenav-pages_3 a.disabled,      #bwg_container1_3 #bwg_container2_3 .tablenav-pages_3 a.disabled:hover,      #bwg_container1_3 #bwg_container2_3 .tablenav-pages_3 a.disabled:focus,\t\t\t#bwg_container1_3 #bwg_container2_3 .tablenav-pages_3 input.bwg_current_page {\t\t\t\tcursor: default;\t\t\t\tcolor: rgba(102, 102, 102, 0.5);      }      #bwg_container1_3 #bwg_container2_3 .tablenav-pages_3 a,      #bwg_container1_3 #bwg_container2_3 .tablenav-pages_3 input.bwg_current_page {\t\t\t\tcursor: pointer;\t\t\t\ttext-align: center;\t\t\t\tfont-size: 12px;\t\t\t\tfont-family: Ubuntu;\t\t\t\tfont-weight: bold;\t\t\t\tcolor: #666666;\t\t\t\ttext-decoration: none;\t\t\t\tpadding: 3px 6px;\t\t\t\tmargin: 0;\t\t\t\tborder-radius: 0;\t\t\t\tborder-style: solid;\t\t\t\tborder-width: 1px;\t\t\t\tborder-color: #E3E3E3;\t\t\t\t\t\t\t\tbackground-color: rgba(255, 255, 255, 1.00);\t\t\t\tbox-shadow: 0;\t\t\t\ttransition: all 0.3s ease 0s;-webkit-transition: all 0.3s ease 0s;      }      <\/style>      <span class=\"bwg_nav_cont_3\">              <div class=\"tablenav-pages_3\">                  <\/div>                <input type=\"hidden\" id=\"page_number_3\" name=\"page_number_3\" value=\"1\" \/>      <script type=\"text\/javascript\">        if( jQuery('.bwg_nav_cont_3').length > 1 ) {          jQuery('.bwg_nav_cont_3').first().remove()        }        function spider_page_3(cur, x, y, load_more) {          if (typeof load_more == \"undefined\") {            var load_more = false;          }          if (jQuery(cur).hasClass('disabled')) {            return false;          }          var items_county_3 = 1;          switch (y) {            case 1:              if (x >= items_county_3) {                document.getElementById('page_number_3').value = items_county_3;              }              else {                document.getElementById('page_number_3').value = x + 1;              }              break;            case 2:              document.getElementById('page_number_3').value = items_county_3;              break;            case -1:              if (x == 1) {                document.getElementById('page_number_3').value = 1;              }              else {                document.getElementById('page_number_3').value = x - 1;              }              break;            case -2:              document.getElementById('page_number_3').value = 1;              break;\t\t\t\t\t\tcase 0:              document.getElementById('page_number_3').value = x;              break;            default:              document.getElementById('page_number_3').value = 1;          }          bwg_ajax('gal_front_form_3', '3', 'bwg_album_compact_3', '62', '', 'album', 0, '', '', load_more, '', 1);        }                    jQuery('.first-page-3').on('click', function () {              spider_page_3(this, 1, -2, 'numeric');              return false;            });            jQuery('.prev-page-3').on('click', function () {              spider_page_3(this, 1, -1, 'numeric');              return false;            });            jQuery('.next-page-3').on('click', function () {              spider_page_3(this, 1, 1, 'numeric');              return false;            });            jQuery('.last-page-3').on('click', function () {              spider_page_3(this, 1, 2, 'numeric');              return false;            });        \t\t\t\t\/* Change page on input enter. *\/        function bwg_change_page_3( e, that ) {          if (  e.key == 'Enter' ) {            var to_page = parseInt(jQuery(that).val());            var pages_count = jQuery(that).parents(\".pagination-links\").data(\"pages-count\");            var current_url_param = jQuery(that).attr('data-url-info');            if (to_page > pages_count) {              to_page = 1;            }\t \t\t\t\t\t\t\t\t\t\t\t\tspider_page_3(this, to_page, 0, 'numeric');\t\t\t\t\t\t\treturn false;\t\t\t\t\t\t          }          return true;        }        jQuery('.bwg_load_btn_3').on('click', function () {            spider_page_3(this, 1, 1, true);            return false;        });      <\/script>      <\/span>                <\/div>        <\/form>        <style>          #bwg_container1_3 #bwg_container2_3 #spider_popup_overlay_3 {          background-color: #EEEEEE;          opacity: 0.60;          }          <\/style>        <div id=\"bwg_spider_popup_loading_3\" class=\"bwg_spider_popup_loading\"><\/div>        <div id=\"spider_popup_overlay_3\" class=\"spider_popup_overlay\" onclick=\"spider_destroypopup(1000)\"><\/div>        <input type=\"hidden\" id=\"bwg_random_seed_3\" value=\"662526311\">                <\/div>    <\/div>    <script>      if (document.readyState === 'complete') {        if( typeof bwg_main_ready == 'function' ) {          if ( jQuery(\"#bwg_container1_3\").height() ) {            bwg_main_ready(jQuery(\"#bwg_container1_3\"));          }        }      } else {        document.addEventListener('DOMContentLoaded', function() {          if( typeof bwg_main_ready == 'function' ) {            if ( jQuery(\"#bwg_container1_3\").height() ) {             bwg_main_ready(jQuery(\"#bwg_container1_3\"));            }          }        });      }    <\/script>    \t\t<\/div>\n\t\t\t\t<\/div>\n\t\t\t\t\t<\/div>\n\t\t<\/div>\n\t\t\t\t\t<\/div>\n\t\t<\/section>\n\t\t\t\t<section class=\"elementor-section elementor-top-section elementor-element elementor-element-7cb3ac0 elementor-section-boxed elementor-section-height-default elementor-section-height-default\" data-id=\"7cb3ac0\" data-element_type=\"section\">\n\t\t\t\t\t\t<div class=\"elementor-container elementor-column-gap-default\">\n\t\t\t\t\t<div class=\"elementor-column elementor-col-100 elementor-top-column elementor-element elementor-element-f5baa94\" data-id=\"f5baa94\" data-element_type=\"column\">\n\t\t\t<div class=\"elementor-widget-wrap elementor-element-populated\">\n\t\t\t\t\t\t<div class=\"elementor-element elementor-element-685e3d3 elementor-widget elementor-widget-bwg-elementor\" data-id=\"685e3d3\" data-element_type=\"widget\" data-widget_type=\"bwg-elementor.default\">\n\t\t\t\t<div class=\"elementor-widget-container\">\n\t\t\t<style id=\"bwg-style-4\">    #bwg_container1_4 #bwg_container2_4 .bwg-container-4.bwg-album-thumbnails {    width: 1254px;    justify-content: center;            justify-content: center;        margin:0 auto !important;          background-color: rgba(255, 255, 255, 0.00);          padding-left: 4px;      padding-top: 4px;      max-width: 100%;          }        #bwg_container1_4 #bwg_container2_4 .bwg-container-4.bwg-album-thumbnails .bwg-item {    justify-content: flex-start;    max-width: 250px;        }    #bwg_container1_4 #bwg_container2_4 .bwg-container-4.bwg-album-thumbnails .bwg-item a {      margin-right: 4px;      margin-bottom: 4px;    }    #bwg_container1_4 #bwg_container2_4 .bwg-container-4.bwg-album-thumbnails .bwg-item0 {      padding: 0px;            background-color:rgba(0,0,0, 0.30);      border: 0px none #CCCCCC;      opacity: 1.00;      border-radius: 0;      box-shadow: 0px 0px 0px #888888;    }    #bwg_container1_4 #bwg_container2_4 .bwg-container-4.bwg-album-thumbnails .bwg-item1 img {      max-height: none;      max-width: none;      padding: 0 !important;    }          @media only screen and (min-width: 480px) {      #bwg_container1_4 #bwg_container2_4 .bwg-container-4.bwg-album-thumbnails .bwg-item1 img {      -webkit-transition: all .3s; transition: all .3s;      }      #bwg_container1_4 #bwg_container2_4 .bwg-container-4.bwg-album-thumbnails .bwg-item1 img:hover {        -ms-transform: scale(1.08);        -webkit-transform: scale(1.08);        transform: scale(1.08);      }            }          #bwg_container1_4 #bwg_container2_4 .bwg-container-4.bwg-album-thumbnails .bwg-item1 {      padding-top: 56%;    }        #bwg_container1_4 #bwg_container2_4 .bwg-container-4.bwg-album-thumbnails .bwg-title2 {      color: #323A45;      font-family: Ubuntu;      font-size: 16px;      font-weight: bold;      padding: 2px;      text-shadow: 0px 0px 0px #888888;      max-height: 100%;    }        #bwg_container1_4 #bwg_container2_4 .bwg-container-4.bwg-standard-thumbnails {      width: 1254px;              justify-content: center;        margin:0 auto !important;              background-color: rgba(255, 255, 255, 0.00);            padding-left: 4px;      padding-top: 4px;      max-width: 100%;            }        #bwg_container1_4 #bwg_container2_4 .bwg-container-4.bwg-standard-thumbnails .bwg-item {    justify-content: flex-start;      max-width: 250px;          }    #bwg_container1_4 #bwg_container2_4 .bwg-container-4.bwg-standard-thumbnails .bwg-item a {       margin-right: 4px;       margin-bottom: 4px;    }    #bwg_container1_4 #bwg_container2_4 .bwg-container-4.bwg-standard-thumbnails .bwg-item0 {      padding: 0px;            background-color:rgba(0,0,0, 0.30);      border: 0px none #CCCCCC;      opacity: 1.00;      border-radius: 0;      box-shadow: 0px 0px 0px #888888;    }    #bwg_container1_4 #bwg_container2_4 .bwg-container-4.bwg-standard-thumbnails .bwg-item1 img {      max-height: none;      max-width: none;      padding: 0 !important;    }         @media only screen and (min-width: 480px) {\t\t#bwg_container1_4 #bwg_container2_4 .bwg-container-4.bwg-standard-thumbnails .bwg-item1 img {\t\t\t-webkit-transition: all .3s; transition: all .3s;\t\t}\t\t#bwg_container1_4 #bwg_container2_4 .bwg-container-4.bwg-standard-thumbnails .bwg-item1 img:hover {\t\t\t-ms-transform: scale(1.08);\t\t\t-webkit-transform: scale(1.08);\t\t\ttransform: scale(1.08);\t\t}\t\t      }\t    #bwg_container1_4 #bwg_container2_4 .bwg-container-4.bwg-standard-thumbnails .bwg-item1 {      padding-top: 56%;    }        #bwg_container1_4 #bwg_container2_4 .bwg-container-4.bwg-standard-thumbnails .bwg-title2,    #bwg_container1_4 #bwg_container2_4 .bwg-container-4.bwg-standard-thumbnails .bwg-ecommerce2 {      color: #323A45;      font-family: Ubuntu;      font-size: 16px;      font-weight: bold;      padding: 2px;      text-shadow: 0px 0px 0px #888888;      max-height: 100%;    }    #bwg_container1_4 #bwg_container2_4 .bwg-container-4.bwg-standard-thumbnails .bwg-thumb-description span {    color: #323A45;    font-family: Ubuntu;    font-size: 12px;    max-height: 100%;    word-wrap: break-word;    }    #bwg_container1_4 #bwg_container2_4 .bwg-container-4.bwg-standard-thumbnails .bwg-play-icon2 {      font-size: 32px;    }    #bwg_container1_4 #bwg_container2_4 .bwg-container-4.bwg-standard-thumbnails .bwg-ecommerce2 {      font-size: 19.2px;      color: #323A45;    }    <\/style>    <div id=\"bwg_container1_4\"         class=\"bwg_container bwg_thumbnail bwg_album_compact_preview bwg_thumbnail\"         data-right-click-protection=\"0\"         data-bwg=\"4\"         data-scroll=\"0\"         data-gallery-type=\"album_compact_preview\"         data-gallery-view-type=\"thumbnail\"         data-current-url=\"\/index.php?rest_route=%2Fwp%2Fv2%2Fpages%2F4823\"         data-lightbox-url=\"https:\/\/vichyrando.org\/wp-admin\/admin-ajax.php?action=GalleryBox&#038;current_view=4&#038;gallery_id=0&#038;tag=0&#038;theme_id=1&#038;shortcode_id=1200&#038;sort_by=order&#038;order_by=asc&#038;current_url=%2Findex.php%3Frest_route%3D%252Fwp%252Fv2%252Fpages%252F4823\"         data-gallery-id=\"0\"         data-popup-width=\"800\"         data-popup-height=\"500\"         data-is-album=\"album\"         data-buttons-position=\"bottom\">      <div id=\"bwg_container2_4\">             <div id=\"ajax_loading_4\" class=\"bwg_loading_div_1\">      <div class=\"bwg_loading_div_2\">        <div class=\"bwg_loading_div_3\">          <div id=\"loading_div_4\" class=\"bwg_spider_ajax_loading\">          <\/div>        <\/div>      <\/div>    <\/div>            <form id=\"gal_front_form_4\"              class=\"bwg-hidden\"              method=\"post\"              action=\"#\"              data-current=\"4\"              data-shortcode-id=\"1200\"              data-gallery-type=\"album_compact_preview\"              data-gallery-id=\"0\"              data-tag=\"0\"              data-album-id=\"61\"              data-theme-id=\"1\"              data-ajax-url=\"https:\/\/vichyrando.org\/wp-admin\/admin-ajax.php?action=bwg_frontend_data\">          <div id=\"bwg_container3_4\" class=\"bwg-background bwg-background-4\">            <style>        #bwg_container1_4 #bwg_container2_4 .bwg_gal_title_4 {          display: block;          padding: 0 2px 2px 2px;          background-color: rgba(0, 0, 0, 0);          line-height: 20px;          font-family: Ubuntu;          font-size: 18px;          font-weight: bold;          color: #323A45;          text-shadow: 0px 0px 0px #888888;          text-align: center;        }        #bwg_container1_4 #bwg_container2_4 .bwg_gal_description_4 {          margin: 20px 0;          word-break: break-word;          text-align: justify;          font-size: 15px;          font-weight: unset;        }        <\/style>        <div class=\"bwg_gal_title_4\">F\u00e9vrier 2025<\/div>            <div data-max-count=\"5\"         data-thumbnail-width=\"250\"         data-bwg=\"4\"         id=\"bwg_album_compact_4\"         class=\"bwg-thumbnails bwg-container bwg-container-4 bwg-album-thumbnails bwg_album_thumbnails_4\">              <div class=\"bwg-item\">          <a class=\"bwg-a bwg-album bwg_album_4\"             href='\/index.php?rest_route=%2Fwp%2Fv2%2Fpages%2F4823&#038;type_4=gallery&#038;album_gallery_id_4=986'                          data-container_id=\"bwg_album_compact_4\"             data-def_type=\"gallery\"             data-album_gallery_id=\"61\"             data-alb_gal_id=\"986\"             data-title=\"Marche nordique \u00e0 Vendat le 1er f\u00e9vrier 2025\"             data-bwg=\"4\">                        <div class=\"bwg-item0 lazy_loader\">              <div class=\"bwg-item1 \">                <div class=\"bwg-item2\">                  <img decoding=\"async\" class=\"skip-lazy  bwg_lazyload \"                       data-width=\"500.00\"                       data-height=\"225.00\"                       data-src=\"https:\/\/vichyrando.org\/wp-content\/uploads\/photo-gallery\/thumb\/2025-02-01-Vendat02.jpg?bwg=1738763794\"                       src=\"https:\/\/vichyrando.org\/wp-content\/plugins\/photo-gallery\/images\/lazy_placeholder.gif\"                       alt=\"Marche nordique \u00e0 Vendat le 1er f\u00e9vrier 2025\"                       title=\"Marche nordique \u00e0 Vendat le 1er f\u00e9vrier 2025\" \/>                <\/div>                <div class=\"\">                                  <\/div>              <\/div>            <\/div>            <div class=\"bwg-title1\"><div class=\"bwg-title2\">Marche nordique \u00e0 Vendat le 1er f\u00e9vrier 2025<\/div><\/div>          <\/a>        <\/div>                <div class=\"bwg-item\">          <a class=\"bwg-a bwg-album bwg_album_4\"             href='\/index.php?rest_route=%2Fwp%2Fv2%2Fpages%2F4823&#038;type_4=gallery&#038;album_gallery_id_4=987'                          data-container_id=\"bwg_album_compact_4\"             data-def_type=\"gallery\"             data-album_gallery_id=\"61\"             data-alb_gal_id=\"987\"             data-title=\"Rando sant\u00e9 \u00e0 St Didier la for\u00eat le 3 f\u00e9vrier 2025\"             data-bwg=\"4\">                        <div class=\"bwg-item0 lazy_loader\">              <div class=\"bwg-item1 \">                <div class=\"bwg-item2\">                  <img decoding=\"async\" class=\"skip-lazy  bwg_lazyload \"                       data-width=\"500.00\"                       data-height=\"333.00\"                       data-src=\"https:\/\/vichyrando.org\/wp-content\/uploads\/photo-gallery\/thumb\/2025-02-03-StDidier03.jpg?bwg=1738763875\"                       src=\"https:\/\/vichyrando.org\/wp-content\/plugins\/photo-gallery\/images\/lazy_placeholder.gif\"                       alt=\"Rando sant\u00e9 \u00e0 St Didier la for\u00eat le 3 f\u00e9vrier 2025\"                       title=\"Rando sant\u00e9 \u00e0 St Didier la for\u00eat le 3 f\u00e9vrier 2025\" \/>                <\/div>                <div class=\"\">                                  <\/div>              <\/div>            <\/div>            <div class=\"bwg-title1\"><div class=\"bwg-title2\">Rando sant\u00e9 \u00e0 St Didier la for\u00eat le 3 f\u00e9vrier 2025<\/div><\/div>          <\/a>        <\/div>                <div class=\"bwg-item\">          <a class=\"bwg-a bwg-album bwg_album_4\"             href='\/index.php?rest_route=%2Fwp%2Fv2%2Fpages%2F4823&#038;type_4=gallery&#038;album_gallery_id_4=988'                          data-container_id=\"bwg_album_compact_4\"             data-def_type=\"gallery\"             data-album_gallery_id=\"61\"             data-alb_gal_id=\"988\"             data-title=\"Marche sportive \u00e0 Blot l&#039;\u00e9glise (63) le 4 f\u00e9vrier 2025\"             data-bwg=\"4\">                        <div class=\"bwg-item0 lazy_loader\">              <div class=\"bwg-item1 \">                <div class=\"bwg-item2\">                  <img decoding=\"async\" class=\"skip-lazy  bwg_lazyload \"                       data-width=\"500.00\"                       data-height=\"375.00\"                       data-src=\"https:\/\/vichyrando.org\/wp-content\/uploads\/photo-gallery\/thumb\/2025-02-04-Blot02.jpg?bwg=1738763987\"                       src=\"https:\/\/vichyrando.org\/wp-content\/plugins\/photo-gallery\/images\/lazy_placeholder.gif\"                       alt=\"Marche sportive \u00e0 Blot l&#039;\u00e9glise (63) le 4 f\u00e9vrier 2025\"                       title=\"Marche sportive \u00e0 Blot l&#039;\u00e9glise (63) le 4 f\u00e9vrier 2025\" \/>                <\/div>                <div class=\"\">                                  <\/div>              <\/div>            <\/div>            <div class=\"bwg-title1\"><div class=\"bwg-title2\">Marche sportive \u00e0 Blot l'\u00e9glise (63) le 4 f\u00e9vrier 2025<\/div><\/div>          <\/a>        <\/div>                <div class=\"bwg-item\">          <a class=\"bwg-a bwg-album bwg_album_4\"             href='\/index.php?rest_route=%2Fwp%2Fv2%2Fpages%2F4823&#038;type_4=gallery&#038;album_gallery_id_4=989'                          data-container_id=\"bwg_album_compact_4\"             data-def_type=\"gallery\"             data-album_gallery_id=\"61\"             data-alb_gal_id=\"989\"             data-title=\"Rando 1\/2 journ\u00e9e \u00e0 La Chapelle le 4 f\u00e9vrier 2025\"             data-bwg=\"4\">                        <div class=\"bwg-item0 lazy_loader\">              <div class=\"bwg-item1 \">                <div class=\"bwg-item2\">                  <img decoding=\"async\" class=\"skip-lazy  bwg_lazyload \"                       data-width=\"500.00\"                       data-height=\"287.00\"                       data-src=\"https:\/\/vichyrando.org\/wp-content\/uploads\/photo-gallery\/thumb\/2025-02-04-LaChapelle03.jpg?bwg=1738830273\"                       src=\"https:\/\/vichyrando.org\/wp-content\/plugins\/photo-gallery\/images\/lazy_placeholder.gif\"                       alt=\"Rando 1\/2 journ\u00e9e \u00e0 La Chapelle le 4 f\u00e9vrier 2025\"                       title=\"Rando 1\/2 journ\u00e9e \u00e0 La Chapelle le 4 f\u00e9vrier 2025\" \/>                <\/div>                <div class=\"\">                                  <\/div>              <\/div>            <\/div>            <div class=\"bwg-title1\"><div class=\"bwg-title2\">Rando 1\/2 journ\u00e9e \u00e0 La Chapelle le 4 f\u00e9vrier 2025<\/div><\/div>          <\/a>        <\/div>                <div class=\"bwg-item\">          <a class=\"bwg-a bwg-album bwg_album_4\"             href='\/index.php?rest_route=%2Fwp%2Fv2%2Fpages%2F4823&#038;type_4=gallery&#038;album_gallery_id_4=990'                          data-container_id=\"bwg_album_compact_4\"             data-def_type=\"gallery\"             data-album_gallery_id=\"61\"             data-alb_gal_id=\"990\"             data-title=\"Mini rando et matin\u00e9e cr\u00eapes \u00e0 Bellerive\/Allier le 6 f\u00e9vrier 025\"             data-bwg=\"4\">                        <div class=\"bwg-item0 lazy_loader\">              <div class=\"bwg-item1 \">                <div class=\"bwg-item2\">                  <img decoding=\"async\" class=\"skip-lazy  bwg_lazyload \"                       data-width=\"500.00\"                       data-height=\"281.00\"                       data-src=\"https:\/\/vichyrando.org\/wp-content\/uploads\/photo-gallery\/thumb\/2025-02-06-Bellerive19.jpg?bwg=1738933963\"                       src=\"https:\/\/vichyrando.org\/wp-content\/plugins\/photo-gallery\/images\/lazy_placeholder.gif\"                       alt=\"Mini rando et matin\u00e9e cr\u00eapes \u00e0 Bellerive\/Allier le 6 f\u00e9vrier 025\"                       title=\"Mini rando et matin\u00e9e cr\u00eapes \u00e0 Bellerive\/Allier le 6 f\u00e9vrier 025\" \/>                <\/div>                <div class=\"\">                                  <\/div>              <\/div>            <\/div>            <div class=\"bwg-title1\"><div class=\"bwg-title2\">Mini rando et matin\u00e9e cr\u00eapes \u00e0 Bellerive\/Allier le 6 f\u00e9vrier 025<\/div><\/div>          <\/a>        <\/div>                <div class=\"bwg-item\">          <a class=\"bwg-a bwg-album bwg_album_4\"             href='\/index.php?rest_route=%2Fwp%2Fv2%2Fpages%2F4823&#038;type_4=gallery&#038;album_gallery_id_4=991'                          data-container_id=\"bwg_album_compact_4\"             data-def_type=\"gallery\"             data-album_gallery_id=\"61\"             data-alb_gal_id=\"991\"             data-title=\"Rando 1\/2 journ\u00e9e \u00e0 Ch\u00e2teldon (63) le 6 f\u00e9vrier 2025\"             data-bwg=\"4\">                        <div class=\"bwg-item0 lazy_loader\">              <div class=\"bwg-item1 \">                <div class=\"bwg-item2\">                  <img decoding=\"async\" class=\"skip-lazy  bwg_lazyload \"                       data-width=\"500.00\"                       data-height=\"333.00\"                       data-src=\"https:\/\/vichyrando.org\/wp-content\/uploads\/photo-gallery\/thumb\/2025-02-06-Chateldon06.jpg?bwg=1739007772\"                       src=\"https:\/\/vichyrando.org\/wp-content\/plugins\/photo-gallery\/images\/lazy_placeholder.gif\"                       alt=\"Rando 1\/2 journ\u00e9e \u00e0 Ch\u00e2teldon (63) le 6 f\u00e9vrier 2025\"                       title=\"Rando 1\/2 journ\u00e9e \u00e0 Ch\u00e2teldon (63) le 6 f\u00e9vrier 2025\" \/>                <\/div>                <div class=\"\">                                  <\/div>              <\/div>            <\/div>            <div class=\"bwg-title1\"><div class=\"bwg-title2\">Rando 1\/2 journ\u00e9e \u00e0 Ch\u00e2teldon (63) le 6 f\u00e9vrier 2025<\/div><\/div>          <\/a>        <\/div>                <div class=\"bwg-item\">          <a class=\"bwg-a bwg-album bwg_album_4\"             href='\/index.php?rest_route=%2Fwp%2Fv2%2Fpages%2F4823&#038;type_4=gallery&#038;album_gallery_id_4=992'                          data-container_id=\"bwg_album_compact_4\"             data-def_type=\"gallery\"             data-album_gallery_id=\"61\"             data-alb_gal_id=\"992\"             data-title=\"Rando sant\u00e9 \u00e0 Vichy le 10 f\u00e9vrier 2025\"             data-bwg=\"4\">                        <div class=\"bwg-item0 lazy_loader\">              <div class=\"bwg-item1 \">                <div class=\"bwg-item2\">                  <img decoding=\"async\" class=\"skip-lazy  bwg_lazyload \"                       data-width=\"500.00\"                       data-height=\"281.00\"                       data-src=\"https:\/\/vichyrando.org\/wp-content\/uploads\/photo-gallery\/thumb\/2025-02-10-Vichy15.jpg?bwg=1739265764\"                       src=\"https:\/\/vichyrando.org\/wp-content\/plugins\/photo-gallery\/images\/lazy_placeholder.gif\"                       alt=\"Rando sant\u00e9 \u00e0 Vichy le 10 f\u00e9vrier 2025\"                       title=\"Rando sant\u00e9 \u00e0 Vichy le 10 f\u00e9vrier 2025\" \/>                <\/div>                <div class=\"\">                                  <\/div>              <\/div>            <\/div>            <div class=\"bwg-title1\"><div class=\"bwg-title2\">Rando sant\u00e9 \u00e0 Vichy le 10 f\u00e9vrier 2025<\/div><\/div>          <\/a>        <\/div>                <div class=\"bwg-item\">          <a class=\"bwg-a bwg-album bwg_album_4\"             href='\/index.php?rest_route=%2Fwp%2Fv2%2Fpages%2F4823&#038;type_4=gallery&#038;album_gallery_id_4=993'                          data-container_id=\"bwg_album_compact_4\"             data-def_type=\"gallery\"             data-album_gallery_id=\"61\"             data-alb_gal_id=\"993\"             data-title=\"Journ\u00e9e rando tr\u00e8s sportive \u00e0 Ferri\u00e8res\/Sichon le 11 f\u00e9vrier 2025\"             data-bwg=\"4\">                        <div class=\"bwg-item0 lazy_loader\">              <div class=\"bwg-item1 \">                <div class=\"bwg-item2\">                  <img decoding=\"async\" class=\"skip-lazy  bwg_lazyload \"                       data-width=\"500.00\"                       data-height=\"375.00\"                       data-src=\"https:\/\/vichyrando.org\/wp-content\/uploads\/photo-gallery\/thumb\/2025-02-11-Ferrieres08.jpg?bwg=1739368588\"                       src=\"https:\/\/vichyrando.org\/wp-content\/plugins\/photo-gallery\/images\/lazy_placeholder.gif\"                       alt=\"Journ\u00e9e rando tr\u00e8s sportive \u00e0 Ferri\u00e8res\/Sichon le 11 f\u00e9vrier 2025\"                       title=\"Journ\u00e9e rando tr\u00e8s sportive \u00e0 Ferri\u00e8res\/Sichon le 11 f\u00e9vrier 2025\" \/>                <\/div>                <div class=\"\">                                  <\/div>              <\/div>            <\/div>            <div class=\"bwg-title1\"><div class=\"bwg-title2\">Journ\u00e9e rando tr\u00e8s sportive \u00e0 Ferri\u00e8res\/Sichon le 11 f\u00e9vrier 2025<\/div><\/div>          <\/a>        <\/div>                <div class=\"bwg-item\">          <a class=\"bwg-a bwg-album bwg_album_4\"             href='\/index.php?rest_route=%2Fwp%2Fv2%2Fpages%2F4823&#038;type_4=gallery&#038;album_gallery_id_4=994'                          data-container_id=\"bwg_album_compact_4\"             data-def_type=\"gallery\"             data-album_gallery_id=\"61\"             data-alb_gal_id=\"994\"             data-title=\"Rando 1\/2 journ\u00e9e \u00e0 Arronnes le 11 f\u00e9vrier 2025\"             data-bwg=\"4\">                        <div class=\"bwg-item0 lazy_loader\">              <div class=\"bwg-item1 \">                <div class=\"bwg-item2\">                  <img decoding=\"async\" class=\"skip-lazy  bwg_lazyload \"                       data-width=\"500.00\"                       data-height=\"296.00\"                       data-src=\"https:\/\/vichyrando.org\/wp-content\/uploads\/photo-gallery\/thumb\/2025-02-11-Arronnes07.jpg?bwg=1739439852\"                       src=\"https:\/\/vichyrando.org\/wp-content\/plugins\/photo-gallery\/images\/lazy_placeholder.gif\"                       alt=\"Rando 1\/2 journ\u00e9e \u00e0 Arronnes le 11 f\u00e9vrier 2025\"                       title=\"Rando 1\/2 journ\u00e9e \u00e0 Arronnes le 11 f\u00e9vrier 2025\" \/>                <\/div>                <div class=\"\">                                  <\/div>              <\/div>            <\/div>            <div class=\"bwg-title1\"><div class=\"bwg-title2\">Rando 1\/2 journ\u00e9e \u00e0 Arronnes le 11 f\u00e9vrier 2025<\/div><\/div>          <\/a>        <\/div>                <div class=\"bwg-item\">          <a class=\"bwg-a bwg-album bwg_album_4\"             href='\/index.php?rest_route=%2Fwp%2Fv2%2Fpages%2F4823&#038;type_4=gallery&#038;album_gallery_id_4=995'                          data-container_id=\"bwg_album_compact_4\"             data-def_type=\"gallery\"             data-album_gallery_id=\"61\"             data-alb_gal_id=\"995\"             data-title=\"Mini rando \u00e0 Creuzier le Vieux le 13 f\u00e9vrier 2025\"             data-bwg=\"4\">                        <div class=\"bwg-item0 lazy_loader\">              <div class=\"bwg-item1 \">                <div class=\"bwg-item2\">                  <img decoding=\"async\" class=\"skip-lazy  bwg_lazyload \"                       data-width=\"500.00\"                       data-height=\"333.00\"                       data-src=\"https:\/\/vichyrando.org\/wp-content\/uploads\/photo-gallery\/thumb\/2025-02-13-Creuzier01.jpg?bwg=1739463777\"                       src=\"https:\/\/vichyrando.org\/wp-content\/plugins\/photo-gallery\/images\/lazy_placeholder.gif\"                       alt=\"Mini rando \u00e0 Creuzier le Vieux le 13 f\u00e9vrier 2025\"                       title=\"Mini rando \u00e0 Creuzier le Vieux le 13 f\u00e9vrier 2025\" \/>                <\/div>                <div class=\"\">                                  <\/div>              <\/div>            <\/div>            <div class=\"bwg-title1\"><div class=\"bwg-title2\">Mini rando \u00e0 Creuzier le Vieux le 13 f\u00e9vrier 2025<\/div><\/div>          <\/a>        <\/div>                <div class=\"bwg-item\">          <a class=\"bwg-a bwg-album bwg_album_4\"             href='\/index.php?rest_route=%2Fwp%2Fv2%2Fpages%2F4823&#038;type_4=gallery&#038;album_gallery_id_4=996'                          data-container_id=\"bwg_album_compact_4\"             data-def_type=\"gallery\"             data-album_gallery_id=\"61\"             data-alb_gal_id=\"996\"             data-title=\"Rando 1\/2 journ\u00e9e \u00e0 Bransat le 13 f\u00e9vrier 2025\"             data-bwg=\"4\">                        <div class=\"bwg-item0 lazy_loader\">              <div class=\"bwg-item1 \">                <div class=\"bwg-item2\">                  <img decoding=\"async\" class=\"skip-lazy  bwg_lazyload \"                       data-width=\"500.00\"                       data-height=\"375.00\"                       data-src=\"https:\/\/vichyrando.org\/wp-content\/uploads\/photo-gallery\/thumb\/2025-02-13-Bransat01.jpg?bwg=1739552850\"                       src=\"https:\/\/vichyrando.org\/wp-content\/plugins\/photo-gallery\/images\/lazy_placeholder.gif\"                       alt=\"Rando 1\/2 journ\u00e9e \u00e0 Bransat le 13 f\u00e9vrier 2025\"                       title=\"Rando 1\/2 journ\u00e9e \u00e0 Bransat le 13 f\u00e9vrier 2025\" \/>                <\/div>                <div class=\"\">                                  <\/div>              <\/div>            <\/div>            <div class=\"bwg-title1\"><div class=\"bwg-title2\">Rando 1\/2 journ\u00e9e \u00e0 Bransat le 13 f\u00e9vrier 2025<\/div><\/div>          <\/a>        <\/div>                <div class=\"bwg-item\">          <a class=\"bwg-a bwg-album bwg_album_4\"             href='\/index.php?rest_route=%2Fwp%2Fv2%2Fpages%2F4823&#038;type_4=gallery&#038;album_gallery_id_4=997'                          data-container_id=\"bwg_album_compact_4\"             data-def_type=\"gallery\"             data-album_gallery_id=\"61\"             data-alb_gal_id=\"997\"             data-title=\"Marche nordique \u00e0 Bellerive\/Allier le 15 f\u00e9vrier 2025\"             data-bwg=\"4\">                        <div class=\"bwg-item0 lazy_loader\">              <div class=\"bwg-item1 \">                <div class=\"bwg-item2\">                  <img decoding=\"async\" class=\"skip-lazy  bwg_lazyload \"                       data-width=\"500.00\"                       data-height=\"314.00\"                       data-src=\"https:\/\/vichyrando.org\/wp-content\/uploads\/photo-gallery\/thumb\/2025-02-15-Monzieres02.jpg?bwg=1739646094\"                       src=\"https:\/\/vichyrando.org\/wp-content\/plugins\/photo-gallery\/images\/lazy_placeholder.gif\"                       alt=\"Marche nordique \u00e0 Bellerive\/Allier le 15 f\u00e9vrier 2025\"                       title=\"Marche nordique \u00e0 Bellerive\/Allier le 15 f\u00e9vrier 2025\" \/>                <\/div>                <div class=\"\">                                  <\/div>              <\/div>            <\/div>            <div class=\"bwg-title1\"><div class=\"bwg-title2\">Marche nordique \u00e0 Bellerive\/Allier le 15 f\u00e9vrier 2025<\/div><\/div>          <\/a>        <\/div>                <div class=\"bwg-item\">          <a class=\"bwg-a bwg-album bwg_album_4\"             href='\/index.php?rest_route=%2Fwp%2Fv2%2Fpages%2F4823&#038;type_4=gallery&#038;album_gallery_id_4=998'                          data-container_id=\"bwg_album_compact_4\"             data-def_type=\"gallery\"             data-album_gallery_id=\"61\"             data-alb_gal_id=\"998\"             data-title=\"Rando Sant\u00e9 Resto \u00e0 Seuillet le 17 f\u00e9vrier 2025\"             data-bwg=\"4\">                        <div class=\"bwg-item0 lazy_loader\">              <div class=\"bwg-item1 \">                <div class=\"bwg-item2\">                  <img decoding=\"async\" class=\"skip-lazy  bwg_lazyload \"                       data-width=\"500.00\"                       data-height=\"400.00\"                       data-src=\"https:\/\/vichyrando.org\/wp-content\/uploads\/photo-gallery\/thumb\/2025-02-17-Seuillet19.jpg?bwg=1739879525\"                       src=\"https:\/\/vichyrando.org\/wp-content\/plugins\/photo-gallery\/images\/lazy_placeholder.gif\"                       alt=\"Rando Sant\u00e9 Resto \u00e0 Seuillet le 17 f\u00e9vrier 2025\"                       title=\"Rando Sant\u00e9 Resto \u00e0 Seuillet le 17 f\u00e9vrier 2025\" \/>                <\/div>                <div class=\"\">                                  <\/div>              <\/div>            <\/div>            <div class=\"bwg-title1\"><div class=\"bwg-title2\">Rando Sant\u00e9 Resto \u00e0 Seuillet le 17 f\u00e9vrier 2025<\/div><\/div>          <\/a>        <\/div>                <div class=\"bwg-item\">          <a class=\"bwg-a bwg-album bwg_album_4\"             href='\/index.php?rest_route=%2Fwp%2Fv2%2Fpages%2F4823&#038;type_4=gallery&#038;album_gallery_id_4=999'                          data-container_id=\"bwg_album_compact_4\"             data-def_type=\"gallery\"             data-album_gallery_id=\"61\"             data-alb_gal_id=\"999\"             data-title=\"Mini formation lecture de cartes\"             data-bwg=\"4\">                        <div class=\"bwg-item0 lazy_loader\">              <div class=\"bwg-item1 \">                <div class=\"bwg-item2\">                  <img decoding=\"async\" class=\"skip-lazy  bwg_lazyload \"                       data-width=\"500.00\"                       data-height=\"225.00\"                       data-src=\"https:\/\/vichyrando.org\/wp-content\/uploads\/photo-gallery\/thumb\/2025-02-18-StMyon03.jpg?bwg=1739984798\"                       src=\"https:\/\/vichyrando.org\/wp-content\/plugins\/photo-gallery\/images\/lazy_placeholder.gif\"                       alt=\"Mini formation lecture de cartes\"                       title=\"Mini formation lecture de cartes\" \/>                <\/div>                <div class=\"\">                                  <\/div>              <\/div>            <\/div>            <div class=\"bwg-title1\"><div class=\"bwg-title2\">Mini formation lecture de cartes<\/div><\/div>          <\/a>        <\/div>                <div class=\"bwg-item\">          <a class=\"bwg-a bwg-album bwg_album_4\"             href='\/index.php?rest_route=%2Fwp%2Fv2%2Fpages%2F4823&#038;type_4=gallery&#038;album_gallery_id_4=1000'                          data-container_id=\"bwg_album_compact_4\"             data-def_type=\"gallery\"             data-album_gallery_id=\"61\"             data-alb_gal_id=\"1000\"             data-title=\"Journ\u00e9e rando sportive \u00e0 St Myon (63) le 18 f\u00e9vrier 2025\"             data-bwg=\"4\">                        <div class=\"bwg-item0 lazy_loader\">              <div class=\"bwg-item1 \">                <div class=\"bwg-item2\">                  <img decoding=\"async\" class=\"skip-lazy  bwg_lazyload \"                       data-width=\"500.00\"                       data-height=\"301.00\"                       data-src=\"https:\/\/vichyrando.org\/wp-content\/uploads\/photo-gallery\/thumb\/2025-02-18-StMyon05.jpg?bwg=1739984872\"                       src=\"https:\/\/vichyrando.org\/wp-content\/plugins\/photo-gallery\/images\/lazy_placeholder.gif\"                       alt=\"Journ\u00e9e rando sportive \u00e0 St Myon (63) le 18 f\u00e9vrier 2025\"                       title=\"Journ\u00e9e rando sportive \u00e0 St Myon (63) le 18 f\u00e9vrier 2025\" \/>                <\/div>                <div class=\"\">                                  <\/div>              <\/div>            <\/div>            <div class=\"bwg-title1\"><div class=\"bwg-title2\">Journ\u00e9e rando sportive \u00e0 St Myon (63) le 18 f\u00e9vrier 2025<\/div><\/div>          <\/a>        <\/div>                <div class=\"bwg-item\">          <a class=\"bwg-a bwg-album bwg_album_4\"             href='\/index.php?rest_route=%2Fwp%2Fv2%2Fpages%2F4823&#038;type_4=gallery&#038;album_gallery_id_4=1001'                          data-container_id=\"bwg_album_compact_4\"             data-def_type=\"gallery\"             data-album_gallery_id=\"61\"             data-alb_gal_id=\"1001\"             data-title=\"Rando 1\/2 journ\u00e9e \u00e0 Biozat le 18 f\u00e9vrier 2025\"             data-bwg=\"4\">                        <div class=\"bwg-item0 lazy_loader\">              <div class=\"bwg-item1 \">                <div class=\"bwg-item2\">                  <img decoding=\"async\" class=\"skip-lazy  bwg_lazyload \"                       data-width=\"500.00\"                       data-height=\"190.00\"                       data-src=\"https:\/\/vichyrando.org\/wp-content\/uploads\/photo-gallery\/thumb\/2025-02-18-Biozat02_(1).jpg?bwg=1740087552\"                       src=\"https:\/\/vichyrando.org\/wp-content\/plugins\/photo-gallery\/images\/lazy_placeholder.gif\"                       alt=\"Rando 1\/2 journ\u00e9e \u00e0 Biozat le 18 f\u00e9vrier 2025\"                       title=\"Rando 1\/2 journ\u00e9e \u00e0 Biozat le 18 f\u00e9vrier 2025\" \/>                <\/div>                <div class=\"\">                                  <\/div>              <\/div>            <\/div>            <div class=\"bwg-title1\"><div class=\"bwg-title2\">Rando 1\/2 journ\u00e9e \u00e0 Biozat le 18 f\u00e9vrier 2025<\/div><\/div>          <\/a>        <\/div>                <div class=\"bwg-item\">          <a class=\"bwg-a bwg-album bwg_album_4\"             href='\/index.php?rest_route=%2Fwp%2Fv2%2Fpages%2F4823&#038;type_4=gallery&#038;album_gallery_id_4=1003'                          data-container_id=\"bwg_album_compact_4\"             data-def_type=\"gallery\"             data-album_gallery_id=\"61\"             data-alb_gal_id=\"1003\"             data-title=\"Mini Rando \u00e0 Busset le 20 f\u00e9vrier 2025\"             data-bwg=\"4\">                        <div class=\"bwg-item0 lazy_loader\">              <div class=\"bwg-item1 \">                <div class=\"bwg-item2\">                  <img decoding=\"async\" class=\"skip-lazy  bwg_lazyload \"                       data-width=\"500.00\"                       data-height=\"231.00\"                       data-src=\"https:\/\/vichyrando.org\/wp-content\/uploads\/photo-gallery\/thumb\/2025-02-20-Busset04.jpg?bwg=1740326585\"                       src=\"https:\/\/vichyrando.org\/wp-content\/plugins\/photo-gallery\/images\/lazy_placeholder.gif\"                       alt=\"Mini Rando \u00e0 Busset le 20 f\u00e9vrier 2025\"                       title=\"Mini Rando \u00e0 Busset le 20 f\u00e9vrier 2025\" \/>                <\/div>                <div class=\"\">                                  <\/div>              <\/div>            <\/div>            <div class=\"bwg-title1\"><div class=\"bwg-title2\">Mini Rando \u00e0 Busset le 20 f\u00e9vrier 2025<\/div><\/div>          <\/a>        <\/div>                <div class=\"bwg-item\">          <a class=\"bwg-a bwg-album bwg_album_4\"             href='\/index.php?rest_route=%2Fwp%2Fv2%2Fpages%2F4823&#038;type_4=gallery&#038;album_gallery_id_4=1002'                          data-container_id=\"bwg_album_compact_4\"             data-def_type=\"gallery\"             data-album_gallery_id=\"61\"             data-alb_gal_id=\"1002\"             data-title=\"Rando journ\u00e9e \u00e0 La Chabanne le 20 f\u00e9vrier 2025\"             data-bwg=\"4\">                        <div class=\"bwg-item0 lazy_loader\">              <div class=\"bwg-item1 \">                <div class=\"bwg-item2\">                  <img decoding=\"async\" class=\"skip-lazy  bwg_lazyload \"                       data-width=\"500.00\"                       data-height=\"317.00\"                       data-src=\"https:\/\/vichyrando.org\/wp-content\/uploads\/photo-gallery\/thumb\/2025-02-20-LaChabanne11.jpg?bwg=1740087806\"                       src=\"https:\/\/vichyrando.org\/wp-content\/plugins\/photo-gallery\/images\/lazy_placeholder.gif\"                       alt=\"Rando journ\u00e9e \u00e0 La Chabanne le 20 f\u00e9vrier 2025\"                       title=\"Rando journ\u00e9e \u00e0 La Chabanne le 20 f\u00e9vrier 2025\" \/>                <\/div>                <div class=\"\">                                  <\/div>              <\/div>            <\/div>            <div class=\"bwg-title1\"><div class=\"bwg-title2\">Rando journ\u00e9e \u00e0 La Chabanne le 20 f\u00e9vrier 2025<\/div><\/div>          <\/a>        <\/div>                <div class=\"bwg-item\">          <a class=\"bwg-a bwg-album bwg_album_4\"             href='\/index.php?rest_route=%2Fwp%2Fv2%2Fpages%2F4823&#038;type_4=gallery&#038;album_gallery_id_4=1004'                          data-container_id=\"bwg_album_compact_4\"             data-def_type=\"gallery\"             data-album_gallery_id=\"61\"             data-alb_gal_id=\"1004\"             data-title=\"Marche nordique \u00e0 St R\u00e9my en Rollat le 22 f\u00e9vrier 2025\"             data-bwg=\"4\">                        <div class=\"bwg-item0 lazy_loader\">              <div class=\"bwg-item1 \">                <div class=\"bwg-item2\">                  <img decoding=\"async\" class=\"skip-lazy  bwg_lazyload \"                       data-width=\"500.00\"                       data-height=\"225.00\"                       data-src=\"https:\/\/vichyrando.org\/wp-content\/uploads\/photo-gallery\/thumb\/2025-02-22-StRemy01.jpg?bwg=1740326702\"                       src=\"https:\/\/vichyrando.org\/wp-content\/plugins\/photo-gallery\/images\/lazy_placeholder.gif\"                       alt=\"Marche nordique \u00e0 St R\u00e9my en Rollat le 22 f\u00e9vrier 2025\"                       title=\"Marche nordique \u00e0 St R\u00e9my en Rollat le 22 f\u00e9vrier 2025\" \/>                <\/div>                <div class=\"\">                                  <\/div>              <\/div>            <\/div>            <div class=\"bwg-title1\"><div class=\"bwg-title2\">Marche nordique \u00e0 St R\u00e9my en Rollat le 22 f\u00e9vrier 2025<\/div><\/div>          <\/a>        <\/div>                <div class=\"bwg-item\">          <a class=\"bwg-a bwg-album bwg_album_4\"             href='\/index.php?rest_route=%2Fwp%2Fv2%2Fpages%2F4823&#038;type_4=gallery&#038;album_gallery_id_4=1005'                          data-container_id=\"bwg_album_compact_4\"             data-def_type=\"gallery\"             data-album_gallery_id=\"61\"             data-alb_gal_id=\"1005\"             data-title=\"Rencontre Interclub de marche nordique \u00e0 Creuzier le Vieux le 25 f\u00e9vrier 2025\"             data-bwg=\"4\">                        <div class=\"bwg-item0 lazy_loader\">              <div class=\"bwg-item1 \">                <div class=\"bwg-item2\">                  <img decoding=\"async\" class=\"skip-lazy  bwg_lazyload \"                       data-width=\"500.00\"                       data-height=\"225.00\"                       data-src=\"https:\/\/vichyrando.org\/wp-content\/uploads\/photo-gallery\/thumb\/2025-02-25-Creuzier01.jpg?bwg=1740517581\"                       src=\"https:\/\/vichyrando.org\/wp-content\/plugins\/photo-gallery\/images\/lazy_placeholder.gif\"                       alt=\"Rencontre Interclub de marche nordique \u00e0 Creuzier le Vieux le 25 f\u00e9vrier 2025\"                       title=\"Rencontre Interclub de marche nordique \u00e0 Creuzier le Vieux le 25 f\u00e9vrier 2025\" \/>                <\/div>                <div class=\"\">                                  <\/div>              <\/div>            <\/div>            <div class=\"bwg-title1\"><div class=\"bwg-title2\">Rencontre Interclub de marche nordique \u00e0 Creuzier le Vieux le 25 f\u00e9vrier 2025<\/div><\/div>          <\/a>        <\/div>                <div class=\"bwg-item\">          <a class=\"bwg-a bwg-album bwg_album_4\"             href='\/index.php?rest_route=%2Fwp%2Fv2%2Fpages%2F4823&#038;type_4=gallery&#038;album_gallery_id_4=1006'                          data-container_id=\"bwg_album_compact_4\"             data-def_type=\"gallery\"             data-album_gallery_id=\"61\"             data-alb_gal_id=\"1006\"             data-title=\"Journ\u00e9e rando sportive \u00e0 Bert le 25 f\u00e9vrier 2025\"             data-bwg=\"4\">                        <div class=\"bwg-item0 lazy_loader\">              <div class=\"bwg-item1 \">                <div class=\"bwg-item2\">                  <img decoding=\"async\" class=\"skip-lazy  bwg_lazyload \"                       data-width=\"500.00\"                       data-height=\"319.00\"                       data-src=\"https:\/\/vichyrando.org\/wp-content\/uploads\/photo-gallery\/thumb\/2025-02-25-Bert07.jpg?bwg=1740565847\"                       src=\"https:\/\/vichyrando.org\/wp-content\/plugins\/photo-gallery\/images\/lazy_placeholder.gif\"                       alt=\"Journ\u00e9e rando sportive \u00e0 Bert le 25 f\u00e9vrier 2025\"                       title=\"Journ\u00e9e rando sportive \u00e0 Bert le 25 f\u00e9vrier 2025\" \/>                <\/div>                <div class=\"\">                                  <\/div>              <\/div>            <\/div>            <div class=\"bwg-title1\"><div class=\"bwg-title2\">Journ\u00e9e rando sportive \u00e0 Bert le 25 f\u00e9vrier 2025<\/div><\/div>          <\/a>        <\/div>                <div class=\"bwg-item\">          <a class=\"bwg-a bwg-album bwg_album_4\"             href='\/index.php?rest_route=%2Fwp%2Fv2%2Fpages%2F4823&#038;type_4=gallery&#038;album_gallery_id_4=1007'                          data-container_id=\"bwg_album_compact_4\"             data-def_type=\"gallery\"             data-album_gallery_id=\"61\"             data-alb_gal_id=\"1007\"             data-title=\"Rando 1\/2 journ\u00e9e \u00e0 Montpeyroux (63) le 25 f\u00e9vrier 2025\"             data-bwg=\"4\">                        <div class=\"bwg-item0 lazy_loader\">              <div class=\"bwg-item1 \">                <div class=\"bwg-item2\">                  <img decoding=\"async\" class=\"skip-lazy  bwg_lazyload \"                       data-width=\"500.00\"                       data-height=\"428.00\"                       data-src=\"https:\/\/vichyrando.org\/wp-content\/uploads\/photo-gallery\/thumb\/2025-02-25-Montpeyroux01.jpg?bwg=1740675767\"                       src=\"https:\/\/vichyrando.org\/wp-content\/plugins\/photo-gallery\/images\/lazy_placeholder.gif\"                       alt=\"Rando 1\/2 journ\u00e9e \u00e0 Montpeyroux (63) le 25 f\u00e9vrier 2025\"                       title=\"Rando 1\/2 journ\u00e9e \u00e0 Montpeyroux (63) le 25 f\u00e9vrier 2025\" \/>                <\/div>                <div class=\"\">                                  <\/div>              <\/div>            <\/div>            <div class=\"bwg-title1\"><div class=\"bwg-title2\">Rando 1\/2 journ\u00e9e \u00e0 Montpeyroux (63) le 25 f\u00e9vrier 2025<\/div><\/div>          <\/a>        <\/div>                <div class=\"bwg-item\">          <a class=\"bwg-a bwg-album bwg_album_4\"             href='\/index.php?rest_route=%2Fwp%2Fv2%2Fpages%2F4823&#038;type_4=gallery&#038;album_gallery_id_4=1008'                          data-container_id=\"bwg_album_compact_4\"             data-def_type=\"gallery\"             data-album_gallery_id=\"61\"             data-alb_gal_id=\"1008\"             data-title=\"Rando 1\/2 journ\u00e9e \u00e0 Lachaux (63) le 27 f\u00e9vrier 2025\"             data-bwg=\"4\">                        <div class=\"bwg-item0 lazy_loader\">              <div class=\"bwg-item1 \">                <div class=\"bwg-item2\">                  <img decoding=\"async\" class=\"skip-lazy  bwg_lazyload \"                       data-width=\"500.00\"                       data-height=\"375.00\"                       data-src=\"https:\/\/vichyrando.org\/wp-content\/uploads\/photo-gallery\/thumb\/2025-02-27-Lachaux01.jpg?bwg=1740761988\"                       src=\"https:\/\/vichyrando.org\/wp-content\/plugins\/photo-gallery\/images\/lazy_placeholder.gif\"                       alt=\"Rando 1\/2 journ\u00e9e \u00e0 Lachaux (63) le 27 f\u00e9vrier 2025\"                       title=\"Rando 1\/2 journ\u00e9e \u00e0 Lachaux (63) le 27 f\u00e9vrier 2025\" \/>                <\/div>                <div class=\"\">                                  <\/div>              <\/div>            <\/div>            <div class=\"bwg-title1\"><div class=\"bwg-title2\">Rando 1\/2 journ\u00e9e \u00e0 Lachaux (63) le 27 f\u00e9vrier 2025<\/div><\/div>          <\/a>        <\/div>            <\/div>          <input type=\"hidden\" id=\"bwg_album_breadcrumb_4\" name=\"bwg_album_breadcrumb_4\" value='[{&quot;id&quot;:&quot;61&quot;,&quot;page&quot;:1}]' \/>    <style>      \/*pagination styles*\/      #bwg_container1_4 #bwg_container2_4 .tablenav-pages_4 {\t\t\t\ttext-align: center;\t\t\t\tfont-size: 12px;\t\t\t\tfont-family: Ubuntu;\t\t\t\tfont-weight: bold;\t\t\t\tcolor: #666666;\t\t\t\tmargin: 6px 0 4px;\t\t\t\tdisplay: block;      }      @media only screen and (max-width : 320px) {      #bwg_container1_4 #bwg_container2_4 .displaying-num_4 {     \t display: none;      }      }      #bwg_container1_4 #bwg_container2_4 .displaying-num_4 {\t\t\t\tfont-size: 12px;\t\t\t\tfont-family: Ubuntu;\t\t\t\tfont-weight: bold;\t\t\t\tcolor: #666666;\t\t\t\tmargin-right: 10px;\t\t\t\tvertical-align: middle;      }      #bwg_container1_4 #bwg_container2_4 .paging-input_4 {\t\t\t\tfont-size: 12px;\t\t\t\tfont-family: Ubuntu;\t\t\t\tfont-weight: bold;\t\t\t\tcolor: #666666;\t\t\t\tvertical-align: middle;      }      #bwg_container1_4 #bwg_container2_4 .tablenav-pages_4 a.disabled,      #bwg_container1_4 #bwg_container2_4 .tablenav-pages_4 a.disabled:hover,      #bwg_container1_4 #bwg_container2_4 .tablenav-pages_4 a.disabled:focus,\t\t\t#bwg_container1_4 #bwg_container2_4 .tablenav-pages_4 input.bwg_current_page {\t\t\t\tcursor: default;\t\t\t\tcolor: rgba(102, 102, 102, 0.5);      }      #bwg_container1_4 #bwg_container2_4 .tablenav-pages_4 a,      #bwg_container1_4 #bwg_container2_4 .tablenav-pages_4 input.bwg_current_page {\t\t\t\tcursor: pointer;\t\t\t\ttext-align: center;\t\t\t\tfont-size: 12px;\t\t\t\tfont-family: Ubuntu;\t\t\t\tfont-weight: bold;\t\t\t\tcolor: #666666;\t\t\t\ttext-decoration: none;\t\t\t\tpadding: 3px 6px;\t\t\t\tmargin: 0;\t\t\t\tborder-radius: 0;\t\t\t\tborder-style: solid;\t\t\t\tborder-width: 1px;\t\t\t\tborder-color: #E3E3E3;\t\t\t\t\t\t\t\tbackground-color: rgba(255, 255, 255, 1.00);\t\t\t\tbox-shadow: 0;\t\t\t\ttransition: all 0.3s ease 0s;-webkit-transition: all 0.3s ease 0s;      }      <\/style>      <span class=\"bwg_nav_cont_4\">              <div class=\"tablenav-pages_4\">                  <\/div>                <input type=\"hidden\" id=\"page_number_4\" name=\"page_number_4\" value=\"1\" \/>      <script type=\"text\/javascript\">        if( jQuery('.bwg_nav_cont_4').length > 1 ) {          jQuery('.bwg_nav_cont_4').first().remove()        }        function spider_page_4(cur, x, y, load_more) {          if (typeof load_more == \"undefined\") {            var load_more = false;          }          if (jQuery(cur).hasClass('disabled')) {            return false;          }          var items_county_4 = 1;          switch (y) {            case 1:              if (x >= items_county_4) {                document.getElementById('page_number_4').value = items_county_4;              }              else {                document.getElementById('page_number_4').value = x + 1;              }              break;            case 2:              document.getElementById('page_number_4').value = items_county_4;              break;            case -1:              if (x == 1) {                document.getElementById('page_number_4').value = 1;              }              else {                document.getElementById('page_number_4').value = x - 1;              }              break;            case -2:              document.getElementById('page_number_4').value = 1;              break;\t\t\t\t\t\tcase 0:              document.getElementById('page_number_4').value = x;              break;            default:              document.getElementById('page_number_4').value = 1;          }          bwg_ajax('gal_front_form_4', '4', 'bwg_album_compact_4', '61', '', 'album', 0, '', '', load_more, '', 1);        }                    jQuery('.first-page-4').on('click', function () {              spider_page_4(this, 1, -2, 'numeric');              return false;            });            jQuery('.prev-page-4').on('click', function () {              spider_page_4(this, 1, -1, 'numeric');              return false;            });            jQuery('.next-page-4').on('click', function () {              spider_page_4(this, 1, 1, 'numeric');              return false;            });            jQuery('.last-page-4').on('click', function () {              spider_page_4(this, 1, 2, 'numeric');              return false;            });        \t\t\t\t\/* Change page on input enter. *\/        function bwg_change_page_4( e, that ) {          if (  e.key == 'Enter' ) {            var to_page = parseInt(jQuery(that).val());            var pages_count = jQuery(that).parents(\".pagination-links\").data(\"pages-count\");            var current_url_param = jQuery(that).attr('data-url-info');            if (to_page > pages_count) {              to_page = 1;            }\t \t\t\t\t\t\t\t\t\t\t\t\tspider_page_4(this, to_page, 0, 'numeric');\t\t\t\t\t\t\treturn false;\t\t\t\t\t\t          }          return true;        }        jQuery('.bwg_load_btn_4').on('click', function () {            spider_page_4(this, 1, 1, true);            return false;        });      <\/script>      <\/span>                <\/div>        <\/form>        <style>          #bwg_container1_4 #bwg_container2_4 #spider_popup_overlay_4 {          background-color: #EEEEEE;          opacity: 0.60;          }          <\/style>        <div id=\"bwg_spider_popup_loading_4\" class=\"bwg_spider_popup_loading\"><\/div>        <div id=\"spider_popup_overlay_4\" class=\"spider_popup_overlay\" onclick=\"spider_destroypopup(1000)\"><\/div>        <input type=\"hidden\" id=\"bwg_random_seed_4\" value=\"863145404\">                <\/div>    <\/div>    <script>      if (document.readyState === 'complete') {        if( typeof bwg_main_ready == 'function' ) {          if ( jQuery(\"#bwg_container1_4\").height() ) {            bwg_main_ready(jQuery(\"#bwg_container1_4\"));          }        }      } else {        document.addEventListener('DOMContentLoaded', function() {          if( typeof bwg_main_ready == 'function' ) {            if ( jQuery(\"#bwg_container1_4\").height() ) {             bwg_main_ready(jQuery(\"#bwg_container1_4\"));            }          }        });      }    <\/script>    \t\t<\/div>\n\t\t\t\t<\/div>\n\t\t\t\t\t<\/div>\n\t\t<\/div>\n\t\t\t\t\t<\/div>\n\t\t<\/section>\n\t\t\t\t<section class=\"elementor-section elementor-top-section elementor-element elementor-element-30e7554 elementor-section-boxed elementor-section-height-default elementor-section-height-default\" data-id=\"30e7554\" data-element_type=\"section\">\n\t\t\t\t\t\t<div class=\"elementor-container elementor-column-gap-default\">\n\t\t\t\t\t<div class=\"elementor-column elementor-col-100 elementor-top-column elementor-element elementor-element-655bcd0\" data-id=\"655bcd0\" data-element_type=\"column\">\n\t\t\t<div class=\"elementor-widget-wrap elementor-element-populated\">\n\t\t\t\t\t\t<div class=\"elementor-element elementor-element-cefcc44 elementor-widget elementor-widget-bwg-elementor\" data-id=\"cefcc44\" data-element_type=\"widget\" data-widget_type=\"bwg-elementor.default\">\n\t\t\t\t<div class=\"elementor-widget-container\">\n\t\t\t<style id=\"bwg-style-5\">    #bwg_container1_5 #bwg_container2_5 .bwg-container-5.bwg-album-thumbnails {    width: 1254px;    justify-content: center;            justify-content: center;        margin:0 auto !important;          background-color: rgba(255, 255, 255, 0.00);          padding-left: 4px;      padding-top: 4px;      max-width: 100%;          }        #bwg_container1_5 #bwg_container2_5 .bwg-container-5.bwg-album-thumbnails .bwg-item {    justify-content: flex-start;    max-width: 250px;        }    #bwg_container1_5 #bwg_container2_5 .bwg-container-5.bwg-album-thumbnails .bwg-item a {      margin-right: 4px;      margin-bottom: 4px;    }    #bwg_container1_5 #bwg_container2_5 .bwg-container-5.bwg-album-thumbnails .bwg-item0 {      padding: 0px;            background-color:rgba(0,0,0, 0.30);      border: 0px none #CCCCCC;      opacity: 1.00;      border-radius: 0;      box-shadow: 0px 0px 0px #888888;    }    #bwg_container1_5 #bwg_container2_5 .bwg-container-5.bwg-album-thumbnails .bwg-item1 img {      max-height: none;      max-width: none;      padding: 0 !important;    }          @media only screen and (min-width: 480px) {      #bwg_container1_5 #bwg_container2_5 .bwg-container-5.bwg-album-thumbnails .bwg-item1 img {      -webkit-transition: all .3s; transition: all .3s;      }      #bwg_container1_5 #bwg_container2_5 .bwg-container-5.bwg-album-thumbnails .bwg-item1 img:hover {        -ms-transform: scale(1.08);        -webkit-transform: scale(1.08);        transform: scale(1.08);      }            }          #bwg_container1_5 #bwg_container2_5 .bwg-container-5.bwg-album-thumbnails .bwg-item1 {      padding-top: 56%;    }        #bwg_container1_5 #bwg_container2_5 .bwg-container-5.bwg-album-thumbnails .bwg-title2 {      color: #323A45;      font-family: Ubuntu;      font-size: 16px;      font-weight: bold;      padding: 2px;      text-shadow: 0px 0px 0px #888888;      max-height: 100%;    }        #bwg_container1_5 #bwg_container2_5 .bwg-container-5.bwg-standard-thumbnails {      width: 1254px;              justify-content: center;        margin:0 auto !important;              background-color: rgba(255, 255, 255, 0.00);            padding-left: 4px;      padding-top: 4px;      max-width: 100%;            }        #bwg_container1_5 #bwg_container2_5 .bwg-container-5.bwg-standard-thumbnails .bwg-item {    justify-content: flex-start;      max-width: 250px;          }    #bwg_container1_5 #bwg_container2_5 .bwg-container-5.bwg-standard-thumbnails .bwg-item a {       margin-right: 4px;       margin-bottom: 4px;    }    #bwg_container1_5 #bwg_container2_5 .bwg-container-5.bwg-standard-thumbnails .bwg-item0 {      padding: 0px;            background-color:rgba(0,0,0, 0.30);      border: 0px none #CCCCCC;      opacity: 1.00;      border-radius: 0;      box-shadow: 0px 0px 0px #888888;    }    #bwg_container1_5 #bwg_container2_5 .bwg-container-5.bwg-standard-thumbnails .bwg-item1 img {      max-height: none;      max-width: none;      padding: 0 !important;    }         @media only screen and (min-width: 480px) {\t\t#bwg_container1_5 #bwg_container2_5 .bwg-container-5.bwg-standard-thumbnails .bwg-item1 img {\t\t\t-webkit-transition: all .3s; transition: all .3s;\t\t}\t\t#bwg_container1_5 #bwg_container2_5 .bwg-container-5.bwg-standard-thumbnails .bwg-item1 img:hover {\t\t\t-ms-transform: scale(1.08);\t\t\t-webkit-transform: scale(1.08);\t\t\ttransform: scale(1.08);\t\t}\t\t      }\t    #bwg_container1_5 #bwg_container2_5 .bwg-container-5.bwg-standard-thumbnails .bwg-item1 {      padding-top: 56%;    }        #bwg_container1_5 #bwg_container2_5 .bwg-container-5.bwg-standard-thumbnails .bwg-title2,    #bwg_container1_5 #bwg_container2_5 .bwg-container-5.bwg-standard-thumbnails .bwg-ecommerce2 {      color: #323A45;      font-family: Ubuntu;      font-size: 16px;      font-weight: bold;      padding: 2px;      text-shadow: 0px 0px 0px #888888;      max-height: 100%;    }    #bwg_container1_5 #bwg_container2_5 .bwg-container-5.bwg-standard-thumbnails .bwg-thumb-description span {    color: #323A45;    font-family: Ubuntu;    font-size: 12px;    max-height: 100%;    word-wrap: break-word;    }    #bwg_container1_5 #bwg_container2_5 .bwg-container-5.bwg-standard-thumbnails .bwg-play-icon2 {      font-size: 32px;    }    #bwg_container1_5 #bwg_container2_5 .bwg-container-5.bwg-standard-thumbnails .bwg-ecommerce2 {      font-size: 19.2px;      color: #323A45;    }    <\/style>    <div id=\"bwg_container1_5\"         class=\"bwg_container bwg_thumbnail bwg_album_compact_preview bwg_thumbnail\"         data-right-click-protection=\"0\"         data-bwg=\"5\"         data-scroll=\"0\"         data-gallery-type=\"album_compact_preview\"         data-gallery-view-type=\"thumbnail\"         data-current-url=\"\/index.php?rest_route=%2Fwp%2Fv2%2Fpages%2F4823\"         data-lightbox-url=\"https:\/\/vichyrando.org\/wp-admin\/admin-ajax.php?action=GalleryBox&#038;current_view=5&#038;gallery_id=0&#038;tag=0&#038;theme_id=1&#038;shortcode_id=1178&#038;sort_by=order&#038;order_by=asc&#038;current_url=%2Findex.php%3Frest_route%3D%252Fwp%252Fv2%252Fpages%252F4823\"         data-gallery-id=\"0\"         data-popup-width=\"800\"         data-popup-height=\"500\"         data-is-album=\"album\"         data-buttons-position=\"bottom\">      <div id=\"bwg_container2_5\">             <div id=\"ajax_loading_5\" class=\"bwg_loading_div_1\">      <div class=\"bwg_loading_div_2\">        <div class=\"bwg_loading_div_3\">          <div id=\"loading_div_5\" class=\"bwg_spider_ajax_loading\">          <\/div>        <\/div>      <\/div>    <\/div>            <form id=\"gal_front_form_5\"              class=\"bwg-hidden\"              method=\"post\"              action=\"#\"              data-current=\"5\"              data-shortcode-id=\"1178\"              data-gallery-type=\"album_compact_preview\"              data-gallery-id=\"0\"              data-tag=\"0\"              data-album-id=\"60\"              data-theme-id=\"1\"              data-ajax-url=\"https:\/\/vichyrando.org\/wp-admin\/admin-ajax.php?action=bwg_frontend_data\">          <div id=\"bwg_container3_5\" class=\"bwg-background bwg-background-5\">            <style>        #bwg_container1_5 #bwg_container2_5 .bwg_gal_title_5 {          display: block;          padding: 0 2px 2px 2px;          background-color: rgba(0, 0, 0, 0);          line-height: 20px;          font-family: Ubuntu;          font-size: 18px;          font-weight: bold;          color: #323A45;          text-shadow: 0px 0px 0px #888888;          text-align: center;        }        #bwg_container1_5 #bwg_container2_5 .bwg_gal_description_5 {          margin: 20px 0;          word-break: break-word;          text-align: justify;          font-size: 15px;          font-weight: unset;        }        <\/style>        <div class=\"bwg_gal_title_5\">Janvier 2025<\/div>            <div data-max-count=\"5\"         data-thumbnail-width=\"250\"         data-bwg=\"5\"         id=\"bwg_album_compact_5\"         class=\"bwg-thumbnails bwg-container bwg-container-5 bwg-album-thumbnails bwg_album_thumbnails_5\">              <div class=\"bwg-item\">          <a class=\"bwg-a bwg-album bwg_album_5\"             href='\/index.php?rest_route=%2Fwp%2Fv2%2Fpages%2F4823&#038;type_5=gallery&#038;album_gallery_id_5=961'                          data-container_id=\"bwg_album_compact_5\"             data-def_type=\"gallery\"             data-album_gallery_id=\"60\"             data-alb_gal_id=\"961\"             data-title=\"Rando pour tous \u00e0 Cusset Chassignol le 2 janvier 2025\"             data-bwg=\"5\">                        <div class=\"bwg-item0 lazy_loader\">              <div class=\"bwg-item1 \">                <div class=\"bwg-item2\">                  <img decoding=\"async\" class=\"skip-lazy  bwg_lazyload \"                       data-width=\"500.00\"                       data-height=\"300.00\"                       data-src=\"https:\/\/vichyrando.org\/wp-content\/uploads\/photo-gallery\/thumb\/2025-01-02-Cusset01.jpg?bwg=1736356233\"                       src=\"https:\/\/vichyrando.org\/wp-content\/plugins\/photo-gallery\/images\/lazy_placeholder.gif\"                       alt=\"Rando pour tous \u00e0 Cusset Chassignol le 2 janvier 2025\"                       title=\"Rando pour tous \u00e0 Cusset Chassignol le 2 janvier 2025\" \/>                <\/div>                <div class=\"\">                                  <\/div>              <\/div>            <\/div>            <div class=\"bwg-title1\"><div class=\"bwg-title2\">Rando pour tous \u00e0 Cusset Chassignol le 2 janvier 2025<\/div><\/div>          <\/a>        <\/div>                <div class=\"bwg-item\">          <a class=\"bwg-a bwg-album bwg_album_5\"             href='\/index.php?rest_route=%2Fwp%2Fv2%2Fpages%2F4823&#038;type_5=gallery&#038;album_gallery_id_5=962'                          data-container_id=\"bwg_album_compact_5\"             data-def_type=\"gallery\"             data-album_gallery_id=\"60\"             data-alb_gal_id=\"962\"             data-title=\"Marche nordique \u00e0 Bellerive\/ Allier le 4 janvier 2025\"             data-bwg=\"5\">                        <div class=\"bwg-item0 lazy_loader\">              <div class=\"bwg-item1 \">                <div class=\"bwg-item2\">                  <img decoding=\"async\" class=\"skip-lazy  bwg_lazyload \"                       data-width=\"500.00\"                       data-height=\"225.00\"                       data-src=\"https:\/\/vichyrando.org\/wp-content\/uploads\/photo-gallery\/thumb\/2025-01-04-Bellerive01.jpg?bwg=1736356305\"                       src=\"https:\/\/vichyrando.org\/wp-content\/plugins\/photo-gallery\/images\/lazy_placeholder.gif\"                       alt=\"Marche nordique \u00e0 Bellerive\/ Allier le 4 janvier 2025\"                       title=\"Marche nordique \u00e0 Bellerive\/ Allier le 4 janvier 2025\" \/>                <\/div>                <div class=\"\">                                  <\/div>              <\/div>            <\/div>            <div class=\"bwg-title1\"><div class=\"bwg-title2\">Marche nordique \u00e0 Bellerive\/ Allier le 4 janvier 2025<\/div><\/div>          <\/a>        <\/div>                <div class=\"bwg-item\">          <a class=\"bwg-a bwg-album bwg_album_5\"             href='\/index.php?rest_route=%2Fwp%2Fv2%2Fpages%2F4823&#038;type_5=gallery&#038;album_gallery_id_5=963'                          data-container_id=\"bwg_album_compact_5\"             data-def_type=\"gallery\"             data-album_gallery_id=\"60\"             data-alb_gal_id=\"963\"             data-title=\"Rando sant\u00e9 \u00e0 Vendat le 6 janvier 2025\"             data-bwg=\"5\">                        <div class=\"bwg-item0 lazy_loader\">              <div class=\"bwg-item1 \">                <div class=\"bwg-item2\">                  <img decoding=\"async\" class=\"skip-lazy  bwg_lazyload \"                       data-width=\"500.00\"                       data-height=\"333.00\"                       data-src=\"https:\/\/vichyrando.org\/wp-content\/uploads\/photo-gallery\/thumb\/2025-01-06-Venda07.jpg?bwg=1736356358\"                       src=\"https:\/\/vichyrando.org\/wp-content\/plugins\/photo-gallery\/images\/lazy_placeholder.gif\"                       alt=\"Rando sant\u00e9 \u00e0 Vendat le 6 janvier 2025\"                       title=\"Rando sant\u00e9 \u00e0 Vendat le 6 janvier 2025\" \/>                <\/div>                <div class=\"\">                                  <\/div>              <\/div>            <\/div>            <div class=\"bwg-title1\"><div class=\"bwg-title2\">Rando sant\u00e9 \u00e0 Vendat le 6 janvier 2025<\/div><\/div>          <\/a>        <\/div>                <div class=\"bwg-item\">          <a class=\"bwg-a bwg-album bwg_album_5\"             href='\/index.php?rest_route=%2Fwp%2Fv2%2Fpages%2F4823&#038;type_5=gallery&#038;album_gallery_id_5=964'                          data-container_id=\"bwg_album_compact_5\"             data-def_type=\"gallery\"             data-album_gallery_id=\"60\"             data-alb_gal_id=\"964\"             data-title=\"Rando 1\/2 journ\u00e9e \u00e0 Busset le 7 janvier 2025\"             data-bwg=\"5\">                        <div class=\"bwg-item0 lazy_loader\">              <div class=\"bwg-item1 \">                <div class=\"bwg-item2\">                  <img decoding=\"async\" class=\"skip-lazy  bwg_lazyload \"                       data-width=\"500.00\"                       data-height=\"225.00\"                       data-src=\"https:\/\/vichyrando.org\/wp-content\/uploads\/photo-gallery\/thumb\/2025-01-07-Busset05.jpg?bwg=1736356445\"                       src=\"https:\/\/vichyrando.org\/wp-content\/plugins\/photo-gallery\/images\/lazy_placeholder.gif\"                       alt=\"Rando 1\/2 journ\u00e9e \u00e0 Busset le 7 janvier 2025\"                       title=\"Rando 1\/2 journ\u00e9e \u00e0 Busset le 7 janvier 2025\" \/>                <\/div>                <div class=\"\">                                  <\/div>              <\/div>            <\/div>            <div class=\"bwg-title1\"><div class=\"bwg-title2\">Rando 1\/2 journ\u00e9e \u00e0 Busset le 7 janvier 2025<\/div><\/div>          <\/a>        <\/div>                <div class=\"bwg-item\">          <a class=\"bwg-a bwg-album bwg_album_5\"             href='\/index.php?rest_route=%2Fwp%2Fv2%2Fpages%2F4823&#038;type_5=gallery&#038;album_gallery_id_5=965'                          data-container_id=\"bwg_album_compact_5\"             data-def_type=\"gallery\"             data-album_gallery_id=\"60\"             data-alb_gal_id=\"965\"             data-title=\"Marche sportive \u00e0 St Sylvestre Pragoulin (63) le 7 janvier 2025\"             data-bwg=\"5\">                        <div class=\"bwg-item0 lazy_loader\">              <div class=\"bwg-item1 \">                <div class=\"bwg-item2\">                  <img decoding=\"async\" class=\"skip-lazy  bwg_lazyload \"                       data-width=\"500.00\"                       data-height=\"375.00\"                       data-src=\"https:\/\/vichyrando.org\/wp-content\/uploads\/photo-gallery\/thumb\/2025-01-07-StSylvestre02.jpg?bwg=1736356534\"                       src=\"https:\/\/vichyrando.org\/wp-content\/plugins\/photo-gallery\/images\/lazy_placeholder.gif\"                       alt=\"Marche sportive \u00e0 St Sylvestre Pragoulin (63) le 7 janvier 2025\"                       title=\"Marche sportive \u00e0 St Sylvestre Pragoulin (63) le 7 janvier 2025\" \/>                <\/div>                <div class=\"\">                                  <\/div>              <\/div>            <\/div>            <div class=\"bwg-title1\"><div class=\"bwg-title2\">Marche sportive \u00e0 St Sylvestre Pragoulin (63) le 7 janvier 2025<\/div><\/div>          <\/a>        <\/div>                <div class=\"bwg-item\">          <a class=\"bwg-a bwg-album bwg_album_5\"             href='\/index.php?rest_route=%2Fwp%2Fv2%2Fpages%2F4823&#038;type_5=gallery&#038;album_gallery_id_5=966'                          data-container_id=\"bwg_album_compact_5\"             data-def_type=\"gallery\"             data-album_gallery_id=\"60\"             data-alb_gal_id=\"966\"             data-title=\"Mini rando \u00e0 St Pour\u00e7ain\/ Sioule le 9 janvier 2025\"             data-bwg=\"5\">                        <div class=\"bwg-item0 lazy_loader\">              <div class=\"bwg-item1 \">                <div class=\"bwg-item2\">                  <img decoding=\"async\" class=\"skip-lazy  bwg_lazyload \"                       data-width=\"500.00\"                       data-height=\"333.00\"                       data-src=\"https:\/\/vichyrando.org\/wp-content\/uploads\/photo-gallery\/thumb\/2025-01-09-StPourcain01.jpg?bwg=1736505547\"                       src=\"https:\/\/vichyrando.org\/wp-content\/plugins\/photo-gallery\/images\/lazy_placeholder.gif\"                       alt=\"Mini rando \u00e0 St Pour\u00e7ain\/ Sioule le 9 janvier 2025\"                       title=\"Mini rando \u00e0 St Pour\u00e7ain\/ Sioule le 9 janvier 2025\" \/>                <\/div>                <div class=\"\">                                  <\/div>              <\/div>            <\/div>            <div class=\"bwg-title1\"><div class=\"bwg-title2\">Mini rando \u00e0 St Pour\u00e7ain\/ Sioule le 9 janvier 2025<\/div><\/div>          <\/a>        <\/div>                <div class=\"bwg-item\">          <a class=\"bwg-a bwg-album bwg_album_5\"             href='\/index.php?rest_route=%2Fwp%2Fv2%2Fpages%2F4823&#038;type_5=gallery&#038;album_gallery_id_5=967'                          data-container_id=\"bwg_album_compact_5\"             data-def_type=\"gallery\"             data-album_gallery_id=\"60\"             data-alb_gal_id=\"967\"             data-title=\"Rando 1\/2 journ\u00e9e \u00e0 Abrest le 9 janvier 2025\"             data-bwg=\"5\">                        <div class=\"bwg-item0 lazy_loader\">              <div class=\"bwg-item1 \">                <div class=\"bwg-item2\">                  <img decoding=\"async\" class=\"skip-lazy  bwg_lazyload \"                       data-width=\"500.00\"                       data-height=\"225.00\"                       data-src=\"https:\/\/vichyrando.org\/wp-content\/uploads\/photo-gallery\/thumb\/2025-01-09-Abrest04.jpg?bwg=1736505658\"                       src=\"https:\/\/vichyrando.org\/wp-content\/plugins\/photo-gallery\/images\/lazy_placeholder.gif\"                       alt=\"Rando 1\/2 journ\u00e9e \u00e0 Abrest le 9 janvier 2025\"                       title=\"Rando 1\/2 journ\u00e9e \u00e0 Abrest le 9 janvier 2025\" \/>                <\/div>                <div class=\"\">                                  <\/div>              <\/div>            <\/div>            <div class=\"bwg-title1\"><div class=\"bwg-title2\">Rando 1\/2 journ\u00e9e \u00e0 Abrest le 9 janvier 2025<\/div><\/div>          <\/a>        <\/div>                <div class=\"bwg-item\">          <a class=\"bwg-a bwg-album bwg_album_5\"             href='\/index.php?rest_route=%2Fwp%2Fv2%2Fpages%2F4823&#038;type_5=gallery&#038;album_gallery_id_5=968'                          data-container_id=\"bwg_album_compact_5\"             data-def_type=\"gallery\"             data-album_gallery_id=\"60\"             data-alb_gal_id=\"968\"             data-title=\"Marche sportive \u00e0 Naves le 14 janvier 2025\"             data-bwg=\"5\">                        <div class=\"bwg-item0 lazy_loader\">              <div class=\"bwg-item1 \">                <div class=\"bwg-item2\">                  <img decoding=\"async\" class=\"skip-lazy  bwg_lazyload \"                       data-width=\"500.00\"                       data-height=\"375.00\"                       data-src=\"https:\/\/vichyrando.org\/wp-content\/uploads\/photo-gallery\/thumb\/2025-01-14-Naves08.jpg?bwg=1737307158\"                       src=\"https:\/\/vichyrando.org\/wp-content\/plugins\/photo-gallery\/images\/lazy_placeholder.gif\"                       alt=\"Marche sportive \u00e0 Naves le 14 janvier 2025\"                       title=\"Marche sportive \u00e0 Naves le 14 janvier 2025\" \/>                <\/div>                <div class=\"\">                                  <\/div>              <\/div>            <\/div>            <div class=\"bwg-title1\"><div class=\"bwg-title2\">Marche sportive \u00e0 Naves le 14 janvier 2025<\/div><\/div>          <\/a>        <\/div>                <div class=\"bwg-item\">          <a class=\"bwg-a bwg-album bwg_album_5\"             href='\/index.php?rest_route=%2Fwp%2Fv2%2Fpages%2F4823&#038;type_5=gallery&#038;album_gallery_id_5=969'                          data-container_id=\"bwg_album_compact_5\"             data-def_type=\"gallery\"             data-album_gallery_id=\"60\"             data-alb_gal_id=\"969\"             data-title=\"Marche nordique \u00e0 St Germain des Foss\u00e9s le 14 janvier 2025\"             data-bwg=\"5\">                        <div class=\"bwg-item0 lazy_loader\">              <div class=\"bwg-item1 \">                <div class=\"bwg-item2\">                  <img decoding=\"async\" class=\"skip-lazy  bwg_lazyload \"                       data-width=\"500.00\"                       data-height=\"225.00\"                       data-src=\"https:\/\/vichyrando.org\/wp-content\/uploads\/photo-gallery\/thumb\/2025-01-14-StGermain01.jpg?bwg=1737307291\"                       src=\"https:\/\/vichyrando.org\/wp-content\/plugins\/photo-gallery\/images\/lazy_placeholder.gif\"                       alt=\"Marche nordique \u00e0 St Germain des Foss\u00e9s le 14 janvier 2025\"                       title=\"Marche nordique \u00e0 St Germain des Foss\u00e9s le 14 janvier 2025\" \/>                <\/div>                <div class=\"\">                                  <\/div>              <\/div>            <\/div>            <div class=\"bwg-title1\"><div class=\"bwg-title2\">Marche nordique \u00e0 St Germain des Foss\u00e9s le 14 janvier 2025<\/div><\/div>          <\/a>        <\/div>                <div class=\"bwg-item\">          <a class=\"bwg-a bwg-album bwg_album_5\"             href='\/index.php?rest_route=%2Fwp%2Fv2%2Fpages%2F4823&#038;type_5=gallery&#038;album_gallery_id_5=970'                          data-container_id=\"bwg_album_compact_5\"             data-def_type=\"gallery\"             data-album_gallery_id=\"60\"             data-alb_gal_id=\"970\"             data-title=\"Rando 1\/2 journ\u00e9e \u00e0 St Etienne de Vicq le 14 janvier 2025\"             data-bwg=\"5\">                        <div class=\"bwg-item0 lazy_loader\">              <div class=\"bwg-item1 \">                <div class=\"bwg-item2\">                  <img decoding=\"async\" class=\"skip-lazy  bwg_lazyload \"                       data-width=\"500.00\"                       data-height=\"281.00\"                       data-src=\"https:\/\/vichyrando.org\/wp-content\/uploads\/photo-gallery\/thumb\/2025-01-14-StEtieneV05.jpg?bwg=1737307388\"                       src=\"https:\/\/vichyrando.org\/wp-content\/plugins\/photo-gallery\/images\/lazy_placeholder.gif\"                       alt=\"Rando 1\/2 journ\u00e9e \u00e0 St Etienne de Vicq le 14 janvier 2025\"                       title=\"Rando 1\/2 journ\u00e9e \u00e0 St Etienne de Vicq le 14 janvier 2025\" \/>                <\/div>                <div class=\"\">                                  <\/div>              <\/div>            <\/div>            <div class=\"bwg-title1\"><div class=\"bwg-title2\">Rando 1\/2 journ\u00e9e \u00e0 St Etienne de Vicq le 14 janvier 2025<\/div><\/div>          <\/a>        <\/div>                <div class=\"bwg-item\">          <a class=\"bwg-a bwg-album bwg_album_5\"             href='\/index.php?rest_route=%2Fwp%2Fv2%2Fpages%2F4823&#038;type_5=gallery&#038;album_gallery_id_5=971'                          data-container_id=\"bwg_album_compact_5\"             data-def_type=\"gallery\"             data-album_gallery_id=\"60\"             data-alb_gal_id=\"971\"             data-title=\"Mini rando \u00e0 Bost le 16 janvier 2025\"             data-bwg=\"5\">                        <div class=\"bwg-item0 lazy_loader\">              <div class=\"bwg-item1 \">                <div class=\"bwg-item2\">                  <img decoding=\"async\" class=\"skip-lazy  bwg_lazyload \"                       data-width=\"500.00\"                       data-height=\"333.00\"                       data-src=\"https:\/\/vichyrando.org\/wp-content\/uploads\/photo-gallery\/thumb\/2025-01-16-Bost04.jpg?bwg=1737307505\"                       src=\"https:\/\/vichyrando.org\/wp-content\/plugins\/photo-gallery\/images\/lazy_placeholder.gif\"                       alt=\"Mini rando \u00e0 Bost le 16 janvier 2025\"                       title=\"Mini rando \u00e0 Bost le 16 janvier 2025\" \/>                <\/div>                <div class=\"\">                                  <\/div>              <\/div>            <\/div>            <div class=\"bwg-title1\"><div class=\"bwg-title2\">Mini rando \u00e0 Bost le 16 janvier 2025<\/div><\/div>          <\/a>        <\/div>                <div class=\"bwg-item\">          <a class=\"bwg-a bwg-album bwg_album_5\"             href='\/index.php?rest_route=%2Fwp%2Fv2%2Fpages%2F4823&#038;type_5=gallery&#038;album_gallery_id_5=972'                          data-container_id=\"bwg_album_compact_5\"             data-def_type=\"gallery\"             data-album_gallery_id=\"60\"             data-alb_gal_id=\"972\"             data-title=\"rando 1\/2 journ\u00e9e \u00e0 Lavoine le 16 janvier 2025\"             data-bwg=\"5\">                        <div class=\"bwg-item0 lazy_loader\">              <div class=\"bwg-item1 \">                <div class=\"bwg-item2\">                  <img decoding=\"async\" class=\"skip-lazy  bwg_lazyload \"                       data-width=\"500.00\"                       data-height=\"273.00\"                       data-src=\"https:\/\/vichyrando.org\/wp-content\/uploads\/photo-gallery\/thumb\/2025-01-15-Lavoine04.jpg?bwg=1737307623\"                       src=\"https:\/\/vichyrando.org\/wp-content\/plugins\/photo-gallery\/images\/lazy_placeholder.gif\"                       alt=\"rando 1\/2 journ\u00e9e \u00e0 Lavoine le 16 janvier 2025\"                       title=\"rando 1\/2 journ\u00e9e \u00e0 Lavoine le 16 janvier 2025\" \/>                <\/div>                <div class=\"\">                                  <\/div>              <\/div>            <\/div>            <div class=\"bwg-title1\"><div class=\"bwg-title2\">rando 1\/2 journ\u00e9e \u00e0 Lavoine le 16 janvier 2025<\/div><\/div>          <\/a>        <\/div>                <div class=\"bwg-item\">          <a class=\"bwg-a bwg-album bwg_album_5\"             href='\/index.php?rest_route=%2Fwp%2Fv2%2Fpages%2F4823&#038;type_5=gallery&#038;album_gallery_id_5=973'                          data-container_id=\"bwg_album_compact_5\"             data-def_type=\"gallery\"             data-album_gallery_id=\"60\"             data-alb_gal_id=\"973\"             data-title=\"Rando sant\u00e9 au Vernet le 20 janvier 2025\"             data-bwg=\"5\">                        <div class=\"bwg-item0 lazy_loader\">              <div class=\"bwg-item1 \">                <div class=\"bwg-item2\">                  <img decoding=\"async\" class=\"skip-lazy  bwg_lazyload \"                       data-width=\"500.00\"                       data-height=\"281.00\"                       data-src=\"https:\/\/vichyrando.org\/wp-content\/uploads\/photo-gallery\/thumb\/2025-01-20-LeVernet06.jpg?bwg=1737388096\"                       src=\"https:\/\/vichyrando.org\/wp-content\/plugins\/photo-gallery\/images\/lazy_placeholder.gif\"                       alt=\"Rando sant\u00e9 au Vernet le 20 janvier 2025\"                       title=\"Rando sant\u00e9 au Vernet le 20 janvier 2025\" \/>                <\/div>                <div class=\"\">                                  <\/div>              <\/div>            <\/div>            <div class=\"bwg-title1\"><div class=\"bwg-title2\">Rando sant\u00e9 au Vernet le 20 janvier 2025<\/div><\/div>          <\/a>        <\/div>                <div class=\"bwg-item\">          <a class=\"bwg-a bwg-album bwg_album_5\"             href='\/index.php?rest_route=%2Fwp%2Fv2%2Fpages%2F4823&#038;type_5=gallery&#038;album_gallery_id_5=975'                          data-container_id=\"bwg_album_compact_5\"             data-def_type=\"gallery\"             data-album_gallery_id=\"60\"             data-alb_gal_id=\"975\"             data-title=\"Soir\u00e9e galette des rois \u00e0 Vichy le 20 janvier 2025\"             data-bwg=\"5\">                        <div class=\"bwg-item0 lazy_loader\">              <div class=\"bwg-item1 \">                <div class=\"bwg-item2\">                  <img decoding=\"async\" class=\"skip-lazy  bwg_lazyload \"                       data-width=\"500.00\"                       data-height=\"333.00\"                       data-src=\"https:\/\/vichyrando.org\/wp-content\/uploads\/photo-gallery\/thumb\/2025-01-20-Galette09.jpg?bwg=1737754626\"                       src=\"https:\/\/vichyrando.org\/wp-content\/plugins\/photo-gallery\/images\/lazy_placeholder.gif\"                       alt=\"Soir\u00e9e galette des rois \u00e0 Vichy le 20 janvier 2025\"                       title=\"Soir\u00e9e galette des rois \u00e0 Vichy le 20 janvier 2025\" \/>                <\/div>                <div class=\"\">                                  <\/div>              <\/div>            <\/div>            <div class=\"bwg-title1\"><div class=\"bwg-title2\">Soir\u00e9e galette des rois \u00e0 Vichy le 20 janvier 2025<\/div><\/div>          <\/a>        <\/div>                <div class=\"bwg-item\">          <a class=\"bwg-a bwg-album bwg_album_5\"             href='\/index.php?rest_route=%2Fwp%2Fv2%2Fpages%2F4823&#038;type_5=gallery&#038;album_gallery_id_5=974'                          data-container_id=\"bwg_album_compact_5\"             data-def_type=\"gallery\"             data-album_gallery_id=\"60\"             data-alb_gal_id=\"974\"             data-title=\"Marche sportive \u00e0 Chavroches le 21 janvier 2025\"             data-bwg=\"5\">                        <div class=\"bwg-item0 lazy_loader\">              <div class=\"bwg-item1 \">                <div class=\"bwg-item2\">                  <img decoding=\"async\" class=\"skip-lazy  bwg_lazyload \"                       data-width=\"500.00\"                       data-height=\"296.00\"                       data-src=\"https:\/\/vichyrando.org\/wp-content\/uploads\/photo-gallery\/thumb\/2025-01-21-Chavroches04.jpg?bwg=1737558725\"                       src=\"https:\/\/vichyrando.org\/wp-content\/plugins\/photo-gallery\/images\/lazy_placeholder.gif\"                       alt=\"Marche sportive \u00e0 Chavroches le 21 janvier 2025\"                       title=\"Marche sportive \u00e0 Chavroches le 21 janvier 2025\" \/>                <\/div>                <div class=\"\">                                  <\/div>              <\/div>            <\/div>            <div class=\"bwg-title1\"><div class=\"bwg-title2\">Marche sportive \u00e0 Chavroches le 21 janvier 2025<\/div><\/div>          <\/a>        <\/div>                <div class=\"bwg-item\">          <a class=\"bwg-a bwg-album bwg_album_5\"             href='\/index.php?rest_route=%2Fwp%2Fv2%2Fpages%2F4823&#038;type_5=gallery&#038;album_gallery_id_5=976'                          data-container_id=\"bwg_album_compact_5\"             data-def_type=\"gallery\"             data-album_gallery_id=\"60\"             data-alb_gal_id=\"976\"             data-title=\"Rando 1\/2 journ\u00e9e \u00e0 Creuzier le Vieux le 21 janvier 2025\"             data-bwg=\"5\">                        <div class=\"bwg-item0 lazy_loader\">              <div class=\"bwg-item1 \">                <div class=\"bwg-item2\">                  <img decoding=\"async\" class=\"skip-lazy  bwg_lazyload \"                       data-width=\"500.00\"                       data-height=\"376.00\"                       data-src=\"https:\/\/vichyrando.org\/wp-content\/uploads\/photo-gallery\/thumb\/2025-01-21-Creuzier18.jpg?bwg=1737754727\"                       src=\"https:\/\/vichyrando.org\/wp-content\/plugins\/photo-gallery\/images\/lazy_placeholder.gif\"                       alt=\"Rando 1\/2 journ\u00e9e \u00e0 Creuzier le Vieux le 21 janvier 2025\"                       title=\"Rando 1\/2 journ\u00e9e \u00e0 Creuzier le Vieux le 21 janvier 2025\" \/>                <\/div>                <div class=\"\">                                  <\/div>              <\/div>            <\/div>            <div class=\"bwg-title1\"><div class=\"bwg-title2\">Rando 1\/2 journ\u00e9e \u00e0 Creuzier le Vieux le 21 janvier 2025<\/div><\/div>          <\/a>        <\/div>                <div class=\"bwg-item\">          <a class=\"bwg-a bwg-album bwg_album_5\"             href='\/index.php?rest_route=%2Fwp%2Fv2%2Fpages%2F4823&#038;type_5=gallery&#038;album_gallery_id_5=977'                          data-container_id=\"bwg_album_compact_5\"             data-def_type=\"gallery\"             data-album_gallery_id=\"60\"             data-alb_gal_id=\"977\"             data-title=\"Rando 1\/2 journ\u00e9e \u00e0 Arfeuilles (la Pisserote) le 23 janvier 2025\"             data-bwg=\"5\">                        <div class=\"bwg-item0 lazy_loader\">              <div class=\"bwg-item1 \">                <div class=\"bwg-item2\">                  <img decoding=\"async\" class=\"skip-lazy  bwg_lazyload \"                       data-width=\"500.00\"                       data-height=\"375.00\"                       data-src=\"https:\/\/vichyrando.org\/wp-content\/uploads\/photo-gallery\/thumb\/2025-01-23-Arfeuilles03.jpg?bwg=1737754838\"                       src=\"https:\/\/vichyrando.org\/wp-content\/plugins\/photo-gallery\/images\/lazy_placeholder.gif\"                       alt=\"Rando 1\/2 journ\u00e9e \u00e0 Arfeuilles (la Pisserote) le 23 janvier 2025\"                       title=\"Rando 1\/2 journ\u00e9e \u00e0 Arfeuilles (la Pisserote) le 23 janvier 2025\" \/>                <\/div>                <div class=\"\">                                  <\/div>              <\/div>            <\/div>            <div class=\"bwg-title1\"><div class=\"bwg-title2\">Rando 1\/2 journ\u00e9e \u00e0 Arfeuilles (la Pisserote) le 23 janvier 2025<\/div><\/div>          <\/a>        <\/div>                <div class=\"bwg-item\">          <a class=\"bwg-a bwg-album bwg_album_5\"             href='\/index.php?rest_route=%2Fwp%2Fv2%2Fpages%2F4823&#038;type_5=gallery&#038;album_gallery_id_5=979'                          data-container_id=\"bwg_album_compact_5\"             data-def_type=\"gallery\"             data-album_gallery_id=\"60\"             data-alb_gal_id=\"979\"             data-title=\"Mini rando au Vernet le 23 janvier 2025\"             data-bwg=\"5\">                        <div class=\"bwg-item0 lazy_loader\">              <div class=\"bwg-item1 \">                <div class=\"bwg-item2\">                  <img decoding=\"async\" class=\"skip-lazy  bwg_lazyload \"                       data-width=\"500.00\"                       data-height=\"293.00\"                       data-src=\"https:\/\/vichyrando.org\/wp-content\/uploads\/photo-gallery\/thumb\/2025-01-23-LeVernet03.jpg?bwg=1737842065\"                       src=\"https:\/\/vichyrando.org\/wp-content\/plugins\/photo-gallery\/images\/lazy_placeholder.gif\"                       alt=\"Mini rando au Vernet le 23 janvier 2025\"                       title=\"Mini rando au Vernet le 23 janvier 2025\" \/>                <\/div>                <div class=\"\">                                  <\/div>              <\/div>            <\/div>            <div class=\"bwg-title1\"><div class=\"bwg-title2\">Mini rando au Vernet le 23 janvier 2025<\/div><\/div>          <\/a>        <\/div>                <div class=\"bwg-item\">          <a class=\"bwg-a bwg-album bwg_album_5\"             href='\/index.php?rest_route=%2Fwp%2Fv2%2Fpages%2F4823&#038;type_5=gallery&#038;album_gallery_id_5=978'                          data-container_id=\"bwg_album_compact_5\"             data-def_type=\"gallery\"             data-album_gallery_id=\"60\"             data-alb_gal_id=\"978\"             data-title=\"Marche nordique \u00e0 Creuzier le Vieux le 25 janvier 2025\"             data-bwg=\"5\">                        <div class=\"bwg-item0 lazy_loader\">              <div class=\"bwg-item1 \">                <div class=\"bwg-item2\">                  <img decoding=\"async\" class=\"skip-lazy  bwg_lazyload \"                       data-width=\"500.00\"                       data-height=\"341.00\"                       data-src=\"https:\/\/vichyrando.org\/wp-content\/uploads\/photo-gallery\/thumb\/2025-01-25-Creuzier02.jpg?bwg=1737817959\"                       src=\"https:\/\/vichyrando.org\/wp-content\/plugins\/photo-gallery\/images\/lazy_placeholder.gif\"                       alt=\"Marche nordique \u00e0 Creuzier le Vieux le 25 janvier 2025\"                       title=\"Marche nordique \u00e0 Creuzier le Vieux le 25 janvier 2025\" \/>                <\/div>                <div class=\"\">                                  <\/div>              <\/div>            <\/div>            <div class=\"bwg-title1\"><div class=\"bwg-title2\">Marche nordique \u00e0 Creuzier le Vieux le 25 janvier 2025<\/div><\/div>          <\/a>        <\/div>                <div class=\"bwg-item\">          <a class=\"bwg-a bwg-album bwg_album_5\"             href='\/index.php?rest_route=%2Fwp%2Fv2%2Fpages%2F4823&#038;type_5=gallery&#038;album_gallery_id_5=980'                          data-container_id=\"bwg_album_compact_5\"             data-def_type=\"gallery\"             data-album_gallery_id=\"60\"             data-alb_gal_id=\"980\"             data-title=\"Rando sant\u00e9 \u00e0 Hauterive le 27 janvier 2025\"             data-bwg=\"5\">                        <div class=\"bwg-item0 lazy_loader\">              <div class=\"bwg-item1 \">                <div class=\"bwg-item2\">                  <img decoding=\"async\" class=\"skip-lazy  bwg_lazyload \"                       data-width=\"500.00\"                       data-height=\"225.00\"                       data-src=\"https:\/\/vichyrando.org\/wp-content\/uploads\/photo-gallery\/thumb\/2025-01-27-Hauterive01.jpg?bwg=1737982915\"                       src=\"https:\/\/vichyrando.org\/wp-content\/plugins\/photo-gallery\/images\/lazy_placeholder.gif\"                       alt=\"Rando sant\u00e9 \u00e0 Hauterive le 27 janvier 2025\"                       title=\"Rando sant\u00e9 \u00e0 Hauterive le 27 janvier 2025\" \/>                <\/div>                <div class=\"\">                                  <\/div>              <\/div>            <\/div>            <div class=\"bwg-title1\"><div class=\"bwg-title2\">Rando sant\u00e9 \u00e0 Hauterive le 27 janvier 2025<\/div><\/div>          <\/a>        <\/div>                <div class=\"bwg-item\">          <a class=\"bwg-a bwg-album bwg_album_5\"             href='\/index.php?rest_route=%2Fwp%2Fv2%2Fpages%2F4823&#038;type_5=gallery&#038;album_gallery_id_5=981'                          data-container_id=\"bwg_album_compact_5\"             data-def_type=\"gallery\"             data-album_gallery_id=\"60\"             data-alb_gal_id=\"981\"             data-title=\"Marche sportive \u00e0 Laprugne le 28 janvier 2025\"             data-bwg=\"5\">                        <div class=\"bwg-item0 lazy_loader\">              <div class=\"bwg-item1 \">                <div class=\"bwg-item2\">                  <img decoding=\"async\" class=\"skip-lazy  bwg_lazyload \"                       data-width=\"500.00\"                       data-height=\"375.00\"                       data-src=\"https:\/\/vichyrando.org\/wp-content\/uploads\/photo-gallery\/thumb\/2025-01-28-Laprugne07.jpg?bwg=1738329983\"                       src=\"https:\/\/vichyrando.org\/wp-content\/plugins\/photo-gallery\/images\/lazy_placeholder.gif\"                       alt=\"Marche sportive \u00e0 Laprugne le 28 janvier 2025\"                       title=\"Marche sportive \u00e0 Laprugne le 28 janvier 2025\" \/>                <\/div>                <div class=\"\">                                  <\/div>              <\/div>            <\/div>            <div class=\"bwg-title1\"><div class=\"bwg-title2\">Marche sportive \u00e0 Laprugne le 28 janvier 2025<\/div><\/div>          <\/a>        <\/div>                <div class=\"bwg-item\">          <a class=\"bwg-a bwg-album bwg_album_5\"             href='\/index.php?rest_route=%2Fwp%2Fv2%2Fpages%2F4823&#038;type_5=gallery&#038;album_gallery_id_5=982'                          data-container_id=\"bwg_album_compact_5\"             data-def_type=\"gallery\"             data-album_gallery_id=\"60\"             data-alb_gal_id=\"982\"             data-title=\"Rando 1\/2 journ\u00e9e \u00e0 Veauce le 28 janvier 2025\"             data-bwg=\"5\">                        <div class=\"bwg-item0 lazy_loader\">              <div class=\"bwg-item1 \">                <div class=\"bwg-item2\">                  <img decoding=\"async\" class=\"skip-lazy  bwg_lazyload \"                       data-width=\"500.00\"                       data-height=\"333.00\"                       data-src=\"https:\/\/vichyrando.org\/wp-content\/uploads\/photo-gallery\/thumb\/2025-01-28-Veauce01.jpg?bwg=1738330076\"                       src=\"https:\/\/vichyrando.org\/wp-content\/plugins\/photo-gallery\/images\/lazy_placeholder.gif\"                       alt=\"Rando 1\/2 journ\u00e9e \u00e0 Veauce le 28 janvier 2025\"                       title=\"Rando 1\/2 journ\u00e9e \u00e0 Veauce le 28 janvier 2025\" \/>                <\/div>                <div class=\"\">                                  <\/div>              <\/div>            <\/div>            <div class=\"bwg-title1\"><div class=\"bwg-title2\">Rando 1\/2 journ\u00e9e \u00e0 Veauce le 28 janvier 2025<\/div><\/div>          <\/a>        <\/div>                <div class=\"bwg-item\">          <a class=\"bwg-a bwg-album bwg_album_5\"             href='\/index.php?rest_route=%2Fwp%2Fv2%2Fpages%2F4823&#038;type_5=gallery&#038;album_gallery_id_5=983'                          data-container_id=\"bwg_album_compact_5\"             data-def_type=\"gallery\"             data-album_gallery_id=\"60\"             data-alb_gal_id=\"983\"             data-title=\"Marche nordique nocturne \u00e0 Bellerive\/Allier le 30 Janvier 2025\"             data-bwg=\"5\">                        <div class=\"bwg-item0 lazy_loader\">              <div class=\"bwg-item1 \">                <div class=\"bwg-item2\">                  <img decoding=\"async\" class=\"skip-lazy  bwg_lazyload \"                       data-width=\"500.00\"                       data-height=\"302.00\"                       data-src=\"https:\/\/vichyrando.org\/wp-content\/uploads\/photo-gallery\/thumb\/2025-01-30-Bellerive01.jpg?bwg=1738330228\"                       src=\"https:\/\/vichyrando.org\/wp-content\/plugins\/photo-gallery\/images\/lazy_placeholder.gif\"                       alt=\"Marche nordique nocturne \u00e0 Bellerive\/Allier le 30 Janvier 2025\"                       title=\"Marche nordique nocturne \u00e0 Bellerive\/Allier le 30 Janvier 2025\" \/>                <\/div>                <div class=\"\">                                  <\/div>              <\/div>            <\/div>            <div class=\"bwg-title1\"><div class=\"bwg-title2\">Marche nordique nocturne \u00e0 Bellerive\/Allier le 30 Janvier 2025<\/div><\/div>          <\/a>        <\/div>                <div class=\"bwg-item\">          <a class=\"bwg-a bwg-album bwg_album_5\"             href='\/index.php?rest_route=%2Fwp%2Fv2%2Fpages%2F4823&#038;type_5=gallery&#038;album_gallery_id_5=984'                          data-container_id=\"bwg_album_compact_5\"             data-def_type=\"gallery\"             data-album_gallery_id=\"60\"             data-alb_gal_id=\"984\"             data-title=\"Mini rando \u00e0 Brugheas le 30 janvier 2025\"             data-bwg=\"5\">                        <div class=\"bwg-item0 lazy_loader\">              <div class=\"bwg-item1 \">                <div class=\"bwg-item2\">                  <img decoding=\"async\" class=\"skip-lazy  bwg_lazyload \"                       data-width=\"500.00\"                       data-height=\"333.00\"                       data-src=\"https:\/\/vichyrando.org\/wp-content\/uploads\/photo-gallery\/thumb\/2025-01-30-Brugheas07.jpg?bwg=1738330332\"                       src=\"https:\/\/vichyrando.org\/wp-content\/plugins\/photo-gallery\/images\/lazy_placeholder.gif\"                       alt=\"Mini rando \u00e0 Brugheas le 30 janvier 2025\"                       title=\"Mini rando \u00e0 Brugheas le 30 janvier 2025\" \/>                <\/div>                <div class=\"\">                                  <\/div>              <\/div>            <\/div>            <div class=\"bwg-title1\"><div class=\"bwg-title2\">Mini rando \u00e0 Brugheas le 30 janvier 2025<\/div><\/div>          <\/a>        <\/div>                <div class=\"bwg-item\">          <a class=\"bwg-a bwg-album bwg_album_5\"             href='\/index.php?rest_route=%2Fwp%2Fv2%2Fpages%2F4823&#038;type_5=gallery&#038;album_gallery_id_5=985'                          data-container_id=\"bwg_album_compact_5\"             data-def_type=\"gallery\"             data-album_gallery_id=\"60\"             data-alb_gal_id=\"985\"             data-title=\"Rando 1\/2 journ\u00e9e \u00e0 Pasli\u00e8res le 30 janvier 2025\"             data-bwg=\"5\">                        <div class=\"bwg-item0 lazy_loader\">              <div class=\"bwg-item1 \">                <div class=\"bwg-item2\">                  <img decoding=\"async\" class=\"skip-lazy  bwg_lazyload \"                       data-width=\"500.00\"                       data-height=\"333.00\"                       data-src=\"https:\/\/vichyrando.org\/wp-content\/uploads\/photo-gallery\/thumb\/2025-01-30-Paslieres05.jpg?bwg=1738760737\"                       src=\"https:\/\/vichyrando.org\/wp-content\/plugins\/photo-gallery\/images\/lazy_placeholder.gif\"                       alt=\"Rando 1\/2 journ\u00e9e \u00e0 Pasli\u00e8res le 30 janvier 2025\"                       title=\"Rando 1\/2 journ\u00e9e \u00e0 Pasli\u00e8res le 30 janvier 2025\" \/>                <\/div>                <div class=\"\">                                  <\/div>              <\/div>            <\/div>            <div class=\"bwg-title1\"><div class=\"bwg-title2\">Rando 1\/2 journ\u00e9e \u00e0 Pasli\u00e8res le 30 janvier 2025<\/div><\/div>          <\/a>        <\/div>            <\/div>          <input type=\"hidden\" id=\"bwg_album_breadcrumb_5\" name=\"bwg_album_breadcrumb_5\" value='[{&quot;id&quot;:&quot;60&quot;,&quot;page&quot;:1}]' \/>    <style>      \/*pagination styles*\/      #bwg_container1_5 #bwg_container2_5 .tablenav-pages_5 {\t\t\t\ttext-align: center;\t\t\t\tfont-size: 12px;\t\t\t\tfont-family: Ubuntu;\t\t\t\tfont-weight: bold;\t\t\t\tcolor: #666666;\t\t\t\tmargin: 6px 0 4px;\t\t\t\tdisplay: block;      }      @media only screen and (max-width : 320px) {      #bwg_container1_5 #bwg_container2_5 .displaying-num_5 {     \t display: none;      }      }      #bwg_container1_5 #bwg_container2_5 .displaying-num_5 {\t\t\t\tfont-size: 12px;\t\t\t\tfont-family: Ubuntu;\t\t\t\tfont-weight: bold;\t\t\t\tcolor: #666666;\t\t\t\tmargin-right: 10px;\t\t\t\tvertical-align: middle;      }      #bwg_container1_5 #bwg_container2_5 .paging-input_5 {\t\t\t\tfont-size: 12px;\t\t\t\tfont-family: Ubuntu;\t\t\t\tfont-weight: bold;\t\t\t\tcolor: #666666;\t\t\t\tvertical-align: middle;      }      #bwg_container1_5 #bwg_container2_5 .tablenav-pages_5 a.disabled,      #bwg_container1_5 #bwg_container2_5 .tablenav-pages_5 a.disabled:hover,      #bwg_container1_5 #bwg_container2_5 .tablenav-pages_5 a.disabled:focus,\t\t\t#bwg_container1_5 #bwg_container2_5 .tablenav-pages_5 input.bwg_current_page {\t\t\t\tcursor: default;\t\t\t\tcolor: rgba(102, 102, 102, 0.5);      }      #bwg_container1_5 #bwg_container2_5 .tablenav-pages_5 a,      #bwg_container1_5 #bwg_container2_5 .tablenav-pages_5 input.bwg_current_page {\t\t\t\tcursor: pointer;\t\t\t\ttext-align: center;\t\t\t\tfont-size: 12px;\t\t\t\tfont-family: Ubuntu;\t\t\t\tfont-weight: bold;\t\t\t\tcolor: #666666;\t\t\t\ttext-decoration: none;\t\t\t\tpadding: 3px 6px;\t\t\t\tmargin: 0;\t\t\t\tborder-radius: 0;\t\t\t\tborder-style: solid;\t\t\t\tborder-width: 1px;\t\t\t\tborder-color: #E3E3E3;\t\t\t\t\t\t\t\tbackground-color: rgba(255, 255, 255, 1.00);\t\t\t\tbox-shadow: 0;\t\t\t\ttransition: all 0.3s ease 0s;-webkit-transition: all 0.3s ease 0s;      }      <\/style>      <span class=\"bwg_nav_cont_5\">              <div class=\"tablenav-pages_5\">                  <\/div>                <input type=\"hidden\" id=\"page_number_5\" name=\"page_number_5\" value=\"1\" \/>      <script type=\"text\/javascript\">        if( jQuery('.bwg_nav_cont_5').length > 1 ) {          jQuery('.bwg_nav_cont_5').first().remove()        }        function spider_page_5(cur, x, y, load_more) {          if (typeof load_more == \"undefined\") {            var load_more = false;          }          if (jQuery(cur).hasClass('disabled')) {            return false;          }          var items_county_5 = 1;          switch (y) {            case 1:              if (x >= items_county_5) {                document.getElementById('page_number_5').value = items_county_5;              }              else {                document.getElementById('page_number_5').value = x + 1;              }              break;            case 2:              document.getElementById('page_number_5').value = items_county_5;              break;            case -1:              if (x == 1) {                document.getElementById('page_number_5').value = 1;              }              else {                document.getElementById('page_number_5').value = x - 1;              }              break;            case -2:              document.getElementById('page_number_5').value = 1;              break;\t\t\t\t\t\tcase 0:              document.getElementById('page_number_5').value = x;              break;            default:              document.getElementById('page_number_5').value = 1;          }          bwg_ajax('gal_front_form_5', '5', 'bwg_album_compact_5', '60', '', 'album', 0, '', '', load_more, '', 1);        }                    jQuery('.first-page-5').on('click', function () {              spider_page_5(this, 1, -2, 'numeric');              return false;            });            jQuery('.prev-page-5').on('click', function () {              spider_page_5(this, 1, -1, 'numeric');              return false;            });            jQuery('.next-page-5').on('click', function () {              spider_page_5(this, 1, 1, 'numeric');              return false;            });            jQuery('.last-page-5').on('click', function () {              spider_page_5(this, 1, 2, 'numeric');              return false;            });        \t\t\t\t\/* Change page on input enter. *\/        function bwg_change_page_5( e, that ) {          if (  e.key == 'Enter' ) {            var to_page = parseInt(jQuery(that).val());            var pages_count = jQuery(that).parents(\".pagination-links\").data(\"pages-count\");            var current_url_param = jQuery(that).attr('data-url-info');            if (to_page > pages_count) {              to_page = 1;            }\t \t\t\t\t\t\t\t\t\t\t\t\tspider_page_5(this, to_page, 0, 'numeric');\t\t\t\t\t\t\treturn false;\t\t\t\t\t\t          }          return true;        }        jQuery('.bwg_load_btn_5').on('click', function () {            spider_page_5(this, 1, 1, true);            return false;        });      <\/script>      <\/span>                <\/div>        <\/form>        <style>          #bwg_container1_5 #bwg_container2_5 #spider_popup_overlay_5 {          background-color: #EEEEEE;          opacity: 0.60;          }          <\/style>        <div id=\"bwg_spider_popup_loading_5\" class=\"bwg_spider_popup_loading\"><\/div>        <div id=\"spider_popup_overlay_5\" class=\"spider_popup_overlay\" onclick=\"spider_destroypopup(1000)\"><\/div>        <input type=\"hidden\" id=\"bwg_random_seed_5\" value=\"1487300338\">                <\/div>    <\/div>    <script>      if (document.readyState === 'complete') {        if( typeof bwg_main_ready == 'function' ) {          if ( jQuery(\"#bwg_container1_5\").height() ) {            bwg_main_ready(jQuery(\"#bwg_container1_5\"));          }        }      } else {        document.addEventListener('DOMContentLoaded', function() {          if( typeof bwg_main_ready == 'function' ) {            if ( jQuery(\"#bwg_container1_5\").height() ) {             bwg_main_ready(jQuery(\"#bwg_container1_5\"));            }          }        });      }    <\/script>    \t\t<\/div>\n\t\t\t\t<\/div>\n\t\t\t\t\t<\/div>\n\t\t<\/div>\n\t\t\t\t\t<\/div>\n\t\t<\/section>\n\t\t\t\t<section class=\"elementor-section elementor-top-section elementor-element elementor-element-253b901c elementor-section-boxed elementor-section-height-default elementor-section-height-default\" data-id=\"253b901c\" data-element_type=\"section\">\n\t\t\t\t\t\t<div class=\"elementor-container elementor-column-gap-default\">\n\t\t\t\t\t<div class=\"elementor-column elementor-col-100 elementor-top-column elementor-element elementor-element-66e19793\" data-id=\"66e19793\" data-element_type=\"column\">\n\t\t\t<div class=\"elementor-widget-wrap\">\n\t\t\t\t\t\t\t<\/div>\n\t\t<\/div>\n\t\t\t\t\t<\/div>\n\t\t<\/section>\n\t\t\t\t<section class=\"elementor-section elementor-top-section elementor-element elementor-element-2f3e9fb5 elementor-section-full_width elementor-section-height-full ks-position-fixed-cover ks-zindex-minus999 elementor-section-height-default elementor-section-items-middle\" data-id=\"2f3e9fb5\" data-element_type=\"section\" data-settings=\"{&quot;background_background&quot;:&quot;classic&quot;}\">\n\t\t\t\t\t\t\t<div class=\"elementor-background-overlay\"><\/div>\n\t\t\t\t\t\t\t<div class=\"elementor-container elementor-column-gap-default\">\n\t\t\t\t\t<div class=\"elementor-column elementor-col-100 elementor-top-column elementor-element elementor-element-b9547aa\" data-id=\"b9547aa\" data-element_type=\"column\">\n\t\t\t<div class=\"elementor-widget-wrap\">\n\t\t\t\t\t\t\t<\/div>\n\t\t<\/div>\n\t\t\t\t\t<\/div>\n\t\t<\/section>\n\t\t\t\t<\/div>\n\t\t","protected":false},"excerpt":{"rendered":"<p>Nos Photos Juin 2025 Rando sant\u00e9 \u00e0 la Boire des Carr\u00e9s St-R\u00e9my en Rollat le 2 juin 2025 S\u00e9jour en Ard\u00e8che Rando 1\/2 journ\u00e9e \u00e0 Girond (07 Mariac) le 2 juin 2025 Rando sportive \u00e0 Thionne le 3 juin 2025 S\u00e9jour en Ard\u00e8che rando journ\u00e9e autour de St Michel de Chabrillanoux (07) le 3 juin&hellip;&nbsp;<a href=\"https:\/\/vichyrando.org\/?page_id=4823\" class=\"\" rel=\"bookmark\">Lire la suite &raquo;<span class=\"screen-reader-text\">Galeries 2025 (janvier &#8211; juin)<\/span><\/a><\/p>\n","protected":false},"author":2,"featured_media":0,"parent":0,"menu_order":0,"comment_status":"closed","ping_status":"closed","template":"elementor_canvas","meta":{"neve_meta_sidebar":"full-width","neve_meta_container":"","neve_meta_enable_content_width":"on","neve_meta_content_width":100,"neve_meta_title_alignment":"","neve_meta_author_avatar":"","neve_post_elements_order":"","neve_meta_disable_header":"","neve_meta_disable_footer":"","neve_meta_disable_title":"","footnotes":""},"class_list":["post-4823","page","type-page","status-publish","hentry"],"_links":{"self":[{"href":"https:\/\/vichyrando.org\/index.php?rest_route=\/wp\/v2\/pages\/4823"}],"collection":[{"href":"https:\/\/vichyrando.org\/index.php?rest_route=\/wp\/v2\/pages"}],"about":[{"href":"https:\/\/vichyrando.org\/index.php?rest_route=\/wp\/v2\/types\/page"}],"author":[{"embeddable":true,"href":"https:\/\/vichyrando.org\/index.php?rest_route=\/wp\/v2\/users\/2"}],"replies":[{"embeddable":true,"href":"https:\/\/vichyrando.org\/index.php?rest_route=%2Fwp%2Fv2%2Fcomments&post=4823"}],"version-history":[{"count":49,"href":"https:\/\/vichyrando.org\/index.php?rest_route=\/wp\/v2\/pages\/4823\/revisions"}],"predecessor-version":[{"id":5846,"href":"https:\/\/vichyrando.org\/index.php?rest_route=\/wp\/v2\/pages\/4823\/revisions\/5846"}],"wp:attachment":[{"href":"https:\/\/vichyrando.org\/index.php?rest_route=%2Fwp%2Fv2%2Fmedia&parent=4823"}],"curies":[{"name":"wp","href":"https:\/\/api.w.org\/{rel}","templated":true}]}}