{"id":4822,"date":"2025-01-08T13:49:54","date_gmt":"2025-01-08T12:49:54","guid":{"rendered":"https:\/\/vichyrando.org\/?page_id=4822"},"modified":"2025-01-08T13:57:21","modified_gmt":"2025-01-08T12:57:21","slug":"galeries-2024-juillet-decembre","status":"publish","type":"page","link":"https:\/\/vichyrando.org\/?page_id=4822","title":{"rendered":"Galeries 2024 (juillet &#8211; d\u00e9cembre)"},"content":{"rendered":"\t\t<div data-elementor-type=\"wp-page\" data-elementor-id=\"4822\" class=\"elementor elementor-4822\">\n\t\t\t\t\t\t<section class=\"elementor-section elementor-top-section elementor-element elementor-element-78797e44 elementor-section-height-min-height elementor-section-boxed elementor-section-height-default elementor-section-items-middle\" data-id=\"78797e44\" data-element_type=\"section\" data-settings=\"{&quot;background_background&quot;:&quot;classic&quot;}\">\n\t\t\t\t\t\t\t<div class=\"elementor-background-overlay\"><\/div>\n\t\t\t\t\t\t\t<div class=\"elementor-container elementor-column-gap-default\">\n\t\t\t\t\t<div class=\"elementor-column elementor-col-100 elementor-top-column elementor-element elementor-element-44b2651d\" data-id=\"44b2651d\" data-element_type=\"column\">\n\t\t\t<div class=\"elementor-widget-wrap elementor-element-populated\">\n\t\t\t\t\t\t<div class=\"elementor-element elementor-element-3b7ab4c2 elementor-widget elementor-widget-heading\" data-id=\"3b7ab4c2\" data-element_type=\"widget\" data-widget_type=\"heading.default\">\n\t\t\t\t<div class=\"elementor-widget-container\">\n\t\t\t<span class=\"elementor-heading-title elementor-size-large\">Nos Photos<\/span>\t\t<\/div>\n\t\t\t\t<\/div>\n\t\t\t\t\t<\/div>\n\t\t<\/div>\n\t\t\t\t\t<\/div>\n\t\t<\/section>\n\t\t\t\t<section class=\"elementor-section elementor-top-section elementor-element elementor-element-a2447b3 elementor-section-boxed elementor-section-height-default elementor-section-height-default\" data-id=\"a2447b3\" data-element_type=\"section\">\n\t\t\t\t\t\t<div class=\"elementor-container elementor-column-gap-default\">\n\t\t\t\t\t<div class=\"elementor-column elementor-col-100 elementor-top-column elementor-element elementor-element-4f353d2\" data-id=\"4f353d2\" data-element_type=\"column\">\n\t\t\t<div class=\"elementor-widget-wrap elementor-element-populated\">\n\t\t\t\t    <style>\n      .elementor-control-bwg_view_type_shortcode .elementor-control-input-wrapper,\n      .elementor-control-bwg_elementor_shortcode input {\n        visibility: hidden;\n      }\n      .elementor-control-bwg_elementor_shortcode input {\n        height: 0;\n      }\n      .elementor-control a.bwg-shortcode-btn {\n        text-decoration: none;\n        border-bottom:none;\n      }\n    <\/style>\n    \t\t<div class=\"elementor-element elementor-element-bf55eb4 elementor-widget elementor-widget-bwg-elementor\" data-id=\"bf55eb4\" data-element_type=\"widget\" data-widget_type=\"bwg-elementor.default\">\n\t\t\t\t<div class=\"elementor-widget-container\">\n\t\t\t<style id=\"bwg-style-0\">    #bwg_container1_0 #bwg_container2_0 .bwg-container-0.bwg-album-thumbnails {    width: 1254px;    justify-content: center;            justify-content: center;        margin:0 auto !important;          background-color: rgba(255, 255, 255, 0.00);          padding-left: 4px;      padding-top: 4px;      max-width: 100%;          }        #bwg_container1_0 #bwg_container2_0 .bwg-container-0.bwg-album-thumbnails .bwg-item {    justify-content: flex-start;    max-width: 250px;        }    #bwg_container1_0 #bwg_container2_0 .bwg-container-0.bwg-album-thumbnails .bwg-item a {      margin-right: 4px;      margin-bottom: 4px;    }    #bwg_container1_0 #bwg_container2_0 .bwg-container-0.bwg-album-thumbnails .bwg-item0 {      padding: 0px;            background-color:rgba(0,0,0, 0.30);      border: 0px none #CCCCCC;      opacity: 1.00;      border-radius: 0;      box-shadow: 0px 0px 0px #888888;    }    #bwg_container1_0 #bwg_container2_0 .bwg-container-0.bwg-album-thumbnails .bwg-item1 img {      max-height: none;      max-width: none;      padding: 0 !important;    }          @media only screen and (min-width: 480px) {      #bwg_container1_0 #bwg_container2_0 .bwg-container-0.bwg-album-thumbnails .bwg-item1 img {      -webkit-transition: all .3s; transition: all .3s;      }      #bwg_container1_0 #bwg_container2_0 .bwg-container-0.bwg-album-thumbnails .bwg-item1 img:hover {        -ms-transform: scale(1.08);        -webkit-transform: scale(1.08);        transform: scale(1.08);      }            }          #bwg_container1_0 #bwg_container2_0 .bwg-container-0.bwg-album-thumbnails .bwg-item1 {      padding-top: 56%;    }        #bwg_container1_0 #bwg_container2_0 .bwg-container-0.bwg-album-thumbnails .bwg-title2 {      color: #323A45;      font-family: Ubuntu;      font-size: 16px;      font-weight: bold;      padding: 2px;      text-shadow: 0px 0px 0px #888888;      max-height: 100%;    }        #bwg_container1_0 #bwg_container2_0 .bwg-container-0.bwg-standard-thumbnails {      width: 1254px;              justify-content: center;        margin:0 auto !important;              background-color: rgba(255, 255, 255, 0.00);            padding-left: 4px;      padding-top: 4px;      max-width: 100%;            }        #bwg_container1_0 #bwg_container2_0 .bwg-container-0.bwg-standard-thumbnails .bwg-item {    justify-content: flex-start;      max-width: 250px;          }    #bwg_container1_0 #bwg_container2_0 .bwg-container-0.bwg-standard-thumbnails .bwg-item a {       margin-right: 4px;       margin-bottom: 4px;    }    #bwg_container1_0 #bwg_container2_0 .bwg-container-0.bwg-standard-thumbnails .bwg-item0 {      padding: 0px;            background-color:rgba(0,0,0, 0.30);      border: 0px none #CCCCCC;      opacity: 1.00;      border-radius: 0;      box-shadow: 0px 0px 0px #888888;    }    #bwg_container1_0 #bwg_container2_0 .bwg-container-0.bwg-standard-thumbnails .bwg-item1 img {      max-height: none;      max-width: none;      padding: 0 !important;    }         @media only screen and (min-width: 480px) {\t\t#bwg_container1_0 #bwg_container2_0 .bwg-container-0.bwg-standard-thumbnails .bwg-item1 img {\t\t\t-webkit-transition: all .3s; transition: all .3s;\t\t}\t\t#bwg_container1_0 #bwg_container2_0 .bwg-container-0.bwg-standard-thumbnails .bwg-item1 img:hover {\t\t\t-ms-transform: scale(1.08);\t\t\t-webkit-transform: scale(1.08);\t\t\ttransform: scale(1.08);\t\t}\t\t      }\t    #bwg_container1_0 #bwg_container2_0 .bwg-container-0.bwg-standard-thumbnails .bwg-item1 {      padding-top: 56%;    }        #bwg_container1_0 #bwg_container2_0 .bwg-container-0.bwg-standard-thumbnails .bwg-title2,    #bwg_container1_0 #bwg_container2_0 .bwg-container-0.bwg-standard-thumbnails .bwg-ecommerce2 {      color: #323A45;      font-family: Ubuntu;      font-size: 16px;      font-weight: bold;      padding: 2px;      text-shadow: 0px 0px 0px #888888;      max-height: 100%;    }    #bwg_container1_0 #bwg_container2_0 .bwg-container-0.bwg-standard-thumbnails .bwg-thumb-description span {    color: #323A45;    font-family: Ubuntu;    font-size: 12px;    max-height: 100%;    word-wrap: break-word;    }    #bwg_container1_0 #bwg_container2_0 .bwg-container-0.bwg-standard-thumbnails .bwg-play-icon2 {      font-size: 32px;    }    #bwg_container1_0 #bwg_container2_0 .bwg-container-0.bwg-standard-thumbnails .bwg-ecommerce2 {      font-size: 19.2px;      color: #323A45;    }    <\/style>    <div id=\"bwg_container1_0\"         class=\"bwg_container bwg_thumbnail bwg_album_compact_preview bwg_thumbnail\"         data-right-click-protection=\"0\"         data-bwg=\"0\"         data-scroll=\"0\"         data-gallery-type=\"album_compact_preview\"         data-gallery-view-type=\"thumbnail\"         data-current-url=\"\/index.php?rest_route=%2Fwp%2Fv2%2Fpages%2F4822\"         data-lightbox-url=\"https:\/\/vichyrando.org\/wp-admin\/admin-ajax.php?action=GalleryBox&#038;current_view=0&#038;gallery_id=0&#038;tag=0&#038;theme_id=1&#038;shortcode_id=1155&#038;sort_by=order&#038;order_by=asc&#038;current_url=%2Findex.php%3Frest_route%3D%252Fwp%252Fv2%252Fpages%252F4822\"         data-gallery-id=\"0\"         data-popup-width=\"800\"         data-popup-height=\"500\"         data-is-album=\"album\"         data-buttons-position=\"bottom\">      <div id=\"bwg_container2_0\">             <div id=\"ajax_loading_0\" class=\"bwg_loading_div_1\">      <div class=\"bwg_loading_div_2\">        <div class=\"bwg_loading_div_3\">          <div id=\"loading_div_0\" class=\"bwg_spider_ajax_loading\">          <\/div>        <\/div>      <\/div>    <\/div>            <form id=\"gal_front_form_0\"              class=\"bwg-hidden\"              method=\"post\"              action=\"#\"              data-current=\"0\"              data-shortcode-id=\"1155\"              data-gallery-type=\"album_compact_preview\"              data-gallery-id=\"0\"              data-tag=\"0\"              data-album-id=\"59\"              data-theme-id=\"1\"              data-ajax-url=\"https:\/\/vichyrando.org\/wp-admin\/admin-ajax.php?action=bwg_frontend_data\">          <div id=\"bwg_container3_0\" class=\"bwg-background bwg-background-0\">            <style>        #bwg_container1_0 #bwg_container2_0 .bwg_gal_title_0 {          display: block;          padding: 0 2px 2px 2px;          background-color: rgba(0, 0, 0, 0);          line-height: 20px;          font-family: Ubuntu;          font-size: 18px;          font-weight: bold;          color: #323A45;          text-shadow: 0px 0px 0px #888888;          text-align: center;        }        #bwg_container1_0 #bwg_container2_0 .bwg_gal_description_0 {          margin: 20px 0;          word-break: break-word;          text-align: justify;          font-size: 15px;          font-weight: unset;        }        <\/style>        <div class=\"bwg_gal_title_0\">D\u00e9cembre 2024<\/div>            <div data-max-count=\"5\"         data-thumbnail-width=\"250\"         data-bwg=\"0\"         id=\"bwg_album_compact_0\"         class=\"bwg-thumbnails bwg-container bwg-container-0 bwg-album-thumbnails bwg_album_thumbnails_0\">              <div class=\"bwg-item\">          <a class=\"bwg-a bwg-album bwg_album_0\"             href='\/index.php?rest_route=%2Fwp%2Fv2%2Fpages%2F4822&#038;type_0=gallery&#038;album_gallery_id_0=946'                          data-container_id=\"bwg_album_compact_0\"             data-def_type=\"gallery\"             data-album_gallery_id=\"59\"             data-alb_gal_id=\"946\"             data-title=\"Rando sant\u00e9 \u00e0 St R\u00e9my en Rollat le 2 d\u00e9cembre 2024\"             data-bwg=\"0\">                        <div class=\"bwg-item0 lazy_loader\">              <div class=\"bwg-item1 \">                <div class=\"bwg-item2\">                  <img decoding=\"async\" class=\"skip-lazy  bwg_lazyload \"                       data-width=\"500.00\"                       data-height=\"333.00\"                       data-src=\"https:\/\/vichyrando.org\/wp-content\/uploads\/photo-gallery\/thumb\/2024-12-02-StRemy09.jpg?bwg=1733160681\"                       src=\"https:\/\/vichyrando.org\/wp-content\/plugins\/photo-gallery\/images\/lazy_placeholder.gif\"                       alt=\"Rando sant\u00e9 \u00e0 St R\u00e9my en Rollat le 2 d\u00e9cembre 2024\"                       title=\"Rando sant\u00e9 \u00e0 St R\u00e9my en Rollat le 2 d\u00e9cembre 2024\" \/>                <\/div>                <div class=\"\">                                  <\/div>              <\/div>            <\/div>            <div class=\"bwg-title1\"><div class=\"bwg-title2\">Rando sant\u00e9 \u00e0 St R\u00e9my en Rollat le 2 d\u00e9cembre 2024<\/div><\/div>          <\/a>        <\/div>                <div class=\"bwg-item\">          <a class=\"bwg-a bwg-album bwg_album_0\"             href='\/index.php?rest_route=%2Fwp%2Fv2%2Fpages%2F4822&#038;type_0=gallery&#038;album_gallery_id_0=947'                          data-container_id=\"bwg_album_compact_0\"             data-def_type=\"gallery\"             data-album_gallery_id=\"59\"             data-alb_gal_id=\"947\"             data-title=\"Journ\u00e9e rando sportive \u00e0 Mazerier le 3 d\u00e9cembre 2024\"             data-bwg=\"0\">                        <div class=\"bwg-item0 lazy_loader\">              <div class=\"bwg-item1 \">                <div class=\"bwg-item2\">                  <img decoding=\"async\" class=\"skip-lazy  bwg_lazyload \"                       data-width=\"500.00\"                       data-height=\"330.00\"                       data-src=\"https:\/\/vichyrando.org\/wp-content\/uploads\/photo-gallery\/thumb\/2024-12-03-Mazerier20.jpg?bwg=1733308531\"                       src=\"https:\/\/vichyrando.org\/wp-content\/plugins\/photo-gallery\/images\/lazy_placeholder.gif\"                       alt=\"Journ\u00e9e rando sportive \u00e0 Mazerier le 3 d\u00e9cembre 2024\"                       title=\"Journ\u00e9e rando sportive \u00e0 Mazerier le 3 d\u00e9cembre 2024\" \/>                <\/div>                <div class=\"\">                                  <\/div>              <\/div>            <\/div>            <div class=\"bwg-title1\"><div class=\"bwg-title2\">Journ\u00e9e rando sportive \u00e0 Mazerier le 3 d\u00e9cembre 2024<\/div><\/div>          <\/a>        <\/div>                <div class=\"bwg-item\">          <a class=\"bwg-a bwg-album bwg_album_0\"             href='\/index.php?rest_route=%2Fwp%2Fv2%2Fpages%2F4822&#038;type_0=gallery&#038;album_gallery_id_0=948'                          data-container_id=\"bwg_album_compact_0\"             data-def_type=\"gallery\"             data-album_gallery_id=\"59\"             data-alb_gal_id=\"948\"             data-title=\"Rando 1\/2 journ\u00e9e \u00e0 Brugheas le 3 d\u00e9cembre 2024\"             data-bwg=\"0\">                        <div class=\"bwg-item0 lazy_loader\">              <div class=\"bwg-item1 \">                <div class=\"bwg-item2\">                  <img decoding=\"async\" class=\"skip-lazy  bwg_lazyload \"                       data-width=\"500.00\"                       data-height=\"270.00\"                       data-src=\"https:\/\/vichyrando.org\/wp-content\/uploads\/photo-gallery\/thumb\/2024-12-03-Brugheas01.jpg?bwg=1733422086\"                       src=\"https:\/\/vichyrando.org\/wp-content\/plugins\/photo-gallery\/images\/lazy_placeholder.gif\"                       alt=\"Rando 1\/2 journ\u00e9e \u00e0 Brugheas le 3 d\u00e9cembre 2024\"                       title=\"Rando 1\/2 journ\u00e9e \u00e0 Brugheas le 3 d\u00e9cembre 2024\" \/>                <\/div>                <div class=\"\">                                  <\/div>              <\/div>            <\/div>            <div class=\"bwg-title1\"><div class=\"bwg-title2\">Rando 1\/2 journ\u00e9e \u00e0 Brugheas le 3 d\u00e9cembre 2024<\/div><\/div>          <\/a>        <\/div>                <div class=\"bwg-item\">          <a class=\"bwg-a bwg-album bwg_album_0\"             href='\/index.php?rest_route=%2Fwp%2Fv2%2Fpages%2F4822&#038;type_0=gallery&#038;album_gallery_id_0=950'                          data-container_id=\"bwg_album_compact_0\"             data-def_type=\"gallery\"             data-album_gallery_id=\"59\"             data-alb_gal_id=\"950\"             data-title=\"Marche nordique nocturne \u00e0 Bellerive\/Allier le 4 d\u00e9cembre 2024\"             data-bwg=\"0\">                        <div class=\"bwg-item0 lazy_loader\">              <div class=\"bwg-item1 \">                <div class=\"bwg-item2\">                  <img decoding=\"async\" class=\"skip-lazy  bwg_lazyload \"                       data-width=\"500.00\"                       data-height=\"292.00\"                       data-src=\"https:\/\/vichyrando.org\/wp-content\/uploads\/photo-gallery\/thumb\/2024-12-03-Bellerive01.jpg?bwg=1733669631\"                       src=\"https:\/\/vichyrando.org\/wp-content\/plugins\/photo-gallery\/images\/lazy_placeholder.gif\"                       alt=\"Marche nordique nocturne \u00e0 Bellerive\/Allier le 4 d\u00e9cembre 2024\"                       title=\"Marche nordique nocturne \u00e0 Bellerive\/Allier le 4 d\u00e9cembre 2024\" \/>                <\/div>                <div class=\"\">                                  <\/div>              <\/div>            <\/div>            <div class=\"bwg-title1\"><div class=\"bwg-title2\">Marche nordique nocturne \u00e0 Bellerive\/Allier le 4 d\u00e9cembre 2024<\/div><\/div>          <\/a>        <\/div>                <div class=\"bwg-item\">          <a class=\"bwg-a bwg-album bwg_album_0\"             href='\/index.php?rest_route=%2Fwp%2Fv2%2Fpages%2F4822&#038;type_0=gallery&#038;album_gallery_id_0=952'                          data-container_id=\"bwg_album_compact_0\"             data-def_type=\"gallery\"             data-album_gallery_id=\"59\"             data-alb_gal_id=\"952\"             data-title=\"Mini rando \u00e0 La Chapelle le 5 d\u00e9cembre 2024\"             data-bwg=\"0\">                        <div class=\"bwg-item0 lazy_loader\">              <div class=\"bwg-item1 \">                <div class=\"bwg-item2\">                  <img decoding=\"async\" class=\"skip-lazy  bwg_lazyload \"                       data-width=\"500.00\"                       data-height=\"333.00\"                       data-src=\"https:\/\/vichyrando.org\/wp-content\/uploads\/photo-gallery\/thumb\/2024-12-05-LaChapelle11.jpg?bwg=1734102035\"                       src=\"https:\/\/vichyrando.org\/wp-content\/plugins\/photo-gallery\/images\/lazy_placeholder.gif\"                       alt=\"Mini rando \u00e0 La Chapelle le 5 d\u00e9cembre 2024\"                       title=\"Mini rando \u00e0 La Chapelle le 5 d\u00e9cembre 2024\" \/>                <\/div>                <div class=\"\">                                  <\/div>              <\/div>            <\/div>            <div class=\"bwg-title1\"><div class=\"bwg-title2\">Mini rando \u00e0 La Chapelle le 5 d\u00e9cembre 2024<\/div><\/div>          <\/a>        <\/div>                <div class=\"bwg-item\">          <a class=\"bwg-a bwg-album bwg_album_0\"             href='\/index.php?rest_route=%2Fwp%2Fv2%2Fpages%2F4822&#038;type_0=gallery&#038;album_gallery_id_0=949'                          data-container_id=\"bwg_album_compact_0\"             data-def_type=\"gallery\"             data-album_gallery_id=\"59\"             data-alb_gal_id=\"949\"             data-title=\"Rando 1\/2 journ\u00e9e \u00e0 Mariol lz 5 d\u00e9cembre 2024\"             data-bwg=\"0\">                        <div class=\"bwg-item0 lazy_loader\">              <div class=\"bwg-item1 \">                <div class=\"bwg-item2\">                  <img decoding=\"async\" class=\"skip-lazy  bwg_lazyload \"                       data-width=\"500.00\"                       data-height=\"375.00\"                       data-src=\"https:\/\/vichyrando.org\/wp-content\/uploads\/photo-gallery\/thumb\/2024-12-05-Mariol02.jpg?bwg=1733492484\"                       src=\"https:\/\/vichyrando.org\/wp-content\/plugins\/photo-gallery\/images\/lazy_placeholder.gif\"                       alt=\"Rando 1\/2 journ\u00e9e \u00e0 Mariol lz 5 d\u00e9cembre 2024\"                       title=\"Rando 1\/2 journ\u00e9e \u00e0 Mariol lz 5 d\u00e9cembre 2024\" \/>                <\/div>                <div class=\"\">                                  <\/div>              <\/div>            <\/div>            <div class=\"bwg-title1\"><div class=\"bwg-title2\">Rando 1\/2 journ\u00e9e \u00e0 Mariol lz 5 d\u00e9cembre 2024<\/div><\/div>          <\/a>        <\/div>                <div class=\"bwg-item\">          <a class=\"bwg-a bwg-album bwg_album_0\"             href='\/index.php?rest_route=%2Fwp%2Fv2%2Fpages%2F4822&#038;type_0=gallery&#038;album_gallery_id_0=951'                          data-container_id=\"bwg_album_compact_0\"             data-def_type=\"gallery\"             data-album_gallery_id=\"59\"             data-alb_gal_id=\"951\"             data-title=\"Journ\u00e9e marche sportive \u00e0 Ebreuil le 10 d\u00e9cembre 2024\"             data-bwg=\"0\">                        <div class=\"bwg-item0 lazy_loader\">              <div class=\"bwg-item1 \">                <div class=\"bwg-item2\">                  <img decoding=\"async\" class=\"skip-lazy  bwg_lazyload \"                       data-width=\"467.00\"                       data-height=\"500.00\"                       data-src=\"https:\/\/vichyrando.org\/wp-content\/uploads\/photo-gallery\/thumb\/2024-12-10-Ebreuil21.jpg?bwg=1733912611\"                       src=\"https:\/\/vichyrando.org\/wp-content\/plugins\/photo-gallery\/images\/lazy_placeholder.gif\"                       alt=\"Journ\u00e9e marche sportive \u00e0 Ebreuil le 10 d\u00e9cembre 2024\"                       title=\"Journ\u00e9e marche sportive \u00e0 Ebreuil le 10 d\u00e9cembre 2024\" \/>                <\/div>                <div class=\"\">                                  <\/div>              <\/div>            <\/div>            <div class=\"bwg-title1\"><div class=\"bwg-title2\">Journ\u00e9e marche sportive \u00e0 Ebreuil le 10 d\u00e9cembre 2024<\/div><\/div>          <\/a>        <\/div>                <div class=\"bwg-item\">          <a class=\"bwg-a bwg-album bwg_album_0\"             href='\/index.php?rest_route=%2Fwp%2Fv2%2Fpages%2F4822&#038;type_0=gallery&#038;album_gallery_id_0=954'                          data-container_id=\"bwg_album_compact_0\"             data-def_type=\"gallery\"             data-album_gallery_id=\"59\"             data-alb_gal_id=\"954\"             data-title=\"Rando 1\/2 journ\u00e9e \u00e0 Randan (63) le 10 d\u00e9cembre 2024\"             data-bwg=\"0\">                        <div class=\"bwg-item0 lazy_loader\">              <div class=\"bwg-item1 \">                <div class=\"bwg-item2\">                  <img decoding=\"async\" class=\"skip-lazy  bwg_lazyload \"                       data-width=\"500.00\"                       data-height=\"252.00\"                       data-src=\"https:\/\/vichyrando.org\/wp-content\/uploads\/photo-gallery\/thumb\/2024-12-10-Randan17.jpg?bwg=1734285745\"                       src=\"https:\/\/vichyrando.org\/wp-content\/plugins\/photo-gallery\/images\/lazy_placeholder.gif\"                       alt=\"Rando 1\/2 journ\u00e9e \u00e0 Randan (63) le 10 d\u00e9cembre 2024\"                       title=\"Rando 1\/2 journ\u00e9e \u00e0 Randan (63) le 10 d\u00e9cembre 2024\" \/>                <\/div>                <div class=\"\">                                  <\/div>              <\/div>            <\/div>            <div class=\"bwg-title1\"><div class=\"bwg-title2\">Rando 1\/2 journ\u00e9e \u00e0 Randan (63) le 10 d\u00e9cembre 2024<\/div><\/div>          <\/a>        <\/div>                <div class=\"bwg-item\">          <a class=\"bwg-a bwg-album bwg_album_0\"             href='\/index.php?rest_route=%2Fwp%2Fv2%2Fpages%2F4822&#038;type_0=gallery&#038;album_gallery_id_0=955'                          data-container_id=\"bwg_album_compact_0\"             data-def_type=\"gallery\"             data-album_gallery_id=\"59\"             data-alb_gal_id=\"955\"             data-title=\"Rando 1\/2 journ\u00e9e \u00e0 St Quintin (63) le 12 d\u00e9cembre 2024\"             data-bwg=\"0\">                        <div class=\"bwg-item0 lazy_loader\">              <div class=\"bwg-item1 \">                <div class=\"bwg-item2\">                  <img decoding=\"async\" class=\"skip-lazy  bwg_lazyload \"                       data-width=\"500.00\"                       data-height=\"378.00\"                       data-src=\"https:\/\/vichyrando.org\/wp-content\/uploads\/photo-gallery\/thumb\/2024-12-12-StQuintin05.jpg?bwg=1734527227\"                       src=\"https:\/\/vichyrando.org\/wp-content\/plugins\/photo-gallery\/images\/lazy_placeholder.gif\"                       alt=\"Rando 1\/2 journ\u00e9e \u00e0 St Quintin (63) le 12 d\u00e9cembre 2024\"                       title=\"Rando 1\/2 journ\u00e9e \u00e0 St Quintin (63) le 12 d\u00e9cembre 2024\" \/>                <\/div>                <div class=\"\">                                  <\/div>              <\/div>            <\/div>            <div class=\"bwg-title1\"><div class=\"bwg-title2\">Rando 1\/2 journ\u00e9e \u00e0 St Quintin (63) le 12 d\u00e9cembre 2024<\/div><\/div>          <\/a>        <\/div>                <div class=\"bwg-item\">          <a class=\"bwg-a bwg-album bwg_album_0\"             href='\/index.php?rest_route=%2Fwp%2Fv2%2Fpages%2F4822&#038;type_0=gallery&#038;album_gallery_id_0=953'                          data-container_id=\"bwg_album_compact_0\"             data-def_type=\"gallery\"             data-album_gallery_id=\"59\"             data-alb_gal_id=\"953\"             data-title=\"Marche nordique au Vernet le 14 d\u00e9cembre 2024\"             data-bwg=\"0\">                        <div class=\"bwg-item0 lazy_loader\">              <div class=\"bwg-item1 \">                <div class=\"bwg-item2\">                  <img decoding=\"async\" class=\"skip-lazy  bwg_lazyload \"                       data-width=\"500.00\"                       data-height=\"294.00\"                       data-src=\"https:\/\/vichyrando.org\/wp-content\/uploads\/photo-gallery\/thumb\/2024-12-14-LeVernet01.jpg?bwg=1734254128\"                       src=\"https:\/\/vichyrando.org\/wp-content\/plugins\/photo-gallery\/images\/lazy_placeholder.gif\"                       alt=\"Marche nordique au Vernet le 14 d\u00e9cembre 2024\"                       title=\"Marche nordique au Vernet le 14 d\u00e9cembre 2024\" \/>                <\/div>                <div class=\"\">                                  <\/div>              <\/div>            <\/div>            <div class=\"bwg-title1\"><div class=\"bwg-title2\">Marche nordique au Vernet le 14 d\u00e9cembre 2024<\/div><\/div>          <\/a>        <\/div>                <div class=\"bwg-item\">          <a class=\"bwg-a bwg-album bwg_album_0\"             href='\/index.php?rest_route=%2Fwp%2Fv2%2Fpages%2F4822&#038;type_0=gallery&#038;album_gallery_id_0=956'                          data-container_id=\"bwg_album_compact_0\"             data-def_type=\"gallery\"             data-album_gallery_id=\"59\"             data-alb_gal_id=\"956\"             data-title=\"Rando 1\/2 journ\u00e9e \u00e0 Puy Guillaume (63) le 17 d\u00e9cembre 2024\"             data-bwg=\"0\">                        <div class=\"bwg-item0 lazy_loader\">              <div class=\"bwg-item1 \">                <div class=\"bwg-item2\">                  <img decoding=\"async\" class=\"skip-lazy  bwg_lazyload \"                       data-width=\"500.00\"                       data-height=\"281.00\"                       data-src=\"https:\/\/vichyrando.org\/wp-content\/uploads\/photo-gallery\/thumb\/2024-12-17-PuyGuillaume02.jpg?bwg=1734619808\"                       src=\"https:\/\/vichyrando.org\/wp-content\/plugins\/photo-gallery\/images\/lazy_placeholder.gif\"                       alt=\"Rando 1\/2 journ\u00e9e \u00e0 Puy Guillaume (63) le 17 d\u00e9cembre 2024\"                       title=\"Rando 1\/2 journ\u00e9e \u00e0 Puy Guillaume (63) le 17 d\u00e9cembre 2024\" \/>                <\/div>                <div class=\"\">                                  <\/div>              <\/div>            <\/div>            <div class=\"bwg-title1\"><div class=\"bwg-title2\">Rando 1\/2 journ\u00e9e \u00e0 Puy Guillaume (63) le 17 d\u00e9cembre 2024<\/div><\/div>          <\/a>        <\/div>                <div class=\"bwg-item\">          <a class=\"bwg-a bwg-album bwg_album_0\"             href='\/index.php?rest_route=%2Fwp%2Fv2%2Fpages%2F4822&#038;type_0=gallery&#038;album_gallery_id_0=957'                          data-container_id=\"bwg_album_compact_0\"             data-def_type=\"gallery\"             data-album_gallery_id=\"59\"             data-alb_gal_id=\"957\"             data-title=\"Mini rando \u00e0 Saint F\u00e9lix le 19 d\u00e9cembre 2024\"             data-bwg=\"0\">                        <div class=\"bwg-item0 lazy_loader\">              <div class=\"bwg-item1 \">                <div class=\"bwg-item2\">                  <img decoding=\"async\" class=\"skip-lazy  bwg_lazyload \"                       data-width=\"500.00\"                       data-height=\"225.00\"                       data-src=\"https:\/\/vichyrando.org\/wp-content\/uploads\/photo-gallery\/thumb\/2024-12-19-StFelix02.jpg?bwg=1734619923\"                       src=\"https:\/\/vichyrando.org\/wp-content\/plugins\/photo-gallery\/images\/lazy_placeholder.gif\"                       alt=\"Mini rando \u00e0 Saint F\u00e9lix le 19 d\u00e9cembre 2024\"                       title=\"Mini rando \u00e0 Saint F\u00e9lix le 19 d\u00e9cembre 2024\" \/>                <\/div>                <div class=\"\">                                  <\/div>              <\/div>            <\/div>            <div class=\"bwg-title1\"><div class=\"bwg-title2\">Mini rando \u00e0 Saint F\u00e9lix le 19 d\u00e9cembre 2024<\/div><\/div>          <\/a>        <\/div>                <div class=\"bwg-item\">          <a class=\"bwg-a bwg-album bwg_album_0\"             href='\/index.php?rest_route=%2Fwp%2Fv2%2Fpages%2F4822&#038;type_0=gallery&#038;album_gallery_id_0=958'                          data-container_id=\"bwg_album_compact_0\"             data-def_type=\"gallery\"             data-album_gallery_id=\"59\"             data-alb_gal_id=\"958\"             data-title=\"Rando sant\u00e9 \u00e0 St Germain des Foss\u00e9s le 23 d\u00e9cembre 2024\"             data-bwg=\"0\">                        <div class=\"bwg-item0 lazy_loader\">              <div class=\"bwg-item1 \">                <div class=\"bwg-item2\">                  <img decoding=\"async\" class=\"skip-lazy  bwg_lazyload \"                       data-width=\"500.00\"                       data-height=\"231.00\"                       data-src=\"https:\/\/vichyrando.org\/wp-content\/uploads\/photo-gallery\/thumb\/2024-12-23-StGermain01.jpg?bwg=1734990019\"                       src=\"https:\/\/vichyrando.org\/wp-content\/plugins\/photo-gallery\/images\/lazy_placeholder.gif\"                       alt=\"Rando sant\u00e9 \u00e0 St Germain des Foss\u00e9s le 23 d\u00e9cembre 2024\"                       title=\"Rando sant\u00e9 \u00e0 St Germain des Foss\u00e9s le 23 d\u00e9cembre 2024\" \/>                <\/div>                <div class=\"\">                                  <\/div>              <\/div>            <\/div>            <div class=\"bwg-title1\"><div class=\"bwg-title2\">Rando sant\u00e9 \u00e0 St Germain des Foss\u00e9s le 23 d\u00e9cembre 2024<\/div><\/div>          <\/a>        <\/div>                <div class=\"bwg-item\">          <a class=\"bwg-a bwg-album bwg_album_0\"             href='\/index.php?rest_route=%2Fwp%2Fv2%2Fpages%2F4822&#038;type_0=gallery&#038;album_gallery_id_0=959'                          data-container_id=\"bwg_album_compact_0\"             data-def_type=\"gallery\"             data-album_gallery_id=\"59\"             data-alb_gal_id=\"959\"             data-title=\"Rando 1\/2 journ\u00e9e \u00e0 St R\u00e9my en Rollat le 24 d\u00e9cembre 2024\"             data-bwg=\"0\">                        <div class=\"bwg-item0 lazy_loader\">              <div class=\"bwg-item1 \">                <div class=\"bwg-item2\">                  <img decoding=\"async\" class=\"skip-lazy  bwg_lazyload \"                       data-width=\"500.00\"                       data-height=\"281.00\"                       data-src=\"https:\/\/vichyrando.org\/wp-content\/uploads\/photo-gallery\/thumb\/2024-12-24-StRemy05.jpg?bwg=1735304754\"                       src=\"https:\/\/vichyrando.org\/wp-content\/plugins\/photo-gallery\/images\/lazy_placeholder.gif\"                       alt=\"Rando 1\/2 journ\u00e9e \u00e0 St R\u00e9my en Rollat le 24 d\u00e9cembre 2024\"                       title=\"Rando 1\/2 journ\u00e9e \u00e0 St R\u00e9my en Rollat le 24 d\u00e9cembre 2024\" \/>                <\/div>                <div class=\"\">                                  <\/div>              <\/div>            <\/div>            <div class=\"bwg-title1\"><div class=\"bwg-title2\">Rando 1\/2 journ\u00e9e \u00e0 St R\u00e9my en Rollat le 24 d\u00e9cembre 2024<\/div><\/div>          <\/a>        <\/div>                <div class=\"bwg-item\">          <a class=\"bwg-a bwg-album bwg_album_0\"             href='\/index.php?rest_route=%2Fwp%2Fv2%2Fpages%2F4822&#038;type_0=gallery&#038;album_gallery_id_0=960'                          data-container_id=\"bwg_album_compact_0\"             data-def_type=\"gallery\"             data-album_gallery_id=\"59\"             data-alb_gal_id=\"960\"             data-title=\"Rando 1\/2 journ\u00e9e \u00e0 Charmeil le 26 d\u00e9cembre 2024\"             data-bwg=\"0\">                        <div class=\"bwg-item0 lazy_loader\">              <div class=\"bwg-item1 \">                <div class=\"bwg-item2\">                  <img decoding=\"async\" class=\"skip-lazy  bwg_lazyload \"                       data-width=\"500.00\"                       data-height=\"281.00\"                       data-src=\"https:\/\/vichyrando.org\/wp-content\/uploads\/photo-gallery\/thumb\/2024-12-26-Charmeil12.jpg?bwg=1735304881\"                       src=\"https:\/\/vichyrando.org\/wp-content\/plugins\/photo-gallery\/images\/lazy_placeholder.gif\"                       alt=\"Rando 1\/2 journ\u00e9e \u00e0 Charmeil le 26 d\u00e9cembre 2024\"                       title=\"Rando 1\/2 journ\u00e9e \u00e0 Charmeil le 26 d\u00e9cembre 2024\" \/>                <\/div>                <div class=\"\">                                  <\/div>              <\/div>            <\/div>            <div class=\"bwg-title1\"><div class=\"bwg-title2\">Rando 1\/2 journ\u00e9e \u00e0 Charmeil le 26 d\u00e9cembre 2024<\/div><\/div>          <\/a>        <\/div>            <\/div>          <input type=\"hidden\" id=\"bwg_album_breadcrumb_0\" name=\"bwg_album_breadcrumb_0\" value='[{&quot;id&quot;:&quot;59&quot;,&quot;page&quot;:1}]' \/>    <style>      \/*pagination styles*\/      #bwg_container1_0 #bwg_container2_0 .tablenav-pages_0 {\t\t\t\ttext-align: center;\t\t\t\tfont-size: 12px;\t\t\t\tfont-family: Ubuntu;\t\t\t\tfont-weight: bold;\t\t\t\tcolor: #666666;\t\t\t\tmargin: 6px 0 4px;\t\t\t\tdisplay: block;      }      @media only screen and (max-width : 320px) {      #bwg_container1_0 #bwg_container2_0 .displaying-num_0 {     \t display: none;      }      }      #bwg_container1_0 #bwg_container2_0 .displaying-num_0 {\t\t\t\tfont-size: 12px;\t\t\t\tfont-family: Ubuntu;\t\t\t\tfont-weight: bold;\t\t\t\tcolor: #666666;\t\t\t\tmargin-right: 10px;\t\t\t\tvertical-align: middle;      }      #bwg_container1_0 #bwg_container2_0 .paging-input_0 {\t\t\t\tfont-size: 12px;\t\t\t\tfont-family: Ubuntu;\t\t\t\tfont-weight: bold;\t\t\t\tcolor: #666666;\t\t\t\tvertical-align: middle;      }      #bwg_container1_0 #bwg_container2_0 .tablenav-pages_0 a.disabled,      #bwg_container1_0 #bwg_container2_0 .tablenav-pages_0 a.disabled:hover,      #bwg_container1_0 #bwg_container2_0 .tablenav-pages_0 a.disabled:focus,\t\t\t#bwg_container1_0 #bwg_container2_0 .tablenav-pages_0 input.bwg_current_page {\t\t\t\tcursor: default;\t\t\t\tcolor: rgba(102, 102, 102, 0.5);      }      #bwg_container1_0 #bwg_container2_0 .tablenav-pages_0 a,      #bwg_container1_0 #bwg_container2_0 .tablenav-pages_0 input.bwg_current_page {\t\t\t\tcursor: pointer;\t\t\t\ttext-align: center;\t\t\t\tfont-size: 12px;\t\t\t\tfont-family: Ubuntu;\t\t\t\tfont-weight: bold;\t\t\t\tcolor: #666666;\t\t\t\ttext-decoration: none;\t\t\t\tpadding: 3px 6px;\t\t\t\tmargin: 0;\t\t\t\tborder-radius: 0;\t\t\t\tborder-style: solid;\t\t\t\tborder-width: 1px;\t\t\t\tborder-color: #E3E3E3;\t\t\t\t\t\t\t\tbackground-color: rgba(255, 255, 255, 1.00);\t\t\t\tbox-shadow: 0;\t\t\t\ttransition: all 0.3s ease 0s;-webkit-transition: all 0.3s ease 0s;      }      <\/style>      <span class=\"bwg_nav_cont_0\">              <div class=\"tablenav-pages_0\">                  <\/div>                <input type=\"hidden\" id=\"page_number_0\" name=\"page_number_0\" value=\"1\" \/>      <script type=\"text\/javascript\">        if( jQuery('.bwg_nav_cont_0').length > 1 ) {          jQuery('.bwg_nav_cont_0').first().remove()        }        function spider_page_0(cur, x, y, load_more) {          if (typeof load_more == \"undefined\") {            var load_more = false;          }          if (jQuery(cur).hasClass('disabled')) {            return false;          }          var items_county_0 = 1;          switch (y) {            case 1:              if (x >= items_county_0) {                document.getElementById('page_number_0').value = items_county_0;              }              else {                document.getElementById('page_number_0').value = x + 1;              }              break;            case 2:              document.getElementById('page_number_0').value = items_county_0;              break;            case -1:              if (x == 1) {                document.getElementById('page_number_0').value = 1;              }              else {                document.getElementById('page_number_0').value = x - 1;              }              break;            case -2:              document.getElementById('page_number_0').value = 1;              break;\t\t\t\t\t\tcase 0:              document.getElementById('page_number_0').value = x;              break;            default:              document.getElementById('page_number_0').value = 1;          }          bwg_ajax('gal_front_form_0', '0', 'bwg_album_compact_0', '59', '', 'album', 0, '', '', load_more, '', 1);        }                    jQuery('.first-page-0').on('click', function () {              spider_page_0(this, 1, -2, 'numeric');              return false;            });            jQuery('.prev-page-0').on('click', function () {              spider_page_0(this, 1, -1, 'numeric');              return false;            });            jQuery('.next-page-0').on('click', function () {              spider_page_0(this, 1, 1, 'numeric');              return false;            });            jQuery('.last-page-0').on('click', function () {              spider_page_0(this, 1, 2, 'numeric');              return false;            });        \t\t\t\t\/* Change page on input enter. *\/        function bwg_change_page_0( e, that ) {          if (  e.key == 'Enter' ) {            var to_page = parseInt(jQuery(that).val());            var pages_count = jQuery(that).parents(\".pagination-links\").data(\"pages-count\");            var current_url_param = jQuery(that).attr('data-url-info');            if (to_page > pages_count) {              to_page = 1;            }\t \t\t\t\t\t\t\t\t\t\t\t\tspider_page_0(this, to_page, 0, 'numeric');\t\t\t\t\t\t\treturn false;\t\t\t\t\t\t          }          return true;        }        jQuery('.bwg_load_btn_0').on('click', function () {            spider_page_0(this, 1, 1, true);            return false;        });      <\/script>      <\/span>                <\/div>        <\/form>        <style>          #bwg_container1_0 #bwg_container2_0 #spider_popup_overlay_0 {          background-color: #EEEEEE;          opacity: 0.60;          }          <\/style>        <div id=\"bwg_spider_popup_loading_0\" class=\"bwg_spider_popup_loading\"><\/div>        <div id=\"spider_popup_overlay_0\" class=\"spider_popup_overlay\" onclick=\"spider_destroypopup(1000)\"><\/div>        <input type=\"hidden\" id=\"bwg_random_seed_0\" value=\"1606957085\">                <\/div>    <\/div>    <script>      if (document.readyState === 'complete') {        if( typeof bwg_main_ready == 'function' ) {          if ( jQuery(\"#bwg_container1_0\").height() ) {            bwg_main_ready(jQuery(\"#bwg_container1_0\"));          }        }      } else {        document.addEventListener('DOMContentLoaded', function() {          if( typeof bwg_main_ready == 'function' ) {            if ( jQuery(\"#bwg_container1_0\").height() ) {             bwg_main_ready(jQuery(\"#bwg_container1_0\"));            }          }        });      }    <\/script>    \t\t<\/div>\n\t\t\t\t<\/div>\n\t\t\t\t\t<\/div>\n\t\t<\/div>\n\t\t\t\t\t<\/div>\n\t\t<\/section>\n\t\t\t\t<section class=\"elementor-section elementor-top-section elementor-element elementor-element-7e51b09 elementor-section-boxed elementor-section-height-default elementor-section-height-default\" data-id=\"7e51b09\" data-element_type=\"section\">\n\t\t\t\t\t\t<div class=\"elementor-container elementor-column-gap-default\">\n\t\t\t\t\t<div class=\"elementor-column elementor-col-100 elementor-top-column elementor-element elementor-element-eab8fe3\" data-id=\"eab8fe3\" data-element_type=\"column\">\n\t\t\t<div class=\"elementor-widget-wrap elementor-element-populated\">\n\t\t\t\t\t\t<div class=\"elementor-element elementor-element-765afd2 elementor-widget elementor-widget-bwg-elementor\" data-id=\"765afd2\" data-element_type=\"widget\" data-widget_type=\"bwg-elementor.default\">\n\t\t\t\t<div class=\"elementor-widget-container\">\n\t\t\t<style id=\"bwg-style-1\">    #bwg_container1_1 #bwg_container2_1 .bwg-container-1.bwg-album-thumbnails {    width: 1254px;    justify-content: center;            justify-content: center;        margin:0 auto !important;          background-color: rgba(255, 255, 255, 0.00);          padding-left: 4px;      padding-top: 4px;      max-width: 100%;          }        #bwg_container1_1 #bwg_container2_1 .bwg-container-1.bwg-album-thumbnails .bwg-item {    justify-content: flex-start;    max-width: 250px;        }    #bwg_container1_1 #bwg_container2_1 .bwg-container-1.bwg-album-thumbnails .bwg-item a {      margin-right: 4px;      margin-bottom: 4px;    }    #bwg_container1_1 #bwg_container2_1 .bwg-container-1.bwg-album-thumbnails .bwg-item0 {      padding: 0px;            background-color:rgba(0,0,0, 0.30);      border: 0px none #CCCCCC;      opacity: 1.00;      border-radius: 0;      box-shadow: 0px 0px 0px #888888;    }    #bwg_container1_1 #bwg_container2_1 .bwg-container-1.bwg-album-thumbnails .bwg-item1 img {      max-height: none;      max-width: none;      padding: 0 !important;    }          @media only screen and (min-width: 480px) {      #bwg_container1_1 #bwg_container2_1 .bwg-container-1.bwg-album-thumbnails .bwg-item1 img {      -webkit-transition: all .3s; transition: all .3s;      }      #bwg_container1_1 #bwg_container2_1 .bwg-container-1.bwg-album-thumbnails .bwg-item1 img:hover {        -ms-transform: scale(1.08);        -webkit-transform: scale(1.08);        transform: scale(1.08);      }            }          #bwg_container1_1 #bwg_container2_1 .bwg-container-1.bwg-album-thumbnails .bwg-item1 {      padding-top: 56%;    }        #bwg_container1_1 #bwg_container2_1 .bwg-container-1.bwg-album-thumbnails .bwg-title2 {      color: #323A45;      font-family: Ubuntu;      font-size: 16px;      font-weight: bold;      padding: 2px;      text-shadow: 0px 0px 0px #888888;      max-height: 100%;    }        #bwg_container1_1 #bwg_container2_1 .bwg-container-1.bwg-standard-thumbnails {      width: 1254px;              justify-content: center;        margin:0 auto !important;              background-color: rgba(255, 255, 255, 0.00);            padding-left: 4px;      padding-top: 4px;      max-width: 100%;            }        #bwg_container1_1 #bwg_container2_1 .bwg-container-1.bwg-standard-thumbnails .bwg-item {    justify-content: flex-start;      max-width: 250px;          }    #bwg_container1_1 #bwg_container2_1 .bwg-container-1.bwg-standard-thumbnails .bwg-item a {       margin-right: 4px;       margin-bottom: 4px;    }    #bwg_container1_1 #bwg_container2_1 .bwg-container-1.bwg-standard-thumbnails .bwg-item0 {      padding: 0px;            background-color:rgba(0,0,0, 0.30);      border: 0px none #CCCCCC;      opacity: 1.00;      border-radius: 0;      box-shadow: 0px 0px 0px #888888;    }    #bwg_container1_1 #bwg_container2_1 .bwg-container-1.bwg-standard-thumbnails .bwg-item1 img {      max-height: none;      max-width: none;      padding: 0 !important;    }         @media only screen and (min-width: 480px) {\t\t#bwg_container1_1 #bwg_container2_1 .bwg-container-1.bwg-standard-thumbnails .bwg-item1 img {\t\t\t-webkit-transition: all .3s; transition: all .3s;\t\t}\t\t#bwg_container1_1 #bwg_container2_1 .bwg-container-1.bwg-standard-thumbnails .bwg-item1 img:hover {\t\t\t-ms-transform: scale(1.08);\t\t\t-webkit-transform: scale(1.08);\t\t\ttransform: scale(1.08);\t\t}\t\t      }\t    #bwg_container1_1 #bwg_container2_1 .bwg-container-1.bwg-standard-thumbnails .bwg-item1 {      padding-top: 56%;    }        #bwg_container1_1 #bwg_container2_1 .bwg-container-1.bwg-standard-thumbnails .bwg-title2,    #bwg_container1_1 #bwg_container2_1 .bwg-container-1.bwg-standard-thumbnails .bwg-ecommerce2 {      color: #323A45;      font-family: Ubuntu;      font-size: 16px;      font-weight: bold;      padding: 2px;      text-shadow: 0px 0px 0px #888888;      max-height: 100%;    }    #bwg_container1_1 #bwg_container2_1 .bwg-container-1.bwg-standard-thumbnails .bwg-thumb-description span {    color: #323A45;    font-family: Ubuntu;    font-size: 12px;    max-height: 100%;    word-wrap: break-word;    }    #bwg_container1_1 #bwg_container2_1 .bwg-container-1.bwg-standard-thumbnails .bwg-play-icon2 {      font-size: 32px;    }    #bwg_container1_1 #bwg_container2_1 .bwg-container-1.bwg-standard-thumbnails .bwg-ecommerce2 {      font-size: 19.2px;      color: #323A45;    }    <\/style>    <div id=\"bwg_container1_1\"         class=\"bwg_container bwg_thumbnail bwg_album_compact_preview bwg_thumbnail\"         data-right-click-protection=\"0\"         data-bwg=\"1\"         data-scroll=\"0\"         data-gallery-type=\"album_compact_preview\"         data-gallery-view-type=\"thumbnail\"         data-current-url=\"\/index.php?rest_route=%2Fwp%2Fv2%2Fpages%2F4822\"         data-lightbox-url=\"https:\/\/vichyrando.org\/wp-admin\/admin-ajax.php?action=GalleryBox&#038;current_view=1&#038;gallery_id=0&#038;tag=0&#038;theme_id=1&#038;shortcode_id=1131&#038;sort_by=order&#038;order_by=asc&#038;current_url=%2Findex.php%3Frest_route%3D%252Fwp%252Fv2%252Fpages%252F4822\"         data-gallery-id=\"0\"         data-popup-width=\"800\"         data-popup-height=\"500\"         data-is-album=\"album\"         data-buttons-position=\"bottom\">      <div id=\"bwg_container2_1\">             <div id=\"ajax_loading_1\" class=\"bwg_loading_div_1\">      <div class=\"bwg_loading_div_2\">        <div class=\"bwg_loading_div_3\">          <div id=\"loading_div_1\" class=\"bwg_spider_ajax_loading\">          <\/div>        <\/div>      <\/div>    <\/div>            <form id=\"gal_front_form_1\"              class=\"bwg-hidden\"              method=\"post\"              action=\"#\"              data-current=\"1\"              data-shortcode-id=\"1131\"              data-gallery-type=\"album_compact_preview\"              data-gallery-id=\"0\"              data-tag=\"0\"              data-album-id=\"58\"              data-theme-id=\"1\"              data-ajax-url=\"https:\/\/vichyrando.org\/wp-admin\/admin-ajax.php?action=bwg_frontend_data\">          <div id=\"bwg_container3_1\" class=\"bwg-background bwg-background-1\">            <style>        #bwg_container1_1 #bwg_container2_1 .bwg_gal_title_1 {          display: block;          padding: 0 2px 2px 2px;          background-color: rgba(0, 0, 0, 0);          line-height: 20px;          font-family: Ubuntu;          font-size: 18px;          font-weight: bold;          color: #323A45;          text-shadow: 0px 0px 0px #888888;          text-align: center;        }        #bwg_container1_1 #bwg_container2_1 .bwg_gal_description_1 {          margin: 20px 0;          word-break: break-word;          text-align: justify;          font-size: 15px;          font-weight: unset;        }        <\/style>        <div class=\"bwg_gal_title_1\">Novembre 2024<\/div>            <div data-max-count=\"5\"         data-thumbnail-width=\"250\"         data-bwg=\"1\"         id=\"bwg_album_compact_1\"         class=\"bwg-thumbnails bwg-container bwg-container-1 bwg-album-thumbnails bwg_album_thumbnails_1\">              <div class=\"bwg-item\">          <a class=\"bwg-a bwg-album bwg_album_1\"             href='\/index.php?rest_route=%2Fwp%2Fv2%2Fpages%2F4822&#038;type_1=gallery&#038;album_gallery_id_1=924'                          data-container_id=\"bwg_album_compact_1\"             data-def_type=\"gallery\"             data-album_gallery_id=\"58\"             data-alb_gal_id=\"924\"             data-title=\"Rando sant\u00e9 au Vernet le 4 novembre 2024\"             data-bwg=\"1\">                        <div class=\"bwg-item0 lazy_loader\">              <div class=\"bwg-item1 \">                <div class=\"bwg-item2\">                  <img decoding=\"async\" class=\"skip-lazy  bwg_lazyload \"                       data-width=\"500.00\"                       data-height=\"333.00\"                       data-src=\"https:\/\/vichyrando.org\/wp-content\/uploads\/photo-gallery\/thumb\/2024-11-04-LeVernet08.jpg?bwg=1730739804\"                       src=\"https:\/\/vichyrando.org\/wp-content\/plugins\/photo-gallery\/images\/lazy_placeholder.gif\"                       alt=\"Rando sant\u00e9 au Vernet le 4 novembre 2024\"                       title=\"Rando sant\u00e9 au Vernet le 4 novembre 2024\" \/>                <\/div>                <div class=\"\">                                  <\/div>              <\/div>            <\/div>            <div class=\"bwg-title1\"><div class=\"bwg-title2\">Rando sant\u00e9 au Vernet le 4 novembre 2024<\/div><\/div>          <\/a>        <\/div>                <div class=\"bwg-item\">          <a class=\"bwg-a bwg-album bwg_album_1\"             href='\/index.php?rest_route=%2Fwp%2Fv2%2Fpages%2F4822&#038;type_1=gallery&#038;album_gallery_id_1=925'                          data-container_id=\"bwg_album_compact_1\"             data-def_type=\"gallery\"             data-album_gallery_id=\"58\"             data-alb_gal_id=\"925\"             data-title=\"Journ\u00e9e marche sportive \u00e0 Saint-L\u00e9on le 5 novembre 2024\"             data-bwg=\"1\">                        <div class=\"bwg-item0 lazy_loader\">              <div class=\"bwg-item1 \">                <div class=\"bwg-item2\">                  <img decoding=\"async\" class=\"skip-lazy  bwg_lazyload \"                       data-width=\"500.00\"                       data-height=\"375.00\"                       data-src=\"https:\/\/vichyrando.org\/wp-content\/uploads\/photo-gallery\/thumb\/2024-11-05-StLeon20.jpg?bwg=1730885032\"                       src=\"https:\/\/vichyrando.org\/wp-content\/plugins\/photo-gallery\/images\/lazy_placeholder.gif\"                       alt=\"Journ\u00e9e marche sportive \u00e0 Saint-L\u00e9on le 5 novembre 2024\"                       title=\"Journ\u00e9e marche sportive \u00e0 Saint-L\u00e9on le 5 novembre 2024\" \/>                <\/div>                <div class=\"\">                                  <\/div>              <\/div>            <\/div>            <div class=\"bwg-title1\"><div class=\"bwg-title2\">Journ\u00e9e marche sportive \u00e0 Saint-L\u00e9on le 5 novembre 2024<\/div><\/div>          <\/a>        <\/div>                <div class=\"bwg-item\">          <a class=\"bwg-a bwg-album bwg_album_1\"             href='\/index.php?rest_route=%2Fwp%2Fv2%2Fpages%2F4822&#038;type_1=gallery&#038;album_gallery_id_1=926'                          data-container_id=\"bwg_album_compact_1\"             data-def_type=\"gallery\"             data-album_gallery_id=\"58\"             data-alb_gal_id=\"926\"             data-title=\"Rando 1\/2 journ\u00e9e \u00e0 Bas et Lezat (63) le 5 novembre 2024\"             data-bwg=\"1\">                        <div class=\"bwg-item0 lazy_loader\">              <div class=\"bwg-item1 \">                <div class=\"bwg-item2\">                  <img decoding=\"async\" class=\"skip-lazy  bwg_lazyload \"                       data-width=\"500.00\"                       data-height=\"271.00\"                       data-src=\"https:\/\/vichyrando.org\/wp-content\/uploads\/photo-gallery\/thumb\/2024-11-05-BasLezat04.jpg?bwg=1730912603\"                       src=\"https:\/\/vichyrando.org\/wp-content\/plugins\/photo-gallery\/images\/lazy_placeholder.gif\"                       alt=\"Rando 1\/2 journ\u00e9e \u00e0 Bas et Lezat (63) le 5 novembre 2024\"                       title=\"Rando 1\/2 journ\u00e9e \u00e0 Bas et Lezat (63) le 5 novembre 2024\" \/>                <\/div>                <div class=\"\">                                  <\/div>              <\/div>            <\/div>            <div class=\"bwg-title1\"><div class=\"bwg-title2\">Rando 1\/2 journ\u00e9e \u00e0 Bas et Lezat (63) le 5 novembre 2024<\/div><\/div>          <\/a>        <\/div>                <div class=\"bwg-item\">          <a class=\"bwg-a bwg-album bwg_album_1\"             href='\/index.php?rest_route=%2Fwp%2Fv2%2Fpages%2F4822&#038;type_1=gallery&#038;album_gallery_id_1=927'                          data-container_id=\"bwg_album_compact_1\"             data-def_type=\"gallery\"             data-album_gallery_id=\"58\"             data-alb_gal_id=\"927\"             data-title=\"Mini rando \u00e0 Bro\u00fbt Vernet le 7 novembre 2024\"             data-bwg=\"1\">                        <div class=\"bwg-item0 lazy_loader\">              <div class=\"bwg-item1 \">                <div class=\"bwg-item2\">                  <img decoding=\"async\" class=\"skip-lazy  bwg_lazyload \"                       data-width=\"500.00\"                       data-height=\"500.00\"                       data-src=\"https:\/\/vichyrando.org\/wp-content\/uploads\/photo-gallery\/thumb\/2024-11-07-Brout12.jpg?bwg=1731057902\"                       src=\"https:\/\/vichyrando.org\/wp-content\/plugins\/photo-gallery\/images\/lazy_placeholder.gif\"                       alt=\"Mini rando \u00e0 Bro\u00fbt Vernet le 7 novembre 2024\"                       title=\"Mini rando \u00e0 Bro\u00fbt Vernet le 7 novembre 2024\" \/>                <\/div>                <div class=\"\">                                  <\/div>              <\/div>            <\/div>            <div class=\"bwg-title1\"><div class=\"bwg-title2\">Mini rando \u00e0 Bro\u00fbt Vernet le 7 novembre 2024<\/div><\/div>          <\/a>        <\/div>                <div class=\"bwg-item\">          <a class=\"bwg-a bwg-album bwg_album_1\"             href='\/index.php?rest_route=%2Fwp%2Fv2%2Fpages%2F4822&#038;type_1=gallery&#038;album_gallery_id_1=928'                          data-container_id=\"bwg_album_compact_1\"             data-def_type=\"gallery\"             data-album_gallery_id=\"58\"             data-alb_gal_id=\"928\"             data-title=\"Rando 1\/2 journ\u00e9e \u00e0 Lavoine le 7 novembre 2024\"             data-bwg=\"1\">                        <div class=\"bwg-item0 lazy_loader\">              <div class=\"bwg-item1 \">                <div class=\"bwg-item2\">                  <img decoding=\"async\" class=\"skip-lazy  bwg_lazyload \"                       data-width=\"500.00\"                       data-height=\"333.00\"                       data-src=\"https:\/\/vichyrando.org\/wp-content\/uploads\/photo-gallery\/thumb\/2024-11-07-Lavoine04.jpg?bwg=1731174781\"                       src=\"https:\/\/vichyrando.org\/wp-content\/plugins\/photo-gallery\/images\/lazy_placeholder.gif\"                       alt=\"Rando 1\/2 journ\u00e9e \u00e0 Lavoine le 7 novembre 2024\"                       title=\"Rando 1\/2 journ\u00e9e \u00e0 Lavoine le 7 novembre 2024\" \/>                <\/div>                <div class=\"\">                                  <\/div>              <\/div>            <\/div>            <div class=\"bwg-title1\"><div class=\"bwg-title2\">Rando 1\/2 journ\u00e9e \u00e0 Lavoine le 7 novembre 2024<\/div><\/div>          <\/a>        <\/div>                <div class=\"bwg-item\">          <a class=\"bwg-a bwg-album bwg_album_1\"             href='\/index.php?rest_route=%2Fwp%2Fv2%2Fpages%2F4822&#038;type_1=gallery&#038;album_gallery_id_1=929'                          data-container_id=\"bwg_album_compact_1\"             data-def_type=\"gallery\"             data-album_gallery_id=\"58\"             data-alb_gal_id=\"929\"             data-title=\"Journ\u00e9e marche sportive \u00e0 St Cl\u00e9ment le 12 novembre 2024\"             data-bwg=\"1\">                        <div class=\"bwg-item0 lazy_loader\">              <div class=\"bwg-item1 \">                <div class=\"bwg-item2\">                  <img decoding=\"async\" class=\"skip-lazy  bwg_lazyload \"                       data-width=\"500.00\"                       data-height=\"430.00\"                       data-src=\"https:\/\/vichyrando.org\/wp-content\/uploads\/photo-gallery\/thumb\/2024-11-12-StClement17.jpg?bwg=1731503485\"                       src=\"https:\/\/vichyrando.org\/wp-content\/plugins\/photo-gallery\/images\/lazy_placeholder.gif\"                       alt=\"Journ\u00e9e marche sportive \u00e0 St Cl\u00e9ment le 12 novembre 2024\"                       title=\"Journ\u00e9e marche sportive \u00e0 St Cl\u00e9ment le 12 novembre 2024\" \/>                <\/div>                <div class=\"\">                                  <\/div>              <\/div>            <\/div>            <div class=\"bwg-title1\"><div class=\"bwg-title2\">Journ\u00e9e marche sportive \u00e0 St Cl\u00e9ment le 12 novembre 2024<\/div><\/div>          <\/a>        <\/div>                <div class=\"bwg-item\">          <a class=\"bwg-a bwg-album bwg_album_1\"             href='\/index.php?rest_route=%2Fwp%2Fv2%2Fpages%2F4822&#038;type_1=gallery&#038;album_gallery_id_1=930'                          data-container_id=\"bwg_album_compact_1\"             data-def_type=\"gallery\"             data-album_gallery_id=\"58\"             data-alb_gal_id=\"930\"             data-title=\"Rando 1\/2 journ\u00e9e \u00e0 Seuillet le 12 novembre 2024\"             data-bwg=\"1\">                        <div class=\"bwg-item0 lazy_loader\">              <div class=\"bwg-item1 \">                <div class=\"bwg-item2\">                  <img decoding=\"async\" class=\"skip-lazy  bwg_lazyload \"                       data-width=\"500.00\"                       data-height=\"210.00\"                       data-src=\"https:\/\/vichyrando.org\/wp-content\/uploads\/photo-gallery\/thumb\/2024-11-12-Seuillet05.jpg?bwg=1731518760\"                       src=\"https:\/\/vichyrando.org\/wp-content\/plugins\/photo-gallery\/images\/lazy_placeholder.gif\"                       alt=\"Rando 1\/2 journ\u00e9e \u00e0 Seuillet le 12 novembre 2024\"                       title=\"Rando 1\/2 journ\u00e9e \u00e0 Seuillet le 12 novembre 2024\" \/>                <\/div>                <div class=\"\">                                  <\/div>              <\/div>            <\/div>            <div class=\"bwg-title1\"><div class=\"bwg-title2\">Rando 1\/2 journ\u00e9e \u00e0 Seuillet le 12 novembre 2024<\/div><\/div>          <\/a>        <\/div>                <div class=\"bwg-item\">          <a class=\"bwg-a bwg-album bwg_album_1\"             href='\/index.php?rest_route=%2Fwp%2Fv2%2Fpages%2F4822&#038;type_1=gallery&#038;album_gallery_id_1=931'                          data-container_id=\"bwg_album_compact_1\"             data-def_type=\"gallery\"             data-album_gallery_id=\"58\"             data-alb_gal_id=\"931\"             data-title=\"Rando 1\/2 journ\u00e9e \u00e0 Ch\u00e2telus le 14 novembre 2024\"             data-bwg=\"1\">                        <div class=\"bwg-item0 lazy_loader\">              <div class=\"bwg-item1 \">                <div class=\"bwg-item2\">                  <img decoding=\"async\" class=\"skip-lazy  bwg_lazyload \"                       data-width=\"500.00\"                       data-height=\"288.00\"                       data-src=\"https:\/\/vichyrando.org\/wp-content\/uploads\/photo-gallery\/thumb\/2024-11-14-Chatelus08.jpg?bwg=1731664953\"                       src=\"https:\/\/vichyrando.org\/wp-content\/plugins\/photo-gallery\/images\/lazy_placeholder.gif\"                       alt=\"Rando 1\/2 journ\u00e9e \u00e0 Ch\u00e2telus le 14 novembre 2024\"                       title=\"Rando 1\/2 journ\u00e9e \u00e0 Ch\u00e2telus le 14 novembre 2024\" \/>                <\/div>                <div class=\"\">                                  <\/div>              <\/div>            <\/div>            <div class=\"bwg-title1\"><div class=\"bwg-title2\">Rando 1\/2 journ\u00e9e \u00e0 Ch\u00e2telus le 14 novembre 2024<\/div><\/div>          <\/a>        <\/div>                <div class=\"bwg-item\">          <a class=\"bwg-a bwg-album bwg_album_1\"             href='\/index.php?rest_route=%2Fwp%2Fv2%2Fpages%2F4822&#038;type_1=gallery&#038;album_gallery_id_1=932'                          data-container_id=\"bwg_album_compact_1\"             data-def_type=\"gallery\"             data-album_gallery_id=\"58\"             data-alb_gal_id=\"932\"             data-title=\"Mini rando \u00e0 B\u00e8gues le 14 novembre 2024\"             data-bwg=\"1\">                        <div class=\"bwg-item0 lazy_loader\">              <div class=\"bwg-item1 \">                <div class=\"bwg-item2\">                  <img decoding=\"async\" class=\"skip-lazy  bwg_lazyload \"                       data-width=\"500.00\"                       data-height=\"243.00\"                       data-src=\"https:\/\/vichyrando.org\/wp-content\/uploads\/photo-gallery\/thumb\/2024-11-14-Begues08.jpg?bwg=1731665803\"                       src=\"https:\/\/vichyrando.org\/wp-content\/plugins\/photo-gallery\/images\/lazy_placeholder.gif\"                       alt=\"Mini rando \u00e0 B\u00e8gues le 14 novembre 2024\"                       title=\"Mini rando \u00e0 B\u00e8gues le 14 novembre 2024\" \/>                <\/div>                <div class=\"\">                                  <\/div>              <\/div>            <\/div>            <div class=\"bwg-title1\"><div class=\"bwg-title2\">Mini rando \u00e0 B\u00e8gues le 14 novembre 2024<\/div><\/div>          <\/a>        <\/div>                <div class=\"bwg-item\">          <a class=\"bwg-a bwg-album bwg_album_1\"             href='\/index.php?rest_route=%2Fwp%2Fv2%2Fpages%2F4822&#038;type_1=gallery&#038;album_gallery_id_1=933'                          data-container_id=\"bwg_album_compact_1\"             data-def_type=\"gallery\"             data-album_gallery_id=\"58\"             data-alb_gal_id=\"933\"             data-title=\"Marche nordique \u00e0 St Germain des Foss\u00e9s le 16 novembre 2024\"             data-bwg=\"1\">                        <div class=\"bwg-item0 lazy_loader\">              <div class=\"bwg-item1 \">                <div class=\"bwg-item2\">                  <img decoding=\"async\" class=\"skip-lazy  bwg_lazyload \"                       data-width=\"500.00\"                       data-height=\"318.00\"                       data-src=\"https:\/\/vichyrando.org\/wp-content\/uploads\/photo-gallery\/thumb\/2024-11-16-SGermain01.jpg?bwg=1731847915\"                       src=\"https:\/\/vichyrando.org\/wp-content\/plugins\/photo-gallery\/images\/lazy_placeholder.gif\"                       alt=\"Marche nordique \u00e0 St Germain des Foss\u00e9s le 16 novembre 2024\"                       title=\"Marche nordique \u00e0 St Germain des Foss\u00e9s le 16 novembre 2024\" \/>                <\/div>                <div class=\"\">                                  <\/div>              <\/div>            <\/div>            <div class=\"bwg-title1\"><div class=\"bwg-title2\">Marche nordique \u00e0 St Germain des Foss\u00e9s le 16 novembre 2024<\/div><\/div>          <\/a>        <\/div>                <div class=\"bwg-item\">          <a class=\"bwg-a bwg-album bwg_album_1\"             href='\/index.php?rest_route=%2Fwp%2Fv2%2Fpages%2F4822&#038;type_1=gallery&#038;album_gallery_id_1=934'                          data-container_id=\"bwg_album_compact_1\"             data-def_type=\"gallery\"             data-album_gallery_id=\"58\"             data-alb_gal_id=\"934\"             data-title=\"Rando sant\u00e9 au pont de Ris (63) le 18 novembre 2024\"             data-bwg=\"1\">                        <div class=\"bwg-item0 lazy_loader\">              <div class=\"bwg-item1 \">                <div class=\"bwg-item2\">                  <img decoding=\"async\" class=\"skip-lazy  bwg_lazyload \"                       data-width=\"500.00\"                       data-height=\"333.00\"                       data-src=\"https:\/\/vichyrando.org\/wp-content\/uploads\/photo-gallery\/thumb\/2024-11-18-Mons01.jpg?bwg=1732033360\"                       src=\"https:\/\/vichyrando.org\/wp-content\/plugins\/photo-gallery\/images\/lazy_placeholder.gif\"                       alt=\"Rando sant\u00e9 au pont de Ris (63) le 18 novembre 2024\"                       title=\"Rando sant\u00e9 au pont de Ris (63) le 18 novembre 2024\" \/>                <\/div>                <div class=\"\">                                  <\/div>              <\/div>            <\/div>            <div class=\"bwg-title1\"><div class=\"bwg-title2\">Rando sant\u00e9 au pont de Ris (63) le 18 novembre 2024<\/div><\/div>          <\/a>        <\/div>                <div class=\"bwg-item\">          <a class=\"bwg-a bwg-album bwg_album_1\"             href='\/index.php?rest_route=%2Fwp%2Fv2%2Fpages%2F4822&#038;type_1=gallery&#038;album_gallery_id_1=935'                          data-container_id=\"bwg_album_compact_1\"             data-def_type=\"gallery\"             data-album_gallery_id=\"58\"             data-alb_gal_id=\"935\"             data-title=\"Journ\u00e9e rando sportive \u00e0 Fleuriel le 19 novembre 2024\"             data-bwg=\"1\">                        <div class=\"bwg-item0 lazy_loader\">              <div class=\"bwg-item1 \">                <div class=\"bwg-item2\">                  <img decoding=\"async\" class=\"skip-lazy  bwg_lazyload \"                       data-width=\"500.00\"                       data-height=\"375.00\"                       data-src=\"https:\/\/vichyrando.org\/wp-content\/uploads\/photo-gallery\/thumb\/2024-11-19-Fleuriel02.jpg?bwg=1732118390\"                       src=\"https:\/\/vichyrando.org\/wp-content\/plugins\/photo-gallery\/images\/lazy_placeholder.gif\"                       alt=\"Journ\u00e9e rando sportive \u00e0 Fleuriel le 19 novembre 2024\"                       title=\"Journ\u00e9e rando sportive \u00e0 Fleuriel le 19 novembre 2024\" \/>                <\/div>                <div class=\"\">                                  <\/div>              <\/div>            <\/div>            <div class=\"bwg-title1\"><div class=\"bwg-title2\">Journ\u00e9e rando sportive \u00e0 Fleuriel le 19 novembre 2024<\/div><\/div>          <\/a>        <\/div>                <div class=\"bwg-item\">          <a class=\"bwg-a bwg-album bwg_album_1\"             href='\/index.php?rest_route=%2Fwp%2Fv2%2Fpages%2F4822&#038;type_1=gallery&#038;album_gallery_id_1=936'                          data-container_id=\"bwg_album_compact_1\"             data-def_type=\"gallery\"             data-album_gallery_id=\"58\"             data-alb_gal_id=\"936\"             data-title=\"Rando 1\/2 journ\u00e9e \u00e0 Sorbier le 19 novembre 2024\"             data-bwg=\"1\">                        <div class=\"bwg-item0 lazy_loader\">              <div class=\"bwg-item1 \">                <div class=\"bwg-item2\">                  <img decoding=\"async\" class=\"skip-lazy  bwg_lazyload \"                       data-width=\"500.00\"                       data-height=\"256.00\"                       data-src=\"https:\/\/vichyrando.org\/wp-content\/uploads\/photo-gallery\/thumb\/2024-11-19-Sorbier06.jpg?bwg=1732118523\"                       src=\"https:\/\/vichyrando.org\/wp-content\/plugins\/photo-gallery\/images\/lazy_placeholder.gif\"                       alt=\"Rando 1\/2 journ\u00e9e \u00e0 Sorbier le 19 novembre 2024\"                       title=\"Rando 1\/2 journ\u00e9e \u00e0 Sorbier le 19 novembre 2024\" \/>                <\/div>                <div class=\"\">                                  <\/div>              <\/div>            <\/div>            <div class=\"bwg-title1\"><div class=\"bwg-title2\">Rando 1\/2 journ\u00e9e \u00e0 Sorbier le 19 novembre 2024<\/div><\/div>          <\/a>        <\/div>                <div class=\"bwg-item\">          <a class=\"bwg-a bwg-album bwg_album_1\"             href='\/index.php?rest_route=%2Fwp%2Fv2%2Fpages%2F4822&#038;type_1=gallery&#038;album_gallery_id_1=937'                          data-container_id=\"bwg_album_compact_1\"             data-def_type=\"gallery\"             data-album_gallery_id=\"58\"             data-alb_gal_id=\"937\"             data-title=\"Rando 1\/2 journ\u00e9e \u00e0 Molles le 21 novembre 2024\"             data-bwg=\"1\">                        <div class=\"bwg-item0 lazy_loader\">              <div class=\"bwg-item1 \">                <div class=\"bwg-item2\">                  <img decoding=\"async\" class=\"skip-lazy  bwg_lazyload \"                       data-width=\"500.00\"                       data-height=\"375.00\"                       data-src=\"https:\/\/vichyrando.org\/wp-content\/uploads\/photo-gallery\/thumb\/2024-11-21-Molles15.jpg?bwg=1732273347\"                       src=\"https:\/\/vichyrando.org\/wp-content\/plugins\/photo-gallery\/images\/lazy_placeholder.gif\"                       alt=\"Rando 1\/2 journ\u00e9e \u00e0 Molles le 21 novembre 2024\"                       title=\"Rando 1\/2 journ\u00e9e \u00e0 Molles le 21 novembre 2024\" \/>                <\/div>                <div class=\"\">                                  <\/div>              <\/div>            <\/div>            <div class=\"bwg-title1\"><div class=\"bwg-title2\">Rando 1\/2 journ\u00e9e \u00e0 Molles le 21 novembre 2024<\/div><\/div>          <\/a>        <\/div>                <div class=\"bwg-item\">          <a class=\"bwg-a bwg-album bwg_album_1\"             href='\/index.php?rest_route=%2Fwp%2Fv2%2Fpages%2F4822&#038;type_1=gallery&#038;album_gallery_id_1=938'                          data-container_id=\"bwg_album_compact_1\"             data-def_type=\"gallery\"             data-album_gallery_id=\"58\"             data-alb_gal_id=\"938\"             data-title=\"Marche nordique \u00e0 Effiat le 22 novembre 2024\"             data-bwg=\"1\">                        <div class=\"bwg-item0 lazy_loader\">              <div class=\"bwg-item1 \">                <div class=\"bwg-item2\">                  <img decoding=\"async\" class=\"skip-lazy  bwg_lazyload \"                       data-width=\"328.00\"                       data-height=\"500.00\"                       data-src=\"https:\/\/vichyrando.org\/wp-content\/uploads\/photo-gallery\/thumb\/2024-11-22-Effiat02.jpg?bwg=1732294893\"                       src=\"https:\/\/vichyrando.org\/wp-content\/plugins\/photo-gallery\/images\/lazy_placeholder.gif\"                       alt=\"Marche nordique \u00e0 Effiat le 22 novembre 2024\"                       title=\"Marche nordique \u00e0 Effiat le 22 novembre 2024\" \/>                <\/div>                <div class=\"\">                                  <\/div>              <\/div>            <\/div>            <div class=\"bwg-title1\"><div class=\"bwg-title2\">Marche nordique \u00e0 Effiat le 22 novembre 2024<\/div><\/div>          <\/a>        <\/div>                <div class=\"bwg-item\">          <a class=\"bwg-a bwg-album bwg_album_1\"             href='\/index.php?rest_route=%2Fwp%2Fv2%2Fpages%2F4822&#038;type_1=gallery&#038;album_gallery_id_1=939'                          data-container_id=\"bwg_album_compact_1\"             data-def_type=\"gallery\"             data-album_gallery_id=\"58\"             data-alb_gal_id=\"939\"             data-title=\"Marche nordique au Vernet le 23 novembre 2024\"             data-bwg=\"1\">                        <div class=\"bwg-item0 lazy_loader\">              <div class=\"bwg-item1 \">                <div class=\"bwg-item2\">                  <img decoding=\"async\" class=\"skip-lazy  bwg_lazyload \"                       data-width=\"500.00\"                       data-height=\"262.00\"                       data-src=\"https:\/\/vichyrando.org\/wp-content\/uploads\/photo-gallery\/thumb\/2024-11-23-Le-Vernet01.jpg?bwg=1732468930\"                       src=\"https:\/\/vichyrando.org\/wp-content\/plugins\/photo-gallery\/images\/lazy_placeholder.gif\"                       alt=\"Marche nordique au Vernet le 23 novembre 2024\"                       title=\"Marche nordique au Vernet le 23 novembre 2024\" \/>                <\/div>                <div class=\"\">                                  <\/div>              <\/div>            <\/div>            <div class=\"bwg-title1\"><div class=\"bwg-title2\">Marche nordique au Vernet le 23 novembre 2024<\/div><\/div>          <\/a>        <\/div>                <div class=\"bwg-item\">          <a class=\"bwg-a bwg-album bwg_album_1\"             href='\/index.php?rest_route=%2Fwp%2Fv2%2Fpages%2F4822&#038;type_1=gallery&#038;album_gallery_id_1=940'                          data-container_id=\"bwg_album_compact_1\"             data-def_type=\"gallery\"             data-album_gallery_id=\"58\"             data-alb_gal_id=\"940\"             data-title=\"Rando sant\u00e9 \u00e0 Seuillet le 25 novembre 2024\"             data-bwg=\"1\">                        <div class=\"bwg-item0 lazy_loader\">              <div class=\"bwg-item1 \">                <div class=\"bwg-item2\">                  <img decoding=\"async\" class=\"skip-lazy  bwg_lazyload \"                       data-width=\"500.00\"                       data-height=\"333.00\"                       data-src=\"https:\/\/vichyrando.org\/wp-content\/uploads\/photo-gallery\/thumb\/2024-11-25-Seuillet01.jpg?bwg=1732549379\"                       src=\"https:\/\/vichyrando.org\/wp-content\/plugins\/photo-gallery\/images\/lazy_placeholder.gif\"                       alt=\"Rando sant\u00e9 \u00e0 Seuillet le 25 novembre 2024\"                       title=\"Rando sant\u00e9 \u00e0 Seuillet le 25 novembre 2024\" \/>                <\/div>                <div class=\"\">                                  <\/div>              <\/div>            <\/div>            <div class=\"bwg-title1\"><div class=\"bwg-title2\">Rando sant\u00e9 \u00e0 Seuillet le 25 novembre 2024<\/div><\/div>          <\/a>        <\/div>                <div class=\"bwg-item\">          <a class=\"bwg-a bwg-album bwg_album_1\"             href='\/index.php?rest_route=%2Fwp%2Fv2%2Fpages%2F4822&#038;type_1=gallery&#038;album_gallery_id_1=941'                          data-container_id=\"bwg_album_compact_1\"             data-def_type=\"gallery\"             data-album_gallery_id=\"58\"             data-alb_gal_id=\"941\"             data-title=\"Journ\u00e9e rando sportive \u00e0 Ussel d&#039;Allier le 26 novembre 2024\"             data-bwg=\"1\">                        <div class=\"bwg-item0 lazy_loader\">              <div class=\"bwg-item1 \">                <div class=\"bwg-item2\">                  <img decoding=\"async\" class=\"skip-lazy  bwg_lazyload \"                       data-width=\"500.00\"                       data-height=\"307.00\"                       data-src=\"https:\/\/vichyrando.org\/wp-content\/uploads\/photo-gallery\/thumb\/2024-11-26-Ussel10.jpg?bwg=1732701842\"                       src=\"https:\/\/vichyrando.org\/wp-content\/plugins\/photo-gallery\/images\/lazy_placeholder.gif\"                       alt=\"Journ\u00e9e rando sportive \u00e0 Ussel d&#039;Allier le 26 novembre 2024\"                       title=\"Journ\u00e9e rando sportive \u00e0 Ussel d&#039;Allier le 26 novembre 2024\" \/>                <\/div>                <div class=\"\">                                  <\/div>              <\/div>            <\/div>            <div class=\"bwg-title1\"><div class=\"bwg-title2\">Journ\u00e9e rando sportive \u00e0 Ussel d'Allier le 26 novembre 2024<\/div><\/div>          <\/a>        <\/div>                <div class=\"bwg-item\">          <a class=\"bwg-a bwg-album bwg_album_1\"             href='\/index.php?rest_route=%2Fwp%2Fv2%2Fpages%2F4822&#038;type_1=gallery&#038;album_gallery_id_1=942'                          data-container_id=\"bwg_album_compact_1\"             data-def_type=\"gallery\"             data-album_gallery_id=\"58\"             data-alb_gal_id=\"942\"             data-title=\"Rando 1\/2 journ\u00e9e \u00e0 Bransat le 26 novembre 2024\"             data-bwg=\"1\">                        <div class=\"bwg-item0 lazy_loader\">              <div class=\"bwg-item1 \">                <div class=\"bwg-item2\">                  <img decoding=\"async\" class=\"skip-lazy  bwg_lazyload \"                       data-width=\"500.00\"                       data-height=\"333.00\"                       data-src=\"https:\/\/vichyrando.org\/wp-content\/uploads\/photo-gallery\/thumb\/2024-11-26-Bransat01.jpg?bwg=1732786633\"                       src=\"https:\/\/vichyrando.org\/wp-content\/plugins\/photo-gallery\/images\/lazy_placeholder.gif\"                       alt=\"Rando 1\/2 journ\u00e9e \u00e0 Bransat le 26 novembre 2024\"                       title=\"Rando 1\/2 journ\u00e9e \u00e0 Bransat le 26 novembre 2024\" \/>                <\/div>                <div class=\"\">                                  <\/div>              <\/div>            <\/div>            <div class=\"bwg-title1\"><div class=\"bwg-title2\">Rando 1\/2 journ\u00e9e \u00e0 Bransat le 26 novembre 2024<\/div><\/div>          <\/a>        <\/div>                <div class=\"bwg-item\">          <a class=\"bwg-a bwg-album bwg_album_1\"             href='\/index.php?rest_route=%2Fwp%2Fv2%2Fpages%2F4822&#038;type_1=gallery&#038;album_gallery_id_1=943'                          data-container_id=\"bwg_album_compact_1\"             data-def_type=\"gallery\"             data-album_gallery_id=\"58\"             data-alb_gal_id=\"943\"             data-title=\"Mini rando \u00e0 St R\u00e9my en Rollat le 28 novembre 2024\"             data-bwg=\"1\">                        <div class=\"bwg-item0 lazy_loader\">              <div class=\"bwg-item1 \">                <div class=\"bwg-item2\">                  <img decoding=\"async\" class=\"skip-lazy  bwg_lazyload \"                       data-width=\"500.00\"                       data-height=\"333.00\"                       data-src=\"https:\/\/vichyrando.org\/wp-content\/uploads\/photo-gallery\/thumb\/2024-11-28-StRemy02.jpg?bwg=1732962499\"                       src=\"https:\/\/vichyrando.org\/wp-content\/plugins\/photo-gallery\/images\/lazy_placeholder.gif\"                       alt=\"Mini rando \u00e0 St R\u00e9my en Rollat le 28 novembre 2024\"                       title=\"Mini rando \u00e0 St R\u00e9my en Rollat le 28 novembre 2024\" \/>                <\/div>                <div class=\"\">                                  <\/div>              <\/div>            <\/div>            <div class=\"bwg-title1\"><div class=\"bwg-title2\">Mini rando \u00e0 St R\u00e9my en Rollat le 28 novembre 2024<\/div><\/div>          <\/a>        <\/div>                <div class=\"bwg-item\">          <a class=\"bwg-a bwg-album bwg_album_1\"             href='\/index.php?rest_route=%2Fwp%2Fv2%2Fpages%2F4822&#038;type_1=gallery&#038;album_gallery_id_1=944'                          data-container_id=\"bwg_album_compact_1\"             data-def_type=\"gallery\"             data-album_gallery_id=\"58\"             data-alb_gal_id=\"944\"             data-title=\"Rando 1\/2 journ\u00e9e \u00e0 St Hilaire la Croix (63) le 28 novembre 2024\"             data-bwg=\"1\">                        <div class=\"bwg-item0 lazy_loader\">              <div class=\"bwg-item1 \">                <div class=\"bwg-item2\">                  <img decoding=\"async\" class=\"skip-lazy  bwg_lazyload \"                       data-width=\"500.00\"                       data-height=\"340.00\"                       data-src=\"https:\/\/vichyrando.org\/wp-content\/uploads\/photo-gallery\/thumb\/2024-11-28-StHilaire11.jpg?bwg=1732962603\"                       src=\"https:\/\/vichyrando.org\/wp-content\/plugins\/photo-gallery\/images\/lazy_placeholder.gif\"                       alt=\"Rando 1\/2 journ\u00e9e \u00e0 St Hilaire la Croix (63) le 28 novembre 2024\"                       title=\"Rando 1\/2 journ\u00e9e \u00e0 St Hilaire la Croix (63) le 28 novembre 2024\" \/>                <\/div>                <div class=\"\">                                  <\/div>              <\/div>            <\/div>            <div class=\"bwg-title1\"><div class=\"bwg-title2\">Rando 1\/2 journ\u00e9e \u00e0 St Hilaire la Croix (63) le 28 novembre 2024<\/div><\/div>          <\/a>        <\/div>                <div class=\"bwg-item\">          <a class=\"bwg-a bwg-album bwg_album_1\"             href='\/index.php?rest_route=%2Fwp%2Fv2%2Fpages%2F4822&#038;type_1=gallery&#038;album_gallery_id_1=945'                          data-container_id=\"bwg_album_compact_1\"             data-def_type=\"gallery\"             data-album_gallery_id=\"58\"             data-alb_gal_id=\"945\"             data-title=\"Marche nordique \u00e0 Vendat le 30 novembre 2024\"             data-bwg=\"1\">                        <div class=\"bwg-item0 lazy_loader\">              <div class=\"bwg-item1 \">                <div class=\"bwg-item2\">                  <img decoding=\"async\" class=\"skip-lazy  bwg_lazyload \"                       data-width=\"500.00\"                       data-height=\"225.00\"                       data-src=\"https:\/\/vichyrando.org\/wp-content\/uploads\/photo-gallery\/thumb\/2024-11-30-Vendat02.jpg?bwg=1732985697\"                       src=\"https:\/\/vichyrando.org\/wp-content\/plugins\/photo-gallery\/images\/lazy_placeholder.gif\"                       alt=\"Marche nordique \u00e0 Vendat le 30 novembre 2024\"                       title=\"Marche nordique \u00e0 Vendat le 30 novembre 2024\" \/>                <\/div>                <div class=\"\">                                  <\/div>              <\/div>            <\/div>            <div class=\"bwg-title1\"><div class=\"bwg-title2\">Marche nordique \u00e0 Vendat le 30 novembre 2024<\/div><\/div>          <\/a>        <\/div>            <\/div>          <input type=\"hidden\" id=\"bwg_album_breadcrumb_1\" name=\"bwg_album_breadcrumb_1\" value='[{&quot;id&quot;:&quot;58&quot;,&quot;page&quot;:1}]' \/>    <style>      \/*pagination styles*\/      #bwg_container1_1 #bwg_container2_1 .tablenav-pages_1 {\t\t\t\ttext-align: center;\t\t\t\tfont-size: 12px;\t\t\t\tfont-family: Ubuntu;\t\t\t\tfont-weight: bold;\t\t\t\tcolor: #666666;\t\t\t\tmargin: 6px 0 4px;\t\t\t\tdisplay: block;      }      @media only screen and (max-width : 320px) {      #bwg_container1_1 #bwg_container2_1 .displaying-num_1 {     \t display: none;      }      }      #bwg_container1_1 #bwg_container2_1 .displaying-num_1 {\t\t\t\tfont-size: 12px;\t\t\t\tfont-family: Ubuntu;\t\t\t\tfont-weight: bold;\t\t\t\tcolor: #666666;\t\t\t\tmargin-right: 10px;\t\t\t\tvertical-align: middle;      }      #bwg_container1_1 #bwg_container2_1 .paging-input_1 {\t\t\t\tfont-size: 12px;\t\t\t\tfont-family: Ubuntu;\t\t\t\tfont-weight: bold;\t\t\t\tcolor: #666666;\t\t\t\tvertical-align: middle;      }      #bwg_container1_1 #bwg_container2_1 .tablenav-pages_1 a.disabled,      #bwg_container1_1 #bwg_container2_1 .tablenav-pages_1 a.disabled:hover,      #bwg_container1_1 #bwg_container2_1 .tablenav-pages_1 a.disabled:focus,\t\t\t#bwg_container1_1 #bwg_container2_1 .tablenav-pages_1 input.bwg_current_page {\t\t\t\tcursor: default;\t\t\t\tcolor: rgba(102, 102, 102, 0.5);      }      #bwg_container1_1 #bwg_container2_1 .tablenav-pages_1 a,      #bwg_container1_1 #bwg_container2_1 .tablenav-pages_1 input.bwg_current_page {\t\t\t\tcursor: pointer;\t\t\t\ttext-align: center;\t\t\t\tfont-size: 12px;\t\t\t\tfont-family: Ubuntu;\t\t\t\tfont-weight: bold;\t\t\t\tcolor: #666666;\t\t\t\ttext-decoration: none;\t\t\t\tpadding: 3px 6px;\t\t\t\tmargin: 0;\t\t\t\tborder-radius: 0;\t\t\t\tborder-style: solid;\t\t\t\tborder-width: 1px;\t\t\t\tborder-color: #E3E3E3;\t\t\t\t\t\t\t\tbackground-color: rgba(255, 255, 255, 1.00);\t\t\t\tbox-shadow: 0;\t\t\t\ttransition: all 0.3s ease 0s;-webkit-transition: all 0.3s ease 0s;      }      <\/style>      <span class=\"bwg_nav_cont_1\">              <div class=\"tablenav-pages_1\">                  <\/div>                <input type=\"hidden\" id=\"page_number_1\" name=\"page_number_1\" value=\"1\" \/>      <script type=\"text\/javascript\">        if( jQuery('.bwg_nav_cont_1').length > 1 ) {          jQuery('.bwg_nav_cont_1').first().remove()        }        function spider_page_1(cur, x, y, load_more) {          if (typeof load_more == \"undefined\") {            var load_more = false;          }          if (jQuery(cur).hasClass('disabled')) {            return false;          }          var items_county_1 = 1;          switch (y) {            case 1:              if (x >= items_county_1) {                document.getElementById('page_number_1').value = items_county_1;              }              else {                document.getElementById('page_number_1').value = x + 1;              }              break;            case 2:              document.getElementById('page_number_1').value = items_county_1;              break;            case -1:              if (x == 1) {                document.getElementById('page_number_1').value = 1;              }              else {                document.getElementById('page_number_1').value = x - 1;              }              break;            case -2:              document.getElementById('page_number_1').value = 1;              break;\t\t\t\t\t\tcase 0:              document.getElementById('page_number_1').value = x;              break;            default:              document.getElementById('page_number_1').value = 1;          }          bwg_ajax('gal_front_form_1', '1', 'bwg_album_compact_1', '58', '', 'album', 0, '', '', load_more, '', 1);        }                    jQuery('.first-page-1').on('click', function () {              spider_page_1(this, 1, -2, 'numeric');              return false;            });            jQuery('.prev-page-1').on('click', function () {              spider_page_1(this, 1, -1, 'numeric');              return false;            });            jQuery('.next-page-1').on('click', function () {              spider_page_1(this, 1, 1, 'numeric');              return false;            });            jQuery('.last-page-1').on('click', function () {              spider_page_1(this, 1, 2, 'numeric');              return false;            });        \t\t\t\t\/* Change page on input enter. *\/        function bwg_change_page_1( e, that ) {          if (  e.key == 'Enter' ) {            var to_page = parseInt(jQuery(that).val());            var pages_count = jQuery(that).parents(\".pagination-links\").data(\"pages-count\");            var current_url_param = jQuery(that).attr('data-url-info');            if (to_page > pages_count) {              to_page = 1;            }\t \t\t\t\t\t\t\t\t\t\t\t\tspider_page_1(this, to_page, 0, 'numeric');\t\t\t\t\t\t\treturn false;\t\t\t\t\t\t          }          return true;        }        jQuery('.bwg_load_btn_1').on('click', function () {            spider_page_1(this, 1, 1, true);            return false;        });      <\/script>      <\/span>                <\/div>        <\/form>        <style>          #bwg_container1_1 #bwg_container2_1 #spider_popup_overlay_1 {          background-color: #EEEEEE;          opacity: 0.60;          }          <\/style>        <div id=\"bwg_spider_popup_loading_1\" class=\"bwg_spider_popup_loading\"><\/div>        <div id=\"spider_popup_overlay_1\" class=\"spider_popup_overlay\" onclick=\"spider_destroypopup(1000)\"><\/div>        <input type=\"hidden\" id=\"bwg_random_seed_1\" value=\"1876344040\">                <\/div>    <\/div>    <script>      if (document.readyState === 'complete') {        if( typeof bwg_main_ready == 'function' ) {          if ( jQuery(\"#bwg_container1_1\").height() ) {            bwg_main_ready(jQuery(\"#bwg_container1_1\"));          }        }      } else {        document.addEventListener('DOMContentLoaded', function() {          if( typeof bwg_main_ready == 'function' ) {            if ( jQuery(\"#bwg_container1_1\").height() ) {             bwg_main_ready(jQuery(\"#bwg_container1_1\"));            }          }        });      }    <\/script>    \t\t<\/div>\n\t\t\t\t<\/div>\n\t\t\t\t\t<\/div>\n\t\t<\/div>\n\t\t\t\t\t<\/div>\n\t\t<\/section>\n\t\t\t\t<section class=\"elementor-section elementor-top-section elementor-element elementor-element-cc4f13e elementor-section-boxed elementor-section-height-default elementor-section-height-default\" data-id=\"cc4f13e\" data-element_type=\"section\">\n\t\t\t\t\t\t<div class=\"elementor-container elementor-column-gap-default\">\n\t\t\t\t\t<div class=\"elementor-column elementor-col-100 elementor-top-column elementor-element elementor-element-ad1974b\" data-id=\"ad1974b\" data-element_type=\"column\">\n\t\t\t<div class=\"elementor-widget-wrap elementor-element-populated\">\n\t\t\t\t\t\t<div class=\"elementor-element elementor-element-62dee7e elementor-widget elementor-widget-bwg-elementor\" data-id=\"62dee7e\" data-element_type=\"widget\" data-widget_type=\"bwg-elementor.default\">\n\t\t\t\t<div class=\"elementor-widget-container\">\n\t\t\t<style id=\"bwg-style-2\">    #bwg_container1_2 #bwg_container2_2 .bwg-container-2.bwg-album-thumbnails {    width: 1254px;    justify-content: center;            justify-content: center;        margin:0 auto !important;          background-color: rgba(255, 255, 255, 0.00);          padding-left: 4px;      padding-top: 4px;      max-width: 100%;          }        #bwg_container1_2 #bwg_container2_2 .bwg-container-2.bwg-album-thumbnails .bwg-item {    justify-content: flex-start;    max-width: 250px;        }    #bwg_container1_2 #bwg_container2_2 .bwg-container-2.bwg-album-thumbnails .bwg-item a {      margin-right: 4px;      margin-bottom: 4px;    }    #bwg_container1_2 #bwg_container2_2 .bwg-container-2.bwg-album-thumbnails .bwg-item0 {      padding: 0px;            background-color:rgba(0,0,0, 0.30);      border: 0px none #CCCCCC;      opacity: 1.00;      border-radius: 0;      box-shadow: 0px 0px 0px #888888;    }    #bwg_container1_2 #bwg_container2_2 .bwg-container-2.bwg-album-thumbnails .bwg-item1 img {      max-height: none;      max-width: none;      padding: 0 !important;    }          @media only screen and (min-width: 480px) {      #bwg_container1_2 #bwg_container2_2 .bwg-container-2.bwg-album-thumbnails .bwg-item1 img {      -webkit-transition: all .3s; transition: all .3s;      }      #bwg_container1_2 #bwg_container2_2 .bwg-container-2.bwg-album-thumbnails .bwg-item1 img:hover {        -ms-transform: scale(1.08);        -webkit-transform: scale(1.08);        transform: scale(1.08);      }            }          #bwg_container1_2 #bwg_container2_2 .bwg-container-2.bwg-album-thumbnails .bwg-item1 {      padding-top: 56%;    }        #bwg_container1_2 #bwg_container2_2 .bwg-container-2.bwg-album-thumbnails .bwg-title2 {      color: #323A45;      font-family: Ubuntu;      font-size: 16px;      font-weight: bold;      padding: 2px;      text-shadow: 0px 0px 0px #888888;      max-height: 100%;    }        #bwg_container1_2 #bwg_container2_2 .bwg-container-2.bwg-standard-thumbnails {      width: 1254px;              justify-content: center;        margin:0 auto !important;              background-color: rgba(255, 255, 255, 0.00);            padding-left: 4px;      padding-top: 4px;      max-width: 100%;            }        #bwg_container1_2 #bwg_container2_2 .bwg-container-2.bwg-standard-thumbnails .bwg-item {    justify-content: flex-start;      max-width: 250px;          }    #bwg_container1_2 #bwg_container2_2 .bwg-container-2.bwg-standard-thumbnails .bwg-item a {       margin-right: 4px;       margin-bottom: 4px;    }    #bwg_container1_2 #bwg_container2_2 .bwg-container-2.bwg-standard-thumbnails .bwg-item0 {      padding: 0px;            background-color:rgba(0,0,0, 0.30);      border: 0px none #CCCCCC;      opacity: 1.00;      border-radius: 0;      box-shadow: 0px 0px 0px #888888;    }    #bwg_container1_2 #bwg_container2_2 .bwg-container-2.bwg-standard-thumbnails .bwg-item1 img {      max-height: none;      max-width: none;      padding: 0 !important;    }         @media only screen and (min-width: 480px) {\t\t#bwg_container1_2 #bwg_container2_2 .bwg-container-2.bwg-standard-thumbnails .bwg-item1 img {\t\t\t-webkit-transition: all .3s; transition: all .3s;\t\t}\t\t#bwg_container1_2 #bwg_container2_2 .bwg-container-2.bwg-standard-thumbnails .bwg-item1 img:hover {\t\t\t-ms-transform: scale(1.08);\t\t\t-webkit-transform: scale(1.08);\t\t\ttransform: scale(1.08);\t\t}\t\t      }\t    #bwg_container1_2 #bwg_container2_2 .bwg-container-2.bwg-standard-thumbnails .bwg-item1 {      padding-top: 56%;    }        #bwg_container1_2 #bwg_container2_2 .bwg-container-2.bwg-standard-thumbnails .bwg-title2,    #bwg_container1_2 #bwg_container2_2 .bwg-container-2.bwg-standard-thumbnails .bwg-ecommerce2 {      color: #323A45;      font-family: Ubuntu;      font-size: 16px;      font-weight: bold;      padding: 2px;      text-shadow: 0px 0px 0px #888888;      max-height: 100%;    }    #bwg_container1_2 #bwg_container2_2 .bwg-container-2.bwg-standard-thumbnails .bwg-thumb-description span {    color: #323A45;    font-family: Ubuntu;    font-size: 12px;    max-height: 100%;    word-wrap: break-word;    }    #bwg_container1_2 #bwg_container2_2 .bwg-container-2.bwg-standard-thumbnails .bwg-play-icon2 {      font-size: 32px;    }    #bwg_container1_2 #bwg_container2_2 .bwg-container-2.bwg-standard-thumbnails .bwg-ecommerce2 {      font-size: 19.2px;      color: #323A45;    }    <\/style>    <div id=\"bwg_container1_2\"         class=\"bwg_container bwg_thumbnail bwg_album_compact_preview bwg_thumbnail\"         data-right-click-protection=\"0\"         data-bwg=\"2\"         data-scroll=\"0\"         data-gallery-type=\"album_compact_preview\"         data-gallery-view-type=\"thumbnail\"         data-current-url=\"\/index.php?rest_route=%2Fwp%2Fv2%2Fpages%2F4822\"         data-lightbox-url=\"https:\/\/vichyrando.org\/wp-admin\/admin-ajax.php?action=GalleryBox&#038;current_view=2&#038;gallery_id=0&#038;tag=0&#038;theme_id=1&#038;shortcode_id=1104&#038;sort_by=order&#038;order_by=asc&#038;current_url=%2Findex.php%3Frest_route%3D%252Fwp%252Fv2%252Fpages%252F4822\"         data-gallery-id=\"0\"         data-popup-width=\"800\"         data-popup-height=\"500\"         data-is-album=\"album\"         data-buttons-position=\"bottom\">      <div id=\"bwg_container2_2\">             <div id=\"ajax_loading_2\" class=\"bwg_loading_div_1\">      <div class=\"bwg_loading_div_2\">        <div class=\"bwg_loading_div_3\">          <div id=\"loading_div_2\" class=\"bwg_spider_ajax_loading\">          <\/div>        <\/div>      <\/div>    <\/div>            <form id=\"gal_front_form_2\"              class=\"bwg-hidden\"              method=\"post\"              action=\"#\"              data-current=\"2\"              data-shortcode-id=\"1104\"              data-gallery-type=\"album_compact_preview\"              data-gallery-id=\"0\"              data-tag=\"0\"              data-album-id=\"57\"              data-theme-id=\"1\"              data-ajax-url=\"https:\/\/vichyrando.org\/wp-admin\/admin-ajax.php?action=bwg_frontend_data\">          <div id=\"bwg_container3_2\" class=\"bwg-background bwg-background-2\">            <style>        #bwg_container1_2 #bwg_container2_2 .bwg_gal_title_2 {          display: block;          padding: 0 2px 2px 2px;          background-color: rgba(0, 0, 0, 0);          line-height: 20px;          font-family: Ubuntu;          font-size: 18px;          font-weight: bold;          color: #323A45;          text-shadow: 0px 0px 0px #888888;          text-align: center;        }        #bwg_container1_2 #bwg_container2_2 .bwg_gal_description_2 {          margin: 20px 0;          word-break: break-word;          text-align: justify;          font-size: 15px;          font-weight: unset;        }        <\/style>        <div class=\"bwg_gal_title_2\">Octobre 2024<\/div>            <div data-max-count=\"5\"         data-thumbnail-width=\"250\"         data-bwg=\"2\"         id=\"bwg_album_compact_2\"         class=\"bwg-thumbnails bwg-container bwg-container-2 bwg-album-thumbnails bwg_album_thumbnails_2\">              <div class=\"bwg-item\">          <a class=\"bwg-a bwg-album bwg_album_2\"             href='\/index.php?rest_route=%2Fwp%2Fv2%2Fpages%2F4822&#038;type_2=gallery&#038;album_gallery_id_2=899'                          data-container_id=\"bwg_album_compact_2\"             data-def_type=\"gallery\"             data-album_gallery_id=\"57\"             data-alb_gal_id=\"899\"             data-title=\"Rando 1\/2 journ\u00e9e reconnaissance Rando Party au Vernet le 1er octobre 2024\"             data-bwg=\"2\">                        <div class=\"bwg-item0 lazy_loader\">              <div class=\"bwg-item1 \">                <div class=\"bwg-item2\">                  <img decoding=\"async\" class=\"skip-lazy  bwg_lazyload \"                       data-width=\"500.00\"                       data-height=\"305.00\"                       data-src=\"https:\/\/vichyrando.org\/wp-content\/uploads\/photo-gallery\/thumb\/2024-10-01-Le-Vernet01_(1).jpg?bwg=1727871604\"                       src=\"https:\/\/vichyrando.org\/wp-content\/plugins\/photo-gallery\/images\/lazy_placeholder.gif\"                       alt=\"Rando 1\/2 journ\u00e9e reconnaissance Rando Party au Vernet le 1er octobre 2024\"                       title=\"Rando 1\/2 journ\u00e9e reconnaissance Rando Party au Vernet le 1er octobre 2024\" \/>                <\/div>                <div class=\"\">                                  <\/div>              <\/div>            <\/div>            <div class=\"bwg-title1\"><div class=\"bwg-title2\">Rando 1\/2 journ\u00e9e reconnaissance Rando Party au Vernet le 1er octobre 2024<\/div><\/div>          <\/a>        <\/div>                <div class=\"bwg-item\">          <a class=\"bwg-a bwg-album bwg_album_2\"             href='\/index.php?rest_route=%2Fwp%2Fv2%2Fpages%2F4822&#038;type_2=gallery&#038;album_gallery_id_2=900'                          data-container_id=\"bwg_album_compact_2\"             data-def_type=\"gallery\"             data-album_gallery_id=\"57\"             data-alb_gal_id=\"900\"             data-title=\"Marche sportive reconnaissance de la Rando Party au Vernet le 1er octobre 2024\"             data-bwg=\"2\">                        <div class=\"bwg-item0 lazy_loader\">              <div class=\"bwg-item1 \">                <div class=\"bwg-item2\">                  <img decoding=\"async\" class=\"skip-lazy  bwg_lazyload \"                       data-width=\"500.00\"                       data-height=\"375.00\"                       data-src=\"https:\/\/vichyrando.org\/wp-content\/uploads\/photo-gallery\/thumb\/2024-10-01-Le-VerneMSt01.jpg?bwg=1727871749\"                       src=\"https:\/\/vichyrando.org\/wp-content\/plugins\/photo-gallery\/images\/lazy_placeholder.gif\"                       alt=\"Marche sportive reconnaissance de la Rando Party au Vernet le 1er octobre 2024\"                       title=\"Marche sportive reconnaissance de la Rando Party au Vernet le 1er octobre 2024\" \/>                <\/div>                <div class=\"\">                                  <\/div>              <\/div>            <\/div>            <div class=\"bwg-title1\"><div class=\"bwg-title2\">Marche sportive reconnaissance de la Rando Party au Vernet le 1er octobre 2024<\/div><\/div>          <\/a>        <\/div>                <div class=\"bwg-item\">          <a class=\"bwg-a bwg-album bwg_album_2\"             href='\/index.php?rest_route=%2Fwp%2Fv2%2Fpages%2F4822&#038;type_2=gallery&#038;album_gallery_id_2=901'                          data-container_id=\"bwg_album_compact_2\"             data-def_type=\"gallery\"             data-album_gallery_id=\"57\"             data-alb_gal_id=\"901\"             data-title=\"Rando journ\u00e9e \u00e0 Aydat (63) le 3 octobre 2024\"             data-bwg=\"2\">                        <div class=\"bwg-item0 lazy_loader\">              <div class=\"bwg-item1 \">                <div class=\"bwg-item2\">                  <img decoding=\"async\" class=\"skip-lazy  bwg_lazyload \"                       data-width=\"500.00\"                       data-height=\"281.00\"                       data-src=\"https:\/\/vichyrando.org\/wp-content\/uploads\/photo-gallery\/thumb\/2024-10-03-Aydat01.jpg?bwg=1728043993\"                       src=\"https:\/\/vichyrando.org\/wp-content\/plugins\/photo-gallery\/images\/lazy_placeholder.gif\"                       alt=\"Rando journ\u00e9e \u00e0 Aydat (63) le 3 octobre 2024\"                       title=\"Rando journ\u00e9e \u00e0 Aydat (63) le 3 octobre 2024\" \/>                <\/div>                <div class=\"\">                                  <\/div>              <\/div>            <\/div>            <div class=\"bwg-title1\"><div class=\"bwg-title2\">Rando journ\u00e9e \u00e0 Aydat (63) le 3 octobre 2024<\/div><\/div>          <\/a>        <\/div>                <div class=\"bwg-item\">          <a class=\"bwg-a bwg-album bwg_album_2\"             href='\/index.php?rest_route=%2Fwp%2Fv2%2Fpages%2F4822&#038;type_2=gallery&#038;album_gallery_id_2=902'                          data-container_id=\"bwg_album_compact_2\"             data-def_type=\"gallery\"             data-album_gallery_id=\"57\"             data-alb_gal_id=\"902\"             data-title=\"Rando sant\u00e9 \u00e0 Hauterive le 7 octobre 2024\"             data-bwg=\"2\">                        <div class=\"bwg-item0 lazy_loader\">              <div class=\"bwg-item1 \">                <div class=\"bwg-item2\">                  <img decoding=\"async\" class=\"skip-lazy  bwg_lazyload \"                       data-width=\"500.00\"                       data-height=\"225.00\"                       data-src=\"https:\/\/vichyrando.org\/wp-content\/uploads\/photo-gallery\/thumb\/2024-10-07-Hauterive09.jpg?bwg=1728303934\"                       src=\"https:\/\/vichyrando.org\/wp-content\/plugins\/photo-gallery\/images\/lazy_placeholder.gif\"                       alt=\"Rando sant\u00e9 \u00e0 Hauterive le 7 octobre 2024\"                       title=\"Rando sant\u00e9 \u00e0 Hauterive le 7 octobre 2024\" \/>                <\/div>                <div class=\"\">                                  <\/div>              <\/div>            <\/div>            <div class=\"bwg-title1\"><div class=\"bwg-title2\">Rando sant\u00e9 \u00e0 Hauterive le 7 octobre 2024<\/div><\/div>          <\/a>        <\/div>                <div class=\"bwg-item\">          <a class=\"bwg-a bwg-album bwg_album_2\"             href='\/index.php?rest_route=%2Fwp%2Fv2%2Fpages%2F4822&#038;type_2=gallery&#038;album_gallery_id_2=903'                          data-container_id=\"bwg_album_compact_2\"             data-def_type=\"gallery\"             data-album_gallery_id=\"57\"             data-alb_gal_id=\"903\"             data-title=\"Marche sportive \u00e0 Villeneuve les cerfs (63) le 8 octobre 2024\"             data-bwg=\"2\">                        <div class=\"bwg-item0 lazy_loader\">              <div class=\"bwg-item1 \">                <div class=\"bwg-item2\">                  <img decoding=\"async\" class=\"skip-lazy  bwg_lazyload \"                       data-width=\"500.00\"                       data-height=\"300.00\"                       data-src=\"https:\/\/vichyrando.org\/wp-content\/uploads\/photo-gallery\/thumb\/2024-10-08-Villeneuve07.jpg?bwg=1728466392\"                       src=\"https:\/\/vichyrando.org\/wp-content\/plugins\/photo-gallery\/images\/lazy_placeholder.gif\"                       alt=\"Marche sportive \u00e0 Villeneuve les cerfs (63) le 8 octobre 2024\"                       title=\"Marche sportive \u00e0 Villeneuve les cerfs (63) le 8 octobre 2024\" \/>                <\/div>                <div class=\"\">                                  <\/div>              <\/div>            <\/div>            <div class=\"bwg-title1\"><div class=\"bwg-title2\">Marche sportive \u00e0 Villeneuve les cerfs (63) le 8 octobre 2024<\/div><\/div>          <\/a>        <\/div>                <div class=\"bwg-item\">          <a class=\"bwg-a bwg-album bwg_album_2\"             href='\/index.php?rest_route=%2Fwp%2Fv2%2Fpages%2F4822&#038;type_2=gallery&#038;album_gallery_id_2=904'                          data-container_id=\"bwg_album_compact_2\"             data-def_type=\"gallery\"             data-album_gallery_id=\"57\"             data-alb_gal_id=\"904\"             data-title=\"Rando 1\/2 journ\u00e9e \u00e0 Aubiat (63) le 8 octobre 2024\"             data-bwg=\"2\">                        <div class=\"bwg-item0 lazy_loader\">              <div class=\"bwg-item1 \">                <div class=\"bwg-item2\">                  <img decoding=\"async\" class=\"skip-lazy  bwg_lazyload \"                       data-width=\"500.00\"                       data-height=\"333.00\"                       data-src=\"https:\/\/vichyrando.org\/wp-content\/uploads\/photo-gallery\/thumb\/2024-10-08-Aubiat03.jpg?bwg=1728637777\"                       src=\"https:\/\/vichyrando.org\/wp-content\/plugins\/photo-gallery\/images\/lazy_placeholder.gif\"                       alt=\"Rando 1\/2 journ\u00e9e \u00e0 Aubiat (63) le 8 octobre 2024\"                       title=\"Rando 1\/2 journ\u00e9e \u00e0 Aubiat (63) le 8 octobre 2024\" \/>                <\/div>                <div class=\"\">                                  <\/div>              <\/div>            <\/div>            <div class=\"bwg-title1\"><div class=\"bwg-title2\">Rando 1\/2 journ\u00e9e \u00e0 Aubiat (63) le 8 octobre 2024<\/div><\/div>          <\/a>        <\/div>                <div class=\"bwg-item\">          <a class=\"bwg-a bwg-album bwg_album_2\"             href='\/index.php?rest_route=%2Fwp%2Fv2%2Fpages%2F4822&#038;type_2=gallery&#038;album_gallery_id_2=905'                          data-container_id=\"bwg_album_compact_2\"             data-def_type=\"gallery\"             data-album_gallery_id=\"57\"             data-alb_gal_id=\"905\"             data-title=\"Mini rando \u00e0 St Christophe en Bourbonnais le 10 octobre 2024\"             data-bwg=\"2\">                        <div class=\"bwg-item0 lazy_loader\">              <div class=\"bwg-item1 \">                <div class=\"bwg-item2\">                  <img decoding=\"async\" class=\"skip-lazy  bwg_lazyload \"                       data-width=\"500.00\"                       data-height=\"281.00\"                       data-src=\"https:\/\/vichyrando.org\/wp-content\/uploads\/photo-gallery\/thumb\/2024-10-10-StChristophe05.jpg?bwg=1728637901\"                       src=\"https:\/\/vichyrando.org\/wp-content\/plugins\/photo-gallery\/images\/lazy_placeholder.gif\"                       alt=\"Mini rando \u00e0 St Christophe en Bourbonnais le 10 octobre 2024\"                       title=\"Mini rando \u00e0 St Christophe en Bourbonnais le 10 octobre 2024\" \/>                <\/div>                <div class=\"\">                                  <\/div>              <\/div>            <\/div>            <div class=\"bwg-title1\"><div class=\"bwg-title2\">Mini rando \u00e0 St Christophe en Bourbonnais le 10 octobre 2024<\/div><\/div>          <\/a>        <\/div>                <div class=\"bwg-item\">          <a class=\"bwg-a bwg-album bwg_album_2\"             href='\/index.php?rest_route=%2Fwp%2Fv2%2Fpages%2F4822&#038;type_2=gallery&#038;album_gallery_id_2=906'                          data-container_id=\"bwg_album_compact_2\"             data-def_type=\"gallery\"             data-album_gallery_id=\"57\"             data-alb_gal_id=\"906\"             data-title=\"Rando 1\/2 journ\u00e9e \u00e0 Arronnes le 10 octobre 2024\"             data-bwg=\"2\">                        <div class=\"bwg-item0 lazy_loader\">              <div class=\"bwg-item1 \">                <div class=\"bwg-item2\">                  <img decoding=\"async\" class=\"skip-lazy  bwg_lazyload \"                       data-width=\"462.00\"                       data-height=\"500.00\"                       data-src=\"https:\/\/vichyrando.org\/wp-content\/uploads\/photo-gallery\/thumb\/2024-10-10-Arronnes02.jpg?bwg=1728639490\"                       src=\"https:\/\/vichyrando.org\/wp-content\/plugins\/photo-gallery\/images\/lazy_placeholder.gif\"                       alt=\"Rando 1\/2 journ\u00e9e \u00e0 Arronnes le 10 octobre 2024\"                       title=\"Rando 1\/2 journ\u00e9e \u00e0 Arronnes le 10 octobre 2024\" \/>                <\/div>                <div class=\"\">                                  <\/div>              <\/div>            <\/div>            <div class=\"bwg-title1\"><div class=\"bwg-title2\">Rando 1\/2 journ\u00e9e \u00e0 Arronnes le 10 octobre 2024<\/div><\/div>          <\/a>        <\/div>                <div class=\"bwg-item\">          <a class=\"bwg-a bwg-album bwg_album_2\"             href='\/index.php?rest_route=%2Fwp%2Fv2%2Fpages%2F4822&#038;type_2=gallery&#038;album_gallery_id_2=907'                          data-container_id=\"bwg_album_compact_2\"             data-def_type=\"gallery\"             data-album_gallery_id=\"57\"             data-alb_gal_id=\"907\"             data-title=\"La pr\u00e9paration de la Rando Party au Vernet le 12 octobre 2024\"             data-bwg=\"2\">                        <div class=\"bwg-item0 lazy_loader\">              <div class=\"bwg-item1 \">                <div class=\"bwg-item2\">                  <img decoding=\"async\" class=\"skip-lazy  bwg_lazyload \"                       data-width=\"500.00\"                       data-height=\"333.00\"                       data-src=\"https:\/\/vichyrando.org\/wp-content\/uploads\/photo-gallery\/thumb\/2024-10-12-RandoParty08.jpg?bwg=1729004432\"                       src=\"https:\/\/vichyrando.org\/wp-content\/plugins\/photo-gallery\/images\/lazy_placeholder.gif\"                       alt=\"La pr\u00e9paration de la Rando Party au Vernet le 12 octobre 2024\"                       title=\"La pr\u00e9paration de la Rando Party au Vernet le 12 octobre 2024\" \/>                <\/div>                <div class=\"\">                                  <\/div>              <\/div>            <\/div>            <div class=\"bwg-title1\"><div class=\"bwg-title2\">La pr\u00e9paration de la Rando Party au Vernet le 12 octobre 2024<\/div><\/div>          <\/a>        <\/div>                <div class=\"bwg-item\">          <a class=\"bwg-a bwg-album bwg_album_2\"             href='\/index.php?rest_route=%2Fwp%2Fv2%2Fpages%2F4822&#038;type_2=gallery&#038;album_gallery_id_2=908'                          data-container_id=\"bwg_album_compact_2\"             data-def_type=\"gallery\"             data-album_gallery_id=\"57\"             data-alb_gal_id=\"908\"             data-title=\"La 8\u00e8me Rando Party au Vernet le 13 octobre 2024\"             data-bwg=\"2\">                        <div class=\"bwg-item0 lazy_loader\">              <div class=\"bwg-item1 \">                <div class=\"bwg-item2\">                  <img decoding=\"async\" class=\"skip-lazy  bwg_lazyload \"                       data-width=\"500.00\"                       data-height=\"333.00\"                       data-src=\"https:\/\/vichyrando.org\/wp-content\/uploads\/photo-gallery\/thumb\/2024-10-13-RandoParty14.jpg?bwg=1729004579\"                       src=\"https:\/\/vichyrando.org\/wp-content\/plugins\/photo-gallery\/images\/lazy_placeholder.gif\"                       alt=\"La 8\u00e8me Rando Party au Vernet le 13 octobre 2024\"                       title=\"La 8\u00e8me Rando Party au Vernet le 13 octobre 2024\" \/>                <\/div>                <div class=\"\">                                  <\/div>              <\/div>            <\/div>            <div class=\"bwg-title1\"><div class=\"bwg-title2\">La 8\u00e8me Rando Party au Vernet le 13 octobre 2024<\/div><\/div>          <\/a>        <\/div>                <div class=\"bwg-item\">          <a class=\"bwg-a bwg-album bwg_album_2\"             href='\/index.php?rest_route=%2Fwp%2Fv2%2Fpages%2F4822&#038;type_2=gallery&#038;album_gallery_id_2=909'                          data-container_id=\"bwg_album_compact_2\"             data-def_type=\"gallery\"             data-album_gallery_id=\"57\"             data-alb_gal_id=\"909\"             data-title=\"Le repas des b\u00e9n\u00e9voles de la Rando Party au Vernet le 13 octobre 2024\"             data-bwg=\"2\">                        <div class=\"bwg-item0 lazy_loader\">              <div class=\"bwg-item1 \">                <div class=\"bwg-item2\">                  <img decoding=\"async\" class=\"skip-lazy  bwg_lazyload \"                       data-width=\"500.00\"                       data-height=\"333.00\"                       data-src=\"https:\/\/vichyrando.org\/wp-content\/uploads\/photo-gallery\/thumb\/2024-10-13-RandoPartyRepas08.jpg?bwg=1729004687\"                       src=\"https:\/\/vichyrando.org\/wp-content\/plugins\/photo-gallery\/images\/lazy_placeholder.gif\"                       alt=\"Le repas des b\u00e9n\u00e9voles de la Rando Party au Vernet le 13 octobre 2024\"                       title=\"Le repas des b\u00e9n\u00e9voles de la Rando Party au Vernet le 13 octobre 2024\" \/>                <\/div>                <div class=\"\">                                  <\/div>              <\/div>            <\/div>            <div class=\"bwg-title1\"><div class=\"bwg-title2\">Le repas des b\u00e9n\u00e9voles de la Rando Party au Vernet le 13 octobre 2024<\/div><\/div>          <\/a>        <\/div>                <div class=\"bwg-item\">          <a class=\"bwg-a bwg-album bwg_album_2\"             href='\/index.php?rest_route=%2Fwp%2Fv2%2Fpages%2F4822&#038;type_2=gallery&#038;album_gallery_id_2=910'                          data-container_id=\"bwg_album_compact_2\"             data-def_type=\"gallery\"             data-album_gallery_id=\"57\"             data-alb_gal_id=\"910\"             data-title=\"Rando 1\/2 journ\u00e9e \u00e0 Lachaux (63) le 15 octobre 2024\"             data-bwg=\"2\">                        <div class=\"bwg-item0 lazy_loader\">              <div class=\"bwg-item1 \">                <div class=\"bwg-item2\">                  <img decoding=\"async\" class=\"skip-lazy  bwg_lazyload \"                       data-width=\"500.00\"                       data-height=\"333.00\"                       data-src=\"https:\/\/vichyrando.org\/wp-content\/uploads\/photo-gallery\/thumb\/2024-10-15-Lachaux12.jpg?bwg=1729167803\"                       src=\"https:\/\/vichyrando.org\/wp-content\/plugins\/photo-gallery\/images\/lazy_placeholder.gif\"                       alt=\"Rando 1\/2 journ\u00e9e \u00e0 Lachaux (63) le 15 octobre 2024\"                       title=\"Rando 1\/2 journ\u00e9e \u00e0 Lachaux (63) le 15 octobre 2024\" \/>                <\/div>                <div class=\"\">                                  <\/div>              <\/div>            <\/div>            <div class=\"bwg-title1\"><div class=\"bwg-title2\">Rando 1\/2 journ\u00e9e \u00e0 Lachaux (63) le 15 octobre 2024<\/div><\/div>          <\/a>        <\/div>                <div class=\"bwg-item\">          <a class=\"bwg-a bwg-album bwg_album_2\"             href='\/index.php?rest_route=%2Fwp%2Fv2%2Fpages%2F4822&#038;type_2=gallery&#038;album_gallery_id_2=911'                          data-container_id=\"bwg_album_compact_2\"             data-def_type=\"gallery\"             data-album_gallery_id=\"57\"             data-alb_gal_id=\"911\"             data-title=\"Marche nordique \u00e0 Bellerive\/Allier le 16 octobre 2024\"             data-bwg=\"2\">                        <div class=\"bwg-item0 lazy_loader\">              <div class=\"bwg-item1 \">                <div class=\"bwg-item2\">                  <img decoding=\"async\" class=\"skip-lazy  bwg_lazyload \"                       data-width=\"500.00\"                       data-height=\"375.00\"                       data-src=\"https:\/\/vichyrando.org\/wp-content\/uploads\/photo-gallery\/thumb\/2024-10-16-Bellerive01.jpg?bwg=1729167927\"                       src=\"https:\/\/vichyrando.org\/wp-content\/plugins\/photo-gallery\/images\/lazy_placeholder.gif\"                       alt=\"Marche nordique \u00e0 Bellerive\/Allier le 16 octobre 2024\"                       title=\"Marche nordique \u00e0 Bellerive\/Allier le 16 octobre 2024\" \/>                <\/div>                <div class=\"\">                                  <\/div>              <\/div>            <\/div>            <div class=\"bwg-title1\"><div class=\"bwg-title2\">Marche nordique \u00e0 Bellerive\/Allier le 16 octobre 2024<\/div><\/div>          <\/a>        <\/div>                <div class=\"bwg-item\">          <a class=\"bwg-a bwg-album bwg_album_2\"             href='\/index.php?rest_route=%2Fwp%2Fv2%2Fpages%2F4822&#038;type_2=gallery&#038;album_gallery_id_2=912'                          data-container_id=\"bwg_album_compact_2\"             data-def_type=\"gallery\"             data-album_gallery_id=\"57\"             data-alb_gal_id=\"912\"             data-title=\"Mini rando \u00e0 St-Etienne de Vicq le 17 octobre 2024\"             data-bwg=\"2\">                        <div class=\"bwg-item0 lazy_loader\">              <div class=\"bwg-item1 \">                <div class=\"bwg-item2\">                  <img decoding=\"async\" class=\"skip-lazy  bwg_lazyload \"                       data-width=\"500.00\"                       data-height=\"299.00\"                       data-src=\"https:\/\/vichyrando.org\/wp-content\/uploads\/photo-gallery\/thumb\/2024-10-17-StEtienneV02.jpg?bwg=1729168009\"                       src=\"https:\/\/vichyrando.org\/wp-content\/plugins\/photo-gallery\/images\/lazy_placeholder.gif\"                       alt=\"Mini rando \u00e0 St-Etienne de Vicq le 17 octobre 2024\"                       title=\"Mini rando \u00e0 St-Etienne de Vicq le 17 octobre 2024\" \/>                <\/div>                <div class=\"\">                                  <\/div>              <\/div>            <\/div>            <div class=\"bwg-title1\"><div class=\"bwg-title2\">Mini rando \u00e0 St-Etienne de Vicq le 17 octobre 2024<\/div><\/div>          <\/a>        <\/div>                <div class=\"bwg-item\">          <a class=\"bwg-a bwg-album bwg_album_2\"             href='\/index.php?rest_route=%2Fwp%2Fv2%2Fpages%2F4822&#038;type_2=gallery&#038;album_gallery_id_2=913'                          data-container_id=\"bwg_album_compact_2\"             data-def_type=\"gallery\"             data-album_gallery_id=\"57\"             data-alb_gal_id=\"913\"             data-title=\"Rando 1\/2 journ\u00e9e \u00e0 Fleuriel le 17 octobre 2024\"             data-bwg=\"2\">                        <div class=\"bwg-item0 lazy_loader\">              <div class=\"bwg-item1 \">                <div class=\"bwg-item2\">                  <img decoding=\"async\" class=\"skip-lazy  bwg_lazyload \"                       data-width=\"500.00\"                       data-height=\"375.00\"                       data-src=\"https:\/\/vichyrando.org\/wp-content\/uploads\/photo-gallery\/thumb\/2024-10-17-Fleuriel01.jpg?bwg=1729254667\"                       src=\"https:\/\/vichyrando.org\/wp-content\/plugins\/photo-gallery\/images\/lazy_placeholder.gif\"                       alt=\"Rando 1\/2 journ\u00e9e \u00e0 Fleuriel le 17 octobre 2024\"                       title=\"Rando 1\/2 journ\u00e9e \u00e0 Fleuriel le 17 octobre 2024\" \/>                <\/div>                <div class=\"\">                                  <\/div>              <\/div>            <\/div>            <div class=\"bwg-title1\"><div class=\"bwg-title2\">Rando 1\/2 journ\u00e9e \u00e0 Fleuriel le 17 octobre 2024<\/div><\/div>          <\/a>        <\/div>                <div class=\"bwg-item\">          <a class=\"bwg-a bwg-album bwg_album_2\"             href='\/index.php?rest_route=%2Fwp%2Fv2%2Fpages%2F4822&#038;type_2=gallery&#038;album_gallery_id_2=915'                          data-container_id=\"bwg_album_compact_2\"             data-def_type=\"gallery\"             data-album_gallery_id=\"57\"             data-alb_gal_id=\"915\"             data-title=\"Rando sant\u00e9 \u00e0 St-Germain des foss\u00e9s le 21 octobre 2024\"             data-bwg=\"2\">                        <div class=\"bwg-item0 lazy_loader\">              <div class=\"bwg-item1 \">                <div class=\"bwg-item2\">                  <img decoding=\"async\" class=\"skip-lazy  bwg_lazyload \"                       data-width=\"500.00\"                       data-height=\"282.00\"                       data-src=\"https:\/\/vichyrando.org\/wp-content\/uploads\/photo-gallery\/thumb\/2024-10-21-StGermain01.jpg?bwg=1729760992\"                       src=\"https:\/\/vichyrando.org\/wp-content\/plugins\/photo-gallery\/images\/lazy_placeholder.gif\"                       alt=\"Rando sant\u00e9 \u00e0 St-Germain des foss\u00e9s le 21 octobre 2024\"                       title=\"Rando sant\u00e9 \u00e0 St-Germain des foss\u00e9s le 21 octobre 2024\" \/>                <\/div>                <div class=\"\">                                  <\/div>              <\/div>            <\/div>            <div class=\"bwg-title1\"><div class=\"bwg-title2\">Rando sant\u00e9 \u00e0 St-Germain des foss\u00e9s le 21 octobre 2024<\/div><\/div>          <\/a>        <\/div>                <div class=\"bwg-item\">          <a class=\"bwg-a bwg-album bwg_album_2\"             href='\/index.php?rest_route=%2Fwp%2Fv2%2Fpages%2F4822&#038;type_2=gallery&#038;album_gallery_id_2=914'                          data-container_id=\"bwg_album_compact_2\"             data-def_type=\"gallery\"             data-album_gallery_id=\"57\"             data-alb_gal_id=\"914\"             data-title=\"Journ\u00e9e marche sportive aux Ancizes (63) le 22 octobre 2024\"             data-bwg=\"2\">                        <div class=\"bwg-item0 lazy_loader\">              <div class=\"bwg-item1 \">                <div class=\"bwg-item2\">                  <img decoding=\"async\" class=\"skip-lazy  bwg_lazyload \"                       data-width=\"421.00\"                       data-height=\"500.00\"                       data-src=\"https:\/\/vichyrando.org\/wp-content\/uploads\/photo-gallery\/thumb\/2024-10-22-LesAncizes06.jpg?bwg=1729759946\"                       src=\"https:\/\/vichyrando.org\/wp-content\/plugins\/photo-gallery\/images\/lazy_placeholder.gif\"                       alt=\"Journ\u00e9e marche sportive aux Ancizes (63) le 22 octobre 2024\"                       title=\"Journ\u00e9e marche sportive aux Ancizes (63) le 22 octobre 2024\" \/>                <\/div>                <div class=\"\">                                  <\/div>              <\/div>            <\/div>            <div class=\"bwg-title1\"><div class=\"bwg-title2\">Journ\u00e9e marche sportive aux Ancizes (63) le 22 octobre 2024<\/div><\/div>          <\/a>        <\/div>                <div class=\"bwg-item\">          <a class=\"bwg-a bwg-album bwg_album_2\"             href='\/index.php?rest_route=%2Fwp%2Fv2%2Fpages%2F4822&#038;type_2=gallery&#038;album_gallery_id_2=916'                          data-container_id=\"bwg_album_compact_2\"             data-def_type=\"gallery\"             data-album_gallery_id=\"57\"             data-alb_gal_id=\"916\"             data-title=\"Rando Resto Anniversaire \u00e0 Billezois le 22 octobre 2024\"             data-bwg=\"2\">                        <div class=\"bwg-item0 lazy_loader\">              <div class=\"bwg-item1 \">                <div class=\"bwg-item2\">                  <img decoding=\"async\" class=\"skip-lazy  bwg_lazyload \"                       data-width=\"500.00\"                       data-height=\"333.00\"                       data-src=\"https:\/\/vichyrando.org\/wp-content\/uploads\/photo-gallery\/thumb\/2024-10-22-Billezois11.jpg?bwg=1729857621\"                       src=\"https:\/\/vichyrando.org\/wp-content\/plugins\/photo-gallery\/images\/lazy_placeholder.gif\"                       alt=\"Rando Resto Anniversaire \u00e0 Billezois le 22 octobre 2024\"                       title=\"Rando Resto Anniversaire \u00e0 Billezois le 22 octobre 2024\" \/>                <\/div>                <div class=\"\">                                  <\/div>              <\/div>            <\/div>            <div class=\"bwg-title1\"><div class=\"bwg-title2\">Rando Resto Anniversaire \u00e0 Billezois le 22 octobre 2024<\/div><\/div>          <\/a>        <\/div>                <div class=\"bwg-item\">          <a class=\"bwg-a bwg-album bwg_album_2\"             href='\/index.php?rest_route=%2Fwp%2Fv2%2Fpages%2F4822&#038;type_2=gallery&#038;album_gallery_id_2=917'                          data-container_id=\"bwg_album_compact_2\"             data-def_type=\"gallery\"             data-album_gallery_id=\"57\"             data-alb_gal_id=\"917\"             data-title=\"Mini rando \u00e0 Biozat le 24 octobre 2024\"             data-bwg=\"2\">                        <div class=\"bwg-item0 lazy_loader\">              <div class=\"bwg-item1 \">                <div class=\"bwg-item2\">                  <img decoding=\"async\" class=\"skip-lazy  bwg_lazyload \"                       data-width=\"500.00\"                       data-height=\"333.00\"                       data-src=\"https:\/\/vichyrando.org\/wp-content\/uploads\/photo-gallery\/thumb\/2024-10-24-Biozat01.jpg?bwg=1729857753\"                       src=\"https:\/\/vichyrando.org\/wp-content\/plugins\/photo-gallery\/images\/lazy_placeholder.gif\"                       alt=\"Mini rando \u00e0 Biozat le 24 octobre 2024\"                       title=\"Mini rando \u00e0 Biozat le 24 octobre 2024\" \/>                <\/div>                <div class=\"\">                                  <\/div>              <\/div>            <\/div>            <div class=\"bwg-title1\"><div class=\"bwg-title2\">Mini rando \u00e0 Biozat le 24 octobre 2024<\/div><\/div>          <\/a>        <\/div>                <div class=\"bwg-item\">          <a class=\"bwg-a bwg-album bwg_album_2\"             href='\/index.php?rest_route=%2Fwp%2Fv2%2Fpages%2F4822&#038;type_2=gallery&#038;album_gallery_id_2=918'                          data-container_id=\"bwg_album_compact_2\"             data-def_type=\"gallery\"             data-album_gallery_id=\"57\"             data-alb_gal_id=\"918\"             data-title=\"Rando 1\/2 journ\u00e9e \u00e0 St Bonnet de Rochefort le 24 octobre 2024\"             data-bwg=\"2\">                        <div class=\"bwg-item0 lazy_loader\">              <div class=\"bwg-item1 \">                <div class=\"bwg-item2\">                  <img decoding=\"async\" class=\"skip-lazy  bwg_lazyload \"                       data-width=\"500.00\"                       data-height=\"314.00\"                       data-src=\"https:\/\/vichyrando.org\/wp-content\/uploads\/photo-gallery\/thumb\/2024-10-24-StBonnet04.jpg?bwg=1730047580\"                       src=\"https:\/\/vichyrando.org\/wp-content\/plugins\/photo-gallery\/images\/lazy_placeholder.gif\"                       alt=\"Rando 1\/2 journ\u00e9e \u00e0 St Bonnet de Rochefort le 24 octobre 2024\"                       title=\"Rando 1\/2 journ\u00e9e \u00e0 St Bonnet de Rochefort le 24 octobre 2024\" \/>                <\/div>                <div class=\"\">                                  <\/div>              <\/div>            <\/div>            <div class=\"bwg-title1\"><div class=\"bwg-title2\">Rando 1\/2 journ\u00e9e \u00e0 St Bonnet de Rochefort le 24 octobre 2024<\/div><\/div>          <\/a>        <\/div>                <div class=\"bwg-item\">          <a class=\"bwg-a bwg-album bwg_album_2\"             href='\/index.php?rest_route=%2Fwp%2Fv2%2Fpages%2F4822&#038;type_2=gallery&#038;album_gallery_id_2=919'                          data-container_id=\"bwg_album_compact_2\"             data-def_type=\"gallery\"             data-album_gallery_id=\"57\"             data-alb_gal_id=\"919\"             data-title=\"Rando sant\u00e9 \u00e0 Vichy le 28 octobre 2024\"             data-bwg=\"2\">                        <div class=\"bwg-item0 lazy_loader\">              <div class=\"bwg-item1 \">                <div class=\"bwg-item2\">                  <img decoding=\"async\" class=\"skip-lazy  bwg_lazyload \"                       data-width=\"500.00\"                       data-height=\"281.00\"                       data-src=\"https:\/\/vichyrando.org\/wp-content\/uploads\/photo-gallery\/thumb\/2024-10-28-Vichy09.jpg?bwg=1730215195\"                       src=\"https:\/\/vichyrando.org\/wp-content\/plugins\/photo-gallery\/images\/lazy_placeholder.gif\"                       alt=\"Rando sant\u00e9 \u00e0 Vichy le 28 octobre 2024\"                       title=\"Rando sant\u00e9 \u00e0 Vichy le 28 octobre 2024\" \/>                <\/div>                <div class=\"\">                                  <\/div>              <\/div>            <\/div>            <div class=\"bwg-title1\"><div class=\"bwg-title2\">Rando sant\u00e9 \u00e0 Vichy le 28 octobre 2024<\/div><\/div>          <\/a>        <\/div>                <div class=\"bwg-item\">          <a class=\"bwg-a bwg-album bwg_album_2\"             href='\/index.php?rest_route=%2Fwp%2Fv2%2Fpages%2F4822&#038;type_2=gallery&#038;album_gallery_id_2=920'                          data-container_id=\"bwg_album_compact_2\"             data-def_type=\"gallery\"             data-album_gallery_id=\"57\"             data-alb_gal_id=\"920\"             data-title=\"Journ\u00e9e rando sportive \u00e0 Montaigu\u00ebt en Forez le 29 octobre 2024\"             data-bwg=\"2\">                        <div class=\"bwg-item0 lazy_loader\">              <div class=\"bwg-item1 \">                <div class=\"bwg-item2\">                  <img decoding=\"async\" class=\"skip-lazy  bwg_lazyload \"                       data-width=\"500.00\"                       data-height=\"345.00\"                       data-src=\"https:\/\/vichyrando.org\/wp-content\/uploads\/photo-gallery\/thumb\/2024-10-29-Montaiguet04.jpg?bwg=1730306717\"                       src=\"https:\/\/vichyrando.org\/wp-content\/plugins\/photo-gallery\/images\/lazy_placeholder.gif\"                       alt=\"Journ\u00e9e rando sportive \u00e0 Montaigu\u00ebt en Forez le 29 octobre 2024\"                       title=\"Journ\u00e9e rando sportive \u00e0 Montaigu\u00ebt en Forez le 29 octobre 2024\" \/>                <\/div>                <div class=\"\">                                  <\/div>              <\/div>            <\/div>            <div class=\"bwg-title1\"><div class=\"bwg-title2\">Journ\u00e9e rando sportive \u00e0 Montaigu\u00ebt en Forez le 29 octobre 2024<\/div><\/div>          <\/a>        <\/div>                <div class=\"bwg-item\">          <a class=\"bwg-a bwg-album bwg_album_2\"             href='\/index.php?rest_route=%2Fwp%2Fv2%2Fpages%2F4822&#038;type_2=gallery&#038;album_gallery_id_2=923'                          data-container_id=\"bwg_album_compact_2\"             data-def_type=\"gallery\"             data-album_gallery_id=\"57\"             data-alb_gal_id=\"923\"             data-title=\"Rando 1\/2 journ\u00e9e \u00e0 Ussel d&#039;Allier le 29 octobre 2024\"             data-bwg=\"2\">                        <div class=\"bwg-item0 lazy_loader\">              <div class=\"bwg-item1 \">                <div class=\"bwg-item2\">                  <img decoding=\"async\" class=\"skip-lazy  bwg_lazyload \"                       data-width=\"500.00\"                       data-height=\"333.00\"                       data-src=\"https:\/\/vichyrando.org\/wp-content\/uploads\/photo-gallery\/thumb\/2024-10-29-Ussel01.jpg?bwg=1730567896\"                       src=\"https:\/\/vichyrando.org\/wp-content\/plugins\/photo-gallery\/images\/lazy_placeholder.gif\"                       alt=\"Rando 1\/2 journ\u00e9e \u00e0 Ussel d&#039;Allier le 29 octobre 2024\"                       title=\"Rando 1\/2 journ\u00e9e \u00e0 Ussel d&#039;Allier le 29 octobre 2024\" \/>                <\/div>                <div class=\"\">                                  <\/div>              <\/div>            <\/div>            <div class=\"bwg-title1\"><div class=\"bwg-title2\">Rando 1\/2 journ\u00e9e \u00e0 Ussel d'Allier le 29 octobre 2024<\/div><\/div>          <\/a>        <\/div>                <div class=\"bwg-item\">          <a class=\"bwg-a bwg-album bwg_album_2\"             href='\/index.php?rest_route=%2Fwp%2Fv2%2Fpages%2F4822&#038;type_2=gallery&#038;album_gallery_id_2=921'                          data-container_id=\"bwg_album_compact_2\"             data-def_type=\"gallery\"             data-album_gallery_id=\"57\"             data-alb_gal_id=\"921\"             data-title=\"Mini rando \u00e0 Brugheas le 31 octobre 2024\"             data-bwg=\"2\">                        <div class=\"bwg-item0 lazy_loader\">              <div class=\"bwg-item1 \">                <div class=\"bwg-item2\">                  <img decoding=\"async\" class=\"skip-lazy  bwg_lazyload \"                       data-width=\"500.00\"                       data-height=\"310.00\"                       data-src=\"https:\/\/vichyrando.org\/wp-content\/uploads\/photo-gallery\/thumb\/2024-10-31-Brugheas01.jpg?bwg=1730558838\"                       src=\"https:\/\/vichyrando.org\/wp-content\/plugins\/photo-gallery\/images\/lazy_placeholder.gif\"                       alt=\"Mini rando \u00e0 Brugheas le 31 octobre 2024\"                       title=\"Mini rando \u00e0 Brugheas le 31 octobre 2024\" \/>                <\/div>                <div class=\"\">                                  <\/div>              <\/div>            <\/div>            <div class=\"bwg-title1\"><div class=\"bwg-title2\">Mini rando \u00e0 Brugheas le 31 octobre 2024<\/div><\/div>          <\/a>        <\/div>                <div class=\"bwg-item\">          <a class=\"bwg-a bwg-album bwg_album_2\"             href='\/index.php?rest_route=%2Fwp%2Fv2%2Fpages%2F4822&#038;type_2=gallery&#038;album_gallery_id_2=922'                          data-container_id=\"bwg_album_compact_2\"             data-def_type=\"gallery\"             data-album_gallery_id=\"57\"             data-alb_gal_id=\"922\"             data-title=\"Rando journ\u00e9e au Breuil le 31 octobre 2024\"             data-bwg=\"2\">                        <div class=\"bwg-item0 lazy_loader\">              <div class=\"bwg-item1 \">                <div class=\"bwg-item2\">                  <img decoding=\"async\" class=\"skip-lazy  bwg_lazyload \"                       data-width=\"500.00\"                       data-height=\"333.00\"                       data-src=\"https:\/\/vichyrando.org\/wp-content\/uploads\/photo-gallery\/thumb\/2024-10-31-LeBreuil01.jpg?bwg=1730558940\"                       src=\"https:\/\/vichyrando.org\/wp-content\/plugins\/photo-gallery\/images\/lazy_placeholder.gif\"                       alt=\"Rando journ\u00e9e au Breuil le 31 octobre 2024\"                       title=\"Rando journ\u00e9e au Breuil le 31 octobre 2024\" \/>                <\/div>                <div class=\"\">                                  <\/div>              <\/div>            <\/div>            <div class=\"bwg-title1\"><div class=\"bwg-title2\">Rando journ\u00e9e au Breuil le 31 octobre 2024<\/div><\/div>          <\/a>        <\/div>            <\/div>          <input type=\"hidden\" id=\"bwg_album_breadcrumb_2\" name=\"bwg_album_breadcrumb_2\" value='[{&quot;id&quot;:&quot;57&quot;,&quot;page&quot;:1}]' \/>    <style>      \/*pagination styles*\/      #bwg_container1_2 #bwg_container2_2 .tablenav-pages_2 {\t\t\t\ttext-align: center;\t\t\t\tfont-size: 12px;\t\t\t\tfont-family: Ubuntu;\t\t\t\tfont-weight: bold;\t\t\t\tcolor: #666666;\t\t\t\tmargin: 6px 0 4px;\t\t\t\tdisplay: block;      }      @media only screen and (max-width : 320px) {      #bwg_container1_2 #bwg_container2_2 .displaying-num_2 {     \t display: none;      }      }      #bwg_container1_2 #bwg_container2_2 .displaying-num_2 {\t\t\t\tfont-size: 12px;\t\t\t\tfont-family: Ubuntu;\t\t\t\tfont-weight: bold;\t\t\t\tcolor: #666666;\t\t\t\tmargin-right: 10px;\t\t\t\tvertical-align: middle;      }      #bwg_container1_2 #bwg_container2_2 .paging-input_2 {\t\t\t\tfont-size: 12px;\t\t\t\tfont-family: Ubuntu;\t\t\t\tfont-weight: bold;\t\t\t\tcolor: #666666;\t\t\t\tvertical-align: middle;      }      #bwg_container1_2 #bwg_container2_2 .tablenav-pages_2 a.disabled,      #bwg_container1_2 #bwg_container2_2 .tablenav-pages_2 a.disabled:hover,      #bwg_container1_2 #bwg_container2_2 .tablenav-pages_2 a.disabled:focus,\t\t\t#bwg_container1_2 #bwg_container2_2 .tablenav-pages_2 input.bwg_current_page {\t\t\t\tcursor: default;\t\t\t\tcolor: rgba(102, 102, 102, 0.5);      }      #bwg_container1_2 #bwg_container2_2 .tablenav-pages_2 a,      #bwg_container1_2 #bwg_container2_2 .tablenav-pages_2 input.bwg_current_page {\t\t\t\tcursor: pointer;\t\t\t\ttext-align: center;\t\t\t\tfont-size: 12px;\t\t\t\tfont-family: Ubuntu;\t\t\t\tfont-weight: bold;\t\t\t\tcolor: #666666;\t\t\t\ttext-decoration: none;\t\t\t\tpadding: 3px 6px;\t\t\t\tmargin: 0;\t\t\t\tborder-radius: 0;\t\t\t\tborder-style: solid;\t\t\t\tborder-width: 1px;\t\t\t\tborder-color: #E3E3E3;\t\t\t\t\t\t\t\tbackground-color: rgba(255, 255, 255, 1.00);\t\t\t\tbox-shadow: 0;\t\t\t\ttransition: all 0.3s ease 0s;-webkit-transition: all 0.3s ease 0s;      }      <\/style>      <span class=\"bwg_nav_cont_2\">              <div class=\"tablenav-pages_2\">                  <\/div>                <input type=\"hidden\" id=\"page_number_2\" name=\"page_number_2\" value=\"1\" \/>      <script type=\"text\/javascript\">        if( jQuery('.bwg_nav_cont_2').length > 1 ) {          jQuery('.bwg_nav_cont_2').first().remove()        }        function spider_page_2(cur, x, y, load_more) {          if (typeof load_more == \"undefined\") {            var load_more = false;          }          if (jQuery(cur).hasClass('disabled')) {            return false;          }          var items_county_2 = 1;          switch (y) {            case 1:              if (x >= items_county_2) {                document.getElementById('page_number_2').value = items_county_2;              }              else {                document.getElementById('page_number_2').value = x + 1;              }              break;            case 2:              document.getElementById('page_number_2').value = items_county_2;              break;            case -1:              if (x == 1) {                document.getElementById('page_number_2').value = 1;              }              else {                document.getElementById('page_number_2').value = x - 1;              }              break;            case -2:              document.getElementById('page_number_2').value = 1;              break;\t\t\t\t\t\tcase 0:              document.getElementById('page_number_2').value = x;              break;            default:              document.getElementById('page_number_2').value = 1;          }          bwg_ajax('gal_front_form_2', '2', 'bwg_album_compact_2', '57', '', 'album', 0, '', '', load_more, '', 1);        }                    jQuery('.first-page-2').on('click', function () {              spider_page_2(this, 1, -2, 'numeric');              return false;            });            jQuery('.prev-page-2').on('click', function () {              spider_page_2(this, 1, -1, 'numeric');              return false;            });            jQuery('.next-page-2').on('click', function () {              spider_page_2(this, 1, 1, 'numeric');              return false;            });            jQuery('.last-page-2').on('click', function () {              spider_page_2(this, 1, 2, 'numeric');              return false;            });        \t\t\t\t\/* Change page on input enter. *\/        function bwg_change_page_2( e, that ) {          if (  e.key == 'Enter' ) {            var to_page = parseInt(jQuery(that).val());            var pages_count = jQuery(that).parents(\".pagination-links\").data(\"pages-count\");            var current_url_param = jQuery(that).attr('data-url-info');            if (to_page > pages_count) {              to_page = 1;            }\t \t\t\t\t\t\t\t\t\t\t\t\tspider_page_2(this, to_page, 0, 'numeric');\t\t\t\t\t\t\treturn false;\t\t\t\t\t\t          }          return true;        }        jQuery('.bwg_load_btn_2').on('click', function () {            spider_page_2(this, 1, 1, true);            return false;        });      <\/script>      <\/span>                <\/div>        <\/form>        <style>          #bwg_container1_2 #bwg_container2_2 #spider_popup_overlay_2 {          background-color: #EEEEEE;          opacity: 0.60;          }          <\/style>        <div id=\"bwg_spider_popup_loading_2\" class=\"bwg_spider_popup_loading\"><\/div>        <div id=\"spider_popup_overlay_2\" class=\"spider_popup_overlay\" onclick=\"spider_destroypopup(1000)\"><\/div>        <input type=\"hidden\" id=\"bwg_random_seed_2\" value=\"388893718\">                <\/div>    <\/div>    <script>      if (document.readyState === 'complete') {        if( typeof bwg_main_ready == 'function' ) {          if ( jQuery(\"#bwg_container1_2\").height() ) {            bwg_main_ready(jQuery(\"#bwg_container1_2\"));          }        }      } else {        document.addEventListener('DOMContentLoaded', function() {          if( typeof bwg_main_ready == 'function' ) {            if ( jQuery(\"#bwg_container1_2\").height() ) {             bwg_main_ready(jQuery(\"#bwg_container1_2\"));            }          }        });      }    <\/script>    \t\t<\/div>\n\t\t\t\t<\/div>\n\t\t\t\t\t<\/div>\n\t\t<\/div>\n\t\t\t\t\t<\/div>\n\t\t<\/section>\n\t\t\t\t<section class=\"elementor-section elementor-top-section elementor-element elementor-element-dba95a9 elementor-section-boxed elementor-section-height-default elementor-section-height-default\" data-id=\"dba95a9\" data-element_type=\"section\">\n\t\t\t\t\t\t<div class=\"elementor-container elementor-column-gap-default\">\n\t\t\t\t\t<div class=\"elementor-column elementor-col-100 elementor-top-column elementor-element elementor-element-3afe2c5\" data-id=\"3afe2c5\" data-element_type=\"column\">\n\t\t\t<div class=\"elementor-widget-wrap elementor-element-populated\">\n\t\t\t\t\t\t<div class=\"elementor-element elementor-element-d19dac0 elementor-widget elementor-widget-bwg-elementor\" data-id=\"d19dac0\" data-element_type=\"widget\" data-widget_type=\"bwg-elementor.default\">\n\t\t\t\t<div class=\"elementor-widget-container\">\n\t\t\t<style id=\"bwg-style-3\">    #bwg_container1_3 #bwg_container2_3 .bwg-container-3.bwg-album-thumbnails {    width: 1254px;    justify-content: center;            justify-content: center;        margin:0 auto !important;          background-color: rgba(255, 255, 255, 0.00);          padding-left: 4px;      padding-top: 4px;      max-width: 100%;          }        #bwg_container1_3 #bwg_container2_3 .bwg-container-3.bwg-album-thumbnails .bwg-item {    justify-content: flex-start;    max-width: 250px;        }    #bwg_container1_3 #bwg_container2_3 .bwg-container-3.bwg-album-thumbnails .bwg-item a {      margin-right: 4px;      margin-bottom: 4px;    }    #bwg_container1_3 #bwg_container2_3 .bwg-container-3.bwg-album-thumbnails .bwg-item0 {      padding: 0px;            background-color:rgba(0,0,0, 0.30);      border: 0px none #CCCCCC;      opacity: 1.00;      border-radius: 0;      box-shadow: 0px 0px 0px #888888;    }    #bwg_container1_3 #bwg_container2_3 .bwg-container-3.bwg-album-thumbnails .bwg-item1 img {      max-height: none;      max-width: none;      padding: 0 !important;    }          @media only screen and (min-width: 480px) {      #bwg_container1_3 #bwg_container2_3 .bwg-container-3.bwg-album-thumbnails .bwg-item1 img {      -webkit-transition: all .3s; transition: all .3s;      }      #bwg_container1_3 #bwg_container2_3 .bwg-container-3.bwg-album-thumbnails .bwg-item1 img:hover {        -ms-transform: scale(1.08);        -webkit-transform: scale(1.08);        transform: scale(1.08);      }            }          #bwg_container1_3 #bwg_container2_3 .bwg-container-3.bwg-album-thumbnails .bwg-item1 {      padding-top: 56%;    }        #bwg_container1_3 #bwg_container2_3 .bwg-container-3.bwg-album-thumbnails .bwg-title2 {      color: #323A45;      font-family: Ubuntu;      font-size: 16px;      font-weight: bold;      padding: 2px;      text-shadow: 0px 0px 0px #888888;      max-height: 100%;    }        #bwg_container1_3 #bwg_container2_3 .bwg-container-3.bwg-standard-thumbnails {      width: 1254px;              justify-content: center;        margin:0 auto !important;              background-color: rgba(255, 255, 255, 0.00);            padding-left: 4px;      padding-top: 4px;      max-width: 100%;            }        #bwg_container1_3 #bwg_container2_3 .bwg-container-3.bwg-standard-thumbnails .bwg-item {    justify-content: flex-start;      max-width: 250px;          }    #bwg_container1_3 #bwg_container2_3 .bwg-container-3.bwg-standard-thumbnails .bwg-item a {       margin-right: 4px;       margin-bottom: 4px;    }    #bwg_container1_3 #bwg_container2_3 .bwg-container-3.bwg-standard-thumbnails .bwg-item0 {      padding: 0px;            background-color:rgba(0,0,0, 0.30);      border: 0px none #CCCCCC;      opacity: 1.00;      border-radius: 0;      box-shadow: 0px 0px 0px #888888;    }    #bwg_container1_3 #bwg_container2_3 .bwg-container-3.bwg-standard-thumbnails .bwg-item1 img {      max-height: none;      max-width: none;      padding: 0 !important;    }         @media only screen and (min-width: 480px) {\t\t#bwg_container1_3 #bwg_container2_3 .bwg-container-3.bwg-standard-thumbnails .bwg-item1 img {\t\t\t-webkit-transition: all .3s; transition: all .3s;\t\t}\t\t#bwg_container1_3 #bwg_container2_3 .bwg-container-3.bwg-standard-thumbnails .bwg-item1 img:hover {\t\t\t-ms-transform: scale(1.08);\t\t\t-webkit-transform: scale(1.08);\t\t\ttransform: scale(1.08);\t\t}\t\t      }\t    #bwg_container1_3 #bwg_container2_3 .bwg-container-3.bwg-standard-thumbnails .bwg-item1 {      padding-top: 56%;    }        #bwg_container1_3 #bwg_container2_3 .bwg-container-3.bwg-standard-thumbnails .bwg-title2,    #bwg_container1_3 #bwg_container2_3 .bwg-container-3.bwg-standard-thumbnails .bwg-ecommerce2 {      color: #323A45;      font-family: Ubuntu;      font-size: 16px;      font-weight: bold;      padding: 2px;      text-shadow: 0px 0px 0px #888888;      max-height: 100%;    }    #bwg_container1_3 #bwg_container2_3 .bwg-container-3.bwg-standard-thumbnails .bwg-thumb-description span {    color: #323A45;    font-family: Ubuntu;    font-size: 12px;    max-height: 100%;    word-wrap: break-word;    }    #bwg_container1_3 #bwg_container2_3 .bwg-container-3.bwg-standard-thumbnails .bwg-play-icon2 {      font-size: 32px;    }    #bwg_container1_3 #bwg_container2_3 .bwg-container-3.bwg-standard-thumbnails .bwg-ecommerce2 {      font-size: 19.2px;      color: #323A45;    }    <\/style>    <div id=\"bwg_container1_3\"         class=\"bwg_container bwg_thumbnail bwg_album_compact_preview bwg_thumbnail\"         data-right-click-protection=\"0\"         data-bwg=\"3\"         data-scroll=\"0\"         data-gallery-type=\"album_compact_preview\"         data-gallery-view-type=\"thumbnail\"         data-current-url=\"\/index.php?rest_route=%2Fwp%2Fv2%2Fpages%2F4822\"         data-lightbox-url=\"https:\/\/vichyrando.org\/wp-admin\/admin-ajax.php?action=GalleryBox&#038;current_view=3&#038;gallery_id=0&#038;tag=0&#038;theme_id=1&#038;shortcode_id=1079&#038;sort_by=order&#038;order_by=asc&#038;current_url=%2Findex.php%3Frest_route%3D%252Fwp%252Fv2%252Fpages%252F4822\"         data-gallery-id=\"0\"         data-popup-width=\"800\"         data-popup-height=\"500\"         data-is-album=\"album\"         data-buttons-position=\"bottom\">      <div id=\"bwg_container2_3\">             <div id=\"ajax_loading_3\" class=\"bwg_loading_div_1\">      <div class=\"bwg_loading_div_2\">        <div class=\"bwg_loading_div_3\">          <div id=\"loading_div_3\" class=\"bwg_spider_ajax_loading\">          <\/div>        <\/div>      <\/div>    <\/div>            <form id=\"gal_front_form_3\"              class=\"bwg-hidden\"              method=\"post\"              action=\"#\"              data-current=\"3\"              data-shortcode-id=\"1079\"              data-gallery-type=\"album_compact_preview\"              data-gallery-id=\"0\"              data-tag=\"0\"              data-album-id=\"56\"              data-theme-id=\"1\"              data-ajax-url=\"https:\/\/vichyrando.org\/wp-admin\/admin-ajax.php?action=bwg_frontend_data\">          <div id=\"bwg_container3_3\" class=\"bwg-background bwg-background-3\">            <style>        #bwg_container1_3 #bwg_container2_3 .bwg_gal_title_3 {          display: block;          padding: 0 2px 2px 2px;          background-color: rgba(0, 0, 0, 0);          line-height: 20px;          font-family: Ubuntu;          font-size: 18px;          font-weight: bold;          color: #323A45;          text-shadow: 0px 0px 0px #888888;          text-align: center;        }        #bwg_container1_3 #bwg_container2_3 .bwg_gal_description_3 {          margin: 20px 0;          word-break: break-word;          text-align: justify;          font-size: 15px;          font-weight: unset;        }        <\/style>        <div class=\"bwg_gal_title_3\">Septembre 2024<\/div>            <div data-max-count=\"5\"         data-thumbnail-width=\"250\"         data-bwg=\"3\"         id=\"bwg_album_compact_3\"         class=\"bwg-thumbnails bwg-container bwg-container-3 bwg-album-thumbnails bwg_album_thumbnails_3\">              <div class=\"bwg-item\">          <a class=\"bwg-a bwg-album bwg_album_3\"             href='\/index.php?rest_route=%2Fwp%2Fv2%2Fpages%2F4822&#038;type_3=gallery&#038;album_gallery_id_3=875'                          data-container_id=\"bwg_album_compact_3\"             data-def_type=\"gallery\"             data-album_gallery_id=\"56\"             data-alb_gal_id=\"875\"             data-title=\"Rando 1\/2 journ\u00e9e \u00e0 Bost le 3 septembre 2024\"             data-bwg=\"3\">                        <div class=\"bwg-item0 lazy_loader\">              <div class=\"bwg-item1 \">                <div class=\"bwg-item2\">                  <img decoding=\"async\" class=\"skip-lazy  bwg_lazyload \"                       data-width=\"500.00\"                       data-height=\"225.00\"                       data-src=\"https:\/\/vichyrando.org\/wp-content\/uploads\/photo-gallery\/thumb\/2024-09-03-Bost03.jpg?bwg=1725890702\"                       src=\"https:\/\/vichyrando.org\/wp-content\/plugins\/photo-gallery\/images\/lazy_placeholder.gif\"                       alt=\"Rando 1\/2 journ\u00e9e \u00e0 Bost le 3 septembre 2024\"                       title=\"Rando 1\/2 journ\u00e9e \u00e0 Bost le 3 septembre 2024\" \/>                <\/div>                <div class=\"\">                                  <\/div>              <\/div>            <\/div>            <div class=\"bwg-title1\"><div class=\"bwg-title2\">Rando 1\/2 journ\u00e9e \u00e0 Bost le 3 septembre 2024<\/div><\/div>          <\/a>        <\/div>                <div class=\"bwg-item\">          <a class=\"bwg-a bwg-album bwg_album_3\"             href='\/index.php?rest_route=%2Fwp%2Fv2%2Fpages%2F4822&#038;type_3=gallery&#038;album_gallery_id_3=876'                          data-container_id=\"bwg_album_compact_3\"             data-def_type=\"gallery\"             data-album_gallery_id=\"56\"             data-alb_gal_id=\"876\"             data-title=\"Journ\u00e9e marche sportive \u00e0 Louroux de Bouble le 3 septembre 2024\"             data-bwg=\"3\">                        <div class=\"bwg-item0 lazy_loader\">              <div class=\"bwg-item1 \">                <div class=\"bwg-item2\">                  <img decoding=\"async\" class=\"skip-lazy  bwg_lazyload \"                       data-width=\"500.00\"                       data-height=\"375.00\"                       data-src=\"https:\/\/vichyrando.org\/wp-content\/uploads\/photo-gallery\/thumb\/2024-09-03-Louroux17.jpg?bwg=1725891183\"                       src=\"https:\/\/vichyrando.org\/wp-content\/plugins\/photo-gallery\/images\/lazy_placeholder.gif\"                       alt=\"Journ\u00e9e marche sportive \u00e0 Louroux de Bouble le 3 septembre 2024\"                       title=\"Journ\u00e9e marche sportive \u00e0 Louroux de Bouble le 3 septembre 2024\" \/>                <\/div>                <div class=\"\">                                  <\/div>              <\/div>            <\/div>            <div class=\"bwg-title1\"><div class=\"bwg-title2\">Journ\u00e9e marche sportive \u00e0 Louroux de Bouble le 3 septembre 2024<\/div><\/div>          <\/a>        <\/div>                <div class=\"bwg-item\">          <a class=\"bwg-a bwg-album bwg_album_3\"             href='\/index.php?rest_route=%2Fwp%2Fv2%2Fpages%2F4822&#038;type_3=gallery&#038;album_gallery_id_3=877'                          data-container_id=\"bwg_album_compact_3\"             data-def_type=\"gallery\"             data-album_gallery_id=\"56\"             data-alb_gal_id=\"877\"             data-title=\"Journ\u00e9e rando \u00e0 La Chabanne avec le Pied de St Cloud le 4 septembre 2024\"             data-bwg=\"3\">                        <div class=\"bwg-item0 lazy_loader\">              <div class=\"bwg-item1 \">                <div class=\"bwg-item2\">                  <img decoding=\"async\" class=\"skip-lazy  bwg_lazyload \"                       data-width=\"500.00\"                       data-height=\"243.00\"                       data-src=\"https:\/\/vichyrando.org\/wp-content\/uploads\/photo-gallery\/thumb\/2024-09-04-LaChabanne05.jpg?bwg=1725891289\"                       src=\"https:\/\/vichyrando.org\/wp-content\/plugins\/photo-gallery\/images\/lazy_placeholder.gif\"                       alt=\"Journ\u00e9e rando \u00e0 La Chabanne avec le Pied de St Cloud le 4 septembre 2024\"                       title=\"Journ\u00e9e rando \u00e0 La Chabanne avec le Pied de St Cloud le 4 septembre 2024\" \/>                <\/div>                <div class=\"\">                                  <\/div>              <\/div>            <\/div>            <div class=\"bwg-title1\"><div class=\"bwg-title2\">Journ\u00e9e rando \u00e0 La Chabanne avec le Pied de St Cloud le 4 septembre 2024<\/div><\/div>          <\/a>        <\/div>                <div class=\"bwg-item\">          <a class=\"bwg-a bwg-album bwg_album_3\"             href='\/index.php?rest_route=%2Fwp%2Fv2%2Fpages%2F4822&#038;type_3=gallery&#038;album_gallery_id_3=878'                          data-container_id=\"bwg_album_compact_3\"             data-def_type=\"gallery\"             data-album_gallery_id=\"56\"             data-alb_gal_id=\"878\"             data-title=\"Mini rando \u00e0 Isserpent le 5 septembre 2024\"             data-bwg=\"3\">                        <div class=\"bwg-item0 lazy_loader\">              <div class=\"bwg-item1 \">                <div class=\"bwg-item2\">                  <img decoding=\"async\" class=\"skip-lazy  bwg_lazyload \"                       data-width=\"500.00\"                       data-height=\"313.00\"                       data-src=\"https:\/\/vichyrando.org\/wp-content\/uploads\/photo-gallery\/thumb\/2024-09-05-Isserpent04.jpg?bwg=1725891503\"                       src=\"https:\/\/vichyrando.org\/wp-content\/plugins\/photo-gallery\/images\/lazy_placeholder.gif\"                       alt=\"Mini rando \u00e0 Isserpent le 5 septembre 2024\"                       title=\"Mini rando \u00e0 Isserpent le 5 septembre 2024\" \/>                <\/div>                <div class=\"\">                                  <\/div>              <\/div>            <\/div>            <div class=\"bwg-title1\"><div class=\"bwg-title2\">Mini rando \u00e0 Isserpent le 5 septembre 2024<\/div><\/div>          <\/a>        <\/div>                <div class=\"bwg-item\">          <a class=\"bwg-a bwg-album bwg_album_3\"             href='\/index.php?rest_route=%2Fwp%2Fv2%2Fpages%2F4822&#038;type_3=gallery&#038;album_gallery_id_3=879'                          data-container_id=\"bwg_album_compact_3\"             data-def_type=\"gallery\"             data-album_gallery_id=\"56\"             data-alb_gal_id=\"879\"             data-title=\"Rencontre avec le Pied de St-Cloud \u00e0 Vichy le 5 septembre 2024\"             data-bwg=\"3\">                        <div class=\"bwg-item0 lazy_loader\">              <div class=\"bwg-item1 \">                <div class=\"bwg-item2\">                  <img decoding=\"async\" class=\"skip-lazy  bwg_lazyload \"                       data-width=\"500.00\"                       data-height=\"255.00\"                       data-src=\"https:\/\/vichyrando.org\/wp-content\/uploads\/photo-gallery\/thumb\/2024-09-05-LePied01.jpg?bwg=1725891582\"                       src=\"https:\/\/vichyrando.org\/wp-content\/plugins\/photo-gallery\/images\/lazy_placeholder.gif\"                       alt=\"Rencontre avec le Pied de St-Cloud \u00e0 Vichy le 5 septembre 2024\"                       title=\"Rencontre avec le Pied de St-Cloud \u00e0 Vichy le 5 septembre 2024\" \/>                <\/div>                <div class=\"\">                                  <\/div>              <\/div>            <\/div>            <div class=\"bwg-title1\"><div class=\"bwg-title2\">Rencontre avec le Pied de St-Cloud \u00e0 Vichy le 5 septembre 2024<\/div><\/div>          <\/a>        <\/div>                <div class=\"bwg-item\">          <a class=\"bwg-a bwg-album bwg_album_3\"             href='\/index.php?rest_route=%2Fwp%2Fv2%2Fpages%2F4822&#038;type_3=gallery&#038;album_gallery_id_3=880'                          data-container_id=\"bwg_album_compact_3\"             data-def_type=\"gallery\"             data-album_gallery_id=\"56\"             data-alb_gal_id=\"880\"             data-title=\"Forum des associations \u00e0 Vichy le 6 septembre 2024\"             data-bwg=\"3\">                        <div class=\"bwg-item0 lazy_loader\">              <div class=\"bwg-item1 \">                <div class=\"bwg-item2\">                  <img decoding=\"async\" class=\"skip-lazy  bwg_lazyload \"                       data-width=\"500.00\"                       data-height=\"375.00\"                       data-src=\"https:\/\/vichyrando.org\/wp-content\/uploads\/photo-gallery\/thumb\/2024-09-07-Forum04.jpg?bwg=1725891662\"                       src=\"https:\/\/vichyrando.org\/wp-content\/plugins\/photo-gallery\/images\/lazy_placeholder.gif\"                       alt=\"Forum des associations \u00e0 Vichy le 6 septembre 2024\"                       title=\"Forum des associations \u00e0 Vichy le 6 septembre 2024\" \/>                <\/div>                <div class=\"\">                                  <\/div>              <\/div>            <\/div>            <div class=\"bwg-title1\"><div class=\"bwg-title2\">Forum des associations \u00e0 Vichy le 6 septembre 2024<\/div><\/div>          <\/a>        <\/div>                <div class=\"bwg-item\">          <a class=\"bwg-a bwg-album bwg_album_3\"             href='\/index.php?rest_route=%2Fwp%2Fv2%2Fpages%2F4822&#038;type_3=gallery&#038;album_gallery_id_3=882'                          data-container_id=\"bwg_album_compact_3\"             data-def_type=\"gallery\"             data-album_gallery_id=\"56\"             data-alb_gal_id=\"882\"             data-title=\"S\u00e9jour dans le Cantal (autour de Murat 15) le 9 septembre 2024\"             data-bwg=\"3\">                        <div class=\"bwg-item0 lazy_loader\">              <div class=\"bwg-item1 \">                <div class=\"bwg-item2\">                  <img decoding=\"async\" class=\"skip-lazy  bwg_lazyload \"                       data-width=\"500.00\"                       data-height=\"375.00\"                       data-src=\"https:\/\/vichyrando.org\/wp-content\/uploads\/photo-gallery\/thumb\/2024-09-09-Murat18.jpg?bwg=1726159304\"                       src=\"https:\/\/vichyrando.org\/wp-content\/plugins\/photo-gallery\/images\/lazy_placeholder.gif\"                       alt=\"S\u00e9jour dans le Cantal (autour de Murat 15) le 9 septembre 2024\"                       title=\"S\u00e9jour dans le Cantal (autour de Murat 15) le 9 septembre 2024\" \/>                <\/div>                <div class=\"\">                                  <\/div>              <\/div>            <\/div>            <div class=\"bwg-title1\"><div class=\"bwg-title2\">S\u00e9jour dans le Cantal (autour de Murat 15) le 9 septembre 2024<\/div><\/div>          <\/a>        <\/div>                <div class=\"bwg-item\">          <a class=\"bwg-a bwg-album bwg_album_3\"             href='\/index.php?rest_route=%2Fwp%2Fv2%2Fpages%2F4822&#038;type_3=gallery&#038;album_gallery_id_3=883'                          data-container_id=\"bwg_album_compact_3\"             data-def_type=\"gallery\"             data-album_gallery_id=\"56\"             data-alb_gal_id=\"883\"             data-title=\"S\u00e9jour dans le Cantal (le Plomb du Cantal) le 10 septembre 2024\"             data-bwg=\"3\">                        <div class=\"bwg-item0 lazy_loader\">              <div class=\"bwg-item1 \">                <div class=\"bwg-item2\">                  <img decoding=\"async\" class=\"skip-lazy  bwg_lazyload \"                       data-width=\"500.00\"                       data-height=\"312.00\"                       data-src=\"https:\/\/vichyrando.org\/wp-content\/uploads\/photo-gallery\/thumb\/2024-09-10-Plomb06.jpg?bwg=1726333290\"                       src=\"https:\/\/vichyrando.org\/wp-content\/plugins\/photo-gallery\/images\/lazy_placeholder.gif\"                       alt=\"S\u00e9jour dans le Cantal (le Plomb du Cantal) le 10 septembre 2024\"                       title=\"S\u00e9jour dans le Cantal (le Plomb du Cantal) le 10 septembre 2024\" \/>                <\/div>                <div class=\"\">                                  <\/div>              <\/div>            <\/div>            <div class=\"bwg-title1\"><div class=\"bwg-title2\">S\u00e9jour dans le Cantal (le Plomb du Cantal) le 10 septembre 2024<\/div><\/div>          <\/a>        <\/div>                <div class=\"bwg-item\">          <a class=\"bwg-a bwg-album bwg_album_3\"             href='\/index.php?rest_route=%2Fwp%2Fv2%2Fpages%2F4822&#038;type_3=gallery&#038;album_gallery_id_3=881'                          data-container_id=\"bwg_album_compact_3\"             data-def_type=\"gallery\"             data-album_gallery_id=\"56\"             data-alb_gal_id=\"881\"             data-title=\"Rando 1\/2 journ\u00e9e \u00e0 Montaigu le Blin le 10 septembre 2024\"             data-bwg=\"3\">                        <div class=\"bwg-item0 lazy_loader\">              <div class=\"bwg-item1 \">                <div class=\"bwg-item2\">                  <img decoding=\"async\" class=\"skip-lazy  bwg_lazyload \"                       data-width=\"500.00\"                       data-height=\"225.00\"                       data-src=\"https:\/\/vichyrando.org\/wp-content\/uploads\/photo-gallery\/thumb\/2024-09-10-Montaigu16.jpg?bwg=1726040604\"                       src=\"https:\/\/vichyrando.org\/wp-content\/plugins\/photo-gallery\/images\/lazy_placeholder.gif\"                       alt=\"Rando 1\/2 journ\u00e9e \u00e0 Montaigu le Blin le 10 septembre 2024\"                       title=\"Rando 1\/2 journ\u00e9e \u00e0 Montaigu le Blin le 10 septembre 2024\" \/>                <\/div>                <div class=\"\">                                  <\/div>              <\/div>            <\/div>            <div class=\"bwg-title1\"><div class=\"bwg-title2\">Rando 1\/2 journ\u00e9e \u00e0 Montaigu le Blin le 10 septembre 2024<\/div><\/div>          <\/a>        <\/div>                <div class=\"bwg-item\">          <a class=\"bwg-a bwg-album bwg_album_3\"             href='\/index.php?rest_route=%2Fwp%2Fv2%2Fpages%2F4822&#038;type_3=gallery&#038;album_gallery_id_3=884'                          data-container_id=\"bwg_album_compact_3\"             data-def_type=\"gallery\"             data-album_gallery_id=\"56\"             data-alb_gal_id=\"884\"             data-title=\"S\u00e9jour dans le Cantal (Chalinargues 15) le 11 septembre 2024\"             data-bwg=\"3\">                        <div class=\"bwg-item0 lazy_loader\">              <div class=\"bwg-item1 \">                <div class=\"bwg-item2\">                  <img decoding=\"async\" class=\"skip-lazy  bwg_lazyload \"                       data-width=\"500.00\"                       data-height=\"375.00\"                       data-src=\"https:\/\/vichyrando.org\/wp-content\/uploads\/photo-gallery\/thumb\/2024-09-11-Chalinargues15.jpg?bwg=1726389127\"                       src=\"https:\/\/vichyrando.org\/wp-content\/plugins\/photo-gallery\/images\/lazy_placeholder.gif\"                       alt=\"S\u00e9jour dans le Cantal (Chalinargues 15) le 11 septembre 2024\"                       title=\"S\u00e9jour dans le Cantal (Chalinargues 15) le 11 septembre 2024\" \/>                <\/div>                <div class=\"\">                                  <\/div>              <\/div>            <\/div>            <div class=\"bwg-title1\"><div class=\"bwg-title2\">S\u00e9jour dans le Cantal (Chalinargues 15) le 11 septembre 2024<\/div><\/div>          <\/a>        <\/div>                <div class=\"bwg-item\">          <a class=\"bwg-a bwg-album bwg_album_3\"             href='\/index.php?rest_route=%2Fwp%2Fv2%2Fpages%2F4822&#038;type_3=gallery&#038;album_gallery_id_3=885'                          data-container_id=\"bwg_album_compact_3\"             data-def_type=\"gallery\"             data-album_gallery_id=\"56\"             data-alb_gal_id=\"885\"             data-title=\"Mini rando \u00e0 Creuzier le Vieux le 12 septembre 2024\"             data-bwg=\"3\">                        <div class=\"bwg-item0 lazy_loader\">              <div class=\"bwg-item1 \">                <div class=\"bwg-item2\">                  <img decoding=\"async\" class=\"skip-lazy  bwg_lazyload \"                       data-width=\"500.00\"                       data-height=\"280.00\"                       data-src=\"https:\/\/vichyrando.org\/wp-content\/uploads\/photo-gallery\/thumb\/2024-09-12-Creuzier03.jpg?bwg=1726389240\"                       src=\"https:\/\/vichyrando.org\/wp-content\/plugins\/photo-gallery\/images\/lazy_placeholder.gif\"                       alt=\"Mini rando \u00e0 Creuzier le Vieux le 12 septembre 2024\"                       title=\"Mini rando \u00e0 Creuzier le Vieux le 12 septembre 2024\" \/>                <\/div>                <div class=\"\">                                  <\/div>              <\/div>            <\/div>            <div class=\"bwg-title1\"><div class=\"bwg-title2\">Mini rando \u00e0 Creuzier le Vieux le 12 septembre 2024<\/div><\/div>          <\/a>        <\/div>                <div class=\"bwg-item\">          <a class=\"bwg-a bwg-album bwg_album_3\"             href='\/index.php?rest_route=%2Fwp%2Fv2%2Fpages%2F4822&#038;type_3=gallery&#038;album_gallery_id_3=886'                          data-container_id=\"bwg_album_compact_3\"             data-def_type=\"gallery\"             data-album_gallery_id=\"56\"             data-alb_gal_id=\"886\"             data-title=\"Rando 1\/2 journ\u00e9e \u00e0 Pasli\u00e8res (63) le 12 septembre 2024\"             data-bwg=\"3\">                        <div class=\"bwg-item0 lazy_loader\">              <div class=\"bwg-item1 \">                <div class=\"bwg-item2\">                  <img decoding=\"async\" class=\"skip-lazy  bwg_lazyload \"                       data-width=\"500.00\"                       data-height=\"260.00\"                       data-src=\"https:\/\/vichyrando.org\/wp-content\/uploads\/photo-gallery\/thumb\/2024-09-12-Paslieres01.jpg?bwg=1726389326\"                       src=\"https:\/\/vichyrando.org\/wp-content\/plugins\/photo-gallery\/images\/lazy_placeholder.gif\"                       alt=\"Rando 1\/2 journ\u00e9e \u00e0 Pasli\u00e8res (63) le 12 septembre 2024\"                       title=\"Rando 1\/2 journ\u00e9e \u00e0 Pasli\u00e8res (63) le 12 septembre 2024\" \/>                <\/div>                <div class=\"\">                                  <\/div>              <\/div>            <\/div>            <div class=\"bwg-title1\"><div class=\"bwg-title2\">Rando 1\/2 journ\u00e9e \u00e0 Pasli\u00e8res (63) le 12 septembre 2024<\/div><\/div>          <\/a>        <\/div>                <div class=\"bwg-item\">          <a class=\"bwg-a bwg-album bwg_album_3\"             href='\/index.php?rest_route=%2Fwp%2Fv2%2Fpages%2F4822&#038;type_3=gallery&#038;album_gallery_id_3=887'                          data-container_id=\"bwg_album_compact_3\"             data-def_type=\"gallery\"             data-album_gallery_id=\"56\"             data-alb_gal_id=\"887\"             data-title=\"Sortie rando cano\u00eb St-Yorre Ris le 13 septembre 2024\"             data-bwg=\"3\">                        <div class=\"bwg-item0 lazy_loader\">              <div class=\"bwg-item1 \">                <div class=\"bwg-item2\">                  <img decoding=\"async\" class=\"skip-lazy  bwg_lazyload \"                       data-width=\"500.00\"                       data-height=\"225.00\"                       data-src=\"https:\/\/vichyrando.org\/wp-content\/uploads\/photo-gallery\/thumb\/2024-09-13-Canoe01.jpg?bwg=1726409507\"                       src=\"https:\/\/vichyrando.org\/wp-content\/plugins\/photo-gallery\/images\/lazy_placeholder.gif\"                       alt=\"Sortie rando cano\u00eb St-Yorre Ris le 13 septembre 2024\"                       title=\"Sortie rando cano\u00eb St-Yorre Ris le 13 septembre 2024\" \/>                <\/div>                <div class=\"\">                                  <\/div>              <\/div>            <\/div>            <div class=\"bwg-title1\"><div class=\"bwg-title2\">Sortie rando cano\u00eb St-Yorre Ris le 13 septembre 2024<\/div><\/div>          <\/a>        <\/div>                <div class=\"bwg-item\">          <a class=\"bwg-a bwg-album bwg_album_3\"             href='\/index.php?rest_route=%2Fwp%2Fv2%2Fpages%2F4822&#038;type_3=gallery&#038;album_gallery_id_3=888'                          data-container_id=\"bwg_album_compact_3\"             data-def_type=\"gallery\"             data-album_gallery_id=\"56\"             data-alb_gal_id=\"888\"             data-title=\"Randonn\u00e9es du Comit\u00e9 d\u00e9partemental de l&#039;Allier avec rencontre des clubs de marche nordique \u00e0 Cosne d&#039;Allier le 14 septembre 2024\"             data-bwg=\"3\">                        <div class=\"bwg-item0 lazy_loader\">              <div class=\"bwg-item1 \">                <div class=\"bwg-item2\">                  <img decoding=\"async\" class=\"skip-lazy  bwg_lazyload \"                       data-width=\"500.00\"                       data-height=\"225.00\"                       data-src=\"https:\/\/vichyrando.org\/wp-content\/uploads\/photo-gallery\/thumb\/20240914_093251.jpg?bwg=1726416442\"                       src=\"https:\/\/vichyrando.org\/wp-content\/plugins\/photo-gallery\/images\/lazy_placeholder.gif\"                       alt=\"Randonn\u00e9es du Comit\u00e9 d\u00e9partemental de l&#039;Allier avec rencontre des clubs de marche nordique \u00e0 Cosne d&#039;Allier le 14 septembre 2024\"                       title=\"Randonn\u00e9es du Comit\u00e9 d\u00e9partemental de l&#039;Allier avec rencontre des clubs de marche nordique \u00e0 Cosne d&#039;Allier le 14 septembre 2024\" \/>                <\/div>                <div class=\"\">                                  <\/div>              <\/div>            <\/div>            <div class=\"bwg-title1\"><div class=\"bwg-title2\">Randonn\u00e9es du Comit\u00e9 d\u00e9partemental de l'Allier avec rencontre des clubs de marche nordique \u00e0 Cosne d'Allier le 14 septembre 2024<\/div><\/div>          <\/a>        <\/div>                <div class=\"bwg-item\">          <a class=\"bwg-a bwg-album bwg_album_3\"             href='\/index.php?rest_route=%2Fwp%2Fv2%2Fpages%2F4822&#038;type_3=gallery&#038;album_gallery_id_3=889'                          data-container_id=\"bwg_album_compact_3\"             data-def_type=\"gallery\"             data-album_gallery_id=\"56\"             data-alb_gal_id=\"889\"             data-title=\"Rando sant\u00e9 \u00e0 Saint-Yorre le 16 septembre 2024\"             data-bwg=\"3\">                        <div class=\"bwg-item0 lazy_loader\">              <div class=\"bwg-item1 \">                <div class=\"bwg-item2\">                  <img decoding=\"async\" class=\"skip-lazy  bwg_lazyload \"                       data-width=\"500.00\"                       data-height=\"375.00\"                       data-src=\"https:\/\/vichyrando.org\/wp-content\/uploads\/photo-gallery\/thumb\/2024-09-16-StYorre05.jpg?bwg=1726486867\"                       src=\"https:\/\/vichyrando.org\/wp-content\/plugins\/photo-gallery\/images\/lazy_placeholder.gif\"                       alt=\"Rando sant\u00e9 \u00e0 Saint-Yorre le 16 septembre 2024\"                       title=\"Rando sant\u00e9 \u00e0 Saint-Yorre le 16 septembre 2024\" \/>                <\/div>                <div class=\"\">                                  <\/div>              <\/div>            <\/div>            <div class=\"bwg-title1\"><div class=\"bwg-title2\">Rando sant\u00e9 \u00e0 Saint-Yorre le 16 septembre 2024<\/div><\/div>          <\/a>        <\/div>                <div class=\"bwg-item\">          <a class=\"bwg-a bwg-album bwg_album_3\"             href='\/index.php?rest_route=%2Fwp%2Fv2%2Fpages%2F4822&#038;type_3=gallery&#038;album_gallery_id_3=892'                          data-container_id=\"bwg_album_compact_3\"             data-def_type=\"gallery\"             data-album_gallery_id=\"56\"             data-alb_gal_id=\"892\"             data-title=\"R\u00e9union de pr\u00e9paration de la Rando Party au Vernet le 16 septembre 2024\"             data-bwg=\"3\">                        <div class=\"bwg-item0 lazy_loader\">              <div class=\"bwg-item1 \">                <div class=\"bwg-item2\">                  <img decoding=\"async\" class=\"skip-lazy  bwg_lazyload \"                       data-width=\"500.00\"                       data-height=\"281.00\"                       data-src=\"https:\/\/vichyrando.org\/wp-content\/uploads\/photo-gallery\/thumb\/2024-09-16-ReunionRP01.jpg?bwg=1726952555\"                       src=\"https:\/\/vichyrando.org\/wp-content\/plugins\/photo-gallery\/images\/lazy_placeholder.gif\"                       alt=\"R\u00e9union de pr\u00e9paration de la Rando Party au Vernet le 16 septembre 2024\"                       title=\"R\u00e9union de pr\u00e9paration de la Rando Party au Vernet le 16 septembre 2024\" \/>                <\/div>                <div class=\"\">                                  <\/div>              <\/div>            <\/div>            <div class=\"bwg-title1\"><div class=\"bwg-title2\">R\u00e9union de pr\u00e9paration de la Rando Party au Vernet le 16 septembre 2024<\/div><\/div>          <\/a>        <\/div>                <div class=\"bwg-item\">          <a class=\"bwg-a bwg-album bwg_album_3\"             href='\/index.php?rest_route=%2Fwp%2Fv2%2Fpages%2F4822&#038;type_3=gallery&#038;album_gallery_id_3=894'                          data-container_id=\"bwg_album_compact_3\"             data-def_type=\"gallery\"             data-album_gallery_id=\"56\"             data-alb_gal_id=\"894\"             data-title=\"S\u00e9jour en Hte Loire Lavaudieu le 17 septembre 2024\"             data-bwg=\"3\">                        <div class=\"bwg-item0 lazy_loader\">              <div class=\"bwg-item1 \">                <div class=\"bwg-item2\">                  <img decoding=\"async\" class=\"skip-lazy  bwg_lazyload \"                       data-width=\"500.00\"                       data-height=\"225.00\"                       data-src=\"https:\/\/vichyrando.org\/wp-content\/uploads\/photo-gallery\/thumb\/2024-09-17-HteLoire06.jpg?bwg=1727121541\"                       src=\"https:\/\/vichyrando.org\/wp-content\/plugins\/photo-gallery\/images\/lazy_placeholder.gif\"                       alt=\"S\u00e9jour en Hte Loire Lavaudieu le 17 septembre 2024\"                       title=\"S\u00e9jour en Hte Loire Lavaudieu le 17 septembre 2024\" \/>                <\/div>                <div class=\"\">                                  <\/div>              <\/div>            <\/div>            <div class=\"bwg-title1\"><div class=\"bwg-title2\">S\u00e9jour en Hte Loire Lavaudieu le 17 septembre 2024<\/div><\/div>          <\/a>        <\/div>                <div class=\"bwg-item\">          <a class=\"bwg-a bwg-album bwg_album_3\"             href='\/index.php?rest_route=%2Fwp%2Fv2%2Fpages%2F4822&#038;type_3=gallery&#038;album_gallery_id_3=890'                          data-container_id=\"bwg_album_compact_3\"             data-def_type=\"gallery\"             data-album_gallery_id=\"56\"             data-alb_gal_id=\"890\"             data-title=\"Rando 1\/2 journ\u00e9e \u00e0 Louchy-Montfand le 17 septembre 2024\"             data-bwg=\"3\">                        <div class=\"bwg-item0 lazy_loader\">              <div class=\"bwg-item1 \">                <div class=\"bwg-item2\">                  <img decoding=\"async\" class=\"skip-lazy  bwg_lazyload \"                       data-width=\"500.00\"                       data-height=\"281.00\"                       data-src=\"https:\/\/vichyrando.org\/wp-content\/uploads\/photo-gallery\/thumb\/2024-09-17-Louchy05.jpg?bwg=1726952280\"                       src=\"https:\/\/vichyrando.org\/wp-content\/plugins\/photo-gallery\/images\/lazy_placeholder.gif\"                       alt=\"Rando 1\/2 journ\u00e9e \u00e0 Louchy-Montfand le 17 septembre 2024\"                       title=\"Rando 1\/2 journ\u00e9e \u00e0 Louchy-Montfand le 17 septembre 2024\" \/>                <\/div>                <div class=\"\">                                  <\/div>              <\/div>            <\/div>            <div class=\"bwg-title1\"><div class=\"bwg-title2\">Rando 1\/2 journ\u00e9e \u00e0 Louchy-Montfand le 17 septembre 2024<\/div><\/div>          <\/a>        <\/div>                <div class=\"bwg-item\">          <a class=\"bwg-a bwg-album bwg_album_3\"             href='\/index.php?rest_route=%2Fwp%2Fv2%2Fpages%2F4822&#038;type_3=gallery&#038;album_gallery_id_3=895'                          data-container_id=\"bwg_album_compact_3\"             data-def_type=\"gallery\"             data-album_gallery_id=\"56\"             data-alb_gal_id=\"895\"             data-title=\"S\u00e9jour en Haute Loire (la Chaise Dieu) le 18 septembre 2024\"             data-bwg=\"3\">                        <div class=\"bwg-item0 lazy_loader\">              <div class=\"bwg-item1 \">                <div class=\"bwg-item2\">                  <img decoding=\"async\" class=\"skip-lazy  bwg_lazyload \"                       data-width=\"500.00\"                       data-height=\"318.00\"                       data-src=\"https:\/\/vichyrando.org\/wp-content\/uploads\/photo-gallery\/thumb\/2024-09-18-HteLoire28.jpg?bwg=1727166265\"                       src=\"https:\/\/vichyrando.org\/wp-content\/plugins\/photo-gallery\/images\/lazy_placeholder.gif\"                       alt=\"S\u00e9jour en Haute Loire (la Chaise Dieu) le 18 septembre 2024\"                       title=\"S\u00e9jour en Haute Loire (la Chaise Dieu) le 18 septembre 2024\" \/>                <\/div>                <div class=\"\">                                  <\/div>              <\/div>            <\/div>            <div class=\"bwg-title1\"><div class=\"bwg-title2\">S\u00e9jour en Haute Loire (la Chaise Dieu) le 18 septembre 2024<\/div><\/div>          <\/a>        <\/div>                <div class=\"bwg-item\">          <a class=\"bwg-a bwg-album bwg_album_3\"             href='\/index.php?rest_route=%2Fwp%2Fv2%2Fpages%2F4822&#038;type_3=gallery&#038;album_gallery_id_3=891'                          data-container_id=\"bwg_album_compact_3\"             data-def_type=\"gallery\"             data-album_gallery_id=\"56\"             data-alb_gal_id=\"891\"             data-title=\"Mini rando au Vernet le 19 septembre 2024\"             data-bwg=\"3\">                        <div class=\"bwg-item0 lazy_loader\">              <div class=\"bwg-item1 \">                <div class=\"bwg-item2\">                  <img decoding=\"async\" class=\"skip-lazy  bwg_lazyload \"                       data-width=\"500.00\"                       data-height=\"246.00\"                       data-src=\"https:\/\/vichyrando.org\/wp-content\/uploads\/photo-gallery\/thumb\/2024-09-19-LeVernet12.jpg?bwg=1726952452\"                       src=\"https:\/\/vichyrando.org\/wp-content\/plugins\/photo-gallery\/images\/lazy_placeholder.gif\"                       alt=\"Mini rando au Vernet le 19 septembre 2024\"                       title=\"Mini rando au Vernet le 19 septembre 2024\" \/>                <\/div>                <div class=\"\">                                  <\/div>              <\/div>            <\/div>            <div class=\"bwg-title1\"><div class=\"bwg-title2\">Mini rando au Vernet le 19 septembre 2024<\/div><\/div>          <\/a>        <\/div>                <div class=\"bwg-item\">          <a class=\"bwg-a bwg-album bwg_album_3\"             href='\/index.php?rest_route=%2Fwp%2Fv2%2Fpages%2F4822&#038;type_3=gallery&#038;album_gallery_id_3=896'                          data-container_id=\"bwg_album_compact_3\"             data-def_type=\"gallery\"             data-album_gallery_id=\"56\"             data-alb_gal_id=\"896\"             data-title=\"S\u00e9jour en Haute Loire (Beuri\u00e8res 63) le 19 septembre 2024\"             data-bwg=\"3\">                        <div class=\"bwg-item0 lazy_loader\">              <div class=\"bwg-item1 \">                <div class=\"bwg-item2\">                  <img decoding=\"async\" class=\"skip-lazy  bwg_lazyload \"                       data-width=\"500.00\"                       data-height=\"333.00\"                       data-src=\"https:\/\/vichyrando.org\/wp-content\/uploads\/photo-gallery\/thumb\/2024-09-19-HteLoire07.jpg?bwg=1727180546\"                       src=\"https:\/\/vichyrando.org\/wp-content\/plugins\/photo-gallery\/images\/lazy_placeholder.gif\"                       alt=\"S\u00e9jour en Haute Loire (Beuri\u00e8res 63) le 19 septembre 2024\"                       title=\"S\u00e9jour en Haute Loire (Beuri\u00e8res 63) le 19 septembre 2024\" \/>                <\/div>                <div class=\"\">                                  <\/div>              <\/div>            <\/div>            <div class=\"bwg-title1\"><div class=\"bwg-title2\">S\u00e9jour en Haute Loire (Beuri\u00e8res 63) le 19 septembre 2024<\/div><\/div>          <\/a>        <\/div>                <div class=\"bwg-item\">          <a class=\"bwg-a bwg-album bwg_album_3\"             href='\/index.php?rest_route=%2Fwp%2Fv2%2Fpages%2F4822&#038;type_3=gallery&#038;album_gallery_id_3=893'                          data-container_id=\"bwg_album_compact_3\"             data-def_type=\"gallery\"             data-album_gallery_id=\"56\"             data-alb_gal_id=\"893\"             data-title=\"Marche nordique \u00e0 Bellerive\/Allier le 21 septembre 2024\"             data-bwg=\"3\">                        <div class=\"bwg-item0 lazy_loader\">              <div class=\"bwg-item1 \">                <div class=\"bwg-item2\">                  <img decoding=\"async\" class=\"skip-lazy  bwg_lazyload \"                       data-width=\"500.00\"                       data-height=\"225.00\"                       data-src=\"https:\/\/vichyrando.org\/wp-content\/uploads\/photo-gallery\/thumb\/2024-09-21-Bellerive01.jpg?bwg=1726954097\"                       src=\"https:\/\/vichyrando.org\/wp-content\/plugins\/photo-gallery\/images\/lazy_placeholder.gif\"                       alt=\"Marche nordique \u00e0 Bellerive\/Allier le 21 septembre 2024\"                       title=\"Marche nordique \u00e0 Bellerive\/Allier le 21 septembre 2024\" \/>                <\/div>                <div class=\"\">                                  <\/div>              <\/div>            <\/div>            <div class=\"bwg-title1\"><div class=\"bwg-title2\">Marche nordique \u00e0 Bellerive\/Allier le 21 septembre 2024<\/div><\/div>          <\/a>        <\/div>                <div class=\"bwg-item\">          <a class=\"bwg-a bwg-album bwg_album_3\"             href='\/index.php?rest_route=%2Fwp%2Fv2%2Fpages%2F4822&#038;type_3=gallery&#038;album_gallery_id_3=897'                          data-container_id=\"bwg_album_compact_3\"             data-def_type=\"gallery\"             data-album_gallery_id=\"56\"             data-alb_gal_id=\"897\"             data-title=\"Rando 1\/2 journ\u00e9e \u00e0 Magnet le 24 septembre 2024\"             data-bwg=\"3\">                        <div class=\"bwg-item0 lazy_loader\">              <div class=\"bwg-item1 \">                <div class=\"bwg-item2\">                  <img decoding=\"async\" class=\"skip-lazy  bwg_lazyload \"                       data-width=\"500.00\"                       data-height=\"333.00\"                       data-src=\"https:\/\/vichyrando.org\/wp-content\/uploads\/photo-gallery\/thumb\/2024-09-24-Magnet03.jpg?bwg=1727352286\"                       src=\"https:\/\/vichyrando.org\/wp-content\/plugins\/photo-gallery\/images\/lazy_placeholder.gif\"                       alt=\"Rando 1\/2 journ\u00e9e \u00e0 Magnet le 24 septembre 2024\"                       title=\"Rando 1\/2 journ\u00e9e \u00e0 Magnet le 24 septembre 2024\" \/>                <\/div>                <div class=\"\">                                  <\/div>              <\/div>            <\/div>            <div class=\"bwg-title1\"><div class=\"bwg-title2\">Rando 1\/2 journ\u00e9e \u00e0 Magnet le 24 septembre 2024<\/div><\/div>          <\/a>        <\/div>                <div class=\"bwg-item\">          <a class=\"bwg-a bwg-album bwg_album_3\"             href='\/index.php?rest_route=%2Fwp%2Fv2%2Fpages%2F4822&#038;type_3=gallery&#038;album_gallery_id_3=898'                          data-container_id=\"bwg_album_compact_3\"             data-def_type=\"gallery\"             data-album_gallery_id=\"56\"             data-alb_gal_id=\"898\"             data-title=\"Rando sant\u00e9 \u00e0 Vendat le 30 septembre 2024\"             data-bwg=\"3\">                        <div class=\"bwg-item0 lazy_loader\">              <div class=\"bwg-item1 \">                <div class=\"bwg-item2\">                  <img decoding=\"async\" class=\"skip-lazy  bwg_lazyload \"                       data-width=\"500.00\"                       data-height=\"243.00\"                       data-src=\"https:\/\/vichyrando.org\/wp-content\/uploads\/photo-gallery\/thumb\/2024-09-30-Vendat01.jpg?bwg=1727870550\"                       src=\"https:\/\/vichyrando.org\/wp-content\/plugins\/photo-gallery\/images\/lazy_placeholder.gif\"                       alt=\"Rando sant\u00e9 \u00e0 Vendat le 30 septembre 2024\"                       title=\"Rando sant\u00e9 \u00e0 Vendat le 30 septembre 2024\" \/>                <\/div>                <div class=\"\">                                  <\/div>              <\/div>            <\/div>            <div class=\"bwg-title1\"><div class=\"bwg-title2\">Rando sant\u00e9 \u00e0 Vendat le 30 septembre 2024<\/div><\/div>          <\/a>        <\/div>            <\/div>          <input type=\"hidden\" id=\"bwg_album_breadcrumb_3\" name=\"bwg_album_breadcrumb_3\" value='[{&quot;id&quot;:&quot;56&quot;,&quot;page&quot;:1}]' \/>    <style>      \/*pagination styles*\/      #bwg_container1_3 #bwg_container2_3 .tablenav-pages_3 {\t\t\t\ttext-align: center;\t\t\t\tfont-size: 12px;\t\t\t\tfont-family: Ubuntu;\t\t\t\tfont-weight: bold;\t\t\t\tcolor: #666666;\t\t\t\tmargin: 6px 0 4px;\t\t\t\tdisplay: block;      }      @media only screen and (max-width : 320px) {      #bwg_container1_3 #bwg_container2_3 .displaying-num_3 {     \t display: none;      }      }      #bwg_container1_3 #bwg_container2_3 .displaying-num_3 {\t\t\t\tfont-size: 12px;\t\t\t\tfont-family: Ubuntu;\t\t\t\tfont-weight: bold;\t\t\t\tcolor: #666666;\t\t\t\tmargin-right: 10px;\t\t\t\tvertical-align: middle;      }      #bwg_container1_3 #bwg_container2_3 .paging-input_3 {\t\t\t\tfont-size: 12px;\t\t\t\tfont-family: Ubuntu;\t\t\t\tfont-weight: bold;\t\t\t\tcolor: #666666;\t\t\t\tvertical-align: middle;      }      #bwg_container1_3 #bwg_container2_3 .tablenav-pages_3 a.disabled,      #bwg_container1_3 #bwg_container2_3 .tablenav-pages_3 a.disabled:hover,      #bwg_container1_3 #bwg_container2_3 .tablenav-pages_3 a.disabled:focus,\t\t\t#bwg_container1_3 #bwg_container2_3 .tablenav-pages_3 input.bwg_current_page {\t\t\t\tcursor: default;\t\t\t\tcolor: rgba(102, 102, 102, 0.5);      }      #bwg_container1_3 #bwg_container2_3 .tablenav-pages_3 a,      #bwg_container1_3 #bwg_container2_3 .tablenav-pages_3 input.bwg_current_page {\t\t\t\tcursor: pointer;\t\t\t\ttext-align: center;\t\t\t\tfont-size: 12px;\t\t\t\tfont-family: Ubuntu;\t\t\t\tfont-weight: bold;\t\t\t\tcolor: #666666;\t\t\t\ttext-decoration: none;\t\t\t\tpadding: 3px 6px;\t\t\t\tmargin: 0;\t\t\t\tborder-radius: 0;\t\t\t\tborder-style: solid;\t\t\t\tborder-width: 1px;\t\t\t\tborder-color: #E3E3E3;\t\t\t\t\t\t\t\tbackground-color: rgba(255, 255, 255, 1.00);\t\t\t\tbox-shadow: 0;\t\t\t\ttransition: all 0.3s ease 0s;-webkit-transition: all 0.3s ease 0s;      }      <\/style>      <span class=\"bwg_nav_cont_3\">              <div class=\"tablenav-pages_3\">                  <\/div>                <input type=\"hidden\" id=\"page_number_3\" name=\"page_number_3\" value=\"1\" \/>      <script type=\"text\/javascript\">        if( jQuery('.bwg_nav_cont_3').length > 1 ) {          jQuery('.bwg_nav_cont_3').first().remove()        }        function spider_page_3(cur, x, y, load_more) {          if (typeof load_more == \"undefined\") {            var load_more = false;          }          if (jQuery(cur).hasClass('disabled')) {            return false;          }          var items_county_3 = 1;          switch (y) {            case 1:              if (x >= items_county_3) {                document.getElementById('page_number_3').value = items_county_3;              }              else {                document.getElementById('page_number_3').value = x + 1;              }              break;            case 2:              document.getElementById('page_number_3').value = items_county_3;              break;            case -1:              if (x == 1) {                document.getElementById('page_number_3').value = 1;              }              else {                document.getElementById('page_number_3').value = x - 1;              }              break;            case -2:              document.getElementById('page_number_3').value = 1;              break;\t\t\t\t\t\tcase 0:              document.getElementById('page_number_3').value = x;              break;            default:              document.getElementById('page_number_3').value = 1;          }          bwg_ajax('gal_front_form_3', '3', 'bwg_album_compact_3', '56', '', 'album', 0, '', '', load_more, '', 1);        }                    jQuery('.first-page-3').on('click', function () {              spider_page_3(this, 1, -2, 'numeric');              return false;            });            jQuery('.prev-page-3').on('click', function () {              spider_page_3(this, 1, -1, 'numeric');              return false;            });            jQuery('.next-page-3').on('click', function () {              spider_page_3(this, 1, 1, 'numeric');              return false;            });            jQuery('.last-page-3').on('click', function () {              spider_page_3(this, 1, 2, 'numeric');              return false;            });        \t\t\t\t\/* Change page on input enter. *\/        function bwg_change_page_3( e, that ) {          if (  e.key == 'Enter' ) {            var to_page = parseInt(jQuery(that).val());            var pages_count = jQuery(that).parents(\".pagination-links\").data(\"pages-count\");            var current_url_param = jQuery(that).attr('data-url-info');            if (to_page > pages_count) {              to_page = 1;            }\t \t\t\t\t\t\t\t\t\t\t\t\tspider_page_3(this, to_page, 0, 'numeric');\t\t\t\t\t\t\treturn false;\t\t\t\t\t\t          }          return true;        }        jQuery('.bwg_load_btn_3').on('click', function () {            spider_page_3(this, 1, 1, true);            return false;        });      <\/script>      <\/span>                <\/div>        <\/form>        <style>          #bwg_container1_3 #bwg_container2_3 #spider_popup_overlay_3 {          background-color: #EEEEEE;          opacity: 0.60;          }          <\/style>        <div id=\"bwg_spider_popup_loading_3\" class=\"bwg_spider_popup_loading\"><\/div>        <div id=\"spider_popup_overlay_3\" class=\"spider_popup_overlay\" onclick=\"spider_destroypopup(1000)\"><\/div>        <input type=\"hidden\" id=\"bwg_random_seed_3\" value=\"2012597368\">                <\/div>    <\/div>    <script>      if (document.readyState === 'complete') {        if( typeof bwg_main_ready == 'function' ) {          if ( jQuery(\"#bwg_container1_3\").height() ) {            bwg_main_ready(jQuery(\"#bwg_container1_3\"));          }        }      } else {        document.addEventListener('DOMContentLoaded', function() {          if( typeof bwg_main_ready == 'function' ) {            if ( jQuery(\"#bwg_container1_3\").height() ) {             bwg_main_ready(jQuery(\"#bwg_container1_3\"));            }          }        });      }    <\/script>    \t\t<\/div>\n\t\t\t\t<\/div>\n\t\t\t\t\t<\/div>\n\t\t<\/div>\n\t\t\t\t\t<\/div>\n\t\t<\/section>\n\t\t\t\t<section class=\"elementor-section elementor-top-section elementor-element elementor-element-d8e1ea0 elementor-section-boxed elementor-section-height-default elementor-section-height-default\" data-id=\"d8e1ea0\" data-element_type=\"section\">\n\t\t\t\t\t\t<div class=\"elementor-container elementor-column-gap-default\">\n\t\t\t\t\t<div class=\"elementor-column elementor-col-100 elementor-top-column elementor-element elementor-element-cdde3c8\" data-id=\"cdde3c8\" data-element_type=\"column\">\n\t\t\t<div class=\"elementor-widget-wrap elementor-element-populated\">\n\t\t\t\t\t\t<div class=\"elementor-element elementor-element-f1f3c79 elementor-widget elementor-widget-bwg-elementor\" data-id=\"f1f3c79\" data-element_type=\"widget\" data-widget_type=\"bwg-elementor.default\">\n\t\t\t\t<div class=\"elementor-widget-container\">\n\t\t\t<style id=\"bwg-style-4\">    #bwg_container1_4 #bwg_container2_4 .bwg-container-4.bwg-album-thumbnails {    width: 1254px;    justify-content: center;            justify-content: center;        margin:0 auto !important;          background-color: rgba(255, 255, 255, 0.00);          padding-left: 4px;      padding-top: 4px;      max-width: 100%;          }        #bwg_container1_4 #bwg_container2_4 .bwg-container-4.bwg-album-thumbnails .bwg-item {    justify-content: flex-start;    max-width: 250px;        }    #bwg_container1_4 #bwg_container2_4 .bwg-container-4.bwg-album-thumbnails .bwg-item a {      margin-right: 4px;      margin-bottom: 4px;    }    #bwg_container1_4 #bwg_container2_4 .bwg-container-4.bwg-album-thumbnails .bwg-item0 {      padding: 0px;            background-color:rgba(0,0,0, 0.30);      border: 0px none #CCCCCC;      opacity: 1.00;      border-radius: 0;      box-shadow: 0px 0px 0px #888888;    }    #bwg_container1_4 #bwg_container2_4 .bwg-container-4.bwg-album-thumbnails .bwg-item1 img {      max-height: none;      max-width: none;      padding: 0 !important;    }          @media only screen and (min-width: 480px) {      #bwg_container1_4 #bwg_container2_4 .bwg-container-4.bwg-album-thumbnails .bwg-item1 img {      -webkit-transition: all .3s; transition: all .3s;      }      #bwg_container1_4 #bwg_container2_4 .bwg-container-4.bwg-album-thumbnails .bwg-item1 img:hover {        -ms-transform: scale(1.08);        -webkit-transform: scale(1.08);        transform: scale(1.08);      }            }          #bwg_container1_4 #bwg_container2_4 .bwg-container-4.bwg-album-thumbnails .bwg-item1 {      padding-top: 56%;    }        #bwg_container1_4 #bwg_container2_4 .bwg-container-4.bwg-album-thumbnails .bwg-title2 {      color: #323A45;      font-family: Ubuntu;      font-size: 16px;      font-weight: bold;      padding: 2px;      text-shadow: 0px 0px 0px #888888;      max-height: 100%;    }        #bwg_container1_4 #bwg_container2_4 .bwg-container-4.bwg-standard-thumbnails {      width: 1254px;              justify-content: center;        margin:0 auto !important;              background-color: rgba(255, 255, 255, 0.00);            padding-left: 4px;      padding-top: 4px;      max-width: 100%;            }        #bwg_container1_4 #bwg_container2_4 .bwg-container-4.bwg-standard-thumbnails .bwg-item {    justify-content: flex-start;      max-width: 250px;          }    #bwg_container1_4 #bwg_container2_4 .bwg-container-4.bwg-standard-thumbnails .bwg-item a {       margin-right: 4px;       margin-bottom: 4px;    }    #bwg_container1_4 #bwg_container2_4 .bwg-container-4.bwg-standard-thumbnails .bwg-item0 {      padding: 0px;            background-color:rgba(0,0,0, 0.30);      border: 0px none #CCCCCC;      opacity: 1.00;      border-radius: 0;      box-shadow: 0px 0px 0px #888888;    }    #bwg_container1_4 #bwg_container2_4 .bwg-container-4.bwg-standard-thumbnails .bwg-item1 img {      max-height: none;      max-width: none;      padding: 0 !important;    }         @media only screen and (min-width: 480px) {\t\t#bwg_container1_4 #bwg_container2_4 .bwg-container-4.bwg-standard-thumbnails .bwg-item1 img {\t\t\t-webkit-transition: all .3s; transition: all .3s;\t\t}\t\t#bwg_container1_4 #bwg_container2_4 .bwg-container-4.bwg-standard-thumbnails .bwg-item1 img:hover {\t\t\t-ms-transform: scale(1.08);\t\t\t-webkit-transform: scale(1.08);\t\t\ttransform: scale(1.08);\t\t}\t\t      }\t    #bwg_container1_4 #bwg_container2_4 .bwg-container-4.bwg-standard-thumbnails .bwg-item1 {      padding-top: 56%;    }        #bwg_container1_4 #bwg_container2_4 .bwg-container-4.bwg-standard-thumbnails .bwg-title2,    #bwg_container1_4 #bwg_container2_4 .bwg-container-4.bwg-standard-thumbnails .bwg-ecommerce2 {      color: #323A45;      font-family: Ubuntu;      font-size: 16px;      font-weight: bold;      padding: 2px;      text-shadow: 0px 0px 0px #888888;      max-height: 100%;    }    #bwg_container1_4 #bwg_container2_4 .bwg-container-4.bwg-standard-thumbnails .bwg-thumb-description span {    color: #323A45;    font-family: Ubuntu;    font-size: 12px;    max-height: 100%;    word-wrap: break-word;    }    #bwg_container1_4 #bwg_container2_4 .bwg-container-4.bwg-standard-thumbnails .bwg-play-icon2 {      font-size: 32px;    }    #bwg_container1_4 #bwg_container2_4 .bwg-container-4.bwg-standard-thumbnails .bwg-ecommerce2 {      font-size: 19.2px;      color: #323A45;    }    <\/style>    <div id=\"bwg_container1_4\"         class=\"bwg_container bwg_thumbnail bwg_album_compact_preview bwg_thumbnail\"         data-right-click-protection=\"0\"         data-bwg=\"4\"         data-scroll=\"0\"         data-gallery-type=\"album_compact_preview\"         data-gallery-view-type=\"thumbnail\"         data-current-url=\"\/index.php?rest_route=%2Fwp%2Fv2%2Fpages%2F4822\"         data-lightbox-url=\"https:\/\/vichyrando.org\/wp-admin\/admin-ajax.php?action=GalleryBox&#038;current_view=4&#038;gallery_id=0&#038;tag=0&#038;theme_id=1&#038;shortcode_id=1056&#038;sort_by=order&#038;order_by=asc&#038;current_url=%2Findex.php%3Frest_route%3D%252Fwp%252Fv2%252Fpages%252F4822\"         data-gallery-id=\"0\"         data-popup-width=\"800\"         data-popup-height=\"500\"         data-is-album=\"album\"         data-buttons-position=\"bottom\">      <div id=\"bwg_container2_4\">             <div id=\"ajax_loading_4\" class=\"bwg_loading_div_1\">      <div class=\"bwg_loading_div_2\">        <div class=\"bwg_loading_div_3\">          <div id=\"loading_div_4\" class=\"bwg_spider_ajax_loading\">          <\/div>        <\/div>      <\/div>    <\/div>            <form id=\"gal_front_form_4\"              class=\"bwg-hidden\"              method=\"post\"              action=\"#\"              data-current=\"4\"              data-shortcode-id=\"1056\"              data-gallery-type=\"album_compact_preview\"              data-gallery-id=\"0\"              data-tag=\"0\"              data-album-id=\"55\"              data-theme-id=\"1\"              data-ajax-url=\"https:\/\/vichyrando.org\/wp-admin\/admin-ajax.php?action=bwg_frontend_data\">          <div id=\"bwg_container3_4\" class=\"bwg-background bwg-background-4\">            <style>        #bwg_container1_4 #bwg_container2_4 .bwg_gal_title_4 {          display: block;          padding: 0 2px 2px 2px;          background-color: rgba(0, 0, 0, 0);          line-height: 20px;          font-family: Ubuntu;          font-size: 18px;          font-weight: bold;          color: #323A45;          text-shadow: 0px 0px 0px #888888;          text-align: center;        }        #bwg_container1_4 #bwg_container2_4 .bwg_gal_description_4 {          margin: 20px 0;          word-break: break-word;          text-align: justify;          font-size: 15px;          font-weight: unset;        }        <\/style>        <div class=\"bwg_gal_title_4\">Ao\u00fbt 2024<\/div>            <div data-max-count=\"5\"         data-thumbnail-width=\"250\"         data-bwg=\"4\"         id=\"bwg_album_compact_4\"         class=\"bwg-thumbnails bwg-container bwg-container-4 bwg-album-thumbnails bwg_album_thumbnails_4\">              <div class=\"bwg-item\">          <a class=\"bwg-a bwg-album bwg_album_4\"             href='\/index.php?rest_route=%2Fwp%2Fv2%2Fpages%2F4822&#038;type_4=gallery&#038;album_gallery_id_4=854'                          data-container_id=\"bwg_album_compact_4\"             data-def_type=\"gallery\"             data-album_gallery_id=\"55\"             data-alb_gal_id=\"854\"             data-title=\"Mini rando \u00e0 Arronnes le 1er ao\u00fbt 2024\"             data-bwg=\"4\">                        <div class=\"bwg-item0 lazy_loader\">              <div class=\"bwg-item1 \">                <div class=\"bwg-item2\">                  <img decoding=\"async\" class=\"skip-lazy  bwg_lazyload \"                       data-width=\"500.00\"                       data-height=\"379.00\"                       data-src=\"https:\/\/vichyrando.org\/wp-content\/uploads\/photo-gallery\/thumb\/2024-08-01-Arronnes06.jpg?bwg=1722686528\"                       src=\"https:\/\/vichyrando.org\/wp-content\/plugins\/photo-gallery\/images\/lazy_placeholder.gif\"                       alt=\"Mini rando \u00e0 Arronnes le 1er ao\u00fbt 2024\"                       title=\"Mini rando \u00e0 Arronnes le 1er ao\u00fbt 2024\" \/>                <\/div>                <div class=\"\">                                  <\/div>              <\/div>            <\/div>            <div class=\"bwg-title1\"><div class=\"bwg-title2\">Mini rando \u00e0 Arronnes le 1er ao\u00fbt 2024<\/div><\/div>          <\/a>        <\/div>                <div class=\"bwg-item\">          <a class=\"bwg-a bwg-album bwg_album_4\"             href='\/index.php?rest_route=%2Fwp%2Fv2%2Fpages%2F4822&#038;type_4=gallery&#038;album_gallery_id_4=855'                          data-container_id=\"bwg_album_compact_4\"             data-def_type=\"gallery\"             data-album_gallery_id=\"55\"             data-alb_gal_id=\"855\"             data-title=\"Rando sant\u00e9 \u00e0 Vichy le 5 ao\u00fbt 2024\"             data-bwg=\"4\">                        <div class=\"bwg-item0 lazy_loader\">              <div class=\"bwg-item1 \">                <div class=\"bwg-item2\">                  <img decoding=\"async\" class=\"skip-lazy  bwg_lazyload \"                       data-width=\"500.00\"                       data-height=\"243.00\"                       data-src=\"https:\/\/vichyrando.org\/wp-content\/uploads\/photo-gallery\/thumb\/2024-08-05-Vichy03.jpg?bwg=1723543238\"                       src=\"https:\/\/vichyrando.org\/wp-content\/plugins\/photo-gallery\/images\/lazy_placeholder.gif\"                       alt=\"Rando sant\u00e9 \u00e0 Vichy le 5 ao\u00fbt 2024\"                       title=\"Rando sant\u00e9 \u00e0 Vichy le 5 ao\u00fbt 2024\" \/>                <\/div>                <div class=\"\">                                  <\/div>              <\/div>            <\/div>            <div class=\"bwg-title1\"><div class=\"bwg-title2\">Rando sant\u00e9 \u00e0 Vichy le 5 ao\u00fbt 2024<\/div><\/div>          <\/a>        <\/div>                <div class=\"bwg-item\">          <a class=\"bwg-a bwg-album bwg_album_4\"             href='\/index.php?rest_route=%2Fwp%2Fv2%2Fpages%2F4822&#038;type_4=gallery&#038;album_gallery_id_4=856'                          data-container_id=\"bwg_album_compact_4\"             data-def_type=\"gallery\"             data-album_gallery_id=\"55\"             data-alb_gal_id=\"856\"             data-title=\"Journ\u00e9e marche sportive \u00e0 Gimeaux (63) le 6 ao\u00fbt 2024\"             data-bwg=\"4\">                        <div class=\"bwg-item0 lazy_loader\">              <div class=\"bwg-item1 \">                <div class=\"bwg-item2\">                  <img decoding=\"async\" class=\"skip-lazy  bwg_lazyload \"                       data-width=\"500.00\"                       data-height=\"375.00\"                       data-src=\"https:\/\/vichyrando.org\/wp-content\/uploads\/photo-gallery\/thumb\/2024-08-06-Gimeaux28.jpg?bwg=1723543327\"                       src=\"https:\/\/vichyrando.org\/wp-content\/plugins\/photo-gallery\/images\/lazy_placeholder.gif\"                       alt=\"Journ\u00e9e marche sportive \u00e0 Gimeaux (63) le 6 ao\u00fbt 2024\"                       title=\"Journ\u00e9e marche sportive \u00e0 Gimeaux (63) le 6 ao\u00fbt 2024\" \/>                <\/div>                <div class=\"\">                                  <\/div>              <\/div>            <\/div>            <div class=\"bwg-title1\"><div class=\"bwg-title2\">Journ\u00e9e marche sportive \u00e0 Gimeaux (63) le 6 ao\u00fbt 2024<\/div><\/div>          <\/a>        <\/div>                <div class=\"bwg-item\">          <a class=\"bwg-a bwg-album bwg_album_4\"             href='\/index.php?rest_route=%2Fwp%2Fv2%2Fpages%2F4822&#038;type_4=gallery&#038;album_gallery_id_4=857'                          data-container_id=\"bwg_album_compact_4\"             data-def_type=\"gallery\"             data-album_gallery_id=\"55\"             data-alb_gal_id=\"857\"             data-title=\"Rando 1\/2 journ\u00e9e \u00e0 Vendat le 6 ao\u00fbt 2024\"             data-bwg=\"4\">                        <div class=\"bwg-item0 lazy_loader\">              <div class=\"bwg-item1 \">                <div class=\"bwg-item2\">                  <img decoding=\"async\" class=\"skip-lazy  bwg_lazyload \"                       data-width=\"500.00\"                       data-height=\"281.00\"                       data-src=\"https:\/\/vichyrando.org\/wp-content\/uploads\/photo-gallery\/thumb\/2024-08-06-Vendat03.jpg?bwg=1723543452\"                       src=\"https:\/\/vichyrando.org\/wp-content\/plugins\/photo-gallery\/images\/lazy_placeholder.gif\"                       alt=\"Rando 1\/2 journ\u00e9e \u00e0 Vendat le 6 ao\u00fbt 2024\"                       title=\"Rando 1\/2 journ\u00e9e \u00e0 Vendat le 6 ao\u00fbt 2024\" \/>                <\/div>                <div class=\"\">                                  <\/div>              <\/div>            <\/div>            <div class=\"bwg-title1\"><div class=\"bwg-title2\">Rando 1\/2 journ\u00e9e \u00e0 Vendat le 6 ao\u00fbt 2024<\/div><\/div>          <\/a>        <\/div>                <div class=\"bwg-item\">          <a class=\"bwg-a bwg-album bwg_album_4\"             href='\/index.php?rest_route=%2Fwp%2Fv2%2Fpages%2F4822&#038;type_4=gallery&#038;album_gallery_id_4=858'                          data-container_id=\"bwg_album_compact_4\"             data-def_type=\"gallery\"             data-album_gallery_id=\"55\"             data-alb_gal_id=\"858\"             data-title=\"Rando journ\u00e9e \u00e0 la Chabanne le 8 ao\u00fbt 2024\"             data-bwg=\"4\">                        <div class=\"bwg-item0 lazy_loader\">              <div class=\"bwg-item1 \">                <div class=\"bwg-item2\">                  <img decoding=\"async\" class=\"skip-lazy  bwg_lazyload \"                       data-width=\"500.00\"                       data-height=\"376.00\"                       data-src=\"https:\/\/vichyrando.org\/wp-content\/uploads\/photo-gallery\/thumb\/2024-08-08-Lachabanne11.jpg?bwg=1723543601\"                       src=\"https:\/\/vichyrando.org\/wp-content\/plugins\/photo-gallery\/images\/lazy_placeholder.gif\"                       alt=\"Rando journ\u00e9e \u00e0 la Chabanne le 8 ao\u00fbt 2024\"                       title=\"Rando journ\u00e9e \u00e0 la Chabanne le 8 ao\u00fbt 2024\" \/>                <\/div>                <div class=\"\">                                  <\/div>              <\/div>            <\/div>            <div class=\"bwg-title1\"><div class=\"bwg-title2\">Rando journ\u00e9e \u00e0 la Chabanne le 8 ao\u00fbt 2024<\/div><\/div>          <\/a>        <\/div>                <div class=\"bwg-item\">          <a class=\"bwg-a bwg-album bwg_album_4\"             href='\/index.php?rest_route=%2Fwp%2Fv2%2Fpages%2F4822&#038;type_4=gallery&#038;album_gallery_id_4=859'                          data-container_id=\"bwg_album_compact_4\"             data-def_type=\"gallery\"             data-album_gallery_id=\"55\"             data-alb_gal_id=\"859\"             data-title=\"Mini rando au Mayet de montagne le 8 ao\u00fbt 2024\"             data-bwg=\"4\">                        <div class=\"bwg-item0 lazy_loader\">              <div class=\"bwg-item1 \">                <div class=\"bwg-item2\">                  <img decoding=\"async\" class=\"skip-lazy  bwg_lazyload \"                       data-width=\"500.00\"                       data-height=\"281.00\"                       data-src=\"https:\/\/vichyrando.org\/wp-content\/uploads\/photo-gallery\/thumb\/2024-08-08-LeMayet10.jpg?bwg=1723543688\"                       src=\"https:\/\/vichyrando.org\/wp-content\/plugins\/photo-gallery\/images\/lazy_placeholder.gif\"                       alt=\"Mini rando au Mayet de montagne le 8 ao\u00fbt 2024\"                       title=\"Mini rando au Mayet de montagne le 8 ao\u00fbt 2024\" \/>                <\/div>                <div class=\"\">                                  <\/div>              <\/div>            <\/div>            <div class=\"bwg-title1\"><div class=\"bwg-title2\">Mini rando au Mayet de montagne le 8 ao\u00fbt 2024<\/div><\/div>          <\/a>        <\/div>                <div class=\"bwg-item\">          <a class=\"bwg-a bwg-album bwg_album_4\"             href='\/index.php?rest_route=%2Fwp%2Fv2%2Fpages%2F4822&#038;type_4=gallery&#038;album_gallery_id_4=860'                          data-container_id=\"bwg_album_compact_4\"             data-def_type=\"gallery\"             data-album_gallery_id=\"55\"             data-alb_gal_id=\"860\"             data-title=\"Marche nordique \u00e0 Vendat le 10 ao\u00fbt 2024\"             data-bwg=\"4\">                        <div class=\"bwg-item0 lazy_loader\">              <div class=\"bwg-item1 \">                <div class=\"bwg-item2\">                  <img decoding=\"async\" class=\"skip-lazy  bwg_lazyload \"                       data-width=\"500.00\"                       data-height=\"225.00\"                       data-src=\"https:\/\/vichyrando.org\/wp-content\/uploads\/photo-gallery\/thumb\/2024-08-10-Vendat02.jpg?bwg=1723543794\"                       src=\"https:\/\/vichyrando.org\/wp-content\/plugins\/photo-gallery\/images\/lazy_placeholder.gif\"                       alt=\"Marche nordique \u00e0 Vendat le 10 ao\u00fbt 2024\"                       title=\"Marche nordique \u00e0 Vendat le 10 ao\u00fbt 2024\" \/>                <\/div>                <div class=\"\">                                  <\/div>              <\/div>            <\/div>            <div class=\"bwg-title1\"><div class=\"bwg-title2\">Marche nordique \u00e0 Vendat le 10 ao\u00fbt 2024<\/div><\/div>          <\/a>        <\/div>                <div class=\"bwg-item\">          <a class=\"bwg-a bwg-album bwg_album_4\"             href='\/index.php?rest_route=%2Fwp%2Fv2%2Fpages%2F4822&#038;type_4=gallery&#038;album_gallery_id_4=861'                          data-container_id=\"bwg_album_compact_4\"             data-def_type=\"gallery\"             data-album_gallery_id=\"55\"             data-alb_gal_id=\"861\"             data-title=\"Rando sant\u00e9 \u00e0 Abrest le 12 ao\u00fbt 2024\"             data-bwg=\"4\">                        <div class=\"bwg-item0 lazy_loader\">              <div class=\"bwg-item1 \">                <div class=\"bwg-item2\">                  <img decoding=\"async\" class=\"skip-lazy  bwg_lazyload \"                       data-width=\"500.00\"                       data-height=\"225.00\"                       data-src=\"https:\/\/vichyrando.org\/wp-content\/uploads\/photo-gallery\/thumb\/2024-08-12-Abrest01.jpg?bwg=1723543889\"                       src=\"https:\/\/vichyrando.org\/wp-content\/plugins\/photo-gallery\/images\/lazy_placeholder.gif\"                       alt=\"Rando sant\u00e9 \u00e0 Abrest le 12 ao\u00fbt 2024\"                       title=\"Rando sant\u00e9 \u00e0 Abrest le 12 ao\u00fbt 2024\" \/>                <\/div>                <div class=\"\">                                  <\/div>              <\/div>            <\/div>            <div class=\"bwg-title1\"><div class=\"bwg-title2\">Rando sant\u00e9 \u00e0 Abrest le 12 ao\u00fbt 2024<\/div><\/div>          <\/a>        <\/div>                <div class=\"bwg-item\">          <a class=\"bwg-a bwg-album bwg_album_4\"             href='\/index.php?rest_route=%2Fwp%2Fv2%2Fpages%2F4822&#038;type_4=gallery&#038;album_gallery_id_4=862'                          data-container_id=\"bwg_album_compact_4\"             data-def_type=\"gallery\"             data-album_gallery_id=\"55\"             data-alb_gal_id=\"862\"             data-title=\"Rando 1\/2 journ\u00e9e \u00e0 St R\u00e9my en Rollat le 13 ao\u00fbt 2024\"             data-bwg=\"4\">                        <div class=\"bwg-item0 lazy_loader\">              <div class=\"bwg-item1 \">                <div class=\"bwg-item2\">                  <img decoding=\"async\" class=\"skip-lazy  bwg_lazyload \"                       data-width=\"500.00\"                       data-height=\"375.00\"                       data-src=\"https:\/\/vichyrando.org\/wp-content\/uploads\/photo-gallery\/thumb\/2024-08-13-StRemy01.jpg?bwg=1723636865\"                       src=\"https:\/\/vichyrando.org\/wp-content\/plugins\/photo-gallery\/images\/lazy_placeholder.gif\"                       alt=\"Rando 1\/2 journ\u00e9e \u00e0 St R\u00e9my en Rollat le 13 ao\u00fbt 2024\"                       title=\"Rando 1\/2 journ\u00e9e \u00e0 St R\u00e9my en Rollat le 13 ao\u00fbt 2024\" \/>                <\/div>                <div class=\"\">                                  <\/div>              <\/div>            <\/div>            <div class=\"bwg-title1\"><div class=\"bwg-title2\">Rando 1\/2 journ\u00e9e \u00e0 St R\u00e9my en Rollat le 13 ao\u00fbt 2024<\/div><\/div>          <\/a>        <\/div>                <div class=\"bwg-item\">          <a class=\"bwg-a bwg-album bwg_album_4\"             href='\/index.php?rest_route=%2Fwp%2Fv2%2Fpages%2F4822&#038;type_4=gallery&#038;album_gallery_id_4=863'                          data-container_id=\"bwg_album_compact_4\"             data-def_type=\"gallery\"             data-album_gallery_id=\"55\"             data-alb_gal_id=\"863\"             data-title=\"Journ\u00e9e marche sportive \u00e0 Servant (63) le 13 ao\u00fbt 2024\"             data-bwg=\"4\">                        <div class=\"bwg-item0 lazy_loader\">              <div class=\"bwg-item1 \">                <div class=\"bwg-item2\">                  <img decoding=\"async\" class=\"skip-lazy  bwg_lazyload \"                       data-width=\"500.00\"                       data-height=\"407.00\"                       data-src=\"https:\/\/vichyrando.org\/wp-content\/uploads\/photo-gallery\/thumb\/2024-08-13-Servant08.jpg?bwg=1723737535\"                       src=\"https:\/\/vichyrando.org\/wp-content\/plugins\/photo-gallery\/images\/lazy_placeholder.gif\"                       alt=\"Journ\u00e9e marche sportive \u00e0 Servant (63) le 13 ao\u00fbt 2024\"                       title=\"Journ\u00e9e marche sportive \u00e0 Servant (63) le 13 ao\u00fbt 2024\" \/>                <\/div>                <div class=\"\">                                  <\/div>              <\/div>            <\/div>            <div class=\"bwg-title1\"><div class=\"bwg-title2\">Journ\u00e9e marche sportive \u00e0 Servant (63) le 13 ao\u00fbt 2024<\/div><\/div>          <\/a>        <\/div>                <div class=\"bwg-item\">          <a class=\"bwg-a bwg-album bwg_album_4\"             href='\/index.php?rest_route=%2Fwp%2Fv2%2Fpages%2F4822&#038;type_4=gallery&#038;album_gallery_id_4=864'                          data-container_id=\"bwg_album_compact_4\"             data-def_type=\"gallery\"             data-album_gallery_id=\"55\"             data-alb_gal_id=\"864\"             data-title=\"Mini rando \u00e0 Busset le 15 ao\u00fbt 2024\"             data-bwg=\"4\">                        <div class=\"bwg-item0 lazy_loader\">              <div class=\"bwg-item1 \">                <div class=\"bwg-item2\">                  <img decoding=\"async\" class=\"skip-lazy  bwg_lazyload \"                       data-width=\"500.00\"                       data-height=\"225.00\"                       data-src=\"https:\/\/vichyrando.org\/wp-content\/uploads\/photo-gallery\/thumb\/2024-08-15-Busset02.jpg?bwg=1724230250\"                       src=\"https:\/\/vichyrando.org\/wp-content\/plugins\/photo-gallery\/images\/lazy_placeholder.gif\"                       alt=\"Mini rando \u00e0 Busset le 15 ao\u00fbt 2024\"                       title=\"Mini rando \u00e0 Busset le 15 ao\u00fbt 2024\" \/>                <\/div>                <div class=\"\">                                  <\/div>              <\/div>            <\/div>            <div class=\"bwg-title1\"><div class=\"bwg-title2\">Mini rando \u00e0 Busset le 15 ao\u00fbt 2024<\/div><\/div>          <\/a>        <\/div>                <div class=\"bwg-item\">          <a class=\"bwg-a bwg-album bwg_album_4\"             href='\/index.php?rest_route=%2Fwp%2Fv2%2Fpages%2F4822&#038;type_4=gallery&#038;album_gallery_id_4=865'                          data-container_id=\"bwg_album_compact_4\"             data-def_type=\"gallery\"             data-album_gallery_id=\"55\"             data-alb_gal_id=\"865\"             data-title=\"Rando 1\/2 journ\u00e9e \u00e0 St Cl\u00e9ment le 15 ao\u00fbt 2024\"             data-bwg=\"4\">                        <div class=\"bwg-item0 lazy_loader\">              <div class=\"bwg-item1 \">                <div class=\"bwg-item2\">                  <img decoding=\"async\" class=\"skip-lazy  bwg_lazyload \"                       data-width=\"500.00\"                       data-height=\"311.00\"                       data-src=\"https:\/\/vichyrando.org\/wp-content\/uploads\/photo-gallery\/thumb\/2024-08-15-StClement01.jpg?bwg=1724230353\"                       src=\"https:\/\/vichyrando.org\/wp-content\/plugins\/photo-gallery\/images\/lazy_placeholder.gif\"                       alt=\"Rando 1\/2 journ\u00e9e \u00e0 St Cl\u00e9ment le 15 ao\u00fbt 2024\"                       title=\"Rando 1\/2 journ\u00e9e \u00e0 St Cl\u00e9ment le 15 ao\u00fbt 2024\" \/>                <\/div>                <div class=\"\">                                  <\/div>              <\/div>            <\/div>            <div class=\"bwg-title1\"><div class=\"bwg-title2\">Rando 1\/2 journ\u00e9e \u00e0 St Cl\u00e9ment le 15 ao\u00fbt 2024<\/div><\/div>          <\/a>        <\/div>                <div class=\"bwg-item\">          <a class=\"bwg-a bwg-album bwg_album_4\"             href='\/index.php?rest_route=%2Fwp%2Fv2%2Fpages%2F4822&#038;type_4=gallery&#038;album_gallery_id_4=866'                          data-container_id=\"bwg_album_compact_4\"             data-def_type=\"gallery\"             data-album_gallery_id=\"55\"             data-alb_gal_id=\"866\"             data-title=\"Journ\u00e9e marche sportive \u00e0 Ebreuil le 20 ao\u00fbt 2024\"             data-bwg=\"4\">                        <div class=\"bwg-item0 lazy_loader\">              <div class=\"bwg-item1 \">                <div class=\"bwg-item2\">                  <img decoding=\"async\" class=\"skip-lazy  bwg_lazyload \"                       data-width=\"500.00\"                       data-height=\"375.00\"                       data-src=\"https:\/\/vichyrando.org\/wp-content\/uploads\/photo-gallery\/thumb\/2024-08-20-Ebreuil17.jpg?bwg=1724230441\"                       src=\"https:\/\/vichyrando.org\/wp-content\/plugins\/photo-gallery\/images\/lazy_placeholder.gif\"                       alt=\"Journ\u00e9e marche sportive \u00e0 Ebreuil le 20 ao\u00fbt 2024\"                       title=\"Journ\u00e9e marche sportive \u00e0 Ebreuil le 20 ao\u00fbt 2024\" \/>                <\/div>                <div class=\"\">                                  <\/div>              <\/div>            <\/div>            <div class=\"bwg-title1\"><div class=\"bwg-title2\">Journ\u00e9e marche sportive \u00e0 Ebreuil le 20 ao\u00fbt 2024<\/div><\/div>          <\/a>        <\/div>                <div class=\"bwg-item\">          <a class=\"bwg-a bwg-album bwg_album_4\"             href='\/index.php?rest_route=%2Fwp%2Fv2%2Fpages%2F4822&#038;type_4=gallery&#038;album_gallery_id_4=867'                          data-container_id=\"bwg_album_compact_4\"             data-def_type=\"gallery\"             data-album_gallery_id=\"55\"             data-alb_gal_id=\"867\"             data-title=\"Rando 1\/2 journ\u00e9e \u00e0 La Chapelle le 20 ao\u00fbt 2024\"             data-bwg=\"4\">                        <div class=\"bwg-item0 lazy_loader\">              <div class=\"bwg-item1 \">                <div class=\"bwg-item2\">                  <img decoding=\"async\" class=\"skip-lazy  bwg_lazyload \"                       data-width=\"500.00\"                       data-height=\"243.00\"                       data-src=\"https:\/\/vichyrando.org\/wp-content\/uploads\/photo-gallery\/thumb\/2024-08-20-Lachapelle01.jpg?bwg=1724230530\"                       src=\"https:\/\/vichyrando.org\/wp-content\/plugins\/photo-gallery\/images\/lazy_placeholder.gif\"                       alt=\"Rando 1\/2 journ\u00e9e \u00e0 La Chapelle le 20 ao\u00fbt 2024\"                       title=\"Rando 1\/2 journ\u00e9e \u00e0 La Chapelle le 20 ao\u00fbt 2024\" \/>                <\/div>                <div class=\"\">                                  <\/div>              <\/div>            <\/div>            <div class=\"bwg-title1\"><div class=\"bwg-title2\">Rando 1\/2 journ\u00e9e \u00e0 La Chapelle le 20 ao\u00fbt 2024<\/div><\/div>          <\/a>        <\/div>                <div class=\"bwg-item\">          <a class=\"bwg-a bwg-album bwg_album_4\"             href='\/index.php?rest_route=%2Fwp%2Fv2%2Fpages%2F4822&#038;type_4=gallery&#038;album_gallery_id_4=868'                          data-container_id=\"bwg_album_compact_4\"             data-def_type=\"gallery\"             data-album_gallery_id=\"55\"             data-alb_gal_id=\"868\"             data-title=\"Rando journ\u00e9e dans la cha\u00eene des Puys (63) le 22 ao\u00fbt 2024\"             data-bwg=\"4\">                        <div class=\"bwg-item0 lazy_loader\">              <div class=\"bwg-item1 \">                <div class=\"bwg-item2\">                  <img decoding=\"async\" class=\"skip-lazy  bwg_lazyload \"                       data-width=\"500.00\"                       data-height=\"375.00\"                       data-src=\"https:\/\/vichyrando.org\/wp-content\/uploads\/photo-gallery\/thumb\/2024-08-22-ChainePuys02.jpg?bwg=1724356770\"                       src=\"https:\/\/vichyrando.org\/wp-content\/plugins\/photo-gallery\/images\/lazy_placeholder.gif\"                       alt=\"Rando journ\u00e9e dans la cha\u00eene des Puys (63) le 22 ao\u00fbt 2024\"                       title=\"Rando journ\u00e9e dans la cha\u00eene des Puys (63) le 22 ao\u00fbt 2024\" \/>                <\/div>                <div class=\"\">                                  <\/div>              <\/div>            <\/div>            <div class=\"bwg-title1\"><div class=\"bwg-title2\">Rando journ\u00e9e dans la cha\u00eene des Puys (63) le 22 ao\u00fbt 2024<\/div><\/div>          <\/a>        <\/div>                <div class=\"bwg-item\">          <a class=\"bwg-a bwg-album bwg_album_4\"             href='\/index.php?rest_route=%2Fwp%2Fv2%2Fpages%2F4822&#038;type_4=gallery&#038;album_gallery_id_4=869'                          data-container_id=\"bwg_album_compact_4\"             data-def_type=\"gallery\"             data-album_gallery_id=\"55\"             data-alb_gal_id=\"869\"             data-title=\"Mini rando \u00e0 Ussel d&#039;Allier le 22 ao\u00fbt 2024\"             data-bwg=\"4\">                        <div class=\"bwg-item0 lazy_loader\">              <div class=\"bwg-item1 \">                <div class=\"bwg-item2\">                  <img decoding=\"async\" class=\"skip-lazy  bwg_lazyload \"                       data-width=\"500.00\"                       data-height=\"243.00\"                       data-src=\"https:\/\/vichyrando.org\/wp-content\/uploads\/photo-gallery\/thumb\/2024-08-22-Ussel03.jpg?bwg=1724490698\"                       src=\"https:\/\/vichyrando.org\/wp-content\/plugins\/photo-gallery\/images\/lazy_placeholder.gif\"                       alt=\"Mini rando \u00e0 Ussel d&#039;Allier le 22 ao\u00fbt 2024\"                       title=\"Mini rando \u00e0 Ussel d&#039;Allier le 22 ao\u00fbt 2024\" \/>                <\/div>                <div class=\"\">                                  <\/div>              <\/div>            <\/div>            <div class=\"bwg-title1\"><div class=\"bwg-title2\">Mini rando \u00e0 Ussel d'Allier le 22 ao\u00fbt 2024<\/div><\/div>          <\/a>        <\/div>                <div class=\"bwg-item\">          <a class=\"bwg-a bwg-album bwg_album_4\"             href='\/index.php?rest_route=%2Fwp%2Fv2%2Fpages%2F4822&#038;type_4=gallery&#038;album_gallery_id_4=870'                          data-container_id=\"bwg_album_compact_4\"             data-def_type=\"gallery\"             data-album_gallery_id=\"55\"             data-alb_gal_id=\"870\"             data-title=\"Marche nordique \u00e0 Bellerive\/Allier le 24 ao\u00fbt 2024\"             data-bwg=\"4\">                        <div class=\"bwg-item0 lazy_loader\">              <div class=\"bwg-item1 \">                <div class=\"bwg-item2\">                  <img decoding=\"async\" class=\"skip-lazy  bwg_lazyload \"                       data-width=\"500.00\"                       data-height=\"225.00\"                       data-src=\"https:\/\/vichyrando.org\/wp-content\/uploads\/photo-gallery\/thumb\/2024-08-24-belerive02.jpg?bwg=1724514068\"                       src=\"https:\/\/vichyrando.org\/wp-content\/plugins\/photo-gallery\/images\/lazy_placeholder.gif\"                       alt=\"Marche nordique \u00e0 Bellerive\/Allier le 24 ao\u00fbt 2024\"                       title=\"Marche nordique \u00e0 Bellerive\/Allier le 24 ao\u00fbt 2024\" \/>                <\/div>                <div class=\"\">                                  <\/div>              <\/div>            <\/div>            <div class=\"bwg-title1\"><div class=\"bwg-title2\">Marche nordique \u00e0 Bellerive\/Allier le 24 ao\u00fbt 2024<\/div><\/div>          <\/a>        <\/div>                <div class=\"bwg-item\">          <a class=\"bwg-a bwg-album bwg_album_4\"             href='\/index.php?rest_route=%2Fwp%2Fv2%2Fpages%2F4822&#038;type_4=gallery&#038;album_gallery_id_4=871'                          data-container_id=\"bwg_album_compact_4\"             data-def_type=\"gallery\"             data-album_gallery_id=\"55\"             data-alb_gal_id=\"871\"             data-title=\"Rando sportive \u00e0 Saint Cl\u00e9ment le 27 ao\u00fbt 2024\"             data-bwg=\"4\">                        <div class=\"bwg-item0 lazy_loader\">              <div class=\"bwg-item1 \">                <div class=\"bwg-item2\">                  <img decoding=\"async\" class=\"skip-lazy  bwg_lazyload \"                       data-width=\"500.00\"                       data-height=\"310.00\"                       data-src=\"https:\/\/vichyrando.org\/wp-content\/uploads\/photo-gallery\/thumb\/2024-08-27-StClement01.jpg?bwg=1724945182\"                       src=\"https:\/\/vichyrando.org\/wp-content\/plugins\/photo-gallery\/images\/lazy_placeholder.gif\"                       alt=\"Rando sportive \u00e0 Saint Cl\u00e9ment le 27 ao\u00fbt 2024\"                       title=\"Rando sportive \u00e0 Saint Cl\u00e9ment le 27 ao\u00fbt 2024\" \/>                <\/div>                <div class=\"\">                                  <\/div>              <\/div>            <\/div>            <div class=\"bwg-title1\"><div class=\"bwg-title2\">Rando sportive \u00e0 Saint Cl\u00e9ment le 27 ao\u00fbt 2024<\/div><\/div>          <\/a>        <\/div>                <div class=\"bwg-item\">          <a class=\"bwg-a bwg-album bwg_album_4\"             href='\/index.php?rest_route=%2Fwp%2Fv2%2Fpages%2F4822&#038;type_4=gallery&#038;album_gallery_id_4=872'                          data-container_id=\"bwg_album_compact_4\"             data-def_type=\"gallery\"             data-album_gallery_id=\"55\"             data-alb_gal_id=\"872\"             data-title=\"Rando 1\/2 journ\u00e9e \u00e0 Jenzat le 27 ao\u00fbt 2024\"             data-bwg=\"4\">                        <div class=\"bwg-item0 lazy_loader\">              <div class=\"bwg-item1 \">                <div class=\"bwg-item2\">                  <img decoding=\"async\" class=\"skip-lazy  bwg_lazyload \"                       data-width=\"500.00\"                       data-height=\"281.00\"                       data-src=\"https:\/\/vichyrando.org\/wp-content\/uploads\/photo-gallery\/thumb\/2024-08-27-Jenzat06.jpg?bwg=1724945287\"                       src=\"https:\/\/vichyrando.org\/wp-content\/plugins\/photo-gallery\/images\/lazy_placeholder.gif\"                       alt=\"Rando 1\/2 journ\u00e9e \u00e0 Jenzat le 27 ao\u00fbt 2024\"                       title=\"Rando 1\/2 journ\u00e9e \u00e0 Jenzat le 27 ao\u00fbt 2024\" \/>                <\/div>                <div class=\"\">                                  <\/div>              <\/div>            <\/div>            <div class=\"bwg-title1\"><div class=\"bwg-title2\">Rando 1\/2 journ\u00e9e \u00e0 Jenzat le 27 ao\u00fbt 2024<\/div><\/div>          <\/a>        <\/div>                <div class=\"bwg-item\">          <a class=\"bwg-a bwg-album bwg_album_4\"             href='\/index.php?rest_route=%2Fwp%2Fv2%2Fpages%2F4822&#038;type_4=gallery&#038;album_gallery_id_4=873'                          data-container_id=\"bwg_album_compact_4\"             data-def_type=\"gallery\"             data-album_gallery_id=\"55\"             data-alb_gal_id=\"873\"             data-title=\"Journ\u00e9e rando dans le Sancy et la Fontaine sal\u00e9e (63) le 27 ao\u00fbt 2024\"             data-bwg=\"4\">                        <div class=\"bwg-item0 lazy_loader\">              <div class=\"bwg-item1 \">                <div class=\"bwg-item2\">                  <img decoding=\"async\" class=\"skip-lazy  bwg_lazyload \"                       data-width=\"500.00\"                       data-height=\"333.00\"                       data-src=\"https:\/\/vichyrando.org\/wp-content\/uploads\/photo-gallery\/thumb\/2024-08-27-Sancy01.jpg?bwg=1724945377\"                       src=\"https:\/\/vichyrando.org\/wp-content\/plugins\/photo-gallery\/images\/lazy_placeholder.gif\"                       alt=\"Journ\u00e9e rando dans le Sancy et la Fontaine sal\u00e9e (63) le 27 ao\u00fbt 2024\"                       title=\"Journ\u00e9e rando dans le Sancy et la Fontaine sal\u00e9e (63) le 27 ao\u00fbt 2024\" \/>                <\/div>                <div class=\"\">                                  <\/div>              <\/div>            <\/div>            <div class=\"bwg-title1\"><div class=\"bwg-title2\">Journ\u00e9e rando dans le Sancy et la Fontaine sal\u00e9e (63) le 27 ao\u00fbt 2024<\/div><\/div>          <\/a>        <\/div>                <div class=\"bwg-item\">          <a class=\"bwg-a bwg-album bwg_album_4\"             href='\/index.php?rest_route=%2Fwp%2Fv2%2Fpages%2F4822&#038;type_4=gallery&#038;album_gallery_id_4=874'                          data-container_id=\"bwg_album_compact_4\"             data-def_type=\"gallery\"             data-album_gallery_id=\"55\"             data-alb_gal_id=\"874\"             data-title=\"Mini rando \u00e0 Seuillet le 29 ao\u00fbt 2024\"             data-bwg=\"4\">                        <div class=\"bwg-item0 lazy_loader\">              <div class=\"bwg-item1 \">                <div class=\"bwg-item2\">                  <img decoding=\"async\" class=\"skip-lazy  bwg_lazyload \"                       data-width=\"500.00\"                       data-height=\"313.00\"                       data-src=\"https:\/\/vichyrando.org\/wp-content\/uploads\/photo-gallery\/thumb\/2024-08-29-Seuillet01.jpg?bwg=1724945495\"                       src=\"https:\/\/vichyrando.org\/wp-content\/plugins\/photo-gallery\/images\/lazy_placeholder.gif\"                       alt=\"Mini rando \u00e0 Seuillet le 29 ao\u00fbt 2024\"                       title=\"Mini rando \u00e0 Seuillet le 29 ao\u00fbt 2024\" \/>                <\/div>                <div class=\"\">                                  <\/div>              <\/div>            <\/div>            <div class=\"bwg-title1\"><div class=\"bwg-title2\">Mini rando \u00e0 Seuillet le 29 ao\u00fbt 2024<\/div><\/div>          <\/a>        <\/div>            <\/div>          <input type=\"hidden\" id=\"bwg_album_breadcrumb_4\" name=\"bwg_album_breadcrumb_4\" value='[{&quot;id&quot;:&quot;55&quot;,&quot;page&quot;:1}]' \/>    <style>      \/*pagination styles*\/      #bwg_container1_4 #bwg_container2_4 .tablenav-pages_4 {\t\t\t\ttext-align: center;\t\t\t\tfont-size: 12px;\t\t\t\tfont-family: Ubuntu;\t\t\t\tfont-weight: bold;\t\t\t\tcolor: #666666;\t\t\t\tmargin: 6px 0 4px;\t\t\t\tdisplay: block;      }      @media only screen and (max-width : 320px) {      #bwg_container1_4 #bwg_container2_4 .displaying-num_4 {     \t display: none;      }      }      #bwg_container1_4 #bwg_container2_4 .displaying-num_4 {\t\t\t\tfont-size: 12px;\t\t\t\tfont-family: Ubuntu;\t\t\t\tfont-weight: bold;\t\t\t\tcolor: #666666;\t\t\t\tmargin-right: 10px;\t\t\t\tvertical-align: middle;      }      #bwg_container1_4 #bwg_container2_4 .paging-input_4 {\t\t\t\tfont-size: 12px;\t\t\t\tfont-family: Ubuntu;\t\t\t\tfont-weight: bold;\t\t\t\tcolor: #666666;\t\t\t\tvertical-align: middle;      }      #bwg_container1_4 #bwg_container2_4 .tablenav-pages_4 a.disabled,      #bwg_container1_4 #bwg_container2_4 .tablenav-pages_4 a.disabled:hover,      #bwg_container1_4 #bwg_container2_4 .tablenav-pages_4 a.disabled:focus,\t\t\t#bwg_container1_4 #bwg_container2_4 .tablenav-pages_4 input.bwg_current_page {\t\t\t\tcursor: default;\t\t\t\tcolor: rgba(102, 102, 102, 0.5);      }      #bwg_container1_4 #bwg_container2_4 .tablenav-pages_4 a,      #bwg_container1_4 #bwg_container2_4 .tablenav-pages_4 input.bwg_current_page {\t\t\t\tcursor: pointer;\t\t\t\ttext-align: center;\t\t\t\tfont-size: 12px;\t\t\t\tfont-family: Ubuntu;\t\t\t\tfont-weight: bold;\t\t\t\tcolor: #666666;\t\t\t\ttext-decoration: none;\t\t\t\tpadding: 3px 6px;\t\t\t\tmargin: 0;\t\t\t\tborder-radius: 0;\t\t\t\tborder-style: solid;\t\t\t\tborder-width: 1px;\t\t\t\tborder-color: #E3E3E3;\t\t\t\t\t\t\t\tbackground-color: rgba(255, 255, 255, 1.00);\t\t\t\tbox-shadow: 0;\t\t\t\ttransition: all 0.3s ease 0s;-webkit-transition: all 0.3s ease 0s;      }      <\/style>      <span class=\"bwg_nav_cont_4\">              <div class=\"tablenav-pages_4\">                  <\/div>                <input type=\"hidden\" id=\"page_number_4\" name=\"page_number_4\" value=\"1\" \/>      <script type=\"text\/javascript\">        if( jQuery('.bwg_nav_cont_4').length > 1 ) {          jQuery('.bwg_nav_cont_4').first().remove()        }        function spider_page_4(cur, x, y, load_more) {          if (typeof load_more == \"undefined\") {            var load_more = false;          }          if (jQuery(cur).hasClass('disabled')) {            return false;          }          var items_county_4 = 1;          switch (y) {            case 1:              if (x >= items_county_4) {                document.getElementById('page_number_4').value = items_county_4;              }              else {                document.getElementById('page_number_4').value = x + 1;              }              break;            case 2:              document.getElementById('page_number_4').value = items_county_4;              break;            case -1:              if (x == 1) {                document.getElementById('page_number_4').value = 1;              }              else {                document.getElementById('page_number_4').value = x - 1;              }              break;            case -2:              document.getElementById('page_number_4').value = 1;              break;\t\t\t\t\t\tcase 0:              document.getElementById('page_number_4').value = x;              break;            default:              document.getElementById('page_number_4').value = 1;          }          bwg_ajax('gal_front_form_4', '4', 'bwg_album_compact_4', '55', '', 'album', 0, '', '', load_more, '', 1);        }                    jQuery('.first-page-4').on('click', function () {              spider_page_4(this, 1, -2, 'numeric');              return false;            });            jQuery('.prev-page-4').on('click', function () {              spider_page_4(this, 1, -1, 'numeric');              return false;            });            jQuery('.next-page-4').on('click', function () {              spider_page_4(this, 1, 1, 'numeric');              return false;            });            jQuery('.last-page-4').on('click', function () {              spider_page_4(this, 1, 2, 'numeric');              return false;            });        \t\t\t\t\/* Change page on input enter. *\/        function bwg_change_page_4( e, that ) {          if (  e.key == 'Enter' ) {            var to_page = parseInt(jQuery(that).val());            var pages_count = jQuery(that).parents(\".pagination-links\").data(\"pages-count\");            var current_url_param = jQuery(that).attr('data-url-info');            if (to_page > pages_count) {              to_page = 1;            }\t \t\t\t\t\t\t\t\t\t\t\t\tspider_page_4(this, to_page, 0, 'numeric');\t\t\t\t\t\t\treturn false;\t\t\t\t\t\t          }          return true;        }        jQuery('.bwg_load_btn_4').on('click', function () {            spider_page_4(this, 1, 1, true);            return false;        });      <\/script>      <\/span>                <\/div>        <\/form>        <style>          #bwg_container1_4 #bwg_container2_4 #spider_popup_overlay_4 {          background-color: #EEEEEE;          opacity: 0.60;          }          <\/style>        <div id=\"bwg_spider_popup_loading_4\" class=\"bwg_spider_popup_loading\"><\/div>        <div id=\"spider_popup_overlay_4\" class=\"spider_popup_overlay\" onclick=\"spider_destroypopup(1000)\"><\/div>        <input type=\"hidden\" id=\"bwg_random_seed_4\" value=\"36420084\">                <\/div>    <\/div>    <script>      if (document.readyState === 'complete') {        if( typeof bwg_main_ready == 'function' ) {          if ( jQuery(\"#bwg_container1_4\").height() ) {            bwg_main_ready(jQuery(\"#bwg_container1_4\"));          }        }      } else {        document.addEventListener('DOMContentLoaded', function() {          if( typeof bwg_main_ready == 'function' ) {            if ( jQuery(\"#bwg_container1_4\").height() ) {             bwg_main_ready(jQuery(\"#bwg_container1_4\"));            }          }        });      }    <\/script>    \t\t<\/div>\n\t\t\t\t<\/div>\n\t\t\t\t\t<\/div>\n\t\t<\/div>\n\t\t\t\t\t<\/div>\n\t\t<\/section>\n\t\t\t\t<section class=\"elementor-section elementor-top-section elementor-element elementor-element-1cc9c1a elementor-section-boxed elementor-section-height-default elementor-section-height-default\" data-id=\"1cc9c1a\" data-element_type=\"section\">\n\t\t\t\t\t\t<div class=\"elementor-container elementor-column-gap-default\">\n\t\t\t\t\t<div class=\"elementor-column elementor-col-100 elementor-top-column elementor-element elementor-element-7d54550\" data-id=\"7d54550\" data-element_type=\"column\">\n\t\t\t<div class=\"elementor-widget-wrap elementor-element-populated\">\n\t\t\t\t\t\t<div class=\"elementor-element elementor-element-50237c4 elementor-widget elementor-widget-bwg-elementor\" data-id=\"50237c4\" data-element_type=\"widget\" data-widget_type=\"bwg-elementor.default\">\n\t\t\t\t<div class=\"elementor-widget-container\">\n\t\t\t<style id=\"bwg-style-5\">    #bwg_container1_5 #bwg_container2_5 .bwg-container-5.bwg-album-thumbnails {    width: 1254px;    justify-content: center;            justify-content: center;        margin:0 auto !important;          background-color: rgba(255, 255, 255, 0.00);          padding-left: 4px;      padding-top: 4px;      max-width: 100%;          }        #bwg_container1_5 #bwg_container2_5 .bwg-container-5.bwg-album-thumbnails .bwg-item {    justify-content: flex-start;    max-width: 250px;        }    #bwg_container1_5 #bwg_container2_5 .bwg-container-5.bwg-album-thumbnails .bwg-item a {      margin-right: 4px;      margin-bottom: 4px;    }    #bwg_container1_5 #bwg_container2_5 .bwg-container-5.bwg-album-thumbnails .bwg-item0 {      padding: 0px;            background-color:rgba(0,0,0, 0.30);      border: 0px none #CCCCCC;      opacity: 1.00;      border-radius: 0;      box-shadow: 0px 0px 0px #888888;    }    #bwg_container1_5 #bwg_container2_5 .bwg-container-5.bwg-album-thumbnails .bwg-item1 img {      max-height: none;      max-width: none;      padding: 0 !important;    }          @media only screen and (min-width: 480px) {      #bwg_container1_5 #bwg_container2_5 .bwg-container-5.bwg-album-thumbnails .bwg-item1 img {      -webkit-transition: all .3s; transition: all .3s;      }      #bwg_container1_5 #bwg_container2_5 .bwg-container-5.bwg-album-thumbnails .bwg-item1 img:hover {        -ms-transform: scale(1.08);        -webkit-transform: scale(1.08);        transform: scale(1.08);      }            }          #bwg_container1_5 #bwg_container2_5 .bwg-container-5.bwg-album-thumbnails .bwg-item1 {      padding-top: 56%;    }        #bwg_container1_5 #bwg_container2_5 .bwg-container-5.bwg-album-thumbnails .bwg-title2 {      color: #323A45;      font-family: Ubuntu;      font-size: 16px;      font-weight: bold;      padding: 2px;      text-shadow: 0px 0px 0px #888888;      max-height: 100%;    }        #bwg_container1_5 #bwg_container2_5 .bwg-container-5.bwg-standard-thumbnails {      width: 1254px;              justify-content: center;        margin:0 auto !important;              background-color: rgba(255, 255, 255, 0.00);            padding-left: 4px;      padding-top: 4px;      max-width: 100%;            }        #bwg_container1_5 #bwg_container2_5 .bwg-container-5.bwg-standard-thumbnails .bwg-item {    justify-content: flex-start;      max-width: 250px;          }    #bwg_container1_5 #bwg_container2_5 .bwg-container-5.bwg-standard-thumbnails .bwg-item a {       margin-right: 4px;       margin-bottom: 4px;    }    #bwg_container1_5 #bwg_container2_5 .bwg-container-5.bwg-standard-thumbnails .bwg-item0 {      padding: 0px;            background-color:rgba(0,0,0, 0.30);      border: 0px none #CCCCCC;      opacity: 1.00;      border-radius: 0;      box-shadow: 0px 0px 0px #888888;    }    #bwg_container1_5 #bwg_container2_5 .bwg-container-5.bwg-standard-thumbnails .bwg-item1 img {      max-height: none;      max-width: none;      padding: 0 !important;    }         @media only screen and (min-width: 480px) {\t\t#bwg_container1_5 #bwg_container2_5 .bwg-container-5.bwg-standard-thumbnails .bwg-item1 img {\t\t\t-webkit-transition: all .3s; transition: all .3s;\t\t}\t\t#bwg_container1_5 #bwg_container2_5 .bwg-container-5.bwg-standard-thumbnails .bwg-item1 img:hover {\t\t\t-ms-transform: scale(1.08);\t\t\t-webkit-transform: scale(1.08);\t\t\ttransform: scale(1.08);\t\t}\t\t      }\t    #bwg_container1_5 #bwg_container2_5 .bwg-container-5.bwg-standard-thumbnails .bwg-item1 {      padding-top: 56%;    }        #bwg_container1_5 #bwg_container2_5 .bwg-container-5.bwg-standard-thumbnails .bwg-title2,    #bwg_container1_5 #bwg_container2_5 .bwg-container-5.bwg-standard-thumbnails .bwg-ecommerce2 {      color: #323A45;      font-family: Ubuntu;      font-size: 16px;      font-weight: bold;      padding: 2px;      text-shadow: 0px 0px 0px #888888;      max-height: 100%;    }    #bwg_container1_5 #bwg_container2_5 .bwg-container-5.bwg-standard-thumbnails .bwg-thumb-description span {    color: #323A45;    font-family: Ubuntu;    font-size: 12px;    max-height: 100%;    word-wrap: break-word;    }    #bwg_container1_5 #bwg_container2_5 .bwg-container-5.bwg-standard-thumbnails .bwg-play-icon2 {      font-size: 32px;    }    #bwg_container1_5 #bwg_container2_5 .bwg-container-5.bwg-standard-thumbnails .bwg-ecommerce2 {      font-size: 19.2px;      color: #323A45;    }    <\/style>    <div id=\"bwg_container1_5\"         class=\"bwg_container bwg_thumbnail bwg_album_compact_preview bwg_thumbnail\"         data-right-click-protection=\"0\"         data-bwg=\"5\"         data-scroll=\"0\"         data-gallery-type=\"album_compact_preview\"         data-gallery-view-type=\"thumbnail\"         data-current-url=\"\/index.php?rest_route=%2Fwp%2Fv2%2Fpages%2F4822\"         data-lightbox-url=\"https:\/\/vichyrando.org\/wp-admin\/admin-ajax.php?action=GalleryBox&#038;current_view=5&#038;gallery_id=0&#038;tag=0&#038;theme_id=1&#038;shortcode_id=1032&#038;sort_by=order&#038;order_by=asc&#038;current_url=%2Findex.php%3Frest_route%3D%252Fwp%252Fv2%252Fpages%252F4822\"         data-gallery-id=\"0\"         data-popup-width=\"800\"         data-popup-height=\"500\"         data-is-album=\"album\"         data-buttons-position=\"bottom\">      <div id=\"bwg_container2_5\">             <div id=\"ajax_loading_5\" class=\"bwg_loading_div_1\">      <div class=\"bwg_loading_div_2\">        <div class=\"bwg_loading_div_3\">          <div id=\"loading_div_5\" class=\"bwg_spider_ajax_loading\">          <\/div>        <\/div>      <\/div>    <\/div>            <form id=\"gal_front_form_5\"              class=\"bwg-hidden\"              method=\"post\"              action=\"#\"              data-current=\"5\"              data-shortcode-id=\"1032\"              data-gallery-type=\"album_compact_preview\"              data-gallery-id=\"0\"              data-tag=\"0\"              data-album-id=\"54\"              data-theme-id=\"1\"              data-ajax-url=\"https:\/\/vichyrando.org\/wp-admin\/admin-ajax.php?action=bwg_frontend_data\">          <div id=\"bwg_container3_5\" class=\"bwg-background bwg-background-5\">            <style>        #bwg_container1_5 #bwg_container2_5 .bwg_gal_title_5 {          display: block;          padding: 0 2px 2px 2px;          background-color: rgba(0, 0, 0, 0);          line-height: 20px;          font-family: Ubuntu;          font-size: 18px;          font-weight: bold;          color: #323A45;          text-shadow: 0px 0px 0px #888888;          text-align: center;        }        #bwg_container1_5 #bwg_container2_5 .bwg_gal_description_5 {          margin: 20px 0;          word-break: break-word;          text-align: justify;          font-size: 15px;          font-weight: unset;        }        <\/style>        <div class=\"bwg_gal_title_5\">Juillet 2024<\/div>            <div data-max-count=\"5\"         data-thumbnail-width=\"250\"         data-bwg=\"5\"         id=\"bwg_album_compact_5\"         class=\"bwg-thumbnails bwg-container bwg-container-5 bwg-album-thumbnails bwg_album_thumbnails_5\">              <div class=\"bwg-item\">          <a class=\"bwg-a bwg-album bwg_album_5\"             href='\/index.php?rest_route=%2Fwp%2Fv2%2Fpages%2F4822&#038;type_5=gallery&#038;album_gallery_id_5=832'                          data-container_id=\"bwg_album_compact_5\"             data-def_type=\"gallery\"             data-album_gallery_id=\"54\"             data-alb_gal_id=\"832\"             data-title=\"Rando sant\u00e9 \u00e0 St Germain des Foss\u00e9s le 1er juillet 2024\"             data-bwg=\"5\">                        <div class=\"bwg-item0 lazy_loader\">              <div class=\"bwg-item1 \">                <div class=\"bwg-item2\">                  <img decoding=\"async\" class=\"skip-lazy  bwg_lazyload \"                       data-width=\"500.00\"                       data-height=\"243.00\"                       data-src=\"https:\/\/vichyrando.org\/wp-content\/uploads\/photo-gallery\/thumb\/2024-07-01-StGermain02.jpg?bwg=1719909995\"                       src=\"https:\/\/vichyrando.org\/wp-content\/plugins\/photo-gallery\/images\/lazy_placeholder.gif\"                       alt=\"Rando sant\u00e9 \u00e0 St Germain des Foss\u00e9s le 1er juillet 2024\"                       title=\"Rando sant\u00e9 \u00e0 St Germain des Foss\u00e9s le 1er juillet 2024\" \/>                <\/div>                <div class=\"\">                                  <\/div>              <\/div>            <\/div>            <div class=\"bwg-title1\"><div class=\"bwg-title2\">Rando sant\u00e9 \u00e0 St Germain des Foss\u00e9s le 1er juillet 2024<\/div><\/div>          <\/a>        <\/div>                <div class=\"bwg-item\">          <a class=\"bwg-a bwg-album bwg_album_5\"             href='\/index.php?rest_route=%2Fwp%2Fv2%2Fpages%2F4822&#038;type_5=gallery&#038;album_gallery_id_5=833'                          data-container_id=\"bwg_album_compact_5\"             data-def_type=\"gallery\"             data-album_gallery_id=\"54\"             data-alb_gal_id=\"833\"             data-title=\"Rando sportive journ\u00e9e au col de la Loge (42) le 2 juillet 2024\"             data-bwg=\"5\">                        <div class=\"bwg-item0 lazy_loader\">              <div class=\"bwg-item1 \">                <div class=\"bwg-item2\">                  <img decoding=\"async\" class=\"skip-lazy  bwg_lazyload \"                       data-width=\"500.00\"                       data-height=\"375.00\"                       data-src=\"https:\/\/vichyrando.org\/wp-content\/uploads\/photo-gallery\/thumb\/2024-07-02-CoLoge03.jpg?bwg=1720010788\"                       src=\"https:\/\/vichyrando.org\/wp-content\/plugins\/photo-gallery\/images\/lazy_placeholder.gif\"                       alt=\"Rando sportive journ\u00e9e au col de la Loge (42) le 2 juillet 2024\"                       title=\"Rando sportive journ\u00e9e au col de la Loge (42) le 2 juillet 2024\" \/>                <\/div>                <div class=\"\">                                  <\/div>              <\/div>            <\/div>            <div class=\"bwg-title1\"><div class=\"bwg-title2\">Rando sportive journ\u00e9e au col de la Loge (42) le 2 juillet 2024<\/div><\/div>          <\/a>        <\/div>                <div class=\"bwg-item\">          <a class=\"bwg-a bwg-album bwg_album_5\"             href='\/index.php?rest_route=%2Fwp%2Fv2%2Fpages%2F4822&#038;type_5=gallery&#038;album_gallery_id_5=834'                          data-container_id=\"bwg_album_compact_5\"             data-def_type=\"gallery\"             data-album_gallery_id=\"54\"             data-alb_gal_id=\"834\"             data-title=\"Journ\u00e9e rando \u00e0 Lavoine le 2 juillet 2024\"             data-bwg=\"5\">                        <div class=\"bwg-item0 lazy_loader\">              <div class=\"bwg-item1 \">                <div class=\"bwg-item2\">                  <img decoding=\"async\" class=\"skip-lazy  bwg_lazyload \"                       data-width=\"500.00\"                       data-height=\"333.00\"                       data-src=\"https:\/\/vichyrando.org\/wp-content\/uploads\/photo-gallery\/thumb\/2024-07-02-Lavoine08.jpg?bwg=1720182806\"                       src=\"https:\/\/vichyrando.org\/wp-content\/plugins\/photo-gallery\/images\/lazy_placeholder.gif\"                       alt=\"Journ\u00e9e rando \u00e0 Lavoine le 2 juillet 2024\"                       title=\"Journ\u00e9e rando \u00e0 Lavoine le 2 juillet 2024\" \/>                <\/div>                <div class=\"\">                                  <\/div>              <\/div>            <\/div>            <div class=\"bwg-title1\"><div class=\"bwg-title2\">Journ\u00e9e rando \u00e0 Lavoine le 2 juillet 2024<\/div><\/div>          <\/a>        <\/div>                <div class=\"bwg-item\">          <a class=\"bwg-a bwg-album bwg_album_5\"             href='\/index.php?rest_route=%2Fwp%2Fv2%2Fpages%2F4822&#038;type_5=gallery&#038;album_gallery_id_5=835'                          data-container_id=\"bwg_album_compact_5\"             data-def_type=\"gallery\"             data-album_gallery_id=\"54\"             data-alb_gal_id=\"835\"             data-title=\"Mini rando \u00e0 Molles le 4 juillet 2024\"             data-bwg=\"5\">                        <div class=\"bwg-item0 lazy_loader\">              <div class=\"bwg-item1 \">                <div class=\"bwg-item2\">                  <img decoding=\"async\" class=\"skip-lazy  bwg_lazyload \"                       data-width=\"500.00\"                       data-height=\"375.00\"                       data-src=\"https:\/\/vichyrando.org\/wp-content\/uploads\/photo-gallery\/thumb\/2024-07-04-Mollesmini03.jpg?bwg=1720182924\"                       src=\"https:\/\/vichyrando.org\/wp-content\/plugins\/photo-gallery\/images\/lazy_placeholder.gif\"                       alt=\"Mini rando \u00e0 Molles le 4 juillet 2024\"                       title=\"Mini rando \u00e0 Molles le 4 juillet 2024\" \/>                <\/div>                <div class=\"\">                                  <\/div>              <\/div>            <\/div>            <div class=\"bwg-title1\"><div class=\"bwg-title2\">Mini rando \u00e0 Molles le 4 juillet 2024<\/div><\/div>          <\/a>        <\/div>                <div class=\"bwg-item\">          <a class=\"bwg-a bwg-album bwg_album_5\"             href='\/index.php?rest_route=%2Fwp%2Fv2%2Fpages%2F4822&#038;type_5=gallery&#038;album_gallery_id_5=836'                          data-container_id=\"bwg_album_compact_5\"             data-def_type=\"gallery\"             data-album_gallery_id=\"54\"             data-alb_gal_id=\"836\"             data-title=\"Rando 1\/2 journ\u00e9e \u00e0 Molles le 4 juillet 2024\"             data-bwg=\"5\">                        <div class=\"bwg-item0 lazy_loader\">              <div class=\"bwg-item1 \">                <div class=\"bwg-item2\">                  <img decoding=\"async\" class=\"skip-lazy  bwg_lazyload \"                       data-width=\"460.00\"                       data-height=\"500.00\"                       data-src=\"https:\/\/vichyrando.org\/wp-content\/uploads\/photo-gallery\/thumb\/2024-07-04-Molles01.jpg?bwg=1720182991\"                       src=\"https:\/\/vichyrando.org\/wp-content\/plugins\/photo-gallery\/images\/lazy_placeholder.gif\"                       alt=\"Rando 1\/2 journ\u00e9e \u00e0 Molles le 4 juillet 2024\"                       title=\"Rando 1\/2 journ\u00e9e \u00e0 Molles le 4 juillet 2024\" \/>                <\/div>                <div class=\"\">                                  <\/div>              <\/div>            <\/div>            <div class=\"bwg-title1\"><div class=\"bwg-title2\">Rando 1\/2 journ\u00e9e \u00e0 Molles le 4 juillet 2024<\/div><\/div>          <\/a>        <\/div>                <div class=\"bwg-item\">          <a class=\"bwg-a bwg-album bwg_album_5\"             href='\/index.php?rest_route=%2Fwp%2Fv2%2Fpages%2F4822&#038;type_5=gallery&#038;album_gallery_id_5=837'                          data-container_id=\"bwg_album_compact_5\"             data-def_type=\"gallery\"             data-album_gallery_id=\"54\"             data-alb_gal_id=\"837\"             data-title=\"Rando journ\u00e9e avec l&#039;association &quot;le pied de St Cloud&quot; \u00e0 La Chabanne le 5 juillet 2024\"             data-bwg=\"5\">                        <div class=\"bwg-item0 lazy_loader\">              <div class=\"bwg-item1 \">                <div class=\"bwg-item2\">                  <img decoding=\"async\" class=\"skip-lazy  bwg_lazyload \"                       data-width=\"500.00\"                       data-height=\"243.00\"                       data-src=\"https:\/\/vichyrando.org\/wp-content\/uploads\/photo-gallery\/thumb\/2024-07-05-LaChabanne11.jpg?bwg=1720283137\"                       src=\"https:\/\/vichyrando.org\/wp-content\/plugins\/photo-gallery\/images\/lazy_placeholder.gif\"                       alt=\"Rando journ\u00e9e avec l&#039;association &quot;le pied de St Cloud&quot; \u00e0 La Chabanne le 5 juillet 2024\"                       title=\"Rando journ\u00e9e avec l&#039;association &quot;le pied de St Cloud&quot; \u00e0 La Chabanne le 5 juillet 2024\" \/>                <\/div>                <div class=\"\">                                  <\/div>              <\/div>            <\/div>            <div class=\"bwg-title1\"><div class=\"bwg-title2\">Rando journ\u00e9e avec l'association \"le pied de St Cloud\" \u00e0 La Chabanne le 5 juillet 2024<\/div><\/div>          <\/a>        <\/div>                <div class=\"bwg-item\">          <a class=\"bwg-a bwg-album bwg_album_5\"             href='\/index.php?rest_route=%2Fwp%2Fv2%2Fpages%2F4822&#038;type_5=gallery&#038;album_gallery_id_5=838'                          data-container_id=\"bwg_album_compact_5\"             data-def_type=\"gallery\"             data-album_gallery_id=\"54\"             data-alb_gal_id=\"838\"             data-title=\"Rando Sant\u00e9 \u00e0 Hauterive le 8 juillet 2024\"             data-bwg=\"5\">                        <div class=\"bwg-item0 lazy_loader\">              <div class=\"bwg-item1 \">                <div class=\"bwg-item2\">                  <img decoding=\"async\" class=\"skip-lazy  bwg_lazyload \"                       data-width=\"500.00\"                       data-height=\"225.00\"                       data-src=\"https:\/\/vichyrando.org\/wp-content\/uploads\/photo-gallery\/thumb\/2024-07-08-Hauterive01.jpg?bwg=1720441816\"                       src=\"https:\/\/vichyrando.org\/wp-content\/plugins\/photo-gallery\/images\/lazy_placeholder.gif\"                       alt=\"Rando Sant\u00e9 \u00e0 Hauterive le 8 juillet 2024\"                       title=\"Rando Sant\u00e9 \u00e0 Hauterive le 8 juillet 2024\" \/>                <\/div>                <div class=\"\">                                  <\/div>              <\/div>            <\/div>            <div class=\"bwg-title1\"><div class=\"bwg-title2\">Rando Sant\u00e9 \u00e0 Hauterive le 8 juillet 2024<\/div><\/div>          <\/a>        <\/div>                <div class=\"bwg-item\">          <a class=\"bwg-a bwg-album bwg_album_5\"             href='\/index.php?rest_route=%2Fwp%2Fv2%2Fpages%2F4822&#038;type_5=gallery&#038;album_gallery_id_5=839'                          data-container_id=\"bwg_album_compact_5\"             data-def_type=\"gallery\"             data-album_gallery_id=\"54\"             data-alb_gal_id=\"839\"             data-title=\"Journ\u00e9e marche sportive \u00e0 Chouvigny le 9 juillet 2024\"             data-bwg=\"5\">                        <div class=\"bwg-item0 lazy_loader\">              <div class=\"bwg-item1 \">                <div class=\"bwg-item2\">                  <img decoding=\"async\" class=\"skip-lazy  bwg_lazyload \"                       data-width=\"500.00\"                       data-height=\"375.00\"                       data-src=\"https:\/\/vichyrando.org\/wp-content\/uploads\/photo-gallery\/thumb\/2024-07-09-Chouvigny01.jpg?bwg=1720624044\"                       src=\"https:\/\/vichyrando.org\/wp-content\/plugins\/photo-gallery\/images\/lazy_placeholder.gif\"                       alt=\"Journ\u00e9e marche sportive \u00e0 Chouvigny le 9 juillet 2024\"                       title=\"Journ\u00e9e marche sportive \u00e0 Chouvigny le 9 juillet 2024\" \/>                <\/div>                <div class=\"\">                                  <\/div>              <\/div>            <\/div>            <div class=\"bwg-title1\"><div class=\"bwg-title2\">Journ\u00e9e marche sportive \u00e0 Chouvigny le 9 juillet 2024<\/div><\/div>          <\/a>        <\/div>                <div class=\"bwg-item\">          <a class=\"bwg-a bwg-album bwg_album_5\"             href='\/index.php?rest_route=%2Fwp%2Fv2%2Fpages%2F4822&#038;type_5=gallery&#038;album_gallery_id_5=840'                          data-container_id=\"bwg_album_compact_5\"             data-def_type=\"gallery\"             data-album_gallery_id=\"54\"             data-alb_gal_id=\"840\"             data-title=\"Rando 1\/2 journ\u00e9e \u00e0 Chantelle le 9 juillet 2024\"             data-bwg=\"5\">                        <div class=\"bwg-item0 lazy_loader\">              <div class=\"bwg-item1 \">                <div class=\"bwg-item2\">                  <img decoding=\"async\" class=\"skip-lazy  bwg_lazyload \"                       data-width=\"500.00\"                       data-height=\"333.00\"                       data-src=\"https:\/\/vichyrando.org\/wp-content\/uploads\/photo-gallery\/thumb\/2024-07-09-Chantelle09.jpg?bwg=1720625692\"                       src=\"https:\/\/vichyrando.org\/wp-content\/plugins\/photo-gallery\/images\/lazy_placeholder.gif\"                       alt=\"Rando 1\/2 journ\u00e9e \u00e0 Chantelle le 9 juillet 2024\"                       title=\"Rando 1\/2 journ\u00e9e \u00e0 Chantelle le 9 juillet 2024\" \/>                <\/div>                <div class=\"\">                                  <\/div>              <\/div>            <\/div>            <div class=\"bwg-title1\"><div class=\"bwg-title2\">Rando 1\/2 journ\u00e9e \u00e0 Chantelle le 9 juillet 2024<\/div><\/div>          <\/a>        <\/div>                <div class=\"bwg-item\">          <a class=\"bwg-a bwg-album bwg_album_5\"             href='\/index.php?rest_route=%2Fwp%2Fv2%2Fpages%2F4822&#038;type_5=gallery&#038;album_gallery_id_5=841'                          data-container_id=\"bwg_album_compact_5\"             data-def_type=\"gallery\"             data-album_gallery_id=\"54\"             data-alb_gal_id=\"841\"             data-title=\"Rando 1\/2 journ\u00e9e \u00e0 Ch\u00e2tel Montagne le 11 juillet 2024\"             data-bwg=\"5\">                        <div class=\"bwg-item0 lazy_loader\">              <div class=\"bwg-item1 \">                <div class=\"bwg-item2\">                  <img decoding=\"async\" class=\"skip-lazy  bwg_lazyload \"                       data-width=\"500.00\"                       data-height=\"324.00\"                       data-src=\"https:\/\/vichyrando.org\/wp-content\/uploads\/photo-gallery\/thumb\/2024-07-11-ChatelMontagne01.jpg?bwg=1720772887\"                       src=\"https:\/\/vichyrando.org\/wp-content\/plugins\/photo-gallery\/images\/lazy_placeholder.gif\"                       alt=\"Rando 1\/2 journ\u00e9e \u00e0 Ch\u00e2tel Montagne le 11 juillet 2024\"                       title=\"Rando 1\/2 journ\u00e9e \u00e0 Ch\u00e2tel Montagne le 11 juillet 2024\" \/>                <\/div>                <div class=\"\">                                  <\/div>              <\/div>            <\/div>            <div class=\"bwg-title1\"><div class=\"bwg-title2\">Rando 1\/2 journ\u00e9e \u00e0 Ch\u00e2tel Montagne le 11 juillet 2024<\/div><\/div>          <\/a>        <\/div>                <div class=\"bwg-item\">          <a class=\"bwg-a bwg-album bwg_album_5\"             href='\/index.php?rest_route=%2Fwp%2Fv2%2Fpages%2F4822&#038;type_5=gallery&#038;album_gallery_id_5=842'                          data-container_id=\"bwg_album_compact_5\"             data-def_type=\"gallery\"             data-album_gallery_id=\"54\"             data-alb_gal_id=\"842\"             data-title=\"Mini rando \u00e0 Mariol le 11 juillet 2024\"             data-bwg=\"5\">                        <div class=\"bwg-item0 lazy_loader\">              <div class=\"bwg-item1 \">                <div class=\"bwg-item2\">                  <img decoding=\"async\" class=\"skip-lazy  bwg_lazyload \"                       data-width=\"500.00\"                       data-height=\"281.00\"                       data-src=\"https:\/\/vichyrando.org\/wp-content\/uploads\/photo-gallery\/thumb\/2024-07-11-Mariol08.jpg?bwg=1720772996\"                       src=\"https:\/\/vichyrando.org\/wp-content\/plugins\/photo-gallery\/images\/lazy_placeholder.gif\"                       alt=\"Mini rando \u00e0 Mariol le 11 juillet 2024\"                       title=\"Mini rando \u00e0 Mariol le 11 juillet 2024\" \/>                <\/div>                <div class=\"\">                                  <\/div>              <\/div>            <\/div>            <div class=\"bwg-title1\"><div class=\"bwg-title2\">Mini rando \u00e0 Mariol le 11 juillet 2024<\/div><\/div>          <\/a>        <\/div>                <div class=\"bwg-item\">          <a class=\"bwg-a bwg-album bwg_album_5\"             href='\/index.php?rest_route=%2Fwp%2Fv2%2Fpages%2F4822&#038;type_5=gallery&#038;album_gallery_id_5=843'                          data-container_id=\"bwg_album_compact_5\"             data-def_type=\"gallery\"             data-album_gallery_id=\"54\"             data-alb_gal_id=\"843\"             data-title=\"Journ\u00e9e marche sportive \u00e0 Lachaux (63) le 16 juillet 2024\"             data-bwg=\"5\">                        <div class=\"bwg-item0 lazy_loader\">              <div class=\"bwg-item1 \">                <div class=\"bwg-item2\">                  <img decoding=\"async\" class=\"skip-lazy  bwg_lazyload \"                       data-width=\"500.00\"                       data-height=\"375.00\"                       data-src=\"https:\/\/vichyrando.org\/wp-content\/uploads\/photo-gallery\/thumb\/2024-07-16-Lachaux02.jpg?bwg=1721235263\"                       src=\"https:\/\/vichyrando.org\/wp-content\/plugins\/photo-gallery\/images\/lazy_placeholder.gif\"                       alt=\"Journ\u00e9e marche sportive \u00e0 Lachaux (63) le 16 juillet 2024\"                       title=\"Journ\u00e9e marche sportive \u00e0 Lachaux (63) le 16 juillet 2024\" \/>                <\/div>                <div class=\"\">                                  <\/div>              <\/div>            <\/div>            <div class=\"bwg-title1\"><div class=\"bwg-title2\">Journ\u00e9e marche sportive \u00e0 Lachaux (63) le 16 juillet 2024<\/div><\/div>          <\/a>        <\/div>                <div class=\"bwg-item\">          <a class=\"bwg-a bwg-album bwg_album_5\"             href='\/index.php?rest_route=%2Fwp%2Fv2%2Fpages%2F4822&#038;type_5=gallery&#038;album_gallery_id_5=844'                          data-container_id=\"bwg_album_compact_5\"             data-def_type=\"gallery\"             data-album_gallery_id=\"54\"             data-alb_gal_id=\"844\"             data-title=\"Rando 1\/2 journ\u00e9e \u00e0 Bellenaves le 16 juillet 2024\"             data-bwg=\"5\">                        <div class=\"bwg-item0 lazy_loader\">              <div class=\"bwg-item1 \">                <div class=\"bwg-item2\">                  <img decoding=\"async\" class=\"skip-lazy  bwg_lazyload \"                       data-width=\"500.00\"                       data-height=\"333.00\"                       data-src=\"https:\/\/vichyrando.org\/wp-content\/uploads\/photo-gallery\/thumb\/2024-07-16-Bellenaves04.jpg?bwg=1721246303\"                       src=\"https:\/\/vichyrando.org\/wp-content\/plugins\/photo-gallery\/images\/lazy_placeholder.gif\"                       alt=\"Rando 1\/2 journ\u00e9e \u00e0 Bellenaves le 16 juillet 2024\"                       title=\"Rando 1\/2 journ\u00e9e \u00e0 Bellenaves le 16 juillet 2024\" \/>                <\/div>                <div class=\"\">                                  <\/div>              <\/div>            <\/div>            <div class=\"bwg-title1\"><div class=\"bwg-title2\">Rando 1\/2 journ\u00e9e \u00e0 Bellenaves le 16 juillet 2024<\/div><\/div>          <\/a>        <\/div>                <div class=\"bwg-item\">          <a class=\"bwg-a bwg-album bwg_album_5\"             href='\/index.php?rest_route=%2Fwp%2Fv2%2Fpages%2F4822&#038;type_5=gallery&#038;album_gallery_id_5=845'                          data-container_id=\"bwg_album_compact_5\"             data-def_type=\"gallery\"             data-album_gallery_id=\"54\"             data-alb_gal_id=\"845\"             data-title=\"Rando journ\u00e9e autour du col du B\u00e9al (42,63) le 18 juillet 2024\"             data-bwg=\"5\">                        <div class=\"bwg-item0 lazy_loader\">              <div class=\"bwg-item1 \">                <div class=\"bwg-item2\">                  <img decoding=\"async\" class=\"skip-lazy  bwg_lazyload \"                       data-width=\"500.00\"                       data-height=\"375.00\"                       data-src=\"https:\/\/vichyrando.org\/wp-content\/uploads\/photo-gallery\/thumb\/2024-07-18-ColBeal03.jpg?bwg=1722153698\"                       src=\"https:\/\/vichyrando.org\/wp-content\/plugins\/photo-gallery\/images\/lazy_placeholder.gif\"                       alt=\"Rando journ\u00e9e autour du col du B\u00e9al (42,63) le 18 juillet 2024\"                       title=\"Rando journ\u00e9e autour du col du B\u00e9al (42,63) le 18 juillet 2024\" \/>                <\/div>                <div class=\"\">                                  <\/div>              <\/div>            <\/div>            <div class=\"bwg-title1\"><div class=\"bwg-title2\">Rando journ\u00e9e autour du col du B\u00e9al (42,63) le 18 juillet 2024<\/div><\/div>          <\/a>        <\/div>                <div class=\"bwg-item\">          <a class=\"bwg-a bwg-album bwg_album_5\"             href='\/index.php?rest_route=%2Fwp%2Fv2%2Fpages%2F4822&#038;type_5=gallery&#038;album_gallery_id_5=846'                          data-container_id=\"bwg_album_compact_5\"             data-def_type=\"gallery\"             data-album_gallery_id=\"54\"             data-alb_gal_id=\"846\"             data-title=\"Mini rando \u00e0 St Priest Bramefant (63) le 18 juillet 2024\"             data-bwg=\"5\">                        <div class=\"bwg-item0 lazy_loader\">              <div class=\"bwg-item1 \">                <div class=\"bwg-item2\">                  <img decoding=\"async\" class=\"skip-lazy  bwg_lazyload \"                       data-width=\"500.00\"                       data-height=\"167.00\"                       data-src=\"https:\/\/vichyrando.org\/wp-content\/uploads\/photo-gallery\/thumb\/2024-07-18-StPriestB09.jpg?bwg=1722153816\"                       src=\"https:\/\/vichyrando.org\/wp-content\/plugins\/photo-gallery\/images\/lazy_placeholder.gif\"                       alt=\"Mini rando \u00e0 St Priest Bramefant (63) le 18 juillet 2024\"                       title=\"Mini rando \u00e0 St Priest Bramefant (63) le 18 juillet 2024\" \/>                <\/div>                <div class=\"\">                                  <\/div>              <\/div>            <\/div>            <div class=\"bwg-title1\"><div class=\"bwg-title2\">Mini rando \u00e0 St Priest Bramefant (63) le 18 juillet 2024<\/div><\/div>          <\/a>        <\/div>                <div class=\"bwg-item\">          <a class=\"bwg-a bwg-album bwg_album_5\"             href='\/index.php?rest_route=%2Fwp%2Fv2%2Fpages%2F4822&#038;type_5=gallery&#038;album_gallery_id_5=847'                          data-container_id=\"bwg_album_compact_5\"             data-def_type=\"gallery\"             data-album_gallery_id=\"54\"             data-alb_gal_id=\"847\"             data-title=\"Journ\u00e9e marche sportive \u00e0 St Bonnet des Quarts (42) le 23 juillet 2024\"             data-bwg=\"5\">                        <div class=\"bwg-item0 lazy_loader\">              <div class=\"bwg-item1 \">                <div class=\"bwg-item2\">                  <img decoding=\"async\" class=\"skip-lazy  bwg_lazyload \"                       data-width=\"500.00\"                       data-height=\"293.00\"                       data-src=\"https:\/\/vichyrando.org\/wp-content\/uploads\/photo-gallery\/thumb\/2024-07-23-StBonnet06.jpg?bwg=1722153917\"                       src=\"https:\/\/vichyrando.org\/wp-content\/plugins\/photo-gallery\/images\/lazy_placeholder.gif\"                       alt=\"Journ\u00e9e marche sportive \u00e0 St Bonnet des Quarts (42) le 23 juillet 2024\"                       title=\"Journ\u00e9e marche sportive \u00e0 St Bonnet des Quarts (42) le 23 juillet 2024\" \/>                <\/div>                <div class=\"\">                                  <\/div>              <\/div>            <\/div>            <div class=\"bwg-title1\"><div class=\"bwg-title2\">Journ\u00e9e marche sportive \u00e0 St Bonnet des Quarts (42) le 23 juillet 2024<\/div><\/div>          <\/a>        <\/div>                <div class=\"bwg-item\">          <a class=\"bwg-a bwg-album bwg_album_5\"             href='\/index.php?rest_route=%2Fwp%2Fv2%2Fpages%2F4822&#038;type_5=gallery&#038;album_gallery_id_5=848'                          data-container_id=\"bwg_album_compact_5\"             data-def_type=\"gallery\"             data-album_gallery_id=\"54\"             data-alb_gal_id=\"848\"             data-title=\"Rando 1\/2 journ\u00e9e \u00e0 La Bruy\u00e8re le 23 juillet 2024\"             data-bwg=\"5\">                        <div class=\"bwg-item0 lazy_loader\">              <div class=\"bwg-item1 \">                <div class=\"bwg-item2\">                  <img decoding=\"async\" class=\"skip-lazy  bwg_lazyload \"                       data-width=\"500.00\"                       data-height=\"390.00\"                       data-src=\"https:\/\/vichyrando.org\/wp-content\/uploads\/photo-gallery\/thumb\/2024-07-23-LaBruyere10.jpg?bwg=1722154144\"                       src=\"https:\/\/vichyrando.org\/wp-content\/plugins\/photo-gallery\/images\/lazy_placeholder.gif\"                       alt=\"Rando 1\/2 journ\u00e9e \u00e0 La Bruy\u00e8re le 23 juillet 2024\"                       title=\"Rando 1\/2 journ\u00e9e \u00e0 La Bruy\u00e8re le 23 juillet 2024\" \/>                <\/div>                <div class=\"\">                                  <\/div>              <\/div>            <\/div>            <div class=\"bwg-title1\"><div class=\"bwg-title2\">Rando 1\/2 journ\u00e9e \u00e0 La Bruy\u00e8re le 23 juillet 2024<\/div><\/div>          <\/a>        <\/div>                <div class=\"bwg-item\">          <a class=\"bwg-a bwg-album bwg_album_5\"             href='\/index.php?rest_route=%2Fwp%2Fv2%2Fpages%2F4822&#038;type_5=gallery&#038;album_gallery_id_5=849'                          data-container_id=\"bwg_album_compact_5\"             data-def_type=\"gallery\"             data-album_gallery_id=\"54\"             data-alb_gal_id=\"849\"             data-title=\"Rando 1\/2 journ\u00e9e \u00e0 Ch\u00e2teldon (63) le 25 juillet 2024\"             data-bwg=\"5\">                        <div class=\"bwg-item0 lazy_loader\">              <div class=\"bwg-item1 \">                <div class=\"bwg-item2\">                  <img decoding=\"async\" class=\"skip-lazy  bwg_lazyload \"                       data-width=\"500.00\"                       data-height=\"281.00\"                       data-src=\"https:\/\/vichyrando.org\/wp-content\/uploads\/photo-gallery\/thumb\/2024-07-25-Chateldon08.jpg?bwg=1722154257\"                       src=\"https:\/\/vichyrando.org\/wp-content\/plugins\/photo-gallery\/images\/lazy_placeholder.gif\"                       alt=\"Rando 1\/2 journ\u00e9e \u00e0 Ch\u00e2teldon (63) le 25 juillet 2024\"                       title=\"Rando 1\/2 journ\u00e9e \u00e0 Ch\u00e2teldon (63) le 25 juillet 2024\" \/>                <\/div>                <div class=\"\">                                  <\/div>              <\/div>            <\/div>            <div class=\"bwg-title1\"><div class=\"bwg-title2\">Rando 1\/2 journ\u00e9e \u00e0 Ch\u00e2teldon (63) le 25 juillet 2024<\/div><\/div>          <\/a>        <\/div>                <div class=\"bwg-item\">          <a class=\"bwg-a bwg-album bwg_album_5\"             href='\/index.php?rest_route=%2Fwp%2Fv2%2Fpages%2F4822&#038;type_5=gallery&#038;album_gallery_id_5=850'                          data-container_id=\"bwg_album_compact_5\"             data-def_type=\"gallery\"             data-album_gallery_id=\"54\"             data-alb_gal_id=\"850\"             data-title=\"Marche nordique au Vernet le 27 juillet 2024\"             data-bwg=\"5\">                        <div class=\"bwg-item0 lazy_loader\">              <div class=\"bwg-item1 \">                <div class=\"bwg-item2\">                  <img decoding=\"async\" class=\"skip-lazy  bwg_lazyload \"                       data-width=\"500.00\"                       data-height=\"225.00\"                       data-src=\"https:\/\/vichyrando.org\/wp-content\/uploads\/photo-gallery\/thumb\/2024-07-27-LeVernet01.jpg?bwg=1722154394\"                       src=\"https:\/\/vichyrando.org\/wp-content\/plugins\/photo-gallery\/images\/lazy_placeholder.gif\"                       alt=\"Marche nordique au Vernet le 27 juillet 2024\"                       title=\"Marche nordique au Vernet le 27 juillet 2024\" \/>                <\/div>                <div class=\"\">                                  <\/div>              <\/div>            <\/div>            <div class=\"bwg-title1\"><div class=\"bwg-title2\">Marche nordique au Vernet le 27 juillet 2024<\/div><\/div>          <\/a>        <\/div>                <div class=\"bwg-item\">          <a class=\"bwg-a bwg-album bwg_album_5\"             href='\/index.php?rest_route=%2Fwp%2Fv2%2Fpages%2F4822&#038;type_5=gallery&#038;album_gallery_id_5=851'                          data-container_id=\"bwg_album_compact_5\"             data-def_type=\"gallery\"             data-album_gallery_id=\"54\"             data-alb_gal_id=\"851\"             data-title=\"Rando sant\u00e9 \u00e0 St R\u00e9my en Rollat le 29 juillet 2024\"             data-bwg=\"5\">                        <div class=\"bwg-item0 lazy_loader\">              <div class=\"bwg-item1 \">                <div class=\"bwg-item2\">                  <img decoding=\"async\" class=\"skip-lazy  bwg_lazyload \"                       data-width=\"500.00\"                       data-height=\"266.00\"                       data-src=\"https:\/\/vichyrando.org\/wp-content\/uploads\/photo-gallery\/thumb\/2024-07-29-St-Remy01.jpg?bwg=1722530858\"                       src=\"https:\/\/vichyrando.org\/wp-content\/plugins\/photo-gallery\/images\/lazy_placeholder.gif\"                       alt=\"Rando sant\u00e9 \u00e0 St R\u00e9my en Rollat le 29 juillet 2024\"                       title=\"Rando sant\u00e9 \u00e0 St R\u00e9my en Rollat le 29 juillet 2024\" \/>                <\/div>                <div class=\"\">                                  <\/div>              <\/div>            <\/div>            <div class=\"bwg-title1\"><div class=\"bwg-title2\">Rando sant\u00e9 \u00e0 St R\u00e9my en Rollat le 29 juillet 2024<\/div><\/div>          <\/a>        <\/div>                <div class=\"bwg-item\">          <a class=\"bwg-a bwg-album bwg_album_5\"             href='\/index.php?rest_route=%2Fwp%2Fv2%2Fpages%2F4822&#038;type_5=gallery&#038;album_gallery_id_5=852'                          data-container_id=\"bwg_album_compact_5\"             data-def_type=\"gallery\"             data-album_gallery_id=\"54\"             data-alb_gal_id=\"852\"             data-title=\"Rando 1\/2 journ\u00e9e \u00e0 La Chabanne le 30 juillet 2024\"             data-bwg=\"5\">                        <div class=\"bwg-item0 lazy_loader\">              <div class=\"bwg-item1 \">                <div class=\"bwg-item2\">                  <img decoding=\"async\" class=\"skip-lazy  bwg_lazyload \"                       data-width=\"500.00\"                       data-height=\"403.00\"                       data-src=\"https:\/\/vichyrando.org\/wp-content\/uploads\/photo-gallery\/thumb\/2024-07-30-LaChabanne01.jpg?bwg=1722600095\"                       src=\"https:\/\/vichyrando.org\/wp-content\/plugins\/photo-gallery\/images\/lazy_placeholder.gif\"                       alt=\"Rando 1\/2 journ\u00e9e \u00e0 La Chabanne le 30 juillet 2024\"                       title=\"Rando 1\/2 journ\u00e9e \u00e0 La Chabanne le 30 juillet 2024\" \/>                <\/div>                <div class=\"\">                                  <\/div>              <\/div>            <\/div>            <div class=\"bwg-title1\"><div class=\"bwg-title2\">Rando 1\/2 journ\u00e9e \u00e0 La Chabanne le 30 juillet 2024<\/div><\/div>          <\/a>        <\/div>                <div class=\"bwg-item\">          <a class=\"bwg-a bwg-album bwg_album_5\"             href='\/index.php?rest_route=%2Fwp%2Fv2%2Fpages%2F4822&#038;type_5=gallery&#038;album_gallery_id_5=853'                          data-container_id=\"bwg_album_compact_5\"             data-def_type=\"gallery\"             data-album_gallery_id=\"54\"             data-alb_gal_id=\"853\"             data-title=\"Mini s\u00e9jour dans les Combrailles les 30 et 31 juillet 2024\"             data-bwg=\"5\">                        <div class=\"bwg-item0 lazy_loader\">              <div class=\"bwg-item1 \">                <div class=\"bwg-item2\">                  <img decoding=\"async\" class=\"skip-lazy  bwg_lazyload \"                       data-width=\"500.00\"                       data-height=\"375.00\"                       data-src=\"https:\/\/vichyrando.org\/wp-content\/uploads\/photo-gallery\/thumb\/2024-07-30-Combrailles43.jpg?bwg=1722600187\"                       src=\"https:\/\/vichyrando.org\/wp-content\/plugins\/photo-gallery\/images\/lazy_placeholder.gif\"                       alt=\"Mini s\u00e9jour dans les Combrailles les 30 et 31 juillet 2024\"                       title=\"Mini s\u00e9jour dans les Combrailles les 30 et 31 juillet 2024\" \/>                <\/div>                <div class=\"\">                                  <\/div>              <\/div>            <\/div>            <div class=\"bwg-title1\"><div class=\"bwg-title2\">Mini s\u00e9jour dans les Combrailles les 30 et 31 juillet 2024<\/div><\/div>          <\/a>        <\/div>            <\/div>          <input type=\"hidden\" id=\"bwg_album_breadcrumb_5\" name=\"bwg_album_breadcrumb_5\" value='[{&quot;id&quot;:&quot;54&quot;,&quot;page&quot;:1}]' \/>    <style>      \/*pagination styles*\/      #bwg_container1_5 #bwg_container2_5 .tablenav-pages_5 {\t\t\t\ttext-align: center;\t\t\t\tfont-size: 12px;\t\t\t\tfont-family: Ubuntu;\t\t\t\tfont-weight: bold;\t\t\t\tcolor: #666666;\t\t\t\tmargin: 6px 0 4px;\t\t\t\tdisplay: block;      }      @media only screen and (max-width : 320px) {      #bwg_container1_5 #bwg_container2_5 .displaying-num_5 {     \t display: none;      }      }      #bwg_container1_5 #bwg_container2_5 .displaying-num_5 {\t\t\t\tfont-size: 12px;\t\t\t\tfont-family: Ubuntu;\t\t\t\tfont-weight: bold;\t\t\t\tcolor: #666666;\t\t\t\tmargin-right: 10px;\t\t\t\tvertical-align: middle;      }      #bwg_container1_5 #bwg_container2_5 .paging-input_5 {\t\t\t\tfont-size: 12px;\t\t\t\tfont-family: Ubuntu;\t\t\t\tfont-weight: bold;\t\t\t\tcolor: #666666;\t\t\t\tvertical-align: middle;      }      #bwg_container1_5 #bwg_container2_5 .tablenav-pages_5 a.disabled,      #bwg_container1_5 #bwg_container2_5 .tablenav-pages_5 a.disabled:hover,      #bwg_container1_5 #bwg_container2_5 .tablenav-pages_5 a.disabled:focus,\t\t\t#bwg_container1_5 #bwg_container2_5 .tablenav-pages_5 input.bwg_current_page {\t\t\t\tcursor: default;\t\t\t\tcolor: rgba(102, 102, 102, 0.5);      }      #bwg_container1_5 #bwg_container2_5 .tablenav-pages_5 a,      #bwg_container1_5 #bwg_container2_5 .tablenav-pages_5 input.bwg_current_page {\t\t\t\tcursor: pointer;\t\t\t\ttext-align: center;\t\t\t\tfont-size: 12px;\t\t\t\tfont-family: Ubuntu;\t\t\t\tfont-weight: bold;\t\t\t\tcolor: #666666;\t\t\t\ttext-decoration: none;\t\t\t\tpadding: 3px 6px;\t\t\t\tmargin: 0;\t\t\t\tborder-radius: 0;\t\t\t\tborder-style: solid;\t\t\t\tborder-width: 1px;\t\t\t\tborder-color: #E3E3E3;\t\t\t\t\t\t\t\tbackground-color: rgba(255, 255, 255, 1.00);\t\t\t\tbox-shadow: 0;\t\t\t\ttransition: all 0.3s ease 0s;-webkit-transition: all 0.3s ease 0s;      }      <\/style>      <span class=\"bwg_nav_cont_5\">              <div class=\"tablenav-pages_5\">                  <\/div>                <input type=\"hidden\" id=\"page_number_5\" name=\"page_number_5\" value=\"1\" \/>      <script type=\"text\/javascript\">        if( jQuery('.bwg_nav_cont_5').length > 1 ) {          jQuery('.bwg_nav_cont_5').first().remove()        }        function spider_page_5(cur, x, y, load_more) {          if (typeof load_more == \"undefined\") {            var load_more = false;          }          if (jQuery(cur).hasClass('disabled')) {            return false;          }          var items_county_5 = 1;          switch (y) {            case 1:              if (x >= items_county_5) {                document.getElementById('page_number_5').value = items_county_5;              }              else {                document.getElementById('page_number_5').value = x + 1;              }              break;            case 2:              document.getElementById('page_number_5').value = items_county_5;              break;            case -1:              if (x == 1) {                document.getElementById('page_number_5').value = 1;              }              else {                document.getElementById('page_number_5').value = x - 1;              }              break;            case -2:              document.getElementById('page_number_5').value = 1;              break;\t\t\t\t\t\tcase 0:              document.getElementById('page_number_5').value = x;              break;            default:              document.getElementById('page_number_5').value = 1;          }          bwg_ajax('gal_front_form_5', '5', 'bwg_album_compact_5', '54', '', 'album', 0, '', '', load_more, '', 1);        }                    jQuery('.first-page-5').on('click', function () {              spider_page_5(this, 1, -2, 'numeric');              return false;            });            jQuery('.prev-page-5').on('click', function () {              spider_page_5(this, 1, -1, 'numeric');              return false;            });            jQuery('.next-page-5').on('click', function () {              spider_page_5(this, 1, 1, 'numeric');              return false;            });            jQuery('.last-page-5').on('click', function () {              spider_page_5(this, 1, 2, 'numeric');              return false;            });        \t\t\t\t\/* Change page on input enter. *\/        function bwg_change_page_5( e, that ) {          if (  e.key == 'Enter' ) {            var to_page = parseInt(jQuery(that).val());            var pages_count = jQuery(that).parents(\".pagination-links\").data(\"pages-count\");            var current_url_param = jQuery(that).attr('data-url-info');            if (to_page > pages_count) {              to_page = 1;            }\t \t\t\t\t\t\t\t\t\t\t\t\tspider_page_5(this, to_page, 0, 'numeric');\t\t\t\t\t\t\treturn false;\t\t\t\t\t\t          }          return true;        }        jQuery('.bwg_load_btn_5').on('click', function () {            spider_page_5(this, 1, 1, true);            return false;        });      <\/script>      <\/span>                <\/div>        <\/form>        <style>          #bwg_container1_5 #bwg_container2_5 #spider_popup_overlay_5 {          background-color: #EEEEEE;          opacity: 0.60;          }          <\/style>        <div id=\"bwg_spider_popup_loading_5\" class=\"bwg_spider_popup_loading\"><\/div>        <div id=\"spider_popup_overlay_5\" class=\"spider_popup_overlay\" onclick=\"spider_destroypopup(1000)\"><\/div>        <input type=\"hidden\" id=\"bwg_random_seed_5\" value=\"855121682\">                <\/div>    <\/div>    <script>      if (document.readyState === 'complete') {        if( typeof bwg_main_ready == 'function' ) {          if ( jQuery(\"#bwg_container1_5\").height() ) {            bwg_main_ready(jQuery(\"#bwg_container1_5\"));          }        }      } else {        document.addEventListener('DOMContentLoaded', function() {          if( typeof bwg_main_ready == 'function' ) {            if ( jQuery(\"#bwg_container1_5\").height() ) {             bwg_main_ready(jQuery(\"#bwg_container1_5\"));            }          }        });      }    <\/script>    \t\t<\/div>\n\t\t\t\t<\/div>\n\t\t\t\t\t<\/div>\n\t\t<\/div>\n\t\t\t\t\t<\/div>\n\t\t<\/section>\n\t\t\t\t<section class=\"elementor-section elementor-top-section elementor-element elementor-element-253b901c elementor-section-boxed elementor-section-height-default elementor-section-height-default\" data-id=\"253b901c\" data-element_type=\"section\">\n\t\t\t\t\t\t<div class=\"elementor-container elementor-column-gap-default\">\n\t\t\t\t\t<div class=\"elementor-column elementor-col-100 elementor-top-column elementor-element elementor-element-66e19793\" data-id=\"66e19793\" data-element_type=\"column\">\n\t\t\t<div class=\"elementor-widget-wrap\">\n\t\t\t\t\t\t\t<\/div>\n\t\t<\/div>\n\t\t\t\t\t<\/div>\n\t\t<\/section>\n\t\t\t\t<section class=\"elementor-section elementor-top-section elementor-element elementor-element-2f3e9fb5 elementor-section-full_width elementor-section-height-full ks-position-fixed-cover ks-zindex-minus999 elementor-section-height-default elementor-section-items-middle\" data-id=\"2f3e9fb5\" data-element_type=\"section\" data-settings=\"{&quot;background_background&quot;:&quot;classic&quot;}\">\n\t\t\t\t\t\t\t<div class=\"elementor-background-overlay\"><\/div>\n\t\t\t\t\t\t\t<div class=\"elementor-container elementor-column-gap-default\">\n\t\t\t\t\t<div class=\"elementor-column elementor-col-100 elementor-top-column elementor-element elementor-element-b9547aa\" data-id=\"b9547aa\" data-element_type=\"column\">\n\t\t\t<div class=\"elementor-widget-wrap\">\n\t\t\t\t\t\t\t<\/div>\n\t\t<\/div>\n\t\t\t\t\t<\/div>\n\t\t<\/section>\n\t\t\t\t<\/div>\n\t\t","protected":false},"excerpt":{"rendered":"<p>Nos Photos D\u00e9cembre 2024 Rando sant\u00e9 \u00e0 St R\u00e9my en Rollat le 2 d\u00e9cembre 2024 Journ\u00e9e rando sportive \u00e0 Mazerier le 3 d\u00e9cembre 2024 Rando 1\/2 journ\u00e9e \u00e0 Brugheas le 3 d\u00e9cembre 2024 Marche nordique nocturne \u00e0 Bellerive\/Allier le 4 d\u00e9cembre 2024 Mini rando \u00e0 La Chapelle le 5 d\u00e9cembre 2024 Rando 1\/2 journ\u00e9e \u00e0&hellip;&nbsp;<a href=\"https:\/\/vichyrando.org\/?page_id=4822\" class=\"\" rel=\"bookmark\">Lire la suite &raquo;<span class=\"screen-reader-text\">Galeries 2024 (juillet &#8211; d\u00e9cembre)<\/span><\/a><\/p>\n","protected":false},"author":2,"featured_media":0,"parent":0,"menu_order":0,"comment_status":"closed","ping_status":"closed","template":"elementor_canvas","meta":{"neve_meta_sidebar":"full-width","neve_meta_container":"","neve_meta_enable_content_width":"on","neve_meta_content_width":100,"neve_meta_title_alignment":"","neve_meta_author_avatar":"","neve_post_elements_order":"","neve_meta_disable_header":"","neve_meta_disable_footer":"","neve_meta_disable_title":"","footnotes":""},"class_list":["post-4822","page","type-page","status-publish","hentry"],"_links":{"self":[{"href":"https:\/\/vichyrando.org\/index.php?rest_route=\/wp\/v2\/pages\/4822"}],"collection":[{"href":"https:\/\/vichyrando.org\/index.php?rest_route=\/wp\/v2\/pages"}],"about":[{"href":"https:\/\/vichyrando.org\/index.php?rest_route=\/wp\/v2\/types\/page"}],"author":[{"embeddable":true,"href":"https:\/\/vichyrando.org\/index.php?rest_route=\/wp\/v2\/users\/2"}],"replies":[{"embeddable":true,"href":"https:\/\/vichyrando.org\/index.php?rest_route=%2Fwp%2Fv2%2Fcomments&post=4822"}],"version-history":[{"count":6,"href":"https:\/\/vichyrando.org\/index.php?rest_route=\/wp\/v2\/pages\/4822\/revisions"}],"predecessor-version":[{"id":4838,"href":"https:\/\/vichyrando.org\/index.php?rest_route=\/wp\/v2\/pages\/4822\/revisions\/4838"}],"wp:attachment":[{"href":"https:\/\/vichyrando.org\/index.php?rest_route=%2Fwp%2Fv2%2Fmedia&parent=4822"}],"curies":[{"name":"wp","href":"https:\/\/api.w.org\/{rel}","templated":true}]}}