{"id":3786,"date":"2024-01-08T19:16:24","date_gmt":"2024-01-08T18:16:24","guid":{"rendered":"https:\/\/vichyrando.org\/?page_id=3786"},"modified":"2025-01-08T13:56:25","modified_gmt":"2025-01-08T12:56:25","slug":"galerie-2024","status":"publish","type":"page","link":"http:\/\/vichyrando.org\/?page_id=3786","title":{"rendered":"Galeries 2024 (janvier &#8211; juin)"},"content":{"rendered":"\t\t<div data-elementor-type=\"wp-page\" data-elementor-id=\"3786\" class=\"elementor elementor-3786\">\n\t\t\t\t\t\t<section class=\"elementor-section elementor-top-section elementor-element elementor-element-78797e44 elementor-section-height-min-height elementor-section-boxed elementor-section-height-default elementor-section-items-middle\" data-id=\"78797e44\" data-element_type=\"section\" data-settings=\"{&quot;background_background&quot;:&quot;classic&quot;}\">\n\t\t\t\t\t\t\t<div class=\"elementor-background-overlay\"><\/div>\n\t\t\t\t\t\t\t<div class=\"elementor-container elementor-column-gap-default\">\n\t\t\t\t\t<div class=\"elementor-column elementor-col-100 elementor-top-column elementor-element elementor-element-44b2651d\" data-id=\"44b2651d\" data-element_type=\"column\">\n\t\t\t<div class=\"elementor-widget-wrap elementor-element-populated\">\n\t\t\t\t\t\t<div class=\"elementor-element elementor-element-3b7ab4c2 elementor-widget elementor-widget-heading\" data-id=\"3b7ab4c2\" data-element_type=\"widget\" data-widget_type=\"heading.default\">\n\t\t\t\t<div class=\"elementor-widget-container\">\n\t\t\t<span class=\"elementor-heading-title elementor-size-large\">Nos Photos<\/span>\t\t<\/div>\n\t\t\t\t<\/div>\n\t\t\t\t\t<\/div>\n\t\t<\/div>\n\t\t\t\t\t<\/div>\n\t\t<\/section>\n\t\t\t\t<section class=\"elementor-section elementor-top-section elementor-element elementor-element-63875b9 elementor-section-boxed elementor-section-height-default elementor-section-height-default\" data-id=\"63875b9\" data-element_type=\"section\">\n\t\t\t\t\t\t<div class=\"elementor-container elementor-column-gap-default\">\n\t\t\t\t\t<div class=\"elementor-column elementor-col-100 elementor-top-column elementor-element elementor-element-441f788\" data-id=\"441f788\" data-element_type=\"column\">\n\t\t\t<div class=\"elementor-widget-wrap elementor-element-populated\">\n\t\t\t\t    <style>\n      .elementor-control-bwg_view_type_shortcode .elementor-control-input-wrapper,\n      .elementor-control-bwg_elementor_shortcode input {\n        visibility: hidden;\n      }\n      .elementor-control-bwg_elementor_shortcode input {\n        height: 0;\n      }\n      .elementor-control a.bwg-shortcode-btn {\n        text-decoration: none;\n        border-bottom:none;\n      }\n    <\/style>\n    \t\t<div class=\"elementor-element elementor-element-60acc9e elementor-widget elementor-widget-bwg-elementor\" data-id=\"60acc9e\" data-element_type=\"widget\" data-widget_type=\"bwg-elementor.default\">\n\t\t\t\t<div class=\"elementor-widget-container\">\n\t\t\t<style id=\"bwg-style-0\">    #bwg_container1_0 #bwg_container2_0 .bwg-container-0.bwg-album-thumbnails {    width: 1254px;    justify-content: center;            justify-content: center;        margin:0 auto !important;          background-color: rgba(255, 255, 255, 0.00);          padding-left: 4px;      padding-top: 4px;      max-width: 100%;          }        #bwg_container1_0 #bwg_container2_0 .bwg-container-0.bwg-album-thumbnails .bwg-item {    justify-content: flex-start;    max-width: 250px;        }    #bwg_container1_0 #bwg_container2_0 .bwg-container-0.bwg-album-thumbnails .bwg-item a {      margin-right: 4px;      margin-bottom: 4px;    }    #bwg_container1_0 #bwg_container2_0 .bwg-container-0.bwg-album-thumbnails .bwg-item0 {      padding: 0px;            background-color:rgba(0,0,0, 0.30);      border: 0px none #CCCCCC;      opacity: 1.00;      border-radius: 0;      box-shadow: 0px 0px 0px #888888;    }    #bwg_container1_0 #bwg_container2_0 .bwg-container-0.bwg-album-thumbnails .bwg-item1 img {      max-height: none;      max-width: none;      padding: 0 !important;    }          @media only screen and (min-width: 480px) {      #bwg_container1_0 #bwg_container2_0 .bwg-container-0.bwg-album-thumbnails .bwg-item1 img {      -webkit-transition: all .3s; transition: all .3s;      }      #bwg_container1_0 #bwg_container2_0 .bwg-container-0.bwg-album-thumbnails .bwg-item1 img:hover {        -ms-transform: scale(1.08);        -webkit-transform: scale(1.08);        transform: scale(1.08);      }            }          #bwg_container1_0 #bwg_container2_0 .bwg-container-0.bwg-album-thumbnails .bwg-item1 {      padding-top: 56%;    }        #bwg_container1_0 #bwg_container2_0 .bwg-container-0.bwg-album-thumbnails .bwg-title2 {      color: #323A45;      font-family: Ubuntu;      font-size: 16px;      font-weight: bold;      padding: 2px;      text-shadow: 0px 0px 0px #888888;      max-height: 100%;    }        #bwg_container1_0 #bwg_container2_0 .bwg-container-0.bwg-standard-thumbnails {      width: 1254px;              justify-content: center;        margin:0 auto !important;              background-color: rgba(255, 255, 255, 0.00);            padding-left: 4px;      padding-top: 4px;      max-width: 100%;            }        #bwg_container1_0 #bwg_container2_0 .bwg-container-0.bwg-standard-thumbnails .bwg-item {    justify-content: flex-start;      max-width: 250px;          }    #bwg_container1_0 #bwg_container2_0 .bwg-container-0.bwg-standard-thumbnails .bwg-item a {       margin-right: 4px;       margin-bottom: 4px;    }    #bwg_container1_0 #bwg_container2_0 .bwg-container-0.bwg-standard-thumbnails .bwg-item0 {      padding: 0px;            background-color:rgba(0,0,0, 0.30);      border: 0px none #CCCCCC;      opacity: 1.00;      border-radius: 0;      box-shadow: 0px 0px 0px #888888;    }    #bwg_container1_0 #bwg_container2_0 .bwg-container-0.bwg-standard-thumbnails .bwg-item1 img {      max-height: none;      max-width: none;      padding: 0 !important;    }         @media only screen and (min-width: 480px) {\t\t#bwg_container1_0 #bwg_container2_0 .bwg-container-0.bwg-standard-thumbnails .bwg-item1 img {\t\t\t-webkit-transition: all .3s; transition: all .3s;\t\t}\t\t#bwg_container1_0 #bwg_container2_0 .bwg-container-0.bwg-standard-thumbnails .bwg-item1 img:hover {\t\t\t-ms-transform: scale(1.08);\t\t\t-webkit-transform: scale(1.08);\t\t\ttransform: scale(1.08);\t\t}\t\t      }\t    #bwg_container1_0 #bwg_container2_0 .bwg-container-0.bwg-standard-thumbnails .bwg-item1 {      padding-top: 56%;    }        #bwg_container1_0 #bwg_container2_0 .bwg-container-0.bwg-standard-thumbnails .bwg-title2,    #bwg_container1_0 #bwg_container2_0 .bwg-container-0.bwg-standard-thumbnails .bwg-ecommerce2 {      color: #323A45;      font-family: Ubuntu;      font-size: 16px;      font-weight: bold;      padding: 2px;      text-shadow: 0px 0px 0px #888888;      max-height: 100%;    }    #bwg_container1_0 #bwg_container2_0 .bwg-container-0.bwg-standard-thumbnails .bwg-thumb-description span {    color: #323A45;    font-family: Ubuntu;    font-size: 12px;    max-height: 100%;    word-wrap: break-word;    }    #bwg_container1_0 #bwg_container2_0 .bwg-container-0.bwg-standard-thumbnails .bwg-play-icon2 {      font-size: 32px;    }    #bwg_container1_0 #bwg_container2_0 .bwg-container-0.bwg-standard-thumbnails .bwg-ecommerce2 {      font-size: 19.2px;      color: #323A45;    }    <\/style>    <div id=\"bwg_container1_0\"         class=\"bwg_container bwg_thumbnail bwg_album_compact_preview bwg_thumbnail\"         data-right-click-protection=\"0\"         data-bwg=\"0\"         data-scroll=\"0\"         data-gallery-type=\"album_compact_preview\"         data-gallery-view-type=\"thumbnail\"         data-current-url=\"\/index.php?rest_route=%2Fwp%2Fv2%2Fpages%2F3786\"         data-lightbox-url=\"http:\/\/vichyrando.org\/wp-admin\/admin-ajax.php?action=GalleryBox&#038;current_view=0&#038;gallery_id=0&#038;tag=0&#038;theme_id=1&#038;shortcode_id=1011&#038;sort_by=order&#038;order_by=asc&#038;current_url=%2Findex.php%3Frest_route%3D%252Fwp%252Fv2%252Fpages%252F3786\"         data-gallery-id=\"0\"         data-popup-width=\"800\"         data-popup-height=\"500\"         data-is-album=\"album\"         data-buttons-position=\"bottom\">      <div id=\"bwg_container2_0\">             <div id=\"ajax_loading_0\" class=\"bwg_loading_div_1\">      <div class=\"bwg_loading_div_2\">        <div class=\"bwg_loading_div_3\">          <div id=\"loading_div_0\" class=\"bwg_spider_ajax_loading\">          <\/div>        <\/div>      <\/div>    <\/div>            <form id=\"gal_front_form_0\"              class=\"bwg-hidden\"              method=\"post\"              action=\"#\"              data-current=\"0\"              data-shortcode-id=\"1011\"              data-gallery-type=\"album_compact_preview\"              data-gallery-id=\"0\"              data-tag=\"0\"              data-album-id=\"53\"              data-theme-id=\"1\"              data-ajax-url=\"http:\/\/vichyrando.org\/wp-admin\/admin-ajax.php?action=bwg_frontend_data\">          <div id=\"bwg_container3_0\" class=\"bwg-background bwg-background-0\">            <style>        #bwg_container1_0 #bwg_container2_0 .bwg_gal_title_0 {          display: block;          padding: 0 2px 2px 2px;          background-color: rgba(0, 0, 0, 0);          line-height: 20px;          font-family: Ubuntu;          font-size: 18px;          font-weight: bold;          color: #323A45;          text-shadow: 0px 0px 0px #888888;          text-align: center;        }        #bwg_container1_0 #bwg_container2_0 .bwg_gal_description_0 {          margin: 20px 0;          word-break: break-word;          text-align: justify;          font-size: 15px;          font-weight: unset;        }        <\/style>        <div class=\"bwg_gal_title_0\">Juin 2024<\/div>            <div data-max-count=\"5\"         data-thumbnail-width=\"250\"         data-bwg=\"0\"         id=\"bwg_album_compact_0\"         class=\"bwg-thumbnails bwg-container bwg-container-0 bwg-album-thumbnails bwg_album_thumbnails_0\">              <div class=\"bwg-item\">          <a class=\"bwg-a bwg-album bwg_album_0\"             href='\/index.php?rest_route=%2Fwp%2Fv2%2Fpages%2F3786&#038;type_0=gallery&#038;album_gallery_id_0=812'                          data-container_id=\"bwg_album_compact_0\"             data-def_type=\"gallery\"             data-album_gallery_id=\"53\"             data-alb_gal_id=\"812\"             data-title=\"Rando 1\/2 journ\u00e9e \u00e0 B\u00e8gues le 4 juin 2024\"             data-bwg=\"0\">                        <div class=\"bwg-item0 lazy_loader\">              <div class=\"bwg-item1 \">                <div class=\"bwg-item2\">                  <img decoding=\"async\" class=\"skip-lazy  bwg_lazyload \"                       data-width=\"500.00\"                       data-height=\"300.00\"                       data-src=\"http:\/\/vichyrando.org\/wp-content\/uploads\/photo-gallery\/thumb\/2024-06-04-Begues10.jpg?bwg=1717668247\"                       src=\"http:\/\/vichyrando.org\/wp-content\/plugins\/photo-gallery\/images\/lazy_placeholder.gif\"                       alt=\"Rando 1\/2 journ\u00e9e \u00e0 B\u00e8gues le 4 juin 2024\"                       title=\"Rando 1\/2 journ\u00e9e \u00e0 B\u00e8gues le 4 juin 2024\" \/>                <\/div>                <div class=\"\">                                  <\/div>              <\/div>            <\/div>            <div class=\"bwg-title1\"><div class=\"bwg-title2\">Rando 1\/2 journ\u00e9e \u00e0 B\u00e8gues le 4 juin 2024<\/div><\/div>          <\/a>        <\/div>                <div class=\"bwg-item\">          <a class=\"bwg-a bwg-album bwg_album_0\"             href='\/index.php?rest_route=%2Fwp%2Fv2%2Fpages%2F3786&#038;type_0=gallery&#038;album_gallery_id_0=813'                          data-container_id=\"bwg_album_compact_0\"             data-def_type=\"gallery\"             data-album_gallery_id=\"53\"             data-alb_gal_id=\"813\"             data-title=\"Journ\u00e9e rando sportive \u00e0 la Verrerie le 4 juin 2024\"             data-bwg=\"0\">                        <div class=\"bwg-item0 lazy_loader\">              <div class=\"bwg-item1 \">                <div class=\"bwg-item2\">                  <img decoding=\"async\" class=\"skip-lazy  bwg_lazyload \"                       data-width=\"500.00\"                       data-height=\"466.00\"                       data-src=\"http:\/\/vichyrando.org\/wp-content\/uploads\/photo-gallery\/thumb\/2024-06-04-LaVerrerie05.jpg?bwg=1717668338\"                       src=\"http:\/\/vichyrando.org\/wp-content\/plugins\/photo-gallery\/images\/lazy_placeholder.gif\"                       alt=\"Journ\u00e9e rando sportive \u00e0 la Verrerie le 4 juin 2024\"                       title=\"Journ\u00e9e rando sportive \u00e0 la Verrerie le 4 juin 2024\" \/>                <\/div>                <div class=\"\">                                  <\/div>              <\/div>            <\/div>            <div class=\"bwg-title1\"><div class=\"bwg-title2\">Journ\u00e9e rando sportive \u00e0 la Verrerie le 4 juin 2024<\/div><\/div>          <\/a>        <\/div>                <div class=\"bwg-item\">          <a class=\"bwg-a bwg-album bwg_album_0\"             href='\/index.php?rest_route=%2Fwp%2Fv2%2Fpages%2F3786&#038;type_0=gallery&#038;album_gallery_id_0=814'                          data-container_id=\"bwg_album_compact_0\"             data-def_type=\"gallery\"             data-album_gallery_id=\"53\"             data-alb_gal_id=\"814\"             data-title=\"Rando 1\/2 journ\u00e9e \u00e0 Charbonni\u00e8res les Vieilles (63) le 6 juin 2024\"             data-bwg=\"0\">                        <div class=\"bwg-item0 lazy_loader\">              <div class=\"bwg-item1 \">                <div class=\"bwg-item2\">                  <img decoding=\"async\" class=\"skip-lazy  bwg_lazyload \"                       data-width=\"500.00\"                       data-height=\"269.00\"                       data-src=\"http:\/\/vichyrando.org\/wp-content\/uploads\/photo-gallery\/thumb\/2024-06-06-Charbonnieres01.jpg?bwg=1717752483\"                       src=\"http:\/\/vichyrando.org\/wp-content\/plugins\/photo-gallery\/images\/lazy_placeholder.gif\"                       alt=\"Rando 1\/2 journ\u00e9e \u00e0 Charbonni\u00e8res les Vieilles (63) le 6 juin 2024\"                       title=\"Rando 1\/2 journ\u00e9e \u00e0 Charbonni\u00e8res les Vieilles (63) le 6 juin 2024\" \/>                <\/div>                <div class=\"\">                                  <\/div>              <\/div>            <\/div>            <div class=\"bwg-title1\"><div class=\"bwg-title2\">Rando 1\/2 journ\u00e9e \u00e0 Charbonni\u00e8res les Vieilles (63) le 6 juin 2024<\/div><\/div>          <\/a>        <\/div>                <div class=\"bwg-item\">          <a class=\"bwg-a bwg-album bwg_album_0\"             href='\/index.php?rest_route=%2Fwp%2Fv2%2Fpages%2F3786&#038;type_0=gallery&#038;album_gallery_id_0=815'                          data-container_id=\"bwg_album_compact_0\"             data-def_type=\"gallery\"             data-album_gallery_id=\"53\"             data-alb_gal_id=\"815\"             data-title=\"Mini rando \u00e0 P\u00e9rigny le 6 juin 2024\"             data-bwg=\"0\">                        <div class=\"bwg-item0 lazy_loader\">              <div class=\"bwg-item1 \">                <div class=\"bwg-item2\">                  <img decoding=\"async\" class=\"skip-lazy  bwg_lazyload \"                       data-width=\"500.00\"                       data-height=\"290.00\"                       data-src=\"http:\/\/vichyrando.org\/wp-content\/uploads\/photo-gallery\/thumb\/2024-06-06-Perigny06.jpg?bwg=1717852504\"                       src=\"http:\/\/vichyrando.org\/wp-content\/plugins\/photo-gallery\/images\/lazy_placeholder.gif\"                       alt=\"Mini rando \u00e0 P\u00e9rigny le 6 juin 2024\"                       title=\"Mini rando \u00e0 P\u00e9rigny le 6 juin 2024\" \/>                <\/div>                <div class=\"\">                                  <\/div>              <\/div>            <\/div>            <div class=\"bwg-title1\"><div class=\"bwg-title2\">Mini rando \u00e0 P\u00e9rigny le 6 juin 2024<\/div><\/div>          <\/a>        <\/div>                <div class=\"bwg-item\">          <a class=\"bwg-a bwg-album bwg_album_0\"             href='\/index.php?rest_route=%2Fwp%2Fv2%2Fpages%2F3786&#038;type_0=gallery&#038;album_gallery_id_0=816'                          data-container_id=\"bwg_album_compact_0\"             data-def_type=\"gallery\"             data-album_gallery_id=\"53\"             data-alb_gal_id=\"816\"             data-title=\"Rando et Cano\u00eb \u00e0 St-Yorre\/Ris le 7 juin 2024\"             data-bwg=\"0\">                        <div class=\"bwg-item0 lazy_loader\">              <div class=\"bwg-item1 \">                <div class=\"bwg-item2\">                  <img decoding=\"async\" class=\"skip-lazy  bwg_lazyload \"                       data-width=\"500.00\"                       data-height=\"333.00\"                       data-src=\"http:\/\/vichyrando.org\/wp-content\/uploads\/photo-gallery\/thumb\/2024-06-07-Canoe10.jpg?bwg=1717928362\"                       src=\"http:\/\/vichyrando.org\/wp-content\/plugins\/photo-gallery\/images\/lazy_placeholder.gif\"                       alt=\"Rando et Cano\u00eb \u00e0 St-Yorre\/Ris le 7 juin 2024\"                       title=\"Rando et Cano\u00eb \u00e0 St-Yorre\/Ris le 7 juin 2024\" \/>                <\/div>                <div class=\"\">                                  <\/div>              <\/div>            <\/div>            <div class=\"bwg-title1\"><div class=\"bwg-title2\">Rando et Cano\u00eb \u00e0 St-Yorre\/Ris le 7 juin 2024<\/div><\/div>          <\/a>        <\/div>                <div class=\"bwg-item\">          <a class=\"bwg-a bwg-album bwg_album_0\"             href='\/index.php?rest_route=%2Fwp%2Fv2%2Fpages%2F3786&#038;type_0=gallery&#038;album_gallery_id_0=817'                          data-container_id=\"bwg_album_compact_0\"             data-def_type=\"gallery\"             data-album_gallery_id=\"53\"             data-alb_gal_id=\"817\"             data-title=\"Marche nordique \u00e0 Cusset le 8 juin 2024\"             data-bwg=\"0\">                        <div class=\"bwg-item0 lazy_loader\">              <div class=\"bwg-item1 \">                <div class=\"bwg-item2\">                  <img decoding=\"async\" class=\"skip-lazy  bwg_lazyload \"                       data-width=\"500.00\"                       data-height=\"344.00\"                       data-src=\"http:\/\/vichyrando.org\/wp-content\/uploads\/photo-gallery\/thumb\/2024-05-08-Cusset01.jpg?bwg=1717928530\"                       src=\"http:\/\/vichyrando.org\/wp-content\/plugins\/photo-gallery\/images\/lazy_placeholder.gif\"                       alt=\"Marche nordique \u00e0 Cusset le 8 juin 2024\"                       title=\"Marche nordique \u00e0 Cusset le 8 juin 2024\" \/>                <\/div>                <div class=\"\">                                  <\/div>              <\/div>            <\/div>            <div class=\"bwg-title1\"><div class=\"bwg-title2\">Marche nordique \u00e0 Cusset le 8 juin 2024<\/div><\/div>          <\/a>        <\/div>                <div class=\"bwg-item\">          <a class=\"bwg-a bwg-album bwg_album_0\"             href='\/index.php?rest_route=%2Fwp%2Fv2%2Fpages%2F3786&#038;type_0=gallery&#038;album_gallery_id_0=818'                          data-container_id=\"bwg_album_compact_0\"             data-def_type=\"gallery\"             data-album_gallery_id=\"53\"             data-alb_gal_id=\"818\"             data-title=\"Rando sportive \u00e0 La Chabanne le 11 juin 2024\"             data-bwg=\"0\">                        <div class=\"bwg-item0 lazy_loader\">              <div class=\"bwg-item1 \">                <div class=\"bwg-item2\">                  <img decoding=\"async\" class=\"skip-lazy  bwg_lazyload \"                       data-width=\"476.00\"                       data-height=\"500.00\"                       data-src=\"http:\/\/vichyrando.org\/wp-content\/uploads\/photo-gallery\/thumb\/2024-06-11-LaChabanne05.jpg?bwg=1718203026\"                       src=\"http:\/\/vichyrando.org\/wp-content\/plugins\/photo-gallery\/images\/lazy_placeholder.gif\"                       alt=\"Rando sportive \u00e0 La Chabanne le 11 juin 2024\"                       title=\"Rando sportive \u00e0 La Chabanne le 11 juin 2024\" \/>                <\/div>                <div class=\"\">                                  <\/div>              <\/div>            <\/div>            <div class=\"bwg-title1\"><div class=\"bwg-title2\">Rando sportive \u00e0 La Chabanne le 11 juin 2024<\/div><\/div>          <\/a>        <\/div>                <div class=\"bwg-item\">          <a class=\"bwg-a bwg-album bwg_album_0\"             href='\/index.php?rest_route=%2Fwp%2Fv2%2Fpages%2F3786&#038;type_0=gallery&#038;album_gallery_id_0=819'                          data-container_id=\"bwg_album_compact_0\"             data-def_type=\"gallery\"             data-album_gallery_id=\"53\"             data-alb_gal_id=\"819\"             data-title=\"Rando 1\/2 journ\u00e9e \u00e0 St Nicolas des Biefs le 11 juin 2024\"             data-bwg=\"0\">                        <div class=\"bwg-item0 lazy_loader\">              <div class=\"bwg-item1 \">                <div class=\"bwg-item2\">                  <img decoding=\"async\" class=\"skip-lazy  bwg_lazyload \"                       data-width=\"500.00\"                       data-height=\"333.00\"                       data-src=\"http:\/\/vichyrando.org\/wp-content\/uploads\/photo-gallery\/thumb\/2024-06-11-StNicolas04.jpg?bwg=1718398197\"                       src=\"http:\/\/vichyrando.org\/wp-content\/plugins\/photo-gallery\/images\/lazy_placeholder.gif\"                       alt=\"Rando 1\/2 journ\u00e9e \u00e0 St Nicolas des Biefs le 11 juin 2024\"                       title=\"Rando 1\/2 journ\u00e9e \u00e0 St Nicolas des Biefs le 11 juin 2024\" \/>                <\/div>                <div class=\"\">                                  <\/div>              <\/div>            <\/div>            <div class=\"bwg-title1\"><div class=\"bwg-title2\">Rando 1\/2 journ\u00e9e \u00e0 St Nicolas des Biefs le 11 juin 2024<\/div><\/div>          <\/a>        <\/div>                <div class=\"bwg-item\">          <a class=\"bwg-a bwg-album bwg_album_0\"             href='\/index.php?rest_route=%2Fwp%2Fv2%2Fpages%2F3786&#038;type_0=gallery&#038;album_gallery_id_0=820'                          data-container_id=\"bwg_album_compact_0\"             data-def_type=\"gallery\"             data-album_gallery_id=\"53\"             data-alb_gal_id=\"820\"             data-title=\"Mini rando \u00e0 Chareil-Cintrat le 13 juin 2024\"             data-bwg=\"0\">                        <div class=\"bwg-item0 lazy_loader\">              <div class=\"bwg-item1 \">                <div class=\"bwg-item2\">                  <img decoding=\"async\" class=\"skip-lazy  bwg_lazyload \"                       data-width=\"500.00\"                       data-height=\"333.00\"                       data-src=\"http:\/\/vichyrando.org\/wp-content\/uploads\/photo-gallery\/thumb\/2024-06-13-Chareil05.jpg?bwg=1718398297\"                       src=\"http:\/\/vichyrando.org\/wp-content\/plugins\/photo-gallery\/images\/lazy_placeholder.gif\"                       alt=\"Mini rando \u00e0 Chareil-Cintrat le 13 juin 2024\"                       title=\"Mini rando \u00e0 Chareil-Cintrat le 13 juin 2024\" \/>                <\/div>                <div class=\"\">                                  <\/div>              <\/div>            <\/div>            <div class=\"bwg-title1\"><div class=\"bwg-title2\">Mini rando \u00e0 Chareil-Cintrat le 13 juin 2024<\/div><\/div>          <\/a>        <\/div>                <div class=\"bwg-item\">          <a class=\"bwg-a bwg-album bwg_album_0\"             href='\/index.php?rest_route=%2Fwp%2Fv2%2Fpages%2F3786&#038;type_0=gallery&#038;album_gallery_id_0=821'                          data-container_id=\"bwg_album_compact_0\"             data-def_type=\"gallery\"             data-album_gallery_id=\"53\"             data-alb_gal_id=\"821\"             data-title=\"Rando 1\/2 journ\u00e9e \u00e0 St Victor Montvianex (63) le 13 juin 2024\"             data-bwg=\"0\">                        <div class=\"bwg-item0 lazy_loader\">              <div class=\"bwg-item1 \">                <div class=\"bwg-item2\">                  <img decoding=\"async\" class=\"skip-lazy  bwg_lazyload \"                       data-width=\"500.00\"                       data-height=\"479.00\"                       data-src=\"http:\/\/vichyrando.org\/wp-content\/uploads\/photo-gallery\/thumb\/2024-06-13-StVictorM04.jpg?bwg=1718398402\"                       src=\"http:\/\/vichyrando.org\/wp-content\/plugins\/photo-gallery\/images\/lazy_placeholder.gif\"                       alt=\"Rando 1\/2 journ\u00e9e \u00e0 St Victor Montvianex (63) le 13 juin 2024\"                       title=\"Rando 1\/2 journ\u00e9e \u00e0 St Victor Montvianex (63) le 13 juin 2024\" \/>                <\/div>                <div class=\"\">                                  <\/div>              <\/div>            <\/div>            <div class=\"bwg-title1\"><div class=\"bwg-title2\">Rando 1\/2 journ\u00e9e \u00e0 St Victor Montvianex (63) le 13 juin 2024<\/div><\/div>          <\/a>        <\/div>                <div class=\"bwg-item\">          <a class=\"bwg-a bwg-album bwg_album_0\"             href='\/index.php?rest_route=%2Fwp%2Fv2%2Fpages%2F3786&#038;type_0=gallery&#038;album_gallery_id_0=822'                          data-container_id=\"bwg_album_compact_0\"             data-def_type=\"gallery\"             data-album_gallery_id=\"53\"             data-alb_gal_id=\"822\"             data-title=\"Rando 1\/2 journ\u00e9e \u00e0 Nizerolles le 18 juin 2024\"             data-bwg=\"0\">                        <div class=\"bwg-item0 lazy_loader\">              <div class=\"bwg-item1 \">                <div class=\"bwg-item2\">                  <img decoding=\"async\" class=\"skip-lazy  bwg_lazyload \"                       data-width=\"500.00\"                       data-height=\"281.00\"                       data-src=\"http:\/\/vichyrando.org\/wp-content\/uploads\/photo-gallery\/thumb\/2024-06-18-Nizerolles04.jpg?bwg=1718811536\"                       src=\"http:\/\/vichyrando.org\/wp-content\/plugins\/photo-gallery\/images\/lazy_placeholder.gif\"                       alt=\"Rando 1\/2 journ\u00e9e \u00e0 Nizerolles le 18 juin 2024\"                       title=\"Rando 1\/2 journ\u00e9e \u00e0 Nizerolles le 18 juin 2024\" \/>                <\/div>                <div class=\"\">                                  <\/div>              <\/div>            <\/div>            <div class=\"bwg-title1\"><div class=\"bwg-title2\">Rando 1\/2 journ\u00e9e \u00e0 Nizerolles le 18 juin 2024<\/div><\/div>          <\/a>        <\/div>                <div class=\"bwg-item\">          <a class=\"bwg-a bwg-album bwg_album_0\"             href='\/index.php?rest_route=%2Fwp%2Fv2%2Fpages%2F3786&#038;type_0=gallery&#038;album_gallery_id_0=823'                          data-container_id=\"bwg_album_compact_0\"             data-def_type=\"gallery\"             data-album_gallery_id=\"53\"             data-alb_gal_id=\"823\"             data-title=\"Journ\u00e9e marche sportive \u00e0 Cr\u00e9chy le 18 juin 2024\"             data-bwg=\"0\">                        <div class=\"bwg-item0 lazy_loader\">              <div class=\"bwg-item1 \">                <div class=\"bwg-item2\">                  <img decoding=\"async\" class=\"skip-lazy  bwg_lazyload \"                       data-width=\"500.00\"                       data-height=\"375.00\"                       data-src=\"http:\/\/vichyrando.org\/wp-content\/uploads\/photo-gallery\/thumb\/20240-06-18-Crechy02.jpg?bwg=1718811627\"                       src=\"http:\/\/vichyrando.org\/wp-content\/plugins\/photo-gallery\/images\/lazy_placeholder.gif\"                       alt=\"Journ\u00e9e marche sportive \u00e0 Cr\u00e9chy le 18 juin 2024\"                       title=\"Journ\u00e9e marche sportive \u00e0 Cr\u00e9chy le 18 juin 2024\" \/>                <\/div>                <div class=\"\">                                  <\/div>              <\/div>            <\/div>            <div class=\"bwg-title1\"><div class=\"bwg-title2\">Journ\u00e9e marche sportive \u00e0 Cr\u00e9chy le 18 juin 2024<\/div><\/div>          <\/a>        <\/div>                <div class=\"bwg-item\">          <a class=\"bwg-a bwg-album bwg_album_0\"             href='\/index.php?rest_route=%2Fwp%2Fv2%2Fpages%2F3786&#038;type_0=gallery&#038;album_gallery_id_0=824'                          data-container_id=\"bwg_album_compact_0\"             data-def_type=\"gallery\"             data-album_gallery_id=\"53\"             data-alb_gal_id=\"824\"             data-title=\"Mini rando \u00e0 St F\u00e9lix le 20 juin 2024\"             data-bwg=\"0\">                        <div class=\"bwg-item0 lazy_loader\">              <div class=\"bwg-item1 \">                <div class=\"bwg-item2\">                  <img decoding=\"async\" class=\"skip-lazy  bwg_lazyload \"                       data-width=\"500.00\"                       data-height=\"281.00\"                       data-src=\"http:\/\/vichyrando.org\/wp-content\/uploads\/photo-gallery\/thumb\/2024-06-20-St-Felix04.jpg?bwg=1718892032\"                       src=\"http:\/\/vichyrando.org\/wp-content\/plugins\/photo-gallery\/images\/lazy_placeholder.gif\"                       alt=\"Mini rando \u00e0 St F\u00e9lix le 20 juin 2024\"                       title=\"Mini rando \u00e0 St F\u00e9lix le 20 juin 2024\" \/>                <\/div>                <div class=\"\">                                  <\/div>              <\/div>            <\/div>            <div class=\"bwg-title1\"><div class=\"bwg-title2\">Mini rando \u00e0 St F\u00e9lix le 20 juin 2024<\/div><\/div>          <\/a>        <\/div>                <div class=\"bwg-item\">          <a class=\"bwg-a bwg-album bwg_album_0\"             href='\/index.php?rest_route=%2Fwp%2Fv2%2Fpages%2F3786&#038;type_0=gallery&#038;album_gallery_id_0=826'                          data-container_id=\"bwg_album_compact_0\"             data-def_type=\"gallery\"             data-album_gallery_id=\"53\"             data-alb_gal_id=\"826\"             data-title=\"Rando 1\/2 journ\u00e9e \u00e0 Lapalisse le 20 juin 2024\"             data-bwg=\"0\">                        <div class=\"bwg-item0 lazy_loader\">              <div class=\"bwg-item1 \">                <div class=\"bwg-item2\">                  <img decoding=\"async\" class=\"skip-lazy  bwg_lazyload \"                       data-width=\"500.00\"                       data-height=\"294.00\"                       data-src=\"http:\/\/vichyrando.org\/wp-content\/uploads\/photo-gallery\/thumb\/2024-06-20-Lapalisse01.jpg?bwg=1719162984\"                       src=\"http:\/\/vichyrando.org\/wp-content\/plugins\/photo-gallery\/images\/lazy_placeholder.gif\"                       alt=\"Rando 1\/2 journ\u00e9e \u00e0 Lapalisse le 20 juin 2024\"                       title=\"Rando 1\/2 journ\u00e9e \u00e0 Lapalisse le 20 juin 2024\" \/>                <\/div>                <div class=\"\">                                  <\/div>              <\/div>            <\/div>            <div class=\"bwg-title1\"><div class=\"bwg-title2\">Rando 1\/2 journ\u00e9e \u00e0 Lapalisse le 20 juin 2024<\/div><\/div>          <\/a>        <\/div>                <div class=\"bwg-item\">          <a class=\"bwg-a bwg-album bwg_album_0\"             href='\/index.php?rest_route=%2Fwp%2Fv2%2Fpages%2F3786&#038;type_0=gallery&#038;album_gallery_id_0=825'                          data-container_id=\"bwg_album_compact_0\"             data-def_type=\"gallery\"             data-album_gallery_id=\"53\"             data-alb_gal_id=\"825\"             data-title=\"Yves, porteur de la flamme olympique le 21 juin \u00e0 Vichy\"             data-bwg=\"0\">                        <div class=\"bwg-item0 lazy_loader\">              <div class=\"bwg-item1 \">                <div class=\"bwg-item2\">                  <img decoding=\"async\" class=\"skip-lazy  bwg_lazyload \"                       data-width=\"500.00\"                       data-height=\"333.00\"                       data-src=\"http:\/\/vichyrando.org\/wp-content\/uploads\/photo-gallery\/thumb\/2024-06-21Flamme17.jpg?bwg=1719161838\"                       src=\"http:\/\/vichyrando.org\/wp-content\/plugins\/photo-gallery\/images\/lazy_placeholder.gif\"                       alt=\"Yves, porteur de la flamme olympique le 21 juin \u00e0 Vichy\"                       title=\"Yves, porteur de la flamme olympique le 21 juin \u00e0 Vichy\" \/>                <\/div>                <div class=\"\">                                  <\/div>              <\/div>            <\/div>            <div class=\"bwg-title1\"><div class=\"bwg-title2\">Yves, porteur de la flamme olympique le 21 juin \u00e0 Vichy<\/div><\/div>          <\/a>        <\/div>                <div class=\"bwg-item\">          <a class=\"bwg-a bwg-album bwg_album_0\"             href='\/index.php?rest_route=%2Fwp%2Fv2%2Fpages%2F3786&#038;type_0=gallery&#038;album_gallery_id_0=827'                          data-container_id=\"bwg_album_compact_0\"             data-def_type=\"gallery\"             data-album_gallery_id=\"53\"             data-alb_gal_id=\"827\"             data-title=\"La grande parade olympique \u00e0 Vichy le 22 juin 2024\"             data-bwg=\"0\">                        <div class=\"bwg-item0 lazy_loader\">              <div class=\"bwg-item1 \">                <div class=\"bwg-item2\">                  <img decoding=\"async\" class=\"skip-lazy  bwg_lazyload \"                       data-width=\"500.00\"                       data-height=\"375.00\"                       data-src=\"http:\/\/vichyrando.org\/wp-content\/uploads\/photo-gallery\/thumb\/2024-06-22-Parade04.jpg?bwg=1719163043\"                       src=\"http:\/\/vichyrando.org\/wp-content\/plugins\/photo-gallery\/images\/lazy_placeholder.gif\"                       alt=\"La grande parade olympique \u00e0 Vichy le 22 juin 2024\"                       title=\"La grande parade olympique \u00e0 Vichy le 22 juin 2024\" \/>                <\/div>                <div class=\"\">                                  <\/div>              <\/div>            <\/div>            <div class=\"bwg-title1\"><div class=\"bwg-title2\">La grande parade olympique \u00e0 Vichy le 22 juin 2024<\/div><\/div>          <\/a>        <\/div>                <div class=\"bwg-item\">          <a class=\"bwg-a bwg-album bwg_album_0\"             href='\/index.php?rest_route=%2Fwp%2Fv2%2Fpages%2F3786&#038;type_0=gallery&#038;album_gallery_id_0=828'                          data-container_id=\"bwg_album_compact_0\"             data-def_type=\"gallery\"             data-album_gallery_id=\"53\"             data-alb_gal_id=\"828\"             data-title=\"Journ\u00e9e rando sportive \u00e0 Champoly (42) le 25 juin 2024\"             data-bwg=\"0\">                        <div class=\"bwg-item0 lazy_loader\">              <div class=\"bwg-item1 \">                <div class=\"bwg-item2\">                  <img decoding=\"async\" class=\"skip-lazy  bwg_lazyload \"                       data-width=\"500.00\"                       data-height=\"375.00\"                       data-src=\"http:\/\/vichyrando.org\/wp-content\/uploads\/photo-gallery\/thumb\/2024-06-25-Champoly17.jpg?bwg=1719394592\"                       src=\"http:\/\/vichyrando.org\/wp-content\/plugins\/photo-gallery\/images\/lazy_placeholder.gif\"                       alt=\"Journ\u00e9e rando sportive \u00e0 Champoly (42) le 25 juin 2024\"                       title=\"Journ\u00e9e rando sportive \u00e0 Champoly (42) le 25 juin 2024\" \/>                <\/div>                <div class=\"\">                                  <\/div>              <\/div>            <\/div>            <div class=\"bwg-title1\"><div class=\"bwg-title2\">Journ\u00e9e rando sportive \u00e0 Champoly (42) le 25 juin 2024<\/div><\/div>          <\/a>        <\/div>                <div class=\"bwg-item\">          <a class=\"bwg-a bwg-album bwg_album_0\"             href='\/index.php?rest_route=%2Fwp%2Fv2%2Fpages%2F3786&#038;type_0=gallery&#038;album_gallery_id_0=829'                          data-container_id=\"bwg_album_compact_0\"             data-def_type=\"gallery\"             data-album_gallery_id=\"53\"             data-alb_gal_id=\"829\"             data-title=\"Rando 1\/2 journ\u00e9e \u00e0 Artonne (63) le 25 juin 2024\"             data-bwg=\"0\">                        <div class=\"bwg-item0 lazy_loader\">              <div class=\"bwg-item1 \">                <div class=\"bwg-item2\">                  <img decoding=\"async\" class=\"skip-lazy  bwg_lazyload \"                       data-width=\"500.00\"                       data-height=\"290.00\"                       data-src=\"http:\/\/vichyrando.org\/wp-content\/uploads\/photo-gallery\/thumb\/2026-06-25-Artonne01.jpg?bwg=1719408396\"                       src=\"http:\/\/vichyrando.org\/wp-content\/plugins\/photo-gallery\/images\/lazy_placeholder.gif\"                       alt=\"Rando 1\/2 journ\u00e9e \u00e0 Artonne (63) le 25 juin 2024\"                       title=\"Rando 1\/2 journ\u00e9e \u00e0 Artonne (63) le 25 juin 2024\" \/>                <\/div>                <div class=\"\">                                  <\/div>              <\/div>            <\/div>            <div class=\"bwg-title1\"><div class=\"bwg-title2\">Rando 1\/2 journ\u00e9e \u00e0 Artonne (63) le 25 juin 2024<\/div><\/div>          <\/a>        <\/div>                <div class=\"bwg-item\">          <a class=\"bwg-a bwg-album bwg_album_0\"             href='\/index.php?rest_route=%2Fwp%2Fv2%2Fpages%2F3786&#038;type_0=gallery&#038;album_gallery_id_0=830'                          data-container_id=\"bwg_album_compact_0\"             data-def_type=\"gallery\"             data-album_gallery_id=\"53\"             data-alb_gal_id=\"830\"             data-title=\"Journ\u00e9e rando resto \u00e0 Vollore Montagne (63) le 27 juin 2024\"             data-bwg=\"0\">                        <div class=\"bwg-item0 lazy_loader\">              <div class=\"bwg-item1 \">                <div class=\"bwg-item2\">                  <img decoding=\"async\" class=\"skip-lazy  bwg_lazyload \"                       data-width=\"500.00\"                       data-height=\"333.00\"                       data-src=\"http:\/\/vichyrando.org\/wp-content\/uploads\/photo-gallery\/thumb\/2024-06-27VolloreM06.jpg?bwg=1719780538\"                       src=\"http:\/\/vichyrando.org\/wp-content\/plugins\/photo-gallery\/images\/lazy_placeholder.gif\"                       alt=\"Journ\u00e9e rando resto \u00e0 Vollore Montagne (63) le 27 juin 2024\"                       title=\"Journ\u00e9e rando resto \u00e0 Vollore Montagne (63) le 27 juin 2024\" \/>                <\/div>                <div class=\"\">                                  <\/div>              <\/div>            <\/div>            <div class=\"bwg-title1\"><div class=\"bwg-title2\">Journ\u00e9e rando resto \u00e0 Vollore Montagne (63) le 27 juin 2024<\/div><\/div>          <\/a>        <\/div>                <div class=\"bwg-item\">          <a class=\"bwg-a bwg-album bwg_album_0\"             href='\/index.php?rest_route=%2Fwp%2Fv2%2Fpages%2F3786&#038;type_0=gallery&#038;album_gallery_id_0=831'                          data-container_id=\"bwg_album_compact_0\"             data-def_type=\"gallery\"             data-album_gallery_id=\"53\"             data-alb_gal_id=\"831\"             data-title=\"Marche nordique au Vernet le 29 juin 2024\"             data-bwg=\"0\">                        <div class=\"bwg-item0 lazy_loader\">              <div class=\"bwg-item1 \">                <div class=\"bwg-item2\">                  <img decoding=\"async\" class=\"skip-lazy  bwg_lazyload \"                       data-width=\"500.00\"                       data-height=\"225.00\"                       data-src=\"http:\/\/vichyrando.org\/wp-content\/uploads\/photo-gallery\/thumb\/2024-06-29-Le-Vernet01.jpg?bwg=1719780665\"                       src=\"http:\/\/vichyrando.org\/wp-content\/plugins\/photo-gallery\/images\/lazy_placeholder.gif\"                       alt=\"Marche nordique au Vernet le 29 juin 2024\"                       title=\"Marche nordique au Vernet le 29 juin 2024\" \/>                <\/div>                <div class=\"\">                                  <\/div>              <\/div>            <\/div>            <div class=\"bwg-title1\"><div class=\"bwg-title2\">Marche nordique au Vernet le 29 juin 2024<\/div><\/div>          <\/a>        <\/div>            <\/div>          <input type=\"hidden\" id=\"bwg_album_breadcrumb_0\" name=\"bwg_album_breadcrumb_0\" value='[{&quot;id&quot;:&quot;53&quot;,&quot;page&quot;:1}]' \/>    <style>      \/*pagination styles*\/      #bwg_container1_0 #bwg_container2_0 .tablenav-pages_0 {\t\t\t\ttext-align: center;\t\t\t\tfont-size: 12px;\t\t\t\tfont-family: Ubuntu;\t\t\t\tfont-weight: bold;\t\t\t\tcolor: #666666;\t\t\t\tmargin: 6px 0 4px;\t\t\t\tdisplay: block;      }      @media only screen and (max-width : 320px) {      #bwg_container1_0 #bwg_container2_0 .displaying-num_0 {     \t display: none;      }      }      #bwg_container1_0 #bwg_container2_0 .displaying-num_0 {\t\t\t\tfont-size: 12px;\t\t\t\tfont-family: Ubuntu;\t\t\t\tfont-weight: bold;\t\t\t\tcolor: #666666;\t\t\t\tmargin-right: 10px;\t\t\t\tvertical-align: middle;      }      #bwg_container1_0 #bwg_container2_0 .paging-input_0 {\t\t\t\tfont-size: 12px;\t\t\t\tfont-family: Ubuntu;\t\t\t\tfont-weight: bold;\t\t\t\tcolor: #666666;\t\t\t\tvertical-align: middle;      }      #bwg_container1_0 #bwg_container2_0 .tablenav-pages_0 a.disabled,      #bwg_container1_0 #bwg_container2_0 .tablenav-pages_0 a.disabled:hover,      #bwg_container1_0 #bwg_container2_0 .tablenav-pages_0 a.disabled:focus,\t\t\t#bwg_container1_0 #bwg_container2_0 .tablenav-pages_0 input.bwg_current_page {\t\t\t\tcursor: default;\t\t\t\tcolor: rgba(102, 102, 102, 0.5);      }      #bwg_container1_0 #bwg_container2_0 .tablenav-pages_0 a,      #bwg_container1_0 #bwg_container2_0 .tablenav-pages_0 input.bwg_current_page {\t\t\t\tcursor: pointer;\t\t\t\ttext-align: center;\t\t\t\tfont-size: 12px;\t\t\t\tfont-family: Ubuntu;\t\t\t\tfont-weight: bold;\t\t\t\tcolor: #666666;\t\t\t\ttext-decoration: none;\t\t\t\tpadding: 3px 6px;\t\t\t\tmargin: 0;\t\t\t\tborder-radius: 0;\t\t\t\tborder-style: solid;\t\t\t\tborder-width: 1px;\t\t\t\tborder-color: #E3E3E3;\t\t\t\t\t\t\t\tbackground-color: rgba(255, 255, 255, 1.00);\t\t\t\tbox-shadow: 0;\t\t\t\ttransition: all 0.3s ease 0s;-webkit-transition: all 0.3s ease 0s;      }      <\/style>      <span class=\"bwg_nav_cont_0\">              <div class=\"tablenav-pages_0\">                  <\/div>                <input type=\"hidden\" id=\"page_number_0\" name=\"page_number_0\" value=\"1\" \/>      <script type=\"text\/javascript\">        if( jQuery('.bwg_nav_cont_0').length > 1 ) {          jQuery('.bwg_nav_cont_0').first().remove()        }        function spider_page_0(cur, x, y, load_more) {          if (typeof load_more == \"undefined\") {            var load_more = false;          }          if (jQuery(cur).hasClass('disabled')) {            return false;          }          var items_county_0 = 1;          switch (y) {            case 1:              if (x >= items_county_0) {                document.getElementById('page_number_0').value = items_county_0;              }              else {                document.getElementById('page_number_0').value = x + 1;              }              break;            case 2:              document.getElementById('page_number_0').value = items_county_0;              break;            case -1:              if (x == 1) {                document.getElementById('page_number_0').value = 1;              }              else {                document.getElementById('page_number_0').value = x - 1;              }              break;            case -2:              document.getElementById('page_number_0').value = 1;              break;\t\t\t\t\t\tcase 0:              document.getElementById('page_number_0').value = x;              break;            default:              document.getElementById('page_number_0').value = 1;          }          bwg_ajax('gal_front_form_0', '0', 'bwg_album_compact_0', '53', '', 'album', 0, '', '', load_more, '', 1);        }                    jQuery('.first-page-0').on('click', function () {              spider_page_0(this, 1, -2, 'numeric');              return false;            });            jQuery('.prev-page-0').on('click', function () {              spider_page_0(this, 1, -1, 'numeric');              return false;            });            jQuery('.next-page-0').on('click', function () {              spider_page_0(this, 1, 1, 'numeric');              return false;            });            jQuery('.last-page-0').on('click', function () {              spider_page_0(this, 1, 2, 'numeric');              return false;            });        \t\t\t\t\/* Change page on input enter. *\/        function bwg_change_page_0( e, that ) {          if (  e.key == 'Enter' ) {            var to_page = parseInt(jQuery(that).val());            var pages_count = jQuery(that).parents(\".pagination-links\").data(\"pages-count\");            var current_url_param = jQuery(that).attr('data-url-info');            if (to_page > pages_count) {              to_page = 1;            }\t \t\t\t\t\t\t\t\t\t\t\t\tspider_page_0(this, to_page, 0, 'numeric');\t\t\t\t\t\t\treturn false;\t\t\t\t\t\t          }          return true;        }        jQuery('.bwg_load_btn_0').on('click', function () {            spider_page_0(this, 1, 1, true);            return false;        });      <\/script>      <\/span>                <\/div>        <\/form>        <style>          #bwg_container1_0 #bwg_container2_0 #spider_popup_overlay_0 {          background-color: #EEEEEE;          opacity: 0.60;          }          <\/style>        <div id=\"bwg_spider_popup_loading_0\" class=\"bwg_spider_popup_loading\"><\/div>        <div id=\"spider_popup_overlay_0\" class=\"spider_popup_overlay\" onclick=\"spider_destroypopup(1000)\"><\/div>        <input type=\"hidden\" id=\"bwg_random_seed_0\" value=\"708817467\">                <\/div>    <\/div>    <script>      if (document.readyState === 'complete') {        if( typeof bwg_main_ready == 'function' ) {          if ( jQuery(\"#bwg_container1_0\").height() ) {            bwg_main_ready(jQuery(\"#bwg_container1_0\"));          }        }      } else {        document.addEventListener('DOMContentLoaded', function() {          if( typeof bwg_main_ready == 'function' ) {            if ( jQuery(\"#bwg_container1_0\").height() ) {             bwg_main_ready(jQuery(\"#bwg_container1_0\"));            }          }        });      }    <\/script>    \t\t<\/div>\n\t\t\t\t<\/div>\n\t\t\t\t\t<\/div>\n\t\t<\/div>\n\t\t\t\t\t<\/div>\n\t\t<\/section>\n\t\t\t\t<section class=\"elementor-section elementor-top-section elementor-element elementor-element-ac3bc3a elementor-section-boxed elementor-section-height-default elementor-section-height-default\" data-id=\"ac3bc3a\" data-element_type=\"section\">\n\t\t\t\t\t\t<div class=\"elementor-container elementor-column-gap-default\">\n\t\t\t\t\t<div class=\"elementor-column elementor-col-100 elementor-top-column elementor-element elementor-element-6e96fd6\" data-id=\"6e96fd6\" data-element_type=\"column\">\n\t\t\t<div class=\"elementor-widget-wrap elementor-element-populated\">\n\t\t\t\t\t\t<div class=\"elementor-element elementor-element-19e3720 elementor-widget elementor-widget-bwg-elementor\" data-id=\"19e3720\" data-element_type=\"widget\" data-widget_type=\"bwg-elementor.default\">\n\t\t\t\t<div class=\"elementor-widget-container\">\n\t\t\t<style id=\"bwg-style-1\">    #bwg_container1_1 #bwg_container2_1 .bwg-container-1.bwg-album-thumbnails {    width: 1254px;    justify-content: center;            justify-content: center;        margin:0 auto !important;          background-color: rgba(255, 255, 255, 0.00);          padding-left: 4px;      padding-top: 4px;      max-width: 100%;          }        #bwg_container1_1 #bwg_container2_1 .bwg-container-1.bwg-album-thumbnails .bwg-item {    justify-content: flex-start;    max-width: 250px;        }    #bwg_container1_1 #bwg_container2_1 .bwg-container-1.bwg-album-thumbnails .bwg-item a {      margin-right: 4px;      margin-bottom: 4px;    }    #bwg_container1_1 #bwg_container2_1 .bwg-container-1.bwg-album-thumbnails .bwg-item0 {      padding: 0px;            background-color:rgba(0,0,0, 0.30);      border: 0px none #CCCCCC;      opacity: 1.00;      border-radius: 0;      box-shadow: 0px 0px 0px #888888;    }    #bwg_container1_1 #bwg_container2_1 .bwg-container-1.bwg-album-thumbnails .bwg-item1 img {      max-height: none;      max-width: none;      padding: 0 !important;    }          @media only screen and (min-width: 480px) {      #bwg_container1_1 #bwg_container2_1 .bwg-container-1.bwg-album-thumbnails .bwg-item1 img {      -webkit-transition: all .3s; transition: all .3s;      }      #bwg_container1_1 #bwg_container2_1 .bwg-container-1.bwg-album-thumbnails .bwg-item1 img:hover {        -ms-transform: scale(1.08);        -webkit-transform: scale(1.08);        transform: scale(1.08);      }            }          #bwg_container1_1 #bwg_container2_1 .bwg-container-1.bwg-album-thumbnails .bwg-item1 {      padding-top: 56%;    }        #bwg_container1_1 #bwg_container2_1 .bwg-container-1.bwg-album-thumbnails .bwg-title2 {      color: #323A45;      font-family: Ubuntu;      font-size: 16px;      font-weight: bold;      padding: 2px;      text-shadow: 0px 0px 0px #888888;      max-height: 100%;    }        #bwg_container1_1 #bwg_container2_1 .bwg-container-1.bwg-standard-thumbnails {      width: 1254px;              justify-content: center;        margin:0 auto !important;              background-color: rgba(255, 255, 255, 0.00);            padding-left: 4px;      padding-top: 4px;      max-width: 100%;            }        #bwg_container1_1 #bwg_container2_1 .bwg-container-1.bwg-standard-thumbnails .bwg-item {    justify-content: flex-start;      max-width: 250px;          }    #bwg_container1_1 #bwg_container2_1 .bwg-container-1.bwg-standard-thumbnails .bwg-item a {       margin-right: 4px;       margin-bottom: 4px;    }    #bwg_container1_1 #bwg_container2_1 .bwg-container-1.bwg-standard-thumbnails .bwg-item0 {      padding: 0px;            background-color:rgba(0,0,0, 0.30);      border: 0px none #CCCCCC;      opacity: 1.00;      border-radius: 0;      box-shadow: 0px 0px 0px #888888;    }    #bwg_container1_1 #bwg_container2_1 .bwg-container-1.bwg-standard-thumbnails .bwg-item1 img {      max-height: none;      max-width: none;      padding: 0 !important;    }         @media only screen and (min-width: 480px) {\t\t#bwg_container1_1 #bwg_container2_1 .bwg-container-1.bwg-standard-thumbnails .bwg-item1 img {\t\t\t-webkit-transition: all .3s; transition: all .3s;\t\t}\t\t#bwg_container1_1 #bwg_container2_1 .bwg-container-1.bwg-standard-thumbnails .bwg-item1 img:hover {\t\t\t-ms-transform: scale(1.08);\t\t\t-webkit-transform: scale(1.08);\t\t\ttransform: scale(1.08);\t\t}\t\t      }\t    #bwg_container1_1 #bwg_container2_1 .bwg-container-1.bwg-standard-thumbnails .bwg-item1 {      padding-top: 56%;    }        #bwg_container1_1 #bwg_container2_1 .bwg-container-1.bwg-standard-thumbnails .bwg-title2,    #bwg_container1_1 #bwg_container2_1 .bwg-container-1.bwg-standard-thumbnails .bwg-ecommerce2 {      color: #323A45;      font-family: Ubuntu;      font-size: 16px;      font-weight: bold;      padding: 2px;      text-shadow: 0px 0px 0px #888888;      max-height: 100%;    }    #bwg_container1_1 #bwg_container2_1 .bwg-container-1.bwg-standard-thumbnails .bwg-thumb-description span {    color: #323A45;    font-family: Ubuntu;    font-size: 12px;    max-height: 100%;    word-wrap: break-word;    }    #bwg_container1_1 #bwg_container2_1 .bwg-container-1.bwg-standard-thumbnails .bwg-play-icon2 {      font-size: 32px;    }    #bwg_container1_1 #bwg_container2_1 .bwg-container-1.bwg-standard-thumbnails .bwg-ecommerce2 {      font-size: 19.2px;      color: #323A45;    }    <\/style>    <div id=\"bwg_container1_1\"         class=\"bwg_container bwg_thumbnail bwg_album_compact_preview bwg_thumbnail\"         data-right-click-protection=\"0\"         data-bwg=\"1\"         data-scroll=\"0\"         data-gallery-type=\"album_compact_preview\"         data-gallery-view-type=\"thumbnail\"         data-current-url=\"\/index.php?rest_route=%2Fwp%2Fv2%2Fpages%2F3786\"         data-lightbox-url=\"http:\/\/vichyrando.org\/wp-admin\/admin-ajax.php?action=GalleryBox&#038;current_view=1&#038;gallery_id=0&#038;tag=0&#038;theme_id=1&#038;shortcode_id=981&#038;sort_by=order&#038;order_by=asc&#038;current_url=%2Findex.php%3Frest_route%3D%252Fwp%252Fv2%252Fpages%252F3786\"         data-gallery-id=\"0\"         data-popup-width=\"800\"         data-popup-height=\"500\"         data-is-album=\"album\"         data-buttons-position=\"bottom\">      <div id=\"bwg_container2_1\">             <div id=\"ajax_loading_1\" class=\"bwg_loading_div_1\">      <div class=\"bwg_loading_div_2\">        <div class=\"bwg_loading_div_3\">          <div id=\"loading_div_1\" class=\"bwg_spider_ajax_loading\">          <\/div>        <\/div>      <\/div>    <\/div>            <form id=\"gal_front_form_1\"              class=\"bwg-hidden\"              method=\"post\"              action=\"#\"              data-current=\"1\"              data-shortcode-id=\"981\"              data-gallery-type=\"album_compact_preview\"              data-gallery-id=\"0\"              data-tag=\"0\"              data-album-id=\"52\"              data-theme-id=\"1\"              data-ajax-url=\"http:\/\/vichyrando.org\/wp-admin\/admin-ajax.php?action=bwg_frontend_data\">          <div id=\"bwg_container3_1\" class=\"bwg-background bwg-background-1\">            <style>        #bwg_container1_1 #bwg_container2_1 .bwg_gal_title_1 {          display: block;          padding: 0 2px 2px 2px;          background-color: rgba(0, 0, 0, 0);          line-height: 20px;          font-family: Ubuntu;          font-size: 18px;          font-weight: bold;          color: #323A45;          text-shadow: 0px 0px 0px #888888;          text-align: center;        }        #bwg_container1_1 #bwg_container2_1 .bwg_gal_description_1 {          margin: 20px 0;          word-break: break-word;          text-align: justify;          font-size: 15px;          font-weight: unset;        }        <\/style>        <div class=\"bwg_gal_title_1\">Mai 2024<\/div>            <div data-max-count=\"5\"         data-thumbnail-width=\"250\"         data-bwg=\"1\"         id=\"bwg_album_compact_1\"         class=\"bwg-thumbnails bwg-container bwg-container-1 bwg-album-thumbnails bwg_album_thumbnails_1\">              <div class=\"bwg-item\">          <a class=\"bwg-a bwg-album bwg_album_1\"             href='\/index.php?rest_route=%2Fwp%2Fv2%2Fpages%2F3786&#038;type_1=gallery&#038;album_gallery_id_1=786'                          data-container_id=\"bwg_album_compact_1\"             data-def_type=\"gallery\"             data-album_gallery_id=\"52\"             data-alb_gal_id=\"786\"             data-title=\"Rando 1\/2 journ\u00e9e \u00e0 Ch\u00e2telmontagne le 2 mai 2024\"             data-bwg=\"1\">                        <div class=\"bwg-item0 lazy_loader\">              <div class=\"bwg-item1 \">                <div class=\"bwg-item2\">                  <img decoding=\"async\" class=\"skip-lazy  bwg_lazyload \"                       data-width=\"500.00\"                       data-height=\"375.00\"                       data-src=\"http:\/\/vichyrando.org\/wp-content\/uploads\/photo-gallery\/thumb\/2024-05-02-ChatelM03.jpg?bwg=1714917006\"                       src=\"http:\/\/vichyrando.org\/wp-content\/plugins\/photo-gallery\/images\/lazy_placeholder.gif\"                       alt=\"Rando 1\/2 journ\u00e9e \u00e0 Ch\u00e2telmontagne le 2 mai 2024\"                       title=\"Rando 1\/2 journ\u00e9e \u00e0 Ch\u00e2telmontagne le 2 mai 2024\" \/>                <\/div>                <div class=\"\">                                  <\/div>              <\/div>            <\/div>            <div class=\"bwg-title1\"><div class=\"bwg-title2\">Rando 1\/2 journ\u00e9e \u00e0 Ch\u00e2telmontagne le 2 mai 2024<\/div><\/div>          <\/a>        <\/div>                <div class=\"bwg-item\">          <a class=\"bwg-a bwg-album bwg_album_1\"             href='\/index.php?rest_route=%2Fwp%2Fv2%2Fpages%2F3786&#038;type_1=gallery&#038;album_gallery_id_1=792'                          data-container_id=\"bwg_album_compact_1\"             data-def_type=\"gallery\"             data-album_gallery_id=\"52\"             data-alb_gal_id=\"792\"             data-title=\"S\u00e9jour Marche nordique \u00e0 Aubigny\/N\u00e8re (18) le 4 mai 2024\"             data-bwg=\"1\">                        <div class=\"bwg-item0 lazy_loader\">              <div class=\"bwg-item1 \">                <div class=\"bwg-item2\">                  <img decoding=\"async\" class=\"skip-lazy  bwg_lazyload \"                       data-width=\"500.00\"                       data-height=\"301.00\"                       data-src=\"http:\/\/vichyrando.org\/wp-content\/uploads\/photo-gallery\/thumb\/2024-05-05-Aubigny06.jpg?bwg=1715788814\"                       src=\"http:\/\/vichyrando.org\/wp-content\/plugins\/photo-gallery\/images\/lazy_placeholder.gif\"                       alt=\"S\u00e9jour Marche nordique \u00e0 Aubigny\/N\u00e8re (18) le 4 mai 2024\"                       title=\"S\u00e9jour Marche nordique \u00e0 Aubigny\/N\u00e8re (18) le 4 mai 2024\" \/>                <\/div>                <div class=\"\">                                  <\/div>              <\/div>            <\/div>            <div class=\"bwg-title1\"><div class=\"bwg-title2\">S\u00e9jour Marche nordique \u00e0 Aubigny\/N\u00e8re (18) le 4 mai 2024<\/div><\/div>          <\/a>        <\/div>                <div class=\"bwg-item\">          <a class=\"bwg-a bwg-album bwg_album_1\"             href='\/index.php?rest_route=%2Fwp%2Fv2%2Fpages%2F3786&#038;type_1=gallery&#038;album_gallery_id_1=793'                          data-container_id=\"bwg_album_compact_1\"             data-def_type=\"gallery\"             data-album_gallery_id=\"52\"             data-alb_gal_id=\"793\"             data-title=\"S\u00e9jour marche nordique \u00e0 Aubigny\/N\u00e8re (18) le 5 mai 2024\"             data-bwg=\"1\">                        <div class=\"bwg-item0 lazy_loader\">              <div class=\"bwg-item1 \">                <div class=\"bwg-item2\">                  <img decoding=\"async\" class=\"skip-lazy  bwg_lazyload \"                       data-width=\"500.00\"                       data-height=\"288.00\"                       data-src=\"http:\/\/vichyrando.org\/wp-content\/uploads\/photo-gallery\/thumb\/2024-05-05-Aubigny05.jpg?bwg=1715788997\"                       src=\"http:\/\/vichyrando.org\/wp-content\/plugins\/photo-gallery\/images\/lazy_placeholder.gif\"                       alt=\"S\u00e9jour marche nordique \u00e0 Aubigny\/N\u00e8re (18) le 5 mai 2024\"                       title=\"S\u00e9jour marche nordique \u00e0 Aubigny\/N\u00e8re (18) le 5 mai 2024\" \/>                <\/div>                <div class=\"\">                                  <\/div>              <\/div>            <\/div>            <div class=\"bwg-title1\"><div class=\"bwg-title2\">S\u00e9jour marche nordique \u00e0 Aubigny\/N\u00e8re (18) le 5 mai 2024<\/div><\/div>          <\/a>        <\/div>                <div class=\"bwg-item\">          <a class=\"bwg-a bwg-album bwg_album_1\"             href='\/index.php?rest_route=%2Fwp%2Fv2%2Fpages%2F3786&#038;type_1=gallery&#038;album_gallery_id_1=787'                          data-container_id=\"bwg_album_compact_1\"             data-def_type=\"gallery\"             data-album_gallery_id=\"52\"             data-alb_gal_id=\"787\"             data-title=\"Journ\u00e9e marche sportive \u00e0 Barrais Bussolles le 7 mai 2024\"             data-bwg=\"1\">                        <div class=\"bwg-item0 lazy_loader\">              <div class=\"bwg-item1 \">                <div class=\"bwg-item2\">                  <img decoding=\"async\" class=\"skip-lazy  bwg_lazyload \"                       data-width=\"500.00\"                       data-height=\"307.00\"                       data-src=\"http:\/\/vichyrando.org\/wp-content\/uploads\/photo-gallery\/thumb\/2024-05-07-Barrais08.jpg?bwg=1715159122\"                       src=\"http:\/\/vichyrando.org\/wp-content\/plugins\/photo-gallery\/images\/lazy_placeholder.gif\"                       alt=\"Journ\u00e9e marche sportive \u00e0 Barrais Bussolles le 7 mai 2024\"                       title=\"Journ\u00e9e marche sportive \u00e0 Barrais Bussolles le 7 mai 2024\" \/>                <\/div>                <div class=\"\">                                  <\/div>              <\/div>            <\/div>            <div class=\"bwg-title1\"><div class=\"bwg-title2\">Journ\u00e9e marche sportive \u00e0 Barrais Bussolles le 7 mai 2024<\/div><\/div>          <\/a>        <\/div>                <div class=\"bwg-item\">          <a class=\"bwg-a bwg-album bwg_album_1\"             href='\/index.php?rest_route=%2Fwp%2Fv2%2Fpages%2F3786&#038;type_1=gallery&#038;album_gallery_id_1=788'                          data-container_id=\"bwg_album_compact_1\"             data-def_type=\"gallery\"             data-album_gallery_id=\"52\"             data-alb_gal_id=\"788\"             data-title=\"Rando 1\/2 journ\u00e9e \u00e0 St Gen\u00e8s du Retz (63) le 7 mai 2024\"             data-bwg=\"1\">                        <div class=\"bwg-item0 lazy_loader\">              <div class=\"bwg-item1 \">                <div class=\"bwg-item2\">                  <img decoding=\"async\" class=\"skip-lazy  bwg_lazyload \"                       data-width=\"500.00\"                       data-height=\"229.00\"                       data-src=\"http:\/\/vichyrando.org\/wp-content\/uploads\/photo-gallery\/thumb\/2024-05-07-StGenes22.jpg?bwg=1715241845\"                       src=\"http:\/\/vichyrando.org\/wp-content\/plugins\/photo-gallery\/images\/lazy_placeholder.gif\"                       alt=\"Rando 1\/2 journ\u00e9e \u00e0 St Gen\u00e8s du Retz (63) le 7 mai 2024\"                       title=\"Rando 1\/2 journ\u00e9e \u00e0 St Gen\u00e8s du Retz (63) le 7 mai 2024\" \/>                <\/div>                <div class=\"\">                                  <\/div>              <\/div>            <\/div>            <div class=\"bwg-title1\"><div class=\"bwg-title2\">Rando 1\/2 journ\u00e9e \u00e0 St Gen\u00e8s du Retz (63) le 7 mai 2024<\/div><\/div>          <\/a>        <\/div>                <div class=\"bwg-item\">          <a class=\"bwg-a bwg-album bwg_album_1\"             href='\/index.php?rest_route=%2Fwp%2Fv2%2Fpages%2F3786&#038;type_1=gallery&#038;album_gallery_id_1=789'                          data-container_id=\"bwg_album_compact_1\"             data-def_type=\"gallery\"             data-album_gallery_id=\"52\"             data-alb_gal_id=\"789\"             data-title=\"Mini rando \u00e0 Arronnes le 8 mai 2024\"             data-bwg=\"1\">                        <div class=\"bwg-item0 lazy_loader\">              <div class=\"bwg-item1 \">                <div class=\"bwg-item2\">                  <img decoding=\"async\" class=\"skip-lazy  bwg_lazyload \"                       data-width=\"500.00\"                       data-height=\"281.00\"                       data-src=\"http:\/\/vichyrando.org\/wp-content\/uploads\/photo-gallery\/thumb\/2024-05-08-Arronnes01.jpg?bwg=1715376502\"                       src=\"http:\/\/vichyrando.org\/wp-content\/plugins\/photo-gallery\/images\/lazy_placeholder.gif\"                       alt=\"Mini rando \u00e0 Arronnes le 8 mai 2024\"                       title=\"Mini rando \u00e0 Arronnes le 8 mai 2024\" \/>                <\/div>                <div class=\"\">                                  <\/div>              <\/div>            <\/div>            <div class=\"bwg-title1\"><div class=\"bwg-title2\">Mini rando \u00e0 Arronnes le 8 mai 2024<\/div><\/div>          <\/a>        <\/div>                <div class=\"bwg-item\">          <a class=\"bwg-a bwg-album bwg_album_1\"             href='\/index.php?rest_route=%2Fwp%2Fv2%2Fpages%2F3786&#038;type_1=gallery&#038;album_gallery_id_1=790'                          data-container_id=\"bwg_album_compact_1\"             data-def_type=\"gallery\"             data-album_gallery_id=\"52\"             data-alb_gal_id=\"790\"             data-title=\"Rando journ\u00e9e au Mayet de Montagne le 8 mai 2024\"             data-bwg=\"1\">                        <div class=\"bwg-item0 lazy_loader\">              <div class=\"bwg-item1 \">                <div class=\"bwg-item2\">                  <img decoding=\"async\" class=\"skip-lazy  bwg_lazyload \"                       data-width=\"500.00\"                       data-height=\"281.00\"                       data-src=\"http:\/\/vichyrando.org\/wp-content\/uploads\/photo-gallery\/thumb\/2024-05-08-Le-Mayet02.jpg?bwg=1715376596\"                       src=\"http:\/\/vichyrando.org\/wp-content\/plugins\/photo-gallery\/images\/lazy_placeholder.gif\"                       alt=\"Rando journ\u00e9e au Mayet de Montagne le 8 mai 2024\"                       title=\"Rando journ\u00e9e au Mayet de Montagne le 8 mai 2024\" \/>                <\/div>                <div class=\"\">                                  <\/div>              <\/div>            <\/div>            <div class=\"bwg-title1\"><div class=\"bwg-title2\">Rando journ\u00e9e au Mayet de Montagne le 8 mai 2024<\/div><\/div>          <\/a>        <\/div>                <div class=\"bwg-item\">          <a class=\"bwg-a bwg-album bwg_album_1\"             href='\/index.php?rest_route=%2Fwp%2Fv2%2Fpages%2F3786&#038;type_1=gallery&#038;album_gallery_id_1=791'                          data-container_id=\"bwg_album_compact_1\"             data-def_type=\"gallery\"             data-album_gallery_id=\"52\"             data-alb_gal_id=\"791\"             data-title=\"Marche nordique \u00e0 Cusset le 11 mai 2024\"             data-bwg=\"1\">                        <div class=\"bwg-item0 lazy_loader\">              <div class=\"bwg-item1 \">                <div class=\"bwg-item2\">                  <img decoding=\"async\" class=\"skip-lazy  bwg_lazyload \"                       data-width=\"500.00\"                       data-height=\"326.00\"                       data-src=\"http:\/\/vichyrando.org\/wp-content\/uploads\/photo-gallery\/thumb\/2024-05-11-Cusset01.jpg?bwg=1715497173\"                       src=\"http:\/\/vichyrando.org\/wp-content\/plugins\/photo-gallery\/images\/lazy_placeholder.gif\"                       alt=\"Marche nordique \u00e0 Cusset le 11 mai 2024\"                       title=\"Marche nordique \u00e0 Cusset le 11 mai 2024\" \/>                <\/div>                <div class=\"\">                                  <\/div>              <\/div>            <\/div>            <div class=\"bwg-title1\"><div class=\"bwg-title2\">Marche nordique \u00e0 Cusset le 11 mai 2024<\/div><\/div>          <\/a>        <\/div>                <div class=\"bwg-item\">          <a class=\"bwg-a bwg-album bwg_album_1\"             href='\/index.php?rest_route=%2Fwp%2Fv2%2Fpages%2F3786&#038;type_1=gallery&#038;album_gallery_id_1=794'                          data-container_id=\"bwg_album_compact_1\"             data-def_type=\"gallery\"             data-album_gallery_id=\"52\"             data-alb_gal_id=\"794\"             data-title=\"Rando 1\/2 journ\u00e9e \u00e0 Loddes le 14 mai 2024\"             data-bwg=\"1\">                        <div class=\"bwg-item0 lazy_loader\">              <div class=\"bwg-item1 \">                <div class=\"bwg-item2\">                  <img decoding=\"async\" class=\"skip-lazy  bwg_lazyload \"                       data-width=\"500.00\"                       data-height=\"398.00\"                       data-src=\"http:\/\/vichyrando.org\/wp-content\/uploads\/photo-gallery\/thumb\/2024-05-14-Loddes02.jpg?bwg=1715789099\"                       src=\"http:\/\/vichyrando.org\/wp-content\/plugins\/photo-gallery\/images\/lazy_placeholder.gif\"                       alt=\"Rando 1\/2 journ\u00e9e \u00e0 Loddes le 14 mai 2024\"                       title=\"Rando 1\/2 journ\u00e9e \u00e0 Loddes le 14 mai 2024\" \/>                <\/div>                <div class=\"\">                                  <\/div>              <\/div>            <\/div>            <div class=\"bwg-title1\"><div class=\"bwg-title2\">Rando 1\/2 journ\u00e9e \u00e0 Loddes le 14 mai 2024<\/div><\/div>          <\/a>        <\/div>                <div class=\"bwg-item\">          <a class=\"bwg-a bwg-album bwg_album_1\"             href='\/index.php?rest_route=%2Fwp%2Fv2%2Fpages%2F3786&#038;type_1=gallery&#038;album_gallery_id_1=795'                          data-container_id=\"bwg_album_compact_1\"             data-def_type=\"gallery\"             data-album_gallery_id=\"52\"             data-alb_gal_id=\"795\"             data-title=\"Journ\u00e9e marche sportive \u00e0 Neuf Eglise (63)le 14 mai 2024\"             data-bwg=\"1\">                        <div class=\"bwg-item0 lazy_loader\">              <div class=\"bwg-item1 \">                <div class=\"bwg-item2\">                  <img decoding=\"async\" class=\"skip-lazy  bwg_lazyload \"                       data-width=\"500.00\"                       data-height=\"293.00\"                       data-src=\"http:\/\/vichyrando.org\/wp-content\/uploads\/photo-gallery\/thumb\/2024-05-14-NeufEglise01.jpg?bwg=1715789189\"                       src=\"http:\/\/vichyrando.org\/wp-content\/plugins\/photo-gallery\/images\/lazy_placeholder.gif\"                       alt=\"Journ\u00e9e marche sportive \u00e0 Neuf Eglise (63)le 14 mai 2024\"                       title=\"Journ\u00e9e marche sportive \u00e0 Neuf Eglise (63)le 14 mai 2024\" \/>                <\/div>                <div class=\"\">                                  <\/div>              <\/div>            <\/div>            <div class=\"bwg-title1\"><div class=\"bwg-title2\">Journ\u00e9e marche sportive \u00e0 Neuf Eglise (63)le 14 mai 2024<\/div><\/div>          <\/a>        <\/div>                <div class=\"bwg-item\">          <a class=\"bwg-a bwg-album bwg_album_1\"             href='\/index.php?rest_route=%2Fwp%2Fv2%2Fpages%2F3786&#038;type_1=gallery&#038;album_gallery_id_1=796'                          data-container_id=\"bwg_album_compact_1\"             data-def_type=\"gallery\"             data-album_gallery_id=\"52\"             data-alb_gal_id=\"796\"             data-title=\"Rando journ\u00e9e \u00e0 St Quintin\/Sioule (63) le 16 mai 2024\"             data-bwg=\"1\">                        <div class=\"bwg-item0 lazy_loader\">              <div class=\"bwg-item1 \">                <div class=\"bwg-item2\">                  <img decoding=\"async\" class=\"skip-lazy  bwg_lazyload \"                       data-width=\"500.00\"                       data-height=\"273.00\"                       data-src=\"http:\/\/vichyrando.org\/wp-content\/uploads\/photo-gallery\/thumb\/2024-05-16-StQuintin04.jpg?bwg=1715948257\"                       src=\"http:\/\/vichyrando.org\/wp-content\/plugins\/photo-gallery\/images\/lazy_placeholder.gif\"                       alt=\"Rando journ\u00e9e \u00e0 St Quintin\/Sioule (63) le 16 mai 2024\"                       title=\"Rando journ\u00e9e \u00e0 St Quintin\/Sioule (63) le 16 mai 2024\" \/>                <\/div>                <div class=\"\">                                  <\/div>              <\/div>            <\/div>            <div class=\"bwg-title1\"><div class=\"bwg-title2\">Rando journ\u00e9e \u00e0 St Quintin\/Sioule (63) le 16 mai 2024<\/div><\/div>          <\/a>        <\/div>                <div class=\"bwg-item\">          <a class=\"bwg-a bwg-album bwg_album_1\"             href='\/index.php?rest_route=%2Fwp%2Fv2%2Fpages%2F3786&#038;type_1=gallery&#038;album_gallery_id_1=808'                          data-container_id=\"bwg_album_compact_1\"             data-def_type=\"gallery\"             data-album_gallery_id=\"52\"             data-alb_gal_id=\"808\"             data-title=\"S\u00e9jour aux Rousses le Cr\u00eat de Chalam le 20 mai 2024\"             data-bwg=\"1\">                        <div class=\"bwg-item0 lazy_loader\">              <div class=\"bwg-item1 \">                <div class=\"bwg-item2\">                  <img decoding=\"async\" class=\"skip-lazy  bwg_lazyload \"                       data-width=\"500.00\"                       data-height=\"281.00\"                       data-src=\"http:\/\/vichyrando.org\/wp-content\/uploads\/photo-gallery\/thumb\/2024-05-20-Rousses06.jpg?bwg=1717510345\"                       src=\"http:\/\/vichyrando.org\/wp-content\/plugins\/photo-gallery\/images\/lazy_placeholder.gif\"                       alt=\"S\u00e9jour aux Rousses le Cr\u00eat de Chalam le 20 mai 2024\"                       title=\"S\u00e9jour aux Rousses le Cr\u00eat de Chalam le 20 mai 2024\" \/>                <\/div>                <div class=\"\">                                  <\/div>              <\/div>            <\/div>            <div class=\"bwg-title1\"><div class=\"bwg-title2\">S\u00e9jour aux Rousses le Cr\u00eat de Chalam le 20 mai 2024<\/div><\/div>          <\/a>        <\/div>                <div class=\"bwg-item\">          <a class=\"bwg-a bwg-album bwg_album_1\"             href='\/index.php?rest_route=%2Fwp%2Fv2%2Fpages%2F3786&#038;type_1=gallery&#038;album_gallery_id_1=809'                          data-container_id=\"bwg_album_compact_1\"             data-def_type=\"gallery\"             data-album_gallery_id=\"52\"             data-alb_gal_id=\"809\"             data-title=\"S\u00e9jour aux Rousses le Mont S\u00e2la le 21 mai 2024\"             data-bwg=\"1\">                        <div class=\"bwg-item0 lazy_loader\">              <div class=\"bwg-item1 \">                <div class=\"bwg-item2\">                  <img decoding=\"async\" class=\"skip-lazy  bwg_lazyload \"                       data-width=\"500.00\"                       data-height=\"281.00\"                       data-src=\"http:\/\/vichyrando.org\/wp-content\/uploads\/photo-gallery\/thumb\/2024-05-21-LesRousses26.jpg?bwg=1717599891\"                       src=\"http:\/\/vichyrando.org\/wp-content\/plugins\/photo-gallery\/images\/lazy_placeholder.gif\"                       alt=\"S\u00e9jour aux Rousses le Mont S\u00e2la le 21 mai 2024\"                       title=\"S\u00e9jour aux Rousses le Mont S\u00e2la le 21 mai 2024\" \/>                <\/div>                <div class=\"\">                                  <\/div>              <\/div>            <\/div>            <div class=\"bwg-title1\"><div class=\"bwg-title2\">S\u00e9jour aux Rousses le Mont S\u00e2la le 21 mai 2024<\/div><\/div>          <\/a>        <\/div>                <div class=\"bwg-item\">          <a class=\"bwg-a bwg-album bwg_album_1\"             href='\/index.php?rest_route=%2Fwp%2Fv2%2Fpages%2F3786&#038;type_1=gallery&#038;album_gallery_id_1=798'                          data-container_id=\"bwg_album_compact_1\"             data-def_type=\"gallery\"             data-album_gallery_id=\"52\"             data-alb_gal_id=\"798\"             data-title=\"Rando Sant\u00e9 \u00e0 Saint Didier la For\u00eat le 21 mai 2024\"             data-bwg=\"1\">                        <div class=\"bwg-item0 lazy_loader\">              <div class=\"bwg-item1 \">                <div class=\"bwg-item2\">                  <img decoding=\"async\" class=\"skip-lazy  bwg_lazyload \"                       data-width=\"500.00\"                       data-height=\"243.00\"                       data-src=\"http:\/\/vichyrando.org\/wp-content\/uploads\/photo-gallery\/thumb\/2024-05-21-StDidier05_(1).jpg?bwg=1716374921\"                       src=\"http:\/\/vichyrando.org\/wp-content\/plugins\/photo-gallery\/images\/lazy_placeholder.gif\"                       alt=\"Rando Sant\u00e9 \u00e0 Saint Didier la For\u00eat le 21 mai 2024\"                       title=\"Rando Sant\u00e9 \u00e0 Saint Didier la For\u00eat le 21 mai 2024\" \/>                <\/div>                <div class=\"\">                                  <\/div>              <\/div>            <\/div>            <div class=\"bwg-title1\"><div class=\"bwg-title2\">Rando Sant\u00e9 \u00e0 Saint Didier la For\u00eat le 21 mai 2024<\/div><\/div>          <\/a>        <\/div>                <div class=\"bwg-item\">          <a class=\"bwg-a bwg-album bwg_album_1\"             href='\/index.php?rest_route=%2Fwp%2Fv2%2Fpages%2F3786&#038;type_1=gallery&#038;album_gallery_id_1=799'                          data-container_id=\"bwg_album_compact_1\"             data-def_type=\"gallery\"             data-album_gallery_id=\"52\"             data-alb_gal_id=\"799\"             data-title=\"Journ\u00e9e marche sportive \u00e0 Thionne le 21 mai 2024\"             data-bwg=\"1\">                        <div class=\"bwg-item0 lazy_loader\">              <div class=\"bwg-item1 \">                <div class=\"bwg-item2\">                  <img decoding=\"async\" class=\"skip-lazy  bwg_lazyload \"                       data-width=\"500.00\"                       data-height=\"261.00\"                       data-src=\"http:\/\/vichyrando.org\/wp-content\/uploads\/photo-gallery\/thumb\/2024-05-21-Thionne19.jpg?bwg=1716385906\"                       src=\"http:\/\/vichyrando.org\/wp-content\/plugins\/photo-gallery\/images\/lazy_placeholder.gif\"                       alt=\"Journ\u00e9e marche sportive \u00e0 Thionne le 21 mai 2024\"                       title=\"Journ\u00e9e marche sportive \u00e0 Thionne le 21 mai 2024\" \/>                <\/div>                <div class=\"\">                                  <\/div>              <\/div>            <\/div>            <div class=\"bwg-title1\"><div class=\"bwg-title2\">Journ\u00e9e marche sportive \u00e0 Thionne le 21 mai 2024<\/div><\/div>          <\/a>        <\/div>                <div class=\"bwg-item\">          <a class=\"bwg-a bwg-album bwg_album_1\"             href='\/index.php?rest_route=%2Fwp%2Fv2%2Fpages%2F3786&#038;type_1=gallery&#038;album_gallery_id_1=801'                          data-container_id=\"bwg_album_compact_1\"             data-def_type=\"gallery\"             data-album_gallery_id=\"52\"             data-alb_gal_id=\"801\"             data-title=\"Rando 1\/2 journ\u00e9e au Mayet de Montagne le 21 mai 2024\"             data-bwg=\"1\">                        <div class=\"bwg-item0 lazy_loader\">              <div class=\"bwg-item1 \">                <div class=\"bwg-item2\">                  <img decoding=\"async\" class=\"skip-lazy  bwg_lazyload \"                       data-width=\"500.00\"                       data-height=\"375.00\"                       data-src=\"http:\/\/vichyrando.org\/wp-content\/uploads\/photo-gallery\/thumb\/2024-05-21-LeMayetM16.jpg?bwg=1716739608\"                       src=\"http:\/\/vichyrando.org\/wp-content\/plugins\/photo-gallery\/images\/lazy_placeholder.gif\"                       alt=\"Rando 1\/2 journ\u00e9e au Mayet de Montagne le 21 mai 2024\"                       title=\"Rando 1\/2 journ\u00e9e au Mayet de Montagne le 21 mai 2024\" \/>                <\/div>                <div class=\"\">                                  <\/div>              <\/div>            <\/div>            <div class=\"bwg-title1\"><div class=\"bwg-title2\">Rando 1\/2 journ\u00e9e au Mayet de Montagne le 21 mai 2024<\/div><\/div>          <\/a>        <\/div>                <div class=\"bwg-item\">          <a class=\"bwg-a bwg-album bwg_album_1\"             href='\/index.php?rest_route=%2Fwp%2Fv2%2Fpages%2F3786&#038;type_1=gallery&#038;album_gallery_id_1=810'                          data-container_id=\"bwg_album_compact_1\"             data-def_type=\"gallery\"             data-album_gallery_id=\"52\"             data-alb_gal_id=\"810\"             data-title=\"S\u00e9jour aux Rousses Morbier et Bellefontaine le 22 mai 2024\"             data-bwg=\"1\">                        <div class=\"bwg-item0 lazy_loader\">              <div class=\"bwg-item1 \">                <div class=\"bwg-item2\">                  <img decoding=\"async\" class=\"skip-lazy  bwg_lazyload \"                       data-width=\"500.00\"                       data-height=\"377.00\"                       data-src=\"http:\/\/vichyrando.org\/wp-content\/uploads\/photo-gallery\/thumb\/2024-05-22-LesRousses06.jpg?bwg=1717656213\"                       src=\"http:\/\/vichyrando.org\/wp-content\/plugins\/photo-gallery\/images\/lazy_placeholder.gif\"                       alt=\"S\u00e9jour aux Rousses Morbier et Bellefontaine le 22 mai 2024\"                       title=\"S\u00e9jour aux Rousses Morbier et Bellefontaine le 22 mai 2024\" \/>                <\/div>                <div class=\"\">                                  <\/div>              <\/div>            <\/div>            <div class=\"bwg-title1\"><div class=\"bwg-title2\">S\u00e9jour aux Rousses Morbier et Bellefontaine le 22 mai 2024<\/div><\/div>          <\/a>        <\/div>                <div class=\"bwg-item\">          <a class=\"bwg-a bwg-album bwg_album_1\"             href='\/index.php?rest_route=%2Fwp%2Fv2%2Fpages%2F3786&#038;type_1=gallery&#038;album_gallery_id_1=811'                          data-container_id=\"bwg_album_compact_1\"             data-def_type=\"gallery\"             data-album_gallery_id=\"52\"             data-alb_gal_id=\"811\"             data-title=\"S\u00e9jour aux Rousses Fort du Risoux lac des Rousses le 23 mai 2024\"             data-bwg=\"1\">                        <div class=\"bwg-item0 lazy_loader\">              <div class=\"bwg-item1 \">                <div class=\"bwg-item2\">                  <img decoding=\"async\" class=\"skip-lazy  bwg_lazyload \"                       data-width=\"500.00\"                       data-height=\"333.00\"                       data-src=\"http:\/\/vichyrando.org\/wp-content\/uploads\/photo-gallery\/thumb\/2024-05-23-LesRousses01.jpg?bwg=1717659260\"                       src=\"http:\/\/vichyrando.org\/wp-content\/plugins\/photo-gallery\/images\/lazy_placeholder.gif\"                       alt=\"S\u00e9jour aux Rousses Fort du Risoux lac des Rousses le 23 mai 2024\"                       title=\"S\u00e9jour aux Rousses Fort du Risoux lac des Rousses le 23 mai 2024\" \/>                <\/div>                <div class=\"\">                                  <\/div>              <\/div>            <\/div>            <div class=\"bwg-title1\"><div class=\"bwg-title2\">S\u00e9jour aux Rousses Fort du Risoux lac des Rousses le 23 mai 2024<\/div><\/div>          <\/a>        <\/div>                <div class=\"bwg-item\">          <a class=\"bwg-a bwg-album bwg_album_1\"             href='\/index.php?rest_route=%2Fwp%2Fv2%2Fpages%2F3786&#038;type_1=gallery&#038;album_gallery_id_1=800'                          data-container_id=\"bwg_album_compact_1\"             data-def_type=\"gallery\"             data-album_gallery_id=\"52\"             data-alb_gal_id=\"800\"             data-title=\"Mini rando au Vernet le 23 mai 2024\"             data-bwg=\"1\">                        <div class=\"bwg-item0 lazy_loader\">              <div class=\"bwg-item1 \">                <div class=\"bwg-item2\">                  <img decoding=\"async\" class=\"skip-lazy  bwg_lazyload \"                       data-width=\"500.00\"                       data-height=\"281.00\"                       data-src=\"http:\/\/vichyrando.org\/wp-content\/uploads\/photo-gallery\/thumb\/2024-05-23-LeVernet08.jpg?bwg=1716482645\"                       src=\"http:\/\/vichyrando.org\/wp-content\/plugins\/photo-gallery\/images\/lazy_placeholder.gif\"                       alt=\"Mini rando au Vernet le 23 mai 2024\"                       title=\"Mini rando au Vernet le 23 mai 2024\" \/>                <\/div>                <div class=\"\">                                  <\/div>              <\/div>            <\/div>            <div class=\"bwg-title1\"><div class=\"bwg-title2\">Mini rando au Vernet le 23 mai 2024<\/div><\/div>          <\/a>        <\/div>                <div class=\"bwg-item\">          <a class=\"bwg-a bwg-album bwg_album_1\"             href='\/index.php?rest_route=%2Fwp%2Fv2%2Fpages%2F3786&#038;type_1=gallery&#038;album_gallery_id_1=802'                          data-container_id=\"bwg_album_compact_1\"             data-def_type=\"gallery\"             data-album_gallery_id=\"52\"             data-alb_gal_id=\"802\"             data-title=\"Journ\u00e9e nettoyage des sentiers \u00e0 La Chabanne le 25 mai 2024\"             data-bwg=\"1\">                        <div class=\"bwg-item0 lazy_loader\">              <div class=\"bwg-item1 \">                <div class=\"bwg-item2\">                  <img decoding=\"async\" class=\"skip-lazy  bwg_lazyload \"                       data-width=\"500.00\"                       data-height=\"280.00\"                       data-src=\"http:\/\/vichyrando.org\/wp-content\/uploads\/photo-gallery\/thumb\/2024-05-25-Nettoyage01.jpg?bwg=1716756571\"                       src=\"http:\/\/vichyrando.org\/wp-content\/plugins\/photo-gallery\/images\/lazy_placeholder.gif\"                       alt=\"Journ\u00e9e nettoyage des sentiers \u00e0 La Chabanne le 25 mai 2024\"                       title=\"Journ\u00e9e nettoyage des sentiers \u00e0 La Chabanne le 25 mai 2024\" \/>                <\/div>                <div class=\"\">                                  <\/div>              <\/div>            <\/div>            <div class=\"bwg-title1\"><div class=\"bwg-title2\">Journ\u00e9e nettoyage des sentiers \u00e0 La Chabanne le 25 mai 2024<\/div><\/div>          <\/a>        <\/div>                <div class=\"bwg-item\">          <a class=\"bwg-a bwg-album bwg_album_1\"             href='\/index.php?rest_route=%2Fwp%2Fv2%2Fpages%2F3786&#038;type_1=gallery&#038;album_gallery_id_1=803'                          data-container_id=\"bwg_album_compact_1\"             data-def_type=\"gallery\"             data-album_gallery_id=\"52\"             data-alb_gal_id=\"803\"             data-title=\"Rando sant\u00e9 \u00e0 Vendat le 28 mai 2024\"             data-bwg=\"1\">                        <div class=\"bwg-item0 lazy_loader\">              <div class=\"bwg-item1 \">                <div class=\"bwg-item2\">                  <img decoding=\"async\" class=\"skip-lazy  bwg_lazyload \"                       data-width=\"500.00\"                       data-height=\"243.00\"                       data-src=\"http:\/\/vichyrando.org\/wp-content\/uploads\/photo-gallery\/thumb\/2024-05-28-Vendat01.jpg?bwg=1716976162\"                       src=\"http:\/\/vichyrando.org\/wp-content\/plugins\/photo-gallery\/images\/lazy_placeholder.gif\"                       alt=\"Rando sant\u00e9 \u00e0 Vendat le 28 mai 2024\"                       title=\"Rando sant\u00e9 \u00e0 Vendat le 28 mai 2024\" \/>                <\/div>                <div class=\"\">                                  <\/div>              <\/div>            <\/div>            <div class=\"bwg-title1\"><div class=\"bwg-title2\">Rando sant\u00e9 \u00e0 Vendat le 28 mai 2024<\/div><\/div>          <\/a>        <\/div>                <div class=\"bwg-item\">          <a class=\"bwg-a bwg-album bwg_album_1\"             href='\/index.php?rest_route=%2Fwp%2Fv2%2Fpages%2F3786&#038;type_1=gallery&#038;album_gallery_id_1=804'                          data-container_id=\"bwg_album_compact_1\"             data-def_type=\"gallery\"             data-album_gallery_id=\"52\"             data-alb_gal_id=\"804\"             data-title=\"Journ\u00e9e rando tr\u00e8s sportive \u00e0 Ste Th\u00e9rence le 28 mai 2024\"             data-bwg=\"1\">                        <div class=\"bwg-item0 lazy_loader\">              <div class=\"bwg-item1 \">                <div class=\"bwg-item2\">                  <img decoding=\"async\" class=\"skip-lazy  bwg_lazyload \"                       data-width=\"478.00\"                       data-height=\"500.00\"                       data-src=\"http:\/\/vichyrando.org\/wp-content\/uploads\/photo-gallery\/thumb\/2024-05-28-SteTherence21.jpg?bwg=1716976319\"                       src=\"http:\/\/vichyrando.org\/wp-content\/plugins\/photo-gallery\/images\/lazy_placeholder.gif\"                       alt=\"Journ\u00e9e rando tr\u00e8s sportive \u00e0 Ste Th\u00e9rence le 28 mai 2024\"                       title=\"Journ\u00e9e rando tr\u00e8s sportive \u00e0 Ste Th\u00e9rence le 28 mai 2024\" \/>                <\/div>                <div class=\"\">                                  <\/div>              <\/div>            <\/div>            <div class=\"bwg-title1\"><div class=\"bwg-title2\">Journ\u00e9e rando tr\u00e8s sportive \u00e0 Ste Th\u00e9rence le 28 mai 2024<\/div><\/div>          <\/a>        <\/div>                <div class=\"bwg-item\">          <a class=\"bwg-a bwg-album bwg_album_1\"             href='\/index.php?rest_route=%2Fwp%2Fv2%2Fpages%2F3786&#038;type_1=gallery&#038;album_gallery_id_1=805'                          data-container_id=\"bwg_album_compact_1\"             data-def_type=\"gallery\"             data-album_gallery_id=\"52\"             data-alb_gal_id=\"805\"             data-title=\"Rando 1\/2 journ\u00e9e \u00e0 Aigueperse (63) le 28 mai 2024\"             data-bwg=\"1\">                        <div class=\"bwg-item0 lazy_loader\">              <div class=\"bwg-item1 \">                <div class=\"bwg-item2\">                  <img decoding=\"async\" class=\"skip-lazy  bwg_lazyload \"                       data-width=\"500.00\"                       data-height=\"281.00\"                       data-src=\"http:\/\/vichyrando.org\/wp-content\/uploads\/photo-gallery\/thumb\/2024-05-28-Aigueperse11.jpg?bwg=1716996828\"                       src=\"http:\/\/vichyrando.org\/wp-content\/plugins\/photo-gallery\/images\/lazy_placeholder.gif\"                       alt=\"Rando 1\/2 journ\u00e9e \u00e0 Aigueperse (63) le 28 mai 2024\"                       title=\"Rando 1\/2 journ\u00e9e \u00e0 Aigueperse (63) le 28 mai 2024\" \/>                <\/div>                <div class=\"\">                                  <\/div>              <\/div>            <\/div>            <div class=\"bwg-title1\"><div class=\"bwg-title2\">Rando 1\/2 journ\u00e9e \u00e0 Aigueperse (63) le 28 mai 2024<\/div><\/div>          <\/a>        <\/div>                <div class=\"bwg-item\">          <a class=\"bwg-a bwg-album bwg_album_1\"             href='\/index.php?rest_route=%2Fwp%2Fv2%2Fpages%2F3786&#038;type_1=gallery&#038;album_gallery_id_1=806'                          data-container_id=\"bwg_album_compact_1\"             data-def_type=\"gallery\"             data-album_gallery_id=\"52\"             data-alb_gal_id=\"806\"             data-title=\"Mini rando \u00e0 Jenzat le 30 mai 2024\"             data-bwg=\"1\">                        <div class=\"bwg-item0 lazy_loader\">              <div class=\"bwg-item1 \">                <div class=\"bwg-item2\">                  <img decoding=\"async\" class=\"skip-lazy  bwg_lazyload \"                       data-width=\"500.00\"                       data-height=\"375.00\"                       data-src=\"http:\/\/vichyrando.org\/wp-content\/uploads\/photo-gallery\/thumb\/2024-05-30-Jenzat14.jpg?bwg=1717245232\"                       src=\"http:\/\/vichyrando.org\/wp-content\/plugins\/photo-gallery\/images\/lazy_placeholder.gif\"                       alt=\"Mini rando \u00e0 Jenzat le 30 mai 2024\"                       title=\"Mini rando \u00e0 Jenzat le 30 mai 2024\" \/>                <\/div>                <div class=\"\">                                  <\/div>              <\/div>            <\/div>            <div class=\"bwg-title1\"><div class=\"bwg-title2\">Mini rando \u00e0 Jenzat le 30 mai 2024<\/div><\/div>          <\/a>        <\/div>                <div class=\"bwg-item\">          <a class=\"bwg-a bwg-album bwg_album_1\"             href='\/index.php?rest_route=%2Fwp%2Fv2%2Fpages%2F3786&#038;type_1=gallery&#038;album_gallery_id_1=807'                          data-container_id=\"bwg_album_compact_1\"             data-def_type=\"gallery\"             data-album_gallery_id=\"52\"             data-alb_gal_id=\"807\"             data-title=\"Rando journ\u00e9e \u00e0 Ch\u00e2telus le 30 mai 2024\"             data-bwg=\"1\">                        <div class=\"bwg-item0 lazy_loader\">              <div class=\"bwg-item1 \">                <div class=\"bwg-item2\">                  <img decoding=\"async\" class=\"skip-lazy  bwg_lazyload \"                       data-width=\"500.00\"                       data-height=\"275.00\"                       data-src=\"http:\/\/vichyrando.org\/wp-content\/uploads\/photo-gallery\/thumb\/2024-05-30-Chatelus06.jpg?bwg=1717250648\"                       src=\"http:\/\/vichyrando.org\/wp-content\/plugins\/photo-gallery\/images\/lazy_placeholder.gif\"                       alt=\"Rando journ\u00e9e \u00e0 Ch\u00e2telus le 30 mai 2024\"                       title=\"Rando journ\u00e9e \u00e0 Ch\u00e2telus le 30 mai 2024\" \/>                <\/div>                <div class=\"\">                                  <\/div>              <\/div>            <\/div>            <div class=\"bwg-title1\"><div class=\"bwg-title2\">Rando journ\u00e9e \u00e0 Ch\u00e2telus le 30 mai 2024<\/div><\/div>          <\/a>        <\/div>            <\/div>          <input type=\"hidden\" id=\"bwg_album_breadcrumb_1\" name=\"bwg_album_breadcrumb_1\" value='[{&quot;id&quot;:&quot;52&quot;,&quot;page&quot;:1}]' \/>    <style>      \/*pagination styles*\/      #bwg_container1_1 #bwg_container2_1 .tablenav-pages_1 {\t\t\t\ttext-align: center;\t\t\t\tfont-size: 12px;\t\t\t\tfont-family: Ubuntu;\t\t\t\tfont-weight: bold;\t\t\t\tcolor: #666666;\t\t\t\tmargin: 6px 0 4px;\t\t\t\tdisplay: block;      }      @media only screen and (max-width : 320px) {      #bwg_container1_1 #bwg_container2_1 .displaying-num_1 {     \t display: none;      }      }      #bwg_container1_1 #bwg_container2_1 .displaying-num_1 {\t\t\t\tfont-size: 12px;\t\t\t\tfont-family: Ubuntu;\t\t\t\tfont-weight: bold;\t\t\t\tcolor: #666666;\t\t\t\tmargin-right: 10px;\t\t\t\tvertical-align: middle;      }      #bwg_container1_1 #bwg_container2_1 .paging-input_1 {\t\t\t\tfont-size: 12px;\t\t\t\tfont-family: Ubuntu;\t\t\t\tfont-weight: bold;\t\t\t\tcolor: #666666;\t\t\t\tvertical-align: middle;      }      #bwg_container1_1 #bwg_container2_1 .tablenav-pages_1 a.disabled,      #bwg_container1_1 #bwg_container2_1 .tablenav-pages_1 a.disabled:hover,      #bwg_container1_1 #bwg_container2_1 .tablenav-pages_1 a.disabled:focus,\t\t\t#bwg_container1_1 #bwg_container2_1 .tablenav-pages_1 input.bwg_current_page {\t\t\t\tcursor: default;\t\t\t\tcolor: rgba(102, 102, 102, 0.5);      }      #bwg_container1_1 #bwg_container2_1 .tablenav-pages_1 a,      #bwg_container1_1 #bwg_container2_1 .tablenav-pages_1 input.bwg_current_page {\t\t\t\tcursor: pointer;\t\t\t\ttext-align: center;\t\t\t\tfont-size: 12px;\t\t\t\tfont-family: Ubuntu;\t\t\t\tfont-weight: bold;\t\t\t\tcolor: #666666;\t\t\t\ttext-decoration: none;\t\t\t\tpadding: 3px 6px;\t\t\t\tmargin: 0;\t\t\t\tborder-radius: 0;\t\t\t\tborder-style: solid;\t\t\t\tborder-width: 1px;\t\t\t\tborder-color: #E3E3E3;\t\t\t\t\t\t\t\tbackground-color: rgba(255, 255, 255, 1.00);\t\t\t\tbox-shadow: 0;\t\t\t\ttransition: all 0.3s ease 0s;-webkit-transition: all 0.3s ease 0s;      }      <\/style>      <span class=\"bwg_nav_cont_1\">              <div class=\"tablenav-pages_1\">                  <\/div>                <input type=\"hidden\" id=\"page_number_1\" name=\"page_number_1\" value=\"1\" \/>      <script type=\"text\/javascript\">        if( jQuery('.bwg_nav_cont_1').length > 1 ) {          jQuery('.bwg_nav_cont_1').first().remove()        }        function spider_page_1(cur, x, y, load_more) {          if (typeof load_more == \"undefined\") {            var load_more = false;          }          if (jQuery(cur).hasClass('disabled')) {            return false;          }          var items_county_1 = 1;          switch (y) {            case 1:              if (x >= items_county_1) {                document.getElementById('page_number_1').value = items_county_1;              }              else {                document.getElementById('page_number_1').value = x + 1;              }              break;            case 2:              document.getElementById('page_number_1').value = items_county_1;              break;            case -1:              if (x == 1) {                document.getElementById('page_number_1').value = 1;              }              else {                document.getElementById('page_number_1').value = x - 1;              }              break;            case -2:              document.getElementById('page_number_1').value = 1;              break;\t\t\t\t\t\tcase 0:              document.getElementById('page_number_1').value = x;              break;            default:              document.getElementById('page_number_1').value = 1;          }          bwg_ajax('gal_front_form_1', '1', 'bwg_album_compact_1', '52', '', 'album', 0, '', '', load_more, '', 1);        }                    jQuery('.first-page-1').on('click', function () {              spider_page_1(this, 1, -2, 'numeric');              return false;            });            jQuery('.prev-page-1').on('click', function () {              spider_page_1(this, 1, -1, 'numeric');              return false;            });            jQuery('.next-page-1').on('click', function () {              spider_page_1(this, 1, 1, 'numeric');              return false;            });            jQuery('.last-page-1').on('click', function () {              spider_page_1(this, 1, 2, 'numeric');              return false;            });        \t\t\t\t\/* Change page on input enter. *\/        function bwg_change_page_1( e, that ) {          if (  e.key == 'Enter' ) {            var to_page = parseInt(jQuery(that).val());            var pages_count = jQuery(that).parents(\".pagination-links\").data(\"pages-count\");            var current_url_param = jQuery(that).attr('data-url-info');            if (to_page > pages_count) {              to_page = 1;            }\t \t\t\t\t\t\t\t\t\t\t\t\tspider_page_1(this, to_page, 0, 'numeric');\t\t\t\t\t\t\treturn false;\t\t\t\t\t\t          }          return true;        }        jQuery('.bwg_load_btn_1').on('click', function () {            spider_page_1(this, 1, 1, true);            return false;        });      <\/script>      <\/span>                <\/div>        <\/form>        <style>          #bwg_container1_1 #bwg_container2_1 #spider_popup_overlay_1 {          background-color: #EEEEEE;          opacity: 0.60;          }          <\/style>        <div id=\"bwg_spider_popup_loading_1\" class=\"bwg_spider_popup_loading\"><\/div>        <div id=\"spider_popup_overlay_1\" class=\"spider_popup_overlay\" onclick=\"spider_destroypopup(1000)\"><\/div>        <input type=\"hidden\" id=\"bwg_random_seed_1\" value=\"1326704113\">                <\/div>    <\/div>    <script>      if (document.readyState === 'complete') {        if( typeof bwg_main_ready == 'function' ) {          if ( jQuery(\"#bwg_container1_1\").height() ) {            bwg_main_ready(jQuery(\"#bwg_container1_1\"));          }        }      } else {        document.addEventListener('DOMContentLoaded', function() {          if( typeof bwg_main_ready == 'function' ) {            if ( jQuery(\"#bwg_container1_1\").height() ) {             bwg_main_ready(jQuery(\"#bwg_container1_1\"));            }          }        });      }    <\/script>    \t\t<\/div>\n\t\t\t\t<\/div>\n\t\t\t\t\t<\/div>\n\t\t<\/div>\n\t\t\t\t\t<\/div>\n\t\t<\/section>\n\t\t\t\t<section class=\"elementor-section elementor-top-section elementor-element elementor-element-756a4af elementor-section-boxed elementor-section-height-default elementor-section-height-default\" data-id=\"756a4af\" data-element_type=\"section\">\n\t\t\t\t\t\t<div class=\"elementor-container elementor-column-gap-default\">\n\t\t\t\t\t<div class=\"elementor-column elementor-col-100 elementor-top-column elementor-element elementor-element-1737887\" data-id=\"1737887\" data-element_type=\"column\">\n\t\t\t<div class=\"elementor-widget-wrap elementor-element-populated\">\n\t\t\t\t\t\t<div class=\"elementor-element elementor-element-29280a8 elementor-widget elementor-widget-bwg-elementor\" data-id=\"29280a8\" data-element_type=\"widget\" data-widget_type=\"bwg-elementor.default\">\n\t\t\t\t<div class=\"elementor-widget-container\">\n\t\t\t<style id=\"bwg-style-2\">    #bwg_container1_2 #bwg_container2_2 .bwg-container-2.bwg-album-thumbnails {    width: 1254px;    justify-content: center;            justify-content: center;        margin:0 auto !important;          background-color: rgba(255, 255, 255, 0.00);          padding-left: 4px;      padding-top: 4px;      max-width: 100%;          }        #bwg_container1_2 #bwg_container2_2 .bwg-container-2.bwg-album-thumbnails .bwg-item {    justify-content: flex-start;    max-width: 250px;        }    #bwg_container1_2 #bwg_container2_2 .bwg-container-2.bwg-album-thumbnails .bwg-item a {      margin-right: 4px;      margin-bottom: 4px;    }    #bwg_container1_2 #bwg_container2_2 .bwg-container-2.bwg-album-thumbnails .bwg-item0 {      padding: 0px;            background-color:rgba(0,0,0, 0.30);      border: 0px none #CCCCCC;      opacity: 1.00;      border-radius: 0;      box-shadow: 0px 0px 0px #888888;    }    #bwg_container1_2 #bwg_container2_2 .bwg-container-2.bwg-album-thumbnails .bwg-item1 img {      max-height: none;      max-width: none;      padding: 0 !important;    }          @media only screen and (min-width: 480px) {      #bwg_container1_2 #bwg_container2_2 .bwg-container-2.bwg-album-thumbnails .bwg-item1 img {      -webkit-transition: all .3s; transition: all .3s;      }      #bwg_container1_2 #bwg_container2_2 .bwg-container-2.bwg-album-thumbnails .bwg-item1 img:hover {        -ms-transform: scale(1.08);        -webkit-transform: scale(1.08);        transform: scale(1.08);      }            }          #bwg_container1_2 #bwg_container2_2 .bwg-container-2.bwg-album-thumbnails .bwg-item1 {      padding-top: 56%;    }        #bwg_container1_2 #bwg_container2_2 .bwg-container-2.bwg-album-thumbnails .bwg-title2 {      color: #323A45;      font-family: Ubuntu;      font-size: 16px;      font-weight: bold;      padding: 2px;      text-shadow: 0px 0px 0px #888888;      max-height: 100%;    }        #bwg_container1_2 #bwg_container2_2 .bwg-container-2.bwg-standard-thumbnails {      width: 1254px;              justify-content: center;        margin:0 auto !important;              background-color: rgba(255, 255, 255, 0.00);            padding-left: 4px;      padding-top: 4px;      max-width: 100%;            }        #bwg_container1_2 #bwg_container2_2 .bwg-container-2.bwg-standard-thumbnails .bwg-item {    justify-content: flex-start;      max-width: 250px;          }    #bwg_container1_2 #bwg_container2_2 .bwg-container-2.bwg-standard-thumbnails .bwg-item a {       margin-right: 4px;       margin-bottom: 4px;    }    #bwg_container1_2 #bwg_container2_2 .bwg-container-2.bwg-standard-thumbnails .bwg-item0 {      padding: 0px;            background-color:rgba(0,0,0, 0.30);      border: 0px none #CCCCCC;      opacity: 1.00;      border-radius: 0;      box-shadow: 0px 0px 0px #888888;    }    #bwg_container1_2 #bwg_container2_2 .bwg-container-2.bwg-standard-thumbnails .bwg-item1 img {      max-height: none;      max-width: none;      padding: 0 !important;    }         @media only screen and (min-width: 480px) {\t\t#bwg_container1_2 #bwg_container2_2 .bwg-container-2.bwg-standard-thumbnails .bwg-item1 img {\t\t\t-webkit-transition: all .3s; transition: all .3s;\t\t}\t\t#bwg_container1_2 #bwg_container2_2 .bwg-container-2.bwg-standard-thumbnails .bwg-item1 img:hover {\t\t\t-ms-transform: scale(1.08);\t\t\t-webkit-transform: scale(1.08);\t\t\ttransform: scale(1.08);\t\t}\t\t      }\t    #bwg_container1_2 #bwg_container2_2 .bwg-container-2.bwg-standard-thumbnails .bwg-item1 {      padding-top: 56%;    }        #bwg_container1_2 #bwg_container2_2 .bwg-container-2.bwg-standard-thumbnails .bwg-title2,    #bwg_container1_2 #bwg_container2_2 .bwg-container-2.bwg-standard-thumbnails .bwg-ecommerce2 {      color: #323A45;      font-family: Ubuntu;      font-size: 16px;      font-weight: bold;      padding: 2px;      text-shadow: 0px 0px 0px #888888;      max-height: 100%;    }    #bwg_container1_2 #bwg_container2_2 .bwg-container-2.bwg-standard-thumbnails .bwg-thumb-description span {    color: #323A45;    font-family: Ubuntu;    font-size: 12px;    max-height: 100%;    word-wrap: break-word;    }    #bwg_container1_2 #bwg_container2_2 .bwg-container-2.bwg-standard-thumbnails .bwg-play-icon2 {      font-size: 32px;    }    #bwg_container1_2 #bwg_container2_2 .bwg-container-2.bwg-standard-thumbnails .bwg-ecommerce2 {      font-size: 19.2px;      color: #323A45;    }    <\/style>    <div id=\"bwg_container1_2\"         class=\"bwg_container bwg_thumbnail bwg_album_compact_preview bwg_thumbnail\"         data-right-click-protection=\"0\"         data-bwg=\"2\"         data-scroll=\"0\"         data-gallery-type=\"album_compact_preview\"         data-gallery-view-type=\"thumbnail\"         data-current-url=\"\/index.php?rest_route=%2Fwp%2Fv2%2Fpages%2F3786\"         data-lightbox-url=\"http:\/\/vichyrando.org\/wp-admin\/admin-ajax.php?action=GalleryBox&#038;current_view=2&#038;gallery_id=0&#038;tag=0&#038;theme_id=1&#038;shortcode_id=955&#038;sort_by=order&#038;order_by=asc&#038;current_url=%2Findex.php%3Frest_route%3D%252Fwp%252Fv2%252Fpages%252F3786\"         data-gallery-id=\"0\"         data-popup-width=\"800\"         data-popup-height=\"500\"         data-is-album=\"album\"         data-buttons-position=\"bottom\">      <div id=\"bwg_container2_2\">             <div id=\"ajax_loading_2\" class=\"bwg_loading_div_1\">      <div class=\"bwg_loading_div_2\">        <div class=\"bwg_loading_div_3\">          <div id=\"loading_div_2\" class=\"bwg_spider_ajax_loading\">          <\/div>        <\/div>      <\/div>    <\/div>            <form id=\"gal_front_form_2\"              class=\"bwg-hidden\"              method=\"post\"              action=\"#\"              data-current=\"2\"              data-shortcode-id=\"955\"              data-gallery-type=\"album_compact_preview\"              data-gallery-id=\"0\"              data-tag=\"0\"              data-album-id=\"51\"              data-theme-id=\"1\"              data-ajax-url=\"http:\/\/vichyrando.org\/wp-admin\/admin-ajax.php?action=bwg_frontend_data\">          <div id=\"bwg_container3_2\" class=\"bwg-background bwg-background-2\">            <style>        #bwg_container1_2 #bwg_container2_2 .bwg_gal_title_2 {          display: block;          padding: 0 2px 2px 2px;          background-color: rgba(0, 0, 0, 0);          line-height: 20px;          font-family: Ubuntu;          font-size: 18px;          font-weight: bold;          color: #323A45;          text-shadow: 0px 0px 0px #888888;          text-align: center;        }        #bwg_container1_2 #bwg_container2_2 .bwg_gal_description_2 {          margin: 20px 0;          word-break: break-word;          text-align: justify;          font-size: 15px;          font-weight: unset;        }        <\/style>        <div class=\"bwg_gal_title_2\">Avril 2024<\/div>            <div data-max-count=\"5\"         data-thumbnail-width=\"250\"         data-bwg=\"2\"         id=\"bwg_album_compact_2\"         class=\"bwg-thumbnails bwg-container bwg-container-2 bwg-album-thumbnails bwg_album_thumbnails_2\">              <div class=\"bwg-item\">          <a class=\"bwg-a bwg-album bwg_album_2\"             href='\/index.php?rest_route=%2Fwp%2Fv2%2Fpages%2F3786&#038;type_2=gallery&#038;album_gallery_id_2=762'                          data-container_id=\"bwg_album_compact_2\"             data-def_type=\"gallery\"             data-album_gallery_id=\"51\"             data-alb_gal_id=\"762\"             data-title=\"Rando journ\u00e9e marche sportive \u00e0 Ferri\u00e8res\/Sichon le 2 avril 2024\"             data-bwg=\"2\">                        <div class=\"bwg-item0 lazy_loader\">              <div class=\"bwg-item1 \">                <div class=\"bwg-item2\">                  <img decoding=\"async\" class=\"skip-lazy  bwg_lazyload \"                       data-width=\"500.00\"                       data-height=\"225.00\"                       data-src=\"http:\/\/vichyrando.org\/wp-content\/uploads\/photo-gallery\/thumb\/2024-04-02-Ferrieres02.jpg?bwg=1712263008\"                       src=\"http:\/\/vichyrando.org\/wp-content\/plugins\/photo-gallery\/images\/lazy_placeholder.gif\"                       alt=\"Rando journ\u00e9e marche sportive \u00e0 Ferri\u00e8res\/Sichon le 2 avril 2024\"                       title=\"Rando journ\u00e9e marche sportive \u00e0 Ferri\u00e8res\/Sichon le 2 avril 2024\" \/>                <\/div>                <div class=\"\">                                  <\/div>              <\/div>            <\/div>            <div class=\"bwg-title1\"><div class=\"bwg-title2\">Rando journ\u00e9e marche sportive \u00e0 Ferri\u00e8res\/Sichon le 2 avril 2024<\/div><\/div>          <\/a>        <\/div>                <div class=\"bwg-item\">          <a class=\"bwg-a bwg-album bwg_album_2\"             href='\/index.php?rest_route=%2Fwp%2Fv2%2Fpages%2F3786&#038;type_2=gallery&#038;album_gallery_id_2=763'                          data-container_id=\"bwg_album_compact_2\"             data-def_type=\"gallery\"             data-album_gallery_id=\"51\"             data-alb_gal_id=\"763\"             data-title=\"Rando 1\/2 journ\u00e9e \u00e0 Molles le 2 avril 2024\"             data-bwg=\"2\">                        <div class=\"bwg-item0 lazy_loader\">              <div class=\"bwg-item1 \">                <div class=\"bwg-item2\">                  <img decoding=\"async\" class=\"skip-lazy  bwg_lazyload \"                       data-width=\"500.00\"                       data-height=\"333.00\"                       data-src=\"http:\/\/vichyrando.org\/wp-content\/uploads\/photo-gallery\/thumb\/2024-04-02-Molles07.jpg?bwg=1712263142\"                       src=\"http:\/\/vichyrando.org\/wp-content\/plugins\/photo-gallery\/images\/lazy_placeholder.gif\"                       alt=\"Rando 1\/2 journ\u00e9e \u00e0 Molles le 2 avril 2024\"                       title=\"Rando 1\/2 journ\u00e9e \u00e0 Molles le 2 avril 2024\" \/>                <\/div>                <div class=\"\">                                  <\/div>              <\/div>            <\/div>            <div class=\"bwg-title1\"><div class=\"bwg-title2\">Rando 1\/2 journ\u00e9e \u00e0 Molles le 2 avril 2024<\/div><\/div>          <\/a>        <\/div>                <div class=\"bwg-item\">          <a class=\"bwg-a bwg-album bwg_album_2\"             href='\/index.php?rest_route=%2Fwp%2Fv2%2Fpages%2F3786&#038;type_2=gallery&#038;album_gallery_id_2=764'                          data-container_id=\"bwg_album_compact_2\"             data-def_type=\"gallery\"             data-album_gallery_id=\"51\"             data-alb_gal_id=\"764\"             data-title=\"Assembl\u00e9e G\u00e9n\u00e9rale Golf de Montpensier le 2 avril 2024\"             data-bwg=\"2\">                        <div class=\"bwg-item0 lazy_loader\">              <div class=\"bwg-item1 \">                <div class=\"bwg-item2\">                  <img decoding=\"async\" class=\"skip-lazy  bwg_lazyload \"                       data-width=\"500.00\"                       data-height=\"281.00\"                       data-src=\"http:\/\/vichyrando.org\/wp-content\/uploads\/photo-gallery\/thumb\/2024-04-02-AG26.jpg?bwg=1712263257\"                       src=\"http:\/\/vichyrando.org\/wp-content\/plugins\/photo-gallery\/images\/lazy_placeholder.gif\"                       alt=\"Assembl\u00e9e G\u00e9n\u00e9rale Golf de Montpensier le 2 avril 2024\"                       title=\"Assembl\u00e9e G\u00e9n\u00e9rale Golf de Montpensier le 2 avril 2024\" \/>                <\/div>                <div class=\"\">                                  <\/div>              <\/div>            <\/div>            <div class=\"bwg-title1\"><div class=\"bwg-title2\">Assembl\u00e9e G\u00e9n\u00e9rale Golf de Montpensier le 2 avril 2024<\/div><\/div>          <\/a>        <\/div>                <div class=\"bwg-item\">          <a class=\"bwg-a bwg-album bwg_album_2\"             href='\/index.php?rest_route=%2Fwp%2Fv2%2Fpages%2F3786&#038;type_2=gallery&#038;album_gallery_id_2=766'                          data-container_id=\"bwg_album_compact_2\"             data-def_type=\"gallery\"             data-album_gallery_id=\"51\"             data-alb_gal_id=\"766\"             data-title=\"Mini rando \u00e0 Mons (63) le 4 avril 2024\"             data-bwg=\"2\">                        <div class=\"bwg-item0 lazy_loader\">              <div class=\"bwg-item1 \">                <div class=\"bwg-item2\">                  <img decoding=\"async\" class=\"skip-lazy  bwg_lazyload \"                       data-width=\"500.00\"                       data-height=\"284.00\"                       data-src=\"http:\/\/vichyrando.org\/wp-content\/uploads\/photo-gallery\/thumb\/2024-04-04-Mons11.jpg?bwg=1712343769\"                       src=\"http:\/\/vichyrando.org\/wp-content\/plugins\/photo-gallery\/images\/lazy_placeholder.gif\"                       alt=\"Mini rando \u00e0 Mons (63) le 4 avril 2024\"                       title=\"Mini rando \u00e0 Mons (63) le 4 avril 2024\" \/>                <\/div>                <div class=\"\">                                  <\/div>              <\/div>            <\/div>            <div class=\"bwg-title1\"><div class=\"bwg-title2\">Mini rando \u00e0 Mons (63) le 4 avril 2024<\/div><\/div>          <\/a>        <\/div>                <div class=\"bwg-item\">          <a class=\"bwg-a bwg-album bwg_album_2\"             href='\/index.php?rest_route=%2Fwp%2Fv2%2Fpages%2F3786&#038;type_2=gallery&#038;album_gallery_id_2=767'                          data-container_id=\"bwg_album_compact_2\"             data-def_type=\"gallery\"             data-album_gallery_id=\"51\"             data-alb_gal_id=\"767\"             data-title=\"Rando 1\/2 journ\u00e9e \u00e0 Luzillat (63) le 4 avril 2024\"             data-bwg=\"2\">                        <div class=\"bwg-item0 lazy_loader\">              <div class=\"bwg-item1 \">                <div class=\"bwg-item2\">                  <img decoding=\"async\" class=\"skip-lazy  bwg_lazyload \"                       data-width=\"500.00\"                       data-height=\"281.00\"                       data-src=\"http:\/\/vichyrando.org\/wp-content\/uploads\/photo-gallery\/thumb\/2024-04-04-Luzillat02.jpg?bwg=1712567166\"                       src=\"http:\/\/vichyrando.org\/wp-content\/plugins\/photo-gallery\/images\/lazy_placeholder.gif\"                       alt=\"Rando 1\/2 journ\u00e9e \u00e0 Luzillat (63) le 4 avril 2024\"                       title=\"Rando 1\/2 journ\u00e9e \u00e0 Luzillat (63) le 4 avril 2024\" \/>                <\/div>                <div class=\"\">                                  <\/div>              <\/div>            <\/div>            <div class=\"bwg-title1\"><div class=\"bwg-title2\">Rando 1\/2 journ\u00e9e \u00e0 Luzillat (63) le 4 avril 2024<\/div><\/div>          <\/a>        <\/div>                <div class=\"bwg-item\">          <a class=\"bwg-a bwg-album bwg_album_2\"             href='\/index.php?rest_route=%2Fwp%2Fv2%2Fpages%2F3786&#038;type_2=gallery&#038;album_gallery_id_2=768'                          data-container_id=\"bwg_album_compact_2\"             data-def_type=\"gallery\"             data-album_gallery_id=\"51\"             data-alb_gal_id=\"768\"             data-title=\"Rando Sant\u00e9 \u00e0 St R\u00e9my en Rollat le 8 avril 2024\"             data-bwg=\"2\">                        <div class=\"bwg-item0 lazy_loader\">              <div class=\"bwg-item1 \">                <div class=\"bwg-item2\">                  <img decoding=\"async\" class=\"skip-lazy  bwg_lazyload \"                       data-width=\"500.00\"                       data-height=\"281.00\"                       data-src=\"http:\/\/vichyrando.org\/wp-content\/uploads\/photo-gallery\/thumb\/2024-04-08-StRemy04.jpg?bwg=1712598392\"                       src=\"http:\/\/vichyrando.org\/wp-content\/plugins\/photo-gallery\/images\/lazy_placeholder.gif\"                       alt=\"Rando Sant\u00e9 \u00e0 St R\u00e9my en Rollat le 8 avril 2024\"                       title=\"Rando Sant\u00e9 \u00e0 St R\u00e9my en Rollat le 8 avril 2024\" \/>                <\/div>                <div class=\"\">                                  <\/div>              <\/div>            <\/div>            <div class=\"bwg-title1\"><div class=\"bwg-title2\">Rando Sant\u00e9 \u00e0 St R\u00e9my en Rollat le 8 avril 2024<\/div><\/div>          <\/a>        <\/div>                <div class=\"bwg-item\">          <a class=\"bwg-a bwg-album bwg_album_2\"             href='\/index.php?rest_route=%2Fwp%2Fv2%2Fpages%2F3786&#038;type_2=gallery&#038;album_gallery_id_2=769'                          data-container_id=\"bwg_album_compact_2\"             data-def_type=\"gallery\"             data-album_gallery_id=\"51\"             data-alb_gal_id=\"769\"             data-title=\"Etape de la grande randonn\u00e9e vers Paris entre Le Mayet de Montagne et Arfeuilles le 9 avril 2024\"             data-bwg=\"2\">                        <div class=\"bwg-item0 lazy_loader\">              <div class=\"bwg-item1 \">                <div class=\"bwg-item2\">                  <img decoding=\"async\" class=\"skip-lazy  bwg_lazyload \"                       data-width=\"500.00\"                       data-height=\"274.00\"                       data-src=\"http:\/\/vichyrando.org\/wp-content\/uploads\/photo-gallery\/thumb\/2024-04-09-Grandonnee01.jpg?bwg=1712841119\"                       src=\"http:\/\/vichyrando.org\/wp-content\/plugins\/photo-gallery\/images\/lazy_placeholder.gif\"                       alt=\"Etape de la grande randonn\u00e9e vers Paris entre Le Mayet de Montagne et Arfeuilles le 9 avril 2024\"                       title=\"Etape de la grande randonn\u00e9e vers Paris entre Le Mayet de Montagne et Arfeuilles le 9 avril 2024\" \/>                <\/div>                <div class=\"\">                                  <\/div>              <\/div>            <\/div>            <div class=\"bwg-title1\"><div class=\"bwg-title2\">Etape de la grande randonn\u00e9e vers Paris entre Le Mayet de Montagne et Arfeuilles le 9 avril 2024<\/div><\/div>          <\/a>        <\/div>                <div class=\"bwg-item\">          <a class=\"bwg-a bwg-album bwg_album_2\"             href='\/index.php?rest_route=%2Fwp%2Fv2%2Fpages%2F3786&#038;type_2=gallery&#038;album_gallery_id_2=770'                          data-container_id=\"bwg_album_compact_2\"             data-def_type=\"gallery\"             data-album_gallery_id=\"51\"             data-alb_gal_id=\"770\"             data-title=\"Rando 1\/2 journ\u00e9e \u00e0 Molles le 11 avril 2024\"             data-bwg=\"2\">                        <div class=\"bwg-item0 lazy_loader\">              <div class=\"bwg-item1 \">                <div class=\"bwg-item2\">                  <img decoding=\"async\" class=\"skip-lazy  bwg_lazyload \"                       data-width=\"500.00\"                       data-height=\"268.00\"                       data-src=\"http:\/\/vichyrando.org\/wp-content\/uploads\/photo-gallery\/thumb\/2024-04-11-Molles09.jpg?bwg=1712953289\"                       src=\"http:\/\/vichyrando.org\/wp-content\/plugins\/photo-gallery\/images\/lazy_placeholder.gif\"                       alt=\"Rando 1\/2 journ\u00e9e \u00e0 Molles le 11 avril 2024\"                       title=\"Rando 1\/2 journ\u00e9e \u00e0 Molles le 11 avril 2024\" \/>                <\/div>                <div class=\"\">                                  <\/div>              <\/div>            <\/div>            <div class=\"bwg-title1\"><div class=\"bwg-title2\">Rando 1\/2 journ\u00e9e \u00e0 Molles le 11 avril 2024<\/div><\/div>          <\/a>        <\/div>                <div class=\"bwg-item\">          <a class=\"bwg-a bwg-album bwg_album_2\"             href='\/index.php?rest_route=%2Fwp%2Fv2%2Fpages%2F3786&#038;type_2=gallery&#038;album_gallery_id_2=771'                          data-container_id=\"bwg_album_compact_2\"             data-def_type=\"gallery\"             data-album_gallery_id=\"51\"             data-alb_gal_id=\"771\"             data-title=\"Mini rando \u00e0 Fleuriel le 11 avril 2024\"             data-bwg=\"2\">                        <div class=\"bwg-item0 lazy_loader\">              <div class=\"bwg-item1 \">                <div class=\"bwg-item2\">                  <img decoding=\"async\" class=\"skip-lazy  bwg_lazyload \"                       data-width=\"500.00\"                       data-height=\"281.00\"                       data-src=\"http:\/\/vichyrando.org\/wp-content\/uploads\/photo-gallery\/thumb\/2024-04-11-Fleuriel08.jpg?bwg=1712953529\"                       src=\"http:\/\/vichyrando.org\/wp-content\/plugins\/photo-gallery\/images\/lazy_placeholder.gif\"                       alt=\"Mini rando \u00e0 Fleuriel le 11 avril 2024\"                       title=\"Mini rando \u00e0 Fleuriel le 11 avril 2024\" \/>                <\/div>                <div class=\"\">                                  <\/div>              <\/div>            <\/div>            <div class=\"bwg-title1\"><div class=\"bwg-title2\">Mini rando \u00e0 Fleuriel le 11 avril 2024<\/div><\/div>          <\/a>        <\/div>                <div class=\"bwg-item\">          <a class=\"bwg-a bwg-album bwg_album_2\"             href='\/index.php?rest_route=%2Fwp%2Fv2%2Fpages%2F3786&#038;type_2=gallery&#038;album_gallery_id_2=772'                          data-container_id=\"bwg_album_compact_2\"             data-def_type=\"gallery\"             data-album_gallery_id=\"51\"             data-alb_gal_id=\"772\"             data-title=\"Marche nordique \u00e0 Bellerive le 13 avril 2024\"             data-bwg=\"2\">                        <div class=\"bwg-item0 lazy_loader\">              <div class=\"bwg-item1 \">                <div class=\"bwg-item2\">                  <img decoding=\"async\" class=\"skip-lazy  bwg_lazyload \"                       data-width=\"500.00\"                       data-height=\"375.00\"                       data-src=\"http:\/\/vichyrando.org\/wp-content\/uploads\/photo-gallery\/thumb\/2024-04-13-BelleriveMN02.jpg?bwg=1713099778\"                       src=\"http:\/\/vichyrando.org\/wp-content\/plugins\/photo-gallery\/images\/lazy_placeholder.gif\"                       alt=\"Marche nordique \u00e0 Bellerive le 13 avril 2024\"                       title=\"Marche nordique \u00e0 Bellerive le 13 avril 2024\" \/>                <\/div>                <div class=\"\">                                  <\/div>              <\/div>            <\/div>            <div class=\"bwg-title1\"><div class=\"bwg-title2\">Marche nordique \u00e0 Bellerive le 13 avril 2024<\/div><\/div>          <\/a>        <\/div>                <div class=\"bwg-item\">          <a class=\"bwg-a bwg-album bwg_album_2\"             href='\/index.php?rest_route=%2Fwp%2Fv2%2Fpages%2F3786&#038;type_2=gallery&#038;album_gallery_id_2=773'                          data-container_id=\"bwg_album_compact_2\"             data-def_type=\"gallery\"             data-album_gallery_id=\"51\"             data-alb_gal_id=\"773\"             data-title=\"Rando sant\u00e9 \u00e0 Abrest (rive gauche) le 15 avril 2024\"             data-bwg=\"2\">                        <div class=\"bwg-item0 lazy_loader\">              <div class=\"bwg-item1 \">                <div class=\"bwg-item2\">                  <img decoding=\"async\" class=\"skip-lazy  bwg_lazyload \"                       data-width=\"500.00\"                       data-height=\"375.00\"                       data-src=\"http:\/\/vichyrando.org\/wp-content\/uploads\/photo-gallery\/thumb\/2024-04-15-Abrest04.jpg?bwg=1713186916\"                       src=\"http:\/\/vichyrando.org\/wp-content\/plugins\/photo-gallery\/images\/lazy_placeholder.gif\"                       alt=\"Rando sant\u00e9 \u00e0 Abrest (rive gauche) le 15 avril 2024\"                       title=\"Rando sant\u00e9 \u00e0 Abrest (rive gauche) le 15 avril 2024\" \/>                <\/div>                <div class=\"\">                                  <\/div>              <\/div>            <\/div>            <div class=\"bwg-title1\"><div class=\"bwg-title2\">Rando sant\u00e9 \u00e0 Abrest (rive gauche) le 15 avril 2024<\/div><\/div>          <\/a>        <\/div>                <div class=\"bwg-item\">          <a class=\"bwg-a bwg-album bwg_album_2\"             href='\/index.php?rest_route=%2Fwp%2Fv2%2Fpages%2F3786&#038;type_2=gallery&#038;album_gallery_id_2=774'                          data-container_id=\"bwg_album_compact_2\"             data-def_type=\"gallery\"             data-album_gallery_id=\"51\"             data-alb_gal_id=\"774\"             data-title=\"Rando 1\/2 journ\u00e9e \u00e0 Nizerolles le 16 avril 2024\"             data-bwg=\"2\">                        <div class=\"bwg-item0 lazy_loader\">              <div class=\"bwg-item1 \">                <div class=\"bwg-item2\">                  <img decoding=\"async\" class=\"skip-lazy  bwg_lazyload \"                       data-width=\"500.00\"                       data-height=\"281.00\"                       data-src=\"http:\/\/vichyrando.org\/wp-content\/uploads\/photo-gallery\/thumb\/2024-04-16-Nizerollet14.jpg?bwg=1713344800\"                       src=\"http:\/\/vichyrando.org\/wp-content\/plugins\/photo-gallery\/images\/lazy_placeholder.gif\"                       alt=\"Rando 1\/2 journ\u00e9e \u00e0 Nizerolles le 16 avril 2024\"                       title=\"Rando 1\/2 journ\u00e9e \u00e0 Nizerolles le 16 avril 2024\" \/>                <\/div>                <div class=\"\">                                  <\/div>              <\/div>            <\/div>            <div class=\"bwg-title1\"><div class=\"bwg-title2\">Rando 1\/2 journ\u00e9e \u00e0 Nizerolles le 16 avril 2024<\/div><\/div>          <\/a>        <\/div>                <div class=\"bwg-item\">          <a class=\"bwg-a bwg-album bwg_album_2\"             href='\/index.php?rest_route=%2Fwp%2Fv2%2Fpages%2F3786&#038;type_2=gallery&#038;album_gallery_id_2=775'                          data-container_id=\"bwg_album_compact_2\"             data-def_type=\"gallery\"             data-album_gallery_id=\"51\"             data-alb_gal_id=\"775\"             data-title=\"Journ\u00e9e rando sportive \u00e0 Cusset le 16 avril 2024\"             data-bwg=\"2\">                        <div class=\"bwg-item0 lazy_loader\">              <div class=\"bwg-item1 \">                <div class=\"bwg-item2\">                  <img decoding=\"async\" class=\"skip-lazy  bwg_lazyload \"                       data-width=\"500.00\"                       data-height=\"498.00\"                       data-src=\"http:\/\/vichyrando.org\/wp-content\/uploads\/photo-gallery\/thumb\/2024-04-16-Cusset08.jpg?bwg=1713344912\"                       src=\"http:\/\/vichyrando.org\/wp-content\/plugins\/photo-gallery\/images\/lazy_placeholder.gif\"                       alt=\"Journ\u00e9e rando sportive \u00e0 Cusset le 16 avril 2024\"                       title=\"Journ\u00e9e rando sportive \u00e0 Cusset le 16 avril 2024\" \/>                <\/div>                <div class=\"\">                                  <\/div>              <\/div>            <\/div>            <div class=\"bwg-title1\"><div class=\"bwg-title2\">Journ\u00e9e rando sportive \u00e0 Cusset le 16 avril 2024<\/div><\/div>          <\/a>        <\/div>                <div class=\"bwg-item\">          <a class=\"bwg-a bwg-album bwg_album_2\"             href='\/index.php?rest_route=%2Fwp%2Fv2%2Fpages%2F3786&#038;type_2=gallery&#038;album_gallery_id_2=776'                          data-container_id=\"bwg_album_compact_2\"             data-def_type=\"gallery\"             data-album_gallery_id=\"51\"             data-alb_gal_id=\"776\"             data-title=\"Mini rando \u00e0 Etroussat le 18 avril 2024\"             data-bwg=\"2\">                        <div class=\"bwg-item0 lazy_loader\">              <div class=\"bwg-item1 \">                <div class=\"bwg-item2\">                  <img decoding=\"async\" class=\"skip-lazy  bwg_lazyload \"                       data-width=\"500.00\"                       data-height=\"375.00\"                       data-src=\"http:\/\/vichyrando.org\/wp-content\/uploads\/photo-gallery\/thumb\/2024-04-18-Etroussat11.jpg?bwg=1713516613\"                       src=\"http:\/\/vichyrando.org\/wp-content\/plugins\/photo-gallery\/images\/lazy_placeholder.gif\"                       alt=\"Mini rando \u00e0 Etroussat le 18 avril 2024\"                       title=\"Mini rando \u00e0 Etroussat le 18 avril 2024\" \/>                <\/div>                <div class=\"\">                                  <\/div>              <\/div>            <\/div>            <div class=\"bwg-title1\"><div class=\"bwg-title2\">Mini rando \u00e0 Etroussat le 18 avril 2024<\/div><\/div>          <\/a>        <\/div>                <div class=\"bwg-item\">          <a class=\"bwg-a bwg-album bwg_album_2\"             href='\/index.php?rest_route=%2Fwp%2Fv2%2Fpages%2F3786&#038;type_2=gallery&#038;album_gallery_id_2=777'                          data-container_id=\"bwg_album_compact_2\"             data-def_type=\"gallery\"             data-album_gallery_id=\"51\"             data-alb_gal_id=\"777\"             data-title=\"Rando journ\u00e9e \u00e0 Chavroches le 18 avril 2024\"             data-bwg=\"2\">                        <div class=\"bwg-item0 lazy_loader\">              <div class=\"bwg-item1 \">                <div class=\"bwg-item2\">                  <img decoding=\"async\" class=\"skip-lazy  bwg_lazyload \"                       data-width=\"500.00\"                       data-height=\"317.00\"                       data-src=\"http:\/\/vichyrando.org\/wp-content\/uploads\/photo-gallery\/thumb\/2024-04-18-Chavroches01.jpg?bwg=1713516725\"                       src=\"http:\/\/vichyrando.org\/wp-content\/plugins\/photo-gallery\/images\/lazy_placeholder.gif\"                       alt=\"Rando journ\u00e9e \u00e0 Chavroches le 18 avril 2024\"                       title=\"Rando journ\u00e9e \u00e0 Chavroches le 18 avril 2024\" \/>                <\/div>                <div class=\"\">                                  <\/div>              <\/div>            <\/div>            <div class=\"bwg-title1\"><div class=\"bwg-title2\">Rando journ\u00e9e \u00e0 Chavroches le 18 avril 2024<\/div><\/div>          <\/a>        <\/div>                <div class=\"bwg-item\">          <a class=\"bwg-a bwg-album bwg_album_2\"             href='\/index.php?rest_route=%2Fwp%2Fv2%2Fpages%2F3786&#038;type_2=gallery&#038;album_gallery_id_2=778'                          data-container_id=\"bwg_album_compact_2\"             data-def_type=\"gallery\"             data-album_gallery_id=\"51\"             data-alb_gal_id=\"778\"             data-title=\"Journ\u00e9e marche sportive \u00e0 Naves le 23 avril 2024\"             data-bwg=\"2\">                        <div class=\"bwg-item0 lazy_loader\">              <div class=\"bwg-item1 \">                <div class=\"bwg-item2\">                  <img decoding=\"async\" class=\"skip-lazy  bwg_lazyload \"                       data-width=\"500.00\"                       data-height=\"277.00\"                       data-src=\"http:\/\/vichyrando.org\/wp-content\/uploads\/photo-gallery\/thumb\/2024-04-23-Naves21.jpg?bwg=1713946396\"                       src=\"http:\/\/vichyrando.org\/wp-content\/plugins\/photo-gallery\/images\/lazy_placeholder.gif\"                       alt=\"Journ\u00e9e marche sportive \u00e0 Naves le 23 avril 2024\"                       title=\"Journ\u00e9e marche sportive \u00e0 Naves le 23 avril 2024\" \/>                <\/div>                <div class=\"\">                                  <\/div>              <\/div>            <\/div>            <div class=\"bwg-title1\"><div class=\"bwg-title2\">Journ\u00e9e marche sportive \u00e0 Naves le 23 avril 2024<\/div><\/div>          <\/a>        <\/div>                <div class=\"bwg-item\">          <a class=\"bwg-a bwg-album bwg_album_2\"             href='\/index.php?rest_route=%2Fwp%2Fv2%2Fpages%2F3786&#038;type_2=gallery&#038;album_gallery_id_2=779'                          data-container_id=\"bwg_album_compact_2\"             data-def_type=\"gallery\"             data-album_gallery_id=\"51\"             data-alb_gal_id=\"779\"             data-title=\"Rando 1\/2 journ\u00e9e \u00e0 Espinasse Vozelle le 23 avril 2024\"             data-bwg=\"2\">                        <div class=\"bwg-item0 lazy_loader\">              <div class=\"bwg-item1 \">                <div class=\"bwg-item2\">                  <img decoding=\"async\" class=\"skip-lazy  bwg_lazyload \"                       data-width=\"500.00\"                       data-height=\"267.00\"                       data-src=\"http:\/\/vichyrando.org\/wp-content\/uploads\/photo-gallery\/thumb\/2024-04-23-Espinasse03.jpg?bwg=1713976588\"                       src=\"http:\/\/vichyrando.org\/wp-content\/plugins\/photo-gallery\/images\/lazy_placeholder.gif\"                       alt=\"Rando 1\/2 journ\u00e9e \u00e0 Espinasse Vozelle le 23 avril 2024\"                       title=\"Rando 1\/2 journ\u00e9e \u00e0 Espinasse Vozelle le 23 avril 2024\" \/>                <\/div>                <div class=\"\">                                  <\/div>              <\/div>            <\/div>            <div class=\"bwg-title1\"><div class=\"bwg-title2\">Rando 1\/2 journ\u00e9e \u00e0 Espinasse Vozelle le 23 avril 2024<\/div><\/div>          <\/a>        <\/div>                <div class=\"bwg-item\">          <a class=\"bwg-a bwg-album bwg_album_2\"             href='\/index.php?rest_route=%2Fwp%2Fv2%2Fpages%2F3786&#038;type_2=gallery&#038;album_gallery_id_2=780'                          data-container_id=\"bwg_album_compact_2\"             data-def_type=\"gallery\"             data-album_gallery_id=\"51\"             data-alb_gal_id=\"780\"             data-title=\"Mini rando \u00e0 Ris (63) le 25 avril 2024\"             data-bwg=\"2\">                        <div class=\"bwg-item0 lazy_loader\">              <div class=\"bwg-item1 \">                <div class=\"bwg-item2\">                  <img decoding=\"async\" class=\"skip-lazy  bwg_lazyload \"                       data-width=\"500.00\"                       data-height=\"281.00\"                       data-src=\"http:\/\/vichyrando.org\/wp-content\/uploads\/photo-gallery\/thumb\/2024-04-25-Ris02.jpg?bwg=1714060259\"                       src=\"http:\/\/vichyrando.org\/wp-content\/plugins\/photo-gallery\/images\/lazy_placeholder.gif\"                       alt=\"Mini rando \u00e0 Ris (63) le 25 avril 2024\"                       title=\"Mini rando \u00e0 Ris (63) le 25 avril 2024\" \/>                <\/div>                <div class=\"\">                                  <\/div>              <\/div>            <\/div>            <div class=\"bwg-title1\"><div class=\"bwg-title2\">Mini rando \u00e0 Ris (63) le 25 avril 2024<\/div><\/div>          <\/a>        <\/div>                <div class=\"bwg-item\">          <a class=\"bwg-a bwg-album bwg_album_2\"             href='\/index.php?rest_route=%2Fwp%2Fv2%2Fpages%2F3786&#038;type_2=gallery&#038;album_gallery_id_2=781'                          data-container_id=\"bwg_album_compact_2\"             data-def_type=\"gallery\"             data-album_gallery_id=\"51\"             data-alb_gal_id=\"781\"             data-title=\"Rando 1\/2 journ\u00e9e \u00e0 St Christophe en Bourbonnais le 25 avril 2024\"             data-bwg=\"2\">                        <div class=\"bwg-item0 lazy_loader\">              <div class=\"bwg-item1 \">                <div class=\"bwg-item2\">                  <img decoding=\"async\" class=\"skip-lazy  bwg_lazyload \"                       data-width=\"500.00\"                       data-height=\"278.00\"                       data-src=\"http:\/\/vichyrando.org\/wp-content\/uploads\/photo-gallery\/thumb\/2024-04-25-StChristophe01.jpg?bwg=1714210303\"                       src=\"http:\/\/vichyrando.org\/wp-content\/plugins\/photo-gallery\/images\/lazy_placeholder.gif\"                       alt=\"Rando 1\/2 journ\u00e9e \u00e0 St Christophe en Bourbonnais le 25 avril 2024\"                       title=\"Rando 1\/2 journ\u00e9e \u00e0 St Christophe en Bourbonnais le 25 avril 2024\" \/>                <\/div>                <div class=\"\">                                  <\/div>              <\/div>            <\/div>            <div class=\"bwg-title1\"><div class=\"bwg-title2\">Rando 1\/2 journ\u00e9e \u00e0 St Christophe en Bourbonnais le 25 avril 2024<\/div><\/div>          <\/a>        <\/div>                <div class=\"bwg-item\">          <a class=\"bwg-a bwg-album bwg_album_2\"             href='\/index.php?rest_route=%2Fwp%2Fv2%2Fpages%2F3786&#038;type_2=gallery&#038;album_gallery_id_2=782'                          data-container_id=\"bwg_album_compact_2\"             data-def_type=\"gallery\"             data-album_gallery_id=\"51\"             data-alb_gal_id=\"782\"             data-title=\"Journ\u00e9e nettoyage des chemins \u00e0 La Chabanne le 26 avril 2024\"             data-bwg=\"2\">                        <div class=\"bwg-item0 lazy_loader\">              <div class=\"bwg-item1 \">                <div class=\"bwg-item2\">                  <img decoding=\"async\" class=\"skip-lazy  bwg_lazyload \"                       data-width=\"500.00\"                       data-height=\"225.00\"                       data-src=\"http:\/\/vichyrando.org\/wp-content\/uploads\/photo-gallery\/thumb\/2024-04-26-Nettoyage05.jpg?bwg=1714210414\"                       src=\"http:\/\/vichyrando.org\/wp-content\/plugins\/photo-gallery\/images\/lazy_placeholder.gif\"                       alt=\"Journ\u00e9e nettoyage des chemins \u00e0 La Chabanne le 26 avril 2024\"                       title=\"Journ\u00e9e nettoyage des chemins \u00e0 La Chabanne le 26 avril 2024\" \/>                <\/div>                <div class=\"\">                                  <\/div>              <\/div>            <\/div>            <div class=\"bwg-title1\"><div class=\"bwg-title2\">Journ\u00e9e nettoyage des chemins \u00e0 La Chabanne le 26 avril 2024<\/div><\/div>          <\/a>        <\/div>                <div class=\"bwg-item\">          <a class=\"bwg-a bwg-album bwg_album_2\"             href='\/index.php?rest_route=%2Fwp%2Fv2%2Fpages%2F3786&#038;type_2=gallery&#038;album_gallery_id_2=783'                          data-container_id=\"bwg_album_compact_2\"             data-def_type=\"gallery\"             data-album_gallery_id=\"51\"             data-alb_gal_id=\"783\"             data-title=\"Journ\u00e9e rando sportive \u00e0 Montaigu le Blin le 30 avril 2024\"             data-bwg=\"2\">                        <div class=\"bwg-item0 lazy_loader\">              <div class=\"bwg-item1 \">                <div class=\"bwg-item2\">                  <img decoding=\"async\" class=\"skip-lazy  bwg_lazyload \"                       data-width=\"500.00\"                       data-height=\"276.00\"                       data-src=\"http:\/\/vichyrando.org\/wp-content\/uploads\/photo-gallery\/thumb\/2024-04-30-Montaigu13.jpg?bwg=1714651516\"                       src=\"http:\/\/vichyrando.org\/wp-content\/plugins\/photo-gallery\/images\/lazy_placeholder.gif\"                       alt=\"Journ\u00e9e rando sportive \u00e0 Montaigu le Blin le 30 avril 2024\"                       title=\"Journ\u00e9e rando sportive \u00e0 Montaigu le Blin le 30 avril 2024\" \/>                <\/div>                <div class=\"\">                                  <\/div>              <\/div>            <\/div>            <div class=\"bwg-title1\"><div class=\"bwg-title2\">Journ\u00e9e rando sportive \u00e0 Montaigu le Blin le 30 avril 2024<\/div><\/div>          <\/a>        <\/div>                <div class=\"bwg-item\">          <a class=\"bwg-a bwg-album bwg_album_2\"             href='\/index.php?rest_route=%2Fwp%2Fv2%2Fpages%2F3786&#038;type_2=gallery&#038;album_gallery_id_2=785'                          data-container_id=\"bwg_album_compact_2\"             data-def_type=\"gallery\"             data-album_gallery_id=\"51\"             data-alb_gal_id=\"785\"             data-title=\"Rando 1\/2 journ\u00e9e \u00e0 St Pont le 30 avril 2024\"             data-bwg=\"2\">                        <div class=\"bwg-item0 lazy_loader\">              <div class=\"bwg-item1 \">                <div class=\"bwg-item2\">                  <img decoding=\"async\" class=\"skip-lazy  bwg_lazyload \"                       data-width=\"500.00\"                       data-height=\"281.00\"                       data-src=\"http:\/\/vichyrando.org\/wp-content\/uploads\/photo-gallery\/thumb\/2024-04-30StPont28.jpg?bwg=1714651662\"                       src=\"http:\/\/vichyrando.org\/wp-content\/plugins\/photo-gallery\/images\/lazy_placeholder.gif\"                       alt=\"Rando 1\/2 journ\u00e9e \u00e0 St Pont le 30 avril 2024\"                       title=\"Rando 1\/2 journ\u00e9e \u00e0 St Pont le 30 avril 2024\" \/>                <\/div>                <div class=\"\">                                  <\/div>              <\/div>            <\/div>            <div class=\"bwg-title1\"><div class=\"bwg-title2\">Rando 1\/2 journ\u00e9e \u00e0 St Pont le 30 avril 2024<\/div><\/div>          <\/a>        <\/div>            <\/div>          <input type=\"hidden\" id=\"bwg_album_breadcrumb_2\" name=\"bwg_album_breadcrumb_2\" value='[{&quot;id&quot;:&quot;51&quot;,&quot;page&quot;:1}]' \/>    <style>      \/*pagination styles*\/      #bwg_container1_2 #bwg_container2_2 .tablenav-pages_2 {\t\t\t\ttext-align: center;\t\t\t\tfont-size: 12px;\t\t\t\tfont-family: Ubuntu;\t\t\t\tfont-weight: bold;\t\t\t\tcolor: #666666;\t\t\t\tmargin: 6px 0 4px;\t\t\t\tdisplay: block;      }      @media only screen and (max-width : 320px) {      #bwg_container1_2 #bwg_container2_2 .displaying-num_2 {     \t display: none;      }      }      #bwg_container1_2 #bwg_container2_2 .displaying-num_2 {\t\t\t\tfont-size: 12px;\t\t\t\tfont-family: Ubuntu;\t\t\t\tfont-weight: bold;\t\t\t\tcolor: #666666;\t\t\t\tmargin-right: 10px;\t\t\t\tvertical-align: middle;      }      #bwg_container1_2 #bwg_container2_2 .paging-input_2 {\t\t\t\tfont-size: 12px;\t\t\t\tfont-family: Ubuntu;\t\t\t\tfont-weight: bold;\t\t\t\tcolor: #666666;\t\t\t\tvertical-align: middle;      }      #bwg_container1_2 #bwg_container2_2 .tablenav-pages_2 a.disabled,      #bwg_container1_2 #bwg_container2_2 .tablenav-pages_2 a.disabled:hover,      #bwg_container1_2 #bwg_container2_2 .tablenav-pages_2 a.disabled:focus,\t\t\t#bwg_container1_2 #bwg_container2_2 .tablenav-pages_2 input.bwg_current_page {\t\t\t\tcursor: default;\t\t\t\tcolor: rgba(102, 102, 102, 0.5);      }      #bwg_container1_2 #bwg_container2_2 .tablenav-pages_2 a,      #bwg_container1_2 #bwg_container2_2 .tablenav-pages_2 input.bwg_current_page {\t\t\t\tcursor: pointer;\t\t\t\ttext-align: center;\t\t\t\tfont-size: 12px;\t\t\t\tfont-family: Ubuntu;\t\t\t\tfont-weight: bold;\t\t\t\tcolor: #666666;\t\t\t\ttext-decoration: none;\t\t\t\tpadding: 3px 6px;\t\t\t\tmargin: 0;\t\t\t\tborder-radius: 0;\t\t\t\tborder-style: solid;\t\t\t\tborder-width: 1px;\t\t\t\tborder-color: #E3E3E3;\t\t\t\t\t\t\t\tbackground-color: rgba(255, 255, 255, 1.00);\t\t\t\tbox-shadow: 0;\t\t\t\ttransition: all 0.3s ease 0s;-webkit-transition: all 0.3s ease 0s;      }      <\/style>      <span class=\"bwg_nav_cont_2\">              <div class=\"tablenav-pages_2\">                  <\/div>                <input type=\"hidden\" id=\"page_number_2\" name=\"page_number_2\" value=\"1\" \/>      <script type=\"text\/javascript\">        if( jQuery('.bwg_nav_cont_2').length > 1 ) {          jQuery('.bwg_nav_cont_2').first().remove()        }        function spider_page_2(cur, x, y, load_more) {          if (typeof load_more == \"undefined\") {            var load_more = false;          }          if (jQuery(cur).hasClass('disabled')) {            return false;          }          var items_county_2 = 1;          switch (y) {            case 1:              if (x >= items_county_2) {                document.getElementById('page_number_2').value = items_county_2;              }              else {                document.getElementById('page_number_2').value = x + 1;              }              break;            case 2:              document.getElementById('page_number_2').value = items_county_2;              break;            case -1:              if (x == 1) {                document.getElementById('page_number_2').value = 1;              }              else {                document.getElementById('page_number_2').value = x - 1;              }              break;            case -2:              document.getElementById('page_number_2').value = 1;              break;\t\t\t\t\t\tcase 0:              document.getElementById('page_number_2').value = x;              break;            default:              document.getElementById('page_number_2').value = 1;          }          bwg_ajax('gal_front_form_2', '2', 'bwg_album_compact_2', '51', '', 'album', 0, '', '', load_more, '', 1);        }                    jQuery('.first-page-2').on('click', function () {              spider_page_2(this, 1, -2, 'numeric');              return false;            });            jQuery('.prev-page-2').on('click', function () {              spider_page_2(this, 1, -1, 'numeric');              return false;            });            jQuery('.next-page-2').on('click', function () {              spider_page_2(this, 1, 1, 'numeric');              return false;            });            jQuery('.last-page-2').on('click', function () {              spider_page_2(this, 1, 2, 'numeric');              return false;            });        \t\t\t\t\/* Change page on input enter. *\/        function bwg_change_page_2( e, that ) {          if (  e.key == 'Enter' ) {            var to_page = parseInt(jQuery(that).val());            var pages_count = jQuery(that).parents(\".pagination-links\").data(\"pages-count\");            var current_url_param = jQuery(that).attr('data-url-info');            if (to_page > pages_count) {              to_page = 1;            }\t \t\t\t\t\t\t\t\t\t\t\t\tspider_page_2(this, to_page, 0, 'numeric');\t\t\t\t\t\t\treturn false;\t\t\t\t\t\t          }          return true;        }        jQuery('.bwg_load_btn_2').on('click', function () {            spider_page_2(this, 1, 1, true);            return false;        });      <\/script>      <\/span>                <\/div>        <\/form>        <style>          #bwg_container1_2 #bwg_container2_2 #spider_popup_overlay_2 {          background-color: #EEEEEE;          opacity: 0.60;          }          <\/style>        <div id=\"bwg_spider_popup_loading_2\" class=\"bwg_spider_popup_loading\"><\/div>        <div id=\"spider_popup_overlay_2\" class=\"spider_popup_overlay\" onclick=\"spider_destroypopup(1000)\"><\/div>        <input type=\"hidden\" id=\"bwg_random_seed_2\" value=\"2010618657\">                <\/div>    <\/div>    <script>      if (document.readyState === 'complete') {        if( typeof bwg_main_ready == 'function' ) {          if ( jQuery(\"#bwg_container1_2\").height() ) {            bwg_main_ready(jQuery(\"#bwg_container1_2\"));          }        }      } else {        document.addEventListener('DOMContentLoaded', function() {          if( typeof bwg_main_ready == 'function' ) {            if ( jQuery(\"#bwg_container1_2\").height() ) {             bwg_main_ready(jQuery(\"#bwg_container1_2\"));            }          }        });      }    <\/script>    \t\t<\/div>\n\t\t\t\t<\/div>\n\t\t\t\t\t<\/div>\n\t\t<\/div>\n\t\t\t\t\t<\/div>\n\t\t<\/section>\n\t\t\t\t<section class=\"elementor-section elementor-top-section elementor-element elementor-element-f45d215 elementor-section-boxed elementor-section-height-default elementor-section-height-default\" data-id=\"f45d215\" data-element_type=\"section\">\n\t\t\t\t\t\t<div class=\"elementor-container elementor-column-gap-default\">\n\t\t\t\t\t<div class=\"elementor-column elementor-col-100 elementor-top-column elementor-element elementor-element-81ed4e4\" data-id=\"81ed4e4\" data-element_type=\"column\">\n\t\t\t<div class=\"elementor-widget-wrap elementor-element-populated\">\n\t\t\t\t\t\t<div class=\"elementor-element elementor-element-fd36438 elementor-widget elementor-widget-bwg-elementor\" data-id=\"fd36438\" data-element_type=\"widget\" data-widget_type=\"bwg-elementor.default\">\n\t\t\t\t<div class=\"elementor-widget-container\">\n\t\t\t<style id=\"bwg-style-3\">    #bwg_container1_3 #bwg_container2_3 .bwg-container-3.bwg-album-thumbnails {    width: 1254px;    justify-content: center;            justify-content: center;        margin:0 auto !important;          background-color: rgba(255, 255, 255, 0.00);          padding-left: 4px;      padding-top: 4px;      max-width: 100%;          }        #bwg_container1_3 #bwg_container2_3 .bwg-container-3.bwg-album-thumbnails .bwg-item {    justify-content: flex-start;    max-width: 250px;        }    #bwg_container1_3 #bwg_container2_3 .bwg-container-3.bwg-album-thumbnails .bwg-item a {      margin-right: 4px;      margin-bottom: 4px;    }    #bwg_container1_3 #bwg_container2_3 .bwg-container-3.bwg-album-thumbnails .bwg-item0 {      padding: 0px;            background-color:rgba(0,0,0, 0.30);      border: 0px none #CCCCCC;      opacity: 1.00;      border-radius: 0;      box-shadow: 0px 0px 0px #888888;    }    #bwg_container1_3 #bwg_container2_3 .bwg-container-3.bwg-album-thumbnails .bwg-item1 img {      max-height: none;      max-width: none;      padding: 0 !important;    }          @media only screen and (min-width: 480px) {      #bwg_container1_3 #bwg_container2_3 .bwg-container-3.bwg-album-thumbnails .bwg-item1 img {      -webkit-transition: all .3s; transition: all .3s;      }      #bwg_container1_3 #bwg_container2_3 .bwg-container-3.bwg-album-thumbnails .bwg-item1 img:hover {        -ms-transform: scale(1.08);        -webkit-transform: scale(1.08);        transform: scale(1.08);      }            }          #bwg_container1_3 #bwg_container2_3 .bwg-container-3.bwg-album-thumbnails .bwg-item1 {      padding-top: 56%;    }        #bwg_container1_3 #bwg_container2_3 .bwg-container-3.bwg-album-thumbnails .bwg-title2 {      color: #323A45;      font-family: Ubuntu;      font-size: 16px;      font-weight: bold;      padding: 2px;      text-shadow: 0px 0px 0px #888888;      max-height: 100%;    }        #bwg_container1_3 #bwg_container2_3 .bwg-container-3.bwg-standard-thumbnails {      width: 1254px;              justify-content: center;        margin:0 auto !important;              background-color: rgba(255, 255, 255, 0.00);            padding-left: 4px;      padding-top: 4px;      max-width: 100%;            }        #bwg_container1_3 #bwg_container2_3 .bwg-container-3.bwg-standard-thumbnails .bwg-item {    justify-content: flex-start;      max-width: 250px;          }    #bwg_container1_3 #bwg_container2_3 .bwg-container-3.bwg-standard-thumbnails .bwg-item a {       margin-right: 4px;       margin-bottom: 4px;    }    #bwg_container1_3 #bwg_container2_3 .bwg-container-3.bwg-standard-thumbnails .bwg-item0 {      padding: 0px;            background-color:rgba(0,0,0, 0.30);      border: 0px none #CCCCCC;      opacity: 1.00;      border-radius: 0;      box-shadow: 0px 0px 0px #888888;    }    #bwg_container1_3 #bwg_container2_3 .bwg-container-3.bwg-standard-thumbnails .bwg-item1 img {      max-height: none;      max-width: none;      padding: 0 !important;    }         @media only screen and (min-width: 480px) {\t\t#bwg_container1_3 #bwg_container2_3 .bwg-container-3.bwg-standard-thumbnails .bwg-item1 img {\t\t\t-webkit-transition: all .3s; transition: all .3s;\t\t}\t\t#bwg_container1_3 #bwg_container2_3 .bwg-container-3.bwg-standard-thumbnails .bwg-item1 img:hover {\t\t\t-ms-transform: scale(1.08);\t\t\t-webkit-transform: scale(1.08);\t\t\ttransform: scale(1.08);\t\t}\t\t      }\t    #bwg_container1_3 #bwg_container2_3 .bwg-container-3.bwg-standard-thumbnails .bwg-item1 {      padding-top: 56%;    }        #bwg_container1_3 #bwg_container2_3 .bwg-container-3.bwg-standard-thumbnails .bwg-title2,    #bwg_container1_3 #bwg_container2_3 .bwg-container-3.bwg-standard-thumbnails .bwg-ecommerce2 {      color: #323A45;      font-family: Ubuntu;      font-size: 16px;      font-weight: bold;      padding: 2px;      text-shadow: 0px 0px 0px #888888;      max-height: 100%;    }    #bwg_container1_3 #bwg_container2_3 .bwg-container-3.bwg-standard-thumbnails .bwg-thumb-description span {    color: #323A45;    font-family: Ubuntu;    font-size: 12px;    max-height: 100%;    word-wrap: break-word;    }    #bwg_container1_3 #bwg_container2_3 .bwg-container-3.bwg-standard-thumbnails .bwg-play-icon2 {      font-size: 32px;    }    #bwg_container1_3 #bwg_container2_3 .bwg-container-3.bwg-standard-thumbnails .bwg-ecommerce2 {      font-size: 19.2px;      color: #323A45;    }    <\/style>    <div id=\"bwg_container1_3\"         class=\"bwg_container bwg_thumbnail bwg_album_compact_preview bwg_thumbnail\"         data-right-click-protection=\"0\"         data-bwg=\"3\"         data-scroll=\"0\"         data-gallery-type=\"album_compact_preview\"         data-gallery-view-type=\"thumbnail\"         data-current-url=\"\/index.php?rest_route=%2Fwp%2Fv2%2Fpages%2F3786\"         data-lightbox-url=\"http:\/\/vichyrando.org\/wp-admin\/admin-ajax.php?action=GalleryBox&#038;current_view=3&#038;gallery_id=0&#038;tag=0&#038;theme_id=1&#038;shortcode_id=930&#038;sort_by=order&#038;order_by=asc&#038;current_url=%2Findex.php%3Frest_route%3D%252Fwp%252Fv2%252Fpages%252F3786\"         data-gallery-id=\"0\"         data-popup-width=\"800\"         data-popup-height=\"500\"         data-is-album=\"album\"         data-buttons-position=\"bottom\">      <div id=\"bwg_container2_3\">             <div id=\"ajax_loading_3\" class=\"bwg_loading_div_1\">      <div class=\"bwg_loading_div_2\">        <div class=\"bwg_loading_div_3\">          <div id=\"loading_div_3\" class=\"bwg_spider_ajax_loading\">          <\/div>        <\/div>      <\/div>    <\/div>            <form id=\"gal_front_form_3\"              class=\"bwg-hidden\"              method=\"post\"              action=\"#\"              data-current=\"3\"              data-shortcode-id=\"930\"              data-gallery-type=\"album_compact_preview\"              data-gallery-id=\"0\"              data-tag=\"0\"              data-album-id=\"50\"              data-theme-id=\"1\"              data-ajax-url=\"http:\/\/vichyrando.org\/wp-admin\/admin-ajax.php?action=bwg_frontend_data\">          <div id=\"bwg_container3_3\" class=\"bwg-background bwg-background-3\">            <style>        #bwg_container1_3 #bwg_container2_3 .bwg_gal_title_3 {          display: block;          padding: 0 2px 2px 2px;          background-color: rgba(0, 0, 0, 0);          line-height: 20px;          font-family: Ubuntu;          font-size: 18px;          font-weight: bold;          color: #323A45;          text-shadow: 0px 0px 0px #888888;          text-align: center;        }        #bwg_container1_3 #bwg_container2_3 .bwg_gal_description_3 {          margin: 20px 0;          word-break: break-word;          text-align: justify;          font-size: 15px;          font-weight: unset;        }        <\/style>        <div class=\"bwg_gal_title_3\">Mars 2024<\/div>            <div data-max-count=\"5\"         data-thumbnail-width=\"250\"         data-bwg=\"3\"         id=\"bwg_album_compact_3\"         class=\"bwg-thumbnails bwg-container bwg-container-3 bwg-album-thumbnails bwg_album_thumbnails_3\">              <div class=\"bwg-item\">          <a class=\"bwg-a bwg-album bwg_album_3\"             href='\/index.php?rest_route=%2Fwp%2Fv2%2Fpages%2F3786&#038;type_3=gallery&#038;album_gallery_id_3=739'                          data-container_id=\"bwg_album_compact_3\"             data-def_type=\"gallery\"             data-album_gallery_id=\"50\"             data-alb_gal_id=\"739\"             data-title=\"Marche nordique \u00e0 Bellerive\/Allier le 2 mars 2024\"             data-bwg=\"3\">                        <div class=\"bwg-item0 lazy_loader\">              <div class=\"bwg-item1 \">                <div class=\"bwg-item2\">                  <img decoding=\"async\" class=\"skip-lazy  bwg_lazyload \"                       data-width=\"500.00\"                       data-height=\"282.00\"                       data-src=\"http:\/\/vichyrando.org\/wp-content\/uploads\/photo-gallery\/thumb\/2024-03-02-Bellerive01.jpg?bwg=1709402929\"                       src=\"http:\/\/vichyrando.org\/wp-content\/plugins\/photo-gallery\/images\/lazy_placeholder.gif\"                       alt=\"Marche nordique \u00e0 Bellerive\/Allier le 2 mars 2024\"                       title=\"Marche nordique \u00e0 Bellerive\/Allier le 2 mars 2024\" \/>                <\/div>                <div class=\"\">                                  <\/div>              <\/div>            <\/div>            <div class=\"bwg-title1\"><div class=\"bwg-title2\">Marche nordique \u00e0 Bellerive\/Allier le 2 mars 2024<\/div><\/div>          <\/a>        <\/div>                <div class=\"bwg-item\">          <a class=\"bwg-a bwg-album bwg_album_3\"             href='\/index.php?rest_route=%2Fwp%2Fv2%2Fpages%2F3786&#038;type_3=gallery&#038;album_gallery_id_3=740'                          data-container_id=\"bwg_album_compact_3\"             data-def_type=\"gallery\"             data-album_gallery_id=\"50\"             data-alb_gal_id=\"740\"             data-title=\"Rando neige \u00e0 St Nicolas des Biefs le 4 mars 2024\"             data-bwg=\"3\">                        <div class=\"bwg-item0 lazy_loader\">              <div class=\"bwg-item1 \">                <div class=\"bwg-item2\">                  <img decoding=\"async\" class=\"skip-lazy  bwg_lazyload \"                       data-width=\"500.00\"                       data-height=\"333.00\"                       data-src=\"http:\/\/vichyrando.org\/wp-content\/uploads\/photo-gallery\/thumb\/2024-03-04-StNicolas05.jpg?bwg=1709720875\"                       src=\"http:\/\/vichyrando.org\/wp-content\/plugins\/photo-gallery\/images\/lazy_placeholder.gif\"                       alt=\"Rando neige \u00e0 St Nicolas des Biefs le 4 mars 2024\"                       title=\"Rando neige \u00e0 St Nicolas des Biefs le 4 mars 2024\" \/>                <\/div>                <div class=\"\">                                  <\/div>              <\/div>            <\/div>            <div class=\"bwg-title1\"><div class=\"bwg-title2\">Rando neige \u00e0 St Nicolas des Biefs le 4 mars 2024<\/div><\/div>          <\/a>        <\/div>                <div class=\"bwg-item\">          <a class=\"bwg-a bwg-album bwg_album_3\"             href='\/index.php?rest_route=%2Fwp%2Fv2%2Fpages%2F3786&#038;type_3=gallery&#038;album_gallery_id_3=741'                          data-container_id=\"bwg_album_compact_3\"             data-def_type=\"gallery\"             data-album_gallery_id=\"50\"             data-alb_gal_id=\"741\"             data-title=\"Rando sant\u00e9 \u00e0 la Boire des Carr\u00e9s le 4 mars 2024\"             data-bwg=\"3\">                        <div class=\"bwg-item0 lazy_loader\">              <div class=\"bwg-item1 \">                <div class=\"bwg-item2\">                  <img decoding=\"async\" class=\"skip-lazy  bwg_lazyload \"                       data-width=\"500.00\"                       data-height=\"331.00\"                       data-src=\"http:\/\/vichyrando.org\/wp-content\/uploads\/photo-gallery\/thumb\/2024-03-04-BoiredesCarres06.jpg?bwg=1709720998\"                       src=\"http:\/\/vichyrando.org\/wp-content\/plugins\/photo-gallery\/images\/lazy_placeholder.gif\"                       alt=\"Rando sant\u00e9 \u00e0 la Boire des Carr\u00e9s le 4 mars 2024\"                       title=\"Rando sant\u00e9 \u00e0 la Boire des Carr\u00e9s le 4 mars 2024\" \/>                <\/div>                <div class=\"\">                                  <\/div>              <\/div>            <\/div>            <div class=\"bwg-title1\"><div class=\"bwg-title2\">Rando sant\u00e9 \u00e0 la Boire des Carr\u00e9s le 4 mars 2024<\/div><\/div>          <\/a>        <\/div>                <div class=\"bwg-item\">          <a class=\"bwg-a bwg-album bwg_album_3\"             href='\/index.php?rest_route=%2Fwp%2Fv2%2Fpages%2F3786&#038;type_3=gallery&#038;album_gallery_id_3=742'                          data-container_id=\"bwg_album_compact_3\"             data-def_type=\"gallery\"             data-album_gallery_id=\"50\"             data-alb_gal_id=\"742\"             data-title=\"Journ\u00e9e marche sportive \u00e0 Artonne (63) le 5 mars 2024\"             data-bwg=\"3\">                        <div class=\"bwg-item0 lazy_loader\">              <div class=\"bwg-item1 \">                <div class=\"bwg-item2\">                  <img decoding=\"async\" class=\"skip-lazy  bwg_lazyload \"                       data-width=\"500.00\"                       data-height=\"375.00\"                       data-src=\"http:\/\/vichyrando.org\/wp-content\/uploads\/photo-gallery\/thumb\/2024-03-05-Artonne02.jpg?bwg=1709721097\"                       src=\"http:\/\/vichyrando.org\/wp-content\/plugins\/photo-gallery\/images\/lazy_placeholder.gif\"                       alt=\"Journ\u00e9e marche sportive \u00e0 Artonne (63) le 5 mars 2024\"                       title=\"Journ\u00e9e marche sportive \u00e0 Artonne (63) le 5 mars 2024\" \/>                <\/div>                <div class=\"\">                                  <\/div>              <\/div>            <\/div>            <div class=\"bwg-title1\"><div class=\"bwg-title2\">Journ\u00e9e marche sportive \u00e0 Artonne (63) le 5 mars 2024<\/div><\/div>          <\/a>        <\/div>                <div class=\"bwg-item\">          <a class=\"bwg-a bwg-album bwg_album_3\"             href='\/index.php?rest_route=%2Fwp%2Fv2%2Fpages%2F3786&#038;type_3=gallery&#038;album_gallery_id_3=743'                          data-container_id=\"bwg_album_compact_3\"             data-def_type=\"gallery\"             data-album_gallery_id=\"50\"             data-alb_gal_id=\"743\"             data-title=\"Rando 1\/2 journ\u00e9e \u00e0 Ch\u00e2teldon (63) le 5 mars 2024\"             data-bwg=\"3\">                        <div class=\"bwg-item0 lazy_loader\">              <div class=\"bwg-item1 \">                <div class=\"bwg-item2\">                  <img decoding=\"async\" class=\"skip-lazy  bwg_lazyload \"                       data-width=\"500.00\"                       data-height=\"225.00\"                       data-src=\"http:\/\/vichyrando.org\/wp-content\/uploads\/photo-gallery\/thumb\/2024-03-05-Chateldon05.jpg?bwg=1709913999\"                       src=\"http:\/\/vichyrando.org\/wp-content\/plugins\/photo-gallery\/images\/lazy_placeholder.gif\"                       alt=\"Rando 1\/2 journ\u00e9e \u00e0 Ch\u00e2teldon (63) le 5 mars 2024\"                       title=\"Rando 1\/2 journ\u00e9e \u00e0 Ch\u00e2teldon (63) le 5 mars 2024\" \/>                <\/div>                <div class=\"\">                                  <\/div>              <\/div>            <\/div>            <div class=\"bwg-title1\"><div class=\"bwg-title2\">Rando 1\/2 journ\u00e9e \u00e0 Ch\u00e2teldon (63) le 5 mars 2024<\/div><\/div>          <\/a>        <\/div>                <div class=\"bwg-item\">          <a class=\"bwg-a bwg-album bwg_album_3\"             href='\/index.php?rest_route=%2Fwp%2Fv2%2Fpages%2F3786&#038;type_3=gallery&#038;album_gallery_id_3=744'                          data-container_id=\"bwg_album_compact_3\"             data-def_type=\"gallery\"             data-album_gallery_id=\"50\"             data-alb_gal_id=\"744\"             data-title=\"Mini rando \u00e0 Espinasse Vozelle le 7 mars 2024\"             data-bwg=\"3\">                        <div class=\"bwg-item0 lazy_loader\">              <div class=\"bwg-item1 \">                <div class=\"bwg-item2\">                  <img decoding=\"async\" class=\"skip-lazy  bwg_lazyload \"                       data-width=\"500.00\"                       data-height=\"281.00\"                       data-src=\"http:\/\/vichyrando.org\/wp-content\/uploads\/photo-gallery\/thumb\/2024-03-07-ESpinasse01.jpg?bwg=1709914169\"                       src=\"http:\/\/vichyrando.org\/wp-content\/plugins\/photo-gallery\/images\/lazy_placeholder.gif\"                       alt=\"Mini rando \u00e0 Espinasse Vozelle le 7 mars 2024\"                       title=\"Mini rando \u00e0 Espinasse Vozelle le 7 mars 2024\" \/>                <\/div>                <div class=\"\">                                  <\/div>              <\/div>            <\/div>            <div class=\"bwg-title1\"><div class=\"bwg-title2\">Mini rando \u00e0 Espinasse Vozelle le 7 mars 2024<\/div><\/div>          <\/a>        <\/div>                <div class=\"bwg-item\">          <a class=\"bwg-a bwg-album bwg_album_3\"             href='\/index.php?rest_route=%2Fwp%2Fv2%2Fpages%2F3786&#038;type_3=gallery&#038;album_gallery_id_3=745'                          data-container_id=\"bwg_album_compact_3\"             data-def_type=\"gallery\"             data-album_gallery_id=\"50\"             data-alb_gal_id=\"745\"             data-title=\"Rando 1\/2 journ\u00e9e \u00e0 Lapalisse le 7 mars 2024\"             data-bwg=\"3\">                        <div class=\"bwg-item0 lazy_loader\">              <div class=\"bwg-item1 \">                <div class=\"bwg-item2\">                  <img decoding=\"async\" class=\"skip-lazy  bwg_lazyload \"                       data-width=\"500.00\"                       data-height=\"310.00\"                       data-src=\"http:\/\/vichyrando.org\/wp-content\/uploads\/photo-gallery\/thumb\/2024-03-07-Lapalisse01.jpg?bwg=1709914276\"                       src=\"http:\/\/vichyrando.org\/wp-content\/plugins\/photo-gallery\/images\/lazy_placeholder.gif\"                       alt=\"Rando 1\/2 journ\u00e9e \u00e0 Lapalisse le 7 mars 2024\"                       title=\"Rando 1\/2 journ\u00e9e \u00e0 Lapalisse le 7 mars 2024\" \/>                <\/div>                <div class=\"\">                                  <\/div>              <\/div>            <\/div>            <div class=\"bwg-title1\"><div class=\"bwg-title2\">Rando 1\/2 journ\u00e9e \u00e0 Lapalisse le 7 mars 2024<\/div><\/div>          <\/a>        <\/div>                <div class=\"bwg-item\">          <a class=\"bwg-a bwg-album bwg_album_3\"             href='\/index.php?rest_route=%2Fwp%2Fv2%2Fpages%2F3786&#038;type_3=gallery&#038;album_gallery_id_3=746'                          data-container_id=\"bwg_album_compact_3\"             data-def_type=\"gallery\"             data-album_gallery_id=\"50\"             data-alb_gal_id=\"746\"             data-title=\"Marche nordique \u00e0 St Germain des Foss\u00e9s le 9 mars 2024\"             data-bwg=\"3\">                        <div class=\"bwg-item0 lazy_loader\">              <div class=\"bwg-item1 \">                <div class=\"bwg-item2\">                  <img decoding=\"async\" class=\"skip-lazy  bwg_lazyload \"                       data-width=\"500.00\"                       data-height=\"282.00\"                       data-src=\"http:\/\/vichyrando.org\/wp-content\/uploads\/photo-gallery\/thumb\/2024-03-09-StGermain02.jpg?bwg=1710001509\"                       src=\"http:\/\/vichyrando.org\/wp-content\/plugins\/photo-gallery\/images\/lazy_placeholder.gif\"                       alt=\"Marche nordique \u00e0 St Germain des Foss\u00e9s le 9 mars 2024\"                       title=\"Marche nordique \u00e0 St Germain des Foss\u00e9s le 9 mars 2024\" \/>                <\/div>                <div class=\"\">                                  <\/div>              <\/div>            <\/div>            <div class=\"bwg-title1\"><div class=\"bwg-title2\">Marche nordique \u00e0 St Germain des Foss\u00e9s le 9 mars 2024<\/div><\/div>          <\/a>        <\/div>                <div class=\"bwg-item\">          <a class=\"bwg-a bwg-album bwg_album_3\"             href='\/index.php?rest_route=%2Fwp%2Fv2%2Fpages%2F3786&#038;type_3=gallery&#038;album_gallery_id_3=747'                          data-container_id=\"bwg_album_compact_3\"             data-def_type=\"gallery\"             data-album_gallery_id=\"50\"             data-alb_gal_id=\"747\"             data-title=\"Rando sant\u00e9 inond\u00e9e \u00e0 Hauterive le 11 mars 2024\"             data-bwg=\"3\">                        <div class=\"bwg-item0 lazy_loader\">              <div class=\"bwg-item1 \">                <div class=\"bwg-item2\">                  <img decoding=\"async\" class=\"skip-lazy  bwg_lazyload \"                       data-width=\"500.00\"                       data-height=\"225.00\"                       data-src=\"http:\/\/vichyrando.org\/wp-content\/uploads\/photo-gallery\/thumb\/2024-03-11-Hauterive05.jpg?bwg=1710169754\"                       src=\"http:\/\/vichyrando.org\/wp-content\/plugins\/photo-gallery\/images\/lazy_placeholder.gif\"                       alt=\"Rando sant\u00e9 inond\u00e9e \u00e0 Hauterive le 11 mars 2024\"                       title=\"Rando sant\u00e9 inond\u00e9e \u00e0 Hauterive le 11 mars 2024\" \/>                <\/div>                <div class=\"\">                                  <\/div>              <\/div>            <\/div>            <div class=\"bwg-title1\"><div class=\"bwg-title2\">Rando sant\u00e9 inond\u00e9e \u00e0 Hauterive le 11 mars 2024<\/div><\/div>          <\/a>        <\/div>                <div class=\"bwg-item\">          <a class=\"bwg-a bwg-album bwg_album_3\"             href='\/index.php?rest_route=%2Fwp%2Fv2%2Fpages%2F3786&#038;type_3=gallery&#038;album_gallery_id_3=748'                          data-container_id=\"bwg_album_compact_3\"             data-def_type=\"gallery\"             data-album_gallery_id=\"50\"             data-alb_gal_id=\"748\"             data-title=\"Journ\u00e9e rando sportive \u00e0 Enval (63) le 12 mars 2024\"             data-bwg=\"3\">                        <div class=\"bwg-item0 lazy_loader\">              <div class=\"bwg-item1 \">                <div class=\"bwg-item2\">                  <img decoding=\"async\" class=\"skip-lazy  bwg_lazyload \"                       data-width=\"500.00\"                       data-height=\"343.00\"                       data-src=\"http:\/\/vichyrando.org\/wp-content\/uploads\/photo-gallery\/thumb\/2024-03-12-Enval19.jpg?bwg=1710351063\"                       src=\"http:\/\/vichyrando.org\/wp-content\/plugins\/photo-gallery\/images\/lazy_placeholder.gif\"                       alt=\"Journ\u00e9e rando sportive \u00e0 Enval (63) le 12 mars 2024\"                       title=\"Journ\u00e9e rando sportive \u00e0 Enval (63) le 12 mars 2024\" \/>                <\/div>                <div class=\"\">                                  <\/div>              <\/div>            <\/div>            <div class=\"bwg-title1\"><div class=\"bwg-title2\">Journ\u00e9e rando sportive \u00e0 Enval (63) le 12 mars 2024<\/div><\/div>          <\/a>        <\/div>                <div class=\"bwg-item\">          <a class=\"bwg-a bwg-album bwg_album_3\"             href='\/index.php?rest_route=%2Fwp%2Fv2%2Fpages%2F3786&#038;type_3=gallery&#038;album_gallery_id_3=749'                          data-container_id=\"bwg_album_compact_3\"             data-def_type=\"gallery\"             data-album_gallery_id=\"50\"             data-alb_gal_id=\"749\"             data-title=\"Rando 1\/2 journ\u00e9e \u00e0 Randan (63) le 12 mars 2024\"             data-bwg=\"3\">                        <div class=\"bwg-item0 lazy_loader\">              <div class=\"bwg-item1 \">                <div class=\"bwg-item2\">                  <img decoding=\"async\" class=\"skip-lazy  bwg_lazyload \"                       data-width=\"500.00\"                       data-height=\"190.00\"                       data-src=\"http:\/\/vichyrando.org\/wp-content\/uploads\/photo-gallery\/thumb\/2024-03-12-Randan08.jpg?bwg=1710351233\"                       src=\"http:\/\/vichyrando.org\/wp-content\/plugins\/photo-gallery\/images\/lazy_placeholder.gif\"                       alt=\"Rando 1\/2 journ\u00e9e \u00e0 Randan (63) le 12 mars 2024\"                       title=\"Rando 1\/2 journ\u00e9e \u00e0 Randan (63) le 12 mars 2024\" \/>                <\/div>                <div class=\"\">                                  <\/div>              <\/div>            <\/div>            <div class=\"bwg-title1\"><div class=\"bwg-title2\">Rando 1\/2 journ\u00e9e \u00e0 Randan (63) le 12 mars 2024<\/div><\/div>          <\/a>        <\/div>                <div class=\"bwg-item\">          <a class=\"bwg-a bwg-album bwg_album_3\"             href='\/index.php?rest_route=%2Fwp%2Fv2%2Fpages%2F3786&#038;type_3=gallery&#038;album_gallery_id_3=751'                          data-container_id=\"bwg_album_compact_3\"             data-def_type=\"gallery\"             data-album_gallery_id=\"50\"             data-alb_gal_id=\"751\"             data-title=\"Mini rando au Vernet le 14 mars 2024\"             data-bwg=\"3\">                        <div class=\"bwg-item0 lazy_loader\">              <div class=\"bwg-item1 \">                <div class=\"bwg-item2\">                  <img decoding=\"async\" class=\"skip-lazy  bwg_lazyload \"                       data-width=\"500.00\"                       data-height=\"281.00\"                       data-src=\"http:\/\/vichyrando.org\/wp-content\/uploads\/photo-gallery\/thumb\/2024-03-14-LeVernet02.jpg?bwg=1710503889\"                       src=\"http:\/\/vichyrando.org\/wp-content\/plugins\/photo-gallery\/images\/lazy_placeholder.gif\"                       alt=\"Mini rando au Vernet le 14 mars 2024\"                       title=\"Mini rando au Vernet le 14 mars 2024\" \/>                <\/div>                <div class=\"\">                                  <\/div>              <\/div>            <\/div>            <div class=\"bwg-title1\"><div class=\"bwg-title2\">Mini rando au Vernet le 14 mars 2024<\/div><\/div>          <\/a>        <\/div>                <div class=\"bwg-item\">          <a class=\"bwg-a bwg-album bwg_album_3\"             href='\/index.php?rest_route=%2Fwp%2Fv2%2Fpages%2F3786&#038;type_3=gallery&#038;album_gallery_id_3=750'                          data-container_id=\"bwg_album_compact_3\"             data-def_type=\"gallery\"             data-album_gallery_id=\"50\"             data-alb_gal_id=\"750\"             data-title=\"Rando 1\/2 journ\u00e9e \u00e0 Isserpent le 14 mars 2024\"             data-bwg=\"3\">                        <div class=\"bwg-item0 lazy_loader\">              <div class=\"bwg-item1 \">                <div class=\"bwg-item2\">                  <img decoding=\"async\" class=\"skip-lazy  bwg_lazyload \"                       data-width=\"500.00\"                       data-height=\"225.00\"                       data-src=\"http:\/\/vichyrando.org\/wp-content\/uploads\/photo-gallery\/thumb\/2024-03-14-Isserpent06.jpg?bwg=1710503699\"                       src=\"http:\/\/vichyrando.org\/wp-content\/plugins\/photo-gallery\/images\/lazy_placeholder.gif\"                       alt=\"Rando 1\/2 journ\u00e9e \u00e0 Isserpent le 14 mars 2024\"                       title=\"Rando 1\/2 journ\u00e9e \u00e0 Isserpent le 14 mars 2024\" \/>                <\/div>                <div class=\"\">                                  <\/div>              <\/div>            <\/div>            <div class=\"bwg-title1\"><div class=\"bwg-title2\">Rando 1\/2 journ\u00e9e \u00e0 Isserpent le 14 mars 2024<\/div><\/div>          <\/a>        <\/div>                <div class=\"bwg-item\">          <a class=\"bwg-a bwg-album bwg_album_3\"             href='\/index.php?rest_route=%2Fwp%2Fv2%2Fpages%2F3786&#038;type_3=gallery&#038;album_gallery_id_3=752'                          data-container_id=\"bwg_album_compact_3\"             data-def_type=\"gallery\"             data-album_gallery_id=\"50\"             data-alb_gal_id=\"752\"             data-title=\"Journ\u00e9e marche sportive \u00e0 B\u00e8gues le 19 mars 2024\"             data-bwg=\"3\">                        <div class=\"bwg-item0 lazy_loader\">              <div class=\"bwg-item1 \">                <div class=\"bwg-item2\">                  <img decoding=\"async\" class=\"skip-lazy  bwg_lazyload \"                       data-width=\"500.00\"                       data-height=\"375.00\"                       data-src=\"http:\/\/vichyrando.org\/wp-content\/uploads\/photo-gallery\/thumb\/2024-03-19-Begues09.jpg?bwg=1710941298\"                       src=\"http:\/\/vichyrando.org\/wp-content\/plugins\/photo-gallery\/images\/lazy_placeholder.gif\"                       alt=\"Journ\u00e9e marche sportive \u00e0 B\u00e8gues le 19 mars 2024\"                       title=\"Journ\u00e9e marche sportive \u00e0 B\u00e8gues le 19 mars 2024\" \/>                <\/div>                <div class=\"\">                                  <\/div>              <\/div>            <\/div>            <div class=\"bwg-title1\"><div class=\"bwg-title2\">Journ\u00e9e marche sportive \u00e0 B\u00e8gues le 19 mars 2024<\/div><\/div>          <\/a>        <\/div>                <div class=\"bwg-item\">          <a class=\"bwg-a bwg-album bwg_album_3\"             href='\/index.php?rest_route=%2Fwp%2Fv2%2Fpages%2F3786&#038;type_3=gallery&#038;album_gallery_id_3=753'                          data-container_id=\"bwg_album_compact_3\"             data-def_type=\"gallery\"             data-album_gallery_id=\"50\"             data-alb_gal_id=\"753\"             data-title=\"Rando 1\/2 journ\u00e9e \u00e0 Bayet le 19 mars 2024\"             data-bwg=\"3\">                        <div class=\"bwg-item0 lazy_loader\">              <div class=\"bwg-item1 \">                <div class=\"bwg-item2\">                  <img decoding=\"async\" class=\"skip-lazy  bwg_lazyload \"                       data-width=\"500.00\"                       data-height=\"281.00\"                       data-src=\"http:\/\/vichyrando.org\/wp-content\/uploads\/photo-gallery\/thumb\/2024-03-19-Bayet18.jpg?bwg=1710941402\"                       src=\"http:\/\/vichyrando.org\/wp-content\/plugins\/photo-gallery\/images\/lazy_placeholder.gif\"                       alt=\"Rando 1\/2 journ\u00e9e \u00e0 Bayet le 19 mars 2024\"                       title=\"Rando 1\/2 journ\u00e9e \u00e0 Bayet le 19 mars 2024\" \/>                <\/div>                <div class=\"\">                                  <\/div>              <\/div>            <\/div>            <div class=\"bwg-title1\"><div class=\"bwg-title2\">Rando 1\/2 journ\u00e9e \u00e0 Bayet le 19 mars 2024<\/div><\/div>          <\/a>        <\/div>                <div class=\"bwg-item\">          <a class=\"bwg-a bwg-album bwg_album_3\"             href='\/index.php?rest_route=%2Fwp%2Fv2%2Fpages%2F3786&#038;type_3=gallery&#038;album_gallery_id_3=754'                          data-container_id=\"bwg_album_compact_3\"             data-def_type=\"gallery\"             data-album_gallery_id=\"50\"             data-alb_gal_id=\"754\"             data-title=\"Mini rando \u00e0 St Sylvestre Pragoulin (63) le 21 mars 2024\"             data-bwg=\"3\">                        <div class=\"bwg-item0 lazy_loader\">              <div class=\"bwg-item1 \">                <div class=\"bwg-item2\">                  <img decoding=\"async\" class=\"skip-lazy  bwg_lazyload \"                       data-width=\"500.00\"                       data-height=\"290.00\"                       data-src=\"http:\/\/vichyrando.org\/wp-content\/uploads\/photo-gallery\/thumb\/2024-03-21-StSylvestre13.jpg?bwg=1711146507\"                       src=\"http:\/\/vichyrando.org\/wp-content\/plugins\/photo-gallery\/images\/lazy_placeholder.gif\"                       alt=\"Mini rando \u00e0 St Sylvestre Pragoulin (63) le 21 mars 2024\"                       title=\"Mini rando \u00e0 St Sylvestre Pragoulin (63) le 21 mars 2024\" \/>                <\/div>                <div class=\"\">                                  <\/div>              <\/div>            <\/div>            <div class=\"bwg-title1\"><div class=\"bwg-title2\">Mini rando \u00e0 St Sylvestre Pragoulin (63) le 21 mars 2024<\/div><\/div>          <\/a>        <\/div>                <div class=\"bwg-item\">          <a class=\"bwg-a bwg-album bwg_album_3\"             href='\/index.php?rest_route=%2Fwp%2Fv2%2Fpages%2F3786&#038;type_3=gallery&#038;album_gallery_id_3=755'                          data-container_id=\"bwg_album_compact_3\"             data-def_type=\"gallery\"             data-album_gallery_id=\"50\"             data-alb_gal_id=\"755\"             data-title=\"Rando 1\/2 journ\u00e9e \u00e0 Gannat le 21 mars 2024\"             data-bwg=\"3\">                        <div class=\"bwg-item0 lazy_loader\">              <div class=\"bwg-item1 \">                <div class=\"bwg-item2\">                  <img decoding=\"async\" class=\"skip-lazy  bwg_lazyload \"                       data-width=\"500.00\"                       data-height=\"226.00\"                       data-src=\"http:\/\/vichyrando.org\/wp-content\/uploads\/photo-gallery\/thumb\/2024-03-21-Gannat04.jpg?bwg=1711146634\"                       src=\"http:\/\/vichyrando.org\/wp-content\/plugins\/photo-gallery\/images\/lazy_placeholder.gif\"                       alt=\"Rando 1\/2 journ\u00e9e \u00e0 Gannat le 21 mars 2024\"                       title=\"Rando 1\/2 journ\u00e9e \u00e0 Gannat le 21 mars 2024\" \/>                <\/div>                <div class=\"\">                                  <\/div>              <\/div>            <\/div>            <div class=\"bwg-title1\"><div class=\"bwg-title2\">Rando 1\/2 journ\u00e9e \u00e0 Gannat le 21 mars 2024<\/div><\/div>          <\/a>        <\/div>                <div class=\"bwg-item\">          <a class=\"bwg-a bwg-album bwg_album_3\"             href='\/index.php?rest_route=%2Fwp%2Fv2%2Fpages%2F3786&#038;type_3=gallery&#038;album_gallery_id_3=756'                          data-container_id=\"bwg_album_compact_3\"             data-def_type=\"gallery\"             data-album_gallery_id=\"50\"             data-alb_gal_id=\"756\"             data-title=\"Rando Resto au Mayet de Montagne le 24 mars 2024\"             data-bwg=\"3\">                        <div class=\"bwg-item0 lazy_loader\">              <div class=\"bwg-item1 \">                <div class=\"bwg-item2\">                  <img decoding=\"async\" class=\"skip-lazy  bwg_lazyload \"                       data-width=\"500.00\"                       data-height=\"332.00\"                       data-src=\"http:\/\/vichyrando.org\/wp-content\/uploads\/photo-gallery\/thumb\/2024-03-24-LeMayetRR06.jpg?bwg=1711403162\"                       src=\"http:\/\/vichyrando.org\/wp-content\/plugins\/photo-gallery\/images\/lazy_placeholder.gif\"                       alt=\"Rando Resto au Mayet de Montagne le 24 mars 2024\"                       title=\"Rando Resto au Mayet de Montagne le 24 mars 2024\" \/>                <\/div>                <div class=\"\">                                  <\/div>              <\/div>            <\/div>            <div class=\"bwg-title1\"><div class=\"bwg-title2\">Rando Resto au Mayet de Montagne le 24 mars 2024<\/div><\/div>          <\/a>        <\/div>                <div class=\"bwg-item\">          <a class=\"bwg-a bwg-album bwg_album_3\"             href='\/index.php?rest_route=%2Fwp%2Fv2%2Fpages%2F3786&#038;type_3=gallery&#038;album_gallery_id_3=757'                          data-container_id=\"bwg_album_compact_3\"             data-def_type=\"gallery\"             data-album_gallery_id=\"50\"             data-alb_gal_id=\"757\"             data-title=\"Rando sant\u00e9 \u00e0 Bellerive\/Allier le 25 mars 2024\"             data-bwg=\"3\">                        <div class=\"bwg-item0 lazy_loader\">              <div class=\"bwg-item1 \">                <div class=\"bwg-item2\">                  <img decoding=\"async\" class=\"skip-lazy  bwg_lazyload \"                       data-width=\"500.00\"                       data-height=\"333.00\"                       data-src=\"http:\/\/vichyrando.org\/wp-content\/uploads\/photo-gallery\/thumb\/2024-03-25-Bellerive01.jpg?bwg=1711476365\"                       src=\"http:\/\/vichyrando.org\/wp-content\/plugins\/photo-gallery\/images\/lazy_placeholder.gif\"                       alt=\"Rando sant\u00e9 \u00e0 Bellerive\/Allier le 25 mars 2024\"                       title=\"Rando sant\u00e9 \u00e0 Bellerive\/Allier le 25 mars 2024\" \/>                <\/div>                <div class=\"\">                                  <\/div>              <\/div>            <\/div>            <div class=\"bwg-title1\"><div class=\"bwg-title2\">Rando sant\u00e9 \u00e0 Bellerive\/Allier le 25 mars 2024<\/div><\/div>          <\/a>        <\/div>                <div class=\"bwg-item\">          <a class=\"bwg-a bwg-album bwg_album_3\"             href='\/index.php?rest_route=%2Fwp%2Fv2%2Fpages%2F3786&#038;type_3=gallery&#038;album_gallery_id_3=758'                          data-container_id=\"bwg_album_compact_3\"             data-def_type=\"gallery\"             data-album_gallery_id=\"50\"             data-alb_gal_id=\"758\"             data-title=\"Rando 1\/2 journ\u00e9e \u00e0 P\u00e9rigny le 26 mars 2024\"             data-bwg=\"3\">                        <div class=\"bwg-item0 lazy_loader\">              <div class=\"bwg-item1 \">                <div class=\"bwg-item2\">                  <img decoding=\"async\" class=\"skip-lazy  bwg_lazyload \"                       data-width=\"500.00\"                       data-height=\"282.00\"                       data-src=\"http:\/\/vichyrando.org\/wp-content\/uploads\/photo-gallery\/thumb\/2024-03-26-Perigny01.jpg?bwg=1711476483\"                       src=\"http:\/\/vichyrando.org\/wp-content\/plugins\/photo-gallery\/images\/lazy_placeholder.gif\"                       alt=\"Rando 1\/2 journ\u00e9e \u00e0 P\u00e9rigny le 26 mars 2024\"                       title=\"Rando 1\/2 journ\u00e9e \u00e0 P\u00e9rigny le 26 mars 2024\" \/>                <\/div>                <div class=\"\">                                  <\/div>              <\/div>            <\/div>            <div class=\"bwg-title1\"><div class=\"bwg-title2\">Rando 1\/2 journ\u00e9e \u00e0 P\u00e9rigny le 26 mars 2024<\/div><\/div>          <\/a>        <\/div>                <div class=\"bwg-item\">          <a class=\"bwg-a bwg-album bwg_album_3\"             href='\/index.php?rest_route=%2Fwp%2Fv2%2Fpages%2F3786&#038;type_3=gallery&#038;album_gallery_id_3=759'                          data-container_id=\"bwg_album_compact_3\"             data-def_type=\"gallery\"             data-album_gallery_id=\"50\"             data-alb_gal_id=\"759\"             data-title=\"Journ\u00e9e rando sportive \u00e0 Bresnay le 26 mars 2024\"             data-bwg=\"3\">                        <div class=\"bwg-item0 lazy_loader\">              <div class=\"bwg-item1 \">                <div class=\"bwg-item2\">                  <img decoding=\"async\" class=\"skip-lazy  bwg_lazyload \"                       data-width=\"500.00\"                       data-height=\"375.00\"                       data-src=\"http:\/\/vichyrando.org\/wp-content\/uploads\/photo-gallery\/thumb\/2024-03-26-Bresnay11.jpg?bwg=1711557046\"                       src=\"http:\/\/vichyrando.org\/wp-content\/plugins\/photo-gallery\/images\/lazy_placeholder.gif\"                       alt=\"Journ\u00e9e rando sportive \u00e0 Bresnay le 26 mars 2024\"                       title=\"Journ\u00e9e rando sportive \u00e0 Bresnay le 26 mars 2024\" \/>                <\/div>                <div class=\"\">                                  <\/div>              <\/div>            <\/div>            <div class=\"bwg-title1\"><div class=\"bwg-title2\">Journ\u00e9e rando sportive \u00e0 Bresnay le 26 mars 2024<\/div><\/div>          <\/a>        <\/div>                <div class=\"bwg-item\">          <a class=\"bwg-a bwg-album bwg_album_3\"             href='\/index.php?rest_route=%2Fwp%2Fv2%2Fpages%2F3786&#038;type_3=gallery&#038;album_gallery_id_3=760'                          data-container_id=\"bwg_album_compact_3\"             data-def_type=\"gallery\"             data-album_gallery_id=\"50\"             data-alb_gal_id=\"760\"             data-title=\"Journ\u00e9e rando \u00e0 Mariol le 28 mars 2024\"             data-bwg=\"3\">                        <div class=\"bwg-item0 lazy_loader\">              <div class=\"bwg-item1 \">                <div class=\"bwg-item2\">                  <img decoding=\"async\" class=\"skip-lazy  bwg_lazyload \"                       data-width=\"500.00\"                       data-height=\"271.00\"                       data-src=\"http:\/\/vichyrando.org\/wp-content\/uploads\/photo-gallery\/thumb\/2024-03-28-Mariol16.jpg?bwg=1711696824\"                       src=\"http:\/\/vichyrando.org\/wp-content\/plugins\/photo-gallery\/images\/lazy_placeholder.gif\"                       alt=\"Journ\u00e9e rando \u00e0 Mariol le 28 mars 2024\"                       title=\"Journ\u00e9e rando \u00e0 Mariol le 28 mars 2024\" \/>                <\/div>                <div class=\"\">                                  <\/div>              <\/div>            <\/div>            <div class=\"bwg-title1\"><div class=\"bwg-title2\">Journ\u00e9e rando \u00e0 Mariol le 28 mars 2024<\/div><\/div>          <\/a>        <\/div>                <div class=\"bwg-item\">          <a class=\"bwg-a bwg-album bwg_album_3\"             href='\/index.php?rest_route=%2Fwp%2Fv2%2Fpages%2F3786&#038;type_3=gallery&#038;album_gallery_id_3=761'                          data-container_id=\"bwg_album_compact_3\"             data-def_type=\"gallery\"             data-album_gallery_id=\"50\"             data-alb_gal_id=\"761\"             data-title=\"Mini rando \u00e0 ST Didier la For\u00eat le 28 mars 2024\"             data-bwg=\"3\">                        <div class=\"bwg-item0 lazy_loader\">              <div class=\"bwg-item1 \">                <div class=\"bwg-item2\">                  <img decoding=\"async\" class=\"skip-lazy  bwg_lazyload \"                       data-width=\"500.00\"                       data-height=\"333.00\"                       data-src=\"http:\/\/vichyrando.org\/wp-content\/uploads\/photo-gallery\/thumb\/2024-03-28-StDidier09.jpg?bwg=1711696965\"                       src=\"http:\/\/vichyrando.org\/wp-content\/plugins\/photo-gallery\/images\/lazy_placeholder.gif\"                       alt=\"Mini rando \u00e0 ST Didier la For\u00eat le 28 mars 2024\"                       title=\"Mini rando \u00e0 ST Didier la For\u00eat le 28 mars 2024\" \/>                <\/div>                <div class=\"\">                                  <\/div>              <\/div>            <\/div>            <div class=\"bwg-title1\"><div class=\"bwg-title2\">Mini rando \u00e0 ST Didier la For\u00eat le 28 mars 2024<\/div><\/div>          <\/a>        <\/div>            <\/div>          <input type=\"hidden\" id=\"bwg_album_breadcrumb_3\" name=\"bwg_album_breadcrumb_3\" value='[{&quot;id&quot;:&quot;50&quot;,&quot;page&quot;:1}]' \/>    <style>      \/*pagination styles*\/      #bwg_container1_3 #bwg_container2_3 .tablenav-pages_3 {\t\t\t\ttext-align: center;\t\t\t\tfont-size: 12px;\t\t\t\tfont-family: Ubuntu;\t\t\t\tfont-weight: bold;\t\t\t\tcolor: #666666;\t\t\t\tmargin: 6px 0 4px;\t\t\t\tdisplay: block;      }      @media only screen and (max-width : 320px) {      #bwg_container1_3 #bwg_container2_3 .displaying-num_3 {     \t display: none;      }      }      #bwg_container1_3 #bwg_container2_3 .displaying-num_3 {\t\t\t\tfont-size: 12px;\t\t\t\tfont-family: Ubuntu;\t\t\t\tfont-weight: bold;\t\t\t\tcolor: #666666;\t\t\t\tmargin-right: 10px;\t\t\t\tvertical-align: middle;      }      #bwg_container1_3 #bwg_container2_3 .paging-input_3 {\t\t\t\tfont-size: 12px;\t\t\t\tfont-family: Ubuntu;\t\t\t\tfont-weight: bold;\t\t\t\tcolor: #666666;\t\t\t\tvertical-align: middle;      }      #bwg_container1_3 #bwg_container2_3 .tablenav-pages_3 a.disabled,      #bwg_container1_3 #bwg_container2_3 .tablenav-pages_3 a.disabled:hover,      #bwg_container1_3 #bwg_container2_3 .tablenav-pages_3 a.disabled:focus,\t\t\t#bwg_container1_3 #bwg_container2_3 .tablenav-pages_3 input.bwg_current_page {\t\t\t\tcursor: default;\t\t\t\tcolor: rgba(102, 102, 102, 0.5);      }      #bwg_container1_3 #bwg_container2_3 .tablenav-pages_3 a,      #bwg_container1_3 #bwg_container2_3 .tablenav-pages_3 input.bwg_current_page {\t\t\t\tcursor: pointer;\t\t\t\ttext-align: center;\t\t\t\tfont-size: 12px;\t\t\t\tfont-family: Ubuntu;\t\t\t\tfont-weight: bold;\t\t\t\tcolor: #666666;\t\t\t\ttext-decoration: none;\t\t\t\tpadding: 3px 6px;\t\t\t\tmargin: 0;\t\t\t\tborder-radius: 0;\t\t\t\tborder-style: solid;\t\t\t\tborder-width: 1px;\t\t\t\tborder-color: #E3E3E3;\t\t\t\t\t\t\t\tbackground-color: rgba(255, 255, 255, 1.00);\t\t\t\tbox-shadow: 0;\t\t\t\ttransition: all 0.3s ease 0s;-webkit-transition: all 0.3s ease 0s;      }      <\/style>      <span class=\"bwg_nav_cont_3\">              <div class=\"tablenav-pages_3\">                  <\/div>                <input type=\"hidden\" id=\"page_number_3\" name=\"page_number_3\" value=\"1\" \/>      <script type=\"text\/javascript\">        if( jQuery('.bwg_nav_cont_3').length > 1 ) {          jQuery('.bwg_nav_cont_3').first().remove()        }        function spider_page_3(cur, x, y, load_more) {          if (typeof load_more == \"undefined\") {            var load_more = false;          }          if (jQuery(cur).hasClass('disabled')) {            return false;          }          var items_county_3 = 1;          switch (y) {            case 1:              if (x >= items_county_3) {                document.getElementById('page_number_3').value = items_county_3;              }              else {                document.getElementById('page_number_3').value = x + 1;              }              break;            case 2:              document.getElementById('page_number_3').value = items_county_3;              break;            case -1:              if (x == 1) {                document.getElementById('page_number_3').value = 1;              }              else {                document.getElementById('page_number_3').value = x - 1;              }              break;            case -2:              document.getElementById('page_number_3').value = 1;              break;\t\t\t\t\t\tcase 0:              document.getElementById('page_number_3').value = x;              break;            default:              document.getElementById('page_number_3').value = 1;          }          bwg_ajax('gal_front_form_3', '3', 'bwg_album_compact_3', '50', '', 'album', 0, '', '', load_more, '', 1);        }                    jQuery('.first-page-3').on('click', function () {              spider_page_3(this, 1, -2, 'numeric');              return false;            });            jQuery('.prev-page-3').on('click', function () {              spider_page_3(this, 1, -1, 'numeric');              return false;            });            jQuery('.next-page-3').on('click', function () {              spider_page_3(this, 1, 1, 'numeric');              return false;            });            jQuery('.last-page-3').on('click', function () {              spider_page_3(this, 1, 2, 'numeric');              return false;            });        \t\t\t\t\/* Change page on input enter. *\/        function bwg_change_page_3( e, that ) {          if (  e.key == 'Enter' ) {            var to_page = parseInt(jQuery(that).val());            var pages_count = jQuery(that).parents(\".pagination-links\").data(\"pages-count\");            var current_url_param = jQuery(that).attr('data-url-info');            if (to_page > pages_count) {              to_page = 1;            }\t \t\t\t\t\t\t\t\t\t\t\t\tspider_page_3(this, to_page, 0, 'numeric');\t\t\t\t\t\t\treturn false;\t\t\t\t\t\t          }          return true;        }        jQuery('.bwg_load_btn_3').on('click', function () {            spider_page_3(this, 1, 1, true);            return false;        });      <\/script>      <\/span>                <\/div>        <\/form>        <style>          #bwg_container1_3 #bwg_container2_3 #spider_popup_overlay_3 {          background-color: #EEEEEE;          opacity: 0.60;          }          <\/style>        <div id=\"bwg_spider_popup_loading_3\" class=\"bwg_spider_popup_loading\"><\/div>        <div id=\"spider_popup_overlay_3\" class=\"spider_popup_overlay\" onclick=\"spider_destroypopup(1000)\"><\/div>        <input type=\"hidden\" id=\"bwg_random_seed_3\" value=\"1364311940\">                <\/div>    <\/div>    <script>      if (document.readyState === 'complete') {        if( typeof bwg_main_ready == 'function' ) {          if ( jQuery(\"#bwg_container1_3\").height() ) {            bwg_main_ready(jQuery(\"#bwg_container1_3\"));          }        }      } else {        document.addEventListener('DOMContentLoaded', function() {          if( typeof bwg_main_ready == 'function' ) {            if ( jQuery(\"#bwg_container1_3\").height() ) {             bwg_main_ready(jQuery(\"#bwg_container1_3\"));            }          }        });      }    <\/script>    \t\t<\/div>\n\t\t\t\t<\/div>\n\t\t\t\t\t<\/div>\n\t\t<\/div>\n\t\t\t\t\t<\/div>\n\t\t<\/section>\n\t\t\t\t<section class=\"elementor-section elementor-top-section elementor-element elementor-element-e41b00f elementor-section-boxed elementor-section-height-default elementor-section-height-default\" data-id=\"e41b00f\" data-element_type=\"section\">\n\t\t\t\t\t\t<div class=\"elementor-container elementor-column-gap-default\">\n\t\t\t\t\t<div class=\"elementor-column elementor-col-100 elementor-top-column elementor-element elementor-element-d78ec4b\" data-id=\"d78ec4b\" data-element_type=\"column\">\n\t\t\t<div class=\"elementor-widget-wrap elementor-element-populated\">\n\t\t\t\t\t\t<div class=\"elementor-element elementor-element-30f6931 elementor-widget elementor-widget-bwg-elementor\" data-id=\"30f6931\" data-element_type=\"widget\" data-widget_type=\"bwg-elementor.default\">\n\t\t\t\t<div class=\"elementor-widget-container\">\n\t\t\t<style id=\"bwg-style-4\">    #bwg_container1_4 #bwg_container2_4 .bwg-container-4.bwg-album-thumbnails {    width: 1254px;    justify-content: center;            justify-content: center;        margin:0 auto !important;          background-color: rgba(255, 255, 255, 0.00);          padding-left: 4px;      padding-top: 4px;      max-width: 100%;          }        #bwg_container1_4 #bwg_container2_4 .bwg-container-4.bwg-album-thumbnails .bwg-item {    justify-content: flex-start;    max-width: 250px;        }    #bwg_container1_4 #bwg_container2_4 .bwg-container-4.bwg-album-thumbnails .bwg-item a {      margin-right: 4px;      margin-bottom: 4px;    }    #bwg_container1_4 #bwg_container2_4 .bwg-container-4.bwg-album-thumbnails .bwg-item0 {      padding: 0px;            background-color:rgba(0,0,0, 0.30);      border: 0px none #CCCCCC;      opacity: 1.00;      border-radius: 0;      box-shadow: 0px 0px 0px #888888;    }    #bwg_container1_4 #bwg_container2_4 .bwg-container-4.bwg-album-thumbnails .bwg-item1 img {      max-height: none;      max-width: none;      padding: 0 !important;    }          @media only screen and (min-width: 480px) {      #bwg_container1_4 #bwg_container2_4 .bwg-container-4.bwg-album-thumbnails .bwg-item1 img {      -webkit-transition: all .3s; transition: all .3s;      }      #bwg_container1_4 #bwg_container2_4 .bwg-container-4.bwg-album-thumbnails .bwg-item1 img:hover {        -ms-transform: scale(1.08);        -webkit-transform: scale(1.08);        transform: scale(1.08);      }            }          #bwg_container1_4 #bwg_container2_4 .bwg-container-4.bwg-album-thumbnails .bwg-item1 {      padding-top: 56%;    }        #bwg_container1_4 #bwg_container2_4 .bwg-container-4.bwg-album-thumbnails .bwg-title2 {      color: #323A45;      font-family: Ubuntu;      font-size: 16px;      font-weight: bold;      padding: 2px;      text-shadow: 0px 0px 0px #888888;      max-height: 100%;    }        #bwg_container1_4 #bwg_container2_4 .bwg-container-4.bwg-standard-thumbnails {      width: 1254px;              justify-content: center;        margin:0 auto !important;              background-color: rgba(255, 255, 255, 0.00);            padding-left: 4px;      padding-top: 4px;      max-width: 100%;            }        #bwg_container1_4 #bwg_container2_4 .bwg-container-4.bwg-standard-thumbnails .bwg-item {    justify-content: flex-start;      max-width: 250px;          }    #bwg_container1_4 #bwg_container2_4 .bwg-container-4.bwg-standard-thumbnails .bwg-item a {       margin-right: 4px;       margin-bottom: 4px;    }    #bwg_container1_4 #bwg_container2_4 .bwg-container-4.bwg-standard-thumbnails .bwg-item0 {      padding: 0px;            background-color:rgba(0,0,0, 0.30);      border: 0px none #CCCCCC;      opacity: 1.00;      border-radius: 0;      box-shadow: 0px 0px 0px #888888;    }    #bwg_container1_4 #bwg_container2_4 .bwg-container-4.bwg-standard-thumbnails .bwg-item1 img {      max-height: none;      max-width: none;      padding: 0 !important;    }         @media only screen and (min-width: 480px) {\t\t#bwg_container1_4 #bwg_container2_4 .bwg-container-4.bwg-standard-thumbnails .bwg-item1 img {\t\t\t-webkit-transition: all .3s; transition: all .3s;\t\t}\t\t#bwg_container1_4 #bwg_container2_4 .bwg-container-4.bwg-standard-thumbnails .bwg-item1 img:hover {\t\t\t-ms-transform: scale(1.08);\t\t\t-webkit-transform: scale(1.08);\t\t\ttransform: scale(1.08);\t\t}\t\t      }\t    #bwg_container1_4 #bwg_container2_4 .bwg-container-4.bwg-standard-thumbnails .bwg-item1 {      padding-top: 56%;    }        #bwg_container1_4 #bwg_container2_4 .bwg-container-4.bwg-standard-thumbnails .bwg-title2,    #bwg_container1_4 #bwg_container2_4 .bwg-container-4.bwg-standard-thumbnails .bwg-ecommerce2 {      color: #323A45;      font-family: Ubuntu;      font-size: 16px;      font-weight: bold;      padding: 2px;      text-shadow: 0px 0px 0px #888888;      max-height: 100%;    }    #bwg_container1_4 #bwg_container2_4 .bwg-container-4.bwg-standard-thumbnails .bwg-thumb-description span {    color: #323A45;    font-family: Ubuntu;    font-size: 12px;    max-height: 100%;    word-wrap: break-word;    }    #bwg_container1_4 #bwg_container2_4 .bwg-container-4.bwg-standard-thumbnails .bwg-play-icon2 {      font-size: 32px;    }    #bwg_container1_4 #bwg_container2_4 .bwg-container-4.bwg-standard-thumbnails .bwg-ecommerce2 {      font-size: 19.2px;      color: #323A45;    }    <\/style>    <div id=\"bwg_container1_4\"         class=\"bwg_container bwg_thumbnail bwg_album_compact_preview bwg_thumbnail\"         data-right-click-protection=\"0\"         data-bwg=\"4\"         data-scroll=\"0\"         data-gallery-type=\"album_compact_preview\"         data-gallery-view-type=\"thumbnail\"         data-current-url=\"\/index.php?rest_route=%2Fwp%2Fv2%2Fpages%2F3786\"         data-lightbox-url=\"http:\/\/vichyrando.org\/wp-admin\/admin-ajax.php?action=GalleryBox&#038;current_view=4&#038;gallery_id=0&#038;tag=0&#038;theme_id=1&#038;shortcode_id=906&#038;sort_by=order&#038;order_by=asc&#038;current_url=%2Findex.php%3Frest_route%3D%252Fwp%252Fv2%252Fpages%252F3786\"         data-gallery-id=\"0\"         data-popup-width=\"800\"         data-popup-height=\"500\"         data-is-album=\"album\"         data-buttons-position=\"bottom\">      <div id=\"bwg_container2_4\">             <div id=\"ajax_loading_4\" class=\"bwg_loading_div_1\">      <div class=\"bwg_loading_div_2\">        <div class=\"bwg_loading_div_3\">          <div id=\"loading_div_4\" class=\"bwg_spider_ajax_loading\">          <\/div>        <\/div>      <\/div>    <\/div>            <form id=\"gal_front_form_4\"              class=\"bwg-hidden\"              method=\"post\"              action=\"#\"              data-current=\"4\"              data-shortcode-id=\"906\"              data-gallery-type=\"album_compact_preview\"              data-gallery-id=\"0\"              data-tag=\"0\"              data-album-id=\"49\"              data-theme-id=\"1\"              data-ajax-url=\"http:\/\/vichyrando.org\/wp-admin\/admin-ajax.php?action=bwg_frontend_data\">          <div id=\"bwg_container3_4\" class=\"bwg-background bwg-background-4\">            <style>        #bwg_container1_4 #bwg_container2_4 .bwg_gal_title_4 {          display: block;          padding: 0 2px 2px 2px;          background-color: rgba(0, 0, 0, 0);          line-height: 20px;          font-family: Ubuntu;          font-size: 18px;          font-weight: bold;          color: #323A45;          text-shadow: 0px 0px 0px #888888;          text-align: center;        }        #bwg_container1_4 #bwg_container2_4 .bwg_gal_description_4 {          margin: 20px 0;          word-break: break-word;          text-align: justify;          font-size: 15px;          font-weight: unset;        }        <\/style>        <div class=\"bwg_gal_title_4\">F\u00e9vrier 2024<\/div>            <div data-max-count=\"5\"         data-thumbnail-width=\"250\"         data-bwg=\"4\"         id=\"bwg_album_compact_4\"         class=\"bwg-thumbnails bwg-container bwg-container-4 bwg-album-thumbnails bwg_album_thumbnails_4\">              <div class=\"bwg-item\">          <a class=\"bwg-a bwg-album bwg_album_4\"             href='\/index.php?rest_route=%2Fwp%2Fv2%2Fpages%2F3786&#038;type_4=gallery&#038;album_gallery_id_4=717'                          data-container_id=\"bwg_album_compact_4\"             data-def_type=\"gallery\"             data-album_gallery_id=\"49\"             data-alb_gal_id=\"717\"             data-title=\"Rando journ\u00e9e au Breuil le 1er f\u00e9vrier 2024\"             data-bwg=\"4\">                        <div class=\"bwg-item0 lazy_loader\">              <div class=\"bwg-item1 \">                <div class=\"bwg-item2\">                  <img decoding=\"async\" class=\"skip-lazy  bwg_lazyload \"                       data-width=\"500.00\"                       data-height=\"303.00\"                       data-src=\"http:\/\/vichyrando.org\/wp-content\/uploads\/photo-gallery\/thumb\/2024-02-01-LeBreuil04.jpg?bwg=1706892114\"                       src=\"http:\/\/vichyrando.org\/wp-content\/plugins\/photo-gallery\/images\/lazy_placeholder.gif\"                       alt=\"Rando journ\u00e9e au Breuil le 1er f\u00e9vrier 2024\"                       title=\"Rando journ\u00e9e au Breuil le 1er f\u00e9vrier 2024\" \/>                <\/div>                <div class=\"\">                                  <\/div>              <\/div>            <\/div>            <div class=\"bwg-title1\"><div class=\"bwg-title2\">Rando journ\u00e9e au Breuil le 1er f\u00e9vrier 2024<\/div><\/div>          <\/a>        <\/div>                <div class=\"bwg-item\">          <a class=\"bwg-a bwg-album bwg_album_4\"             href='\/index.php?rest_route=%2Fwp%2Fv2%2Fpages%2F3786&#038;type_4=gallery&#038;album_gallery_id_4=718'                          data-container_id=\"bwg_album_compact_4\"             data-def_type=\"gallery\"             data-album_gallery_id=\"49\"             data-alb_gal_id=\"718\"             data-title=\"Mini rando \u00e0 St Pont le 3 f\u00e9vrier 2024\"             data-bwg=\"4\">                        <div class=\"bwg-item0 lazy_loader\">              <div class=\"bwg-item1 \">                <div class=\"bwg-item2\">                  <img decoding=\"async\" class=\"skip-lazy  bwg_lazyload \"                       data-width=\"500.00\"                       data-height=\"281.00\"                       data-src=\"http:\/\/vichyrando.org\/wp-content\/uploads\/photo-gallery\/thumb\/2024-02-03-StPont02.jpg?bwg=1707402633\"                       src=\"http:\/\/vichyrando.org\/wp-content\/plugins\/photo-gallery\/images\/lazy_placeholder.gif\"                       alt=\"Mini rando \u00e0 St Pont le 3 f\u00e9vrier 2024\"                       title=\"Mini rando \u00e0 St Pont le 3 f\u00e9vrier 2024\" \/>                <\/div>                <div class=\"\">                                  <\/div>              <\/div>            <\/div>            <div class=\"bwg-title1\"><div class=\"bwg-title2\">Mini rando \u00e0 St Pont le 3 f\u00e9vrier 2024<\/div><\/div>          <\/a>        <\/div>                <div class=\"bwg-item\">          <a class=\"bwg-a bwg-album bwg_album_4\"             href='\/index.php?rest_route=%2Fwp%2Fv2%2Fpages%2F3786&#038;type_4=gallery&#038;album_gallery_id_4=719'                          data-container_id=\"bwg_album_compact_4\"             data-def_type=\"gallery\"             data-album_gallery_id=\"49\"             data-alb_gal_id=\"719\"             data-title=\"Journ\u00e9e rando sportive \u00e0 Chareil-Cintrat le 6 f\u00e9vrier 2024\"             data-bwg=\"4\">                        <div class=\"bwg-item0 lazy_loader\">              <div class=\"bwg-item1 \">                <div class=\"bwg-item2\">                  <img decoding=\"async\" class=\"skip-lazy  bwg_lazyload \"                       data-width=\"500.00\"                       data-height=\"322.00\"                       data-src=\"http:\/\/vichyrando.org\/wp-content\/uploads\/photo-gallery\/thumb\/2024-02-06-Chareil06.jpg?bwg=1707402737\"                       src=\"http:\/\/vichyrando.org\/wp-content\/plugins\/photo-gallery\/images\/lazy_placeholder.gif\"                       alt=\"Journ\u00e9e rando sportive \u00e0 Chareil-Cintrat le 6 f\u00e9vrier 2024\"                       title=\"Journ\u00e9e rando sportive \u00e0 Chareil-Cintrat le 6 f\u00e9vrier 2024\" \/>                <\/div>                <div class=\"\">                                  <\/div>              <\/div>            <\/div>            <div class=\"bwg-title1\"><div class=\"bwg-title2\">Journ\u00e9e rando sportive \u00e0 Chareil-Cintrat le 6 f\u00e9vrier 2024<\/div><\/div>          <\/a>        <\/div>                <div class=\"bwg-item\">          <a class=\"bwg-a bwg-album bwg_album_4\"             href='\/index.php?rest_route=%2Fwp%2Fv2%2Fpages%2F3786&#038;type_4=gallery&#038;album_gallery_id_4=721'                          data-container_id=\"bwg_album_compact_4\"             data-def_type=\"gallery\"             data-album_gallery_id=\"49\"             data-alb_gal_id=\"721\"             data-title=\"Rando cool \u00e0 St Bonnet de Rochefort le 6 f\u00e9vrier 2024\"             data-bwg=\"4\">                        <div class=\"bwg-item0 lazy_loader\">              <div class=\"bwg-item1 \">                <div class=\"bwg-item2\">                  <img decoding=\"async\" class=\"skip-lazy  bwg_lazyload \"                       data-width=\"500.00\"                       data-height=\"279.00\"                       data-src=\"http:\/\/vichyrando.org\/wp-content\/uploads\/photo-gallery\/thumb\/2024-02-08-StBonnet30.jpg?bwg=1707414063\"                       src=\"http:\/\/vichyrando.org\/wp-content\/plugins\/photo-gallery\/images\/lazy_placeholder.gif\"                       alt=\"Rando cool \u00e0 St Bonnet de Rochefort le 6 f\u00e9vrier 2024\"                       title=\"Rando cool \u00e0 St Bonnet de Rochefort le 6 f\u00e9vrier 2024\" \/>                <\/div>                <div class=\"\">                                  <\/div>              <\/div>            <\/div>            <div class=\"bwg-title1\"><div class=\"bwg-title2\">Rando cool \u00e0 St Bonnet de Rochefort le 6 f\u00e9vrier 2024<\/div><\/div>          <\/a>        <\/div>                <div class=\"bwg-item\">          <a class=\"bwg-a bwg-album bwg_album_4\"             href='\/index.php?rest_route=%2Fwp%2Fv2%2Fpages%2F3786&#038;type_4=gallery&#038;album_gallery_id_4=720'                          data-container_id=\"bwg_album_compact_4\"             data-def_type=\"gallery\"             data-album_gallery_id=\"49\"             data-alb_gal_id=\"720\"             data-title=\"Mini rando \u00e0 Beaumont les Randan (63) le 8 f\u00e9vrier 2024\"             data-bwg=\"4\">                        <div class=\"bwg-item0 lazy_loader\">              <div class=\"bwg-item1 \">                <div class=\"bwg-item2\">                  <img decoding=\"async\" class=\"skip-lazy  bwg_lazyload \"                       data-width=\"500.00\"                       data-height=\"287.00\"                       data-src=\"http:\/\/vichyrando.org\/wp-content\/uploads\/photo-gallery\/thumb\/2024-02-08-Baumont02.jpg?bwg=1707403053\"                       src=\"http:\/\/vichyrando.org\/wp-content\/plugins\/photo-gallery\/images\/lazy_placeholder.gif\"                       alt=\"Mini rando \u00e0 Beaumont les Randan (63) le 8 f\u00e9vrier 2024\"                       title=\"Mini rando \u00e0 Beaumont les Randan (63) le 8 f\u00e9vrier 2024\" \/>                <\/div>                <div class=\"\">                                  <\/div>              <\/div>            <\/div>            <div class=\"bwg-title1\"><div class=\"bwg-title2\">Mini rando \u00e0 Beaumont les Randan (63) le 8 f\u00e9vrier 2024<\/div><\/div>          <\/a>        <\/div>                <div class=\"bwg-item\">          <a class=\"bwg-a bwg-album bwg_album_4\"             href='\/index.php?rest_route=%2Fwp%2Fv2%2Fpages%2F3786&#038;type_4=gallery&#038;album_gallery_id_4=722'                          data-container_id=\"bwg_album_compact_4\"             data-def_type=\"gallery\"             data-album_gallery_id=\"49\"             data-alb_gal_id=\"722\"             data-title=\"Rando 1\/2 journ\u00e9e \u00e0 Droiturier le 8 f\u00e9vrier 2024\"             data-bwg=\"4\">                        <div class=\"bwg-item0 lazy_loader\">              <div class=\"bwg-item1 \">                <div class=\"bwg-item2\">                  <img decoding=\"async\" class=\"skip-lazy  bwg_lazyload \"                       data-width=\"500.00\"                       data-height=\"281.00\"                       data-src=\"http:\/\/vichyrando.org\/wp-content\/uploads\/photo-gallery\/thumb\/2024-02-08-Droiturier04.jpg?bwg=1707587491\"                       src=\"http:\/\/vichyrando.org\/wp-content\/plugins\/photo-gallery\/images\/lazy_placeholder.gif\"                       alt=\"Rando 1\/2 journ\u00e9e \u00e0 Droiturier le 8 f\u00e9vrier 2024\"                       title=\"Rando 1\/2 journ\u00e9e \u00e0 Droiturier le 8 f\u00e9vrier 2024\" \/>                <\/div>                <div class=\"\">                                  <\/div>              <\/div>            <\/div>            <div class=\"bwg-title1\"><div class=\"bwg-title2\">Rando 1\/2 journ\u00e9e \u00e0 Droiturier le 8 f\u00e9vrier 2024<\/div><\/div>          <\/a>        <\/div>                <div class=\"bwg-item\">          <a class=\"bwg-a bwg-album bwg_album_4\"             href='\/index.php?rest_route=%2Fwp%2Fv2%2Fpages%2F3786&#038;type_4=gallery&#038;album_gallery_id_4=723'                          data-container_id=\"bwg_album_compact_4\"             data-def_type=\"gallery\"             data-album_gallery_id=\"49\"             data-alb_gal_id=\"723\"             data-title=\"Rando sant\u00e9 \u00e0 St Yorre le 12 f\u00e9vrier 2024\"             data-bwg=\"4\">                        <div class=\"bwg-item0 lazy_loader\">              <div class=\"bwg-item1 \">                <div class=\"bwg-item2\">                  <img decoding=\"async\" class=\"skip-lazy  bwg_lazyload \"                       data-width=\"500.00\"                       data-height=\"281.00\"                       data-src=\"http:\/\/vichyrando.org\/wp-content\/uploads\/photo-gallery\/thumb\/2024-02-12-StYorre03.jpg?bwg=1707828448\"                       src=\"http:\/\/vichyrando.org\/wp-content\/plugins\/photo-gallery\/images\/lazy_placeholder.gif\"                       alt=\"Rando sant\u00e9 \u00e0 St Yorre le 12 f\u00e9vrier 2024\"                       title=\"Rando sant\u00e9 \u00e0 St Yorre le 12 f\u00e9vrier 2024\" \/>                <\/div>                <div class=\"\">                                  <\/div>              <\/div>            <\/div>            <div class=\"bwg-title1\"><div class=\"bwg-title2\">Rando sant\u00e9 \u00e0 St Yorre le 12 f\u00e9vrier 2024<\/div><\/div>          <\/a>        <\/div>                <div class=\"bwg-item\">          <a class=\"bwg-a bwg-album bwg_album_4\"             href='\/index.php?rest_route=%2Fwp%2Fv2%2Fpages%2F3786&#038;type_4=gallery&#038;album_gallery_id_4=724'                          data-container_id=\"bwg_album_compact_4\"             data-def_type=\"gallery\"             data-album_gallery_id=\"49\"             data-alb_gal_id=\"724\"             data-title=\"Journ\u00e9e marche sportive \u00e0 La Bruy\u00e8re le 13 f\u00e9vrier 2024\"             data-bwg=\"4\">                        <div class=\"bwg-item0 lazy_loader\">              <div class=\"bwg-item1 \">                <div class=\"bwg-item2\">                  <img decoding=\"async\" class=\"skip-lazy  bwg_lazyload \"                       data-width=\"500.00\"                       data-height=\"375.00\"                       data-src=\"http:\/\/vichyrando.org\/wp-content\/uploads\/photo-gallery\/thumb\/2024-02-13-LaBruyere01.jpg?bwg=1707926120\"                       src=\"http:\/\/vichyrando.org\/wp-content\/plugins\/photo-gallery\/images\/lazy_placeholder.gif\"                       alt=\"Journ\u00e9e marche sportive \u00e0 La Bruy\u00e8re le 13 f\u00e9vrier 2024\"                       title=\"Journ\u00e9e marche sportive \u00e0 La Bruy\u00e8re le 13 f\u00e9vrier 2024\" \/>                <\/div>                <div class=\"\">                                  <\/div>              <\/div>            <\/div>            <div class=\"bwg-title1\"><div class=\"bwg-title2\">Journ\u00e9e marche sportive \u00e0 La Bruy\u00e8re le 13 f\u00e9vrier 2024<\/div><\/div>          <\/a>        <\/div>                <div class=\"bwg-item\">          <a class=\"bwg-a bwg-album bwg_album_4\"             href='\/index.php?rest_route=%2Fwp%2Fv2%2Fpages%2F3786&#038;type_4=gallery&#038;album_gallery_id_4=725'                          data-container_id=\"bwg_album_compact_4\"             data-def_type=\"gallery\"             data-album_gallery_id=\"49\"             data-alb_gal_id=\"725\"             data-title=\"Rando cool \u00e0 Mons (63) le 13 f\u00e9vrier 2024\"             data-bwg=\"4\">                        <div class=\"bwg-item0 lazy_loader\">              <div class=\"bwg-item1 \">                <div class=\"bwg-item2\">                  <img decoding=\"async\" class=\"skip-lazy  bwg_lazyload \"                       data-width=\"500.00\"                       data-height=\"333.00\"                       data-src=\"http:\/\/vichyrando.org\/wp-content\/uploads\/photo-gallery\/thumb\/2024-02-13-Mons06.jpg?bwg=1707928384\"                       src=\"http:\/\/vichyrando.org\/wp-content\/plugins\/photo-gallery\/images\/lazy_placeholder.gif\"                       alt=\"Rando cool \u00e0 Mons (63) le 13 f\u00e9vrier 2024\"                       title=\"Rando cool \u00e0 Mons (63) le 13 f\u00e9vrier 2024\" \/>                <\/div>                <div class=\"\">                                  <\/div>              <\/div>            <\/div>            <div class=\"bwg-title1\"><div class=\"bwg-title2\">Rando cool \u00e0 Mons (63) le 13 f\u00e9vrier 2024<\/div><\/div>          <\/a>        <\/div>                <div class=\"bwg-item\">          <a class=\"bwg-a bwg-album bwg_album_4\"             href='\/index.php?rest_route=%2Fwp%2Fv2%2Fpages%2F3786&#038;type_4=gallery&#038;album_gallery_id_4=727'                          data-container_id=\"bwg_album_compact_4\"             data-def_type=\"gallery\"             data-album_gallery_id=\"49\"             data-alb_gal_id=\"727\"             data-title=\"Mini rando \u00e0 Saulzet le 15 f\u00e9vrier 2024\"             data-bwg=\"4\">                        <div class=\"bwg-item0 lazy_loader\">              <div class=\"bwg-item1 \">                <div class=\"bwg-item2\">                  <img decoding=\"async\" class=\"skip-lazy  bwg_lazyload \"                       data-width=\"500.00\"                       data-height=\"375.00\"                       data-src=\"http:\/\/vichyrando.org\/wp-content\/uploads\/photo-gallery\/thumb\/2024-02-15-Saulzet02.jpg?bwg=1708076546\"                       src=\"http:\/\/vichyrando.org\/wp-content\/plugins\/photo-gallery\/images\/lazy_placeholder.gif\"                       alt=\"Mini rando \u00e0 Saulzet le 15 f\u00e9vrier 2024\"                       title=\"Mini rando \u00e0 Saulzet le 15 f\u00e9vrier 2024\" \/>                <\/div>                <div class=\"\">                                  <\/div>              <\/div>            <\/div>            <div class=\"bwg-title1\"><div class=\"bwg-title2\">Mini rando \u00e0 Saulzet le 15 f\u00e9vrier 2024<\/div><\/div>          <\/a>        <\/div>                <div class=\"bwg-item\">          <a class=\"bwg-a bwg-album bwg_album_4\"             href='\/index.php?rest_route=%2Fwp%2Fv2%2Fpages%2F3786&#038;type_4=gallery&#038;album_gallery_id_4=728'                          data-container_id=\"bwg_album_compact_4\"             data-def_type=\"gallery\"             data-album_gallery_id=\"49\"             data-alb_gal_id=\"728\"             data-title=\"Rando journ\u00e9e \u00e0 Ebreuil le 15 f\u00e9vrier 2024\"             data-bwg=\"4\">                        <div class=\"bwg-item0 lazy_loader\">              <div class=\"bwg-item1 \">                <div class=\"bwg-item2\">                  <img decoding=\"async\" class=\"skip-lazy  bwg_lazyload \"                       data-width=\"500.00\"                       data-height=\"232.00\"                       data-src=\"http:\/\/vichyrando.org\/wp-content\/uploads\/photo-gallery\/thumb\/2024-02-15-Ebreuil04.jpg?bwg=1708207037\"                       src=\"http:\/\/vichyrando.org\/wp-content\/plugins\/photo-gallery\/images\/lazy_placeholder.gif\"                       alt=\"Rando journ\u00e9e \u00e0 Ebreuil le 15 f\u00e9vrier 2024\"                       title=\"Rando journ\u00e9e \u00e0 Ebreuil le 15 f\u00e9vrier 2024\" \/>                <\/div>                <div class=\"\">                                  <\/div>              <\/div>            <\/div>            <div class=\"bwg-title1\"><div class=\"bwg-title2\">Rando journ\u00e9e \u00e0 Ebreuil le 15 f\u00e9vrier 2024<\/div><\/div>          <\/a>        <\/div>                <div class=\"bwg-item\">          <a class=\"bwg-a bwg-album bwg_album_4\"             href='\/index.php?rest_route=%2Fwp%2Fv2%2Fpages%2F3786&#038;type_4=gallery&#038;album_gallery_id_4=729'                          data-container_id=\"bwg_album_compact_4\"             data-def_type=\"gallery\"             data-album_gallery_id=\"49\"             data-alb_gal_id=\"729\"             data-title=\"Rando sant\u00e9 \u00e0 St Germain des Foss\u00e9s le 19 f\u00e9vrier 2024\"             data-bwg=\"4\">                        <div class=\"bwg-item0 lazy_loader\">              <div class=\"bwg-item1 \">                <div class=\"bwg-item2\">                  <img decoding=\"async\" class=\"skip-lazy  bwg_lazyload \"                       data-width=\"500.00\"                       data-height=\"333.00\"                       data-src=\"http:\/\/vichyrando.org\/wp-content\/uploads\/photo-gallery\/thumb\/2024-02-19-St-Germain01.jpg?bwg=1708380200\"                       src=\"http:\/\/vichyrando.org\/wp-content\/plugins\/photo-gallery\/images\/lazy_placeholder.gif\"                       alt=\"Rando sant\u00e9 \u00e0 St Germain des Foss\u00e9s le 19 f\u00e9vrier 2024\"                       title=\"Rando sant\u00e9 \u00e0 St Germain des Foss\u00e9s le 19 f\u00e9vrier 2024\" \/>                <\/div>                <div class=\"\">                                  <\/div>              <\/div>            <\/div>            <div class=\"bwg-title1\"><div class=\"bwg-title2\">Rando sant\u00e9 \u00e0 St Germain des Foss\u00e9s le 19 f\u00e9vrier 2024<\/div><\/div>          <\/a>        <\/div>                <div class=\"bwg-item\">          <a class=\"bwg-a bwg-album bwg_album_4\"             href='\/index.php?rest_route=%2Fwp%2Fv2%2Fpages%2F3786&#038;type_4=gallery&#038;album_gallery_id_4=730'                          data-container_id=\"bwg_album_compact_4\"             data-def_type=\"gallery\"             data-album_gallery_id=\"49\"             data-alb_gal_id=\"730\"             data-title=\"Journ\u00e9e marche sportive \u00e0 Nizerolles le 20 f\u00e9vrier 2024\"             data-bwg=\"4\">                        <div class=\"bwg-item0 lazy_loader\">              <div class=\"bwg-item1 \">                <div class=\"bwg-item2\">                  <img decoding=\"async\" class=\"skip-lazy  bwg_lazyload \"                       data-width=\"500.00\"                       data-height=\"375.00\"                       data-src=\"http:\/\/vichyrando.org\/wp-content\/uploads\/photo-gallery\/thumb\/2024-02-20-Nizerolles10.jpg?bwg=1708506003\"                       src=\"http:\/\/vichyrando.org\/wp-content\/plugins\/photo-gallery\/images\/lazy_placeholder.gif\"                       alt=\"Journ\u00e9e marche sportive \u00e0 Nizerolles le 20 f\u00e9vrier 2024\"                       title=\"Journ\u00e9e marche sportive \u00e0 Nizerolles le 20 f\u00e9vrier 2024\" \/>                <\/div>                <div class=\"\">                                  <\/div>              <\/div>            <\/div>            <div class=\"bwg-title1\"><div class=\"bwg-title2\">Journ\u00e9e marche sportive \u00e0 Nizerolles le 20 f\u00e9vrier 2024<\/div><\/div>          <\/a>        <\/div>                <div class=\"bwg-item\">          <a class=\"bwg-a bwg-album bwg_album_4\"             href='\/index.php?rest_route=%2Fwp%2Fv2%2Fpages%2F3786&#038;type_4=gallery&#038;album_gallery_id_4=731'                          data-container_id=\"bwg_album_compact_4\"             data-def_type=\"gallery\"             data-album_gallery_id=\"49\"             data-alb_gal_id=\"731\"             data-title=\"Rando cool multi g\u00e9n\u00e9rationnelle \u00e0 St Germain des Foss\u00e9s le 20 f\u00e9vrier 2024\"             data-bwg=\"4\">                        <div class=\"bwg-item0 lazy_loader\">              <div class=\"bwg-item1 \">                <div class=\"bwg-item2\">                  <img decoding=\"async\" class=\"skip-lazy  bwg_lazyload \"                       data-width=\"500.00\"                       data-height=\"281.00\"                       data-src=\"http:\/\/vichyrando.org\/wp-content\/uploads\/photo-gallery\/thumb\/2024-02-20-StGermain06.jpg?bwg=1708598576\"                       src=\"http:\/\/vichyrando.org\/wp-content\/plugins\/photo-gallery\/images\/lazy_placeholder.gif\"                       alt=\"Rando cool multi g\u00e9n\u00e9rationnelle \u00e0 St Germain des Foss\u00e9s le 20 f\u00e9vrier 2024\"                       title=\"Rando cool multi g\u00e9n\u00e9rationnelle \u00e0 St Germain des Foss\u00e9s le 20 f\u00e9vrier 2024\" \/>                <\/div>                <div class=\"\">                                  <\/div>              <\/div>            <\/div>            <div class=\"bwg-title1\"><div class=\"bwg-title2\">Rando cool multi g\u00e9n\u00e9rationnelle \u00e0 St Germain des Foss\u00e9s le 20 f\u00e9vrier 2024<\/div><\/div>          <\/a>        <\/div>                <div class=\"bwg-item\">          <a class=\"bwg-a bwg-album bwg_album_4\"             href='\/index.php?rest_route=%2Fwp%2Fv2%2Fpages%2F3786&#038;type_4=gallery&#038;album_gallery_id_4=732'                          data-container_id=\"bwg_album_compact_4\"             data-def_type=\"gallery\"             data-album_gallery_id=\"49\"             data-alb_gal_id=\"732\"             data-title=\"Mini rando \u00e0 Molles le 22 f\u00e9vrier 2024\"             data-bwg=\"4\">                        <div class=\"bwg-item0 lazy_loader\">              <div class=\"bwg-item1 \">                <div class=\"bwg-item2\">                  <img decoding=\"async\" class=\"skip-lazy  bwg_lazyload \"                       data-width=\"500.00\"                       data-height=\"500.00\"                       data-src=\"http:\/\/vichyrando.org\/wp-content\/uploads\/photo-gallery\/thumb\/2024-02-22-Molles07.jpg?bwg=1708642610\"                       src=\"http:\/\/vichyrando.org\/wp-content\/plugins\/photo-gallery\/images\/lazy_placeholder.gif\"                       alt=\"Mini rando \u00e0 Molles le 22 f\u00e9vrier 2024\"                       title=\"Mini rando \u00e0 Molles le 22 f\u00e9vrier 2024\" \/>                <\/div>                <div class=\"\">                                  <\/div>              <\/div>            <\/div>            <div class=\"bwg-title1\"><div class=\"bwg-title2\">Mini rando \u00e0 Molles le 22 f\u00e9vrier 2024<\/div><\/div>          <\/a>        <\/div>                <div class=\"bwg-item\">          <a class=\"bwg-a bwg-album bwg_album_4\"             href='\/index.php?rest_route=%2Fwp%2Fv2%2Fpages%2F3786&#038;type_4=gallery&#038;album_gallery_id_4=733'                          data-container_id=\"bwg_album_compact_4\"             data-def_type=\"gallery\"             data-album_gallery_id=\"49\"             data-alb_gal_id=\"733\"             data-title=\"Marche nordique \u00e0 Creuzier le Vieux le 24 f\u00e9vrier 2024\"             data-bwg=\"4\">                        <div class=\"bwg-item0 lazy_loader\">              <div class=\"bwg-item1 \">                <div class=\"bwg-item2\">                  <img decoding=\"async\" class=\"skip-lazy  bwg_lazyload \"                       data-width=\"500.00\"                       data-height=\"245.00\"                       data-src=\"http:\/\/vichyrando.org\/wp-content\/uploads\/photo-gallery\/thumb\/2024-02-24-Creuzier01.jpg?bwg=1708794668\"                       src=\"http:\/\/vichyrando.org\/wp-content\/plugins\/photo-gallery\/images\/lazy_placeholder.gif\"                       alt=\"Marche nordique \u00e0 Creuzier le Vieux le 24 f\u00e9vrier 2024\"                       title=\"Marche nordique \u00e0 Creuzier le Vieux le 24 f\u00e9vrier 2024\" \/>                <\/div>                <div class=\"\">                                  <\/div>              <\/div>            <\/div>            <div class=\"bwg-title1\"><div class=\"bwg-title2\">Marche nordique \u00e0 Creuzier le Vieux le 24 f\u00e9vrier 2024<\/div><\/div>          <\/a>        <\/div>                <div class=\"bwg-item\">          <a class=\"bwg-a bwg-album bwg_album_4\"             href='\/index.php?rest_route=%2Fwp%2Fv2%2Fpages%2F3786&#038;type_4=gallery&#038;album_gallery_id_4=734'                          data-container_id=\"bwg_album_compact_4\"             data-def_type=\"gallery\"             data-album_gallery_id=\"49\"             data-alb_gal_id=\"734\"             data-title=\"Rando sant\u00e9 \u00e0 Bellerive\/Allier le 26 f\u00e9vrier 2024\"             data-bwg=\"4\">                        <div class=\"bwg-item0 lazy_loader\">              <div class=\"bwg-item1 \">                <div class=\"bwg-item2\">                  <img decoding=\"async\" class=\"skip-lazy  bwg_lazyload \"                       data-width=\"500.00\"                       data-height=\"315.00\"                       data-src=\"http:\/\/vichyrando.org\/wp-content\/uploads\/photo-gallery\/thumb\/2024-02-26-Bellerive08.jpg?bwg=1708978355\"                       src=\"http:\/\/vichyrando.org\/wp-content\/plugins\/photo-gallery\/images\/lazy_placeholder.gif\"                       alt=\"Rando sant\u00e9 \u00e0 Bellerive\/Allier le 26 f\u00e9vrier 2024\"                       title=\"Rando sant\u00e9 \u00e0 Bellerive\/Allier le 26 f\u00e9vrier 2024\" \/>                <\/div>                <div class=\"\">                                  <\/div>              <\/div>            <\/div>            <div class=\"bwg-title1\"><div class=\"bwg-title2\">Rando sant\u00e9 \u00e0 Bellerive\/Allier le 26 f\u00e9vrier 2024<\/div><\/div>          <\/a>        <\/div>                <div class=\"bwg-item\">          <a class=\"bwg-a bwg-album bwg_album_4\"             href='\/index.php?rest_route=%2Fwp%2Fv2%2Fpages%2F3786&#038;type_4=gallery&#038;album_gallery_id_4=735'                          data-container_id=\"bwg_album_compact_4\"             data-def_type=\"gallery\"             data-album_gallery_id=\"49\"             data-alb_gal_id=\"735\"             data-title=\"Journ\u00e9e marche sportive \u00e0 St Germain de Salles le 27 f\u00e9vrier 2024\"             data-bwg=\"4\">                        <div class=\"bwg-item0 lazy_loader\">              <div class=\"bwg-item1 \">                <div class=\"bwg-item2\">                  <img decoding=\"async\" class=\"skip-lazy  bwg_lazyload \"                       data-width=\"500.00\"                       data-height=\"375.00\"                       data-src=\"http:\/\/vichyrando.org\/wp-content\/uploads\/photo-gallery\/thumb\/2024-02-27-StGermaindeS02.jpg?bwg=1709118621\"                       src=\"http:\/\/vichyrando.org\/wp-content\/plugins\/photo-gallery\/images\/lazy_placeholder.gif\"                       alt=\"Journ\u00e9e marche sportive \u00e0 St Germain de Salles le 27 f\u00e9vrier 2024\"                       title=\"Journ\u00e9e marche sportive \u00e0 St Germain de Salles le 27 f\u00e9vrier 2024\" \/>                <\/div>                <div class=\"\">                                  <\/div>              <\/div>            <\/div>            <div class=\"bwg-title1\"><div class=\"bwg-title2\">Journ\u00e9e marche sportive \u00e0 St Germain de Salles le 27 f\u00e9vrier 2024<\/div><\/div>          <\/a>        <\/div>                <div class=\"bwg-item\">          <a class=\"bwg-a bwg-album bwg_album_4\"             href='\/index.php?rest_route=%2Fwp%2Fv2%2Fpages%2F3786&#038;type_4=gallery&#038;album_gallery_id_4=736'                          data-container_id=\"bwg_album_compact_4\"             data-def_type=\"gallery\"             data-album_gallery_id=\"49\"             data-alb_gal_id=\"736\"             data-title=\"Rando 1\/2 journ\u00e9e \u00e0 St Cl\u00e9ment le 27 f\u00e9vrier 2024\"             data-bwg=\"4\">                        <div class=\"bwg-item0 lazy_loader\">              <div class=\"bwg-item1 \">                <div class=\"bwg-item2\">                  <img decoding=\"async\" class=\"skip-lazy  bwg_lazyload \"                       data-width=\"500.00\"                       data-height=\"243.00\"                       data-src=\"http:\/\/vichyrando.org\/wp-content\/uploads\/photo-gallery\/thumb\/2024-02-27-StClement17.jpg?bwg=1709126935\"                       src=\"http:\/\/vichyrando.org\/wp-content\/plugins\/photo-gallery\/images\/lazy_placeholder.gif\"                       alt=\"Rando 1\/2 journ\u00e9e \u00e0 St Cl\u00e9ment le 27 f\u00e9vrier 2024\"                       title=\"Rando 1\/2 journ\u00e9e \u00e0 St Cl\u00e9ment le 27 f\u00e9vrier 2024\" \/>                <\/div>                <div class=\"\">                                  <\/div>              <\/div>            <\/div>            <div class=\"bwg-title1\"><div class=\"bwg-title2\">Rando 1\/2 journ\u00e9e \u00e0 St Cl\u00e9ment le 27 f\u00e9vrier 2024<\/div><\/div>          <\/a>        <\/div>                <div class=\"bwg-item\">          <a class=\"bwg-a bwg-album bwg_album_4\"             href='\/index.php?rest_route=%2Fwp%2Fv2%2Fpages%2F3786&#038;type_4=gallery&#038;album_gallery_id_4=737'                          data-container_id=\"bwg_album_compact_4\"             data-def_type=\"gallery\"             data-album_gallery_id=\"49\"             data-alb_gal_id=\"737\"             data-title=\"Mini rando \u00e0 Isserpent le 29 f\u00e9vrier 2024\"             data-bwg=\"4\">                        <div class=\"bwg-item0 lazy_loader\">              <div class=\"bwg-item1 \">                <div class=\"bwg-item2\">                  <img decoding=\"async\" class=\"skip-lazy  bwg_lazyload \"                       data-width=\"500.00\"                       data-height=\"375.00\"                       data-src=\"http:\/\/vichyrando.org\/wp-content\/uploads\/photo-gallery\/thumb\/2024-02-29-Isserpent06.jpg?bwg=1709230383\"                       src=\"http:\/\/vichyrando.org\/wp-content\/plugins\/photo-gallery\/images\/lazy_placeholder.gif\"                       alt=\"Mini rando \u00e0 Isserpent le 29 f\u00e9vrier 2024\"                       title=\"Mini rando \u00e0 Isserpent le 29 f\u00e9vrier 2024\" \/>                <\/div>                <div class=\"\">                                  <\/div>              <\/div>            <\/div>            <div class=\"bwg-title1\"><div class=\"bwg-title2\">Mini rando \u00e0 Isserpent le 29 f\u00e9vrier 2024<\/div><\/div>          <\/a>        <\/div>                <div class=\"bwg-item\">          <a class=\"bwg-a bwg-album bwg_album_4\"             href='\/index.php?rest_route=%2Fwp%2Fv2%2Fpages%2F3786&#038;type_4=gallery&#038;album_gallery_id_4=738'                          data-container_id=\"bwg_album_compact_4\"             data-def_type=\"gallery\"             data-album_gallery_id=\"49\"             data-alb_gal_id=\"738\"             data-title=\"Rando 1\/2 journ\u00e9e \u00e0 Effiat (63) le 29 f\u00e9vrier 2024\"             data-bwg=\"4\">                        <div class=\"bwg-item0 lazy_loader\">              <div class=\"bwg-item1 \">                <div class=\"bwg-item2\">                  <img decoding=\"async\" class=\"skip-lazy  bwg_lazyload \"                       data-width=\"500.00\"                       data-height=\"333.00\"                       data-src=\"http:\/\/vichyrando.org\/wp-content\/uploads\/photo-gallery\/thumb\/2024-02-29-Effiat02.jpg?bwg=1709402369\"                       src=\"http:\/\/vichyrando.org\/wp-content\/plugins\/photo-gallery\/images\/lazy_placeholder.gif\"                       alt=\"Rando 1\/2 journ\u00e9e \u00e0 Effiat (63) le 29 f\u00e9vrier 2024\"                       title=\"Rando 1\/2 journ\u00e9e \u00e0 Effiat (63) le 29 f\u00e9vrier 2024\" \/>                <\/div>                <div class=\"\">                                  <\/div>              <\/div>            <\/div>            <div class=\"bwg-title1\"><div class=\"bwg-title2\">Rando 1\/2 journ\u00e9e \u00e0 Effiat (63) le 29 f\u00e9vrier 2024<\/div><\/div>          <\/a>        <\/div>            <\/div>          <input type=\"hidden\" id=\"bwg_album_breadcrumb_4\" name=\"bwg_album_breadcrumb_4\" value='[{&quot;id&quot;:&quot;49&quot;,&quot;page&quot;:1}]' \/>    <style>      \/*pagination styles*\/      #bwg_container1_4 #bwg_container2_4 .tablenav-pages_4 {\t\t\t\ttext-align: center;\t\t\t\tfont-size: 12px;\t\t\t\tfont-family: Ubuntu;\t\t\t\tfont-weight: bold;\t\t\t\tcolor: #666666;\t\t\t\tmargin: 6px 0 4px;\t\t\t\tdisplay: block;      }      @media only screen and (max-width : 320px) {      #bwg_container1_4 #bwg_container2_4 .displaying-num_4 {     \t display: none;      }      }      #bwg_container1_4 #bwg_container2_4 .displaying-num_4 {\t\t\t\tfont-size: 12px;\t\t\t\tfont-family: Ubuntu;\t\t\t\tfont-weight: bold;\t\t\t\tcolor: #666666;\t\t\t\tmargin-right: 10px;\t\t\t\tvertical-align: middle;      }      #bwg_container1_4 #bwg_container2_4 .paging-input_4 {\t\t\t\tfont-size: 12px;\t\t\t\tfont-family: Ubuntu;\t\t\t\tfont-weight: bold;\t\t\t\tcolor: #666666;\t\t\t\tvertical-align: middle;      }      #bwg_container1_4 #bwg_container2_4 .tablenav-pages_4 a.disabled,      #bwg_container1_4 #bwg_container2_4 .tablenav-pages_4 a.disabled:hover,      #bwg_container1_4 #bwg_container2_4 .tablenav-pages_4 a.disabled:focus,\t\t\t#bwg_container1_4 #bwg_container2_4 .tablenav-pages_4 input.bwg_current_page {\t\t\t\tcursor: default;\t\t\t\tcolor: rgba(102, 102, 102, 0.5);      }      #bwg_container1_4 #bwg_container2_4 .tablenav-pages_4 a,      #bwg_container1_4 #bwg_container2_4 .tablenav-pages_4 input.bwg_current_page {\t\t\t\tcursor: pointer;\t\t\t\ttext-align: center;\t\t\t\tfont-size: 12px;\t\t\t\tfont-family: Ubuntu;\t\t\t\tfont-weight: bold;\t\t\t\tcolor: #666666;\t\t\t\ttext-decoration: none;\t\t\t\tpadding: 3px 6px;\t\t\t\tmargin: 0;\t\t\t\tborder-radius: 0;\t\t\t\tborder-style: solid;\t\t\t\tborder-width: 1px;\t\t\t\tborder-color: #E3E3E3;\t\t\t\t\t\t\t\tbackground-color: rgba(255, 255, 255, 1.00);\t\t\t\tbox-shadow: 0;\t\t\t\ttransition: all 0.3s ease 0s;-webkit-transition: all 0.3s ease 0s;      }      <\/style>      <span class=\"bwg_nav_cont_4\">              <div class=\"tablenav-pages_4\">                  <\/div>                <input type=\"hidden\" id=\"page_number_4\" name=\"page_number_4\" value=\"1\" \/>      <script type=\"text\/javascript\">        if( jQuery('.bwg_nav_cont_4').length > 1 ) {          jQuery('.bwg_nav_cont_4').first().remove()        }        function spider_page_4(cur, x, y, load_more) {          if (typeof load_more == \"undefined\") {            var load_more = false;          }          if (jQuery(cur).hasClass('disabled')) {            return false;          }          var items_county_4 = 1;          switch (y) {            case 1:              if (x >= items_county_4) {                document.getElementById('page_number_4').value = items_county_4;              }              else {                document.getElementById('page_number_4').value = x + 1;              }              break;            case 2:              document.getElementById('page_number_4').value = items_county_4;              break;            case -1:              if (x == 1) {                document.getElementById('page_number_4').value = 1;              }              else {                document.getElementById('page_number_4').value = x - 1;              }              break;            case -2:              document.getElementById('page_number_4').value = 1;              break;\t\t\t\t\t\tcase 0:              document.getElementById('page_number_4').value = x;              break;            default:              document.getElementById('page_number_4').value = 1;          }          bwg_ajax('gal_front_form_4', '4', 'bwg_album_compact_4', '49', '', 'album', 0, '', '', load_more, '', 1);        }                    jQuery('.first-page-4').on('click', function () {              spider_page_4(this, 1, -2, 'numeric');              return false;            });            jQuery('.prev-page-4').on('click', function () {              spider_page_4(this, 1, -1, 'numeric');              return false;            });            jQuery('.next-page-4').on('click', function () {              spider_page_4(this, 1, 1, 'numeric');              return false;            });            jQuery('.last-page-4').on('click', function () {              spider_page_4(this, 1, 2, 'numeric');              return false;            });        \t\t\t\t\/* Change page on input enter. *\/        function bwg_change_page_4( e, that ) {          if (  e.key == 'Enter' ) {            var to_page = parseInt(jQuery(that).val());            var pages_count = jQuery(that).parents(\".pagination-links\").data(\"pages-count\");            var current_url_param = jQuery(that).attr('data-url-info');            if (to_page > pages_count) {              to_page = 1;            }\t \t\t\t\t\t\t\t\t\t\t\t\tspider_page_4(this, to_page, 0, 'numeric');\t\t\t\t\t\t\treturn false;\t\t\t\t\t\t          }          return true;        }        jQuery('.bwg_load_btn_4').on('click', function () {            spider_page_4(this, 1, 1, true);            return false;        });      <\/script>      <\/span>                <\/div>        <\/form>        <style>          #bwg_container1_4 #bwg_container2_4 #spider_popup_overlay_4 {          background-color: #EEEEEE;          opacity: 0.60;          }          <\/style>        <div id=\"bwg_spider_popup_loading_4\" class=\"bwg_spider_popup_loading\"><\/div>        <div id=\"spider_popup_overlay_4\" class=\"spider_popup_overlay\" onclick=\"spider_destroypopup(1000)\"><\/div>        <input type=\"hidden\" id=\"bwg_random_seed_4\" value=\"1069623810\">                <\/div>    <\/div>    <script>      if (document.readyState === 'complete') {        if( typeof bwg_main_ready == 'function' ) {          if ( jQuery(\"#bwg_container1_4\").height() ) {            bwg_main_ready(jQuery(\"#bwg_container1_4\"));          }        }      } else {        document.addEventListener('DOMContentLoaded', function() {          if( typeof bwg_main_ready == 'function' ) {            if ( jQuery(\"#bwg_container1_4\").height() ) {             bwg_main_ready(jQuery(\"#bwg_container1_4\"));            }          }        });      }    <\/script>    \t\t<\/div>\n\t\t\t\t<\/div>\n\t\t\t\t\t<\/div>\n\t\t<\/div>\n\t\t\t\t\t<\/div>\n\t\t<\/section>\n\t\t\t\t<section class=\"elementor-section elementor-top-section elementor-element elementor-element-663dca6 elementor-section-boxed elementor-section-height-default elementor-section-height-default\" data-id=\"663dca6\" data-element_type=\"section\">\n\t\t\t\t\t\t<div class=\"elementor-container elementor-column-gap-default\">\n\t\t\t\t\t<div class=\"elementor-column elementor-col-100 elementor-top-column elementor-element elementor-element-e5f685b\" data-id=\"e5f685b\" data-element_type=\"column\">\n\t\t\t<div class=\"elementor-widget-wrap elementor-element-populated\">\n\t\t\t\t\t\t<div class=\"elementor-element elementor-element-681ef27 elementor-widget elementor-widget-bwg-elementor\" data-id=\"681ef27\" data-element_type=\"widget\" data-widget_type=\"bwg-elementor.default\">\n\t\t\t\t<div class=\"elementor-widget-container\">\n\t\t\t<style id=\"bwg-style-5\">    #bwg_container1_5 #bwg_container2_5 .bwg-container-5.bwg-album-thumbnails {    width: 1254px;    justify-content: center;            justify-content: center;        margin:0 auto !important;          background-color: rgba(255, 255, 255, 0.00);          padding-left: 4px;      padding-top: 4px;      max-width: 100%;          }        #bwg_container1_5 #bwg_container2_5 .bwg-container-5.bwg-album-thumbnails .bwg-item {    justify-content: flex-start;    max-width: 250px;        }    #bwg_container1_5 #bwg_container2_5 .bwg-container-5.bwg-album-thumbnails .bwg-item a {      margin-right: 4px;      margin-bottom: 4px;    }    #bwg_container1_5 #bwg_container2_5 .bwg-container-5.bwg-album-thumbnails .bwg-item0 {      padding: 0px;            background-color:rgba(0,0,0, 0.30);      border: 0px none #CCCCCC;      opacity: 1.00;      border-radius: 0;      box-shadow: 0px 0px 0px #888888;    }    #bwg_container1_5 #bwg_container2_5 .bwg-container-5.bwg-album-thumbnails .bwg-item1 img {      max-height: none;      max-width: none;      padding: 0 !important;    }          @media only screen and (min-width: 480px) {      #bwg_container1_5 #bwg_container2_5 .bwg-container-5.bwg-album-thumbnails .bwg-item1 img {      -webkit-transition: all .3s; transition: all .3s;      }      #bwg_container1_5 #bwg_container2_5 .bwg-container-5.bwg-album-thumbnails .bwg-item1 img:hover {        -ms-transform: scale(1.08);        -webkit-transform: scale(1.08);        transform: scale(1.08);      }            }          #bwg_container1_5 #bwg_container2_5 .bwg-container-5.bwg-album-thumbnails .bwg-item1 {      padding-top: 56%;    }        #bwg_container1_5 #bwg_container2_5 .bwg-container-5.bwg-album-thumbnails .bwg-title2 {      color: #323A45;      font-family: Ubuntu;      font-size: 16px;      font-weight: bold;      padding: 2px;      text-shadow: 0px 0px 0px #888888;      max-height: 100%;    }        #bwg_container1_5 #bwg_container2_5 .bwg-container-5.bwg-standard-thumbnails {      width: 1254px;              justify-content: center;        margin:0 auto !important;              background-color: rgba(255, 255, 255, 0.00);            padding-left: 4px;      padding-top: 4px;      max-width: 100%;            }        #bwg_container1_5 #bwg_container2_5 .bwg-container-5.bwg-standard-thumbnails .bwg-item {    justify-content: flex-start;      max-width: 250px;          }    #bwg_container1_5 #bwg_container2_5 .bwg-container-5.bwg-standard-thumbnails .bwg-item a {       margin-right: 4px;       margin-bottom: 4px;    }    #bwg_container1_5 #bwg_container2_5 .bwg-container-5.bwg-standard-thumbnails .bwg-item0 {      padding: 0px;            background-color:rgba(0,0,0, 0.30);      border: 0px none #CCCCCC;      opacity: 1.00;      border-radius: 0;      box-shadow: 0px 0px 0px #888888;    }    #bwg_container1_5 #bwg_container2_5 .bwg-container-5.bwg-standard-thumbnails .bwg-item1 img {      max-height: none;      max-width: none;      padding: 0 !important;    }         @media only screen and (min-width: 480px) {\t\t#bwg_container1_5 #bwg_container2_5 .bwg-container-5.bwg-standard-thumbnails .bwg-item1 img {\t\t\t-webkit-transition: all .3s; transition: all .3s;\t\t}\t\t#bwg_container1_5 #bwg_container2_5 .bwg-container-5.bwg-standard-thumbnails .bwg-item1 img:hover {\t\t\t-ms-transform: scale(1.08);\t\t\t-webkit-transform: scale(1.08);\t\t\ttransform: scale(1.08);\t\t}\t\t      }\t    #bwg_container1_5 #bwg_container2_5 .bwg-container-5.bwg-standard-thumbnails .bwg-item1 {      padding-top: 56%;    }        #bwg_container1_5 #bwg_container2_5 .bwg-container-5.bwg-standard-thumbnails .bwg-title2,    #bwg_container1_5 #bwg_container2_5 .bwg-container-5.bwg-standard-thumbnails .bwg-ecommerce2 {      color: #323A45;      font-family: Ubuntu;      font-size: 16px;      font-weight: bold;      padding: 2px;      text-shadow: 0px 0px 0px #888888;      max-height: 100%;    }    #bwg_container1_5 #bwg_container2_5 .bwg-container-5.bwg-standard-thumbnails .bwg-thumb-description span {    color: #323A45;    font-family: Ubuntu;    font-size: 12px;    max-height: 100%;    word-wrap: break-word;    }    #bwg_container1_5 #bwg_container2_5 .bwg-container-5.bwg-standard-thumbnails .bwg-play-icon2 {      font-size: 32px;    }    #bwg_container1_5 #bwg_container2_5 .bwg-container-5.bwg-standard-thumbnails .bwg-ecommerce2 {      font-size: 19.2px;      color: #323A45;    }    <\/style>    <div id=\"bwg_container1_5\"         class=\"bwg_container bwg_thumbnail bwg_album_compact_preview bwg_thumbnail\"         data-right-click-protection=\"0\"         data-bwg=\"5\"         data-scroll=\"0\"         data-gallery-type=\"album_compact_preview\"         data-gallery-view-type=\"thumbnail\"         data-current-url=\"\/index.php?rest_route=%2Fwp%2Fv2%2Fpages%2F3786\"         data-lightbox-url=\"http:\/\/vichyrando.org\/wp-admin\/admin-ajax.php?action=GalleryBox&#038;current_view=5&#038;gallery_id=0&#038;tag=0&#038;theme_id=1&#038;shortcode_id=878&#038;sort_by=order&#038;order_by=asc&#038;current_url=%2Findex.php%3Frest_route%3D%252Fwp%252Fv2%252Fpages%252F3786\"         data-gallery-id=\"0\"         data-popup-width=\"800\"         data-popup-height=\"500\"         data-is-album=\"album\"         data-buttons-position=\"bottom\">      <div id=\"bwg_container2_5\">             <div id=\"ajax_loading_5\" class=\"bwg_loading_div_1\">      <div class=\"bwg_loading_div_2\">        <div class=\"bwg_loading_div_3\">          <div id=\"loading_div_5\" class=\"bwg_spider_ajax_loading\">          <\/div>        <\/div>      <\/div>    <\/div>            <form id=\"gal_front_form_5\"              class=\"bwg-hidden\"              method=\"post\"              action=\"#\"              data-current=\"5\"              data-shortcode-id=\"878\"              data-gallery-type=\"album_compact_preview\"              data-gallery-id=\"0\"              data-tag=\"0\"              data-album-id=\"48\"              data-theme-id=\"1\"              data-ajax-url=\"http:\/\/vichyrando.org\/wp-admin\/admin-ajax.php?action=bwg_frontend_data\">          <div id=\"bwg_container3_5\" class=\"bwg-background bwg-background-5\">            <style>        #bwg_container1_5 #bwg_container2_5 .bwg_gal_title_5 {          display: block;          padding: 0 2px 2px 2px;          background-color: rgba(0, 0, 0, 0);          line-height: 20px;          font-family: Ubuntu;          font-size: 18px;          font-weight: bold;          color: #323A45;          text-shadow: 0px 0px 0px #888888;          text-align: center;        }        #bwg_container1_5 #bwg_container2_5 .bwg_gal_description_5 {          margin: 20px 0;          word-break: break-word;          text-align: justify;          font-size: 15px;          font-weight: unset;        }        <\/style>        <div class=\"bwg_gal_title_5\">Janvier 2024<\/div>            <div data-max-count=\"5\"         data-thumbnail-width=\"250\"         data-bwg=\"5\"         id=\"bwg_album_compact_5\"         class=\"bwg-thumbnails bwg-container bwg-container-5 bwg-album-thumbnails bwg_album_thumbnails_5\">              <div class=\"bwg-item\">          <a class=\"bwg-a bwg-album bwg_album_5\"             href='\/index.php?rest_route=%2Fwp%2Fv2%2Fpages%2F3786&#038;type_5=gallery&#038;album_gallery_id_5=691'                          data-container_id=\"bwg_album_compact_5\"             data-def_type=\"gallery\"             data-album_gallery_id=\"48\"             data-alb_gal_id=\"691\"             data-title=\"Rando cool \u00e0 Cusset Chassignol le 2 janvier 2024\"             data-bwg=\"5\">                        <div class=\"bwg-item0 lazy_loader\">              <div class=\"bwg-item1 \">                <div class=\"bwg-item2\">                  <img decoding=\"async\" class=\"skip-lazy  bwg_lazyload \"                       data-width=\"492.00\"                       data-height=\"500.00\"                       data-src=\"http:\/\/vichyrando.org\/wp-content\/uploads\/photo-gallery\/thumb\/2024-01-02-Cusset01.jpg?bwg=1704823941\"                       src=\"http:\/\/vichyrando.org\/wp-content\/plugins\/photo-gallery\/images\/lazy_placeholder.gif\"                       alt=\"Rando cool \u00e0 Cusset Chassignol le 2 janvier 2024\"                       title=\"Rando cool \u00e0 Cusset Chassignol le 2 janvier 2024\" \/>                <\/div>                <div class=\"\">                                  <\/div>              <\/div>            <\/div>            <div class=\"bwg-title1\"><div class=\"bwg-title2\">Rando cool \u00e0 Cusset Chassignol le 2 janvier 2024<\/div><\/div>          <\/a>        <\/div>                <div class=\"bwg-item\">          <a class=\"bwg-a bwg-album bwg_album_5\"             href='\/index.php?rest_route=%2Fwp%2Fv2%2Fpages%2F3786&#038;type_5=gallery&#038;album_gallery_id_5=692'                          data-container_id=\"bwg_album_compact_5\"             data-def_type=\"gallery\"             data-album_gallery_id=\"48\"             data-alb_gal_id=\"692\"             data-title=\"Min rando \u00e0 St Christophe le 4 janvier 2024\"             data-bwg=\"5\">                        <div class=\"bwg-item0 lazy_loader\">              <div class=\"bwg-item1 \">                <div class=\"bwg-item2\">                  <img decoding=\"async\" class=\"skip-lazy  bwg_lazyload \"                       data-width=\"500.00\"                       data-height=\"333.00\"                       data-src=\"http:\/\/vichyrando.org\/wp-content\/uploads\/photo-gallery\/thumb\/2024-01-04-StChristophe03.jpg?bwg=1704824054\"                       src=\"http:\/\/vichyrando.org\/wp-content\/plugins\/photo-gallery\/images\/lazy_placeholder.gif\"                       alt=\"Min rando \u00e0 St Christophe le 4 janvier 2024\"                       title=\"Min rando \u00e0 St Christophe le 4 janvier 2024\" \/>                <\/div>                <div class=\"\">                                  <\/div>              <\/div>            <\/div>            <div class=\"bwg-title1\"><div class=\"bwg-title2\">Min rando \u00e0 St Christophe le 4 janvier 2024<\/div><\/div>          <\/a>        <\/div>                <div class=\"bwg-item\">          <a class=\"bwg-a bwg-album bwg_album_5\"             href='\/index.php?rest_route=%2Fwp%2Fv2%2Fpages%2F3786&#038;type_5=gallery&#038;album_gallery_id_5=693'                          data-container_id=\"bwg_album_compact_5\"             data-def_type=\"gallery\"             data-album_gallery_id=\"48\"             data-alb_gal_id=\"693\"             data-title=\"Rando 1\/2 journ\u00e9e \u00e0 Bellerive\/Allier le 4 janvier 2024\"             data-bwg=\"5\">                        <div class=\"bwg-item0 lazy_loader\">              <div class=\"bwg-item1 \">                <div class=\"bwg-item2\">                  <img decoding=\"async\" class=\"skip-lazy  bwg_lazyload \"                       data-width=\"500.00\"                       data-height=\"383.00\"                       data-src=\"http:\/\/vichyrando.org\/wp-content\/uploads\/photo-gallery\/thumb\/2024-01-04-Bellerive02.jpg?bwg=1704824150\"                       src=\"http:\/\/vichyrando.org\/wp-content\/plugins\/photo-gallery\/images\/lazy_placeholder.gif\"                       alt=\"Rando 1\/2 journ\u00e9e \u00e0 Bellerive\/Allier le 4 janvier 2024\"                       title=\"Rando 1\/2 journ\u00e9e \u00e0 Bellerive\/Allier le 4 janvier 2024\" \/>                <\/div>                <div class=\"\">                                  <\/div>              <\/div>            <\/div>            <div class=\"bwg-title1\"><div class=\"bwg-title2\">Rando 1\/2 journ\u00e9e \u00e0 Bellerive\/Allier le 4 janvier 2024<\/div><\/div>          <\/a>        <\/div>                <div class=\"bwg-item\">          <a class=\"bwg-a bwg-album bwg_album_5\"             href='\/index.php?rest_route=%2Fwp%2Fv2%2Fpages%2F3786&#038;type_5=gallery&#038;album_gallery_id_5=694'                          data-container_id=\"bwg_album_compact_5\"             data-def_type=\"gallery\"             data-album_gallery_id=\"48\"             data-alb_gal_id=\"694\"             data-title=\"Marche nordique \u00e0 Bellerive\/Allier le 6 janvier 2024\"             data-bwg=\"5\">                        <div class=\"bwg-item0 lazy_loader\">              <div class=\"bwg-item1 \">                <div class=\"bwg-item2\">                  <img decoding=\"async\" class=\"skip-lazy  bwg_lazyload \"                       data-width=\"500.00\"                       data-height=\"375.00\"                       data-src=\"http:\/\/vichyrando.org\/wp-content\/uploads\/photo-gallery\/thumb\/2024-01-06-BelleriveMN02.jpg?bwg=1704824260\"                       src=\"http:\/\/vichyrando.org\/wp-content\/plugins\/photo-gallery\/images\/lazy_placeholder.gif\"                       alt=\"Marche nordique \u00e0 Bellerive\/Allier le 6 janvier 2024\"                       title=\"Marche nordique \u00e0 Bellerive\/Allier le 6 janvier 2024\" \/>                <\/div>                <div class=\"\">                                  <\/div>              <\/div>            <\/div>            <div class=\"bwg-title1\"><div class=\"bwg-title2\">Marche nordique \u00e0 Bellerive\/Allier le 6 janvier 2024<\/div><\/div>          <\/a>        <\/div>                <div class=\"bwg-item\">          <a class=\"bwg-a bwg-album bwg_album_5\"             href='\/index.php?rest_route=%2Fwp%2Fv2%2Fpages%2F3786&#038;type_5=gallery&#038;album_gallery_id_5=695'                          data-container_id=\"bwg_album_compact_5\"             data-def_type=\"gallery\"             data-album_gallery_id=\"48\"             data-alb_gal_id=\"695\"             data-title=\"Rando sant\u00e9 \u00e0 la Boire des carr\u00e9s le 8 janvier 2024\"             data-bwg=\"5\">                        <div class=\"bwg-item0 lazy_loader\">              <div class=\"bwg-item1 \">                <div class=\"bwg-item2\">                  <img decoding=\"async\" class=\"skip-lazy  bwg_lazyload \"                       data-width=\"500.00\"                       data-height=\"243.00\"                       data-src=\"http:\/\/vichyrando.org\/wp-content\/uploads\/photo-gallery\/thumb\/2024-01-08-BoireCarres04.jpg?bwg=1704892614\"                       src=\"http:\/\/vichyrando.org\/wp-content\/plugins\/photo-gallery\/images\/lazy_placeholder.gif\"                       alt=\"Rando sant\u00e9 \u00e0 la Boire des carr\u00e9s le 8 janvier 2024\"                       title=\"Rando sant\u00e9 \u00e0 la Boire des carr\u00e9s le 8 janvier 2024\" \/>                <\/div>                <div class=\"\">                                  <\/div>              <\/div>            <\/div>            <div class=\"bwg-title1\"><div class=\"bwg-title2\">Rando sant\u00e9 \u00e0 la Boire des carr\u00e9s le 8 janvier 2024<\/div><\/div>          <\/a>        <\/div>                <div class=\"bwg-item\">          <a class=\"bwg-a bwg-album bwg_album_5\"             href='\/index.php?rest_route=%2Fwp%2Fv2%2Fpages%2F3786&#038;type_5=gallery&#038;album_gallery_id_5=696'                          data-container_id=\"bwg_album_compact_5\"             data-def_type=\"gallery\"             data-album_gallery_id=\"48\"             data-alb_gal_id=\"696\"             data-title=\"Journ\u00e9e rando sportive \u00e0 Ussel d&#039;Allier le 9 janvier 2024\"             data-bwg=\"5\">                        <div class=\"bwg-item0 lazy_loader\">              <div class=\"bwg-item1 \">                <div class=\"bwg-item2\">                  <img decoding=\"async\" class=\"skip-lazy  bwg_lazyload \"                       data-width=\"500.00\"                       data-height=\"375.00\"                       data-src=\"http:\/\/vichyrando.org\/wp-content\/uploads\/photo-gallery\/thumb\/2024-01-09-Ussel14.jpg?bwg=1704968421\"                       src=\"http:\/\/vichyrando.org\/wp-content\/plugins\/photo-gallery\/images\/lazy_placeholder.gif\"                       alt=\"Journ\u00e9e rando sportive \u00e0 Ussel d&#039;Allier le 9 janvier 2024\"                       title=\"Journ\u00e9e rando sportive \u00e0 Ussel d&#039;Allier le 9 janvier 2024\" \/>                <\/div>                <div class=\"\">                                  <\/div>              <\/div>            <\/div>            <div class=\"bwg-title1\"><div class=\"bwg-title2\">Journ\u00e9e rando sportive \u00e0 Ussel d'Allier le 9 janvier 2024<\/div><\/div>          <\/a>        <\/div>                <div class=\"bwg-item\">          <a class=\"bwg-a bwg-album bwg_album_5\"             href='\/index.php?rest_route=%2Fwp%2Fv2%2Fpages%2F3786&#038;type_5=gallery&#038;album_gallery_id_5=697'                          data-container_id=\"bwg_album_compact_5\"             data-def_type=\"gallery\"             data-album_gallery_id=\"48\"             data-alb_gal_id=\"697\"             data-title=\"Rando cool \u00e0 Isserpent le 9 janvier 2024\"             data-bwg=\"5\">                        <div class=\"bwg-item0 lazy_loader\">              <div class=\"bwg-item1 \">                <div class=\"bwg-item2\">                  <img decoding=\"async\" class=\"skip-lazy  bwg_lazyload \"                       data-width=\"500.00\"                       data-height=\"333.00\"                       data-src=\"http:\/\/vichyrando.org\/wp-content\/uploads\/photo-gallery\/thumb\/2024-01-09-Isserpent01.jpg?bwg=1704968593\"                       src=\"http:\/\/vichyrando.org\/wp-content\/plugins\/photo-gallery\/images\/lazy_placeholder.gif\"                       alt=\"Rando cool \u00e0 Isserpent le 9 janvier 2024\"                       title=\"Rando cool \u00e0 Isserpent le 9 janvier 2024\" \/>                <\/div>                <div class=\"\">                                  <\/div>              <\/div>            <\/div>            <div class=\"bwg-title1\"><div class=\"bwg-title2\">Rando cool \u00e0 Isserpent le 9 janvier 2024<\/div><\/div>          <\/a>        <\/div>                <div class=\"bwg-item\">          <a class=\"bwg-a bwg-album bwg_album_5\"             href='\/index.php?rest_route=%2Fwp%2Fv2%2Fpages%2F3786&#038;type_5=gallery&#038;album_gallery_id_5=698'                          data-container_id=\"bwg_album_compact_5\"             data-def_type=\"gallery\"             data-album_gallery_id=\"48\"             data-alb_gal_id=\"698\"             data-title=\"Rando Neige \u00e0 la Loge des Gardes le 10 janvier 2024\"             data-bwg=\"5\">                        <div class=\"bwg-item0 lazy_loader\">              <div class=\"bwg-item1 \">                <div class=\"bwg-item2\">                  <img decoding=\"async\" class=\"skip-lazy  bwg_lazyload \"                       data-width=\"500.00\"                       data-height=\"375.00\"                       data-src=\"http:\/\/vichyrando.org\/wp-content\/uploads\/photo-gallery\/thumb\/2024-01-10-La-loge02.jpg?bwg=1705098705\"                       src=\"http:\/\/vichyrando.org\/wp-content\/plugins\/photo-gallery\/images\/lazy_placeholder.gif\"                       alt=\"Rando Neige \u00e0 la Loge des Gardes le 10 janvier 2024\"                       title=\"Rando Neige \u00e0 la Loge des Gardes le 10 janvier 2024\" \/>                <\/div>                <div class=\"\">                                  <\/div>              <\/div>            <\/div>            <div class=\"bwg-title1\"><div class=\"bwg-title2\">Rando Neige \u00e0 la Loge des Gardes le 10 janvier 2024<\/div><\/div>          <\/a>        <\/div>                <div class=\"bwg-item\">          <a class=\"bwg-a bwg-album bwg_album_5\"             href='\/index.php?rest_route=%2Fwp%2Fv2%2Fpages%2F3786&#038;type_5=gallery&#038;album_gallery_id_5=699'                          data-container_id=\"bwg_album_compact_5\"             data-def_type=\"gallery\"             data-album_gallery_id=\"48\"             data-alb_gal_id=\"699\"             data-title=\"Mini rando \u00e0 Ris (63) le 11 janvier 2024\"             data-bwg=\"5\">                        <div class=\"bwg-item0 lazy_loader\">              <div class=\"bwg-item1 \">                <div class=\"bwg-item2\">                  <img decoding=\"async\" class=\"skip-lazy  bwg_lazyload \"                       data-width=\"500.00\"                       data-height=\"281.00\"                       data-src=\"http:\/\/vichyrando.org\/wp-content\/uploads\/photo-gallery\/thumb\/2024-01-11-Ris14.jpg?bwg=1705098836\"                       src=\"http:\/\/vichyrando.org\/wp-content\/plugins\/photo-gallery\/images\/lazy_placeholder.gif\"                       alt=\"Mini rando \u00e0 Ris (63) le 11 janvier 2024\"                       title=\"Mini rando \u00e0 Ris (63) le 11 janvier 2024\" \/>                <\/div>                <div class=\"\">                                  <\/div>              <\/div>            <\/div>            <div class=\"bwg-title1\"><div class=\"bwg-title2\">Mini rando \u00e0 Ris (63) le 11 janvier 2024<\/div><\/div>          <\/a>        <\/div>                <div class=\"bwg-item\">          <a class=\"bwg-a bwg-album bwg_album_5\"             href='\/index.php?rest_route=%2Fwp%2Fv2%2Fpages%2F3786&#038;type_5=gallery&#038;album_gallery_id_5=700'                          data-container_id=\"bwg_album_compact_5\"             data-def_type=\"gallery\"             data-album_gallery_id=\"48\"             data-alb_gal_id=\"700\"             data-title=\"Rando 1\/2 journ\u00e9e \u00e0 Ferri\u00e8res\/Sichon le 11 janvier 2024\"             data-bwg=\"5\">                        <div class=\"bwg-item0 lazy_loader\">              <div class=\"bwg-item1 \">                <div class=\"bwg-item2\">                  <img decoding=\"async\" class=\"skip-lazy  bwg_lazyload \"                       data-width=\"500.00\"                       data-height=\"293.00\"                       data-src=\"http:\/\/vichyrando.org\/wp-content\/uploads\/photo-gallery\/thumb\/2024-01-11-Ferrieres01.jpg?bwg=1705098924\"                       src=\"http:\/\/vichyrando.org\/wp-content\/plugins\/photo-gallery\/images\/lazy_placeholder.gif\"                       alt=\"Rando 1\/2 journ\u00e9e \u00e0 Ferri\u00e8res\/Sichon le 11 janvier 2024\"                       title=\"Rando 1\/2 journ\u00e9e \u00e0 Ferri\u00e8res\/Sichon le 11 janvier 2024\" \/>                <\/div>                <div class=\"\">                                  <\/div>              <\/div>            <\/div>            <div class=\"bwg-title1\"><div class=\"bwg-title2\">Rando 1\/2 journ\u00e9e \u00e0 Ferri\u00e8res\/Sichon le 11 janvier 2024<\/div><\/div>          <\/a>        <\/div>                <div class=\"bwg-item\">          <a class=\"bwg-a bwg-album bwg_album_5\"             href='\/index.php?rest_route=%2Fwp%2Fv2%2Fpages%2F3786&#038;type_5=gallery&#038;album_gallery_id_5=701'                          data-container_id=\"bwg_album_compact_5\"             data-def_type=\"gallery\"             data-album_gallery_id=\"48\"             data-alb_gal_id=\"701\"             data-title=\"Rando Neige au Gu\u00e9 de la Chaux (42) le 12 janvier 2024\"             data-bwg=\"5\">                        <div class=\"bwg-item0 lazy_loader\">              <div class=\"bwg-item1 \">                <div class=\"bwg-item2\">                  <img decoding=\"async\" class=\"skip-lazy  bwg_lazyload \"                       data-width=\"500.00\"                       data-height=\"388.00\"                       data-src=\"http:\/\/vichyrando.org\/wp-content\/uploads\/photo-gallery\/thumb\/2024-01-12-GueChaux03.jpg?bwg=1705099008\"                       src=\"http:\/\/vichyrando.org\/wp-content\/plugins\/photo-gallery\/images\/lazy_placeholder.gif\"                       alt=\"Rando Neige au Gu\u00e9 de la Chaux (42) le 12 janvier 2024\"                       title=\"Rando Neige au Gu\u00e9 de la Chaux (42) le 12 janvier 2024\" \/>                <\/div>                <div class=\"\">                                  <\/div>              <\/div>            <\/div>            <div class=\"bwg-title1\"><div class=\"bwg-title2\">Rando Neige au Gu\u00e9 de la Chaux (42) le 12 janvier 2024<\/div><\/div>          <\/a>        <\/div>                <div class=\"bwg-item\">          <a class=\"bwg-a bwg-album bwg_album_5\"             href='\/index.php?rest_route=%2Fwp%2Fv2%2Fpages%2F3786&#038;type_5=gallery&#038;album_gallery_id_5=702'                          data-container_id=\"bwg_album_compact_5\"             data-def_type=\"gallery\"             data-album_gallery_id=\"48\"             data-alb_gal_id=\"702\"             data-title=\"Marche nordique \u00e0 St Germain des Foss\u00e9s le 13 janvier 2024\"             data-bwg=\"5\">                        <div class=\"bwg-item0 lazy_loader\">              <div class=\"bwg-item1 \">                <div class=\"bwg-item2\">                  <img decoding=\"async\" class=\"skip-lazy  bwg_lazyload \"                       data-width=\"500.00\"                       data-height=\"282.00\"                       data-src=\"http:\/\/vichyrando.org\/wp-content\/uploads\/photo-gallery\/thumb\/2024-01-13-StGermainMN01.jpg?bwg=1705858126\"                       src=\"http:\/\/vichyrando.org\/wp-content\/plugins\/photo-gallery\/images\/lazy_placeholder.gif\"                       alt=\"Marche nordique \u00e0 St Germain des Foss\u00e9s le 13 janvier 2024\"                       title=\"Marche nordique \u00e0 St Germain des Foss\u00e9s le 13 janvier 2024\" \/>                <\/div>                <div class=\"\">                                  <\/div>              <\/div>            <\/div>            <div class=\"bwg-title1\"><div class=\"bwg-title2\">Marche nordique \u00e0 St Germain des Foss\u00e9s le 13 janvier 2024<\/div><\/div>          <\/a>        <\/div>                <div class=\"bwg-item\">          <a class=\"bwg-a bwg-album bwg_album_5\"             href='\/index.php?rest_route=%2Fwp%2Fv2%2Fpages%2F3786&#038;type_5=gallery&#038;album_gallery_id_5=703'                          data-container_id=\"bwg_album_compact_5\"             data-def_type=\"gallery\"             data-album_gallery_id=\"48\"             data-alb_gal_id=\"703\"             data-title=\"Rando neige \u00e0 Lavoine le 14 janvier 2024\"             data-bwg=\"5\">                        <div class=\"bwg-item0 lazy_loader\">              <div class=\"bwg-item1 \">                <div class=\"bwg-item2\">                  <img decoding=\"async\" class=\"skip-lazy  bwg_lazyload \"                       data-width=\"500.00\"                       data-height=\"375.00\"                       data-src=\"http:\/\/vichyrando.org\/wp-content\/uploads\/photo-gallery\/thumb\/2024-01-14-Lavoine01.jpg?bwg=1705858205\"                       src=\"http:\/\/vichyrando.org\/wp-content\/plugins\/photo-gallery\/images\/lazy_placeholder.gif\"                       alt=\"Rando neige \u00e0 Lavoine le 14 janvier 2024\"                       title=\"Rando neige \u00e0 Lavoine le 14 janvier 2024\" \/>                <\/div>                <div class=\"\">                                  <\/div>              <\/div>            <\/div>            <div class=\"bwg-title1\"><div class=\"bwg-title2\">Rando neige \u00e0 Lavoine le 14 janvier 2024<\/div><\/div>          <\/a>        <\/div>                <div class=\"bwg-item\">          <a class=\"bwg-a bwg-album bwg_album_5\"             href='\/index.php?rest_route=%2Fwp%2Fv2%2Fpages%2F3786&#038;type_5=gallery&#038;album_gallery_id_5=704'                          data-container_id=\"bwg_album_compact_5\"             data-def_type=\"gallery\"             data-album_gallery_id=\"48\"             data-alb_gal_id=\"704\"             data-title=\"Mini rando \u00e0 Seuillet le 18 janvier 2024\"             data-bwg=\"5\">                        <div class=\"bwg-item0 lazy_loader\">              <div class=\"bwg-item1 \">                <div class=\"bwg-item2\">                  <img decoding=\"async\" class=\"skip-lazy  bwg_lazyload \"                       data-width=\"500.00\"                       data-height=\"375.00\"                       data-src=\"http:\/\/vichyrando.org\/wp-content\/uploads\/photo-gallery\/thumb\/2024-01-18-Seuillet02.jpg?bwg=1705858269\"                       src=\"http:\/\/vichyrando.org\/wp-content\/plugins\/photo-gallery\/images\/lazy_placeholder.gif\"                       alt=\"Mini rando \u00e0 Seuillet le 18 janvier 2024\"                       title=\"Mini rando \u00e0 Seuillet le 18 janvier 2024\" \/>                <\/div>                <div class=\"\">                                  <\/div>              <\/div>            <\/div>            <div class=\"bwg-title1\"><div class=\"bwg-title2\">Mini rando \u00e0 Seuillet le 18 janvier 2024<\/div><\/div>          <\/a>        <\/div>                <div class=\"bwg-item\">          <a class=\"bwg-a bwg-album bwg_album_5\"             href='\/index.php?rest_route=%2Fwp%2Fv2%2Fpages%2F3786&#038;type_5=gallery&#038;album_gallery_id_5=705'                          data-container_id=\"bwg_album_compact_5\"             data-def_type=\"gallery\"             data-album_gallery_id=\"48\"             data-alb_gal_id=\"705\"             data-title=\"Journ\u00e9e rando sportive \u00e0 Effiat (63) le 16 janvier 2024\"             data-bwg=\"5\">                        <div class=\"bwg-item0 lazy_loader\">              <div class=\"bwg-item1 \">                <div class=\"bwg-item2\">                  <img decoding=\"async\" class=\"skip-lazy  bwg_lazyload \"                       data-width=\"500.00\"                       data-height=\"375.00\"                       data-src=\"http:\/\/vichyrando.org\/wp-content\/uploads\/photo-gallery\/thumb\/2024-01-16-Effiat05.jpg?bwg=1705858345\"                       src=\"http:\/\/vichyrando.org\/wp-content\/plugins\/photo-gallery\/images\/lazy_placeholder.gif\"                       alt=\"Journ\u00e9e rando sportive \u00e0 Effiat (63) le 16 janvier 2024\"                       title=\"Journ\u00e9e rando sportive \u00e0 Effiat (63) le 16 janvier 2024\" \/>                <\/div>                <div class=\"\">                                  <\/div>              <\/div>            <\/div>            <div class=\"bwg-title1\"><div class=\"bwg-title2\">Journ\u00e9e rando sportive \u00e0 Effiat (63) le 16 janvier 2024<\/div><\/div>          <\/a>        <\/div>                <div class=\"bwg-item\">          <a class=\"bwg-a bwg-album bwg_album_5\"             href='\/index.php?rest_route=%2Fwp%2Fv2%2Fpages%2F3786&#038;type_5=gallery&#038;album_gallery_id_5=706'                          data-container_id=\"bwg_album_compact_5\"             data-def_type=\"gallery\"             data-album_gallery_id=\"48\"             data-alb_gal_id=\"706\"             data-title=\"Rando cool \u00e0 Creuzier le Vieux le 16 janvier 2024\"             data-bwg=\"5\">                        <div class=\"bwg-item0 lazy_loader\">              <div class=\"bwg-item1 \">                <div class=\"bwg-item2\">                  <img decoding=\"async\" class=\"skip-lazy  bwg_lazyload \"                       data-width=\"500.00\"                       data-height=\"281.00\"                       data-src=\"http:\/\/vichyrando.org\/wp-content\/uploads\/photo-gallery\/thumb\/2024-01-16-CreuzierV03.jpg?bwg=1705858464\"                       src=\"http:\/\/vichyrando.org\/wp-content\/plugins\/photo-gallery\/images\/lazy_placeholder.gif\"                       alt=\"Rando cool \u00e0 Creuzier le Vieux le 16 janvier 2024\"                       title=\"Rando cool \u00e0 Creuzier le Vieux le 16 janvier 2024\" \/>                <\/div>                <div class=\"\">                                  <\/div>              <\/div>            <\/div>            <div class=\"bwg-title1\"><div class=\"bwg-title2\">Rando cool \u00e0 Creuzier le Vieux le 16 janvier 2024<\/div><\/div>          <\/a>        <\/div>                <div class=\"bwg-item\">          <a class=\"bwg-a bwg-album bwg_album_5\"             href='\/index.php?rest_route=%2Fwp%2Fv2%2Fpages%2F3786&#038;type_5=gallery&#038;album_gallery_id_5=707'                          data-container_id=\"bwg_album_compact_5\"             data-def_type=\"gallery\"             data-album_gallery_id=\"48\"             data-alb_gal_id=\"707\"             data-title=\"Marche nordique \u00e0 Vendat le 20 janvier 2024\"             data-bwg=\"5\">                        <div class=\"bwg-item0 lazy_loader\">              <div class=\"bwg-item1 \">                <div class=\"bwg-item2\">                  <img decoding=\"async\" class=\"skip-lazy  bwg_lazyload \"                       data-width=\"500.00\"                       data-height=\"252.00\"                       data-src=\"http:\/\/vichyrando.org\/wp-content\/uploads\/photo-gallery\/thumb\/2024-01-20-VendatMN02.jpg?bwg=1705858558\"                       src=\"http:\/\/vichyrando.org\/wp-content\/plugins\/photo-gallery\/images\/lazy_placeholder.gif\"                       alt=\"Marche nordique \u00e0 Vendat le 20 janvier 2024\"                       title=\"Marche nordique \u00e0 Vendat le 20 janvier 2024\" \/>                <\/div>                <div class=\"\">                                  <\/div>              <\/div>            <\/div>            <div class=\"bwg-title1\"><div class=\"bwg-title2\">Marche nordique \u00e0 Vendat le 20 janvier 2024<\/div><\/div>          <\/a>        <\/div>                <div class=\"bwg-item\">          <a class=\"bwg-a bwg-album bwg_album_5\"             href='\/index.php?rest_route=%2Fwp%2Fv2%2Fpages%2F3786&#038;type_5=gallery&#038;album_gallery_id_5=708'                          data-container_id=\"bwg_album_compact_5\"             data-def_type=\"gallery\"             data-album_gallery_id=\"48\"             data-alb_gal_id=\"708\"             data-title=\"Rando sant\u00e9 \u00e0 la base nautique de St Germain des Foss\u00e9s le 22 janvier 2024\"             data-bwg=\"5\">                        <div class=\"bwg-item0 lazy_loader\">              <div class=\"bwg-item1 \">                <div class=\"bwg-item2\">                  <img decoding=\"async\" class=\"skip-lazy  bwg_lazyload \"                       data-width=\"500.00\"                       data-height=\"243.00\"                       data-src=\"http:\/\/vichyrando.org\/wp-content\/uploads\/photo-gallery\/thumb\/2024-01-22-StGermainRS01.jpg?bwg=1705929983\"                       src=\"http:\/\/vichyrando.org\/wp-content\/plugins\/photo-gallery\/images\/lazy_placeholder.gif\"                       alt=\"Rando sant\u00e9 \u00e0 la base nautique de St Germain des Foss\u00e9s le 22 janvier 2024\"                       title=\"Rando sant\u00e9 \u00e0 la base nautique de St Germain des Foss\u00e9s le 22 janvier 2024\" \/>                <\/div>                <div class=\"\">                                  <\/div>              <\/div>            <\/div>            <div class=\"bwg-title1\"><div class=\"bwg-title2\">Rando sant\u00e9 \u00e0 la base nautique de St Germain des Foss\u00e9s le 22 janvier 2024<\/div><\/div>          <\/a>        <\/div>                <div class=\"bwg-item\">          <a class=\"bwg-a bwg-album bwg_album_5\"             href='\/index.php?rest_route=%2Fwp%2Fv2%2Fpages%2F3786&#038;type_5=gallery&#038;album_gallery_id_5=711'                          data-container_id=\"bwg_album_compact_5\"             data-def_type=\"gallery\"             data-album_gallery_id=\"48\"             data-alb_gal_id=\"711\"             data-title=\"Soir\u00e9e galette des rois \u00e0 Vichy le 22 janvier 2024\"             data-bwg=\"5\">                        <div class=\"bwg-item0 lazy_loader\">              <div class=\"bwg-item1 \">                <div class=\"bwg-item2\">                  <img decoding=\"async\" class=\"skip-lazy  bwg_lazyload \"                       data-width=\"500.00\"                       data-height=\"333.00\"                       data-src=\"http:\/\/vichyrando.org\/wp-content\/uploads\/photo-gallery\/thumb\/2024-01-22-Galette02.jpg?bwg=1706116138\"                       src=\"http:\/\/vichyrando.org\/wp-content\/plugins\/photo-gallery\/images\/lazy_placeholder.gif\"                       alt=\"Soir\u00e9e galette des rois \u00e0 Vichy le 22 janvier 2024\"                       title=\"Soir\u00e9e galette des rois \u00e0 Vichy le 22 janvier 2024\" \/>                <\/div>                <div class=\"\">                                  <\/div>              <\/div>            <\/div>            <div class=\"bwg-title1\"><div class=\"bwg-title2\">Soir\u00e9e galette des rois \u00e0 Vichy le 22 janvier 2024<\/div><\/div>          <\/a>        <\/div>                <div class=\"bwg-item\">          <a class=\"bwg-a bwg-album bwg_album_5\"             href='\/index.php?rest_route=%2Fwp%2Fv2%2Fpages%2F3786&#038;type_5=gallery&#038;album_gallery_id_5=709'                          data-container_id=\"bwg_album_compact_5\"             data-def_type=\"gallery\"             data-album_gallery_id=\"48\"             data-alb_gal_id=\"709\"             data-title=\"Journ\u00e9e rando sportive \u00e0 La Chapelle le 23 janvier 2024\"             data-bwg=\"5\">                        <div class=\"bwg-item0 lazy_loader\">              <div class=\"bwg-item1 \">                <div class=\"bwg-item2\">                  <img decoding=\"async\" class=\"skip-lazy  bwg_lazyload \"                       data-width=\"500.00\"                       data-height=\"255.00\"                       data-src=\"http:\/\/vichyrando.org\/wp-content\/uploads\/photo-gallery\/thumb\/2024-01-23-La-Chapelle03.jpg?bwg=1706101650\"                       src=\"http:\/\/vichyrando.org\/wp-content\/plugins\/photo-gallery\/images\/lazy_placeholder.gif\"                       alt=\"Journ\u00e9e rando sportive \u00e0 La Chapelle le 23 janvier 2024\"                       title=\"Journ\u00e9e rando sportive \u00e0 La Chapelle le 23 janvier 2024\" \/>                <\/div>                <div class=\"\">                                  <\/div>              <\/div>            <\/div>            <div class=\"bwg-title1\"><div class=\"bwg-title2\">Journ\u00e9e rando sportive \u00e0 La Chapelle le 23 janvier 2024<\/div><\/div>          <\/a>        <\/div>                <div class=\"bwg-item\">          <a class=\"bwg-a bwg-album bwg_album_5\"             href='\/index.php?rest_route=%2Fwp%2Fv2%2Fpages%2F3786&#038;type_5=gallery&#038;album_gallery_id_5=710'                          data-container_id=\"bwg_album_compact_5\"             data-def_type=\"gallery\"             data-album_gallery_id=\"48\"             data-alb_gal_id=\"710\"             data-title=\"Rando cool \u00e0 St Didier la For\u00eat le 23 janvier 2024\"             data-bwg=\"5\">                        <div class=\"bwg-item0 lazy_loader\">              <div class=\"bwg-item1 \">                <div class=\"bwg-item2\">                  <img decoding=\"async\" class=\"skip-lazy  bwg_lazyload \"                       data-width=\"500.00\"                       data-height=\"281.00\"                       data-src=\"http:\/\/vichyrando.org\/wp-content\/uploads\/photo-gallery\/thumb\/2024-01-23-StDidier23.jpg?bwg=1706101748\"                       src=\"http:\/\/vichyrando.org\/wp-content\/plugins\/photo-gallery\/images\/lazy_placeholder.gif\"                       alt=\"Rando cool \u00e0 St Didier la For\u00eat le 23 janvier 2024\"                       title=\"Rando cool \u00e0 St Didier la For\u00eat le 23 janvier 2024\" \/>                <\/div>                <div class=\"\">                                  <\/div>              <\/div>            <\/div>            <div class=\"bwg-title1\"><div class=\"bwg-title2\">Rando cool \u00e0 St Didier la For\u00eat le 23 janvier 2024<\/div><\/div>          <\/a>        <\/div>                <div class=\"bwg-item\">          <a class=\"bwg-a bwg-album bwg_album_5\"             href='\/index.php?rest_route=%2Fwp%2Fv2%2Fpages%2F3786&#038;type_5=gallery&#038;album_gallery_id_5=713'                          data-container_id=\"bwg_album_compact_5\"             data-def_type=\"gallery\"             data-album_gallery_id=\"48\"             data-alb_gal_id=\"713\"             data-title=\"Mini rando \u00e0 Serbannes le 25 janvier 2024\"             data-bwg=\"5\">                        <div class=\"bwg-item0 lazy_loader\">              <div class=\"bwg-item1 \">                <div class=\"bwg-item2\">                  <img decoding=\"async\" class=\"skip-lazy  bwg_lazyload \"                       data-width=\"500.00\"                       data-height=\"333.00\"                       data-src=\"http:\/\/vichyrando.org\/wp-content\/uploads\/photo-gallery\/thumb\/2024-01-25-Serbannes06.jpg?bwg=1706360896\"                       src=\"http:\/\/vichyrando.org\/wp-content\/plugins\/photo-gallery\/images\/lazy_placeholder.gif\"                       alt=\"Mini rando \u00e0 Serbannes le 25 janvier 2024\"                       title=\"Mini rando \u00e0 Serbannes le 25 janvier 2024\" \/>                <\/div>                <div class=\"\">                                  <\/div>              <\/div>            <\/div>            <div class=\"bwg-title1\"><div class=\"bwg-title2\">Mini rando \u00e0 Serbannes le 25 janvier 2024<\/div><\/div>          <\/a>        <\/div>                <div class=\"bwg-item\">          <a class=\"bwg-a bwg-album bwg_album_5\"             href='\/index.php?rest_route=%2Fwp%2Fv2%2Fpages%2F3786&#038;type_5=gallery&#038;album_gallery_id_5=712'                          data-container_id=\"bwg_album_compact_5\"             data-def_type=\"gallery\"             data-album_gallery_id=\"48\"             data-alb_gal_id=\"712\"             data-title=\"Rando 1\/2 journ\u00e9e \u00e0 Abrest le 25 janvier 2024\"             data-bwg=\"5\">                        <div class=\"bwg-item0 lazy_loader\">              <div class=\"bwg-item1 \">                <div class=\"bwg-item2\">                  <img decoding=\"async\" class=\"skip-lazy  bwg_lazyload \"                       data-width=\"500.00\"                       data-height=\"279.00\"                       data-src=\"http:\/\/vichyrando.org\/wp-content\/uploads\/photo-gallery\/thumb\/2024-01-25-Abrest02.jpg?bwg=1706360655\"                       src=\"http:\/\/vichyrando.org\/wp-content\/plugins\/photo-gallery\/images\/lazy_placeholder.gif\"                       alt=\"Rando 1\/2 journ\u00e9e \u00e0 Abrest le 25 janvier 2024\"                       title=\"Rando 1\/2 journ\u00e9e \u00e0 Abrest le 25 janvier 2024\" \/>                <\/div>                <div class=\"\">                                  <\/div>              <\/div>            <\/div>            <div class=\"bwg-title1\"><div class=\"bwg-title2\">Rando 1\/2 journ\u00e9e \u00e0 Abrest le 25 janvier 2024<\/div><\/div>          <\/a>        <\/div>                <div class=\"bwg-item\">          <a class=\"bwg-a bwg-album bwg_album_5\"             href='\/index.php?rest_route=%2Fwp%2Fv2%2Fpages%2F3786&#038;type_5=gallery&#038;album_gallery_id_5=714'                          data-container_id=\"bwg_album_compact_5\"             data-def_type=\"gallery\"             data-album_gallery_id=\"48\"             data-alb_gal_id=\"714\"             data-title=\"Rando Sant\u00e9 \u00e0 Hauterive le 29 janvier 2024\"             data-bwg=\"5\">                        <div class=\"bwg-item0 lazy_loader\">              <div class=\"bwg-item1 \">                <div class=\"bwg-item2\">                  <img decoding=\"async\" class=\"skip-lazy  bwg_lazyload \"                       data-width=\"500.00\"                       data-height=\"281.00\"                       data-src=\"http:\/\/vichyrando.org\/wp-content\/uploads\/photo-gallery\/thumb\/2024-01-29-Hauterive02.jpg?bwg=1706636927\"                       src=\"http:\/\/vichyrando.org\/wp-content\/plugins\/photo-gallery\/images\/lazy_placeholder.gif\"                       alt=\"Rando Sant\u00e9 \u00e0 Hauterive le 29 janvier 2024\"                       title=\"Rando Sant\u00e9 \u00e0 Hauterive le 29 janvier 2024\" \/>                <\/div>                <div class=\"\">                                  <\/div>              <\/div>            <\/div>            <div class=\"bwg-title1\"><div class=\"bwg-title2\">Rando Sant\u00e9 \u00e0 Hauterive le 29 janvier 2024<\/div><\/div>          <\/a>        <\/div>                <div class=\"bwg-item\">          <a class=\"bwg-a bwg-album bwg_album_5\"             href='\/index.php?rest_route=%2Fwp%2Fv2%2Fpages%2F3786&#038;type_5=gallery&#038;album_gallery_id_5=715'                          data-container_id=\"bwg_album_compact_5\"             data-def_type=\"gallery\"             data-album_gallery_id=\"48\"             data-alb_gal_id=\"715\"             data-title=\"Journ\u00e9e marche sportive \u00e0 Droiturier le 30 janvier 2024\"             data-bwg=\"5\">                        <div class=\"bwg-item0 lazy_loader\">              <div class=\"bwg-item1 \">                <div class=\"bwg-item2\">                  <img decoding=\"async\" class=\"skip-lazy  bwg_lazyload \"                       data-width=\"500.00\"                       data-height=\"375.00\"                       data-src=\"http:\/\/vichyrando.org\/wp-content\/uploads\/photo-gallery\/thumb\/2024-01-30-Droiturier04.jpg?bwg=1706716247\"                       src=\"http:\/\/vichyrando.org\/wp-content\/plugins\/photo-gallery\/images\/lazy_placeholder.gif\"                       alt=\"Journ\u00e9e marche sportive \u00e0 Droiturier le 30 janvier 2024\"                       title=\"Journ\u00e9e marche sportive \u00e0 Droiturier le 30 janvier 2024\" \/>                <\/div>                <div class=\"\">                                  <\/div>              <\/div>            <\/div>            <div class=\"bwg-title1\"><div class=\"bwg-title2\">Journ\u00e9e marche sportive \u00e0 Droiturier le 30 janvier 2024<\/div><\/div>          <\/a>        <\/div>                <div class=\"bwg-item\">          <a class=\"bwg-a bwg-album bwg_album_5\"             href='\/index.php?rest_route=%2Fwp%2Fv2%2Fpages%2F3786&#038;type_5=gallery&#038;album_gallery_id_5=716'                          data-container_id=\"bwg_album_compact_5\"             data-def_type=\"gallery\"             data-album_gallery_id=\"48\"             data-alb_gal_id=\"716\"             data-title=\"Rando cool \u00e0 St Etienne de Vicq le 30 janvier 2024\"             data-bwg=\"5\">                        <div class=\"bwg-item0 lazy_loader\">              <div class=\"bwg-item1 \">                <div class=\"bwg-item2\">                  <img decoding=\"async\" class=\"skip-lazy  bwg_lazyload \"                       data-width=\"500.00\"                       data-height=\"333.00\"                       data-src=\"http:\/\/vichyrando.org\/wp-content\/uploads\/photo-gallery\/thumb\/2024-01-30-StEtienneV07.jpg?bwg=1706890966\"                       src=\"http:\/\/vichyrando.org\/wp-content\/plugins\/photo-gallery\/images\/lazy_placeholder.gif\"                       alt=\"Rando cool \u00e0 St Etienne de Vicq le 30 janvier 2024\"                       title=\"Rando cool \u00e0 St Etienne de Vicq le 30 janvier 2024\" \/>                <\/div>                <div class=\"\">                                  <\/div>              <\/div>            <\/div>            <div class=\"bwg-title1\"><div class=\"bwg-title2\">Rando cool \u00e0 St Etienne de Vicq le 30 janvier 2024<\/div><\/div>          <\/a>        <\/div>            <\/div>          <input type=\"hidden\" id=\"bwg_album_breadcrumb_5\" name=\"bwg_album_breadcrumb_5\" value='[{&quot;id&quot;:&quot;48&quot;,&quot;page&quot;:1}]' \/>    <style>      \/*pagination styles*\/      #bwg_container1_5 #bwg_container2_5 .tablenav-pages_5 {\t\t\t\ttext-align: center;\t\t\t\tfont-size: 12px;\t\t\t\tfont-family: Ubuntu;\t\t\t\tfont-weight: bold;\t\t\t\tcolor: #666666;\t\t\t\tmargin: 6px 0 4px;\t\t\t\tdisplay: block;      }      @media only screen and (max-width : 320px) {      #bwg_container1_5 #bwg_container2_5 .displaying-num_5 {     \t display: none;      }      }      #bwg_container1_5 #bwg_container2_5 .displaying-num_5 {\t\t\t\tfont-size: 12px;\t\t\t\tfont-family: Ubuntu;\t\t\t\tfont-weight: bold;\t\t\t\tcolor: #666666;\t\t\t\tmargin-right: 10px;\t\t\t\tvertical-align: middle;      }      #bwg_container1_5 #bwg_container2_5 .paging-input_5 {\t\t\t\tfont-size: 12px;\t\t\t\tfont-family: Ubuntu;\t\t\t\tfont-weight: bold;\t\t\t\tcolor: #666666;\t\t\t\tvertical-align: middle;      }      #bwg_container1_5 #bwg_container2_5 .tablenav-pages_5 a.disabled,      #bwg_container1_5 #bwg_container2_5 .tablenav-pages_5 a.disabled:hover,      #bwg_container1_5 #bwg_container2_5 .tablenav-pages_5 a.disabled:focus,\t\t\t#bwg_container1_5 #bwg_container2_5 .tablenav-pages_5 input.bwg_current_page {\t\t\t\tcursor: default;\t\t\t\tcolor: rgba(102, 102, 102, 0.5);      }      #bwg_container1_5 #bwg_container2_5 .tablenav-pages_5 a,      #bwg_container1_5 #bwg_container2_5 .tablenav-pages_5 input.bwg_current_page {\t\t\t\tcursor: pointer;\t\t\t\ttext-align: center;\t\t\t\tfont-size: 12px;\t\t\t\tfont-family: Ubuntu;\t\t\t\tfont-weight: bold;\t\t\t\tcolor: #666666;\t\t\t\ttext-decoration: none;\t\t\t\tpadding: 3px 6px;\t\t\t\tmargin: 0;\t\t\t\tborder-radius: 0;\t\t\t\tborder-style: solid;\t\t\t\tborder-width: 1px;\t\t\t\tborder-color: #E3E3E3;\t\t\t\t\t\t\t\tbackground-color: rgba(255, 255, 255, 1.00);\t\t\t\tbox-shadow: 0;\t\t\t\ttransition: all 0.3s ease 0s;-webkit-transition: all 0.3s ease 0s;      }      <\/style>      <span class=\"bwg_nav_cont_5\">              <div class=\"tablenav-pages_5\">                  <\/div>                <input type=\"hidden\" id=\"page_number_5\" name=\"page_number_5\" value=\"1\" \/>      <script type=\"text\/javascript\">        if( jQuery('.bwg_nav_cont_5').length > 1 ) {          jQuery('.bwg_nav_cont_5').first().remove()        }        function spider_page_5(cur, x, y, load_more) {          if (typeof load_more == \"undefined\") {            var load_more = false;          }          if (jQuery(cur).hasClass('disabled')) {            return false;          }          var items_county_5 = 1;          switch (y) {            case 1:              if (x >= items_county_5) {                document.getElementById('page_number_5').value = items_county_5;              }              else {                document.getElementById('page_number_5').value = x + 1;              }              break;            case 2:              document.getElementById('page_number_5').value = items_county_5;              break;            case -1:              if (x == 1) {                document.getElementById('page_number_5').value = 1;              }              else {                document.getElementById('page_number_5').value = x - 1;              }              break;            case -2:              document.getElementById('page_number_5').value = 1;              break;\t\t\t\t\t\tcase 0:              document.getElementById('page_number_5').value = x;              break;            default:              document.getElementById('page_number_5').value = 1;          }          bwg_ajax('gal_front_form_5', '5', 'bwg_album_compact_5', '48', '', 'album', 0, '', '', load_more, '', 1);        }                    jQuery('.first-page-5').on('click', function () {              spider_page_5(this, 1, -2, 'numeric');              return false;            });            jQuery('.prev-page-5').on('click', function () {              spider_page_5(this, 1, -1, 'numeric');              return false;            });            jQuery('.next-page-5').on('click', function () {              spider_page_5(this, 1, 1, 'numeric');              return false;            });            jQuery('.last-page-5').on('click', function () {              spider_page_5(this, 1, 2, 'numeric');              return false;            });        \t\t\t\t\/* Change page on input enter. *\/        function bwg_change_page_5( e, that ) {          if (  e.key == 'Enter' ) {            var to_page = parseInt(jQuery(that).val());            var pages_count = jQuery(that).parents(\".pagination-links\").data(\"pages-count\");            var current_url_param = jQuery(that).attr('data-url-info');            if (to_page > pages_count) {              to_page = 1;            }\t \t\t\t\t\t\t\t\t\t\t\t\tspider_page_5(this, to_page, 0, 'numeric');\t\t\t\t\t\t\treturn false;\t\t\t\t\t\t          }          return true;        }        jQuery('.bwg_load_btn_5').on('click', function () {            spider_page_5(this, 1, 1, true);            return false;        });      <\/script>      <\/span>                <\/div>        <\/form>        <style>          #bwg_container1_5 #bwg_container2_5 #spider_popup_overlay_5 {          background-color: #EEEEEE;          opacity: 0.60;          }          <\/style>        <div id=\"bwg_spider_popup_loading_5\" class=\"bwg_spider_popup_loading\"><\/div>        <div id=\"spider_popup_overlay_5\" class=\"spider_popup_overlay\" onclick=\"spider_destroypopup(1000)\"><\/div>        <input type=\"hidden\" id=\"bwg_random_seed_5\" value=\"1394894939\">                <\/div>    <\/div>    <script>      if (document.readyState === 'complete') {        if( typeof bwg_main_ready == 'function' ) {          if ( jQuery(\"#bwg_container1_5\").height() ) {            bwg_main_ready(jQuery(\"#bwg_container1_5\"));          }        }      } else {        document.addEventListener('DOMContentLoaded', function() {          if( typeof bwg_main_ready == 'function' ) {            if ( jQuery(\"#bwg_container1_5\").height() ) {             bwg_main_ready(jQuery(\"#bwg_container1_5\"));            }          }        });      }    <\/script>    \t\t<\/div>\n\t\t\t\t<\/div>\n\t\t\t\t\t<\/div>\n\t\t<\/div>\n\t\t\t\t\t<\/div>\n\t\t<\/section>\n\t\t\t\t<section class=\"elementor-section elementor-top-section elementor-element elementor-element-253b901c elementor-section-boxed elementor-section-height-default elementor-section-height-default\" data-id=\"253b901c\" data-element_type=\"section\">\n\t\t\t\t\t\t<div class=\"elementor-container elementor-column-gap-default\">\n\t\t\t\t\t<div class=\"elementor-column elementor-col-100 elementor-top-column elementor-element elementor-element-66e19793\" data-id=\"66e19793\" data-element_type=\"column\">\n\t\t\t<div class=\"elementor-widget-wrap\">\n\t\t\t\t\t\t\t<\/div>\n\t\t<\/div>\n\t\t\t\t\t<\/div>\n\t\t<\/section>\n\t\t\t\t<section class=\"elementor-section elementor-top-section elementor-element elementor-element-2f3e9fb5 elementor-section-full_width elementor-section-height-full ks-position-fixed-cover ks-zindex-minus999 elementor-section-height-default elementor-section-items-middle\" data-id=\"2f3e9fb5\" data-element_type=\"section\" data-settings=\"{&quot;background_background&quot;:&quot;classic&quot;}\">\n\t\t\t\t\t\t\t<div class=\"elementor-background-overlay\"><\/div>\n\t\t\t\t\t\t\t<div class=\"elementor-container elementor-column-gap-default\">\n\t\t\t\t\t<div class=\"elementor-column elementor-col-100 elementor-top-column elementor-element elementor-element-b9547aa\" data-id=\"b9547aa\" data-element_type=\"column\">\n\t\t\t<div class=\"elementor-widget-wrap\">\n\t\t\t\t\t\t\t<\/div>\n\t\t<\/div>\n\t\t\t\t\t<\/div>\n\t\t<\/section>\n\t\t\t\t<\/div>\n\t\t","protected":false},"excerpt":{"rendered":"<p>Nos Photos Juin 2024 Rando 1\/2 journ\u00e9e \u00e0 B\u00e8gues le 4 juin 2024 Journ\u00e9e rando sportive \u00e0 la Verrerie le 4 juin 2024 Rando 1\/2 journ\u00e9e \u00e0 Charbonni\u00e8res les Vieilles (63) le 6 juin 2024 Mini rando \u00e0 P\u00e9rigny le 6 juin 2024 Rando et Cano\u00eb \u00e0 St-Yorre\/Ris le 7 juin 2024 Marche nordique \u00e0&hellip;&nbsp;<a href=\"http:\/\/vichyrando.org\/?page_id=3786\" class=\"\" rel=\"bookmark\">Lire la suite &raquo;<span class=\"screen-reader-text\">Galeries 2024 (janvier &#8211; juin)<\/span><\/a><\/p>\n","protected":false},"author":2,"featured_media":0,"parent":0,"menu_order":0,"comment_status":"closed","ping_status":"closed","template":"elementor_canvas","meta":{"neve_meta_sidebar":"full-width","neve_meta_container":"","neve_meta_enable_content_width":"on","neve_meta_content_width":100,"neve_meta_title_alignment":"","neve_meta_author_avatar":"","neve_post_elements_order":"","neve_meta_disable_header":"","neve_meta_disable_footer":"","neve_meta_disable_title":"","footnotes":""},"class_list":["post-3786","page","type-page","status-publish","hentry"],"_links":{"self":[{"href":"http:\/\/vichyrando.org\/index.php?rest_route=\/wp\/v2\/pages\/3786"}],"collection":[{"href":"http:\/\/vichyrando.org\/index.php?rest_route=\/wp\/v2\/pages"}],"about":[{"href":"http:\/\/vichyrando.org\/index.php?rest_route=\/wp\/v2\/types\/page"}],"author":[{"embeddable":true,"href":"http:\/\/vichyrando.org\/index.php?rest_route=\/wp\/v2\/users\/2"}],"replies":[{"embeddable":true,"href":"http:\/\/vichyrando.org\/index.php?rest_route=%2Fwp%2Fv2%2Fcomments&post=3786"}],"version-history":[{"count":58,"href":"http:\/\/vichyrando.org\/index.php?rest_route=\/wp\/v2\/pages\/3786\/revisions"}],"predecessor-version":[{"id":4835,"href":"http:\/\/vichyrando.org\/index.php?rest_route=\/wp\/v2\/pages\/3786\/revisions\/4835"}],"wp:attachment":[{"href":"http:\/\/vichyrando.org\/index.php?rest_route=%2Fwp%2Fv2%2Fmedia&parent=3786"}],"curies":[{"name":"wp","href":"https:\/\/api.w.org\/{rel}","templated":true}]}}