{"id":2651,"date":"2022-12-26T17:35:55","date_gmt":"2022-12-26T16:35:55","guid":{"rendered":"https:\/\/vichyrando.org\/?page_id=2651"},"modified":"2024-01-08T19:13:11","modified_gmt":"2024-01-08T18:13:11","slug":"galeries-2023","status":"publish","type":"page","link":"http:\/\/vichyrando.org\/?page_id=2651","title":{"rendered":"Galeries 2023 (janvier &#8211; juin)"},"content":{"rendered":"\t\t<div data-elementor-type=\"wp-page\" data-elementor-id=\"2651\" class=\"elementor elementor-2651\">\n\t\t\t\t\t\t<section class=\"elementor-section elementor-top-section elementor-element elementor-element-78797e44 elementor-section-height-min-height elementor-section-boxed elementor-section-height-default elementor-section-items-middle\" data-id=\"78797e44\" data-element_type=\"section\" data-settings=\"{&quot;background_background&quot;:&quot;classic&quot;}\">\n\t\t\t\t\t\t\t<div class=\"elementor-background-overlay\"><\/div>\n\t\t\t\t\t\t\t<div class=\"elementor-container elementor-column-gap-default\">\n\t\t\t\t\t<div class=\"elementor-column elementor-col-100 elementor-top-column elementor-element elementor-element-44b2651d\" data-id=\"44b2651d\" data-element_type=\"column\">\n\t\t\t<div class=\"elementor-widget-wrap elementor-element-populated\">\n\t\t\t\t\t\t<div class=\"elementor-element elementor-element-3b7ab4c2 elementor-widget elementor-widget-heading\" data-id=\"3b7ab4c2\" data-element_type=\"widget\" data-widget_type=\"heading.default\">\n\t\t\t\t<div class=\"elementor-widget-container\">\n\t\t\t<span class=\"elementor-heading-title elementor-size-large\">Nos Photos<\/span>\t\t<\/div>\n\t\t\t\t<\/div>\n\t\t\t\t\t<\/div>\n\t\t<\/div>\n\t\t\t\t\t<\/div>\n\t\t<\/section>\n\t\t\t\t<section class=\"elementor-section elementor-top-section elementor-element elementor-element-0b80282 elementor-section-boxed elementor-section-height-default elementor-section-height-default\" data-id=\"0b80282\" data-element_type=\"section\">\n\t\t\t\t\t\t<div class=\"elementor-container elementor-column-gap-default\">\n\t\t\t\t\t<div class=\"elementor-column elementor-col-100 elementor-top-column elementor-element elementor-element-04fcf27\" data-id=\"04fcf27\" data-element_type=\"column\">\n\t\t\t<div class=\"elementor-widget-wrap elementor-element-populated\">\n\t\t\t\t    <style>\n      .elementor-control-bwg_view_type_shortcode .elementor-control-input-wrapper,\n      .elementor-control-bwg_elementor_shortcode input {\n        visibility: hidden;\n      }\n      .elementor-control-bwg_elementor_shortcode input {\n        height: 0;\n      }\n      .elementor-control a.bwg-shortcode-btn {\n        text-decoration: none;\n        border-bottom:none;\n      }\n    <\/style>\n    \t\t<div class=\"elementor-element elementor-element-06a93e9 elementor-widget elementor-widget-bwg-elementor\" data-id=\"06a93e9\" data-element_type=\"widget\" data-widget_type=\"bwg-elementor.default\">\n\t\t\t\t<div class=\"elementor-widget-container\">\n\t\t\t<style id=\"bwg-style-0\">    #bwg_container1_0 #bwg_container2_0 .bwg-container-0.bwg-album-thumbnails {    width: 1254px;    justify-content: center;            justify-content: center;        margin:0 auto !important;          background-color: rgba(255, 255, 255, 0.00);          padding-left: 4px;      padding-top: 4px;      max-width: 100%;          }        #bwg_container1_0 #bwg_container2_0 .bwg-container-0.bwg-album-thumbnails .bwg-item {    justify-content: flex-start;    max-width: 250px;        }    #bwg_container1_0 #bwg_container2_0 .bwg-container-0.bwg-album-thumbnails .bwg-item a {      margin-right: 4px;      margin-bottom: 4px;    }    #bwg_container1_0 #bwg_container2_0 .bwg-container-0.bwg-album-thumbnails .bwg-item0 {      padding: 0px;            background-color:rgba(0,0,0, 0.30);      border: 0px none #CCCCCC;      opacity: 1.00;      border-radius: 0;      box-shadow: 0px 0px 0px #888888;    }    #bwg_container1_0 #bwg_container2_0 .bwg-container-0.bwg-album-thumbnails .bwg-item1 img {      max-height: none;      max-width: none;      padding: 0 !important;    }          @media only screen and (min-width: 480px) {      #bwg_container1_0 #bwg_container2_0 .bwg-container-0.bwg-album-thumbnails .bwg-item1 img {      -webkit-transition: all .3s; transition: all .3s;      }      #bwg_container1_0 #bwg_container2_0 .bwg-container-0.bwg-album-thumbnails .bwg-item1 img:hover {        -ms-transform: scale(1.08);        -webkit-transform: scale(1.08);        transform: scale(1.08);      }            }          #bwg_container1_0 #bwg_container2_0 .bwg-container-0.bwg-album-thumbnails .bwg-item1 {      padding-top: 56%;    }        #bwg_container1_0 #bwg_container2_0 .bwg-container-0.bwg-album-thumbnails .bwg-title2 {      color: #323A45;      font-family: Ubuntu;      font-size: 16px;      font-weight: bold;      padding: 2px;      text-shadow: 0px 0px 0px #888888;      max-height: 100%;    }        #bwg_container1_0 #bwg_container2_0 .bwg-container-0.bwg-standard-thumbnails {      width: 1254px;              justify-content: center;        margin:0 auto !important;              background-color: rgba(255, 255, 255, 0.00);            padding-left: 4px;      padding-top: 4px;      max-width: 100%;            }        #bwg_container1_0 #bwg_container2_0 .bwg-container-0.bwg-standard-thumbnails .bwg-item {    justify-content: flex-start;      max-width: 250px;          }    #bwg_container1_0 #bwg_container2_0 .bwg-container-0.bwg-standard-thumbnails .bwg-item a {       margin-right: 4px;       margin-bottom: 4px;    }    #bwg_container1_0 #bwg_container2_0 .bwg-container-0.bwg-standard-thumbnails .bwg-item0 {      padding: 0px;            background-color:rgba(0,0,0, 0.30);      border: 0px none #CCCCCC;      opacity: 1.00;      border-radius: 0;      box-shadow: 0px 0px 0px #888888;    }    #bwg_container1_0 #bwg_container2_0 .bwg-container-0.bwg-standard-thumbnails .bwg-item1 img {      max-height: none;      max-width: none;      padding: 0 !important;    }         @media only screen and (min-width: 480px) {\t\t#bwg_container1_0 #bwg_container2_0 .bwg-container-0.bwg-standard-thumbnails .bwg-item1 img {\t\t\t-webkit-transition: all .3s; transition: all .3s;\t\t}\t\t#bwg_container1_0 #bwg_container2_0 .bwg-container-0.bwg-standard-thumbnails .bwg-item1 img:hover {\t\t\t-ms-transform: scale(1.08);\t\t\t-webkit-transform: scale(1.08);\t\t\ttransform: scale(1.08);\t\t}\t\t      }\t    #bwg_container1_0 #bwg_container2_0 .bwg-container-0.bwg-standard-thumbnails .bwg-item1 {      padding-top: 56%;    }        #bwg_container1_0 #bwg_container2_0 .bwg-container-0.bwg-standard-thumbnails .bwg-title2,    #bwg_container1_0 #bwg_container2_0 .bwg-container-0.bwg-standard-thumbnails .bwg-ecommerce2 {      color: #323A45;      font-family: Ubuntu;      font-size: 16px;      font-weight: bold;      padding: 2px;      text-shadow: 0px 0px 0px #888888;      max-height: 100%;    }    #bwg_container1_0 #bwg_container2_0 .bwg-container-0.bwg-standard-thumbnails .bwg-thumb-description span {    color: #323A45;    font-family: Ubuntu;    font-size: 12px;    max-height: 100%;    word-wrap: break-word;    }    #bwg_container1_0 #bwg_container2_0 .bwg-container-0.bwg-standard-thumbnails .bwg-play-icon2 {      font-size: 32px;    }    #bwg_container1_0 #bwg_container2_0 .bwg-container-0.bwg-standard-thumbnails .bwg-ecommerce2 {      font-size: 19.2px;      color: #323A45;    }    <\/style>    <div id=\"bwg_container1_0\"         class=\"bwg_container bwg_thumbnail bwg_album_compact_preview bwg_thumbnail\"         data-right-click-protection=\"0\"         data-bwg=\"0\"         data-scroll=\"0\"         data-gallery-type=\"album_compact_preview\"         data-gallery-view-type=\"thumbnail\"         data-current-url=\"\/index.php?rest_route=%2Fwp%2Fv2%2Fpages%2F2651\"         data-lightbox-url=\"http:\/\/vichyrando.org\/wp-admin\/admin-ajax.php?action=GalleryBox&#038;current_view=0&#038;gallery_id=0&#038;tag=0&#038;theme_id=1&#038;shortcode_id=730&#038;sort_by=order&#038;order_by=asc&#038;current_url=%2Findex.php%3Frest_route%3D%252Fwp%252Fv2%252Fpages%252F2651\"         data-gallery-id=\"0\"         data-popup-width=\"800\"         data-popup-height=\"500\"         data-is-album=\"album\"         data-buttons-position=\"bottom\">      <div id=\"bwg_container2_0\">             <div id=\"ajax_loading_0\" class=\"bwg_loading_div_1\">      <div class=\"bwg_loading_div_2\">        <div class=\"bwg_loading_div_3\">          <div id=\"loading_div_0\" class=\"bwg_spider_ajax_loading\">          <\/div>        <\/div>      <\/div>    <\/div>            <form id=\"gal_front_form_0\"              class=\"bwg-hidden\"              method=\"post\"              action=\"#\"              data-current=\"0\"              data-shortcode-id=\"730\"              data-gallery-type=\"album_compact_preview\"              data-gallery-id=\"0\"              data-tag=\"0\"              data-album-id=\"41\"              data-theme-id=\"1\"              data-ajax-url=\"http:\/\/vichyrando.org\/wp-admin\/admin-ajax.php?action=bwg_frontend_data\">          <div id=\"bwg_container3_0\" class=\"bwg-background bwg-background-0\">            <style>        #bwg_container1_0 #bwg_container2_0 .bwg_gal_title_0 {          display: block;          padding: 0 2px 2px 2px;          background-color: rgba(0, 0, 0, 0);          line-height: 20px;          font-family: Ubuntu;          font-size: 18px;          font-weight: bold;          color: #323A45;          text-shadow: 0px 0px 0px #888888;          text-align: center;        }        #bwg_container1_0 #bwg_container2_0 .bwg_gal_description_0 {          margin: 20px 0;          word-break: break-word;          text-align: justify;          font-size: 15px;          font-weight: unset;        }        <\/style>        <div class=\"bwg_gal_title_0\">Juin 2023<\/div>            <div data-max-count=\"5\"         data-thumbnail-width=\"250\"         data-bwg=\"0\"         id=\"bwg_album_compact_0\"         class=\"bwg-thumbnails bwg-container bwg-container-0 bwg-album-thumbnails bwg_album_thumbnails_0\">              <div class=\"bwg-item\">          <a class=\"bwg-a bwg-album bwg_album_0\"             href='\/index.php?rest_route=%2Fwp%2Fv2%2Fpages%2F2651&#038;type_0=gallery&#038;album_gallery_id_0=557'                          data-container_id=\"bwg_album_compact_0\"             data-def_type=\"gallery\"             data-album_gallery_id=\"41\"             data-alb_gal_id=\"557\"             data-title=\"Mini rando \u00e0 St Denis Combarnasat le 1 juin 2023\"             data-bwg=\"0\">                        <div class=\"bwg-item0 lazy_loader\">              <div class=\"bwg-item1 \">                <div class=\"bwg-item2\">                  <img decoding=\"async\" class=\"skip-lazy  bwg_lazyload \"                       data-width=\"500.00\"                       data-height=\"333.00\"                       data-src=\"http:\/\/vichyrando.org\/wp-content\/uploads\/photo-gallery\/thumb\/2023-06-01-StDenisC02.jpg?bwg=1685711304\"                       src=\"http:\/\/vichyrando.org\/wp-content\/plugins\/photo-gallery\/images\/lazy_placeholder.gif\"                       alt=\"Mini rando \u00e0 St Denis Combarnasat le 1 juin 2023\"                       title=\"Mini rando \u00e0 St Denis Combarnasat le 1 juin 2023\" \/>                <\/div>                <div class=\"\">                                  <\/div>              <\/div>            <\/div>            <div class=\"bwg-title1\"><div class=\"bwg-title2\">Mini rando \u00e0 St Denis Combarnasat le 1 juin 2023<\/div><\/div>          <\/a>        <\/div>                <div class=\"bwg-item\">          <a class=\"bwg-a bwg-album bwg_album_0\"             href='\/index.php?rest_route=%2Fwp%2Fv2%2Fpages%2F2651&#038;type_0=gallery&#038;album_gallery_id_0=558'                          data-container_id=\"bwg_album_compact_0\"             data-def_type=\"gallery\"             data-album_gallery_id=\"41\"             data-alb_gal_id=\"558\"             data-title=\"Rando 1\/2 journ\u00e9e \u00e0 St L\u00e9on le 1 juin 2023\"             data-bwg=\"0\">                        <div class=\"bwg-item0 lazy_loader\">              <div class=\"bwg-item1 \">                <div class=\"bwg-item2\">                  <img decoding=\"async\" class=\"skip-lazy  bwg_lazyload \"                       data-width=\"500.00\"                       data-height=\"375.00\"                       data-src=\"http:\/\/vichyrando.org\/wp-content\/uploads\/photo-gallery\/thumb\/2023-06-01-StLeon10.jpg?bwg=1685711435\"                       src=\"http:\/\/vichyrando.org\/wp-content\/plugins\/photo-gallery\/images\/lazy_placeholder.gif\"                       alt=\"Rando 1\/2 journ\u00e9e \u00e0 St L\u00e9on le 1 juin 2023\"                       title=\"Rando 1\/2 journ\u00e9e \u00e0 St L\u00e9on le 1 juin 2023\" \/>                <\/div>                <div class=\"\">                                  <\/div>              <\/div>            <\/div>            <div class=\"bwg-title1\"><div class=\"bwg-title2\">Rando 1\/2 journ\u00e9e \u00e0 St L\u00e9on le 1 juin 2023<\/div><\/div>          <\/a>        <\/div>                <div class=\"bwg-item\">          <a class=\"bwg-a bwg-album bwg_album_0\"             href='\/index.php?rest_route=%2Fwp%2Fv2%2Fpages%2F2651&#038;type_0=gallery&#038;album_gallery_id_0=559'                          data-container_id=\"bwg_album_compact_0\"             data-def_type=\"gallery\"             data-album_gallery_id=\"41\"             data-alb_gal_id=\"559\"             data-title=\"Journ\u00e9e marche rapide \u00e0 Manzat(63) le 6 juin 2023\"             data-bwg=\"0\">                        <div class=\"bwg-item0 lazy_loader\">              <div class=\"bwg-item1 \">                <div class=\"bwg-item2\">                  <img decoding=\"async\" class=\"skip-lazy  bwg_lazyload \"                       data-width=\"375.00\"                       data-height=\"500.00\"                       data-src=\"http:\/\/vichyrando.org\/wp-content\/uploads\/photo-gallery\/thumb\/2023-06-06-Manzat02.jpg?bwg=1686399810\"                       src=\"http:\/\/vichyrando.org\/wp-content\/plugins\/photo-gallery\/images\/lazy_placeholder.gif\"                       alt=\"Journ\u00e9e marche rapide \u00e0 Manzat(63) le 6 juin 2023\"                       title=\"Journ\u00e9e marche rapide \u00e0 Manzat(63) le 6 juin 2023\" \/>                <\/div>                <div class=\"\">                                  <\/div>              <\/div>            <\/div>            <div class=\"bwg-title1\"><div class=\"bwg-title2\">Journ\u00e9e marche rapide \u00e0 Manzat(63) le 6 juin 2023<\/div><\/div>          <\/a>        <\/div>                <div class=\"bwg-item\">          <a class=\"bwg-a bwg-album bwg_album_0\"             href='\/index.php?rest_route=%2Fwp%2Fv2%2Fpages%2F2651&#038;type_0=gallery&#038;album_gallery_id_0=560'                          data-container_id=\"bwg_album_compact_0\"             data-def_type=\"gallery\"             data-album_gallery_id=\"41\"             data-alb_gal_id=\"560\"             data-title=\"S\u00e9jour au Pilat Le Cr\u00eat de la Perdrix le 6 juin 2023\"             data-bwg=\"0\">                        <div class=\"bwg-item0 lazy_loader\">              <div class=\"bwg-item1 \">                <div class=\"bwg-item2\">                  <img decoding=\"async\" class=\"skip-lazy  bwg_lazyload \"                       data-width=\"500.00\"                       data-height=\"375.00\"                       data-src=\"http:\/\/vichyrando.org\/wp-content\/uploads\/photo-gallery\/thumb\/2023-06-06-Pilat14.jpg?bwg=1686399934\"                       src=\"http:\/\/vichyrando.org\/wp-content\/plugins\/photo-gallery\/images\/lazy_placeholder.gif\"                       alt=\"S\u00e9jour au Pilat Le Cr\u00eat de la Perdrix le 6 juin 2023\"                       title=\"S\u00e9jour au Pilat Le Cr\u00eat de la Perdrix le 6 juin 2023\" \/>                <\/div>                <div class=\"\">                                  <\/div>              <\/div>            <\/div>            <div class=\"bwg-title1\"><div class=\"bwg-title2\">S\u00e9jour au Pilat Le Cr\u00eat de la Perdrix le 6 juin 2023<\/div><\/div>          <\/a>        <\/div>                <div class=\"bwg-item\">          <a class=\"bwg-a bwg-album bwg_album_0\"             href='\/index.php?rest_route=%2Fwp%2Fv2%2Fpages%2F2651&#038;type_0=gallery&#038;album_gallery_id_0=561'                          data-container_id=\"bwg_album_compact_0\"             data-def_type=\"gallery\"             data-album_gallery_id=\"41\"             data-alb_gal_id=\"561\"             data-title=\"S\u00e9jour au Pilat Randonn\u00e9e autour de St R\u00e9gis du Coin le 7 juin 2023\"             data-bwg=\"0\">                        <div class=\"bwg-item0 lazy_loader\">              <div class=\"bwg-item1 \">                <div class=\"bwg-item2\">                  <img decoding=\"async\" class=\"skip-lazy  bwg_lazyload \"                       data-width=\"500.00\"                       data-height=\"333.00\"                       data-src=\"http:\/\/vichyrando.org\/wp-content\/uploads\/photo-gallery\/thumb\/2023-06-07-Pilat22.jpg?bwg=1686400169\"                       src=\"http:\/\/vichyrando.org\/wp-content\/plugins\/photo-gallery\/images\/lazy_placeholder.gif\"                       alt=\"S\u00e9jour au Pilat Randonn\u00e9e autour de St R\u00e9gis du Coin le 7 juin 2023\"                       title=\"S\u00e9jour au Pilat Randonn\u00e9e autour de St R\u00e9gis du Coin le 7 juin 2023\" \/>                <\/div>                <div class=\"\">                                  <\/div>              <\/div>            <\/div>            <div class=\"bwg-title1\"><div class=\"bwg-title2\">S\u00e9jour au Pilat Randonn\u00e9e autour de St R\u00e9gis du Coin le 7 juin 2023<\/div><\/div>          <\/a>        <\/div>                <div class=\"bwg-item\">          <a class=\"bwg-a bwg-album bwg_album_0\"             href='\/index.php?rest_route=%2Fwp%2Fv2%2Fpages%2F2651&#038;type_0=gallery&#038;album_gallery_id_0=562'                          data-container_id=\"bwg_album_compact_0\"             data-def_type=\"gallery\"             data-album_gallery_id=\"41\"             data-alb_gal_id=\"562\"             data-title=\"S\u00e9jour au Pilat le circuit des deux barrages le 8 juin 2023\"             data-bwg=\"0\">                        <div class=\"bwg-item0 lazy_loader\">              <div class=\"bwg-item1 \">                <div class=\"bwg-item2\">                  <img decoding=\"async\" class=\"skip-lazy  bwg_lazyload \"                       data-width=\"500.00\"                       data-height=\"375.00\"                       data-src=\"http:\/\/vichyrando.org\/wp-content\/uploads\/photo-gallery\/thumb\/2023-06-08-Pilat23.jpg?bwg=1686402207\"                       src=\"http:\/\/vichyrando.org\/wp-content\/plugins\/photo-gallery\/images\/lazy_placeholder.gif\"                       alt=\"S\u00e9jour au Pilat le circuit des deux barrages le 8 juin 2023\"                       title=\"S\u00e9jour au Pilat le circuit des deux barrages le 8 juin 2023\" \/>                <\/div>                <div class=\"\">                                  <\/div>              <\/div>            <\/div>            <div class=\"bwg-title1\"><div class=\"bwg-title2\">S\u00e9jour au Pilat le circuit des deux barrages le 8 juin 2023<\/div><\/div>          <\/a>        <\/div>                <div class=\"bwg-item\">          <a class=\"bwg-a bwg-album bwg_album_0\"             href='\/index.php?rest_route=%2Fwp%2Fv2%2Fpages%2F2651&#038;type_0=gallery&#038;album_gallery_id_0=563'                          data-container_id=\"bwg_album_compact_0\"             data-def_type=\"gallery\"             data-album_gallery_id=\"41\"             data-alb_gal_id=\"563\"             data-title=\"S\u00e9jour au Pilat la passerelle himalayenne le 8 juin 2023\"             data-bwg=\"0\">                        <div class=\"bwg-item0 lazy_loader\">              <div class=\"bwg-item1 \">                <div class=\"bwg-item2\">                  <img decoding=\"async\" class=\"skip-lazy  bwg_lazyload \"                       data-width=\"366.00\"                       data-height=\"500.00\"                       data-src=\"http:\/\/vichyrando.org\/wp-content\/uploads\/photo-gallery\/thumb\/2023-06-08-bis-Pilat04.jpg?bwg=1686402421\"                       src=\"http:\/\/vichyrando.org\/wp-content\/plugins\/photo-gallery\/images\/lazy_placeholder.gif\"                       alt=\"S\u00e9jour au Pilat la passerelle himalayenne le 8 juin 2023\"                       title=\"S\u00e9jour au Pilat la passerelle himalayenne le 8 juin 2023\" \/>                <\/div>                <div class=\"\">                                  <\/div>              <\/div>            <\/div>            <div class=\"bwg-title1\"><div class=\"bwg-title2\">S\u00e9jour au Pilat la passerelle himalayenne le 8 juin 2023<\/div><\/div>          <\/a>        <\/div>                <div class=\"bwg-item\">          <a class=\"bwg-a bwg-album bwg_album_0\"             href='\/index.php?rest_route=%2Fwp%2Fv2%2Fpages%2F2651&#038;type_0=gallery&#038;album_gallery_id_0=564'                          data-container_id=\"bwg_album_compact_0\"             data-def_type=\"gallery\"             data-album_gallery_id=\"41\"             data-alb_gal_id=\"564\"             data-title=\"Mini rando \u00e0 Espinasse Vozelle le 8 juin 2023\"             data-bwg=\"0\">                        <div class=\"bwg-item0 lazy_loader\">              <div class=\"bwg-item1 \">                <div class=\"bwg-item2\">                  <img decoding=\"async\" class=\"skip-lazy  bwg_lazyload \"                       data-width=\"500.00\"                       data-height=\"281.00\"                       data-src=\"http:\/\/vichyrando.org\/wp-content\/uploads\/photo-gallery\/thumb\/2023-06-08-Espinasse06.jpg?bwg=1686494587\"                       src=\"http:\/\/vichyrando.org\/wp-content\/plugins\/photo-gallery\/images\/lazy_placeholder.gif\"                       alt=\"Mini rando \u00e0 Espinasse Vozelle le 8 juin 2023\"                       title=\"Mini rando \u00e0 Espinasse Vozelle le 8 juin 2023\" \/>                <\/div>                <div class=\"\">                                  <\/div>              <\/div>            <\/div>            <div class=\"bwg-title1\"><div class=\"bwg-title2\">Mini rando \u00e0 Espinasse Vozelle le 8 juin 2023<\/div><\/div>          <\/a>        <\/div>                <div class=\"bwg-item\">          <a class=\"bwg-a bwg-album bwg_album_0\"             href='\/index.php?rest_route=%2Fwp%2Fv2%2Fpages%2F2651&#038;type_0=gallery&#038;album_gallery_id_0=565'                          data-container_id=\"bwg_album_compact_0\"             data-def_type=\"gallery\"             data-album_gallery_id=\"41\"             data-alb_gal_id=\"565\"             data-title=\"Journ\u00e9e marche rapide \u00e0 St Priest La Prugne le 12 juin 2023\"             data-bwg=\"0\">                        <div class=\"bwg-item0 lazy_loader\">              <div class=\"bwg-item1 \">                <div class=\"bwg-item2\">                  <img decoding=\"async\" class=\"skip-lazy  bwg_lazyload \"                       data-width=\"500.00\"                       data-height=\"375.00\"                       data-src=\"http:\/\/vichyrando.org\/wp-content\/uploads\/photo-gallery\/thumb\/2023-06-12-StPriestLP04.jpg?bwg=1686665993\"                       src=\"http:\/\/vichyrando.org\/wp-content\/plugins\/photo-gallery\/images\/lazy_placeholder.gif\"                       alt=\"Journ\u00e9e marche rapide \u00e0 St Priest La Prugne le 12 juin 2023\"                       title=\"Journ\u00e9e marche rapide \u00e0 St Priest La Prugne le 12 juin 2023\" \/>                <\/div>                <div class=\"\">                                  <\/div>              <\/div>            <\/div>            <div class=\"bwg-title1\"><div class=\"bwg-title2\">Journ\u00e9e marche rapide \u00e0 St Priest La Prugne le 12 juin 2023<\/div><\/div>          <\/a>        <\/div>                <div class=\"bwg-item\">          <a class=\"bwg-a bwg-album bwg_album_0\"             href='\/index.php?rest_route=%2Fwp%2Fv2%2Fpages%2F2651&#038;type_0=gallery&#038;album_gallery_id_0=566'                          data-container_id=\"bwg_album_compact_0\"             data-def_type=\"gallery\"             data-album_gallery_id=\"41\"             data-alb_gal_id=\"566\"             data-title=\"Rando cool \u00e0 Louchy Monfand le 14 juin 2023\"             data-bwg=\"0\">                        <div class=\"bwg-item0 lazy_loader\">              <div class=\"bwg-item1 \">                <div class=\"bwg-item2\">                  <img decoding=\"async\" class=\"skip-lazy  bwg_lazyload \"                       data-width=\"500.00\"                       data-height=\"276.00\"                       data-src=\"http:\/\/vichyrando.org\/wp-content\/uploads\/photo-gallery\/thumb\/2023-06-14-LouchyM01.jpg?bwg=1686995470\"                       src=\"http:\/\/vichyrando.org\/wp-content\/plugins\/photo-gallery\/images\/lazy_placeholder.gif\"                       alt=\"Rando cool \u00e0 Louchy Monfand le 14 juin 2023\"                       title=\"Rando cool \u00e0 Louchy Monfand le 14 juin 2023\" \/>                <\/div>                <div class=\"\">                                  <\/div>              <\/div>            <\/div>            <div class=\"bwg-title1\"><div class=\"bwg-title2\">Rando cool \u00e0 Louchy Monfand le 14 juin 2023<\/div><\/div>          <\/a>        <\/div>                <div class=\"bwg-item\">          <a class=\"bwg-a bwg-album bwg_album_0\"             href='\/index.php?rest_route=%2Fwp%2Fv2%2Fpages%2F2651&#038;type_0=gallery&#038;album_gallery_id_0=567'                          data-container_id=\"bwg_album_compact_0\"             data-def_type=\"gallery\"             data-album_gallery_id=\"41\"             data-alb_gal_id=\"567\"             data-title=\"Mini rando \u00e0 Jenzat le 15 juin 2023\"             data-bwg=\"0\">                        <div class=\"bwg-item0 lazy_loader\">              <div class=\"bwg-item1 \">                <div class=\"bwg-item2\">                  <img decoding=\"async\" class=\"skip-lazy  bwg_lazyload \"                       data-width=\"500.00\"                       data-height=\"331.00\"                       data-src=\"http:\/\/vichyrando.org\/wp-content\/uploads\/photo-gallery\/thumb\/2023-06-15-Jenzat05.jpg?bwg=1686995580\"                       src=\"http:\/\/vichyrando.org\/wp-content\/plugins\/photo-gallery\/images\/lazy_placeholder.gif\"                       alt=\"Mini rando \u00e0 Jenzat le 15 juin 2023\"                       title=\"Mini rando \u00e0 Jenzat le 15 juin 2023\" \/>                <\/div>                <div class=\"\">                                  <\/div>              <\/div>            <\/div>            <div class=\"bwg-title1\"><div class=\"bwg-title2\">Mini rando \u00e0 Jenzat le 15 juin 2023<\/div><\/div>          <\/a>        <\/div>                <div class=\"bwg-item\">          <a class=\"bwg-a bwg-album bwg_album_0\"             href='\/index.php?rest_route=%2Fwp%2Fv2%2Fpages%2F2651&#038;type_0=gallery&#038;album_gallery_id_0=568'                          data-container_id=\"bwg_album_compact_0\"             data-def_type=\"gallery\"             data-album_gallery_id=\"41\"             data-alb_gal_id=\"568\"             data-title=\"Rando 1\/2 journ\u00e9e \u00e0 Ebreuil le 15 juin 2023\"             data-bwg=\"0\">                        <div class=\"bwg-item0 lazy_loader\">              <div class=\"bwg-item1 \">                <div class=\"bwg-item2\">                  <img decoding=\"async\" class=\"skip-lazy  bwg_lazyload \"                       data-width=\"375.00\"                       data-height=\"500.00\"                       data-src=\"http:\/\/vichyrando.org\/wp-content\/uploads\/photo-gallery\/thumb\/2023-06-15-Ebreuil01.jpg?bwg=1687204320\"                       src=\"http:\/\/vichyrando.org\/wp-content\/plugins\/photo-gallery\/images\/lazy_placeholder.gif\"                       alt=\"Rando 1\/2 journ\u00e9e \u00e0 Ebreuil le 15 juin 2023\"                       title=\"Rando 1\/2 journ\u00e9e \u00e0 Ebreuil le 15 juin 2023\" \/>                <\/div>                <div class=\"\">                                  <\/div>              <\/div>            <\/div>            <div class=\"bwg-title1\"><div class=\"bwg-title2\">Rando 1\/2 journ\u00e9e \u00e0 Ebreuil le 15 juin 2023<\/div><\/div>          <\/a>        <\/div>                <div class=\"bwg-item\">          <a class=\"bwg-a bwg-album bwg_album_0\"             href='\/index.php?rest_route=%2Fwp%2Fv2%2Fpages%2F2651&#038;type_0=gallery&#038;album_gallery_id_0=569'                          data-container_id=\"bwg_album_compact_0\"             data-def_type=\"gallery\"             data-album_gallery_id=\"41\"             data-alb_gal_id=\"569\"             data-title=\"Le sport \u00e7a me dit au Vernet le 17 juin 2023\"             data-bwg=\"0\">                        <div class=\"bwg-item0 lazy_loader\">              <div class=\"bwg-item1 \">                <div class=\"bwg-item2\">                  <img decoding=\"async\" class=\"skip-lazy  bwg_lazyload \"                       data-width=\"500.00\"                       data-height=\"243.00\"                       data-src=\"http:\/\/vichyrando.org\/wp-content\/uploads\/photo-gallery\/thumb\/2023-06-17-SportsamdiVernet07.jpg?bwg=1687204465\"                       src=\"http:\/\/vichyrando.org\/wp-content\/plugins\/photo-gallery\/images\/lazy_placeholder.gif\"                       alt=\"Le sport \u00e7a me dit au Vernet le 17 juin 2023\"                       title=\"Le sport \u00e7a me dit au Vernet le 17 juin 2023\" \/>                <\/div>                <div class=\"\">                                  <\/div>              <\/div>            <\/div>            <div class=\"bwg-title1\"><div class=\"bwg-title2\">Le sport \u00e7a me dit au Vernet le 17 juin 2023<\/div><\/div>          <\/a>        <\/div>                <div class=\"bwg-item\">          <a class=\"bwg-a bwg-album bwg_album_0\"             href='\/index.php?rest_route=%2Fwp%2Fv2%2Fpages%2F2651&#038;type_0=gallery&#038;album_gallery_id_0=570'                          data-container_id=\"bwg_album_compact_0\"             data-def_type=\"gallery\"             data-album_gallery_id=\"41\"             data-alb_gal_id=\"570\"             data-title=\"Journ\u00e9e marche rapide \u00e0 St Martin d&#039;Estr\u00e9aux (42) le 19 juin 2023\"             data-bwg=\"0\">                        <div class=\"bwg-item0 lazy_loader\">              <div class=\"bwg-item1 \">                <div class=\"bwg-item2\">                  <img decoding=\"async\" class=\"skip-lazy  bwg_lazyload \"                       data-width=\"500.00\"                       data-height=\"376.00\"                       data-src=\"http:\/\/vichyrando.org\/wp-content\/uploads\/photo-gallery\/thumb\/2023-06-19-StMartinD03.jpg?bwg=1687260265\"                       src=\"http:\/\/vichyrando.org\/wp-content\/plugins\/photo-gallery\/images\/lazy_placeholder.gif\"                       alt=\"Journ\u00e9e marche rapide \u00e0 St Martin d&#039;Estr\u00e9aux (42) le 19 juin 2023\"                       title=\"Journ\u00e9e marche rapide \u00e0 St Martin d&#039;Estr\u00e9aux (42) le 19 juin 2023\" \/>                <\/div>                <div class=\"\">                                  <\/div>              <\/div>            <\/div>            <div class=\"bwg-title1\"><div class=\"bwg-title2\">Journ\u00e9e marche rapide \u00e0 St Martin d'Estr\u00e9aux (42) le 19 juin 2023<\/div><\/div>          <\/a>        <\/div>                <div class=\"bwg-item\">          <a class=\"bwg-a bwg-album bwg_album_0\"             href='\/index.php?rest_route=%2Fwp%2Fv2%2Fpages%2F2651&#038;type_0=gallery&#038;album_gallery_id_0=571'                          data-container_id=\"bwg_album_compact_0\"             data-def_type=\"gallery\"             data-album_gallery_id=\"41\"             data-alb_gal_id=\"571\"             data-title=\"Rando cool \u00e0 Arronnes le 20 juin 2023\"             data-bwg=\"0\">                        <div class=\"bwg-item0 lazy_loader\">              <div class=\"bwg-item1 \">                <div class=\"bwg-item2\">                  <img decoding=\"async\" class=\"skip-lazy  bwg_lazyload \"                       data-width=\"500.00\"                       data-height=\"333.00\"                       data-src=\"http:\/\/vichyrando.org\/wp-content\/uploads\/photo-gallery\/thumb\/2023-06-20-Arronnes08.jpg?bwg=1687447511\"                       src=\"http:\/\/vichyrando.org\/wp-content\/plugins\/photo-gallery\/images\/lazy_placeholder.gif\"                       alt=\"Rando cool \u00e0 Arronnes le 20 juin 2023\"                       title=\"Rando cool \u00e0 Arronnes le 20 juin 2023\" \/>                <\/div>                <div class=\"\">                                  <\/div>              <\/div>            <\/div>            <div class=\"bwg-title1\"><div class=\"bwg-title2\">Rando cool \u00e0 Arronnes le 20 juin 2023<\/div><\/div>          <\/a>        <\/div>                <div class=\"bwg-item\">          <a class=\"bwg-a bwg-album bwg_album_0\"             href='\/index.php?rest_route=%2Fwp%2Fv2%2Fpages%2F2651&#038;type_0=gallery&#038;album_gallery_id_0=572'                          data-container_id=\"bwg_album_compact_0\"             data-def_type=\"gallery\"             data-album_gallery_id=\"41\"             data-alb_gal_id=\"572\"             data-title=\"Mini rando \u00e0 St Germain des foss\u00e9s le 22 juin 2023\"             data-bwg=\"0\">                        <div class=\"bwg-item0 lazy_loader\">              <div class=\"bwg-item1 \">                <div class=\"bwg-item2\">                  <img decoding=\"async\" class=\"skip-lazy  bwg_lazyload \"                       data-width=\"500.00\"                       data-height=\"375.00\"                       data-src=\"http:\/\/vichyrando.org\/wp-content\/uploads\/photo-gallery\/thumb\/2023-06-23-StGermainF02.jpg?bwg=1687447616\"                       src=\"http:\/\/vichyrando.org\/wp-content\/plugins\/photo-gallery\/images\/lazy_placeholder.gif\"                       alt=\"Mini rando \u00e0 St Germain des foss\u00e9s le 22 juin 2023\"                       title=\"Mini rando \u00e0 St Germain des foss\u00e9s le 22 juin 2023\" \/>                <\/div>                <div class=\"\">                                  <\/div>              <\/div>            <\/div>            <div class=\"bwg-title1\"><div class=\"bwg-title2\">Mini rando \u00e0 St Germain des foss\u00e9s le 22 juin 2023<\/div><\/div>          <\/a>        <\/div>                <div class=\"bwg-item\">          <a class=\"bwg-a bwg-album bwg_album_0\"             href='\/index.php?rest_route=%2Fwp%2Fv2%2Fpages%2F2651&#038;type_0=gallery&#038;album_gallery_id_0=573'                          data-container_id=\"bwg_album_compact_0\"             data-def_type=\"gallery\"             data-album_gallery_id=\"41\"             data-alb_gal_id=\"573\"             data-title=\"Rando de remplacement pour cause d&#039;orages \u00e0 St Etienne de Vicq le 22 juin 2023\"             data-bwg=\"0\">                        <div class=\"bwg-item0 lazy_loader\">              <div class=\"bwg-item1 \">                <div class=\"bwg-item2\">                  <img decoding=\"async\" class=\"skip-lazy  bwg_lazyload \"                       data-width=\"500.00\"                       data-height=\"350.00\"                       data-src=\"http:\/\/vichyrando.org\/wp-content\/uploads\/photo-gallery\/thumb\/2023-06-22-StEtienneV03.jpg?bwg=1687521866\"                       src=\"http:\/\/vichyrando.org\/wp-content\/plugins\/photo-gallery\/images\/lazy_placeholder.gif\"                       alt=\"Rando de remplacement pour cause d&#039;orages \u00e0 St Etienne de Vicq le 22 juin 2023\"                       title=\"Rando de remplacement pour cause d&#039;orages \u00e0 St Etienne de Vicq le 22 juin 2023\" \/>                <\/div>                <div class=\"\">                                  <\/div>              <\/div>            <\/div>            <div class=\"bwg-title1\"><div class=\"bwg-title2\">Rando de remplacement pour cause d'orages \u00e0 St Etienne de Vicq le 22 juin 2023<\/div><\/div>          <\/a>        <\/div>                <div class=\"bwg-item\">          <a class=\"bwg-a bwg-album bwg_album_0\"             href='\/index.php?rest_route=%2Fwp%2Fv2%2Fpages%2F2651&#038;type_0=gallery&#038;album_gallery_id_0=574'                          data-container_id=\"bwg_album_compact_0\"             data-def_type=\"gallery\"             data-album_gallery_id=\"41\"             data-alb_gal_id=\"574\"             data-title=\"Rando cool \u00e0 Brugheas le 27 juin 2023\"             data-bwg=\"0\">                        <div class=\"bwg-item0 lazy_loader\">              <div class=\"bwg-item1 \">                <div class=\"bwg-item2\">                  <img decoding=\"async\" class=\"skip-lazy  bwg_lazyload \"                       data-width=\"500.00\"                       data-height=\"248.00\"                       data-src=\"http:\/\/vichyrando.org\/wp-content\/uploads\/photo-gallery\/thumb\/2023-06-27-Brugheas02.jpg?bwg=1688127311\"                       src=\"http:\/\/vichyrando.org\/wp-content\/plugins\/photo-gallery\/images\/lazy_placeholder.gif\"                       alt=\"Rando cool \u00e0 Brugheas le 27 juin 2023\"                       title=\"Rando cool \u00e0 Brugheas le 27 juin 2023\" \/>                <\/div>                <div class=\"\">                                  <\/div>              <\/div>            <\/div>            <div class=\"bwg-title1\"><div class=\"bwg-title2\">Rando cool \u00e0 Brugheas le 27 juin 2023<\/div><\/div>          <\/a>        <\/div>                <div class=\"bwg-item\">          <a class=\"bwg-a bwg-album bwg_album_0\"             href='\/index.php?rest_route=%2Fwp%2Fv2%2Fpages%2F2651&#038;type_0=gallery&#038;album_gallery_id_0=575'                          data-container_id=\"bwg_album_compact_0\"             data-def_type=\"gallery\"             data-album_gallery_id=\"41\"             data-alb_gal_id=\"575\"             data-title=\"Journ\u00e9e rando rapide cool et \u00e9colo \u00e0 Luzillat le 27 juin 2023\"             data-bwg=\"0\">                        <div class=\"bwg-item0 lazy_loader\">              <div class=\"bwg-item1 \">                <div class=\"bwg-item2\">                  <img decoding=\"async\" class=\"skip-lazy  bwg_lazyload \"                       data-width=\"500.00\"                       data-height=\"225.00\"                       data-src=\"http:\/\/vichyrando.org\/wp-content\/uploads\/photo-gallery\/thumb\/2023-06-27-Luzillat16.jpg?bwg=1688127447\"                       src=\"http:\/\/vichyrando.org\/wp-content\/plugins\/photo-gallery\/images\/lazy_placeholder.gif\"                       alt=\"Journ\u00e9e rando rapide cool et \u00e9colo \u00e0 Luzillat le 27 juin 2023\"                       title=\"Journ\u00e9e rando rapide cool et \u00e9colo \u00e0 Luzillat le 27 juin 2023\" \/>                <\/div>                <div class=\"\">                                  <\/div>              <\/div>            <\/div>            <div class=\"bwg-title1\"><div class=\"bwg-title2\">Journ\u00e9e rando rapide cool et \u00e9colo \u00e0 Luzillat le 27 juin 2023<\/div><\/div>          <\/a>        <\/div>                <div class=\"bwg-item\">          <a class=\"bwg-a bwg-album bwg_album_0\"             href='\/index.php?rest_route=%2Fwp%2Fv2%2Fpages%2F2651&#038;type_0=gallery&#038;album_gallery_id_0=576'                          data-container_id=\"bwg_album_compact_0\"             data-def_type=\"gallery\"             data-album_gallery_id=\"41\"             data-alb_gal_id=\"576\"             data-title=\"Rando journ\u00e9e autour de Chateauneuf les Bains le 29 juin\"             data-bwg=\"0\">                        <div class=\"bwg-item0 lazy_loader\">              <div class=\"bwg-item1 \">                <div class=\"bwg-item2\">                  <img decoding=\"async\" class=\"skip-lazy  bwg_lazyload \"                       data-width=\"500.00\"                       data-height=\"333.00\"                       data-src=\"http:\/\/vichyrando.org\/wp-content\/uploads\/photo-gallery\/thumb\/2023-06-29-Chateauneuf10.jpg?bwg=1688378303\"                       src=\"http:\/\/vichyrando.org\/wp-content\/plugins\/photo-gallery\/images\/lazy_placeholder.gif\"                       alt=\"Rando journ\u00e9e autour de Chateauneuf les Bains le 29 juin\"                       title=\"Rando journ\u00e9e autour de Chateauneuf les Bains le 29 juin\" \/>                <\/div>                <div class=\"\">                                  <\/div>              <\/div>            <\/div>            <div class=\"bwg-title1\"><div class=\"bwg-title2\">Rando journ\u00e9e autour de Chateauneuf les Bains le 29 juin<\/div><\/div>          <\/a>        <\/div>                <div class=\"bwg-item\">          <a class=\"bwg-a bwg-album bwg_album_0\"             href='\/index.php?rest_route=%2Fwp%2Fv2%2Fpages%2F2651&#038;type_0=gallery&#038;album_gallery_id_0=577'                          data-container_id=\"bwg_album_compact_0\"             data-def_type=\"gallery\"             data-album_gallery_id=\"41\"             data-alb_gal_id=\"577\"             data-title=\"Mini rando \u00e0 Chaptuzat (63) le29 juin 2023\"             data-bwg=\"0\">                        <div class=\"bwg-item0 lazy_loader\">              <div class=\"bwg-item1 \">                <div class=\"bwg-item2\">                  <img decoding=\"async\" class=\"skip-lazy  bwg_lazyload \"                       data-width=\"500.00\"                       data-height=\"281.00\"                       data-src=\"http:\/\/vichyrando.org\/wp-content\/uploads\/photo-gallery\/thumb\/2023-06-29-Chaptuzat01.jpg?bwg=1688378489\"                       src=\"http:\/\/vichyrando.org\/wp-content\/plugins\/photo-gallery\/images\/lazy_placeholder.gif\"                       alt=\"Mini rando \u00e0 Chaptuzat (63) le29 juin 2023\"                       title=\"Mini rando \u00e0 Chaptuzat (63) le29 juin 2023\" \/>                <\/div>                <div class=\"\">                                  <\/div>              <\/div>            <\/div>            <div class=\"bwg-title1\"><div class=\"bwg-title2\">Mini rando \u00e0 Chaptuzat (63) le29 juin 2023<\/div><\/div>          <\/a>        <\/div>            <\/div>          <input type=\"hidden\" id=\"bwg_album_breadcrumb_0\" name=\"bwg_album_breadcrumb_0\" value='[{&quot;id&quot;:&quot;41&quot;,&quot;page&quot;:1}]' \/>    <style>      \/*pagination styles*\/      #bwg_container1_0 #bwg_container2_0 .tablenav-pages_0 {\t\t\t\ttext-align: center;\t\t\t\tfont-size: 12px;\t\t\t\tfont-family: Ubuntu;\t\t\t\tfont-weight: bold;\t\t\t\tcolor: #666666;\t\t\t\tmargin: 6px 0 4px;\t\t\t\tdisplay: block;      }      @media only screen and (max-width : 320px) {      #bwg_container1_0 #bwg_container2_0 .displaying-num_0 {     \t display: none;      }      }      #bwg_container1_0 #bwg_container2_0 .displaying-num_0 {\t\t\t\tfont-size: 12px;\t\t\t\tfont-family: Ubuntu;\t\t\t\tfont-weight: bold;\t\t\t\tcolor: #666666;\t\t\t\tmargin-right: 10px;\t\t\t\tvertical-align: middle;      }      #bwg_container1_0 #bwg_container2_0 .paging-input_0 {\t\t\t\tfont-size: 12px;\t\t\t\tfont-family: Ubuntu;\t\t\t\tfont-weight: bold;\t\t\t\tcolor: #666666;\t\t\t\tvertical-align: middle;      }      #bwg_container1_0 #bwg_container2_0 .tablenav-pages_0 a.disabled,      #bwg_container1_0 #bwg_container2_0 .tablenav-pages_0 a.disabled:hover,      #bwg_container1_0 #bwg_container2_0 .tablenav-pages_0 a.disabled:focus,\t\t\t#bwg_container1_0 #bwg_container2_0 .tablenav-pages_0 input.bwg_current_page {\t\t\t\tcursor: default;\t\t\t\tcolor: rgba(102, 102, 102, 0.5);      }      #bwg_container1_0 #bwg_container2_0 .tablenav-pages_0 a,      #bwg_container1_0 #bwg_container2_0 .tablenav-pages_0 input.bwg_current_page {\t\t\t\tcursor: pointer;\t\t\t\ttext-align: center;\t\t\t\tfont-size: 12px;\t\t\t\tfont-family: Ubuntu;\t\t\t\tfont-weight: bold;\t\t\t\tcolor: #666666;\t\t\t\ttext-decoration: none;\t\t\t\tpadding: 3px 6px;\t\t\t\tmargin: 0;\t\t\t\tborder-radius: 0;\t\t\t\tborder-style: solid;\t\t\t\tborder-width: 1px;\t\t\t\tborder-color: #E3E3E3;\t\t\t\t\t\t\t\tbackground-color: rgba(255, 255, 255, 1.00);\t\t\t\tbox-shadow: 0;\t\t\t\ttransition: all 0.3s ease 0s;-webkit-transition: all 0.3s ease 0s;      }      <\/style>      <span class=\"bwg_nav_cont_0\">              <div class=\"tablenav-pages_0\">                  <\/div>                <input type=\"hidden\" id=\"page_number_0\" name=\"page_number_0\" value=\"1\" \/>      <script type=\"text\/javascript\">        if( jQuery('.bwg_nav_cont_0').length > 1 ) {          jQuery('.bwg_nav_cont_0').first().remove()        }        function spider_page_0(cur, x, y, load_more) {          if (typeof load_more == \"undefined\") {            var load_more = false;          }          if (jQuery(cur).hasClass('disabled')) {            return false;          }          var items_county_0 = 1;          switch (y) {            case 1:              if (x >= items_county_0) {                document.getElementById('page_number_0').value = items_county_0;              }              else {                document.getElementById('page_number_0').value = x + 1;              }              break;            case 2:              document.getElementById('page_number_0').value = items_county_0;              break;            case -1:              if (x == 1) {                document.getElementById('page_number_0').value = 1;              }              else {                document.getElementById('page_number_0').value = x - 1;              }              break;            case -2:              document.getElementById('page_number_0').value = 1;              break;\t\t\t\t\t\tcase 0:              document.getElementById('page_number_0').value = x;              break;            default:              document.getElementById('page_number_0').value = 1;          }          bwg_ajax('gal_front_form_0', '0', 'bwg_album_compact_0', '41', '', 'album', 0, '', '', load_more, '', 1);        }                    jQuery('.first-page-0').on('click', function () {              spider_page_0(this, 1, -2, 'numeric');              return false;            });            jQuery('.prev-page-0').on('click', function () {              spider_page_0(this, 1, -1, 'numeric');              return false;            });            jQuery('.next-page-0').on('click', function () {              spider_page_0(this, 1, 1, 'numeric');              return false;            });            jQuery('.last-page-0').on('click', function () {              spider_page_0(this, 1, 2, 'numeric');              return false;            });        \t\t\t\t\/* Change page on input enter. *\/        function bwg_change_page_0( e, that ) {          if (  e.key == 'Enter' ) {            var to_page = parseInt(jQuery(that).val());            var pages_count = jQuery(that).parents(\".pagination-links\").data(\"pages-count\");            var current_url_param = jQuery(that).attr('data-url-info');            if (to_page > pages_count) {              to_page = 1;            }\t \t\t\t\t\t\t\t\t\t\t\t\tspider_page_0(this, to_page, 0, 'numeric');\t\t\t\t\t\t\treturn false;\t\t\t\t\t\t          }          return true;        }        jQuery('.bwg_load_btn_0').on('click', function () {            spider_page_0(this, 1, 1, true);            return false;        });      <\/script>      <\/span>                <\/div>        <\/form>        <style>          #bwg_container1_0 #bwg_container2_0 #spider_popup_overlay_0 {          background-color: #EEEEEE;          opacity: 0.60;          }          <\/style>        <div id=\"bwg_spider_popup_loading_0\" class=\"bwg_spider_popup_loading\"><\/div>        <div id=\"spider_popup_overlay_0\" class=\"spider_popup_overlay\" onclick=\"spider_destroypopup(1000)\"><\/div>        <input type=\"hidden\" id=\"bwg_random_seed_0\" value=\"2065490150\">                <\/div>    <\/div>    <script>      if (document.readyState === 'complete') {        if( typeof bwg_main_ready == 'function' ) {          if ( jQuery(\"#bwg_container1_0\").height() ) {            bwg_main_ready(jQuery(\"#bwg_container1_0\"));          }        }      } else {        document.addEventListener('DOMContentLoaded', function() {          if( typeof bwg_main_ready == 'function' ) {            if ( jQuery(\"#bwg_container1_0\").height() ) {             bwg_main_ready(jQuery(\"#bwg_container1_0\"));            }          }        });      }    <\/script>    \t\t<\/div>\n\t\t\t\t<\/div>\n\t\t\t\t\t<\/div>\n\t\t<\/div>\n\t\t\t\t\t<\/div>\n\t\t<\/section>\n\t\t\t\t<section class=\"elementor-section elementor-top-section elementor-element elementor-element-941d9fe elementor-section-boxed elementor-section-height-default elementor-section-height-default\" data-id=\"941d9fe\" data-element_type=\"section\">\n\t\t\t\t\t\t<div class=\"elementor-container elementor-column-gap-default\">\n\t\t\t\t\t<div class=\"elementor-column elementor-col-100 elementor-top-column elementor-element elementor-element-f29b625\" data-id=\"f29b625\" data-element_type=\"column\">\n\t\t\t<div class=\"elementor-widget-wrap elementor-element-populated\">\n\t\t\t\t\t\t<div class=\"elementor-element elementor-element-4c6abd1 elementor-widget elementor-widget-bwg-elementor\" data-id=\"4c6abd1\" data-element_type=\"widget\" data-widget_type=\"bwg-elementor.default\">\n\t\t\t\t<div class=\"elementor-widget-container\">\n\t\t\t<style id=\"bwg-style-1\">    #bwg_container1_1 #bwg_container2_1 .bwg-container-1.bwg-album-thumbnails {    width: 1254px;    justify-content: center;            justify-content: center;        margin:0 auto !important;          background-color: rgba(255, 255, 255, 0.00);          padding-left: 4px;      padding-top: 4px;      max-width: 100%;          }        #bwg_container1_1 #bwg_container2_1 .bwg-container-1.bwg-album-thumbnails .bwg-item {    justify-content: flex-start;    max-width: 250px;        }    #bwg_container1_1 #bwg_container2_1 .bwg-container-1.bwg-album-thumbnails .bwg-item a {      margin-right: 4px;      margin-bottom: 4px;    }    #bwg_container1_1 #bwg_container2_1 .bwg-container-1.bwg-album-thumbnails .bwg-item0 {      padding: 0px;            background-color:rgba(0,0,0, 0.30);      border: 0px none #CCCCCC;      opacity: 1.00;      border-radius: 0;      box-shadow: 0px 0px 0px #888888;    }    #bwg_container1_1 #bwg_container2_1 .bwg-container-1.bwg-album-thumbnails .bwg-item1 img {      max-height: none;      max-width: none;      padding: 0 !important;    }          @media only screen and (min-width: 480px) {      #bwg_container1_1 #bwg_container2_1 .bwg-container-1.bwg-album-thumbnails .bwg-item1 img {      -webkit-transition: all .3s; transition: all .3s;      }      #bwg_container1_1 #bwg_container2_1 .bwg-container-1.bwg-album-thumbnails .bwg-item1 img:hover {        -ms-transform: scale(1.08);        -webkit-transform: scale(1.08);        transform: scale(1.08);      }            }          #bwg_container1_1 #bwg_container2_1 .bwg-container-1.bwg-album-thumbnails .bwg-item1 {      padding-top: 56%;    }        #bwg_container1_1 #bwg_container2_1 .bwg-container-1.bwg-album-thumbnails .bwg-title2 {      color: #323A45;      font-family: Ubuntu;      font-size: 16px;      font-weight: bold;      padding: 2px;      text-shadow: 0px 0px 0px #888888;      max-height: 100%;    }        #bwg_container1_1 #bwg_container2_1 .bwg-container-1.bwg-standard-thumbnails {      width: 1254px;              justify-content: center;        margin:0 auto !important;              background-color: rgba(255, 255, 255, 0.00);            padding-left: 4px;      padding-top: 4px;      max-width: 100%;            }        #bwg_container1_1 #bwg_container2_1 .bwg-container-1.bwg-standard-thumbnails .bwg-item {    justify-content: flex-start;      max-width: 250px;          }    #bwg_container1_1 #bwg_container2_1 .bwg-container-1.bwg-standard-thumbnails .bwg-item a {       margin-right: 4px;       margin-bottom: 4px;    }    #bwg_container1_1 #bwg_container2_1 .bwg-container-1.bwg-standard-thumbnails .bwg-item0 {      padding: 0px;            background-color:rgba(0,0,0, 0.30);      border: 0px none #CCCCCC;      opacity: 1.00;      border-radius: 0;      box-shadow: 0px 0px 0px #888888;    }    #bwg_container1_1 #bwg_container2_1 .bwg-container-1.bwg-standard-thumbnails .bwg-item1 img {      max-height: none;      max-width: none;      padding: 0 !important;    }         @media only screen and (min-width: 480px) {\t\t#bwg_container1_1 #bwg_container2_1 .bwg-container-1.bwg-standard-thumbnails .bwg-item1 img {\t\t\t-webkit-transition: all .3s; transition: all .3s;\t\t}\t\t#bwg_container1_1 #bwg_container2_1 .bwg-container-1.bwg-standard-thumbnails .bwg-item1 img:hover {\t\t\t-ms-transform: scale(1.08);\t\t\t-webkit-transform: scale(1.08);\t\t\ttransform: scale(1.08);\t\t}\t\t      }\t    #bwg_container1_1 #bwg_container2_1 .bwg-container-1.bwg-standard-thumbnails .bwg-item1 {      padding-top: 56%;    }        #bwg_container1_1 #bwg_container2_1 .bwg-container-1.bwg-standard-thumbnails .bwg-title2,    #bwg_container1_1 #bwg_container2_1 .bwg-container-1.bwg-standard-thumbnails .bwg-ecommerce2 {      color: #323A45;      font-family: Ubuntu;      font-size: 16px;      font-weight: bold;      padding: 2px;      text-shadow: 0px 0px 0px #888888;      max-height: 100%;    }    #bwg_container1_1 #bwg_container2_1 .bwg-container-1.bwg-standard-thumbnails .bwg-thumb-description span {    color: #323A45;    font-family: Ubuntu;    font-size: 12px;    max-height: 100%;    word-wrap: break-word;    }    #bwg_container1_1 #bwg_container2_1 .bwg-container-1.bwg-standard-thumbnails .bwg-play-icon2 {      font-size: 32px;    }    #bwg_container1_1 #bwg_container2_1 .bwg-container-1.bwg-standard-thumbnails .bwg-ecommerce2 {      font-size: 19.2px;      color: #323A45;    }    <\/style>    <div id=\"bwg_container1_1\"         class=\"bwg_container bwg_thumbnail bwg_album_compact_preview bwg_thumbnail\"         data-right-click-protection=\"0\"         data-bwg=\"1\"         data-scroll=\"0\"         data-gallery-type=\"album_compact_preview\"         data-gallery-view-type=\"thumbnail\"         data-current-url=\"\/index.php?rest_route=%2Fwp%2Fv2%2Fpages%2F2651\"         data-lightbox-url=\"http:\/\/vichyrando.org\/wp-admin\/admin-ajax.php?action=GalleryBox&#038;current_view=1&#038;gallery_id=0&#038;tag=0&#038;theme_id=1&#038;shortcode_id=708&#038;sort_by=order&#038;order_by=asc&#038;current_url=%2Findex.php%3Frest_route%3D%252Fwp%252Fv2%252Fpages%252F2651\"         data-gallery-id=\"0\"         data-popup-width=\"800\"         data-popup-height=\"500\"         data-is-album=\"album\"         data-buttons-position=\"bottom\">      <div id=\"bwg_container2_1\">             <div id=\"ajax_loading_1\" class=\"bwg_loading_div_1\">      <div class=\"bwg_loading_div_2\">        <div class=\"bwg_loading_div_3\">          <div id=\"loading_div_1\" class=\"bwg_spider_ajax_loading\">          <\/div>        <\/div>      <\/div>    <\/div>            <form id=\"gal_front_form_1\"              class=\"bwg-hidden\"              method=\"post\"              action=\"#\"              data-current=\"1\"              data-shortcode-id=\"708\"              data-gallery-type=\"album_compact_preview\"              data-gallery-id=\"0\"              data-tag=\"0\"              data-album-id=\"40\"              data-theme-id=\"1\"              data-ajax-url=\"http:\/\/vichyrando.org\/wp-admin\/admin-ajax.php?action=bwg_frontend_data\">          <div id=\"bwg_container3_1\" class=\"bwg-background bwg-background-1\">            <style>        #bwg_container1_1 #bwg_container2_1 .bwg_gal_title_1 {          display: block;          padding: 0 2px 2px 2px;          background-color: rgba(0, 0, 0, 0);          line-height: 20px;          font-family: Ubuntu;          font-size: 18px;          font-weight: bold;          color: #323A45;          text-shadow: 0px 0px 0px #888888;          text-align: center;        }        #bwg_container1_1 #bwg_container2_1 .bwg_gal_description_1 {          margin: 20px 0;          word-break: break-word;          text-align: justify;          font-size: 15px;          font-weight: unset;        }        <\/style>        <div class=\"bwg_gal_title_1\">Mai 2023<\/div>            <div data-max-count=\"5\"         data-thumbnail-width=\"250\"         data-bwg=\"1\"         id=\"bwg_album_compact_1\"         class=\"bwg-thumbnails bwg-container bwg-container-1 bwg-album-thumbnails bwg_album_thumbnails_1\">              <div class=\"bwg-item\">          <a class=\"bwg-a bwg-album bwg_album_1\"             href='\/index.php?rest_route=%2Fwp%2Fv2%2Fpages%2F2651&#038;type_1=gallery&#038;album_gallery_id_1=537'                          data-container_id=\"bwg_album_compact_1\"             data-def_type=\"gallery\"             data-album_gallery_id=\"40\"             data-alb_gal_id=\"537\"             data-title=\"Journ\u00e9e marche sportive \u00e0 Arconsat le 2 mai 2023\"             data-bwg=\"1\">                        <div class=\"bwg-item0 lazy_loader\">              <div class=\"bwg-item1 \">                <div class=\"bwg-item2\">                  <img decoding=\"async\" class=\"skip-lazy  bwg_lazyload \"                       data-width=\"500.00\"                       data-height=\"316.00\"                       data-src=\"http:\/\/vichyrando.org\/wp-content\/uploads\/photo-gallery\/thumb\/2023-05-02-Arconsat04.jpg?bwg=1683101810\"                       src=\"http:\/\/vichyrando.org\/wp-content\/plugins\/photo-gallery\/images\/lazy_placeholder.gif\"                       alt=\"Journ\u00e9e marche sportive \u00e0 Arconsat le 2 mai 2023\"                       title=\"Journ\u00e9e marche sportive \u00e0 Arconsat le 2 mai 2023\" \/>                <\/div>                <div class=\"\">                                  <\/div>              <\/div>            <\/div>            <div class=\"bwg-title1\"><div class=\"bwg-title2\">Journ\u00e9e marche sportive \u00e0 Arconsat le 2 mai 2023<\/div><\/div>          <\/a>        <\/div>                <div class=\"bwg-item\">          <a class=\"bwg-a bwg-album bwg_album_1\"             href='\/index.php?rest_route=%2Fwp%2Fv2%2Fpages%2F2651&#038;type_1=gallery&#038;album_gallery_id_1=538'                          data-container_id=\"bwg_album_compact_1\"             data-def_type=\"gallery\"             data-album_gallery_id=\"40\"             data-alb_gal_id=\"538\"             data-title=\"Rando cool \u00e0 St Didier la For\u00eat le 2 mai 2023\"             data-bwg=\"1\">                        <div class=\"bwg-item0 lazy_loader\">              <div class=\"bwg-item1 \">                <div class=\"bwg-item2\">                  <img decoding=\"async\" class=\"skip-lazy  bwg_lazyload \"                       data-width=\"500.00\"                       data-height=\"267.00\"                       data-src=\"http:\/\/vichyrando.org\/wp-content\/uploads\/photo-gallery\/thumb\/2023-05-02-StDidier02.jpg?bwg=1683292760\"                       src=\"http:\/\/vichyrando.org\/wp-content\/plugins\/photo-gallery\/images\/lazy_placeholder.gif\"                       alt=\"Rando cool \u00e0 St Didier la For\u00eat le 2 mai 2023\"                       title=\"Rando cool \u00e0 St Didier la For\u00eat le 2 mai 2023\" \/>                <\/div>                <div class=\"\">                                  <\/div>              <\/div>            <\/div>            <div class=\"bwg-title1\"><div class=\"bwg-title2\">Rando cool \u00e0 St Didier la For\u00eat le 2 mai 2023<\/div><\/div>          <\/a>        <\/div>                <div class=\"bwg-item\">          <a class=\"bwg-a bwg-album bwg_album_1\"             href='\/index.php?rest_route=%2Fwp%2Fv2%2Fpages%2F2651&#038;type_1=gallery&#038;album_gallery_id_1=539'                          data-container_id=\"bwg_album_compact_1\"             data-def_type=\"gallery\"             data-album_gallery_id=\"40\"             data-alb_gal_id=\"539\"             data-title=\"Mini randos au tour de St Priest l&#039;Andelot le 4 mai 2023\"             data-bwg=\"1\">                        <div class=\"bwg-item0 lazy_loader\">              <div class=\"bwg-item1 \">                <div class=\"bwg-item2\">                  <img decoding=\"async\" class=\"skip-lazy  bwg_lazyload \"                       data-width=\"500.00\"                       data-height=\"333.00\"                       data-src=\"http:\/\/vichyrando.org\/wp-content\/uploads\/photo-gallery\/thumb\/2023-05-04-StPriest01.jpg?bwg=1683292862\"                       src=\"http:\/\/vichyrando.org\/wp-content\/plugins\/photo-gallery\/images\/lazy_placeholder.gif\"                       alt=\"Mini randos au tour de St Priest l&#039;Andelot le 4 mai 2023\"                       title=\"Mini randos au tour de St Priest l&#039;Andelot le 4 mai 2023\" \/>                <\/div>                <div class=\"\">                                  <\/div>              <\/div>            <\/div>            <div class=\"bwg-title1\"><div class=\"bwg-title2\">Mini randos au tour de St Priest l'Andelot le 4 mai 2023<\/div><\/div>          <\/a>        <\/div>                <div class=\"bwg-item\">          <a class=\"bwg-a bwg-album bwg_album_1\"             href='\/index.php?rest_route=%2Fwp%2Fv2%2Fpages%2F2651&#038;type_1=gallery&#038;album_gallery_id_1=540'                          data-container_id=\"bwg_album_compact_1\"             data-def_type=\"gallery\"             data-album_gallery_id=\"40\"             data-alb_gal_id=\"540\"             data-title=\"Rando journ\u00e9e au d\u00e9part de Lignerolles dans les gorges du Cher le 4 mai 2023\"             data-bwg=\"1\">                        <div class=\"bwg-item0 lazy_loader\">              <div class=\"bwg-item1 \">                <div class=\"bwg-item2\">                  <img decoding=\"async\" class=\"skip-lazy  bwg_lazyload \"                       data-width=\"500.00\"                       data-height=\"338.00\"                       data-src=\"http:\/\/vichyrando.org\/wp-content\/uploads\/photo-gallery\/thumb\/2023-05-04-Lignerolles11.jpg?bwg=1683296518\"                       src=\"http:\/\/vichyrando.org\/wp-content\/plugins\/photo-gallery\/images\/lazy_placeholder.gif\"                       alt=\"Rando journ\u00e9e au d\u00e9part de Lignerolles dans les gorges du Cher le 4 mai 2023\"                       title=\"Rando journ\u00e9e au d\u00e9part de Lignerolles dans les gorges du Cher le 4 mai 2023\" \/>                <\/div>                <div class=\"\">                                  <\/div>              <\/div>            <\/div>            <div class=\"bwg-title1\"><div class=\"bwg-title2\">Rando journ\u00e9e au d\u00e9part de Lignerolles dans les gorges du Cher le 4 mai 2023<\/div><\/div>          <\/a>        <\/div>                <div class=\"bwg-item\">          <a class=\"bwg-a bwg-album bwg_album_1\"             href='\/index.php?rest_route=%2Fwp%2Fv2%2Fpages%2F2651&#038;type_1=gallery&#038;album_gallery_id_1=541'                          data-container_id=\"bwg_album_compact_1\"             data-def_type=\"gallery\"             data-album_gallery_id=\"40\"             data-alb_gal_id=\"541\"             data-title=\"Journ\u00e9e rando athl\u00e9tique \u00e0 La Chabanne le 9 mai 2023\"             data-bwg=\"1\">                        <div class=\"bwg-item0 lazy_loader\">              <div class=\"bwg-item1 \">                <div class=\"bwg-item2\">                  <img decoding=\"async\" class=\"skip-lazy  bwg_lazyload \"                       data-width=\"500.00\"                       data-height=\"325.00\"                       data-src=\"http:\/\/vichyrando.org\/wp-content\/uploads\/photo-gallery\/thumb\/2023-05-09-LaChabanne05.jpg?bwg=1683665710\"                       src=\"http:\/\/vichyrando.org\/wp-content\/plugins\/photo-gallery\/images\/lazy_placeholder.gif\"                       alt=\"Journ\u00e9e rando athl\u00e9tique \u00e0 La Chabanne le 9 mai 2023\"                       title=\"Journ\u00e9e rando athl\u00e9tique \u00e0 La Chabanne le 9 mai 2023\" \/>                <\/div>                <div class=\"\">                                  <\/div>              <\/div>            <\/div>            <div class=\"bwg-title1\"><div class=\"bwg-title2\">Journ\u00e9e rando athl\u00e9tique \u00e0 La Chabanne le 9 mai 2023<\/div><\/div>          <\/a>        <\/div>                <div class=\"bwg-item\">          <a class=\"bwg-a bwg-album bwg_album_1\"             href='\/index.php?rest_route=%2Fwp%2Fv2%2Fpages%2F2651&#038;type_1=gallery&#038;album_gallery_id_1=542'                          data-container_id=\"bwg_album_compact_1\"             data-def_type=\"gallery\"             data-album_gallery_id=\"40\"             data-alb_gal_id=\"542\"             data-title=\"Rando cool \u00e0 St Agoulin le 9 mai 2023\"             data-bwg=\"1\">                        <div class=\"bwg-item0 lazy_loader\">              <div class=\"bwg-item1 \">                <div class=\"bwg-item2\">                  <img decoding=\"async\" class=\"skip-lazy  bwg_lazyload \"                       data-width=\"500.00\"                       data-height=\"309.00\"                       data-src=\"http:\/\/vichyrando.org\/wp-content\/uploads\/photo-gallery\/thumb\/2023-05-09-StAgoulin01.jpg?bwg=1683797265\"                       src=\"http:\/\/vichyrando.org\/wp-content\/plugins\/photo-gallery\/images\/lazy_placeholder.gif\"                       alt=\"Rando cool \u00e0 St Agoulin le 9 mai 2023\"                       title=\"Rando cool \u00e0 St Agoulin le 9 mai 2023\" \/>                <\/div>                <div class=\"\">                                  <\/div>              <\/div>            <\/div>            <div class=\"bwg-title1\"><div class=\"bwg-title2\">Rando cool \u00e0 St Agoulin le 9 mai 2023<\/div><\/div>          <\/a>        <\/div>                <div class=\"bwg-item\">          <a class=\"bwg-a bwg-album bwg_album_1\"             href='\/index.php?rest_route=%2Fwp%2Fv2%2Fpages%2F2651&#038;type_1=gallery&#038;album_gallery_id_1=543'                          data-container_id=\"bwg_album_compact_1\"             data-def_type=\"gallery\"             data-album_gallery_id=\"40\"             data-alb_gal_id=\"543\"             data-title=\"S\u00e9jour au lac d&#039;Aydat le 9 mai 2023\"             data-bwg=\"1\">                        <div class=\"bwg-item0 lazy_loader\">              <div class=\"bwg-item1 \">                <div class=\"bwg-item2\">                  <img decoding=\"async\" class=\"skip-lazy  bwg_lazyload \"                       data-width=\"500.00\"                       data-height=\"190.00\"                       data-src=\"http:\/\/vichyrando.org\/wp-content\/uploads\/photo-gallery\/thumb\/2023-05-09-Aydat11.jpg?bwg=1683962627\"                       src=\"http:\/\/vichyrando.org\/wp-content\/plugins\/photo-gallery\/images\/lazy_placeholder.gif\"                       alt=\"S\u00e9jour au lac d&#039;Aydat le 9 mai 2023\"                       title=\"S\u00e9jour au lac d&#039;Aydat le 9 mai 2023\" \/>                <\/div>                <div class=\"\">                                  <\/div>              <\/div>            <\/div>            <div class=\"bwg-title1\"><div class=\"bwg-title2\">S\u00e9jour au lac d'Aydat le 9 mai 2023<\/div><\/div>          <\/a>        <\/div>                <div class=\"bwg-item\">          <a class=\"bwg-a bwg-album bwg_album_1\"             href='\/index.php?rest_route=%2Fwp%2Fv2%2Fpages%2F2651&#038;type_1=gallery&#038;album_gallery_id_1=544'                          data-container_id=\"bwg_album_compact_1\"             data-def_type=\"gallery\"             data-album_gallery_id=\"40\"             data-alb_gal_id=\"544\"             data-title=\"S\u00e9jour au lac d&#039;Aydat, la vall\u00e9e de Chaudefour le 10 mai 2023\"             data-bwg=\"1\">                        <div class=\"bwg-item0 lazy_loader\">              <div class=\"bwg-item1 \">                <div class=\"bwg-item2\">                  <img decoding=\"async\" class=\"skip-lazy  bwg_lazyload \"                       data-width=\"500.00\"                       data-height=\"281.00\"                       data-src=\"http:\/\/vichyrando.org\/wp-content\/uploads\/photo-gallery\/thumb\/2023-05-10-Aydat11.jpg?bwg=1683962791\"                       src=\"http:\/\/vichyrando.org\/wp-content\/plugins\/photo-gallery\/images\/lazy_placeholder.gif\"                       alt=\"S\u00e9jour au lac d&#039;Aydat, la vall\u00e9e de Chaudefour le 10 mai 2023\"                       title=\"S\u00e9jour au lac d&#039;Aydat, la vall\u00e9e de Chaudefour le 10 mai 2023\" \/>                <\/div>                <div class=\"\">                                  <\/div>              <\/div>            <\/div>            <div class=\"bwg-title1\"><div class=\"bwg-title2\">S\u00e9jour au lac d'Aydat, la vall\u00e9e de Chaudefour le 10 mai 2023<\/div><\/div>          <\/a>        <\/div>                <div class=\"bwg-item\">          <a class=\"bwg-a bwg-album bwg_album_1\"             href='\/index.php?rest_route=%2Fwp%2Fv2%2Fpages%2F2651&#038;type_1=gallery&#038;album_gallery_id_1=546'                          data-container_id=\"bwg_album_compact_1\"             data-def_type=\"gallery\"             data-album_gallery_id=\"40\"             data-alb_gal_id=\"546\"             data-title=\"S\u00e9jour au lac d&#039;Aydat, le retour le 11 mai 2023\"             data-bwg=\"1\">                        <div class=\"bwg-item0 lazy_loader\">              <div class=\"bwg-item1 \">                <div class=\"bwg-item2\">                  <img decoding=\"async\" class=\"skip-lazy  bwg_lazyload \"                       data-width=\"500.00\"                       data-height=\"282.00\"                       data-src=\"http:\/\/vichyrando.org\/wp-content\/uploads\/photo-gallery\/thumb\/2023-05-11-Aydat01.jpg?bwg=1684688687\"                       src=\"http:\/\/vichyrando.org\/wp-content\/plugins\/photo-gallery\/images\/lazy_placeholder.gif\"                       alt=\"S\u00e9jour au lac d&#039;Aydat, le retour le 11 mai 2023\"                       title=\"S\u00e9jour au lac d&#039;Aydat, le retour le 11 mai 2023\" \/>                <\/div>                <div class=\"\">                                  <\/div>              <\/div>            <\/div>            <div class=\"bwg-title1\"><div class=\"bwg-title2\">S\u00e9jour au lac d'Aydat, le retour le 11 mai 2023<\/div><\/div>          <\/a>        <\/div>                <div class=\"bwg-item\">          <a class=\"bwg-a bwg-album bwg_album_1\"             href='\/index.php?rest_route=%2Fwp%2Fv2%2Fpages%2F2651&#038;type_1=gallery&#038;album_gallery_id_1=545'                          data-container_id=\"bwg_album_compact_1\"             data-def_type=\"gallery\"             data-album_gallery_id=\"40\"             data-alb_gal_id=\"545\"             data-title=\"Journ\u00e9e marche rapide \u00e0 Ferri\u00e8res le 16 mai 2023\"             data-bwg=\"1\">                        <div class=\"bwg-item0 lazy_loader\">              <div class=\"bwg-item1 \">                <div class=\"bwg-item2\">                  <img decoding=\"async\" class=\"skip-lazy  bwg_lazyload \"                       data-width=\"500.00\"                       data-height=\"345.00\"                       data-src=\"http:\/\/vichyrando.org\/wp-content\/uploads\/photo-gallery\/thumb\/2023-05-16-Ferrieres13.jpg?bwg=1684271848\"                       src=\"http:\/\/vichyrando.org\/wp-content\/plugins\/photo-gallery\/images\/lazy_placeholder.gif\"                       alt=\"Journ\u00e9e marche rapide \u00e0 Ferri\u00e8res le 16 mai 2023\"                       title=\"Journ\u00e9e marche rapide \u00e0 Ferri\u00e8res le 16 mai 2023\" \/>                <\/div>                <div class=\"\">                                  <\/div>              <\/div>            <\/div>            <div class=\"bwg-title1\"><div class=\"bwg-title2\">Journ\u00e9e marche rapide \u00e0 Ferri\u00e8res le 16 mai 2023<\/div><\/div>          <\/a>        <\/div>                <div class=\"bwg-item\">          <a class=\"bwg-a bwg-album bwg_album_1\"             href='\/index.php?rest_route=%2Fwp%2Fv2%2Fpages%2F2651&#038;type_1=gallery&#038;album_gallery_id_1=547'                          data-container_id=\"bwg_album_compact_1\"             data-def_type=\"gallery\"             data-album_gallery_id=\"40\"             data-alb_gal_id=\"547\"             data-title=\"Rando cool \u00e0 St Bonnet de Rochefort le 16 mai 2023\"             data-bwg=\"1\">                        <div class=\"bwg-item0 lazy_loader\">              <div class=\"bwg-item1 \">                <div class=\"bwg-item2\">                  <img decoding=\"async\" class=\"skip-lazy  bwg_lazyload \"                       data-width=\"500.00\"                       data-height=\"281.00\"                       data-src=\"http:\/\/vichyrando.org\/wp-content\/uploads\/photo-gallery\/thumb\/2023-05-16-StBonetR05.jpg?bwg=1684690693\"                       src=\"http:\/\/vichyrando.org\/wp-content\/plugins\/photo-gallery\/images\/lazy_placeholder.gif\"                       alt=\"Rando cool \u00e0 St Bonnet de Rochefort le 16 mai 2023\"                       title=\"Rando cool \u00e0 St Bonnet de Rochefort le 16 mai 2023\" \/>                <\/div>                <div class=\"\">                                  <\/div>              <\/div>            <\/div>            <div class=\"bwg-title1\"><div class=\"bwg-title2\">Rando cool \u00e0 St Bonnet de Rochefort le 16 mai 2023<\/div><\/div>          <\/a>        <\/div>                <div class=\"bwg-item\">          <a class=\"bwg-a bwg-album bwg_album_1\"             href='\/index.php?rest_route=%2Fwp%2Fv2%2Fpages%2F2651&#038;type_1=gallery&#038;album_gallery_id_1=548'                          data-container_id=\"bwg_album_compact_1\"             data-def_type=\"gallery\"             data-album_gallery_id=\"40\"             data-alb_gal_id=\"548\"             data-title=\"Mini rando \u00e0 Mariol le 18 mai 2023\"             data-bwg=\"1\">                        <div class=\"bwg-item0 lazy_loader\">              <div class=\"bwg-item1 \">                <div class=\"bwg-item2\">                  <img decoding=\"async\" class=\"skip-lazy  bwg_lazyload \"                       data-width=\"500.00\"                       data-height=\"333.00\"                       data-src=\"http:\/\/vichyrando.org\/wp-content\/uploads\/photo-gallery\/thumb\/2023-05-18-Mariol01.jpg?bwg=1684690801\"                       src=\"http:\/\/vichyrando.org\/wp-content\/plugins\/photo-gallery\/images\/lazy_placeholder.gif\"                       alt=\"Mini rando \u00e0 Mariol le 18 mai 2023\"                       title=\"Mini rando \u00e0 Mariol le 18 mai 2023\" \/>                <\/div>                <div class=\"\">                                  <\/div>              <\/div>            <\/div>            <div class=\"bwg-title1\"><div class=\"bwg-title2\">Mini rando \u00e0 Mariol le 18 mai 2023<\/div><\/div>          <\/a>        <\/div>                <div class=\"bwg-item\">          <a class=\"bwg-a bwg-album bwg_album_1\"             href='\/index.php?rest_route=%2Fwp%2Fv2%2Fpages%2F2651&#038;type_1=gallery&#038;album_gallery_id_1=549'                          data-container_id=\"bwg_album_compact_1\"             data-def_type=\"gallery\"             data-album_gallery_id=\"40\"             data-alb_gal_id=\"549\"             data-title=\"Rando cool au Mayet de Montagne le 23 mai 2023\"             data-bwg=\"1\">                        <div class=\"bwg-item0 lazy_loader\">              <div class=\"bwg-item1 \">                <div class=\"bwg-item2\">                  <img decoding=\"async\" class=\"skip-lazy  bwg_lazyload \"                       data-width=\"500.00\"                       data-height=\"248.00\"                       data-src=\"http:\/\/vichyrando.org\/wp-content\/uploads\/photo-gallery\/thumb\/2023-05-23-LeMayet02.jpg?bwg=1684947167\"                       src=\"http:\/\/vichyrando.org\/wp-content\/plugins\/photo-gallery\/images\/lazy_placeholder.gif\"                       alt=\"Rando cool au Mayet de Montagne le 23 mai 2023\"                       title=\"Rando cool au Mayet de Montagne le 23 mai 2023\" \/>                <\/div>                <div class=\"\">                                  <\/div>              <\/div>            <\/div>            <div class=\"bwg-title1\"><div class=\"bwg-title2\">Rando cool au Mayet de Montagne le 23 mai 2023<\/div><\/div>          <\/a>        <\/div>                <div class=\"bwg-item\">          <a class=\"bwg-a bwg-album bwg_album_1\"             href='\/index.php?rest_route=%2Fwp%2Fv2%2Fpages%2F2651&#038;type_1=gallery&#038;album_gallery_id_1=550'                          data-container_id=\"bwg_album_compact_1\"             data-def_type=\"gallery\"             data-album_gallery_id=\"40\"             data-alb_gal_id=\"550\"             data-title=\"Journ\u00e9e marche sportive autour de Montaigu\u00ebt en Forez le 23 mai 2023\"             data-bwg=\"1\">                        <div class=\"bwg-item0 lazy_loader\">              <div class=\"bwg-item1 \">                <div class=\"bwg-item2\">                  <img decoding=\"async\" class=\"skip-lazy  bwg_lazyload \"                       data-width=\"500.00\"                       data-height=\"225.00\"                       data-src=\"http:\/\/vichyrando.org\/wp-content\/uploads\/photo-gallery\/thumb\/2023-05-23-Montaiguet13.jpg?bwg=1684947264\"                       src=\"http:\/\/vichyrando.org\/wp-content\/plugins\/photo-gallery\/images\/lazy_placeholder.gif\"                       alt=\"Journ\u00e9e marche sportive autour de Montaigu\u00ebt en Forez le 23 mai 2023\"                       title=\"Journ\u00e9e marche sportive autour de Montaigu\u00ebt en Forez le 23 mai 2023\" \/>                <\/div>                <div class=\"\">                                  <\/div>              <\/div>            <\/div>            <div class=\"bwg-title1\"><div class=\"bwg-title2\">Journ\u00e9e marche sportive autour de Montaigu\u00ebt en Forez le 23 mai 2023<\/div><\/div>          <\/a>        <\/div>                <div class=\"bwg-item\">          <a class=\"bwg-a bwg-album bwg_album_1\"             href='\/index.php?rest_route=%2Fwp%2Fv2%2Fpages%2F2651&#038;type_1=gallery&#038;album_gallery_id_1=551'                          data-container_id=\"bwg_album_compact_1\"             data-def_type=\"gallery\"             data-album_gallery_id=\"40\"             data-alb_gal_id=\"551\"             data-title=\"Rando journ\u00e9e autour de Lachaux le 25 mai 2023\"             data-bwg=\"1\">                        <div class=\"bwg-item0 lazy_loader\">              <div class=\"bwg-item1 \">                <div class=\"bwg-item2\">                  <img decoding=\"async\" class=\"skip-lazy  bwg_lazyload \"                       data-width=\"500.00\"                       data-height=\"245.00\"                       data-src=\"http:\/\/vichyrando.org\/wp-content\/uploads\/photo-gallery\/thumb\/2023-05-25-Lachaux28.jpg?bwg=1685289464\"                       src=\"http:\/\/vichyrando.org\/wp-content\/plugins\/photo-gallery\/images\/lazy_placeholder.gif\"                       alt=\"Rando journ\u00e9e autour de Lachaux le 25 mai 2023\"                       title=\"Rando journ\u00e9e autour de Lachaux le 25 mai 2023\" \/>                <\/div>                <div class=\"\">                                  <\/div>              <\/div>            <\/div>            <div class=\"bwg-title1\"><div class=\"bwg-title2\">Rando journ\u00e9e autour de Lachaux le 25 mai 2023<\/div><\/div>          <\/a>        <\/div>                <div class=\"bwg-item\">          <a class=\"bwg-a bwg-album bwg_album_1\"             href='\/index.php?rest_route=%2Fwp%2Fv2%2Fpages%2F2651&#038;type_1=gallery&#038;album_gallery_id_1=552'                          data-container_id=\"bwg_album_compact_1\"             data-def_type=\"gallery\"             data-album_gallery_id=\"40\"             data-alb_gal_id=\"552\"             data-title=\"Mini rando au Vernet le 25 mai 2023\"             data-bwg=\"1\">                        <div class=\"bwg-item0 lazy_loader\">              <div class=\"bwg-item1 \">                <div class=\"bwg-item2\">                  <img decoding=\"async\" class=\"skip-lazy  bwg_lazyload \"                       data-width=\"500.00\"                       data-height=\"487.00\"                       data-src=\"http:\/\/vichyrando.org\/wp-content\/uploads\/photo-gallery\/thumb\/2023-05-25-LeVernet09.jpg?bwg=1685289657\"                       src=\"http:\/\/vichyrando.org\/wp-content\/plugins\/photo-gallery\/images\/lazy_placeholder.gif\"                       alt=\"Mini rando au Vernet le 25 mai 2023\"                       title=\"Mini rando au Vernet le 25 mai 2023\" \/>                <\/div>                <div class=\"\">                                  <\/div>              <\/div>            <\/div>            <div class=\"bwg-title1\"><div class=\"bwg-title2\">Mini rando au Vernet le 25 mai 2023<\/div><\/div>          <\/a>        <\/div>                <div class=\"bwg-item\">          <a class=\"bwg-a bwg-album bwg_album_1\"             href='\/index.php?rest_route=%2Fwp%2Fv2%2Fpages%2F2651&#038;type_1=gallery&#038;album_gallery_id_1=553'                          data-container_id=\"bwg_album_compact_1\"             data-def_type=\"gallery\"             data-album_gallery_id=\"40\"             data-alb_gal_id=\"553\"             data-title=\"Marche nordique \u00e0 Creuzier le Vieux le 27 mai 2023\"             data-bwg=\"1\">                        <div class=\"bwg-item0 lazy_loader\">              <div class=\"bwg-item1 \">                <div class=\"bwg-item2\">                  <img decoding=\"async\" class=\"skip-lazy  bwg_lazyload \"                       data-width=\"500.00\"                       data-height=\"359.00\"                       data-src=\"http:\/\/vichyrando.org\/wp-content\/uploads\/photo-gallery\/thumb\/2023-05-27-CreuzierMN.jpg?bwg=1685289785\"                       src=\"http:\/\/vichyrando.org\/wp-content\/plugins\/photo-gallery\/images\/lazy_placeholder.gif\"                       alt=\"Marche nordique \u00e0 Creuzier le Vieux le 27 mai 2023\"                       title=\"Marche nordique \u00e0 Creuzier le Vieux le 27 mai 2023\" \/>                <\/div>                <div class=\"\">                                  <\/div>              <\/div>            <\/div>            <div class=\"bwg-title1\"><div class=\"bwg-title2\">Marche nordique \u00e0 Creuzier le Vieux le 27 mai 2023<\/div><\/div>          <\/a>        <\/div>                <div class=\"bwg-item\">          <a class=\"bwg-a bwg-album bwg_album_1\"             href='\/index.php?rest_route=%2Fwp%2Fv2%2Fpages%2F2651&#038;type_1=gallery&#038;album_gallery_id_1=554'                          data-container_id=\"bwg_album_compact_1\"             data-def_type=\"gallery\"             data-album_gallery_id=\"40\"             data-alb_gal_id=\"554\"             data-title=\"rando journ\u00e9e autour des No\u00ebs (42) le 29 mai 2023\"             data-bwg=\"1\">                        <div class=\"bwg-item0 lazy_loader\">              <div class=\"bwg-item1 \">                <div class=\"bwg-item2\">                  <img decoding=\"async\" class=\"skip-lazy  bwg_lazyload \"                       data-width=\"500.00\"                       data-height=\"380.00\"                       data-src=\"http:\/\/vichyrando.org\/wp-content\/uploads\/photo-gallery\/thumb\/2023-05-29-LesNoes14.jpg?bwg=1685543373\"                       src=\"http:\/\/vichyrando.org\/wp-content\/plugins\/photo-gallery\/images\/lazy_placeholder.gif\"                       alt=\"rando journ\u00e9e autour des No\u00ebs (42) le 29 mai 2023\"                       title=\"rando journ\u00e9e autour des No\u00ebs (42) le 29 mai 2023\" \/>                <\/div>                <div class=\"\">                                  <\/div>              <\/div>            <\/div>            <div class=\"bwg-title1\"><div class=\"bwg-title2\">rando journ\u00e9e autour des No\u00ebs (42) le 29 mai 2023<\/div><\/div>          <\/a>        <\/div>                <div class=\"bwg-item\">          <a class=\"bwg-a bwg-album bwg_album_1\"             href='\/index.php?rest_route=%2Fwp%2Fv2%2Fpages%2F2651&#038;type_1=gallery&#038;album_gallery_id_1=555'                          data-container_id=\"bwg_album_compact_1\"             data-def_type=\"gallery\"             data-album_gallery_id=\"40\"             data-alb_gal_id=\"555\"             data-title=\"Journ\u00e9e marche rapide \u00e0 Lavoine le 30 mai 2023\"             data-bwg=\"1\">                        <div class=\"bwg-item0 lazy_loader\">              <div class=\"bwg-item1 \">                <div class=\"bwg-item2\">                  <img decoding=\"async\" class=\"skip-lazy  bwg_lazyload \"                       data-width=\"375.00\"                       data-height=\"500.00\"                       data-src=\"http:\/\/vichyrando.org\/wp-content\/uploads\/photo-gallery\/thumb\/2023-05-30-Lavoine02.jpg?bwg=1685543569\"                       src=\"http:\/\/vichyrando.org\/wp-content\/plugins\/photo-gallery\/images\/lazy_placeholder.gif\"                       alt=\"Journ\u00e9e marche rapide \u00e0 Lavoine le 30 mai 2023\"                       title=\"Journ\u00e9e marche rapide \u00e0 Lavoine le 30 mai 2023\" \/>                <\/div>                <div class=\"\">                                  <\/div>              <\/div>            <\/div>            <div class=\"bwg-title1\"><div class=\"bwg-title2\">Journ\u00e9e marche rapide \u00e0 Lavoine le 30 mai 2023<\/div><\/div>          <\/a>        <\/div>                <div class=\"bwg-item\">          <a class=\"bwg-a bwg-album bwg_album_1\"             href='\/index.php?rest_route=%2Fwp%2Fv2%2Fpages%2F2651&#038;type_1=gallery&#038;album_gallery_id_1=556'                          data-container_id=\"bwg_album_compact_1\"             data-def_type=\"gallery\"             data-album_gallery_id=\"40\"             data-alb_gal_id=\"556\"             data-title=\"Rando cool \u00e0 Vendat le 30 mai 2023\"             data-bwg=\"1\">                        <div class=\"bwg-item0 lazy_loader\">              <div class=\"bwg-item1 \">                <div class=\"bwg-item2\">                  <img decoding=\"async\" class=\"skip-lazy  bwg_lazyload \"                       data-width=\"500.00\"                       data-height=\"281.00\"                       data-src=\"http:\/\/vichyrando.org\/wp-content\/uploads\/photo-gallery\/thumb\/2023-05-30-Vendat06.jpg?bwg=1685710042\"                       src=\"http:\/\/vichyrando.org\/wp-content\/plugins\/photo-gallery\/images\/lazy_placeholder.gif\"                       alt=\"Rando cool \u00e0 Vendat le 30 mai 2023\"                       title=\"Rando cool \u00e0 Vendat le 30 mai 2023\" \/>                <\/div>                <div class=\"\">                                  <\/div>              <\/div>            <\/div>            <div class=\"bwg-title1\"><div class=\"bwg-title2\">Rando cool \u00e0 Vendat le 30 mai 2023<\/div><\/div>          <\/a>        <\/div>            <\/div>          <input type=\"hidden\" id=\"bwg_album_breadcrumb_1\" name=\"bwg_album_breadcrumb_1\" value='[{&quot;id&quot;:&quot;40&quot;,&quot;page&quot;:1}]' \/>    <style>      \/*pagination styles*\/      #bwg_container1_1 #bwg_container2_1 .tablenav-pages_1 {\t\t\t\ttext-align: center;\t\t\t\tfont-size: 12px;\t\t\t\tfont-family: Ubuntu;\t\t\t\tfont-weight: bold;\t\t\t\tcolor: #666666;\t\t\t\tmargin: 6px 0 4px;\t\t\t\tdisplay: block;      }      @media only screen and (max-width : 320px) {      #bwg_container1_1 #bwg_container2_1 .displaying-num_1 {     \t display: none;      }      }      #bwg_container1_1 #bwg_container2_1 .displaying-num_1 {\t\t\t\tfont-size: 12px;\t\t\t\tfont-family: Ubuntu;\t\t\t\tfont-weight: bold;\t\t\t\tcolor: #666666;\t\t\t\tmargin-right: 10px;\t\t\t\tvertical-align: middle;      }      #bwg_container1_1 #bwg_container2_1 .paging-input_1 {\t\t\t\tfont-size: 12px;\t\t\t\tfont-family: Ubuntu;\t\t\t\tfont-weight: bold;\t\t\t\tcolor: #666666;\t\t\t\tvertical-align: middle;      }      #bwg_container1_1 #bwg_container2_1 .tablenav-pages_1 a.disabled,      #bwg_container1_1 #bwg_container2_1 .tablenav-pages_1 a.disabled:hover,      #bwg_container1_1 #bwg_container2_1 .tablenav-pages_1 a.disabled:focus,\t\t\t#bwg_container1_1 #bwg_container2_1 .tablenav-pages_1 input.bwg_current_page {\t\t\t\tcursor: default;\t\t\t\tcolor: rgba(102, 102, 102, 0.5);      }      #bwg_container1_1 #bwg_container2_1 .tablenav-pages_1 a,      #bwg_container1_1 #bwg_container2_1 .tablenav-pages_1 input.bwg_current_page {\t\t\t\tcursor: pointer;\t\t\t\ttext-align: center;\t\t\t\tfont-size: 12px;\t\t\t\tfont-family: Ubuntu;\t\t\t\tfont-weight: bold;\t\t\t\tcolor: #666666;\t\t\t\ttext-decoration: none;\t\t\t\tpadding: 3px 6px;\t\t\t\tmargin: 0;\t\t\t\tborder-radius: 0;\t\t\t\tborder-style: solid;\t\t\t\tborder-width: 1px;\t\t\t\tborder-color: #E3E3E3;\t\t\t\t\t\t\t\tbackground-color: rgba(255, 255, 255, 1.00);\t\t\t\tbox-shadow: 0;\t\t\t\ttransition: all 0.3s ease 0s;-webkit-transition: all 0.3s ease 0s;      }      <\/style>      <span class=\"bwg_nav_cont_1\">              <div class=\"tablenav-pages_1\">                  <\/div>                <input type=\"hidden\" id=\"page_number_1\" name=\"page_number_1\" value=\"1\" \/>      <script type=\"text\/javascript\">        if( jQuery('.bwg_nav_cont_1').length > 1 ) {          jQuery('.bwg_nav_cont_1').first().remove()        }        function spider_page_1(cur, x, y, load_more) {          if (typeof load_more == \"undefined\") {            var load_more = false;          }          if (jQuery(cur).hasClass('disabled')) {            return false;          }          var items_county_1 = 1;          switch (y) {            case 1:              if (x >= items_county_1) {                document.getElementById('page_number_1').value = items_county_1;              }              else {                document.getElementById('page_number_1').value = x + 1;              }              break;            case 2:              document.getElementById('page_number_1').value = items_county_1;              break;            case -1:              if (x == 1) {                document.getElementById('page_number_1').value = 1;              }              else {                document.getElementById('page_number_1').value = x - 1;              }              break;            case -2:              document.getElementById('page_number_1').value = 1;              break;\t\t\t\t\t\tcase 0:              document.getElementById('page_number_1').value = x;              break;            default:              document.getElementById('page_number_1').value = 1;          }          bwg_ajax('gal_front_form_1', '1', 'bwg_album_compact_1', '40', '', 'album', 0, '', '', load_more, '', 1);        }                    jQuery('.first-page-1').on('click', function () {              spider_page_1(this, 1, -2, 'numeric');              return false;            });            jQuery('.prev-page-1').on('click', function () {              spider_page_1(this, 1, -1, 'numeric');              return false;            });            jQuery('.next-page-1').on('click', function () {              spider_page_1(this, 1, 1, 'numeric');              return false;            });            jQuery('.last-page-1').on('click', function () {              spider_page_1(this, 1, 2, 'numeric');              return false;            });        \t\t\t\t\/* Change page on input enter. *\/        function bwg_change_page_1( e, that ) {          if (  e.key == 'Enter' ) {            var to_page = parseInt(jQuery(that).val());            var pages_count = jQuery(that).parents(\".pagination-links\").data(\"pages-count\");            var current_url_param = jQuery(that).attr('data-url-info');            if (to_page > pages_count) {              to_page = 1;            }\t \t\t\t\t\t\t\t\t\t\t\t\tspider_page_1(this, to_page, 0, 'numeric');\t\t\t\t\t\t\treturn false;\t\t\t\t\t\t          }          return true;        }        jQuery('.bwg_load_btn_1').on('click', function () {            spider_page_1(this, 1, 1, true);            return false;        });      <\/script>      <\/span>                <\/div>        <\/form>        <style>          #bwg_container1_1 #bwg_container2_1 #spider_popup_overlay_1 {          background-color: #EEEEEE;          opacity: 0.60;          }          <\/style>        <div id=\"bwg_spider_popup_loading_1\" class=\"bwg_spider_popup_loading\"><\/div>        <div id=\"spider_popup_overlay_1\" class=\"spider_popup_overlay\" onclick=\"spider_destroypopup(1000)\"><\/div>        <input type=\"hidden\" id=\"bwg_random_seed_1\" value=\"159855108\">                <\/div>    <\/div>    <script>      if (document.readyState === 'complete') {        if( typeof bwg_main_ready == 'function' ) {          if ( jQuery(\"#bwg_container1_1\").height() ) {            bwg_main_ready(jQuery(\"#bwg_container1_1\"));          }        }      } else {        document.addEventListener('DOMContentLoaded', function() {          if( typeof bwg_main_ready == 'function' ) {            if ( jQuery(\"#bwg_container1_1\").height() ) {             bwg_main_ready(jQuery(\"#bwg_container1_1\"));            }          }        });      }    <\/script>    \t\t<\/div>\n\t\t\t\t<\/div>\n\t\t\t\t\t<\/div>\n\t\t<\/div>\n\t\t\t\t\t<\/div>\n\t\t<\/section>\n\t\t\t\t<section class=\"elementor-section elementor-top-section elementor-element elementor-element-ed9abaf elementor-section-boxed elementor-section-height-default elementor-section-height-default\" data-id=\"ed9abaf\" data-element_type=\"section\">\n\t\t\t\t\t\t<div class=\"elementor-container elementor-column-gap-default\">\n\t\t\t\t\t<div class=\"elementor-column elementor-col-100 elementor-top-column elementor-element elementor-element-8b5a073\" data-id=\"8b5a073\" data-element_type=\"column\">\n\t\t\t<div class=\"elementor-widget-wrap elementor-element-populated\">\n\t\t\t\t\t\t<div class=\"elementor-element elementor-element-4bc93bc elementor-widget elementor-widget-bwg-elementor\" data-id=\"4bc93bc\" data-element_type=\"widget\" data-widget_type=\"bwg-elementor.default\">\n\t\t\t\t<div class=\"elementor-widget-container\">\n\t\t\t<style id=\"bwg-style-2\">    #bwg_container1_2 #bwg_container2_2 .bwg-container-2.bwg-album-thumbnails {    width: 1254px;    justify-content: center;            justify-content: center;        margin:0 auto !important;          background-color: rgba(255, 255, 255, 0.00);          padding-left: 4px;      padding-top: 4px;      max-width: 100%;          }        #bwg_container1_2 #bwg_container2_2 .bwg-container-2.bwg-album-thumbnails .bwg-item {    justify-content: flex-start;    max-width: 250px;        }    #bwg_container1_2 #bwg_container2_2 .bwg-container-2.bwg-album-thumbnails .bwg-item a {      margin-right: 4px;      margin-bottom: 4px;    }    #bwg_container1_2 #bwg_container2_2 .bwg-container-2.bwg-album-thumbnails .bwg-item0 {      padding: 0px;            background-color:rgba(0,0,0, 0.30);      border: 0px none #CCCCCC;      opacity: 1.00;      border-radius: 0;      box-shadow: 0px 0px 0px #888888;    }    #bwg_container1_2 #bwg_container2_2 .bwg-container-2.bwg-album-thumbnails .bwg-item1 img {      max-height: none;      max-width: none;      padding: 0 !important;    }          @media only screen and (min-width: 480px) {      #bwg_container1_2 #bwg_container2_2 .bwg-container-2.bwg-album-thumbnails .bwg-item1 img {      -webkit-transition: all .3s; transition: all .3s;      }      #bwg_container1_2 #bwg_container2_2 .bwg-container-2.bwg-album-thumbnails .bwg-item1 img:hover {        -ms-transform: scale(1.08);        -webkit-transform: scale(1.08);        transform: scale(1.08);      }            }          #bwg_container1_2 #bwg_container2_2 .bwg-container-2.bwg-album-thumbnails .bwg-item1 {      padding-top: 56%;    }        #bwg_container1_2 #bwg_container2_2 .bwg-container-2.bwg-album-thumbnails .bwg-title2 {      color: #323A45;      font-family: Ubuntu;      font-size: 16px;      font-weight: bold;      padding: 2px;      text-shadow: 0px 0px 0px #888888;      max-height: 100%;    }        #bwg_container1_2 #bwg_container2_2 .bwg-container-2.bwg-standard-thumbnails {      width: 1254px;              justify-content: center;        margin:0 auto !important;              background-color: rgba(255, 255, 255, 0.00);            padding-left: 4px;      padding-top: 4px;      max-width: 100%;            }        #bwg_container1_2 #bwg_container2_2 .bwg-container-2.bwg-standard-thumbnails .bwg-item {    justify-content: flex-start;      max-width: 250px;          }    #bwg_container1_2 #bwg_container2_2 .bwg-container-2.bwg-standard-thumbnails .bwg-item a {       margin-right: 4px;       margin-bottom: 4px;    }    #bwg_container1_2 #bwg_container2_2 .bwg-container-2.bwg-standard-thumbnails .bwg-item0 {      padding: 0px;            background-color:rgba(0,0,0, 0.30);      border: 0px none #CCCCCC;      opacity: 1.00;      border-radius: 0;      box-shadow: 0px 0px 0px #888888;    }    #bwg_container1_2 #bwg_container2_2 .bwg-container-2.bwg-standard-thumbnails .bwg-item1 img {      max-height: none;      max-width: none;      padding: 0 !important;    }         @media only screen and (min-width: 480px) {\t\t#bwg_container1_2 #bwg_container2_2 .bwg-container-2.bwg-standard-thumbnails .bwg-item1 img {\t\t\t-webkit-transition: all .3s; transition: all .3s;\t\t}\t\t#bwg_container1_2 #bwg_container2_2 .bwg-container-2.bwg-standard-thumbnails .bwg-item1 img:hover {\t\t\t-ms-transform: scale(1.08);\t\t\t-webkit-transform: scale(1.08);\t\t\ttransform: scale(1.08);\t\t}\t\t      }\t    #bwg_container1_2 #bwg_container2_2 .bwg-container-2.bwg-standard-thumbnails .bwg-item1 {      padding-top: 56%;    }        #bwg_container1_2 #bwg_container2_2 .bwg-container-2.bwg-standard-thumbnails .bwg-title2,    #bwg_container1_2 #bwg_container2_2 .bwg-container-2.bwg-standard-thumbnails .bwg-ecommerce2 {      color: #323A45;      font-family: Ubuntu;      font-size: 16px;      font-weight: bold;      padding: 2px;      text-shadow: 0px 0px 0px #888888;      max-height: 100%;    }    #bwg_container1_2 #bwg_container2_2 .bwg-container-2.bwg-standard-thumbnails .bwg-thumb-description span {    color: #323A45;    font-family: Ubuntu;    font-size: 12px;    max-height: 100%;    word-wrap: break-word;    }    #bwg_container1_2 #bwg_container2_2 .bwg-container-2.bwg-standard-thumbnails .bwg-play-icon2 {      font-size: 32px;    }    #bwg_container1_2 #bwg_container2_2 .bwg-container-2.bwg-standard-thumbnails .bwg-ecommerce2 {      font-size: 19.2px;      color: #323A45;    }    <\/style>    <div id=\"bwg_container1_2\"         class=\"bwg_container bwg_thumbnail bwg_album_compact_preview bwg_thumbnail\"         data-right-click-protection=\"0\"         data-bwg=\"2\"         data-scroll=\"0\"         data-gallery-type=\"album_compact_preview\"         data-gallery-view-type=\"thumbnail\"         data-current-url=\"\/index.php?rest_route=%2Fwp%2Fv2%2Fpages%2F2651\"         data-lightbox-url=\"http:\/\/vichyrando.org\/wp-admin\/admin-ajax.php?action=GalleryBox&#038;current_view=2&#038;gallery_id=0&#038;tag=0&#038;theme_id=1&#038;shortcode_id=686&#038;sort_by=order&#038;order_by=asc&#038;current_url=%2Findex.php%3Frest_route%3D%252Fwp%252Fv2%252Fpages%252F2651\"         data-gallery-id=\"0\"         data-popup-width=\"800\"         data-popup-height=\"500\"         data-is-album=\"album\"         data-buttons-position=\"bottom\">      <div id=\"bwg_container2_2\">             <div id=\"ajax_loading_2\" class=\"bwg_loading_div_1\">      <div class=\"bwg_loading_div_2\">        <div class=\"bwg_loading_div_3\">          <div id=\"loading_div_2\" class=\"bwg_spider_ajax_loading\">          <\/div>        <\/div>      <\/div>    <\/div>            <form id=\"gal_front_form_2\"              class=\"bwg-hidden\"              method=\"post\"              action=\"#\"              data-current=\"2\"              data-shortcode-id=\"686\"              data-gallery-type=\"album_compact_preview\"              data-gallery-id=\"0\"              data-tag=\"0\"              data-album-id=\"39\"              data-theme-id=\"1\"              data-ajax-url=\"http:\/\/vichyrando.org\/wp-admin\/admin-ajax.php?action=bwg_frontend_data\">          <div id=\"bwg_container3_2\" class=\"bwg-background bwg-background-2\">            <style>        #bwg_container1_2 #bwg_container2_2 .bwg_gal_title_2 {          display: block;          padding: 0 2px 2px 2px;          background-color: rgba(0, 0, 0, 0);          line-height: 20px;          font-family: Ubuntu;          font-size: 18px;          font-weight: bold;          color: #323A45;          text-shadow: 0px 0px 0px #888888;          text-align: center;        }        #bwg_container1_2 #bwg_container2_2 .bwg_gal_description_2 {          margin: 20px 0;          word-break: break-word;          text-align: justify;          font-size: 15px;          font-weight: unset;        }        <\/style>        <div class=\"bwg_gal_title_2\">Avril 2023<\/div>            <div data-max-count=\"5\"         data-thumbnail-width=\"250\"         data-bwg=\"2\"         id=\"bwg_album_compact_2\"         class=\"bwg-thumbnails bwg-container bwg-container-2 bwg-album-thumbnails bwg_album_thumbnails_2\">              <div class=\"bwg-item\">          <a class=\"bwg-a bwg-album bwg_album_2\"             href='\/index.php?rest_route=%2Fwp%2Fv2%2Fpages%2F2651&#038;type_2=gallery&#038;album_gallery_id_2=517'                          data-container_id=\"bwg_album_compact_2\"             data-def_type=\"gallery\"             data-album_gallery_id=\"39\"             data-alb_gal_id=\"517\"             data-title=\"Rando cool \u00e0 Cusset le 4 avril 2023\"             data-bwg=\"2\">                        <div class=\"bwg-item0 lazy_loader\">              <div class=\"bwg-item1 \">                <div class=\"bwg-item2\">                  <img decoding=\"async\" class=\"skip-lazy  bwg_lazyload \"                       data-width=\"500.00\"                       data-height=\"333.00\"                       data-src=\"http:\/\/vichyrando.org\/wp-content\/uploads\/photo-gallery\/thumb\/2023-04-04-Cusset04.jpg?bwg=1680772867\"                       src=\"http:\/\/vichyrando.org\/wp-content\/plugins\/photo-gallery\/images\/lazy_placeholder.gif\"                       alt=\"Rando cool \u00e0 Cusset le 4 avril 2023\"                       title=\"Rando cool \u00e0 Cusset le 4 avril 2023\" \/>                <\/div>                <div class=\"\">                                  <\/div>              <\/div>            <\/div>            <div class=\"bwg-title1\"><div class=\"bwg-title2\">Rando cool \u00e0 Cusset le 4 avril 2023<\/div><\/div>          <\/a>        <\/div>                <div class=\"bwg-item\">          <a class=\"bwg-a bwg-album bwg_album_2\"             href='\/index.php?rest_route=%2Fwp%2Fv2%2Fpages%2F2651&#038;type_2=gallery&#038;album_gallery_id_2=518'                          data-container_id=\"bwg_album_compact_2\"             data-def_type=\"gallery\"             data-album_gallery_id=\"39\"             data-alb_gal_id=\"518\"             data-title=\"Journ\u00e9e marche sportive aux No\u00ebs le 4 avril 2023\"             data-bwg=\"2\">                        <div class=\"bwg-item0 lazy_loader\">              <div class=\"bwg-item1 \">                <div class=\"bwg-item2\">                  <img decoding=\"async\" class=\"skip-lazy  bwg_lazyload \"                       data-width=\"500.00\"                       data-height=\"314.00\"                       data-src=\"http:\/\/vichyrando.org\/wp-content\/uploads\/photo-gallery\/thumb\/2023-04-04-Noes02.jpg?bwg=1680772965\"                       src=\"http:\/\/vichyrando.org\/wp-content\/plugins\/photo-gallery\/images\/lazy_placeholder.gif\"                       alt=\"Journ\u00e9e marche sportive aux No\u00ebs le 4 avril 2023\"                       title=\"Journ\u00e9e marche sportive aux No\u00ebs le 4 avril 2023\" \/>                <\/div>                <div class=\"\">                                  <\/div>              <\/div>            <\/div>            <div class=\"bwg-title1\"><div class=\"bwg-title2\">Journ\u00e9e marche sportive aux No\u00ebs le 4 avril 2023<\/div><\/div>          <\/a>        <\/div>                <div class=\"bwg-item\">          <a class=\"bwg-a bwg-album bwg_album_2\"             href='\/index.php?rest_route=%2Fwp%2Fv2%2Fpages%2F2651&#038;type_2=gallery&#038;album_gallery_id_2=519'                          data-container_id=\"bwg_album_compact_2\"             data-def_type=\"gallery\"             data-album_gallery_id=\"39\"             data-alb_gal_id=\"519\"             data-title=\"Assembl\u00e9e g\u00e9n\u00e9rale du club \u00e0 Serbannes le 4 avril 2023\"             data-bwg=\"2\">                        <div class=\"bwg-item0 lazy_loader\">              <div class=\"bwg-item1 \">                <div class=\"bwg-item2\">                  <img decoding=\"async\" class=\"skip-lazy  bwg_lazyload \"                       data-width=\"500.00\"                       data-height=\"201.00\"                       data-src=\"http:\/\/vichyrando.org\/wp-content\/uploads\/photo-gallery\/thumb\/2023-04-04-AG29.jpg?bwg=1680858245\"                       src=\"http:\/\/vichyrando.org\/wp-content\/plugins\/photo-gallery\/images\/lazy_placeholder.gif\"                       alt=\"Assembl\u00e9e g\u00e9n\u00e9rale du club \u00e0 Serbannes le 4 avril 2023\"                       title=\"Assembl\u00e9e g\u00e9n\u00e9rale du club \u00e0 Serbannes le 4 avril 2023\" \/>                <\/div>                <div class=\"\">                                  <\/div>              <\/div>            <\/div>            <div class=\"bwg-title1\"><div class=\"bwg-title2\">Assembl\u00e9e g\u00e9n\u00e9rale du club \u00e0 Serbannes le 4 avril 2023<\/div><\/div>          <\/a>        <\/div>                <div class=\"bwg-item\">          <a class=\"bwg-a bwg-album bwg_album_2\"             href='\/index.php?rest_route=%2Fwp%2Fv2%2Fpages%2F2651&#038;type_2=gallery&#038;album_gallery_id_2=520'                          data-container_id=\"bwg_album_compact_2\"             data-def_type=\"gallery\"             data-album_gallery_id=\"39\"             data-alb_gal_id=\"520\"             data-title=\"Mini rando \u00e0 Hauterive le 6 avril 2023\"             data-bwg=\"2\">                        <div class=\"bwg-item0 lazy_loader\">              <div class=\"bwg-item1 \">                <div class=\"bwg-item2\">                  <img decoding=\"async\" class=\"skip-lazy  bwg_lazyload \"                       data-width=\"500.00\"                       data-height=\"333.00\"                       data-src=\"http:\/\/vichyrando.org\/wp-content\/uploads\/photo-gallery\/thumb\/2023-04-06-Hauterive01.jpg?bwg=1680858431\"                       src=\"http:\/\/vichyrando.org\/wp-content\/plugins\/photo-gallery\/images\/lazy_placeholder.gif\"                       alt=\"Mini rando \u00e0 Hauterive le 6 avril 2023\"                       title=\"Mini rando \u00e0 Hauterive le 6 avril 2023\" \/>                <\/div>                <div class=\"\">                                  <\/div>              <\/div>            <\/div>            <div class=\"bwg-title1\"><div class=\"bwg-title2\">Mini rando \u00e0 Hauterive le 6 avril 2023<\/div><\/div>          <\/a>        <\/div>                <div class=\"bwg-item\">          <a class=\"bwg-a bwg-album bwg_album_2\"             href='\/index.php?rest_route=%2Fwp%2Fv2%2Fpages%2F2651&#038;type_2=gallery&#038;album_gallery_id_2=521'                          data-container_id=\"bwg_album_compact_2\"             data-def_type=\"gallery\"             data-album_gallery_id=\"39\"             data-alb_gal_id=\"521\"             data-title=\"Rando 1\/2 journ\u00e9e au Mayet de Montagne le 6 avril 2023\"             data-bwg=\"2\">                        <div class=\"bwg-item0 lazy_loader\">              <div class=\"bwg-item1 \">                <div class=\"bwg-item2\">                  <img decoding=\"async\" class=\"skip-lazy  bwg_lazyload \"                       data-width=\"500.00\"                       data-height=\"225.00\"                       data-src=\"http:\/\/vichyrando.org\/wp-content\/uploads\/photo-gallery\/thumb\/2023-04-06-LeMayet14.jpg?bwg=1680858518\"                       src=\"http:\/\/vichyrando.org\/wp-content\/plugins\/photo-gallery\/images\/lazy_placeholder.gif\"                       alt=\"Rando 1\/2 journ\u00e9e au Mayet de Montagne le 6 avril 2023\"                       title=\"Rando 1\/2 journ\u00e9e au Mayet de Montagne le 6 avril 2023\" \/>                <\/div>                <div class=\"\">                                  <\/div>              <\/div>            <\/div>            <div class=\"bwg-title1\"><div class=\"bwg-title2\">Rando 1\/2 journ\u00e9e au Mayet de Montagne le 6 avril 2023<\/div><\/div>          <\/a>        <\/div>                <div class=\"bwg-item\">          <a class=\"bwg-a bwg-album bwg_album_2\"             href='\/index.php?rest_route=%2Fwp%2Fv2%2Fpages%2F2651&#038;type_2=gallery&#038;album_gallery_id_2=522'                          data-container_id=\"bwg_album_compact_2\"             data-def_type=\"gallery\"             data-album_gallery_id=\"39\"             data-alb_gal_id=\"522\"             data-title=\"Journ\u00e9e marche rapide \u00e0 Verneuil en Bourbonnais le 11 avril 2023\"             data-bwg=\"2\">                        <div class=\"bwg-item0 lazy_loader\">              <div class=\"bwg-item1 \">                <div class=\"bwg-item2\">                  <img decoding=\"async\" class=\"skip-lazy  bwg_lazyload \"                       data-width=\"500.00\"                       data-height=\"305.00\"                       data-src=\"http:\/\/vichyrando.org\/wp-content\/uploads\/photo-gallery\/thumb\/2023-04-11-Verneuil11.jpg?bwg=1681301630\"                       src=\"http:\/\/vichyrando.org\/wp-content\/plugins\/photo-gallery\/images\/lazy_placeholder.gif\"                       alt=\"Journ\u00e9e marche rapide \u00e0 Verneuil en Bourbonnais le 11 avril 2023\"                       title=\"Journ\u00e9e marche rapide \u00e0 Verneuil en Bourbonnais le 11 avril 2023\" \/>                <\/div>                <div class=\"\">                                  <\/div>              <\/div>            <\/div>            <div class=\"bwg-title1\"><div class=\"bwg-title2\">Journ\u00e9e marche rapide \u00e0 Verneuil en Bourbonnais le 11 avril 2023<\/div><\/div>          <\/a>        <\/div>                <div class=\"bwg-item\">          <a class=\"bwg-a bwg-album bwg_album_2\"             href='\/index.php?rest_route=%2Fwp%2Fv2%2Fpages%2F2651&#038;type_2=gallery&#038;album_gallery_id_2=523'                          data-container_id=\"bwg_album_compact_2\"             data-def_type=\"gallery\"             data-album_gallery_id=\"39\"             data-alb_gal_id=\"523\"             data-title=\"Rando cool \u00e0 La Chapelle le 11 avril 2023\"             data-bwg=\"2\">                        <div class=\"bwg-item0 lazy_loader\">              <div class=\"bwg-item1 \">                <div class=\"bwg-item2\">                  <img decoding=\"async\" class=\"skip-lazy  bwg_lazyload \"                       data-width=\"500.00\"                       data-height=\"281.00\"                       data-src=\"http:\/\/vichyrando.org\/wp-content\/uploads\/photo-gallery\/thumb\/2023-04-11-LaChapelle07.jpg?bwg=1681307644\"                       src=\"http:\/\/vichyrando.org\/wp-content\/plugins\/photo-gallery\/images\/lazy_placeholder.gif\"                       alt=\"Rando cool \u00e0 La Chapelle le 11 avril 2023\"                       title=\"Rando cool \u00e0 La Chapelle le 11 avril 2023\" \/>                <\/div>                <div class=\"\">                                  <\/div>              <\/div>            <\/div>            <div class=\"bwg-title1\"><div class=\"bwg-title2\">Rando cool \u00e0 La Chapelle le 11 avril 2023<\/div><\/div>          <\/a>        <\/div>                <div class=\"bwg-item\">          <a class=\"bwg-a bwg-album bwg_album_2\"             href='\/index.php?rest_route=%2Fwp%2Fv2%2Fpages%2F2651&#038;type_2=gallery&#038;album_gallery_id_2=524'                          data-container_id=\"bwg_album_compact_2\"             data-def_type=\"gallery\"             data-album_gallery_id=\"39\"             data-alb_gal_id=\"524\"             data-title=\"Mini rando \u00e0 Saint Cl\u00e9ment le 13 avril 2023\"             data-bwg=\"2\">                        <div class=\"bwg-item0 lazy_loader\">              <div class=\"bwg-item1 \">                <div class=\"bwg-item2\">                  <img decoding=\"async\" class=\"skip-lazy  bwg_lazyload \"                       data-width=\"500.00\"                       data-height=\"333.00\"                       data-src=\"http:\/\/vichyrando.org\/wp-content\/uploads\/photo-gallery\/thumb\/2023-04-13-StClement11.jpg?bwg=1681491473\"                       src=\"http:\/\/vichyrando.org\/wp-content\/plugins\/photo-gallery\/images\/lazy_placeholder.gif\"                       alt=\"Mini rando \u00e0 Saint Cl\u00e9ment le 13 avril 2023\"                       title=\"Mini rando \u00e0 Saint Cl\u00e9ment le 13 avril 2023\" \/>                <\/div>                <div class=\"\">                                  <\/div>              <\/div>            <\/div>            <div class=\"bwg-title1\"><div class=\"bwg-title2\">Mini rando \u00e0 Saint Cl\u00e9ment le 13 avril 2023<\/div><\/div>          <\/a>        <\/div>                <div class=\"bwg-item\">          <a class=\"bwg-a bwg-album bwg_album_2\"             href='\/index.php?rest_route=%2Fwp%2Fv2%2Fpages%2F2651&#038;type_2=gallery&#038;album_gallery_id_2=525'                          data-container_id=\"bwg_album_compact_2\"             data-def_type=\"gallery\"             data-album_gallery_id=\"39\"             data-alb_gal_id=\"525\"             data-title=\"Rando 1\/2 journ\u00e9e \u00e0 Montaigu\u00ebt en Forez le 13 avril 2023\"             data-bwg=\"2\">                        <div class=\"bwg-item0 lazy_loader\">              <div class=\"bwg-item1 \">                <div class=\"bwg-item2\">                  <img decoding=\"async\" class=\"skip-lazy  bwg_lazyload \"                       data-width=\"500.00\"                       data-height=\"319.00\"                       data-src=\"http:\/\/vichyrando.org\/wp-content\/uploads\/photo-gallery\/thumb\/2023-04-13-Montaiguet19.jpg?bwg=1681552145\"                       src=\"http:\/\/vichyrando.org\/wp-content\/plugins\/photo-gallery\/images\/lazy_placeholder.gif\"                       alt=\"Rando 1\/2 journ\u00e9e \u00e0 Montaigu\u00ebt en Forez le 13 avril 2023\"                       title=\"Rando 1\/2 journ\u00e9e \u00e0 Montaigu\u00ebt en Forez le 13 avril 2023\" \/>                <\/div>                <div class=\"\">                                  <\/div>              <\/div>            <\/div>            <div class=\"bwg-title1\"><div class=\"bwg-title2\">Rando 1\/2 journ\u00e9e \u00e0 Montaigu\u00ebt en Forez le 13 avril 2023<\/div><\/div>          <\/a>        <\/div>                <div class=\"bwg-item\">          <a class=\"bwg-a bwg-album bwg_album_2\"             href='\/index.php?rest_route=%2Fwp%2Fv2%2Fpages%2F2651&#038;type_2=gallery&#038;album_gallery_id_2=526'                          data-container_id=\"bwg_album_compact_2\"             data-def_type=\"gallery\"             data-album_gallery_id=\"39\"             data-alb_gal_id=\"526\"             data-title=\"Journ\u00e9e rando Koh-Lanta \u00e0 St Gal\/Sioule le 18 avril 2023\"             data-bwg=\"2\">                        <div class=\"bwg-item0 lazy_loader\">              <div class=\"bwg-item1 \">                <div class=\"bwg-item2\">                  <img decoding=\"async\" class=\"skip-lazy  bwg_lazyload \"                       data-width=\"500.00\"                       data-height=\"258.00\"                       data-src=\"http:\/\/vichyrando.org\/wp-content\/uploads\/photo-gallery\/thumb\/2023-04-18-StGal11.jpg?bwg=1681893215\"                       src=\"http:\/\/vichyrando.org\/wp-content\/plugins\/photo-gallery\/images\/lazy_placeholder.gif\"                       alt=\"Journ\u00e9e rando Koh-Lanta \u00e0 St Gal\/Sioule le 18 avril 2023\"                       title=\"Journ\u00e9e rando Koh-Lanta \u00e0 St Gal\/Sioule le 18 avril 2023\" \/>                <\/div>                <div class=\"\">                                  <\/div>              <\/div>            <\/div>            <div class=\"bwg-title1\"><div class=\"bwg-title2\">Journ\u00e9e rando Koh-Lanta \u00e0 St Gal\/Sioule le 18 avril 2023<\/div><\/div>          <\/a>        <\/div>                <div class=\"bwg-item\">          <a class=\"bwg-a bwg-album bwg_album_2\"             href='\/index.php?rest_route=%2Fwp%2Fv2%2Fpages%2F2651&#038;type_2=gallery&#038;album_gallery_id_2=527'                          data-container_id=\"bwg_album_compact_2\"             data-def_type=\"gallery\"             data-album_gallery_id=\"39\"             data-alb_gal_id=\"527\"             data-title=\"Rando cool \u00e0 Vensat le 18 avril 2023\"             data-bwg=\"2\">                        <div class=\"bwg-item0 lazy_loader\">              <div class=\"bwg-item1 \">                <div class=\"bwg-item2\">                  <img decoding=\"async\" class=\"skip-lazy  bwg_lazyload \"                       data-width=\"500.00\"                       data-height=\"281.00\"                       data-src=\"http:\/\/vichyrando.org\/wp-content\/uploads\/photo-gallery\/thumb\/2023-04-18-Vensat02.jpg?bwg=1681987517\"                       src=\"http:\/\/vichyrando.org\/wp-content\/plugins\/photo-gallery\/images\/lazy_placeholder.gif\"                       alt=\"Rando cool \u00e0 Vensat le 18 avril 2023\"                       title=\"Rando cool \u00e0 Vensat le 18 avril 2023\" \/>                <\/div>                <div class=\"\">                                  <\/div>              <\/div>            <\/div>            <div class=\"bwg-title1\"><div class=\"bwg-title2\">Rando cool \u00e0 Vensat le 18 avril 2023<\/div><\/div>          <\/a>        <\/div>                <div class=\"bwg-item\">          <a class=\"bwg-a bwg-album bwg_album_2\"             href='\/index.php?rest_route=%2Fwp%2Fv2%2Fpages%2F2651&#038;type_2=gallery&#038;album_gallery_id_2=528'                          data-container_id=\"bwg_album_compact_2\"             data-def_type=\"gallery\"             data-album_gallery_id=\"39\"             data-alb_gal_id=\"528\"             data-title=\"Mini rando \u00e0 Busset le 20 avril 2023\"             data-bwg=\"2\">                        <div class=\"bwg-item0 lazy_loader\">              <div class=\"bwg-item1 \">                <div class=\"bwg-item2\">                  <img decoding=\"async\" class=\"skip-lazy  bwg_lazyload \"                       data-width=\"500.00\"                       data-height=\"281.00\"                       data-src=\"http:\/\/vichyrando.org\/wp-content\/uploads\/photo-gallery\/thumb\/2023-04-20-Busset01.jpg?bwg=1682007951\"                       src=\"http:\/\/vichyrando.org\/wp-content\/plugins\/photo-gallery\/images\/lazy_placeholder.gif\"                       alt=\"Mini rando \u00e0 Busset le 20 avril 2023\"                       title=\"Mini rando \u00e0 Busset le 20 avril 2023\" \/>                <\/div>                <div class=\"\">                                  <\/div>              <\/div>            <\/div>            <div class=\"bwg-title1\"><div class=\"bwg-title2\">Mini rando \u00e0 Busset le 20 avril 2023<\/div><\/div>          <\/a>        <\/div>                <div class=\"bwg-item\">          <a class=\"bwg-a bwg-album bwg_album_2\"             href='\/index.php?rest_route=%2Fwp%2Fv2%2Fpages%2F2651&#038;type_2=gallery&#038;album_gallery_id_2=529'                          data-container_id=\"bwg_album_compact_2\"             data-def_type=\"gallery\"             data-album_gallery_id=\"39\"             data-alb_gal_id=\"529\"             data-title=\"Rando 1\/2 journ\u00e9e \u00e0 Ch\u00e2tel-Guyon le 20 avril 2023\"             data-bwg=\"2\">                        <div class=\"bwg-item0 lazy_loader\">              <div class=\"bwg-item1 \">                <div class=\"bwg-item2\">                  <img decoding=\"async\" class=\"skip-lazy  bwg_lazyload \"                       data-width=\"500.00\"                       data-height=\"333.00\"                       data-src=\"http:\/\/vichyrando.org\/wp-content\/uploads\/photo-gallery\/thumb\/2023-04-20-ChatelGuyon13.jpg?bwg=1682241165\"                       src=\"http:\/\/vichyrando.org\/wp-content\/plugins\/photo-gallery\/images\/lazy_placeholder.gif\"                       alt=\"Rando 1\/2 journ\u00e9e \u00e0 Ch\u00e2tel-Guyon le 20 avril 2023\"                       title=\"Rando 1\/2 journ\u00e9e \u00e0 Ch\u00e2tel-Guyon le 20 avril 2023\" \/>                <\/div>                <div class=\"\">                                  <\/div>              <\/div>            <\/div>            <div class=\"bwg-title1\"><div class=\"bwg-title2\">Rando 1\/2 journ\u00e9e \u00e0 Ch\u00e2tel-Guyon le 20 avril 2023<\/div><\/div>          <\/a>        <\/div>                <div class=\"bwg-item\">          <a class=\"bwg-a bwg-album bwg_album_2\"             href='\/index.php?rest_route=%2Fwp%2Fv2%2Fpages%2F2651&#038;type_2=gallery&#038;album_gallery_id_2=531'                          data-container_id=\"bwg_album_compact_2\"             data-def_type=\"gallery\"             data-album_gallery_id=\"39\"             data-alb_gal_id=\"531\"             data-title=\"Rencontre Marche Nordique avec le club d&#039;Aubigny\/N\u00e8re \u00e0 Vichy le 22 avril 2023\"             data-bwg=\"2\">                        <div class=\"bwg-item0 lazy_loader\">              <div class=\"bwg-item1 \">                <div class=\"bwg-item2\">                  <img decoding=\"async\" class=\"skip-lazy  bwg_lazyload \"                       data-width=\"500.00\"                       data-height=\"375.00\"                       data-src=\"http:\/\/vichyrando.org\/wp-content\/uploads\/photo-gallery\/thumb\/2023-04-23-Vichy-MN01.jpg?bwg=1682328138\"                       src=\"http:\/\/vichyrando.org\/wp-content\/plugins\/photo-gallery\/images\/lazy_placeholder.gif\"                       alt=\"Rencontre Marche Nordique avec le club d&#039;Aubigny\/N\u00e8re \u00e0 Vichy le 22 avril 2023\"                       title=\"Rencontre Marche Nordique avec le club d&#039;Aubigny\/N\u00e8re \u00e0 Vichy le 22 avril 2023\" \/>                <\/div>                <div class=\"\">                                  <\/div>              <\/div>            <\/div>            <div class=\"bwg-title1\"><div class=\"bwg-title2\">Rencontre Marche Nordique avec le club d'Aubigny\/N\u00e8re \u00e0 Vichy le 22 avril 2023<\/div><\/div>          <\/a>        <\/div>                <div class=\"bwg-item\">          <a class=\"bwg-a bwg-album bwg_album_2\"             href='\/index.php?rest_route=%2Fwp%2Fv2%2Fpages%2F2651&#038;type_2=gallery&#038;album_gallery_id_2=530'                          data-container_id=\"bwg_album_compact_2\"             data-def_type=\"gallery\"             data-album_gallery_id=\"39\"             data-alb_gal_id=\"530\"             data-title=\"Rando journ\u00e9e autour de La Chabanne le 23 avril 2023\"             data-bwg=\"2\">                        <div class=\"bwg-item0 lazy_loader\">              <div class=\"bwg-item1 \">                <div class=\"bwg-item2\">                  <img decoding=\"async\" class=\"skip-lazy  bwg_lazyload \"                       data-width=\"500.00\"                       data-height=\"375.00\"                       data-src=\"http:\/\/vichyrando.org\/wp-content\/uploads\/photo-gallery\/thumb\/2023-04-23-LaChabanne02.jpg?bwg=1682328032\"                       src=\"http:\/\/vichyrando.org\/wp-content\/plugins\/photo-gallery\/images\/lazy_placeholder.gif\"                       alt=\"Rando journ\u00e9e autour de La Chabanne le 23 avril 2023\"                       title=\"Rando journ\u00e9e autour de La Chabanne le 23 avril 2023\" \/>                <\/div>                <div class=\"\">                                  <\/div>              <\/div>            <\/div>            <div class=\"bwg-title1\"><div class=\"bwg-title2\">Rando journ\u00e9e autour de La Chabanne le 23 avril 2023<\/div><\/div>          <\/a>        <\/div>                <div class=\"bwg-item\">          <a class=\"bwg-a bwg-album bwg_album_2\"             href='\/index.php?rest_route=%2Fwp%2Fv2%2Fpages%2F2651&#038;type_2=gallery&#038;album_gallery_id_2=532'                          data-container_id=\"bwg_album_compact_2\"             data-def_type=\"gallery\"             data-album_gallery_id=\"39\"             data-alb_gal_id=\"532\"             data-title=\"Journ\u00e9e marche rapide \u00e0 Ch\u00e2telus le 25 avril 2023\"             data-bwg=\"2\">                        <div class=\"bwg-item0 lazy_loader\">              <div class=\"bwg-item1 \">                <div class=\"bwg-item2\">                  <img decoding=\"async\" class=\"skip-lazy  bwg_lazyload \"                       data-width=\"403.00\"                       data-height=\"500.00\"                       data-src=\"http:\/\/vichyrando.org\/wp-content\/uploads\/photo-gallery\/thumb\/2023-04-25-Chatelus03.jpg?bwg=1682503669\"                       src=\"http:\/\/vichyrando.org\/wp-content\/plugins\/photo-gallery\/images\/lazy_placeholder.gif\"                       alt=\"Journ\u00e9e marche rapide \u00e0 Ch\u00e2telus le 25 avril 2023\"                       title=\"Journ\u00e9e marche rapide \u00e0 Ch\u00e2telus le 25 avril 2023\" \/>                <\/div>                <div class=\"\">                                  <\/div>              <\/div>            <\/div>            <div class=\"bwg-title1\"><div class=\"bwg-title2\">Journ\u00e9e marche rapide \u00e0 Ch\u00e2telus le 25 avril 2023<\/div><\/div>          <\/a>        <\/div>                <div class=\"bwg-item\">          <a class=\"bwg-a bwg-album bwg_album_2\"             href='\/index.php?rest_route=%2Fwp%2Fv2%2Fpages%2F2651&#038;type_2=gallery&#038;album_gallery_id_2=533'                          data-container_id=\"bwg_album_compact_2\"             data-def_type=\"gallery\"             data-album_gallery_id=\"39\"             data-alb_gal_id=\"533\"             data-title=\"Rando cool \u00e0 Ch\u00e2tel Montagne le 25 avril 2023\"             data-bwg=\"2\">                        <div class=\"bwg-item0 lazy_loader\">              <div class=\"bwg-item1 \">                <div class=\"bwg-item2\">                  <img decoding=\"async\" class=\"skip-lazy  bwg_lazyload \"                       data-width=\"500.00\"                       data-height=\"288.00\"                       data-src=\"http:\/\/vichyrando.org\/wp-content\/uploads\/photo-gallery\/thumb\/2023-04-25-Chatel02.jpg?bwg=1682513868\"                       src=\"http:\/\/vichyrando.org\/wp-content\/plugins\/photo-gallery\/images\/lazy_placeholder.gif\"                       alt=\"Rando cool \u00e0 Ch\u00e2tel Montagne le 25 avril 2023\"                       title=\"Rando cool \u00e0 Ch\u00e2tel Montagne le 25 avril 2023\" \/>                <\/div>                <div class=\"\">                                  <\/div>              <\/div>            <\/div>            <div class=\"bwg-title1\"><div class=\"bwg-title2\">Rando cool \u00e0 Ch\u00e2tel Montagne le 25 avril 2023<\/div><\/div>          <\/a>        <\/div>                <div class=\"bwg-item\">          <a class=\"bwg-a bwg-album bwg_album_2\"             href='\/index.php?rest_route=%2Fwp%2Fv2%2Fpages%2F2651&#038;type_2=gallery&#038;album_gallery_id_2=534'                          data-container_id=\"bwg_album_compact_2\"             data-def_type=\"gallery\"             data-album_gallery_id=\"39\"             data-alb_gal_id=\"534\"             data-title=\"Mini rando \u00e0 Droiturier le 27 avril 2023\"             data-bwg=\"2\">                        <div class=\"bwg-item0 lazy_loader\">              <div class=\"bwg-item1 \">                <div class=\"bwg-item2\">                  <img decoding=\"async\" class=\"skip-lazy  bwg_lazyload \"                       data-width=\"500.00\"                       data-height=\"283.00\"                       data-src=\"http:\/\/vichyrando.org\/wp-content\/uploads\/photo-gallery\/thumb\/2023-04-27-Droiturier01.jpg?bwg=1682609333\"                       src=\"http:\/\/vichyrando.org\/wp-content\/plugins\/photo-gallery\/images\/lazy_placeholder.gif\"                       alt=\"Mini rando \u00e0 Droiturier le 27 avril 2023\"                       title=\"Mini rando \u00e0 Droiturier le 27 avril 2023\" \/>                <\/div>                <div class=\"\">                                  <\/div>              <\/div>            <\/div>            <div class=\"bwg-title1\"><div class=\"bwg-title2\">Mini rando \u00e0 Droiturier le 27 avril 2023<\/div><\/div>          <\/a>        <\/div>                <div class=\"bwg-item\">          <a class=\"bwg-a bwg-album bwg_album_2\"             href='\/index.php?rest_route=%2Fwp%2Fv2%2Fpages%2F2651&#038;type_2=gallery&#038;album_gallery_id_2=535'                          data-container_id=\"bwg_album_compact_2\"             data-def_type=\"gallery\"             data-album_gallery_id=\"39\"             data-alb_gal_id=\"535\"             data-title=\"Rando 1\/2 journ\u00e9e \u00e0 Laprugne le 27 avril 2023\"             data-bwg=\"2\">                        <div class=\"bwg-item0 lazy_loader\">              <div class=\"bwg-item1 \">                <div class=\"bwg-item2\">                  <img decoding=\"async\" class=\"skip-lazy  bwg_lazyload \"                       data-width=\"500.00\"                       data-height=\"333.00\"                       data-src=\"http:\/\/vichyrando.org\/wp-content\/uploads\/photo-gallery\/thumb\/2023-04-27-Laprugne04.jpg?bwg=1682700015\"                       src=\"http:\/\/vichyrando.org\/wp-content\/plugins\/photo-gallery\/images\/lazy_placeholder.gif\"                       alt=\"Rando 1\/2 journ\u00e9e \u00e0 Laprugne le 27 avril 2023\"                       title=\"Rando 1\/2 journ\u00e9e \u00e0 Laprugne le 27 avril 2023\" \/>                <\/div>                <div class=\"\">                                  <\/div>              <\/div>            <\/div>            <div class=\"bwg-title1\"><div class=\"bwg-title2\">Rando 1\/2 journ\u00e9e \u00e0 Laprugne le 27 avril 2023<\/div><\/div>          <\/a>        <\/div>                <div class=\"bwg-item\">          <a class=\"bwg-a bwg-album bwg_album_2\"             href='\/index.php?rest_route=%2Fwp%2Fv2%2Fpages%2F2651&#038;type_2=gallery&#038;album_gallery_id_2=536'                          data-container_id=\"bwg_album_compact_2\"             data-def_type=\"gallery\"             data-album_gallery_id=\"39\"             data-alb_gal_id=\"536\"             data-title=\"Marche nordique \u00e0 Vichy le 29 avril 2023\"             data-bwg=\"2\">                        <div class=\"bwg-item0 lazy_loader\">              <div class=\"bwg-item1 \">                <div class=\"bwg-item2\">                  <img decoding=\"async\" class=\"skip-lazy  bwg_lazyload \"                       data-width=\"500.00\"                       data-height=\"318.00\"                       data-src=\"http:\/\/vichyrando.org\/wp-content\/uploads\/photo-gallery\/thumb\/2023-04-29-VichyMN01.jpg?bwg=1682974822\"                       src=\"http:\/\/vichyrando.org\/wp-content\/plugins\/photo-gallery\/images\/lazy_placeholder.gif\"                       alt=\"Marche nordique \u00e0 Vichy le 29 avril 2023\"                       title=\"Marche nordique \u00e0 Vichy le 29 avril 2023\" \/>                <\/div>                <div class=\"\">                                  <\/div>              <\/div>            <\/div>            <div class=\"bwg-title1\"><div class=\"bwg-title2\">Marche nordique \u00e0 Vichy le 29 avril 2023<\/div><\/div>          <\/a>        <\/div>            <\/div>          <input type=\"hidden\" id=\"bwg_album_breadcrumb_2\" name=\"bwg_album_breadcrumb_2\" value='[{&quot;id&quot;:&quot;39&quot;,&quot;page&quot;:1}]' \/>    <style>      \/*pagination styles*\/      #bwg_container1_2 #bwg_container2_2 .tablenav-pages_2 {\t\t\t\ttext-align: center;\t\t\t\tfont-size: 12px;\t\t\t\tfont-family: Ubuntu;\t\t\t\tfont-weight: bold;\t\t\t\tcolor: #666666;\t\t\t\tmargin: 6px 0 4px;\t\t\t\tdisplay: block;      }      @media only screen and (max-width : 320px) {      #bwg_container1_2 #bwg_container2_2 .displaying-num_2 {     \t display: none;      }      }      #bwg_container1_2 #bwg_container2_2 .displaying-num_2 {\t\t\t\tfont-size: 12px;\t\t\t\tfont-family: Ubuntu;\t\t\t\tfont-weight: bold;\t\t\t\tcolor: #666666;\t\t\t\tmargin-right: 10px;\t\t\t\tvertical-align: middle;      }      #bwg_container1_2 #bwg_container2_2 .paging-input_2 {\t\t\t\tfont-size: 12px;\t\t\t\tfont-family: Ubuntu;\t\t\t\tfont-weight: bold;\t\t\t\tcolor: #666666;\t\t\t\tvertical-align: middle;      }      #bwg_container1_2 #bwg_container2_2 .tablenav-pages_2 a.disabled,      #bwg_container1_2 #bwg_container2_2 .tablenav-pages_2 a.disabled:hover,      #bwg_container1_2 #bwg_container2_2 .tablenav-pages_2 a.disabled:focus,\t\t\t#bwg_container1_2 #bwg_container2_2 .tablenav-pages_2 input.bwg_current_page {\t\t\t\tcursor: default;\t\t\t\tcolor: rgba(102, 102, 102, 0.5);      }      #bwg_container1_2 #bwg_container2_2 .tablenav-pages_2 a,      #bwg_container1_2 #bwg_container2_2 .tablenav-pages_2 input.bwg_current_page {\t\t\t\tcursor: pointer;\t\t\t\ttext-align: center;\t\t\t\tfont-size: 12px;\t\t\t\tfont-family: Ubuntu;\t\t\t\tfont-weight: bold;\t\t\t\tcolor: #666666;\t\t\t\ttext-decoration: none;\t\t\t\tpadding: 3px 6px;\t\t\t\tmargin: 0;\t\t\t\tborder-radius: 0;\t\t\t\tborder-style: solid;\t\t\t\tborder-width: 1px;\t\t\t\tborder-color: #E3E3E3;\t\t\t\t\t\t\t\tbackground-color: rgba(255, 255, 255, 1.00);\t\t\t\tbox-shadow: 0;\t\t\t\ttransition: all 0.3s ease 0s;-webkit-transition: all 0.3s ease 0s;      }      <\/style>      <span class=\"bwg_nav_cont_2\">              <div class=\"tablenav-pages_2\">                  <\/div>                <input type=\"hidden\" id=\"page_number_2\" name=\"page_number_2\" value=\"1\" \/>      <script type=\"text\/javascript\">        if( jQuery('.bwg_nav_cont_2').length > 1 ) {          jQuery('.bwg_nav_cont_2').first().remove()        }        function spider_page_2(cur, x, y, load_more) {          if (typeof load_more == \"undefined\") {            var load_more = false;          }          if (jQuery(cur).hasClass('disabled')) {            return false;          }          var items_county_2 = 1;          switch (y) {            case 1:              if (x >= items_county_2) {                document.getElementById('page_number_2').value = items_county_2;              }              else {                document.getElementById('page_number_2').value = x + 1;              }              break;            case 2:              document.getElementById('page_number_2').value = items_county_2;              break;            case -1:              if (x == 1) {                document.getElementById('page_number_2').value = 1;              }              else {                document.getElementById('page_number_2').value = x - 1;              }              break;            case -2:              document.getElementById('page_number_2').value = 1;              break;\t\t\t\t\t\tcase 0:              document.getElementById('page_number_2').value = x;              break;            default:              document.getElementById('page_number_2').value = 1;          }          bwg_ajax('gal_front_form_2', '2', 'bwg_album_compact_2', '39', '', 'album', 0, '', '', load_more, '', 1);        }                    jQuery('.first-page-2').on('click', function () {              spider_page_2(this, 1, -2, 'numeric');              return false;            });            jQuery('.prev-page-2').on('click', function () {              spider_page_2(this, 1, -1, 'numeric');              return false;            });            jQuery('.next-page-2').on('click', function () {              spider_page_2(this, 1, 1, 'numeric');              return false;            });            jQuery('.last-page-2').on('click', function () {              spider_page_2(this, 1, 2, 'numeric');              return false;            });        \t\t\t\t\/* Change page on input enter. *\/        function bwg_change_page_2( e, that ) {          if (  e.key == 'Enter' ) {            var to_page = parseInt(jQuery(that).val());            var pages_count = jQuery(that).parents(\".pagination-links\").data(\"pages-count\");            var current_url_param = jQuery(that).attr('data-url-info');            if (to_page > pages_count) {              to_page = 1;            }\t \t\t\t\t\t\t\t\t\t\t\t\tspider_page_2(this, to_page, 0, 'numeric');\t\t\t\t\t\t\treturn false;\t\t\t\t\t\t          }          return true;        }        jQuery('.bwg_load_btn_2').on('click', function () {            spider_page_2(this, 1, 1, true);            return false;        });      <\/script>      <\/span>                <\/div>        <\/form>        <style>          #bwg_container1_2 #bwg_container2_2 #spider_popup_overlay_2 {          background-color: #EEEEEE;          opacity: 0.60;          }          <\/style>        <div id=\"bwg_spider_popup_loading_2\" class=\"bwg_spider_popup_loading\"><\/div>        <div id=\"spider_popup_overlay_2\" class=\"spider_popup_overlay\" onclick=\"spider_destroypopup(1000)\"><\/div>        <input type=\"hidden\" id=\"bwg_random_seed_2\" value=\"1867225551\">                <\/div>    <\/div>    <script>      if (document.readyState === 'complete') {        if( typeof bwg_main_ready == 'function' ) {          if ( jQuery(\"#bwg_container1_2\").height() ) {            bwg_main_ready(jQuery(\"#bwg_container1_2\"));          }        }      } else {        document.addEventListener('DOMContentLoaded', function() {          if( typeof bwg_main_ready == 'function' ) {            if ( jQuery(\"#bwg_container1_2\").height() ) {             bwg_main_ready(jQuery(\"#bwg_container1_2\"));            }          }        });      }    <\/script>    \t\t<\/div>\n\t\t\t\t<\/div>\n\t\t\t\t\t<\/div>\n\t\t<\/div>\n\t\t\t\t\t<\/div>\n\t\t<\/section>\n\t\t\t\t<section class=\"elementor-section elementor-top-section elementor-element elementor-element-2b0c718 elementor-section-boxed elementor-section-height-default elementor-section-height-default\" data-id=\"2b0c718\" data-element_type=\"section\">\n\t\t\t\t\t\t<div class=\"elementor-container elementor-column-gap-default\">\n\t\t\t\t\t<div class=\"elementor-column elementor-col-100 elementor-top-column elementor-element elementor-element-56b8c5e\" data-id=\"56b8c5e\" data-element_type=\"column\">\n\t\t\t<div class=\"elementor-widget-wrap elementor-element-populated\">\n\t\t\t\t\t\t<div class=\"elementor-element elementor-element-95512ca elementor-widget elementor-widget-bwg-elementor\" data-id=\"95512ca\" data-element_type=\"widget\" data-widget_type=\"bwg-elementor.default\">\n\t\t\t\t<div class=\"elementor-widget-container\">\n\t\t\t<style id=\"bwg-style-3\">    #bwg_container1_3 #bwg_container2_3 .bwg-container-3.bwg-album-thumbnails {    width: 1254px;    justify-content: center;            justify-content: center;        margin:0 auto !important;          background-color: rgba(255, 255, 255, 0.00);          padding-left: 4px;      padding-top: 4px;      max-width: 100%;          }        #bwg_container1_3 #bwg_container2_3 .bwg-container-3.bwg-album-thumbnails .bwg-item {    justify-content: flex-start;    max-width: 250px;        }    #bwg_container1_3 #bwg_container2_3 .bwg-container-3.bwg-album-thumbnails .bwg-item a {      margin-right: 4px;      margin-bottom: 4px;    }    #bwg_container1_3 #bwg_container2_3 .bwg-container-3.bwg-album-thumbnails .bwg-item0 {      padding: 0px;            background-color:rgba(0,0,0, 0.30);      border: 0px none #CCCCCC;      opacity: 1.00;      border-radius: 0;      box-shadow: 0px 0px 0px #888888;    }    #bwg_container1_3 #bwg_container2_3 .bwg-container-3.bwg-album-thumbnails .bwg-item1 img {      max-height: none;      max-width: none;      padding: 0 !important;    }          @media only screen and (min-width: 480px) {      #bwg_container1_3 #bwg_container2_3 .bwg-container-3.bwg-album-thumbnails .bwg-item1 img {      -webkit-transition: all .3s; transition: all .3s;      }      #bwg_container1_3 #bwg_container2_3 .bwg-container-3.bwg-album-thumbnails .bwg-item1 img:hover {        -ms-transform: scale(1.08);        -webkit-transform: scale(1.08);        transform: scale(1.08);      }            }          #bwg_container1_3 #bwg_container2_3 .bwg-container-3.bwg-album-thumbnails .bwg-item1 {      padding-top: 56%;    }        #bwg_container1_3 #bwg_container2_3 .bwg-container-3.bwg-album-thumbnails .bwg-title2 {      color: #323A45;      font-family: Ubuntu;      font-size: 16px;      font-weight: bold;      padding: 2px;      text-shadow: 0px 0px 0px #888888;      max-height: 100%;    }        #bwg_container1_3 #bwg_container2_3 .bwg-container-3.bwg-standard-thumbnails {      width: 1254px;              justify-content: center;        margin:0 auto !important;              background-color: rgba(255, 255, 255, 0.00);            padding-left: 4px;      padding-top: 4px;      max-width: 100%;            }        #bwg_container1_3 #bwg_container2_3 .bwg-container-3.bwg-standard-thumbnails .bwg-item {    justify-content: flex-start;      max-width: 250px;          }    #bwg_container1_3 #bwg_container2_3 .bwg-container-3.bwg-standard-thumbnails .bwg-item a {       margin-right: 4px;       margin-bottom: 4px;    }    #bwg_container1_3 #bwg_container2_3 .bwg-container-3.bwg-standard-thumbnails .bwg-item0 {      padding: 0px;            background-color:rgba(0,0,0, 0.30);      border: 0px none #CCCCCC;      opacity: 1.00;      border-radius: 0;      box-shadow: 0px 0px 0px #888888;    }    #bwg_container1_3 #bwg_container2_3 .bwg-container-3.bwg-standard-thumbnails .bwg-item1 img {      max-height: none;      max-width: none;      padding: 0 !important;    }         @media only screen and (min-width: 480px) {\t\t#bwg_container1_3 #bwg_container2_3 .bwg-container-3.bwg-standard-thumbnails .bwg-item1 img {\t\t\t-webkit-transition: all .3s; transition: all .3s;\t\t}\t\t#bwg_container1_3 #bwg_container2_3 .bwg-container-3.bwg-standard-thumbnails .bwg-item1 img:hover {\t\t\t-ms-transform: scale(1.08);\t\t\t-webkit-transform: scale(1.08);\t\t\ttransform: scale(1.08);\t\t}\t\t      }\t    #bwg_container1_3 #bwg_container2_3 .bwg-container-3.bwg-standard-thumbnails .bwg-item1 {      padding-top: 56%;    }        #bwg_container1_3 #bwg_container2_3 .bwg-container-3.bwg-standard-thumbnails .bwg-title2,    #bwg_container1_3 #bwg_container2_3 .bwg-container-3.bwg-standard-thumbnails .bwg-ecommerce2 {      color: #323A45;      font-family: Ubuntu;      font-size: 16px;      font-weight: bold;      padding: 2px;      text-shadow: 0px 0px 0px #888888;      max-height: 100%;    }    #bwg_container1_3 #bwg_container2_3 .bwg-container-3.bwg-standard-thumbnails .bwg-thumb-description span {    color: #323A45;    font-family: Ubuntu;    font-size: 12px;    max-height: 100%;    word-wrap: break-word;    }    #bwg_container1_3 #bwg_container2_3 .bwg-container-3.bwg-standard-thumbnails .bwg-play-icon2 {      font-size: 32px;    }    #bwg_container1_3 #bwg_container2_3 .bwg-container-3.bwg-standard-thumbnails .bwg-ecommerce2 {      font-size: 19.2px;      color: #323A45;    }    <\/style>    <div id=\"bwg_container1_3\"         class=\"bwg_container bwg_thumbnail bwg_album_compact_preview bwg_thumbnail\"         data-right-click-protection=\"0\"         data-bwg=\"3\"         data-scroll=\"0\"         data-gallery-type=\"album_compact_preview\"         data-gallery-view-type=\"thumbnail\"         data-current-url=\"\/index.php?rest_route=%2Fwp%2Fv2%2Fpages%2F2651\"         data-lightbox-url=\"http:\/\/vichyrando.org\/wp-admin\/admin-ajax.php?action=GalleryBox&#038;current_view=3&#038;gallery_id=0&#038;tag=0&#038;theme_id=1&#038;shortcode_id=665&#038;sort_by=order&#038;order_by=asc&#038;current_url=%2Findex.php%3Frest_route%3D%252Fwp%252Fv2%252Fpages%252F2651\"         data-gallery-id=\"0\"         data-popup-width=\"800\"         data-popup-height=\"500\"         data-is-album=\"album\"         data-buttons-position=\"bottom\">      <div id=\"bwg_container2_3\">             <div id=\"ajax_loading_3\" class=\"bwg_loading_div_1\">      <div class=\"bwg_loading_div_2\">        <div class=\"bwg_loading_div_3\">          <div id=\"loading_div_3\" class=\"bwg_spider_ajax_loading\">          <\/div>        <\/div>      <\/div>    <\/div>            <form id=\"gal_front_form_3\"              class=\"bwg-hidden\"              method=\"post\"              action=\"#\"              data-current=\"3\"              data-shortcode-id=\"665\"              data-gallery-type=\"album_compact_preview\"              data-gallery-id=\"0\"              data-tag=\"0\"              data-album-id=\"38\"              data-theme-id=\"1\"              data-ajax-url=\"http:\/\/vichyrando.org\/wp-admin\/admin-ajax.php?action=bwg_frontend_data\">          <div id=\"bwg_container3_3\" class=\"bwg-background bwg-background-3\">            <style>        #bwg_container1_3 #bwg_container2_3 .bwg_gal_title_3 {          display: block;          padding: 0 2px 2px 2px;          background-color: rgba(0, 0, 0, 0);          line-height: 20px;          font-family: Ubuntu;          font-size: 18px;          font-weight: bold;          color: #323A45;          text-shadow: 0px 0px 0px #888888;          text-align: center;        }        #bwg_container1_3 #bwg_container2_3 .bwg_gal_description_3 {          margin: 20px 0;          word-break: break-word;          text-align: justify;          font-size: 15px;          font-weight: unset;        }        <\/style>        <div class=\"bwg_gal_title_3\">Mars 2023<\/div>            <div data-max-count=\"5\"         data-thumbnail-width=\"250\"         data-bwg=\"3\"         id=\"bwg_album_compact_3\"         class=\"bwg-thumbnails bwg-container bwg-container-3 bwg-album-thumbnails bwg_album_thumbnails_3\">              <div class=\"bwg-item\">          <a class=\"bwg-a bwg-album bwg_album_3\"             href='\/index.php?rest_route=%2Fwp%2Fv2%2Fpages%2F2651&#038;type_3=gallery&#038;album_gallery_id_3=498'                          data-container_id=\"bwg_album_compact_3\"             data-def_type=\"gallery\"             data-album_gallery_id=\"38\"             data-alb_gal_id=\"498\"             data-title=\"Mini rando beignets \u00e0 St Priest Bramefant le 2 mars 2023\"             data-bwg=\"3\">                        <div class=\"bwg-item0 lazy_loader\">              <div class=\"bwg-item1 \">                <div class=\"bwg-item2\">                  <img decoding=\"async\" class=\"skip-lazy  bwg_lazyload \"                       data-width=\"500.00\"                       data-height=\"375.00\"                       data-src=\"http:\/\/vichyrando.org\/wp-content\/uploads\/photo-gallery\/thumb\/2023-03-02-StPriestB13.jpg?bwg=1678005939\"                       src=\"http:\/\/vichyrando.org\/wp-content\/plugins\/photo-gallery\/images\/lazy_placeholder.gif\"                       alt=\"Mini rando beignets \u00e0 St Priest Bramefant le 2 mars 2023\"                       title=\"Mini rando beignets \u00e0 St Priest Bramefant le 2 mars 2023\" \/>                <\/div>                <div class=\"\">                                  <\/div>              <\/div>            <\/div>            <div class=\"bwg-title1\"><div class=\"bwg-title2\">Mini rando beignets \u00e0 St Priest Bramefant le 2 mars 2023<\/div><\/div>          <\/a>        <\/div>                <div class=\"bwg-item\">          <a class=\"bwg-a bwg-album bwg_album_3\"             href='\/index.php?rest_route=%2Fwp%2Fv2%2Fpages%2F2651&#038;type_3=gallery&#038;album_gallery_id_3=499'                          data-container_id=\"bwg_album_compact_3\"             data-def_type=\"gallery\"             data-album_gallery_id=\"38\"             data-alb_gal_id=\"499\"             data-title=\"Rando 1\/2 journ\u00e9e \u00e0 Ebreuil le 2 mars 2023\"             data-bwg=\"3\">                        <div class=\"bwg-item0 lazy_loader\">              <div class=\"bwg-item1 \">                <div class=\"bwg-item2\">                  <img decoding=\"async\" class=\"skip-lazy  bwg_lazyload \"                       data-width=\"500.00\"                       data-height=\"225.00\"                       data-src=\"http:\/\/vichyrando.org\/wp-content\/uploads\/photo-gallery\/thumb\/2023-03-02-Ebreuil10.jpg?bwg=1678006098\"                       src=\"http:\/\/vichyrando.org\/wp-content\/plugins\/photo-gallery\/images\/lazy_placeholder.gif\"                       alt=\"Rando 1\/2 journ\u00e9e \u00e0 Ebreuil le 2 mars 2023\"                       title=\"Rando 1\/2 journ\u00e9e \u00e0 Ebreuil le 2 mars 2023\" \/>                <\/div>                <div class=\"\">                                  <\/div>              <\/div>            <\/div>            <div class=\"bwg-title1\"><div class=\"bwg-title2\">Rando 1\/2 journ\u00e9e \u00e0 Ebreuil le 2 mars 2023<\/div><\/div>          <\/a>        <\/div>                <div class=\"bwg-item\">          <a class=\"bwg-a bwg-album bwg_album_3\"             href='\/index.php?rest_route=%2Fwp%2Fv2%2Fpages%2F2651&#038;type_3=gallery&#038;album_gallery_id_3=500'                          data-container_id=\"bwg_album_compact_3\"             data-def_type=\"gallery\"             data-album_gallery_id=\"38\"             data-alb_gal_id=\"500\"             data-title=\"Marche nordique \u00e0 Bellerive\/Allier le 4 mars 2023\"             data-bwg=\"3\">                        <div class=\"bwg-item0 lazy_loader\">              <div class=\"bwg-item1 \">                <div class=\"bwg-item2\">                  <img decoding=\"async\" class=\"skip-lazy  bwg_lazyload \"                       data-width=\"500.00\"                       data-height=\"261.00\"                       data-src=\"http:\/\/vichyrando.org\/wp-content\/uploads\/photo-gallery\/thumb\/2023-03-04-BelleriveMN02.jpg?bwg=1678006216\"                       src=\"http:\/\/vichyrando.org\/wp-content\/plugins\/photo-gallery\/images\/lazy_placeholder.gif\"                       alt=\"Marche nordique \u00e0 Bellerive\/Allier le 4 mars 2023\"                       title=\"Marche nordique \u00e0 Bellerive\/Allier le 4 mars 2023\" \/>                <\/div>                <div class=\"\">                                  <\/div>              <\/div>            <\/div>            <div class=\"bwg-title1\"><div class=\"bwg-title2\">Marche nordique \u00e0 Bellerive\/Allier le 4 mars 2023<\/div><\/div>          <\/a>        <\/div>                <div class=\"bwg-item\">          <a class=\"bwg-a bwg-album bwg_album_3\"             href='\/index.php?rest_route=%2Fwp%2Fv2%2Fpages%2F2651&#038;type_3=gallery&#038;album_gallery_id_3=502'                          data-container_id=\"bwg_album_compact_3\"             data-def_type=\"gallery\"             data-album_gallery_id=\"38\"             data-alb_gal_id=\"502\"             data-title=\"Rando cool \u00e0 Vend\u00e8gre le 7 mars 2023\"             data-bwg=\"3\">                        <div class=\"bwg-item0 lazy_loader\">              <div class=\"bwg-item1 \">                <div class=\"bwg-item2\">                  <img decoding=\"async\" class=\"skip-lazy  bwg_lazyload \"                       data-width=\"500.00\"                       data-height=\"190.00\"                       data-src=\"http:\/\/vichyrando.org\/wp-content\/uploads\/photo-gallery\/thumb\/2023-03-07-Vendregue06.jpg?bwg=1678461645\"                       src=\"http:\/\/vichyrando.org\/wp-content\/plugins\/photo-gallery\/images\/lazy_placeholder.gif\"                       alt=\"Rando cool \u00e0 Vend\u00e8gre le 7 mars 2023\"                       title=\"Rando cool \u00e0 Vend\u00e8gre le 7 mars 2023\" \/>                <\/div>                <div class=\"\">                                  <\/div>              <\/div>            <\/div>            <div class=\"bwg-title1\"><div class=\"bwg-title2\">Rando cool \u00e0 Vend\u00e8gre le 7 mars 2023<\/div><\/div>          <\/a>        <\/div>                <div class=\"bwg-item\">          <a class=\"bwg-a bwg-album bwg_album_3\"             href='\/index.php?rest_route=%2Fwp%2Fv2%2Fpages%2F2651&#038;type_3=gallery&#038;album_gallery_id_3=501'                          data-container_id=\"bwg_album_compact_3\"             data-def_type=\"gallery\"             data-album_gallery_id=\"38\"             data-alb_gal_id=\"501\"             data-title=\"Journ\u00e9e rando rapide \u00e0 St Quintin le 7 mars 2023\"             data-bwg=\"3\">                        <div class=\"bwg-item0 lazy_loader\">              <div class=\"bwg-item1 \">                <div class=\"bwg-item2\">                  <img decoding=\"async\" class=\"skip-lazy  bwg_lazyload \"                       data-width=\"500.00\"                       data-height=\"225.00\"                       data-src=\"http:\/\/vichyrando.org\/wp-content\/uploads\/photo-gallery\/thumb\/2023-03-07-StQuintin07.jpg?bwg=1678228928\"                       src=\"http:\/\/vichyrando.org\/wp-content\/plugins\/photo-gallery\/images\/lazy_placeholder.gif\"                       alt=\"Journ\u00e9e rando rapide \u00e0 St Quintin le 7 mars 2023\"                       title=\"Journ\u00e9e rando rapide \u00e0 St Quintin le 7 mars 2023\" \/>                <\/div>                <div class=\"\">                                  <\/div>              <\/div>            <\/div>            <div class=\"bwg-title1\"><div class=\"bwg-title2\">Journ\u00e9e rando rapide \u00e0 St Quintin le 7 mars 2023<\/div><\/div>          <\/a>        <\/div>                <div class=\"bwg-item\">          <a class=\"bwg-a bwg-album bwg_album_3\"             href='\/index.php?rest_route=%2Fwp%2Fv2%2Fpages%2F2651&#038;type_3=gallery&#038;album_gallery_id_3=503'                          data-container_id=\"bwg_album_compact_3\"             data-def_type=\"gallery\"             data-album_gallery_id=\"38\"             data-alb_gal_id=\"503\"             data-title=\"Mini rando \u00e0 Brout Vernet le 9 mars 2023\"             data-bwg=\"3\">                        <div class=\"bwg-item0 lazy_loader\">              <div class=\"bwg-item1 \">                <div class=\"bwg-item2\">                  <img decoding=\"async\" class=\"skip-lazy  bwg_lazyload \"                       data-width=\"500.00\"                       data-height=\"375.00\"                       data-src=\"http:\/\/vichyrando.org\/wp-content\/uploads\/photo-gallery\/thumb\/2023-03-09-BroutVernet06.jpg?bwg=1678461779\"                       src=\"http:\/\/vichyrando.org\/wp-content\/plugins\/photo-gallery\/images\/lazy_placeholder.gif\"                       alt=\"Mini rando \u00e0 Brout Vernet le 9 mars 2023\"                       title=\"Mini rando \u00e0 Brout Vernet le 9 mars 2023\" \/>                <\/div>                <div class=\"\">                                  <\/div>              <\/div>            <\/div>            <div class=\"bwg-title1\"><div class=\"bwg-title2\">Mini rando \u00e0 Brout Vernet le 9 mars 2023<\/div><\/div>          <\/a>        <\/div>                <div class=\"bwg-item\">          <a class=\"bwg-a bwg-album bwg_album_3\"             href='\/index.php?rest_route=%2Fwp%2Fv2%2Fpages%2F2651&#038;type_3=gallery&#038;album_gallery_id_3=504'                          data-container_id=\"bwg_album_compact_3\"             data-def_type=\"gallery\"             data-album_gallery_id=\"38\"             data-alb_gal_id=\"504\"             data-title=\"Rando 1\/2 journ\u00e9e \u00e0 Ferri\u00e8re sur Sichon le 10 mars 2023\"             data-bwg=\"3\">                        <div class=\"bwg-item0 lazy_loader\">              <div class=\"bwg-item1 \">                <div class=\"bwg-item2\">                  <img decoding=\"async\" class=\"skip-lazy  bwg_lazyload \"                       data-width=\"500.00\"                       data-height=\"301.00\"                       data-src=\"http:\/\/vichyrando.org\/wp-content\/uploads\/photo-gallery\/thumb\/2023-03-10-Ferriere04.jpg?bwg=1678519769\"                       src=\"http:\/\/vichyrando.org\/wp-content\/plugins\/photo-gallery\/images\/lazy_placeholder.gif\"                       alt=\"Rando 1\/2 journ\u00e9e \u00e0 Ferri\u00e8re sur Sichon le 10 mars 2023\"                       title=\"Rando 1\/2 journ\u00e9e \u00e0 Ferri\u00e8re sur Sichon le 10 mars 2023\" \/>                <\/div>                <div class=\"\">                                  <\/div>              <\/div>            <\/div>            <div class=\"bwg-title1\"><div class=\"bwg-title2\">Rando 1\/2 journ\u00e9e \u00e0 Ferri\u00e8re sur Sichon le 10 mars 2023<\/div><\/div>          <\/a>        <\/div>                <div class=\"bwg-item\">          <a class=\"bwg-a bwg-album bwg_album_3\"             href='\/index.php?rest_route=%2Fwp%2Fv2%2Fpages%2F2651&#038;type_3=gallery&#038;album_gallery_id_3=505'                          data-container_id=\"bwg_album_compact_3\"             data-def_type=\"gallery\"             data-album_gallery_id=\"38\"             data-alb_gal_id=\"505\"             data-title=\"Rando cool \u00e0 St Pont le 14 mars 2023\"             data-bwg=\"3\">                        <div class=\"bwg-item0 lazy_loader\">              <div class=\"bwg-item1 \">                <div class=\"bwg-item2\">                  <img decoding=\"async\" class=\"skip-lazy  bwg_lazyload \"                       data-width=\"500.00\"                       data-height=\"345.00\"                       data-src=\"http:\/\/vichyrando.org\/wp-content\/uploads\/photo-gallery\/thumb\/2023-03-14-StPont04.jpg?bwg=1679055219\"                       src=\"http:\/\/vichyrando.org\/wp-content\/plugins\/photo-gallery\/images\/lazy_placeholder.gif\"                       alt=\"Rando cool \u00e0 St Pont le 14 mars 2023\"                       title=\"Rando cool \u00e0 St Pont le 14 mars 2023\" \/>                <\/div>                <div class=\"\">                                  <\/div>              <\/div>            <\/div>            <div class=\"bwg-title1\"><div class=\"bwg-title2\">Rando cool \u00e0 St Pont le 14 mars 2023<\/div><\/div>          <\/a>        <\/div>                <div class=\"bwg-item\">          <a class=\"bwg-a bwg-album bwg_album_3\"             href='\/index.php?rest_route=%2Fwp%2Fv2%2Fpages%2F2651&#038;type_3=gallery&#038;album_gallery_id_3=506'                          data-container_id=\"bwg_album_compact_3\"             data-def_type=\"gallery\"             data-album_gallery_id=\"38\"             data-alb_gal_id=\"506\"             data-title=\"Journ\u00e9e marche rapide \u00e0 Fourilles le 14 mars 2023\"             data-bwg=\"3\">                        <div class=\"bwg-item0 lazy_loader\">              <div class=\"bwg-item1 \">                <div class=\"bwg-item2\">                  <img decoding=\"async\" class=\"skip-lazy  bwg_lazyload \"                       data-width=\"500.00\"                       data-height=\"375.00\"                       data-src=\"http:\/\/vichyrando.org\/wp-content\/uploads\/photo-gallery\/thumb\/2023-03-14-Fourilles04.jpg?bwg=1679055349\"                       src=\"http:\/\/vichyrando.org\/wp-content\/plugins\/photo-gallery\/images\/lazy_placeholder.gif\"                       alt=\"Journ\u00e9e marche rapide \u00e0 Fourilles le 14 mars 2023\"                       title=\"Journ\u00e9e marche rapide \u00e0 Fourilles le 14 mars 2023\" \/>                <\/div>                <div class=\"\">                                  <\/div>              <\/div>            <\/div>            <div class=\"bwg-title1\"><div class=\"bwg-title2\">Journ\u00e9e marche rapide \u00e0 Fourilles le 14 mars 2023<\/div><\/div>          <\/a>        <\/div>                <div class=\"bwg-item\">          <a class=\"bwg-a bwg-album bwg_album_3\"             href='\/index.php?rest_route=%2Fwp%2Fv2%2Fpages%2F2651&#038;type_3=gallery&#038;album_gallery_id_3=507'                          data-container_id=\"bwg_album_compact_3\"             data-def_type=\"gallery\"             data-album_gallery_id=\"38\"             data-alb_gal_id=\"507\"             data-title=\"Mini rando \u00e0 Langy le 16 mars 2023\"             data-bwg=\"3\">                        <div class=\"bwg-item0 lazy_loader\">              <div class=\"bwg-item1 \">                <div class=\"bwg-item2\">                  <img decoding=\"async\" class=\"skip-lazy  bwg_lazyload \"                       data-width=\"500.00\"                       data-height=\"500.00\"                       data-src=\"http:\/\/vichyrando.org\/wp-content\/uploads\/photo-gallery\/thumb\/2023-03-16-Langy10.jpg?bwg=1679055476\"                       src=\"http:\/\/vichyrando.org\/wp-content\/plugins\/photo-gallery\/images\/lazy_placeholder.gif\"                       alt=\"Mini rando \u00e0 Langy le 16 mars 2023\"                       title=\"Mini rando \u00e0 Langy le 16 mars 2023\" \/>                <\/div>                <div class=\"\">                                  <\/div>              <\/div>            <\/div>            <div class=\"bwg-title1\"><div class=\"bwg-title2\">Mini rando \u00e0 Langy le 16 mars 2023<\/div><\/div>          <\/a>        <\/div>                <div class=\"bwg-item\">          <a class=\"bwg-a bwg-album bwg_album_3\"             href='\/index.php?rest_route=%2Fwp%2Fv2%2Fpages%2F2651&#038;type_3=gallery&#038;album_gallery_id_3=508'                          data-container_id=\"bwg_album_compact_3\"             data-def_type=\"gallery\"             data-album_gallery_id=\"38\"             data-alb_gal_id=\"508\"             data-title=\"Rando 1\/2 journ\u00e9e \u00e0 Busset le 16 mars 2023\"             data-bwg=\"3\">                        <div class=\"bwg-item0 lazy_loader\">              <div class=\"bwg-item1 \">                <div class=\"bwg-item2\">                  <img decoding=\"async\" class=\"skip-lazy  bwg_lazyload \"                       data-width=\"500.00\"                       data-height=\"225.00\"                       data-src=\"http:\/\/vichyrando.org\/wp-content\/uploads\/photo-gallery\/thumb\/2023-03-16-Busset04.jpg?bwg=1679055584\"                       src=\"http:\/\/vichyrando.org\/wp-content\/plugins\/photo-gallery\/images\/lazy_placeholder.gif\"                       alt=\"Rando 1\/2 journ\u00e9e \u00e0 Busset le 16 mars 2023\"                       title=\"Rando 1\/2 journ\u00e9e \u00e0 Busset le 16 mars 2023\" \/>                <\/div>                <div class=\"\">                                  <\/div>              <\/div>            <\/div>            <div class=\"bwg-title1\"><div class=\"bwg-title2\">Rando 1\/2 journ\u00e9e \u00e0 Busset le 16 mars 2023<\/div><\/div>          <\/a>        <\/div>                <div class=\"bwg-item\">          <a class=\"bwg-a bwg-album bwg_album_3\"             href='\/index.php?rest_route=%2Fwp%2Fv2%2Fpages%2F2651&#038;type_3=gallery&#038;album_gallery_id_3=509'                          data-container_id=\"bwg_album_compact_3\"             data-def_type=\"gallery\"             data-album_gallery_id=\"38\"             data-alb_gal_id=\"509\"             data-title=\"Marche rapide \u00e0 Isserpent le 21 mars 2023\"             data-bwg=\"3\">                        <div class=\"bwg-item0 lazy_loader\">              <div class=\"bwg-item1 \">                <div class=\"bwg-item2\">                  <img decoding=\"async\" class=\"skip-lazy  bwg_lazyload \"                       data-width=\"500.00\"                       data-height=\"288.00\"                       data-src=\"http:\/\/vichyrando.org\/wp-content\/uploads\/photo-gallery\/thumb\/2023-03-21-Isserpent15.jpg?bwg=1679470220\"                       src=\"http:\/\/vichyrando.org\/wp-content\/plugins\/photo-gallery\/images\/lazy_placeholder.gif\"                       alt=\"Marche rapide \u00e0 Isserpent le 21 mars 2023\"                       title=\"Marche rapide \u00e0 Isserpent le 21 mars 2023\" \/>                <\/div>                <div class=\"\">                                  <\/div>              <\/div>            <\/div>            <div class=\"bwg-title1\"><div class=\"bwg-title2\">Marche rapide \u00e0 Isserpent le 21 mars 2023<\/div><\/div>          <\/a>        <\/div>                <div class=\"bwg-item\">          <a class=\"bwg-a bwg-album bwg_album_3\"             href='\/index.php?rest_route=%2Fwp%2Fv2%2Fpages%2F2651&#038;type_3=gallery&#038;album_gallery_id_3=512'                          data-container_id=\"bwg_album_compact_3\"             data-def_type=\"gallery\"             data-album_gallery_id=\"38\"             data-alb_gal_id=\"512\"             data-title=\"Rando cool \u00e0 Espinasse Vozelle le 21 mars 2023\"             data-bwg=\"3\">                        <div class=\"bwg-item0 lazy_loader\">              <div class=\"bwg-item1 \">                <div class=\"bwg-item2\">                  <img decoding=\"async\" class=\"skip-lazy  bwg_lazyload \"                       data-width=\"500.00\"                       data-height=\"191.00\"                       data-src=\"http:\/\/vichyrando.org\/wp-content\/uploads\/photo-gallery\/thumb\/2023-03-21-Espinasse04.jpg?bwg=1679908608\"                       src=\"http:\/\/vichyrando.org\/wp-content\/plugins\/photo-gallery\/images\/lazy_placeholder.gif\"                       alt=\"Rando cool \u00e0 Espinasse Vozelle le 21 mars 2023\"                       title=\"Rando cool \u00e0 Espinasse Vozelle le 21 mars 2023\" \/>                <\/div>                <div class=\"\">                                  <\/div>              <\/div>            <\/div>            <div class=\"bwg-title1\"><div class=\"bwg-title2\">Rando cool \u00e0 Espinasse Vozelle le 21 mars 2023<\/div><\/div>          <\/a>        <\/div>                <div class=\"bwg-item\">          <a class=\"bwg-a bwg-album bwg_album_3\"             href='\/index.php?rest_route=%2Fwp%2Fv2%2Fpages%2F2651&#038;type_3=gallery&#038;album_gallery_id_3=510'                          data-container_id=\"bwg_album_compact_3\"             data-def_type=\"gallery\"             data-album_gallery_id=\"38\"             data-alb_gal_id=\"510\"             data-title=\"Mini rando \u00e0 Isserpent le 23 mars 2023\"             data-bwg=\"3\">                        <div class=\"bwg-item0 lazy_loader\">              <div class=\"bwg-item1 \">                <div class=\"bwg-item2\">                  <img decoding=\"async\" class=\"skip-lazy  bwg_lazyload \"                       data-width=\"500.00\"                       data-height=\"281.00\"                       data-src=\"http:\/\/vichyrando.org\/wp-content\/uploads\/photo-gallery\/thumb\/2023-03-23-Isserpent14.jpg?bwg=1679653040\"                       src=\"http:\/\/vichyrando.org\/wp-content\/plugins\/photo-gallery\/images\/lazy_placeholder.gif\"                       alt=\"Mini rando \u00e0 Isserpent le 23 mars 2023\"                       title=\"Mini rando \u00e0 Isserpent le 23 mars 2023\" \/>                <\/div>                <div class=\"\">                                  <\/div>              <\/div>            <\/div>            <div class=\"bwg-title1\"><div class=\"bwg-title2\">Mini rando \u00e0 Isserpent le 23 mars 2023<\/div><\/div>          <\/a>        <\/div>                <div class=\"bwg-item\">          <a class=\"bwg-a bwg-album bwg_album_3\"             href='\/index.php?rest_route=%2Fwp%2Fv2%2Fpages%2F2651&#038;type_3=gallery&#038;album_gallery_id_3=511'                          data-container_id=\"bwg_album_compact_3\"             data-def_type=\"gallery\"             data-album_gallery_id=\"38\"             data-alb_gal_id=\"511\"             data-title=\"Rando 1\/2 journ\u00e9e \u00e0 Pasli\u00e8res le 23 mars 2023\"             data-bwg=\"3\">                        <div class=\"bwg-item0 lazy_loader\">              <div class=\"bwg-item1 \">                <div class=\"bwg-item2\">                  <img decoding=\"async\" class=\"skip-lazy  bwg_lazyload \"                       data-width=\"500.00\"                       data-height=\"225.00\"                       data-src=\"http:\/\/vichyrando.org\/wp-content\/uploads\/photo-gallery\/thumb\/2023-03-23-Paslieres09.jpg?bwg=1679653143\"                       src=\"http:\/\/vichyrando.org\/wp-content\/plugins\/photo-gallery\/images\/lazy_placeholder.gif\"                       alt=\"Rando 1\/2 journ\u00e9e \u00e0 Pasli\u00e8res le 23 mars 2023\"                       title=\"Rando 1\/2 journ\u00e9e \u00e0 Pasli\u00e8res le 23 mars 2023\" \/>                <\/div>                <div class=\"\">                                  <\/div>              <\/div>            <\/div>            <div class=\"bwg-title1\"><div class=\"bwg-title2\">Rando 1\/2 journ\u00e9e \u00e0 Pasli\u00e8res le 23 mars 2023<\/div><\/div>          <\/a>        <\/div>                <div class=\"bwg-item\">          <a class=\"bwg-a bwg-album bwg_album_3\"             href='\/index.php?rest_route=%2Fwp%2Fv2%2Fpages%2F2651&#038;type_3=gallery&#038;album_gallery_id_3=513'                          data-container_id=\"bwg_album_compact_3\"             data-def_type=\"gallery\"             data-album_gallery_id=\"38\"             data-alb_gal_id=\"513\"             data-title=\"Rando cool \u00e0 St Nicolas des Biefs le 28 mars 2023\"             data-bwg=\"3\">                        <div class=\"bwg-item0 lazy_loader\">              <div class=\"bwg-item1 \">                <div class=\"bwg-item2\">                  <img decoding=\"async\" class=\"skip-lazy  bwg_lazyload \"                       data-width=\"500.00\"                       data-height=\"333.00\"                       data-src=\"http:\/\/vichyrando.org\/wp-content\/uploads\/photo-gallery\/thumb\/2023-03-28-StNicolas03.jpg?bwg=1680103415\"                       src=\"http:\/\/vichyrando.org\/wp-content\/plugins\/photo-gallery\/images\/lazy_placeholder.gif\"                       alt=\"Rando cool \u00e0 St Nicolas des Biefs le 28 mars 2023\"                       title=\"Rando cool \u00e0 St Nicolas des Biefs le 28 mars 2023\" \/>                <\/div>                <div class=\"\">                                  <\/div>              <\/div>            <\/div>            <div class=\"bwg-title1\"><div class=\"bwg-title2\">Rando cool \u00e0 St Nicolas des Biefs le 28 mars 2023<\/div><\/div>          <\/a>        <\/div>                <div class=\"bwg-item\">          <a class=\"bwg-a bwg-album bwg_album_3\"             href='\/index.php?rest_route=%2Fwp%2Fv2%2Fpages%2F2651&#038;type_3=gallery&#038;album_gallery_id_3=514'                          data-container_id=\"bwg_album_compact_3\"             data-def_type=\"gallery\"             data-album_gallery_id=\"38\"             data-alb_gal_id=\"514\"             data-title=\"Journ\u00e9e marche rapide \u00e0 Chareil Cintrat le 28 mars 2023\"             data-bwg=\"3\">                        <div class=\"bwg-item0 lazy_loader\">              <div class=\"bwg-item1 \">                <div class=\"bwg-item2\">                  <img decoding=\"async\" class=\"skip-lazy  bwg_lazyload \"                       data-width=\"500.00\"                       data-height=\"331.00\"                       data-src=\"http:\/\/vichyrando.org\/wp-content\/uploads\/photo-gallery\/thumb\/2023-03-28-Chareil10.jpg?bwg=1680103521\"                       src=\"http:\/\/vichyrando.org\/wp-content\/plugins\/photo-gallery\/images\/lazy_placeholder.gif\"                       alt=\"Journ\u00e9e marche rapide \u00e0 Chareil Cintrat le 28 mars 2023\"                       title=\"Journ\u00e9e marche rapide \u00e0 Chareil Cintrat le 28 mars 2023\" \/>                <\/div>                <div class=\"\">                                  <\/div>              <\/div>            <\/div>            <div class=\"bwg-title1\"><div class=\"bwg-title2\">Journ\u00e9e marche rapide \u00e0 Chareil Cintrat le 28 mars 2023<\/div><\/div>          <\/a>        <\/div>                <div class=\"bwg-item\">          <a class=\"bwg-a bwg-album bwg_album_3\"             href='\/index.php?rest_route=%2Fwp%2Fv2%2Fpages%2F2651&#038;type_3=gallery&#038;album_gallery_id_3=515'                          data-container_id=\"bwg_album_compact_3\"             data-def_type=\"gallery\"             data-album_gallery_id=\"38\"             data-alb_gal_id=\"515\"             data-title=\"Mini rando \u00e0 Brugheas le 30 mars 2023\"             data-bwg=\"3\">                        <div class=\"bwg-item0 lazy_loader\">              <div class=\"bwg-item1 \">                <div class=\"bwg-item2\">                  <img decoding=\"async\" class=\"skip-lazy  bwg_lazyload \"                       data-width=\"500.00\"                       data-height=\"281.00\"                       data-src=\"http:\/\/vichyrando.org\/wp-content\/uploads\/photo-gallery\/thumb\/2023-03-30-Brugheas10.jpg?bwg=1680275693\"                       src=\"http:\/\/vichyrando.org\/wp-content\/plugins\/photo-gallery\/images\/lazy_placeholder.gif\"                       alt=\"Mini rando \u00e0 Brugheas le 30 mars 2023\"                       title=\"Mini rando \u00e0 Brugheas le 30 mars 2023\" \/>                <\/div>                <div class=\"\">                                  <\/div>              <\/div>            <\/div>            <div class=\"bwg-title1\"><div class=\"bwg-title2\">Mini rando \u00e0 Brugheas le 30 mars 2023<\/div><\/div>          <\/a>        <\/div>                <div class=\"bwg-item\">          <a class=\"bwg-a bwg-album bwg_album_3\"             href='\/index.php?rest_route=%2Fwp%2Fv2%2Fpages%2F2651&#038;type_3=gallery&#038;album_gallery_id_3=516'                          data-container_id=\"bwg_album_compact_3\"             data-def_type=\"gallery\"             data-album_gallery_id=\"38\"             data-alb_gal_id=\"516\"             data-title=\"Rando 1\/2 journ\u00e9e \u00e0 Ris le 30 mars 2023\"             data-bwg=\"3\">                        <div class=\"bwg-item0 lazy_loader\">              <div class=\"bwg-item1 \">                <div class=\"bwg-item2\">                  <img decoding=\"async\" class=\"skip-lazy  bwg_lazyload \"                       data-width=\"500.00\"                       data-height=\"333.00\"                       data-src=\"http:\/\/vichyrando.org\/wp-content\/uploads\/photo-gallery\/thumb\/2023-03-30-Ris15.jpg?bwg=1680275833\"                       src=\"http:\/\/vichyrando.org\/wp-content\/plugins\/photo-gallery\/images\/lazy_placeholder.gif\"                       alt=\"Rando 1\/2 journ\u00e9e \u00e0 Ris le 30 mars 2023\"                       title=\"Rando 1\/2 journ\u00e9e \u00e0 Ris le 30 mars 2023\" \/>                <\/div>                <div class=\"\">                                  <\/div>              <\/div>            <\/div>            <div class=\"bwg-title1\"><div class=\"bwg-title2\">Rando 1\/2 journ\u00e9e \u00e0 Ris le 30 mars 2023<\/div><\/div>          <\/a>        <\/div>            <\/div>          <input type=\"hidden\" id=\"bwg_album_breadcrumb_3\" name=\"bwg_album_breadcrumb_3\" value='[{&quot;id&quot;:&quot;38&quot;,&quot;page&quot;:1}]' \/>    <style>      \/*pagination styles*\/      #bwg_container1_3 #bwg_container2_3 .tablenav-pages_3 {\t\t\t\ttext-align: center;\t\t\t\tfont-size: 12px;\t\t\t\tfont-family: Ubuntu;\t\t\t\tfont-weight: bold;\t\t\t\tcolor: #666666;\t\t\t\tmargin: 6px 0 4px;\t\t\t\tdisplay: block;      }      @media only screen and (max-width : 320px) {      #bwg_container1_3 #bwg_container2_3 .displaying-num_3 {     \t display: none;      }      }      #bwg_container1_3 #bwg_container2_3 .displaying-num_3 {\t\t\t\tfont-size: 12px;\t\t\t\tfont-family: Ubuntu;\t\t\t\tfont-weight: bold;\t\t\t\tcolor: #666666;\t\t\t\tmargin-right: 10px;\t\t\t\tvertical-align: middle;      }      #bwg_container1_3 #bwg_container2_3 .paging-input_3 {\t\t\t\tfont-size: 12px;\t\t\t\tfont-family: Ubuntu;\t\t\t\tfont-weight: bold;\t\t\t\tcolor: #666666;\t\t\t\tvertical-align: middle;      }      #bwg_container1_3 #bwg_container2_3 .tablenav-pages_3 a.disabled,      #bwg_container1_3 #bwg_container2_3 .tablenav-pages_3 a.disabled:hover,      #bwg_container1_3 #bwg_container2_3 .tablenav-pages_3 a.disabled:focus,\t\t\t#bwg_container1_3 #bwg_container2_3 .tablenav-pages_3 input.bwg_current_page {\t\t\t\tcursor: default;\t\t\t\tcolor: rgba(102, 102, 102, 0.5);      }      #bwg_container1_3 #bwg_container2_3 .tablenav-pages_3 a,      #bwg_container1_3 #bwg_container2_3 .tablenav-pages_3 input.bwg_current_page {\t\t\t\tcursor: pointer;\t\t\t\ttext-align: center;\t\t\t\tfont-size: 12px;\t\t\t\tfont-family: Ubuntu;\t\t\t\tfont-weight: bold;\t\t\t\tcolor: #666666;\t\t\t\ttext-decoration: none;\t\t\t\tpadding: 3px 6px;\t\t\t\tmargin: 0;\t\t\t\tborder-radius: 0;\t\t\t\tborder-style: solid;\t\t\t\tborder-width: 1px;\t\t\t\tborder-color: #E3E3E3;\t\t\t\t\t\t\t\tbackground-color: rgba(255, 255, 255, 1.00);\t\t\t\tbox-shadow: 0;\t\t\t\ttransition: all 0.3s ease 0s;-webkit-transition: all 0.3s ease 0s;      }      <\/style>      <span class=\"bwg_nav_cont_3\">              <div class=\"tablenav-pages_3\">                  <\/div>                <input type=\"hidden\" id=\"page_number_3\" name=\"page_number_3\" value=\"1\" \/>      <script type=\"text\/javascript\">        if( jQuery('.bwg_nav_cont_3').length > 1 ) {          jQuery('.bwg_nav_cont_3').first().remove()        }        function spider_page_3(cur, x, y, load_more) {          if (typeof load_more == \"undefined\") {            var load_more = false;          }          if (jQuery(cur).hasClass('disabled')) {            return false;          }          var items_county_3 = 1;          switch (y) {            case 1:              if (x >= items_county_3) {                document.getElementById('page_number_3').value = items_county_3;              }              else {                document.getElementById('page_number_3').value = x + 1;              }              break;            case 2:              document.getElementById('page_number_3').value = items_county_3;              break;            case -1:              if (x == 1) {                document.getElementById('page_number_3').value = 1;              }              else {                document.getElementById('page_number_3').value = x - 1;              }              break;            case -2:              document.getElementById('page_number_3').value = 1;              break;\t\t\t\t\t\tcase 0:              document.getElementById('page_number_3').value = x;              break;            default:              document.getElementById('page_number_3').value = 1;          }          bwg_ajax('gal_front_form_3', '3', 'bwg_album_compact_3', '38', '', 'album', 0, '', '', load_more, '', 1);        }                    jQuery('.first-page-3').on('click', function () {              spider_page_3(this, 1, -2, 'numeric');              return false;            });            jQuery('.prev-page-3').on('click', function () {              spider_page_3(this, 1, -1, 'numeric');              return false;            });            jQuery('.next-page-3').on('click', function () {              spider_page_3(this, 1, 1, 'numeric');              return false;            });            jQuery('.last-page-3').on('click', function () {              spider_page_3(this, 1, 2, 'numeric');              return false;            });        \t\t\t\t\/* Change page on input enter. *\/        function bwg_change_page_3( e, that ) {          if (  e.key == 'Enter' ) {            var to_page = parseInt(jQuery(that).val());            var pages_count = jQuery(that).parents(\".pagination-links\").data(\"pages-count\");            var current_url_param = jQuery(that).attr('data-url-info');            if (to_page > pages_count) {              to_page = 1;            }\t \t\t\t\t\t\t\t\t\t\t\t\tspider_page_3(this, to_page, 0, 'numeric');\t\t\t\t\t\t\treturn false;\t\t\t\t\t\t          }          return true;        }        jQuery('.bwg_load_btn_3').on('click', function () {            spider_page_3(this, 1, 1, true);            return false;        });      <\/script>      <\/span>                <\/div>        <\/form>        <style>          #bwg_container1_3 #bwg_container2_3 #spider_popup_overlay_3 {          background-color: #EEEEEE;          opacity: 0.60;          }          <\/style>        <div id=\"bwg_spider_popup_loading_3\" class=\"bwg_spider_popup_loading\"><\/div>        <div id=\"spider_popup_overlay_3\" class=\"spider_popup_overlay\" onclick=\"spider_destroypopup(1000)\"><\/div>        <input type=\"hidden\" id=\"bwg_random_seed_3\" value=\"1577693311\">                <\/div>    <\/div>    <script>      if (document.readyState === 'complete') {        if( typeof bwg_main_ready == 'function' ) {          if ( jQuery(\"#bwg_container1_3\").height() ) {            bwg_main_ready(jQuery(\"#bwg_container1_3\"));          }        }      } else {        document.addEventListener('DOMContentLoaded', function() {          if( typeof bwg_main_ready == 'function' ) {            if ( jQuery(\"#bwg_container1_3\").height() ) {             bwg_main_ready(jQuery(\"#bwg_container1_3\"));            }          }        });      }    <\/script>    \t\t<\/div>\n\t\t\t\t<\/div>\n\t\t\t\t\t<\/div>\n\t\t<\/div>\n\t\t\t\t\t<\/div>\n\t\t<\/section>\n\t\t\t\t<section class=\"elementor-section elementor-top-section elementor-element elementor-element-447e8e3 elementor-section-boxed elementor-section-height-default elementor-section-height-default\" data-id=\"447e8e3\" data-element_type=\"section\">\n\t\t\t\t\t\t<div class=\"elementor-container elementor-column-gap-default\">\n\t\t\t\t\t<div class=\"elementor-column elementor-col-100 elementor-top-column elementor-element elementor-element-e749f57\" data-id=\"e749f57\" data-element_type=\"column\">\n\t\t\t<div class=\"elementor-widget-wrap elementor-element-populated\">\n\t\t\t\t\t\t<div class=\"elementor-element elementor-element-4ac2822 elementor-widget elementor-widget-bwg-elementor\" data-id=\"4ac2822\" data-element_type=\"widget\" data-widget_type=\"bwg-elementor.default\">\n\t\t\t\t<div class=\"elementor-widget-container\">\n\t\t\t<style id=\"bwg-style-4\">    #bwg_container1_4 #bwg_container2_4 .bwg-container-4.bwg-album-thumbnails {    width: 1254px;    justify-content: center;            justify-content: center;        margin:0 auto !important;          background-color: rgba(255, 255, 255, 0.00);          padding-left: 4px;      padding-top: 4px;      max-width: 100%;          }        #bwg_container1_4 #bwg_container2_4 .bwg-container-4.bwg-album-thumbnails .bwg-item {    justify-content: flex-start;    max-width: 250px;        }    #bwg_container1_4 #bwg_container2_4 .bwg-container-4.bwg-album-thumbnails .bwg-item a {      margin-right: 4px;      margin-bottom: 4px;    }    #bwg_container1_4 #bwg_container2_4 .bwg-container-4.bwg-album-thumbnails .bwg-item0 {      padding: 0px;            background-color:rgba(0,0,0, 0.30);      border: 0px none #CCCCCC;      opacity: 1.00;      border-radius: 0;      box-shadow: 0px 0px 0px #888888;    }    #bwg_container1_4 #bwg_container2_4 .bwg-container-4.bwg-album-thumbnails .bwg-item1 img {      max-height: none;      max-width: none;      padding: 0 !important;    }          @media only screen and (min-width: 480px) {      #bwg_container1_4 #bwg_container2_4 .bwg-container-4.bwg-album-thumbnails .bwg-item1 img {      -webkit-transition: all .3s; transition: all .3s;      }      #bwg_container1_4 #bwg_container2_4 .bwg-container-4.bwg-album-thumbnails .bwg-item1 img:hover {        -ms-transform: scale(1.08);        -webkit-transform: scale(1.08);        transform: scale(1.08);      }            }          #bwg_container1_4 #bwg_container2_4 .bwg-container-4.bwg-album-thumbnails .bwg-item1 {      padding-top: 56%;    }        #bwg_container1_4 #bwg_container2_4 .bwg-container-4.bwg-album-thumbnails .bwg-title2 {      color: #323A45;      font-family: Ubuntu;      font-size: 16px;      font-weight: bold;      padding: 2px;      text-shadow: 0px 0px 0px #888888;      max-height: 100%;    }        #bwg_container1_4 #bwg_container2_4 .bwg-container-4.bwg-standard-thumbnails {      width: 1254px;              justify-content: center;        margin:0 auto !important;              background-color: rgba(255, 255, 255, 0.00);            padding-left: 4px;      padding-top: 4px;      max-width: 100%;            }        #bwg_container1_4 #bwg_container2_4 .bwg-container-4.bwg-standard-thumbnails .bwg-item {    justify-content: flex-start;      max-width: 250px;          }    #bwg_container1_4 #bwg_container2_4 .bwg-container-4.bwg-standard-thumbnails .bwg-item a {       margin-right: 4px;       margin-bottom: 4px;    }    #bwg_container1_4 #bwg_container2_4 .bwg-container-4.bwg-standard-thumbnails .bwg-item0 {      padding: 0px;            background-color:rgba(0,0,0, 0.30);      border: 0px none #CCCCCC;      opacity: 1.00;      border-radius: 0;      box-shadow: 0px 0px 0px #888888;    }    #bwg_container1_4 #bwg_container2_4 .bwg-container-4.bwg-standard-thumbnails .bwg-item1 img {      max-height: none;      max-width: none;      padding: 0 !important;    }         @media only screen and (min-width: 480px) {\t\t#bwg_container1_4 #bwg_container2_4 .bwg-container-4.bwg-standard-thumbnails .bwg-item1 img {\t\t\t-webkit-transition: all .3s; transition: all .3s;\t\t}\t\t#bwg_container1_4 #bwg_container2_4 .bwg-container-4.bwg-standard-thumbnails .bwg-item1 img:hover {\t\t\t-ms-transform: scale(1.08);\t\t\t-webkit-transform: scale(1.08);\t\t\ttransform: scale(1.08);\t\t}\t\t      }\t    #bwg_container1_4 #bwg_container2_4 .bwg-container-4.bwg-standard-thumbnails .bwg-item1 {      padding-top: 56%;    }        #bwg_container1_4 #bwg_container2_4 .bwg-container-4.bwg-standard-thumbnails .bwg-title2,    #bwg_container1_4 #bwg_container2_4 .bwg-container-4.bwg-standard-thumbnails .bwg-ecommerce2 {      color: #323A45;      font-family: Ubuntu;      font-size: 16px;      font-weight: bold;      padding: 2px;      text-shadow: 0px 0px 0px #888888;      max-height: 100%;    }    #bwg_container1_4 #bwg_container2_4 .bwg-container-4.bwg-standard-thumbnails .bwg-thumb-description span {    color: #323A45;    font-family: Ubuntu;    font-size: 12px;    max-height: 100%;    word-wrap: break-word;    }    #bwg_container1_4 #bwg_container2_4 .bwg-container-4.bwg-standard-thumbnails .bwg-play-icon2 {      font-size: 32px;    }    #bwg_container1_4 #bwg_container2_4 .bwg-container-4.bwg-standard-thumbnails .bwg-ecommerce2 {      font-size: 19.2px;      color: #323A45;    }    <\/style>    <div id=\"bwg_container1_4\"         class=\"bwg_container bwg_thumbnail bwg_album_compact_preview bwg_thumbnail\"         data-right-click-protection=\"0\"         data-bwg=\"4\"         data-scroll=\"0\"         data-gallery-type=\"album_compact_preview\"         data-gallery-view-type=\"thumbnail\"         data-current-url=\"\/index.php?rest_route=%2Fwp%2Fv2%2Fpages%2F2651\"         data-lightbox-url=\"http:\/\/vichyrando.org\/wp-admin\/admin-ajax.php?action=GalleryBox&#038;current_view=4&#038;gallery_id=0&#038;tag=0&#038;theme_id=1&#038;shortcode_id=644&#038;sort_by=order&#038;order_by=asc&#038;current_url=%2Findex.php%3Frest_route%3D%252Fwp%252Fv2%252Fpages%252F2651\"         data-gallery-id=\"0\"         data-popup-width=\"800\"         data-popup-height=\"500\"         data-is-album=\"album\"         data-buttons-position=\"bottom\">      <div id=\"bwg_container2_4\">             <div id=\"ajax_loading_4\" class=\"bwg_loading_div_1\">      <div class=\"bwg_loading_div_2\">        <div class=\"bwg_loading_div_3\">          <div id=\"loading_div_4\" class=\"bwg_spider_ajax_loading\">          <\/div>        <\/div>      <\/div>    <\/div>            <form id=\"gal_front_form_4\"              class=\"bwg-hidden\"              method=\"post\"              action=\"#\"              data-current=\"4\"              data-shortcode-id=\"644\"              data-gallery-type=\"album_compact_preview\"              data-gallery-id=\"0\"              data-tag=\"0\"              data-album-id=\"37\"              data-theme-id=\"1\"              data-ajax-url=\"http:\/\/vichyrando.org\/wp-admin\/admin-ajax.php?action=bwg_frontend_data\">          <div id=\"bwg_container3_4\" class=\"bwg-background bwg-background-4\">            <style>        #bwg_container1_4 #bwg_container2_4 .bwg_gal_title_4 {          display: block;          padding: 0 2px 2px 2px;          background-color: rgba(0, 0, 0, 0);          line-height: 20px;          font-family: Ubuntu;          font-size: 18px;          font-weight: bold;          color: #323A45;          text-shadow: 0px 0px 0px #888888;          text-align: center;        }        #bwg_container1_4 #bwg_container2_4 .bwg_gal_description_4 {          margin: 20px 0;          word-break: break-word;          text-align: justify;          font-size: 15px;          font-weight: unset;        }        <\/style>        <div class=\"bwg_gal_title_4\">F\u00e9vrier 2023<\/div>            <div data-max-count=\"5\"         data-thumbnail-width=\"250\"         data-bwg=\"4\"         id=\"bwg_album_compact_4\"         class=\"bwg-thumbnails bwg-container bwg-container-4 bwg-album-thumbnails bwg_album_thumbnails_4\">              <div class=\"bwg-item\">          <a class=\"bwg-a bwg-album bwg_album_4\"             href='\/index.php?rest_route=%2Fwp%2Fv2%2Fpages%2F2651&#038;type_4=gallery&#038;album_gallery_id_4=479'                          data-container_id=\"bwg_album_compact_4\"             data-def_type=\"gallery\"             data-album_gallery_id=\"37\"             data-alb_gal_id=\"479\"             data-title=\"Mini rando \u00e0 Bellerive\/Allier le 2 f\u00e9vrier 2023\"             data-bwg=\"4\">                        <div class=\"bwg-item0 lazy_loader\">              <div class=\"bwg-item1 \">                <div class=\"bwg-item2\">                  <img decoding=\"async\" class=\"skip-lazy  bwg_lazyload \"                       data-width=\"500.00\"                       data-height=\"375.00\"                       data-src=\"http:\/\/vichyrando.org\/wp-content\/uploads\/photo-gallery\/thumb\/2023-02-02-Bellerive01.jpg?bwg=1675446504\"                       src=\"http:\/\/vichyrando.org\/wp-content\/plugins\/photo-gallery\/images\/lazy_placeholder.gif\"                       alt=\"Mini rando \u00e0 Bellerive\/Allier le 2 f\u00e9vrier 2023\"                       title=\"Mini rando \u00e0 Bellerive\/Allier le 2 f\u00e9vrier 2023\" \/>                <\/div>                <div class=\"\">                                  <\/div>              <\/div>            <\/div>            <div class=\"bwg-title1\"><div class=\"bwg-title2\">Mini rando \u00e0 Bellerive\/Allier le 2 f\u00e9vrier 2023<\/div><\/div>          <\/a>        <\/div>                <div class=\"bwg-item\">          <a class=\"bwg-a bwg-album bwg_album_4\"             href='\/index.php?rest_route=%2Fwp%2Fv2%2Fpages%2F2651&#038;type_4=gallery&#038;album_gallery_id_4=480'                          data-container_id=\"bwg_album_compact_4\"             data-def_type=\"gallery\"             data-album_gallery_id=\"37\"             data-alb_gal_id=\"480\"             data-title=\"Rando 1\/2 journ\u00e9e \u00e0 Ferri\u00e8res\/Sichon le 2 f\u00e9vrier 2023\"             data-bwg=\"4\">                        <div class=\"bwg-item0 lazy_loader\">              <div class=\"bwg-item1 \">                <div class=\"bwg-item2\">                  <img decoding=\"async\" class=\"skip-lazy  bwg_lazyload \"                       data-width=\"500.00\"                       data-height=\"225.00\"                       data-src=\"http:\/\/vichyrando.org\/wp-content\/uploads\/photo-gallery\/thumb\/2023-02-02-Ferrieres19.jpg?bwg=1675446615\"                       src=\"http:\/\/vichyrando.org\/wp-content\/plugins\/photo-gallery\/images\/lazy_placeholder.gif\"                       alt=\"Rando 1\/2 journ\u00e9e \u00e0 Ferri\u00e8res\/Sichon le 2 f\u00e9vrier 2023\"                       title=\"Rando 1\/2 journ\u00e9e \u00e0 Ferri\u00e8res\/Sichon le 2 f\u00e9vrier 2023\" \/>                <\/div>                <div class=\"\">                                  <\/div>              <\/div>            <\/div>            <div class=\"bwg-title1\"><div class=\"bwg-title2\">Rando 1\/2 journ\u00e9e \u00e0 Ferri\u00e8res\/Sichon le 2 f\u00e9vrier 2023<\/div><\/div>          <\/a>        <\/div>                <div class=\"bwg-item\">          <a class=\"bwg-a bwg-album bwg_album_4\"             href='\/index.php?rest_route=%2Fwp%2Fv2%2Fpages%2F2651&#038;type_4=gallery&#038;album_gallery_id_4=481'                          data-container_id=\"bwg_album_compact_4\"             data-def_type=\"gallery\"             data-album_gallery_id=\"37\"             data-alb_gal_id=\"481\"             data-title=\"Journ\u00e9e marche rapide \u00e0 Mazerier le 7 f\u00e9vrier 2023\"             data-bwg=\"4\">                        <div class=\"bwg-item0 lazy_loader\">              <div class=\"bwg-item1 \">                <div class=\"bwg-item2\">                  <img decoding=\"async\" class=\"skip-lazy  bwg_lazyload \"                       data-width=\"500.00\"                       data-height=\"375.00\"                       data-src=\"http:\/\/vichyrando.org\/wp-content\/uploads\/photo-gallery\/thumb\/2023-02-07-Mazerier03.jpg?bwg=1675851654\"                       src=\"http:\/\/vichyrando.org\/wp-content\/plugins\/photo-gallery\/images\/lazy_placeholder.gif\"                       alt=\"Journ\u00e9e marche rapide \u00e0 Mazerier le 7 f\u00e9vrier 2023\"                       title=\"Journ\u00e9e marche rapide \u00e0 Mazerier le 7 f\u00e9vrier 2023\" \/>                <\/div>                <div class=\"\">                                  <\/div>              <\/div>            <\/div>            <div class=\"bwg-title1\"><div class=\"bwg-title2\">Journ\u00e9e marche rapide \u00e0 Mazerier le 7 f\u00e9vrier 2023<\/div><\/div>          <\/a>        <\/div>                <div class=\"bwg-item\">          <a class=\"bwg-a bwg-album bwg_album_4\"             href='\/index.php?rest_route=%2Fwp%2Fv2%2Fpages%2F2651&#038;type_4=gallery&#038;album_gallery_id_4=482'                          data-container_id=\"bwg_album_compact_4\"             data-def_type=\"gallery\"             data-album_gallery_id=\"37\"             data-alb_gal_id=\"482\"             data-title=\"Rando cool \u00e0 Billy le 7 f\u00e9vrier 2023\"             data-bwg=\"4\">                        <div class=\"bwg-item0 lazy_loader\">              <div class=\"bwg-item1 \">                <div class=\"bwg-item2\">                  <img decoding=\"async\" class=\"skip-lazy  bwg_lazyload \"                       data-width=\"500.00\"                       data-height=\"290.00\"                       data-src=\"http:\/\/vichyrando.org\/wp-content\/uploads\/photo-gallery\/thumb\/2023-02-07-Billy05.jpg?bwg=1675876626\"                       src=\"http:\/\/vichyrando.org\/wp-content\/plugins\/photo-gallery\/images\/lazy_placeholder.gif\"                       alt=\"Rando cool \u00e0 Billy le 7 f\u00e9vrier 2023\"                       title=\"Rando cool \u00e0 Billy le 7 f\u00e9vrier 2023\" \/>                <\/div>                <div class=\"\">                                  <\/div>              <\/div>            <\/div>            <div class=\"bwg-title1\"><div class=\"bwg-title2\">Rando cool \u00e0 Billy le 7 f\u00e9vrier 2023<\/div><\/div>          <\/a>        <\/div>                <div class=\"bwg-item\">          <a class=\"bwg-a bwg-album bwg_album_4\"             href='\/index.php?rest_route=%2Fwp%2Fv2%2Fpages%2F2651&#038;type_4=gallery&#038;album_gallery_id_4=483'                          data-container_id=\"bwg_album_compact_4\"             data-def_type=\"gallery\"             data-album_gallery_id=\"37\"             data-alb_gal_id=\"483\"             data-title=\"Mini rando \u00e0 Seuillet le 9 f\u00e9vrier 2023\"             data-bwg=\"4\">                        <div class=\"bwg-item0 lazy_loader\">              <div class=\"bwg-item1 \">                <div class=\"bwg-item2\">                  <img decoding=\"async\" class=\"skip-lazy  bwg_lazyload \"                       data-width=\"500.00\"                       data-height=\"281.00\"                       data-src=\"http:\/\/vichyrando.org\/wp-content\/uploads\/photo-gallery\/thumb\/2023-02-09-Seuillet13.jpg?bwg=1676021925\"                       src=\"http:\/\/vichyrando.org\/wp-content\/plugins\/photo-gallery\/images\/lazy_placeholder.gif\"                       alt=\"Mini rando \u00e0 Seuillet le 9 f\u00e9vrier 2023\"                       title=\"Mini rando \u00e0 Seuillet le 9 f\u00e9vrier 2023\" \/>                <\/div>                <div class=\"\">                                  <\/div>              <\/div>            <\/div>            <div class=\"bwg-title1\"><div class=\"bwg-title2\">Mini rando \u00e0 Seuillet le 9 f\u00e9vrier 2023<\/div><\/div>          <\/a>        <\/div>                <div class=\"bwg-item\">          <a class=\"bwg-a bwg-album bwg_album_4\"             href='\/index.php?rest_route=%2Fwp%2Fv2%2Fpages%2F2651&#038;type_4=gallery&#038;album_gallery_id_4=484'                          data-container_id=\"bwg_album_compact_4\"             data-def_type=\"gallery\"             data-album_gallery_id=\"37\"             data-alb_gal_id=\"484\"             data-title=\"Rando 1\/2 journ\u00e9e \u00e0 Lavoine le 9 f\u00e9vrier 2023\"             data-bwg=\"4\">                        <div class=\"bwg-item0 lazy_loader\">              <div class=\"bwg-item1 \">                <div class=\"bwg-item2\">                  <img decoding=\"async\" class=\"skip-lazy  bwg_lazyload \"                       data-width=\"500.00\"                       data-height=\"306.00\"                       data-src=\"http:\/\/vichyrando.org\/wp-content\/uploads\/photo-gallery\/thumb\/2023-02-09-Lavoine20.jpg?bwg=1676022033\"                       src=\"http:\/\/vichyrando.org\/wp-content\/plugins\/photo-gallery\/images\/lazy_placeholder.gif\"                       alt=\"Rando 1\/2 journ\u00e9e \u00e0 Lavoine le 9 f\u00e9vrier 2023\"                       title=\"Rando 1\/2 journ\u00e9e \u00e0 Lavoine le 9 f\u00e9vrier 2023\" \/>                <\/div>                <div class=\"\">                                  <\/div>              <\/div>            <\/div>            <div class=\"bwg-title1\"><div class=\"bwg-title2\">Rando 1\/2 journ\u00e9e \u00e0 Lavoine le 9 f\u00e9vrier 2023<\/div><\/div>          <\/a>        <\/div>                <div class=\"bwg-item\">          <a class=\"bwg-a bwg-album bwg_album_4\"             href='\/index.php?rest_route=%2Fwp%2Fv2%2Fpages%2F2651&#038;type_4=gallery&#038;album_gallery_id_4=485'                          data-container_id=\"bwg_album_compact_4\"             data-def_type=\"gallery\"             data-album_gallery_id=\"37\"             data-alb_gal_id=\"485\"             data-title=\"Marche nordique \u00e0 Bellerive\/Allier le 11 f\u00e9vrier 2023\"             data-bwg=\"4\">                        <div class=\"bwg-item0 lazy_loader\">              <div class=\"bwg-item1 \">                <div class=\"bwg-item2\">                  <img decoding=\"async\" class=\"skip-lazy  bwg_lazyload \"                       data-width=\"500.00\"                       data-height=\"265.00\"                       data-src=\"http:\/\/vichyrando.org\/wp-content\/uploads\/photo-gallery\/thumb\/2023-02-11-Bellerive02.jpg?bwg=1676130554\"                       src=\"http:\/\/vichyrando.org\/wp-content\/plugins\/photo-gallery\/images\/lazy_placeholder.gif\"                       alt=\"Marche nordique \u00e0 Bellerive\/Allier le 11 f\u00e9vrier 2023\"                       title=\"Marche nordique \u00e0 Bellerive\/Allier le 11 f\u00e9vrier 2023\" \/>                <\/div>                <div class=\"\">                                  <\/div>              <\/div>            <\/div>            <div class=\"bwg-title1\"><div class=\"bwg-title2\">Marche nordique \u00e0 Bellerive\/Allier le 11 f\u00e9vrier 2023<\/div><\/div>          <\/a>        <\/div>                <div class=\"bwg-item\">          <a class=\"bwg-a bwg-album bwg_album_4\"             href='\/index.php?rest_route=%2Fwp%2Fv2%2Fpages%2F2651&#038;type_4=gallery&#038;album_gallery_id_4=486'                          data-container_id=\"bwg_album_compact_4\"             data-def_type=\"gallery\"             data-album_gallery_id=\"37\"             data-alb_gal_id=\"486\"             data-title=\"Rando cool \u00e0 Jenzat le 14 f\u00e9vrier 2023\"             data-bwg=\"4\">                        <div class=\"bwg-item0 lazy_loader\">              <div class=\"bwg-item1 \">                <div class=\"bwg-item2\">                  <img decoding=\"async\" class=\"skip-lazy  bwg_lazyload \"                       data-width=\"500.00\"                       data-height=\"166.00\"                       data-src=\"http:\/\/vichyrando.org\/wp-content\/uploads\/photo-gallery\/thumb\/2023-02-14-Jenzat08.jpg?bwg=1676583454\"                       src=\"http:\/\/vichyrando.org\/wp-content\/plugins\/photo-gallery\/images\/lazy_placeholder.gif\"                       alt=\"Rando cool \u00e0 Jenzat le 14 f\u00e9vrier 2023\"                       title=\"Rando cool \u00e0 Jenzat le 14 f\u00e9vrier 2023\" \/>                <\/div>                <div class=\"\">                                  <\/div>              <\/div>            <\/div>            <div class=\"bwg-title1\"><div class=\"bwg-title2\">Rando cool \u00e0 Jenzat le 14 f\u00e9vrier 2023<\/div><\/div>          <\/a>        <\/div>                <div class=\"bwg-item\">          <a class=\"bwg-a bwg-album bwg_album_4\"             href='\/index.php?rest_route=%2Fwp%2Fv2%2Fpages%2F2651&#038;type_4=gallery&#038;album_gallery_id_4=487'                          data-container_id=\"bwg_album_compact_4\"             data-def_type=\"gallery\"             data-album_gallery_id=\"37\"             data-alb_gal_id=\"487\"             data-title=\"Journ\u00e9e marche rapide \u00e0 Naves le 14 f\u00e9vrier 2023\"             data-bwg=\"4\">                        <div class=\"bwg-item0 lazy_loader\">              <div class=\"bwg-item1 \">                <div class=\"bwg-item2\">                  <img decoding=\"async\" class=\"skip-lazy  bwg_lazyload \"                       data-width=\"500.00\"                       data-height=\"303.00\"                       data-src=\"http:\/\/vichyrando.org\/wp-content\/uploads\/photo-gallery\/thumb\/2023-02-14-Naves02.jpg?bwg=1676583730\"                       src=\"http:\/\/vichyrando.org\/wp-content\/plugins\/photo-gallery\/images\/lazy_placeholder.gif\"                       alt=\"Journ\u00e9e marche rapide \u00e0 Naves le 14 f\u00e9vrier 2023\"                       title=\"Journ\u00e9e marche rapide \u00e0 Naves le 14 f\u00e9vrier 2023\" \/>                <\/div>                <div class=\"\">                                  <\/div>              <\/div>            <\/div>            <div class=\"bwg-title1\"><div class=\"bwg-title2\">Journ\u00e9e marche rapide \u00e0 Naves le 14 f\u00e9vrier 2023<\/div><\/div>          <\/a>        <\/div>                <div class=\"bwg-item\">          <a class=\"bwg-a bwg-album bwg_album_4\"             href='\/index.php?rest_route=%2Fwp%2Fv2%2Fpages%2F2651&#038;type_4=gallery&#038;album_gallery_id_4=488'                          data-container_id=\"bwg_album_compact_4\"             data-def_type=\"gallery\"             data-album_gallery_id=\"37\"             data-alb_gal_id=\"488\"             data-title=\"Mini rando \u00e0 Arronnes le 16 f\u00e9vrier 2023\"             data-bwg=\"4\">                        <div class=\"bwg-item0 lazy_loader\">              <div class=\"bwg-item1 \">                <div class=\"bwg-item2\">                  <img decoding=\"async\" class=\"skip-lazy  bwg_lazyload \"                       data-width=\"500.00\"                       data-height=\"375.00\"                       data-src=\"http:\/\/vichyrando.org\/wp-content\/uploads\/photo-gallery\/thumb\/2023-02-16-Arronnes03.jpg?bwg=1676583830\"                       src=\"http:\/\/vichyrando.org\/wp-content\/plugins\/photo-gallery\/images\/lazy_placeholder.gif\"                       alt=\"Mini rando \u00e0 Arronnes le 16 f\u00e9vrier 2023\"                       title=\"Mini rando \u00e0 Arronnes le 16 f\u00e9vrier 2023\" \/>                <\/div>                <div class=\"\">                                  <\/div>              <\/div>            <\/div>            <div class=\"bwg-title1\"><div class=\"bwg-title2\">Mini rando \u00e0 Arronnes le 16 f\u00e9vrier 2023<\/div><\/div>          <\/a>        <\/div>                <div class=\"bwg-item\">          <a class=\"bwg-a bwg-album bwg_album_4\"             href='\/index.php?rest_route=%2Fwp%2Fv2%2Fpages%2F2651&#038;type_4=gallery&#038;album_gallery_id_4=489'                          data-container_id=\"bwg_album_compact_4\"             data-def_type=\"gallery\"             data-album_gallery_id=\"37\"             data-alb_gal_id=\"489\"             data-title=\"Rando 1\/2 journ\u00e9e \u00e0 Chateldon le 16 f\u00e9vrier 2023\"             data-bwg=\"4\">                        <div class=\"bwg-item0 lazy_loader\">              <div class=\"bwg-item1 \">                <div class=\"bwg-item2\">                  <img decoding=\"async\" class=\"skip-lazy  bwg_lazyload \"                       data-width=\"500.00\"                       data-height=\"299.00\"                       data-src=\"http:\/\/vichyrando.org\/wp-content\/uploads\/photo-gallery\/thumb\/2023-02-16-Chateldon03.jpg?bwg=1676822263\"                       src=\"http:\/\/vichyrando.org\/wp-content\/plugins\/photo-gallery\/images\/lazy_placeholder.gif\"                       alt=\"Rando 1\/2 journ\u00e9e \u00e0 Chateldon le 16 f\u00e9vrier 2023\"                       title=\"Rando 1\/2 journ\u00e9e \u00e0 Chateldon le 16 f\u00e9vrier 2023\" \/>                <\/div>                <div class=\"\">                                  <\/div>              <\/div>            <\/div>            <div class=\"bwg-title1\"><div class=\"bwg-title2\">Rando 1\/2 journ\u00e9e \u00e0 Chateldon le 16 f\u00e9vrier 2023<\/div><\/div>          <\/a>        <\/div>                <div class=\"bwg-item\">          <a class=\"bwg-a bwg-album bwg_album_4\"             href='\/index.php?rest_route=%2Fwp%2Fv2%2Fpages%2F2651&#038;type_4=gallery&#038;album_gallery_id_4=490'                          data-container_id=\"bwg_album_compact_4\"             data-def_type=\"gallery\"             data-album_gallery_id=\"37\"             data-alb_gal_id=\"490\"             data-title=\"Journ\u00e9e marche rapide \u00e0 Jozerand le 21 f\u00e9vrier 2023\"             data-bwg=\"4\">                        <div class=\"bwg-item0 lazy_loader\">              <div class=\"bwg-item1 \">                <div class=\"bwg-item2\">                  <img decoding=\"async\" class=\"skip-lazy  bwg_lazyload \"                       data-width=\"500.00\"                       data-height=\"246.00\"                       data-src=\"http:\/\/vichyrando.org\/wp-content\/uploads\/photo-gallery\/thumb\/2023-02-21-Jozerand19.jpg?bwg=1677076444\"                       src=\"http:\/\/vichyrando.org\/wp-content\/plugins\/photo-gallery\/images\/lazy_placeholder.gif\"                       alt=\"Journ\u00e9e marche rapide \u00e0 Jozerand le 21 f\u00e9vrier 2023\"                       title=\"Journ\u00e9e marche rapide \u00e0 Jozerand le 21 f\u00e9vrier 2023\" \/>                <\/div>                <div class=\"\">                                  <\/div>              <\/div>            <\/div>            <div class=\"bwg-title1\"><div class=\"bwg-title2\">Journ\u00e9e marche rapide \u00e0 Jozerand le 21 f\u00e9vrier 2023<\/div><\/div>          <\/a>        <\/div>                <div class=\"bwg-item\">          <a class=\"bwg-a bwg-album bwg_album_4\"             href='\/index.php?rest_route=%2Fwp%2Fv2%2Fpages%2F2651&#038;type_4=gallery&#038;album_gallery_id_4=491'                          data-container_id=\"bwg_album_compact_4\"             data-def_type=\"gallery\"             data-album_gallery_id=\"37\"             data-alb_gal_id=\"491\"             data-title=\"Rando cool \u00e0 Nizerolles le 21 f\u00e9vrier 2023\"             data-bwg=\"4\">                        <div class=\"bwg-item0 lazy_loader\">              <div class=\"bwg-item1 \">                <div class=\"bwg-item2\">                  <img decoding=\"async\" class=\"skip-lazy  bwg_lazyload \"                       data-width=\"500.00\"                       data-height=\"260.00\"                       data-src=\"http:\/\/vichyrando.org\/wp-content\/uploads\/photo-gallery\/thumb\/2023-02-21-Nizerolles11.jpg?bwg=1677191554\"                       src=\"http:\/\/vichyrando.org\/wp-content\/plugins\/photo-gallery\/images\/lazy_placeholder.gif\"                       alt=\"Rando cool \u00e0 Nizerolles le 21 f\u00e9vrier 2023\"                       title=\"Rando cool \u00e0 Nizerolles le 21 f\u00e9vrier 2023\" \/>                <\/div>                <div class=\"\">                                  <\/div>              <\/div>            <\/div>            <div class=\"bwg-title1\"><div class=\"bwg-title2\">Rando cool \u00e0 Nizerolles le 21 f\u00e9vrier 2023<\/div><\/div>          <\/a>        <\/div>                <div class=\"bwg-item\">          <a class=\"bwg-a bwg-album bwg_album_4\"             href='\/index.php?rest_route=%2Fwp%2Fv2%2Fpages%2F2651&#038;type_4=gallery&#038;album_gallery_id_4=494'                          data-container_id=\"bwg_album_compact_4\"             data-def_type=\"gallery\"             data-album_gallery_id=\"37\"             data-alb_gal_id=\"494\"             data-title=\"Les troph\u00e9es du Sport le 22 f\u00e9vrier 2023\"             data-bwg=\"4\">                        <div class=\"bwg-item0 lazy_loader\">              <div class=\"bwg-item1 \">                <div class=\"bwg-item2\">                  <img decoding=\"async\" class=\"skip-lazy  bwg_lazyload \"                       data-width=\"500.00\"                       data-height=\"333.00\"                       data-src=\"http:\/\/vichyrando.org\/wp-content\/uploads\/photo-gallery\/thumb\/2023-02-22-Trophees02.jpg?bwg=1677242534\"                       src=\"http:\/\/vichyrando.org\/wp-content\/plugins\/photo-gallery\/images\/lazy_placeholder.gif\"                       alt=\"Les troph\u00e9es du Sport le 22 f\u00e9vrier 2023\"                       title=\"Les troph\u00e9es du Sport le 22 f\u00e9vrier 2023\" \/>                <\/div>                <div class=\"\">                                  <\/div>              <\/div>            <\/div>            <div class=\"bwg-title1\"><div class=\"bwg-title2\">Les troph\u00e9es du Sport le 22 f\u00e9vrier 2023<\/div><\/div>          <\/a>        <\/div>                <div class=\"bwg-item\">          <a class=\"bwg-a bwg-album bwg_album_4\"             href='\/index.php?rest_route=%2Fwp%2Fv2%2Fpages%2F2651&#038;type_4=gallery&#038;album_gallery_id_4=492'                          data-container_id=\"bwg_album_compact_4\"             data-def_type=\"gallery\"             data-album_gallery_id=\"37\"             data-alb_gal_id=\"492\"             data-title=\"Mini Rando \u00e0 Bost le 23 f\u00e9vrier 2023\"             data-bwg=\"4\">                        <div class=\"bwg-item0 lazy_loader\">              <div class=\"bwg-item1 \">                <div class=\"bwg-item2\">                  <img decoding=\"async\" class=\"skip-lazy  bwg_lazyload \"                       data-width=\"500.00\"                       data-height=\"282.00\"                       data-src=\"http:\/\/vichyrando.org\/wp-content\/uploads\/photo-gallery\/thumb\/2023-02-23-Bost01.jpg?bwg=1677234599\"                       src=\"http:\/\/vichyrando.org\/wp-content\/plugins\/photo-gallery\/images\/lazy_placeholder.gif\"                       alt=\"Mini Rando \u00e0 Bost le 23 f\u00e9vrier 2023\"                       title=\"Mini Rando \u00e0 Bost le 23 f\u00e9vrier 2023\" \/>                <\/div>                <div class=\"\">                                  <\/div>              <\/div>            <\/div>            <div class=\"bwg-title1\"><div class=\"bwg-title2\">Mini Rando \u00e0 Bost le 23 f\u00e9vrier 2023<\/div><\/div>          <\/a>        <\/div>                <div class=\"bwg-item\">          <a class=\"bwg-a bwg-album bwg_album_4\"             href='\/index.php?rest_route=%2Fwp%2Fv2%2Fpages%2F2651&#038;type_4=gallery&#038;album_gallery_id_4=493'                          data-container_id=\"bwg_album_compact_4\"             data-def_type=\"gallery\"             data-album_gallery_id=\"37\"             data-alb_gal_id=\"493\"             data-title=\"Rando 1\/2 journ\u00e9e \u00e0 Lapalisse le 23 f\u00e9vrier 2023\"             data-bwg=\"4\">                        <div class=\"bwg-item0 lazy_loader\">              <div class=\"bwg-item1 \">                <div class=\"bwg-item2\">                  <img decoding=\"async\" class=\"skip-lazy  bwg_lazyload \"                       data-width=\"500.00\"                       data-height=\"375.00\"                       data-src=\"http:\/\/vichyrando.org\/wp-content\/uploads\/photo-gallery\/thumb\/2023-02-23-Lapalisse01.jpg?bwg=1677234715\"                       src=\"http:\/\/vichyrando.org\/wp-content\/plugins\/photo-gallery\/images\/lazy_placeholder.gif\"                       alt=\"Rando 1\/2 journ\u00e9e \u00e0 Lapalisse le 23 f\u00e9vrier 2023\"                       title=\"Rando 1\/2 journ\u00e9e \u00e0 Lapalisse le 23 f\u00e9vrier 2023\" \/>                <\/div>                <div class=\"\">                                  <\/div>              <\/div>            <\/div>            <div class=\"bwg-title1\"><div class=\"bwg-title2\">Rando 1\/2 journ\u00e9e \u00e0 Lapalisse le 23 f\u00e9vrier 2023<\/div><\/div>          <\/a>        <\/div>                <div class=\"bwg-item\">          <a class=\"bwg-a bwg-album bwg_album_4\"             href='\/index.php?rest_route=%2Fwp%2Fv2%2Fpages%2F2651&#038;type_4=gallery&#038;album_gallery_id_4=495'                          data-container_id=\"bwg_album_compact_4\"             data-def_type=\"gallery\"             data-album_gallery_id=\"37\"             data-alb_gal_id=\"495\"             data-title=\"Marche nordique \u00e0 Creuzier le Vieux le 25 f\u00e9vrier 2023\"             data-bwg=\"4\">                        <div class=\"bwg-item0 lazy_loader\">              <div class=\"bwg-item1 \">                <div class=\"bwg-item2\">                  <img decoding=\"async\" class=\"skip-lazy  bwg_lazyload \"                       data-width=\"500.00\"                       data-height=\"282.00\"                       data-src=\"http:\/\/vichyrando.org\/wp-content\/uploads\/photo-gallery\/thumb\/2023-02-25-Creuzier01.jpg?bwg=1677437768\"                       src=\"http:\/\/vichyrando.org\/wp-content\/plugins\/photo-gallery\/images\/lazy_placeholder.gif\"                       alt=\"Marche nordique \u00e0 Creuzier le Vieux le 25 f\u00e9vrier 2023\"                       title=\"Marche nordique \u00e0 Creuzier le Vieux le 25 f\u00e9vrier 2023\" \/>                <\/div>                <div class=\"\">                                  <\/div>              <\/div>            <\/div>            <div class=\"bwg-title1\"><div class=\"bwg-title2\">Marche nordique \u00e0 Creuzier le Vieux le 25 f\u00e9vrier 2023<\/div><\/div>          <\/a>        <\/div>                <div class=\"bwg-item\">          <a class=\"bwg-a bwg-album bwg_album_4\"             href='\/index.php?rest_route=%2Fwp%2Fv2%2Fpages%2F2651&#038;type_4=gallery&#038;album_gallery_id_4=496'                          data-container_id=\"bwg_album_compact_4\"             data-def_type=\"gallery\"             data-album_gallery_id=\"37\"             data-alb_gal_id=\"496\"             data-title=\"Rando tr\u00e8s tr\u00e8s cool \u00e0 St R\u00e9my en Rollat le 28 f\u00e9vrier 2023 St\"             data-bwg=\"4\">                        <div class=\"bwg-item0 lazy_loader\">              <div class=\"bwg-item1 \">                <div class=\"bwg-item2\">                  <img decoding=\"async\" class=\"skip-lazy  bwg_lazyload \"                       data-width=\"500.00\"                       data-height=\"308.00\"                       data-src=\"http:\/\/vichyrando.org\/wp-content\/uploads\/photo-gallery\/thumb\/2023-02-28-StRemyt04.jpg?bwg=1677744703\"                       src=\"http:\/\/vichyrando.org\/wp-content\/plugins\/photo-gallery\/images\/lazy_placeholder.gif\"                       alt=\"Rando tr\u00e8s tr\u00e8s cool \u00e0 St R\u00e9my en Rollat le 28 f\u00e9vrier 2023 St\"                       title=\"Rando tr\u00e8s tr\u00e8s cool \u00e0 St R\u00e9my en Rollat le 28 f\u00e9vrier 2023 St\" \/>                <\/div>                <div class=\"\">                                  <\/div>              <\/div>            <\/div>            <div class=\"bwg-title1\"><div class=\"bwg-title2\">Rando tr\u00e8s tr\u00e8s cool \u00e0 St R\u00e9my en Rollat le 28 f\u00e9vrier 2023 St<\/div><\/div>          <\/a>        <\/div>                <div class=\"bwg-item\">          <a class=\"bwg-a bwg-album bwg_album_4\"             href='\/index.php?rest_route=%2Fwp%2Fv2%2Fpages%2F2651&#038;type_4=gallery&#038;album_gallery_id_4=497'                          data-container_id=\"bwg_album_compact_4\"             data-def_type=\"gallery\"             data-album_gallery_id=\"37\"             data-alb_gal_id=\"497\"             data-title=\"Journ\u00e9e marche rapide \u00e0 Vensat le 28 f\u00e9vrier 2023\"             data-bwg=\"4\">                        <div class=\"bwg-item0 lazy_loader\">              <div class=\"bwg-item1 \">                <div class=\"bwg-item2\">                  <img decoding=\"async\" class=\"skip-lazy  bwg_lazyload \"                       data-width=\"500.00\"                       data-height=\"375.00\"                       data-src=\"http:\/\/vichyrando.org\/wp-content\/uploads\/photo-gallery\/thumb\/2023-02-28-Vensat03.jpg?bwg=1677744818\"                       src=\"http:\/\/vichyrando.org\/wp-content\/plugins\/photo-gallery\/images\/lazy_placeholder.gif\"                       alt=\"Journ\u00e9e marche rapide \u00e0 Vensat le 28 f\u00e9vrier 2023\"                       title=\"Journ\u00e9e marche rapide \u00e0 Vensat le 28 f\u00e9vrier 2023\" \/>                <\/div>                <div class=\"\">                                  <\/div>              <\/div>            <\/div>            <div class=\"bwg-title1\"><div class=\"bwg-title2\">Journ\u00e9e marche rapide \u00e0 Vensat le 28 f\u00e9vrier 2023<\/div><\/div>          <\/a>        <\/div>            <\/div>          <input type=\"hidden\" id=\"bwg_album_breadcrumb_4\" name=\"bwg_album_breadcrumb_4\" value='[{&quot;id&quot;:&quot;37&quot;,&quot;page&quot;:1}]' \/>    <style>      \/*pagination styles*\/      #bwg_container1_4 #bwg_container2_4 .tablenav-pages_4 {\t\t\t\ttext-align: center;\t\t\t\tfont-size: 12px;\t\t\t\tfont-family: Ubuntu;\t\t\t\tfont-weight: bold;\t\t\t\tcolor: #666666;\t\t\t\tmargin: 6px 0 4px;\t\t\t\tdisplay: block;      }      @media only screen and (max-width : 320px) {      #bwg_container1_4 #bwg_container2_4 .displaying-num_4 {     \t display: none;      }      }      #bwg_container1_4 #bwg_container2_4 .displaying-num_4 {\t\t\t\tfont-size: 12px;\t\t\t\tfont-family: Ubuntu;\t\t\t\tfont-weight: bold;\t\t\t\tcolor: #666666;\t\t\t\tmargin-right: 10px;\t\t\t\tvertical-align: middle;      }      #bwg_container1_4 #bwg_container2_4 .paging-input_4 {\t\t\t\tfont-size: 12px;\t\t\t\tfont-family: Ubuntu;\t\t\t\tfont-weight: bold;\t\t\t\tcolor: #666666;\t\t\t\tvertical-align: middle;      }      #bwg_container1_4 #bwg_container2_4 .tablenav-pages_4 a.disabled,      #bwg_container1_4 #bwg_container2_4 .tablenav-pages_4 a.disabled:hover,      #bwg_container1_4 #bwg_container2_4 .tablenav-pages_4 a.disabled:focus,\t\t\t#bwg_container1_4 #bwg_container2_4 .tablenav-pages_4 input.bwg_current_page {\t\t\t\tcursor: default;\t\t\t\tcolor: rgba(102, 102, 102, 0.5);      }      #bwg_container1_4 #bwg_container2_4 .tablenav-pages_4 a,      #bwg_container1_4 #bwg_container2_4 .tablenav-pages_4 input.bwg_current_page {\t\t\t\tcursor: pointer;\t\t\t\ttext-align: center;\t\t\t\tfont-size: 12px;\t\t\t\tfont-family: Ubuntu;\t\t\t\tfont-weight: bold;\t\t\t\tcolor: #666666;\t\t\t\ttext-decoration: none;\t\t\t\tpadding: 3px 6px;\t\t\t\tmargin: 0;\t\t\t\tborder-radius: 0;\t\t\t\tborder-style: solid;\t\t\t\tborder-width: 1px;\t\t\t\tborder-color: #E3E3E3;\t\t\t\t\t\t\t\tbackground-color: rgba(255, 255, 255, 1.00);\t\t\t\tbox-shadow: 0;\t\t\t\ttransition: all 0.3s ease 0s;-webkit-transition: all 0.3s ease 0s;      }      <\/style>      <span class=\"bwg_nav_cont_4\">              <div class=\"tablenav-pages_4\">                  <\/div>                <input type=\"hidden\" id=\"page_number_4\" name=\"page_number_4\" value=\"1\" \/>      <script type=\"text\/javascript\">        if( jQuery('.bwg_nav_cont_4').length > 1 ) {          jQuery('.bwg_nav_cont_4').first().remove()        }        function spider_page_4(cur, x, y, load_more) {          if (typeof load_more == \"undefined\") {            var load_more = false;          }          if (jQuery(cur).hasClass('disabled')) {            return false;          }          var items_county_4 = 1;          switch (y) {            case 1:              if (x >= items_county_4) {                document.getElementById('page_number_4').value = items_county_4;              }              else {                document.getElementById('page_number_4').value = x + 1;              }              break;            case 2:              document.getElementById('page_number_4').value = items_county_4;              break;            case -1:              if (x == 1) {                document.getElementById('page_number_4').value = 1;              }              else {                document.getElementById('page_number_4').value = x - 1;              }              break;            case -2:              document.getElementById('page_number_4').value = 1;              break;\t\t\t\t\t\tcase 0:              document.getElementById('page_number_4').value = x;              break;            default:              document.getElementById('page_number_4').value = 1;          }          bwg_ajax('gal_front_form_4', '4', 'bwg_album_compact_4', '37', '', 'album', 0, '', '', load_more, '', 1);        }                    jQuery('.first-page-4').on('click', function () {              spider_page_4(this, 1, -2, 'numeric');              return false;            });            jQuery('.prev-page-4').on('click', function () {              spider_page_4(this, 1, -1, 'numeric');              return false;            });            jQuery('.next-page-4').on('click', function () {              spider_page_4(this, 1, 1, 'numeric');              return false;            });            jQuery('.last-page-4').on('click', function () {              spider_page_4(this, 1, 2, 'numeric');              return false;            });        \t\t\t\t\/* Change page on input enter. *\/        function bwg_change_page_4( e, that ) {          if (  e.key == 'Enter' ) {            var to_page = parseInt(jQuery(that).val());            var pages_count = jQuery(that).parents(\".pagination-links\").data(\"pages-count\");            var current_url_param = jQuery(that).attr('data-url-info');            if (to_page > pages_count) {              to_page = 1;            }\t \t\t\t\t\t\t\t\t\t\t\t\tspider_page_4(this, to_page, 0, 'numeric');\t\t\t\t\t\t\treturn false;\t\t\t\t\t\t          }          return true;        }        jQuery('.bwg_load_btn_4').on('click', function () {            spider_page_4(this, 1, 1, true);            return false;        });      <\/script>      <\/span>                <\/div>        <\/form>        <style>          #bwg_container1_4 #bwg_container2_4 #spider_popup_overlay_4 {          background-color: #EEEEEE;          opacity: 0.60;          }          <\/style>        <div id=\"bwg_spider_popup_loading_4\" class=\"bwg_spider_popup_loading\"><\/div>        <div id=\"spider_popup_overlay_4\" class=\"spider_popup_overlay\" onclick=\"spider_destroypopup(1000)\"><\/div>        <input type=\"hidden\" id=\"bwg_random_seed_4\" value=\"1816654336\">                <\/div>    <\/div>    <script>      if (document.readyState === 'complete') {        if( typeof bwg_main_ready == 'function' ) {          if ( jQuery(\"#bwg_container1_4\").height() ) {            bwg_main_ready(jQuery(\"#bwg_container1_4\"));          }        }      } else {        document.addEventListener('DOMContentLoaded', function() {          if( typeof bwg_main_ready == 'function' ) {            if ( jQuery(\"#bwg_container1_4\").height() ) {             bwg_main_ready(jQuery(\"#bwg_container1_4\"));            }          }        });      }    <\/script>    \t\t<\/div>\n\t\t\t\t<\/div>\n\t\t\t\t\t<\/div>\n\t\t<\/div>\n\t\t\t\t\t<\/div>\n\t\t<\/section>\n\t\t\t\t<section class=\"elementor-section elementor-top-section elementor-element elementor-element-3ef37f4 elementor-section-boxed elementor-section-height-default elementor-section-height-default\" data-id=\"3ef37f4\" data-element_type=\"section\">\n\t\t\t\t\t\t<div class=\"elementor-container elementor-column-gap-default\">\n\t\t\t\t\t<div class=\"elementor-column elementor-col-100 elementor-top-column elementor-element elementor-element-691f062\" data-id=\"691f062\" data-element_type=\"column\">\n\t\t\t<div class=\"elementor-widget-wrap elementor-element-populated\">\n\t\t\t\t\t\t<div class=\"elementor-element elementor-element-3d7ac50 elementor-widget elementor-widget-bwg-elementor\" data-id=\"3d7ac50\" data-element_type=\"widget\" data-widget_type=\"bwg-elementor.default\">\n\t\t\t\t<div class=\"elementor-widget-container\">\n\t\t\t<style id=\"bwg-style-5\">    #bwg_container1_5 #bwg_container2_5 .bwg-container-5.bwg-album-thumbnails {    width: 1254px;    justify-content: center;            justify-content: center;        margin:0 auto !important;          background-color: rgba(255, 255, 255, 0.00);          padding-left: 4px;      padding-top: 4px;      max-width: 100%;          }        #bwg_container1_5 #bwg_container2_5 .bwg-container-5.bwg-album-thumbnails .bwg-item {    justify-content: flex-start;    max-width: 250px;        }    #bwg_container1_5 #bwg_container2_5 .bwg-container-5.bwg-album-thumbnails .bwg-item a {      margin-right: 4px;      margin-bottom: 4px;    }    #bwg_container1_5 #bwg_container2_5 .bwg-container-5.bwg-album-thumbnails .bwg-item0 {      padding: 0px;            background-color:rgba(0,0,0, 0.30);      border: 0px none #CCCCCC;      opacity: 1.00;      border-radius: 0;      box-shadow: 0px 0px 0px #888888;    }    #bwg_container1_5 #bwg_container2_5 .bwg-container-5.bwg-album-thumbnails .bwg-item1 img {      max-height: none;      max-width: none;      padding: 0 !important;    }          @media only screen and (min-width: 480px) {      #bwg_container1_5 #bwg_container2_5 .bwg-container-5.bwg-album-thumbnails .bwg-item1 img {      -webkit-transition: all .3s; transition: all .3s;      }      #bwg_container1_5 #bwg_container2_5 .bwg-container-5.bwg-album-thumbnails .bwg-item1 img:hover {        -ms-transform: scale(1.08);        -webkit-transform: scale(1.08);        transform: scale(1.08);      }            }          #bwg_container1_5 #bwg_container2_5 .bwg-container-5.bwg-album-thumbnails .bwg-item1 {      padding-top: 56%;    }        #bwg_container1_5 #bwg_container2_5 .bwg-container-5.bwg-album-thumbnails .bwg-title2 {      color: #323A45;      font-family: Ubuntu;      font-size: 16px;      font-weight: bold;      padding: 2px;      text-shadow: 0px 0px 0px #888888;      max-height: 100%;    }        #bwg_container1_5 #bwg_container2_5 .bwg-container-5.bwg-standard-thumbnails {      width: 1254px;              justify-content: center;        margin:0 auto !important;              background-color: rgba(255, 255, 255, 0.00);            padding-left: 4px;      padding-top: 4px;      max-width: 100%;            }        #bwg_container1_5 #bwg_container2_5 .bwg-container-5.bwg-standard-thumbnails .bwg-item {    justify-content: flex-start;      max-width: 250px;          }    #bwg_container1_5 #bwg_container2_5 .bwg-container-5.bwg-standard-thumbnails .bwg-item a {       margin-right: 4px;       margin-bottom: 4px;    }    #bwg_container1_5 #bwg_container2_5 .bwg-container-5.bwg-standard-thumbnails .bwg-item0 {      padding: 0px;            background-color:rgba(0,0,0, 0.30);      border: 0px none #CCCCCC;      opacity: 1.00;      border-radius: 0;      box-shadow: 0px 0px 0px #888888;    }    #bwg_container1_5 #bwg_container2_5 .bwg-container-5.bwg-standard-thumbnails .bwg-item1 img {      max-height: none;      max-width: none;      padding: 0 !important;    }         @media only screen and (min-width: 480px) {\t\t#bwg_container1_5 #bwg_container2_5 .bwg-container-5.bwg-standard-thumbnails .bwg-item1 img {\t\t\t-webkit-transition: all .3s; transition: all .3s;\t\t}\t\t#bwg_container1_5 #bwg_container2_5 .bwg-container-5.bwg-standard-thumbnails .bwg-item1 img:hover {\t\t\t-ms-transform: scale(1.08);\t\t\t-webkit-transform: scale(1.08);\t\t\ttransform: scale(1.08);\t\t}\t\t      }\t    #bwg_container1_5 #bwg_container2_5 .bwg-container-5.bwg-standard-thumbnails .bwg-item1 {      padding-top: 56%;    }        #bwg_container1_5 #bwg_container2_5 .bwg-container-5.bwg-standard-thumbnails .bwg-title2,    #bwg_container1_5 #bwg_container2_5 .bwg-container-5.bwg-standard-thumbnails .bwg-ecommerce2 {      color: #323A45;      font-family: Ubuntu;      font-size: 16px;      font-weight: bold;      padding: 2px;      text-shadow: 0px 0px 0px #888888;      max-height: 100%;    }    #bwg_container1_5 #bwg_container2_5 .bwg-container-5.bwg-standard-thumbnails .bwg-thumb-description span {    color: #323A45;    font-family: Ubuntu;    font-size: 12px;    max-height: 100%;    word-wrap: break-word;    }    #bwg_container1_5 #bwg_container2_5 .bwg-container-5.bwg-standard-thumbnails .bwg-play-icon2 {      font-size: 32px;    }    #bwg_container1_5 #bwg_container2_5 .bwg-container-5.bwg-standard-thumbnails .bwg-ecommerce2 {      font-size: 19.2px;      color: #323A45;    }    <\/style>    <div id=\"bwg_container1_5\"         class=\"bwg_container bwg_thumbnail bwg_album_compact_preview bwg_thumbnail\"         data-right-click-protection=\"0\"         data-bwg=\"5\"         data-scroll=\"0\"         data-gallery-type=\"album_compact_preview\"         data-gallery-view-type=\"thumbnail\"         data-current-url=\"\/index.php?rest_route=%2Fwp%2Fv2%2Fpages%2F2651\"         data-lightbox-url=\"http:\/\/vichyrando.org\/wp-admin\/admin-ajax.php?action=GalleryBox&#038;current_view=5&#038;gallery_id=0&#038;tag=0&#038;theme_id=1&#038;shortcode_id=621&#038;sort_by=order&#038;order_by=asc&#038;current_url=%2Findex.php%3Frest_route%3D%252Fwp%252Fv2%252Fpages%252F2651\"         data-gallery-id=\"0\"         data-popup-width=\"800\"         data-popup-height=\"500\"         data-is-album=\"album\"         data-buttons-position=\"bottom\">      <div id=\"bwg_container2_5\">             <div id=\"ajax_loading_5\" class=\"bwg_loading_div_1\">      <div class=\"bwg_loading_div_2\">        <div class=\"bwg_loading_div_3\">          <div id=\"loading_div_5\" class=\"bwg_spider_ajax_loading\">          <\/div>        <\/div>      <\/div>    <\/div>            <form id=\"gal_front_form_5\"              class=\"bwg-hidden\"              method=\"post\"              action=\"#\"              data-current=\"5\"              data-shortcode-id=\"621\"              data-gallery-type=\"album_compact_preview\"              data-gallery-id=\"0\"              data-tag=\"0\"              data-album-id=\"36\"              data-theme-id=\"1\"              data-ajax-url=\"http:\/\/vichyrando.org\/wp-admin\/admin-ajax.php?action=bwg_frontend_data\">          <div id=\"bwg_container3_5\" class=\"bwg-background bwg-background-5\">            <style>        #bwg_container1_5 #bwg_container2_5 .bwg_gal_title_5 {          display: block;          padding: 0 2px 2px 2px;          background-color: rgba(0, 0, 0, 0);          line-height: 20px;          font-family: Ubuntu;          font-size: 18px;          font-weight: bold;          color: #323A45;          text-shadow: 0px 0px 0px #888888;          text-align: center;        }        #bwg_container1_5 #bwg_container2_5 .bwg_gal_description_5 {          margin: 20px 0;          word-break: break-word;          text-align: justify;          font-size: 15px;          font-weight: unset;        }        <\/style>        <div class=\"bwg_gal_title_5\">Janvier 2023<\/div>            <div data-max-count=\"5\"         data-thumbnail-width=\"250\"         data-bwg=\"5\"         id=\"bwg_album_compact_5\"         class=\"bwg-thumbnails bwg-container bwg-container-5 bwg-album-thumbnails bwg_album_thumbnails_5\">              <div class=\"bwg-item\">          <a class=\"bwg-a bwg-album bwg_album_5\"             href='\/index.php?rest_route=%2Fwp%2Fv2%2Fpages%2F2651&#038;type_5=gallery&#038;album_gallery_id_5=458'                          data-container_id=\"bwg_album_compact_5\"             data-def_type=\"gallery\"             data-album_gallery_id=\"36\"             data-alb_gal_id=\"458\"             data-title=\"Journ\u00e9e marche rapide \u00e0 Vendat le 3 janvier 2023\"             data-bwg=\"5\">                        <div class=\"bwg-item0 lazy_loader\">              <div class=\"bwg-item1 \">                <div class=\"bwg-item2\">                  <img decoding=\"async\" class=\"skip-lazy  bwg_lazyload \"                       data-width=\"500.00\"                       data-height=\"233.00\"                       data-src=\"http:\/\/vichyrando.org\/wp-content\/uploads\/photo-gallery\/thumb\/2023-01-03-Vendat06.jpg?bwg=1672772911\"                       src=\"http:\/\/vichyrando.org\/wp-content\/plugins\/photo-gallery\/images\/lazy_placeholder.gif\"                       alt=\"Journ\u00e9e marche rapide \u00e0 Vendat le 3 janvier 2023\"                       title=\"Journ\u00e9e marche rapide \u00e0 Vendat le 3 janvier 2023\" \/>                <\/div>                <div class=\"\">                                  <\/div>              <\/div>            <\/div>            <div class=\"bwg-title1\"><div class=\"bwg-title2\">Journ\u00e9e marche rapide \u00e0 Vendat le 3 janvier 2023<\/div><\/div>          <\/a>        <\/div>                <div class=\"bwg-item\">          <a class=\"bwg-a bwg-album bwg_album_5\"             href='\/index.php?rest_route=%2Fwp%2Fv2%2Fpages%2F2651&#038;type_5=gallery&#038;album_gallery_id_5=459'                          data-container_id=\"bwg_album_compact_5\"             data-def_type=\"gallery\"             data-album_gallery_id=\"36\"             data-alb_gal_id=\"459\"             data-title=\"Rando cool \u00e0 Molles le 3 janvier 2022\"             data-bwg=\"5\">                        <div class=\"bwg-item0 lazy_loader\">              <div class=\"bwg-item1 \">                <div class=\"bwg-item2\">                  <img decoding=\"async\" class=\"skip-lazy  bwg_lazyload \"                       data-width=\"500.00\"                       data-height=\"243.00\"                       data-src=\"http:\/\/vichyrando.org\/wp-content\/uploads\/photo-gallery\/thumb\/2023-01-03-Molles05.jpg?bwg=1672912448\"                       src=\"http:\/\/vichyrando.org\/wp-content\/plugins\/photo-gallery\/images\/lazy_placeholder.gif\"                       alt=\"Rando cool \u00e0 Molles le 3 janvier 2022\"                       title=\"Rando cool \u00e0 Molles le 3 janvier 2022\" \/>                <\/div>                <div class=\"\">                                  <\/div>              <\/div>            <\/div>            <div class=\"bwg-title1\"><div class=\"bwg-title2\">Rando cool \u00e0 Molles le 3 janvier 2022<\/div><\/div>          <\/a>        <\/div>                <div class=\"bwg-item\">          <a class=\"bwg-a bwg-album bwg_album_5\"             href='\/index.php?rest_route=%2Fwp%2Fv2%2Fpages%2F2651&#038;type_5=gallery&#038;album_gallery_id_5=460'                          data-container_id=\"bwg_album_compact_5\"             data-def_type=\"gallery\"             data-album_gallery_id=\"36\"             data-alb_gal_id=\"460\"             data-title=\"Mini Rando \u00e0 St Priest Bramefant le 5 janvier 2023\"             data-bwg=\"5\">                        <div class=\"bwg-item0 lazy_loader\">              <div class=\"bwg-item1 \">                <div class=\"bwg-item2\">                  <img decoding=\"async\" class=\"skip-lazy  bwg_lazyload \"                       data-width=\"500.00\"                       data-height=\"375.00\"                       data-src=\"http:\/\/vichyrando.org\/wp-content\/uploads\/photo-gallery\/thumb\/2023-01-05-StPriestB06.jpg?bwg=1672956978\"                       src=\"http:\/\/vichyrando.org\/wp-content\/plugins\/photo-gallery\/images\/lazy_placeholder.gif\"                       alt=\"Mini Rando \u00e0 St Priest Bramefant le 5 janvier 2023\"                       title=\"Mini Rando \u00e0 St Priest Bramefant le 5 janvier 2023\" \/>                <\/div>                <div class=\"\">                                  <\/div>              <\/div>            <\/div>            <div class=\"bwg-title1\"><div class=\"bwg-title2\">Mini Rando \u00e0 St Priest Bramefant le 5 janvier 2023<\/div><\/div>          <\/a>        <\/div>                <div class=\"bwg-item\">          <a class=\"bwg-a bwg-album bwg_album_5\"             href='\/index.php?rest_route=%2Fwp%2Fv2%2Fpages%2F2651&#038;type_5=gallery&#038;album_gallery_id_5=461'                          data-container_id=\"bwg_album_compact_5\"             data-def_type=\"gallery\"             data-album_gallery_id=\"36\"             data-alb_gal_id=\"461\"             data-title=\"Rando 1\/2 journ\u00e9e \u00e0 Ch\u00e2telus le 5 janvier 2023\"             data-bwg=\"5\">                        <div class=\"bwg-item0 lazy_loader\">              <div class=\"bwg-item1 \">                <div class=\"bwg-item2\">                  <img decoding=\"async\" class=\"skip-lazy  bwg_lazyload \"                       data-width=\"500.00\"                       data-height=\"343.00\"                       data-src=\"http:\/\/vichyrando.org\/wp-content\/uploads\/photo-gallery\/thumb\/2023-01-05-Chatelus06.jpg?bwg=1673014692\"                       src=\"http:\/\/vichyrando.org\/wp-content\/plugins\/photo-gallery\/images\/lazy_placeholder.gif\"                       alt=\"Rando 1\/2 journ\u00e9e \u00e0 Ch\u00e2telus le 5 janvier 2023\"                       title=\"Rando 1\/2 journ\u00e9e \u00e0 Ch\u00e2telus le 5 janvier 2023\" \/>                <\/div>                <div class=\"\">                                  <\/div>              <\/div>            <\/div>            <div class=\"bwg-title1\"><div class=\"bwg-title2\">Rando 1\/2 journ\u00e9e \u00e0 Ch\u00e2telus le 5 janvier 2023<\/div><\/div>          <\/a>        <\/div>                <div class=\"bwg-item\">          <a class=\"bwg-a bwg-album bwg_album_5\"             href='\/index.php?rest_route=%2Fwp%2Fv2%2Fpages%2F2651&#038;type_5=gallery&#038;album_gallery_id_5=462'                          data-container_id=\"bwg_album_compact_5\"             data-def_type=\"gallery\"             data-album_gallery_id=\"36\"             data-alb_gal_id=\"462\"             data-title=\"Marche nordique \u00e0 St Germain des foss\u00e9s le 7 janvier 2023\"             data-bwg=\"5\">                        <div class=\"bwg-item0 lazy_loader\">              <div class=\"bwg-item1 \">                <div class=\"bwg-item2\">                  <img decoding=\"async\" class=\"skip-lazy  bwg_lazyload \"                       data-width=\"500.00\"                       data-height=\"282.00\"                       data-src=\"http:\/\/vichyrando.org\/wp-content\/uploads\/photo-gallery\/thumb\/2023-01-07-St-Germain01.jpg?bwg=1673183338\"                       src=\"http:\/\/vichyrando.org\/wp-content\/plugins\/photo-gallery\/images\/lazy_placeholder.gif\"                       alt=\"Marche nordique \u00e0 St Germain des foss\u00e9s le 7 janvier 2023\"                       title=\"Marche nordique \u00e0 St Germain des foss\u00e9s le 7 janvier 2023\" \/>                <\/div>                <div class=\"\">                                  <\/div>              <\/div>            <\/div>            <div class=\"bwg-title1\"><div class=\"bwg-title2\">Marche nordique \u00e0 St Germain des foss\u00e9s le 7 janvier 2023<\/div><\/div>          <\/a>        <\/div>                <div class=\"bwg-item\">          <a class=\"bwg-a bwg-album bwg_album_5\"             href='\/index.php?rest_route=%2Fwp%2Fv2%2Fpages%2F2651&#038;type_5=gallery&#038;album_gallery_id_5=463'                          data-container_id=\"bwg_album_compact_5\"             data-def_type=\"gallery\"             data-album_gallery_id=\"36\"             data-alb_gal_id=\"463\"             data-title=\"Journ\u00e9e marche rapide \u00e0 Charroux le 10 janvier 2023\"             data-bwg=\"5\">                        <div class=\"bwg-item0 lazy_loader\">              <div class=\"bwg-item1 \">                <div class=\"bwg-item2\">                  <img decoding=\"async\" class=\"skip-lazy  bwg_lazyload \"                       data-width=\"500.00\"                       data-height=\"300.00\"                       data-src=\"http:\/\/vichyrando.org\/wp-content\/uploads\/photo-gallery\/thumb\/2023-01-10-Charroux08.jpg?bwg=1673456915\"                       src=\"http:\/\/vichyrando.org\/wp-content\/plugins\/photo-gallery\/images\/lazy_placeholder.gif\"                       alt=\"Journ\u00e9e marche rapide \u00e0 Charroux le 10 janvier 2023\"                       title=\"Journ\u00e9e marche rapide \u00e0 Charroux le 10 janvier 2023\" \/>                <\/div>                <div class=\"\">                                  <\/div>              <\/div>            <\/div>            <div class=\"bwg-title1\"><div class=\"bwg-title2\">Journ\u00e9e marche rapide \u00e0 Charroux le 10 janvier 2023<\/div><\/div>          <\/a>        <\/div>                <div class=\"bwg-item\">          <a class=\"bwg-a bwg-album bwg_album_5\"             href='\/index.php?rest_route=%2Fwp%2Fv2%2Fpages%2F2651&#038;type_5=gallery&#038;album_gallery_id_5=464'                          data-container_id=\"bwg_album_compact_5\"             data-def_type=\"gallery\"             data-album_gallery_id=\"36\"             data-alb_gal_id=\"464\"             data-title=\"Rando cool \u00e0 St Etienne de Vicq le 10 janvier 2023\"             data-bwg=\"5\">                        <div class=\"bwg-item0 lazy_loader\">              <div class=\"bwg-item1 \">                <div class=\"bwg-item2\">                  <img decoding=\"async\" class=\"skip-lazy  bwg_lazyload \"                       data-width=\"500.00\"                       data-height=\"281.00\"                       data-src=\"http:\/\/vichyrando.org\/wp-content\/uploads\/photo-gallery\/thumb\/2023-01-10-StEtienneV04.jpg?bwg=1673559604\"                       src=\"http:\/\/vichyrando.org\/wp-content\/plugins\/photo-gallery\/images\/lazy_placeholder.gif\"                       alt=\"Rando cool \u00e0 St Etienne de Vicq le 10 janvier 2023\"                       title=\"Rando cool \u00e0 St Etienne de Vicq le 10 janvier 2023\" \/>                <\/div>                <div class=\"\">                                  <\/div>              <\/div>            <\/div>            <div class=\"bwg-title1\"><div class=\"bwg-title2\">Rando cool \u00e0 St Etienne de Vicq le 10 janvier 2023<\/div><\/div>          <\/a>        <\/div>                <div class=\"bwg-item\">          <a class=\"bwg-a bwg-album bwg_album_5\"             href='\/index.php?rest_route=%2Fwp%2Fv2%2Fpages%2F2651&#038;type_5=gallery&#038;album_gallery_id_5=465'                          data-container_id=\"bwg_album_compact_5\"             data-def_type=\"gallery\"             data-album_gallery_id=\"36\"             data-alb_gal_id=\"465\"             data-title=\"Mini rando \u00e0 Mazerier le 12 janvier 2023\"             data-bwg=\"5\">                        <div class=\"bwg-item0 lazy_loader\">              <div class=\"bwg-item1 \">                <div class=\"bwg-item2\">                  <img decoding=\"async\" class=\"skip-lazy  bwg_lazyload \"                       data-width=\"500.00\"                       data-height=\"281.00\"                       data-src=\"http:\/\/vichyrando.org\/wp-content\/uploads\/photo-gallery\/thumb\/2023-01-12-Mazerier04.jpg?bwg=1673560258\"                       src=\"http:\/\/vichyrando.org\/wp-content\/plugins\/photo-gallery\/images\/lazy_placeholder.gif\"                       alt=\"Mini rando \u00e0 Mazerier le 12 janvier 2023\"                       title=\"Mini rando \u00e0 Mazerier le 12 janvier 2023\" \/>                <\/div>                <div class=\"\">                                  <\/div>              <\/div>            <\/div>            <div class=\"bwg-title1\"><div class=\"bwg-title2\">Mini rando \u00e0 Mazerier le 12 janvier 2023<\/div><\/div>          <\/a>        <\/div>                <div class=\"bwg-item\">          <a class=\"bwg-a bwg-album bwg_album_5\"             href='\/index.php?rest_route=%2Fwp%2Fv2%2Fpages%2F2651&#038;type_5=gallery&#038;album_gallery_id_5=466'                          data-container_id=\"bwg_album_compact_5\"             data-def_type=\"gallery\"             data-album_gallery_id=\"36\"             data-alb_gal_id=\"466\"             data-title=\"Rando 1\/2 journ\u00e9e autour du Vert Plateau \u00e0 Bellenaves le 12 janvier 2023\"             data-bwg=\"5\">                        <div class=\"bwg-item0 lazy_loader\">              <div class=\"bwg-item1 \">                <div class=\"bwg-item2\">                  <img decoding=\"async\" class=\"skip-lazy  bwg_lazyload \"                       data-width=\"500.00\"                       data-height=\"225.00\"                       data-src=\"http:\/\/vichyrando.org\/wp-content\/uploads\/photo-gallery\/thumb\/2023-01-12-VertPlateau05.jpg?bwg=1673642974\"                       src=\"http:\/\/vichyrando.org\/wp-content\/plugins\/photo-gallery\/images\/lazy_placeholder.gif\"                       alt=\"Rando 1\/2 journ\u00e9e autour du Vert Plateau \u00e0 Bellenaves le 12 janvier 2023\"                       title=\"Rando 1\/2 journ\u00e9e autour du Vert Plateau \u00e0 Bellenaves le 12 janvier 2023\" \/>                <\/div>                <div class=\"\">                                  <\/div>              <\/div>            <\/div>            <div class=\"bwg-title1\"><div class=\"bwg-title2\">Rando 1\/2 journ\u00e9e autour du Vert Plateau \u00e0 Bellenaves le 12 janvier 2023<\/div><\/div>          <\/a>        <\/div>                <div class=\"bwg-item\">          <a class=\"bwg-a bwg-album bwg_album_5\"             href='\/index.php?rest_route=%2Fwp%2Fv2%2Fpages%2F2651&#038;type_5=gallery&#038;album_gallery_id_5=467'                          data-container_id=\"bwg_album_compact_5\"             data-def_type=\"gallery\"             data-album_gallery_id=\"36\"             data-alb_gal_id=\"467\"             data-title=\"Marche nordique \u00e0 Cusset le 14 janvier 2023\"             data-bwg=\"5\">                        <div class=\"bwg-item0 lazy_loader\">              <div class=\"bwg-item1 \">                <div class=\"bwg-item2\">                  <img decoding=\"async\" class=\"skip-lazy  bwg_lazyload \"                       data-width=\"500.00\"                       data-height=\"461.00\"                       data-src=\"http:\/\/vichyrando.org\/wp-content\/uploads\/photo-gallery\/thumb\/2023-01-14-CussetMN01.jpg?bwg=1674398093\"                       src=\"http:\/\/vichyrando.org\/wp-content\/plugins\/photo-gallery\/images\/lazy_placeholder.gif\"                       alt=\"Marche nordique \u00e0 Cusset le 14 janvier 2023\"                       title=\"Marche nordique \u00e0 Cusset le 14 janvier 2023\" \/>                <\/div>                <div class=\"\">                                  <\/div>              <\/div>            <\/div>            <div class=\"bwg-title1\"><div class=\"bwg-title2\">Marche nordique \u00e0 Cusset le 14 janvier 2023<\/div><\/div>          <\/a>        <\/div>                <div class=\"bwg-item\">          <a class=\"bwg-a bwg-album bwg_album_5\"             href='\/index.php?rest_route=%2Fwp%2Fv2%2Fpages%2F2651&#038;type_5=gallery&#038;album_gallery_id_5=468'                          data-container_id=\"bwg_album_compact_5\"             data-def_type=\"gallery\"             data-album_gallery_id=\"36\"             data-alb_gal_id=\"468\"             data-title=\"Rando 1\/2 journ\u00e9e \u00e0 St G\u00e9rand le Puy le 19 janvier 2023\"             data-bwg=\"5\">                        <div class=\"bwg-item0 lazy_loader\">              <div class=\"bwg-item1 \">                <div class=\"bwg-item2\">                  <img decoding=\"async\" class=\"skip-lazy  bwg_lazyload \"                       data-width=\"500.00\"                       data-height=\"375.00\"                       data-src=\"http:\/\/vichyrando.org\/wp-content\/uploads\/photo-gallery\/thumb\/2023-01-19-StGerand03.jpg?bwg=1674398153\"                       src=\"http:\/\/vichyrando.org\/wp-content\/plugins\/photo-gallery\/images\/lazy_placeholder.gif\"                       alt=\"Rando 1\/2 journ\u00e9e \u00e0 St G\u00e9rand le Puy le 19 janvier 2023\"                       title=\"Rando 1\/2 journ\u00e9e \u00e0 St G\u00e9rand le Puy le 19 janvier 2023\" \/>                <\/div>                <div class=\"\">                                  <\/div>              <\/div>            <\/div>            <div class=\"bwg-title1\"><div class=\"bwg-title2\">Rando 1\/2 journ\u00e9e \u00e0 St G\u00e9rand le Puy le 19 janvier 2023<\/div><\/div>          <\/a>        <\/div>                <div class=\"bwg-item\">          <a class=\"bwg-a bwg-album bwg_album_5\"             href='\/index.php?rest_route=%2Fwp%2Fv2%2Fpages%2F2651&#038;type_5=gallery&#038;album_gallery_id_5=469'                          data-container_id=\"bwg_album_compact_5\"             data-def_type=\"gallery\"             data-album_gallery_id=\"36\"             data-alb_gal_id=\"469\"             data-title=\"Sorties raquettes en Montagne Bourbonnaise les 18 et 19 janvier 2023\"             data-bwg=\"5\">                        <div class=\"bwg-item0 lazy_loader\">              <div class=\"bwg-item1 \">                <div class=\"bwg-item2\">                  <img decoding=\"async\" class=\"skip-lazy  bwg_lazyload \"                       data-width=\"500.00\"                       data-height=\"375.00\"                       data-src=\"http:\/\/vichyrando.org\/wp-content\/uploads\/photo-gallery\/thumb\/2023-01-19-SortiesRaquettes06.jpg?bwg=1674398249\"                       src=\"http:\/\/vichyrando.org\/wp-content\/plugins\/photo-gallery\/images\/lazy_placeholder.gif\"                       alt=\"Sorties raquettes en Montagne Bourbonnaise les 18 et 19 janvier 2023\"                       title=\"Sorties raquettes en Montagne Bourbonnaise les 18 et 19 janvier 2023\" \/>                <\/div>                <div class=\"\">                                  <\/div>              <\/div>            <\/div>            <div class=\"bwg-title1\"><div class=\"bwg-title2\">Sorties raquettes en Montagne Bourbonnaise les 18 et 19 janvier 2023<\/div><\/div>          <\/a>        <\/div>                <div class=\"bwg-item\">          <a class=\"bwg-a bwg-album bwg_album_5\"             href='\/index.php?rest_route=%2Fwp%2Fv2%2Fpages%2F2651&#038;type_5=gallery&#038;album_gallery_id_5=470'                          data-container_id=\"bwg_album_compact_5\"             data-def_type=\"gallery\"             data-album_gallery_id=\"36\"             data-alb_gal_id=\"470\"             data-title=\"Soir\u00e9e galettes \u00e0 Vichy le 23 janvier 2023\"             data-bwg=\"5\">                        <div class=\"bwg-item0 lazy_loader\">              <div class=\"bwg-item1 \">                <div class=\"bwg-item2\">                  <img decoding=\"async\" class=\"skip-lazy  bwg_lazyload \"                       data-width=\"500.00\"                       data-height=\"225.00\"                       data-src=\"http:\/\/vichyrando.org\/wp-content\/uploads\/photo-gallery\/thumb\/2023-01-23-Galette08.jpg?bwg=1674663911\"                       src=\"http:\/\/vichyrando.org\/wp-content\/plugins\/photo-gallery\/images\/lazy_placeholder.gif\"                       alt=\"Soir\u00e9e galettes \u00e0 Vichy le 23 janvier 2023\"                       title=\"Soir\u00e9e galettes \u00e0 Vichy le 23 janvier 2023\" \/>                <\/div>                <div class=\"\">                                  <\/div>              <\/div>            <\/div>            <div class=\"bwg-title1\"><div class=\"bwg-title2\">Soir\u00e9e galettes \u00e0 Vichy le 23 janvier 2023<\/div><\/div>          <\/a>        <\/div>                <div class=\"bwg-item\">          <a class=\"bwg-a bwg-album bwg_album_5\"             href='\/index.php?rest_route=%2Fwp%2Fv2%2Fpages%2F2651&#038;type_5=gallery&#038;album_gallery_id_5=471'                          data-container_id=\"bwg_album_compact_5\"             data-def_type=\"gallery\"             data-album_gallery_id=\"36\"             data-alb_gal_id=\"471\"             data-title=\"Journ\u00e9e marche rapide \u00e0 St-Yorre le 24 janvier 2023\"             data-bwg=\"5\">                        <div class=\"bwg-item0 lazy_loader\">              <div class=\"bwg-item1 \">                <div class=\"bwg-item2\">                  <img decoding=\"async\" class=\"skip-lazy  bwg_lazyload \"                       data-width=\"500.00\"                       data-height=\"294.00\"                       data-src=\"http:\/\/vichyrando.org\/wp-content\/uploads\/photo-gallery\/thumb\/2023-01-24-StYorre13.jpg?bwg=1674664037\"                       src=\"http:\/\/vichyrando.org\/wp-content\/plugins\/photo-gallery\/images\/lazy_placeholder.gif\"                       alt=\"Journ\u00e9e marche rapide \u00e0 St-Yorre le 24 janvier 2023\"                       title=\"Journ\u00e9e marche rapide \u00e0 St-Yorre le 24 janvier 2023\" \/>                <\/div>                <div class=\"\">                                  <\/div>              <\/div>            <\/div>            <div class=\"bwg-title1\"><div class=\"bwg-title2\">Journ\u00e9e marche rapide \u00e0 St-Yorre le 24 janvier 2023<\/div><\/div>          <\/a>        <\/div>                <div class=\"bwg-item\">          <a class=\"bwg-a bwg-album bwg_album_5\"             href='\/index.php?rest_route=%2Fwp%2Fv2%2Fpages%2F2651&#038;type_5=gallery&#038;album_gallery_id_5=473'                          data-container_id=\"bwg_album_compact_5\"             data-def_type=\"gallery\"             data-album_gallery_id=\"36\"             data-alb_gal_id=\"473\"             data-title=\"Rando cool \u00e0 Espinasse Vozelle le 24 janvier 2023-2\"             data-bwg=\"5\">                        <div class=\"bwg-item0 lazy_loader\">              <div class=\"bwg-item1 \">                <div class=\"bwg-item2\">                  <img decoding=\"async\" class=\"skip-lazy  bwg_lazyload \"                       data-width=\"500.00\"                       data-height=\"285.00\"                       data-src=\"http:\/\/vichyrando.org\/wp-content\/uploads\/photo-gallery\/thumb\/2023-01-24-Espinasse03.jpg?bwg=1674664193\"                       src=\"http:\/\/vichyrando.org\/wp-content\/plugins\/photo-gallery\/images\/lazy_placeholder.gif\"                       alt=\"Rando cool \u00e0 Espinasse Vozelle le 24 janvier 2023-2\"                       title=\"Rando cool \u00e0 Espinasse Vozelle le 24 janvier 2023-2\" \/>                <\/div>                <div class=\"\">                                  <\/div>              <\/div>            <\/div>            <div class=\"bwg-title1\"><div class=\"bwg-title2\">Rando cool \u00e0 Espinasse Vozelle le 24 janvier 2023-2<\/div><\/div>          <\/a>        <\/div>                <div class=\"bwg-item\">          <a class=\"bwg-a bwg-album bwg_album_5\"             href='\/index.php?rest_route=%2Fwp%2Fv2%2Fpages%2F2651&#038;type_5=gallery&#038;album_gallery_id_5=474'                          data-container_id=\"bwg_album_compact_5\"             data-def_type=\"gallery\"             data-album_gallery_id=\"36\"             data-alb_gal_id=\"474\"             data-title=\"Rando 1\/2 journ\u00e9e \u00e0 Arfeuilles le 26 janvier 2023\"             data-bwg=\"5\">                        <div class=\"bwg-item0 lazy_loader\">              <div class=\"bwg-item1 \">                <div class=\"bwg-item2\">                  <img decoding=\"async\" class=\"skip-lazy  bwg_lazyload \"                       data-width=\"500.00\"                       data-height=\"225.00\"                       data-src=\"http:\/\/vichyrando.org\/wp-content\/uploads\/photo-gallery\/thumb\/2023-01-26-Arfeuilles11.jpg?bwg=1674815703\"                       src=\"http:\/\/vichyrando.org\/wp-content\/plugins\/photo-gallery\/images\/lazy_placeholder.gif\"                       alt=\"Rando 1\/2 journ\u00e9e \u00e0 Arfeuilles le 26 janvier 2023\"                       title=\"Rando 1\/2 journ\u00e9e \u00e0 Arfeuilles le 26 janvier 2023\" \/>                <\/div>                <div class=\"\">                                  <\/div>              <\/div>            <\/div>            <div class=\"bwg-title1\"><div class=\"bwg-title2\">Rando 1\/2 journ\u00e9e \u00e0 Arfeuilles le 26 janvier 2023<\/div><\/div>          <\/a>        <\/div>                <div class=\"bwg-item\">          <a class=\"bwg-a bwg-album bwg_album_5\"             href='\/index.php?rest_route=%2Fwp%2Fv2%2Fpages%2F2651&#038;type_5=gallery&#038;album_gallery_id_5=475'                          data-container_id=\"bwg_album_compact_5\"             data-def_type=\"gallery\"             data-album_gallery_id=\"36\"             data-alb_gal_id=\"475\"             data-title=\"Marche nordique \u00e0 Vendat le 28 janvier 2023\"             data-bwg=\"5\">                        <div class=\"bwg-item0 lazy_loader\">              <div class=\"bwg-item1 \">                <div class=\"bwg-item2\">                  <img decoding=\"async\" class=\"skip-lazy  bwg_lazyload \"                       data-width=\"375.00\"                       data-height=\"500.00\"                       data-src=\"http:\/\/vichyrando.org\/wp-content\/uploads\/photo-gallery\/thumb\/2023-01-28-Vendat01.jpg?bwg=1675181301\"                       src=\"http:\/\/vichyrando.org\/wp-content\/plugins\/photo-gallery\/images\/lazy_placeholder.gif\"                       alt=\"Marche nordique \u00e0 Vendat le 28 janvier 2023\"                       title=\"Marche nordique \u00e0 Vendat le 28 janvier 2023\" \/>                <\/div>                <div class=\"\">                                  <\/div>              <\/div>            <\/div>            <div class=\"bwg-title1\"><div class=\"bwg-title2\">Marche nordique \u00e0 Vendat le 28 janvier 2023<\/div><\/div>          <\/a>        <\/div>                <div class=\"bwg-item\">          <a class=\"bwg-a bwg-album bwg_album_5\"             href='\/index.php?rest_route=%2Fwp%2Fv2%2Fpages%2F2651&#038;type_5=gallery&#038;album_gallery_id_5=476'                          data-container_id=\"bwg_album_compact_5\"             data-def_type=\"gallery\"             data-album_gallery_id=\"36\"             data-alb_gal_id=\"476\"             data-title=\"Sortie raquettes \u00e0 Lavoine le 29 janvier 2023\"             data-bwg=\"5\">                        <div class=\"bwg-item0 lazy_loader\">              <div class=\"bwg-item1 \">                <div class=\"bwg-item2\">                  <img decoding=\"async\" class=\"skip-lazy  bwg_lazyload \"                       data-width=\"500.00\"                       data-height=\"230.00\"                       data-src=\"http:\/\/vichyrando.org\/wp-content\/uploads\/photo-gallery\/thumb\/2023-01-29-Lavoine02.jpg?bwg=1675181390\"                       src=\"http:\/\/vichyrando.org\/wp-content\/plugins\/photo-gallery\/images\/lazy_placeholder.gif\"                       alt=\"Sortie raquettes \u00e0 Lavoine le 29 janvier 2023\"                       title=\"Sortie raquettes \u00e0 Lavoine le 29 janvier 2023\" \/>                <\/div>                <div class=\"\">                                  <\/div>              <\/div>            <\/div>            <div class=\"bwg-title1\"><div class=\"bwg-title2\">Sortie raquettes \u00e0 Lavoine le 29 janvier 2023<\/div><\/div>          <\/a>        <\/div>                <div class=\"bwg-item\">          <a class=\"bwg-a bwg-album bwg_album_5\"             href='\/index.php?rest_route=%2Fwp%2Fv2%2Fpages%2F2651&#038;type_5=gallery&#038;album_gallery_id_5=477'                          data-container_id=\"bwg_album_compact_5\"             data-def_type=\"gallery\"             data-album_gallery_id=\"36\"             data-alb_gal_id=\"477\"             data-title=\"Journ\u00e9e rando rapide resto \u00e0 Espinasse Vozelle le 31 janvier 2023\"             data-bwg=\"5\">                        <div class=\"bwg-item0 lazy_loader\">              <div class=\"bwg-item1 \">                <div class=\"bwg-item2\">                  <img decoding=\"async\" class=\"skip-lazy  bwg_lazyload \"                       data-width=\"500.00\"                       data-height=\"233.00\"                       data-src=\"http:\/\/vichyrando.org\/wp-content\/uploads\/photo-gallery\/thumb\/2023-01-31-Espinasse-Vozelle04.jpg?bwg=1675253445\"                       src=\"http:\/\/vichyrando.org\/wp-content\/plugins\/photo-gallery\/images\/lazy_placeholder.gif\"                       alt=\"Journ\u00e9e rando rapide resto \u00e0 Espinasse Vozelle le 31 janvier 2023\"                       title=\"Journ\u00e9e rando rapide resto \u00e0 Espinasse Vozelle le 31 janvier 2023\" \/>                <\/div>                <div class=\"\">                                  <\/div>              <\/div>            <\/div>            <div class=\"bwg-title1\"><div class=\"bwg-title2\">Journ\u00e9e rando rapide resto \u00e0 Espinasse Vozelle le 31 janvier 2023<\/div><\/div>          <\/a>        <\/div>                <div class=\"bwg-item\">          <a class=\"bwg-a bwg-album bwg_album_5\"             href='\/index.php?rest_route=%2Fwp%2Fv2%2Fpages%2F2651&#038;type_5=gallery&#038;album_gallery_id_5=478'                          data-container_id=\"bwg_album_compact_5\"             data-def_type=\"gallery\"             data-album_gallery_id=\"36\"             data-alb_gal_id=\"478\"             data-title=\"Rando cool \u00e0 Beaumont les Randan le 31 janvier 2023\"             data-bwg=\"5\">                        <div class=\"bwg-item0 lazy_loader\">              <div class=\"bwg-item1 \">                <div class=\"bwg-item2\">                  <img decoding=\"async\" class=\"skip-lazy  bwg_lazyload \"                       data-width=\"500.00\"                       data-height=\"224.00\"                       data-src=\"http:\/\/vichyrando.org\/wp-content\/uploads\/photo-gallery\/thumb\/2023-01-31-BeaumontR01.jpg?bwg=1675445528\"                       src=\"http:\/\/vichyrando.org\/wp-content\/plugins\/photo-gallery\/images\/lazy_placeholder.gif\"                       alt=\"Rando cool \u00e0 Beaumont les Randan le 31 janvier 2023\"                       title=\"Rando cool \u00e0 Beaumont les Randan le 31 janvier 2023\" \/>                <\/div>                <div class=\"\">                                  <\/div>              <\/div>            <\/div>            <div class=\"bwg-title1\"><div class=\"bwg-title2\">Rando cool \u00e0 Beaumont les Randan le 31 janvier 2023<\/div><\/div>          <\/a>        <\/div>            <\/div>          <input type=\"hidden\" id=\"bwg_album_breadcrumb_5\" name=\"bwg_album_breadcrumb_5\" value='[{&quot;id&quot;:&quot;36&quot;,&quot;page&quot;:1}]' \/>    <style>      \/*pagination styles*\/      #bwg_container1_5 #bwg_container2_5 .tablenav-pages_5 {\t\t\t\ttext-align: center;\t\t\t\tfont-size: 12px;\t\t\t\tfont-family: Ubuntu;\t\t\t\tfont-weight: bold;\t\t\t\tcolor: #666666;\t\t\t\tmargin: 6px 0 4px;\t\t\t\tdisplay: block;      }      @media only screen and (max-width : 320px) {      #bwg_container1_5 #bwg_container2_5 .displaying-num_5 {     \t display: none;      }      }      #bwg_container1_5 #bwg_container2_5 .displaying-num_5 {\t\t\t\tfont-size: 12px;\t\t\t\tfont-family: Ubuntu;\t\t\t\tfont-weight: bold;\t\t\t\tcolor: #666666;\t\t\t\tmargin-right: 10px;\t\t\t\tvertical-align: middle;      }      #bwg_container1_5 #bwg_container2_5 .paging-input_5 {\t\t\t\tfont-size: 12px;\t\t\t\tfont-family: Ubuntu;\t\t\t\tfont-weight: bold;\t\t\t\tcolor: #666666;\t\t\t\tvertical-align: middle;      }      #bwg_container1_5 #bwg_container2_5 .tablenav-pages_5 a.disabled,      #bwg_container1_5 #bwg_container2_5 .tablenav-pages_5 a.disabled:hover,      #bwg_container1_5 #bwg_container2_5 .tablenav-pages_5 a.disabled:focus,\t\t\t#bwg_container1_5 #bwg_container2_5 .tablenav-pages_5 input.bwg_current_page {\t\t\t\tcursor: default;\t\t\t\tcolor: rgba(102, 102, 102, 0.5);      }      #bwg_container1_5 #bwg_container2_5 .tablenav-pages_5 a,      #bwg_container1_5 #bwg_container2_5 .tablenav-pages_5 input.bwg_current_page {\t\t\t\tcursor: pointer;\t\t\t\ttext-align: center;\t\t\t\tfont-size: 12px;\t\t\t\tfont-family: Ubuntu;\t\t\t\tfont-weight: bold;\t\t\t\tcolor: #666666;\t\t\t\ttext-decoration: none;\t\t\t\tpadding: 3px 6px;\t\t\t\tmargin: 0;\t\t\t\tborder-radius: 0;\t\t\t\tborder-style: solid;\t\t\t\tborder-width: 1px;\t\t\t\tborder-color: #E3E3E3;\t\t\t\t\t\t\t\tbackground-color: rgba(255, 255, 255, 1.00);\t\t\t\tbox-shadow: 0;\t\t\t\ttransition: all 0.3s ease 0s;-webkit-transition: all 0.3s ease 0s;      }      <\/style>      <span class=\"bwg_nav_cont_5\">              <div class=\"tablenav-pages_5\">                  <\/div>                <input type=\"hidden\" id=\"page_number_5\" name=\"page_number_5\" value=\"1\" \/>      <script type=\"text\/javascript\">        if( jQuery('.bwg_nav_cont_5').length > 1 ) {          jQuery('.bwg_nav_cont_5').first().remove()        }        function spider_page_5(cur, x, y, load_more) {          if (typeof load_more == \"undefined\") {            var load_more = false;          }          if (jQuery(cur).hasClass('disabled')) {            return false;          }          var items_county_5 = 1;          switch (y) {            case 1:              if (x >= items_county_5) {                document.getElementById('page_number_5').value = items_county_5;              }              else {                document.getElementById('page_number_5').value = x + 1;              }              break;            case 2:              document.getElementById('page_number_5').value = items_county_5;              break;            case -1:              if (x == 1) {                document.getElementById('page_number_5').value = 1;              }              else {                document.getElementById('page_number_5').value = x - 1;              }              break;            case -2:              document.getElementById('page_number_5').value = 1;              break;\t\t\t\t\t\tcase 0:              document.getElementById('page_number_5').value = x;              break;            default:              document.getElementById('page_number_5').value = 1;          }          bwg_ajax('gal_front_form_5', '5', 'bwg_album_compact_5', '36', '', 'album', 0, '', '', load_more, '', 1);        }                    jQuery('.first-page-5').on('click', function () {              spider_page_5(this, 1, -2, 'numeric');              return false;            });            jQuery('.prev-page-5').on('click', function () {              spider_page_5(this, 1, -1, 'numeric');              return false;            });            jQuery('.next-page-5').on('click', function () {              spider_page_5(this, 1, 1, 'numeric');              return false;            });            jQuery('.last-page-5').on('click', function () {              spider_page_5(this, 1, 2, 'numeric');              return false;            });        \t\t\t\t\/* Change page on input enter. *\/        function bwg_change_page_5( e, that ) {          if (  e.key == 'Enter' ) {            var to_page = parseInt(jQuery(that).val());            var pages_count = jQuery(that).parents(\".pagination-links\").data(\"pages-count\");            var current_url_param = jQuery(that).attr('data-url-info');            if (to_page > pages_count) {              to_page = 1;            }\t \t\t\t\t\t\t\t\t\t\t\t\tspider_page_5(this, to_page, 0, 'numeric');\t\t\t\t\t\t\treturn false;\t\t\t\t\t\t          }          return true;        }        jQuery('.bwg_load_btn_5').on('click', function () {            spider_page_5(this, 1, 1, true);            return false;        });      <\/script>      <\/span>                <\/div>        <\/form>        <style>          #bwg_container1_5 #bwg_container2_5 #spider_popup_overlay_5 {          background-color: #EEEEEE;          opacity: 0.60;          }          <\/style>        <div id=\"bwg_spider_popup_loading_5\" class=\"bwg_spider_popup_loading\"><\/div>        <div id=\"spider_popup_overlay_5\" class=\"spider_popup_overlay\" onclick=\"spider_destroypopup(1000)\"><\/div>        <input type=\"hidden\" id=\"bwg_random_seed_5\" value=\"989552268\">                <\/div>    <\/div>    <script>      if (document.readyState === 'complete') {        if( typeof bwg_main_ready == 'function' ) {          if ( jQuery(\"#bwg_container1_5\").height() ) {            bwg_main_ready(jQuery(\"#bwg_container1_5\"));          }        }      } else {        document.addEventListener('DOMContentLoaded', function() {          if( typeof bwg_main_ready == 'function' ) {            if ( jQuery(\"#bwg_container1_5\").height() ) {             bwg_main_ready(jQuery(\"#bwg_container1_5\"));            }          }        });      }    <\/script>    \t\t<\/div>\n\t\t\t\t<\/div>\n\t\t\t\t\t<\/div>\n\t\t<\/div>\n\t\t\t\t\t<\/div>\n\t\t<\/section>\n\t\t\t\t<section class=\"elementor-section elementor-top-section elementor-element elementor-element-253b901c elementor-section-boxed elementor-section-height-default elementor-section-height-default\" data-id=\"253b901c\" data-element_type=\"section\">\n\t\t\t\t\t\t<div class=\"elementor-container elementor-column-gap-default\">\n\t\t\t\t\t<div class=\"elementor-column elementor-col-100 elementor-top-column elementor-element elementor-element-66e19793\" data-id=\"66e19793\" data-element_type=\"column\">\n\t\t\t<div class=\"elementor-widget-wrap\">\n\t\t\t\t\t\t\t<\/div>\n\t\t<\/div>\n\t\t\t\t\t<\/div>\n\t\t<\/section>\n\t\t\t\t<section class=\"elementor-section elementor-top-section elementor-element elementor-element-2f3e9fb5 elementor-section-full_width elementor-section-height-full ks-position-fixed-cover ks-zindex-minus999 elementor-section-height-default elementor-section-items-middle\" data-id=\"2f3e9fb5\" data-element_type=\"section\" data-settings=\"{&quot;background_background&quot;:&quot;classic&quot;}\">\n\t\t\t\t\t\t\t<div class=\"elementor-background-overlay\"><\/div>\n\t\t\t\t\t\t\t<div class=\"elementor-container elementor-column-gap-default\">\n\t\t\t\t\t<div class=\"elementor-column elementor-col-100 elementor-top-column elementor-element elementor-element-b9547aa\" data-id=\"b9547aa\" data-element_type=\"column\">\n\t\t\t<div class=\"elementor-widget-wrap\">\n\t\t\t\t\t\t\t<\/div>\n\t\t<\/div>\n\t\t\t\t\t<\/div>\n\t\t<\/section>\n\t\t\t\t<\/div>\n\t\t","protected":false},"excerpt":{"rendered":"<p>Nos Photos Juin 2023 Mini rando \u00e0 St Denis Combarnasat le 1 juin 2023 Rando 1\/2 journ\u00e9e \u00e0 St L\u00e9on le 1 juin 2023 Journ\u00e9e marche rapide \u00e0 Manzat(63) le 6 juin 2023 S\u00e9jour au Pilat Le Cr\u00eat de la Perdrix le 6 juin 2023 S\u00e9jour au Pilat Randonn\u00e9e autour de St R\u00e9gis du Coin&hellip;&nbsp;<a href=\"http:\/\/vichyrando.org\/?page_id=2651\" class=\"\" rel=\"bookmark\">Lire la suite &raquo;<span class=\"screen-reader-text\">Galeries 2023 (janvier &#8211; juin)<\/span><\/a><\/p>\n","protected":false},"author":2,"featured_media":0,"parent":0,"menu_order":0,"comment_status":"closed","ping_status":"closed","template":"elementor_canvas","meta":{"neve_meta_sidebar":"full-width","neve_meta_container":"","neve_meta_enable_content_width":"on","neve_meta_content_width":100,"neve_meta_title_alignment":"","neve_meta_author_avatar":"","neve_post_elements_order":"","neve_meta_disable_header":"","neve_meta_disable_footer":"","neve_meta_disable_title":"","footnotes":""},"class_list":["post-2651","page","type-page","status-publish","hentry"],"_links":{"self":[{"href":"http:\/\/vichyrando.org\/index.php?rest_route=\/wp\/v2\/pages\/2651"}],"collection":[{"href":"http:\/\/vichyrando.org\/index.php?rest_route=\/wp\/v2\/pages"}],"about":[{"href":"http:\/\/vichyrando.org\/index.php?rest_route=\/wp\/v2\/types\/page"}],"author":[{"embeddable":true,"href":"http:\/\/vichyrando.org\/index.php?rest_route=\/wp\/v2\/users\/2"}],"replies":[{"embeddable":true,"href":"http:\/\/vichyrando.org\/index.php?rest_route=%2Fwp%2Fv2%2Fcomments&post=2651"}],"version-history":[{"count":53,"href":"http:\/\/vichyrando.org\/index.php?rest_route=\/wp\/v2\/pages\/2651\/revisions"}],"predecessor-version":[{"id":3783,"href":"http:\/\/vichyrando.org\/index.php?rest_route=\/wp\/v2\/pages\/2651\/revisions\/3783"}],"wp:attachment":[{"href":"http:\/\/vichyrando.org\/index.php?rest_route=%2Fwp%2Fv2%2Fmedia&parent=2651"}],"curies":[{"name":"wp","href":"https:\/\/api.w.org\/{rel}","templated":true}]}}